{"id":2,"date":"2024-03-16T00:16:24","date_gmt":"2024-03-16T06:16:24","guid":{"rendered":"https:\/\/diocesisdeaguascalientes.mx\/vicaria-de-pastoral\/?page_id=2"},"modified":"2026-04-30T10:37:20","modified_gmt":"2026-04-30T16:37:20","slug":"vicaria-de-pastoral","status":"publish","type":"page","link":"https:\/\/diocesisdeaguascalientes.mx\/vicaria-de-pastoral\/","title":{"rendered":"Vicar\u00eda Episcopal de Pastoral"},"content":{"rendered":"<p>[et_pb_section fb_built=\u00bb1&#8243; custom_padding_last_edited=\u00bboff|tablet\u00bb admin_label=\u00bbHeader\u00bb _builder_version=\u00bb4.25.1&#8243; _module_preset=\u00bbdefault\u00bb use_background_color_gradient=\u00bbon\u00bb background_color_gradient_stops=\u00bbrgba(18,17,93,0.4) 0%|rgba(18,17,93,0.4) 100%\u00bb background_color_gradient_overlays_image=\u00bbon\u00bb background_color_gradient_start=\u00bbrgba(18,17,93,0.4)\u00bb background_color_gradient_end=\u00bbrgba(18,17,93,0.4)\u00bb background_image=\u00bbhttps:\/\/diocesisdeaguascalientes.mx\/vicaria-de-pastoral\/wp-content\/uploads\/sites\/2\/2024\/05\/catedralbasilicadeags.png\u00bb custom_padding=\u00bb8vw||8vw||true|false\u00bb custom_padding_tablet=\u00bb100px||100px||true|false\u00bb custom_padding_phone=\u00bb80px||80px||true|false\u00bb locked=\u00bboff\u00bb global_colors_info=\u00bb{}\u00bb][et_pb_row _builder_version=\u00bb4.16&#8243; _module_preset=\u00bbdefault\u00bb global_colors_info=\u00bb{}\u00bb][et_pb_column type=\u00bb4_4&#8243; _builder_version=\u00bb4.16&#8243; _module_preset=\u00bbdefault\u00bb global_colors_info=\u00bb{}\u00bb][et_pb_text _builder_version=\u00bb4.25.1&#8243; _module_preset=\u00bbd72c0383-6487-4f2c-ac5c-7d48a6376757&#8243; header_font=\u00bbOficial||||||||\u00bb header_text_color=\u00bb#FFFFFF\u00bb header_font_size=\u00bb147px\u00bb animation_direction=\u00bbtop\u00bb header_font_size_tablet=\u00bb10vw\u00bb header_font_size_phone=\u00bb\u00bb header_font_size_last_edited=\u00bbon|phone\u00bb global_colors_info=\u00bb{}\u00bb]<\/p>\n<h1>Vicar\u00eda Episcopal de Pastoral<\/h1>\n<p>[\/et_pb_text][\/et_pb_column][\/et_pb_row][et_pb_row use_custom_gutter=\u00bbon\u00bb gutter_width=\u00bb4&#8243; _builder_version=\u00bb4.25.1&#8243; _module_preset=\u00bbdefault\u00bb global_colors_info=\u00bb{}\u00bb][et_pb_column type=\u00bb4_4&#8243; _builder_version=\u00bb4.16&#8243; _module_preset=\u00bbdefault\u00bb custom_padding=\u00bb120px||||false|false\u00bb custom_padding_tablet=\u00bb0px||||false|false\u00bb custom_padding_phone=\u00bb\u00bb custom_padding_last_edited=\u00bbon|tablet\u00bb global_colors_info=\u00bb{}\u00bb][et_pb_text _builder_version=\u00bb4.27.4&#8243; _module_preset=\u00bb32021f09-dd67-47fb-8f9a-832b72a38baf\u00bb text_font_size=\u00bb12px\u00bb header_font_size=\u00bb25px\u00bb header_2_font=\u00bbContenido|700|||||||\u00bb header_2_text_color=\u00bb#FFFFFF\u00bb header_2_font_size=\u00bb60px\u00bb header_2_line_height=\u00bb1.1em\u00bb custom_margin=\u00bb-61px||15px||false|false\u00bb custom_margin_tablet=\u00bb||10px||false|false\u00bb custom_margin_phone=\u00bb||5px||false|false\u00bb custom_margin_last_edited=\u00bbon|phone\u00bb custom_padding=\u00bb0px|||||\u00bb animation_direction=\u00bbleft\u00bb header_2_font_size_tablet=\u00bb35px\u00bb header_2_font_size_phone=\u00bb22px\u00bb header_2_font_size_last_edited=\u00bbon|phone\u00bb locked=\u00bboff\u00bb global_colors_info=\u00bb{}\u00bb]<\/p>\n<h2><span style=\"color: #ffffff;\">Es el organismo diocesano a trav\u00e9s del cual el Vicario Episcopal de Pastoral, en nombre del Obispo Diocesano, <strong>coordina los asuntos de naturaleza pastoral<\/strong> en relaci\u00f3n con la actividad evangelizadora de la Iglesia.<\/span><\/h2>\n<p>[\/et_pb_text][\/et_pb_column][\/et_pb_row][\/et_pb_section][et_pb_section fb_built=\u00bb1&#8243; specialty=\u00bbon\u00bb padding_top_1=\u00bb70px\u00bb padding_top_bottom_link_1=\u00bbfalse\u00bb padding_left_right_link_1=\u00bbfalse\u00bb padding_1_tablet=\u00bb0px||||false|false\u00bb padding_1_phone=\u00bb\u00bb padding_1_last_edited=\u00bbon|tablet\u00bb admin_label=\u00bbPricing\u00bb _builder_version=\u00bb4.27.4&#8243; _module_preset=\u00bbdefault\u00bb use_background_color_gradient=\u00bbon\u00bb background_color_gradient_stops=\u00bb#ffffff 50%|rgba(0,0,0,0) 100%\u00bb background_color_gradient_overlays_image=\u00bbon\u00bb background_color_gradient_start=\u00bb#ffffff\u00bb background_color_gradient_start_position=\u00bb50%\u00bb background_color_gradient_end=\u00bbrgba(0,0,0,0)\u00bb background_image=\u00bbhttps:\/\/diocesisdeaguascalientes.mx\/vicaria-de-pastoral\/wp-content\/uploads\/sites\/2\/2024\/05\/catedral-de-aguascalientes.jpg\u00bb background_blend=\u00bbsoft-light\u00bb inner_max_width=\u00bb100%\u00bb inner_max_width_tablet=\u00bb100%\u00bb inner_max_width_phone=\u00bb100%\u00bb inner_max_width_last_edited=\u00bbon|desktop\u00bb custom_margin=\u00bb0px||||false|false\u00bb custom_padding=\u00bb||0vw||false|false\u00bb background_last_edited=\u00bbon|phone\u00bb use_background_color_gradient_tablet=\u00bbon\u00bb background_color_gradient_stops_tablet=\u00bbrgba(255,255,255,0.8) 50%|rgba(255,255,255,0.6) 100%\u00bb background_color_gradient_start_tablet=\u00bbrgba(255,255,255,0.8)\u00bb background_color_gradient_end_tablet=\u00bbrgba(255,255,255,0.6)\u00bb global_colors_info=\u00bb{}\u00bb][et_pb_column type=\u00bb1_2&#8243; specialty_columns=\u00bb2&#8243; _builder_version=\u00bb4.16&#8243; custom_padding=\u00bb|||\u00bb global_colors_info=\u00bb{}\u00bb custom_padding__hover=\u00bb|||\u00bb][et_pb_row_inner _builder_version=\u00bb4.27.4&#8243; _module_preset=\u00bbdefault\u00bb custom_margin=\u00bb|||20px|false|false\u00bb custom_padding=\u00bb|||0px||\u00bb global_colors_info=\u00bb{}\u00bb][et_pb_column_inner saved_specialty_column_type=\u00bb1_2&#8243; _builder_version=\u00bb4.16&#8243; _module_preset=\u00bbdefault\u00bb global_colors_info=\u00bb{}\u00bb][et_pb_text _builder_version=\u00bb4.27.4&#8243; _module_preset=\u00bb32021f09-dd67-47fb-8f9a-832b72a38baf\u00bb header_2_font=\u00bbContenido|700|||||||\u00bb header_2_text_color=\u00bbgcid-c9411f34-b37e-4feb-a841-9533663e2403&#8243; header_2_font_size=\u00bb60px\u00bb header_2_line_height=\u00bb1.1em\u00bb custom_margin=\u00bb||10px|-4px|false|false\u00bb custom_padding=\u00bb|||0px||\u00bb animation_direction=\u00bbleft\u00bb header_2_font_size_tablet=\u00bb35px\u00bb header_2_font_size_phone=\u00bb22px\u00bb header_2_font_size_last_edited=\u00bbon|phone\u00bb locked=\u00bboff\u00bb global_colors_info=\u00bb{}\u00bb]<\/p>\n<h2>Vicar\u00eda Episcopal de Pastoral<\/h2>\n<p>[\/et_pb_text][et_pb_text _builder_version=\u00bb4.27.4&#8243; _module_preset=\u00bb16a54059-cc81-4572-9c70-eda6a6c419bf\u00bb text_font=\u00bbSubtitulo||||||||\u00bb text_text_color=\u00bbrgba(0,0,0,0.8)\u00bb text_font_size=\u00bb17px\u00bb text_line_height=\u00bb1.8em\u00bb custom_margin=\u00bb|||-7px||\u00bb text_font_size_tablet=\u00bb15px\u00bb text_font_size_phone=\u00bb13px\u00bb text_font_size_last_edited=\u00bbon|phone\u00bb header_font_size_tablet=\u00bb55px\u00bb header_font_size_last_edited=\u00bboff|desktop\u00bb locked=\u00bboff\u00bb global_colors_info=\u00bb{}\u00bb]<\/p>\n<p>\u00bfC\u00f3mo organiza su misi\u00f3n evangelizadora?<\/p>\n<p>[\/et_pb_text][\/et_pb_column_inner][\/et_pb_row_inner][et_pb_row_inner _builder_version=\u00bb4.27.4&#8243; _module_preset=\u00bbdefault\u00bb custom_margin=\u00bb|||0px|false|false\u00bb custom_padding=\u00bb0px|||0px||\u00bb locked=\u00bboff\u00bb global_colors_info=\u00bb{}\u00bb][et_pb_column_inner saved_specialty_column_type=\u00bb1_2&#8243; _builder_version=\u00bb4.16&#8243; _module_preset=\u00bbdefault\u00bb custom_padding=\u00bb|||10px|false|false\u00bb border_width_left=\u00bb2px\u00bb global_colors_info=\u00bb{}\u00bb][et_pb_audio audio=\u00bbhttps:\/\/diocesisdeaguascalientes.mx\/vicaria-de-pastoral\/wp-content\/uploads\/sites\/2\/2025\/08\/Presentacion-de-la-Vicaria-de-Pastoral-de-Aguascalientes.wav\u00bb title=\u00bbSer y quehacer\u00bb _builder_version=\u00bb4.27.4&#8243; _module_preset=\u00bbdefault\u00bb title_text_color=\u00bb#000000&#8243; background_color=\u00bbrgba(224,173,65,0.9)\u00bb title_text_shadow_style=\u00bbpreset3&#8243; border_color_all_image=\u00bb#7CDA24&#8243; global_colors_info=\u00bb{}\u00bb][\/et_pb_audio][et_pb_text _builder_version=\u00bb4.27.4&#8243; _module_preset=\u00bbdefault\u00bb text_font=\u00bbSubtitulo||||||||\u00bb text_font_size=\u00bb17px\u00bb global_colors_info=\u00bb{}\u00bb]<\/p>\n<p><span style=\"color: #000000;\">Coordina&#8230; Acompa\u00f1a&#8230; Promueve<\/span><\/p>\n<p>[\/et_pb_text][et_pb_button button_url=\u00bbhttps:\/\/diocesisdeaguascalientes.mx\/vicaria-de-pastoral\/wp-content\/uploads\/sites\/2\/2025\/08\/Estatutos-y-Manual-de-Funciones-VICARIA-PASTORAL.pdf\u00bb button_text=\u00bbVer los Estatutos y el Manual de Funciones\u00bb _builder_version=\u00bb4.27.4&#8243; _module_preset=\u00bbdefault\u00bb custom_button=\u00bbon\u00bb button_text_color=\u00bb#000000&#8243; button_bg_color=\u00bb#e0b453&#8243; button_text_shadow_style=\u00bbpreset3&#8243; global_colors_info=\u00bb{}\u00bb][\/et_pb_button][\/et_pb_column_inner][\/et_pb_row_inner][\/et_pb_column][et_pb_column type=\u00bb1_2&#8243; _builder_version=\u00bb4.16&#8243; custom_padding=\u00bb|||\u00bb global_colors_info=\u00bb{}\u00bb custom_padding__hover=\u00bb|||\u00bb][et_pb_image src=\u00bbhttps:\/\/diocesisdeaguascalientes.mx\/vicaria-de-pastoral\/wp-content\/uploads\/sites\/2\/2025\/08\/Mapa-Mental-de-la-Vicaria-Episcopal-de-Pastoral.png\u00bb title_text=\u00bbMapa Conceptual de la Vicar\u00eda Episcopal de Pastoral\u00bb url=\u00bbhttps:\/\/diocesisdeaguascalientes.mx\/vicaria-de-pastoral\/mapa-conceptual-de-la-vicaria-episcopal-de-pastoral\/\u00bb _builder_version=\u00bb4.27.4&#8243; _module_preset=\u00bbdefault\u00bb global_colors_info=\u00bb{}\u00bb][\/et_pb_image][\/et_pb_column][\/et_pb_section][et_pb_section fb_built=\u00bb1&#8243; custom_padding_last_edited=\u00bboff|desktop\u00bb admin_label=\u00bbFeature\u00bb _builder_version=\u00bb4.27.4&#8243; _module_preset=\u00bbdefault\u00bb use_background_color_gradient=\u00bbon\u00bb background_color_gradient_stops=\u00bb#ffffff 0%|rgba(255,255,255,0.3) 100%\u00bb background_color_gradient_overlays_image=\u00bbon\u00bb background_color_gradient_start=\u00bb#ffffff\u00bb background_color_gradient_end=\u00bbrgba(255,255,255,0.3)\u00bb background_enable_image=\u00bboff\u00bb custom_padding=\u00bb0px||0px|||\u00bb custom_padding_tablet=\u00bb60px||60px||true|false\u00bb custom_padding_phone=\u00bb||||true|false\u00bb use_background_color_gradient_tablet=\u00bbon\u00bb background_color_gradient_stops_tablet=\u00bb#ffffff 0%|rgba(255,255,255,0.6) 100%\u00bb background_color_gradient_end_tablet=\u00bbrgba(255,255,255,0.6)\u00bb box_shadow_style=\u00bbpreset6&#8243; box_shadow_vertical=\u00bb-140px\u00bb box_shadow_blur=\u00bb130px\u00bb box_shadow_spread=\u00bb80px\u00bb box_shadow_color=\u00bb#FFFFFF\u00bb locked=\u00bboff\u00bb global_colors_info=\u00bb{}\u00bb][et_pb_row _builder_version=\u00bb4.27.4&#8243; _module_preset=\u00bbdefault\u00bb width=\u00bb100%\u00bb width_tablet=\u00bb100%\u00bb width_phone=\u00bb100%\u00bb width_last_edited=\u00bbon|phone\u00bb max_width=\u00bb100%\u00bb custom_margin=\u00bb||||false|false\u00bb custom_padding=\u00bb|||45px|false|false\u00bb border_color_all=\u00bb#0C71C3&#8243; border_style_all=\u00bboutset\u00bb box_shadow_style=\u00bbpreset6&#8243; box_shadow_blur=\u00bb50px\u00bb box_shadow_spread=\u00bb5px\u00bb global_colors_info=\u00bb{}\u00bb][et_pb_column type=\u00bb4_4&#8243; _builder_version=\u00bb4.27.4&#8243; _module_preset=\u00bbdefault\u00bb global_colors_info=\u00bb{}\u00bb][et_pb_text _builder_version=\u00bb4.27.4&#8243; _module_preset=\u00bbdefault\u00bb text_font=\u00bbArial||||||||\u00bb text_text_color=\u00bb#a5a5a5&#8243; text_font_size=\u00bb31px\u00bb text_letter_spacing=\u00bb1px\u00bb text_line_height=\u00bb1.8em\u00bb max_width_tablet=\u00bb\u00bb max_width_phone=\u00bb\u00bb max_width_last_edited=\u00bbon|phone\u00bb custom_margin=\u00bb0px||||false|false\u00bb custom_margin_tablet=\u00bb0px||||false|false\u00bb custom_margin_phone=\u00bb|25px|||false|false\u00bb custom_margin_last_edited=\u00bbon|phone\u00bb text_letter_spacing_tablet=\u00bb1px\u00bb text_letter_spacing_phone=\u00bb2px\u00bb text_letter_spacing_last_edited=\u00bbon|phone\u00bb border_color_all=\u00bb#FFFFFF\u00bb global_colors_info=\u00bb{}\u00bb]<\/p>\n<h2><\/h2>\n<h2><\/h2>\n<h2><strong><\/strong><\/h2>\n<h2><span style=\"color: #000000;\"><strong>Prop\u00f3sito fundamental de la Vicar\u00eda Episcopal de Pastoral<\/strong>:<\/span><\/h2>\n<h2><\/h2>\n<h2><\/h2>\n<ul>\n<li>\n<h2><span style=\"color: #000000;\">Su finalidad es <strong>dar continuidad a la acci\u00f3n evangelizadora y salv\u00edfica<\/strong>, iniciada por Jesucristo, mediante la coordinaci\u00f3n, acompa\u00f1amiento, promoci\u00f3n y animaci\u00f3n de la actividad pastoral.<\/span><\/h2>\n<\/li>\n<li>\n<h2><span style=\"color: #000000;\">Busca que el proceso pastoral <strong>responda a las necesidades de nuestro tiempo<\/strong> y que las Comisiones y Dimensiones pastorales ejecuten su acci\u00f3n de manera eficaz y eficiente.<\/span><\/h2>\n<\/li>\n<li>\n<h2><span style=\"color: #000000;\">Es un <strong>organismo ejecutivo de vinculaci\u00f3n, articulaci\u00f3n y coordinaci\u00f3n<\/strong> del trabajo pastoral diocesano.<\/span><\/h2>\n<\/li>\n<\/ul>\n<h2><span style=\"color: #000000;\">Las <strong>principales responsabilidades<\/strong> de la Vicar\u00eda de Pastoral incluyen una amplia gama de actividades y tareas:<\/span><\/h2>\n<h2><\/h2>\n<h2><span style=\"color: #000000;\"><strong style=\"font-size: 26px;\">Coordinaci\u00f3n y Planificaci\u00f3n:<\/strong><\/span><\/h2>\n<p><span style=\"color: #000000;\"><strong style=\"font-size: 26px;\"><\/strong><\/span><\/p>\n<ul>\n<li>\n<h2><span style=\"color: #000000;\"><strong>Coordina las actividades pastorales de la Di\u00f3cesis<\/strong> en colaboraci\u00f3n con la Comisi\u00f3n Central de Pastoral.<\/span><\/h2>\n<\/li>\n<li>\n<h2><span style=\"color: #000000;\"><strong>Coordina las asambleas y reuniones diocesanas de pastoral<\/strong>, tanto de programaci\u00f3n como de evaluaci\u00f3n, desde la organizaci\u00f3n hasta la ejecuci\u00f3n y la evaluaci\u00f3n.<\/span><\/h2>\n<\/li>\n<li>\n<h2><span style=\"color: #000000;\">Es <strong>responsable del proceso de elaboraci\u00f3n, aplicaci\u00f3n y seguimiento del Plan Diocesano<\/strong>, lo que incluye el estudio y an\u00e1lisis de la realidad, la propuesta de un proyecto metodol\u00f3gico pastoral, la programaci\u00f3n, ejecuci\u00f3n, subsidiariedad y evaluaci\u00f3n.<\/span><\/h2>\n<\/li>\n<li>\n<h2><span style=\"color: #000000;\">Colabora en la organizaci\u00f3n de las Visitas Pastorales que realiza el Obispo a parroquias e instituciones diocesanas.<\/span><\/h2>\n<\/li>\n<li>\n<h2><span style=\"color: #000000;\">Coordina la elaboraci\u00f3n, distribuci\u00f3n e implementaci\u00f3n de los subsidios pastorales.<\/span><\/h2>\n<\/li>\n<li>\n<h2><span style=\"color: #000000;\">Est\u00e1 presente en reuniones capitales de naturaleza pastoral, como el Consejo Episcopal, Curia Diocesana, Colegio de Decanos, y Consejo Presbiteral, a trav\u00e9s del Vicario Episcopal de Pastoral.<\/span><\/h2>\n<p><span style=\"color: #000000;\"><strong style=\"font-size: 26px;\"><\/strong><strong style=\"font-size: 26px;\"><\/strong><\/span><\/p>\n<\/li>\n<\/ul>\n<h2><span style=\"color: #000000;\"><strong style=\"font-size: 26px;\">Acompa\u00f1amiento y Animaci\u00f3n<\/strong><\/span><\/h2>\n<p><span style=\"color: #000000;\"><strong style=\"font-size: 26px;\"><\/strong><\/span><\/p>\n<ul>\n<li>\n<h2><span style=\"color: #000000;\"><strong>Acompa\u00f1a el trabajo pastoral diocesano<\/strong> a trav\u00e9s del di\u00e1logo y cercan\u00eda con los coordinadores de las instancias y estructuras pastorales.<\/span><\/h2>\n<\/li>\n<li>\n<h2><span style=\"color: #000000;\">Sostiene reuniones con coordinadores de Comisiones Diocesanas e instituciones para promover la comuni\u00f3n y participaci\u00f3n en la misi\u00f3n e impulsar la actividad pastoral diocesana.<\/span><\/h2>\n<\/li>\n<li>\n<h2><span style=\"color: #000000;\">Revisa las programaciones pastorales de las Comisiones Diocesanas, Decanatos y Parroquias para asegurar que las actividades cumplan el objetivo general del Plan Diocesano de Pastoral.<\/span><\/h2>\n<\/li>\n<li>\n<h2><span style=\"color: #000000;\"><strong>Acompa\u00f1a y motiva a los agentes de pastoral<\/strong>, velando por su formaci\u00f3n teol\u00f3gico-pastoral.<\/span><\/h2>\n<\/li>\n<li>\n<h2><span style=\"color: #000000;\"><strong>Promueve actividades diocesanas para animar y dar sentido de sinodalidad<\/strong>: comuni\u00f3n, participaci\u00f3n, misi\u00f3n.<\/span><\/h2>\n<\/li>\n<li>\n<h2><span style=\"color: #000000;\">Analiza los cambios de la realidad eclesial y social para reconducir el trabajo pastoral cuando sea necesario.<\/span><\/h2>\n<\/li>\n<li>\n<h2><span style=\"color: #000000;\">Revisa constantemente las orientaciones pastorales de diversas instancias eclesiales (universal, continental, nacional, provincial y diocesana).<\/span><\/h2>\n<\/li>\n<li>\n<h2><span style=\"color: #000000;\">Acompa\u00f1a a las Comisiones y Dimensiones para que sus equipos est\u00e9n completos, tengan programaciones y trabajen acorde al objetivo del Plan Diocesano.<\/span><\/h2>\n<\/li>\n<\/ul>\n<h2><span style=\"color: #000000;\"><strong>Promoci\u00f3n de la Acci\u00f3n Pastoral:<\/strong><\/span><\/h2>\n<p><span style=\"color: #000000;\"><strong><\/strong><\/span><\/p>\n<ul>\n<li>\n<h2><span style=\"color: #000000;\">Revisa constantemente el Curso Diocesano de la Acci\u00f3n Pastoral en cada instancia y estructura diocesana.<\/span><\/h2>\n<\/li>\n<li>\n<h2><span style=\"color: #000000;\"><strong>Cuida una sana y oportuna comunicaci\u00f3n<\/strong> entre las instancias y estructuras pastorales.<\/span><\/h2>\n<\/li>\n<li>\n<h2><span style=\"color: #000000;\">Mantiene contacto con las realidades decanales a trav\u00e9s del Colegio de Decanos.<\/span><\/h2>\n<\/li>\n<li>\n<h2><span style=\"color: #000000;\">Busca caminos para <strong>promover e impulsar la comuni\u00f3n y participaci\u00f3n<\/strong> entre los distintos actores de la pastoral, instancias y estructuras.<\/span><\/h2>\n<\/li>\n<li>\n<h2><span style=\"color: #000000;\">Participa en reuniones provinciales o nacionales de Vicarios Episcopales de Pastoral para que el trabajo diocesano est\u00e9 en sinton\u00eda con la Iglesia Universal.<\/span><\/h2>\n<\/li>\n<li>\n<h2><span style=\"color: #000000;\">Busca y mantiene una relaci\u00f3n estrecha con las ciencias auxiliares para encarnar mejor el trabajo pastoral en el entorno.<\/span><\/h2>\n<\/li>\n<li>\n<h2><span style=\"color: #000000;\">Facilita los recursos necesarios, econ\u00f3micos y\/o materiales, para el ejercicio pastoral.<\/span><\/h2>\n<\/li>\n<li>\n<h2><span style=\"color: #000000;\">Asegura que todas las Comisiones y Dimensiones tengan coordinadores y equipos eclesiales vinculados con los decanatos.<\/span><\/h2>\n<\/li>\n<li>\n<h2><span style=\"color: #000000;\">Integra y articula a la Vida Consagrada en la pastoral diocesana.<\/span><\/h2>\n<\/li>\n<\/ul>\n<ul>\n<li>\n<h2><span style=\"color: #000000;\"><strong>Anima el proceso diocesano de pastoral para lograr la transformaci\u00f3n de nuestra realidad<\/strong>.<\/span><\/h2>\n<\/li>\n<\/ul>\n<h2><span style=\"color: #000000;\">En resumen, la Vicar\u00eda de Pastoral es el motor y gu\u00eda de la actividad evangelizadora y pastoral en la Di\u00f3cesis de Aguascalientes, asegurando que esta sea coordinada, eficaz, y responda a las necesidades actuales, siempre en comuni\u00f3n con las directrices de la Iglesia y el Obispo Diocesano.<\/span><\/h2>\n<p>&nbsp;<\/p>\n<p>[\/et_pb_text][\/et_pb_column][\/et_pb_row][\/et_pb_section][et_pb_section fb_built=\u00bb1&#8243; fullwidth=\u00bbon\u00bb _builder_version=\u00bb4.27.4&#8243; _module_preset=\u00bbdefault\u00bb background_image=\u00bbhttps:\/\/diocesisdeaguascalientes.mx\/vicaria-de-pastoral\/wp-content\/uploads\/sites\/2\/2024\/05\/catedralbasilicadeags-1.png\u00bb min_height=\u00bb457px\u00bb height=\u00bb465px\u00bb max_height=\u00bb544px\u00bb global_colors_info=\u00bb{}\u00bb][\/et_pb_section][et_pb_section fb_built=\u00bb1&#8243; fullwidth=\u00bbon\u00bb _builder_version=\u00bb4.27.4&#8243; _module_preset=\u00bbdefault\u00bb global_colors_info=\u00bb{}\u00bb][et_pb_fullwidth_header _builder_version=\u00bb4.27.4&#8243; _module_preset=\u00bbdefault\u00bb title_font_size=\u00bb40px\u00bb content_font_size=\u00bb10px\u00bb custom_padding=\u00bb||||false|true\u00bb text_shadow_style=\u00bbpreset3&#8243; global_colors_info=\u00bb{}\u00bb]<\/p>\n<h2>CONTACTO<\/h2>\n<h5>(52) 449 9163212<\/h5>\n<h5>vicar\u00edapastoral@diocesisdeaguascalientes.mx<\/h5>\n<h5>Talamantes # 410 Barrio de San Marcos C.P. 20070<\/h5>\n<p>[\/et_pb_fullwidth_header][\/et_pb_section]<\/p>\n","protected":false},"excerpt":{"rendered":"<p>Vicar\u00eda Episcopal de PastoralEs el organismo diocesano a trav\u00e9s del cual el Vicario Episcopal de Pastoral, en nombre del Obispo Diocesano, coordina los asuntos de naturaleza pastoral en relaci\u00f3n con la actividad evangelizadora de la Iglesia.Vicar\u00eda Episcopal de Pastoral\u00bfC\u00f3mo organiza su misi\u00f3n evangelizadora?Coordina&#8230; Acompa\u00f1a&#8230; Promueve Prop\u00f3sito fundamental de la Vicar\u00eda Episcopal de Pastoral: Su finalidad [&hellip;]<\/p>\n","protected":false},"author":1,"featured_media":291,"parent":0,"menu_order":0,"comment_status":"closed","ping_status":"closed","template":"","meta":{"_et_pb_use_builder":"on","_et_pb_old_content":"<!-- wp:paragraph {\"fontSize\":\"medium\"} -->\r\n<p class=\"has-medium-font-size\">P\u00e1gina PRINCIPAL de la Vicar\u00eda de Pastoral<\/p>\r\n<!-- \/wp:paragraph -->\r\n\r\n<!-- wp:paragraph -->\r\n<p><\/p>\r\n<!-- \/wp:paragraph -->\r\n\r\n<!-- wp:paragraph -->\r\n<p><\/p>\r\n<!-- \/wp:paragraph -->\r\n\r\n<!-- wp:paragraph -->\r\n<p><\/p>\r\n<!-- \/wp:paragraph -->","_et_gb_content_width":"1080","footnotes":""},"class_list":["post-2","page","type-page","status-publish","has-post-thumbnail","hentry"],"_links":{"self":[{"href":"https:\/\/diocesisdeaguascalientes.mx\/vicaria-de-pastoral\/wp-json\/wp\/v2\/pages\/2","targetHints":{"allow":["GET"]}}],"collection":[{"href":"https:\/\/diocesisdeaguascalientes.mx\/vicaria-de-pastoral\/wp-json\/wp\/v2\/pages"}],"about":[{"href":"https:\/\/diocesisdeaguascalientes.mx\/vicaria-de-pastoral\/wp-json\/wp\/v2\/types\/page"}],"author":[{"embeddable":true,"href":"https:\/\/diocesisdeaguascalientes.mx\/vicaria-de-pastoral\/wp-json\/wp\/v2\/users\/1"}],"replies":[{"embeddable":true,"href":"https:\/\/diocesisdeaguascalientes.mx\/vicaria-de-pastoral\/wp-json\/wp\/v2\/comments?post=2"}],"version-history":[{"count":46,"href":"https:\/\/diocesisdeaguascalientes.mx\/vicaria-de-pastoral\/wp-json\/wp\/v2\/pages\/2\/revisions"}],"predecessor-version":[{"id":11013,"href":"https:\/\/diocesisdeaguascalientes.mx\/vicaria-de-pastoral\/wp-json\/wp\/v2\/pages\/2\/revisions\/11013"}],"wp:featuredmedia":[{"embeddable":true,"href":"https:\/\/diocesisdeaguascalientes.mx\/vicaria-de-pastoral\/wp-json\/wp\/v2\/media\/291"}],"wp:attachment":[{"href":"https:\/\/diocesisdeaguascalientes.mx\/vicaria-de-pastoral\/wp-json\/wp\/v2\/media?parent=2"}],"curies":[{"name":"wp","href":"https:\/\/api.w.org\/{rel}","templated":true}]}}