{"id":10724,"date":"2025-08-09T10:57:41","date_gmt":"2025-08-09T16:57:41","guid":{"rendered":"https:\/\/diocesisdeaguascalientes.mx\/vicaria-de-pastoral\/?page_id=10724"},"modified":"2025-08-21T10:59:04","modified_gmt":"2025-08-21T16:59:04","slug":"sinodo-de-la-sinodalidad-2021-2024","status":"publish","type":"page","link":"https:\/\/diocesisdeaguascalientes.mx\/vicaria-de-pastoral\/sinodo-de-la-sinodalidad-2021-2024\/","title":{"rendered":"S\u00ednodo de la Sinodalidad"},"content":{"rendered":"<p>[et_pb_section fb_built=\u00bb1&#8243; admin_label=\u00bbHero\u00bb _builder_version=\u00bb4.27.4&#8243; _module_preset=\u00bbdefault\u00bb background_color=\u00bb#FFFFFF\u00bb custom_padding=\u00bb||0px|||\u00bb locked=\u00bboff\u00bb collapsed=\u00bbon\u00bb global_colors_info=\u00bb{}\u00bb][et_pb_row _builder_version=\u00bb4.24.2&#8243; _module_preset=\u00bb5138c454-be54-4233-bd3b-f8e6a8747976&#8243; locked=\u00bboff\u00bb global_colors_info=\u00bb{}\u00bb][et_pb_column type=\u00bb4_4&#8243; _builder_version=\u00bb4.23.1&#8243; _module_preset=\u00bb73121f80-a3ef-4484-8763-c3f18e3c56d2&#8243; global_colors_info=\u00bb{}\u00bb][et_pb_heading title=\u00bbS\u00ednodo de la Sinodalidad 2021 &#8211; 2024&#8243; _builder_version=\u00bb4.27.4&#8243; _module_preset=\u00bbddeb8c09-9078-4424-bc15-2efb6572e28e\u00bb title_font=\u00bbCormorant Garamond|Cormorant Garamond_weight|||||||\u00bb title_text_color=\u00bb#0e0c19&#8243; title_font_size=\u00bb65px\u00bb title_line_height=\u00bb1.15em\u00bb custom_padding=\u00bb|57px||||\u00bb title_font_size_tablet=\u00bb40px\u00bb title_font_size_phone=\u00bb24px\u00bb title_font_size_last_edited=\u00bbon|phone\u00bb text_shadow_style=\u00bbpreset1&#8243; text_shadow_blur_strength=\u00bb0.21em\u00bb text_shadow_color=\u00bb#FFFFFF\u00bb locked=\u00bboff\u00bb global_colors_info=\u00bb{}\u00bb][\/et_pb_heading][et_pb_image src=\u00bbhttps:\/\/diocesisdeaguascalientes.mx\/vicaria-de-pastoral\/wp-content\/uploads\/sites\/2\/2025\/08\/Sinodo-de-la-sinodalidad-1.png\u00bb title_text=\u00bbSinodo de la sinodalidad\u00bb _builder_version=\u00bb4.27.4&#8243; _module_preset=\u00bb1cc6152f-565c-4c4d-b0c9-cf8c9576c341&#8243; custom_margin=\u00bb||71px|||\u00bb border_radii=\u00bbon|6px|6px|6px|6px\u00bb box_shadow_style=\u00bbpreset4&#8243; box_shadow_horizontal=\u00bb0px\u00bb box_shadow_vertical=\u00bb24px\u00bb box_shadow_blur=\u00bb72px\u00bb box_shadow_spread=\u00bb-12px\u00bb box_shadow_color=\u00bbrgba(0,0,0,0.12)\u00bb locked=\u00bboff\u00bb global_colors_info=\u00bb{}\u00bb][\/et_pb_image][et_pb_heading title=\u00bbDocumentos disponibles para ser descargados\u00bb _builder_version=\u00bb4.27.4&#8243; _module_preset=\u00bbc33f07d9-41e0-421a-8799-5799df695cce\u00bb title_level=\u00bbh2&#8243; title_font=\u00bbCormorant Garamond|Cormorant Garamond_weight|||||||\u00bb title_text_align=\u00bbcenter\u00bb title_text_color=\u00bb#0e0c19&#8243; title_font_size=\u00bb50px\u00bb title_line_height=\u00bb1.2em\u00bb custom_margin=\u00bb-4px||10px||false|false\u00bb title_font_size_tablet=\u00bb28px\u00bb title_font_size_phone=\u00bb20px\u00bb title_font_size_last_edited=\u00bbon|phone\u00bb text_shadow_style=\u00bbpreset1&#8243; global_colors_info=\u00bb{}\u00bb][\/et_pb_heading][\/et_pb_column][\/et_pb_row][\/et_pb_section][et_pb_section fb_built=\u00bb1&#8243; admin_label=\u00bbList\u00bb _builder_version=\u00bb4.25.1&#8243; _module_preset=\u00bbdefault\u00bb custom_padding=\u00bb2px|||||\u00bb collapsed=\u00bbon\u00bb global_colors_info=\u00bb{}\u00bb][et_pb_row column_structure=\u00bb1_3,1_3,1_3&#8243; _builder_version=\u00bb4.25.1&#8243; _module_preset=\u00bbdefault\u00bb global_colors_info=\u00bb{}\u00bb][et_pb_column type=\u00bb1_3&#8243; _builder_version=\u00bb4.25.1&#8243; _module_preset=\u00bbdefault\u00bb global_colors_info=\u00bb{}\u00bb][et_pb_blurb title=\u00bbAsamblea Eclesial de Am\u00e9rica Latina y el Caribe &#8211; 41 desaf\u00edos\u00bb url=\u00bbhttps:\/\/diocesisdeaguascalientes.mx\/vicaria-de-pastoral\/wp-content\/uploads\/sites\/2\/2025\/08\/Asamblea-Eclesial-de-America-Latina-y-el-Caribe-41-desafios.pdf\u00bb use_icon=\u00bbon\u00bb font_icon=\u00bb&#xf058;||fa||900&#8243; icon_color=\u00bb#03045e\u00bb icon_placement=\u00bbleft\u00bb image_icon_width=\u00bb40px\u00bb content_max_width=\u00bb100%\u00bb _builder_version=\u00bb4.27.4&#8243; _module_preset=\u00bb65059203-12d3-44f6-8371-3f5cf61a0475&#8243; header_font=\u00bbArial|Cormorant Garamond_weight|||||||\u00bb header_text_color=\u00bb#0C71C3&#8243; header_font_size=\u00bb19px\u00bb header_line_height=\u00bb1.4em\u00bb body_font=\u00bbProza Libre|Proza Libre_weight|||||||\u00bb body_text_color=\u00bb#3c3a47&#8243; body_font_size=\u00bb16px\u00bb body_line_height=\u00bb1.75em\u00bb body_link_text_color=\u00bb#03045e\u00bb animation=\u00bboff\u00bb header_font_size_tablet=\u00bb15px\u00bb header_font_size_phone=\u00bb14px\u00bb header_font_size_last_edited=\u00bbon|phone\u00bb body_font_size_tablet=\u00bb15px\u00bb body_font_size_phone=\u00bb14px\u00bb body_font_size_last_edited=\u00bbon|desktop\u00bb border_radii_image=\u00bbon|6px|6px|6px|6px\u00bb global_colors_info=\u00bb{}\u00bb][\/et_pb_blurb][et_pb_blurb title=\u00bbEncuentro Diocesano Presinodal &#8211; Aguascalientes &#8211; marzo de 2022&#8243; url=\u00bbhttps:\/\/diocesisdeaguascalientes.mx\/vicaria-de-pastoral\/wp-content\/uploads\/sites\/2\/2025\/08\/Encuentro-Diocesano-Presinodal-Aguascalientes-Marzo-de-2022.pptx\u00bb use_icon=\u00bbon\u00bb font_icon=\u00bb&#xf058;||fa||900&#8243; icon_color=\u00bb#03045e\u00bb icon_placement=\u00bbleft\u00bb image_icon_width=\u00bb40px\u00bb content_max_width=\u00bb100%\u00bb _builder_version=\u00bb4.27.4&#8243; _module_preset=\u00bb65059203-12d3-44f6-8371-3f5cf61a0475&#8243; header_font=\u00bbArial|Cormorant Garamond_weight|||||||\u00bb header_text_color=\u00bb#0C71C3&#8243; header_font_size=\u00bb19px\u00bb header_line_height=\u00bb1.4em\u00bb body_font=\u00bbProza Libre|Proza Libre_weight|||||||\u00bb body_text_color=\u00bb#3c3a47&#8243; body_font_size=\u00bb16px\u00bb body_line_height=\u00bb1.75em\u00bb body_link_text_color=\u00bb#03045e\u00bb animation=\u00bboff\u00bb header_font_size_tablet=\u00bb15px\u00bb header_font_size_phone=\u00bb14px\u00bb header_font_size_last_edited=\u00bbon|phone\u00bb body_font_size_tablet=\u00bb15px\u00bb body_font_size_phone=\u00bb14px\u00bb body_font_size_last_edited=\u00bbon|desktop\u00bb border_radii_image=\u00bbon|6px|6px|6px|6px\u00bb global_colors_info=\u00bb{}\u00bb][\/et_pb_blurb][et_pb_blurb title=\u00bbDocumento de trabajo para la etapa continental &#8211; Ensancha el espacio de tu tienda &#8211; Octubre de 2022&#8243; url=\u00bbhttps:\/\/diocesisdeaguascalientes.mx\/vicaria-de-pastoral\/wp-content\/uploads\/sites\/2\/2025\/08\/Documento-de-trabajo-para-la-etapa-continental-Ensancha-el-espacio-de-tu-tienda-Octubre-de-2022.pdf\u00bb use_icon=\u00bbon\u00bb font_icon=\u00bb&#xf058;||fa||900&#8243; icon_color=\u00bb#03045e\u00bb icon_placement=\u00bbleft\u00bb image_icon_width=\u00bb40px\u00bb content_max_width=\u00bb100%\u00bb _builder_version=\u00bb4.27.4&#8243; _module_preset=\u00bb65059203-12d3-44f6-8371-3f5cf61a0475&#8243; header_font=\u00bbArial|Cormorant Garamond_weight|||||||\u00bb header_text_color=\u00bb#0C71C3&#8243; header_font_size=\u00bb19px\u00bb header_line_height=\u00bb1.4em\u00bb body_font=\u00bbProza Libre|Proza Libre_weight|||||||\u00bb body_text_color=\u00bb#3c3a47&#8243; body_font_size=\u00bb16px\u00bb body_line_height=\u00bb1.75em\u00bb body_link_text_color=\u00bb#03045e\u00bb animation=\u00bboff\u00bb header_font_size_tablet=\u00bb15px\u00bb header_font_size_phone=\u00bb14px\u00bb header_font_size_last_edited=\u00bbon|phone\u00bb body_font_size_tablet=\u00bb15px\u00bb body_font_size_phone=\u00bb14px\u00bb body_font_size_last_edited=\u00bbon|desktop\u00bb border_radii_image=\u00bbon|6px|6px|6px|6px\u00bb global_colors_info=\u00bb{}\u00bb][\/et_pb_blurb][et_pb_blurb title=\u00bbCELAM &#8211; Asamblea eclesial &#8211; Resultados\u00bb url=\u00bbhttps:\/\/diocesisdeaguascalientes.mx\/vicaria-de-pastoral\/wp-content\/uploads\/sites\/2\/2025\/08\/CELAM-Asamblea-eclesial-Resultados.pdf\u00bb use_icon=\u00bbon\u00bb font_icon=\u00bb&#xf058;||fa||900&#8243; icon_color=\u00bb#03045e\u00bb icon_placement=\u00bbleft\u00bb image_icon_width=\u00bb40px\u00bb content_max_width=\u00bb100%\u00bb _builder_version=\u00bb4.27.4&#8243; _module_preset=\u00bb65059203-12d3-44f6-8371-3f5cf61a0475&#8243; header_font=\u00bbArial|Cormorant Garamond_weight|||||||\u00bb header_text_color=\u00bb#0C71C3&#8243; header_font_size=\u00bb19px\u00bb header_line_height=\u00bb1.4em\u00bb body_font=\u00bbProza Libre|Proza Libre_weight|||||||\u00bb body_text_color=\u00bb#3c3a47&#8243; body_font_size=\u00bb16px\u00bb body_line_height=\u00bb1.75em\u00bb body_link_text_color=\u00bb#03045e\u00bb animation=\u00bboff\u00bb header_font_size_tablet=\u00bb15px\u00bb header_font_size_phone=\u00bb14px\u00bb header_font_size_last_edited=\u00bbon|phone\u00bb body_font_size_tablet=\u00bb15px\u00bb body_font_size_phone=\u00bb14px\u00bb body_font_size_last_edited=\u00bbon|desktop\u00bb border_radii_image=\u00bbon|6px|6px|6px|6px\u00bb global_colors_info=\u00bb{}\u00bb][\/et_pb_blurb][et_pb_blurb title=\u00bb220269 &#8211; Cardenal Grech a los Obispos Ordinarios &#8211; a los Eparcas\u00bb url=\u00bbhttps:\/\/diocesisdeaguascalientes.mx\/vicaria-de-pastoral\/wp-content\/uploads\/sites\/2\/2025\/08\/220269-Cardenal-Grech-a-los-Obispos-Ordinarios-a-los-Eparcas.pdf\u00bb use_icon=\u00bbon\u00bb font_icon=\u00bb&#xf058;||fa||900&#8243; icon_color=\u00bb#03045e\u00bb icon_placement=\u00bbleft\u00bb image_icon_width=\u00bb40px\u00bb content_max_width=\u00bb100%\u00bb _builder_version=\u00bb4.27.4&#8243; _module_preset=\u00bb65059203-12d3-44f6-8371-3f5cf61a0475&#8243; header_font=\u00bbArial|Cormorant Garamond_weight|||||||\u00bb header_text_color=\u00bb#0C71C3&#8243; header_font_size=\u00bb19px\u00bb header_line_height=\u00bb1.4em\u00bb body_font=\u00bbProza Libre|Proza Libre_weight|||||||\u00bb body_text_color=\u00bb#3c3a47&#8243; body_font_size=\u00bb16px\u00bb body_line_height=\u00bb1.75em\u00bb body_link_text_color=\u00bb#03045e\u00bb animation=\u00bboff\u00bb header_font_size_tablet=\u00bb15px\u00bb header_font_size_phone=\u00bb14px\u00bb header_font_size_last_edited=\u00bbon|phone\u00bb body_font_size_tablet=\u00bb15px\u00bb body_font_size_phone=\u00bb14px\u00bb body_font_size_last_edited=\u00bbon|desktop\u00bb border_radii_image=\u00bbon|6px|6px|6px|6px\u00bb global_colors_info=\u00bb{}\u00bb][\/et_pb_blurb][et_pb_blurb title=\u00bbLa sinodalidad en la vida y en la misi\u00f3n de la Iglesia 2018&#8243; url=\u00bbhttps:\/\/diocesisdeaguascalientes.mx\/vicaria-de-pastoral\/wp-content\/uploads\/sites\/2\/2025\/08\/La-sinodalidad-en-la-vida-y-en-la-mision-de-la-Iglesia-2018.pdf\u00bb use_icon=\u00bbon\u00bb font_icon=\u00bb&#xf058;||fa||900&#8243; icon_color=\u00bb#03045e\u00bb icon_placement=\u00bbleft\u00bb image_icon_width=\u00bb40px\u00bb content_max_width=\u00bb100%\u00bb _builder_version=\u00bb4.27.4&#8243; _module_preset=\u00bb65059203-12d3-44f6-8371-3f5cf61a0475&#8243; header_font=\u00bbArial|Cormorant Garamond_weight|||||||\u00bb header_text_color=\u00bb#0C71C3&#8243; header_font_size=\u00bb19px\u00bb header_line_height=\u00bb1.4em\u00bb body_font=\u00bbProza Libre|Proza Libre_weight|||||||\u00bb body_text_color=\u00bb#3c3a47&#8243; body_font_size=\u00bb16px\u00bb body_line_height=\u00bb1.75em\u00bb body_link_text_color=\u00bb#03045e\u00bb animation=\u00bboff\u00bb header_font_size_tablet=\u00bb15px\u00bb header_font_size_phone=\u00bb14px\u00bb header_font_size_last_edited=\u00bbon|phone\u00bb body_font_size_tablet=\u00bb15px\u00bb body_font_size_phone=\u00bb14px\u00bb body_font_size_last_edited=\u00bbon|desktop\u00bb border_radii_image=\u00bbon|6px|6px|6px|6px\u00bb global_colors_info=\u00bb{}\u00bb][\/et_pb_blurb][et_pb_blurb title=\u00bbXVI Asamblea General Ordinaria del S\u00ednodo de Obispos &#8211; documento preparatorio &#8211; septiembre de 2021&#8243; url=\u00bbhttps:\/\/diocesisdeaguascalientes.mx\/vicaria-de-pastoral\/wp-content\/uploads\/sites\/2\/2025\/08\/XVI-Asamblea-General-Ordinaria-del-Sinodo-de-Obispos-documento-preparatorio-septiembre-de-2021.pdf\u00bb use_icon=\u00bbon\u00bb font_icon=\u00bb&#xf058;||fa||900&#8243; icon_color=\u00bb#03045e\u00bb icon_placement=\u00bbleft\u00bb image_icon_width=\u00bb40px\u00bb content_max_width=\u00bb100%\u00bb _builder_version=\u00bb4.27.4&#8243; _module_preset=\u00bb65059203-12d3-44f6-8371-3f5cf61a0475&#8243; header_font=\u00bbArial|Cormorant Garamond_weight|||||||\u00bb header_text_color=\u00bb#0C71C3&#8243; header_font_size=\u00bb19px\u00bb header_line_height=\u00bb1.4em\u00bb body_font=\u00bbProza Libre|Proza Libre_weight|||||||\u00bb body_text_color=\u00bb#3c3a47&#8243; body_font_size=\u00bb16px\u00bb body_line_height=\u00bb1.75em\u00bb body_link_text_color=\u00bb#03045e\u00bb animation=\u00bboff\u00bb header_font_size_tablet=\u00bb15px\u00bb header_font_size_phone=\u00bb14px\u00bb header_font_size_last_edited=\u00bbon|phone\u00bb body_font_size_tablet=\u00bb15px\u00bb body_font_size_phone=\u00bb14px\u00bb body_font_size_last_edited=\u00bbon|desktop\u00bb border_radii_image=\u00bbon|6px|6px|6px|6px\u00bb global_colors_info=\u00bb{}\u00bb][\/et_pb_blurb][\/et_pb_column][et_pb_column type=\u00bb1_3&#8243; _builder_version=\u00bb4.27.4&#8243; _module_preset=\u00bbdefault\u00bb global_colors_info=\u00bb{}\u00bb][et_pb_blurb title=\u00bbVadem\u00e9cum para el S\u00ednodo de la Sinodalidad\u00bb url=\u00bbhttps:\/\/diocesisdeaguascalientes.mx\/vicaria-de-pastoral\/wp-content\/uploads\/sites\/2\/2025\/08\/Vademecum-para-el-Sinodo-de-la-Sinodalidad.pdf\u00bb use_icon=\u00bbon\u00bb font_icon=\u00bb&#xf058;||fa||900&#8243; icon_color=\u00bb#03045e\u00bb icon_placement=\u00bbleft\u00bb image_icon_width=\u00bb40px\u00bb content_max_width=\u00bb100%\u00bb _builder_version=\u00bb4.27.4&#8243; _module_preset=\u00bb65059203-12d3-44f6-8371-3f5cf61a0475&#8243; header_font=\u00bbArial|Cormorant Garamond_weight|||||||\u00bb header_text_color=\u00bb#0C71C3&#8243; header_font_size=\u00bb19px\u00bb header_line_height=\u00bb1.4em\u00bb body_font=\u00bbProza Libre|Proza Libre_weight|||||||\u00bb body_text_color=\u00bb#3c3a47&#8243; body_font_size=\u00bb16px\u00bb body_line_height=\u00bb1.75em\u00bb body_link_text_color=\u00bb#03045e\u00bb animation=\u00bboff\u00bb header_font_size_tablet=\u00bb15px\u00bb header_font_size_phone=\u00bb14px\u00bb header_font_size_last_edited=\u00bbon|phone\u00bb body_font_size_tablet=\u00bb15px\u00bb body_font_size_phone=\u00bb14px\u00bb body_font_size_last_edited=\u00bbon|desktop\u00bb border_radii_image=\u00bbon|6px|6px|6px|6px\u00bb global_colors_info=\u00bb{}\u00bb][\/et_pb_blurb][et_pb_blurb title=\u00bbSi\u0301ntesis de la fase continental del Si\u0301nodo de la Sinodalidad en Am\u00e9rica Latina y el Caribe\u00bb url=\u00bbhttps:\/\/diocesisdeaguascalientes.mx\/vicaria-de-pastoral\/wp-content\/uploads\/sites\/2\/2025\/08\/Sintesis-de-la-fase-continental-del-Sinodo-de-la-Sinodalidad-en-America-Latina-y-el-Caribe.pdf\u00bb use_icon=\u00bbon\u00bb font_icon=\u00bb&#xf058;||fa||900&#8243; icon_color=\u00bb#03045e\u00bb icon_placement=\u00bbleft\u00bb image_icon_width=\u00bb40px\u00bb content_max_width=\u00bb100%\u00bb _builder_version=\u00bb4.27.4&#8243; _module_preset=\u00bb65059203-12d3-44f6-8371-3f5cf61a0475&#8243; header_font=\u00bbArial|Cormorant Garamond_weight|||||||\u00bb header_text_color=\u00bb#0C71C3&#8243; header_font_size=\u00bb19px\u00bb header_line_height=\u00bb1.4em\u00bb body_font=\u00bbProza Libre|Proza Libre_weight|||||||\u00bb body_text_color=\u00bb#3c3a47&#8243; body_font_size=\u00bb16px\u00bb body_line_height=\u00bb1.75em\u00bb body_link_text_color=\u00bb#03045e\u00bb animation=\u00bboff\u00bb header_font_size_tablet=\u00bb15px\u00bb header_font_size_phone=\u00bb14px\u00bb header_font_size_last_edited=\u00bbon|phone\u00bb body_font_size_tablet=\u00bb15px\u00bb body_font_size_phone=\u00bb14px\u00bb body_font_size_last_edited=\u00bbon|desktop\u00bb border_radii_image=\u00bbon|6px|6px|6px|6px\u00bb global_colors_info=\u00bb{}\u00bb][\/et_pb_blurb][et_pb_blurb title=\u00bbInstrumentum Laboris para la primera sesi\u00f3n &#8211; octubre de 2023&#8243; url=\u00bbhttps:\/\/diocesisdeaguascalientes.mx\/vicaria-de-pastoral\/wp-content\/uploads\/sites\/2\/2025\/08\/Instrumentum-Laboris-para-la-primera-sesion-octubre-de-2023.pdf\u00bb use_icon=\u00bbon\u00bb font_icon=\u00bb&#xf058;||fa||900&#8243; icon_color=\u00bb#03045e\u00bb icon_placement=\u00bbleft\u00bb image_icon_width=\u00bb40px\u00bb content_max_width=\u00bb100%\u00bb _builder_version=\u00bb4.27.4&#8243; _module_preset=\u00bb65059203-12d3-44f6-8371-3f5cf61a0475&#8243; header_font=\u00bbArial|Cormorant Garamond_weight|||||||\u00bb header_text_color=\u00bb#0C71C3&#8243; header_font_size=\u00bb19px\u00bb header_line_height=\u00bb1.4em\u00bb body_font=\u00bbProza Libre|Proza Libre_weight|||||||\u00bb body_text_color=\u00bb#3c3a47&#8243; body_font_size=\u00bb16px\u00bb body_line_height=\u00bb1.75em\u00bb body_link_text_color=\u00bb#03045e\u00bb animation=\u00bboff\u00bb header_font_size_tablet=\u00bb15px\u00bb header_font_size_phone=\u00bb14px\u00bb header_font_size_last_edited=\u00bbon|phone\u00bb body_font_size_tablet=\u00bb15px\u00bb body_font_size_phone=\u00bb14px\u00bb body_font_size_last_edited=\u00bbon|desktop\u00bb border_radii_image=\u00bbon|6px|6px|6px|6px\u00bb global_colors_info=\u00bb{}\u00bb][\/et_pb_blurb][et_pb_blurb title=\u00bbXVI Asamblea General Ordinaria del S\u00ednodo de Obispos &#8211; primera sesi\u00f3n octubre de 2023 &#8211; informe de s\u00edntesis\u00bb url=\u00bbhttps:\/\/diocesisdeaguascalientes.mx\/vicaria-de-pastoral\/wp-content\/uploads\/sites\/2\/2025\/08\/XVI-Asamblea-General-Ordinaria-del-Sinodo-de-Obispos-primera-sesion-octubre-de-2023-informe-de-sintesis.pdf\u00bb use_icon=\u00bbon\u00bb font_icon=\u00bb&#xf058;||fa||900&#8243; icon_color=\u00bb#03045e\u00bb icon_placement=\u00bbleft\u00bb image_icon_width=\u00bb40px\u00bb content_max_width=\u00bb100%\u00bb _builder_version=\u00bb4.27.4&#8243; _module_preset=\u00bb65059203-12d3-44f6-8371-3f5cf61a0475&#8243; header_font=\u00bbArial|Cormorant Garamond_weight|||||||\u00bb header_text_color=\u00bb#0C71C3&#8243; header_font_size=\u00bb19px\u00bb header_line_height=\u00bb1.4em\u00bb body_font=\u00bbProza Libre|Proza Libre_weight|||||||\u00bb body_text_color=\u00bb#3c3a47&#8243; body_font_size=\u00bb16px\u00bb body_line_height=\u00bb1.75em\u00bb body_link_text_color=\u00bb#03045e\u00bb animation=\u00bboff\u00bb header_font_size_tablet=\u00bb15px\u00bb header_font_size_phone=\u00bb14px\u00bb header_font_size_last_edited=\u00bbon|phone\u00bb body_font_size_tablet=\u00bb15px\u00bb body_font_size_phone=\u00bb14px\u00bb body_font_size_last_edited=\u00bbon|desktop\u00bb border_radii_image=\u00bbon|6px|6px|6px|6px\u00bb global_colors_info=\u00bb{}\u00bb][\/et_pb_blurb][et_pb_blurb title=\u00bbXVI Asamblea General Ordinaria del S\u00ednodo de Obispos &#8211; hacia octubre de 2024&#8243; url=\u00bbhttps:\/\/diocesisdeaguascalientes.mx\/vicaria-de-pastoral\/wp-content\/uploads\/sites\/2\/2025\/08\/XVI-Asamblea-General-Ordinaria-del-Sinodo-de-Obispos-hacia-octubre-de-2024.pdf\u00bb use_icon=\u00bbon\u00bb font_icon=\u00bb&#xf058;||fa||900&#8243; icon_color=\u00bb#03045e\u00bb icon_placement=\u00bbleft\u00bb image_icon_width=\u00bb40px\u00bb content_max_width=\u00bb100%\u00bb _builder_version=\u00bb4.27.4&#8243; _module_preset=\u00bb65059203-12d3-44f6-8371-3f5cf61a0475&#8243; header_font=\u00bbArial|Cormorant Garamond_weight|||||||\u00bb header_text_color=\u00bb#0C71C3&#8243; header_font_size=\u00bb19px\u00bb header_line_height=\u00bb1.4em\u00bb body_font=\u00bbProza Libre|Proza Libre_weight|||||||\u00bb body_text_color=\u00bb#3c3a47&#8243; body_font_size=\u00bb16px\u00bb body_line_height=\u00bb1.75em\u00bb body_link_text_color=\u00bb#03045e\u00bb animation=\u00bboff\u00bb header_font_size_tablet=\u00bb15px\u00bb header_font_size_phone=\u00bb14px\u00bb header_font_size_last_edited=\u00bbon|phone\u00bb body_font_size_tablet=\u00bb15px\u00bb body_font_size_phone=\u00bb14px\u00bb body_font_size_last_edited=\u00bbon|desktop\u00bb border_radii_image=\u00bbon|6px|6px|6px|6px\u00bb global_colors_info=\u00bb{}\u00bb][\/et_pb_blurb][et_pb_blurb title=\u00bbPrimera sesi\u00f3n de la XVI Asamblea General Ordinaria del S\u00ednodo de Obispos &#8211; relaci\u00f3n de s\u00edntesis &#8211; 28 de octubre de 2023&#8243; url=\u00bbhttps:\/\/diocesisdeaguascalientes.mx\/vicaria-de-pastoral\/wp-content\/uploads\/sites\/2\/2025\/08\/Primera-sesion-de-la-XVI-Asamblea-General-Ordinaria-del-Sinodo-de-Obispos-relacion-de-sintesis-28-de-Octubre-de-2023.pdf\u00bb use_icon=\u00bbon\u00bb font_icon=\u00bb&#xf058;||fa||900&#8243; icon_color=\u00bb#03045e\u00bb icon_placement=\u00bbleft\u00bb image_icon_width=\u00bb40px\u00bb content_max_width=\u00bb100%\u00bb _builder_version=\u00bb4.27.4&#8243; _module_preset=\u00bb65059203-12d3-44f6-8371-3f5cf61a0475&#8243; header_font=\u00bbArial|Cormorant Garamond_weight|||||||\u00bb header_text_color=\u00bb#0C71C3&#8243; header_font_size=\u00bb19px\u00bb header_line_height=\u00bb1.4em\u00bb body_font=\u00bbProza Libre|Proza Libre_weight|||||||\u00bb body_text_color=\u00bb#3c3a47&#8243; body_font_size=\u00bb16px\u00bb body_line_height=\u00bb1.75em\u00bb body_link_text_color=\u00bb#03045e\u00bb animation=\u00bboff\u00bb header_font_size_tablet=\u00bb15px\u00bb header_font_size_phone=\u00bb14px\u00bb header_font_size_last_edited=\u00bbon|phone\u00bb body_font_size_tablet=\u00bb15px\u00bb body_font_size_phone=\u00bb14px\u00bb body_font_size_last_edited=\u00bbon|desktop\u00bb border_radii_image=\u00bbon|6px|6px|6px|6px\u00bb global_colors_info=\u00bb{}\u00bb][\/et_pb_blurb][\/et_pb_column][et_pb_column type=\u00bb1_3&#8243; _builder_version=\u00bb4.25.1&#8243; _module_preset=\u00bbdefault\u00bb global_colors_info=\u00bb{}\u00bb][et_pb_blurb title=\u00bbEl proceso sinodal &#8211; documentos\u00bb url=\u00bbhttps:\/\/diocesisdeaguascalientes.mx\/vicaria-de-pastoral\/wp-content\/uploads\/sites\/2\/2025\/08\/El-proceso-sinodal-documentos.pdf\u00bb use_icon=\u00bbon\u00bb font_icon=\u00bb&#xf058;||fa||900&#8243; icon_color=\u00bb#03045e\u00bb icon_placement=\u00bbleft\u00bb image_icon_width=\u00bb40px\u00bb content_max_width=\u00bb100%\u00bb _builder_version=\u00bb4.27.4&#8243; _module_preset=\u00bb65059203-12d3-44f6-8371-3f5cf61a0475&#8243; header_font=\u00bbArial|Cormorant Garamond_weight|||||||\u00bb header_text_color=\u00bb#0C71C3&#8243; header_font_size=\u00bb19px\u00bb header_line_height=\u00bb1.4em\u00bb body_font=\u00bbProza Libre|Proza Libre_weight|||||||\u00bb body_text_color=\u00bb#3c3a47&#8243; body_font_size=\u00bb16px\u00bb body_line_height=\u00bb1.75em\u00bb body_link_text_color=\u00bb#03045e\u00bb animation=\u00bboff\u00bb header_font_size_tablet=\u00bb15px\u00bb header_font_size_phone=\u00bb14px\u00bb header_font_size_last_edited=\u00bbon|phone\u00bb body_font_size_tablet=\u00bb15px\u00bb body_font_size_phone=\u00bb14px\u00bb body_font_size_last_edited=\u00bbon|desktop\u00bb border_radii_image=\u00bbon|6px|6px|6px|6px\u00bb global_colors_info=\u00bb{}\u00bb][\/et_pb_blurb][et_pb_blurb title=\u00bbHacia una Iglesia Sinodal en salida a las periferias &#8211; primera asamblea eclesial de Am\u00e9rica Latina y el Caribe\u00bb url=\u00bbhttps:\/\/diocesisdeaguascalientes.mx\/vicaria-de-pastoral\/wp-content\/uploads\/sites\/2\/2025\/08\/Hacia-una-Iglesia-Sinodal-en-salida-a-las-periferias-primera-asamblea-eclesial-de-America-Latina-y-el-Caribe.pdf\u00bb use_icon=\u00bbon\u00bb font_icon=\u00bb&#xf058;||fa||900&#8243; icon_color=\u00bb#03045e\u00bb icon_placement=\u00bbleft\u00bb image_icon_width=\u00bb40px\u00bb content_max_width=\u00bb100%\u00bb _builder_version=\u00bb4.27.4&#8243; _module_preset=\u00bb65059203-12d3-44f6-8371-3f5cf61a0475&#8243; header_font=\u00bbArial|Cormorant Garamond_weight|||||||\u00bb header_text_color=\u00bb#0C71C3&#8243; header_font_size=\u00bb19px\u00bb header_line_height=\u00bb1.4em\u00bb body_font=\u00bbProza Libre|Proza Libre_weight|||||||\u00bb body_text_color=\u00bb#3c3a47&#8243; body_font_size=\u00bb16px\u00bb body_line_height=\u00bb1.75em\u00bb body_link_text_color=\u00bb#03045e\u00bb animation=\u00bboff\u00bb header_font_size_tablet=\u00bb15px\u00bb header_font_size_phone=\u00bb14px\u00bb header_font_size_last_edited=\u00bbon|phone\u00bb body_font_size_tablet=\u00bb15px\u00bb body_font_size_phone=\u00bb14px\u00bb body_font_size_last_edited=\u00bbon|desktop\u00bb border_radii_image=\u00bbon|6px|6px|6px|6px\u00bb global_colors_info=\u00bb{}\u00bb][\/et_pb_blurb][et_pb_blurb title=\u00bbInstrumentum Laboris para la segunda sesi\u00f3n &#8211; octubre de 2024&#8243; url=\u00bbhttps:\/\/diocesisdeaguascalientes.mx\/vicaria-de-pastoral\/wp-content\/uploads\/sites\/2\/2025\/08\/Instrumentum-Laboris-para-la-segunda-sesion-octubre-de-2024.pdf\u00bb use_icon=\u00bbon\u00bb font_icon=\u00bb&#xf058;||fa||900&#8243; icon_color=\u00bb#03045e\u00bb icon_placement=\u00bbleft\u00bb image_icon_width=\u00bb40px\u00bb content_max_width=\u00bb100%\u00bb _builder_version=\u00bb4.27.4&#8243; _module_preset=\u00bb65059203-12d3-44f6-8371-3f5cf61a0475&#8243; header_font=\u00bbArial|Cormorant Garamond_weight|||||||\u00bb header_text_color=\u00bb#0C71C3&#8243; header_font_size=\u00bb19px\u00bb header_line_height=\u00bb1.4em\u00bb body_font=\u00bbProza Libre|Proza Libre_weight|||||||\u00bb body_text_color=\u00bb#3c3a47&#8243; body_font_size=\u00bb16px\u00bb body_line_height=\u00bb1.75em\u00bb body_link_text_color=\u00bb#03045e\u00bb animation=\u00bboff\u00bb header_font_size_tablet=\u00bb15px\u00bb header_font_size_phone=\u00bb14px\u00bb header_font_size_last_edited=\u00bbon|phone\u00bb body_font_size_tablet=\u00bb15px\u00bb body_font_size_phone=\u00bb14px\u00bb body_font_size_last_edited=\u00bbon|desktop\u00bb border_radii_image=\u00bbon|6px|6px|6px|6px\u00bb global_colors_info=\u00bb{}\u00bb][\/et_pb_blurb][et_pb_blurb title=\u00bbConstituci\u00f3n Apost\u00f3lica Episcopalis Communio sobre el S\u00ednodo de los Obispos\u00bb url=\u00bbhttps:\/\/diocesisdeaguascalientes.mx\/vicaria-de-pastoral\/wp-content\/uploads\/sites\/2\/2025\/08\/Constitucion-Apostolica-Episcopalis-Communio-sobre-el-Sinodo-de-los-Obispos.pdf\u00bb use_icon=\u00bbon\u00bb font_icon=\u00bb&#xf058;||fa||900&#8243; icon_color=\u00bb#03045e\u00bb icon_placement=\u00bbleft\u00bb image_icon_width=\u00bb40px\u00bb content_max_width=\u00bb100%\u00bb _builder_version=\u00bb4.27.4&#8243; _module_preset=\u00bb65059203-12d3-44f6-8371-3f5cf61a0475&#8243; header_font=\u00bbArial|Cormorant Garamond_weight|||||||\u00bb header_text_color=\u00bb#0C71C3&#8243; header_font_size=\u00bb19px\u00bb header_line_height=\u00bb1.4em\u00bb body_font=\u00bbProza Libre|Proza Libre_weight|||||||\u00bb body_text_color=\u00bb#3c3a47&#8243; body_font_size=\u00bb16px\u00bb body_line_height=\u00bb1.75em\u00bb body_link_text_color=\u00bb#03045e\u00bb animation=\u00bboff\u00bb header_font_size_tablet=\u00bb15px\u00bb header_font_size_phone=\u00bb14px\u00bb header_font_size_last_edited=\u00bbon|phone\u00bb body_font_size_tablet=\u00bb15px\u00bb body_font_size_phone=\u00bb14px\u00bb body_font_size_last_edited=\u00bbon|desktop\u00bb border_radii_image=\u00bbon|6px|6px|6px|6px\u00bb global_colors_info=\u00bb{}\u00bb][\/et_pb_blurb][et_pb_blurb title=\u00bbEsquema de los documentos del S\u00ednodo 2021-2024&#8243; url=\u00bbhttps:\/\/diocesisdeaguascalientes.mx\/vicaria-de-pastoral\/wp-content\/uploads\/sites\/2\/2025\/08\/Esquema-de-los-documentos-del-Sinodo-2021-2024.pdf\u00bb use_icon=\u00bbon\u00bb font_icon=\u00bb&#xf058;||fa||900&#8243; icon_color=\u00bb#03045e\u00bb icon_placement=\u00bbleft\u00bb image_icon_width=\u00bb40px\u00bb content_max_width=\u00bb100%\u00bb _builder_version=\u00bb4.27.4&#8243; _module_preset=\u00bb65059203-12d3-44f6-8371-3f5cf61a0475&#8243; header_font=\u00bbArial|Cormorant Garamond_weight|||||||\u00bb header_text_color=\u00bb#0C71C3&#8243; header_font_size=\u00bb19px\u00bb header_line_height=\u00bb1.4em\u00bb body_font=\u00bbProza Libre|Proza Libre_weight|||||||\u00bb body_text_color=\u00bb#3c3a47&#8243; body_font_size=\u00bb16px\u00bb body_line_height=\u00bb1.75em\u00bb body_link_text_color=\u00bb#03045e\u00bb animation=\u00bboff\u00bb header_font_size_tablet=\u00bb15px\u00bb header_font_size_phone=\u00bb14px\u00bb header_font_size_last_edited=\u00bbon|phone\u00bb body_font_size_tablet=\u00bb15px\u00bb body_font_size_phone=\u00bb14px\u00bb body_font_size_last_edited=\u00bbon|desktop\u00bb border_radii_image=\u00bbon|6px|6px|6px|6px\u00bb global_colors_info=\u00bb{}\u00bb][\/et_pb_blurb][et_pb_blurb title=\u00bbDocumento final del Si\u0301nodo de la Sinodalidad del 2 al 27 de octubre de 2024&#8243; url=\u00bbhttps:\/\/diocesisdeaguascalientes.mx\/vicaria-de-pastoral\/wp-content\/uploads\/sites\/2\/2025\/08\/Documento-final-del-Sinodo-de-la-Sinodalidad-del-2-al-27-de-octubre-de-2024.pdf\u00bb use_icon=\u00bbon\u00bb font_icon=\u00bb&#xf058;||fa||900&#8243; icon_color=\u00bb#03045e\u00bb icon_placement=\u00bbleft\u00bb image_icon_width=\u00bb40px\u00bb content_max_width=\u00bb100%\u00bb _builder_version=\u00bb4.27.4&#8243; _module_preset=\u00bb65059203-12d3-44f6-8371-3f5cf61a0475&#8243; header_font=\u00bbArial|Cormorant Garamond_weight|||||||\u00bb header_text_color=\u00bb#0C71C3&#8243; header_font_size=\u00bb19px\u00bb header_line_height=\u00bb1.4em\u00bb body_font=\u00bbProza Libre|Proza Libre_weight|||||||\u00bb body_text_color=\u00bb#3c3a47&#8243; body_font_size=\u00bb16px\u00bb body_line_height=\u00bb1.75em\u00bb body_link_text_color=\u00bb#03045e\u00bb animation=\u00bboff\u00bb header_font_size_tablet=\u00bb15px\u00bb header_font_size_phone=\u00bb14px\u00bb header_font_size_last_edited=\u00bbon|phone\u00bb body_font_size_tablet=\u00bb15px\u00bb body_font_size_phone=\u00bb14px\u00bb body_font_size_last_edited=\u00bbon|desktop\u00bb border_radii_image=\u00bbon|6px|6px|6px|6px\u00bb global_colors_info=\u00bb{}\u00bb][\/et_pb_blurb][et_pb_blurb title=\u00bbPistas para la fase de implementacio\u0301n del S\u00ednodo 2025-2028&#8243; url=\u00bbhttps:\/\/diocesisdeaguascalientes.mx\/vicaria-de-pastoral\/wp-content\/uploads\/sites\/2\/2025\/08\/Pistas-para-la-fase-de-implementacion-del-Sinodo-2025-2028.pdf\u00bb use_icon=\u00bbon\u00bb font_icon=\u00bb&#xf058;||fa||900&#8243; icon_color=\u00bb#03045e\u00bb icon_placement=\u00bbleft\u00bb image_icon_width=\u00bb40px\u00bb content_max_width=\u00bb100%\u00bb _builder_version=\u00bb4.27.4&#8243; _module_preset=\u00bb65059203-12d3-44f6-8371-3f5cf61a0475&#8243; header_font=\u00bbArial|Cormorant Garamond_weight|||||||\u00bb header_text_color=\u00bb#0C71C3&#8243; header_font_size=\u00bb19px\u00bb header_line_height=\u00bb1.4em\u00bb body_font=\u00bbProza Libre|Proza Libre_weight|||||||\u00bb body_text_color=\u00bb#3c3a47&#8243; body_font_size=\u00bb16px\u00bb body_line_height=\u00bb1.75em\u00bb body_link_text_color=\u00bb#03045e\u00bb animation=\u00bboff\u00bb header_font_size_tablet=\u00bb15px\u00bb header_font_size_phone=\u00bb14px\u00bb header_font_size_last_edited=\u00bbon|phone\u00bb body_font_size_tablet=\u00bb15px\u00bb body_font_size_phone=\u00bb14px\u00bb body_font_size_last_edited=\u00bbon|desktop\u00bb border_radii_image=\u00bbon|6px|6px|6px|6px\u00bb global_colors_info=\u00bb{}\u00bb][\/et_pb_blurb][\/et_pb_column][\/et_pb_row][et_pb_row _builder_version=\u00bb4.27.4&#8243; _module_preset=\u00bbdefault\u00bb global_colors_info=\u00bb{}\u00bb][et_pb_column type=\u00bb4_4&#8243; _builder_version=\u00bb4.27.4&#8243; _module_preset=\u00bbdefault\u00bb global_colors_info=\u00bb{}\u00bb][et_pb_blurb title=\u00bbUna hermen\u00e9utica del Documento Final del S\u00ednodo de la Sinodalidad  a partir de sus temas centrales\u00bb url=\u00bbhttps:\/\/diocesisdeaguascalientes.mx\/vicaria-de-pastoral\/wp-content\/uploads\/sites\/2\/2025\/08\/Revista-Medellin-190-completo.pdf\u00bb use_icon=\u00bbon\u00bb font_icon=\u00bb&#xf058;||fa||900&#8243; icon_color=\u00bb#03045e\u00bb icon_placement=\u00bbleft\u00bb image_icon_width=\u00bb40px\u00bb content_max_width=\u00bb100%\u00bb _builder_version=\u00bb4.27.4&#8243; _module_preset=\u00bb65059203-12d3-44f6-8371-3f5cf61a0475&#8243; header_font=\u00bbArial|Cormorant Garamond_weight|||||||\u00bb header_text_color=\u00bb#0C71C3&#8243; header_font_size=\u00bb19px\u00bb header_line_height=\u00bb1.4em\u00bb body_font=\u00bbProza Libre|Proza Libre_weight|||||||\u00bb body_text_color=\u00bb#3c3a47&#8243; body_font_size=\u00bb16px\u00bb body_line_height=\u00bb1.75em\u00bb body_link_text_color=\u00bb#03045e\u00bb animation=\u00bboff\u00bb hover_enabled=\u00bb0&#8243; header_font_size_tablet=\u00bb15px\u00bb header_font_size_phone=\u00bb14px\u00bb header_font_size_last_edited=\u00bbon|phone\u00bb body_font_size_tablet=\u00bb15px\u00bb body_font_size_phone=\u00bb14px\u00bb body_font_size_last_edited=\u00bbon|desktop\u00bb border_radii_image=\u00bbon|6px|6px|6px|6px\u00bb global_colors_info=\u00bb{}\u00bb sticky_enabled=\u00bb0&#8243;]<\/p>\n<p>Acceso libre a todos los n\u00fameros de la Revista Medell\u00edn del CELAM: <a href=\"https:\/\/revistas.celam.org\/index.php\/medellin\/issue\/archive\">Archivos | Medell\u00edn. Biblia, Teolog\u00eda y Pastoral para Am\u00e9rica Latina y El Caribe<\/a><\/p>\n<p>[\/et_pb_blurb][\/et_pb_column][\/et_pb_row][\/et_pb_section]<\/p>\n","protected":false},"excerpt":{"rendered":"<p>Acceso libre a todos los n\u00fameros de la Revista Medell\u00edn del CELAM: Archivos | Medell\u00edn. Biblia, Teolog\u00eda y Pastoral para Am\u00e9rica Latina y El Caribe<\/p>\n","protected":false},"author":2,"featured_media":0,"parent":0,"menu_order":0,"comment_status":"closed","ping_status":"closed","template":"","meta":{"_et_pb_use_builder":"on","_et_pb_old_content":"","_et_gb_content_width":"","footnotes":""},"class_list":["post-10724","page","type-page","status-publish","hentry"],"_links":{"self":[{"href":"https:\/\/diocesisdeaguascalientes.mx\/vicaria-de-pastoral\/wp-json\/wp\/v2\/pages\/10724","targetHints":{"allow":["GET"]}}],"collection":[{"href":"https:\/\/diocesisdeaguascalientes.mx\/vicaria-de-pastoral\/wp-json\/wp\/v2\/pages"}],"about":[{"href":"https:\/\/diocesisdeaguascalientes.mx\/vicaria-de-pastoral\/wp-json\/wp\/v2\/types\/page"}],"author":[{"embeddable":true,"href":"https:\/\/diocesisdeaguascalientes.mx\/vicaria-de-pastoral\/wp-json\/wp\/v2\/users\/2"}],"replies":[{"embeddable":true,"href":"https:\/\/diocesisdeaguascalientes.mx\/vicaria-de-pastoral\/wp-json\/wp\/v2\/comments?post=10724"}],"version-history":[{"count":13,"href":"https:\/\/diocesisdeaguascalientes.mx\/vicaria-de-pastoral\/wp-json\/wp\/v2\/pages\/10724\/revisions"}],"predecessor-version":[{"id":11012,"href":"https:\/\/diocesisdeaguascalientes.mx\/vicaria-de-pastoral\/wp-json\/wp\/v2\/pages\/10724\/revisions\/11012"}],"wp:attachment":[{"href":"https:\/\/diocesisdeaguascalientes.mx\/vicaria-de-pastoral\/wp-json\/wp\/v2\/media?parent=10724"}],"curies":[{"name":"wp","href":"https:\/\/api.w.org\/{rel}","templated":true}]}}