{"id":10669,"date":"2025-08-08T12:35:24","date_gmt":"2025-08-08T18:35:24","guid":{"rendered":"https:\/\/diocesisdeaguascalientes.mx\/vicaria-de-pastoral\/?page_id=10669"},"modified":"2025-08-21T10:34:46","modified_gmt":"2025-08-21T16:34:46","slug":"subsidios","status":"publish","type":"page","link":"https:\/\/diocesisdeaguascalientes.mx\/vicaria-de-pastoral\/subsidios\/","title":{"rendered":"Subsidios"},"content":{"rendered":"<p>[et_pb_section fb_built=\u00bb1&#8243; admin_label=\u00bbHero\u00bb _builder_version=\u00bb4.27.4&#8243; _module_preset=\u00bbdefault\u00bb background_color=\u00bb#0C71C3&#8243; locked=\u00bboff\u00bb collapsed=\u00bbon\u00bb global_colors_info=\u00bb{}\u00bb][et_pb_row _builder_version=\u00bb4.24.2&#8243; _module_preset=\u00bb5138c454-be54-4233-bd3b-f8e6a8747976&#8243; locked=\u00bboff\u00bb global_colors_info=\u00bb{}\u00bb][et_pb_column type=\u00bb4_4&#8243; _builder_version=\u00bb4.23.1&#8243; _module_preset=\u00bb73121f80-a3ef-4484-8763-c3f18e3c56d2&#8243; global_colors_info=\u00bb{}\u00bb][et_pb_heading title=\u00bbBienvenidos a nuestra biblioteca de medios\u00bb _builder_version=\u00bb4.27.4&#8243; _module_preset=\u00bbf0c675ea-2574-4d0e-b725-30f8550a8550&#8243; title_level=\u00bbh4&#8243; title_font=\u00bbProza Libre|Cormorant Garamond_weight||on|||||\u00bb title_text_color=\u00bb#FFFFFF\u00bb title_font_size=\u00bb14px\u00bb title_letter_spacing=\u00bb1px\u00bb title_line_height=\u00bb1.4em\u00bb custom_margin=\u00bb||10px||false|false\u00bb title_font_size_tablet=\u00bb13px\u00bb title_font_size_phone=\u00bb13px\u00bb title_font_size_last_edited=\u00bbon|desktop\u00bb locked=\u00bboff\u00bb global_colors_info=\u00bb{%22#03045e%22:%91%22title_text_color%22%93}\u00bb][\/et_pb_heading][et_pb_heading title=\u00bbSubsidios Disponibles Para Ti\u00bb _builder_version=\u00bb4.27.4&#8243; _module_preset=\u00bbddeb8c09-9078-4424-bc15-2efb6572e28e\u00bb title_font=\u00bbCormorant Garamond|Cormorant Garamond_weight|||||||\u00bb title_text_color=\u00bb#EDF000&#8243; title_font_size=\u00bb72px\u00bb title_line_height=\u00bb1.15em\u00bb custom_padding=\u00bb|57px||||\u00bb title_font_size_tablet=\u00bb40px\u00bb title_font_size_phone=\u00bb24px\u00bb title_font_size_last_edited=\u00bbon|phone\u00bb locked=\u00bboff\u00bb global_colors_info=\u00bb{}\u00bb][\/et_pb_heading][et_pb_image src=\u00bbhttps:\/\/diocesisdeaguascalientes.mx\/vicaria-de-pastoral\/wp-content\/uploads\/sites\/2\/2025\/08\/Subsidios.png\u00bb title_text=\u00bbSubsidios\u00bb align=\u00bbcenter\u00bb show_bottom_space_tablet=\u00bb\u00bb show_bottom_space_phone=\u00bb\u00bb show_bottom_space_last_edited=\u00bbon|phone\u00bb align_tablet=\u00bbcenter\u00bb align_phone=\u00bbcenter\u00bb align_last_edited=\u00bbon|phone\u00bb _builder_version=\u00bb4.27.4&#8243; _module_preset=\u00bb1cc6152f-565c-4c4d-b0c9-cf8c9576c341&#8243; width=\u00bb100%\u00bb width_tablet=\u00bb100%\u00bb width_phone=\u00bb100%\u00bb width_last_edited=\u00bbon|phone\u00bb max_width=\u00bb100%\u00bb max_width_tablet=\u00bb100%\u00bb max_width_phone=\u00bb100%\u00bb max_width_last_edited=\u00bbon|phone\u00bb min_height=\u00bb100%\u00bb min_height_tablet=\u00bb100%\u00bb min_height_phone=\u00bb100%\u00bb min_height_last_edited=\u00bbon|phone\u00bb height=\u00bb100%\u00bb height_tablet=\u00bb100%\u00bb height_phone=\u00bb100%\u00bb height_last_edited=\u00bbon|phone\u00bb max_height=\u00bb100%\u00bb max_height_tablet=\u00bb100%\u00bb max_height_phone=\u00bb100%\u00bb max_height_last_edited=\u00bbon|phone\u00bb border_radii=\u00bbon|6px|6px|6px|6px\u00bb box_shadow_style=\u00bbpreset4&#8243; box_shadow_horizontal=\u00bb0px\u00bb box_shadow_vertical=\u00bb24px\u00bb box_shadow_blur=\u00bb72px\u00bb box_shadow_spread=\u00bb-12px\u00bb box_shadow_color=\u00bbrgba(0,0,0,0.12)\u00bb locked=\u00bboff\u00bb global_colors_info=\u00bb{}\u00bb][\/et_pb_image][\/et_pb_column][\/et_pb_row][et_pb_row column_structure=\u00bb1_2,1_2&#8243; _builder_version=\u00bb4.27.4&#8243; _module_preset=\u00bbdefault\u00bb custom_margin=\u00bb-23px|auto||auto||\u00bb custom_padding=\u00bb47px|||||\u00bb global_colors_info=\u00bb{}\u00bb][et_pb_column type=\u00bb1_2&#8243; _builder_version=\u00bb4.27.4&#8243; _module_preset=\u00bbdefault\u00bb global_colors_info=\u00bb{}\u00bb][et_pb_text quote_border_color=\u00bb#0077b6&#8243; _builder_version=\u00bb4.27.4&#8243; _module_preset=\u00bb2c55a9c4-feed-423b-9edb-ae0b5b365cac\u00bb text_font=\u00bbProza Libre|Proza Libre_weight|||||||\u00bb text_text_color=\u00bb#3c3a47&#8243; text_font_size=\u00bb16px\u00bb text_line_height=\u00bb1.75em\u00bb link_font=\u00bb|Proza Libre_weight|||||||\u00bb link_text_color=\u00bb#03045e\u00bb quote_font=\u00bbCormorant Garamond|Cormorant Garamond_weight|||||||\u00bb quote_text_color=\u00bb#0e0c19&#8243; header_font=\u00bbCormorant Garamond|Cormorant Garamond_weight|||||||\u00bb header_text_color=\u00bb#0e0c19&#8243; header_font_size=\u00bb72px\u00bb header_line_height=\u00bb1.15em\u00bb header_2_font=\u00bbCormorant Garamond|Cormorant Garamond_weight|||||||\u00bb header_2_text_color=\u00bb#0e0c19&#8243; header_2_font_size=\u00bb50px\u00bb header_2_line_height=\u00bb1.2em\u00bb header_3_font=\u00bbCormorant Garamond|Cormorant Garamond_weight|||||||\u00bb header_3_text_color=\u00bb#0e0c19&#8243; header_3_font_size=\u00bb32px\u00bb header_3_line_height=\u00bb1.3em\u00bb header_4_font=\u00bbCormorant Garamond|Cormorant Garamond_weight|||||||\u00bb header_4_text_color=\u00bb#0e0c19&#8243; header_4_font_size=\u00bb24px\u00bb header_4_line_height=\u00bb1.4em\u00bb header_5_font=\u00bbCormorant Garamond|Cormorant Garamond_weight|||||||\u00bb header_5_text_color=\u00bb#0e0c19&#8243; header_5_font_size=\u00bb18px\u00bb header_5_line_height=\u00bb1.4em\u00bb header_6_font=\u00bbCormorant Garamond|Cormorant Garamond_weight|||||||\u00bb header_6_text_color=\u00bb#0e0c19&#8243; header_6_line_height=\u00bb1.5em\u00bb custom_margin=\u00bb-5px||||false|false\u00bb custom_padding=\u00bb4px|||||\u00bb text_font_size_tablet=\u00bb15px\u00bb text_font_size_phone=\u00bb14px\u00bb text_font_size_last_edited=\u00bbon|phone\u00bb header_font_size_tablet=\u00bb40px\u00bb header_font_size_phone=\u00bb24px\u00bb header_font_size_last_edited=\u00bbon|desktop\u00bb header_2_font_size_tablet=\u00bb28px\u00bb header_2_font_size_phone=\u00bb20px\u00bb header_2_font_size_last_edited=\u00bbon|phone\u00bb header_3_font_size_tablet=\u00bb22px\u00bb header_3_font_size_phone=\u00bb17px\u00bb header_3_font_size_last_edited=\u00bbon|phone\u00bb header_4_font_size_tablet=\u00bb18px\u00bb header_4_font_size_phone=\u00bb15px\u00bb header_4_font_size_last_edited=\u00bbon|tablet\u00bb header_5_font_size_tablet=\u00bb15px\u00bb header_5_font_size_phone=\u00bb14px\u00bb header_5_font_size_last_edited=\u00bbon|desktop\u00bb header_6_font_size_tablet=\u00bb13px\u00bb header_6_font_size_phone=\u00bb13px\u00bb header_6_font_size_last_edited=\u00bbon|desktop\u00bb locked=\u00bboff\u00bb global_colors_info=\u00bb{%22#03045e%22:%91%22link_text_color%22%93,%22#0e0c19%22:%91%22header_text_color%22,%22header_4_text_color%22,%22header_3_text_color%22,%22header_2_text_color%22,%22header_5_text_color%22,%22header_6_text_color%22,%22quote_text_color%22%93,%22#3c3a47%22:%91%22text_text_color%22%93,%22#0077b6%22:%91%22quote_border_color%22%93,%22gcid-36fd78a7-34bc-404d-873c-dafa34efaae5%22:%91%22icon_color%22,%22icon_color%22%93}\u00bb body_font_size_tablet=\u00bb15px\u00bb body_font_size_phone=\u00bb14px\u00bb body_font_size_last_edited=\u00bbon|desktop\u00bb]<\/p>\n<p><span style=\"color: #ffffff;\">Nuestra biblioteca de subsidios es un recurso que ofrece acceso a una amplia gama de documentos en diversos formatos. Estos documentos proporcionan informaci\u00f3n precisa y detallada, facilitando el aprendizaje y la consulta en diversos temas de inter\u00e9s.<\/span><\/p>\n<p>[\/et_pb_text][\/et_pb_column][et_pb_column type=\u00bb1_2&#8243; _builder_version=\u00bb4.27.4&#8243; _module_preset=\u00bbdefault\u00bb global_colors_info=\u00bb{}\u00bb][et_pb_text quote_border_color=\u00bb#0077b6&#8243; _builder_version=\u00bb4.27.4&#8243; _module_preset=\u00bb2c55a9c4-feed-423b-9edb-ae0b5b365cac\u00bb text_font=\u00bbProza Libre|Proza Libre_weight|||||||\u00bb text_text_color=\u00bb#3c3a47&#8243; text_font_size=\u00bb16px\u00bb text_line_height=\u00bb1.75em\u00bb link_font=\u00bb|Proza Libre_weight|||||||\u00bb link_text_color=\u00bb#03045e\u00bb quote_font=\u00bbCormorant Garamond|Cormorant Garamond_weight|||||||\u00bb quote_text_color=\u00bb#0e0c19&#8243; header_font=\u00bbCormorant Garamond|Cormorant Garamond_weight|||||||\u00bb header_text_color=\u00bb#0e0c19&#8243; header_font_size=\u00bb72px\u00bb header_line_height=\u00bb1.15em\u00bb header_2_font=\u00bbCormorant Garamond|Cormorant Garamond_weight|||||||\u00bb header_2_text_color=\u00bb#0e0c19&#8243; header_2_font_size=\u00bb50px\u00bb header_2_line_height=\u00bb1.2em\u00bb header_3_font=\u00bbCormorant Garamond|Cormorant Garamond_weight|||||||\u00bb header_3_text_color=\u00bb#0e0c19&#8243; header_3_font_size=\u00bb32px\u00bb header_3_line_height=\u00bb1.3em\u00bb header_4_font=\u00bbCormorant Garamond|Cormorant Garamond_weight|||||||\u00bb header_4_text_color=\u00bb#0e0c19&#8243; header_4_font_size=\u00bb24px\u00bb header_4_line_height=\u00bb1.4em\u00bb header_5_font=\u00bbCormorant Garamond|Cormorant Garamond_weight|||||||\u00bb header_5_text_color=\u00bb#0e0c19&#8243; header_5_font_size=\u00bb18px\u00bb header_5_line_height=\u00bb1.4em\u00bb header_6_font=\u00bbCormorant Garamond|Cormorant Garamond_weight|||||||\u00bb header_6_text_color=\u00bb#0e0c19&#8243; header_6_line_height=\u00bb1.5em\u00bb custom_margin=\u00bb||||false|false\u00bb text_font_size_tablet=\u00bb15px\u00bb text_font_size_phone=\u00bb14px\u00bb text_font_size_last_edited=\u00bbon|phone\u00bb header_font_size_tablet=\u00bb40px\u00bb header_font_size_phone=\u00bb24px\u00bb header_font_size_last_edited=\u00bbon|desktop\u00bb header_2_font_size_tablet=\u00bb28px\u00bb header_2_font_size_phone=\u00bb20px\u00bb header_2_font_size_last_edited=\u00bbon|phone\u00bb header_3_font_size_tablet=\u00bb22px\u00bb header_3_font_size_phone=\u00bb17px\u00bb header_3_font_size_last_edited=\u00bbon|phone\u00bb header_4_font_size_tablet=\u00bb18px\u00bb header_4_font_size_phone=\u00bb15px\u00bb header_4_font_size_last_edited=\u00bbon|tablet\u00bb header_5_font_size_tablet=\u00bb15px\u00bb header_5_font_size_phone=\u00bb14px\u00bb header_5_font_size_last_edited=\u00bbon|desktop\u00bb header_6_font_size_tablet=\u00bb13px\u00bb header_6_font_size_phone=\u00bb13px\u00bb header_6_font_size_last_edited=\u00bbon|desktop\u00bb locked=\u00bboff\u00bb global_colors_info=\u00bb{%22#03045e%22:%91%22link_text_color%22%93,%22#0e0c19%22:%91%22header_text_color%22,%22header_4_text_color%22,%22header_3_text_color%22,%22header_2_text_color%22,%22header_5_text_color%22,%22header_6_text_color%22,%22quote_text_color%22%93,%22#3c3a47%22:%91%22text_text_color%22%93,%22#0077b6%22:%91%22quote_border_color%22%93,%22gcid-36fd78a7-34bc-404d-873c-dafa34efaae5%22:%91%22icon_color%22,%22icon_color%22%93}\u00bb body_font_size_tablet=\u00bb15px\u00bb body_font_size_phone=\u00bb14px\u00bb body_font_size_last_edited=\u00bbon|desktop\u00bb]<\/p>\n<p><span style=\"color: #ffffff;\">Los subsidios son una herramienta vers\u00e1til que permite a los usuarios acceder a informaci\u00f3n de manera r\u00e1pida y eficiente, asegurando que tengan a mano recursos necesarios para sus actividades pastorales.<\/span><\/p>\n<p>[\/et_pb_text][\/et_pb_column][\/et_pb_row][\/et_pb_section][et_pb_section fb_built=\u00bb1&#8243; admin_label=\u00bbList\u00bb _builder_version=\u00bb4.25.1&#8243; _module_preset=\u00bbdefault\u00bb collapsed=\u00bbon\u00bb global_colors_info=\u00bb{}\u00bb][et_pb_row _builder_version=\u00bb4.25.1&#8243; _module_preset=\u00bbdefault\u00bb global_colors_info=\u00bb{}\u00bb][et_pb_column type=\u00bb4_4&#8243; _builder_version=\u00bb4.25.1&#8243; _module_preset=\u00bbdefault\u00bb global_colors_info=\u00bb{}\u00bb][et_pb_heading title=\u00bbDocumentos disponibles para ser descargados\u00bb _builder_version=\u00bb4.27.4&#8243; _module_preset=\u00bbc33f07d9-41e0-421a-8799-5799df695cce\u00bb title_level=\u00bbh2&#8243; title_font=\u00bbCormorant Garamond|Cormorant Garamond_weight|||||||\u00bb title_text_color=\u00bb#0e0c19&#8243; title_font_size=\u00bb50px\u00bb title_line_height=\u00bb1.2em\u00bb custom_margin=\u00bb||10px||false|false\u00bb title_font_size_tablet=\u00bb28px\u00bb title_font_size_phone=\u00bb20px\u00bb title_font_size_last_edited=\u00bbon|phone\u00bb text_shadow_style=\u00bbpreset1&#8243; global_colors_info=\u00bb{}\u00bb][\/et_pb_heading][\/et_pb_column][\/et_pb_row][et_pb_row column_structure=\u00bb1_2,1_2&#8243; _builder_version=\u00bb4.25.1&#8243; _module_preset=\u00bbdefault\u00bb global_colors_info=\u00bb{}\u00bb][et_pb_column type=\u00bb1_2&#8243; _builder_version=\u00bb4.25.1&#8243; _module_preset=\u00bbdefault\u00bb global_colors_info=\u00bb{}\u00bb][et_pb_blurb title=\u00bbC\u00f3mo programar siguiendo el V Plan Diocesano de Pastoral\u00bb url=\u00bbhttps:\/\/diocesisdeaguascalientes.mx\/vicaria-de-pastoral\/wp-content\/uploads\/sites\/2\/2025\/08\/Como-programar-siguiendo-el-V-Plan-Diocesano-de-Pastoral.pptx\u00bb use_icon=\u00bbon\u00bb font_icon=\u00bb&#xf058;||fa||900&#8243; icon_color=\u00bb#03045e\u00bb icon_placement=\u00bbleft\u00bb image_icon_width=\u00bb40px\u00bb content_max_width=\u00bb100%\u00bb _builder_version=\u00bb4.27.4&#8243; _module_preset=\u00bb65059203-12d3-44f6-8371-3f5cf61a0475&#8243; header_font=\u00bbArial|Cormorant Garamond_weight|||||||\u00bb header_text_color=\u00bb#0C71C3&#8243; header_font_size=\u00bb19px\u00bb header_line_height=\u00bb1.4em\u00bb body_font=\u00bbProza Libre|Proza Libre_weight|||||||\u00bb body_text_color=\u00bb#3c3a47&#8243; body_font_size=\u00bb16px\u00bb body_line_height=\u00bb1.75em\u00bb body_link_text_color=\u00bb#03045e\u00bb animation=\u00bboff\u00bb link_option_url=\u00bbhttps:\/\/diocesisdeaguascalientes.mx\/vicaria-de-pastoral\/wp-content\/uploads\/sites\/2\/2025\/08\/Como-programar-siguiendo-el-V-Plan-Diocesano-de-Pastoral.pptx\u00bb header_font_size_tablet=\u00bb15px\u00bb header_font_size_phone=\u00bb14px\u00bb header_font_size_last_edited=\u00bbon|phone\u00bb body_font_size_tablet=\u00bb15px\u00bb body_font_size_phone=\u00bb14px\u00bb body_font_size_last_edited=\u00bbon|desktop\u00bb border_radii_image=\u00bbon|6px|6px|6px|6px\u00bb global_colors_info=\u00bb{}\u00bb]<\/p>\n<p>Una gu\u00eda completa para aprender a elaborar la programaci\u00f3n anual dentro del curso diocesano de acci\u00f3n pastoral.<\/p>\n<p>[\/et_pb_blurb][et_pb_blurb title=\u00bbEstatutos generales para la constituci\u00f3n y regulaci\u00f3n del Consejo de Pastoral Parroquial\u00bb url=\u00bbhttps:\/\/diocesisdeaguascalientes.mx\/vicaria-de-pastoral\/wp-content\/uploads\/sites\/2\/2025\/08\/Estatutos-generales-para-la-constitucion-y-regulacion-del-Consejo-de-Pastoral-Parroquial-Actualizados-al-V-Plan-Diocesano-de-Pastoral.docx\u00bb use_icon=\u00bbon\u00bb font_icon=\u00bb&#xf058;||fa||900&#8243; icon_color=\u00bb#03045e\u00bb icon_placement=\u00bbleft\u00bb image_icon_width=\u00bb40px\u00bb content_max_width=\u00bb100%\u00bb _builder_version=\u00bb4.27.4&#8243; _module_preset=\u00bb65059203-12d3-44f6-8371-3f5cf61a0475&#8243; header_font=\u00bbArial|Cormorant Garamond_weight|||||||\u00bb header_text_color=\u00bb#0C71C3&#8243; header_font_size=\u00bb19px\u00bb header_line_height=\u00bb1.4em\u00bb body_font=\u00bbProza Libre|Proza Libre_weight|||||||\u00bb body_text_color=\u00bb#3c3a47&#8243; body_font_size=\u00bb16px\u00bb body_line_height=\u00bb1.75em\u00bb body_link_text_color=\u00bb#03045e\u00bb animation=\u00bboff\u00bb link_option_url=\u00bbhttps:\/\/diocesisdeaguascalientes.mx\/vicaria-de-pastoral\/wp-content\/uploads\/sites\/2\/2025\/08\/Estatutos-generales-para-la-constitucion-y-regulacion-del-Consejo-de-Pastoral-Parroquial-Actualizados-al-V-Plan-Diocesano-de-Pastoral.docx\u00bb header_font_size_tablet=\u00bb15px\u00bb header_font_size_phone=\u00bb14px\u00bb header_font_size_last_edited=\u00bbon|phone\u00bb body_font_size_tablet=\u00bb15px\u00bb body_font_size_phone=\u00bb14px\u00bb body_font_size_last_edited=\u00bbon|desktop\u00bb border_radii_image=\u00bbon|6px|6px|6px|6px\u00bb global_colors_info=\u00bb{}\u00bb]<\/p>\n<p>Estos son los estatutos generales del Consejo de Pastoral Parroquial<\/p>\n<p>[\/et_pb_blurb][et_pb_blurb title=\u00bbCriterios pastorales para el sector y las \u00e1reas\u00bb url=\u00bbhttps:\/\/diocesisdeaguascalientes.mx\/vicaria-de-pastoral\/wp-content\/uploads\/sites\/2\/2025\/08\/Criterios-pastorales-para-el-sector-y-las-areas.pdf\u00bb use_icon=\u00bbon\u00bb font_icon=\u00bb&#xf058;||fa||900&#8243; icon_color=\u00bb#03045e\u00bb icon_placement=\u00bbleft\u00bb image_icon_width=\u00bb40px\u00bb content_max_width=\u00bb100%\u00bb _builder_version=\u00bb4.27.4&#8243; _module_preset=\u00bb65059203-12d3-44f6-8371-3f5cf61a0475&#8243; header_font=\u00bbArial|Cormorant Garamond_weight|||||||\u00bb header_text_color=\u00bb#0C71C3&#8243; header_font_size=\u00bb19px\u00bb header_line_height=\u00bb1.4em\u00bb body_font=\u00bbProza Libre|Proza Libre_weight|||||||\u00bb body_text_color=\u00bb#3c3a47&#8243; body_font_size=\u00bb16px\u00bb body_line_height=\u00bb1.75em\u00bb body_link_text_color=\u00bb#03045e\u00bb animation=\u00bboff\u00bb link_option_url=\u00bbhttps:\/\/diocesisdeaguascalientes.mx\/vicaria-de-pastoral\/wp-content\/uploads\/sites\/2\/2025\/08\/Criterios-pastorales-para-el-sector-y-las-areas.pdf\u00bb header_font_size_tablet=\u00bb15px\u00bb header_font_size_phone=\u00bb14px\u00bb header_font_size_last_edited=\u00bbon|phone\u00bb body_font_size_tablet=\u00bb15px\u00bb body_font_size_phone=\u00bb14px\u00bb body_font_size_last_edited=\u00bbon|desktop\u00bb border_radii_image=\u00bbon|6px|6px|6px|6px\u00bb global_colors_info=\u00bb{}\u00bb]<\/p>\n<p>Este manual proporciona criterios pastorales para el establecimiento y desarrollo de sectores y \u00e1reas dentro de las parroquias.<\/p>\n<p>[\/et_pb_blurb][et_pb_blurb title=\u00bbCriterios pastorales para las peque\u00f1as comunidades\u00bb url=\u00bbhttps:\/\/diocesisdeaguascalientes.mx\/vicaria-de-pastoral\/wp-content\/uploads\/sites\/2\/2025\/08\/Criterios-pastorales-para-las-Pequenas-Comunidades-de-nuestra-Diocesis-de-Aguascalientes.pdf\u00bb use_icon=\u00bbon\u00bb font_icon=\u00bb&#xf058;||fa||900&#8243; icon_color=\u00bb#03045e\u00bb icon_placement=\u00bbleft\u00bb image_icon_width=\u00bb40px\u00bb content_max_width=\u00bb100%\u00bb _builder_version=\u00bb4.27.4&#8243; _module_preset=\u00bb65059203-12d3-44f6-8371-3f5cf61a0475&#8243; header_font=\u00bbArial|Cormorant Garamond_weight|||||||\u00bb header_text_color=\u00bb#0C71C3&#8243; header_font_size=\u00bb19px\u00bb header_line_height=\u00bb1.4em\u00bb body_font=\u00bbProza Libre|Proza Libre_weight|||||||\u00bb body_text_color=\u00bb#3c3a47&#8243; body_font_size=\u00bb16px\u00bb body_line_height=\u00bb1.75em\u00bb body_link_text_color=\u00bb#03045e\u00bb animation=\u00bboff\u00bb link_option_url=\u00bbhttps:\/\/diocesisdeaguascalientes.mx\/vicaria-de-pastoral\/wp-content\/uploads\/sites\/2\/2025\/08\/Criterios-pastorales-para-las-Pequenas-Comunidades-de-nuestra-Diocesis-de-Aguascalientes.pdf\u00bb header_font_size_tablet=\u00bb15px\u00bb header_font_size_phone=\u00bb14px\u00bb header_font_size_last_edited=\u00bbon|phone\u00bb body_font_size_tablet=\u00bb15px\u00bb body_font_size_phone=\u00bb14px\u00bb body_font_size_last_edited=\u00bbon|desktop\u00bb border_radii_image=\u00bbon|6px|6px|6px|6px\u00bb global_colors_info=\u00bb{}\u00bb]<\/p>\n<p>Este documento impulsa la renovaci\u00f3n pastoral parroquial desde las Peque\u00f1as Comunidades enmarcadas dentro de tres estructuras b\u00e1sicas que permiten mayor consistencia a las acciones pastorales. Estas estructuras son el Consejo Pastoral Parroquial, los Sectores y las Peque\u00f1as Comunidades.<\/p>\n<p>[\/et_pb_blurb][\/et_pb_column][et_pb_column type=\u00bb1_2&#8243; _builder_version=\u00bb4.25.1&#8243; _module_preset=\u00bbdefault\u00bb global_colors_info=\u00bb{}\u00bb][et_pb_blurb title=\u00bbS\u00ednodo de la Sinodalidad 2021 &#8211; 2024&#8243; url=\u00bbhttps:\/\/diocesisdeaguascalientes.mx\/vicaria-de-pastoral\/sinodo-de-la-sinodalidad-2021-2024\/\u00bb use_icon=\u00bbon\u00bb font_icon=\u00bb&#xf058;||fa||900&#8243; icon_color=\u00bb#03045e\u00bb icon_placement=\u00bbleft\u00bb image_icon_width=\u00bb40px\u00bb content_max_width=\u00bb100%\u00bb _builder_version=\u00bb4.27.4&#8243; _module_preset=\u00bb65059203-12d3-44f6-8371-3f5cf61a0475&#8243; header_font=\u00bbArial|Cormorant Garamond_weight|||||||\u00bb header_text_color=\u00bb#0C71C3&#8243; header_font_size=\u00bb19px\u00bb header_line_height=\u00bb1.4em\u00bb body_font=\u00bbProza Libre|Proza Libre_weight|||||||\u00bb body_text_color=\u00bb#3c3a47&#8243; body_font_size=\u00bb16px\u00bb body_line_height=\u00bb1.75em\u00bb body_link_text_color=\u00bb#03045e\u00bb animation=\u00bboff\u00bb link_option_url=\u00bbhttps:\/\/diocesisdeaguascalientes.mx\/vicaria-de-pastoral\/sinodo-de-la-sinodalidad-2021-2024\/\u00bb header_font_size_tablet=\u00bb15px\u00bb header_font_size_phone=\u00bb14px\u00bb header_font_size_last_edited=\u00bbon|phone\u00bb body_font_size_tablet=\u00bb15px\u00bb body_font_size_phone=\u00bb14px\u00bb body_font_size_last_edited=\u00bbon|desktop\u00bb border_radii_image=\u00bbon|6px|6px|6px|6px\u00bb global_colors_info=\u00bb{}\u00bb]<\/p>\n<p>Aqu\u00ed se encuentra una p\u00e1gina dedicada especialmente a los principales documentos del S\u00ednodo de la Sinodalidad<\/p>\n<p>[\/et_pb_blurb][et_pb_blurb title=\u00bbIII S\u00ednodo Diocesano de Aguascalientes &#8211; Constituciones y Decretos\u00bb url=\u00bbhttps:\/\/diocesisdeaguascalientes.mx\/vicaria-de-pastoral\/wp-content\/uploads\/sites\/2\/2025\/08\/III-Sinodo-Diocesano-de-Aguascalientes-Constituciones-y-Decretos.pdf\u00bb use_icon=\u00bbon\u00bb font_icon=\u00bb&#xf058;||fa||900&#8243; icon_color=\u00bb#03045e\u00bb icon_placement=\u00bbleft\u00bb image_icon_width=\u00bb40px\u00bb content_max_width=\u00bb100%\u00bb _builder_version=\u00bb4.27.4&#8243; _module_preset=\u00bb65059203-12d3-44f6-8371-3f5cf61a0475&#8243; header_font=\u00bbArial|Cormorant Garamond_weight|||||||\u00bb header_text_color=\u00bb#0C71C3&#8243; header_font_size=\u00bb19px\u00bb header_line_height=\u00bb1.4em\u00bb body_font=\u00bbProza Libre|Proza Libre_weight|||||||\u00bb body_text_color=\u00bb#3c3a47&#8243; body_font_size=\u00bb16px\u00bb body_line_height=\u00bb1.75em\u00bb body_link_text_color=\u00bb#03045e\u00bb animation=\u00bboff\u00bb link_option_url=\u00bbhttps:\/\/diocesisdeaguascalientes.mx\/vicaria-de-pastoral\/wp-content\/uploads\/sites\/2\/2025\/08\/III-Sinodo-Diocesano-de-Aguascalientes-Constituciones-y-Decretos.pdf\u00bb header_font_size_tablet=\u00bb15px\u00bb header_font_size_phone=\u00bb14px\u00bb header_font_size_last_edited=\u00bbon|phone\u00bb body_font_size_tablet=\u00bb15px\u00bb body_font_size_phone=\u00bb14px\u00bb body_font_size_last_edited=\u00bbon|desktop\u00bb border_radii_image=\u00bbon|6px|6px|6px|6px\u00bb global_colors_info=\u00bb{}\u00bb]<\/p>\n<p>Este es el documento completo del III S\u00ednodo Diocesano de Aguascalientes<\/p>\n<p>[\/et_pb_blurb][et_pb_blurb title=\u00bbLa sinodalidad en la vida y en la misi\u00f3n de la Iglesia\u00bb url=\u00bbhttps:\/\/diocesisdeaguascalientes.mx\/vicaria-de-pastoral\/wp-content\/uploads\/sites\/2\/2025\/08\/La-sinodalidad-en-la-vida-y-en-la-mision-de-la-Iglesia.pptx\u00bb use_icon=\u00bbon\u00bb font_icon=\u00bb&#xf058;||fa||900&#8243; icon_color=\u00bb#03045e\u00bb icon_placement=\u00bbleft\u00bb image_icon_width=\u00bb40px\u00bb content_max_width=\u00bb100%\u00bb _builder_version=\u00bb4.27.4&#8243; _module_preset=\u00bb65059203-12d3-44f6-8371-3f5cf61a0475&#8243; header_font=\u00bbArial|Cormorant Garamond_weight|||||||\u00bb header_text_color=\u00bb#0C71C3&#8243; header_font_size=\u00bb19px\u00bb header_line_height=\u00bb1.4em\u00bb body_font=\u00bbProza Libre|Proza Libre_weight|||||||\u00bb body_text_color=\u00bb#3c3a47&#8243; body_font_size=\u00bb16px\u00bb body_line_height=\u00bb1.75em\u00bb body_link_text_color=\u00bb#03045e\u00bb animation=\u00bboff\u00bb link_option_url=\u00bbhttps:\/\/diocesisdeaguascalientes.mx\/vicaria-de-pastoral\/wp-content\/uploads\/sites\/2\/2025\/08\/La-sinodalidad-en-la-vida-y-en-la-mision-de-la-Iglesia.pptx\u00bb header_font_size_tablet=\u00bb15px\u00bb header_font_size_phone=\u00bb14px\u00bb header_font_size_last_edited=\u00bbon|phone\u00bb body_font_size_tablet=\u00bb15px\u00bb body_font_size_phone=\u00bb14px\u00bb body_font_size_last_edited=\u00bbon|desktop\u00bb border_radii_image=\u00bbon|6px|6px|6px|6px\u00bb global_colors_info=\u00bb{}\u00bb]<\/p>\n<p>Es una presentaci\u00f3n en 147 diapositivas de Power Point sobre la sinodalidad.<\/p>\n<p>[\/et_pb_blurb][et_pb_blurb title=\u00bbProyecto global de pastoral 2031-2033&#8243; url=\u00bbhttps:\/\/diocesisdeaguascalientes.mx\/vicaria-de-pastoral\/wp-content\/uploads\/sites\/2\/2025\/08\/Proyecto-global-de-pastoral-2031-2033-Conferencia-del-Episcopado-Mexicano.pdf\u00bb use_icon=\u00bbon\u00bb font_icon=\u00bb&#xf058;||fa||900&#8243; icon_color=\u00bb#03045e\u00bb icon_placement=\u00bbleft\u00bb image_icon_width=\u00bb40px\u00bb content_max_width=\u00bb100%\u00bb _builder_version=\u00bb4.27.4&#8243; _module_preset=\u00bb65059203-12d3-44f6-8371-3f5cf61a0475&#8243; header_font=\u00bbArial|Cormorant Garamond_weight|||||||\u00bb header_text_color=\u00bb#0C71C3&#8243; header_font_size=\u00bb19px\u00bb header_line_height=\u00bb1.4em\u00bb body_font=\u00bbProza Libre|Proza Libre_weight|||||||\u00bb body_text_color=\u00bb#3c3a47&#8243; body_font_size=\u00bb16px\u00bb body_line_height=\u00bb1.75em\u00bb body_link_text_color=\u00bb#03045e\u00bb animation=\u00bboff\u00bb link_option_url=\u00bbhttps:\/\/diocesisdeaguascalientes.mx\/vicaria-de-pastoral\/wp-content\/uploads\/sites\/2\/2025\/08\/Proyecto-global-de-pastoral-2031-2033-Conferencia-del-Episcopado-Mexicano.pdf\u00bb header_font_size_tablet=\u00bb15px\u00bb header_font_size_phone=\u00bb14px\u00bb header_font_size_last_edited=\u00bbon|phone\u00bb body_font_size_tablet=\u00bb15px\u00bb body_font_size_phone=\u00bb14px\u00bb body_font_size_last_edited=\u00bbon|desktop\u00bb border_radii_image=\u00bbon|6px|6px|6px|6px\u00bb global_colors_info=\u00bb{}\u00bb]<\/p>\n<p>Es el documento completo publicado por la Conferencia del Episcopado Mexicano<\/p>\n<p>[\/et_pb_blurb][et_pb_blurb title=\u00bbTaller de capacitaci\u00f3n para la VII Asamblea Diocesana de Pastoral de Aguascalientes\u00bb url=\u00bbhttps:\/\/diocesisdeaguascalientes.mx\/vicaria-de-pastoral\/wp-content\/uploads\/sites\/2\/2025\/08\/Taller-de-capacitacion-para-la-VII-Asamblea-Diocesana-de-Pastoral-Aguascalientes.pptx\u00bb use_icon=\u00bbon\u00bb font_icon=\u00bb&#xf058;||fa||900&#8243; icon_color=\u00bb#03045e\u00bb icon_placement=\u00bbleft\u00bb image_icon_width=\u00bb40px\u00bb content_max_width=\u00bb100%\u00bb _builder_version=\u00bb4.27.4&#8243; _module_preset=\u00bb65059203-12d3-44f6-8371-3f5cf61a0475&#8243; header_font=\u00bbArial|Cormorant Garamond_weight|||||||\u00bb header_text_color=\u00bb#0C71C3&#8243; header_font_size=\u00bb19px\u00bb header_line_height=\u00bb1.4em\u00bb body_font=\u00bbProza Libre|Proza Libre_weight|||||||\u00bb body_text_color=\u00bb#3c3a47&#8243; body_font_size=\u00bb16px\u00bb body_line_height=\u00bb1.75em\u00bb body_link_text_color=\u00bb#03045e\u00bb animation=\u00bboff\u00bb link_option_url=\u00bbhttps:\/\/diocesisdeaguascalientes.mx\/vicaria-de-pastoral\/wp-content\/uploads\/sites\/2\/2025\/08\/Taller-de-capacitacion-para-la-VII-Asamblea-Diocesana-de-Pastoral-Aguascalientes.pptx\u00bb header_font_size_tablet=\u00bb15px\u00bb header_font_size_phone=\u00bb14px\u00bb header_font_size_last_edited=\u00bbon|phone\u00bb body_font_size_tablet=\u00bb15px\u00bb body_font_size_phone=\u00bb14px\u00bb body_font_size_last_edited=\u00bbon|desktop\u00bb border_radii_image=\u00bbon|6px|6px|6px|6px\u00bb global_colors_info=\u00bb{}\u00bb]<\/p>\n<p>Es una capacitaci\u00f3n en 40 diapositivas de Power Point<\/p>\n<p>[\/et_pb_blurb][\/et_pb_column][\/et_pb_row][\/et_pb_section][et_pb_section fb_built=\u00bb1&#8243; admin_label=\u00bbFrequently Asked Questions\u00bb _builder_version=\u00bb4.27.4&#8243; _module_preset=\u00bbdefault\u00bb background_color=\u00bb#0C71C3&#8243; locked=\u00bboff\u00bb collapsed=\u00bbon\u00bb global_colors_info=\u00bb{}\u00bb][et_pb_row column_structure=\u00bb1_2,1_2&#8243; _builder_version=\u00bb4.18.0&#8243; _module_preset=\u00bb5138c454-be54-4233-bd3b-f8e6a8747976&#8243; global_colors_info=\u00bb{}\u00bb][et_pb_column type=\u00bb1_2&#8243; _builder_version=\u00bb4.16&#8243; _module_preset=\u00bb73121f80-a3ef-4484-8763-c3f18e3c56d2&#8243; global_colors_info=\u00bb{}\u00bb][et_pb_heading title=\u00bbPreguntas Frecuentes sobre nuestra biblioteca de medios.\u00bb _builder_version=\u00bb4.27.4&#8243; _module_preset=\u00bbddeb8c09-9078-4424-bc15-2efb6572e28e\u00bb title_font=\u00bbCormorant Garamond|Cormorant Garamond_weight|||||||\u00bb title_text_color=\u00bb#EDF000&#8243; title_font_size=\u00bb72px\u00bb title_line_height=\u00bb1.15em\u00bb title_font_size_tablet=\u00bb40px\u00bb title_font_size_phone=\u00bb24px\u00bb title_font_size_last_edited=\u00bbon|phone\u00bb locked=\u00bboff\u00bb global_colors_info=\u00bb{}\u00bb][\/et_pb_heading][et_pb_text quote_border_color=\u00bb#0077b6&#8243; _builder_version=\u00bb4.27.4&#8243; _module_preset=\u00bb2c55a9c4-feed-423b-9edb-ae0b5b365cac\u00bb text_font=\u00bbProza Libre|Proza Libre_weight|||||||\u00bb text_text_color=\u00bb#000000&#8243; text_font_size=\u00bb16px\u00bb text_line_height=\u00bb1.75em\u00bb link_font=\u00bb|Proza Libre_weight|||||||\u00bb link_text_color=\u00bb#03045e\u00bb quote_font=\u00bbCormorant Garamond|Cormorant Garamond_weight|||||||\u00bb quote_text_color=\u00bb#0e0c19&#8243; header_font=\u00bbCormorant Garamond|Cormorant Garamond_weight|||||||\u00bb header_text_color=\u00bb#0e0c19&#8243; header_font_size=\u00bb72px\u00bb header_line_height=\u00bb1.15em\u00bb header_2_font=\u00bbCormorant Garamond|Cormorant Garamond_weight|||||||\u00bb header_2_text_color=\u00bb#0e0c19&#8243; header_2_font_size=\u00bb50px\u00bb header_2_line_height=\u00bb1.2em\u00bb header_3_font=\u00bbCormorant Garamond|Cormorant Garamond_weight|||||||\u00bb header_3_text_color=\u00bb#0e0c19&#8243; header_3_font_size=\u00bb32px\u00bb header_3_line_height=\u00bb1.3em\u00bb header_4_font=\u00bbCormorant Garamond|Cormorant Garamond_weight|||||||\u00bb header_4_text_color=\u00bb#0e0c19&#8243; header_4_font_size=\u00bb24px\u00bb header_4_line_height=\u00bb1.4em\u00bb header_5_font=\u00bbCormorant Garamond|Cormorant Garamond_weight|||||||\u00bb header_5_text_color=\u00bb#0e0c19&#8243; header_5_font_size=\u00bb18px\u00bb header_5_line_height=\u00bb1.4em\u00bb header_6_font=\u00bbCormorant Garamond|Cormorant Garamond_weight|||||||\u00bb header_6_text_color=\u00bb#0e0c19&#8243; header_6_line_height=\u00bb1.5em\u00bb custom_margin=\u00bb||||false|false\u00bb text_font_size_tablet=\u00bb15px\u00bb text_font_size_phone=\u00bb14px\u00bb text_font_size_last_edited=\u00bbon|phone\u00bb header_font_size_tablet=\u00bb40px\u00bb header_font_size_phone=\u00bb24px\u00bb header_font_size_last_edited=\u00bbon|desktop\u00bb header_2_font_size_tablet=\u00bb28px\u00bb header_2_font_size_phone=\u00bb20px\u00bb header_2_font_size_last_edited=\u00bbon|phone\u00bb header_3_font_size_tablet=\u00bb22px\u00bb header_3_font_size_phone=\u00bb17px\u00bb header_3_font_size_last_edited=\u00bbon|phone\u00bb header_4_font_size_tablet=\u00bb18px\u00bb header_4_font_size_phone=\u00bb15px\u00bb header_4_font_size_last_edited=\u00bbon|tablet\u00bb header_5_font_size_tablet=\u00bb15px\u00bb header_5_font_size_phone=\u00bb14px\u00bb header_5_font_size_last_edited=\u00bbon|desktop\u00bb header_6_font_size_tablet=\u00bb13px\u00bb header_6_font_size_phone=\u00bb13px\u00bb header_6_font_size_last_edited=\u00bbon|desktop\u00bb locked=\u00bboff\u00bb global_colors_info=\u00bb{}\u00bb]<\/p>\n<p><span style=\"color: #ffffff;\">Encuentra respuestas a las preguntas m\u00e1s comunes sobre c\u00f3mo acceder y utilizar los subsidios de nuestra biblioteca de medios.<\/span><\/p>\n<p>[\/et_pb_text][\/et_pb_column][et_pb_column type=\u00bb1_2&#8243; _builder_version=\u00bb4.17.6&#8243; _module_preset=\u00bb73121f80-a3ef-4484-8763-c3f18e3c56d2&#8243; global_colors_info=\u00bb{}\u00bb][et_pb_accordion open_toggle_text_color=\u00bb#EDF000&#8243; open_toggle_background_color=\u00bbRGBA(255,255,255,0)\u00bb closed_toggle_background_color=\u00bbRGBA(255,255,255,0)\u00bb toggle_icon=\u00bb&#xf067;||fa||900&#8243; icon_color=\u00bb#03045e\u00bb use_icon_font_size=\u00bbon\u00bb _builder_version=\u00bb4.27.4&#8243; _module_preset=\u00bb73efbc9d-37bf-4f75-b3d8-498640ef079f\u00bb toggle_text_color=\u00bb#FFFFFF\u00bb toggle_level=\u00bbh3&#8243; toggle_font=\u00bbCormorant Garamond|Cormorant Garamond_weight|||||||\u00bb toggle_font_size=\u00bb20px\u00bb toggle_line_height=\u00bb1.3em\u00bb body_font=\u00bbProza Libre|Proza Libre_weight|||||||\u00bb body_text_color=\u00bb#3c3a47&#8243; body_font_size=\u00bb16px\u00bb body_line_height=\u00bb1.75em\u00bb toggle_font_size_tablet=\u00bb15px\u00bb toggle_font_size_phone=\u00bb14px\u00bb toggle_font_size_last_edited=\u00bbon|phone\u00bb body_font_size_tablet=\u00bb15px\u00bb body_font_size_phone=\u00bb14px\u00bb body_font_size_last_edited=\u00bbon|desktop\u00bb toggle_text_shadow_style=\u00bbpreset3&#8243; border_radii=\u00bbon|6px|6px|6px|6px\u00bb border_width_all=\u00bb2px\u00bb border_color_all=\u00bbrgba(0,0,0,0.08)\u00bb locked=\u00bboff\u00bb global_colors_info=\u00bb{%22gcid-36fd78a7-34bc-404d-873c-dafa34efaae5%22:%91%22quote_icon_color%22,%22icon_color%22,%22open_toggle_text_color%22%93,%22gcid-f2943306-fa6c-45f0-b632-5fc00151366a%22:%91%22icon_color%22,%22open_toggle_text_color%22%93,%22gcid-3e0ae39b-d026-4173-b444-0c785917aeff%22:%91%22body_text_color%22%93,%22gcid-828accbb-1ed2-407d-95be-20ab4e191566%22:%91%22border_color_all%22%93}\u00bb][et_pb_accordion_item title=\u00bb\u00bfC\u00f3mo puedo acceder a los recursos de esta biblioteca?\u00bb open=\u00bbon\u00bb _builder_version=\u00bb4.27.4&#8243; _module_preset=\u00bb550abe5c-b505-4d6b-adc7-570bd7cc1217&#8243; global_colors_info=\u00bb{}\u00bb toggle_level=\u00bbh3&#8243; toggle_font=\u00bbArial|Cormorant Garamond_weight|||||||\u00bb toggle_font_size=\u00bb19px\u00bb]<\/p>\n<p><span style=\"color: #000000;\">Para acceder a los subsidios, simplemente navega en nuestra biblioteca de medios y selecciona el documento que deseas descargar.<\/span><\/p>\n<p>[\/et_pb_accordion_item][et_pb_accordion_item title=\u00bb\u00bfNecesito una cuenta para descargar los documentos?\u00bb _builder_version=\u00bb4.27.4&#8243; _module_preset=\u00bb550abe5c-b505-4d6b-adc7-570bd7cc1217&#8243; global_colors_info=\u00bb{}\u00bb toggle_font=\u00bbArial|Cormorant Garamond_weight|||||||\u00bb toggle_font_size=\u00bb19px\u00bb open=\u00bboff\u00bb]<\/p>\n<p><span style=\"color: #000000;\">No es necesario tener una cuenta para descargar los documentos. Sin embargo, te sugerimos descargar y guardar tus documentos favoritos para un acceso m\u00e1s r\u00e1pido en el futuro.<\/span><\/p>\n<p>[\/et_pb_accordion_item][et_pb_accordion_item title=\u00bb\u00bfLos subsidios son gratuitos?\u00bb _builder_version=\u00bb4.27.4&#8243; _module_preset=\u00bb550abe5c-b505-4d6b-adc7-570bd7cc1217&#8243; global_colors_info=\u00bb{}\u00bb toggle_font=\u00bbArial|Cormorant Garamond_weight|||||||\u00bb toggle_font_size=\u00bb19px\u00bb open=\u00bboff\u00bb]<\/p>\n<p><span style=\"color: #000000;\">S\u00ed, todos los documentos disponibles en nuestra biblioteca de medios son completamente gratuitos para descargar y utilizar.<\/span><\/p>\n<p>[\/et_pb_accordion_item][\/et_pb_accordion][\/et_pb_column][\/et_pb_row][\/et_pb_section]<\/p>\n","protected":false},"excerpt":{"rendered":"<p>Nuestra biblioteca de subsidios es un recurso que ofrece acceso a una amplia gama de documentos en diversos formatos. Estos documentos proporcionan informaci\u00f3n precisa y detallada, facilitando el aprendizaje y la consulta en diversos temas de inter\u00e9s.Los subsidios son una herramienta vers\u00e1til que permite a los usuarios acceder a informaci\u00f3n de manera r\u00e1pida y eficiente, [&hellip;]<\/p>\n","protected":false},"author":2,"featured_media":0,"parent":0,"menu_order":0,"comment_status":"closed","ping_status":"closed","template":"","meta":{"_et_pb_use_builder":"on","_et_pb_old_content":"","_et_gb_content_width":"","footnotes":""},"class_list":["post-10669","page","type-page","status-publish","hentry"],"_links":{"self":[{"href":"https:\/\/diocesisdeaguascalientes.mx\/vicaria-de-pastoral\/wp-json\/wp\/v2\/pages\/10669","targetHints":{"allow":["GET"]}}],"collection":[{"href":"https:\/\/diocesisdeaguascalientes.mx\/vicaria-de-pastoral\/wp-json\/wp\/v2\/pages"}],"about":[{"href":"https:\/\/diocesisdeaguascalientes.mx\/vicaria-de-pastoral\/wp-json\/wp\/v2\/types\/page"}],"author":[{"embeddable":true,"href":"https:\/\/diocesisdeaguascalientes.mx\/vicaria-de-pastoral\/wp-json\/wp\/v2\/users\/2"}],"replies":[{"embeddable":true,"href":"https:\/\/diocesisdeaguascalientes.mx\/vicaria-de-pastoral\/wp-json\/wp\/v2\/comments?post=10669"}],"version-history":[{"count":44,"href":"https:\/\/diocesisdeaguascalientes.mx\/vicaria-de-pastoral\/wp-json\/wp\/v2\/pages\/10669\/revisions"}],"predecessor-version":[{"id":11008,"href":"https:\/\/diocesisdeaguascalientes.mx\/vicaria-de-pastoral\/wp-json\/wp\/v2\/pages\/10669\/revisions\/11008"}],"wp:attachment":[{"href":"https:\/\/diocesisdeaguascalientes.mx\/vicaria-de-pastoral\/wp-json\/wp\/v2\/media?parent=10669"}],"curies":[{"name":"wp","href":"https:\/\/api.w.org\/{rel}","templated":true}]}}