{"id":10457,"date":"2025-07-18T14:19:57","date_gmt":"2025-07-18T20:19:57","guid":{"rendered":"https:\/\/diocesisdeaguascalientes.mx\/vicaria-de-pastoral\/?page_id=10457"},"modified":"2025-09-17T09:52:07","modified_gmt":"2025-09-17T15:52:07","slug":"parroquial","status":"publish","type":"page","link":"https:\/\/diocesisdeaguascalientes.mx\/vicaria-de-pastoral\/programacion-anual\/parroquial\/","title":{"rendered":"Programaci\u00f3n Parroquial"},"content":{"rendered":"<p>[et_pb_section fb_built=\u00bb1&#8243; _builder_version=\u00bb4.27.4&#8243; _module_preset=\u00bbdefault\u00bb background_color=\u00bb#004d71&#8243; background_enable_image=\u00bboff\u00bb background_enable_mask_style=\u00bbon\u00bb background_mask_style=\u00bbchevrons\u00bb height=\u00bb150px\u00bb global_colors_info=\u00bb{}\u00bb][et_pb_row _builder_version=\u00bb4.27.4&#8243; _module_preset=\u00bbdefault\u00bb global_colors_info=\u00bb{}\u00bb][et_pb_column type=\u00bb4_4&#8243; _builder_version=\u00bb4.27.4&#8243; _module_preset=\u00bbdefault\u00bb global_colors_info=\u00bb{}\u00bb][et_pb_heading title=\u00bbProgramaci\u00f3n Anual\u00bb _builder_version=\u00bb4.27.4&#8243; _module_preset=\u00bbdefault\u00bb title_font=\u00bbOficial||||||||\u00bb title_text_align=\u00bbleft\u00bb title_text_color=\u00bb#E09900&#8243; title_font_size=\u00bb38px\u00bb global_colors_info=\u00bb{}\u00bb][\/et_pb_heading][\/et_pb_column][\/et_pb_row][\/et_pb_section][et_pb_section fb_built=\u00bb1&#8243; _builder_version=\u00bb4.27.4&#8243; _module_preset=\u00bbdefault\u00bb global_colors_info=\u00bb{}\u00bb][et_pb_row _builder_version=\u00bb4.27.4&#8243; _module_preset=\u00bbdefault\u00bb global_colors_info=\u00bb{}\u00bb][et_pb_column type=\u00bb4_4&#8243; _builder_version=\u00bb4.27.4&#8243; _module_preset=\u00bbdefault\u00bb global_colors_info=\u00bb{}\u00bb][et_pb_heading title=\u00bbProgramaci\u00f3n Parroquial\u00bb _builder_version=\u00bb4.27.4&#8243; _module_preset=\u00bbdefault\u00bb title_font=\u00bbSubtitulo||||||||\u00bb title_text_color=\u00bb#004d71&#8243; global_colors_info=\u00bb{}\u00bb][\/et_pb_heading][et_pb_code _builder_version=\u00bb4.27.4&#8243; _module_preset=\u00bbdefault\u00bb global_colors_info=\u00bb{}\u00bb]\n    <div class=\"wpdt-c \">\n    \n<input type=\"hidden\" id=\"wdtNonceFrontendEdit\" name=\"wdtNonceFrontendEdit\" value=\"6945a0e0eb\" \/><input type=\"hidden\" name=\"_wp_http_referer\" value=\"\/vicaria-de-pastoral\/wp-json\/wp\/v2\/pages\/10457\" \/>    <input type=\"hidden\" id=\"table_1_desc\" value='{\"tableId\":\"table_1\",\"tableType\":\"forminator\",\"selector\":\"#table_1\",\"responsive\":true,\"responsiveAction\":\"icon\",\"infoBlock\":false,\"pagination\":1,\"paginationAlign\":\"right\",\"paginationLayout\":\"first_last_numbers\",\"paginationLayoutMobile\":\"simple\",\"file_location\":\"wp_media_lib\",\"table_wcag\":0,\"simple_template_id\":0,\"scrollable\":false,\"globalSearch\":true,\"showRowsPerPage\":false,\"hideBeforeLoad\":false,\"pagination_top\":0,\"number_format\":1,\"decimalPlaces\":2,\"spinnerSrc\":\"https:\\\/\\\/diocesisdeaguascalientes.mx\\\/vicaria-de-pastoral\\\/wp-content\\\/plugins\\\/wpdatatables\\\/assets\\\/\\\/img\\\/spinner.gif\",\"groupingEnabled\":false,\"tableWpId\":3,\"dataTableParams\":{\"sDom\":\"BT\\u003C\\u0027clear\\u0027\\u003Eftp\",\"bSortCellsTop\":false,\"bPaginate\":true,\"sPaginationType\":\"first_last_numbers\",\"aLengthMenu\":[[1,5,10,25,50,100,-1],[1,5,10,25,50,100,\"All\"]],\"iDisplayLength\":10,\"columnDefs\":[{\"sType\":\"string\",\"wdtType\":\"string\",\"bVisible\":false,\"orderable\":true,\"searchable\":true,\"InputType\":\"text\",\"name\":\"select2\",\"origHeader\":\"select2\",\"notNull\":false,\"conditionalFormattingRules\":[],\"className\":\" column-select2\",\"sWidth\":\"10%\",\"aTargets\":[0]},{\"sType\":\"string\",\"wdtType\":\"string\",\"bVisible\":true,\"orderable\":true,\"searchable\":true,\"InputType\":\"text\",\"name\":\"select4\",\"origHeader\":\"select4\",\"notNull\":false,\"conditionalFormattingRules\":[],\"className\":\" column-select4\",\"sWidth\":\"25%\",\"aTargets\":[1]},{\"sType\":\"string\",\"wdtType\":\"string\",\"bVisible\":true,\"orderable\":true,\"searchable\":true,\"InputType\":\"text\",\"name\":\"select1\",\"origHeader\":\"select1\",\"notNull\":false,\"conditionalFormattingRules\":[],\"className\":\" column-select1\",\"sWidth\":\"15%\",\"aTargets\":[2]},{\"sType\":\"string\",\"wdtType\":\"string\",\"bVisible\":true,\"orderable\":true,\"searchable\":true,\"InputType\":\"text\",\"name\":\"select7\",\"origHeader\":\"select7\",\"notNull\":false,\"conditionalFormattingRules\":[],\"className\":\" column-select7\",\"sWidth\":\"15%\",\"aTargets\":[3]},{\"sType\":\"string\",\"wdtType\":\"string\",\"bVisible\":true,\"orderable\":true,\"searchable\":true,\"InputType\":\"text\",\"name\":\"text3\",\"origHeader\":\"text3\",\"notNull\":false,\"conditionalFormattingRules\":[],\"className\":\" column-text3\",\"sWidth\":\"15%\",\"aTargets\":[4]},{\"sType\":\"string\",\"wdtType\":\"string\",\"bVisible\":true,\"orderable\":true,\"searchable\":true,\"InputType\":\"text\",\"name\":\"upload1\",\"origHeader\":\"upload1\",\"notNull\":false,\"conditionalFormattingRules\":[],\"className\":\" column-upload1\",\"sWidth\":\"20%\",\"aTargets\":[5]},{\"sType\":\"date-custom\",\"wdtType\":\"datetime\",\"bVisible\":true,\"orderable\":true,\"searchable\":true,\"InputType\":\"text\",\"name\":\"datecreatedsql\",\"origHeader\":\"datecreatedsql\",\"notNull\":false,\"conditionalFormattingRules\":[],\"className\":\" column-datecreatedsql\",\"sWidth\":\"10%\",\"aTargets\":[6]}],\"bAutoWidth\":false,\"order\":[[1,\"desc\"]],\"ordering\":true,\"buttons\":[],\"oSearch\":{\"bSmart\":false,\"bRegex\":false,\"sSearch\":\"\"}},\"currentSkin\":\"skin1\",\"tabletWidth\":\"1024\",\"mobileWidth\":\"480\",\"columnsFixed\":0,\"timeFormat\":\"h:i A\",\"datepickFormat\":\"dd\\\/mm\\\/yy\"}'\/>\n\n    <table id=\"table_1\"\n           class=\"           responsive           display nowrap data-t wpDataTable wpDataTableID-3\"\n           style=\"\"\n           data-described-by='table_1_desc'\n           data-wpdatatable_id=\"3\">\n        \n        <!-- Table header -->\n        \n<thead>\n<tr>\n                    <th\n                data-hide=\"phone\"        class=\"phone wdtheader sort \"\n        style=\"\">Seleccione el tipo de programaci\u00f3n<\/th>        <th\n        data-class=\"expand\"                class=\" wdtheader sort \"\n        style=\"\">Parroquia<\/th>        <th\n                        class=\" wdtheader sort \"\n        style=\"\">Equipo pastoral<\/th>        <th\n                        class=\" wdtheader sort \"\n        style=\"\">Organismo Eclesial<\/th>        <th\n                        class=\" wdtheader sort \"\n        style=\"\">Especifique<\/th>        <th\n                        class=\" wdtheader sort \"\n        style=\"\">Archivo<\/th>        <th\n                        class=\" wdtheader sort \"\n        style=\"\">Fecha de Env\u00edo<\/th>    <\/tr>\n<\/thead>\n        <!-- \/Table header -->\n\n        <!-- Table body -->\n        \n<tbody>\n        <tr id=\"table_3_row_0\">\n                    <td style=\"\">Programaci\u00f3n Parroquial<\/td>\n                    <td style=\"\">P016 DIVINA PROVIDENCIA(EL LLANITO)<\/td>\n                    <td style=\"\">Animaci\u00f3n Pastoral (CPP)<\/td>\n                    <td style=\"\"><\/td>\n                    <td style=\"\"><\/td>\n                    <td style=\"\"><a href=\"https:\/\/diocesisdeaguascalientes.mx\/vicaria-de-pastoral\/wp-content\/uploads\/sites\/2\/forminator\/10414_47c7fef6f8c6f15ac1daaf1663bdf562\/uploads\/dKjqztgEPEjc-Sectores.pdf\" target=\"_blank\">dKjqztgEPEjc-Sectores.pdf<\/a><\/td>\n                    <td style=\"\">25\/10\/2025 10:58 AM<\/td>\n            <\/tr>\n            <tr id=\"table_3_row_1\">\n                    <td style=\"\">Programaci\u00f3n Parroquial<\/td>\n                    <td style=\"\">P016 DIVINA PROVIDENCIA(EL LLANITO)<\/td>\n                    <td style=\"\">Juvenil<\/td>\n                    <td style=\"\"><\/td>\n                    <td style=\"\"><\/td>\n                    <td style=\"\"><a href=\"https:\/\/diocesisdeaguascalientes.mx\/vicaria-de-pastoral\/wp-content\/uploads\/sites\/2\/forminator\/10414_47c7fef6f8c6f15ac1daaf1663bdf562\/uploads\/JzOeYXqIvl2Z-Juvenil.pdf\" target=\"_blank\">JzOeYXqIvl2Z-Juvenil.pdf<\/a><\/td>\n                    <td style=\"\">25\/10\/2025 10:57 AM<\/td>\n            <\/tr>\n            <tr id=\"table_3_row_2\">\n                    <td style=\"\">Programaci\u00f3n Parroquial<\/td>\n                    <td style=\"\">P016 DIVINA PROVIDENCIA(EL LLANITO)<\/td>\n                    <td style=\"\">Adolescentes<\/td>\n                    <td style=\"\"><\/td>\n                    <td style=\"\"><\/td>\n                    <td style=\"\"><a href=\"https:\/\/diocesisdeaguascalientes.mx\/vicaria-de-pastoral\/wp-content\/uploads\/sites\/2\/forminator\/10414_47c7fef6f8c6f15ac1daaf1663bdf562\/uploads\/x6FURAtJukts-Pastoral-de-adolescentes.pdf\" target=\"_blank\">x6FURAtJukts-Pastoral-de-adolescentes.pdf<\/a><\/td>\n                    <td style=\"\">25\/10\/2025 10:57 AM<\/td>\n            <\/tr>\n            <tr id=\"table_3_row_3\">\n                    <td style=\"\">Programaci\u00f3n Parroquial<\/td>\n                    <td style=\"\">P016 DIVINA PROVIDENCIA(EL LLANITO)<\/td>\n                    <td style=\"\">Social<\/td>\n                    <td style=\"\"><\/td>\n                    <td style=\"\"><\/td>\n                    <td style=\"\"><a href=\"https:\/\/diocesisdeaguascalientes.mx\/vicaria-de-pastoral\/wp-content\/uploads\/sites\/2\/forminator\/10414_47c7fef6f8c6f15ac1daaf1663bdf562\/uploads\/17q1RTTiOOJP-Pastoral-Social.pdf\" target=\"_blank\">17q1RTTiOOJP-Pastoral-Social.pdf<\/a><\/td>\n                    <td style=\"\">25\/10\/2025 10:56 AM<\/td>\n            <\/tr>\n            <tr id=\"table_3_row_4\">\n                    <td style=\"\">Programaci\u00f3n Parroquial<\/td>\n                    <td style=\"\">P016 DIVINA PROVIDENCIA(EL LLANITO)<\/td>\n                    <td style=\"\">Lit\u00fargica<\/td>\n                    <td style=\"\"><\/td>\n                    <td style=\"\"><\/td>\n                    <td style=\"\"><a href=\"https:\/\/diocesisdeaguascalientes.mx\/vicaria-de-pastoral\/wp-content\/uploads\/sites\/2\/forminator\/10414_47c7fef6f8c6f15ac1daaf1663bdf562\/uploads\/UIHstaH7OHK1-Pastoral-Liturgica.pdf\" target=\"_blank\">UIHstaH7OHK1-Pastoral-Liturgica.pdf<\/a><\/td>\n                    <td style=\"\">25\/10\/2025 10:55 AM<\/td>\n            <\/tr>\n            <tr id=\"table_3_row_5\">\n                    <td style=\"\">Programaci\u00f3n Parroquial<\/td>\n                    <td style=\"\">P016 DIVINA PROVIDENCIA(EL LLANITO)<\/td>\n                    <td style=\"\">Prof\u00e9tica<\/td>\n                    <td style=\"\"><\/td>\n                    <td style=\"\"><\/td>\n                    <td style=\"\"><a href=\"https:\/\/diocesisdeaguascalientes.mx\/vicaria-de-pastoral\/wp-content\/uploads\/sites\/2\/forminator\/10414_47c7fef6f8c6f15ac1daaf1663bdf562\/uploads\/Y8RATP65nUYS-Pastoral-Profetica.pdf\" target=\"_blank\">Y8RATP65nUYS-Pastoral-Profetica.pdf<\/a><\/td>\n                    <td style=\"\">25\/10\/2025 10:54 AM<\/td>\n            <\/tr>\n            <tr id=\"table_3_row_6\">\n                    <td style=\"\">Programaci\u00f3n Parroquial<\/td>\n                    <td style=\"\">P099 NUESTRA SE\u00d1ORA DE LA SOLEDAD(CAMPESTRE)<\/td>\n                    <td style=\"\">Animaci\u00f3n Pastoral (CPP)<\/td>\n                    <td style=\"\"><\/td>\n                    <td style=\"\"><\/td>\n                    <td style=\"\"><a href=\"https:\/\/diocesisdeaguascalientes.mx\/vicaria-de-pastoral\/wp-content\/uploads\/sites\/2\/forminator\/10414_47c7fef6f8c6f15ac1daaf1663bdf562\/uploads\/qifFzSTY75A6-FORMATO-DE-PROGRAMACION-2025-2026-Parroquias-y-Decanatos-ANIMACION-PASTORAL.pdf\" target=\"_blank\">qifFzSTY75A6-FORMATO-DE-PROGRAMACION-2025-2026-Parroquias-y-Decanatos-ANIMACION-PASTORAL.pdf<\/a><\/td>\n                    <td style=\"\">12\/10\/2025 05:24 PM<\/td>\n            <\/tr>\n            <tr id=\"table_3_row_7\">\n                    <td style=\"\">Programaci\u00f3n Parroquial<\/td>\n                    <td style=\"\">P099 NUESTRA SE\u00d1ORA DE LA SOLEDAD(CAMPESTRE)<\/td>\n                    <td style=\"\">Familiar<\/td>\n                    <td style=\"\"><\/td>\n                    <td style=\"\"><\/td>\n                    <td style=\"\"><a href=\"https:\/\/diocesisdeaguascalientes.mx\/vicaria-de-pastoral\/wp-content\/uploads\/sites\/2\/forminator\/10414_47c7fef6f8c6f15ac1daaf1663bdf562\/uploads\/bp4TBChDd243-FORMATO-DE-PROGRAMACION-2025-2026-Parroquias-y-Decanatos-FAMILIAR.pdf\" target=\"_blank\">bp4TBChDd243-FORMATO-DE-PROGRAMACION-2025-2026-Parroquias-y-Decanatos-FAMILIAR.pdf<\/a><\/td>\n                    <td style=\"\">12\/10\/2025 05:24 PM<\/td>\n            <\/tr>\n            <tr id=\"table_3_row_8\">\n                    <td style=\"\">Programaci\u00f3n Parroquial<\/td>\n                    <td style=\"\">P099 NUESTRA SE\u00d1ORA DE LA SOLEDAD(CAMPESTRE)<\/td>\n                    <td style=\"\">Social<\/td>\n                    <td style=\"\"><\/td>\n                    <td style=\"\"><\/td>\n                    <td style=\"\"><a href=\"https:\/\/diocesisdeaguascalientes.mx\/vicaria-de-pastoral\/wp-content\/uploads\/sites\/2\/forminator\/10414_47c7fef6f8c6f15ac1daaf1663bdf562\/uploads\/jcfJyhuiejlT-FORMATO-DE-PROGRAMACION-2025-2026-Parroquias-y-Decanatos-SOCIAL.pdf\" target=\"_blank\">jcfJyhuiejlT-FORMATO-DE-PROGRAMACION-2025-2026-Parroquias-y-Decanatos-SOCIAL.pdf<\/a><\/td>\n                    <td style=\"\">12\/10\/2025 05:24 PM<\/td>\n            <\/tr>\n            <tr id=\"table_3_row_9\">\n                    <td style=\"\">Programaci\u00f3n Parroquial<\/td>\n                    <td style=\"\">P099 NUESTRA SE\u00d1ORA DE LA SOLEDAD(CAMPESTRE)<\/td>\n                    <td style=\"\">Lit\u00fargica<\/td>\n                    <td style=\"\"><\/td>\n                    <td style=\"\"><\/td>\n                    <td style=\"\"><a href=\"https:\/\/diocesisdeaguascalientes.mx\/vicaria-de-pastoral\/wp-content\/uploads\/sites\/2\/forminator\/10414_47c7fef6f8c6f15ac1daaf1663bdf562\/uploads\/7FFGFM4QnSfZ-FORMATO-DE-PROGRAMACION-2025-2026-Parroquias-y-Decanatos-LITURGICA.pdf\" target=\"_blank\">7FFGFM4QnSfZ-FORMATO-DE-PROGRAMACION-2025-2026-Parroquias-y-Decanatos-LITURGICA.pdf<\/a><\/td>\n                    <td style=\"\">12\/10\/2025 05:23 PM<\/td>\n            <\/tr>\n            <tr id=\"table_3_row_10\">\n                    <td style=\"\">Programaci\u00f3n Parroquial<\/td>\n                    <td style=\"\">P099 NUESTRA SE\u00d1ORA DE LA SOLEDAD(CAMPESTRE)<\/td>\n                    <td style=\"\">Prof\u00e9tica<\/td>\n                    <td style=\"\"><\/td>\n                    <td style=\"\"><\/td>\n                    <td style=\"\"><a href=\"https:\/\/diocesisdeaguascalientes.mx\/vicaria-de-pastoral\/wp-content\/uploads\/sites\/2\/forminator\/10414_47c7fef6f8c6f15ac1daaf1663bdf562\/uploads\/ciaUFF26NkL8-FORMATO-DE-PROGRAMACION-2025-2026-Parroquias-y-Decanatos-PROFETICA.pdf\" target=\"_blank\">ciaUFF26NkL8-FORMATO-DE-PROGRAMACION-2025-2026-Parroquias-y-Decanatos-PROFETICA.pdf<\/a><\/td>\n                    <td style=\"\">12\/10\/2025 05:23 PM<\/td>\n            <\/tr>\n            <tr id=\"table_3_row_11\">\n                    <td style=\"\">Programaci\u00f3n Parroquial<\/td>\n                    <td style=\"\">P017 DIVINO NI\u00d1O(LOMAS DEL AJEDREZ)<\/td>\n                    <td style=\"\">Organismos Eclesiales Laicales (OEL)<\/td>\n                    <td style=\"\">Otro<\/td>\n                    <td style=\"\">Consagrados a Mar\u00eda, promotores de la medallita milagrosa<\/td>\n                    <td style=\"\"><a href=\"https:\/\/diocesisdeaguascalientes.mx\/vicaria-de-pastoral\/wp-content\/uploads\/sites\/2\/forminator\/10414_47c7fef6f8c6f15ac1daaf1663bdf562\/uploads\/oLki5H7eYgwk-Consagrados-a-Maria.pdf\" target=\"_blank\">oLki5H7eYgwk-Consagrados-a-Maria.pdf<\/a><\/td>\n                    <td style=\"\">08\/10\/2025 01:25 PM<\/td>\n            <\/tr>\n            <tr id=\"table_3_row_12\">\n                    <td style=\"\">Programaci\u00f3n Parroquial<\/td>\n                    <td style=\"\">P017 DIVINO NI\u00d1O(LOMAS DEL AJEDREZ)<\/td>\n                    <td style=\"\">Organismos Eclesiales Laicales (OEL)<\/td>\n                    <td style=\"\">27.Legi\u00f3n de Mar\u00eda<\/td>\n                    <td style=\"\"><\/td>\n                    <td style=\"\"><a href=\"https:\/\/diocesisdeaguascalientes.mx\/vicaria-de-pastoral\/wp-content\/uploads\/sites\/2\/forminator\/10414_47c7fef6f8c6f15ac1daaf1663bdf562\/uploads\/se1tSse5KkDT-Legion-de-Maria.pdf\" target=\"_blank\">se1tSse5KkDT-Legion-de-Maria.pdf<\/a><\/td>\n                    <td style=\"\">08\/10\/2025 01:23 PM<\/td>\n            <\/tr>\n            <tr id=\"table_3_row_13\">\n                    <td style=\"\">Programaci\u00f3n Parroquial<\/td>\n                    <td style=\"\">P017 DIVINO NI\u00d1O(LOMAS DEL AJEDREZ)<\/td>\n                    <td style=\"\">Organismos Eclesiales Laicales (OEL)<\/td>\n                    <td style=\"\">8.Camino Neo-catecumenal<\/td>\n                    <td style=\"\"><\/td>\n                    <td style=\"\"><a href=\"https:\/\/diocesisdeaguascalientes.mx\/vicaria-de-pastoral\/wp-content\/uploads\/sites\/2\/forminator\/10414_47c7fef6f8c6f15ac1daaf1663bdf562\/uploads\/ok5fQDkG7kml-camino-neocatecumenal-25-26.pdf\" target=\"_blank\">ok5fQDkG7kml-camino-neocatecumenal-25-26.pdf<\/a><\/td>\n                    <td style=\"\">08\/10\/2025 01:23 PM<\/td>\n            <\/tr>\n            <tr id=\"table_3_row_14\">\n                    <td style=\"\">Programaci\u00f3n Parroquial<\/td>\n                    <td style=\"\">P017 DIVINO NI\u00d1O(LOMAS DEL AJEDREZ)<\/td>\n                    <td style=\"\">Juvenil<\/td>\n                    <td style=\"\"><\/td>\n                    <td style=\"\"><\/td>\n                    <td style=\"\"><a href=\"https:\/\/diocesisdeaguascalientes.mx\/vicaria-de-pastoral\/wp-content\/uploads\/sites\/2\/forminator\/10414_47c7fef6f8c6f15ac1daaf1663bdf562\/uploads\/j8iVGQuuHA53-Pastoral-Juvenil-25-26.pdf\" target=\"_blank\">j8iVGQuuHA53-Pastoral-Juvenil-25-26.pdf<\/a><\/td>\n                    <td style=\"\">08\/10\/2025 01:22 PM<\/td>\n            <\/tr>\n            <tr id=\"table_3_row_15\">\n                    <td style=\"\">Programaci\u00f3n Parroquial<\/td>\n                    <td style=\"\">P017 DIVINO NI\u00d1O(LOMAS DEL AJEDREZ)<\/td>\n                    <td style=\"\">Familiar<\/td>\n                    <td style=\"\"><\/td>\n                    <td style=\"\"><\/td>\n                    <td style=\"\"><a href=\"https:\/\/diocesisdeaguascalientes.mx\/vicaria-de-pastoral\/wp-content\/uploads\/sites\/2\/forminator\/10414_47c7fef6f8c6f15ac1daaf1663bdf562\/uploads\/dMRxDIckMvmO-PASTORAL-FAMILIAR-25-26.pdf\" target=\"_blank\">dMRxDIckMvmO-PASTORAL-FAMILIAR-25-26.pdf<\/a><\/td>\n                    <td style=\"\">08\/10\/2025 01:21 PM<\/td>\n            <\/tr>\n            <tr id=\"table_3_row_16\">\n                    <td style=\"\">Programaci\u00f3n Parroquial<\/td>\n                    <td style=\"\">P017 DIVINO NI\u00d1O(LOMAS DEL AJEDREZ)<\/td>\n                    <td style=\"\">Social<\/td>\n                    <td style=\"\"><\/td>\n                    <td style=\"\"><\/td>\n                    <td style=\"\"><a href=\"https:\/\/diocesisdeaguascalientes.mx\/vicaria-de-pastoral\/wp-content\/uploads\/sites\/2\/forminator\/10414_47c7fef6f8c6f15ac1daaf1663bdf562\/uploads\/av5xghm1BuTR-Pastoral-social.pdf\" target=\"_blank\">av5xghm1BuTR-Pastoral-social.pdf<\/a><\/td>\n                    <td style=\"\">08\/10\/2025 01:21 PM<\/td>\n            <\/tr>\n            <tr id=\"table_3_row_17\">\n                    <td style=\"\">Programaci\u00f3n Parroquial<\/td>\n                    <td style=\"\">P017 DIVINO NI\u00d1O(LOMAS DEL AJEDREZ)<\/td>\n                    <td style=\"\">Lit\u00fargica<\/td>\n                    <td style=\"\"><\/td>\n                    <td style=\"\"><\/td>\n                    <td style=\"\"><a href=\"https:\/\/diocesisdeaguascalientes.mx\/vicaria-de-pastoral\/wp-content\/uploads\/sites\/2\/forminator\/10414_47c7fef6f8c6f15ac1daaf1663bdf562\/uploads\/MhwViIWJfvKD-Pastoral-liturgica-25-26.pdf\" target=\"_blank\">MhwViIWJfvKD-Pastoral-liturgica-25-26.pdf<\/a><\/td>\n                    <td style=\"\">08\/10\/2025 01:21 PM<\/td>\n            <\/tr>\n            <tr id=\"table_3_row_18\">\n                    <td style=\"\">Programaci\u00f3n Parroquial<\/td>\n                    <td style=\"\">P017 DIVINO NI\u00d1O(LOMAS DEL AJEDREZ)<\/td>\n                    <td style=\"\">Prof\u00e9tica<\/td>\n                    <td style=\"\"><\/td>\n                    <td style=\"\"><\/td>\n                    <td style=\"\"><a href=\"https:\/\/diocesisdeaguascalientes.mx\/vicaria-de-pastoral\/wp-content\/uploads\/sites\/2\/forminator\/10414_47c7fef6f8c6f15ac1daaf1663bdf562\/uploads\/5D0i5KFeI5pY-Pastoral-profetica-25-26.pdf\" target=\"_blank\">5D0i5KFeI5pY-Pastoral-profetica-25-26.pdf<\/a><\/td>\n                    <td style=\"\">08\/10\/2025 01:20 PM<\/td>\n            <\/tr>\n            <tr id=\"table_3_row_19\">\n                    <td style=\"\">Programaci\u00f3n Parroquial<\/td>\n                    <td style=\"\">P017 DIVINO NI\u00d1O(LOMAS DEL AJEDREZ)<\/td>\n                    <td style=\"\">Animaci\u00f3n Pastoral (CPP)<\/td>\n                    <td style=\"\"><\/td>\n                    <td style=\"\"><\/td>\n                    <td style=\"\"><a href=\"https:\/\/diocesisdeaguascalientes.mx\/vicaria-de-pastoral\/wp-content\/uploads\/sites\/2\/forminator\/10414_47c7fef6f8c6f15ac1daaf1663bdf562\/uploads\/j12tv8bVWf2u-RENOVACION-DE-PARROQUIA-25-26.pdf\" target=\"_blank\">j12tv8bVWf2u-RENOVACION-DE-PARROQUIA-25-26.pdf<\/a><\/td>\n                    <td style=\"\">08\/10\/2025 01:19 PM<\/td>\n            <\/tr>\n            <tr id=\"table_3_row_20\">\n                    <td style=\"\">Programaci\u00f3n Decanal<\/td>\n                    <td style=\"\"><\/td>\n                    <td style=\"\"><\/td>\n                    <td style=\"\"><\/td>\n                    <td style=\"\"><\/td>\n                    <td style=\"\"><a href=\"https:\/\/diocesisdeaguascalientes.mx\/vicaria-de-pastoral\/wp-content\/uploads\/sites\/2\/forminator\/10414_47c7fef6f8c6f15ac1daaf1663bdf562\/uploads\/WNLUl8Aqjh9K-PASTORAL-LITURGICA-DECANAL-2025-2026.pdf\" target=\"_blank\">WNLUl8Aqjh9K-PASTORAL-LITURGICA-DECANAL-2025-2026.pdf<\/a><\/td>\n                    <td style=\"\">07\/10\/2025 08:02 AM<\/td>\n            <\/tr>\n            <tr id=\"table_3_row_21\">\n                    <td style=\"\">Programaci\u00f3n Parroquial<\/td>\n                    <td style=\"\">P013 CRISTO REDENTOR(DEL VALLE)<\/td>\n                    <td style=\"\">Animaci\u00f3n Pastoral (CPP)<\/td>\n                    <td style=\"\"><\/td>\n                    <td style=\"\"><\/td>\n                    <td style=\"\"><a href=\"https:\/\/diocesisdeaguascalientes.mx\/vicaria-de-pastoral\/wp-content\/uploads\/sites\/2\/forminator\/10414_47c7fef6f8c6f15ac1daaf1663bdf562\/uploads\/SgrgCwJ7ZYJF-1-P.-ANIMACION-PROGRAMACION-CRISTO-REDENTOR-2025-2026.pdf\" target=\"_blank\">SgrgCwJ7ZYJF-1-P.-ANIMACION-PROGRAMACION-CRISTO-REDENTOR-2025-2026.pdf<\/a><\/td>\n                    <td style=\"\">06\/10\/2025 09:55 AM<\/td>\n            <\/tr>\n            <tr id=\"table_3_row_22\">\n                    <td style=\"\">Programaci\u00f3n Parroquial<\/td>\n                    <td style=\"\">P013 CRISTO REDENTOR(DEL VALLE)<\/td>\n                    <td style=\"\">Animaci\u00f3n Pastoral (CPP)<\/td>\n                    <td style=\"\"><\/td>\n                    <td style=\"\"><\/td>\n                    <td style=\"\"><a href=\"https:\/\/diocesisdeaguascalientes.mx\/vicaria-de-pastoral\/wp-content\/uploads\/sites\/2\/forminator\/10414_47c7fef6f8c6f15ac1daaf1663bdf562\/uploads\/t5kTGBHFVD6v-1-P.-ANIMACION-PROGRAMACION-CRISTO-REDENTOR-2025-2026.pdf\" target=\"_blank\">t5kTGBHFVD6v-1-P.-ANIMACION-PROGRAMACION-CRISTO-REDENTOR-2025-2026.pdf<\/a><\/td>\n                    <td style=\"\">06\/10\/2025 09:55 AM<\/td>\n            <\/tr>\n            <tr id=\"table_3_row_23\">\n                    <td style=\"\">Programaci\u00f3n Parroquial<\/td>\n                    <td style=\"\">P013 CRISTO REDENTOR(DEL VALLE)<\/td>\n                    <td style=\"\">Animaci\u00f3n Pastoral (CPP)<\/td>\n                    <td style=\"\"><\/td>\n                    <td style=\"\"><\/td>\n                    <td style=\"\"><a href=\"https:\/\/diocesisdeaguascalientes.mx\/vicaria-de-pastoral\/wp-content\/uploads\/sites\/2\/forminator\/10414_47c7fef6f8c6f15ac1daaf1663bdf562\/uploads\/Hpl8IBrARc4H-1-P.-ANIMACION-PROGRAMACION-CRISTO-REDENTOR-2025-2026.pdf\" target=\"_blank\">Hpl8IBrARc4H-1-P.-ANIMACION-PROGRAMACION-CRISTO-REDENTOR-2025-2026.pdf<\/a><\/td>\n                    <td style=\"\">06\/10\/2025 09:53 AM<\/td>\n            <\/tr>\n            <tr id=\"table_3_row_24\">\n                    <td style=\"\">Programaci\u00f3n de Vicar\u00eda Episcopal<\/td>\n                    <td style=\"\"><\/td>\n                    <td style=\"\"><\/td>\n                    <td style=\"\"><\/td>\n                    <td style=\"\"><\/td>\n                    <td style=\"\"><a href=\"https:\/\/diocesisdeaguascalientes.mx\/vicaria-de-pastoral\/wp-content\/uploads\/sites\/2\/forminator\/10414_47c7fef6f8c6f15ac1daaf1663bdf562\/uploads\/F5LmFs7eBRXO-Programacion-de-la-Vicaria-del-Clero-2025-2026.pdf\" target=\"_blank\">F5LmFs7eBRXO-Programacion-de-la-Vicaria-del-Clero-2025-2026.pdf<\/a><\/td>\n                    <td style=\"\">06\/10\/2025 09:33 AM<\/td>\n            <\/tr>\n            <tr id=\"table_3_row_25\">\n                    <td style=\"\">Programaci\u00f3n Parroquial<\/td>\n                    <td style=\"\">P013 CRISTO REDENTOR(DEL VALLE)<\/td>\n                    <td style=\"\">Organismos Eclesiales Laicales (OEL)<\/td>\n                    <td style=\"\">3.Adoraci\u00f3n, Comunidad, Trabajo, Servicio (ACTS)<\/td>\n                    <td style=\"\"><\/td>\n                    <td style=\"\"><a href=\"https:\/\/diocesisdeaguascalientes.mx\/vicaria-de-pastoral\/wp-content\/uploads\/sites\/2\/forminator\/10414_47c7fef6f8c6f15ac1daaf1663bdf562\/uploads\/ZlDAFVtEaMcV-8-ACTS-PROGRAMACION-CRISTO-REDENTOR-2025-2026.pdf\" target=\"_blank\">ZlDAFVtEaMcV-8-ACTS-PROGRAMACION-CRISTO-REDENTOR-2025-2026.pdf<\/a><\/td>\n                    <td style=\"\">06\/10\/2025 09:08 AM<\/td>\n            <\/tr>\n            <tr id=\"table_3_row_26\">\n                    <td style=\"\">Programaci\u00f3n Parroquial<\/td>\n                    <td style=\"\">P013 CRISTO REDENTOR(DEL VALLE)<\/td>\n                    <td style=\"\">Adolescentes<\/td>\n                    <td style=\"\"><\/td>\n                    <td style=\"\"><\/td>\n                    <td style=\"\"><a href=\"https:\/\/diocesisdeaguascalientes.mx\/vicaria-de-pastoral\/wp-content\/uploads\/sites\/2\/forminator\/10414_47c7fef6f8c6f15ac1daaf1663bdf562\/uploads\/cF8U1yY8xvax-7-P.-ADOLESCENTES-PROGRAMACION-CRISTO-REDENTOR-2025-2026.pdf\" target=\"_blank\">cF8U1yY8xvax-7-P.-ADOLESCENTES-PROGRAMACION-CRISTO-REDENTOR-2025-2026.pdf<\/a><\/td>\n                    <td style=\"\">06\/10\/2025 09:07 AM<\/td>\n            <\/tr>\n            <tr id=\"table_3_row_27\">\n                    <td style=\"\">Programaci\u00f3n Parroquial<\/td>\n                    <td style=\"\">P013 CRISTO REDENTOR(DEL VALLE)<\/td>\n                    <td style=\"\">Juvenil<\/td>\n                    <td style=\"\"><\/td>\n                    <td style=\"\"><\/td>\n                    <td style=\"\"><a href=\"https:\/\/diocesisdeaguascalientes.mx\/vicaria-de-pastoral\/wp-content\/uploads\/sites\/2\/forminator\/10414_47c7fef6f8c6f15ac1daaf1663bdf562\/uploads\/jy9KedeFgl9l-6-P.-JUVENIL-PROGRAMACION-CRISTO-REDENTOR-2025-2026.pdf\" target=\"_blank\">jy9KedeFgl9l-6-P.-JUVENIL-PROGRAMACION-CRISTO-REDENTOR-2025-2026.pdf<\/a><\/td>\n                    <td style=\"\">06\/10\/2025 09:07 AM<\/td>\n            <\/tr>\n            <tr id=\"table_3_row_28\">\n                    <td style=\"\">Programaci\u00f3n Parroquial<\/td>\n                    <td style=\"\">P013 CRISTO REDENTOR(DEL VALLE)<\/td>\n                    <td style=\"\">Familiar<\/td>\n                    <td style=\"\"><\/td>\n                    <td style=\"\"><\/td>\n                    <td style=\"\"><a href=\"https:\/\/diocesisdeaguascalientes.mx\/vicaria-de-pastoral\/wp-content\/uploads\/sites\/2\/forminator\/10414_47c7fef6f8c6f15ac1daaf1663bdf562\/uploads\/IMLg9m3kenDt-5-P.-FAMILIAR-PROGRAMACION-CRISTO-REDENTOR-2025-2026.pdf\" target=\"_blank\">IMLg9m3kenDt-5-P.-FAMILIAR-PROGRAMACION-CRISTO-REDENTOR-2025-2026.pdf<\/a><\/td>\n                    <td style=\"\">06\/10\/2025 09:06 AM<\/td>\n            <\/tr>\n            <tr id=\"table_3_row_29\">\n                    <td style=\"\">Programaci\u00f3n Parroquial<\/td>\n                    <td style=\"\">P013 CRISTO REDENTOR(DEL VALLE)<\/td>\n                    <td style=\"\">Social<\/td>\n                    <td style=\"\"><\/td>\n                    <td style=\"\"><\/td>\n                    <td style=\"\"><a href=\"https:\/\/diocesisdeaguascalientes.mx\/vicaria-de-pastoral\/wp-content\/uploads\/sites\/2\/forminator\/10414_47c7fef6f8c6f15ac1daaf1663bdf562\/uploads\/HQ68VUzJBgrm-4-P.-SOCIAL-PROGRAMACION-CRISTO-REDENTOR-2025-2026.pdf\" target=\"_blank\">HQ68VUzJBgrm-4-P.-SOCIAL-PROGRAMACION-CRISTO-REDENTOR-2025-2026.pdf<\/a><\/td>\n                    <td style=\"\">06\/10\/2025 09:06 AM<\/td>\n            <\/tr>\n            <tr id=\"table_3_row_30\">\n                    <td style=\"\">Programaci\u00f3n Parroquial<\/td>\n                    <td style=\"\">P013 CRISTO REDENTOR(DEL VALLE)<\/td>\n                    <td style=\"\">Lit\u00fargica<\/td>\n                    <td style=\"\"><\/td>\n                    <td style=\"\"><\/td>\n                    <td style=\"\"><a href=\"https:\/\/diocesisdeaguascalientes.mx\/vicaria-de-pastoral\/wp-content\/uploads\/sites\/2\/forminator\/10414_47c7fef6f8c6f15ac1daaf1663bdf562\/uploads\/BP8FFt2B41LY-3-P.-LITURGIA-PROGRAMACION-CRISTO-REDENTOR-2025-2026.pdf\" target=\"_blank\">BP8FFt2B41LY-3-P.-LITURGIA-PROGRAMACION-CRISTO-REDENTOR-2025-2026.pdf<\/a><\/td>\n                    <td style=\"\">06\/10\/2025 09:06 AM<\/td>\n            <\/tr>\n            <tr id=\"table_3_row_31\">\n                    <td style=\"\">Programaci\u00f3n Parroquial<\/td>\n                    <td style=\"\">P013 CRISTO REDENTOR(DEL VALLE)<\/td>\n                    <td style=\"\">Prof\u00e9tica<\/td>\n                    <td style=\"\"><\/td>\n                    <td style=\"\"><\/td>\n                    <td style=\"\"><a href=\"https:\/\/diocesisdeaguascalientes.mx\/vicaria-de-pastoral\/wp-content\/uploads\/sites\/2\/forminator\/10414_47c7fef6f8c6f15ac1daaf1663bdf562\/uploads\/x9bTOsTuBE1q-2-P.-PROFETICA-PROGRAMACION-CRISTO-REDENTOR-2025-2026.pdf\" target=\"_blank\">x9bTOsTuBE1q-2-P.-PROFETICA-PROGRAMACION-CRISTO-REDENTOR-2025-2026.pdf<\/a><\/td>\n                    <td style=\"\">06\/10\/2025 09:05 AM<\/td>\n            <\/tr>\n            <tr id=\"table_3_row_32\">\n                    <td style=\"\">Programaci\u00f3n Parroquial<\/td>\n                    <td style=\"\">P013 CRISTO REDENTOR(DEL VALLE)<\/td>\n                    <td style=\"\">Animaci\u00f3n Pastoral (CPP)<\/td>\n                    <td style=\"\"><\/td>\n                    <td style=\"\"><\/td>\n                    <td style=\"\"><a href=\"https:\/\/diocesisdeaguascalientes.mx\/vicaria-de-pastoral\/wp-content\/uploads\/sites\/2\/forminator\/10414_47c7fef6f8c6f15ac1daaf1663bdf562\/uploads\/2VQ78QoQE7BE-1-P.-ANIMACION-PROGRAMACION-CRISTO-REDENTOR-2025-2026.pdf\" target=\"_blank\">2VQ78QoQE7BE-1-P.-ANIMACION-PROGRAMACION-CRISTO-REDENTOR-2025-2026.pdf<\/a><\/td>\n                    <td style=\"\">06\/10\/2025 09:04 AM<\/td>\n            <\/tr>\n            <tr id=\"table_3_row_33\">\n                    <td style=\"\">Programaci\u00f3n Parroquial<\/td>\n                    <td style=\"\">P023 EL BUEN PASTOR(RODOLFO LANDEROS GALLEGOS)<\/td>\n                    <td style=\"\">Pastoral de la Comunicaci\u00f3n<\/td>\n                    <td style=\"\"><\/td>\n                    <td style=\"\"><\/td>\n                    <td style=\"\"><a href=\"https:\/\/diocesisdeaguascalientes.mx\/vicaria-de-pastoral\/wp-content\/uploads\/sites\/2\/forminator\/10414_47c7fef6f8c6f15ac1daaf1663bdf562\/uploads\/kigDfNLIyrPx-Programacion_P-Comunicacion.pdf\" target=\"_blank\">kigDfNLIyrPx-Programacion_P-Comunicacion.pdf<\/a><\/td>\n                    <td style=\"\">03\/10\/2025 07:27 PM<\/td>\n            <\/tr>\n            <tr id=\"table_3_row_34\">\n                    <td style=\"\">Programaci\u00f3n Parroquial<\/td>\n                    <td style=\"\">P023 EL BUEN PASTOR(RODOLFO LANDEROS GALLEGOS)<\/td>\n                    <td style=\"\">Pastoral de la Comunicaci\u00f3n<\/td>\n                    <td style=\"\"><\/td>\n                    <td style=\"\"><\/td>\n                    <td style=\"\"><a href=\"https:\/\/diocesisdeaguascalientes.mx\/vicaria-de-pastoral\/wp-content\/uploads\/sites\/2\/forminator\/10414_47c7fef6f8c6f15ac1daaf1663bdf562\/uploads\/OEVHq5aFo2C5-Programacion_P-Comunicacion.pdf\" target=\"_blank\">OEVHq5aFo2C5-Programacion_P-Comunicacion.pdf<\/a><\/td>\n                    <td style=\"\">03\/10\/2025 07:21 PM<\/td>\n            <\/tr>\n            <tr id=\"table_3_row_35\">\n                    <td style=\"\">Programaci\u00f3n Parroquial<\/td>\n                    <td style=\"\">P023 EL BUEN PASTOR(RODOLFO LANDEROS GALLEGOS)<\/td>\n                    <td style=\"\">Social<\/td>\n                    <td style=\"\"><\/td>\n                    <td style=\"\"><\/td>\n                    <td style=\"\"><a href=\"https:\/\/diocesisdeaguascalientes.mx\/vicaria-de-pastoral\/wp-content\/uploads\/sites\/2\/forminator\/10414_47c7fef6f8c6f15ac1daaf1663bdf562\/uploads\/SR3IVdHzVpaI-FORMATO-DE-PROGRAMACION-2025-2026-PASTORAL-SOCIAL.pdf\" target=\"_blank\">SR3IVdHzVpaI-FORMATO-DE-PROGRAMACION-2025-2026-PASTORAL-SOCIAL.pdf<\/a><\/td>\n                    <td style=\"\">03\/10\/2025 07:20 PM<\/td>\n            <\/tr>\n            <tr id=\"table_3_row_36\">\n                    <td style=\"\">Programaci\u00f3n Parroquial<\/td>\n                    <td style=\"\">P023 EL BUEN PASTOR(RODOLFO LANDEROS GALLEGOS)<\/td>\n                    <td style=\"\">Lit\u00fargica<\/td>\n                    <td style=\"\"><\/td>\n                    <td style=\"\"><\/td>\n                    <td style=\"\"><a href=\"https:\/\/diocesisdeaguascalientes.mx\/vicaria-de-pastoral\/wp-content\/uploads\/sites\/2\/forminator\/10414_47c7fef6f8c6f15ac1daaf1663bdf562\/uploads\/NoXX7VAB89RW-Planeacion-de-Pastoral-Liturgica.pdf\" target=\"_blank\">NoXX7VAB89RW-Planeacion-de-Pastoral-Liturgica.pdf<\/a><\/td>\n                    <td style=\"\">03\/10\/2025 07:20 PM<\/td>\n            <\/tr>\n            <tr id=\"table_3_row_37\">\n                    <td style=\"\">Programaci\u00f3n Parroquial<\/td>\n                    <td style=\"\">P023 EL BUEN PASTOR(RODOLFO LANDEROS GALLEGOS)<\/td>\n                    <td style=\"\">Prof\u00e9tica<\/td>\n                    <td style=\"\"><\/td>\n                    <td style=\"\"><\/td>\n                    <td style=\"\"><a href=\"https:\/\/diocesisdeaguascalientes.mx\/vicaria-de-pastoral\/wp-content\/uploads\/sites\/2\/forminator\/10414_47c7fef6f8c6f15ac1daaf1663bdf562\/uploads\/ky88DChmMzME-FORMATO-DE-PROGRAMACION-2025-2026-P.-PROFETICA.pdf\" target=\"_blank\">ky88DChmMzME-FORMATO-DE-PROGRAMACION-2025-2026-P.-PROFETICA.pdf<\/a><\/td>\n                    <td style=\"\">03\/10\/2025 07:19 PM<\/td>\n            <\/tr>\n            <tr id=\"table_3_row_38\">\n                    <td style=\"\">Programaci\u00f3n Parroquial<\/td>\n                    <td style=\"\">P023 EL BUEN PASTOR(RODOLFO LANDEROS GALLEGOS)<\/td>\n                    <td style=\"\">Animaci\u00f3n Pastoral (CPP)<\/td>\n                    <td style=\"\"><\/td>\n                    <td style=\"\"><\/td>\n                    <td style=\"\"><a href=\"https:\/\/diocesisdeaguascalientes.mx\/vicaria-de-pastoral\/wp-content\/uploads\/sites\/2\/forminator\/10414_47c7fef6f8c6f15ac1daaf1663bdf562\/uploads\/JcNhuISrWgDY-FORMATO-DE-PROGRAMACION-2025-2026-ANIMACION-PASTORAL.pdf\" target=\"_blank\">JcNhuISrWgDY-FORMATO-DE-PROGRAMACION-2025-2026-ANIMACION-PASTORAL.pdf<\/a><\/td>\n                    <td style=\"\">03\/10\/2025 07:18 PM<\/td>\n            <\/tr>\n            <tr id=\"table_3_row_39\">\n                    <td style=\"\">Programaci\u00f3n Parroquial<\/td>\n                    <td style=\"\">P072 NUESTRA SE\u00d1ORA DEL REFUGIO(DEL TRABAJO)<\/td>\n                    <td style=\"\">Organismos Eclesiales Laicales (OEL)<\/td>\n                    <td style=\"\">Otro<\/td>\n                    <td style=\"\">Monaguillos<\/td>\n                    <td style=\"\"><a href=\"https:\/\/diocesisdeaguascalientes.mx\/vicaria-de-pastoral\/wp-content\/uploads\/sites\/2\/forminator\/10414_47c7fef6f8c6f15ac1daaf1663bdf562\/uploads\/D2bPDmNdpjwp-programacion-de-monaguillos-24-25.pdf\" target=\"_blank\">D2bPDmNdpjwp-programacion-de-monaguillos-24-25.pdf<\/a><\/td>\n                    <td style=\"\">03\/10\/2025 12:50 PM<\/td>\n            <\/tr>\n            <tr id=\"table_3_row_40\">\n                    <td style=\"\">Programaci\u00f3n Parroquial<\/td>\n                    <td style=\"\">P072 NUESTRA SE\u00d1ORA DEL REFUGIO(DEL TRABAJO)<\/td>\n                    <td style=\"\">Organismos Eclesiales Laicales (OEL)<\/td>\n                    <td style=\"\">Otro<\/td>\n                    <td style=\"\">Coros<\/td>\n                    <td style=\"\"><a href=\"https:\/\/diocesisdeaguascalientes.mx\/vicaria-de-pastoral\/wp-content\/uploads\/sites\/2\/forminator\/10414_47c7fef6f8c6f15ac1daaf1663bdf562\/uploads\/ajZWVOjf1jCZ-Programacion-de-los-coros.pdf\" target=\"_blank\">ajZWVOjf1jCZ-Programacion-de-los-coros.pdf<\/a><\/td>\n                    <td style=\"\">03\/10\/2025 12:50 PM<\/td>\n            <\/tr>\n            <tr id=\"table_3_row_41\">\n                    <td style=\"\">Programaci\u00f3n Parroquial<\/td>\n                    <td style=\"\">P072 NUESTRA SE\u00d1ORA DEL REFUGIO(DEL TRABAJO)<\/td>\n                    <td style=\"\">Organismos Eclesiales Laicales (OEL)<\/td>\n                    <td style=\"\">3.Adoraci\u00f3n, Comunidad, Trabajo, Servicio (ACTS)<\/td>\n                    <td style=\"\"><\/td>\n                    <td style=\"\"><a href=\"https:\/\/diocesisdeaguascalientes.mx\/vicaria-de-pastoral\/wp-content\/uploads\/sites\/2\/forminator\/10414_47c7fef6f8c6f15ac1daaf1663bdf562\/uploads\/bmjCwIetJiRU-Acts-.pdf\" target=\"_blank\">bmjCwIetJiRU-Acts-.pdf<\/a><\/td>\n                    <td style=\"\">03\/10\/2025 12:49 PM<\/td>\n            <\/tr>\n            <tr id=\"table_3_row_42\">\n                    <td style=\"\">Programaci\u00f3n Parroquial<\/td>\n                    <td style=\"\">P100 NUESTRA SE\u00d1ORA DEL TEPEYAC(PROGRESO)<\/td>\n                    <td style=\"\">Social<\/td>\n                    <td style=\"\"><\/td>\n                    <td style=\"\"><\/td>\n                    <td style=\"\"><a href=\"https:\/\/diocesisdeaguascalientes.mx\/vicaria-de-pastoral\/wp-content\/uploads\/sites\/2\/forminator\/10414_47c7fef6f8c6f15ac1daaf1663bdf562\/uploads\/ErWJvO0tQjPY-programacion-anual-SOCIAL-2526.pdf\" target=\"_blank\">ErWJvO0tQjPY-programacion-anual-SOCIAL-2526.pdf<\/a><\/td>\n                    <td style=\"\">02\/10\/2025 06:21 PM<\/td>\n            <\/tr>\n            <tr id=\"table_3_row_43\">\n                    <td style=\"\">Programaci\u00f3n Parroquial<\/td>\n                    <td style=\"\">P100 NUESTRA SE\u00d1ORA DEL TEPEYAC(PROGRESO)<\/td>\n                    <td style=\"\">Lit\u00fargica<\/td>\n                    <td style=\"\"><\/td>\n                    <td style=\"\"><\/td>\n                    <td style=\"\"><a href=\"https:\/\/diocesisdeaguascalientes.mx\/vicaria-de-pastoral\/wp-content\/uploads\/sites\/2\/forminator\/10414_47c7fef6f8c6f15ac1daaf1663bdf562\/uploads\/GjlmOHBkOQwI-programacion-anual-LITURGIA-Acolitos-2526.pdf\" target=\"_blank\">GjlmOHBkOQwI-programacion-anual-LITURGIA-Acolitos-2526.pdf<\/a><\/td>\n                    <td style=\"\">02\/10\/2025 06:20 PM<\/td>\n            <\/tr>\n            <tr id=\"table_3_row_44\">\n                    <td style=\"\">Programaci\u00f3n Parroquial<\/td>\n                    <td style=\"\">P100 NUESTRA SE\u00d1ORA DEL TEPEYAC(PROGRESO)<\/td>\n                    <td style=\"\">Lit\u00fargica<\/td>\n                    <td style=\"\"><\/td>\n                    <td style=\"\"><\/td>\n                    <td style=\"\"><a href=\"https:\/\/diocesisdeaguascalientes.mx\/vicaria-de-pastoral\/wp-content\/uploads\/sites\/2\/forminator\/10414_47c7fef6f8c6f15ac1daaf1663bdf562\/uploads\/4LdttTxS9KV4-programacion-anual-LITURGIA-MINISTROS-2526.pdf\" target=\"_blank\">4LdttTxS9KV4-programacion-anual-LITURGIA-MINISTROS-2526.pdf<\/a><\/td>\n                    <td style=\"\">02\/10\/2025 06:20 PM<\/td>\n            <\/tr>\n            <tr id=\"table_3_row_45\">\n                    <td style=\"\">Programaci\u00f3n Parroquial<\/td>\n                    <td style=\"\">P100 NUESTRA SE\u00d1ORA DEL TEPEYAC(PROGRESO)<\/td>\n                    <td style=\"\">Lit\u00fargica<\/td>\n                    <td style=\"\"><\/td>\n                    <td style=\"\"><\/td>\n                    <td style=\"\"><a href=\"https:\/\/diocesisdeaguascalientes.mx\/vicaria-de-pastoral\/wp-content\/uploads\/sites\/2\/forminator\/10414_47c7fef6f8c6f15ac1daaf1663bdf562\/uploads\/rfV6EpuAseOr-programacion-anual-LITURGIA-2526.pdf\" target=\"_blank\">rfV6EpuAseOr-programacion-anual-LITURGIA-2526.pdf<\/a><\/td>\n                    <td style=\"\">02\/10\/2025 06:19 PM<\/td>\n            <\/tr>\n            <tr id=\"table_3_row_46\">\n                    <td style=\"\">Programaci\u00f3n Parroquial<\/td>\n                    <td style=\"\">P100 NUESTRA SE\u00d1ORA DEL TEPEYAC(PROGRESO)<\/td>\n                    <td style=\"\">Prof\u00e9tica<\/td>\n                    <td style=\"\"><\/td>\n                    <td style=\"\"><\/td>\n                    <td style=\"\"><a href=\"https:\/\/diocesisdeaguascalientes.mx\/vicaria-de-pastoral\/wp-content\/uploads\/sites\/2\/forminator\/10414_47c7fef6f8c6f15ac1daaf1663bdf562\/uploads\/DvC41zUfuqOK-programacion-anual-PROFETICA-Evangelizacion-2526.pdf\" target=\"_blank\">DvC41zUfuqOK-programacion-anual-PROFETICA-Evangelizacion-2526.pdf<\/a><\/td>\n                    <td style=\"\">02\/10\/2025 06:19 PM<\/td>\n            <\/tr>\n            <tr id=\"table_3_row_47\">\n                    <td style=\"\">Programaci\u00f3n Parroquial<\/td>\n                    <td style=\"\">P100 NUESTRA SE\u00d1ORA DEL TEPEYAC(PROGRESO)<\/td>\n                    <td style=\"\">Prof\u00e9tica<\/td>\n                    <td style=\"\"><\/td>\n                    <td style=\"\"><\/td>\n                    <td style=\"\"><a href=\"https:\/\/diocesisdeaguascalientes.mx\/vicaria-de-pastoral\/wp-content\/uploads\/sites\/2\/forminator\/10414_47c7fef6f8c6f15ac1daaf1663bdf562\/uploads\/JsRkDOxGSqjR-programacion-anual-PROFETICA-Catequesis-2526.pdf\" target=\"_blank\">JsRkDOxGSqjR-programacion-anual-PROFETICA-Catequesis-2526.pdf<\/a><\/td>\n                    <td style=\"\">02\/10\/2025 06:18 PM<\/td>\n            <\/tr>\n            <tr id=\"table_3_row_48\">\n                    <td style=\"\">Programaci\u00f3n Decanal<\/td>\n                    <td style=\"\"><\/td>\n                    <td style=\"\"><\/td>\n                    <td style=\"\"><\/td>\n                    <td style=\"\"><\/td>\n                    <td style=\"\"><a href=\"https:\/\/diocesisdeaguascalientes.mx\/vicaria-de-pastoral\/wp-content\/uploads\/sites\/2\/forminator\/10414_47c7fef6f8c6f15ac1daaf1663bdf562\/uploads\/VLmg9NrdYIXW-PROG-DEC.-ADO.-25-26.pdf\" target=\"_blank\">VLmg9NrdYIXW-PROG-DEC.-ADO.-25-26.pdf<\/a><\/td>\n                    <td style=\"\">30\/09\/2025 12:33 PM<\/td>\n            <\/tr>\n            <tr id=\"table_3_row_49\">\n                    <td style=\"\">Programaci\u00f3n Parroquial<\/td>\n                    <td style=\"\">P103 SANTO TORIBIO ROMO(OJOCALIENTE III)<\/td>\n                    <td style=\"\">Animaci\u00f3n Pastoral (CPP)<\/td>\n                    <td style=\"\"><\/td>\n                    <td style=\"\"><\/td>\n                    <td style=\"\"><a href=\"https:\/\/diocesisdeaguascalientes.mx\/vicaria-de-pastoral\/wp-content\/uploads\/sites\/2\/forminator\/10414_47c7fef6f8c6f15ac1daaf1663bdf562\/uploads\/bXXSEzdytZTI-Programacion_Parroquial_STR_25-26.pdf\" target=\"_blank\">bXXSEzdytZTI-Programacion_Parroquial_STR_25-26.pdf<\/a><\/td>\n                    <td style=\"\">29\/09\/2025 10:52 PM<\/td>\n            <\/tr>\n            <tr id=\"table_3_row_50\">\n                    <td style=\"\">Programaci\u00f3n Parroquial<\/td>\n                    <td style=\"\">P072 NUESTRA SE\u00d1ORA DEL REFUGIO(DEL TRABAJO)<\/td>\n                    <td style=\"\">Organismos Eclesiales Laicales (OEL)<\/td>\n                    <td style=\"\">Otro<\/td>\n                    <td style=\"\">Pastoral Urbana<\/td>\n                    <td style=\"\"><a href=\"https:\/\/diocesisdeaguascalientes.mx\/vicaria-de-pastoral\/wp-content\/uploads\/sites\/2\/forminator\/10414_47c7fef6f8c6f15ac1daaf1663bdf562\/uploads\/1D73jJNMSP8Q-Pastoral-Urbana-.pdf\" target=\"_blank\">1D73jJNMSP8Q-Pastoral-Urbana-.pdf<\/a><\/td>\n                    <td style=\"\">29\/09\/2025 10:02 PM<\/td>\n            <\/tr>\n            <tr id=\"table_3_row_51\">\n                    <td style=\"\">Programaci\u00f3n Parroquial<\/td>\n                    <td style=\"\">P038 INMACULADA CONCEPCI\u00d3N(OJO CALIENTE)<\/td>\n                    <td style=\"\">Organismos Eclesiales Laicales (OEL)<\/td>\n                    <td style=\"\">Otro<\/td>\n                    <td style=\"\">ADORACI\u00d3N NOCTURNA MEXICANA<\/td>\n                    <td style=\"\"><a href=\"https:\/\/diocesisdeaguascalientes.mx\/vicaria-de-pastoral\/wp-content\/uploads\/sites\/2\/forminator\/10414_47c7fef6f8c6f15ac1daaf1663bdf562\/uploads\/zlxUNdK2vTJh-ADONOMEX.pdf\" target=\"_blank\">zlxUNdK2vTJh-ADONOMEX.pdf<\/a><\/td>\n                    <td style=\"\">29\/09\/2025 08:12 AM<\/td>\n            <\/tr>\n            <tr id=\"table_3_row_52\">\n                    <td style=\"\">Programaci\u00f3n Parroquial<\/td>\n                    <td style=\"\">P038 INMACULADA CONCEPCI\u00d3N(OJO CALIENTE)<\/td>\n                    <td style=\"\">Organismos Eclesiales Laicales (OEL)<\/td>\n                    <td style=\"\">22.Heraldos del Evangelio<\/td>\n                    <td style=\"\"><\/td>\n                    <td style=\"\"><a href=\"https:\/\/diocesisdeaguascalientes.mx\/vicaria-de-pastoral\/wp-content\/uploads\/sites\/2\/forminator\/10414_47c7fef6f8c6f15ac1daaf1663bdf562\/uploads\/2MA26hRuQujE-HERALDOS-DEL-EVANGELIO.pdf\" target=\"_blank\">2MA26hRuQujE-HERALDOS-DEL-EVANGELIO.pdf<\/a><\/td>\n                    <td style=\"\">29\/09\/2025 08:07 AM<\/td>\n            <\/tr>\n            <tr id=\"table_3_row_53\">\n                    <td style=\"\">Programaci\u00f3n Parroquial<\/td>\n                    <td style=\"\">P118 LA DIVINA PROVIDENCIA(COLONIA EL MEZQUITAL)<\/td>\n                    <td style=\"\">Prof\u00e9tica<\/td>\n                    <td style=\"\"><\/td>\n                    <td style=\"\"><\/td>\n                    <td style=\"\"><a href=\"https:\/\/diocesisdeaguascalientes.mx\/vicaria-de-pastoral\/wp-content\/uploads\/sites\/2\/forminator\/10414_47c7fef6f8c6f15ac1daaf1663bdf562\/uploads\/U31R8jgBKv8a-Plan-pastoral-profetica-divina-providencia.pdf\" target=\"_blank\">U31R8jgBKv8a-Plan-pastoral-profetica-divina-providencia.pdf<\/a><\/td>\n                    <td style=\"\">27\/09\/2025 01:55 PM<\/td>\n            <\/tr>\n            <tr id=\"table_3_row_54\">\n                    <td style=\"\">Programaci\u00f3n Parroquial<\/td>\n                    <td style=\"\">P067 JES\u00daS NAZARENO(JES\u00daS MAR\u00cdA, AGUASCALIENTES)<\/td>\n                    <td style=\"\">Organismos Eclesiales Laicales (OEL)<\/td>\n                    <td style=\"\">Otro<\/td>\n                    <td style=\"\">COMITE PRO RESTAURACION<\/td>\n                    <td style=\"\"><a href=\"https:\/\/diocesisdeaguascalientes.mx\/vicaria-de-pastoral\/wp-content\/uploads\/sites\/2\/forminator\/10414_47c7fef6f8c6f15ac1daaf1663bdf562\/uploads\/9Cf1aGBJ8tof-FORMATO-DE-PROGRAMACION-2025-2026-Parroquias-y-Decanatos-COMITE-PRORESTAURACION.pdf\" target=\"_blank\">9Cf1aGBJ8tof-FORMATO-DE-PROGRAMACION-2025-2026-Parroquias-y-Decanatos-COMITE-PRORESTAURACION.pdf<\/a><\/td>\n                    <td style=\"\">27\/09\/2025 09:11 AM<\/td>\n            <\/tr>\n            <tr id=\"table_3_row_55\">\n                    <td style=\"\">Programaci\u00f3n Parroquial<\/td>\n                    <td style=\"\">P118 LA DIVINA PROVIDENCIA(COLONIA EL MEZQUITAL)<\/td>\n                    <td style=\"\">Juvenil<\/td>\n                    <td style=\"\"><\/td>\n                    <td style=\"\"><\/td>\n                    <td style=\"\"><a href=\"https:\/\/diocesisdeaguascalientes.mx\/vicaria-de-pastoral\/wp-content\/uploads\/sites\/2\/forminator\/10414_47c7fef6f8c6f15ac1daaf1663bdf562\/uploads\/Sc1Mrq34iJ6c-Programacion-Pastoral-juvenil.pdf\" target=\"_blank\">Sc1Mrq34iJ6c-Programacion-Pastoral-juvenil.pdf<\/a><\/td>\n                    <td style=\"\">27\/09\/2025 07:13 AM<\/td>\n            <\/tr>\n            <tr id=\"table_3_row_56\">\n                    <td style=\"\">Programaci\u00f3n Parroquial<\/td>\n                    <td style=\"\">P118 LA DIVINA PROVIDENCIA(COLONIA EL MEZQUITAL)<\/td>\n                    <td style=\"\">Adolescentes<\/td>\n                    <td style=\"\"><\/td>\n                    <td style=\"\"><\/td>\n                    <td style=\"\"><a href=\"https:\/\/diocesisdeaguascalientes.mx\/vicaria-de-pastoral\/wp-content\/uploads\/sites\/2\/forminator\/10414_47c7fef6f8c6f15ac1daaf1663bdf562\/uploads\/bPJLEY1sMR6r-Programacion-Pastoral-adolescente.pdf\" target=\"_blank\">bPJLEY1sMR6r-Programacion-Pastoral-adolescente.pdf<\/a><\/td>\n                    <td style=\"\">27\/09\/2025 07:12 AM<\/td>\n            <\/tr>\n            <tr id=\"table_3_row_57\">\n                    <td style=\"\">Programaci\u00f3n Parroquial<\/td>\n                    <td style=\"\">P118 LA DIVINA PROVIDENCIA(COLONIA EL MEZQUITAL)<\/td>\n                    <td style=\"\">Lit\u00fargica<\/td>\n                    <td style=\"\"><\/td>\n                    <td style=\"\"><\/td>\n                    <td style=\"\"><a href=\"https:\/\/diocesisdeaguascalientes.mx\/vicaria-de-pastoral\/wp-content\/uploads\/sites\/2\/forminator\/10414_47c7fef6f8c6f15ac1daaf1663bdf562\/uploads\/vOdRzhcg6xlM-Programacion-pastoral-liturgica.pdf\" target=\"_blank\">vOdRzhcg6xlM-Programacion-pastoral-liturgica.pdf<\/a><\/td>\n                    <td style=\"\">27\/09\/2025 07:11 AM<\/td>\n            <\/tr>\n            <tr id=\"table_3_row_58\">\n                    <td style=\"\">Programaci\u00f3n Parroquial<\/td>\n                    <td style=\"\">P118 LA DIVINA PROVIDENCIA(COLONIA EL MEZQUITAL)<\/td>\n                    <td style=\"\">Familiar<\/td>\n                    <td style=\"\"><\/td>\n                    <td style=\"\"><\/td>\n                    <td style=\"\"><a href=\"https:\/\/diocesisdeaguascalientes.mx\/vicaria-de-pastoral\/wp-content\/uploads\/sites\/2\/forminator\/10414_47c7fef6f8c6f15ac1daaf1663bdf562\/uploads\/zPTZ5dIVgWt9-Pastoral-Familiar.pdf\" target=\"_blank\">zPTZ5dIVgWt9-Pastoral-Familiar.pdf<\/a><\/td>\n                    <td style=\"\">27\/09\/2025 07:07 AM<\/td>\n            <\/tr>\n            <tr id=\"table_3_row_59\">\n                    <td style=\"\">Programaci\u00f3n Parroquial<\/td>\n                    <td style=\"\">P118 LA DIVINA PROVIDENCIA(COLONIA EL MEZQUITAL)<\/td>\n                    <td style=\"\">Social<\/td>\n                    <td style=\"\"><\/td>\n                    <td style=\"\"><\/td>\n                    <td style=\"\"><a href=\"https:\/\/diocesisdeaguascalientes.mx\/vicaria-de-pastoral\/wp-content\/uploads\/sites\/2\/forminator\/10414_47c7fef6f8c6f15ac1daaf1663bdf562\/uploads\/K7mbgbOvp32o-Pastoral-Social.pdf\" target=\"_blank\">K7mbgbOvp32o-Pastoral-Social.pdf<\/a><\/td>\n                    <td style=\"\">27\/09\/2025 07:01 AM<\/td>\n            <\/tr>\n            <tr id=\"table_3_row_60\">\n                    <td style=\"\">Programaci\u00f3n Parroquial<\/td>\n                    <td style=\"\">P019 DIVINO SALVADOR(MECHOACANEJO)<\/td>\n                    <td style=\"\">Organismos Eclesiales Laicales (OEL)<\/td>\n                    <td style=\"\">Otro<\/td>\n                    <td style=\"\">GENERAL<\/td>\n                    <td style=\"\"><a href=\"https:\/\/diocesisdeaguascalientes.mx\/vicaria-de-pastoral\/wp-content\/uploads\/sites\/2\/forminator\/10414_47c7fef6f8c6f15ac1daaf1663bdf562\/uploads\/nBcD2i7IUNZO-Prog_P019_ORGANISMOSLAICALES.pdf\" target=\"_blank\">nBcD2i7IUNZO-Prog_P019_ORGANISMOSLAICALES.pdf<\/a><\/td>\n                    <td style=\"\">26\/09\/2025 09:28 PM<\/td>\n            <\/tr>\n            <tr id=\"table_3_row_61\">\n                    <td style=\"\">Programaci\u00f3n Parroquial<\/td>\n                    <td style=\"\">P018 DIVINO SALVADOR(TROJES DE ALONSO)<\/td>\n                    <td style=\"\">Familiar<\/td>\n                    <td style=\"\"><\/td>\n                    <td style=\"\"><\/td>\n                    <td style=\"\"><a href=\"https:\/\/diocesisdeaguascalientes.mx\/vicaria-de-pastoral\/wp-content\/uploads\/sites\/2\/forminator\/10414_47c7fef6f8c6f15ac1daaf1663bdf562\/uploads\/YDZOS2sB1vTC-SEPTIEMBRE-2025.pdf\" target=\"_blank\">YDZOS2sB1vTC-SEPTIEMBRE-2025.pdf<\/a><\/td>\n                    <td style=\"\">26\/09\/2025 08:34 PM<\/td>\n            <\/tr>\n            <tr id=\"table_3_row_62\">\n                    <td style=\"\">Programaci\u00f3n Parroquial<\/td>\n                    <td style=\"\">P038 INMACULADA CONCEPCI\u00d3N(OJO CALIENTE)<\/td>\n                    <td style=\"\">Social<\/td>\n                    <td style=\"\"><\/td>\n                    <td style=\"\"><\/td>\n                    <td style=\"\"><a href=\"https:\/\/diocesisdeaguascalientes.mx\/vicaria-de-pastoral\/wp-content\/uploads\/sites\/2\/forminator\/10414_47c7fef6f8c6f15ac1daaf1663bdf562\/uploads\/P5pK0JfiZkvH-SOCIAL.pdf\" target=\"_blank\">P5pK0JfiZkvH-SOCIAL.pdf<\/a><\/td>\n                    <td style=\"\">26\/09\/2025 01:07 PM<\/td>\n            <\/tr>\n            <tr id=\"table_3_row_63\">\n                    <td style=\"\">Programaci\u00f3n Parroquial<\/td>\n                    <td style=\"\">P038 INMACULADA CONCEPCI\u00d3N(OJO CALIENTE)<\/td>\n                    <td style=\"\">Prof\u00e9tica<\/td>\n                    <td style=\"\"><\/td>\n                    <td style=\"\"><\/td>\n                    <td style=\"\"><a href=\"https:\/\/diocesisdeaguascalientes.mx\/vicaria-de-pastoral\/wp-content\/uploads\/sites\/2\/forminator\/10414_47c7fef6f8c6f15ac1daaf1663bdf562\/uploads\/rg6U3SmSCMLm-PROFETICA.pdf\" target=\"_blank\">rg6U3SmSCMLm-PROFETICA.pdf<\/a><\/td>\n                    <td style=\"\">26\/09\/2025 01:06 PM<\/td>\n            <\/tr>\n            <tr id=\"table_3_row_64\">\n                    <td style=\"\">Programaci\u00f3n Parroquial<\/td>\n                    <td style=\"\">P038 INMACULADA CONCEPCI\u00d3N(OJO CALIENTE)<\/td>\n                    <td style=\"\">Organismos Eclesiales Laicales (OEL)<\/td>\n                    <td style=\"\">40.Renovaci\u00f3n Carism\u00e1tica Cat\u00f3lica en el Esp\u00edritu Santo<\/td>\n                    <td style=\"\"><\/td>\n                    <td style=\"\"><a href=\"https:\/\/diocesisdeaguascalientes.mx\/vicaria-de-pastoral\/wp-content\/uploads\/sites\/2\/forminator\/10414_47c7fef6f8c6f15ac1daaf1663bdf562\/uploads\/kAxSwFOkQESM-MOVIMIENTOS-ECLESIALES-LAICALES.pdf\" target=\"_blank\">kAxSwFOkQESM-MOVIMIENTOS-ECLESIALES-LAICALES.pdf<\/a><\/td>\n                    <td style=\"\">26\/09\/2025 01:06 PM<\/td>\n            <\/tr>\n            <tr id=\"table_3_row_65\">\n                    <td style=\"\">Programaci\u00f3n Parroquial<\/td>\n                    <td style=\"\">P038 INMACULADA CONCEPCI\u00d3N(OJO CALIENTE)<\/td>\n                    <td style=\"\">Lit\u00fargica<\/td>\n                    <td style=\"\"><\/td>\n                    <td style=\"\"><\/td>\n                    <td style=\"\"><a href=\"https:\/\/diocesisdeaguascalientes.mx\/vicaria-de-pastoral\/wp-content\/uploads\/sites\/2\/forminator\/10414_47c7fef6f8c6f15ac1daaf1663bdf562\/uploads\/uqJZTAFebzGS-LITURGICA.pdf\" target=\"_blank\">uqJZTAFebzGS-LITURGICA.pdf<\/a><\/td>\n                    <td style=\"\">26\/09\/2025 01:05 PM<\/td>\n            <\/tr>\n            <tr id=\"table_3_row_66\">\n                    <td style=\"\">Programaci\u00f3n Parroquial<\/td>\n                    <td style=\"\">P038 INMACULADA CONCEPCI\u00d3N(OJO CALIENTE)<\/td>\n                    <td style=\"\">Juvenil<\/td>\n                    <td style=\"\"><\/td>\n                    <td style=\"\"><\/td>\n                    <td style=\"\"><a href=\"https:\/\/diocesisdeaguascalientes.mx\/vicaria-de-pastoral\/wp-content\/uploads\/sites\/2\/forminator\/10414_47c7fef6f8c6f15ac1daaf1663bdf562\/uploads\/3Xxpd5wc7XgY-JUVENIL.pdf\" target=\"_blank\">3Xxpd5wc7XgY-JUVENIL.pdf<\/a><\/td>\n                    <td style=\"\">26\/09\/2025 01:04 PM<\/td>\n            <\/tr>\n            <tr id=\"table_3_row_67\">\n                    <td style=\"\">Programaci\u00f3n Parroquial<\/td>\n                    <td style=\"\">P038 INMACULADA CONCEPCI\u00d3N(OJO CALIENTE)<\/td>\n                    <td style=\"\">Familiar<\/td>\n                    <td style=\"\"><\/td>\n                    <td style=\"\"><\/td>\n                    <td style=\"\"><a href=\"https:\/\/diocesisdeaguascalientes.mx\/vicaria-de-pastoral\/wp-content\/uploads\/sites\/2\/forminator\/10414_47c7fef6f8c6f15ac1daaf1663bdf562\/uploads\/YeY8N9nggA9a-FAMILIAR.pdf\" target=\"_blank\">YeY8N9nggA9a-FAMILIAR.pdf<\/a><\/td>\n                    <td style=\"\">26\/09\/2025 01:03 PM<\/td>\n            <\/tr>\n            <tr id=\"table_3_row_68\">\n                    <td style=\"\">Programaci\u00f3n Parroquial<\/td>\n                    <td style=\"\">P038 INMACULADA CONCEPCI\u00d3N(OJO CALIENTE)<\/td>\n                    <td style=\"\">Animaci\u00f3n Pastoral (CPP)<\/td>\n                    <td style=\"\"><\/td>\n                    <td style=\"\"><\/td>\n                    <td style=\"\"><a href=\"https:\/\/diocesisdeaguascalientes.mx\/vicaria-de-pastoral\/wp-content\/uploads\/sites\/2\/forminator\/10414_47c7fef6f8c6f15ac1daaf1663bdf562\/uploads\/Zex8b7SXnywU-DE-ANIMACION-PASTORAL-SECTORES-Y-AREAS.pdf\" target=\"_blank\">Zex8b7SXnywU-DE-ANIMACION-PASTORAL-SECTORES-Y-AREAS.pdf<\/a><\/td>\n                    <td style=\"\">26\/09\/2025 01:02 PM<\/td>\n            <\/tr>\n            <tr id=\"table_3_row_69\">\n                    <td style=\"\">Programaci\u00f3n Parroquial<\/td>\n                    <td style=\"\">P038 INMACULADA CONCEPCI\u00d3N(OJO CALIENTE)<\/td>\n                    <td style=\"\">Pastoral de la Comunicaci\u00f3n<\/td>\n                    <td style=\"\"><\/td>\n                    <td style=\"\"><\/td>\n                    <td style=\"\"><a href=\"https:\/\/diocesisdeaguascalientes.mx\/vicaria-de-pastoral\/wp-content\/uploads\/sites\/2\/forminator\/10414_47c7fef6f8c6f15ac1daaf1663bdf562\/uploads\/IX1cPNvzo8mJ-COMUNICACION.pdf\" target=\"_blank\">IX1cPNvzo8mJ-COMUNICACION.pdf<\/a><\/td>\n                    <td style=\"\">26\/09\/2025 01:02 PM<\/td>\n            <\/tr>\n            <tr id=\"table_3_row_70\">\n                    <td style=\"\">Programaci\u00f3n Parroquial<\/td>\n                    <td style=\"\">P038 INMACULADA CONCEPCI\u00d3N(OJO CALIENTE)<\/td>\n                    <td style=\"\">Adolescentes<\/td>\n                    <td style=\"\"><\/td>\n                    <td style=\"\"><\/td>\n                    <td style=\"\"><a href=\"https:\/\/diocesisdeaguascalientes.mx\/vicaria-de-pastoral\/wp-content\/uploads\/sites\/2\/forminator\/10414_47c7fef6f8c6f15ac1daaf1663bdf562\/uploads\/zCB6wIIE9f2g-ADOLESCENTES.pdf\" target=\"_blank\">zCB6wIIE9f2g-ADOLESCENTES.pdf<\/a><\/td>\n                    <td style=\"\">26\/09\/2025 01:00 PM<\/td>\n            <\/tr>\n            <tr id=\"table_3_row_71\">\n                    <td style=\"\">Programaci\u00f3n Parroquial<\/td>\n                    <td style=\"\">P019 DIVINO SALVADOR(MECHOACANEJO)<\/td>\n                    <td style=\"\">Pastoral de la Comunicaci\u00f3n<\/td>\n                    <td style=\"\"><\/td>\n                    <td style=\"\"><\/td>\n                    <td style=\"\"><a href=\"https:\/\/diocesisdeaguascalientes.mx\/vicaria-de-pastoral\/wp-content\/uploads\/sites\/2\/forminator\/10414_47c7fef6f8c6f15ac1daaf1663bdf562\/uploads\/t4cRh3VBdf2p-Prog_P019_COMUNICACION.pdf\" target=\"_blank\">t4cRh3VBdf2p-Prog_P019_COMUNICACION.pdf<\/a><\/td>\n                    <td style=\"\">26\/09\/2025 12:55 PM<\/td>\n            <\/tr>\n            <tr id=\"table_3_row_72\">\n                    <td style=\"\">Programaci\u00f3n Parroquial<\/td>\n                    <td style=\"\">P019 DIVINO SALVADOR(MECHOACANEJO)<\/td>\n                    <td style=\"\">Juvenil<\/td>\n                    <td style=\"\"><\/td>\n                    <td style=\"\"><\/td>\n                    <td style=\"\"><a href=\"https:\/\/diocesisdeaguascalientes.mx\/vicaria-de-pastoral\/wp-content\/uploads\/sites\/2\/forminator\/10414_47c7fef6f8c6f15ac1daaf1663bdf562\/uploads\/wHb8r62HYRz3-Prog_P019_JUVENIL.pdf\" target=\"_blank\">wHb8r62HYRz3-Prog_P019_JUVENIL.pdf<\/a><\/td>\n                    <td style=\"\">26\/09\/2025 12:51 PM<\/td>\n            <\/tr>\n            <tr id=\"table_3_row_73\">\n                    <td style=\"\">Programaci\u00f3n Parroquial<\/td>\n                    <td style=\"\">P019 DIVINO SALVADOR(MECHOACANEJO)<\/td>\n                    <td style=\"\">Adolescentes<\/td>\n                    <td style=\"\"><\/td>\n                    <td style=\"\"><\/td>\n                    <td style=\"\"><a href=\"https:\/\/diocesisdeaguascalientes.mx\/vicaria-de-pastoral\/wp-content\/uploads\/sites\/2\/forminator\/10414_47c7fef6f8c6f15ac1daaf1663bdf562\/uploads\/rf12XEMqnCnk-Prog_P019_ADOLESCENTES.pdf\" target=\"_blank\">rf12XEMqnCnk-Prog_P019_ADOLESCENTES.pdf<\/a><\/td>\n                    <td style=\"\">26\/09\/2025 12:51 PM<\/td>\n            <\/tr>\n            <tr id=\"table_3_row_74\">\n                    <td style=\"\">Programaci\u00f3n Parroquial<\/td>\n                    <td style=\"\">P019 DIVINO SALVADOR(MECHOACANEJO)<\/td>\n                    <td style=\"\">Familiar<\/td>\n                    <td style=\"\"><\/td>\n                    <td style=\"\"><\/td>\n                    <td style=\"\"><a href=\"https:\/\/diocesisdeaguascalientes.mx\/vicaria-de-pastoral\/wp-content\/uploads\/sites\/2\/forminator\/10414_47c7fef6f8c6f15ac1daaf1663bdf562\/uploads\/g8n9IJrU5Az5-Prog_P019_FAMILIAR.pdf\" target=\"_blank\">g8n9IJrU5Az5-Prog_P019_FAMILIAR.pdf<\/a><\/td>\n                    <td style=\"\">26\/09\/2025 12:50 PM<\/td>\n            <\/tr>\n            <tr id=\"table_3_row_75\">\n                    <td style=\"\">Programaci\u00f3n Parroquial<\/td>\n                    <td style=\"\">P019 DIVINO SALVADOR(MECHOACANEJO)<\/td>\n                    <td style=\"\">Social<\/td>\n                    <td style=\"\"><\/td>\n                    <td style=\"\"><\/td>\n                    <td style=\"\"><a href=\"https:\/\/diocesisdeaguascalientes.mx\/vicaria-de-pastoral\/wp-content\/uploads\/sites\/2\/forminator\/10414_47c7fef6f8c6f15ac1daaf1663bdf562\/uploads\/ishKpTuhvdC7-Prog_P019_SOCIAL.pdf\" target=\"_blank\">ishKpTuhvdC7-Prog_P019_SOCIAL.pdf<\/a><\/td>\n                    <td style=\"\">26\/09\/2025 12:50 PM<\/td>\n            <\/tr>\n            <tr id=\"table_3_row_76\">\n                    <td style=\"\">Programaci\u00f3n Parroquial<\/td>\n                    <td style=\"\">P019 DIVINO SALVADOR(MECHOACANEJO)<\/td>\n                    <td style=\"\">Lit\u00fargica<\/td>\n                    <td style=\"\"><\/td>\n                    <td style=\"\"><\/td>\n                    <td style=\"\"><a href=\"https:\/\/diocesisdeaguascalientes.mx\/vicaria-de-pastoral\/wp-content\/uploads\/sites\/2\/forminator\/10414_47c7fef6f8c6f15ac1daaf1663bdf562\/uploads\/oubOp4Po1Qgw-Prog_P019_LITURGICA.pdf\" target=\"_blank\">oubOp4Po1Qgw-Prog_P019_LITURGICA.pdf<\/a><\/td>\n                    <td style=\"\">26\/09\/2025 12:50 PM<\/td>\n            <\/tr>\n            <tr id=\"table_3_row_77\">\n                    <td style=\"\">Programaci\u00f3n Parroquial<\/td>\n                    <td style=\"\">P019 DIVINO SALVADOR(MECHOACANEJO)<\/td>\n                    <td style=\"\">Prof\u00e9tica<\/td>\n                    <td style=\"\"><\/td>\n                    <td style=\"\"><\/td>\n                    <td style=\"\"><a href=\"https:\/\/diocesisdeaguascalientes.mx\/vicaria-de-pastoral\/wp-content\/uploads\/sites\/2\/forminator\/10414_47c7fef6f8c6f15ac1daaf1663bdf562\/uploads\/yZA4lYtjaeHs-Prog_P019_PROFETICA.pdf\" target=\"_blank\">yZA4lYtjaeHs-Prog_P019_PROFETICA.pdf<\/a><\/td>\n                    <td style=\"\">26\/09\/2025 12:49 PM<\/td>\n            <\/tr>\n            <tr id=\"table_3_row_78\">\n                    <td style=\"\">Programaci\u00f3n Parroquial<\/td>\n                    <td style=\"\">P019 DIVINO SALVADOR(MECHOACANEJO)<\/td>\n                    <td style=\"\">Animaci\u00f3n Pastoral (CPP)<\/td>\n                    <td style=\"\"><\/td>\n                    <td style=\"\"><\/td>\n                    <td style=\"\"><a href=\"https:\/\/diocesisdeaguascalientes.mx\/vicaria-de-pastoral\/wp-content\/uploads\/sites\/2\/forminator\/10414_47c7fef6f8c6f15ac1daaf1663bdf562\/uploads\/NfUA1e0eLUtK-Prog_P019_CONSEJO.pdf\" target=\"_blank\">NfUA1e0eLUtK-Prog_P019_CONSEJO.pdf<\/a><\/td>\n                    <td style=\"\">26\/09\/2025 12:49 PM<\/td>\n            <\/tr>\n            <tr id=\"table_3_row_79\">\n                    <td style=\"\">Programaci\u00f3n Decanal<\/td>\n                    <td style=\"\"><\/td>\n                    <td style=\"\"><\/td>\n                    <td style=\"\"><\/td>\n                    <td style=\"\"><\/td>\n                    <td style=\"\"><a href=\"https:\/\/diocesisdeaguascalientes.mx\/vicaria-de-pastoral\/wp-content\/uploads\/sites\/2\/forminator\/10414_47c7fef6f8c6f15ac1daaf1663bdf562\/uploads\/fiyHunNoOkwo-Prog_Juvenil_Decanato.pdf\" target=\"_blank\">fiyHunNoOkwo-Prog_Juvenil_Decanato.pdf<\/a><\/td>\n                    <td style=\"\">26\/09\/2025 12:37 PM<\/td>\n            <\/tr>\n            <tr id=\"table_3_row_80\">\n                    <td style=\"\">Programaci\u00f3n Parroquial<\/td>\n                    <td style=\"\">P118 LA DIVINA PROVIDENCIA(COLONIA EL MEZQUITAL)<\/td>\n                    <td style=\"\">Animaci\u00f3n Pastoral (CPP)<\/td>\n                    <td style=\"\"><\/td>\n                    <td style=\"\"><\/td>\n                    <td style=\"\"><a href=\"https:\/\/diocesisdeaguascalientes.mx\/vicaria-de-pastoral\/wp-content\/uploads\/sites\/2\/forminator\/10414_47c7fef6f8c6f15ac1daaf1663bdf562\/uploads\/mHzjRwWRsWwA-Animacion-Pastoral.pdf\" target=\"_blank\">mHzjRwWRsWwA-Animacion-Pastoral.pdf<\/a><\/td>\n                    <td style=\"\">26\/09\/2025 10:56 AM<\/td>\n            <\/tr>\n            <tr id=\"table_3_row_81\">\n                    <td style=\"\">Programaci\u00f3n Parroquial<\/td>\n                    <td style=\"\">P113 EMPERATRIZ DE AM\u00c9RICA (VILLAS DE NUESTRA SE\u00d1ORA DE LA ASUNCI\u00d3N)<\/td>\n                    <td style=\"\">Social<\/td>\n                    <td style=\"\"><\/td>\n                    <td style=\"\"><\/td>\n                    <td style=\"\"><a href=\"https:\/\/diocesisdeaguascalientes.mx\/vicaria-de-pastoral\/wp-content\/uploads\/sites\/2\/forminator\/10414_47c7fef6f8c6f15ac1daaf1663bdf562\/uploads\/YTv75OdlweHD-Social-.pdf\" target=\"_blank\">YTv75OdlweHD-Social-.pdf<\/a><\/td>\n                    <td style=\"\">26\/09\/2025 10:12 AM<\/td>\n            <\/tr>\n            <tr id=\"table_3_row_82\">\n                    <td style=\"\">Programaci\u00f3n Parroquial<\/td>\n                    <td style=\"\">P113 EMPERATRIZ DE AM\u00c9RICA (VILLAS DE NUESTRA SE\u00d1ORA DE LA ASUNCI\u00d3N)<\/td>\n                    <td style=\"\">Lit\u00fargica<\/td>\n                    <td style=\"\"><\/td>\n                    <td style=\"\"><\/td>\n                    <td style=\"\"><a href=\"https:\/\/diocesisdeaguascalientes.mx\/vicaria-de-pastoral\/wp-content\/uploads\/sites\/2\/forminator\/10414_47c7fef6f8c6f15ac1daaf1663bdf562\/uploads\/EltY03JjsE4s-Liturgica-.pdf\" target=\"_blank\">EltY03JjsE4s-Liturgica-.pdf<\/a><\/td>\n                    <td style=\"\">26\/09\/2025 09:56 AM<\/td>\n            <\/tr>\n            <tr id=\"table_3_row_83\">\n                    <td style=\"\">Programaci\u00f3n Parroquial<\/td>\n                    <td style=\"\">P113 EMPERATRIZ DE AM\u00c9RICA (VILLAS DE NUESTRA SE\u00d1ORA DE LA ASUNCI\u00d3N)<\/td>\n                    <td style=\"\">Animaci\u00f3n Pastoral (CPP)<\/td>\n                    <td style=\"\"><\/td>\n                    <td style=\"\"><\/td>\n                    <td style=\"\"><a href=\"https:\/\/diocesisdeaguascalientes.mx\/vicaria-de-pastoral\/wp-content\/uploads\/sites\/2\/forminator\/10414_47c7fef6f8c6f15ac1daaf1663bdf562\/uploads\/Yd7yt4yXyDPs-Consejo-De-Animacion-Pastoral.pdf\" target=\"_blank\">Yd7yt4yXyDPs-Consejo-De-Animacion-Pastoral.pdf<\/a><\/td>\n                    <td style=\"\">26\/09\/2025 09:52 AM<\/td>\n            <\/tr>\n            <tr id=\"table_3_row_84\">\n                    <td style=\"\">Programaci\u00f3n Parroquial<\/td>\n                    <td style=\"\">P113 EMPERATRIZ DE AM\u00c9RICA (VILLAS DE NUESTRA SE\u00d1ORA DE LA ASUNCI\u00d3N)<\/td>\n                    <td style=\"\">Prof\u00e9tica<\/td>\n                    <td style=\"\"><\/td>\n                    <td style=\"\"><\/td>\n                    <td style=\"\"><a href=\"https:\/\/diocesisdeaguascalientes.mx\/vicaria-de-pastoral\/wp-content\/uploads\/sites\/2\/forminator\/10414_47c7fef6f8c6f15ac1daaf1663bdf562\/uploads\/2pWk9jqh5SyT-profetica.pdf\" target=\"_blank\">2pWk9jqh5SyT-profetica.pdf<\/a><\/td>\n                    <td style=\"\">26\/09\/2025 09:33 AM<\/td>\n            <\/tr>\n            <tr id=\"table_3_row_85\">\n                    <td style=\"\">Programaci\u00f3n Parroquial<\/td>\n                    <td style=\"\">P082 SAGRADO CORAZ\u00d3N DE JES\u00daS(CENTRO)<\/td>\n                    <td style=\"\">Organismos Eclesiales Laicales (OEL)<\/td>\n                    <td style=\"\">40.Renovaci\u00f3n Carism\u00e1tica Cat\u00f3lica en el Esp\u00edritu Santo<\/td>\n                    <td style=\"\"><\/td>\n                    <td style=\"\"><a href=\"https:\/\/diocesisdeaguascalientes.mx\/vicaria-de-pastoral\/wp-content\/uploads\/sites\/2\/forminator\/10414_47c7fef6f8c6f15ac1daaf1663bdf562\/uploads\/O3mtLCh4yEjb-Plan-pastoral-RCCES-SAGRADO-CORAZON-CTRO-2025.pdf\" target=\"_blank\">O3mtLCh4yEjb-Plan-pastoral-RCCES-SAGRADO-CORAZON-CTRO-2025.pdf<\/a><\/td>\n                    <td style=\"\">26\/09\/2025 01:48 AM<\/td>\n            <\/tr>\n            <tr id=\"table_3_row_86\">\n                    <td style=\"\">Programaci\u00f3n Parroquial<\/td>\n                    <td style=\"\">P082 SAGRADO CORAZ\u00d3N DE JES\u00daS(CENTRO)<\/td>\n                    <td style=\"\">Organismos Eclesiales Laicales (OEL)<\/td>\n                    <td style=\"\">21.Guardia de honor del Sagrado Coraz\u00f3n de Jes\u00fas.<\/td>\n                    <td style=\"\"><\/td>\n                    <td style=\"\"><a href=\"https:\/\/diocesisdeaguascalientes.mx\/vicaria-de-pastoral\/wp-content\/uploads\/sites\/2\/forminator\/10414_47c7fef6f8c6f15ac1daaf1663bdf562\/uploads\/x67q9fmp6kXF-FORMATO-DE-PROGRAMACION-2025-2026-Parroquias-y-Decanatos-Guardias-Honor-2.pdf\" target=\"_blank\">x67q9fmp6kXF-FORMATO-DE-PROGRAMACION-2025-2026-Parroquias-y-Decanatos-Guardias-Honor-2.pdf<\/a><\/td>\n                    <td style=\"\">26\/09\/2025 01:45 AM<\/td>\n            <\/tr>\n            <tr id=\"table_3_row_87\">\n                    <td style=\"\">Programaci\u00f3n Decanal<\/td>\n                    <td style=\"\"><\/td>\n                    <td style=\"\"><\/td>\n                    <td style=\"\"><\/td>\n                    <td style=\"\"><\/td>\n                    <td style=\"\"><a href=\"https:\/\/diocesisdeaguascalientes.mx\/vicaria-de-pastoral\/wp-content\/uploads\/sites\/2\/forminator\/10414_47c7fef6f8c6f15ac1daaf1663bdf562\/uploads\/c6ug3gImLj3w-PROGRAMACION-DE-PASTORAL-SOCIAL-D03-PONIENTE-FORANEO-SAN-CRISTOBAL-MAGALLANES.pdf\" target=\"_blank\">c6ug3gImLj3w-PROGRAMACION-DE-PASTORAL-SOCIAL-D03-PONIENTE-FORANEO-SAN-CRISTOBAL-MAGALLANES.pdf<\/a><\/td>\n                    <td style=\"\">25\/09\/2025 11:27 PM<\/td>\n            <\/tr>\n            <tr id=\"table_3_row_88\">\n                    <td style=\"\">Programaci\u00f3n Decanal<\/td>\n                    <td style=\"\"><\/td>\n                    <td style=\"\"><\/td>\n                    <td style=\"\"><\/td>\n                    <td style=\"\"><\/td>\n                    <td style=\"\"><a href=\"https:\/\/diocesisdeaguascalientes.mx\/vicaria-de-pastoral\/wp-content\/uploads\/sites\/2\/forminator\/10414_47c7fef6f8c6f15ac1daaf1663bdf562\/uploads\/ftfZ6QDdX54L-PROGRAMACION-DE-PASTORAL-LITURGICA-D03-PONIENTE-FORANEO-SAN-CRISTOBAL-MAGALLANES.pdf\" target=\"_blank\">ftfZ6QDdX54L-PROGRAMACION-DE-PASTORAL-LITURGICA-D03-PONIENTE-FORANEO-SAN-CRISTOBAL-MAGALLANES.pdf<\/a><\/td>\n                    <td style=\"\">25\/09\/2025 11:27 PM<\/td>\n            <\/tr>\n            <tr id=\"table_3_row_89\">\n                    <td style=\"\">Programaci\u00f3n Decanal<\/td>\n                    <td style=\"\"><\/td>\n                    <td style=\"\"><\/td>\n                    <td style=\"\"><\/td>\n                    <td style=\"\"><\/td>\n                    <td style=\"\"><a href=\"https:\/\/diocesisdeaguascalientes.mx\/vicaria-de-pastoral\/wp-content\/uploads\/sites\/2\/forminator\/10414_47c7fef6f8c6f15ac1daaf1663bdf562\/uploads\/jsEtTdFbOgnD-PROGRAMACION-DE-PASTORAL-PROFETICA-D03-PONIENTE-FORANEO-SAN-CRISTOBAL-MAGALLANES.pdf\" target=\"_blank\">jsEtTdFbOgnD-PROGRAMACION-DE-PASTORAL-PROFETICA-D03-PONIENTE-FORANEO-SAN-CRISTOBAL-MAGALLANES.pdf<\/a><\/td>\n                    <td style=\"\">25\/09\/2025 11:26 PM<\/td>\n            <\/tr>\n            <tr id=\"table_3_row_90\">\n                    <td style=\"\">Programaci\u00f3n Decanal<\/td>\n                    <td style=\"\"><\/td>\n                    <td style=\"\"><\/td>\n                    <td style=\"\"><\/td>\n                    <td style=\"\"><\/td>\n                    <td style=\"\"><a href=\"https:\/\/diocesisdeaguascalientes.mx\/vicaria-de-pastoral\/wp-content\/uploads\/sites\/2\/forminator\/10414_47c7fef6f8c6f15ac1daaf1663bdf562\/uploads\/OPzbuEjsii7u-PROGRAMACION-DEL-EDEAP-ANIMACION-PASTORAL-D03-PONIENTE-FORANEO-SAN-CRISTOBAL-MAGALLANES.pdf\" target=\"_blank\">OPzbuEjsii7u-PROGRAMACION-DEL-EDEAP-ANIMACION-PASTORAL-D03-PONIENTE-FORANEO-SAN-CRISTOBAL-MAGALLANES.pdf<\/a><\/td>\n                    <td style=\"\">25\/09\/2025 11:26 PM<\/td>\n            <\/tr>\n            <tr id=\"table_3_row_91\">\n                    <td style=\"\">Programaci\u00f3n Parroquial<\/td>\n                    <td style=\"\">P011 NUESTRA SE\u00d1ORA DE LOS BOSQUES(LOS BOSQUES)<\/td>\n                    <td style=\"\">Social<\/td>\n                    <td style=\"\"><\/td>\n                    <td style=\"\"><\/td>\n                    <td style=\"\"><a href=\"https:\/\/diocesisdeaguascalientes.mx\/vicaria-de-pastoral\/wp-content\/uploads\/sites\/2\/forminator\/10414_47c7fef6f8c6f15ac1daaf1663bdf562\/uploads\/6lTYb566IgIG-PROGRAMACION-Pastoral-Social-2025-2026-Final.pdf\" target=\"_blank\">6lTYb566IgIG-PROGRAMACION-Pastoral-Social-2025-2026-Final.pdf<\/a><\/td>\n                    <td style=\"\">25\/09\/2025 11:00 PM<\/td>\n            <\/tr>\n            <tr id=\"table_3_row_92\">\n                    <td style=\"\">Programaci\u00f3n Parroquial<\/td>\n                    <td style=\"\">P064 SAN MIGUEL (IGNACIO ZARAGOZA)<\/td>\n                    <td style=\"\">Animaci\u00f3n Pastoral (CPP)<\/td>\n                    <td style=\"\"><\/td>\n                    <td style=\"\"><\/td>\n                    <td style=\"\"><a href=\"https:\/\/diocesisdeaguascalientes.mx\/vicaria-de-pastoral\/wp-content\/uploads\/sites\/2\/forminator\/10414_47c7fef6f8c6f15ac1daaf1663bdf562\/uploads\/4FjRubhWQM01-PROGRAMACION-PARROQUIAL-P064-SAN-MIGUEL-ANIMACION-PASTORAL.pdf\" target=\"_blank\">4FjRubhWQM01-PROGRAMACION-PARROQUIAL-P064-SAN-MIGUEL-ANIMACION-PASTORAL.pdf<\/a><\/td>\n                    <td style=\"\">25\/09\/2025 10:43 PM<\/td>\n            <\/tr>\n            <tr id=\"table_3_row_93\">\n                    <td style=\"\">Programaci\u00f3n Parroquial<\/td>\n                    <td style=\"\">P018 DIVINO SALVADOR(TROJES DE ALONSO)<\/td>\n                    <td style=\"\">Prof\u00e9tica<\/td>\n                    <td style=\"\"><\/td>\n                    <td style=\"\"><\/td>\n                    <td style=\"\"><a href=\"https:\/\/diocesisdeaguascalientes.mx\/vicaria-de-pastoral\/wp-content\/uploads\/sites\/2\/forminator\/10414_47c7fef6f8c6f15ac1daaf1663bdf562\/uploads\/mM5m1ST2oDcf-SEPTIEMBRE-2025-profetica.pdf\" target=\"_blank\">mM5m1ST2oDcf-SEPTIEMBRE-2025-profetica.pdf<\/a><\/td>\n                    <td style=\"\">25\/09\/2025 08:57 PM<\/td>\n            <\/tr>\n            <tr id=\"table_3_row_94\">\n                    <td style=\"\">Programaci\u00f3n Parroquial<\/td>\n                    <td style=\"\">P018 DIVINO SALVADOR(TROJES DE ALONSO)<\/td>\n                    <td style=\"\">Juvenil<\/td>\n                    <td style=\"\"><\/td>\n                    <td style=\"\"><\/td>\n                    <td style=\"\"><a href=\"https:\/\/diocesisdeaguascalientes.mx\/vicaria-de-pastoral\/wp-content\/uploads\/sites\/2\/forminator\/10414_47c7fef6f8c6f15ac1daaf1663bdf562\/uploads\/WSHsk9iCD5R0-juvenil-2025.pdf\" target=\"_blank\">WSHsk9iCD5R0-juvenil-2025.pdf<\/a><\/td>\n                    <td style=\"\">25\/09\/2025 07:40 PM<\/td>\n            <\/tr>\n            <tr id=\"table_3_row_95\">\n                    <td style=\"\">Programaci\u00f3n Parroquial<\/td>\n                    <td style=\"\">P043 SAN JOS\u00c9(CENTRO)<\/td>\n                    <td style=\"\">Organismos Eclesiales Laicales (OEL)<\/td>\n                    <td style=\"\">22.Heraldos del Evangelio<\/td>\n                    <td style=\"\"><\/td>\n                    <td style=\"\"><a href=\"https:\/\/diocesisdeaguascalientes.mx\/vicaria-de-pastoral\/wp-content\/uploads\/sites\/2\/forminator\/10414_47c7fef6f8c6f15ac1daaf1663bdf562\/uploads\/FHuTYcDwSqDx-PROGRAMACION-2025-2026-apostolado-del-oratorio-en-San-Jose.pdf\" target=\"_blank\">FHuTYcDwSqDx-PROGRAMACION-2025-2026-apostolado-del-oratorio-en-San-Jose.pdf<\/a><\/td>\n                    <td style=\"\">25\/09\/2025 04:58 PM<\/td>\n            <\/tr>\n            <tr id=\"table_3_row_96\">\n                    <td style=\"\">Programaci\u00f3n Parroquial<\/td>\n                    <td style=\"\">P069 SAN PEDRO Y SAN PABLO(SAN PEDRO)<\/td>\n                    <td style=\"\">Organismos Eclesiales Laicales (OEL)<\/td>\n                    <td style=\"\">21.Guardia de honor del Sagrado Coraz\u00f3n de Jes\u00fas.<\/td>\n                    <td style=\"\"><\/td>\n                    <td style=\"\"><a href=\"https:\/\/diocesisdeaguascalientes.mx\/vicaria-de-pastoral\/wp-content\/uploads\/sites\/2\/forminator\/10414_47c7fef6f8c6f15ac1daaf1663bdf562\/uploads\/KhyqP9O94Gbj-guardia-de-honor.pdf\" target=\"_blank\">KhyqP9O94Gbj-guardia-de-honor.pdf<\/a><\/td>\n                    <td style=\"\">25\/09\/2025 04:51 PM<\/td>\n            <\/tr>\n            <tr id=\"table_3_row_97\">\n                    <td style=\"\">Programaci\u00f3n Parroquial<\/td>\n                    <td style=\"\">P026 NUESTRA SE\u00d1ORA DE LA ENCARNACI\u00d3N(ENCARNACI\u00d3N DE D\u00cdAZ)<\/td>\n                    <td style=\"\">Familiar<\/td>\n                    <td style=\"\"><\/td>\n                    <td style=\"\"><\/td>\n                    <td style=\"\"><a href=\"https:\/\/diocesisdeaguascalientes.mx\/vicaria-de-pastoral\/wp-content\/uploads\/sites\/2\/forminator\/10414_47c7fef6f8c6f15ac1daaf1663bdf562\/uploads\/041CCD2Jopnm-Familiar-.pdf\" target=\"_blank\">041CCD2Jopnm-Familiar-.pdf<\/a><\/td>\n                    <td style=\"\">25\/09\/2025 02:40 PM<\/td>\n            <\/tr>\n            <tr id=\"table_3_row_98\">\n                    <td style=\"\">Programaci\u00f3n Parroquial<\/td>\n                    <td style=\"\">P026 NUESTRA SE\u00d1ORA DE LA ENCARNACI\u00d3N(ENCARNACI\u00d3N DE D\u00cdAZ)<\/td>\n                    <td style=\"\">Organismos Eclesiales Laicales (OEL)<\/td>\n                    <td style=\"\">40.Renovaci\u00f3n Carism\u00e1tica Cat\u00f3lica en el Esp\u00edritu Santo<\/td>\n                    <td style=\"\"><\/td>\n                    <td style=\"\"><a href=\"https:\/\/diocesisdeaguascalientes.mx\/vicaria-de-pastoral\/wp-content\/uploads\/sites\/2\/forminator\/10414_47c7fef6f8c6f15ac1daaf1663bdf562\/uploads\/8RNj6y8qm3rp-Renovacion-Carismatica-.pdf\" target=\"_blank\">8RNj6y8qm3rp-Renovacion-Carismatica-.pdf<\/a><\/td>\n                    <td style=\"\">25\/09\/2025 02:40 PM<\/td>\n            <\/tr>\n            <tr id=\"table_3_row_99\">\n                    <td style=\"\">Programaci\u00f3n Parroquial<\/td>\n                    <td style=\"\">P026 NUESTRA SE\u00d1ORA DE LA ENCARNACI\u00d3N(ENCARNACI\u00d3N DE D\u00cdAZ)<\/td>\n                    <td style=\"\">Organismos Eclesiales Laicales (OEL)<\/td>\n                    <td style=\"\">Otro<\/td>\n                    <td style=\"\">Liga de Rec\u00edprocos Auxilios<\/td>\n                    <td style=\"\"><a href=\"https:\/\/diocesisdeaguascalientes.mx\/vicaria-de-pastoral\/wp-content\/uploads\/sites\/2\/forminator\/10414_47c7fef6f8c6f15ac1daaf1663bdf562\/uploads\/vBnjITJR9sL9-Liga-de-R-Auxilios.pdf\" target=\"_blank\">vBnjITJR9sL9-Liga-de-R-Auxilios.pdf<\/a><\/td>\n                    <td style=\"\">25\/09\/2025 02:40 PM<\/td>\n            <\/tr>\n            <tr id=\"table_3_row_100\">\n                    <td style=\"\">Programaci\u00f3n Parroquial<\/td>\n                    <td style=\"\">P026 NUESTRA SE\u00d1ORA DE LA ENCARNACI\u00d3N(ENCARNACI\u00d3N DE D\u00cdAZ)<\/td>\n                    <td style=\"\">Organismos Eclesiales Laicales (OEL)<\/td>\n                    <td style=\"\">Otro<\/td>\n                    <td style=\"\">Guardia Nacional Cristera<\/td>\n                    <td style=\"\"><a href=\"https:\/\/diocesisdeaguascalientes.mx\/vicaria-de-pastoral\/wp-content\/uploads\/sites\/2\/forminator\/10414_47c7fef6f8c6f15ac1daaf1663bdf562\/uploads\/tUIjpyKpDHAw-Guardia-Cristera-.pdf\" target=\"_blank\">tUIjpyKpDHAw-Guardia-Cristera-.pdf<\/a><\/td>\n                    <td style=\"\">25\/09\/2025 02:39 PM<\/td>\n            <\/tr>\n            <tr id=\"table_3_row_101\">\n                    <td style=\"\">Programaci\u00f3n Parroquial<\/td>\n                    <td style=\"\">P026 NUESTRA SE\u00d1ORA DE LA ENCARNACI\u00d3N(ENCARNACI\u00d3N DE D\u00cdAZ)<\/td>\n                    <td style=\"\">Organismos Eclesiales Laicales (OEL)<\/td>\n                    <td style=\"\">21.Guardia de honor del Sagrado Coraz\u00f3n de Jes\u00fas.<\/td>\n                    <td style=\"\"><\/td>\n                    <td style=\"\"><a href=\"https:\/\/diocesisdeaguascalientes.mx\/vicaria-de-pastoral\/wp-content\/uploads\/sites\/2\/forminator\/10414_47c7fef6f8c6f15ac1daaf1663bdf562\/uploads\/R7KyrGa5yddN-Guarda-de-Honor-Sagrado-Corazon.pdf\" target=\"_blank\">R7KyrGa5yddN-Guarda-de-Honor-Sagrado-Corazon.pdf<\/a><\/td>\n                    <td style=\"\">25\/09\/2025 02:26 PM<\/td>\n            <\/tr>\n            <tr id=\"table_3_row_102\">\n                    <td style=\"\">Programaci\u00f3n Parroquial<\/td>\n                    <td style=\"\">P026 NUESTRA SE\u00d1ORA DE LA ENCARNACI\u00d3N(ENCARNACI\u00d3N DE D\u00cdAZ)<\/td>\n                    <td style=\"\">Organismos Eclesiales Laicales (OEL)<\/td>\n                    <td style=\"\">13.Cursillos de Cristiandad<\/td>\n                    <td style=\"\"><\/td>\n                    <td style=\"\"><a href=\"https:\/\/diocesisdeaguascalientes.mx\/vicaria-de-pastoral\/wp-content\/uploads\/sites\/2\/forminator\/10414_47c7fef6f8c6f15ac1daaf1663bdf562\/uploads\/8IePapAFDzGO-Cursillos-.pdf\" target=\"_blank\">8IePapAFDzGO-Cursillos-.pdf<\/a><\/td>\n                    <td style=\"\">25\/09\/2025 02:21 PM<\/td>\n            <\/tr>\n            <tr id=\"table_3_row_103\">\n                    <td style=\"\">Programaci\u00f3n Parroquial<\/td>\n                    <td style=\"\">P049 SAN JOS\u00c9(MES\u00d3N DE LOS SAUCES)<\/td>\n                    <td style=\"\">Animaci\u00f3n Pastoral (CPP)<\/td>\n                    <td style=\"\"><\/td>\n                    <td style=\"\"><\/td>\n                    <td style=\"\"><a href=\"https:\/\/diocesisdeaguascalientes.mx\/vicaria-de-pastoral\/wp-content\/uploads\/sites\/2\/forminator\/10414_47c7fef6f8c6f15ac1daaf1663bdf562\/uploads\/7uX0OU8TDbc8-Programacion-Pastoral-Parroquial-2025-2026pastoral-de-animacion.pdf\" target=\"_blank\">7uX0OU8TDbc8-Programacion-Pastoral-Parroquial-2025-2026pastoral-de-animacion.pdf<\/a><\/td>\n                    <td style=\"\">25\/09\/2025 02:20 PM<\/td>\n            <\/tr>\n            <tr id=\"table_3_row_104\">\n                    <td style=\"\">Programaci\u00f3n Parroquial<\/td>\n                    <td style=\"\">P026 NUESTRA SE\u00d1ORA DE LA ENCARNACI\u00d3N(ENCARNACI\u00d3N DE D\u00cdAZ)<\/td>\n                    <td style=\"\">Juvenil<\/td>\n                    <td style=\"\"><\/td>\n                    <td style=\"\"><\/td>\n                    <td style=\"\"><a href=\"https:\/\/diocesisdeaguascalientes.mx\/vicaria-de-pastoral\/wp-content\/uploads\/sites\/2\/forminator\/10414_47c7fef6f8c6f15ac1daaf1663bdf562\/uploads\/q6lo3erBvmYk-JUVENIL.pdf\" target=\"_blank\">q6lo3erBvmYk-JUVENIL.pdf<\/a><\/td>\n                    <td style=\"\">25\/09\/2025 02:19 PM<\/td>\n            <\/tr>\n            <tr id=\"table_3_row_105\">\n                    <td style=\"\">Programaci\u00f3n Parroquial<\/td>\n                    <td style=\"\">P026 NUESTRA SE\u00d1ORA DE LA ENCARNACI\u00d3N(ENCARNACI\u00d3N DE D\u00cdAZ)<\/td>\n                    <td style=\"\">Organismos Eclesiales Laicales (OEL)<\/td>\n                    <td style=\"\">27.Legi\u00f3n de Mar\u00eda<\/td>\n                    <td style=\"\"><\/td>\n                    <td style=\"\"><a href=\"https:\/\/diocesisdeaguascalientes.mx\/vicaria-de-pastoral\/wp-content\/uploads\/sites\/2\/forminator\/10414_47c7fef6f8c6f15ac1daaf1663bdf562\/uploads\/KGcCcIiIpn1R-Legion-de-Maria.pdf\" target=\"_blank\">KGcCcIiIpn1R-Legion-de-Maria.pdf<\/a><\/td>\n                    <td style=\"\">25\/09\/2025 02:17 PM<\/td>\n            <\/tr>\n            <tr id=\"table_3_row_106\">\n                    <td style=\"\">Programaci\u00f3n Parroquial<\/td>\n                    <td style=\"\">P008 SANTA MAR\u00cdA ASUNTA(VILLAS DE NUESTRA SE\u00d1ORA DE LA ASUNCI\u00d3N)<\/td>\n                    <td style=\"\">Organismos Eclesiales Laicales (OEL)<\/td>\n                    <td style=\"\">Otro<\/td>\n                    <td style=\"\">grupo del se\u00f1or de la misericordia<\/td>\n                    <td style=\"\"><a href=\"https:\/\/diocesisdeaguascalientes.mx\/vicaria-de-pastoral\/wp-content\/uploads\/sites\/2\/forminator\/10414_47c7fef6f8c6f15ac1daaf1663bdf562\/uploads\/liD3MER2J9KF-Senor-de-la-Misericordia.pdf\" target=\"_blank\">liD3MER2J9KF-Senor-de-la-Misericordia.pdf<\/a><\/td>\n                    <td style=\"\">25\/09\/2025 01:30 PM<\/td>\n            <\/tr>\n            <tr id=\"table_3_row_107\">\n                    <td style=\"\">Programaci\u00f3n Parroquial<\/td>\n                    <td style=\"\">P008 SANTA MAR\u00cdA ASUNTA(VILLAS DE NUESTRA SE\u00d1ORA DE LA ASUNCI\u00d3N)<\/td>\n                    <td style=\"\">Social<\/td>\n                    <td style=\"\"><\/td>\n                    <td style=\"\"><\/td>\n                    <td style=\"\"><a href=\"https:\/\/diocesisdeaguascalientes.mx\/vicaria-de-pastoral\/wp-content\/uploads\/sites\/2\/forminator\/10414_47c7fef6f8c6f15ac1daaf1663bdf562\/uploads\/jJrJFy7LZA2Y-Pastoral-Social.pdf\" target=\"_blank\">jJrJFy7LZA2Y-Pastoral-Social.pdf<\/a><\/td>\n                    <td style=\"\">25\/09\/2025 01:27 PM<\/td>\n            <\/tr>\n            <tr id=\"table_3_row_108\">\n                    <td style=\"\">Programaci\u00f3n Parroquial<\/td>\n                    <td style=\"\">P008 SANTA MAR\u00cdA ASUNTA(VILLAS DE NUESTRA SE\u00d1ORA DE LA ASUNCI\u00d3N)<\/td>\n                    <td style=\"\">Lit\u00fargica<\/td>\n                    <td style=\"\"><\/td>\n                    <td style=\"\"><\/td>\n                    <td style=\"\"><a href=\"https:\/\/diocesisdeaguascalientes.mx\/vicaria-de-pastoral\/wp-content\/uploads\/sites\/2\/forminator\/10414_47c7fef6f8c6f15ac1daaf1663bdf562\/uploads\/K5N6ayGLlfw6-Pastoral-Liturgica.pdf\" target=\"_blank\">K5N6ayGLlfw6-Pastoral-Liturgica.pdf<\/a><\/td>\n                    <td style=\"\">25\/09\/2025 01:26 PM<\/td>\n            <\/tr>\n            <tr id=\"table_3_row_109\">\n                    <td style=\"\">Programaci\u00f3n Parroquial<\/td>\n                    <td style=\"\">P008 SANTA MAR\u00cdA ASUNTA(VILLAS DE NUESTRA SE\u00d1ORA DE LA ASUNCI\u00d3N)<\/td>\n                    <td style=\"\">Prof\u00e9tica<\/td>\n                    <td style=\"\"><\/td>\n                    <td style=\"\"><\/td>\n                    <td style=\"\"><a href=\"https:\/\/diocesisdeaguascalientes.mx\/vicaria-de-pastoral\/wp-content\/uploads\/sites\/2\/forminator\/10414_47c7fef6f8c6f15ac1daaf1663bdf562\/uploads\/ASbtv7Ofm4BY-Pastoral-Profetica.pdf\" target=\"_blank\">ASbtv7Ofm4BY-Pastoral-Profetica.pdf<\/a><\/td>\n                    <td style=\"\">25\/09\/2025 01:25 PM<\/td>\n            <\/tr>\n            <tr id=\"table_3_row_110\">\n                    <td style=\"\">Programaci\u00f3n Parroquial<\/td>\n                    <td style=\"\">P008 SANTA MAR\u00cdA ASUNTA(VILLAS DE NUESTRA SE\u00d1ORA DE LA ASUNCI\u00d3N)<\/td>\n                    <td style=\"\">Animaci\u00f3n Pastoral (CPP)<\/td>\n                    <td style=\"\"><\/td>\n                    <td style=\"\"><\/td>\n                    <td style=\"\"><a href=\"https:\/\/diocesisdeaguascalientes.mx\/vicaria-de-pastoral\/wp-content\/uploads\/sites\/2\/forminator\/10414_47c7fef6f8c6f15ac1daaf1663bdf562\/uploads\/OyuRKXoqHzTu-Aminacion-pastoral-CPP.pdf\" target=\"_blank\">OyuRKXoqHzTu-Aminacion-pastoral-CPP.pdf<\/a><\/td>\n                    <td style=\"\">25\/09\/2025 01:23 PM<\/td>\n            <\/tr>\n            <tr id=\"table_3_row_111\">\n                    <td style=\"\">Programaci\u00f3n Parroquial<\/td>\n                    <td style=\"\">P049 SAN JOS\u00c9(MES\u00d3N DE LOS SAUCES)<\/td>\n                    <td style=\"\">Organismos Eclesiales Laicales (OEL)<\/td>\n                    <td style=\"\">Otro<\/td>\n                    <td style=\"\">Liga De Rec\u00edprocos Auxilios<\/td>\n                    <td style=\"\"><a href=\"https:\/\/diocesisdeaguascalientes.mx\/vicaria-de-pastoral\/wp-content\/uploads\/sites\/2\/forminator\/10414_47c7fef6f8c6f15ac1daaf1663bdf562\/uploads\/wEeO7gupWunD-Programacion-Pastoral-Parroquial-2025-2026liga-de-reciprocos-auxilios.pdf\" target=\"_blank\">wEeO7gupWunD-Programacion-Pastoral-Parroquial-2025-2026liga-de-reciprocos-auxilios.pdf<\/a><\/td>\n                    <td style=\"\">25\/09\/2025 01:15 PM<\/td>\n            <\/tr>\n            <tr id=\"table_3_row_112\">\n                    <td style=\"\">Programaci\u00f3n Parroquial<\/td>\n                    <td style=\"\">P049 SAN JOS\u00c9(MES\u00d3N DE LOS SAUCES)<\/td>\n                    <td style=\"\">Organismos Eclesiales Laicales (OEL)<\/td>\n                    <td style=\"\">Otro<\/td>\n                    <td style=\"\">Sr. De La Misericordia<\/td>\n                    <td style=\"\"><a href=\"https:\/\/diocesisdeaguascalientes.mx\/vicaria-de-pastoral\/wp-content\/uploads\/sites\/2\/forminator\/10414_47c7fef6f8c6f15ac1daaf1663bdf562\/uploads\/D2eOifYxxDK7-Programacion-Pastoral-Parroquial-2025-2026Sr.-de-la-misericordia.pdf\" target=\"_blank\">D2eOifYxxDK7-Programacion-Pastoral-Parroquial-2025-2026Sr.-de-la-misericordia.pdf<\/a><\/td>\n                    <td style=\"\">25\/09\/2025 01:07 PM<\/td>\n            <\/tr>\n            <tr id=\"table_3_row_113\">\n                    <td style=\"\">Programaci\u00f3n Parroquial<\/td>\n                    <td style=\"\">P049 SAN JOS\u00c9(MES\u00d3N DE LOS SAUCES)<\/td>\n                    <td style=\"\">Organismos Eclesiales Laicales (OEL)<\/td>\n                    <td style=\"\">27.Legi\u00f3n de Mar\u00eda<\/td>\n                    <td style=\"\"><\/td>\n                    <td style=\"\"><a href=\"https:\/\/diocesisdeaguascalientes.mx\/vicaria-de-pastoral\/wp-content\/uploads\/sites\/2\/forminator\/10414_47c7fef6f8c6f15ac1daaf1663bdf562\/uploads\/i42aN46AtXXj-Programacion-Pastoral-Parroquial-2025-2026legion-de-Maria.pdf\" target=\"_blank\">i42aN46AtXXj-Programacion-Pastoral-Parroquial-2025-2026legion-de-Maria.pdf<\/a><\/td>\n                    <td style=\"\">25\/09\/2025 01:06 PM<\/td>\n            <\/tr>\n            <tr id=\"table_3_row_114\">\n                    <td style=\"\">Programaci\u00f3n Parroquial<\/td>\n                    <td style=\"\">P042 JES\u00daS, MAR\u00cdA Y JOS\u00c9(EL ROSARIO)<\/td>\n                    <td style=\"\">Organismos Eclesiales Laicales (OEL)<\/td>\n                    <td style=\"\">27.Legi\u00f3n de Mar\u00eda<\/td>\n                    <td style=\"\"><\/td>\n                    <td style=\"\"><a href=\"https:\/\/diocesisdeaguascalientes.mx\/vicaria-de-pastoral\/wp-content\/uploads\/sites\/2\/forminator\/10414_47c7fef6f8c6f15ac1daaf1663bdf562\/uploads\/ySYzTBwHep95-PROGRAMACION_ORGANISMOS_ECLESIALES_LAICALES_LEGIONDEMARIA.pdf\" target=\"_blank\">ySYzTBwHep95-PROGRAMACION_ORGANISMOS_ECLESIALES_LAICALES_LEGIONDEMARIA.pdf<\/a><\/td>\n                    <td style=\"\">25\/09\/2025 11:20 AM<\/td>\n            <\/tr>\n            <tr id=\"table_3_row_115\">\n                    <td style=\"\">Programaci\u00f3n Parroquial<\/td>\n                    <td style=\"\">P090 SANTA CRUZ DE JERUSAL\u00c9N(MART\u00cdNEZ DOMINGUEZ)<\/td>\n                    <td style=\"\">Organismos Eclesiales Laicales (OEL)<\/td>\n                    <td style=\"\">Otro<\/td>\n                    <td style=\"\">ANSPAC<\/td>\n                    <td style=\"\"><a href=\"https:\/\/diocesisdeaguascalientes.mx\/vicaria-de-pastoral\/wp-content\/uploads\/sites\/2\/forminator\/10414_47c7fef6f8c6f15ac1daaf1663bdf562\/uploads\/pqGpbfxHwEDm-PROGRAMACION-2025-2026-OEL-ANSPAC-SANTA-CRUZ.pdf\" target=\"_blank\">pqGpbfxHwEDm-PROGRAMACION-2025-2026-OEL-ANSPAC-SANTA-CRUZ.pdf<\/a><\/td>\n                    <td style=\"\">25\/09\/2025 11:16 AM<\/td>\n            <\/tr>\n            <tr id=\"table_3_row_116\">\n                    <td style=\"\">Programaci\u00f3n Parroquial<\/td>\n                    <td style=\"\">P049 SAN JOS\u00c9(MES\u00d3N DE LOS SAUCES)<\/td>\n                    <td style=\"\">Organismos Eclesiales Laicales (OEL)<\/td>\n                    <td style=\"\">13.Cursillos de Cristiandad<\/td>\n                    <td style=\"\"><\/td>\n                    <td style=\"\"><a href=\"https:\/\/diocesisdeaguascalientes.mx\/vicaria-de-pastoral\/wp-content\/uploads\/sites\/2\/forminator\/10414_47c7fef6f8c6f15ac1daaf1663bdf562\/uploads\/KSjeeGLTGV4m-Programacion-Pastoral-Parroquial-2025-2026cursillistas.pdf\" target=\"_blank\">KSjeeGLTGV4m-Programacion-Pastoral-Parroquial-2025-2026cursillistas.pdf<\/a><\/td>\n                    <td style=\"\">25\/09\/2025 11:06 AM<\/td>\n            <\/tr>\n            <tr id=\"table_3_row_117\">\n                    <td style=\"\">Programaci\u00f3n Parroquial<\/td>\n                    <td style=\"\">P042 JES\u00daS, MAR\u00cdA Y JOS\u00c9(EL ROSARIO)<\/td>\n                    <td style=\"\">Juvenil<\/td>\n                    <td style=\"\"><\/td>\n                    <td style=\"\"><\/td>\n                    <td style=\"\"><a href=\"https:\/\/diocesisdeaguascalientes.mx\/vicaria-de-pastoral\/wp-content\/uploads\/sites\/2\/forminator\/10414_47c7fef6f8c6f15ac1daaf1663bdf562\/uploads\/wbMy8uF56zGu-PROGRAMACION_PASTORAL_JUVENIL.pdf\" target=\"_blank\">wbMy8uF56zGu-PROGRAMACION_PASTORAL_JUVENIL.pdf<\/a><\/td>\n                    <td style=\"\">25\/09\/2025 10:40 AM<\/td>\n            <\/tr>\n            <tr id=\"table_3_row_118\">\n                    <td style=\"\">Programaci\u00f3n Parroquial<\/td>\n                    <td style=\"\">P071 PUR\u00cdSIMA CONCEPCI\u00d3N(BARRIO DE LA PUR\u00cdSIMA)<\/td>\n                    <td style=\"\">Adolescentes<\/td>\n                    <td style=\"\"><\/td>\n                    <td style=\"\"><\/td>\n                    <td style=\"\"><a href=\"https:\/\/diocesisdeaguascalientes.mx\/vicaria-de-pastoral\/wp-content\/uploads\/sites\/2\/forminator\/10414_47c7fef6f8c6f15ac1daaf1663bdf562\/uploads\/NgVzkopEnRK4-Programa-Parroquial-25-26-ADOLESCENTES.pdf\" target=\"_blank\">NgVzkopEnRK4-Programa-Parroquial-25-26-ADOLESCENTES.pdf<\/a><\/td>\n                    <td style=\"\">25\/09\/2025 10:17 AM<\/td>\n            <\/tr>\n            <tr id=\"table_3_row_119\">\n                    <td style=\"\">Programaci\u00f3n Parroquial<\/td>\n                    <td style=\"\">P069 SAN PEDRO Y SAN PABLO(SAN PEDRO)<\/td>\n                    <td style=\"\">Organismos Eclesiales Laicales (OEL)<\/td>\n                    <td style=\"\">40.Renovaci\u00f3n Carism\u00e1tica Cat\u00f3lica en el Esp\u00edritu Santo<\/td>\n                    <td style=\"\"><\/td>\n                    <td style=\"\"><a href=\"https:\/\/diocesisdeaguascalientes.mx\/vicaria-de-pastoral\/wp-content\/uploads\/sites\/2\/forminator\/10414_47c7fef6f8c6f15ac1daaf1663bdf562\/uploads\/MASLAlGiKzKo-IGLESIA-SINODAL-EN-MISION1.pdf\" target=\"_blank\">MASLAlGiKzKo-IGLESIA-SINODAL-EN-MISION1.pdf<\/a><\/td>\n                    <td style=\"\">25\/09\/2025 04:55 AM<\/td>\n            <\/tr>\n            <tr id=\"table_3_row_120\">\n                    <td style=\"\">Programaci\u00f3n Parroquial<\/td>\n                    <td style=\"\">P069 SAN PEDRO Y SAN PABLO(SAN PEDRO)<\/td>\n                    <td style=\"\">Organismos Eclesiales Laicales (OEL)<\/td>\n                    <td style=\"\">19.Guerreras de Dios<\/td>\n                    <td style=\"\"><\/td>\n                    <td style=\"\"><a href=\"https:\/\/diocesisdeaguascalientes.mx\/vicaria-de-pastoral\/wp-content\/uploads\/sites\/2\/forminator\/10414_47c7fef6f8c6f15ac1daaf1663bdf562\/uploads\/oAb3gsa55VSF-Programacion-Guerreras-de-Dios.-Agosto-2025-Julio-2026.pdf\" target=\"_blank\">oAb3gsa55VSF-Programacion-Guerreras-de-Dios.-Agosto-2025-Julio-2026.pdf<\/a><\/td>\n                    <td style=\"\">25\/09\/2025 04:48 AM<\/td>\n            <\/tr>\n            <tr id=\"table_3_row_121\">\n                    <td style=\"\">Programaci\u00f3n Parroquial<\/td>\n                    <td style=\"\">P069 SAN PEDRO Y SAN PABLO(SAN PEDRO)<\/td>\n                    <td style=\"\">Pastoral de la Comunicaci\u00f3n<\/td>\n                    <td style=\"\"><\/td>\n                    <td style=\"\"><\/td>\n                    <td style=\"\"><a href=\"https:\/\/diocesisdeaguascalientes.mx\/vicaria-de-pastoral\/wp-content\/uploads\/sites\/2\/forminator\/10414_47c7fef6f8c6f15ac1daaf1663bdf562\/uploads\/nJu0l2vv89Ou-Programacion-de-la-Pastoral-de-la-Comunicacion.pdf\" target=\"_blank\">nJu0l2vv89Ou-Programacion-de-la-Pastoral-de-la-Comunicacion.pdf<\/a><\/td>\n                    <td style=\"\">25\/09\/2025 04:42 AM<\/td>\n            <\/tr>\n            <tr id=\"table_3_row_122\">\n                    <td style=\"\">Programaci\u00f3n Parroquial<\/td>\n                    <td style=\"\">P069 SAN PEDRO Y SAN PABLO(SAN PEDRO)<\/td>\n                    <td style=\"\">Lit\u00fargica<\/td>\n                    <td style=\"\"><\/td>\n                    <td style=\"\"><\/td>\n                    <td style=\"\"><a href=\"https:\/\/diocesisdeaguascalientes.mx\/vicaria-de-pastoral\/wp-content\/uploads\/sites\/2\/forminator\/10414_47c7fef6f8c6f15ac1daaf1663bdf562\/uploads\/qTaSMXOMlPyD-PROGRAMACION-DE-LITURGIA-2025-2026.pdf\" target=\"_blank\">qTaSMXOMlPyD-PROGRAMACION-DE-LITURGIA-2025-2026.pdf<\/a><\/td>\n                    <td style=\"\">25\/09\/2025 04:40 AM<\/td>\n            <\/tr>\n            <tr id=\"table_3_row_123\">\n                    <td style=\"\">Programaci\u00f3n Parroquial<\/td>\n                    <td style=\"\">P069 SAN PEDRO Y SAN PABLO(SAN PEDRO)<\/td>\n                    <td style=\"\">Organismos Eclesiales Laicales (OEL)<\/td>\n                    <td style=\"\">10.Cristo con los j\u00f3venes matrimonios (CRIJOMA)<\/td>\n                    <td style=\"\"><\/td>\n                    <td style=\"\"><a href=\"https:\/\/diocesisdeaguascalientes.mx\/vicaria-de-pastoral\/wp-content\/uploads\/sites\/2\/forminator\/10414_47c7fef6f8c6f15ac1daaf1663bdf562\/uploads\/MDwl1KmnVM9L-Programacion-CRIJOMA.-Agosto-2025-Julio-2026.pdf\" target=\"_blank\">MDwl1KmnVM9L-Programacion-CRIJOMA.-Agosto-2025-Julio-2026.pdf<\/a><\/td>\n                    <td style=\"\">25\/09\/2025 04:34 AM<\/td>\n            <\/tr>\n            <tr id=\"table_3_row_124\">\n                    <td style=\"\">Programaci\u00f3n Parroquial<\/td>\n                    <td style=\"\">P055 SAN JUDAS TADEO(INSURGENTES)<\/td>\n                    <td style=\"\">Organismos Eclesiales Laicales (OEL)<\/td>\n                    <td style=\"\">1.Acci\u00f3n Cat\u00f3lica<\/td>\n                    <td style=\"\"><\/td>\n                    <td style=\"\"><a href=\"https:\/\/diocesisdeaguascalientes.mx\/vicaria-de-pastoral\/wp-content\/uploads\/sites\/2\/forminator\/10414_47c7fef6f8c6f15ac1daaf1663bdf562\/uploads\/iFNiEAXHMbN6-PROGRAMACION-PARROQUIAL-OEL-ACCION-CATOLICA-MEXICANA-2025-2026-SJT.pdf\" target=\"_blank\">iFNiEAXHMbN6-PROGRAMACION-PARROQUIAL-OEL-ACCION-CATOLICA-MEXICANA-2025-2026-SJT.pdf<\/a><\/td>\n                    <td style=\"\">25\/09\/2025 02:58 AM<\/td>\n            <\/tr>\n            <tr id=\"table_3_row_125\">\n                    <td style=\"\">Programaci\u00f3n Parroquial<\/td>\n                    <td style=\"\">P055 SAN JUDAS TADEO(INSURGENTES)<\/td>\n                    <td style=\"\">Organismos Eclesiales Laicales (OEL)<\/td>\n                    <td style=\"\">40.Renovaci\u00f3n Carism\u00e1tica Cat\u00f3lica en el Esp\u00edritu Santo<\/td>\n                    <td style=\"\"><\/td>\n                    <td style=\"\"><a href=\"https:\/\/diocesisdeaguascalientes.mx\/vicaria-de-pastoral\/wp-content\/uploads\/sites\/2\/forminator\/10414_47c7fef6f8c6f15ac1daaf1663bdf562\/uploads\/LtPdyWKv91oB-PROGRAMACION-PARROQUIAL-OEL-RENOVACION-CARISMATICA-CAT-E.S-2025-2026-SJT.pdf\" target=\"_blank\">LtPdyWKv91oB-PROGRAMACION-PARROQUIAL-OEL-RENOVACION-CARISMATICA-CAT-E.S-2025-2026-SJT.pdf<\/a><\/td>\n                    <td style=\"\">25\/09\/2025 02:44 AM<\/td>\n            <\/tr>\n            <tr id=\"table_3_row_126\">\n                    <td style=\"\">Programaci\u00f3n Parroquial<\/td>\n                    <td style=\"\">P055 SAN JUDAS TADEO(INSURGENTES)<\/td>\n                    <td style=\"\">Organismos Eclesiales Laicales (OEL)<\/td>\n                    <td style=\"\">3.Adoraci\u00f3n, Comunidad, Trabajo, Servicio (ACTS)<\/td>\n                    <td style=\"\"><\/td>\n                    <td style=\"\"><a href=\"https:\/\/diocesisdeaguascalientes.mx\/vicaria-de-pastoral\/wp-content\/uploads\/sites\/2\/forminator\/10414_47c7fef6f8c6f15ac1daaf1663bdf562\/uploads\/0MeoLYE69KgP-PROGRAMACION-PARROQUIAL-OEL-ADORACION-NOCTURNA-2025-2026-SJT.pdf\" target=\"_blank\">0MeoLYE69KgP-PROGRAMACION-PARROQUIAL-OEL-ADORACION-NOCTURNA-2025-2026-SJT.pdf<\/a><\/td>\n                    <td style=\"\">25\/09\/2025 02:31 AM<\/td>\n            <\/tr>\n            <tr id=\"table_3_row_127\">\n                    <td style=\"\">Programaci\u00f3n Parroquial<\/td>\n                    <td style=\"\">P091 SANTA MARIA ESTRELLA DE LA EVANGELIZACI\u00d3N(ESTRELLA)<\/td>\n                    <td style=\"\">Adolescentes<\/td>\n                    <td style=\"\"><\/td>\n                    <td style=\"\"><\/td>\n                    <td style=\"\"><a href=\"https:\/\/diocesisdeaguascalientes.mx\/vicaria-de-pastoral\/wp-content\/uploads\/sites\/2\/forminator\/10414_47c7fef6f8c6f15ac1daaf1663bdf562\/uploads\/cUnyyiJhONT6-Programacion-Pastoral-Adolescentes-2025-2026.pdf\" target=\"_blank\">cUnyyiJhONT6-Programacion-Pastoral-Adolescentes-2025-2026.pdf<\/a><\/td>\n                    <td style=\"\">25\/09\/2025 01:48 AM<\/td>\n            <\/tr>\n            <tr id=\"table_3_row_128\">\n                    <td style=\"\">Programaci\u00f3n Parroquial<\/td>\n                    <td style=\"\">P091 SANTA MARIA ESTRELLA DE LA EVANGELIZACI\u00d3N(ESTRELLA)<\/td>\n                    <td style=\"\">Juvenil<\/td>\n                    <td style=\"\"><\/td>\n                    <td style=\"\"><\/td>\n                    <td style=\"\"><a href=\"https:\/\/diocesisdeaguascalientes.mx\/vicaria-de-pastoral\/wp-content\/uploads\/sites\/2\/forminator\/10414_47c7fef6f8c6f15ac1daaf1663bdf562\/uploads\/NxI0JHkw3jC9-Programacion-Pastoral-Juvenil-2025-2026.pdf\" target=\"_blank\">NxI0JHkw3jC9-Programacion-Pastoral-Juvenil-2025-2026.pdf<\/a><\/td>\n                    <td style=\"\">25\/09\/2025 12:26 AM<\/td>\n            <\/tr>\n            <tr id=\"table_3_row_129\">\n                    <td style=\"\">Programaci\u00f3n Parroquial<\/td>\n                    <td style=\"\">P031 NUESTRA SE\u00d1ORA DE GUADALUPE (SANTUARIO)(BARRIO DE GUADALUPE)<\/td>\n                    <td style=\"\">Organismos Eclesiales Laicales (OEL)<\/td>\n                    <td style=\"\">27.Legi\u00f3n de Mar\u00eda<\/td>\n                    <td style=\"\"><\/td>\n                    <td style=\"\"><a href=\"https:\/\/diocesisdeaguascalientes.mx\/vicaria-de-pastoral\/wp-content\/uploads\/sites\/2\/forminator\/10414_47c7fef6f8c6f15ac1daaf1663bdf562\/uploads\/0gMJC1LO4TSH-LEGION-DE-MARIA.pdf\" target=\"_blank\">0gMJC1LO4TSH-LEGION-DE-MARIA.pdf<\/a><\/td>\n                    <td style=\"\">24\/09\/2025 11:58 PM<\/td>\n            <\/tr>\n            <tr id=\"table_3_row_130\">\n                    <td style=\"\">Programaci\u00f3n Parroquial<\/td>\n                    <td style=\"\">P055 SAN JUDAS TADEO(INSURGENTES)<\/td>\n                    <td style=\"\">Social<\/td>\n                    <td style=\"\"><\/td>\n                    <td style=\"\"><\/td>\n                    <td style=\"\"><a href=\"https:\/\/diocesisdeaguascalientes.mx\/vicaria-de-pastoral\/wp-content\/uploads\/sites\/2\/forminator\/10414_47c7fef6f8c6f15ac1daaf1663bdf562\/uploads\/IpVsCPPLt72H-PROGRAMACION-PARROQUIAL-PASTORAL-SOCIAL-2025-2026-SJT.pdf\" target=\"_blank\">IpVsCPPLt72H-PROGRAMACION-PARROQUIAL-PASTORAL-SOCIAL-2025-2026-SJT.pdf<\/a><\/td>\n                    <td style=\"\">24\/09\/2025 11:57 PM<\/td>\n            <\/tr>\n            <tr id=\"table_3_row_131\">\n                    <td style=\"\">Programaci\u00f3n Parroquial<\/td>\n                    <td style=\"\">P031 NUESTRA SE\u00d1ORA DE GUADALUPE (SANTUARIO)(BARRIO DE GUADALUPE)<\/td>\n                    <td style=\"\">Organismos Eclesiales Laicales (OEL)<\/td>\n                    <td style=\"\">11.Corte de Honor de Damas de Santa Mar\u00eda de Guadalupe<\/td>\n                    <td style=\"\"><\/td>\n                    <td style=\"\"><a href=\"https:\/\/diocesisdeaguascalientes.mx\/vicaria-de-pastoral\/wp-content\/uploads\/sites\/2\/forminator\/10414_47c7fef6f8c6f15ac1daaf1663bdf562\/uploads\/4f8VM8wyNDSn-CABALLEROS-Y-DAMAS.pdf\" target=\"_blank\">4f8VM8wyNDSn-CABALLEROS-Y-DAMAS.pdf<\/a><\/td>\n                    <td style=\"\">24\/09\/2025 11:56 PM<\/td>\n            <\/tr>\n            <tr id=\"table_3_row_132\">\n                    <td style=\"\">Programaci\u00f3n Parroquial<\/td>\n                    <td style=\"\">P031 NUESTRA SE\u00d1ORA DE GUADALUPE (SANTUARIO)(BARRIO DE GUADALUPE)<\/td>\n                    <td style=\"\">Organismos Eclesiales Laicales (OEL)<\/td>\n                    <td style=\"\">4.Apostolado de la Cruz<\/td>\n                    <td style=\"\"><\/td>\n                    <td style=\"\"><a href=\"https:\/\/diocesisdeaguascalientes.mx\/vicaria-de-pastoral\/wp-content\/uploads\/sites\/2\/forminator\/10414_47c7fef6f8c6f15ac1daaf1663bdf562\/uploads\/KusLs1MrlSuI-APOSTOLADO-DE-LA-CRUZ.pdf\" target=\"_blank\">KusLs1MrlSuI-APOSTOLADO-DE-LA-CRUZ.pdf<\/a><\/td>\n                    <td style=\"\">24\/09\/2025 11:54 PM<\/td>\n            <\/tr>\n            <tr id=\"table_3_row_133\">\n                    <td style=\"\">Programaci\u00f3n Parroquial<\/td>\n                    <td style=\"\">P031 NUESTRA SE\u00d1ORA DE GUADALUPE (SANTUARIO)(BARRIO DE GUADALUPE)<\/td>\n                    <td style=\"\">Pastoral de la Comunicaci\u00f3n<\/td>\n                    <td style=\"\"><\/td>\n                    <td style=\"\"><\/td>\n                    <td style=\"\"><a href=\"https:\/\/diocesisdeaguascalientes.mx\/vicaria-de-pastoral\/wp-content\/uploads\/sites\/2\/forminator\/10414_47c7fef6f8c6f15ac1daaf1663bdf562\/uploads\/n8J8XhAOx1iq-PASTORAL-COMUNICACION.pdf\" target=\"_blank\">n8J8XhAOx1iq-PASTORAL-COMUNICACION.pdf<\/a><\/td>\n                    <td style=\"\">24\/09\/2025 11:52 PM<\/td>\n            <\/tr>\n            <tr id=\"table_3_row_134\">\n                    <td style=\"\">Programaci\u00f3n Parroquial<\/td>\n                    <td style=\"\">P031 NUESTRA SE\u00d1ORA DE GUADALUPE (SANTUARIO)(BARRIO DE GUADALUPE)<\/td>\n                    <td style=\"\">Juvenil<\/td>\n                    <td style=\"\"><\/td>\n                    <td style=\"\"><\/td>\n                    <td style=\"\"><a href=\"https:\/\/diocesisdeaguascalientes.mx\/vicaria-de-pastoral\/wp-content\/uploads\/sites\/2\/forminator\/10414_47c7fef6f8c6f15ac1daaf1663bdf562\/uploads\/8slm9nthH06R-PASTORAL-JUVENIL.pdf\" target=\"_blank\">8slm9nthH06R-PASTORAL-JUVENIL.pdf<\/a><\/td>\n                    <td style=\"\">24\/09\/2025 11:50 PM<\/td>\n            <\/tr>\n            <tr id=\"table_3_row_135\">\n                    <td style=\"\">Programaci\u00f3n Parroquial<\/td>\n                    <td style=\"\">P031 NUESTRA SE\u00d1ORA DE GUADALUPE (SANTUARIO)(BARRIO DE GUADALUPE)<\/td>\n                    <td style=\"\">Familiar<\/td>\n                    <td style=\"\"><\/td>\n                    <td style=\"\"><\/td>\n                    <td style=\"\"><a href=\"https:\/\/diocesisdeaguascalientes.mx\/vicaria-de-pastoral\/wp-content\/uploads\/sites\/2\/forminator\/10414_47c7fef6f8c6f15ac1daaf1663bdf562\/uploads\/zsNl8rvTEkL7-PASTORAL-FAMILIAR.pdf\" target=\"_blank\">zsNl8rvTEkL7-PASTORAL-FAMILIAR.pdf<\/a><\/td>\n                    <td style=\"\">24\/09\/2025 11:48 PM<\/td>\n            <\/tr>\n            <tr id=\"table_3_row_136\">\n                    <td style=\"\">Programaci\u00f3n Parroquial<\/td>\n                    <td style=\"\">P031 NUESTRA SE\u00d1ORA DE GUADALUPE (SANTUARIO)(BARRIO DE GUADALUPE)<\/td>\n                    <td style=\"\">Social<\/td>\n                    <td style=\"\"><\/td>\n                    <td style=\"\"><\/td>\n                    <td style=\"\"><a href=\"https:\/\/diocesisdeaguascalientes.mx\/vicaria-de-pastoral\/wp-content\/uploads\/sites\/2\/forminator\/10414_47c7fef6f8c6f15ac1daaf1663bdf562\/uploads\/UTUppZV6Odpy-PASTORAL-SOCIAL.pdf\" target=\"_blank\">UTUppZV6Odpy-PASTORAL-SOCIAL.pdf<\/a><\/td>\n                    <td style=\"\">24\/09\/2025 11:47 PM<\/td>\n            <\/tr>\n            <tr id=\"table_3_row_137\">\n                    <td style=\"\">Programaci\u00f3n Parroquial<\/td>\n                    <td style=\"\">P055 SAN JUDAS TADEO(INSURGENTES)<\/td>\n                    <td style=\"\">Adolescentes<\/td>\n                    <td style=\"\"><\/td>\n                    <td style=\"\"><\/td>\n                    <td style=\"\"><a href=\"https:\/\/diocesisdeaguascalientes.mx\/vicaria-de-pastoral\/wp-content\/uploads\/sites\/2\/forminator\/10414_47c7fef6f8c6f15ac1daaf1663bdf562\/uploads\/110MIHIeEI7j-PROGRAMACION-PARROQUIAL-SAN-JUDAS-TADEO-2025-2026-PASTORAL-ADOLESCENTES.pdf\" target=\"_blank\">110MIHIeEI7j-PROGRAMACION-PARROQUIAL-SAN-JUDAS-TADEO-2025-2026-PASTORAL-ADOLESCENTES.pdf<\/a><\/td>\n                    <td style=\"\">24\/09\/2025 11:43 PM<\/td>\n            <\/tr>\n            <tr id=\"table_3_row_138\">\n                    <td style=\"\">Programaci\u00f3n Parroquial<\/td>\n                    <td style=\"\">P081 SANTA MAR\u00cdA DE GUADALUPE REINA DE AM\u00c9RICA(EJIDO DE PE\u00d1UELAS)<\/td>\n                    <td style=\"\">Social<\/td>\n                    <td style=\"\"><\/td>\n                    <td style=\"\"><\/td>\n                    <td style=\"\"><a href=\"https:\/\/diocesisdeaguascalientes.mx\/vicaria-de-pastoral\/wp-content\/uploads\/sites\/2\/forminator\/10414_47c7fef6f8c6f15ac1daaf1663bdf562\/uploads\/dM3i1zpU8jW6-Pastoral-Social-Programacion.docx.pdf\" target=\"_blank\">dM3i1zpU8jW6-Pastoral-Social-Programacion.docx.pdf<\/a><\/td>\n                    <td style=\"\">24\/09\/2025 11:40 PM<\/td>\n            <\/tr>\n            <tr id=\"table_3_row_139\">\n                    <td style=\"\">Programaci\u00f3n Parroquial<\/td>\n                    <td style=\"\">P097 SE\u00d1OR DE LA SALUD(BARRIO DE LA SALUD)<\/td>\n                    <td style=\"\">Social<\/td>\n                    <td style=\"\"><\/td>\n                    <td style=\"\"><\/td>\n                    <td style=\"\"><a href=\"https:\/\/diocesisdeaguascalientes.mx\/vicaria-de-pastoral\/wp-content\/uploads\/sites\/2\/forminator\/10414_47c7fef6f8c6f15ac1daaf1663bdf562\/uploads\/lOqCdYulHun6-Programacion-Pastoral-Social-Pquia.-SS-2025-2026.pdf\" target=\"_blank\">lOqCdYulHun6-Programacion-Pastoral-Social-Pquia.-SS-2025-2026.pdf<\/a><\/td>\n                    <td style=\"\">24\/09\/2025 11:29 PM<\/td>\n            <\/tr>\n            <tr id=\"table_3_row_140\">\n                    <td style=\"\">Programaci\u00f3n Parroquial<\/td>\n                    <td style=\"\">P064 SAN MIGUEL (IGNACIO ZARAGOZA)<\/td>\n                    <td style=\"\">Prof\u00e9tica<\/td>\n                    <td style=\"\"><\/td>\n                    <td style=\"\"><\/td>\n                    <td style=\"\"><a href=\"https:\/\/diocesisdeaguascalientes.mx\/vicaria-de-pastoral\/wp-content\/uploads\/sites\/2\/forminator\/10414_47c7fef6f8c6f15ac1daaf1663bdf562\/uploads\/O7uwjaPm10pA-PROGRAMACION-PARROQUIAL-P064-SAN-MIGUEL-PASTORAL-PROFETICA.pdf\" target=\"_blank\">O7uwjaPm10pA-PROGRAMACION-PARROQUIAL-P064-SAN-MIGUEL-PASTORAL-PROFETICA.pdf<\/a><\/td>\n                    <td style=\"\">24\/09\/2025 11:29 PM<\/td>\n            <\/tr>\n            <tr id=\"table_3_row_141\">\n                    <td style=\"\">Programaci\u00f3n Parroquial<\/td>\n                    <td style=\"\">P097 SE\u00d1OR DE LA SALUD(BARRIO DE LA SALUD)<\/td>\n                    <td style=\"\">Prof\u00e9tica<\/td>\n                    <td style=\"\"><\/td>\n                    <td style=\"\"><\/td>\n                    <td style=\"\"><a href=\"https:\/\/diocesisdeaguascalientes.mx\/vicaria-de-pastoral\/wp-content\/uploads\/sites\/2\/forminator\/10414_47c7fef6f8c6f15ac1daaf1663bdf562\/uploads\/d52jwdpdv9HB-Programacion-Pastoral-Profetica-Pquia.-SS-2025-2026.pdf\" target=\"_blank\">d52jwdpdv9HB-Programacion-Pastoral-Profetica-Pquia.-SS-2025-2026.pdf<\/a><\/td>\n                    <td style=\"\">24\/09\/2025 11:29 PM<\/td>\n            <\/tr>\n            <tr id=\"table_3_row_142\">\n                    <td style=\"\">Programaci\u00f3n Parroquial<\/td>\n                    <td style=\"\">P097 SE\u00d1OR DE LA SALUD(BARRIO DE LA SALUD)<\/td>\n                    <td style=\"\">Lit\u00fargica<\/td>\n                    <td style=\"\"><\/td>\n                    <td style=\"\"><\/td>\n                    <td style=\"\"><a href=\"https:\/\/diocesisdeaguascalientes.mx\/vicaria-de-pastoral\/wp-content\/uploads\/sites\/2\/forminator\/10414_47c7fef6f8c6f15ac1daaf1663bdf562\/uploads\/aRDZIR7EEA6t-Programacion-Pastoral-Liturgica-Pquia.-SS-2025-2026.pdf\" target=\"_blank\">aRDZIR7EEA6t-Programacion-Pastoral-Liturgica-Pquia.-SS-2025-2026.pdf<\/a><\/td>\n                    <td style=\"\">24\/09\/2025 11:28 PM<\/td>\n            <\/tr>\n            <tr id=\"table_3_row_143\">\n                    <td style=\"\">Programaci\u00f3n Parroquial<\/td>\n                    <td style=\"\">P055 SAN JUDAS TADEO(INSURGENTES)<\/td>\n                    <td style=\"\">Pastoral de la Comunicaci\u00f3n<\/td>\n                    <td style=\"\"><\/td>\n                    <td style=\"\"><\/td>\n                    <td style=\"\"><a href=\"https:\/\/diocesisdeaguascalientes.mx\/vicaria-de-pastoral\/wp-content\/uploads\/sites\/2\/forminator\/10414_47c7fef6f8c6f15ac1daaf1663bdf562\/uploads\/e5ur3IqTjsAZ-PROGRAMACION-PARROQUIAL-PASTORAL-DE-LA-COMUNICACION-2025-2026-SJT.pdf\" target=\"_blank\">e5ur3IqTjsAZ-PROGRAMACION-PARROQUIAL-PASTORAL-DE-LA-COMUNICACION-2025-2026-SJT.pdf<\/a><\/td>\n                    <td style=\"\">24\/09\/2025 11:27 PM<\/td>\n            <\/tr>\n            <tr id=\"table_3_row_144\">\n                    <td style=\"\">Programaci\u00f3n Parroquial<\/td>\n                    <td style=\"\">P097 SE\u00d1OR DE LA SALUD(BARRIO DE LA SALUD)<\/td>\n                    <td style=\"\">Juvenil<\/td>\n                    <td style=\"\"><\/td>\n                    <td style=\"\"><\/td>\n                    <td style=\"\"><a href=\"https:\/\/diocesisdeaguascalientes.mx\/vicaria-de-pastoral\/wp-content\/uploads\/sites\/2\/forminator\/10414_47c7fef6f8c6f15ac1daaf1663bdf562\/uploads\/RHLRvGltN7V2-Programacion-Pastoral-Juvenil-Pquia.-SS-2025-2026.pdf\" target=\"_blank\">RHLRvGltN7V2-Programacion-Pastoral-Juvenil-Pquia.-SS-2025-2026.pdf<\/a><\/td>\n                    <td style=\"\">24\/09\/2025 11:26 PM<\/td>\n            <\/tr>\n            <tr id=\"table_3_row_145\">\n                    <td style=\"\">Programaci\u00f3n Parroquial<\/td>\n                    <td style=\"\">P097 SE\u00d1OR DE LA SALUD(BARRIO DE LA SALUD)<\/td>\n                    <td style=\"\">Familiar<\/td>\n                    <td style=\"\"><\/td>\n                    <td style=\"\"><\/td>\n                    <td style=\"\"><a href=\"https:\/\/diocesisdeaguascalientes.mx\/vicaria-de-pastoral\/wp-content\/uploads\/sites\/2\/forminator\/10414_47c7fef6f8c6f15ac1daaf1663bdf562\/uploads\/0AJQOz9Ht3Ss-Programacion-Pastoral-Familiar-Pquia.-SS-2025-2026.pdf\" target=\"_blank\">0AJQOz9Ht3Ss-Programacion-Pastoral-Familiar-Pquia.-SS-2025-2026.pdf<\/a><\/td>\n                    <td style=\"\">24\/09\/2025 11:24 PM<\/td>\n            <\/tr>\n            <tr id=\"table_3_row_146\">\n                    <td style=\"\">Programaci\u00f3n Parroquial<\/td>\n                    <td style=\"\">P006 NUESTRA SE\u00d1ORA DE LA ASUNCI\u00d3N(JARDINES DE LA ASUNCI\u00d3N)<\/td>\n                    <td style=\"\">Prof\u00e9tica<\/td>\n                    <td style=\"\"><\/td>\n                    <td style=\"\"><\/td>\n                    <td style=\"\"><a href=\"https:\/\/diocesisdeaguascalientes.mx\/vicaria-de-pastoral\/wp-content\/uploads\/sites\/2\/forminator\/10414_47c7fef6f8c6f15ac1daaf1663bdf562\/uploads\/UhiVW3YXSS8O-Programacion-Profetica-NSA-2025-2026.pdf\" target=\"_blank\">UhiVW3YXSS8O-Programacion-Profetica-NSA-2025-2026.pdf<\/a><\/td>\n                    <td style=\"\">24\/09\/2025 11:23 PM<\/td>\n            <\/tr>\n            <tr id=\"table_3_row_147\">\n                    <td style=\"\">Programaci\u00f3n Parroquial<\/td>\n                    <td style=\"\">P081 SANTA MAR\u00cdA DE GUADALUPE REINA DE AM\u00c9RICA(EJIDO DE PE\u00d1UELAS)<\/td>\n                    <td style=\"\">Adolescentes<\/td>\n                    <td style=\"\"><\/td>\n                    <td style=\"\"><\/td>\n                    <td style=\"\"><a href=\"https:\/\/diocesisdeaguascalientes.mx\/vicaria-de-pastoral\/wp-content\/uploads\/sites\/2\/forminator\/10414_47c7fef6f8c6f15ac1daaf1663bdf562\/uploads\/kkJAVWzpCryZ-Adolescentes-Programacion.docx.pdf\" target=\"_blank\">kkJAVWzpCryZ-Adolescentes-Programacion.docx.pdf<\/a><\/td>\n                    <td style=\"\">24\/09\/2025 11:20 PM<\/td>\n            <\/tr>\n            <tr id=\"table_3_row_148\">\n                    <td style=\"\">Programaci\u00f3n Parroquial<\/td>\n                    <td style=\"\">P081 SANTA MAR\u00cdA DE GUADALUPE REINA DE AM\u00c9RICA(EJIDO DE PE\u00d1UELAS)<\/td>\n                    <td style=\"\">Familiar<\/td>\n                    <td style=\"\"><\/td>\n                    <td style=\"\"><\/td>\n                    <td style=\"\"><a href=\"https:\/\/diocesisdeaguascalientes.mx\/vicaria-de-pastoral\/wp-content\/uploads\/sites\/2\/forminator\/10414_47c7fef6f8c6f15ac1daaf1663bdf562\/uploads\/gM9H9bb5dFnJ-Pastoral-Familiar-Programacion.docx.pdf\" target=\"_blank\">gM9H9bb5dFnJ-Pastoral-Familiar-Programacion.docx.pdf<\/a><\/td>\n                    <td style=\"\">24\/09\/2025 11:20 PM<\/td>\n            <\/tr>\n            <tr id=\"table_3_row_149\">\n                    <td style=\"\">Programaci\u00f3n Parroquial<\/td>\n                    <td style=\"\">P081 SANTA MAR\u00cdA DE GUADALUPE REINA DE AM\u00c9RICA(EJIDO DE PE\u00d1UELAS)<\/td>\n                    <td style=\"\">Lit\u00fargica<\/td>\n                    <td style=\"\"><\/td>\n                    <td style=\"\"><\/td>\n                    <td style=\"\"><a href=\"https:\/\/diocesisdeaguascalientes.mx\/vicaria-de-pastoral\/wp-content\/uploads\/sites\/2\/forminator\/10414_47c7fef6f8c6f15ac1daaf1663bdf562\/uploads\/mCyQT8OCLHak-Liturgia-Programacion.docx.pdf\" target=\"_blank\">mCyQT8OCLHak-Liturgia-Programacion.docx.pdf<\/a><\/td>\n                    <td style=\"\">24\/09\/2025 11:20 PM<\/td>\n            <\/tr>\n            <tr id=\"table_3_row_150\">\n                    <td style=\"\">Programaci\u00f3n Parroquial<\/td>\n                    <td style=\"\">P081 SANTA MAR\u00cdA DE GUADALUPE REINA DE AM\u00c9RICA(EJIDO DE PE\u00d1UELAS)<\/td>\n                    <td style=\"\">Prof\u00e9tica<\/td>\n                    <td style=\"\"><\/td>\n                    <td style=\"\"><\/td>\n                    <td style=\"\"><a href=\"https:\/\/diocesisdeaguascalientes.mx\/vicaria-de-pastoral\/wp-content\/uploads\/sites\/2\/forminator\/10414_47c7fef6f8c6f15ac1daaf1663bdf562\/uploads\/4FQkVm7DryIR-Profetica-Programacion.docx.pdf\" target=\"_blank\">4FQkVm7DryIR-Profetica-Programacion.docx.pdf<\/a><\/td>\n                    <td style=\"\">24\/09\/2025 11:20 PM<\/td>\n            <\/tr>\n            <tr id=\"table_3_row_151\">\n                    <td style=\"\">Programaci\u00f3n Parroquial<\/td>\n                    <td style=\"\">P081 SANTA MAR\u00cdA DE GUADALUPE REINA DE AM\u00c9RICA(EJIDO DE PE\u00d1UELAS)<\/td>\n                    <td style=\"\">Animaci\u00f3n Pastoral (CPP)<\/td>\n                    <td style=\"\"><\/td>\n                    <td style=\"\"><\/td>\n                    <td style=\"\"><a href=\"https:\/\/diocesisdeaguascalientes.mx\/vicaria-de-pastoral\/wp-content\/uploads\/sites\/2\/forminator\/10414_47c7fef6f8c6f15ac1daaf1663bdf562\/uploads\/QXnFKiYqLhSE-CPP-Programacion.docx.pdf\" target=\"_blank\">QXnFKiYqLhSE-CPP-Programacion.docx.pdf<\/a><\/td>\n                    <td style=\"\">24\/09\/2025 11:19 PM<\/td>\n            <\/tr>\n            <tr id=\"table_3_row_152\">\n                    <td style=\"\">Programaci\u00f3n Parroquial<\/td>\n                    <td style=\"\">P072 NUESTRA SE\u00d1ORA DEL REFUGIO(DEL TRABAJO)<\/td>\n                    <td style=\"\">Animaci\u00f3n Pastoral (CPP)<\/td>\n                    <td style=\"\"><\/td>\n                    <td style=\"\"><\/td>\n                    <td style=\"\"><a href=\"https:\/\/diocesisdeaguascalientes.mx\/vicaria-de-pastoral\/wp-content\/uploads\/sites\/2\/forminator\/10414_47c7fef6f8c6f15ac1daaf1663bdf562\/uploads\/wftC0syKjJCE-Consejo-.pdf\" target=\"_blank\">wftC0syKjJCE-Consejo-.pdf<\/a><\/td>\n                    <td style=\"\">24\/09\/2025 11:14 PM<\/td>\n            <\/tr>\n            <tr id=\"table_3_row_153\">\n                    <td style=\"\">Programaci\u00f3n Parroquial<\/td>\n                    <td style=\"\">P091 SANTA MARIA ESTRELLA DE LA EVANGELIZACI\u00d3N(ESTRELLA)<\/td>\n                    <td style=\"\">Social<\/td>\n                    <td style=\"\"><\/td>\n                    <td style=\"\"><\/td>\n                    <td style=\"\"><a href=\"https:\/\/diocesisdeaguascalientes.mx\/vicaria-de-pastoral\/wp-content\/uploads\/sites\/2\/forminator\/10414_47c7fef6f8c6f15ac1daaf1663bdf562\/uploads\/FMZTTK0ZahmG-Programacion-Pastoral-Social-2025-2026.pdf\" target=\"_blank\">FMZTTK0ZahmG-Programacion-Pastoral-Social-2025-2026.pdf<\/a><\/td>\n                    <td style=\"\">24\/09\/2025 11:10 PM<\/td>\n            <\/tr>\n            <tr id=\"table_3_row_154\">\n                    <td style=\"\">Programaci\u00f3n Parroquial<\/td>\n                    <td style=\"\">P063 SAN MIGUEL ARC\u00c1NGEL(LAS ARBOLEDAS)<\/td>\n                    <td style=\"\">Organismos Eclesiales Laicales (OEL)<\/td>\n                    <td style=\"\">40.Renovaci\u00f3n Carism\u00e1tica Cat\u00f3lica en el Esp\u00edritu Santo<\/td>\n                    <td style=\"\"><\/td>\n                    <td style=\"\"><a href=\"https:\/\/diocesisdeaguascalientes.mx\/vicaria-de-pastoral\/wp-content\/uploads\/sites\/2\/forminator\/10414_47c7fef6f8c6f15ac1daaf1663bdf562\/uploads\/PN57m9mO8lDq-08-SMAAGS-ORGANISMOS-LAICALES-ECLESIALES-Programacion-2025-26.pdf\" target=\"_blank\">PN57m9mO8lDq-08-SMAAGS-ORGANISMOS-LAICALES-ECLESIALES-Programacion-2025-26.pdf<\/a><\/td>\n                    <td style=\"\">24\/09\/2025 11:04 PM<\/td>\n            <\/tr>\n            <tr id=\"table_3_row_155\">\n                    <td style=\"\">Programaci\u00f3n Parroquial<\/td>\n                    <td style=\"\">P063 SAN MIGUEL ARC\u00c1NGEL(LAS ARBOLEDAS)<\/td>\n                    <td style=\"\">Organismos Eclesiales Laicales (OEL)<\/td>\n                    <td style=\"\">3.Adoraci\u00f3n, Comunidad, Trabajo, Servicio (ACTS)<\/td>\n                    <td style=\"\"><\/td>\n                    <td style=\"\"><a href=\"https:\/\/diocesisdeaguascalientes.mx\/vicaria-de-pastoral\/wp-content\/uploads\/sites\/2\/forminator\/10414_47c7fef6f8c6f15ac1daaf1663bdf562\/uploads\/4Wx01qmwtOlx-08-SMAAGS-ORGANISMOS-LAICALES-ECLESIALES-Programacion-2025-26.pdf\" target=\"_blank\">4Wx01qmwtOlx-08-SMAAGS-ORGANISMOS-LAICALES-ECLESIALES-Programacion-2025-26.pdf<\/a><\/td>\n                    <td style=\"\">24\/09\/2025 11:03 PM<\/td>\n            <\/tr>\n            <tr id=\"table_3_row_156\">\n                    <td style=\"\">Programaci\u00f3n Parroquial<\/td>\n                    <td style=\"\">P063 SAN MIGUEL ARC\u00c1NGEL(LAS ARBOLEDAS)<\/td>\n                    <td style=\"\">Juvenil<\/td>\n                    <td style=\"\"><\/td>\n                    <td style=\"\"><\/td>\n                    <td style=\"\"><a href=\"https:\/\/diocesisdeaguascalientes.mx\/vicaria-de-pastoral\/wp-content\/uploads\/sites\/2\/forminator\/10414_47c7fef6f8c6f15ac1daaf1663bdf562\/uploads\/liHQuF53jCqd-05-SMAAGS-PASTORAL-JUVENIL-Programacion-2025-2026.pdf\" target=\"_blank\">liHQuF53jCqd-05-SMAAGS-PASTORAL-JUVENIL-Programacion-2025-2026.pdf<\/a><\/td>\n                    <td style=\"\">24\/09\/2025 11:01 PM<\/td>\n            <\/tr>\n            <tr id=\"table_3_row_157\">\n                    <td style=\"\">Programaci\u00f3n Parroquial<\/td>\n                    <td style=\"\">P055 SAN JUDAS TADEO(INSURGENTES)<\/td>\n                    <td style=\"\">Lit\u00fargica<\/td>\n                    <td style=\"\"><\/td>\n                    <td style=\"\"><\/td>\n                    <td style=\"\"><a href=\"https:\/\/diocesisdeaguascalientes.mx\/vicaria-de-pastoral\/wp-content\/uploads\/sites\/2\/forminator\/10414_47c7fef6f8c6f15ac1daaf1663bdf562\/uploads\/iJLZ4OEwzX5C-PROGRAMACION-PARROQUIAL-PASTORAL-LITURGICA-2025-2026-SJT.pdf\" target=\"_blank\">iJLZ4OEwzX5C-PROGRAMACION-PARROQUIAL-PASTORAL-LITURGICA-2025-2026-SJT.pdf<\/a><\/td>\n                    <td style=\"\">24\/09\/2025 10:56 PM<\/td>\n            <\/tr>\n            <tr id=\"table_3_row_158\">\n                    <td style=\"\">Programaci\u00f3n Parroquial<\/td>\n                    <td style=\"\">P063 SAN MIGUEL ARC\u00c1NGEL(LAS ARBOLEDAS)<\/td>\n                    <td style=\"\">Adolescentes<\/td>\n                    <td style=\"\"><\/td>\n                    <td style=\"\"><\/td>\n                    <td style=\"\"><a href=\"https:\/\/diocesisdeaguascalientes.mx\/vicaria-de-pastoral\/wp-content\/uploads\/sites\/2\/forminator\/10414_47c7fef6f8c6f15ac1daaf1663bdf562\/uploads\/BATQomlMn8Lf-06-SMAAGS-PASTORAL-DE-ADOLESCENTES-Programacion-2025-26.pdf\" target=\"_blank\">BATQomlMn8Lf-06-SMAAGS-PASTORAL-DE-ADOLESCENTES-Programacion-2025-26.pdf<\/a><\/td>\n                    <td style=\"\">24\/09\/2025 10:51 PM<\/td>\n            <\/tr>\n            <tr id=\"table_3_row_159\">\n                    <td style=\"\">Programaci\u00f3n Parroquial<\/td>\n                    <td style=\"\">P063 SAN MIGUEL ARC\u00c1NGEL(LAS ARBOLEDAS)<\/td>\n                    <td style=\"\">Familiar<\/td>\n                    <td style=\"\"><\/td>\n                    <td style=\"\"><\/td>\n                    <td style=\"\"><a href=\"https:\/\/diocesisdeaguascalientes.mx\/vicaria-de-pastoral\/wp-content\/uploads\/sites\/2\/forminator\/10414_47c7fef6f8c6f15ac1daaf1663bdf562\/uploads\/9ADYuGmoJJdQ-04-SMAAGS-PASTORAL-FAMILIAR-Programacion-2025-26.pdf\" target=\"_blank\">9ADYuGmoJJdQ-04-SMAAGS-PASTORAL-FAMILIAR-Programacion-2025-26.pdf<\/a><\/td>\n                    <td style=\"\">24\/09\/2025 10:51 PM<\/td>\n            <\/tr>\n            <tr id=\"table_3_row_160\">\n                    <td style=\"\">Programaci\u00f3n Parroquial<\/td>\n                    <td style=\"\">P034 NUESTRA SE\u00d1ORA DE GUADALUPE(VILLA GARC\u00cdA)<\/td>\n                    <td style=\"\">Organismos Eclesiales Laicales (OEL)<\/td>\n                    <td style=\"\">Otro<\/td>\n                    <td style=\"\">LIGA DE RECIPROCOS AUXILIOS ENTRE EL SEMINARIO Y LOS FIELES<\/td>\n                    <td style=\"\"><a href=\"https:\/\/diocesisdeaguascalientes.mx\/vicaria-de-pastoral\/wp-content\/uploads\/sites\/2\/forminator\/10414_47c7fef6f8c6f15ac1daaf1663bdf562\/uploads\/iehZSypjixZL-Programacion-Grupos-y-Movimientos.pdf\" target=\"_blank\">iehZSypjixZL-Programacion-Grupos-y-Movimientos.pdf<\/a><\/td>\n                    <td style=\"\">24\/09\/2025 10:47 PM<\/td>\n            <\/tr>\n            <tr id=\"table_3_row_161\">\n                    <td style=\"\">Programaci\u00f3n Parroquial<\/td>\n                    <td style=\"\">P034 NUESTRA SE\u00d1ORA DE GUADALUPE(VILLA GARC\u00cdA)<\/td>\n                    <td style=\"\">Familiar<\/td>\n                    <td style=\"\"><\/td>\n                    <td style=\"\"><\/td>\n                    <td style=\"\"><a href=\"https:\/\/diocesisdeaguascalientes.mx\/vicaria-de-pastoral\/wp-content\/uploads\/sites\/2\/forminator\/10414_47c7fef6f8c6f15ac1daaf1663bdf562\/uploads\/li0GiFla6xTx-Programacion-Pastoral-Familiar.pdf\" target=\"_blank\">li0GiFla6xTx-Programacion-Pastoral-Familiar.pdf<\/a><\/td>\n                    <td style=\"\">24\/09\/2025 10:45 PM<\/td>\n            <\/tr>\n            <tr id=\"table_3_row_162\">\n                    <td style=\"\">Programaci\u00f3n Parroquial<\/td>\n                    <td style=\"\">P034 NUESTRA SE\u00d1ORA DE GUADALUPE(VILLA GARC\u00cdA)<\/td>\n                    <td style=\"\">Social<\/td>\n                    <td style=\"\"><\/td>\n                    <td style=\"\"><\/td>\n                    <td style=\"\"><a href=\"https:\/\/diocesisdeaguascalientes.mx\/vicaria-de-pastoral\/wp-content\/uploads\/sites\/2\/forminator\/10414_47c7fef6f8c6f15ac1daaf1663bdf562\/uploads\/jJQt9JwmyZGp-Programacion-Pastoral-Social.pdf\" target=\"_blank\">jJQt9JwmyZGp-Programacion-Pastoral-Social.pdf<\/a><\/td>\n                    <td style=\"\">24\/09\/2025 10:44 PM<\/td>\n            <\/tr>\n            <tr id=\"table_3_row_163\">\n                    <td style=\"\">Programaci\u00f3n Parroquial<\/td>\n                    <td style=\"\">P034 NUESTRA SE\u00d1ORA DE GUADALUPE(VILLA GARC\u00cdA)<\/td>\n                    <td style=\"\">Prof\u00e9tica<\/td>\n                    <td style=\"\"><\/td>\n                    <td style=\"\"><\/td>\n                    <td style=\"\"><a href=\"https:\/\/diocesisdeaguascalientes.mx\/vicaria-de-pastoral\/wp-content\/uploads\/sites\/2\/forminator\/10414_47c7fef6f8c6f15ac1daaf1663bdf562\/uploads\/Avep1yrDl2lg-Programacion-Pastoral-Profetica.pdf\" target=\"_blank\">Avep1yrDl2lg-Programacion-Pastoral-Profetica.pdf<\/a><\/td>\n                    <td style=\"\">24\/09\/2025 10:42 PM<\/td>\n            <\/tr>\n            <tr id=\"table_3_row_164\">\n                    <td style=\"\">Programaci\u00f3n Parroquial<\/td>\n                    <td style=\"\">P006 NUESTRA SE\u00d1ORA DE LA ASUNCI\u00d3N(JARDINES DE LA ASUNCI\u00d3N)<\/td>\n                    <td style=\"\">Organismos Eclesiales Laicales (OEL)<\/td>\n                    <td style=\"\">Otro<\/td>\n                    <td style=\"\">Organismos Eclesiales Laicales<\/td>\n                    <td style=\"\"><a href=\"https:\/\/diocesisdeaguascalientes.mx\/vicaria-de-pastoral\/wp-content\/uploads\/sites\/2\/forminator\/10414_47c7fef6f8c6f15ac1daaf1663bdf562\/uploads\/yHfVlcLJ3Mn6-Programacion-OELs-Parroquia-NSA-2025-2026.pdf\" target=\"_blank\">yHfVlcLJ3Mn6-Programacion-OELs-Parroquia-NSA-2025-2026.pdf<\/a><\/td>\n                    <td style=\"\">24\/09\/2025 10:40 PM<\/td>\n            <\/tr>\n            <tr id=\"table_3_row_165\">\n                    <td style=\"\">Programaci\u00f3n Parroquial<\/td>\n                    <td style=\"\">P055 SAN JUDAS TADEO(INSURGENTES)<\/td>\n                    <td style=\"\">Familiar<\/td>\n                    <td style=\"\"><\/td>\n                    <td style=\"\"><\/td>\n                    <td style=\"\"><a href=\"https:\/\/diocesisdeaguascalientes.mx\/vicaria-de-pastoral\/wp-content\/uploads\/sites\/2\/forminator\/10414_47c7fef6f8c6f15ac1daaf1663bdf562\/uploads\/9yX3mKE3nGDM-PROGRAMACION-PARROQUIAL-SAN-JUDAS-TADEO-2025-2026-PASTORAL-FAMILIAR.pdf\" target=\"_blank\">9yX3mKE3nGDM-PROGRAMACION-PARROQUIAL-SAN-JUDAS-TADEO-2025-2026-PASTORAL-FAMILIAR.pdf<\/a><\/td>\n                    <td style=\"\">24\/09\/2025 10:40 PM<\/td>\n            <\/tr>\n            <tr id=\"table_3_row_166\">\n                    <td style=\"\">Programaci\u00f3n Parroquial<\/td>\n                    <td style=\"\">P006 NUESTRA SE\u00d1ORA DE LA ASUNCI\u00d3N(JARDINES DE LA ASUNCI\u00d3N)<\/td>\n                    <td style=\"\">Pastoral de la Comunicaci\u00f3n<\/td>\n                    <td style=\"\"><\/td>\n                    <td style=\"\"><\/td>\n                    <td style=\"\"><a href=\"https:\/\/diocesisdeaguascalientes.mx\/vicaria-de-pastoral\/wp-content\/uploads\/sites\/2\/forminator\/10414_47c7fef6f8c6f15ac1daaf1663bdf562\/uploads\/1yG8ptK3tctC-Programacion-Comunicacion-NSA-2025-2026.pdf\" target=\"_blank\">1yG8ptK3tctC-Programacion-Comunicacion-NSA-2025-2026.pdf<\/a><\/td>\n                    <td style=\"\">24\/09\/2025 10:39 PM<\/td>\n            <\/tr>\n            <tr id=\"table_3_row_167\">\n                    <td style=\"\">Programaci\u00f3n Parroquial<\/td>\n                    <td style=\"\">P043 SAN JOS\u00c9(CENTRO)<\/td>\n                    <td style=\"\">Animaci\u00f3n Pastoral (CPP)<\/td>\n                    <td style=\"\"><\/td>\n                    <td style=\"\"><\/td>\n                    <td style=\"\"><a href=\"https:\/\/diocesisdeaguascalientes.mx\/vicaria-de-pastoral\/wp-content\/uploads\/sites\/2\/forminator\/10414_47c7fef6f8c6f15ac1daaf1663bdf562\/uploads\/4BkzglpZvDJu-ANIMACION-PASTORAL.pdf\" target=\"_blank\">4BkzglpZvDJu-ANIMACION-PASTORAL.pdf<\/a><\/td>\n                    <td style=\"\">24\/09\/2025 10:39 PM<\/td>\n            <\/tr>\n            <tr id=\"table_3_row_168\">\n                    <td style=\"\">Programaci\u00f3n Parroquial<\/td>\n                    <td style=\"\">P006 NUESTRA SE\u00d1ORA DE LA ASUNCI\u00d3N(JARDINES DE LA ASUNCI\u00d3N)<\/td>\n                    <td style=\"\">Juvenil<\/td>\n                    <td style=\"\"><\/td>\n                    <td style=\"\"><\/td>\n                    <td style=\"\"><a href=\"https:\/\/diocesisdeaguascalientes.mx\/vicaria-de-pastoral\/wp-content\/uploads\/sites\/2\/forminator\/10414_47c7fef6f8c6f15ac1daaf1663bdf562\/uploads\/zfHqj249Jx0g-Programacion-2025-2026-parroquial-de-JEITO-.pdf\" target=\"_blank\">zfHqj249Jx0g-Programacion-2025-2026-parroquial-de-JEITO-.pdf<\/a><\/td>\n                    <td style=\"\">24\/09\/2025 10:39 PM<\/td>\n            <\/tr>\n            <tr id=\"table_3_row_169\">\n                    <td style=\"\">Programaci\u00f3n Parroquial<\/td>\n                    <td style=\"\">P006 NUESTRA SE\u00d1ORA DE LA ASUNCI\u00d3N(JARDINES DE LA ASUNCI\u00d3N)<\/td>\n                    <td style=\"\">Social<\/td>\n                    <td style=\"\"><\/td>\n                    <td style=\"\"><\/td>\n                    <td style=\"\"><a href=\"https:\/\/diocesisdeaguascalientes.mx\/vicaria-de-pastoral\/wp-content\/uploads\/sites\/2\/forminator\/10414_47c7fef6f8c6f15ac1daaf1663bdf562\/uploads\/BQXSmgabrVGA-Formato-Programacion-2025-2026.pdf\" target=\"_blank\">BQXSmgabrVGA-Formato-Programacion-2025-2026.pdf<\/a><\/td>\n                    <td style=\"\">24\/09\/2025 10:38 PM<\/td>\n            <\/tr>\n            <tr id=\"table_3_row_170\">\n                    <td style=\"\">Programaci\u00f3n Parroquial<\/td>\n                    <td style=\"\">P043 SAN JOS\u00c9(CENTRO)<\/td>\n                    <td style=\"\">Prof\u00e9tica<\/td>\n                    <td style=\"\"><\/td>\n                    <td style=\"\"><\/td>\n                    <td style=\"\"><a href=\"https:\/\/diocesisdeaguascalientes.mx\/vicaria-de-pastoral\/wp-content\/uploads\/sites\/2\/forminator\/10414_47c7fef6f8c6f15ac1daaf1663bdf562\/uploads\/hMTpkkjwI1XO-PASTORAL-PROFETICA.pdf\" target=\"_blank\">hMTpkkjwI1XO-PASTORAL-PROFETICA.pdf<\/a><\/td>\n                    <td style=\"\">24\/09\/2025 10:37 PM<\/td>\n            <\/tr>\n            <tr id=\"table_3_row_171\">\n                    <td style=\"\">Programaci\u00f3n Parroquial<\/td>\n                    <td style=\"\">P006 NUESTRA SE\u00d1ORA DE LA ASUNCI\u00d3N(JARDINES DE LA ASUNCI\u00d3N)<\/td>\n                    <td style=\"\">Familiar<\/td>\n                    <td style=\"\"><\/td>\n                    <td style=\"\"><\/td>\n                    <td style=\"\"><a href=\"https:\/\/diocesisdeaguascalientes.mx\/vicaria-de-pastoral\/wp-content\/uploads\/sites\/2\/forminator\/10414_47c7fef6f8c6f15ac1daaf1663bdf562\/uploads\/8THgPD5qAZSf-PLANEACION-PF-PARROQUIA-NUESTRA-SENORA-DE-LA-ASUNCION-2025-2026-1.pdf\" target=\"_blank\">8THgPD5qAZSf-PLANEACION-PF-PARROQUIA-NUESTRA-SENORA-DE-LA-ASUNCION-2025-2026-1.pdf<\/a><\/td>\n                    <td style=\"\">24\/09\/2025 10:36 PM<\/td>\n            <\/tr>\n            <tr id=\"table_3_row_172\">\n                    <td style=\"\">Programaci\u00f3n Parroquial<\/td>\n                    <td style=\"\">P043 SAN JOS\u00c9(CENTRO)<\/td>\n                    <td style=\"\">Social<\/td>\n                    <td style=\"\"><\/td>\n                    <td style=\"\"><\/td>\n                    <td style=\"\"><a href=\"https:\/\/diocesisdeaguascalientes.mx\/vicaria-de-pastoral\/wp-content\/uploads\/sites\/2\/forminator\/10414_47c7fef6f8c6f15ac1daaf1663bdf562\/uploads\/jlSCIXM9aKAO-PASTORAL-SOCIAL.pdf\" target=\"_blank\">jlSCIXM9aKAO-PASTORAL-SOCIAL.pdf<\/a><\/td>\n                    <td style=\"\">24\/09\/2025 10:35 PM<\/td>\n            <\/tr>\n            <tr id=\"table_3_row_173\">\n                    <td style=\"\">Programaci\u00f3n Parroquial<\/td>\n                    <td style=\"\">P006 NUESTRA SE\u00d1ORA DE LA ASUNCI\u00d3N(JARDINES DE LA ASUNCI\u00d3N)<\/td>\n                    <td style=\"\">Lit\u00fargica<\/td>\n                    <td style=\"\"><\/td>\n                    <td style=\"\"><\/td>\n                    <td style=\"\"><a href=\"https:\/\/diocesisdeaguascalientes.mx\/vicaria-de-pastoral\/wp-content\/uploads\/sites\/2\/forminator\/10414_47c7fef6f8c6f15ac1daaf1663bdf562\/uploads\/HHjjhzGkaaPa-PROGRAMACION-PASTORAL-parroquial-LITURGIA-2025.pdf\" target=\"_blank\">HHjjhzGkaaPa-PROGRAMACION-PASTORAL-parroquial-LITURGIA-2025.pdf<\/a><\/td>\n                    <td style=\"\">24\/09\/2025 10:34 PM<\/td>\n            <\/tr>\n            <tr id=\"table_3_row_174\">\n                    <td style=\"\">Programaci\u00f3n Parroquial<\/td>\n                    <td style=\"\">P006 NUESTRA SE\u00d1ORA DE LA ASUNCI\u00d3N(JARDINES DE LA ASUNCI\u00d3N)<\/td>\n                    <td style=\"\">Animaci\u00f3n Pastoral (CPP)<\/td>\n                    <td style=\"\"><\/td>\n                    <td style=\"\"><\/td>\n                    <td style=\"\"><a href=\"https:\/\/diocesisdeaguascalientes.mx\/vicaria-de-pastoral\/wp-content\/uploads\/sites\/2\/forminator\/10414_47c7fef6f8c6f15ac1daaf1663bdf562\/uploads\/jqKU8e6HQouw-Programacion-Consejo-NSA-2025-2026.pdf\" target=\"_blank\">jqKU8e6HQouw-Programacion-Consejo-NSA-2025-2026.pdf<\/a><\/td>\n                    <td style=\"\">24\/09\/2025 10:33 PM<\/td>\n            <\/tr>\n            <tr id=\"table_3_row_175\">\n                    <td style=\"\">Programaci\u00f3n Parroquial<\/td>\n                    <td style=\"\">P055 SAN JUDAS TADEO(INSURGENTES)<\/td>\n                    <td style=\"\">Prof\u00e9tica<\/td>\n                    <td style=\"\"><\/td>\n                    <td style=\"\"><\/td>\n                    <td style=\"\"><a href=\"https:\/\/diocesisdeaguascalientes.mx\/vicaria-de-pastoral\/wp-content\/uploads\/sites\/2\/forminator\/10414_47c7fef6f8c6f15ac1daaf1663bdf562\/uploads\/adRLq098XTzj-PROGRAMACION-PARROQUIAL-PASTORAL-PROFETICA-2025-2026-SJT.pdf\" target=\"_blank\">adRLq098XTzj-PROGRAMACION-PARROQUIAL-PASTORAL-PROFETICA-2025-2026-SJT.pdf<\/a><\/td>\n                    <td style=\"\">24\/09\/2025 10:14 PM<\/td>\n            <\/tr>\n            <tr id=\"table_3_row_176\">\n                    <td style=\"\">Programaci\u00f3n Parroquial<\/td>\n                    <td style=\"\">P039 INMACULADO CORAZ\u00d3N DE MAR\u00cdA(LAS FLORES)<\/td>\n                    <td style=\"\">Prof\u00e9tica<\/td>\n                    <td style=\"\"><\/td>\n                    <td style=\"\"><\/td>\n                    <td style=\"\"><a href=\"https:\/\/diocesisdeaguascalientes.mx\/vicaria-de-pastoral\/wp-content\/uploads\/sites\/2\/forminator\/10414_47c7fef6f8c6f15ac1daaf1663bdf562\/uploads\/KiyMO9UcVsQF-PROGRAMACION-PASTORAL-PROFETICA-2025-2026.pdf\" target=\"_blank\">KiyMO9UcVsQF-PROGRAMACION-PASTORAL-PROFETICA-2025-2026.pdf<\/a><\/td>\n                    <td style=\"\">24\/09\/2025 10:12 PM<\/td>\n            <\/tr>\n            <tr id=\"table_3_row_177\">\n                    <td style=\"\">Programaci\u00f3n Parroquial<\/td>\n                    <td style=\"\">P039 INMACULADO CORAZ\u00d3N DE MAR\u00cdA(LAS FLORES)<\/td>\n                    <td style=\"\">Lit\u00fargica<\/td>\n                    <td style=\"\"><\/td>\n                    <td style=\"\"><\/td>\n                    <td style=\"\"><a href=\"https:\/\/diocesisdeaguascalientes.mx\/vicaria-de-pastoral\/wp-content\/uploads\/sites\/2\/forminator\/10414_47c7fef6f8c6f15ac1daaf1663bdf562\/uploads\/MniFtrIZ4Whz-Programacion-Pastoral-LITURGIA-2025_2026.pdf\" target=\"_blank\">MniFtrIZ4Whz-Programacion-Pastoral-LITURGIA-2025_2026.pdf<\/a><\/td>\n                    <td style=\"\">24\/09\/2025 10:08 PM<\/td>\n            <\/tr>\n            <tr id=\"table_3_row_178\">\n                    <td style=\"\">Programaci\u00f3n Parroquial<\/td>\n                    <td style=\"\">P123 SAN IGNACIO DE LOYOLA(SAN IGNACIO)<\/td>\n                    <td style=\"\">Animaci\u00f3n Pastoral (CPP)<\/td>\n                    <td style=\"\"><\/td>\n                    <td style=\"\"><\/td>\n                    <td style=\"\"><a href=\"https:\/\/diocesisdeaguascalientes.mx\/vicaria-de-pastoral\/wp-content\/uploads\/sites\/2\/forminator\/10414_47c7fef6f8c6f15ac1daaf1663bdf562\/uploads\/s3QAADEOmObT-Programacion-Equipo-Evangelizador-2025-2026.pdf\" target=\"_blank\">s3QAADEOmObT-Programacion-Equipo-Evangelizador-2025-2026.pdf<\/a><\/td>\n                    <td style=\"\">24\/09\/2025 10:05 PM<\/td>\n            <\/tr>\n            <tr id=\"table_3_row_179\">\n                    <td style=\"\">Programaci\u00f3n Parroquial<\/td>\n                    <td style=\"\">P059 NUESTRA SE\u00d1ORA DE LOURDES(LOMA BONITA)<\/td>\n                    <td style=\"\">Familiar<\/td>\n                    <td style=\"\"><\/td>\n                    <td style=\"\"><\/td>\n                    <td style=\"\"><a href=\"https:\/\/diocesisdeaguascalientes.mx\/vicaria-de-pastoral\/wp-content\/uploads\/sites\/2\/forminator\/10414_47c7fef6f8c6f15ac1daaf1663bdf562\/uploads\/nzn4vkLJnpj9-PASTORAL-FAMILIAR.pdf\" target=\"_blank\">nzn4vkLJnpj9-PASTORAL-FAMILIAR.pdf<\/a><\/td>\n                    <td style=\"\">24\/09\/2025 09:59 PM<\/td>\n            <\/tr>\n            <tr id=\"table_3_row_180\">\n                    <td style=\"\">Programaci\u00f3n Parroquial<\/td>\n                    <td style=\"\">P059 NUESTRA SE\u00d1ORA DE LOURDES(LOMA BONITA)<\/td>\n                    <td style=\"\">Lit\u00fargica<\/td>\n                    <td style=\"\"><\/td>\n                    <td style=\"\"><\/td>\n                    <td style=\"\"><a href=\"https:\/\/diocesisdeaguascalientes.mx\/vicaria-de-pastoral\/wp-content\/uploads\/sites\/2\/forminator\/10414_47c7fef6f8c6f15ac1daaf1663bdf562\/uploads\/XEAkRENjIiaX-PASTORAL-LITURGICA-PARROQUIA-NTRA-SRA-LOURDES-2025_2026.pdf\" target=\"_blank\">XEAkRENjIiaX-PASTORAL-LITURGICA-PARROQUIA-NTRA-SRA-LOURDES-2025_2026.pdf<\/a><\/td>\n                    <td style=\"\">24\/09\/2025 09:59 PM<\/td>\n            <\/tr>\n            <tr id=\"table_3_row_181\">\n                    <td style=\"\">Programaci\u00f3n Parroquial<\/td>\n                    <td style=\"\">P091 SANTA MARIA ESTRELLA DE LA EVANGELIZACI\u00d3N(ESTRELLA)<\/td>\n                    <td style=\"\">Animaci\u00f3n Pastoral (CPP)<\/td>\n                    <td style=\"\"><\/td>\n                    <td style=\"\"><\/td>\n                    <td style=\"\"><a href=\"https:\/\/diocesisdeaguascalientes.mx\/vicaria-de-pastoral\/wp-content\/uploads\/sites\/2\/forminator\/10414_47c7fef6f8c6f15ac1daaf1663bdf562\/uploads\/l7mvNXFYxiVH-Programacion-Animacion-Pastoral-2025-2026.pdf\" target=\"_blank\">l7mvNXFYxiVH-Programacion-Animacion-Pastoral-2025-2026.pdf<\/a><\/td>\n                    <td style=\"\">24\/09\/2025 09:58 PM<\/td>\n            <\/tr>\n            <tr id=\"table_3_row_182\">\n                    <td style=\"\">Programaci\u00f3n Parroquial<\/td>\n                    <td style=\"\">P091 SANTA MARIA ESTRELLA DE LA EVANGELIZACI\u00d3N(ESTRELLA)<\/td>\n                    <td style=\"\">Pastoral de la Comunicaci\u00f3n<\/td>\n                    <td style=\"\"><\/td>\n                    <td style=\"\"><\/td>\n                    <td style=\"\"><a href=\"https:\/\/diocesisdeaguascalientes.mx\/vicaria-de-pastoral\/wp-content\/uploads\/sites\/2\/forminator\/10414_47c7fef6f8c6f15ac1daaf1663bdf562\/uploads\/Q3PMG8ILLZo3-Programacion-Pastoral-de-la-Comunicacion-2025-2026.pdf\" target=\"_blank\">Q3PMG8ILLZo3-Programacion-Pastoral-de-la-Comunicacion-2025-2026.pdf<\/a><\/td>\n                    <td style=\"\">24\/09\/2025 09:57 PM<\/td>\n            <\/tr>\n            <tr id=\"table_3_row_183\">\n                    <td style=\"\">Programaci\u00f3n Parroquial<\/td>\n                    <td style=\"\">P091 SANTA MARIA ESTRELLA DE LA EVANGELIZACI\u00d3N(ESTRELLA)<\/td>\n                    <td style=\"\">Familiar<\/td>\n                    <td style=\"\"><\/td>\n                    <td style=\"\"><\/td>\n                    <td style=\"\"><a href=\"https:\/\/diocesisdeaguascalientes.mx\/vicaria-de-pastoral\/wp-content\/uploads\/sites\/2\/forminator\/10414_47c7fef6f8c6f15ac1daaf1663bdf562\/uploads\/9WkaWMvkHe7h-Programacion-Pastoral-Familiar-2025-2026.pdf\" target=\"_blank\">9WkaWMvkHe7h-Programacion-Pastoral-Familiar-2025-2026.pdf<\/a><\/td>\n                    <td style=\"\">24\/09\/2025 09:57 PM<\/td>\n            <\/tr>\n            <tr id=\"table_3_row_184\">\n                    <td style=\"\">Programaci\u00f3n Parroquial<\/td>\n                    <td style=\"\">P091 SANTA MARIA ESTRELLA DE LA EVANGELIZACI\u00d3N(ESTRELLA)<\/td>\n                    <td style=\"\">Lit\u00fargica<\/td>\n                    <td style=\"\"><\/td>\n                    <td style=\"\"><\/td>\n                    <td style=\"\"><a href=\"https:\/\/diocesisdeaguascalientes.mx\/vicaria-de-pastoral\/wp-content\/uploads\/sites\/2\/forminator\/10414_47c7fef6f8c6f15ac1daaf1663bdf562\/uploads\/fb2L6GsXfle2-Programacion-Pastoral-Liturgica-2025-2026.pdf\" target=\"_blank\">fb2L6GsXfle2-Programacion-Pastoral-Liturgica-2025-2026.pdf<\/a><\/td>\n                    <td style=\"\">24\/09\/2025 09:54 PM<\/td>\n            <\/tr>\n            <tr id=\"table_3_row_185\">\n                    <td style=\"\">Programaci\u00f3n Parroquial<\/td>\n                    <td style=\"\">P091 SANTA MARIA ESTRELLA DE LA EVANGELIZACI\u00d3N(ESTRELLA)<\/td>\n                    <td style=\"\">Prof\u00e9tica<\/td>\n                    <td style=\"\"><\/td>\n                    <td style=\"\"><\/td>\n                    <td style=\"\"><a href=\"https:\/\/diocesisdeaguascalientes.mx\/vicaria-de-pastoral\/wp-content\/uploads\/sites\/2\/forminator\/10414_47c7fef6f8c6f15ac1daaf1663bdf562\/uploads\/Uj6H5i9G28T0-Programacion-Pastoral-Profetica-2025-2026.pdf\" target=\"_blank\">Uj6H5i9G28T0-Programacion-Pastoral-Profetica-2025-2026.pdf<\/a><\/td>\n                    <td style=\"\">24\/09\/2025 09:53 PM<\/td>\n            <\/tr>\n            <tr id=\"table_3_row_186\">\n                    <td style=\"\">Programaci\u00f3n Parroquial<\/td>\n                    <td style=\"\">P040 SAN JACINTO CONFESOR(SAN JACINTO)<\/td>\n                    <td style=\"\">Animaci\u00f3n Pastoral (CPP)<\/td>\n                    <td style=\"\"><\/td>\n                    <td style=\"\"><\/td>\n                    <td style=\"\"><a href=\"https:\/\/diocesisdeaguascalientes.mx\/vicaria-de-pastoral\/wp-content\/uploads\/sites\/2\/forminator\/10414_47c7fef6f8c6f15ac1daaf1663bdf562\/uploads\/HRFCrOkONpwd-PROGRAMACION-PARROQUIAL-SAN-JACINTO-ANIMACION-PASTORAL.pdf\" target=\"_blank\">HRFCrOkONpwd-PROGRAMACION-PARROQUIAL-SAN-JACINTO-ANIMACION-PASTORAL.pdf<\/a><\/td>\n                    <td style=\"\">24\/09\/2025 09:30 PM<\/td>\n            <\/tr>\n            <tr id=\"table_3_row_187\">\n                    <td style=\"\">Programaci\u00f3n Parroquial<\/td>\n                    <td style=\"\">P040 SAN JACINTO CONFESOR(SAN JACINTO)<\/td>\n                    <td style=\"\">Adolescentes<\/td>\n                    <td style=\"\"><\/td>\n                    <td style=\"\"><\/td>\n                    <td style=\"\"><a href=\"https:\/\/diocesisdeaguascalientes.mx\/vicaria-de-pastoral\/wp-content\/uploads\/sites\/2\/forminator\/10414_47c7fef6f8c6f15ac1daaf1663bdf562\/uploads\/Bp3f7BZI8jLP-PROGRAMACION-PARROQUIAL-SAN-JACINTO-ADOLESECENTES.pdf\" target=\"_blank\">Bp3f7BZI8jLP-PROGRAMACION-PARROQUIAL-SAN-JACINTO-ADOLESECENTES.pdf<\/a><\/td>\n                    <td style=\"\">24\/09\/2025 09:29 PM<\/td>\n            <\/tr>\n            <tr id=\"table_3_row_188\">\n                    <td style=\"\">Programaci\u00f3n Parroquial<\/td>\n                    <td style=\"\">P040 SAN JACINTO CONFESOR(SAN JACINTO)<\/td>\n                    <td style=\"\">Familiar<\/td>\n                    <td style=\"\"><\/td>\n                    <td style=\"\"><\/td>\n                    <td style=\"\"><a href=\"https:\/\/diocesisdeaguascalientes.mx\/vicaria-de-pastoral\/wp-content\/uploads\/sites\/2\/forminator\/10414_47c7fef6f8c6f15ac1daaf1663bdf562\/uploads\/W12dTOXolXcC-PROGRAMACION-PARROQUIAL-SAN-JACINTO-FAMILIAR-.pdf\" target=\"_blank\">W12dTOXolXcC-PROGRAMACION-PARROQUIAL-SAN-JACINTO-FAMILIAR-.pdf<\/a><\/td>\n                    <td style=\"\">24\/09\/2025 09:27 PM<\/td>\n            <\/tr>\n            <tr id=\"table_3_row_189\">\n                    <td style=\"\">Programaci\u00f3n Parroquial<\/td>\n                    <td style=\"\">P040 SAN JACINTO CONFESOR(SAN JACINTO)<\/td>\n                    <td style=\"\">Social<\/td>\n                    <td style=\"\"><\/td>\n                    <td style=\"\"><\/td>\n                    <td style=\"\"><a href=\"https:\/\/diocesisdeaguascalientes.mx\/vicaria-de-pastoral\/wp-content\/uploads\/sites\/2\/forminator\/10414_47c7fef6f8c6f15ac1daaf1663bdf562\/uploads\/TpO3E7Xjd6hM-PROGRAMACION-PARROQUIAL-SAN-JACINTO-SOCIAL.pdf\" target=\"_blank\">TpO3E7Xjd6hM-PROGRAMACION-PARROQUIAL-SAN-JACINTO-SOCIAL.pdf<\/a><\/td>\n                    <td style=\"\">24\/09\/2025 09:26 PM<\/td>\n            <\/tr>\n            <tr id=\"table_3_row_190\">\n                    <td style=\"\">Programaci\u00f3n Parroquial<\/td>\n                    <td style=\"\">P064 SAN MIGUEL (IGNACIO ZARAGOZA)<\/td>\n                    <td style=\"\">Organismos Eclesiales Laicales (OEL)<\/td>\n                    <td style=\"\">13.Cursillos de Cristiandad<\/td>\n                    <td style=\"\"><\/td>\n                    <td style=\"\"><a href=\"https:\/\/diocesisdeaguascalientes.mx\/vicaria-de-pastoral\/wp-content\/uploads\/sites\/2\/forminator\/10414_47c7fef6f8c6f15ac1daaf1663bdf562\/uploads\/yeo1uv4b83cv-PROGRAMACION-PARROQUIAL-P064-SAN-MIGUEL-ORGANISMOS-ECLESIALES-LAICALES.pdf\" target=\"_blank\">yeo1uv4b83cv-PROGRAMACION-PARROQUIAL-P064-SAN-MIGUEL-ORGANISMOS-ECLESIALES-LAICALES.pdf<\/a><\/td>\n                    <td style=\"\">24\/09\/2025 09:25 PM<\/td>\n            <\/tr>\n            <tr id=\"table_3_row_191\">\n                    <td style=\"\">Programaci\u00f3n Parroquial<\/td>\n                    <td style=\"\">P040 SAN JACINTO CONFESOR(SAN JACINTO)<\/td>\n                    <td style=\"\">Lit\u00fargica<\/td>\n                    <td style=\"\"><\/td>\n                    <td style=\"\"><\/td>\n                    <td style=\"\"><a href=\"https:\/\/diocesisdeaguascalientes.mx\/vicaria-de-pastoral\/wp-content\/uploads\/sites\/2\/forminator\/10414_47c7fef6f8c6f15ac1daaf1663bdf562\/uploads\/B059TmWlXPBV-PROGRAMACION-PARROQUIAL-SAN-JACINTO-LITURGICA.pdf\" target=\"_blank\">B059TmWlXPBV-PROGRAMACION-PARROQUIAL-SAN-JACINTO-LITURGICA.pdf<\/a><\/td>\n                    <td style=\"\">24\/09\/2025 09:24 PM<\/td>\n            <\/tr>\n            <tr id=\"table_3_row_192\">\n                    <td style=\"\">Programaci\u00f3n Parroquial<\/td>\n                    <td style=\"\">P064 SAN MIGUEL (IGNACIO ZARAGOZA)<\/td>\n                    <td style=\"\">Adolescentes<\/td>\n                    <td style=\"\"><\/td>\n                    <td style=\"\"><\/td>\n                    <td style=\"\"><a href=\"https:\/\/diocesisdeaguascalientes.mx\/vicaria-de-pastoral\/wp-content\/uploads\/sites\/2\/forminator\/10414_47c7fef6f8c6f15ac1daaf1663bdf562\/uploads\/Ita0jtKRcW0K-PROGRAMACION-PARROQUIAL-P064-SAN-MIGUEL-ADOLESCENTES.pdf\" target=\"_blank\">Ita0jtKRcW0K-PROGRAMACION-PARROQUIAL-P064-SAN-MIGUEL-ADOLESCENTES.pdf<\/a><\/td>\n                    <td style=\"\">24\/09\/2025 09:24 PM<\/td>\n            <\/tr>\n            <tr id=\"table_3_row_193\">\n                    <td style=\"\">Programaci\u00f3n Parroquial<\/td>\n                    <td style=\"\">P072 NUESTRA SE\u00d1ORA DEL REFUGIO(DEL TRABAJO)<\/td>\n                    <td style=\"\">Pastoral de la Comunicaci\u00f3n<\/td>\n                    <td style=\"\"><\/td>\n                    <td style=\"\"><\/td>\n                    <td style=\"\"><a href=\"https:\/\/diocesisdeaguascalientes.mx\/vicaria-de-pastoral\/wp-content\/uploads\/sites\/2\/forminator\/10414_47c7fef6f8c6f15ac1daaf1663bdf562\/uploads\/S3a83P2JJhOx-Programacion_Pastoral_ODA.pdf\" target=\"_blank\">S3a83P2JJhOx-Programacion_Pastoral_ODA.pdf<\/a><\/td>\n                    <td style=\"\">24\/09\/2025 09:23 PM<\/td>\n            <\/tr>\n            <tr id=\"table_3_row_194\">\n                    <td style=\"\">Programaci\u00f3n Parroquial<\/td>\n                    <td style=\"\">P064 SAN MIGUEL (IGNACIO ZARAGOZA)<\/td>\n                    <td style=\"\">Familiar<\/td>\n                    <td style=\"\"><\/td>\n                    <td style=\"\"><\/td>\n                    <td style=\"\"><a href=\"https:\/\/diocesisdeaguascalientes.mx\/vicaria-de-pastoral\/wp-content\/uploads\/sites\/2\/forminator\/10414_47c7fef6f8c6f15ac1daaf1663bdf562\/uploads\/iJwML3k5pEcd-PROGRAMACION-PARROQUIAL-P064-SAN-MIGUEL-PASTORAL-FAMILIAR.pdf\" target=\"_blank\">iJwML3k5pEcd-PROGRAMACION-PARROQUIAL-P064-SAN-MIGUEL-PASTORAL-FAMILIAR.pdf<\/a><\/td>\n                    <td style=\"\">24\/09\/2025 09:22 PM<\/td>\n            <\/tr>\n            <tr id=\"table_3_row_195\">\n                    <td style=\"\">Programaci\u00f3n Parroquial<\/td>\n                    <td style=\"\">P040 SAN JACINTO CONFESOR(SAN JACINTO)<\/td>\n                    <td style=\"\">Prof\u00e9tica<\/td>\n                    <td style=\"\"><\/td>\n                    <td style=\"\"><\/td>\n                    <td style=\"\"><a href=\"https:\/\/diocesisdeaguascalientes.mx\/vicaria-de-pastoral\/wp-content\/uploads\/sites\/2\/forminator\/10414_47c7fef6f8c6f15ac1daaf1663bdf562\/uploads\/MdtIC2pYuSVx-PROGRAMACION-PARROQUIAL-SAN-JACINTO-PROFETICA-.pdf\" target=\"_blank\">MdtIC2pYuSVx-PROGRAMACION-PARROQUIAL-SAN-JACINTO-PROFETICA-.pdf<\/a><\/td>\n                    <td style=\"\">24\/09\/2025 09:22 PM<\/td>\n            <\/tr>\n            <tr id=\"table_3_row_196\">\n                    <td style=\"\">Programaci\u00f3n Parroquial<\/td>\n                    <td style=\"\">P064 SAN MIGUEL (IGNACIO ZARAGOZA)<\/td>\n                    <td style=\"\">Social<\/td>\n                    <td style=\"\"><\/td>\n                    <td style=\"\"><\/td>\n                    <td style=\"\"><a href=\"https:\/\/diocesisdeaguascalientes.mx\/vicaria-de-pastoral\/wp-content\/uploads\/sites\/2\/forminator\/10414_47c7fef6f8c6f15ac1daaf1663bdf562\/uploads\/XF3ILjWMPp6h-PROGRAMACION-PARROQUIAL-P064-SAN-MIGUEL-PASTORAL-SOCIAL.pdf\" target=\"_blank\">XF3ILjWMPp6h-PROGRAMACION-PARROQUIAL-P064-SAN-MIGUEL-PASTORAL-SOCIAL.pdf<\/a><\/td>\n                    <td style=\"\">24\/09\/2025 09:21 PM<\/td>\n            <\/tr>\n            <tr id=\"table_3_row_197\">\n                    <td style=\"\">Programaci\u00f3n Parroquial<\/td>\n                    <td style=\"\">P064 SAN MIGUEL (IGNACIO ZARAGOZA)<\/td>\n                    <td style=\"\">Lit\u00fargica<\/td>\n                    <td style=\"\"><\/td>\n                    <td style=\"\"><\/td>\n                    <td style=\"\"><a href=\"https:\/\/diocesisdeaguascalientes.mx\/vicaria-de-pastoral\/wp-content\/uploads\/sites\/2\/forminator\/10414_47c7fef6f8c6f15ac1daaf1663bdf562\/uploads\/9EAVL9Erwa5j-PROGRAMACION-PARROQUIAL-P064-SAN-MIGUEL-PASTORAL-LITURGICA.pdf\" target=\"_blank\">9EAVL9Erwa5j-PROGRAMACION-PARROQUIAL-P064-SAN-MIGUEL-PASTORAL-LITURGICA.pdf<\/a><\/td>\n                    <td style=\"\">24\/09\/2025 09:20 PM<\/td>\n            <\/tr>\n            <tr id=\"table_3_row_198\">\n                    <td style=\"\">Programaci\u00f3n Parroquial<\/td>\n                    <td style=\"\">P123 SAN IGNACIO DE LOYOLA(SAN IGNACIO)<\/td>\n                    <td style=\"\">Pastoral de la Comunicaci\u00f3n<\/td>\n                    <td style=\"\"><\/td>\n                    <td style=\"\"><\/td>\n                    <td style=\"\"><a href=\"https:\/\/diocesisdeaguascalientes.mx\/vicaria-de-pastoral\/wp-content\/uploads\/sites\/2\/forminator\/10414_47c7fef6f8c6f15ac1daaf1663bdf562\/uploads\/kT2qsBWZHFTp-PROG.-PAST.-COMU.-parroquial.pdf\" target=\"_blank\">kT2qsBWZHFTp-PROG.-PAST.-COMU.-parroquial.pdf<\/a><\/td>\n                    <td style=\"\">24\/09\/2025 09:17 PM<\/td>\n            <\/tr>\n            <tr id=\"table_3_row_199\">\n                    <td style=\"\">Programaci\u00f3n Parroquial<\/td>\n                    <td style=\"\">P048 SAN JOS\u00c9(BAJ\u00cdO DE SAN JOS\u00c9)<\/td>\n                    <td style=\"\">Organismos Eclesiales Laicales (OEL)<\/td>\n                    <td style=\"\">27.Legi\u00f3n de Mar\u00eda<\/td>\n                    <td style=\"\"><\/td>\n                    <td style=\"\"><a href=\"https:\/\/diocesisdeaguascalientes.mx\/vicaria-de-pastoral\/wp-content\/uploads\/sites\/2\/forminator\/10414_47c7fef6f8c6f15ac1daaf1663bdf562\/uploads\/cstea99hbQzQ-OEL-BAJIO.pdf\" target=\"_blank\">cstea99hbQzQ-OEL-BAJIO.pdf<\/a><\/td>\n                    <td style=\"\">24\/09\/2025 09:16 PM<\/td>\n            <\/tr>\n            <tr id=\"table_3_row_200\">\n                    <td style=\"\">Programaci\u00f3n Parroquial<\/td>\n                    <td style=\"\">P123 SAN IGNACIO DE LOYOLA(SAN IGNACIO)<\/td>\n                    <td style=\"\">Adolescentes<\/td>\n                    <td style=\"\"><\/td>\n                    <td style=\"\"><\/td>\n                    <td style=\"\"><a href=\"https:\/\/diocesisdeaguascalientes.mx\/vicaria-de-pastoral\/wp-content\/uploads\/sites\/2\/forminator\/10414_47c7fef6f8c6f15ac1daaf1663bdf562\/uploads\/VhtynMztQpdz-FORMATO-DE-PROGRAMACION-ANO-DIOCESANO-DEL-ENCUENTRO-CON-CRISTO-2025-2026.pdf\" target=\"_blank\">VhtynMztQpdz-FORMATO-DE-PROGRAMACION-ANO-DIOCESANO-DEL-ENCUENTRO-CON-CRISTO-2025-2026.pdf<\/a><\/td>\n                    <td style=\"\">24\/09\/2025 09:16 PM<\/td>\n            <\/tr>\n            <tr id=\"table_3_row_201\">\n                    <td style=\"\">Programaci\u00f3n Parroquial<\/td>\n                    <td style=\"\">P123 SAN IGNACIO DE LOYOLA(SAN IGNACIO)<\/td>\n                    <td style=\"\">Familiar<\/td>\n                    <td style=\"\"><\/td>\n                    <td style=\"\"><\/td>\n                    <td style=\"\"><a href=\"https:\/\/diocesisdeaguascalientes.mx\/vicaria-de-pastoral\/wp-content\/uploads\/sites\/2\/forminator\/10414_47c7fef6f8c6f15ac1daaf1663bdf562\/uploads\/kjXTdxRe2byy-PROGRAMACION-PARROQUIAL-PASTORAL-FAMILIAR-ANO-DIOCESANO-DEL-ENCUENTRO-CON-CRISTO-2025-2026.pdf\" target=\"_blank\">kjXTdxRe2byy-PROGRAMACION-PARROQUIAL-PASTORAL-FAMILIAR-ANO-DIOCESANO-DEL-ENCUENTRO-CON-CRISTO-2025-2026.pdf<\/a><\/td>\n                    <td style=\"\">24\/09\/2025 09:15 PM<\/td>\n            <\/tr>\n            <tr id=\"table_3_row_202\">\n                    <td style=\"\">Programaci\u00f3n Parroquial<\/td>\n                    <td style=\"\">P048 SAN JOS\u00c9(BAJ\u00cdO DE SAN JOS\u00c9)<\/td>\n                    <td style=\"\">Juvenil<\/td>\n                    <td style=\"\"><\/td>\n                    <td style=\"\"><\/td>\n                    <td style=\"\"><a href=\"https:\/\/diocesisdeaguascalientes.mx\/vicaria-de-pastoral\/wp-content\/uploads\/sites\/2\/forminator\/10414_47c7fef6f8c6f15ac1daaf1663bdf562\/uploads\/H1UX11HfYgsk-PASTORAL-JUVENIL-BAJIO.pdf\" target=\"_blank\">H1UX11HfYgsk-PASTORAL-JUVENIL-BAJIO.pdf<\/a><\/td>\n                    <td style=\"\">24\/09\/2025 09:14 PM<\/td>\n            <\/tr>\n            <tr id=\"table_3_row_203\">\n                    <td style=\"\">Programaci\u00f3n Parroquial<\/td>\n                    <td style=\"\">P048 SAN JOS\u00c9(BAJ\u00cdO DE SAN JOS\u00c9)<\/td>\n                    <td style=\"\">Familiar<\/td>\n                    <td style=\"\"><\/td>\n                    <td style=\"\"><\/td>\n                    <td style=\"\"><a href=\"https:\/\/diocesisdeaguascalientes.mx\/vicaria-de-pastoral\/wp-content\/uploads\/sites\/2\/forminator\/10414_47c7fef6f8c6f15ac1daaf1663bdf562\/uploads\/ReTOJZDU16X4-PASTORAL-FAMILIAR-BAJIO.pdf\" target=\"_blank\">ReTOJZDU16X4-PASTORAL-FAMILIAR-BAJIO.pdf<\/a><\/td>\n                    <td style=\"\">24\/09\/2025 09:13 PM<\/td>\n            <\/tr>\n            <tr id=\"table_3_row_204\">\n                    <td style=\"\">Programaci\u00f3n Parroquial<\/td>\n                    <td style=\"\">P123 SAN IGNACIO DE LOYOLA(SAN IGNACIO)<\/td>\n                    <td style=\"\">Social<\/td>\n                    <td style=\"\"><\/td>\n                    <td style=\"\"><\/td>\n                    <td style=\"\"><a href=\"https:\/\/diocesisdeaguascalientes.mx\/vicaria-de-pastoral\/wp-content\/uploads\/sites\/2\/forminator\/10414_47c7fef6f8c6f15ac1daaf1663bdf562\/uploads\/TaAOkEvywNcj-past-social-parroquial.pdf\" target=\"_blank\">TaAOkEvywNcj-past-social-parroquial.pdf<\/a><\/td>\n                    <td style=\"\">24\/09\/2025 09:13 PM<\/td>\n            <\/tr>\n            <tr id=\"table_3_row_205\">\n                    <td style=\"\">Programaci\u00f3n Parroquial<\/td>\n                    <td style=\"\">P072 NUESTRA SE\u00d1ORA DEL REFUGIO(DEL TRABAJO)<\/td>\n                    <td style=\"\">Organismos Eclesiales Laicales (OEL)<\/td>\n                    <td style=\"\">40.Renovaci\u00f3n Carism\u00e1tica Cat\u00f3lica en el Esp\u00edritu Santo<\/td>\n                    <td style=\"\"><\/td>\n                    <td style=\"\"><a href=\"https:\/\/diocesisdeaguascalientes.mx\/vicaria-de-pastoral\/wp-content\/uploads\/sites\/2\/forminator\/10414_47c7fef6f8c6f15ac1daaf1663bdf562\/uploads\/tsM1R81jKfHf-Renovacion-.pdf\" target=\"_blank\">tsM1R81jKfHf-Renovacion-.pdf<\/a><\/td>\n                    <td style=\"\">24\/09\/2025 09:12 PM<\/td>\n            <\/tr>\n            <tr id=\"table_3_row_206\">\n                    <td style=\"\">Programaci\u00f3n Parroquial<\/td>\n                    <td style=\"\">P048 SAN JOS\u00c9(BAJ\u00cdO DE SAN JOS\u00c9)<\/td>\n                    <td style=\"\">Social<\/td>\n                    <td style=\"\"><\/td>\n                    <td style=\"\"><\/td>\n                    <td style=\"\"><a href=\"https:\/\/diocesisdeaguascalientes.mx\/vicaria-de-pastoral\/wp-content\/uploads\/sites\/2\/forminator\/10414_47c7fef6f8c6f15ac1daaf1663bdf562\/uploads\/SJSeJxpO4j5N-PASTORAL-SOCIAL-BAJIO.pdf\" target=\"_blank\">SJSeJxpO4j5N-PASTORAL-SOCIAL-BAJIO.pdf<\/a><\/td>\n                    <td style=\"\">24\/09\/2025 09:12 PM<\/td>\n            <\/tr>\n            <tr id=\"table_3_row_207\">\n                    <td style=\"\">Programaci\u00f3n Parroquial<\/td>\n                    <td style=\"\">P123 SAN IGNACIO DE LOYOLA(SAN IGNACIO)<\/td>\n                    <td style=\"\">Lit\u00fargica<\/td>\n                    <td style=\"\"><\/td>\n                    <td style=\"\"><\/td>\n                    <td style=\"\"><a href=\"https:\/\/diocesisdeaguascalientes.mx\/vicaria-de-pastoral\/wp-content\/uploads\/sites\/2\/forminator\/10414_47c7fef6f8c6f15ac1daaf1663bdf562\/uploads\/g4qCKjHiMhGy-Programacion-Pastoral-LITURGICA-Ano-del-Encuentro-con-Cristo-25-26.pdf\" target=\"_blank\">g4qCKjHiMhGy-Programacion-Pastoral-LITURGICA-Ano-del-Encuentro-con-Cristo-25-26.pdf<\/a><\/td>\n                    <td style=\"\">24\/09\/2025 09:11 PM<\/td>\n            <\/tr>\n            <tr id=\"table_3_row_208\">\n                    <td style=\"\">Programaci\u00f3n Parroquial<\/td>\n                    <td style=\"\">P072 NUESTRA SE\u00d1ORA DEL REFUGIO(DEL TRABAJO)<\/td>\n                    <td style=\"\">Organismos Eclesiales Laicales (OEL)<\/td>\n                    <td style=\"\">Otro<\/td>\n                    <td style=\"\">Liturgia Santa Rita<\/td>\n                    <td style=\"\"><a href=\"https:\/\/diocesisdeaguascalientes.mx\/vicaria-de-pastoral\/wp-content\/uploads\/sites\/2\/forminator\/10414_47c7fef6f8c6f15ac1daaf1663bdf562\/uploads\/quvhco8KTbd5-Programa-Sta.-Rita-1.pdf\" target=\"_blank\">quvhco8KTbd5-Programa-Sta.-Rita-1.pdf<\/a><\/td>\n                    <td style=\"\">24\/09\/2025 09:11 PM<\/td>\n            <\/tr>\n            <tr id=\"table_3_row_209\">\n                    <td style=\"\">Programaci\u00f3n Parroquial<\/td>\n                    <td style=\"\">P048 SAN JOS\u00c9(BAJ\u00cdO DE SAN JOS\u00c9)<\/td>\n                    <td style=\"\">Lit\u00fargica<\/td>\n                    <td style=\"\"><\/td>\n                    <td style=\"\"><\/td>\n                    <td style=\"\"><a href=\"https:\/\/diocesisdeaguascalientes.mx\/vicaria-de-pastoral\/wp-content\/uploads\/sites\/2\/forminator\/10414_47c7fef6f8c6f15ac1daaf1663bdf562\/uploads\/RwrJxg8GmQMg-PASTORAL-LITURGICA-BAJIO.pdf\" target=\"_blank\">RwrJxg8GmQMg-PASTORAL-LITURGICA-BAJIO.pdf<\/a><\/td>\n                    <td style=\"\">24\/09\/2025 09:11 PM<\/td>\n            <\/tr>\n            <tr id=\"table_3_row_210\">\n                    <td style=\"\">Programaci\u00f3n Parroquial<\/td>\n                    <td style=\"\">P048 SAN JOS\u00c9(BAJ\u00cdO DE SAN JOS\u00c9)<\/td>\n                    <td style=\"\">Prof\u00e9tica<\/td>\n                    <td style=\"\"><\/td>\n                    <td style=\"\"><\/td>\n                    <td style=\"\"><a href=\"https:\/\/diocesisdeaguascalientes.mx\/vicaria-de-pastoral\/wp-content\/uploads\/sites\/2\/forminator\/10414_47c7fef6f8c6f15ac1daaf1663bdf562\/uploads\/F9ty4ZDp6mGQ-PASTORAL-PROFETICA-BAJIO.pdf\" target=\"_blank\">F9ty4ZDp6mGQ-PASTORAL-PROFETICA-BAJIO.pdf<\/a><\/td>\n                    <td style=\"\">24\/09\/2025 09:11 PM<\/td>\n            <\/tr>\n            <tr id=\"table_3_row_211\">\n                    <td style=\"\">Programaci\u00f3n Parroquial<\/td>\n                    <td style=\"\">P123 SAN IGNACIO DE LOYOLA(SAN IGNACIO)<\/td>\n                    <td style=\"\">Prof\u00e9tica<\/td>\n                    <td style=\"\"><\/td>\n                    <td style=\"\"><\/td>\n                    <td style=\"\"><a href=\"https:\/\/diocesisdeaguascalientes.mx\/vicaria-de-pastoral\/wp-content\/uploads\/sites\/2\/forminator\/10414_47c7fef6f8c6f15ac1daaf1663bdf562\/uploads\/5NsrcKbF2FWw-PROGRAMACION-2025-2026.pdf\" target=\"_blank\">5NsrcKbF2FWw-PROGRAMACION-2025-2026.pdf<\/a><\/td>\n                    <td style=\"\">24\/09\/2025 09:10 PM<\/td>\n            <\/tr>\n            <tr id=\"table_3_row_212\">\n                    <td style=\"\">Programaci\u00f3n Parroquial<\/td>\n                    <td style=\"\">P048 SAN JOS\u00c9(BAJ\u00cdO DE SAN JOS\u00c9)<\/td>\n                    <td style=\"\">Animaci\u00f3n Pastoral (CPP)<\/td>\n                    <td style=\"\"><\/td>\n                    <td style=\"\"><\/td>\n                    <td style=\"\"><a href=\"https:\/\/diocesisdeaguascalientes.mx\/vicaria-de-pastoral\/wp-content\/uploads\/sites\/2\/forminator\/10414_47c7fef6f8c6f15ac1daaf1663bdf562\/uploads\/Aj3CEzd8j7di-ANIMACION-PASTORAL-BAJIO.pdf\" target=\"_blank\">Aj3CEzd8j7di-ANIMACION-PASTORAL-BAJIO.pdf<\/a><\/td>\n                    <td style=\"\">24\/09\/2025 09:10 PM<\/td>\n            <\/tr>\n            <tr id=\"table_3_row_213\">\n                    <td style=\"\">Programaci\u00f3n Parroquial<\/td>\n                    <td style=\"\">P072 NUESTRA SE\u00d1ORA DEL REFUGIO(DEL TRABAJO)<\/td>\n                    <td style=\"\">Organismos Eclesiales Laicales (OEL)<\/td>\n                    <td style=\"\">Otro<\/td>\n                    <td style=\"\">Adoraci\u00f3n nocturna<\/td>\n                    <td style=\"\"><a href=\"https:\/\/diocesisdeaguascalientes.mx\/vicaria-de-pastoral\/wp-content\/uploads\/sites\/2\/forminator\/10414_47c7fef6f8c6f15ac1daaf1663bdf562\/uploads\/5gCi4NC9pwID-Adoracion-nocturna-.pdf\" target=\"_blank\">5gCi4NC9pwID-Adoracion-nocturna-.pdf<\/a><\/td>\n                    <td style=\"\">24\/09\/2025 09:09 PM<\/td>\n            <\/tr>\n            <tr id=\"table_3_row_214\">\n                    <td style=\"\">Programaci\u00f3n Parroquial<\/td>\n                    <td style=\"\">P072 NUESTRA SE\u00d1ORA DEL REFUGIO(DEL TRABAJO)<\/td>\n                    <td style=\"\">Organismos Eclesiales Laicales (OEL)<\/td>\n                    <td style=\"\">Otro<\/td>\n                    <td style=\"\">Se\u00f1or de la misericordia<\/td>\n                    <td style=\"\"><a href=\"https:\/\/diocesisdeaguascalientes.mx\/vicaria-de-pastoral\/wp-content\/uploads\/sites\/2\/forminator\/10414_47c7fef6f8c6f15ac1daaf1663bdf562\/uploads\/7UfoJ4u4pe7V-Senor-de-la-misericordia-.pdf\" target=\"_blank\">7UfoJ4u4pe7V-Senor-de-la-misericordia-.pdf<\/a><\/td>\n                    <td style=\"\">24\/09\/2025 09:04 PM<\/td>\n            <\/tr>\n            <tr id=\"table_3_row_215\">\n                    <td style=\"\">Programaci\u00f3n Parroquial<\/td>\n                    <td style=\"\">P072 NUESTRA SE\u00d1ORA DEL REFUGIO(DEL TRABAJO)<\/td>\n                    <td style=\"\">Social<\/td>\n                    <td style=\"\"><\/td>\n                    <td style=\"\"><\/td>\n                    <td style=\"\"><a href=\"https:\/\/diocesisdeaguascalientes.mx\/vicaria-de-pastoral\/wp-content\/uploads\/sites\/2\/forminator\/10414_47c7fef6f8c6f15ac1daaf1663bdf562\/uploads\/x60zLLGtUhfH-Programa-Pastoral-Social.pdf\" target=\"_blank\">x60zLLGtUhfH-Programa-Pastoral-Social.pdf<\/a><\/td>\n                    <td style=\"\">24\/09\/2025 09:03 PM<\/td>\n            <\/tr>\n            <tr id=\"table_3_row_216\">\n                    <td style=\"\">Programaci\u00f3n Parroquial<\/td>\n                    <td style=\"\">P072 NUESTRA SE\u00d1ORA DEL REFUGIO(DEL TRABAJO)<\/td>\n                    <td style=\"\">Organismos Eclesiales Laicales (OEL)<\/td>\n                    <td style=\"\">Otro<\/td>\n                    <td style=\"\">Ministros<\/td>\n                    <td style=\"\"><a href=\"https:\/\/diocesisdeaguascalientes.mx\/vicaria-de-pastoral\/wp-content\/uploads\/sites\/2\/forminator\/10414_47c7fef6f8c6f15ac1daaf1663bdf562\/uploads\/74RpcW4sU6vW-PLANEACION-MINISTROS-EXTRAORDINARIOS-2025-2026.pdf\" target=\"_blank\">74RpcW4sU6vW-PLANEACION-MINISTROS-EXTRAORDINARIOS-2025-2026.pdf<\/a><\/td>\n                    <td style=\"\">24\/09\/2025 09:02 PM<\/td>\n            <\/tr>\n            <tr id=\"table_3_row_217\">\n                    <td style=\"\">Programaci\u00f3n Parroquial<\/td>\n                    <td style=\"\">P018 DIVINO SALVADOR(TROJES DE ALONSO)<\/td>\n                    <td style=\"\">Adolescentes<\/td>\n                    <td style=\"\"><\/td>\n                    <td style=\"\"><\/td>\n                    <td style=\"\"><a href=\"https:\/\/diocesisdeaguascalientes.mx\/vicaria-de-pastoral\/wp-content\/uploads\/sites\/2\/forminator\/10414_47c7fef6f8c6f15ac1daaf1663bdf562\/uploads\/uloQ6GmtKG1n-pastoral-adolecentes-SEPTIEMBRE-2025.pdf\" target=\"_blank\">uloQ6GmtKG1n-pastoral-adolecentes-SEPTIEMBRE-2025.pdf<\/a><\/td>\n                    <td style=\"\">24\/09\/2025 09:02 PM<\/td>\n            <\/tr>\n            <tr id=\"table_3_row_218\">\n                    <td style=\"\">Programaci\u00f3n Parroquial<\/td>\n                    <td style=\"\">P018 DIVINO SALVADOR(TROJES DE ALONSO)<\/td>\n                    <td style=\"\">Social<\/td>\n                    <td style=\"\"><\/td>\n                    <td style=\"\"><\/td>\n                    <td style=\"\"><a href=\"https:\/\/diocesisdeaguascalientes.mx\/vicaria-de-pastoral\/wp-content\/uploads\/sites\/2\/forminator\/10414_47c7fef6f8c6f15ac1daaf1663bdf562\/uploads\/zqz1uOFPHZbM-PASTORAL-SOCIAL-2025.pdf\" target=\"_blank\">zqz1uOFPHZbM-PASTORAL-SOCIAL-2025.pdf<\/a><\/td>\n                    <td style=\"\">24\/09\/2025 08:20 PM<\/td>\n            <\/tr>\n            <tr id=\"table_3_row_219\">\n                    <td style=\"\">Programaci\u00f3n Parroquial<\/td>\n                    <td style=\"\">P119 SANTA CECILIA(POTREROS DEL OESTE)<\/td>\n                    <td style=\"\">Prof\u00e9tica<\/td>\n                    <td style=\"\"><\/td>\n                    <td style=\"\"><\/td>\n                    <td style=\"\"><a href=\"https:\/\/diocesisdeaguascalientes.mx\/vicaria-de-pastoral\/wp-content\/uploads\/sites\/2\/forminator\/10414_47c7fef6f8c6f15ac1daaf1663bdf562\/uploads\/SKYwkPmuRv2H-Programacion-25-26-sta.-Cecilia-PROFETICA.pdf\" target=\"_blank\">SKYwkPmuRv2H-Programacion-25-26-sta.-Cecilia-PROFETICA.pdf<\/a><\/td>\n                    <td style=\"\">24\/09\/2025 08:09 PM<\/td>\n            <\/tr>\n            <tr id=\"table_3_row_220\">\n                    <td style=\"\">Programaci\u00f3n Parroquial<\/td>\n                    <td style=\"\">P055 SAN JUDAS TADEO(INSURGENTES)<\/td>\n                    <td style=\"\">Animaci\u00f3n Pastoral (CPP)<\/td>\n                    <td style=\"\"><\/td>\n                    <td style=\"\"><\/td>\n                    <td style=\"\"><a href=\"https:\/\/diocesisdeaguascalientes.mx\/vicaria-de-pastoral\/wp-content\/uploads\/sites\/2\/forminator\/10414_47c7fef6f8c6f15ac1daaf1663bdf562\/uploads\/X4y2zXp68yVt-PROGRAMACION-PARROQUIAL-ANIMACION-PASTORAL-CPP-2025-2026-SJT.pdf\" target=\"_blank\">X4y2zXp68yVt-PROGRAMACION-PARROQUIAL-ANIMACION-PASTORAL-CPP-2025-2026-SJT.pdf<\/a><\/td>\n                    <td style=\"\">24\/09\/2025 07:26 PM<\/td>\n            <\/tr>\n            <tr id=\"table_3_row_221\">\n                    <td style=\"\">Programaci\u00f3n Parroquial<\/td>\n                    <td style=\"\">P063 SAN MIGUEL ARC\u00c1NGEL(LAS ARBOLEDAS)<\/td>\n                    <td style=\"\">Social<\/td>\n                    <td style=\"\"><\/td>\n                    <td style=\"\"><\/td>\n                    <td style=\"\"><a href=\"https:\/\/diocesisdeaguascalientes.mx\/vicaria-de-pastoral\/wp-content\/uploads\/sites\/2\/forminator\/10414_47c7fef6f8c6f15ac1daaf1663bdf562\/uploads\/tc03Hsxg2mVC-03-SMAAGS-PASTORAL-SOCIAL-Programacion-2025-26.pdf\" target=\"_blank\">tc03Hsxg2mVC-03-SMAAGS-PASTORAL-SOCIAL-Programacion-2025-26.pdf<\/a><\/td>\n                    <td style=\"\">24\/09\/2025 07:22 PM<\/td>\n            <\/tr>\n            <tr id=\"table_3_row_222\">\n                    <td style=\"\">Programaci\u00f3n Parroquial<\/td>\n                    <td style=\"\">P063 SAN MIGUEL ARC\u00c1NGEL(LAS ARBOLEDAS)<\/td>\n                    <td style=\"\">Lit\u00fargica<\/td>\n                    <td style=\"\"><\/td>\n                    <td style=\"\"><\/td>\n                    <td style=\"\"><a href=\"https:\/\/diocesisdeaguascalientes.mx\/vicaria-de-pastoral\/wp-content\/uploads\/sites\/2\/forminator\/10414_47c7fef6f8c6f15ac1daaf1663bdf562\/uploads\/dZN5PfijX5bC-02-SMAAGS-PASTORAL-LITURGICA-Programacion-2025-26.pdf\" target=\"_blank\">dZN5PfijX5bC-02-SMAAGS-PASTORAL-LITURGICA-Programacion-2025-26.pdf<\/a><\/td>\n                    <td style=\"\">24\/09\/2025 07:18 PM<\/td>\n            <\/tr>\n            <tr id=\"table_3_row_223\">\n                    <td style=\"\">Programaci\u00f3n Parroquial<\/td>\n                    <td style=\"\">P063 SAN MIGUEL ARC\u00c1NGEL(LAS ARBOLEDAS)<\/td>\n                    <td style=\"\">Prof\u00e9tica<\/td>\n                    <td style=\"\"><\/td>\n                    <td style=\"\"><\/td>\n                    <td style=\"\"><a href=\"https:\/\/diocesisdeaguascalientes.mx\/vicaria-de-pastoral\/wp-content\/uploads\/sites\/2\/forminator\/10414_47c7fef6f8c6f15ac1daaf1663bdf562\/uploads\/gIq3TW0CwF4y-01-SMAAGS-PASTORAL-PROFETICA-Programacion-2025-26.pdf\" target=\"_blank\">gIq3TW0CwF4y-01-SMAAGS-PASTORAL-PROFETICA-Programacion-2025-26.pdf<\/a><\/td>\n                    <td style=\"\">24\/09\/2025 07:18 PM<\/td>\n            <\/tr>\n            <tr id=\"table_3_row_224\">\n                    <td style=\"\">Programaci\u00f3n Parroquial<\/td>\n                    <td style=\"\">P063 SAN MIGUEL ARC\u00c1NGEL(LAS ARBOLEDAS)<\/td>\n                    <td style=\"\">Animaci\u00f3n Pastoral (CPP)<\/td>\n                    <td style=\"\"><\/td>\n                    <td style=\"\"><\/td>\n                    <td style=\"\"><a href=\"https:\/\/diocesisdeaguascalientes.mx\/vicaria-de-pastoral\/wp-content\/uploads\/sites\/2\/forminator\/10414_47c7fef6f8c6f15ac1daaf1663bdf562\/uploads\/euBm0I9IhwpI-00-ANIMACION-PASTORAL-Programacion-2025-2026.pdf\" target=\"_blank\">euBm0I9IhwpI-00-ANIMACION-PASTORAL-Programacion-2025-2026.pdf<\/a><\/td>\n                    <td style=\"\">24\/09\/2025 07:17 PM<\/td>\n            <\/tr>\n            <tr id=\"table_3_row_225\">\n                    <td style=\"\">Programaci\u00f3n Parroquial<\/td>\n                    <td style=\"\">P071 PUR\u00cdSIMA CONCEPCI\u00d3N(BARRIO DE LA PUR\u00cdSIMA)<\/td>\n                    <td style=\"\">Lit\u00fargica<\/td>\n                    <td style=\"\"><\/td>\n                    <td style=\"\"><\/td>\n                    <td style=\"\"><a href=\"https:\/\/diocesisdeaguascalientes.mx\/vicaria-de-pastoral\/wp-content\/uploads\/sites\/2\/forminator\/10414_47c7fef6f8c6f15ac1daaf1663bdf562\/uploads\/e4QyQVxLFJXW-PROGRAMACION-PASTORAL-LITURGICA-2025-2026.pdf\" target=\"_blank\">e4QyQVxLFJXW-PROGRAMACION-PASTORAL-LITURGICA-2025-2026.pdf<\/a><\/td>\n                    <td style=\"\">24\/09\/2025 06:01 PM<\/td>\n            <\/tr>\n            <tr id=\"table_3_row_226\">\n                    <td style=\"\">Programaci\u00f3n Parroquial<\/td>\n                    <td style=\"\">P062 NUESTRA SE\u00d1ORA DE LA MEDALLA MILAGROSA(PRIMAVERA)<\/td>\n                    <td style=\"\">Juvenil<\/td>\n                    <td style=\"\"><\/td>\n                    <td style=\"\"><\/td>\n                    <td style=\"\"><a href=\"https:\/\/diocesisdeaguascalientes.mx\/vicaria-de-pastoral\/wp-content\/uploads\/sites\/2\/forminator\/10414_47c7fef6f8c6f15ac1daaf1663bdf562\/uploads\/EKMR4ISDuboR-08-programacion-pastoral-JUVENIL.pdf\" target=\"_blank\">EKMR4ISDuboR-08-programacion-pastoral-JUVENIL.pdf<\/a><\/td>\n                    <td style=\"\">24\/09\/2025 05:57 PM<\/td>\n            <\/tr>\n            <tr id=\"table_3_row_227\">\n                    <td style=\"\">Programaci\u00f3n Parroquial<\/td>\n                    <td style=\"\">P062 NUESTRA SE\u00d1ORA DE LA MEDALLA MILAGROSA(PRIMAVERA)<\/td>\n                    <td style=\"\">Pastoral de la Comunicaci\u00f3n<\/td>\n                    <td style=\"\"><\/td>\n                    <td style=\"\"><\/td>\n                    <td style=\"\"><a href=\"https:\/\/diocesisdeaguascalientes.mx\/vicaria-de-pastoral\/wp-content\/uploads\/sites\/2\/forminator\/10414_47c7fef6f8c6f15ac1daaf1663bdf562\/uploads\/EvRpJ9IfRmFU-09-programacion-pastoral-de-la-COMUNICACION.pdf\" target=\"_blank\">EvRpJ9IfRmFU-09-programacion-pastoral-de-la-COMUNICACION.pdf<\/a><\/td>\n                    <td style=\"\">24\/09\/2025 05:56 PM<\/td>\n            <\/tr>\n            <tr id=\"table_3_row_228\">\n                    <td style=\"\">Programaci\u00f3n Parroquial<\/td>\n                    <td style=\"\">P062 NUESTRA SE\u00d1ORA DE LA MEDALLA MILAGROSA(PRIMAVERA)<\/td>\n                    <td style=\"\">Familiar<\/td>\n                    <td style=\"\"><\/td>\n                    <td style=\"\"><\/td>\n                    <td style=\"\"><a href=\"https:\/\/diocesisdeaguascalientes.mx\/vicaria-de-pastoral\/wp-content\/uploads\/sites\/2\/forminator\/10414_47c7fef6f8c6f15ac1daaf1663bdf562\/uploads\/OHzVC02ovjYt-07-programacion-pastoral-FAMILIAR.pdf\" target=\"_blank\">OHzVC02ovjYt-07-programacion-pastoral-FAMILIAR.pdf<\/a><\/td>\n                    <td style=\"\">24\/09\/2025 05:55 PM<\/td>\n            <\/tr>\n            <tr id=\"table_3_row_229\">\n                    <td style=\"\">Programaci\u00f3n Parroquial<\/td>\n                    <td style=\"\">P062 NUESTRA SE\u00d1ORA DE LA MEDALLA MILAGROSA(PRIMAVERA)<\/td>\n                    <td style=\"\">Animaci\u00f3n Pastoral (CPP)<\/td>\n                    <td style=\"\"><\/td>\n                    <td style=\"\"><\/td>\n                    <td style=\"\"><a href=\"https:\/\/diocesisdeaguascalientes.mx\/vicaria-de-pastoral\/wp-content\/uploads\/sites\/2\/forminator\/10414_47c7fef6f8c6f15ac1daaf1663bdf562\/uploads\/BPFyEy2v5YoD-06-programacion-pastoral-ANIMACION-PASTORAL.pdf\" target=\"_blank\">BPFyEy2v5YoD-06-programacion-pastoral-ANIMACION-PASTORAL.pdf<\/a><\/td>\n                    <td style=\"\">24\/09\/2025 05:51 PM<\/td>\n            <\/tr>\n            <tr id=\"table_3_row_230\">\n                    <td style=\"\">Programaci\u00f3n Parroquial<\/td>\n                    <td style=\"\">P062 NUESTRA SE\u00d1ORA DE LA MEDALLA MILAGROSA(PRIMAVERA)<\/td>\n                    <td style=\"\">Lit\u00fargica<\/td>\n                    <td style=\"\"><\/td>\n                    <td style=\"\"><\/td>\n                    <td style=\"\"><a href=\"https:\/\/diocesisdeaguascalientes.mx\/vicaria-de-pastoral\/wp-content\/uploads\/sites\/2\/forminator\/10414_47c7fef6f8c6f15ac1daaf1663bdf562\/uploads\/w4F5cSv5lhOg-05-programacion-pastoral-LITURGICA-MINISTROS.pdf\" target=\"_blank\">w4F5cSv5lhOg-05-programacion-pastoral-LITURGICA-MINISTROS.pdf<\/a><\/td>\n                    <td style=\"\">24\/09\/2025 05:50 PM<\/td>\n            <\/tr>\n            <tr id=\"table_3_row_231\">\n                    <td style=\"\">Programaci\u00f3n Parroquial<\/td>\n                    <td style=\"\">P062 NUESTRA SE\u00d1ORA DE LA MEDALLA MILAGROSA(PRIMAVERA)<\/td>\n                    <td style=\"\">Lit\u00fargica<\/td>\n                    <td style=\"\"><\/td>\n                    <td style=\"\"><\/td>\n                    <td style=\"\"><a href=\"https:\/\/diocesisdeaguascalientes.mx\/vicaria-de-pastoral\/wp-content\/uploads\/sites\/2\/forminator\/10414_47c7fef6f8c6f15ac1daaf1663bdf562\/uploads\/FqPbwVc6a7Nc-04-programacion-pastoral-LITURGICA-COROS.pdf\" target=\"_blank\">FqPbwVc6a7Nc-04-programacion-pastoral-LITURGICA-COROS.pdf<\/a><\/td>\n                    <td style=\"\">24\/09\/2025 05:50 PM<\/td>\n            <\/tr>\n            <tr id=\"table_3_row_232\">\n                    <td style=\"\">Programaci\u00f3n Parroquial<\/td>\n                    <td style=\"\">P062 NUESTRA SE\u00d1ORA DE LA MEDALLA MILAGROSA(PRIMAVERA)<\/td>\n                    <td style=\"\">Lit\u00fargica<\/td>\n                    <td style=\"\"><\/td>\n                    <td style=\"\"><\/td>\n                    <td style=\"\"><a href=\"https:\/\/diocesisdeaguascalientes.mx\/vicaria-de-pastoral\/wp-content\/uploads\/sites\/2\/forminator\/10414_47c7fef6f8c6f15ac1daaf1663bdf562\/uploads\/7sESr0Mzyscw-03-programacion-pastoral-LITIRGICA-LECTORES.pdf\" target=\"_blank\">7sESr0Mzyscw-03-programacion-pastoral-LITIRGICA-LECTORES.pdf<\/a><\/td>\n                    <td style=\"\">24\/09\/2025 05:49 PM<\/td>\n            <\/tr>\n            <tr id=\"table_3_row_233\">\n                    <td style=\"\">Programaci\u00f3n Parroquial<\/td>\n                    <td style=\"\">P079 NUESTRA SE\u00d1ORA DEL REFUGIO(SANTA MAR\u00cdA DE EN MEDIO)<\/td>\n                    <td style=\"\">Organismos Eclesiales Laicales (OEL)<\/td>\n                    <td style=\"\">Otro<\/td>\n                    <td style=\"\">Quo-vadis<\/td>\n                    <td style=\"\"><a href=\"https:\/\/diocesisdeaguascalientes.mx\/vicaria-de-pastoral\/wp-content\/uploads\/sites\/2\/forminator\/10414_47c7fef6f8c6f15ac1daaf1663bdf562\/uploads\/OOQd502eXMiy-Programa-Quo-Vadis.pdf\" target=\"_blank\">OOQd502eXMiy-Programa-Quo-Vadis.pdf<\/a><\/td>\n                    <td style=\"\">24\/09\/2025 05:28 PM<\/td>\n            <\/tr>\n            <tr id=\"table_3_row_234\">\n                    <td style=\"\">Programaci\u00f3n Parroquial<\/td>\n                    <td style=\"\">P079 NUESTRA SE\u00d1ORA DEL REFUGIO(SANTA MAR\u00cdA DE EN MEDIO)<\/td>\n                    <td style=\"\">Pastoral de la Comunicaci\u00f3n<\/td>\n                    <td style=\"\"><\/td>\n                    <td style=\"\"><\/td>\n                    <td style=\"\"><a href=\"https:\/\/diocesisdeaguascalientes.mx\/vicaria-de-pastoral\/wp-content\/uploads\/sites\/2\/forminator\/10414_47c7fef6f8c6f15ac1daaf1663bdf562\/uploads\/xBefFBXTSQaN-Programa-Comunicacion.pdf\" target=\"_blank\">xBefFBXTSQaN-Programa-Comunicacion.pdf<\/a><\/td>\n                    <td style=\"\">24\/09\/2025 05:26 PM<\/td>\n            <\/tr>\n            <tr id=\"table_3_row_235\">\n                    <td style=\"\">Programaci\u00f3n Parroquial<\/td>\n                    <td style=\"\">P079 NUESTRA SE\u00d1ORA DEL REFUGIO(SANTA MAR\u00cdA DE EN MEDIO)<\/td>\n                    <td style=\"\">Juvenil<\/td>\n                    <td style=\"\"><\/td>\n                    <td style=\"\"><\/td>\n                    <td style=\"\"><a href=\"https:\/\/diocesisdeaguascalientes.mx\/vicaria-de-pastoral\/wp-content\/uploads\/sites\/2\/forminator\/10414_47c7fef6f8c6f15ac1daaf1663bdf562\/uploads\/1YdSvmHMKARS-Programa-jovenes.pdf\" target=\"_blank\">1YdSvmHMKARS-Programa-jovenes.pdf<\/a><\/td>\n                    <td style=\"\">24\/09\/2025 05:25 PM<\/td>\n            <\/tr>\n            <tr id=\"table_3_row_236\">\n                    <td style=\"\">Programaci\u00f3n Parroquial<\/td>\n                    <td style=\"\">P079 NUESTRA SE\u00d1ORA DEL REFUGIO(SANTA MAR\u00cdA DE EN MEDIO)<\/td>\n                    <td style=\"\">Adolescentes<\/td>\n                    <td style=\"\"><\/td>\n                    <td style=\"\"><\/td>\n                    <td style=\"\"><a href=\"https:\/\/diocesisdeaguascalientes.mx\/vicaria-de-pastoral\/wp-content\/uploads\/sites\/2\/forminator\/10414_47c7fef6f8c6f15ac1daaf1663bdf562\/uploads\/tRYBONJxVjEn-Adolescentes.pdf\" target=\"_blank\">tRYBONJxVjEn-Adolescentes.pdf<\/a><\/td>\n                    <td style=\"\">24\/09\/2025 05:24 PM<\/td>\n            <\/tr>\n            <tr id=\"table_3_row_237\">\n                    <td style=\"\">Programaci\u00f3n Parroquial<\/td>\n                    <td style=\"\">P079 NUESTRA SE\u00d1ORA DEL REFUGIO(SANTA MAR\u00cdA DE EN MEDIO)<\/td>\n                    <td style=\"\">Familiar<\/td>\n                    <td style=\"\"><\/td>\n                    <td style=\"\"><\/td>\n                    <td style=\"\"><a href=\"https:\/\/diocesisdeaguascalientes.mx\/vicaria-de-pastoral\/wp-content\/uploads\/sites\/2\/forminator\/10414_47c7fef6f8c6f15ac1daaf1663bdf562\/uploads\/W2zdcZcU0eEb-familiar.pdf\" target=\"_blank\">W2zdcZcU0eEb-familiar.pdf<\/a><\/td>\n                    <td style=\"\">24\/09\/2025 05:23 PM<\/td>\n            <\/tr>\n            <tr id=\"table_3_row_238\">\n                    <td style=\"\">Programaci\u00f3n Parroquial<\/td>\n                    <td style=\"\">P079 NUESTRA SE\u00d1ORA DEL REFUGIO(SANTA MAR\u00cdA DE EN MEDIO)<\/td>\n                    <td style=\"\">Social<\/td>\n                    <td style=\"\"><\/td>\n                    <td style=\"\"><\/td>\n                    <td style=\"\"><a href=\"https:\/\/diocesisdeaguascalientes.mx\/vicaria-de-pastoral\/wp-content\/uploads\/sites\/2\/forminator\/10414_47c7fef6f8c6f15ac1daaf1663bdf562\/uploads\/oCDCAnaLzyTm-Programa-social.pdf\" target=\"_blank\">oCDCAnaLzyTm-Programa-social.pdf<\/a><\/td>\n                    <td style=\"\">24\/09\/2025 05:22 PM<\/td>\n            <\/tr>\n            <tr id=\"table_3_row_239\">\n                    <td style=\"\">Programaci\u00f3n Parroquial<\/td>\n                    <td style=\"\">P079 NUESTRA SE\u00d1ORA DEL REFUGIO(SANTA MAR\u00cdA DE EN MEDIO)<\/td>\n                    <td style=\"\">Lit\u00fargica<\/td>\n                    <td style=\"\"><\/td>\n                    <td style=\"\"><\/td>\n                    <td style=\"\"><a href=\"https:\/\/diocesisdeaguascalientes.mx\/vicaria-de-pastoral\/wp-content\/uploads\/sites\/2\/forminator\/10414_47c7fef6f8c6f15ac1daaf1663bdf562\/uploads\/DXb9S1r6MeUm-programa-liturgia.pdf\" target=\"_blank\">DXb9S1r6MeUm-programa-liturgia.pdf<\/a><\/td>\n                    <td style=\"\">24\/09\/2025 05:20 PM<\/td>\n            <\/tr>\n            <tr id=\"table_3_row_240\">\n                    <td style=\"\">Programaci\u00f3n Parroquial<\/td>\n                    <td style=\"\">P079 NUESTRA SE\u00d1ORA DEL REFUGIO(SANTA MAR\u00cdA DE EN MEDIO)<\/td>\n                    <td style=\"\">Prof\u00e9tica<\/td>\n                    <td style=\"\"><\/td>\n                    <td style=\"\"><\/td>\n                    <td style=\"\"><a href=\"https:\/\/diocesisdeaguascalientes.mx\/vicaria-de-pastoral\/wp-content\/uploads\/sites\/2\/forminator\/10414_47c7fef6f8c6f15ac1daaf1663bdf562\/uploads\/XXYuMsny43ih-Programa-profetica.pdf\" target=\"_blank\">XXYuMsny43ih-Programa-profetica.pdf<\/a><\/td>\n                    <td style=\"\">24\/09\/2025 05:20 PM<\/td>\n            <\/tr>\n            <tr id=\"table_3_row_241\">\n                    <td style=\"\">Programaci\u00f3n Parroquial<\/td>\n                    <td style=\"\">P075 NUESTRA SE\u00d1ORA DEL REFUGIO(EL TECU\u00c1N, JALISCO)<\/td>\n                    <td style=\"\">Social<\/td>\n                    <td style=\"\"><\/td>\n                    <td style=\"\"><\/td>\n                    <td style=\"\"><a href=\"https:\/\/diocesisdeaguascalientes.mx\/vicaria-de-pastoral\/wp-content\/uploads\/sites\/2\/forminator\/10414_47c7fef6f8c6f15ac1daaf1663bdf562\/uploads\/6JPspiIZm5mQ-EVALUACION-PASTORAL-SOCIAL.pdf\" target=\"_blank\">6JPspiIZm5mQ-EVALUACION-PASTORAL-SOCIAL.pdf<\/a><\/td>\n                    <td style=\"\">24\/09\/2025 05:15 PM<\/td>\n            <\/tr>\n            <tr id=\"table_3_row_242\">\n                    <td style=\"\">Programaci\u00f3n Parroquial<\/td>\n                    <td style=\"\">P075 NUESTRA SE\u00d1ORA DEL REFUGIO(EL TECU\u00c1N, JALISCO)<\/td>\n                    <td style=\"\">Organismos Eclesiales Laicales (OEL)<\/td>\n                    <td style=\"\">Otro<\/td>\n                    <td style=\"\">Liga de rec\u00edprocos auxilios entre el seminario y los fieles<\/td>\n                    <td style=\"\"><a href=\"https:\/\/diocesisdeaguascalientes.mx\/vicaria-de-pastoral\/wp-content\/uploads\/sites\/2\/forminator\/10414_47c7fef6f8c6f15ac1daaf1663bdf562\/uploads\/OLW0LoYfbLM8-EVALUACION-OEL.pdf\" target=\"_blank\">OLW0LoYfbLM8-EVALUACION-OEL.pdf<\/a><\/td>\n                    <td style=\"\">24\/09\/2025 05:15 PM<\/td>\n            <\/tr>\n            <tr id=\"table_3_row_243\">\n                    <td style=\"\">Programaci\u00f3n Parroquial<\/td>\n                    <td style=\"\">P079 NUESTRA SE\u00d1ORA DEL REFUGIO(SANTA MAR\u00cdA DE EN MEDIO)<\/td>\n                    <td style=\"\">Animaci\u00f3n Pastoral (CPP)<\/td>\n                    <td style=\"\"><\/td>\n                    <td style=\"\"><\/td>\n                    <td style=\"\"><a href=\"https:\/\/diocesisdeaguascalientes.mx\/vicaria-de-pastoral\/wp-content\/uploads\/sites\/2\/forminator\/10414_47c7fef6f8c6f15ac1daaf1663bdf562\/uploads\/9nAts3WIQJAi-Programa-Consejo.pdf\" target=\"_blank\">9nAts3WIQJAi-Programa-Consejo.pdf<\/a><\/td>\n                    <td style=\"\">24\/09\/2025 05:11 PM<\/td>\n            <\/tr>\n            <tr id=\"table_3_row_244\">\n                    <td style=\"\">Programaci\u00f3n Parroquial<\/td>\n                    <td style=\"\">P047 SAN JOS\u00c9(SAN JOS\u00c9 DE COS\u00cdO)<\/td>\n                    <td style=\"\">Prof\u00e9tica<\/td>\n                    <td style=\"\"><\/td>\n                    <td style=\"\"><\/td>\n                    <td style=\"\"><a href=\"https:\/\/diocesisdeaguascalientes.mx\/vicaria-de-pastoral\/wp-content\/uploads\/sites\/2\/forminator\/10414_47c7fef6f8c6f15ac1daaf1663bdf562\/uploads\/5IaRzVAwdJEB-PASTORAL-PROFETICA-2025.pdf\" target=\"_blank\">5IaRzVAwdJEB-PASTORAL-PROFETICA-2025.pdf<\/a><\/td>\n                    <td style=\"\">24\/09\/2025 05:07 PM<\/td>\n            <\/tr>\n            <tr id=\"table_3_row_245\">\n                    <td style=\"\">Programaci\u00f3n Parroquial<\/td>\n                    <td style=\"\">P062 NUESTRA SE\u00d1ORA DE LA MEDALLA MILAGROSA(PRIMAVERA)<\/td>\n                    <td style=\"\">Social<\/td>\n                    <td style=\"\"><\/td>\n                    <td style=\"\"><\/td>\n                    <td style=\"\"><a href=\"https:\/\/diocesisdeaguascalientes.mx\/vicaria-de-pastoral\/wp-content\/uploads\/sites\/2\/forminator\/10414_47c7fef6f8c6f15ac1daaf1663bdf562\/uploads\/FZSMd6cGK2lY-02-programacion-pastoral-PASTORAL-SOCIAL.pdf\" target=\"_blank\">FZSMd6cGK2lY-02-programacion-pastoral-PASTORAL-SOCIAL.pdf<\/a><\/td>\n                    <td style=\"\">24\/09\/2025 04:50 PM<\/td>\n            <\/tr>\n            <tr id=\"table_3_row_246\">\n                    <td style=\"\">Programaci\u00f3n Parroquial<\/td>\n                    <td style=\"\">P062 NUESTRA SE\u00d1ORA DE LA MEDALLA MILAGROSA(PRIMAVERA)<\/td>\n                    <td style=\"\">Prof\u00e9tica<\/td>\n                    <td style=\"\"><\/td>\n                    <td style=\"\"><\/td>\n                    <td style=\"\"><a href=\"https:\/\/diocesisdeaguascalientes.mx\/vicaria-de-pastoral\/wp-content\/uploads\/sites\/2\/forminator\/10414_47c7fef6f8c6f15ac1daaf1663bdf562\/uploads\/tvVxPFrzTKa2-01-programacion-pastoral-PROFETICA.pdf\" target=\"_blank\">tvVxPFrzTKa2-01-programacion-pastoral-PROFETICA.pdf<\/a><\/td>\n                    <td style=\"\">24\/09\/2025 04:49 PM<\/td>\n            <\/tr>\n            <tr id=\"table_3_row_247\">\n                    <td style=\"\">Programaci\u00f3n Parroquial<\/td>\n                    <td style=\"\">P013 CRISTO REDENTOR(DEL VALLE)<\/td>\n                    <td style=\"\">Organismos Eclesiales Laicales (OEL)<\/td>\n                    <td style=\"\">3.Adoraci\u00f3n, Comunidad, Trabajo, Servicio (ACTS)<\/td>\n                    <td style=\"\"><\/td>\n                    <td style=\"\"><a href=\"https:\/\/diocesisdeaguascalientes.mx\/vicaria-de-pastoral\/wp-content\/uploads\/sites\/2\/forminator\/10414_47c7fef6f8c6f15ac1daaf1663bdf562\/uploads\/woqBWDv0vNEQ-fin-ACTS-PROGRAMACION-2025-2026.pdf\" target=\"_blank\">woqBWDv0vNEQ-fin-ACTS-PROGRAMACION-2025-2026.pdf<\/a><\/td>\n                    <td style=\"\">24\/09\/2025 04:42 PM<\/td>\n            <\/tr>\n            <tr id=\"table_3_row_248\">\n                    <td style=\"\">Programaci\u00f3n Parroquial<\/td>\n                    <td style=\"\">P039 INMACULADO CORAZ\u00d3N DE MAR\u00cdA(LAS FLORES)<\/td>\n                    <td style=\"\">Organismos Eclesiales Laicales (OEL)<\/td>\n                    <td style=\"\">28.Llama de amor del Inmaculado Coraz\u00f3n de Mar\u00eda<\/td>\n                    <td style=\"\"><\/td>\n                    <td style=\"\"><a href=\"https:\/\/diocesisdeaguascalientes.mx\/vicaria-de-pastoral\/wp-content\/uploads\/sites\/2\/forminator\/10414_47c7fef6f8c6f15ac1daaf1663bdf562\/uploads\/NLxmJLW1Uywk-PROGRAMACIONES-OEL-LLAMA-DE-AMOR-2025-2026.pdf\" target=\"_blank\">NLxmJLW1Uywk-PROGRAMACIONES-OEL-LLAMA-DE-AMOR-2025-2026.pdf<\/a><\/td>\n                    <td style=\"\">24\/09\/2025 04:40 PM<\/td>\n            <\/tr>\n            <tr id=\"table_3_row_249\">\n                    <td style=\"\">Programaci\u00f3n Parroquial<\/td>\n                    <td style=\"\">P039 INMACULADO CORAZ\u00d3N DE MAR\u00cdA(LAS FLORES)<\/td>\n                    <td style=\"\">Organismos Eclesiales Laicales (OEL)<\/td>\n                    <td style=\"\">21.Guardia de honor del Sagrado Coraz\u00f3n de Jes\u00fas.<\/td>\n                    <td style=\"\"><\/td>\n                    <td style=\"\"><a href=\"https:\/\/diocesisdeaguascalientes.mx\/vicaria-de-pastoral\/wp-content\/uploads\/sites\/2\/forminator\/10414_47c7fef6f8c6f15ac1daaf1663bdf562\/uploads\/LDAIGYJf2hbR-PROGRAMACION-OEL-GUARDIA-DE-HONOR-2025-2026.pdf\" target=\"_blank\">LDAIGYJf2hbR-PROGRAMACION-OEL-GUARDIA-DE-HONOR-2025-2026.pdf<\/a><\/td>\n                    <td style=\"\">24\/09\/2025 04:39 PM<\/td>\n            <\/tr>\n            <tr id=\"table_3_row_250\">\n                    <td style=\"\">Programaci\u00f3n Parroquial<\/td>\n                    <td style=\"\">P039 INMACULADO CORAZ\u00d3N DE MAR\u00cdA(LAS FLORES)<\/td>\n                    <td style=\"\">Social<\/td>\n                    <td style=\"\"><\/td>\n                    <td style=\"\"><\/td>\n                    <td style=\"\"><a href=\"https:\/\/diocesisdeaguascalientes.mx\/vicaria-de-pastoral\/wp-content\/uploads\/sites\/2\/forminator\/10414_47c7fef6f8c6f15ac1daaf1663bdf562\/uploads\/YBHmMJFgzA4M-PROGRAMACION-PASTORAL-SOCIAL-CARITAS-2025-2026.pdf\" target=\"_blank\">YBHmMJFgzA4M-PROGRAMACION-PASTORAL-SOCIAL-CARITAS-2025-2026.pdf<\/a><\/td>\n                    <td style=\"\">24\/09\/2025 04:38 PM<\/td>\n            <\/tr>\n            <tr id=\"table_3_row_251\">\n                    <td style=\"\">Programaci\u00f3n Parroquial<\/td>\n                    <td style=\"\">P039 INMACULADO CORAZ\u00d3N DE MAR\u00cdA(LAS FLORES)<\/td>\n                    <td style=\"\">Prof\u00e9tica<\/td>\n                    <td style=\"\"><\/td>\n                    <td style=\"\"><\/td>\n                    <td style=\"\"><a href=\"https:\/\/diocesisdeaguascalientes.mx\/vicaria-de-pastoral\/wp-content\/uploads\/sites\/2\/forminator\/10414_47c7fef6f8c6f15ac1daaf1663bdf562\/uploads\/1eeLUrIsLOxb-PROGRAMACION-PASTORAL-PROFETICA-2025-2026.pdf\" target=\"_blank\">1eeLUrIsLOxb-PROGRAMACION-PASTORAL-PROFETICA-2025-2026.pdf<\/a><\/td>\n                    <td style=\"\">24\/09\/2025 04:37 PM<\/td>\n            <\/tr>\n            <tr id=\"table_3_row_252\">\n                    <td style=\"\">Programaci\u00f3n Parroquial<\/td>\n                    <td style=\"\">P039 INMACULADO CORAZ\u00d3N DE MAR\u00cdA(LAS FLORES)<\/td>\n                    <td style=\"\">Animaci\u00f3n Pastoral (CPP)<\/td>\n                    <td style=\"\"><\/td>\n                    <td style=\"\"><\/td>\n                    <td style=\"\"><a href=\"https:\/\/diocesisdeaguascalientes.mx\/vicaria-de-pastoral\/wp-content\/uploads\/sites\/2\/forminator\/10414_47c7fef6f8c6f15ac1daaf1663bdf562\/uploads\/aa9zEGukKclP-PROGRAMACION-PASTORAL-DE-ANIMACION-2025-2026.pdf\" target=\"_blank\">aa9zEGukKclP-PROGRAMACION-PASTORAL-DE-ANIMACION-2025-2026.pdf<\/a><\/td>\n                    <td style=\"\">24\/09\/2025 04:36 PM<\/td>\n            <\/tr>\n            <tr id=\"table_3_row_253\">\n                    <td style=\"\">Programaci\u00f3n Parroquial<\/td>\n                    <td style=\"\">P013 CRISTO REDENTOR(DEL VALLE)<\/td>\n                    <td style=\"\">Adolescentes<\/td>\n                    <td style=\"\"><\/td>\n                    <td style=\"\"><\/td>\n                    <td style=\"\"><a href=\"https:\/\/diocesisdeaguascalientes.mx\/vicaria-de-pastoral\/wp-content\/uploads\/sites\/2\/forminator\/10414_47c7fef6f8c6f15ac1daaf1663bdf562\/uploads\/tsA0aHGGmhVB-EDITADO-PROGRAMACION-ADOLESCENTES-2025-2026.pdf\" target=\"_blank\">tsA0aHGGmhVB-EDITADO-PROGRAMACION-ADOLESCENTES-2025-2026.pdf<\/a><\/td>\n                    <td style=\"\">24\/09\/2025 04:29 PM<\/td>\n            <\/tr>\n            <tr id=\"table_3_row_254\">\n                    <td style=\"\">Programaci\u00f3n Parroquial<\/td>\n                    <td style=\"\">P075 NUESTRA SE\u00d1ORA DEL REFUGIO(EL TECU\u00c1N, JALISCO)<\/td>\n                    <td style=\"\">Juvenil<\/td>\n                    <td style=\"\"><\/td>\n                    <td style=\"\"><\/td>\n                    <td style=\"\"><a href=\"https:\/\/diocesisdeaguascalientes.mx\/vicaria-de-pastoral\/wp-content\/uploads\/sites\/2\/forminator\/10414_47c7fef6f8c6f15ac1daaf1663bdf562\/uploads\/8DG3pxSBlDrV-EVALUACION-PASTORAL-JUVENIL.pdf\" target=\"_blank\">8DG3pxSBlDrV-EVALUACION-PASTORAL-JUVENIL.pdf<\/a><\/td>\n                    <td style=\"\">24\/09\/2025 04:27 PM<\/td>\n            <\/tr>\n            <tr id=\"table_3_row_255\">\n                    <td style=\"\">Programaci\u00f3n Parroquial<\/td>\n                    <td style=\"\">P075 NUESTRA SE\u00d1ORA DEL REFUGIO(EL TECU\u00c1N, JALISCO)<\/td>\n                    <td style=\"\">Adolescentes<\/td>\n                    <td style=\"\"><\/td>\n                    <td style=\"\"><\/td>\n                    <td style=\"\"><a href=\"https:\/\/diocesisdeaguascalientes.mx\/vicaria-de-pastoral\/wp-content\/uploads\/sites\/2\/forminator\/10414_47c7fef6f8c6f15ac1daaf1663bdf562\/uploads\/CwLbS2O0d87t-EVALUACION-PASTORAL-DE-ADOLESCENTES.pdf\" target=\"_blank\">CwLbS2O0d87t-EVALUACION-PASTORAL-DE-ADOLESCENTES.pdf<\/a><\/td>\n                    <td style=\"\">24\/09\/2025 04:26 PM<\/td>\n            <\/tr>\n            <tr id=\"table_3_row_256\">\n                    <td style=\"\">Programaci\u00f3n Parroquial<\/td>\n                    <td style=\"\">P075 NUESTRA SE\u00d1ORA DEL REFUGIO(EL TECU\u00c1N, JALISCO)<\/td>\n                    <td style=\"\">Familiar<\/td>\n                    <td style=\"\"><\/td>\n                    <td style=\"\"><\/td>\n                    <td style=\"\"><a href=\"https:\/\/diocesisdeaguascalientes.mx\/vicaria-de-pastoral\/wp-content\/uploads\/sites\/2\/forminator\/10414_47c7fef6f8c6f15ac1daaf1663bdf562\/uploads\/0xNYFoxXMWN5-EVALUACION-PASTORAL-FAMILIAR.pdf\" target=\"_blank\">0xNYFoxXMWN5-EVALUACION-PASTORAL-FAMILIAR.pdf<\/a><\/td>\n                    <td style=\"\">24\/09\/2025 04:25 PM<\/td>\n            <\/tr>\n            <tr id=\"table_3_row_257\">\n                    <td style=\"\">Programaci\u00f3n Parroquial<\/td>\n                    <td style=\"\">P075 NUESTRA SE\u00d1ORA DEL REFUGIO(EL TECU\u00c1N, JALISCO)<\/td>\n                    <td style=\"\">Lit\u00fargica<\/td>\n                    <td style=\"\"><\/td>\n                    <td style=\"\"><\/td>\n                    <td style=\"\"><a href=\"https:\/\/diocesisdeaguascalientes.mx\/vicaria-de-pastoral\/wp-content\/uploads\/sites\/2\/forminator\/10414_47c7fef6f8c6f15ac1daaf1663bdf562\/uploads\/iVzx68mt4jMa-EVALUACION-2025-PASTORAL-LITURGICA.pdf\" target=\"_blank\">iVzx68mt4jMa-EVALUACION-2025-PASTORAL-LITURGICA.pdf<\/a><\/td>\n                    <td style=\"\">24\/09\/2025 04:23 PM<\/td>\n            <\/tr>\n            <tr id=\"table_3_row_258\">\n                    <td style=\"\">Programaci\u00f3n Parroquial<\/td>\n                    <td style=\"\">P013 CRISTO REDENTOR(DEL VALLE)<\/td>\n                    <td style=\"\">Lit\u00fargica<\/td>\n                    <td style=\"\"><\/td>\n                    <td style=\"\"><\/td>\n                    <td style=\"\"><a href=\"https:\/\/diocesisdeaguascalientes.mx\/vicaria-de-pastoral\/wp-content\/uploads\/sites\/2\/forminator\/10414_47c7fef6f8c6f15ac1daaf1663bdf562\/uploads\/AVcC15v3cnqP-fin-EDITADO-PROGRAMACION-LITURGIA-2025-2026.pdf\" target=\"_blank\">AVcC15v3cnqP-fin-EDITADO-PROGRAMACION-LITURGIA-2025-2026.pdf<\/a><\/td>\n                    <td style=\"\">24\/09\/2025 04:17 PM<\/td>\n            <\/tr>\n            <tr id=\"table_3_row_259\">\n                    <td style=\"\">Programaci\u00f3n Parroquial<\/td>\n                    <td style=\"\">P013 CRISTO REDENTOR(DEL VALLE)<\/td>\n                    <td style=\"\">Juvenil<\/td>\n                    <td style=\"\"><\/td>\n                    <td style=\"\"><\/td>\n                    <td style=\"\"><a href=\"https:\/\/diocesisdeaguascalientes.mx\/vicaria-de-pastoral\/wp-content\/uploads\/sites\/2\/forminator\/10414_47c7fef6f8c6f15ac1daaf1663bdf562\/uploads\/NmD60MU7p4oM-fin-PROGRAMACION-P.-JUVENIL-2025-2026-3.pdf\" target=\"_blank\">NmD60MU7p4oM-fin-PROGRAMACION-P.-JUVENIL-2025-2026-3.pdf<\/a><\/td>\n                    <td style=\"\">24\/09\/2025 04:15 PM<\/td>\n            <\/tr>\n            <tr id=\"table_3_row_260\">\n                    <td style=\"\">Programaci\u00f3n Parroquial<\/td>\n                    <td style=\"\">P013 CRISTO REDENTOR(DEL VALLE)<\/td>\n                    <td style=\"\">Familiar<\/td>\n                    <td style=\"\"><\/td>\n                    <td style=\"\"><\/td>\n                    <td style=\"\"><a href=\"https:\/\/diocesisdeaguascalientes.mx\/vicaria-de-pastoral\/wp-content\/uploads\/sites\/2\/forminator\/10414_47c7fef6f8c6f15ac1daaf1663bdf562\/uploads\/xHTcwfxReV0W-fin-PROGRAMACION-P.-FAMILIAR-2025-2026.pdf\" target=\"_blank\">xHTcwfxReV0W-fin-PROGRAMACION-P.-FAMILIAR-2025-2026.pdf<\/a><\/td>\n                    <td style=\"\">24\/09\/2025 04:14 PM<\/td>\n            <\/tr>\n            <tr id=\"table_3_row_261\">\n                    <td style=\"\">Programaci\u00f3n Parroquial<\/td>\n                    <td style=\"\">P075 NUESTRA SE\u00d1ORA DEL REFUGIO(EL TECU\u00c1N, JALISCO)<\/td>\n                    <td style=\"\">Prof\u00e9tica<\/td>\n                    <td style=\"\"><\/td>\n                    <td style=\"\"><\/td>\n                    <td style=\"\"><a href=\"https:\/\/diocesisdeaguascalientes.mx\/vicaria-de-pastoral\/wp-content\/uploads\/sites\/2\/forminator\/10414_47c7fef6f8c6f15ac1daaf1663bdf562\/uploads\/2ziwu32J1Vt2-EVALUACION-PASTORAL-PROFETICA.pdf\" target=\"_blank\">2ziwu32J1Vt2-EVALUACION-PASTORAL-PROFETICA.pdf<\/a><\/td>\n                    <td style=\"\">24\/09\/2025 04:13 PM<\/td>\n            <\/tr>\n            <tr id=\"table_3_row_262\">\n                    <td style=\"\">Programaci\u00f3n Parroquial<\/td>\n                    <td style=\"\">P013 CRISTO REDENTOR(DEL VALLE)<\/td>\n                    <td style=\"\">Social<\/td>\n                    <td style=\"\"><\/td>\n                    <td style=\"\"><\/td>\n                    <td style=\"\"><a href=\"https:\/\/diocesisdeaguascalientes.mx\/vicaria-de-pastoral\/wp-content\/uploads\/sites\/2\/forminator\/10414_47c7fef6f8c6f15ac1daaf1663bdf562\/uploads\/Ms2DmKUPVboe-fin-PROGRAMACION-P.-SOCIAL-2025-2026.pdf\" target=\"_blank\">Ms2DmKUPVboe-fin-PROGRAMACION-P.-SOCIAL-2025-2026.pdf<\/a><\/td>\n                    <td style=\"\">24\/09\/2025 04:12 PM<\/td>\n            <\/tr>\n            <tr id=\"table_3_row_263\">\n                    <td style=\"\">Programaci\u00f3n Parroquial<\/td>\n                    <td style=\"\">P075 NUESTRA SE\u00d1ORA DEL REFUGIO(EL TECU\u00c1N, JALISCO)<\/td>\n                    <td style=\"\">Animaci\u00f3n Pastoral (CPP)<\/td>\n                    <td style=\"\"><\/td>\n                    <td style=\"\"><\/td>\n                    <td style=\"\"><a href=\"https:\/\/diocesisdeaguascalientes.mx\/vicaria-de-pastoral\/wp-content\/uploads\/sites\/2\/forminator\/10414_47c7fef6f8c6f15ac1daaf1663bdf562\/uploads\/ZyKcEmURjzXi-EVALUAION-ANIMACION-PASTORAL.pdf\" target=\"_blank\">ZyKcEmURjzXi-EVALUAION-ANIMACION-PASTORAL.pdf<\/a><\/td>\n                    <td style=\"\">24\/09\/2025 04:12 PM<\/td>\n            <\/tr>\n            <tr id=\"table_3_row_264\">\n                    <td style=\"\">Programaci\u00f3n Parroquial<\/td>\n                    <td style=\"\">P013 CRISTO REDENTOR(DEL VALLE)<\/td>\n                    <td style=\"\">Prof\u00e9tica<\/td>\n                    <td style=\"\"><\/td>\n                    <td style=\"\"><\/td>\n                    <td style=\"\"><a href=\"https:\/\/diocesisdeaguascalientes.mx\/vicaria-de-pastoral\/wp-content\/uploads\/sites\/2\/forminator\/10414_47c7fef6f8c6f15ac1daaf1663bdf562\/uploads\/ijCMkNnfdCC1-fin-PROGRAMACION-PASTORAL-PROFETICA-2025-2026-3-1-1.pdf\" target=\"_blank\">ijCMkNnfdCC1-fin-PROGRAMACION-PASTORAL-PROFETICA-2025-2026-3-1-1.pdf<\/a><\/td>\n                    <td style=\"\">24\/09\/2025 04:10 PM<\/td>\n            <\/tr>\n            <tr id=\"table_3_row_265\">\n                    <td style=\"\">Programaci\u00f3n Parroquial<\/td>\n                    <td style=\"\">P090 SANTA CRUZ DE JERUSAL\u00c9N(MART\u00cdNEZ DOMINGUEZ)<\/td>\n                    <td style=\"\">Organismos Eclesiales Laicales (OEL)<\/td>\n                    <td style=\"\">Otro<\/td>\n                    <td style=\"\">ADORACI\u00d3N NOCTURNA MEXICANA<\/td>\n                    <td style=\"\"><a href=\"https:\/\/diocesisdeaguascalientes.mx\/vicaria-de-pastoral\/wp-content\/uploads\/sites\/2\/forminator\/10414_47c7fef6f8c6f15ac1daaf1663bdf562\/uploads\/eHaky4AjOVyV-PROGRAMACION-2025-2026-OEL-ADORACION-NOCTURNA-MEXICANA-SANTA-CRUZ.pdf\" target=\"_blank\">eHaky4AjOVyV-PROGRAMACION-2025-2026-OEL-ADORACION-NOCTURNA-MEXICANA-SANTA-CRUZ.pdf<\/a><\/td>\n                    <td style=\"\">24\/09\/2025 04:08 PM<\/td>\n            <\/tr>\n            <tr id=\"table_3_row_266\">\n                    <td style=\"\">Programaci\u00f3n Parroquial<\/td>\n                    <td style=\"\">P079 NUESTRA SE\u00d1ORA DEL REFUGIO(SANTA MAR\u00cdA DE EN MEDIO)<\/td>\n                    <td style=\"\">Prof\u00e9tica<\/td>\n                    <td style=\"\"><\/td>\n                    <td style=\"\"><\/td>\n                    <td style=\"\"><a href=\"https:\/\/diocesisdeaguascalientes.mx\/vicaria-de-pastoral\/wp-content\/uploads\/sites\/2\/forminator\/10414_47c7fef6f8c6f15ac1daaf1663bdf562\/uploads\/Pn4Nh0iz3CUw-Encargados-de-Area.pdf\" target=\"_blank\">Pn4Nh0iz3CUw-Encargados-de-Area.pdf<\/a><\/td>\n                    <td style=\"\">24\/09\/2025 03:18 PM<\/td>\n            <\/tr>\n            <tr id=\"table_3_row_267\">\n                    <td style=\"\">Programaci\u00f3n Parroquial<\/td>\n                    <td style=\"\">P061 MARIA MADRE Y REINA DE NUESTRAS FAMILIAS(HACIENDAS DE AGUASCALIENTES)<\/td>\n                    <td style=\"\">Organismos Eclesiales Laicales (OEL)<\/td>\n                    <td style=\"\">Otro<\/td>\n                    <td style=\"\">Comunidad Evangelizadora para la Reconciliaci\u00f3n y el Servicio CERS (MSP)<\/td>\n                    <td style=\"\"><a href=\"https:\/\/diocesisdeaguascalientes.mx\/vicaria-de-pastoral\/wp-content\/uploads\/sites\/2\/forminator\/10414_47c7fef6f8c6f15ac1daaf1663bdf562\/uploads\/bDSpQ8v1mg0W-P061.-9.3.-OEL-CERS-Programacion-25-26.pdf\" target=\"_blank\">bDSpQ8v1mg0W-P061.-9.3.-OEL-CERS-Programacion-25-26.pdf<\/a><\/td>\n                    <td style=\"\">24\/09\/2025 03:18 PM<\/td>\n            <\/tr>\n            <tr id=\"table_3_row_268\">\n                    <td style=\"\">Programaci\u00f3n Parroquial<\/td>\n                    <td style=\"\">P061 MARIA MADRE Y REINA DE NUESTRAS FAMILIAS(HACIENDAS DE AGUASCALIENTES)<\/td>\n                    <td style=\"\">Organismos Eclesiales Laicales (OEL)<\/td>\n                    <td style=\"\">Otro<\/td>\n                    <td style=\"\">Liga de los Rec\u00edprocos Auxiliares entre el Seminario y las Familias L.R.A.S.F.<\/td>\n                    <td style=\"\"><a href=\"https:\/\/diocesisdeaguascalientes.mx\/vicaria-de-pastoral\/wp-content\/uploads\/sites\/2\/forminator\/10414_47c7fef6f8c6f15ac1daaf1663bdf562\/uploads\/WSbVmyjyn5Km-P061.-9.4.-OEL-L.R.A.S.F.-Programacion-25-26.docx.pdf\" target=\"_blank\">WSbVmyjyn5Km-P061.-9.4.-OEL-L.R.A.S.F.-Programacion-25-26.docx.pdf<\/a><\/td>\n                    <td style=\"\">24\/09\/2025 03:16 PM<\/td>\n            <\/tr>\n            <tr id=\"table_3_row_269\">\n                    <td style=\"\">Programaci\u00f3n Parroquial<\/td>\n                    <td style=\"\">P049 SAN JOS\u00c9(MES\u00d3N DE LOS SAUCES)<\/td>\n                    <td style=\"\">Social<\/td>\n                    <td style=\"\"><\/td>\n                    <td style=\"\"><\/td>\n                    <td style=\"\"><a href=\"https:\/\/diocesisdeaguascalientes.mx\/vicaria-de-pastoral\/wp-content\/uploads\/sites\/2\/forminator\/10414_47c7fef6f8c6f15ac1daaf1663bdf562\/uploads\/nbVypnYoiDLV-Programacion-Pastoral-Parroquial-2025-2026social.pdf\" target=\"_blank\">nbVypnYoiDLV-Programacion-Pastoral-Parroquial-2025-2026social.pdf<\/a><\/td>\n                    <td style=\"\">24\/09\/2025 03:15 PM<\/td>\n            <\/tr>\n            <tr id=\"table_3_row_270\">\n                    <td style=\"\">Programaci\u00f3n Parroquial<\/td>\n                    <td style=\"\">P061 MARIA MADRE Y REINA DE NUESTRAS FAMILIAS(HACIENDAS DE AGUASCALIENTES)<\/td>\n                    <td style=\"\">Organismos Eclesiales Laicales (OEL)<\/td>\n                    <td style=\"\">Otro<\/td>\n                    <td style=\"\">Coronilla de la Divina Misericordia<\/td>\n                    <td style=\"\"><a href=\"https:\/\/diocesisdeaguascalientes.mx\/vicaria-de-pastoral\/wp-content\/uploads\/sites\/2\/forminator\/10414_47c7fef6f8c6f15ac1daaf1663bdf562\/uploads\/yV5x8HO8XdgR-P061.-9.2.-OEL-Gpo.-Coronilla-de-la-Divina-Misericordia-Programacion-25-26.pdf\" target=\"_blank\">yV5x8HO8XdgR-P061.-9.2.-OEL-Gpo.-Coronilla-de-la-Divina-Misericordia-Programacion-25-26.pdf<\/a><\/td>\n                    <td style=\"\">24\/09\/2025 03:14 PM<\/td>\n            <\/tr>\n            <tr id=\"table_3_row_271\">\n                    <td style=\"\">Programaci\u00f3n Parroquial<\/td>\n                    <td style=\"\">P061 MARIA MADRE Y REINA DE NUESTRAS FAMILIAS(HACIENDAS DE AGUASCALIENTES)<\/td>\n                    <td style=\"\">Organismos Eclesiales Laicales (OEL)<\/td>\n                    <td style=\"\">Otro<\/td>\n                    <td style=\"\">Ni\u00f1os y ni\u00f1as Adoradores, Tarcisios e Inesitas<\/td>\n                    <td style=\"\"><a href=\"https:\/\/diocesisdeaguascalientes.mx\/vicaria-de-pastoral\/wp-content\/uploads\/sites\/2\/forminator\/10414_47c7fef6f8c6f15ac1daaf1663bdf562\/uploads\/3tprJeoXlU2B-P061.-9.1.-OEL-Ninos-Adoradores-Tarcisios-e-Inesitas-Programacion-25-26.pdf\" target=\"_blank\">3tprJeoXlU2B-P061.-9.1.-OEL-Ninos-Adoradores-Tarcisios-e-Inesitas-Programacion-25-26.pdf<\/a><\/td>\n                    <td style=\"\">24\/09\/2025 03:13 PM<\/td>\n            <\/tr>\n            <tr id=\"table_3_row_272\">\n                    <td style=\"\">Programaci\u00f3n Parroquial<\/td>\n                    <td style=\"\">P061 MARIA MADRE Y REINA DE NUESTRAS FAMILIAS(HACIENDAS DE AGUASCALIENTES)<\/td>\n                    <td style=\"\">Pastoral de la Comunicaci\u00f3n<\/td>\n                    <td style=\"\"><\/td>\n                    <td style=\"\"><\/td>\n                    <td style=\"\"><a href=\"https:\/\/diocesisdeaguascalientes.mx\/vicaria-de-pastoral\/wp-content\/uploads\/sites\/2\/forminator\/10414_47c7fef6f8c6f15ac1daaf1663bdf562\/uploads\/7lYNdg6IiYEJ-P061.-8.-Pastoral-de-la-Comunicacion-Programacion-25-26.pdf\" target=\"_blank\">7lYNdg6IiYEJ-P061.-8.-Pastoral-de-la-Comunicacion-Programacion-25-26.pdf<\/a><\/td>\n                    <td style=\"\">24\/09\/2025 03:11 PM<\/td>\n            <\/tr>\n            <tr id=\"table_3_row_273\">\n                    <td style=\"\">Programaci\u00f3n Parroquial<\/td>\n                    <td style=\"\">P061 MARIA MADRE Y REINA DE NUESTRAS FAMILIAS(HACIENDAS DE AGUASCALIENTES)<\/td>\n                    <td style=\"\">Juvenil<\/td>\n                    <td style=\"\"><\/td>\n                    <td style=\"\"><\/td>\n                    <td style=\"\"><a href=\"https:\/\/diocesisdeaguascalientes.mx\/vicaria-de-pastoral\/wp-content\/uploads\/sites\/2\/forminator\/10414_47c7fef6f8c6f15ac1daaf1663bdf562\/uploads\/qPScMIVs1RAZ-P061.-7.-Pastoral-Juvenil-Programacion-25-26.pdf\" target=\"_blank\">qPScMIVs1RAZ-P061.-7.-Pastoral-Juvenil-Programacion-25-26.pdf<\/a><\/td>\n                    <td style=\"\">24\/09\/2025 03:09 PM<\/td>\n            <\/tr>\n            <tr id=\"table_3_row_274\">\n                    <td style=\"\">Programaci\u00f3n Parroquial<\/td>\n                    <td style=\"\">P061 MARIA MADRE Y REINA DE NUESTRAS FAMILIAS(HACIENDAS DE AGUASCALIENTES)<\/td>\n                    <td style=\"\">Adolescentes<\/td>\n                    <td style=\"\"><\/td>\n                    <td style=\"\"><\/td>\n                    <td style=\"\"><a href=\"https:\/\/diocesisdeaguascalientes.mx\/vicaria-de-pastoral\/wp-content\/uploads\/sites\/2\/forminator\/10414_47c7fef6f8c6f15ac1daaf1663bdf562\/uploads\/P9A4PawOqNE1-P061.-6.-Pastoral-de-Adolescentes-Programacion-25-26.pdf\" target=\"_blank\">P9A4PawOqNE1-P061.-6.-Pastoral-de-Adolescentes-Programacion-25-26.pdf<\/a><\/td>\n                    <td style=\"\">24\/09\/2025 03:08 PM<\/td>\n            <\/tr>\n            <tr id=\"table_3_row_275\">\n                    <td style=\"\">Programaci\u00f3n Parroquial<\/td>\n                    <td style=\"\">P061 MARIA MADRE Y REINA DE NUESTRAS FAMILIAS(HACIENDAS DE AGUASCALIENTES)<\/td>\n                    <td style=\"\">Familiar<\/td>\n                    <td style=\"\"><\/td>\n                    <td style=\"\"><\/td>\n                    <td style=\"\"><a href=\"https:\/\/diocesisdeaguascalientes.mx\/vicaria-de-pastoral\/wp-content\/uploads\/sites\/2\/forminator\/10414_47c7fef6f8c6f15ac1daaf1663bdf562\/uploads\/Ev74N39rEKW3-P061.-5.-Pastoral-Familiar-Programacion-25-26.pdf\" target=\"_blank\">Ev74N39rEKW3-P061.-5.-Pastoral-Familiar-Programacion-25-26.pdf<\/a><\/td>\n                    <td style=\"\">24\/09\/2025 03:07 PM<\/td>\n            <\/tr>\n            <tr id=\"table_3_row_276\">\n                    <td style=\"\">Programaci\u00f3n Parroquial<\/td>\n                    <td style=\"\">P061 MARIA MADRE Y REINA DE NUESTRAS FAMILIAS(HACIENDAS DE AGUASCALIENTES)<\/td>\n                    <td style=\"\">Social<\/td>\n                    <td style=\"\"><\/td>\n                    <td style=\"\"><\/td>\n                    <td style=\"\"><a href=\"https:\/\/diocesisdeaguascalientes.mx\/vicaria-de-pastoral\/wp-content\/uploads\/sites\/2\/forminator\/10414_47c7fef6f8c6f15ac1daaf1663bdf562\/uploads\/BnQkxU3Ho5sq-P061.-4.-Pastoral-Social-Programacion-25-26.pdf\" target=\"_blank\">BnQkxU3Ho5sq-P061.-4.-Pastoral-Social-Programacion-25-26.pdf<\/a><\/td>\n                    <td style=\"\">24\/09\/2025 03:05 PM<\/td>\n            <\/tr>\n            <tr id=\"table_3_row_277\">\n                    <td style=\"\">Programaci\u00f3n Parroquial<\/td>\n                    <td style=\"\">P061 MARIA MADRE Y REINA DE NUESTRAS FAMILIAS(HACIENDAS DE AGUASCALIENTES)<\/td>\n                    <td style=\"\">Lit\u00fargica<\/td>\n                    <td style=\"\"><\/td>\n                    <td style=\"\"><\/td>\n                    <td style=\"\"><a href=\"https:\/\/diocesisdeaguascalientes.mx\/vicaria-de-pastoral\/wp-content\/uploads\/sites\/2\/forminator\/10414_47c7fef6f8c6f15ac1daaf1663bdf562\/uploads\/hTfgoMwAiVXc-P061.-3.-Pastoral-Liturgica-Programacion-25-26.pdf\" target=\"_blank\">hTfgoMwAiVXc-P061.-3.-Pastoral-Liturgica-Programacion-25-26.pdf<\/a><\/td>\n                    <td style=\"\">24\/09\/2025 03:04 PM<\/td>\n            <\/tr>\n            <tr id=\"table_3_row_278\">\n                    <td style=\"\">Programaci\u00f3n Parroquial<\/td>\n                    <td style=\"\">P061 MARIA MADRE Y REINA DE NUESTRAS FAMILIAS(HACIENDAS DE AGUASCALIENTES)<\/td>\n                    <td style=\"\">Prof\u00e9tica<\/td>\n                    <td style=\"\"><\/td>\n                    <td style=\"\"><\/td>\n                    <td style=\"\"><a href=\"https:\/\/diocesisdeaguascalientes.mx\/vicaria-de-pastoral\/wp-content\/uploads\/sites\/2\/forminator\/10414_47c7fef6f8c6f15ac1daaf1663bdf562\/uploads\/f5PQaiSMVWVX-P061.-2.-Pastoral-Profetica-Programacion-25-26.pdf\" target=\"_blank\">f5PQaiSMVWVX-P061.-2.-Pastoral-Profetica-Programacion-25-26.pdf<\/a><\/td>\n                    <td style=\"\">24\/09\/2025 03:03 PM<\/td>\n            <\/tr>\n            <tr id=\"table_3_row_279\">\n                    <td style=\"\">Programaci\u00f3n Parroquial<\/td>\n                    <td style=\"\">P061 MARIA MADRE Y REINA DE NUESTRAS FAMILIAS(HACIENDAS DE AGUASCALIENTES)<\/td>\n                    <td style=\"\">Animaci\u00f3n Pastoral (CPP)<\/td>\n                    <td style=\"\"><\/td>\n                    <td style=\"\"><\/td>\n                    <td style=\"\"><a href=\"https:\/\/diocesisdeaguascalientes.mx\/vicaria-de-pastoral\/wp-content\/uploads\/sites\/2\/forminator\/10414_47c7fef6f8c6f15ac1daaf1663bdf562\/uploads\/dItkGl2qA82W-P061.-1.-Animacion-Pastoral-Programacion-25-26.pdf\" target=\"_blank\">dItkGl2qA82W-P061.-1.-Animacion-Pastoral-Programacion-25-26.pdf<\/a><\/td>\n                    <td style=\"\">24\/09\/2025 03:02 PM<\/td>\n            <\/tr>\n            <tr id=\"table_3_row_280\">\n                    <td style=\"\">Programaci\u00f3n Parroquial<\/td>\n                    <td style=\"\">P076 NUESTRA SE\u00d1ORA DEL REFUGIO(SAN ANTONIO)<\/td>\n                    <td style=\"\">Organismos Eclesiales Laicales (OEL)<\/td>\n                    <td style=\"\">Otro<\/td>\n                    <td style=\"\">Adoraci\u00f3n a Jes\u00fas Eucarist\u00eda<\/td>\n                    <td style=\"\"><a href=\"https:\/\/diocesisdeaguascalientes.mx\/vicaria-de-pastoral\/wp-content\/uploads\/sites\/2\/forminator\/10414_47c7fef6f8c6f15ac1daaf1663bdf562\/uploads\/lnQ2DdPszKYT-P_OELAVisitasSmo.pdf\" target=\"_blank\">lnQ2DdPszKYT-P_OELAVisitasSmo.pdf<\/a><\/td>\n                    <td style=\"\">24\/09\/2025 02:45 PM<\/td>\n            <\/tr>\n            <tr id=\"table_3_row_281\">\n                    <td style=\"\">Programaci\u00f3n Parroquial<\/td>\n                    <td style=\"\">P049 SAN JOS\u00c9(MES\u00d3N DE LOS SAUCES)<\/td>\n                    <td style=\"\">Pastoral de la Comunicaci\u00f3n<\/td>\n                    <td style=\"\"><\/td>\n                    <td style=\"\"><\/td>\n                    <td style=\"\"><a href=\"https:\/\/diocesisdeaguascalientes.mx\/vicaria-de-pastoral\/wp-content\/uploads\/sites\/2\/forminator\/10414_47c7fef6f8c6f15ac1daaf1663bdf562\/uploads\/R4omV4H4ftpj-Programacion-Pastoral-Parroquial-2025-2026cominicacion.pdf\" target=\"_blank\">R4omV4H4ftpj-Programacion-Pastoral-Parroquial-2025-2026cominicacion.pdf<\/a><\/td>\n                    <td style=\"\">24\/09\/2025 02:08 PM<\/td>\n            <\/tr>\n            <tr id=\"table_3_row_282\">\n                    <td style=\"\">Programaci\u00f3n Parroquial<\/td>\n                    <td style=\"\">P033 NUESTRA SE\u00d1ORA DE GUADALUPE(SAN FRANCISCO DE LOS ROMO)<\/td>\n                    <td style=\"\">Organismos Eclesiales Laicales (OEL)<\/td>\n                    <td style=\"\">Otro<\/td>\n                    <td style=\"\">Organismos Eclesiales Laicales<\/td>\n                    <td style=\"\"><a href=\"https:\/\/diocesisdeaguascalientes.mx\/vicaria-de-pastoral\/wp-content\/uploads\/sites\/2\/forminator\/10414_47c7fef6f8c6f15ac1daaf1663bdf562\/uploads\/XKyFBDhTKax3-Programacion-Organismos-Eclesiales-Laicales.pdf\" target=\"_blank\">XKyFBDhTKax3-Programacion-Organismos-Eclesiales-Laicales.pdf<\/a><\/td>\n                    <td style=\"\">24\/09\/2025 02:00 PM<\/td>\n            <\/tr>\n            <tr id=\"table_3_row_283\">\n                    <td style=\"\">Programaci\u00f3n Parroquial<\/td>\n                    <td style=\"\">P033 NUESTRA SE\u00d1ORA DE GUADALUPE(SAN FRANCISCO DE LOS ROMO)<\/td>\n                    <td style=\"\">Pastoral de la Comunicaci\u00f3n<\/td>\n                    <td style=\"\"><\/td>\n                    <td style=\"\"><\/td>\n                    <td style=\"\"><a href=\"https:\/\/diocesisdeaguascalientes.mx\/vicaria-de-pastoral\/wp-content\/uploads\/sites\/2\/forminator\/10414_47c7fef6f8c6f15ac1daaf1663bdf562\/uploads\/eOt9qs2hv8l4-Programacion-Pastoral-de-la-Comunicacion.pdf\" target=\"_blank\">eOt9qs2hv8l4-Programacion-Pastoral-de-la-Comunicacion.pdf<\/a><\/td>\n                    <td style=\"\">24\/09\/2025 01:56 PM<\/td>\n            <\/tr>\n            <tr id=\"table_3_row_284\">\n                    <td style=\"\">Programaci\u00f3n Parroquial<\/td>\n                    <td style=\"\">P011 NUESTRA SE\u00d1ORA DE LOS BOSQUES(LOS BOSQUES)<\/td>\n                    <td style=\"\">Animaci\u00f3n Pastoral (CPP)<\/td>\n                    <td style=\"\"><\/td>\n                    <td style=\"\"><\/td>\n                    <td style=\"\"><a href=\"https:\/\/diocesisdeaguascalientes.mx\/vicaria-de-pastoral\/wp-content\/uploads\/sites\/2\/forminator\/10414_47c7fef6f8c6f15ac1daaf1663bdf562\/uploads\/g0xTu1nEamaM-PROGRAMACION-MESC-2025-2026-Final.pdf\" target=\"_blank\">g0xTu1nEamaM-PROGRAMACION-MESC-2025-2026-Final.pdf<\/a><\/td>\n                    <td style=\"\">24\/09\/2025 01:56 PM<\/td>\n            <\/tr>\n            <tr id=\"table_3_row_285\">\n                    <td style=\"\">Programaci\u00f3n Parroquial<\/td>\n                    <td style=\"\">P033 NUESTRA SE\u00d1ORA DE GUADALUPE(SAN FRANCISCO DE LOS ROMO)<\/td>\n                    <td style=\"\">Juvenil<\/td>\n                    <td style=\"\"><\/td>\n                    <td style=\"\"><\/td>\n                    <td style=\"\"><a href=\"https:\/\/diocesisdeaguascalientes.mx\/vicaria-de-pastoral\/wp-content\/uploads\/sites\/2\/forminator\/10414_47c7fef6f8c6f15ac1daaf1663bdf562\/uploads\/ZDIXUkFLAzlo-Programacion-Pastoral-Juvenil.pdf\" target=\"_blank\">ZDIXUkFLAzlo-Programacion-Pastoral-Juvenil.pdf<\/a><\/td>\n                    <td style=\"\">24\/09\/2025 01:55 PM<\/td>\n            <\/tr>\n            <tr id=\"table_3_row_286\">\n                    <td style=\"\">Programaci\u00f3n Parroquial<\/td>\n                    <td style=\"\">P033 NUESTRA SE\u00d1ORA DE GUADALUPE(SAN FRANCISCO DE LOS ROMO)<\/td>\n                    <td style=\"\">Adolescentes<\/td>\n                    <td style=\"\"><\/td>\n                    <td style=\"\"><\/td>\n                    <td style=\"\"><a href=\"https:\/\/diocesisdeaguascalientes.mx\/vicaria-de-pastoral\/wp-content\/uploads\/sites\/2\/forminator\/10414_47c7fef6f8c6f15ac1daaf1663bdf562\/uploads\/D7NpO93Bcp2A-Programa-Pastoral-de-Adolescentes.pdf\" target=\"_blank\">D7NpO93Bcp2A-Programa-Pastoral-de-Adolescentes.pdf<\/a><\/td>\n                    <td style=\"\">24\/09\/2025 01:52 PM<\/td>\n            <\/tr>\n            <tr id=\"table_3_row_287\">\n                    <td style=\"\">Programaci\u00f3n Parroquial<\/td>\n                    <td style=\"\">P033 NUESTRA SE\u00d1ORA DE GUADALUPE(SAN FRANCISCO DE LOS ROMO)<\/td>\n                    <td style=\"\">Familiar<\/td>\n                    <td style=\"\"><\/td>\n                    <td style=\"\"><\/td>\n                    <td style=\"\"><a href=\"https:\/\/diocesisdeaguascalientes.mx\/vicaria-de-pastoral\/wp-content\/uploads\/sites\/2\/forminator\/10414_47c7fef6f8c6f15ac1daaf1663bdf562\/uploads\/ebdobaRCGGMR-Programacion-Pastoral-Familiar.pdf\" target=\"_blank\">ebdobaRCGGMR-Programacion-Pastoral-Familiar.pdf<\/a><\/td>\n                    <td style=\"\">24\/09\/2025 01:49 PM<\/td>\n            <\/tr>\n            <tr id=\"table_3_row_288\">\n                    <td style=\"\">Programaci\u00f3n Parroquial<\/td>\n                    <td style=\"\">P033 NUESTRA SE\u00d1ORA DE GUADALUPE(SAN FRANCISCO DE LOS ROMO)<\/td>\n                    <td style=\"\">Social<\/td>\n                    <td style=\"\"><\/td>\n                    <td style=\"\"><\/td>\n                    <td style=\"\"><a href=\"https:\/\/diocesisdeaguascalientes.mx\/vicaria-de-pastoral\/wp-content\/uploads\/sites\/2\/forminator\/10414_47c7fef6f8c6f15ac1daaf1663bdf562\/uploads\/DrjdUbvT6MFd-Programacion-Pastoral-Social.pdf\" target=\"_blank\">DrjdUbvT6MFd-Programacion-Pastoral-Social.pdf<\/a><\/td>\n                    <td style=\"\">24\/09\/2025 01:48 PM<\/td>\n            <\/tr>\n            <tr id=\"table_3_row_289\">\n                    <td style=\"\">Programaci\u00f3n Parroquial<\/td>\n                    <td style=\"\">P033 NUESTRA SE\u00d1ORA DE GUADALUPE(SAN FRANCISCO DE LOS ROMO)<\/td>\n                    <td style=\"\">Lit\u00fargica<\/td>\n                    <td style=\"\"><\/td>\n                    <td style=\"\"><\/td>\n                    <td style=\"\"><a href=\"https:\/\/diocesisdeaguascalientes.mx\/vicaria-de-pastoral\/wp-content\/uploads\/sites\/2\/forminator\/10414_47c7fef6f8c6f15ac1daaf1663bdf562\/uploads\/BSoreWeAEosW-Programacion-Pastoral-Liturgica.pdf\" target=\"_blank\">BSoreWeAEosW-Programacion-Pastoral-Liturgica.pdf<\/a><\/td>\n                    <td style=\"\">24\/09\/2025 01:47 PM<\/td>\n            <\/tr>\n            <tr id=\"table_3_row_290\">\n                    <td style=\"\">Programaci\u00f3n Parroquial<\/td>\n                    <td style=\"\">P033 NUESTRA SE\u00d1ORA DE GUADALUPE(SAN FRANCISCO DE LOS ROMO)<\/td>\n                    <td style=\"\">Lit\u00fargica<\/td>\n                    <td style=\"\"><\/td>\n                    <td style=\"\"><\/td>\n                    <td style=\"\"><a href=\"https:\/\/diocesisdeaguascalientes.mx\/vicaria-de-pastoral\/wp-content\/uploads\/sites\/2\/forminator\/10414_47c7fef6f8c6f15ac1daaf1663bdf562\/uploads\/HhLPZhJQe8Ou-Programacion-Pastoral-Liturgica.pdf\" target=\"_blank\">HhLPZhJQe8Ou-Programacion-Pastoral-Liturgica.pdf<\/a><\/td>\n                    <td style=\"\">24\/09\/2025 01:46 PM<\/td>\n            <\/tr>\n            <tr id=\"table_3_row_291\">\n                    <td style=\"\">Programaci\u00f3n Parroquial<\/td>\n                    <td style=\"\">P033 NUESTRA SE\u00d1ORA DE GUADALUPE(SAN FRANCISCO DE LOS ROMO)<\/td>\n                    <td style=\"\">Prof\u00e9tica<\/td>\n                    <td style=\"\"><\/td>\n                    <td style=\"\"><\/td>\n                    <td style=\"\"><a href=\"https:\/\/diocesisdeaguascalientes.mx\/vicaria-de-pastoral\/wp-content\/uploads\/sites\/2\/forminator\/10414_47c7fef6f8c6f15ac1daaf1663bdf562\/uploads\/CyjQcKN4pgcg-Programacion-Pastoral-Profetica.pdf\" target=\"_blank\">CyjQcKN4pgcg-Programacion-Pastoral-Profetica.pdf<\/a><\/td>\n                    <td style=\"\">24\/09\/2025 01:45 PM<\/td>\n            <\/tr>\n            <tr id=\"table_3_row_292\">\n                    <td style=\"\">Programaci\u00f3n Parroquial<\/td>\n                    <td style=\"\">P033 NUESTRA SE\u00d1ORA DE GUADALUPE(SAN FRANCISCO DE LOS ROMO)<\/td>\n                    <td style=\"\">Animaci\u00f3n Pastoral (CPP)<\/td>\n                    <td style=\"\"><\/td>\n                    <td style=\"\"><\/td>\n                    <td style=\"\"><a href=\"https:\/\/diocesisdeaguascalientes.mx\/vicaria-de-pastoral\/wp-content\/uploads\/sites\/2\/forminator\/10414_47c7fef6f8c6f15ac1daaf1663bdf562\/uploads\/ogvryxrT3fS9-Programacion-Animacion-Parroquial.pdf\" target=\"_blank\">ogvryxrT3fS9-Programacion-Animacion-Parroquial.pdf<\/a><\/td>\n                    <td style=\"\">24\/09\/2025 01:44 PM<\/td>\n            <\/tr>\n            <tr id=\"table_3_row_293\">\n                    <td style=\"\">Programaci\u00f3n Parroquial<\/td>\n                    <td style=\"\">P074 NUESTRA SE\u00d1ORA DEL REFUGIO(PRINCIPAL TIERRA BLANCA)<\/td>\n                    <td style=\"\">Lit\u00fargica<\/td>\n                    <td style=\"\"><\/td>\n                    <td style=\"\"><\/td>\n                    <td style=\"\"><a href=\"https:\/\/diocesisdeaguascalientes.mx\/vicaria-de-pastoral\/wp-content\/uploads\/sites\/2\/forminator\/10414_47c7fef6f8c6f15ac1daaf1663bdf562\/uploads\/5RiXzJSqm0Bn-Coros.pdf\" target=\"_blank\">5RiXzJSqm0Bn-Coros.pdf<\/a><\/td>\n                    <td style=\"\">24\/09\/2025 01:39 PM<\/td>\n            <\/tr>\n            <tr id=\"table_3_row_294\">\n                    <td style=\"\">Programaci\u00f3n Parroquial<\/td>\n                    <td style=\"\">P076 NUESTRA SE\u00d1ORA DEL REFUGIO(SAN ANTONIO)<\/td>\n                    <td style=\"\">Organismos Eclesiales Laicales (OEL)<\/td>\n                    <td style=\"\">40.Renovaci\u00f3n Carism\u00e1tica Cat\u00f3lica en el Esp\u00edritu Santo<\/td>\n                    <td style=\"\"><\/td>\n                    <td style=\"\"><a href=\"https:\/\/diocesisdeaguascalientes.mx\/vicaria-de-pastoral\/wp-content\/uploads\/sites\/2\/forminator\/10414_47c7fef6f8c6f15ac1daaf1663bdf562\/uploads\/7RLplkR4BZCH-P_OELRCCES.pdf\" target=\"_blank\">7RLplkR4BZCH-P_OELRCCES.pdf<\/a><\/td>\n                    <td style=\"\">24\/09\/2025 01:08 PM<\/td>\n            <\/tr>\n            <tr id=\"table_3_row_295\">\n                    <td style=\"\">Programaci\u00f3n Parroquial<\/td>\n                    <td style=\"\">P076 NUESTRA SE\u00d1ORA DEL REFUGIO(SAN ANTONIO)<\/td>\n                    <td style=\"\">Organismos Eclesiales Laicales (OEL)<\/td>\n                    <td style=\"\">Otro<\/td>\n                    <td style=\"\">Grupo de Adoraci\u00f3n y Renovaci\u00f3n. Pan de Vida<\/td>\n                    <td style=\"\"><a href=\"https:\/\/diocesisdeaguascalientes.mx\/vicaria-de-pastoral\/wp-content\/uploads\/sites\/2\/forminator\/10414_47c7fef6f8c6f15ac1daaf1663bdf562\/uploads\/us6dzDDJwfYi-P_OELPanV.pdf\" target=\"_blank\">us6dzDDJwfYi-P_OELPanV.pdf<\/a><\/td>\n                    <td style=\"\">24\/09\/2025 01:08 PM<\/td>\n            <\/tr>\n            <tr id=\"table_3_row_296\">\n                    <td style=\"\">Programaci\u00f3n Parroquial<\/td>\n                    <td style=\"\">P074 NUESTRA SE\u00d1ORA DEL REFUGIO(PRINCIPAL TIERRA BLANCA)<\/td>\n                    <td style=\"\">Prof\u00e9tica<\/td>\n                    <td style=\"\"><\/td>\n                    <td style=\"\"><\/td>\n                    <td style=\"\"><a href=\"https:\/\/diocesisdeaguascalientes.mx\/vicaria-de-pastoral\/wp-content\/uploads\/sites\/2\/forminator\/10414_47c7fef6f8c6f15ac1daaf1663bdf562\/uploads\/IVxsUHKbqpKO-Profetica.pdf\" target=\"_blank\">IVxsUHKbqpKO-Profetica.pdf<\/a><\/td>\n                    <td style=\"\">24\/09\/2025 01:00 PM<\/td>\n            <\/tr>\n            <tr id=\"table_3_row_297\">\n                    <td style=\"\">Programaci\u00f3n Parroquial<\/td>\n                    <td style=\"\">P074 NUESTRA SE\u00d1ORA DEL REFUGIO(PRINCIPAL TIERRA BLANCA)<\/td>\n                    <td style=\"\">Organismos Eclesiales Laicales (OEL)<\/td>\n                    <td style=\"\">Otro<\/td>\n                    <td style=\"\">Catequesis<\/td>\n                    <td style=\"\"><a href=\"https:\/\/diocesisdeaguascalientes.mx\/vicaria-de-pastoral\/wp-content\/uploads\/sites\/2\/forminator\/10414_47c7fef6f8c6f15ac1daaf1663bdf562\/uploads\/HOoZAlaHCjTm-Catequesis.pdf\" target=\"_blank\">HOoZAlaHCjTm-Catequesis.pdf<\/a><\/td>\n                    <td style=\"\">24\/09\/2025 12:57 PM<\/td>\n            <\/tr>\n            <tr id=\"table_3_row_298\">\n                    <td style=\"\">Programaci\u00f3n Parroquial<\/td>\n                    <td style=\"\">P074 NUESTRA SE\u00d1ORA DEL REFUGIO(PRINCIPAL TIERRA BLANCA)<\/td>\n                    <td style=\"\">Organismos Eclesiales Laicales (OEL)<\/td>\n                    <td style=\"\">Otro<\/td>\n                    <td style=\"\">Grupo amen<\/td>\n                    <td style=\"\"><a href=\"https:\/\/diocesisdeaguascalientes.mx\/vicaria-de-pastoral\/wp-content\/uploads\/sites\/2\/forminator\/10414_47c7fef6f8c6f15ac1daaf1663bdf562\/uploads\/DBQcZUf3MrY2-amen.pdf\" target=\"_blank\">DBQcZUf3MrY2-amen.pdf<\/a><\/td>\n                    <td style=\"\">24\/09\/2025 12:54 PM<\/td>\n            <\/tr>\n            <tr id=\"table_3_row_299\">\n                    <td style=\"\">Programaci\u00f3n Parroquial<\/td>\n                    <td style=\"\">P074 NUESTRA SE\u00d1ORA DEL REFUGIO(PRINCIPAL TIERRA BLANCA)<\/td>\n                    <td style=\"\">Adolescentes<\/td>\n                    <td style=\"\"><\/td>\n                    <td style=\"\"><\/td>\n                    <td style=\"\"><a href=\"https:\/\/diocesisdeaguascalientes.mx\/vicaria-de-pastoral\/wp-content\/uploads\/sites\/2\/forminator\/10414_47c7fef6f8c6f15ac1daaf1663bdf562\/uploads\/ZpmzloiKkmO8-Pastoral-Adolescentes-.pdf\" target=\"_blank\">ZpmzloiKkmO8-Pastoral-Adolescentes-.pdf<\/a><\/td>\n                    <td style=\"\">24\/09\/2025 12:46 PM<\/td>\n            <\/tr>\n            <tr id=\"table_3_row_300\">\n                    <td style=\"\">Programaci\u00f3n Parroquial<\/td>\n                    <td style=\"\">P074 NUESTRA SE\u00d1ORA DEL REFUGIO(PRINCIPAL TIERRA BLANCA)<\/td>\n                    <td style=\"\">Social<\/td>\n                    <td style=\"\"><\/td>\n                    <td style=\"\"><\/td>\n                    <td style=\"\"><a href=\"https:\/\/diocesisdeaguascalientes.mx\/vicaria-de-pastoral\/wp-content\/uploads\/sites\/2\/forminator\/10414_47c7fef6f8c6f15ac1daaf1663bdf562\/uploads\/JlPGR59MatT2-Pastoral-Social.pdf\" target=\"_blank\">JlPGR59MatT2-Pastoral-Social.pdf<\/a><\/td>\n                    <td style=\"\">24\/09\/2025 12:45 PM<\/td>\n            <\/tr>\n            <tr id=\"table_3_row_301\">\n                    <td style=\"\">Programaci\u00f3n Parroquial<\/td>\n                    <td style=\"\">P074 NUESTRA SE\u00d1ORA DEL REFUGIO(PRINCIPAL TIERRA BLANCA)<\/td>\n                    <td style=\"\">Lit\u00fargica<\/td>\n                    <td style=\"\"><\/td>\n                    <td style=\"\"><\/td>\n                    <td style=\"\"><a href=\"https:\/\/diocesisdeaguascalientes.mx\/vicaria-de-pastoral\/wp-content\/uploads\/sites\/2\/forminator\/10414_47c7fef6f8c6f15ac1daaf1663bdf562\/uploads\/95FzNrOOP9xv-Pastoral-Liturgica-.pdf\" target=\"_blank\">95FzNrOOP9xv-Pastoral-Liturgica-.pdf<\/a><\/td>\n                    <td style=\"\">24\/09\/2025 12:43 PM<\/td>\n            <\/tr>\n            <tr id=\"table_3_row_302\">\n                    <td style=\"\">Programaci\u00f3n Parroquial<\/td>\n                    <td style=\"\">P074 NUESTRA SE\u00d1ORA DEL REFUGIO(PRINCIPAL TIERRA BLANCA)<\/td>\n                    <td style=\"\">Prof\u00e9tica<\/td>\n                    <td style=\"\"><\/td>\n                    <td style=\"\"><\/td>\n                    <td style=\"\"><a href=\"https:\/\/diocesisdeaguascalientes.mx\/vicaria-de-pastoral\/wp-content\/uploads\/sites\/2\/forminator\/10414_47c7fef6f8c6f15ac1daaf1663bdf562\/uploads\/cVZU3p1kz7VR-Pastoral-Profetica.pdf\" target=\"_blank\">cVZU3p1kz7VR-Pastoral-Profetica.pdf<\/a><\/td>\n                    <td style=\"\">24\/09\/2025 12:41 PM<\/td>\n            <\/tr>\n            <tr id=\"table_3_row_303\">\n                    <td style=\"\">Programaci\u00f3n Parroquial<\/td>\n                    <td style=\"\">P074 NUESTRA SE\u00d1ORA DEL REFUGIO(PRINCIPAL TIERRA BLANCA)<\/td>\n                    <td style=\"\">Familiar<\/td>\n                    <td style=\"\"><\/td>\n                    <td style=\"\"><\/td>\n                    <td style=\"\"><a href=\"https:\/\/diocesisdeaguascalientes.mx\/vicaria-de-pastoral\/wp-content\/uploads\/sites\/2\/forminator\/10414_47c7fef6f8c6f15ac1daaf1663bdf562\/uploads\/CvOTRfbvb0BH-Pastoral-Familiar-.pdf\" target=\"_blank\">CvOTRfbvb0BH-Pastoral-Familiar-.pdf<\/a><\/td>\n                    <td style=\"\">24\/09\/2025 12:36 PM<\/td>\n            <\/tr>\n            <tr id=\"table_3_row_304\">\n                    <td style=\"\">Programaci\u00f3n Parroquial<\/td>\n                    <td style=\"\">P074 NUESTRA SE\u00d1ORA DEL REFUGIO(PRINCIPAL TIERRA BLANCA)<\/td>\n                    <td style=\"\">Animaci\u00f3n Pastoral (CPP)<\/td>\n                    <td style=\"\"><\/td>\n                    <td style=\"\"><\/td>\n                    <td style=\"\"><a href=\"https:\/\/diocesisdeaguascalientes.mx\/vicaria-de-pastoral\/wp-content\/uploads\/sites\/2\/forminator\/10414_47c7fef6f8c6f15ac1daaf1663bdf562\/uploads\/RO5pJIduKyTL-Animacion-Parroquial-.pdf\" target=\"_blank\">RO5pJIduKyTL-Animacion-Parroquial-.pdf<\/a><\/td>\n                    <td style=\"\">24\/09\/2025 12:33 PM<\/td>\n            <\/tr>\n            <tr id=\"table_3_row_305\">\n                    <td style=\"\">Programaci\u00f3n Parroquial<\/td>\n                    <td style=\"\">P076 NUESTRA SE\u00d1ORA DEL REFUGIO(SAN ANTONIO)<\/td>\n                    <td style=\"\">Pastoral de la Comunicaci\u00f3n<\/td>\n                    <td style=\"\"><\/td>\n                    <td style=\"\"><\/td>\n                    <td style=\"\"><a href=\"https:\/\/diocesisdeaguascalientes.mx\/vicaria-de-pastoral\/wp-content\/uploads\/sites\/2\/forminator\/10414_47c7fef6f8c6f15ac1daaf1663bdf562\/uploads\/zP2B89mVqegq-P_PCo.pdf\" target=\"_blank\">zP2B89mVqegq-P_PCo.pdf<\/a><\/td>\n                    <td style=\"\">24\/09\/2025 12:08 PM<\/td>\n            <\/tr>\n            <tr id=\"table_3_row_306\">\n                    <td style=\"\">Programaci\u00f3n Parroquial<\/td>\n                    <td style=\"\">P076 NUESTRA SE\u00d1ORA DEL REFUGIO(SAN ANTONIO)<\/td>\n                    <td style=\"\">Adolescentes<\/td>\n                    <td style=\"\"><\/td>\n                    <td style=\"\"><\/td>\n                    <td style=\"\"><a href=\"https:\/\/diocesisdeaguascalientes.mx\/vicaria-de-pastoral\/wp-content\/uploads\/sites\/2\/forminator\/10414_47c7fef6f8c6f15ac1daaf1663bdf562\/uploads\/y8i4CCqsLiMJ-P_PA.pdf\" target=\"_blank\">y8i4CCqsLiMJ-P_PA.pdf<\/a><\/td>\n                    <td style=\"\">24\/09\/2025 12:07 PM<\/td>\n            <\/tr>\n            <tr id=\"table_3_row_307\">\n                    <td style=\"\">Programaci\u00f3n Parroquial<\/td>\n                    <td style=\"\">P076 NUESTRA SE\u00d1ORA DEL REFUGIO(SAN ANTONIO)<\/td>\n                    <td style=\"\">Familiar<\/td>\n                    <td style=\"\"><\/td>\n                    <td style=\"\"><\/td>\n                    <td style=\"\"><a href=\"https:\/\/diocesisdeaguascalientes.mx\/vicaria-de-pastoral\/wp-content\/uploads\/sites\/2\/forminator\/10414_47c7fef6f8c6f15ac1daaf1663bdf562\/uploads\/g3b29qQ13mJj-P_PF.pdf\" target=\"_blank\">g3b29qQ13mJj-P_PF.pdf<\/a><\/td>\n                    <td style=\"\">24\/09\/2025 12:07 PM<\/td>\n            <\/tr>\n            <tr id=\"table_3_row_308\">\n                    <td style=\"\">Programaci\u00f3n Parroquial<\/td>\n                    <td style=\"\">P076 NUESTRA SE\u00d1ORA DEL REFUGIO(SAN ANTONIO)<\/td>\n                    <td style=\"\">Social<\/td>\n                    <td style=\"\"><\/td>\n                    <td style=\"\"><\/td>\n                    <td style=\"\"><a href=\"https:\/\/diocesisdeaguascalientes.mx\/vicaria-de-pastoral\/wp-content\/uploads\/sites\/2\/forminator\/10414_47c7fef6f8c6f15ac1daaf1663bdf562\/uploads\/0iWxQrcCQzTQ-P_PS.pdf\" target=\"_blank\">0iWxQrcCQzTQ-P_PS.pdf<\/a><\/td>\n                    <td style=\"\">24\/09\/2025 12:06 PM<\/td>\n            <\/tr>\n            <tr id=\"table_3_row_309\">\n                    <td style=\"\">Programaci\u00f3n Parroquial<\/td>\n                    <td style=\"\">P076 NUESTRA SE\u00d1ORA DEL REFUGIO(SAN ANTONIO)<\/td>\n                    <td style=\"\">Lit\u00fargica<\/td>\n                    <td style=\"\"><\/td>\n                    <td style=\"\"><\/td>\n                    <td style=\"\"><a href=\"https:\/\/diocesisdeaguascalientes.mx\/vicaria-de-pastoral\/wp-content\/uploads\/sites\/2\/forminator\/10414_47c7fef6f8c6f15ac1daaf1663bdf562\/uploads\/NoNvQOdT617L-P_PL.pdf\" target=\"_blank\">NoNvQOdT617L-P_PL.pdf<\/a><\/td>\n                    <td style=\"\">24\/09\/2025 12:05 PM<\/td>\n            <\/tr>\n            <tr id=\"table_3_row_310\">\n                    <td style=\"\">Programaci\u00f3n Parroquial<\/td>\n                    <td style=\"\">P076 NUESTRA SE\u00d1ORA DEL REFUGIO(SAN ANTONIO)<\/td>\n                    <td style=\"\">Prof\u00e9tica<\/td>\n                    <td style=\"\"><\/td>\n                    <td style=\"\"><\/td>\n                    <td style=\"\"><a href=\"https:\/\/diocesisdeaguascalientes.mx\/vicaria-de-pastoral\/wp-content\/uploads\/sites\/2\/forminator\/10414_47c7fef6f8c6f15ac1daaf1663bdf562\/uploads\/z4jCgfWvj2Kt-P_PP.pdf\" target=\"_blank\">z4jCgfWvj2Kt-P_PP.pdf<\/a><\/td>\n                    <td style=\"\">24\/09\/2025 12:05 PM<\/td>\n            <\/tr>\n            <tr id=\"table_3_row_311\">\n                    <td style=\"\">Programaci\u00f3n Parroquial<\/td>\n                    <td style=\"\">P076 NUESTRA SE\u00d1ORA DEL REFUGIO(SAN ANTONIO)<\/td>\n                    <td style=\"\">Animaci\u00f3n Pastoral (CPP)<\/td>\n                    <td style=\"\"><\/td>\n                    <td style=\"\"><\/td>\n                    <td style=\"\"><a href=\"https:\/\/diocesisdeaguascalientes.mx\/vicaria-de-pastoral\/wp-content\/uploads\/sites\/2\/forminator\/10414_47c7fef6f8c6f15ac1daaf1663bdf562\/uploads\/nOO7tyv4bNzC-P_EAP.docx.pdf\" target=\"_blank\">nOO7tyv4bNzC-P_EAP.docx.pdf<\/a><\/td>\n                    <td style=\"\">24\/09\/2025 12:03 PM<\/td>\n            <\/tr>\n            <tr id=\"table_3_row_312\">\n                    <td style=\"\">Programaci\u00f3n Parroquial<\/td>\n                    <td style=\"\">P013 CRISTO REDENTOR(DEL VALLE)<\/td>\n                    <td style=\"\">Familiar<\/td>\n                    <td style=\"\"><\/td>\n                    <td style=\"\"><\/td>\n                    <td style=\"\"><a href=\"https:\/\/diocesisdeaguascalientes.mx\/vicaria-de-pastoral\/wp-content\/uploads\/sites\/2\/forminator\/10414_47c7fef6f8c6f15ac1daaf1663bdf562\/uploads\/gpsxgMDWMF23-fin-PROGRAMACION-P.-FAMILIAR-2025-2026.pdf\" target=\"_blank\">gpsxgMDWMF23-fin-PROGRAMACION-P.-FAMILIAR-2025-2026.pdf<\/a><\/td>\n                    <td style=\"\">24\/09\/2025 12:02 PM<\/td>\n            <\/tr>\n            <tr id=\"table_3_row_313\">\n                    <td style=\"\">Programaci\u00f3n Parroquial<\/td>\n                    <td style=\"\">P013 CRISTO REDENTOR(DEL VALLE)<\/td>\n                    <td style=\"\">Lit\u00fargica<\/td>\n                    <td style=\"\"><\/td>\n                    <td style=\"\"><\/td>\n                    <td style=\"\"><a href=\"https:\/\/diocesisdeaguascalientes.mx\/vicaria-de-pastoral\/wp-content\/uploads\/sites\/2\/forminator\/10414_47c7fef6f8c6f15ac1daaf1663bdf562\/uploads\/cf5HTs0mMecQ-fin-EDITADO-PROGRAMACION-LITURGIA-2025-2026.pdf\" target=\"_blank\">cf5HTs0mMecQ-fin-EDITADO-PROGRAMACION-LITURGIA-2025-2026.pdf<\/a><\/td>\n                    <td style=\"\">24\/09\/2025 11:59 AM<\/td>\n            <\/tr>\n            <tr id=\"table_3_row_314\">\n                    <td style=\"\">Programaci\u00f3n Parroquial<\/td>\n                    <td style=\"\">P013 CRISTO REDENTOR(DEL VALLE)<\/td>\n                    <td style=\"\">Prof\u00e9tica<\/td>\n                    <td style=\"\"><\/td>\n                    <td style=\"\"><\/td>\n                    <td style=\"\"><a href=\"https:\/\/diocesisdeaguascalientes.mx\/vicaria-de-pastoral\/wp-content\/uploads\/sites\/2\/forminator\/10414_47c7fef6f8c6f15ac1daaf1663bdf562\/uploads\/L4KRJhyTpM4U-fin-PROGRAMACION-PASTORAL-PROFETICA-2025-2026-3-1-1.pdf\" target=\"_blank\">L4KRJhyTpM4U-fin-PROGRAMACION-PASTORAL-PROFETICA-2025-2026-3-1-1.pdf<\/a><\/td>\n                    <td style=\"\">24\/09\/2025 11:56 AM<\/td>\n            <\/tr>\n            <tr id=\"table_3_row_315\">\n                    <td style=\"\">Programaci\u00f3n Parroquial<\/td>\n                    <td style=\"\">P013 CRISTO REDENTOR(DEL VALLE)<\/td>\n                    <td style=\"\">Animaci\u00f3n Pastoral (CPP)<\/td>\n                    <td style=\"\"><\/td>\n                    <td style=\"\"><\/td>\n                    <td style=\"\"><a href=\"https:\/\/diocesisdeaguascalientes.mx\/vicaria-de-pastoral\/wp-content\/uploads\/sites\/2\/forminator\/10414_47c7fef6f8c6f15ac1daaf1663bdf562\/uploads\/zz60ZK5Xf94m-final-EDITADO-PROGRAMACION-P.-ANIMACION-2025-2026.pdf\" target=\"_blank\">zz60ZK5Xf94m-final-EDITADO-PROGRAMACION-P.-ANIMACION-2025-2026.pdf<\/a><\/td>\n                    <td style=\"\">24\/09\/2025 11:49 AM<\/td>\n            <\/tr>\n            <tr id=\"table_3_row_316\">\n                    <td style=\"\">Programaci\u00f3n Parroquial<\/td>\n                    <td style=\"\">P001 SAN AGUST\u00cdN (LAS  CUMBRES II)<\/td>\n                    <td style=\"\">Social<\/td>\n                    <td style=\"\"><\/td>\n                    <td style=\"\"><\/td>\n                    <td style=\"\"><a href=\"https:\/\/diocesisdeaguascalientes.mx\/vicaria-de-pastoral\/wp-content\/uploads\/sites\/2\/forminator\/10414_47c7fef6f8c6f15ac1daaf1663bdf562\/uploads\/Tc8V3zOrQ9ed-PASTORAL-SOCIAL.pdf\" target=\"_blank\">Tc8V3zOrQ9ed-PASTORAL-SOCIAL.pdf<\/a><\/td>\n                    <td style=\"\">24\/09\/2025 11:46 AM<\/td>\n            <\/tr>\n            <tr id=\"table_3_row_317\">\n                    <td style=\"\">Programaci\u00f3n Parroquial<\/td>\n                    <td style=\"\">P001 SAN AGUST\u00cdN (LAS  CUMBRES II)<\/td>\n                    <td style=\"\">Prof\u00e9tica<\/td>\n                    <td style=\"\"><\/td>\n                    <td style=\"\"><\/td>\n                    <td style=\"\"><a href=\"https:\/\/diocesisdeaguascalientes.mx\/vicaria-de-pastoral\/wp-content\/uploads\/sites\/2\/forminator\/10414_47c7fef6f8c6f15ac1daaf1663bdf562\/uploads\/HeVxNFUPDJFW-PASTORAL-PROFETICA.pdf\" target=\"_blank\">HeVxNFUPDJFW-PASTORAL-PROFETICA.pdf<\/a><\/td>\n                    <td style=\"\">24\/09\/2025 11:44 AM<\/td>\n            <\/tr>\n            <tr id=\"table_3_row_318\">\n                    <td style=\"\">Programaci\u00f3n Parroquial<\/td>\n                    <td style=\"\">P001 SAN AGUST\u00cdN (LAS  CUMBRES II)<\/td>\n                    <td style=\"\">Lit\u00fargica<\/td>\n                    <td style=\"\"><\/td>\n                    <td style=\"\"><\/td>\n                    <td style=\"\"><a href=\"https:\/\/diocesisdeaguascalientes.mx\/vicaria-de-pastoral\/wp-content\/uploads\/sites\/2\/forminator\/10414_47c7fef6f8c6f15ac1daaf1663bdf562\/uploads\/9BgjAoRvdPLR-PASTORAL-LITURGICA.pdf\" target=\"_blank\">9BgjAoRvdPLR-PASTORAL-LITURGICA.pdf<\/a><\/td>\n                    <td style=\"\">24\/09\/2025 11:42 AM<\/td>\n            <\/tr>\n            <tr id=\"table_3_row_319\">\n                    <td style=\"\">Programaci\u00f3n Parroquial<\/td>\n                    <td style=\"\">P001 SAN AGUST\u00cdN (LAS  CUMBRES II)<\/td>\n                    <td style=\"\">Familiar<\/td>\n                    <td style=\"\"><\/td>\n                    <td style=\"\"><\/td>\n                    <td style=\"\"><a href=\"https:\/\/diocesisdeaguascalientes.mx\/vicaria-de-pastoral\/wp-content\/uploads\/sites\/2\/forminator\/10414_47c7fef6f8c6f15ac1daaf1663bdf562\/uploads\/MzO8yzMgYqA6-PASTORAL-FAMILIAR.pdf\" target=\"_blank\">MzO8yzMgYqA6-PASTORAL-FAMILIAR.pdf<\/a><\/td>\n                    <td style=\"\">24\/09\/2025 11:41 AM<\/td>\n            <\/tr>\n            <tr id=\"table_3_row_320\">\n                    <td style=\"\">Programaci\u00f3n Parroquial<\/td>\n                    <td style=\"\">P078 NUESTRA SE\u00d1ORA DEL REFUGIO(BEL\u00c9N DEL REFUGIO)<\/td>\n                    <td style=\"\">Organismos Eclesiales Laicales (OEL)<\/td>\n                    <td style=\"\">Otro<\/td>\n                    <td style=\"\">Liga de Rec\u00edprocos Auxilios entre los Fieles y el Seminario<\/td>\n                    <td style=\"\"><a href=\"https:\/\/diocesisdeaguascalientes.mx\/vicaria-de-pastoral\/wp-content\/uploads\/sites\/2\/forminator\/10414_47c7fef6f8c6f15ac1daaf1663bdf562\/uploads\/9QImQ3AYB5Vg-OEL-LRASF-2025-2026.pdf\" target=\"_blank\">9QImQ3AYB5Vg-OEL-LRASF-2025-2026.pdf<\/a><\/td>\n                    <td style=\"\">24\/09\/2025 11:40 AM<\/td>\n            <\/tr>\n            <tr id=\"table_3_row_321\">\n                    <td style=\"\">Programaci\u00f3n Parroquial<\/td>\n                    <td style=\"\">P078 NUESTRA SE\u00d1ORA DEL REFUGIO(BEL\u00c9N DEL REFUGIO)<\/td>\n                    <td style=\"\">Organismos Eclesiales Laicales (OEL)<\/td>\n                    <td style=\"\">21.Guardia de honor del Sagrado Coraz\u00f3n de Jes\u00fas.<\/td>\n                    <td style=\"\"><\/td>\n                    <td style=\"\"><a href=\"https:\/\/diocesisdeaguascalientes.mx\/vicaria-de-pastoral\/wp-content\/uploads\/sites\/2\/forminator\/10414_47c7fef6f8c6f15ac1daaf1663bdf562\/uploads\/O15bPtnY2Wab-OEL-Guardia-de-Honor-del-S.C.J.pdf\" target=\"_blank\">O15bPtnY2Wab-OEL-Guardia-de-Honor-del-S.C.J.pdf<\/a><\/td>\n                    <td style=\"\">24\/09\/2025 11:34 AM<\/td>\n            <\/tr>\n            <tr id=\"table_3_row_322\">\n                    <td style=\"\">Programaci\u00f3n Parroquial<\/td>\n                    <td style=\"\">P078 NUESTRA SE\u00d1ORA DEL REFUGIO(BEL\u00c9N DEL REFUGIO)<\/td>\n                    <td style=\"\">Pastoral de la Comunicaci\u00f3n<\/td>\n                    <td style=\"\"><\/td>\n                    <td style=\"\"><\/td>\n                    <td style=\"\"><a href=\"https:\/\/diocesisdeaguascalientes.mx\/vicaria-de-pastoral\/wp-content\/uploads\/sites\/2\/forminator\/10414_47c7fef6f8c6f15ac1daaf1663bdf562\/uploads\/t5wVgDpV61Jg-PASTORAL-DE-LA-COMUNICACION-2025-2026.pdf\" target=\"_blank\">t5wVgDpV61Jg-PASTORAL-DE-LA-COMUNICACION-2025-2026.pdf<\/a><\/td>\n                    <td style=\"\">24\/09\/2025 11:33 AM<\/td>\n            <\/tr>\n            <tr id=\"table_3_row_323\">\n                    <td style=\"\">Programaci\u00f3n Parroquial<\/td>\n                    <td style=\"\">P049 SAN JOS\u00c9(MES\u00d3N DE LOS SAUCES)<\/td>\n                    <td style=\"\">Lit\u00fargica<\/td>\n                    <td style=\"\"><\/td>\n                    <td style=\"\"><\/td>\n                    <td style=\"\"><a href=\"https:\/\/diocesisdeaguascalientes.mx\/vicaria-de-pastoral\/wp-content\/uploads\/sites\/2\/forminator\/10414_47c7fef6f8c6f15ac1daaf1663bdf562\/uploads\/G53SCRN1e5jr-Programacion-Pastoral-Parroquial-2025-2026litirgia.pdf\" target=\"_blank\">G53SCRN1e5jr-Programacion-Pastoral-Parroquial-2025-2026litirgia.pdf<\/a><\/td>\n                    <td style=\"\">24\/09\/2025 11:25 AM<\/td>\n            <\/tr>\n            <tr id=\"table_3_row_324\">\n                    <td style=\"\">Programaci\u00f3n Parroquial<\/td>\n                    <td style=\"\">P042 JES\u00daS, MAR\u00cdA Y JOS\u00c9(EL ROSARIO)<\/td>\n                    <td style=\"\">Pastoral de la Comunicaci\u00f3n<\/td>\n                    <td style=\"\"><\/td>\n                    <td style=\"\"><\/td>\n                    <td style=\"\"><a href=\"https:\/\/diocesisdeaguascalientes.mx\/vicaria-de-pastoral\/wp-content\/uploads\/sites\/2\/forminator\/10414_47c7fef6f8c6f15ac1daaf1663bdf562\/uploads\/ZPwX9OcAQOSy-PROGRAMACION_PASTORAL_DE_LA_COMUNICACION.pdf\" target=\"_blank\">ZPwX9OcAQOSy-PROGRAMACION_PASTORAL_DE_LA_COMUNICACION.pdf<\/a><\/td>\n                    <td style=\"\">24\/09\/2025 11:18 AM<\/td>\n            <\/tr>\n            <tr id=\"table_3_row_325\">\n                    <td style=\"\">Programaci\u00f3n Parroquial<\/td>\n                    <td style=\"\">P042 JES\u00daS, MAR\u00cdA Y JOS\u00c9(EL ROSARIO)<\/td>\n                    <td style=\"\">Organismos Eclesiales Laicales (OEL)<\/td>\n                    <td style=\"\">35.Movimiento Misionero Cat\u00f3lico<\/td>\n                    <td style=\"\"><\/td>\n                    <td style=\"\"><a href=\"https:\/\/diocesisdeaguascalientes.mx\/vicaria-de-pastoral\/wp-content\/uploads\/sites\/2\/forminator\/10414_47c7fef6f8c6f15ac1daaf1663bdf562\/uploads\/6KxR4qOOcanf-PROGRAMACION_ORGANISMOS_ECLESIALES_LAICALES_MMC.pdf\" target=\"_blank\">6KxR4qOOcanf-PROGRAMACION_ORGANISMOS_ECLESIALES_LAICALES_MMC.pdf<\/a><\/td>\n                    <td style=\"\">24\/09\/2025 11:15 AM<\/td>\n            <\/tr>\n            <tr id=\"table_3_row_326\">\n                    <td style=\"\">Programaci\u00f3n Parroquial<\/td>\n                    <td style=\"\">P042 JES\u00daS, MAR\u00cdA Y JOS\u00c9(EL ROSARIO)<\/td>\n                    <td style=\"\">Adolescentes<\/td>\n                    <td style=\"\"><\/td>\n                    <td style=\"\"><\/td>\n                    <td style=\"\"><a href=\"https:\/\/diocesisdeaguascalientes.mx\/vicaria-de-pastoral\/wp-content\/uploads\/sites\/2\/forminator\/10414_47c7fef6f8c6f15ac1daaf1663bdf562\/uploads\/OPM2omrPFehi-PROGRAMACION_PASTORAL_DE_ADOLESCENTES.pdf\" target=\"_blank\">OPM2omrPFehi-PROGRAMACION_PASTORAL_DE_ADOLESCENTES.pdf<\/a><\/td>\n                    <td style=\"\">24\/09\/2025 11:14 AM<\/td>\n            <\/tr>\n            <tr id=\"table_3_row_327\">\n                    <td style=\"\">Programaci\u00f3n Parroquial<\/td>\n                    <td style=\"\">P042 JES\u00daS, MAR\u00cdA Y JOS\u00c9(EL ROSARIO)<\/td>\n                    <td style=\"\">Lit\u00fargica<\/td>\n                    <td style=\"\"><\/td>\n                    <td style=\"\"><\/td>\n                    <td style=\"\"><a href=\"https:\/\/diocesisdeaguascalientes.mx\/vicaria-de-pastoral\/wp-content\/uploads\/sites\/2\/forminator\/10414_47c7fef6f8c6f15ac1daaf1663bdf562\/uploads\/8kXeqaBg9w88-PROGRAMACION_PASTORAL_LITURGICA.pdf\" target=\"_blank\">8kXeqaBg9w88-PROGRAMACION_PASTORAL_LITURGICA.pdf<\/a><\/td>\n                    <td style=\"\">24\/09\/2025 11:13 AM<\/td>\n            <\/tr>\n            <tr id=\"table_3_row_328\">\n                    <td style=\"\">Programaci\u00f3n Parroquial<\/td>\n                    <td style=\"\">P042 JES\u00daS, MAR\u00cdA Y JOS\u00c9(EL ROSARIO)<\/td>\n                    <td style=\"\">Social<\/td>\n                    <td style=\"\"><\/td>\n                    <td style=\"\"><\/td>\n                    <td style=\"\"><a href=\"https:\/\/diocesisdeaguascalientes.mx\/vicaria-de-pastoral\/wp-content\/uploads\/sites\/2\/forminator\/10414_47c7fef6f8c6f15ac1daaf1663bdf562\/uploads\/ovhAXSVqeWQB-PROGRAMACION_PASTORAL_SOCIAL.pdf\" target=\"_blank\">ovhAXSVqeWQB-PROGRAMACION_PASTORAL_SOCIAL.pdf<\/a><\/td>\n                    <td style=\"\">24\/09\/2025 11:12 AM<\/td>\n            <\/tr>\n            <tr id=\"table_3_row_329\">\n                    <td style=\"\">Programaci\u00f3n Parroquial<\/td>\n                    <td style=\"\">P042 JES\u00daS, MAR\u00cdA Y JOS\u00c9(EL ROSARIO)<\/td>\n                    <td style=\"\">Prof\u00e9tica<\/td>\n                    <td style=\"\"><\/td>\n                    <td style=\"\"><\/td>\n                    <td style=\"\"><a href=\"https:\/\/diocesisdeaguascalientes.mx\/vicaria-de-pastoral\/wp-content\/uploads\/sites\/2\/forminator\/10414_47c7fef6f8c6f15ac1daaf1663bdf562\/uploads\/5U0qJcn002tU-PROGRAMACION_PASTORAL_PROFETICA.pdf\" target=\"_blank\">5U0qJcn002tU-PROGRAMACION_PASTORAL_PROFETICA.pdf<\/a><\/td>\n                    <td style=\"\">24\/09\/2025 11:09 AM<\/td>\n            <\/tr>\n            <tr id=\"table_3_row_330\">\n                    <td style=\"\">Programaci\u00f3n Parroquial<\/td>\n                    <td style=\"\">P042 JES\u00daS, MAR\u00cdA Y JOS\u00c9(EL ROSARIO)<\/td>\n                    <td style=\"\">Animaci\u00f3n Pastoral (CPP)<\/td>\n                    <td style=\"\"><\/td>\n                    <td style=\"\"><\/td>\n                    <td style=\"\"><a href=\"https:\/\/diocesisdeaguascalientes.mx\/vicaria-de-pastoral\/wp-content\/uploads\/sites\/2\/forminator\/10414_47c7fef6f8c6f15ac1daaf1663bdf562\/uploads\/gNkyApkWQGjo-PROGRAMACION_ANIMACION_PASTORAL.pdf\" target=\"_blank\">gNkyApkWQGjo-PROGRAMACION_ANIMACION_PASTORAL.pdf<\/a><\/td>\n                    <td style=\"\">24\/09\/2025 11:08 AM<\/td>\n            <\/tr>\n            <tr id=\"table_3_row_331\">\n                    <td style=\"\">Programaci\u00f3n Parroquial<\/td>\n                    <td style=\"\">P073 NUESTRA SE\u00d1ORA DEL REFUGIO(SANDOVALES)<\/td>\n                    <td style=\"\">Lit\u00fargica<\/td>\n                    <td style=\"\"><\/td>\n                    <td style=\"\"><\/td>\n                    <td style=\"\"><a href=\"https:\/\/diocesisdeaguascalientes.mx\/vicaria-de-pastoral\/wp-content\/uploads\/sites\/2\/forminator\/10414_47c7fef6f8c6f15ac1daaf1663bdf562\/uploads\/IahXv3klGhAQ-PROG-SACRISTANES.pdf\" target=\"_blank\">IahXv3klGhAQ-PROG-SACRISTANES.pdf<\/a><\/td>\n                    <td style=\"\">24\/09\/2025 10:52 AM<\/td>\n            <\/tr>\n            <tr id=\"table_3_row_332\">\n                    <td style=\"\">Programaci\u00f3n Parroquial<\/td>\n                    <td style=\"\">P073 NUESTRA SE\u00d1ORA DEL REFUGIO(SANDOVALES)<\/td>\n                    <td style=\"\">Lit\u00fargica<\/td>\n                    <td style=\"\"><\/td>\n                    <td style=\"\"><\/td>\n                    <td style=\"\"><a href=\"https:\/\/diocesisdeaguascalientes.mx\/vicaria-de-pastoral\/wp-content\/uploads\/sites\/2\/forminator\/10414_47c7fef6f8c6f15ac1daaf1663bdf562\/uploads\/uduWPYrGYEMI-PROG-COROS.pdf\" target=\"_blank\">uduWPYrGYEMI-PROG-COROS.pdf<\/a><\/td>\n                    <td style=\"\">24\/09\/2025 10:51 AM<\/td>\n            <\/tr>\n            <tr id=\"table_3_row_333\">\n                    <td style=\"\">Programaci\u00f3n Parroquial<\/td>\n                    <td style=\"\">P073 NUESTRA SE\u00d1ORA DEL REFUGIO(SANDOVALES)<\/td>\n                    <td style=\"\">Prof\u00e9tica<\/td>\n                    <td style=\"\"><\/td>\n                    <td style=\"\"><\/td>\n                    <td style=\"\"><a href=\"https:\/\/diocesisdeaguascalientes.mx\/vicaria-de-pastoral\/wp-content\/uploads\/sites\/2\/forminator\/10414_47c7fef6f8c6f15ac1daaf1663bdf562\/uploads\/kEvR8Ay80mPW-PROG-CATEQU.pdf\" target=\"_blank\">kEvR8Ay80mPW-PROG-CATEQU.pdf<\/a><\/td>\n                    <td style=\"\">24\/09\/2025 10:50 AM<\/td>\n            <\/tr>\n            <tr id=\"table_3_row_334\">\n                    <td style=\"\">Programaci\u00f3n Parroquial<\/td>\n                    <td style=\"\">P003 EL SE\u00d1OR DE LAS ANGUSTIAS(RINC\u00d3N DE ROMOS)<\/td>\n                    <td style=\"\">Organismos Eclesiales Laicales (OEL)<\/td>\n                    <td style=\"\">15.Equipos de Nuestra Se\u00f1ora<\/td>\n                    <td style=\"\"><\/td>\n                    <td style=\"\"><a href=\"https:\/\/diocesisdeaguascalientes.mx\/vicaria-de-pastoral\/wp-content\/uploads\/sites\/2\/forminator\/10414_47c7fef6f8c6f15ac1daaf1663bdf562\/uploads\/WeLVnpz4CBNf-PROG._MOVIMIENTOS_ENS1.pdf\" target=\"_blank\">WeLVnpz4CBNf-PROG._MOVIMIENTOS_ENS1.pdf<\/a><\/td>\n                    <td style=\"\">24\/09\/2025 10:46 AM<\/td>\n            <\/tr>\n            <tr id=\"table_3_row_335\">\n                    <td style=\"\">Programaci\u00f3n Parroquial<\/td>\n                    <td style=\"\">P090 SANTA CRUZ DE JERUSAL\u00c9N(MART\u00cdNEZ DOMINGUEZ)<\/td>\n                    <td style=\"\">Animaci\u00f3n Pastoral (CPP)<\/td>\n                    <td style=\"\"><\/td>\n                    <td style=\"\"><\/td>\n                    <td style=\"\"><a href=\"https:\/\/diocesisdeaguascalientes.mx\/vicaria-de-pastoral\/wp-content\/uploads\/sites\/2\/forminator\/10414_47c7fef6f8c6f15ac1daaf1663bdf562\/uploads\/SIbh574pmaAP-PROGRAMACION-2025-2026-EAPP-SANTA-CRUZ.pdf\" target=\"_blank\">SIbh574pmaAP-PROGRAMACION-2025-2026-EAPP-SANTA-CRUZ.pdf<\/a><\/td>\n                    <td style=\"\">24\/09\/2025 09:54 AM<\/td>\n            <\/tr>\n            <tr id=\"table_3_row_336\">\n                    <td style=\"\">Programaci\u00f3n Parroquial<\/td>\n                    <td style=\"\">P082 SAGRADO CORAZ\u00d3N DE JES\u00daS(CENTRO)<\/td>\n                    <td style=\"\">Familiar<\/td>\n                    <td style=\"\"><\/td>\n                    <td style=\"\"><\/td>\n                    <td style=\"\"><a href=\"https:\/\/diocesisdeaguascalientes.mx\/vicaria-de-pastoral\/wp-content\/uploads\/sites\/2\/forminator\/10414_47c7fef6f8c6f15ac1daaf1663bdf562\/uploads\/MnySEGhzZppW-FORMATO-DE-PROGRAMACION-2025-2026-Parroquias-y-Decanatos-Pastoral-Familiar.pdf\" target=\"_blank\">MnySEGhzZppW-FORMATO-DE-PROGRAMACION-2025-2026-Parroquias-y-Decanatos-Pastoral-Familiar.pdf<\/a><\/td>\n                    <td style=\"\">24\/09\/2025 09:18 AM<\/td>\n            <\/tr>\n            <tr id=\"table_3_row_337\">\n                    <td style=\"\">Programaci\u00f3n Parroquial<\/td>\n                    <td style=\"\">P082 SAGRADO CORAZ\u00d3N DE JES\u00daS(CENTRO)<\/td>\n                    <td style=\"\">Social<\/td>\n                    <td style=\"\"><\/td>\n                    <td style=\"\"><\/td>\n                    <td style=\"\"><a href=\"https:\/\/diocesisdeaguascalientes.mx\/vicaria-de-pastoral\/wp-content\/uploads\/sites\/2\/forminator\/10414_47c7fef6f8c6f15ac1daaf1663bdf562\/uploads\/FLFO8lNYvi0z-FORMATO-DE-PROGRAMACION-2025-2026-Parroquias-y-Decanatos-P-Social-2025-1.pdf\" target=\"_blank\">FLFO8lNYvi0z-FORMATO-DE-PROGRAMACION-2025-2026-Parroquias-y-Decanatos-P-Social-2025-1.pdf<\/a><\/td>\n                    <td style=\"\">24\/09\/2025 09:16 AM<\/td>\n            <\/tr>\n            <tr id=\"table_3_row_338\">\n                    <td style=\"\">Programaci\u00f3n Parroquial<\/td>\n                    <td style=\"\">P082 SAGRADO CORAZ\u00d3N DE JES\u00daS(CENTRO)<\/td>\n                    <td style=\"\">Lit\u00fargica<\/td>\n                    <td style=\"\"><\/td>\n                    <td style=\"\"><\/td>\n                    <td style=\"\"><a href=\"https:\/\/diocesisdeaguascalientes.mx\/vicaria-de-pastoral\/wp-content\/uploads\/sites\/2\/forminator\/10414_47c7fef6f8c6f15ac1daaf1663bdf562\/uploads\/yexM1JsPFqGC-FORMATO-DE-PROGRAMACION-2025-2026-Parroquias-y-Decanatos-Sagrado-Corazon-de-Jesus-centro-Liturgica.pdf\" target=\"_blank\">yexM1JsPFqGC-FORMATO-DE-PROGRAMACION-2025-2026-Parroquias-y-Decanatos-Sagrado-Corazon-de-Jesus-centro-Liturgica.pdf<\/a><\/td>\n                    <td style=\"\">24\/09\/2025 09:14 AM<\/td>\n            <\/tr>\n            <tr id=\"table_3_row_339\">\n                    <td style=\"\">Programaci\u00f3n Parroquial<\/td>\n                    <td style=\"\">P082 SAGRADO CORAZ\u00d3N DE JES\u00daS(CENTRO)<\/td>\n                    <td style=\"\">Prof\u00e9tica<\/td>\n                    <td style=\"\"><\/td>\n                    <td style=\"\"><\/td>\n                    <td style=\"\"><a href=\"https:\/\/diocesisdeaguascalientes.mx\/vicaria-de-pastoral\/wp-content\/uploads\/sites\/2\/forminator\/10414_47c7fef6f8c6f15ac1daaf1663bdf562\/uploads\/VuyLhUy2gm0C-FORMATO-DE-PROGRAMACION-2025-2026-Parroquias-y-Decanatos-Profetica-1.pdf\" target=\"_blank\">VuyLhUy2gm0C-FORMATO-DE-PROGRAMACION-2025-2026-Parroquias-y-Decanatos-Profetica-1.pdf<\/a><\/td>\n                    <td style=\"\">24\/09\/2025 09:13 AM<\/td>\n            <\/tr>\n            <tr id=\"table_3_row_340\">\n                    <td style=\"\">Programaci\u00f3n Parroquial<\/td>\n                    <td style=\"\">P082 SAGRADO CORAZ\u00d3N DE JES\u00daS(CENTRO)<\/td>\n                    <td style=\"\">Animaci\u00f3n Pastoral (CPP)<\/td>\n                    <td style=\"\"><\/td>\n                    <td style=\"\"><\/td>\n                    <td style=\"\"><a href=\"https:\/\/diocesisdeaguascalientes.mx\/vicaria-de-pastoral\/wp-content\/uploads\/sites\/2\/forminator\/10414_47c7fef6f8c6f15ac1daaf1663bdf562\/uploads\/i5S9UROIIzJv-FORMATO-DE-PROGRAMACION-2025-2026-Parr-Sagrado-Corazon-de-Jesus-Centro-Consejo-okok.pdf\" target=\"_blank\">i5S9UROIIzJv-FORMATO-DE-PROGRAMACION-2025-2026-Parr-Sagrado-Corazon-de-Jesus-Centro-Consejo-okok.pdf<\/a><\/td>\n                    <td style=\"\">24\/09\/2025 09:10 AM<\/td>\n            <\/tr>\n            <tr id=\"table_3_row_341\">\n                    <td style=\"\">Programaci\u00f3n Parroquial<\/td>\n                    <td style=\"\">P046 SAN JOS\u00c9(SAN JOS\u00c9 DE GRACIA)<\/td>\n                    <td style=\"\">Organismos Eclesiales Laicales (OEL)<\/td>\n                    <td style=\"\">Otro<\/td>\n                    <td style=\"\">ARCHICOFRADIA DEL SAGRADO CORAZON DE JESUS<\/td>\n                    <td style=\"\"><a href=\"https:\/\/diocesisdeaguascalientes.mx\/vicaria-de-pastoral\/wp-content\/uploads\/sites\/2\/forminator\/10414_47c7fef6f8c6f15ac1daaf1663bdf562\/uploads\/1tICMghhK1jG-OEL-P046-SJG-25-26.pdf\" target=\"_blank\">1tICMghhK1jG-OEL-P046-SJG-25-26.pdf<\/a><\/td>\n                    <td style=\"\">24\/09\/2025 08:57 AM<\/td>\n            <\/tr>\n            <tr id=\"table_3_row_342\">\n                    <td style=\"\">Programaci\u00f3n Parroquial<\/td>\n                    <td style=\"\">P046 SAN JOS\u00c9(SAN JOS\u00c9 DE GRACIA)<\/td>\n                    <td style=\"\">Adolescentes<\/td>\n                    <td style=\"\"><\/td>\n                    <td style=\"\"><\/td>\n                    <td style=\"\"><a href=\"https:\/\/diocesisdeaguascalientes.mx\/vicaria-de-pastoral\/wp-content\/uploads\/sites\/2\/forminator\/10414_47c7fef6f8c6f15ac1daaf1663bdf562\/uploads\/WVKxxbtXVzjF-Adolescentes-P046-SJG.pdf\" target=\"_blank\">WVKxxbtXVzjF-Adolescentes-P046-SJG.pdf<\/a><\/td>\n                    <td style=\"\">24\/09\/2025 08:53 AM<\/td>\n            <\/tr>\n            <tr id=\"table_3_row_343\">\n                    <td style=\"\">Programaci\u00f3n Parroquial<\/td>\n                    <td style=\"\">P090 SANTA CRUZ DE JERUSAL\u00c9N(MART\u00cdNEZ DOMINGUEZ)<\/td>\n                    <td style=\"\">Familiar<\/td>\n                    <td style=\"\"><\/td>\n                    <td style=\"\"><\/td>\n                    <td style=\"\"><a href=\"https:\/\/diocesisdeaguascalientes.mx\/vicaria-de-pastoral\/wp-content\/uploads\/sites\/2\/forminator\/10414_47c7fef6f8c6f15ac1daaf1663bdf562\/uploads\/VrvGHPnQueEU-PROGRAMACION-2025-2026-PASTORAL-FAMILIAR-SANTA-CRUZ.pdf\" target=\"_blank\">VrvGHPnQueEU-PROGRAMACION-2025-2026-PASTORAL-FAMILIAR-SANTA-CRUZ.pdf<\/a><\/td>\n                    <td style=\"\">24\/09\/2025 08:49 AM<\/td>\n            <\/tr>\n            <tr id=\"table_3_row_344\">\n                    <td style=\"\">Programaci\u00f3n Parroquial<\/td>\n                    <td style=\"\">P090 SANTA CRUZ DE JERUSAL\u00c9N(MART\u00cdNEZ DOMINGUEZ)<\/td>\n                    <td style=\"\">Social<\/td>\n                    <td style=\"\"><\/td>\n                    <td style=\"\"><\/td>\n                    <td style=\"\"><a href=\"https:\/\/diocesisdeaguascalientes.mx\/vicaria-de-pastoral\/wp-content\/uploads\/sites\/2\/forminator\/10414_47c7fef6f8c6f15ac1daaf1663bdf562\/uploads\/zm5vz5UB20nO-PROGRAMACION-2025-2026-PASTORAL-SOCIAL-SANTA-CRUZ.pdf\" target=\"_blank\">zm5vz5UB20nO-PROGRAMACION-2025-2026-PASTORAL-SOCIAL-SANTA-CRUZ.pdf<\/a><\/td>\n                    <td style=\"\">24\/09\/2025 08:49 AM<\/td>\n            <\/tr>\n            <tr id=\"table_3_row_345\">\n                    <td style=\"\">Programaci\u00f3n Parroquial<\/td>\n                    <td style=\"\">P053 SAN JUAN BAUTISTA(BENITO PALOMINO DENA)<\/td>\n                    <td style=\"\">Organismos Eclesiales Laicales (OEL)<\/td>\n                    <td style=\"\">Otro<\/td>\n                    <td style=\"\">Grupo Se\u00f1or de la Misericordia<\/td>\n                    <td style=\"\"><a href=\"https:\/\/diocesisdeaguascalientes.mx\/vicaria-de-pastoral\/wp-content\/uploads\/sites\/2\/forminator\/10414_47c7fef6f8c6f15ac1daaf1663bdf562\/uploads\/emvM1mqLs5HI-GPO-MISERICORDIA-SJB.pdf\" target=\"_blank\">emvM1mqLs5HI-GPO-MISERICORDIA-SJB.pdf<\/a><\/td>\n                    <td style=\"\">24\/09\/2025 08:42 AM<\/td>\n            <\/tr>\n            <tr id=\"table_3_row_346\">\n                    <td style=\"\">Programaci\u00f3n Parroquial<\/td>\n                    <td style=\"\">P053 SAN JUAN BAUTISTA(BENITO PALOMINO DENA)<\/td>\n                    <td style=\"\">Organismos Eclesiales Laicales (OEL)<\/td>\n                    <td style=\"\">9.\u201cEn Cristo, senectud digna\u201d (CRISEDI)<\/td>\n                    <td style=\"\"><\/td>\n                    <td style=\"\"><a href=\"https:\/\/diocesisdeaguascalientes.mx\/vicaria-de-pastoral\/wp-content\/uploads\/sites\/2\/forminator\/10414_47c7fef6f8c6f15ac1daaf1663bdf562\/uploads\/Nh4biJhOhmoE-CRISEDI-SJB.pdf\" target=\"_blank\">Nh4biJhOhmoE-CRISEDI-SJB.pdf<\/a><\/td>\n                    <td style=\"\">24\/09\/2025 08:39 AM<\/td>\n            <\/tr>\n            <tr id=\"table_3_row_347\">\n                    <td style=\"\">Programaci\u00f3n Parroquial<\/td>\n                    <td style=\"\">P053 SAN JUAN BAUTISTA(BENITO PALOMINO DENA)<\/td>\n                    <td style=\"\">Pastoral de la Comunicaci\u00f3n<\/td>\n                    <td style=\"\"><\/td>\n                    <td style=\"\"><\/td>\n                    <td style=\"\"><a href=\"https:\/\/diocesisdeaguascalientes.mx\/vicaria-de-pastoral\/wp-content\/uploads\/sites\/2\/forminator\/10414_47c7fef6f8c6f15ac1daaf1663bdf562\/uploads\/RYMgjXHKJPtg-COMUNICACION-SJB.pdf\" target=\"_blank\">RYMgjXHKJPtg-COMUNICACION-SJB.pdf<\/a><\/td>\n                    <td style=\"\">24\/09\/2025 08:38 AM<\/td>\n            <\/tr>\n            <tr id=\"table_3_row_348\">\n                    <td style=\"\">Programaci\u00f3n Parroquial<\/td>\n                    <td style=\"\">P053 SAN JUAN BAUTISTA(BENITO PALOMINO DENA)<\/td>\n                    <td style=\"\">Juvenil<\/td>\n                    <td style=\"\"><\/td>\n                    <td style=\"\"><\/td>\n                    <td style=\"\"><a href=\"https:\/\/diocesisdeaguascalientes.mx\/vicaria-de-pastoral\/wp-content\/uploads\/sites\/2\/forminator\/10414_47c7fef6f8c6f15ac1daaf1663bdf562\/uploads\/UExKKc1KsKWk-JUVENIL-SJB.pdf\" target=\"_blank\">UExKKc1KsKWk-JUVENIL-SJB.pdf<\/a><\/td>\n                    <td style=\"\">24\/09\/2025 08:36 AM<\/td>\n            <\/tr>\n            <tr id=\"table_3_row_349\">\n                    <td style=\"\">Programaci\u00f3n Parroquial<\/td>\n                    <td style=\"\">P053 SAN JUAN BAUTISTA(BENITO PALOMINO DENA)<\/td>\n                    <td style=\"\">Adolescentes<\/td>\n                    <td style=\"\"><\/td>\n                    <td style=\"\"><\/td>\n                    <td style=\"\"><a href=\"https:\/\/diocesisdeaguascalientes.mx\/vicaria-de-pastoral\/wp-content\/uploads\/sites\/2\/forminator\/10414_47c7fef6f8c6f15ac1daaf1663bdf562\/uploads\/AOo6KG7FhGcR-ADOLESCENTES-SJB.pdf\" target=\"_blank\">AOo6KG7FhGcR-ADOLESCENTES-SJB.pdf<\/a><\/td>\n                    <td style=\"\">24\/09\/2025 08:32 AM<\/td>\n            <\/tr>\n            <tr id=\"table_3_row_350\">\n                    <td style=\"\">Programaci\u00f3n Parroquial<\/td>\n                    <td style=\"\">P053 SAN JUAN BAUTISTA(BENITO PALOMINO DENA)<\/td>\n                    <td style=\"\">Familiar<\/td>\n                    <td style=\"\"><\/td>\n                    <td style=\"\"><\/td>\n                    <td style=\"\"><a href=\"https:\/\/diocesisdeaguascalientes.mx\/vicaria-de-pastoral\/wp-content\/uploads\/sites\/2\/forminator\/10414_47c7fef6f8c6f15ac1daaf1663bdf562\/uploads\/R52TbJsHr0IY-FAMILIAR-SJB.pdf\" target=\"_blank\">R52TbJsHr0IY-FAMILIAR-SJB.pdf<\/a><\/td>\n                    <td style=\"\">24\/09\/2025 08:31 AM<\/td>\n            <\/tr>\n            <tr id=\"table_3_row_351\">\n                    <td style=\"\">Programaci\u00f3n Parroquial<\/td>\n                    <td style=\"\">P053 SAN JUAN BAUTISTA(BENITO PALOMINO DENA)<\/td>\n                    <td style=\"\">Social<\/td>\n                    <td style=\"\"><\/td>\n                    <td style=\"\"><\/td>\n                    <td style=\"\"><a href=\"https:\/\/diocesisdeaguascalientes.mx\/vicaria-de-pastoral\/wp-content\/uploads\/sites\/2\/forminator\/10414_47c7fef6f8c6f15ac1daaf1663bdf562\/uploads\/s1xES29eriTg-SOCIAL-SJB.pdf\" target=\"_blank\">s1xES29eriTg-SOCIAL-SJB.pdf<\/a><\/td>\n                    <td style=\"\">24\/09\/2025 08:30 AM<\/td>\n            <\/tr>\n            <tr id=\"table_3_row_352\">\n                    <td style=\"\">Programaci\u00f3n Parroquial<\/td>\n                    <td style=\"\">P053 SAN JUAN BAUTISTA(BENITO PALOMINO DENA)<\/td>\n                    <td style=\"\">Lit\u00fargica<\/td>\n                    <td style=\"\"><\/td>\n                    <td style=\"\"><\/td>\n                    <td style=\"\"><a href=\"https:\/\/diocesisdeaguascalientes.mx\/vicaria-de-pastoral\/wp-content\/uploads\/sites\/2\/forminator\/10414_47c7fef6f8c6f15ac1daaf1663bdf562\/uploads\/XrdEM1RnDLU7-LITURGICA-SJB.pdf\" target=\"_blank\">XrdEM1RnDLU7-LITURGICA-SJB.pdf<\/a><\/td>\n                    <td style=\"\">24\/09\/2025 08:29 AM<\/td>\n            <\/tr>\n            <tr id=\"table_3_row_353\">\n                    <td style=\"\">Programaci\u00f3n Parroquial<\/td>\n                    <td style=\"\">P053 SAN JUAN BAUTISTA(BENITO PALOMINO DENA)<\/td>\n                    <td style=\"\">Prof\u00e9tica<\/td>\n                    <td style=\"\"><\/td>\n                    <td style=\"\"><\/td>\n                    <td style=\"\"><a href=\"https:\/\/diocesisdeaguascalientes.mx\/vicaria-de-pastoral\/wp-content\/uploads\/sites\/2\/forminator\/10414_47c7fef6f8c6f15ac1daaf1663bdf562\/uploads\/q7tPZsvVjLEx-PROFETICA-SJB.pdf\" target=\"_blank\">q7tPZsvVjLEx-PROFETICA-SJB.pdf<\/a><\/td>\n                    <td style=\"\">24\/09\/2025 08:24 AM<\/td>\n            <\/tr>\n            <tr id=\"table_3_row_354\">\n                    <td style=\"\">Programaci\u00f3n Parroquial<\/td>\n                    <td style=\"\">P053 SAN JUAN BAUTISTA(BENITO PALOMINO DENA)<\/td>\n                    <td style=\"\">Animaci\u00f3n Pastoral (CPP)<\/td>\n                    <td style=\"\"><\/td>\n                    <td style=\"\"><\/td>\n                    <td style=\"\"><a href=\"https:\/\/diocesisdeaguascalientes.mx\/vicaria-de-pastoral\/wp-content\/uploads\/sites\/2\/forminator\/10414_47c7fef6f8c6f15ac1daaf1663bdf562\/uploads\/oUOcknyqhLR0-ANIMACION-PASTORAL-SJB.pdf\" target=\"_blank\">oUOcknyqhLR0-ANIMACION-PASTORAL-SJB.pdf<\/a><\/td>\n                    <td style=\"\">24\/09\/2025 08:21 AM<\/td>\n            <\/tr>\n            <tr id=\"table_3_row_355\">\n                    <td style=\"\">Programaci\u00f3n Parroquial<\/td>\n                    <td style=\"\">P073 NUESTRA SE\u00d1ORA DEL REFUGIO(SANDOVALES)<\/td>\n                    <td style=\"\">Familiar<\/td>\n                    <td style=\"\"><\/td>\n                    <td style=\"\"><\/td>\n                    <td style=\"\"><a href=\"https:\/\/diocesisdeaguascalientes.mx\/vicaria-de-pastoral\/wp-content\/uploads\/sites\/2\/forminator\/10414_47c7fef6f8c6f15ac1daaf1663bdf562\/uploads\/fnbgpbye0GU5-PROG-FAM.pdf\" target=\"_blank\">fnbgpbye0GU5-PROG-FAM.pdf<\/a><\/td>\n                    <td style=\"\">24\/09\/2025 08:16 AM<\/td>\n            <\/tr>\n            <tr id=\"table_3_row_356\">\n                    <td style=\"\">Programaci\u00f3n Parroquial<\/td>\n                    <td style=\"\">P073 NUESTRA SE\u00d1ORA DEL REFUGIO(SANDOVALES)<\/td>\n                    <td style=\"\">Animaci\u00f3n Pastoral (CPP)<\/td>\n                    <td style=\"\"><\/td>\n                    <td style=\"\"><\/td>\n                    <td style=\"\"><a href=\"https:\/\/diocesisdeaguascalientes.mx\/vicaria-de-pastoral\/wp-content\/uploads\/sites\/2\/forminator\/10414_47c7fef6f8c6f15ac1daaf1663bdf562\/uploads\/9SWtSQCm8uor-PROG-AN-DE-PARR-PAS.pdf\" target=\"_blank\">9SWtSQCm8uor-PROG-AN-DE-PARR-PAS.pdf<\/a><\/td>\n                    <td style=\"\">24\/09\/2025 08:14 AM<\/td>\n            <\/tr>\n            <tr id=\"table_3_row_357\">\n                    <td style=\"\">Programaci\u00f3n Parroquial<\/td>\n                    <td style=\"\">P069 SAN PEDRO Y SAN PABLO(SAN PEDRO)<\/td>\n                    <td style=\"\">Organismos Eclesiales Laicales (OEL)<\/td>\n                    <td style=\"\">23.Hombres nuevos en Cristo<\/td>\n                    <td style=\"\"><\/td>\n                    <td style=\"\"><a href=\"https:\/\/diocesisdeaguascalientes.mx\/vicaria-de-pastoral\/wp-content\/uploads\/sites\/2\/forminator\/10414_47c7fef6f8c6f15ac1daaf1663bdf562\/uploads\/C2JRbs1w5ayz-Programacion-Hombres-Nuevos-en-Cristo.-Agosto-2025-Julio-2026.pdf\" target=\"_blank\">C2JRbs1w5ayz-Programacion-Hombres-Nuevos-en-Cristo.-Agosto-2025-Julio-2026.pdf<\/a><\/td>\n                    <td style=\"\">24\/09\/2025 08:11 AM<\/td>\n            <\/tr>\n            <tr id=\"table_3_row_358\">\n                    <td style=\"\">Programaci\u00f3n Parroquial<\/td>\n                    <td style=\"\">P105 TRES AVE MAR\u00cdAS(LAS AM\u00c9RICAS)<\/td>\n                    <td style=\"\">Adolescentes<\/td>\n                    <td style=\"\"><\/td>\n                    <td style=\"\"><\/td>\n                    <td style=\"\"><a href=\"https:\/\/diocesisdeaguascalientes.mx\/vicaria-de-pastoral\/wp-content\/uploads\/sites\/2\/forminator\/10414_47c7fef6f8c6f15ac1daaf1663bdf562\/uploads\/B2fOO1dPmZiM-PROGRAMA-ADOLESCENTES.-ENCUENTRO-CON-CRISTO-25-26.pdf\" target=\"_blank\">B2fOO1dPmZiM-PROGRAMA-ADOLESCENTES.-ENCUENTRO-CON-CRISTO-25-26.pdf<\/a><\/td>\n                    <td style=\"\">24\/09\/2025 01:25 AM<\/td>\n            <\/tr>\n            <tr id=\"table_3_row_359\">\n                    <td style=\"\">Programaci\u00f3n Parroquial<\/td>\n                    <td style=\"\">P105 TRES AVE MAR\u00cdAS(LAS AM\u00c9RICAS)<\/td>\n                    <td style=\"\">Organismos Eclesiales Laicales (OEL)<\/td>\n                    <td style=\"\">40.Renovaci\u00f3n Carism\u00e1tica Cat\u00f3lica en el Esp\u00edritu Santo<\/td>\n                    <td style=\"\"><\/td>\n                    <td style=\"\"><a href=\"https:\/\/diocesisdeaguascalientes.mx\/vicaria-de-pastoral\/wp-content\/uploads\/sites\/2\/forminator\/10414_47c7fef6f8c6f15ac1daaf1663bdf562\/uploads\/bxtCA3NEKkAL-PROGRAMA-RENOVACION-CARISMATICA.-ENCUENTRO-CON-CRISTO-25-26.pdf\" target=\"_blank\">bxtCA3NEKkAL-PROGRAMA-RENOVACION-CARISMATICA.-ENCUENTRO-CON-CRISTO-25-26.pdf<\/a><\/td>\n                    <td style=\"\">24\/09\/2025 01:11 AM<\/td>\n            <\/tr>\n            <tr id=\"table_3_row_360\">\n                    <td style=\"\">Programaci\u00f3n Parroquial<\/td>\n                    <td style=\"\">P004 NUESTRA SE\u00d1ORA DE LA ANUNCIACI\u00d3N(EL DORADO)<\/td>\n                    <td style=\"\">Organismos Eclesiales Laicales (OEL)<\/td>\n                    <td style=\"\">Otro<\/td>\n                    <td style=\"\">Adoraci\u00f3n Nocturna<\/td>\n                    <td style=\"\"><a href=\"https:\/\/diocesisdeaguascalientes.mx\/vicaria-de-pastoral\/wp-content\/uploads\/sites\/2\/forminator\/10414_47c7fef6f8c6f15ac1daaf1663bdf562\/uploads\/SuRb7gnjMlhP-ADORACION-NOCTURNA-Programacion-25-26.pdf\" target=\"_blank\">SuRb7gnjMlhP-ADORACION-NOCTURNA-Programacion-25-26.pdf<\/a><\/td>\n                    <td style=\"\">24\/09\/2025 12:17 AM<\/td>\n            <\/tr>\n            <tr id=\"table_3_row_361\">\n                    <td style=\"\">Programaci\u00f3n Parroquial<\/td>\n                    <td style=\"\">P004 NUESTRA SE\u00d1ORA DE LA ANUNCIACI\u00d3N(EL DORADO)<\/td>\n                    <td style=\"\">Organismos Eclesiales Laicales (OEL)<\/td>\n                    <td style=\"\">28.Llama de amor del Inmaculado Coraz\u00f3n de Mar\u00eda<\/td>\n                    <td style=\"\"><\/td>\n                    <td style=\"\"><a href=\"https:\/\/diocesisdeaguascalientes.mx\/vicaria-de-pastoral\/wp-content\/uploads\/sites\/2\/forminator\/10414_47c7fef6f8c6f15ac1daaf1663bdf562\/uploads\/C7fkHI7ERKkM-LLAMA-DE-AMOR-Programacion-25-26.pdf\" target=\"_blank\">C7fkHI7ERKkM-LLAMA-DE-AMOR-Programacion-25-26.pdf<\/a><\/td>\n                    <td style=\"\">24\/09\/2025 12:14 AM<\/td>\n            <\/tr>\n            <tr id=\"table_3_row_362\">\n                    <td style=\"\">Programaci\u00f3n Parroquial<\/td>\n                    <td style=\"\">P004 NUESTRA SE\u00d1ORA DE LA ANUNCIACI\u00d3N(EL DORADO)<\/td>\n                    <td style=\"\">Organismos Eclesiales Laicales (OEL)<\/td>\n                    <td style=\"\">21.Guardia de honor del Sagrado Coraz\u00f3n de Jes\u00fas.<\/td>\n                    <td style=\"\"><\/td>\n                    <td style=\"\"><a href=\"https:\/\/diocesisdeaguascalientes.mx\/vicaria-de-pastoral\/wp-content\/uploads\/sites\/2\/forminator\/10414_47c7fef6f8c6f15ac1daaf1663bdf562\/uploads\/XIepoIcQipcp-GUARDIA-DE-HONOR-Programacion-25-26.pdf\" target=\"_blank\">XIepoIcQipcp-GUARDIA-DE-HONOR-Programacion-25-26.pdf<\/a><\/td>\n                    <td style=\"\">24\/09\/2025 12:12 AM<\/td>\n            <\/tr>\n            <tr id=\"table_3_row_363\">\n                    <td style=\"\">Programaci\u00f3n Parroquial<\/td>\n                    <td style=\"\">P004 NUESTRA SE\u00d1ORA DE LA ANUNCIACI\u00d3N(EL DORADO)<\/td>\n                    <td style=\"\">Pastoral de la Comunicaci\u00f3n<\/td>\n                    <td style=\"\"><\/td>\n                    <td style=\"\"><\/td>\n                    <td style=\"\"><a href=\"https:\/\/diocesisdeaguascalientes.mx\/vicaria-de-pastoral\/wp-content\/uploads\/sites\/2\/forminator\/10414_47c7fef6f8c6f15ac1daaf1663bdf562\/uploads\/DCPvN4AWX5IW-COMUNICACION-Programacion-25-26.pdf\" target=\"_blank\">DCPvN4AWX5IW-COMUNICACION-Programacion-25-26.pdf<\/a><\/td>\n                    <td style=\"\">24\/09\/2025 12:10 AM<\/td>\n            <\/tr>\n            <tr id=\"table_3_row_364\">\n                    <td style=\"\">Programaci\u00f3n Parroquial<\/td>\n                    <td style=\"\">P004 NUESTRA SE\u00d1ORA DE LA ANUNCIACI\u00d3N(EL DORADO)<\/td>\n                    <td style=\"\">Adolescentes<\/td>\n                    <td style=\"\"><\/td>\n                    <td style=\"\"><\/td>\n                    <td style=\"\"><a href=\"https:\/\/diocesisdeaguascalientes.mx\/vicaria-de-pastoral\/wp-content\/uploads\/sites\/2\/forminator\/10414_47c7fef6f8c6f15ac1daaf1663bdf562\/uploads\/8C3EPCPJFxkA-ADOLESCENTES-Programacion-25-26.pdf\" target=\"_blank\">8C3EPCPJFxkA-ADOLESCENTES-Programacion-25-26.pdf<\/a><\/td>\n                    <td style=\"\">24\/09\/2025 12:09 AM<\/td>\n            <\/tr>\n            <tr id=\"table_3_row_365\">\n                    <td style=\"\">Programaci\u00f3n Parroquial<\/td>\n                    <td style=\"\">P004 NUESTRA SE\u00d1ORA DE LA ANUNCIACI\u00d3N(EL DORADO)<\/td>\n                    <td style=\"\">Familiar<\/td>\n                    <td style=\"\"><\/td>\n                    <td style=\"\"><\/td>\n                    <td style=\"\"><a href=\"https:\/\/diocesisdeaguascalientes.mx\/vicaria-de-pastoral\/wp-content\/uploads\/sites\/2\/forminator\/10414_47c7fef6f8c6f15ac1daaf1663bdf562\/uploads\/Am8icQ7ezZHk-FAMILIAR-Programacion-25-26.pdf\" target=\"_blank\">Am8icQ7ezZHk-FAMILIAR-Programacion-25-26.pdf<\/a><\/td>\n                    <td style=\"\">24\/09\/2025 12:08 AM<\/td>\n            <\/tr>\n            <tr id=\"table_3_row_366\">\n                    <td style=\"\">Programaci\u00f3n Parroquial<\/td>\n                    <td style=\"\">P004 NUESTRA SE\u00d1ORA DE LA ANUNCIACI\u00d3N(EL DORADO)<\/td>\n                    <td style=\"\">Prof\u00e9tica<\/td>\n                    <td style=\"\"><\/td>\n                    <td style=\"\"><\/td>\n                    <td style=\"\"><a href=\"https:\/\/diocesisdeaguascalientes.mx\/vicaria-de-pastoral\/wp-content\/uploads\/sites\/2\/forminator\/10414_47c7fef6f8c6f15ac1daaf1663bdf562\/uploads\/jsL05TPINApg-PROFETICA-Programacion-25-26.pdf\" target=\"_blank\">jsL05TPINApg-PROFETICA-Programacion-25-26.pdf<\/a><\/td>\n                    <td style=\"\">24\/09\/2025 12:07 AM<\/td>\n            <\/tr>\n            <tr id=\"table_3_row_367\">\n                    <td style=\"\">Programaci\u00f3n Parroquial<\/td>\n                    <td style=\"\">P004 NUESTRA SE\u00d1ORA DE LA ANUNCIACI\u00d3N(EL DORADO)<\/td>\n                    <td style=\"\">Lit\u00fargica<\/td>\n                    <td style=\"\"><\/td>\n                    <td style=\"\"><\/td>\n                    <td style=\"\"><a href=\"https:\/\/diocesisdeaguascalientes.mx\/vicaria-de-pastoral\/wp-content\/uploads\/sites\/2\/forminator\/10414_47c7fef6f8c6f15ac1daaf1663bdf562\/uploads\/ZLFaZkMbf3T3-LITURGIA-Programacion-25-26.pdf\" target=\"_blank\">ZLFaZkMbf3T3-LITURGIA-Programacion-25-26.pdf<\/a><\/td>\n                    <td style=\"\">24\/09\/2025 12:05 AM<\/td>\n            <\/tr>\n            <tr id=\"table_3_row_368\">\n                    <td style=\"\">Programaci\u00f3n Parroquial<\/td>\n                    <td style=\"\">P004 NUESTRA SE\u00d1ORA DE LA ANUNCIACI\u00d3N(EL DORADO)<\/td>\n                    <td style=\"\">Animaci\u00f3n Pastoral (CPP)<\/td>\n                    <td style=\"\"><\/td>\n                    <td style=\"\"><\/td>\n                    <td style=\"\"><a href=\"https:\/\/diocesisdeaguascalientes.mx\/vicaria-de-pastoral\/wp-content\/uploads\/sites\/2\/forminator\/10414_47c7fef6f8c6f15ac1daaf1663bdf562\/uploads\/MOAQYhzXLyrp-SECTORES-Programacion-25-26.pdf\" target=\"_blank\">MOAQYhzXLyrp-SECTORES-Programacion-25-26.pdf<\/a><\/td>\n                    <td style=\"\">24\/09\/2025 12:02 AM<\/td>\n            <\/tr>\n            <tr id=\"table_3_row_369\">\n                    <td style=\"\">Programaci\u00f3n Parroquial<\/td>\n                    <td style=\"\">P046 SAN JOS\u00c9(SAN JOS\u00c9 DE GRACIA)<\/td>\n                    <td style=\"\">Animaci\u00f3n Pastoral (CPP)<\/td>\n                    <td style=\"\"><\/td>\n                    <td style=\"\"><\/td>\n                    <td style=\"\"><a href=\"https:\/\/diocesisdeaguascalientes.mx\/vicaria-de-pastoral\/wp-content\/uploads\/sites\/2\/forminator\/10414_47c7fef6f8c6f15ac1daaf1663bdf562\/uploads\/BRNpaHN8Dgc7-EPAP-P046-SJG-25-26.pdf\" target=\"_blank\">BRNpaHN8Dgc7-EPAP-P046-SJG-25-26.pdf<\/a><\/td>\n                    <td style=\"\">23\/09\/2025 11:26 PM<\/td>\n            <\/tr>\n            <tr id=\"table_3_row_370\">\n                    <td style=\"\">Programaci\u00f3n Parroquial<\/td>\n                    <td style=\"\">P046 SAN JOS\u00c9(SAN JOS\u00c9 DE GRACIA)<\/td>\n                    <td style=\"\">Juvenil<\/td>\n                    <td style=\"\"><\/td>\n                    <td style=\"\"><\/td>\n                    <td style=\"\"><a href=\"https:\/\/diocesisdeaguascalientes.mx\/vicaria-de-pastoral\/wp-content\/uploads\/sites\/2\/forminator\/10414_47c7fef6f8c6f15ac1daaf1663bdf562\/uploads\/I9DUzz9v6yBZ-Juvenil-P046-SJG-25-26.pdf\" target=\"_blank\">I9DUzz9v6yBZ-Juvenil-P046-SJG-25-26.pdf<\/a><\/td>\n                    <td style=\"\">23\/09\/2025 11:24 PM<\/td>\n            <\/tr>\n            <tr id=\"table_3_row_371\">\n                    <td style=\"\">Programaci\u00f3n Parroquial<\/td>\n                    <td style=\"\">P046 SAN JOS\u00c9(SAN JOS\u00c9 DE GRACIA)<\/td>\n                    <td style=\"\">Familiar<\/td>\n                    <td style=\"\"><\/td>\n                    <td style=\"\"><\/td>\n                    <td style=\"\"><a href=\"https:\/\/diocesisdeaguascalientes.mx\/vicaria-de-pastoral\/wp-content\/uploads\/sites\/2\/forminator\/10414_47c7fef6f8c6f15ac1daaf1663bdf562\/uploads\/BmeuqqEBQQZO-Familiar-P046-SJG-25-262.pdf\" target=\"_blank\">BmeuqqEBQQZO-Familiar-P046-SJG-25-262.pdf<\/a><\/td>\n                    <td style=\"\">23\/09\/2025 11:23 PM<\/td>\n            <\/tr>\n            <tr id=\"table_3_row_372\">\n                    <td style=\"\">Programaci\u00f3n Parroquial<\/td>\n                    <td style=\"\">P046 SAN JOS\u00c9(SAN JOS\u00c9 DE GRACIA)<\/td>\n                    <td style=\"\">Social<\/td>\n                    <td style=\"\"><\/td>\n                    <td style=\"\"><\/td>\n                    <td style=\"\"><a href=\"https:\/\/diocesisdeaguascalientes.mx\/vicaria-de-pastoral\/wp-content\/uploads\/sites\/2\/forminator\/10414_47c7fef6f8c6f15ac1daaf1663bdf562\/uploads\/4usXHbZNfOmb-Social-P046-SJG-25-26.pdf\" target=\"_blank\">4usXHbZNfOmb-Social-P046-SJG-25-26.pdf<\/a><\/td>\n                    <td style=\"\">23\/09\/2025 11:22 PM<\/td>\n            <\/tr>\n            <tr id=\"table_3_row_373\">\n                    <td style=\"\">Programaci\u00f3n Parroquial<\/td>\n                    <td style=\"\">P046 SAN JOS\u00c9(SAN JOS\u00c9 DE GRACIA)<\/td>\n                    <td style=\"\">Lit\u00fargica<\/td>\n                    <td style=\"\"><\/td>\n                    <td style=\"\"><\/td>\n                    <td style=\"\"><a href=\"https:\/\/diocesisdeaguascalientes.mx\/vicaria-de-pastoral\/wp-content\/uploads\/sites\/2\/forminator\/10414_47c7fef6f8c6f15ac1daaf1663bdf562\/uploads\/npWPExH61iSO-Liturgica-P046-SJG-25-26.pdf\" target=\"_blank\">npWPExH61iSO-Liturgica-P046-SJG-25-26.pdf<\/a><\/td>\n                    <td style=\"\">23\/09\/2025 11:21 PM<\/td>\n            <\/tr>\n            <tr id=\"table_3_row_374\">\n                    <td style=\"\">Programaci\u00f3n Parroquial<\/td>\n                    <td style=\"\">P046 SAN JOS\u00c9(SAN JOS\u00c9 DE GRACIA)<\/td>\n                    <td style=\"\">Prof\u00e9tica<\/td>\n                    <td style=\"\"><\/td>\n                    <td style=\"\"><\/td>\n                    <td style=\"\"><a href=\"https:\/\/diocesisdeaguascalientes.mx\/vicaria-de-pastoral\/wp-content\/uploads\/sites\/2\/forminator\/10414_47c7fef6f8c6f15ac1daaf1663bdf562\/uploads\/NQ3egThZ39Zg-Profetica-P046-SJG-25-26.pdf\" target=\"_blank\">NQ3egThZ39Zg-Profetica-P046-SJG-25-26.pdf<\/a><\/td>\n                    <td style=\"\">23\/09\/2025 11:20 PM<\/td>\n            <\/tr>\n            <tr id=\"table_3_row_375\">\n                    <td style=\"\">Programaci\u00f3n Parroquial<\/td>\n                    <td style=\"\">P032 NUESTRA SE\u00d1ORA DE GUADALUPE(MARAVILLAS)<\/td>\n                    <td style=\"\">Organismos Eclesiales Laicales (OEL)<\/td>\n                    <td style=\"\">1.Acci\u00f3n Cat\u00f3lica<\/td>\n                    <td style=\"\"><\/td>\n                    <td style=\"\"><a href=\"https:\/\/diocesisdeaguascalientes.mx\/vicaria-de-pastoral\/wp-content\/uploads\/sites\/2\/forminator\/10414_47c7fef6f8c6f15ac1daaf1663bdf562\/uploads\/eM2NELopMzGP-Accion-Catolica.pdf\" target=\"_blank\">eM2NELopMzGP-Accion-Catolica.pdf<\/a><\/td>\n                    <td style=\"\">23\/09\/2025 10:28 PM<\/td>\n            <\/tr>\n            <tr id=\"table_3_row_376\">\n                    <td style=\"\">Programaci\u00f3n Parroquial<\/td>\n                    <td style=\"\">P073 NUESTRA SE\u00d1ORA DEL REFUGIO(SANDOVALES)<\/td>\n                    <td style=\"\">Lit\u00fargica<\/td>\n                    <td style=\"\"><\/td>\n                    <td style=\"\"><\/td>\n                    <td style=\"\"><a href=\"https:\/\/diocesisdeaguascalientes.mx\/vicaria-de-pastoral\/wp-content\/uploads\/sites\/2\/forminator\/10414_47c7fef6f8c6f15ac1daaf1663bdf562\/uploads\/B6SPhDlSyBUl-PROG-LIT-M.pdf\" target=\"_blank\">B6SPhDlSyBUl-PROG-LIT-M.pdf<\/a><\/td>\n                    <td style=\"\">23\/09\/2025 10:21 PM<\/td>\n            <\/tr>\n            <tr id=\"table_3_row_377\">\n                    <td style=\"\">Programaci\u00f3n Parroquial<\/td>\n                    <td style=\"\">P043 SAN JOS\u00c9(CENTRO)<\/td>\n                    <td style=\"\">Lit\u00fargica<\/td>\n                    <td style=\"\"><\/td>\n                    <td style=\"\"><\/td>\n                    <td style=\"\"><a href=\"https:\/\/diocesisdeaguascalientes.mx\/vicaria-de-pastoral\/wp-content\/uploads\/sites\/2\/forminator\/10414_47c7fef6f8c6f15ac1daaf1663bdf562\/uploads\/OqWEW2DUxxOW-PASTORAL-LITURGICA.pdf\" target=\"_blank\">OqWEW2DUxxOW-PASTORAL-LITURGICA.pdf<\/a><\/td>\n                    <td style=\"\">23\/09\/2025 10:16 PM<\/td>\n            <\/tr>\n            <tr id=\"table_3_row_378\">\n                    <td style=\"\">Programaci\u00f3n Parroquial<\/td>\n                    <td style=\"\">P032 NUESTRA SE\u00d1ORA DE GUADALUPE(MARAVILLAS)<\/td>\n                    <td style=\"\">Organismos Eclesiales Laicales (OEL)<\/td>\n                    <td style=\"\">Otro<\/td>\n                    <td style=\"\">Amigos del Santisimo<\/td>\n                    <td style=\"\"><a href=\"https:\/\/diocesisdeaguascalientes.mx\/vicaria-de-pastoral\/wp-content\/uploads\/sites\/2\/forminator\/10414_47c7fef6f8c6f15ac1daaf1663bdf562\/uploads\/jO7YYdiNyMHw-Amigos-del-Santisimo.pdf\" target=\"_blank\">jO7YYdiNyMHw-Amigos-del-Santisimo.pdf<\/a><\/td>\n                    <td style=\"\">23\/09\/2025 10:14 PM<\/td>\n            <\/tr>\n            <tr id=\"table_3_row_379\">\n                    <td style=\"\">Programaci\u00f3n Parroquial<\/td>\n                    <td style=\"\">P032 NUESTRA SE\u00d1ORA DE GUADALUPE(MARAVILLAS)<\/td>\n                    <td style=\"\">Organismos Eclesiales Laicales (OEL)<\/td>\n                    <td style=\"\">Otro<\/td>\n                    <td style=\"\">Liga de Rec\u00edprocos Auxilios<\/td>\n                    <td style=\"\"><a href=\"https:\/\/diocesisdeaguascalientes.mx\/vicaria-de-pastoral\/wp-content\/uploads\/sites\/2\/forminator\/10414_47c7fef6f8c6f15ac1daaf1663bdf562\/uploads\/ClKb1PMptd5J-Liga.pdf\" target=\"_blank\">ClKb1PMptd5J-Liga.pdf<\/a><\/td>\n                    <td style=\"\">23\/09\/2025 10:13 PM<\/td>\n            <\/tr>\n            <tr id=\"table_3_row_380\">\n                    <td style=\"\">Programaci\u00f3n Parroquial<\/td>\n                    <td style=\"\">P032 NUESTRA SE\u00d1ORA DE GUADALUPE(MARAVILLAS)<\/td>\n                    <td style=\"\">Organismos Eclesiales Laicales (OEL)<\/td>\n                    <td style=\"\">Otro<\/td>\n                    <td style=\"\">Tonanzin<\/td>\n                    <td style=\"\"><a href=\"https:\/\/diocesisdeaguascalientes.mx\/vicaria-de-pastoral\/wp-content\/uploads\/sites\/2\/forminator\/10414_47c7fef6f8c6f15ac1daaf1663bdf562\/uploads\/SZLAX09Zbs7Y-IGLESIA-SINODAL-EN-MISION.pdf\" target=\"_blank\">SZLAX09Zbs7Y-IGLESIA-SINODAL-EN-MISION.pdf<\/a><\/td>\n                    <td style=\"\">23\/09\/2025 10:12 PM<\/td>\n            <\/tr>\n            <tr id=\"table_3_row_381\">\n                    <td style=\"\">Programaci\u00f3n Parroquial<\/td>\n                    <td style=\"\">P032 NUESTRA SE\u00d1ORA DE GUADALUPE(MARAVILLAS)<\/td>\n                    <td style=\"\">Organismos Eclesiales Laicales (OEL)<\/td>\n                    <td style=\"\">13.Cursillos de Cristiandad<\/td>\n                    <td style=\"\"><\/td>\n                    <td style=\"\"><a href=\"https:\/\/diocesisdeaguascalientes.mx\/vicaria-de-pastoral\/wp-content\/uploads\/sites\/2\/forminator\/10414_47c7fef6f8c6f15ac1daaf1663bdf562\/uploads\/H9dk44cSabtA-FORMATO-DE-PROGRAMACION-2025-2026.pdf\" target=\"_blank\">H9dk44cSabtA-FORMATO-DE-PROGRAMACION-2025-2026.pdf<\/a><\/td>\n                    <td style=\"\">23\/09\/2025 10:10 PM<\/td>\n            <\/tr>\n            <tr id=\"table_3_row_382\">\n                    <td style=\"\">Programaci\u00f3n Parroquial<\/td>\n                    <td style=\"\">P032 NUESTRA SE\u00d1ORA DE GUADALUPE(MARAVILLAS)<\/td>\n                    <td style=\"\">Pastoral de la Comunicaci\u00f3n<\/td>\n                    <td style=\"\"><\/td>\n                    <td style=\"\"><\/td>\n                    <td style=\"\"><a href=\"https:\/\/diocesisdeaguascalientes.mx\/vicaria-de-pastoral\/wp-content\/uploads\/sites\/2\/forminator\/10414_47c7fef6f8c6f15ac1daaf1663bdf562\/uploads\/rgG69bJjfDP3-De-Comunicacion.pdf\" target=\"_blank\">rgG69bJjfDP3-De-Comunicacion.pdf<\/a><\/td>\n                    <td style=\"\">23\/09\/2025 10:09 PM<\/td>\n            <\/tr>\n            <tr id=\"table_3_row_383\">\n                    <td style=\"\">Programaci\u00f3n Parroquial<\/td>\n                    <td style=\"\">P032 NUESTRA SE\u00d1ORA DE GUADALUPE(MARAVILLAS)<\/td>\n                    <td style=\"\">Familiar<\/td>\n                    <td style=\"\"><\/td>\n                    <td style=\"\"><\/td>\n                    <td style=\"\"><a href=\"https:\/\/diocesisdeaguascalientes.mx\/vicaria-de-pastoral\/wp-content\/uploads\/sites\/2\/forminator\/10414_47c7fef6f8c6f15ac1daaf1663bdf562\/uploads\/6YiRayGiROJp-Familiar.pdf\" target=\"_blank\">6YiRayGiROJp-Familiar.pdf<\/a><\/td>\n                    <td style=\"\">23\/09\/2025 10:08 PM<\/td>\n            <\/tr>\n            <tr id=\"table_3_row_384\">\n                    <td style=\"\">Programaci\u00f3n Parroquial<\/td>\n                    <td style=\"\">P032 NUESTRA SE\u00d1ORA DE GUADALUPE(MARAVILLAS)<\/td>\n                    <td style=\"\">Social<\/td>\n                    <td style=\"\"><\/td>\n                    <td style=\"\"><\/td>\n                    <td style=\"\"><a href=\"https:\/\/diocesisdeaguascalientes.mx\/vicaria-de-pastoral\/wp-content\/uploads\/sites\/2\/forminator\/10414_47c7fef6f8c6f15ac1daaf1663bdf562\/uploads\/l45IRJCQcosJ-Social.pdf\" target=\"_blank\">l45IRJCQcosJ-Social.pdf<\/a><\/td>\n                    <td style=\"\">23\/09\/2025 10:07 PM<\/td>\n            <\/tr>\n            <tr id=\"table_3_row_385\">\n                    <td style=\"\">Programaci\u00f3n Parroquial<\/td>\n                    <td style=\"\">P032 NUESTRA SE\u00d1ORA DE GUADALUPE(MARAVILLAS)<\/td>\n                    <td style=\"\">Lit\u00fargica<\/td>\n                    <td style=\"\"><\/td>\n                    <td style=\"\"><\/td>\n                    <td style=\"\"><a href=\"https:\/\/diocesisdeaguascalientes.mx\/vicaria-de-pastoral\/wp-content\/uploads\/sites\/2\/forminator\/10414_47c7fef6f8c6f15ac1daaf1663bdf562\/uploads\/zd6YhnIt6dps-Liturgia.pdf\" target=\"_blank\">zd6YhnIt6dps-Liturgia.pdf<\/a><\/td>\n                    <td style=\"\">23\/09\/2025 10:07 PM<\/td>\n            <\/tr>\n            <tr id=\"table_3_row_386\">\n                    <td style=\"\">Programaci\u00f3n Parroquial<\/td>\n                    <td style=\"\">P073 NUESTRA SE\u00d1ORA DEL REFUGIO(SANDOVALES)<\/td>\n                    <td style=\"\">Organismos Eclesiales Laicales (OEL)<\/td>\n                    <td style=\"\">21.Guardia de honor del Sagrado Coraz\u00f3n de Jes\u00fas.<\/td>\n                    <td style=\"\"><\/td>\n                    <td style=\"\"><a href=\"https:\/\/diocesisdeaguascalientes.mx\/vicaria-de-pastoral\/wp-content\/uploads\/sites\/2\/forminator\/10414_47c7fef6f8c6f15ac1daaf1663bdf562\/uploads\/QJVOZQUbcFWn-PROG-O.E.L.pdf\" target=\"_blank\">QJVOZQUbcFWn-PROG-O.E.L.pdf<\/a><\/td>\n                    <td style=\"\">23\/09\/2025 10:05 PM<\/td>\n            <\/tr>\n            <tr id=\"table_3_row_387\">\n                    <td style=\"\">Programaci\u00f3n Parroquial<\/td>\n                    <td style=\"\">P111 NUESTRA SE\u00d1ORA DEL REFUGIO (JALTOMATE)<\/td>\n                    <td style=\"\">Organismos Eclesiales Laicales (OEL)<\/td>\n                    <td style=\"\">Otro<\/td>\n                    <td style=\"\">Refugianos<\/td>\n                    <td style=\"\"><a href=\"https:\/\/diocesisdeaguascalientes.mx\/vicaria-de-pastoral\/wp-content\/uploads\/sites\/2\/forminator\/10414_47c7fef6f8c6f15ac1daaf1663bdf562\/uploads\/V8MK3wtp0rEe-Programacon-de-las-Refuginas.pdf\" target=\"_blank\">V8MK3wtp0rEe-Programacon-de-las-Refuginas.pdf<\/a><\/td>\n                    <td style=\"\">23\/09\/2025 10:05 PM<\/td>\n            <\/tr>\n            <tr id=\"table_3_row_388\">\n                    <td style=\"\">Programaci\u00f3n Parroquial<\/td>\n                    <td style=\"\">P032 NUESTRA SE\u00d1ORA DE GUADALUPE(MARAVILLAS)<\/td>\n                    <td style=\"\">Prof\u00e9tica<\/td>\n                    <td style=\"\"><\/td>\n                    <td style=\"\"><\/td>\n                    <td style=\"\"><a href=\"https:\/\/diocesisdeaguascalientes.mx\/vicaria-de-pastoral\/wp-content\/uploads\/sites\/2\/forminator\/10414_47c7fef6f8c6f15ac1daaf1663bdf562\/uploads\/rHBCHNtTuJhf-Profetica.pdf\" target=\"_blank\">rHBCHNtTuJhf-Profetica.pdf<\/a><\/td>\n                    <td style=\"\">23\/09\/2025 10:05 PM<\/td>\n            <\/tr>\n            <tr id=\"table_3_row_389\">\n                    <td style=\"\">Programaci\u00f3n Parroquial<\/td>\n                    <td style=\"\">P111 NUESTRA SE\u00d1ORA DEL REFUGIO (JALTOMATE)<\/td>\n                    <td style=\"\">Organismos Eclesiales Laicales (OEL)<\/td>\n                    <td style=\"\">Otro<\/td>\n                    <td style=\"\">Adoraci\u00f3n nocturna<\/td>\n                    <td style=\"\"><a href=\"https:\/\/diocesisdeaguascalientes.mx\/vicaria-de-pastoral\/wp-content\/uploads\/sites\/2\/forminator\/10414_47c7fef6f8c6f15ac1daaf1663bdf562\/uploads\/V1XIZHnzfr7C-Programacion-de-adorcion-nocturna-.pdf\" target=\"_blank\">V1XIZHnzfr7C-Programacion-de-adorcion-nocturna-.pdf<\/a><\/td>\n                    <td style=\"\">23\/09\/2025 10:04 PM<\/td>\n            <\/tr>\n            <tr id=\"table_3_row_390\">\n                    <td style=\"\">Programaci\u00f3n Parroquial<\/td>\n                    <td style=\"\">P032 NUESTRA SE\u00d1ORA DE GUADALUPE(MARAVILLAS)<\/td>\n                    <td style=\"\">Animaci\u00f3n Pastoral (CPP)<\/td>\n                    <td style=\"\"><\/td>\n                    <td style=\"\"><\/td>\n                    <td style=\"\"><a href=\"https:\/\/diocesisdeaguascalientes.mx\/vicaria-de-pastoral\/wp-content\/uploads\/sites\/2\/forminator\/10414_47c7fef6f8c6f15ac1daaf1663bdf562\/uploads\/LBvwn8wUbJPW-Consejo.pdf\" target=\"_blank\">LBvwn8wUbJPW-Consejo.pdf<\/a><\/td>\n                    <td style=\"\">23\/09\/2025 10:03 PM<\/td>\n            <\/tr>\n            <tr id=\"table_3_row_391\">\n                    <td style=\"\">Programaci\u00f3n Parroquial<\/td>\n                    <td style=\"\">P111 NUESTRA SE\u00d1ORA DEL REFUGIO (JALTOMATE)<\/td>\n                    <td style=\"\">Organismos Eclesiales Laicales (OEL)<\/td>\n                    <td style=\"\">40.Renovaci\u00f3n Carism\u00e1tica Cat\u00f3lica en el Esp\u00edritu Santo<\/td>\n                    <td style=\"\"><\/td>\n                    <td style=\"\"><a href=\"https:\/\/diocesisdeaguascalientes.mx\/vicaria-de-pastoral\/wp-content\/uploads\/sites\/2\/forminator\/10414_47c7fef6f8c6f15ac1daaf1663bdf562\/uploads\/lx4wEoYLlzLN-Planeacion-de-RCCES.pdf\" target=\"_blank\">lx4wEoYLlzLN-Planeacion-de-RCCES.pdf<\/a><\/td>\n                    <td style=\"\">23\/09\/2025 10:03 PM<\/td>\n            <\/tr>\n            <tr id=\"table_3_row_392\">\n                    <td style=\"\">Programaci\u00f3n Parroquial<\/td>\n                    <td style=\"\">P073 NUESTRA SE\u00d1ORA DEL REFUGIO(SANDOVALES)<\/td>\n                    <td style=\"\">Juvenil<\/td>\n                    <td style=\"\"><\/td>\n                    <td style=\"\"><\/td>\n                    <td style=\"\"><a href=\"https:\/\/diocesisdeaguascalientes.mx\/vicaria-de-pastoral\/wp-content\/uploads\/sites\/2\/forminator\/10414_47c7fef6f8c6f15ac1daaf1663bdf562\/uploads\/lfc3up2zZFEq-PROG-JUVENIL.pdf\" target=\"_blank\">lfc3up2zZFEq-PROG-JUVENIL.pdf<\/a><\/td>\n                    <td style=\"\">23\/09\/2025 10:03 PM<\/td>\n            <\/tr>\n            <tr id=\"table_3_row_393\">\n                    <td style=\"\">Programaci\u00f3n Parroquial<\/td>\n                    <td style=\"\">P111 NUESTRA SE\u00d1ORA DEL REFUGIO (JALTOMATE)<\/td>\n                    <td style=\"\">Pastoral de la Comunicaci\u00f3n<\/td>\n                    <td style=\"\"><\/td>\n                    <td style=\"\"><\/td>\n                    <td style=\"\"><a href=\"https:\/\/diocesisdeaguascalientes.mx\/vicaria-de-pastoral\/wp-content\/uploads\/sites\/2\/forminator\/10414_47c7fef6f8c6f15ac1daaf1663bdf562\/uploads\/OqaXGc4t7SNh-Planeacion-pastoral-de-la-comunicacion.pdf\" target=\"_blank\">OqaXGc4t7SNh-Planeacion-pastoral-de-la-comunicacion.pdf<\/a><\/td>\n                    <td style=\"\">23\/09\/2025 10:02 PM<\/td>\n            <\/tr>\n            <tr id=\"table_3_row_394\">\n                    <td style=\"\">Programaci\u00f3n Parroquial<\/td>\n                    <td style=\"\">P111 NUESTRA SE\u00d1ORA DEL REFUGIO (JALTOMATE)<\/td>\n                    <td style=\"\">Juvenil<\/td>\n                    <td style=\"\"><\/td>\n                    <td style=\"\"><\/td>\n                    <td style=\"\"><a href=\"https:\/\/diocesisdeaguascalientes.mx\/vicaria-de-pastoral\/wp-content\/uploads\/sites\/2\/forminator\/10414_47c7fef6f8c6f15ac1daaf1663bdf562\/uploads\/QthtowV0hAPb-planeacion-de-pastoral-juvenil.pdf\" target=\"_blank\">QthtowV0hAPb-planeacion-de-pastoral-juvenil.pdf<\/a><\/td>\n                    <td style=\"\">23\/09\/2025 10:01 PM<\/td>\n            <\/tr>\n            <tr id=\"table_3_row_395\">\n                    <td style=\"\">Programaci\u00f3n Parroquial<\/td>\n                    <td style=\"\">P111 NUESTRA SE\u00d1ORA DEL REFUGIO (JALTOMATE)<\/td>\n                    <td style=\"\">Familiar<\/td>\n                    <td style=\"\"><\/td>\n                    <td style=\"\"><\/td>\n                    <td style=\"\"><a href=\"https:\/\/diocesisdeaguascalientes.mx\/vicaria-de-pastoral\/wp-content\/uploads\/sites\/2\/forminator\/10414_47c7fef6f8c6f15ac1daaf1663bdf562\/uploads\/DezKN6BajEp2-Planeacion-pastoral-familiar.pdf\" target=\"_blank\">DezKN6BajEp2-Planeacion-pastoral-familiar.pdf<\/a><\/td>\n                    <td style=\"\">23\/09\/2025 09:57 PM<\/td>\n            <\/tr>\n            <tr id=\"table_3_row_396\">\n                    <td style=\"\">Programaci\u00f3n Parroquial<\/td>\n                    <td style=\"\">P111 NUESTRA SE\u00d1ORA DEL REFUGIO (JALTOMATE)<\/td>\n                    <td style=\"\">Social<\/td>\n                    <td style=\"\"><\/td>\n                    <td style=\"\"><\/td>\n                    <td style=\"\"><a href=\"https:\/\/diocesisdeaguascalientes.mx\/vicaria-de-pastoral\/wp-content\/uploads\/sites\/2\/forminator\/10414_47c7fef6f8c6f15ac1daaf1663bdf562\/uploads\/Si6dLHpR1hOx-Planeacion-Psocial.pdf\" target=\"_blank\">Si6dLHpR1hOx-Planeacion-Psocial.pdf<\/a><\/td>\n                    <td style=\"\">23\/09\/2025 09:55 PM<\/td>\n            <\/tr>\n            <tr id=\"table_3_row_397\">\n                    <td style=\"\">Programaci\u00f3n Parroquial<\/td>\n                    <td style=\"\">P111 NUESTRA SE\u00d1ORA DEL REFUGIO (JALTOMATE)<\/td>\n                    <td style=\"\">Lit\u00fargica<\/td>\n                    <td style=\"\"><\/td>\n                    <td style=\"\"><\/td>\n                    <td style=\"\"><a href=\"https:\/\/diocesisdeaguascalientes.mx\/vicaria-de-pastoral\/wp-content\/uploads\/sites\/2\/forminator\/10414_47c7fef6f8c6f15ac1daaf1663bdf562\/uploads\/mqTz7hJ1dthN-Planeacion-Pastoral-Liturgica.pdf\" target=\"_blank\">mqTz7hJ1dthN-Planeacion-Pastoral-Liturgica.pdf<\/a><\/td>\n                    <td style=\"\">23\/09\/2025 09:54 PM<\/td>\n            <\/tr>\n            <tr id=\"table_3_row_398\">\n                    <td style=\"\">Programaci\u00f3n Parroquial<\/td>\n                    <td style=\"\">P111 NUESTRA SE\u00d1ORA DEL REFUGIO (JALTOMATE)<\/td>\n                    <td style=\"\">Prof\u00e9tica<\/td>\n                    <td style=\"\"><\/td>\n                    <td style=\"\"><\/td>\n                    <td style=\"\"><a href=\"https:\/\/diocesisdeaguascalientes.mx\/vicaria-de-pastoral\/wp-content\/uploads\/sites\/2\/forminator\/10414_47c7fef6f8c6f15ac1daaf1663bdf562\/uploads\/A2MfoYP8hyqI-Planeacion-pastoral-profetica.pdf\" target=\"_blank\">A2MfoYP8hyqI-Planeacion-pastoral-profetica.pdf<\/a><\/td>\n                    <td style=\"\">23\/09\/2025 09:54 PM<\/td>\n            <\/tr>\n            <tr id=\"table_3_row_399\">\n                    <td style=\"\">Programaci\u00f3n Parroquial<\/td>\n                    <td style=\"\">P111 NUESTRA SE\u00d1ORA DEL REFUGIO (JALTOMATE)<\/td>\n                    <td style=\"\">Animaci\u00f3n Pastoral (CPP)<\/td>\n                    <td style=\"\"><\/td>\n                    <td style=\"\"><\/td>\n                    <td style=\"\"><a href=\"https:\/\/diocesisdeaguascalientes.mx\/vicaria-de-pastoral\/wp-content\/uploads\/sites\/2\/forminator\/10414_47c7fef6f8c6f15ac1daaf1663bdf562\/uploads\/f6yF99inhYpq-Planeacion-Animacion-Pastoral.pdf\" target=\"_blank\">f6yF99inhYpq-Planeacion-Animacion-Pastoral.pdf<\/a><\/td>\n                    <td style=\"\">23\/09\/2025 09:53 PM<\/td>\n            <\/tr>\n            <tr id=\"table_3_row_400\">\n                    <td style=\"\">Programaci\u00f3n Parroquial<\/td>\n                    <td style=\"\">P093 SANTO NI\u00d1O DEL SALTO(EL SALTO DE LOS SALADO)<\/td>\n                    <td style=\"\">Animaci\u00f3n Pastoral (CPP)<\/td>\n                    <td style=\"\"><\/td>\n                    <td style=\"\"><\/td>\n                    <td style=\"\"><a href=\"https:\/\/diocesisdeaguascalientes.mx\/vicaria-de-pastoral\/wp-content\/uploads\/sites\/2\/forminator\/10414_47c7fef6f8c6f15ac1daaf1663bdf562\/uploads\/UTVCdI81UqDK-PROGRAMACION-PARROQUIAL-DE-ANIMACION-PASTORAL-2025-2026.pdf\" target=\"_blank\">UTVCdI81UqDK-PROGRAMACION-PARROQUIAL-DE-ANIMACION-PASTORAL-2025-2026.pdf<\/a><\/td>\n                    <td style=\"\">23\/09\/2025 09:04 PM<\/td>\n            <\/tr>\n            <tr id=\"table_3_row_401\">\n                    <td style=\"\">Programaci\u00f3n Parroquial<\/td>\n                    <td style=\"\">P093 SANTO NI\u00d1O DEL SALTO(EL SALTO DE LOS SALADO)<\/td>\n                    <td style=\"\">Social<\/td>\n                    <td style=\"\"><\/td>\n                    <td style=\"\"><\/td>\n                    <td style=\"\"><a href=\"https:\/\/diocesisdeaguascalientes.mx\/vicaria-de-pastoral\/wp-content\/uploads\/sites\/2\/forminator\/10414_47c7fef6f8c6f15ac1daaf1663bdf562\/uploads\/obICsbVONGll-PASTORAL-SOCIAL.pdf\" target=\"_blank\">obICsbVONGll-PASTORAL-SOCIAL.pdf<\/a><\/td>\n                    <td style=\"\">23\/09\/2025 09:03 PM<\/td>\n            <\/tr>\n            <tr id=\"table_3_row_402\">\n                    <td style=\"\">Programaci\u00f3n Parroquial<\/td>\n                    <td style=\"\">P093 SANTO NI\u00d1O DEL SALTO(EL SALTO DE LOS SALADO)<\/td>\n                    <td style=\"\">Lit\u00fargica<\/td>\n                    <td style=\"\"><\/td>\n                    <td style=\"\"><\/td>\n                    <td style=\"\"><a href=\"https:\/\/diocesisdeaguascalientes.mx\/vicaria-de-pastoral\/wp-content\/uploads\/sites\/2\/forminator\/10414_47c7fef6f8c6f15ac1daaf1663bdf562\/uploads\/B2xTkz2yq7O3-PASTORAL-LITURGICA.pdf\" target=\"_blank\">B2xTkz2yq7O3-PASTORAL-LITURGICA.pdf<\/a><\/td>\n                    <td style=\"\">23\/09\/2025 09:01 PM<\/td>\n            <\/tr>\n            <tr id=\"table_3_row_403\">\n                    <td style=\"\">Programaci\u00f3n Parroquial<\/td>\n                    <td style=\"\">P093 SANTO NI\u00d1O DEL SALTO(EL SALTO DE LOS SALADO)<\/td>\n                    <td style=\"\">Prof\u00e9tica<\/td>\n                    <td style=\"\"><\/td>\n                    <td style=\"\"><\/td>\n                    <td style=\"\"><a href=\"https:\/\/diocesisdeaguascalientes.mx\/vicaria-de-pastoral\/wp-content\/uploads\/sites\/2\/forminator\/10414_47c7fef6f8c6f15ac1daaf1663bdf562\/uploads\/4OrNTlocm62X-PASTORAL-PROFETICO.pdf\" target=\"_blank\">4OrNTlocm62X-PASTORAL-PROFETICO.pdf<\/a><\/td>\n                    <td style=\"\">23\/09\/2025 09:00 PM<\/td>\n            <\/tr>\n            <tr id=\"table_3_row_404\">\n                    <td style=\"\">Programaci\u00f3n Parroquial<\/td>\n                    <td style=\"\">P018 DIVINO SALVADOR(TROJES DE ALONSO)<\/td>\n                    <td style=\"\">Lit\u00fargica<\/td>\n                    <td style=\"\"><\/td>\n                    <td style=\"\"><\/td>\n                    <td style=\"\"><a href=\"https:\/\/diocesisdeaguascalientes.mx\/vicaria-de-pastoral\/wp-content\/uploads\/sites\/2\/forminator\/10414_47c7fef6f8c6f15ac1daaf1663bdf562\/uploads\/T26PfGuJ7MsN-SEPTIEMBRE-2025.pdf\" target=\"_blank\">T26PfGuJ7MsN-SEPTIEMBRE-2025.pdf<\/a><\/td>\n                    <td style=\"\">23\/09\/2025 08:54 PM<\/td>\n            <\/tr>\n            <tr id=\"table_3_row_405\">\n                    <td style=\"\">Programaci\u00f3n Parroquial<\/td>\n                    <td style=\"\">P114 NUESTRA SE\u00d1ORA DEL REFUGIO(NORIAS DE OJO CALIENTE)<\/td>\n                    <td style=\"\">Organismos Eclesiales Laicales (OEL)<\/td>\n                    <td style=\"\">30.Mater F\u00e1tima<\/td>\n                    <td style=\"\"><\/td>\n                    <td style=\"\"><a href=\"https:\/\/diocesisdeaguascalientes.mx\/vicaria-de-pastoral\/wp-content\/uploads\/sites\/2\/forminator\/10414_47c7fef6f8c6f15ac1daaf1663bdf562\/uploads\/AP5haDKECbKO-MATER-FATIMA.pdf\" target=\"_blank\">AP5haDKECbKO-MATER-FATIMA.pdf<\/a><\/td>\n                    <td style=\"\">23\/09\/2025 07:55 PM<\/td>\n            <\/tr>\n            <tr id=\"table_3_row_406\">\n                    <td style=\"\">Programaci\u00f3n Parroquial<\/td>\n                    <td style=\"\">P060 NUESTRA SE\u00d1ORA DE LA LUZ(PALO ALTO)<\/td>\n                    <td style=\"\">Organismos Eclesiales Laicales (OEL)<\/td>\n                    <td style=\"\">3.Adoraci\u00f3n, Comunidad, Trabajo, Servicio (ACTS)<\/td>\n                    <td style=\"\"><\/td>\n                    <td style=\"\"><a href=\"https:\/\/diocesisdeaguascalientes.mx\/vicaria-de-pastoral\/wp-content\/uploads\/sites\/2\/forminator\/10414_47c7fef6f8c6f15ac1daaf1663bdf562\/uploads\/eikyEdeVGyNF-Programa-Organismos-Eclesiales-Laicales-2025.pdf\" target=\"_blank\">eikyEdeVGyNF-Programa-Organismos-Eclesiales-Laicales-2025.pdf<\/a><\/td>\n                    <td style=\"\">23\/09\/2025 07:52 PM<\/td>\n            <\/tr>\n            <tr id=\"table_3_row_407\">\n                    <td style=\"\">Programaci\u00f3n Parroquial<\/td>\n                    <td style=\"\">P060 NUESTRA SE\u00d1ORA DE LA LUZ(PALO ALTO)<\/td>\n                    <td style=\"\">Pastoral de la Comunicaci\u00f3n<\/td>\n                    <td style=\"\"><\/td>\n                    <td style=\"\"><\/td>\n                    <td style=\"\"><a href=\"https:\/\/diocesisdeaguascalientes.mx\/vicaria-de-pastoral\/wp-content\/uploads\/sites\/2\/forminator\/10414_47c7fef6f8c6f15ac1daaf1663bdf562\/uploads\/PNPgxuZvXIlu-Programa-comunicaciones-2025.pdf\" target=\"_blank\">PNPgxuZvXIlu-Programa-comunicaciones-2025.pdf<\/a><\/td>\n                    <td style=\"\">23\/09\/2025 07:51 PM<\/td>\n            <\/tr>\n            <tr id=\"table_3_row_408\">\n                    <td style=\"\">Programaci\u00f3n Parroquial<\/td>\n                    <td style=\"\">P060 NUESTRA SE\u00d1ORA DE LA LUZ(PALO ALTO)<\/td>\n                    <td style=\"\">Juvenil<\/td>\n                    <td style=\"\"><\/td>\n                    <td style=\"\"><\/td>\n                    <td style=\"\"><a href=\"https:\/\/diocesisdeaguascalientes.mx\/vicaria-de-pastoral\/wp-content\/uploads\/sites\/2\/forminator\/10414_47c7fef6f8c6f15ac1daaf1663bdf562\/uploads\/xkLCnEf8xjjg-Juvenil-2025.pdf\" target=\"_blank\">xkLCnEf8xjjg-Juvenil-2025.pdf<\/a><\/td>\n                    <td style=\"\">23\/09\/2025 07:50 PM<\/td>\n            <\/tr>\n            <tr id=\"table_3_row_409\">\n                    <td style=\"\">Programaci\u00f3n Parroquial<\/td>\n                    <td style=\"\">P060 NUESTRA SE\u00d1ORA DE LA LUZ(PALO ALTO)<\/td>\n                    <td style=\"\">Adolescentes<\/td>\n                    <td style=\"\"><\/td>\n                    <td style=\"\"><\/td>\n                    <td style=\"\"><a href=\"https:\/\/diocesisdeaguascalientes.mx\/vicaria-de-pastoral\/wp-content\/uploads\/sites\/2\/forminator\/10414_47c7fef6f8c6f15ac1daaf1663bdf562\/uploads\/6kS0EZ3Slluv-Programa-Adolescentes-2025.pdf\" target=\"_blank\">6kS0EZ3Slluv-Programa-Adolescentes-2025.pdf<\/a><\/td>\n                    <td style=\"\">23\/09\/2025 07:50 PM<\/td>\n            <\/tr>\n            <tr id=\"table_3_row_410\">\n                    <td style=\"\">Programaci\u00f3n Parroquial<\/td>\n                    <td style=\"\">P060 NUESTRA SE\u00d1ORA DE LA LUZ(PALO ALTO)<\/td>\n                    <td style=\"\">Familiar<\/td>\n                    <td style=\"\"><\/td>\n                    <td style=\"\"><\/td>\n                    <td style=\"\"><a href=\"https:\/\/diocesisdeaguascalientes.mx\/vicaria-de-pastoral\/wp-content\/uploads\/sites\/2\/forminator\/10414_47c7fef6f8c6f15ac1daaf1663bdf562\/uploads\/Ip3J82rfIZ5t-Programa-Familiar-2025.pdf\" target=\"_blank\">Ip3J82rfIZ5t-Programa-Familiar-2025.pdf<\/a><\/td>\n                    <td style=\"\">23\/09\/2025 07:48 PM<\/td>\n            <\/tr>\n            <tr id=\"table_3_row_411\">\n                    <td style=\"\">Programaci\u00f3n Parroquial<\/td>\n                    <td style=\"\">P060 NUESTRA SE\u00d1ORA DE LA LUZ(PALO ALTO)<\/td>\n                    <td style=\"\">Social<\/td>\n                    <td style=\"\"><\/td>\n                    <td style=\"\"><\/td>\n                    <td style=\"\"><a href=\"https:\/\/diocesisdeaguascalientes.mx\/vicaria-de-pastoral\/wp-content\/uploads\/sites\/2\/forminator\/10414_47c7fef6f8c6f15ac1daaf1663bdf562\/uploads\/Y7IHQkddA2Pq-Programa-Social-2025.pdf\" target=\"_blank\">Y7IHQkddA2Pq-Programa-Social-2025.pdf<\/a><\/td>\n                    <td style=\"\">23\/09\/2025 07:47 PM<\/td>\n            <\/tr>\n            <tr id=\"table_3_row_412\">\n                    <td style=\"\">Programaci\u00f3n Parroquial<\/td>\n                    <td style=\"\">P060 NUESTRA SE\u00d1ORA DE LA LUZ(PALO ALTO)<\/td>\n                    <td style=\"\">Lit\u00fargica<\/td>\n                    <td style=\"\"><\/td>\n                    <td style=\"\"><\/td>\n                    <td style=\"\"><a href=\"https:\/\/diocesisdeaguascalientes.mx\/vicaria-de-pastoral\/wp-content\/uploads\/sites\/2\/forminator\/10414_47c7fef6f8c6f15ac1daaf1663bdf562\/uploads\/T3mz5S2w1roD-Programa-Liturgica-2025.pdf\" target=\"_blank\">T3mz5S2w1roD-Programa-Liturgica-2025.pdf<\/a><\/td>\n                    <td style=\"\">23\/09\/2025 07:46 PM<\/td>\n            <\/tr>\n            <tr id=\"table_3_row_413\">\n                    <td style=\"\">Programaci\u00f3n Parroquial<\/td>\n                    <td style=\"\">P060 NUESTRA SE\u00d1ORA DE LA LUZ(PALO ALTO)<\/td>\n                    <td style=\"\">Prof\u00e9tica<\/td>\n                    <td style=\"\"><\/td>\n                    <td style=\"\"><\/td>\n                    <td style=\"\"><a href=\"https:\/\/diocesisdeaguascalientes.mx\/vicaria-de-pastoral\/wp-content\/uploads\/sites\/2\/forminator\/10414_47c7fef6f8c6f15ac1daaf1663bdf562\/uploads\/vznr1bulVQvM-programacion-profetica-2025.pdf\" target=\"_blank\">vznr1bulVQvM-programacion-profetica-2025.pdf<\/a><\/td>\n                    <td style=\"\">23\/09\/2025 07:45 PM<\/td>\n            <\/tr>\n            <tr id=\"table_3_row_414\">\n                    <td style=\"\">Programaci\u00f3n Parroquial<\/td>\n                    <td style=\"\">P060 NUESTRA SE\u00d1ORA DE LA LUZ(PALO ALTO)<\/td>\n                    <td style=\"\">Animaci\u00f3n Pastoral (CPP)<\/td>\n                    <td style=\"\"><\/td>\n                    <td style=\"\"><\/td>\n                    <td style=\"\"><a href=\"https:\/\/diocesisdeaguascalientes.mx\/vicaria-de-pastoral\/wp-content\/uploads\/sites\/2\/forminator\/10414_47c7fef6f8c6f15ac1daaf1663bdf562\/uploads\/BfqkieImHiCy-programa-animacion-pastoral-2025.pdf\" target=\"_blank\">BfqkieImHiCy-programa-animacion-pastoral-2025.pdf<\/a><\/td>\n                    <td style=\"\">23\/09\/2025 07:44 PM<\/td>\n            <\/tr>\n            <tr id=\"table_3_row_415\">\n                    <td style=\"\">Programaci\u00f3n Parroquial<\/td>\n                    <td style=\"\">P114 NUESTRA SE\u00d1ORA DEL REFUGIO(NORIAS DE OJO CALIENTE)<\/td>\n                    <td style=\"\">Organismos Eclesiales Laicales (OEL)<\/td>\n                    <td style=\"\">1.Acci\u00f3n Cat\u00f3lica<\/td>\n                    <td style=\"\"><\/td>\n                    <td style=\"\"><a href=\"https:\/\/diocesisdeaguascalientes.mx\/vicaria-de-pastoral\/wp-content\/uploads\/sites\/2\/forminator\/10414_47c7fef6f8c6f15ac1daaf1663bdf562\/uploads\/pENBDPe8ptb7-OEL.pdf\" target=\"_blank\">pENBDPe8ptb7-OEL.pdf<\/a><\/td>\n                    <td style=\"\">23\/09\/2025 07:18 PM<\/td>\n            <\/tr>\n            <tr id=\"table_3_row_416\">\n                    <td style=\"\">Programaci\u00f3n Parroquial<\/td>\n                    <td style=\"\">P114 NUESTRA SE\u00d1ORA DEL REFUGIO(NORIAS DE OJO CALIENTE)<\/td>\n                    <td style=\"\">Animaci\u00f3n Pastoral (CPP)<\/td>\n                    <td style=\"\"><\/td>\n                    <td style=\"\"><\/td>\n                    <td style=\"\"><a href=\"https:\/\/diocesisdeaguascalientes.mx\/vicaria-de-pastoral\/wp-content\/uploads\/sites\/2\/forminator\/10414_47c7fef6f8c6f15ac1daaf1663bdf562\/uploads\/ym84k6Z7oiN2-ANIMACION-PARROQUIAL.pdf\" target=\"_blank\">ym84k6Z7oiN2-ANIMACION-PARROQUIAL.pdf<\/a><\/td>\n                    <td style=\"\">23\/09\/2025 07:12 PM<\/td>\n            <\/tr>\n            <tr id=\"table_3_row_417\">\n                    <td style=\"\">Programaci\u00f3n Parroquial<\/td>\n                    <td style=\"\">P114 NUESTRA SE\u00d1ORA DEL REFUGIO(NORIAS DE OJO CALIENTE)<\/td>\n                    <td style=\"\">Prof\u00e9tica<\/td>\n                    <td style=\"\"><\/td>\n                    <td style=\"\"><\/td>\n                    <td style=\"\"><a href=\"https:\/\/diocesisdeaguascalientes.mx\/vicaria-de-pastoral\/wp-content\/uploads\/sites\/2\/forminator\/10414_47c7fef6f8c6f15ac1daaf1663bdf562\/uploads\/keKQXOdu5Tdi-PROFETICA.pdf\" target=\"_blank\">keKQXOdu5Tdi-PROFETICA.pdf<\/a><\/td>\n                    <td style=\"\">23\/09\/2025 07:10 PM<\/td>\n            <\/tr>\n            <tr id=\"table_3_row_418\">\n                    <td style=\"\">Programaci\u00f3n Parroquial<\/td>\n                    <td style=\"\">P114 NUESTRA SE\u00d1ORA DEL REFUGIO(NORIAS DE OJO CALIENTE)<\/td>\n                    <td style=\"\">Lit\u00fargica<\/td>\n                    <td style=\"\"><\/td>\n                    <td style=\"\"><\/td>\n                    <td style=\"\"><a href=\"https:\/\/diocesisdeaguascalientes.mx\/vicaria-de-pastoral\/wp-content\/uploads\/sites\/2\/forminator\/10414_47c7fef6f8c6f15ac1daaf1663bdf562\/uploads\/Em2pc883P48X-LITURGICA.pdf\" target=\"_blank\">Em2pc883P48X-LITURGICA.pdf<\/a><\/td>\n                    <td style=\"\">23\/09\/2025 07:07 PM<\/td>\n            <\/tr>\n            <tr id=\"table_3_row_419\">\n                    <td style=\"\">Programaci\u00f3n Parroquial<\/td>\n                    <td style=\"\">P114 NUESTRA SE\u00d1ORA DEL REFUGIO(NORIAS DE OJO CALIENTE)<\/td>\n                    <td style=\"\">Social<\/td>\n                    <td style=\"\"><\/td>\n                    <td style=\"\"><\/td>\n                    <td style=\"\"><a href=\"https:\/\/diocesisdeaguascalientes.mx\/vicaria-de-pastoral\/wp-content\/uploads\/sites\/2\/forminator\/10414_47c7fef6f8c6f15ac1daaf1663bdf562\/uploads\/dxY9FplJqJwr-SOCIAL.pdf\" target=\"_blank\">dxY9FplJqJwr-SOCIAL.pdf<\/a><\/td>\n                    <td style=\"\">23\/09\/2025 07:04 PM<\/td>\n            <\/tr>\n            <tr id=\"table_3_row_420\">\n                    <td style=\"\">Programaci\u00f3n Parroquial<\/td>\n                    <td style=\"\">P114 NUESTRA SE\u00d1ORA DEL REFUGIO(NORIAS DE OJO CALIENTE)<\/td>\n                    <td style=\"\">Familiar<\/td>\n                    <td style=\"\"><\/td>\n                    <td style=\"\"><\/td>\n                    <td style=\"\"><a href=\"https:\/\/diocesisdeaguascalientes.mx\/vicaria-de-pastoral\/wp-content\/uploads\/sites\/2\/forminator\/10414_47c7fef6f8c6f15ac1daaf1663bdf562\/uploads\/8k3tjlzZqM8h-FAMILIAR.pdf\" target=\"_blank\">8k3tjlzZqM8h-FAMILIAR.pdf<\/a><\/td>\n                    <td style=\"\">23\/09\/2025 06:58 PM<\/td>\n            <\/tr>\n            <tr id=\"table_3_row_421\">\n                    <td style=\"\">Programaci\u00f3n Parroquial<\/td>\n                    <td style=\"\">P114 NUESTRA SE\u00d1ORA DEL REFUGIO(NORIAS DE OJO CALIENTE)<\/td>\n                    <td style=\"\">Pastoral de la Comunicaci\u00f3n<\/td>\n                    <td style=\"\"><\/td>\n                    <td style=\"\"><\/td>\n                    <td style=\"\"><a href=\"https:\/\/diocesisdeaguascalientes.mx\/vicaria-de-pastoral\/wp-content\/uploads\/sites\/2\/forminator\/10414_47c7fef6f8c6f15ac1daaf1663bdf562\/uploads\/C6Dpc4vDQ3qH-COMUNICACION.pdf\" target=\"_blank\">C6Dpc4vDQ3qH-COMUNICACION.pdf<\/a><\/td>\n                    <td style=\"\">23\/09\/2025 06:50 PM<\/td>\n            <\/tr>\n            <tr id=\"table_3_row_422\">\n                    <td style=\"\">Programaci\u00f3n Parroquial<\/td>\n                    <td style=\"\">P047 SAN JOS\u00c9(SAN JOS\u00c9 DE COS\u00cdO)<\/td>\n                    <td style=\"\">Juvenil<\/td>\n                    <td style=\"\"><\/td>\n                    <td style=\"\"><\/td>\n                    <td style=\"\"><a href=\"https:\/\/diocesisdeaguascalientes.mx\/vicaria-de-pastoral\/wp-content\/uploads\/sites\/2\/forminator\/10414_47c7fef6f8c6f15ac1daaf1663bdf562\/uploads\/GLH6w8sYPVhk-Programacion-Parroquial-Pastoral-Juvenil.pdf\" target=\"_blank\">GLH6w8sYPVhk-Programacion-Parroquial-Pastoral-Juvenil.pdf<\/a><\/td>\n                    <td style=\"\">23\/09\/2025 06:46 PM<\/td>\n            <\/tr>\n            <tr id=\"table_3_row_423\">\n                    <td style=\"\">Programaci\u00f3n Parroquial<\/td>\n                    <td style=\"\">P047 SAN JOS\u00c9(SAN JOS\u00c9 DE COS\u00cdO)<\/td>\n                    <td style=\"\">Lit\u00fargica<\/td>\n                    <td style=\"\"><\/td>\n                    <td style=\"\"><\/td>\n                    <td style=\"\"><a href=\"https:\/\/diocesisdeaguascalientes.mx\/vicaria-de-pastoral\/wp-content\/uploads\/sites\/2\/forminator\/10414_47c7fef6f8c6f15ac1daaf1663bdf562\/uploads\/T2TzcgL1RJKI-PASTORAL-LITURGICA.pdf\" target=\"_blank\">T2TzcgL1RJKI-PASTORAL-LITURGICA.pdf<\/a><\/td>\n                    <td style=\"\">23\/09\/2025 06:46 PM<\/td>\n            <\/tr>\n            <tr id=\"table_3_row_424\">\n                    <td style=\"\">Programaci\u00f3n Parroquial<\/td>\n                    <td style=\"\">P047 SAN JOS\u00c9(SAN JOS\u00c9 DE COS\u00cdO)<\/td>\n                    <td style=\"\">Animaci\u00f3n Pastoral (CPP)<\/td>\n                    <td style=\"\"><\/td>\n                    <td style=\"\"><\/td>\n                    <td style=\"\"><a href=\"https:\/\/diocesisdeaguascalientes.mx\/vicaria-de-pastoral\/wp-content\/uploads\/sites\/2\/forminator\/10414_47c7fef6f8c6f15ac1daaf1663bdf562\/uploads\/j24kDyYqs49T-Consejo.pdf\" target=\"_blank\">j24kDyYqs49T-Consejo.pdf<\/a><\/td>\n                    <td style=\"\">23\/09\/2025 06:46 PM<\/td>\n            <\/tr>\n            <tr id=\"table_3_row_425\">\n                    <td style=\"\">Programaci\u00f3n Parroquial<\/td>\n                    <td style=\"\">P114 NUESTRA SE\u00d1ORA DEL REFUGIO(NORIAS DE OJO CALIENTE)<\/td>\n                    <td style=\"\">Adolescentes<\/td>\n                    <td style=\"\"><\/td>\n                    <td style=\"\"><\/td>\n                    <td style=\"\"><a href=\"https:\/\/diocesisdeaguascalientes.mx\/vicaria-de-pastoral\/wp-content\/uploads\/sites\/2\/forminator\/10414_47c7fef6f8c6f15ac1daaf1663bdf562\/uploads\/ri4zhnYrTWmj-ADOLESCENTES.pdf\" target=\"_blank\">ri4zhnYrTWmj-ADOLESCENTES.pdf<\/a><\/td>\n                    <td style=\"\">23\/09\/2025 06:45 PM<\/td>\n            <\/tr>\n            <tr id=\"table_3_row_426\">\n                    <td style=\"\">Programaci\u00f3n Parroquial<\/td>\n                    <td style=\"\">P114 NUESTRA SE\u00d1ORA DEL REFUGIO(NORIAS DE OJO CALIENTE)<\/td>\n                    <td style=\"\">Juvenil<\/td>\n                    <td style=\"\"><\/td>\n                    <td style=\"\"><\/td>\n                    <td style=\"\"><a href=\"https:\/\/diocesisdeaguascalientes.mx\/vicaria-de-pastoral\/wp-content\/uploads\/sites\/2\/forminator\/10414_47c7fef6f8c6f15ac1daaf1663bdf562\/uploads\/nY0feZAG1Gb5-JUVENIL.pdf\" target=\"_blank\">nY0feZAG1Gb5-JUVENIL.pdf<\/a><\/td>\n                    <td style=\"\">23\/09\/2025 06:43 PM<\/td>\n            <\/tr>\n            <tr id=\"table_3_row_427\">\n                    <td style=\"\">Programaci\u00f3n Parroquial<\/td>\n                    <td style=\"\">P002 SANTOS \u00c1NGELES CUSTODIOS(CONSTITUCI\u00d3N)<\/td>\n                    <td style=\"\">Pastoral de la Comunicaci\u00f3n<\/td>\n                    <td style=\"\"><\/td>\n                    <td style=\"\"><\/td>\n                    <td style=\"\"><a href=\"https:\/\/diocesisdeaguascalientes.mx\/vicaria-de-pastoral\/wp-content\/uploads\/sites\/2\/forminator\/10414_47c7fef6f8c6f15ac1daaf1663bdf562\/uploads\/y2aellbGglhX-Comunicacion-.pdf\" target=\"_blank\">y2aellbGglhX-Comunicacion-.pdf<\/a><\/td>\n                    <td style=\"\">23\/09\/2025 06:10 PM<\/td>\n            <\/tr>\n            <tr id=\"table_3_row_428\">\n                    <td style=\"\">Programaci\u00f3n Parroquial<\/td>\n                    <td style=\"\">P002 SANTOS \u00c1NGELES CUSTODIOS(CONSTITUCI\u00d3N)<\/td>\n                    <td style=\"\">Juvenil<\/td>\n                    <td style=\"\"><\/td>\n                    <td style=\"\"><\/td>\n                    <td style=\"\"><a href=\"https:\/\/diocesisdeaguascalientes.mx\/vicaria-de-pastoral\/wp-content\/uploads\/sites\/2\/forminator\/10414_47c7fef6f8c6f15ac1daaf1663bdf562\/uploads\/Oek93qEV4OPC-Juvenil-.pdf\" target=\"_blank\">Oek93qEV4OPC-Juvenil-.pdf<\/a><\/td>\n                    <td style=\"\">23\/09\/2025 06:10 PM<\/td>\n            <\/tr>\n            <tr id=\"table_3_row_429\">\n                    <td style=\"\">Programaci\u00f3n Parroquial<\/td>\n                    <td style=\"\">P002 SANTOS \u00c1NGELES CUSTODIOS(CONSTITUCI\u00d3N)<\/td>\n                    <td style=\"\">Social<\/td>\n                    <td style=\"\"><\/td>\n                    <td style=\"\"><\/td>\n                    <td style=\"\"><a href=\"https:\/\/diocesisdeaguascalientes.mx\/vicaria-de-pastoral\/wp-content\/uploads\/sites\/2\/forminator\/10414_47c7fef6f8c6f15ac1daaf1663bdf562\/uploads\/h2YDRgztVw1j-SOCIAL-.pdf\" target=\"_blank\">h2YDRgztVw1j-SOCIAL-.pdf<\/a><\/td>\n                    <td style=\"\">23\/09\/2025 06:09 PM<\/td>\n            <\/tr>\n            <tr id=\"table_3_row_430\">\n                    <td style=\"\">Programaci\u00f3n Parroquial<\/td>\n                    <td style=\"\">P002 SANTOS \u00c1NGELES CUSTODIOS(CONSTITUCI\u00d3N)<\/td>\n                    <td style=\"\">Lit\u00fargica<\/td>\n                    <td style=\"\"><\/td>\n                    <td style=\"\"><\/td>\n                    <td style=\"\"><a href=\"https:\/\/diocesisdeaguascalientes.mx\/vicaria-de-pastoral\/wp-content\/uploads\/sites\/2\/forminator\/10414_47c7fef6f8c6f15ac1daaf1663bdf562\/uploads\/c1dOoSMY5BKm-Liturgica-.pdf\" target=\"_blank\">c1dOoSMY5BKm-Liturgica-.pdf<\/a><\/td>\n                    <td style=\"\">23\/09\/2025 06:09 PM<\/td>\n            <\/tr>\n            <tr id=\"table_3_row_431\">\n                    <td style=\"\">Programaci\u00f3n Parroquial<\/td>\n                    <td style=\"\">P002 SANTOS \u00c1NGELES CUSTODIOS(CONSTITUCI\u00d3N)<\/td>\n                    <td style=\"\">Prof\u00e9tica<\/td>\n                    <td style=\"\"><\/td>\n                    <td style=\"\"><\/td>\n                    <td style=\"\"><a href=\"https:\/\/diocesisdeaguascalientes.mx\/vicaria-de-pastoral\/wp-content\/uploads\/sites\/2\/forminator\/10414_47c7fef6f8c6f15ac1daaf1663bdf562\/uploads\/7h3LVlsWkoII-PROFETICA-.pdf\" target=\"_blank\">7h3LVlsWkoII-PROFETICA-.pdf<\/a><\/td>\n                    <td style=\"\">23\/09\/2025 06:08 PM<\/td>\n            <\/tr>\n            <tr id=\"table_3_row_432\">\n                    <td style=\"\">Programaci\u00f3n Parroquial<\/td>\n                    <td style=\"\">P036 NUESTRA SE\u00d1ORA DE GUADALUPE(MATANCILLAS)<\/td>\n                    <td style=\"\">Social<\/td>\n                    <td style=\"\"><\/td>\n                    <td style=\"\"><\/td>\n                    <td style=\"\"><a href=\"https:\/\/diocesisdeaguascalientes.mx\/vicaria-de-pastoral\/wp-content\/uploads\/sites\/2\/forminator\/10414_47c7fef6f8c6f15ac1daaf1663bdf562\/uploads\/ZkA9VwoczB8D-PRESACRAMENTALES.pdf\" target=\"_blank\">ZkA9VwoczB8D-PRESACRAMENTALES.pdf<\/a><\/td>\n                    <td style=\"\">23\/09\/2025 06:08 PM<\/td>\n            <\/tr>\n            <tr id=\"table_3_row_433\">\n                    <td style=\"\">Programaci\u00f3n Decanal<\/td>\n                    <td style=\"\"><\/td>\n                    <td style=\"\"><\/td>\n                    <td style=\"\"><\/td>\n                    <td style=\"\"><\/td>\n                    <td style=\"\"><a href=\"https:\/\/diocesisdeaguascalientes.mx\/vicaria-de-pastoral\/wp-content\/uploads\/sites\/2\/forminator\/10414_47c7fef6f8c6f15ac1daaf1663bdf562\/uploads\/DBltSClWdL3k-Programacion-Animadores-Decanato-EDEAP.pdf\" target=\"_blank\">DBltSClWdL3k-Programacion-Animadores-Decanato-EDEAP.pdf<\/a><\/td>\n                    <td style=\"\">23\/09\/2025 06:08 PM<\/td>\n            <\/tr>\n            <tr id=\"table_3_row_434\">\n                    <td style=\"\">Programaci\u00f3n Parroquial<\/td>\n                    <td style=\"\">P002 SANTOS \u00c1NGELES CUSTODIOS(CONSTITUCI\u00d3N)<\/td>\n                    <td style=\"\">Animaci\u00f3n Pastoral (CPP)<\/td>\n                    <td style=\"\"><\/td>\n                    <td style=\"\"><\/td>\n                    <td style=\"\"><a href=\"https:\/\/diocesisdeaguascalientes.mx\/vicaria-de-pastoral\/wp-content\/uploads\/sites\/2\/forminator\/10414_47c7fef6f8c6f15ac1daaf1663bdf562\/uploads\/D88StNIDFSkI-Animacion-Pastoral-.pdf\" target=\"_blank\">D88StNIDFSkI-Animacion-Pastoral-.pdf<\/a><\/td>\n                    <td style=\"\">23\/09\/2025 06:07 PM<\/td>\n            <\/tr>\n            <tr id=\"table_3_row_435\">\n                    <td style=\"\">Programaci\u00f3n Parroquial<\/td>\n                    <td style=\"\">P036 NUESTRA SE\u00d1ORA DE GUADALUPE(MATANCILLAS)<\/td>\n                    <td style=\"\">Social<\/td>\n                    <td style=\"\"><\/td>\n                    <td style=\"\"><\/td>\n                    <td style=\"\"><a href=\"https:\/\/diocesisdeaguascalientes.mx\/vicaria-de-pastoral\/wp-content\/uploads\/sites\/2\/forminator\/10414_47c7fef6f8c6f15ac1daaf1663bdf562\/uploads\/ohNboSg6lfgh-PASTORAL-SOCIAL.pdf\" target=\"_blank\">ohNboSg6lfgh-PASTORAL-SOCIAL.pdf<\/a><\/td>\n                    <td style=\"\">23\/09\/2025 06:07 PM<\/td>\n            <\/tr>\n            <tr id=\"table_3_row_436\">\n                    <td style=\"\">Programaci\u00f3n Parroquial<\/td>\n                    <td style=\"\">P036 NUESTRA SE\u00d1ORA DE GUADALUPE(MATANCILLAS)<\/td>\n                    <td style=\"\">Lit\u00fargica<\/td>\n                    <td style=\"\"><\/td>\n                    <td style=\"\"><\/td>\n                    <td style=\"\"><a href=\"https:\/\/diocesisdeaguascalientes.mx\/vicaria-de-pastoral\/wp-content\/uploads\/sites\/2\/forminator\/10414_47c7fef6f8c6f15ac1daaf1663bdf562\/uploads\/GdDDUcvQe0JO-LITURGIA.pdf\" target=\"_blank\">GdDDUcvQe0JO-LITURGIA.pdf<\/a><\/td>\n                    <td style=\"\">23\/09\/2025 06:06 PM<\/td>\n            <\/tr>\n            <tr id=\"table_3_row_437\">\n                    <td style=\"\">Programaci\u00f3n Parroquial<\/td>\n                    <td style=\"\">P036 NUESTRA SE\u00d1ORA DE GUADALUPE(MATANCILLAS)<\/td>\n                    <td style=\"\">Lit\u00fargica<\/td>\n                    <td style=\"\"><\/td>\n                    <td style=\"\"><\/td>\n                    <td style=\"\"><a href=\"https:\/\/diocesisdeaguascalientes.mx\/vicaria-de-pastoral\/wp-content\/uploads\/sites\/2\/forminator\/10414_47c7fef6f8c6f15ac1daaf1663bdf562\/uploads\/mlR955HY97d4-LITURGIA-MINISTROS.pdf\" target=\"_blank\">mlR955HY97d4-LITURGIA-MINISTROS.pdf<\/a><\/td>\n                    <td style=\"\">23\/09\/2025 06:05 PM<\/td>\n            <\/tr>\n            <tr id=\"table_3_row_438\">\n                    <td style=\"\">Programaci\u00f3n Parroquial<\/td>\n                    <td style=\"\">P036 NUESTRA SE\u00d1ORA DE GUADALUPE(MATANCILLAS)<\/td>\n                    <td style=\"\">Lit\u00fargica<\/td>\n                    <td style=\"\"><\/td>\n                    <td style=\"\"><\/td>\n                    <td style=\"\"><a href=\"https:\/\/diocesisdeaguascalientes.mx\/vicaria-de-pastoral\/wp-content\/uploads\/sites\/2\/forminator\/10414_47c7fef6f8c6f15ac1daaf1663bdf562\/uploads\/yKyCGWDqkfka-LITURGIA-COROS.pdf\" target=\"_blank\">yKyCGWDqkfka-LITURGIA-COROS.pdf<\/a><\/td>\n                    <td style=\"\">23\/09\/2025 06:04 PM<\/td>\n            <\/tr>\n            <tr id=\"table_3_row_439\">\n                    <td style=\"\">Programaci\u00f3n Decanal<\/td>\n                    <td style=\"\"><\/td>\n                    <td style=\"\"><\/td>\n                    <td style=\"\"><\/td>\n                    <td style=\"\"><\/td>\n                    <td style=\"\"><a href=\"https:\/\/diocesisdeaguascalientes.mx\/vicaria-de-pastoral\/wp-content\/uploads\/sites\/2\/forminator\/10414_47c7fef6f8c6f15ac1daaf1663bdf562\/uploads\/9c7Uc4Qs0luO-Programacion-pastoral-liturgica-decanal-2025-2026-ano-del-Encuentro-con-Cristo.pdf\" target=\"_blank\">9c7Uc4Qs0luO-Programacion-pastoral-liturgica-decanal-2025-2026-ano-del-Encuentro-con-Cristo.pdf<\/a><\/td>\n                    <td style=\"\">23\/09\/2025 06:02 PM<\/td>\n            <\/tr>\n            <tr id=\"table_3_row_440\">\n                    <td style=\"\">Programaci\u00f3n Parroquial<\/td>\n                    <td style=\"\">P036 NUESTRA SE\u00d1ORA DE GUADALUPE(MATANCILLAS)<\/td>\n                    <td style=\"\">Organismos Eclesiales Laicales (OEL)<\/td>\n                    <td style=\"\">28.Llama de amor del Inmaculado Coraz\u00f3n de Mar\u00eda<\/td>\n                    <td style=\"\"><\/td>\n                    <td style=\"\"><a href=\"https:\/\/diocesisdeaguascalientes.mx\/vicaria-de-pastoral\/wp-content\/uploads\/sites\/2\/forminator\/10414_47c7fef6f8c6f15ac1daaf1663bdf562\/uploads\/g1tgLutTPtuW-MOVIMIENTO-LAICAL-LLAMA-DE-AMOR.pdf\" target=\"_blank\">g1tgLutTPtuW-MOVIMIENTO-LAICAL-LLAMA-DE-AMOR.pdf<\/a><\/td>\n                    <td style=\"\">23\/09\/2025 06:02 PM<\/td>\n            <\/tr>\n            <tr id=\"table_3_row_441\">\n                    <td style=\"\">Programaci\u00f3n Decanal<\/td>\n                    <td style=\"\"><\/td>\n                    <td style=\"\"><\/td>\n                    <td style=\"\"><\/td>\n                    <td style=\"\"><\/td>\n                    <td style=\"\"><a href=\"https:\/\/diocesisdeaguascalientes.mx\/vicaria-de-pastoral\/wp-content\/uploads\/sites\/2\/forminator\/10414_47c7fef6f8c6f15ac1daaf1663bdf562\/uploads\/zY1Gr2Lz64Gt-PAST.-PROF.-PROG.-DECANAL-2025-2026.pdf\" target=\"_blank\">zY1Gr2Lz64Gt-PAST.-PROF.-PROG.-DECANAL-2025-2026.pdf<\/a><\/td>\n                    <td style=\"\">23\/09\/2025 06:01 PM<\/td>\n            <\/tr>\n            <tr id=\"table_3_row_442\">\n                    <td style=\"\">Programaci\u00f3n Parroquial<\/td>\n                    <td style=\"\">P036 NUESTRA SE\u00d1ORA DE GUADALUPE(MATANCILLAS)<\/td>\n                    <td style=\"\">Pastoral de la Comunicaci\u00f3n<\/td>\n                    <td style=\"\"><\/td>\n                    <td style=\"\"><\/td>\n                    <td style=\"\"><a href=\"https:\/\/diocesisdeaguascalientes.mx\/vicaria-de-pastoral\/wp-content\/uploads\/sites\/2\/forminator\/10414_47c7fef6f8c6f15ac1daaf1663bdf562\/uploads\/egrjqeNohQz3-SECTORES-O-AREAS.pdf\" target=\"_blank\">egrjqeNohQz3-SECTORES-O-AREAS.pdf<\/a><\/td>\n                    <td style=\"\">23\/09\/2025 06:00 PM<\/td>\n            <\/tr>\n            <tr id=\"table_3_row_443\">\n                    <td style=\"\">Programaci\u00f3n Parroquial<\/td>\n                    <td style=\"\">P038 INMACULADA CONCEPCI\u00d3N(OJO CALIENTE)<\/td>\n                    <td style=\"\">Animaci\u00f3n Pastoral (CPP)<\/td>\n                    <td style=\"\"><\/td>\n                    <td style=\"\"><\/td>\n                    <td style=\"\"><a href=\"https:\/\/diocesisdeaguascalientes.mx\/vicaria-de-pastoral\/wp-content\/uploads\/sites\/2\/forminator\/10414_47c7fef6f8c6f15ac1daaf1663bdf562\/uploads\/WJs4wibzQdTW-ADORACION-NOCTURNA.pdf\" target=\"_blank\">WJs4wibzQdTW-ADORACION-NOCTURNA.pdf<\/a><\/td>\n                    <td style=\"\">23\/09\/2025 05:58 PM<\/td>\n            <\/tr>\n            <tr id=\"table_3_row_444\">\n                    <td style=\"\">Programaci\u00f3n Decanal<\/td>\n                    <td style=\"\"><\/td>\n                    <td style=\"\"><\/td>\n                    <td style=\"\"><\/td>\n                    <td style=\"\"><\/td>\n                    <td style=\"\"><a href=\"https:\/\/diocesisdeaguascalientes.mx\/vicaria-de-pastoral\/wp-content\/uploads\/sites\/2\/forminator\/10414_47c7fef6f8c6f15ac1daaf1663bdf562\/uploads\/WpNYadxfTcjc-PROGRAMA-DE-PASTORAL-SOCIAL-2025-2026.pdf\" target=\"_blank\">WpNYadxfTcjc-PROGRAMA-DE-PASTORAL-SOCIAL-2025-2026.pdf<\/a><\/td>\n                    <td style=\"\">23\/09\/2025 05:56 PM<\/td>\n            <\/tr>\n            <tr id=\"table_3_row_445\">\n                    <td style=\"\">Programaci\u00f3n Parroquial<\/td>\n                    <td style=\"\">P036 NUESTRA SE\u00d1ORA DE GUADALUPE(MATANCILLAS)<\/td>\n                    <td style=\"\">Organismos Eclesiales Laicales (OEL)<\/td>\n                    <td style=\"\">34.Movimiento Familiar Cristiano (MFC)<\/td>\n                    <td style=\"\"><\/td>\n                    <td style=\"\"><a href=\"https:\/\/diocesisdeaguascalientes.mx\/vicaria-de-pastoral\/wp-content\/uploads\/sites\/2\/forminator\/10414_47c7fef6f8c6f15ac1daaf1663bdf562\/uploads\/haq3Sfaw8tZh-MOVIMIENTI-FAMILIAR-C.pdf\" target=\"_blank\">haq3Sfaw8tZh-MOVIMIENTI-FAMILIAR-C.pdf<\/a><\/td>\n                    <td style=\"\">23\/09\/2025 05:55 PM<\/td>\n            <\/tr>\n            <tr id=\"table_3_row_446\">\n                    <td style=\"\">Programaci\u00f3n Decanal<\/td>\n                    <td style=\"\"><\/td>\n                    <td style=\"\"><\/td>\n                    <td style=\"\"><\/td>\n                    <td style=\"\"><\/td>\n                    <td style=\"\"><a href=\"https:\/\/diocesisdeaguascalientes.mx\/vicaria-de-pastoral\/wp-content\/uploads\/sites\/2\/forminator\/10414_47c7fef6f8c6f15ac1daaf1663bdf562\/uploads\/UbYMZooyfeMv-Programacion-Pastoral-Familiar-Decanal-2025-2026.pdf\" target=\"_blank\">UbYMZooyfeMv-Programacion-Pastoral-Familiar-Decanal-2025-2026.pdf<\/a><\/td>\n                    <td style=\"\">23\/09\/2025 05:54 PM<\/td>\n            <\/tr>\n            <tr id=\"table_3_row_447\">\n                    <td style=\"\">Programaci\u00f3n Parroquial<\/td>\n                    <td style=\"\">P036 NUESTRA SE\u00d1ORA DE GUADALUPE(MATANCILLAS)<\/td>\n                    <td style=\"\">Organismos Eclesiales Laicales (OEL)<\/td>\n                    <td style=\"\">2.Acci\u00f3n Cat\u00f3lica. De adolescentes y ni\u00f1os<\/td>\n                    <td style=\"\"><\/td>\n                    <td style=\"\"><a href=\"https:\/\/diocesisdeaguascalientes.mx\/vicaria-de-pastoral\/wp-content\/uploads\/sites\/2\/forminator\/10414_47c7fef6f8c6f15ac1daaf1663bdf562\/uploads\/HUAwHjtKA2UY-ACAN.pdf\" target=\"_blank\">HUAwHjtKA2UY-ACAN.pdf<\/a><\/td>\n                    <td style=\"\">23\/09\/2025 05:53 PM<\/td>\n            <\/tr>\n            <tr id=\"table_3_row_448\">\n                    <td style=\"\">Programaci\u00f3n Decanal<\/td>\n                    <td style=\"\"><\/td>\n                    <td style=\"\"><\/td>\n                    <td style=\"\"><\/td>\n                    <td style=\"\"><\/td>\n                    <td style=\"\"><a href=\"https:\/\/diocesisdeaguascalientes.mx\/vicaria-de-pastoral\/wp-content\/uploads\/sites\/2\/forminator\/10414_47c7fef6f8c6f15ac1daaf1663bdf562\/uploads\/tLpxJfBb9VoB-ESQUEMA-PROGRAMACIONES-25-26.pdf\" target=\"_blank\">tLpxJfBb9VoB-ESQUEMA-PROGRAMACIONES-25-26.pdf<\/a><\/td>\n                    <td style=\"\">23\/09\/2025 05:52 PM<\/td>\n            <\/tr>\n            <tr id=\"table_3_row_449\">\n                    <td style=\"\">Programaci\u00f3n Parroquial<\/td>\n                    <td style=\"\">P036 NUESTRA SE\u00d1ORA DE GUADALUPE(MATANCILLAS)<\/td>\n                    <td style=\"\">Organismos Eclesiales Laicales (OEL)<\/td>\n                    <td style=\"\">1.Acci\u00f3n Cat\u00f3lica<\/td>\n                    <td style=\"\"><\/td>\n                    <td style=\"\"><a href=\"https:\/\/diocesisdeaguascalientes.mx\/vicaria-de-pastoral\/wp-content\/uploads\/sites\/2\/forminator\/10414_47c7fef6f8c6f15ac1daaf1663bdf562\/uploads\/9aSebMIH6Swu-ACCION-CATOLICA.pdf\" target=\"_blank\">9aSebMIH6Swu-ACCION-CATOLICA.pdf<\/a><\/td>\n                    <td style=\"\">23\/09\/2025 05:52 PM<\/td>\n            <\/tr>\n            <tr id=\"table_3_row_450\">\n                    <td style=\"\">Programaci\u00f3n Parroquial<\/td>\n                    <td style=\"\">P036 NUESTRA SE\u00d1ORA DE GUADALUPE(MATANCILLAS)<\/td>\n                    <td style=\"\">Familiar<\/td>\n                    <td style=\"\"><\/td>\n                    <td style=\"\"><\/td>\n                    <td style=\"\"><a href=\"https:\/\/diocesisdeaguascalientes.mx\/vicaria-de-pastoral\/wp-content\/uploads\/sites\/2\/forminator\/10414_47c7fef6f8c6f15ac1daaf1663bdf562\/uploads\/xFx9dZTMZ2Ue-MOVIMIENTI-FAMILIAR-C.pdf\" target=\"_blank\">xFx9dZTMZ2Ue-MOVIMIENTI-FAMILIAR-C.pdf<\/a><\/td>\n                    <td style=\"\">23\/09\/2025 05:50 PM<\/td>\n            <\/tr>\n            <tr id=\"table_3_row_451\">\n                    <td style=\"\">Programaci\u00f3n Decanal<\/td>\n                    <td style=\"\"><\/td>\n                    <td style=\"\"><\/td>\n                    <td style=\"\"><\/td>\n                    <td style=\"\"><\/td>\n                    <td style=\"\"><a href=\"https:\/\/diocesisdeaguascalientes.mx\/vicaria-de-pastoral\/wp-content\/uploads\/sites\/2\/forminator\/10414_47c7fef6f8c6f15ac1daaf1663bdf562\/uploads\/TXvcLQi5hzAJ-PRO.-DEC.-COM.-2025-2026.pdf\" target=\"_blank\">TXvcLQi5hzAJ-PRO.-DEC.-COM.-2025-2026.pdf<\/a><\/td>\n                    <td style=\"\">23\/09\/2025 05:48 PM<\/td>\n            <\/tr>\n            <tr id=\"table_3_row_452\">\n                    <td style=\"\">Programaci\u00f3n Decanal<\/td>\n                    <td style=\"\"><\/td>\n                    <td style=\"\"><\/td>\n                    <td style=\"\"><\/td>\n                    <td style=\"\"><\/td>\n                    <td style=\"\"><a href=\"https:\/\/diocesisdeaguascalientes.mx\/vicaria-de-pastoral\/wp-content\/uploads\/sites\/2\/forminator\/10414_47c7fef6f8c6f15ac1daaf1663bdf562\/uploads\/JglSTEBpQ8Iv-PRO-OEL-2026.pdf\" target=\"_blank\">JglSTEBpQ8Iv-PRO-OEL-2026.pdf<\/a><\/td>\n                    <td style=\"\">23\/09\/2025 05:43 PM<\/td>\n            <\/tr>\n            <tr id=\"table_3_row_453\">\n                    <td style=\"\">Programaci\u00f3n Parroquial<\/td>\n                    <td style=\"\">P071 PUR\u00cdSIMA CONCEPCI\u00d3N(BARRIO DE LA PUR\u00cdSIMA)<\/td>\n                    <td style=\"\">Organismos Eclesiales Laicales (OEL)<\/td>\n                    <td style=\"\">35.Movimiento Misionero Cat\u00f3lico<\/td>\n                    <td style=\"\"><\/td>\n                    <td style=\"\"><a href=\"https:\/\/diocesisdeaguascalientes.mx\/vicaria-de-pastoral\/wp-content\/uploads\/sites\/2\/forminator\/10414_47c7fef6f8c6f15ac1daaf1663bdf562\/uploads\/EsP6VaLblR2q-PROGRAMACION-MOVIMIENTOS-Y-GRUPOS-LAICALES-2025-2026.pdf\" target=\"_blank\">EsP6VaLblR2q-PROGRAMACION-MOVIMIENTOS-Y-GRUPOS-LAICALES-2025-2026.pdf<\/a><\/td>\n                    <td style=\"\">23\/09\/2025 05:38 PM<\/td>\n            <\/tr>\n            <tr id=\"table_3_row_454\">\n                    <td style=\"\">Programaci\u00f3n Parroquial<\/td>\n                    <td style=\"\">P071 PUR\u00cdSIMA CONCEPCI\u00d3N(BARRIO DE LA PUR\u00cdSIMA)<\/td>\n                    <td style=\"\">Familiar<\/td>\n                    <td style=\"\"><\/td>\n                    <td style=\"\"><\/td>\n                    <td style=\"\"><a href=\"https:\/\/diocesisdeaguascalientes.mx\/vicaria-de-pastoral\/wp-content\/uploads\/sites\/2\/forminator\/10414_47c7fef6f8c6f15ac1daaf1663bdf562\/uploads\/bTEwvHprafv2-PROGRAMACION-PASTORAL-FAMILIAR-2025-2026.pdf\" target=\"_blank\">bTEwvHprafv2-PROGRAMACION-PASTORAL-FAMILIAR-2025-2026.pdf<\/a><\/td>\n                    <td style=\"\">23\/09\/2025 05:34 PM<\/td>\n            <\/tr>\n            <tr id=\"table_3_row_455\">\n                    <td style=\"\">Programaci\u00f3n Parroquial<\/td>\n                    <td style=\"\">P036 NUESTRA SE\u00d1ORA DE GUADALUPE(MATANCILLAS)<\/td>\n                    <td style=\"\">Prof\u00e9tica<\/td>\n                    <td style=\"\"><\/td>\n                    <td style=\"\"><\/td>\n                    <td style=\"\"><a href=\"https:\/\/diocesisdeaguascalientes.mx\/vicaria-de-pastoral\/wp-content\/uploads\/sites\/2\/forminator\/10414_47c7fef6f8c6f15ac1daaf1663bdf562\/uploads\/t1XUaIhe0sQt-PROFETICA.pdf\" target=\"_blank\">t1XUaIhe0sQt-PROFETICA.pdf<\/a><\/td>\n                    <td style=\"\">23\/09\/2025 05:34 PM<\/td>\n            <\/tr>\n            <tr id=\"table_3_row_456\">\n                    <td style=\"\">Programaci\u00f3n Parroquial<\/td>\n                    <td style=\"\">P119 SANTA CECILIA(POTREROS DEL OESTE)<\/td>\n                    <td style=\"\">Organismos Eclesiales Laicales (OEL)<\/td>\n                    <td style=\"\">21.Guardia de honor del Sagrado Coraz\u00f3n de Jes\u00fas.<\/td>\n                    <td style=\"\"><\/td>\n                    <td style=\"\"><a href=\"https:\/\/diocesisdeaguascalientes.mx\/vicaria-de-pastoral\/wp-content\/uploads\/sites\/2\/forminator\/10414_47c7fef6f8c6f15ac1daaf1663bdf562\/uploads\/AJCZhwX315bo-programacion-25-26-sta.-Cecilia-OEL-GHSC.pdf\" target=\"_blank\">AJCZhwX315bo-programacion-25-26-sta.-Cecilia-OEL-GHSC.pdf<\/a><\/td>\n                    <td style=\"\">23\/09\/2025 04:39 PM<\/td>\n            <\/tr>\n            <tr id=\"table_3_row_457\">\n                    <td style=\"\">Programaci\u00f3n Parroquial<\/td>\n                    <td style=\"\">P119 SANTA CECILIA(POTREROS DEL OESTE)<\/td>\n                    <td style=\"\">Pastoral de la Comunicaci\u00f3n<\/td>\n                    <td style=\"\"><\/td>\n                    <td style=\"\"><\/td>\n                    <td style=\"\"><a href=\"https:\/\/diocesisdeaguascalientes.mx\/vicaria-de-pastoral\/wp-content\/uploads\/sites\/2\/forminator\/10414_47c7fef6f8c6f15ac1daaf1663bdf562\/uploads\/wonjFEq20a9y-programacion-25-26-sta.-Cecilia-Past.-Comunicacion.pdf\" target=\"_blank\">wonjFEq20a9y-programacion-25-26-sta.-Cecilia-Past.-Comunicacion.pdf<\/a><\/td>\n                    <td style=\"\">23\/09\/2025 04:37 PM<\/td>\n            <\/tr>\n            <tr id=\"table_3_row_458\">\n                    <td style=\"\">Programaci\u00f3n Parroquial<\/td>\n                    <td style=\"\">P119 SANTA CECILIA(POTREROS DEL OESTE)<\/td>\n                    <td style=\"\">Juvenil<\/td>\n                    <td style=\"\"><\/td>\n                    <td style=\"\"><\/td>\n                    <td style=\"\"><a href=\"https:\/\/diocesisdeaguascalientes.mx\/vicaria-de-pastoral\/wp-content\/uploads\/sites\/2\/forminator\/10414_47c7fef6f8c6f15ac1daaf1663bdf562\/uploads\/zElVrKmDEEbK-Pastoral-Juvenil-programacion-25-26-sta.-Cecilia.pdf\" target=\"_blank\">zElVrKmDEEbK-Pastoral-Juvenil-programacion-25-26-sta.-Cecilia.pdf<\/a><\/td>\n                    <td style=\"\">23\/09\/2025 04:36 PM<\/td>\n            <\/tr>\n            <tr id=\"table_3_row_459\">\n                    <td style=\"\">Programaci\u00f3n Parroquial<\/td>\n                    <td style=\"\">P119 SANTA CECILIA(POTREROS DEL OESTE)<\/td>\n                    <td style=\"\">Adolescentes<\/td>\n                    <td style=\"\"><\/td>\n                    <td style=\"\"><\/td>\n                    <td style=\"\"><a href=\"https:\/\/diocesisdeaguascalientes.mx\/vicaria-de-pastoral\/wp-content\/uploads\/sites\/2\/forminator\/10414_47c7fef6f8c6f15ac1daaf1663bdf562\/uploads\/GeaBJo3VviwE-Adolescentes-programacion-25-26-sta.-Cecilia.pdf\" target=\"_blank\">GeaBJo3VviwE-Adolescentes-programacion-25-26-sta.-Cecilia.pdf<\/a><\/td>\n                    <td style=\"\">23\/09\/2025 04:34 PM<\/td>\n            <\/tr>\n            <tr id=\"table_3_row_460\">\n                    <td style=\"\">Programaci\u00f3n Parroquial<\/td>\n                    <td style=\"\">P119 SANTA CECILIA(POTREROS DEL OESTE)<\/td>\n                    <td style=\"\">Social<\/td>\n                    <td style=\"\"><\/td>\n                    <td style=\"\"><\/td>\n                    <td style=\"\"><a href=\"https:\/\/diocesisdeaguascalientes.mx\/vicaria-de-pastoral\/wp-content\/uploads\/sites\/2\/forminator\/10414_47c7fef6f8c6f15ac1daaf1663bdf562\/uploads\/Bc7QtkSDJ3Vl-programacion-25-26-sta.-Cecilia-Pastoral-Social.pdf\" target=\"_blank\">Bc7QtkSDJ3Vl-programacion-25-26-sta.-Cecilia-Pastoral-Social.pdf<\/a><\/td>\n                    <td style=\"\">23\/09\/2025 04:31 PM<\/td>\n            <\/tr>\n            <tr id=\"table_3_row_461\">\n                    <td style=\"\">Programaci\u00f3n Parroquial<\/td>\n                    <td style=\"\">P119 SANTA CECILIA(POTREROS DEL OESTE)<\/td>\n                    <td style=\"\">Animaci\u00f3n Pastoral (CPP)<\/td>\n                    <td style=\"\"><\/td>\n                    <td style=\"\"><\/td>\n                    <td style=\"\"><a href=\"https:\/\/diocesisdeaguascalientes.mx\/vicaria-de-pastoral\/wp-content\/uploads\/sites\/2\/forminator\/10414_47c7fef6f8c6f15ac1daaf1663bdf562\/uploads\/FDgNNOYXYZgx-programacion-25-26-sta.-Cecilia-formato-CPP.pdf\" target=\"_blank\">FDgNNOYXYZgx-programacion-25-26-sta.-Cecilia-formato-CPP.pdf<\/a><\/td>\n                    <td style=\"\">23\/09\/2025 04:28 PM<\/td>\n            <\/tr>\n            <tr id=\"table_3_row_462\">\n                    <td style=\"\">Programaci\u00f3n Parroquial<\/td>\n                    <td style=\"\">P119 SANTA CECILIA(POTREROS DEL OESTE)<\/td>\n                    <td style=\"\">Familiar<\/td>\n                    <td style=\"\"><\/td>\n                    <td style=\"\"><\/td>\n                    <td style=\"\"><a href=\"https:\/\/diocesisdeaguascalientes.mx\/vicaria-de-pastoral\/wp-content\/uploads\/sites\/2\/forminator\/10414_47c7fef6f8c6f15ac1daaf1663bdf562\/uploads\/gg1b4hpdt6Q3-Past.-Familiar-programacion-25-26-sta.-Cecilia.pdf\" target=\"_blank\">gg1b4hpdt6Q3-Past.-Familiar-programacion-25-26-sta.-Cecilia.pdf<\/a><\/td>\n                    <td style=\"\">23\/09\/2025 04:26 PM<\/td>\n            <\/tr>\n            <tr id=\"table_3_row_463\">\n                    <td style=\"\">Programaci\u00f3n Parroquial<\/td>\n                    <td style=\"\">P105 TRES AVE MAR\u00cdAS(LAS AM\u00c9RICAS)<\/td>\n                    <td style=\"\">Juvenil<\/td>\n                    <td style=\"\"><\/td>\n                    <td style=\"\"><\/td>\n                    <td style=\"\"><a href=\"https:\/\/diocesisdeaguascalientes.mx\/vicaria-de-pastoral\/wp-content\/uploads\/sites\/2\/forminator\/10414_47c7fef6f8c6f15ac1daaf1663bdf562\/uploads\/0I35BCkPTEwp-PROGRAMACION-PASTORAL-JUVENIL-2025-2026.pdf\" target=\"_blank\">0I35BCkPTEwp-PROGRAMACION-PASTORAL-JUVENIL-2025-2026.pdf<\/a><\/td>\n                    <td style=\"\">23\/09\/2025 03:49 PM<\/td>\n            <\/tr>\n            <tr id=\"table_3_row_464\">\n                    <td style=\"\">Programaci\u00f3n Parroquial<\/td>\n                    <td style=\"\">P105 TRES AVE MAR\u00cdAS(LAS AM\u00c9RICAS)<\/td>\n                    <td style=\"\">Prof\u00e9tica<\/td>\n                    <td style=\"\"><\/td>\n                    <td style=\"\"><\/td>\n                    <td style=\"\"><a href=\"https:\/\/diocesisdeaguascalientes.mx\/vicaria-de-pastoral\/wp-content\/uploads\/sites\/2\/forminator\/10414_47c7fef6f8c6f15ac1daaf1663bdf562\/uploads\/lssDH0Y67vIj-pogramacion-prebautismal-25-26.pdf\" target=\"_blank\">lssDH0Y67vIj-pogramacion-prebautismal-25-26.pdf<\/a><\/td>\n                    <td style=\"\">23\/09\/2025 03:47 PM<\/td>\n            <\/tr>\n            <tr id=\"table_3_row_465\">\n                    <td style=\"\">Programaci\u00f3n Parroquial<\/td>\n                    <td style=\"\">P098 LA SOLEDAD DE MAR\u00cdA(INFONAVIT OJO DE AGUA)<\/td>\n                    <td style=\"\">Organismos Eclesiales Laicales (OEL)<\/td>\n                    <td style=\"\">40.Renovaci\u00f3n Carism\u00e1tica Cat\u00f3lica en el Esp\u00edritu Santo<\/td>\n                    <td style=\"\"><\/td>\n                    <td style=\"\"><a href=\"https:\/\/diocesisdeaguascalientes.mx\/vicaria-de-pastoral\/wp-content\/uploads\/sites\/2\/forminator\/10414_47c7fef6f8c6f15ac1daaf1663bdf562\/uploads\/1TZZRbs0Azj1-Pastoral-Renovacion-OCL.pdf\" target=\"_blank\">1TZZRbs0Azj1-Pastoral-Renovacion-OCL.pdf<\/a><\/td>\n                    <td style=\"\">23\/09\/2025 03:13 PM<\/td>\n            <\/tr>\n            <tr id=\"table_3_row_466\">\n                    <td style=\"\">Programaci\u00f3n Parroquial<\/td>\n                    <td style=\"\">P098 LA SOLEDAD DE MAR\u00cdA(INFONAVIT OJO DE AGUA)<\/td>\n                    <td style=\"\">Juvenil<\/td>\n                    <td style=\"\"><\/td>\n                    <td style=\"\"><\/td>\n                    <td style=\"\"><a href=\"https:\/\/diocesisdeaguascalientes.mx\/vicaria-de-pastoral\/wp-content\/uploads\/sites\/2\/forminator\/10414_47c7fef6f8c6f15ac1daaf1663bdf562\/uploads\/erFhFILKe4ci-FORMATO-DE-PROGRAMACION-JUVENIL-2025-2026.pdf\" target=\"_blank\">erFhFILKe4ci-FORMATO-DE-PROGRAMACION-JUVENIL-2025-2026.pdf<\/a><\/td>\n                    <td style=\"\">23\/09\/2025 03:11 PM<\/td>\n            <\/tr>\n            <tr id=\"table_3_row_467\">\n                    <td style=\"\">Programaci\u00f3n Parroquial<\/td>\n                    <td style=\"\">P026 NUESTRA SE\u00d1ORA DE LA ENCARNACI\u00d3N(ENCARNACI\u00d3N DE D\u00cdAZ)<\/td>\n                    <td style=\"\">Organismos Eclesiales Laicales (OEL)<\/td>\n                    <td style=\"\">3.Adoraci\u00f3n, Comunidad, Trabajo, Servicio (ACTS)<\/td>\n                    <td style=\"\"><\/td>\n                    <td style=\"\"><a href=\"https:\/\/diocesisdeaguascalientes.mx\/vicaria-de-pastoral\/wp-content\/uploads\/sites\/2\/forminator\/10414_47c7fef6f8c6f15ac1daaf1663bdf562\/uploads\/yD4tmEGuyTns-ADORACION-NOCTURNA.pdf\" target=\"_blank\">yD4tmEGuyTns-ADORACION-NOCTURNA.pdf<\/a><\/td>\n                    <td style=\"\">23\/09\/2025 03:00 PM<\/td>\n            <\/tr>\n            <tr id=\"table_3_row_468\">\n                    <td style=\"\">Programaci\u00f3n Parroquial<\/td>\n                    <td style=\"\">P049 SAN JOS\u00c9(MES\u00d3N DE LOS SAUCES)<\/td>\n                    <td style=\"\">Prof\u00e9tica<\/td>\n                    <td style=\"\"><\/td>\n                    <td style=\"\"><\/td>\n                    <td style=\"\"><a href=\"https:\/\/diocesisdeaguascalientes.mx\/vicaria-de-pastoral\/wp-content\/uploads\/sites\/2\/forminator\/10414_47c7fef6f8c6f15ac1daaf1663bdf562\/uploads\/YuLVfAOqPd0E-Programacion-Pastoral-Parroquial-2025-2026.pdf\" target=\"_blank\">YuLVfAOqPd0E-Programacion-Pastoral-Parroquial-2025-2026.pdf<\/a><\/td>\n                    <td style=\"\">23\/09\/2025 02:47 PM<\/td>\n            <\/tr>\n            <tr id=\"table_3_row_469\">\n                    <td style=\"\">Programaci\u00f3n Parroquial<\/td>\n                    <td style=\"\">P026 NUESTRA SE\u00d1ORA DE LA ENCARNACI\u00d3N(ENCARNACI\u00d3N DE D\u00cdAZ)<\/td>\n                    <td style=\"\">Social<\/td>\n                    <td style=\"\"><\/td>\n                    <td style=\"\"><\/td>\n                    <td style=\"\"><a href=\"https:\/\/diocesisdeaguascalientes.mx\/vicaria-de-pastoral\/wp-content\/uploads\/sites\/2\/forminator\/10414_47c7fef6f8c6f15ac1daaf1663bdf562\/uploads\/R9Z04zYLcR4N-SOCIAL.pdf\" target=\"_blank\">R9Z04zYLcR4N-SOCIAL.pdf<\/a><\/td>\n                    <td style=\"\">23\/09\/2025 02:22 PM<\/td>\n            <\/tr>\n            <tr id=\"table_3_row_470\">\n                    <td style=\"\">Programaci\u00f3n Parroquial<\/td>\n                    <td style=\"\">P026 NUESTRA SE\u00d1ORA DE LA ENCARNACI\u00d3N(ENCARNACI\u00d3N DE D\u00cdAZ)<\/td>\n                    <td style=\"\">Pastoral de la Comunicaci\u00f3n<\/td>\n                    <td style=\"\"><\/td>\n                    <td style=\"\"><\/td>\n                    <td style=\"\"><a href=\"https:\/\/diocesisdeaguascalientes.mx\/vicaria-de-pastoral\/wp-content\/uploads\/sites\/2\/forminator\/10414_47c7fef6f8c6f15ac1daaf1663bdf562\/uploads\/ZNMvbkg1Kxe9-COMUNICACION.pdf\" target=\"_blank\">ZNMvbkg1Kxe9-COMUNICACION.pdf<\/a><\/td>\n                    <td style=\"\">23\/09\/2025 01:48 PM<\/td>\n            <\/tr>\n            <tr id=\"table_3_row_471\">\n                    <td style=\"\">Programaci\u00f3n Parroquial<\/td>\n                    <td style=\"\">P026 NUESTRA SE\u00d1ORA DE LA ENCARNACI\u00d3N(ENCARNACI\u00d3N DE D\u00cdAZ)<\/td>\n                    <td style=\"\">Lit\u00fargica<\/td>\n                    <td style=\"\"><\/td>\n                    <td style=\"\"><\/td>\n                    <td style=\"\"><a href=\"https:\/\/diocesisdeaguascalientes.mx\/vicaria-de-pastoral\/wp-content\/uploads\/sites\/2\/forminator\/10414_47c7fef6f8c6f15ac1daaf1663bdf562\/uploads\/WoJclCzrfS3k-LITURGICA.pdf\" target=\"_blank\">WoJclCzrfS3k-LITURGICA.pdf<\/a><\/td>\n                    <td style=\"\">23\/09\/2025 01:37 PM<\/td>\n            <\/tr>\n            <tr id=\"table_3_row_472\">\n                    <td style=\"\">Programaci\u00f3n Parroquial<\/td>\n                    <td style=\"\">P026 NUESTRA SE\u00d1ORA DE LA ENCARNACI\u00d3N(ENCARNACI\u00d3N DE D\u00cdAZ)<\/td>\n                    <td style=\"\">Animaci\u00f3n Pastoral (CPP)<\/td>\n                    <td style=\"\"><\/td>\n                    <td style=\"\"><\/td>\n                    <td style=\"\"><a href=\"https:\/\/diocesisdeaguascalientes.mx\/vicaria-de-pastoral\/wp-content\/uploads\/sites\/2\/forminator\/10414_47c7fef6f8c6f15ac1daaf1663bdf562\/uploads\/WsGl8BTOkDjh-ANIMACION.pdf\" target=\"_blank\">WsGl8BTOkDjh-ANIMACION.pdf<\/a><\/td>\n                    <td style=\"\">23\/09\/2025 01:33 PM<\/td>\n            <\/tr>\n            <tr id=\"table_3_row_473\">\n                    <td style=\"\">Programaci\u00f3n Parroquial<\/td>\n                    <td style=\"\">P014 CRISTO REY(H\u00c9ROES)<\/td>\n                    <td style=\"\">Familiar<\/td>\n                    <td style=\"\"><\/td>\n                    <td style=\"\"><\/td>\n                    <td style=\"\"><a href=\"https:\/\/diocesisdeaguascalientes.mx\/vicaria-de-pastoral\/wp-content\/uploads\/sites\/2\/forminator\/10414_47c7fef6f8c6f15ac1daaf1663bdf562\/uploads\/lcaSmhevhV8H-Programacion-p-familiar-2025-2026-014.pdf\" target=\"_blank\">lcaSmhevhV8H-Programacion-p-familiar-2025-2026-014.pdf<\/a><\/td>\n                    <td style=\"\">23\/09\/2025 01:21 PM<\/td>\n            <\/tr>\n            <tr id=\"table_3_row_474\">\n                    <td style=\"\">Programaci\u00f3n Parroquial<\/td>\n                    <td style=\"\">P014 CRISTO REY(H\u00c9ROES)<\/td>\n                    <td style=\"\">Social<\/td>\n                    <td style=\"\"><\/td>\n                    <td style=\"\"><\/td>\n                    <td style=\"\"><a href=\"https:\/\/diocesisdeaguascalientes.mx\/vicaria-de-pastoral\/wp-content\/uploads\/sites\/2\/forminator\/10414_47c7fef6f8c6f15ac1daaf1663bdf562\/uploads\/yKJo4KGWcP8W-Programacion-p-social-2025-2026-014.pdf\" target=\"_blank\">yKJo4KGWcP8W-Programacion-p-social-2025-2026-014.pdf<\/a><\/td>\n                    <td style=\"\">23\/09\/2025 01:20 PM<\/td>\n            <\/tr>\n            <tr id=\"table_3_row_475\">\n                    <td style=\"\">Programaci\u00f3n Parroquial<\/td>\n                    <td style=\"\">P014 CRISTO REY(H\u00c9ROES)<\/td>\n                    <td style=\"\">Lit\u00fargica<\/td>\n                    <td style=\"\"><\/td>\n                    <td style=\"\"><\/td>\n                    <td style=\"\"><a href=\"https:\/\/diocesisdeaguascalientes.mx\/vicaria-de-pastoral\/wp-content\/uploads\/sites\/2\/forminator\/10414_47c7fef6f8c6f15ac1daaf1663bdf562\/uploads\/LWA010ei3DD7-Programacion-p-liturgica-parroquial-2025-2026-014.pdf\" target=\"_blank\">LWA010ei3DD7-Programacion-p-liturgica-parroquial-2025-2026-014.pdf<\/a><\/td>\n                    <td style=\"\">23\/09\/2025 01:20 PM<\/td>\n            <\/tr>\n            <tr id=\"table_3_row_476\">\n                    <td style=\"\">Programaci\u00f3n Parroquial<\/td>\n                    <td style=\"\">P014 CRISTO REY(H\u00c9ROES)<\/td>\n                    <td style=\"\">Prof\u00e9tica<\/td>\n                    <td style=\"\"><\/td>\n                    <td style=\"\"><\/td>\n                    <td style=\"\"><a href=\"https:\/\/diocesisdeaguascalientes.mx\/vicaria-de-pastoral\/wp-content\/uploads\/sites\/2\/forminator\/10414_47c7fef6f8c6f15ac1daaf1663bdf562\/uploads\/YFDGSEnTmTtn-Programacion-p-profetica-parroquial-2025-2026-014.pdf\" target=\"_blank\">YFDGSEnTmTtn-Programacion-p-profetica-parroquial-2025-2026-014.pdf<\/a><\/td>\n                    <td style=\"\">23\/09\/2025 01:19 PM<\/td>\n            <\/tr>\n            <tr id=\"table_3_row_477\">\n                    <td style=\"\">Programaci\u00f3n Parroquial<\/td>\n                    <td style=\"\">P014 CRISTO REY(H\u00c9ROES)<\/td>\n                    <td style=\"\">Animaci\u00f3n Pastoral (CPP)<\/td>\n                    <td style=\"\"><\/td>\n                    <td style=\"\"><\/td>\n                    <td style=\"\"><a href=\"https:\/\/diocesisdeaguascalientes.mx\/vicaria-de-pastoral\/wp-content\/uploads\/sites\/2\/forminator\/10414_47c7fef6f8c6f15ac1daaf1663bdf562\/uploads\/90L6Ly6Wamc7-Programacion-animacion-pastoral-2025-2026-014.pdf\" target=\"_blank\">90L6Ly6Wamc7-Programacion-animacion-pastoral-2025-2026-014.pdf<\/a><\/td>\n                    <td style=\"\">23\/09\/2025 01:18 PM<\/td>\n            <\/tr>\n            <tr id=\"table_3_row_478\">\n                    <td style=\"\">Programaci\u00f3n Parroquial<\/td>\n                    <td style=\"\">P078 NUESTRA SE\u00d1ORA DEL REFUGIO(BEL\u00c9N DEL REFUGIO)<\/td>\n                    <td style=\"\">Juvenil<\/td>\n                    <td style=\"\"><\/td>\n                    <td style=\"\"><\/td>\n                    <td style=\"\"><a href=\"https:\/\/diocesisdeaguascalientes.mx\/vicaria-de-pastoral\/wp-content\/uploads\/sites\/2\/forminator\/10414_47c7fef6f8c6f15ac1daaf1663bdf562\/uploads\/TZbTlewrs4SS-PASTORAL-JUVENIL-2025-2026.pdf\" target=\"_blank\">TZbTlewrs4SS-PASTORAL-JUVENIL-2025-2026.pdf<\/a><\/td>\n                    <td style=\"\">23\/09\/2025 01:10 PM<\/td>\n            <\/tr>\n            <tr id=\"table_3_row_479\">\n                    <td style=\"\">Programaci\u00f3n Parroquial<\/td>\n                    <td style=\"\">P078 NUESTRA SE\u00d1ORA DEL REFUGIO(BEL\u00c9N DEL REFUGIO)<\/td>\n                    <td style=\"\">Adolescentes<\/td>\n                    <td style=\"\"><\/td>\n                    <td style=\"\"><\/td>\n                    <td style=\"\"><a href=\"https:\/\/diocesisdeaguascalientes.mx\/vicaria-de-pastoral\/wp-content\/uploads\/sites\/2\/forminator\/10414_47c7fef6f8c6f15ac1daaf1663bdf562\/uploads\/z7mkUAY9pxzt-PASTORAL-DE-ADOLESCENTES-2025-2026.pdf\" target=\"_blank\">z7mkUAY9pxzt-PASTORAL-DE-ADOLESCENTES-2025-2026.pdf<\/a><\/td>\n                    <td style=\"\">23\/09\/2025 01:07 PM<\/td>\n            <\/tr>\n            <tr id=\"table_3_row_480\">\n                    <td style=\"\">Programaci\u00f3n Parroquial<\/td>\n                    <td style=\"\">P043 SAN JOS\u00c9(CENTRO)<\/td>\n                    <td style=\"\">Organismos Eclesiales Laicales (OEL)<\/td>\n                    <td style=\"\">Otro<\/td>\n                    <td style=\"\">FORMACION DE AGENTES<\/td>\n                    <td style=\"\"><a href=\"https:\/\/diocesisdeaguascalientes.mx\/vicaria-de-pastoral\/wp-content\/uploads\/sites\/2\/forminator\/10414_47c7fef6f8c6f15ac1daaf1663bdf562\/uploads\/heBCzWfAeOSv-FORMACION-DE-AGENTES.pdf\" target=\"_blank\">heBCzWfAeOSv-FORMACION-DE-AGENTES.pdf<\/a><\/td>\n                    <td style=\"\">23\/09\/2025 01:07 PM<\/td>\n            <\/tr>\n            <tr id=\"table_3_row_481\">\n                    <td style=\"\">Programaci\u00f3n Parroquial<\/td>\n                    <td style=\"\">P043 SAN JOS\u00c9(CENTRO)<\/td>\n                    <td style=\"\">Familiar<\/td>\n                    <td style=\"\"><\/td>\n                    <td style=\"\"><\/td>\n                    <td style=\"\"><a href=\"https:\/\/diocesisdeaguascalientes.mx\/vicaria-de-pastoral\/wp-content\/uploads\/sites\/2\/forminator\/10414_47c7fef6f8c6f15ac1daaf1663bdf562\/uploads\/CmsC1uHJWK4l-PASTORAL-FAMILIAR.pdf\" target=\"_blank\">CmsC1uHJWK4l-PASTORAL-FAMILIAR.pdf<\/a><\/td>\n                    <td style=\"\">23\/09\/2025 01:05 PM<\/td>\n            <\/tr>\n            <tr id=\"table_3_row_482\">\n                    <td style=\"\">Programaci\u00f3n Parroquial<\/td>\n                    <td style=\"\">P078 NUESTRA SE\u00d1ORA DEL REFUGIO(BEL\u00c9N DEL REFUGIO)<\/td>\n                    <td style=\"\">Familiar<\/td>\n                    <td style=\"\"><\/td>\n                    <td style=\"\"><\/td>\n                    <td style=\"\"><a href=\"https:\/\/diocesisdeaguascalientes.mx\/vicaria-de-pastoral\/wp-content\/uploads\/sites\/2\/forminator\/10414_47c7fef6f8c6f15ac1daaf1663bdf562\/uploads\/l0sKG5iQG8td-PASTORAL-FAMILIAR-2025-2026.pdf\" target=\"_blank\">l0sKG5iQG8td-PASTORAL-FAMILIAR-2025-2026.pdf<\/a><\/td>\n                    <td style=\"\">23\/09\/2025 01:04 PM<\/td>\n            <\/tr>\n            <tr id=\"table_3_row_483\">\n                    <td style=\"\">Programaci\u00f3n Parroquial<\/td>\n                    <td style=\"\">P078 NUESTRA SE\u00d1ORA DEL REFUGIO(BEL\u00c9N DEL REFUGIO)<\/td>\n                    <td style=\"\">Social<\/td>\n                    <td style=\"\"><\/td>\n                    <td style=\"\"><\/td>\n                    <td style=\"\"><a href=\"https:\/\/diocesisdeaguascalientes.mx\/vicaria-de-pastoral\/wp-content\/uploads\/sites\/2\/forminator\/10414_47c7fef6f8c6f15ac1daaf1663bdf562\/uploads\/ani5B6VWjlFE-PASTORAL-SOCIAL-2025-2026.pdf\" target=\"_blank\">ani5B6VWjlFE-PASTORAL-SOCIAL-2025-2026.pdf<\/a><\/td>\n                    <td style=\"\">23\/09\/2025 01:02 PM<\/td>\n            <\/tr>\n            <tr id=\"table_3_row_484\">\n                    <td style=\"\">Programaci\u00f3n Parroquial<\/td>\n                    <td style=\"\">P078 NUESTRA SE\u00d1ORA DEL REFUGIO(BEL\u00c9N DEL REFUGIO)<\/td>\n                    <td style=\"\">Lit\u00fargica<\/td>\n                    <td style=\"\"><\/td>\n                    <td style=\"\"><\/td>\n                    <td style=\"\"><a href=\"https:\/\/diocesisdeaguascalientes.mx\/vicaria-de-pastoral\/wp-content\/uploads\/sites\/2\/forminator\/10414_47c7fef6f8c6f15ac1daaf1663bdf562\/uploads\/nOKQrNUPG5Xx-PASTORAL-LITURGICA-2025-2026.pdf\" target=\"_blank\">nOKQrNUPG5Xx-PASTORAL-LITURGICA-2025-2026.pdf<\/a><\/td>\n                    <td style=\"\">23\/09\/2025 12:57 PM<\/td>\n            <\/tr>\n            <tr id=\"table_3_row_485\">\n                    <td style=\"\">Programaci\u00f3n Parroquial<\/td>\n                    <td style=\"\">P078 NUESTRA SE\u00d1ORA DEL REFUGIO(BEL\u00c9N DEL REFUGIO)<\/td>\n                    <td style=\"\">Prof\u00e9tica<\/td>\n                    <td style=\"\"><\/td>\n                    <td style=\"\"><\/td>\n                    <td style=\"\"><a href=\"https:\/\/diocesisdeaguascalientes.mx\/vicaria-de-pastoral\/wp-content\/uploads\/sites\/2\/forminator\/10414_47c7fef6f8c6f15ac1daaf1663bdf562\/uploads\/ej0Kyhm7JzpO-PASTORAL-PROFETICA-2025-2026.pdf\" target=\"_blank\">ej0Kyhm7JzpO-PASTORAL-PROFETICA-2025-2026.pdf<\/a><\/td>\n                    <td style=\"\">23\/09\/2025 12:50 PM<\/td>\n            <\/tr>\n            <tr id=\"table_3_row_486\">\n                    <td style=\"\">Programaci\u00f3n Parroquial<\/td>\n                    <td style=\"\">P078 NUESTRA SE\u00d1ORA DEL REFUGIO(BEL\u00c9N DEL REFUGIO)<\/td>\n                    <td style=\"\">Animaci\u00f3n Pastoral (CPP)<\/td>\n                    <td style=\"\"><\/td>\n                    <td style=\"\"><\/td>\n                    <td style=\"\"><a href=\"https:\/\/diocesisdeaguascalientes.mx\/vicaria-de-pastoral\/wp-content\/uploads\/sites\/2\/forminator\/10414_47c7fef6f8c6f15ac1daaf1663bdf562\/uploads\/PIDkh05DaK9Q-ANIMACION-PASTORAL-2025-2026.pdf\" target=\"_blank\">PIDkh05DaK9Q-ANIMACION-PASTORAL-2025-2026.pdf<\/a><\/td>\n                    <td style=\"\">23\/09\/2025 12:43 PM<\/td>\n            <\/tr>\n            <tr id=\"table_3_row_487\">\n                    <td style=\"\">Programaci\u00f3n Parroquial<\/td>\n                    <td style=\"\">P011 NUESTRA SE\u00d1ORA DE LOS BOSQUES(LOS BOSQUES)<\/td>\n                    <td style=\"\">Organismos Eclesiales Laicales (OEL)<\/td>\n                    <td style=\"\">26.\u201cKair\u00f3s\u201d Campamentos<\/td>\n                    <td style=\"\"><\/td>\n                    <td style=\"\"><a href=\"https:\/\/diocesisdeaguascalientes.mx\/vicaria-de-pastoral\/wp-content\/uploads\/sites\/2\/forminator\/10414_47c7fef6f8c6f15ac1daaf1663bdf562\/uploads\/iMdLDCoZxH3b-PROGRAMACION-KYROS-2025-2026-Final.pdf\" target=\"_blank\">iMdLDCoZxH3b-PROGRAMACION-KYROS-2025-2026-Final.pdf<\/a><\/td>\n                    <td style=\"\">23\/09\/2025 12:42 PM<\/td>\n            <\/tr>\n            <tr id=\"table_3_row_488\">\n                    <td style=\"\">Programaci\u00f3n Parroquial<\/td>\n                    <td style=\"\">P011 NUESTRA SE\u00d1ORA DE LOS BOSQUES(LOS BOSQUES)<\/td>\n                    <td style=\"\">Organismos Eclesiales Laicales (OEL)<\/td>\n                    <td style=\"\">21.Guardia de honor del Sagrado Coraz\u00f3n de Jes\u00fas.<\/td>\n                    <td style=\"\"><\/td>\n                    <td style=\"\"><a href=\"https:\/\/diocesisdeaguascalientes.mx\/vicaria-de-pastoral\/wp-content\/uploads\/sites\/2\/forminator\/10414_47c7fef6f8c6f15ac1daaf1663bdf562\/uploads\/XMqLJsdUiz0w-PROGRAMACION-2025-2026-GHSCJ.pdf\" target=\"_blank\">XMqLJsdUiz0w-PROGRAMACION-2025-2026-GHSCJ.pdf<\/a><\/td>\n                    <td style=\"\">23\/09\/2025 12:41 PM<\/td>\n            <\/tr>\n            <tr id=\"table_3_row_489\">\n                    <td style=\"\">Programaci\u00f3n Parroquial<\/td>\n                    <td style=\"\">P011 NUESTRA SE\u00d1ORA DE LOS BOSQUES(LOS BOSQUES)<\/td>\n                    <td style=\"\">Pastoral de la Comunicaci\u00f3n<\/td>\n                    <td style=\"\"><\/td>\n                    <td style=\"\"><\/td>\n                    <td style=\"\"><a href=\"https:\/\/diocesisdeaguascalientes.mx\/vicaria-de-pastoral\/wp-content\/uploads\/sites\/2\/forminator\/10414_47c7fef6f8c6f15ac1daaf1663bdf562\/uploads\/RHsX3GRksvFt-PROGRAMACION-Comunicacion-2025-2026-Final.pdf\" target=\"_blank\">RHsX3GRksvFt-PROGRAMACION-Comunicacion-2025-2026-Final.pdf<\/a><\/td>\n                    <td style=\"\">23\/09\/2025 12:40 PM<\/td>\n            <\/tr>\n            <tr id=\"table_3_row_490\">\n                    <td style=\"\">Programaci\u00f3n Parroquial<\/td>\n                    <td style=\"\">P011 NUESTRA SE\u00d1ORA DE LOS BOSQUES(LOS BOSQUES)<\/td>\n                    <td style=\"\">Juvenil<\/td>\n                    <td style=\"\"><\/td>\n                    <td style=\"\"><\/td>\n                    <td style=\"\"><a href=\"https:\/\/diocesisdeaguascalientes.mx\/vicaria-de-pastoral\/wp-content\/uploads\/sites\/2\/forminator\/10414_47c7fef6f8c6f15ac1daaf1663bdf562\/uploads\/lG2oWvrAjljh-PROGRAMACION-P-JUVENIL-2025-2026-Final.pdf\" target=\"_blank\">lG2oWvrAjljh-PROGRAMACION-P-JUVENIL-2025-2026-Final.pdf<\/a><\/td>\n                    <td style=\"\">23\/09\/2025 12:39 PM<\/td>\n            <\/tr>\n            <tr id=\"table_3_row_491\">\n                    <td style=\"\">Programaci\u00f3n Parroquial<\/td>\n                    <td style=\"\">P011 NUESTRA SE\u00d1ORA DE LOS BOSQUES(LOS BOSQUES)<\/td>\n                    <td style=\"\">Adolescentes<\/td>\n                    <td style=\"\"><\/td>\n                    <td style=\"\"><\/td>\n                    <td style=\"\"><a href=\"https:\/\/diocesisdeaguascalientes.mx\/vicaria-de-pastoral\/wp-content\/uploads\/sites\/2\/forminator\/10414_47c7fef6f8c6f15ac1daaf1663bdf562\/uploads\/lksnS7AJlTjz-PROGRAMACION-PASTORAL-DE-ADOLESCENTES-2025-2026-Final.pdf\" target=\"_blank\">lksnS7AJlTjz-PROGRAMACION-PASTORAL-DE-ADOLESCENTES-2025-2026-Final.pdf<\/a><\/td>\n                    <td style=\"\">23\/09\/2025 12:37 PM<\/td>\n            <\/tr>\n            <tr id=\"table_3_row_492\">\n                    <td style=\"\">Programaci\u00f3n Parroquial<\/td>\n                    <td style=\"\">P011 NUESTRA SE\u00d1ORA DE LOS BOSQUES(LOS BOSQUES)<\/td>\n                    <td style=\"\">Lit\u00fargica<\/td>\n                    <td style=\"\"><\/td>\n                    <td style=\"\"><\/td>\n                    <td style=\"\"><a href=\"https:\/\/diocesisdeaguascalientes.mx\/vicaria-de-pastoral\/wp-content\/uploads\/sites\/2\/forminator\/10414_47c7fef6f8c6f15ac1daaf1663bdf562\/uploads\/fgCq9xCP1BDW-PROGRAMACION-LITURGICA-2025-2026-FINAL.pdf\" target=\"_blank\">fgCq9xCP1BDW-PROGRAMACION-LITURGICA-2025-2026-FINAL.pdf<\/a><\/td>\n                    <td style=\"\">23\/09\/2025 12:36 PM<\/td>\n            <\/tr>\n            <tr id=\"table_3_row_493\">\n                    <td style=\"\">Programaci\u00f3n Parroquial<\/td>\n                    <td style=\"\">P011 NUESTRA SE\u00d1ORA DE LOS BOSQUES(LOS BOSQUES)<\/td>\n                    <td style=\"\">Familiar<\/td>\n                    <td style=\"\"><\/td>\n                    <td style=\"\"><\/td>\n                    <td style=\"\"><a href=\"https:\/\/diocesisdeaguascalientes.mx\/vicaria-de-pastoral\/wp-content\/uploads\/sites\/2\/forminator\/10414_47c7fef6f8c6f15ac1daaf1663bdf562\/uploads\/2KtFlE1cpuvr-Programacion-Pastoral-Familiar-2025-2026-Final.pdf\" target=\"_blank\">2KtFlE1cpuvr-Programacion-Pastoral-Familiar-2025-2026-Final.pdf<\/a><\/td>\n                    <td style=\"\">23\/09\/2025 12:35 PM<\/td>\n            <\/tr>\n            <tr id=\"table_3_row_494\">\n                    <td style=\"\">Programaci\u00f3n Parroquial<\/td>\n                    <td style=\"\">P011 NUESTRA SE\u00d1ORA DE LOS BOSQUES(LOS BOSQUES)<\/td>\n                    <td style=\"\">Prof\u00e9tica<\/td>\n                    <td style=\"\"><\/td>\n                    <td style=\"\"><\/td>\n                    <td style=\"\"><a href=\"https:\/\/diocesisdeaguascalientes.mx\/vicaria-de-pastoral\/wp-content\/uploads\/sites\/2\/forminator\/10414_47c7fef6f8c6f15ac1daaf1663bdf562\/uploads\/c4HBy6jo2nZm-PROGRAMACION-Profetica-2025-2026-Final.pdf\" target=\"_blank\">c4HBy6jo2nZm-PROGRAMACION-Profetica-2025-2026-Final.pdf<\/a><\/td>\n                    <td style=\"\">23\/09\/2025 12:32 PM<\/td>\n            <\/tr>\n            <tr id=\"table_3_row_495\">\n                    <td style=\"\">Programaci\u00f3n Parroquial<\/td>\n                    <td style=\"\">P022 SANTO DOMINGO SAVIO(OJO CALIENTE IV)<\/td>\n                    <td style=\"\">Lit\u00fargica<\/td>\n                    <td style=\"\"><\/td>\n                    <td style=\"\"><\/td>\n                    <td style=\"\"><a href=\"https:\/\/diocesisdeaguascalientes.mx\/vicaria-de-pastoral\/wp-content\/uploads\/sites\/2\/forminator\/10414_47c7fef6f8c6f15ac1daaf1663bdf562\/uploads\/9C58DYqsv0ax-FPP_2025-paso-lit-1-1.pdf\" target=\"_blank\">9C58DYqsv0ax-FPP_2025-paso-lit-1-1.pdf<\/a><\/td>\n                    <td style=\"\">23\/09\/2025 12:26 PM<\/td>\n            <\/tr>\n            <tr id=\"table_3_row_496\">\n                    <td style=\"\">Programaci\u00f3n Parroquial<\/td>\n                    <td style=\"\">P083 SAGRADO CORAZ\u00d3N DE JES\u00daS(LAS CUMBRES)<\/td>\n                    <td style=\"\">Animaci\u00f3n Pastoral (CPP)<\/td>\n                    <td style=\"\"><\/td>\n                    <td style=\"\"><\/td>\n                    <td style=\"\"><a href=\"https:\/\/diocesisdeaguascalientes.mx\/vicaria-de-pastoral\/wp-content\/uploads\/sites\/2\/forminator\/10414_47c7fef6f8c6f15ac1daaf1663bdf562\/uploads\/xtLKNSV0RDXp-Pastoral-de-Animacion-Parroquial.pdf\" target=\"_blank\">xtLKNSV0RDXp-Pastoral-de-Animacion-Parroquial.pdf<\/a><\/td>\n                    <td style=\"\">23\/09\/2025 12:25 PM<\/td>\n            <\/tr>\n            <tr id=\"table_3_row_497\">\n                    <td style=\"\">Programaci\u00f3n Parroquial<\/td>\n                    <td style=\"\">P083 SAGRADO CORAZ\u00d3N DE JES\u00daS(LAS CUMBRES)<\/td>\n                    <td style=\"\">Organismos Eclesiales Laicales (OEL)<\/td>\n                    <td style=\"\">Otro<\/td>\n                    <td style=\"\">Grupo de la Divina Misericordia.<\/td>\n                    <td style=\"\"><a href=\"https:\/\/diocesisdeaguascalientes.mx\/vicaria-de-pastoral\/wp-content\/uploads\/sites\/2\/forminator\/10414_47c7fef6f8c6f15ac1daaf1663bdf562\/uploads\/JLzT1GgepVrq-Grupo-de-la-Divina-Misericordia.pdf\" target=\"_blank\">JLzT1GgepVrq-Grupo-de-la-Divina-Misericordia.pdf<\/a><\/td>\n                    <td style=\"\">23\/09\/2025 12:23 PM<\/td>\n            <\/tr>\n            <tr id=\"table_3_row_498\">\n                    <td style=\"\">Programaci\u00f3n Parroquial<\/td>\n                    <td style=\"\">P083 SAGRADO CORAZ\u00d3N DE JES\u00daS(LAS CUMBRES)<\/td>\n                    <td style=\"\">Organismos Eclesiales Laicales (OEL)<\/td>\n                    <td style=\"\">Otro<\/td>\n                    <td style=\"\">Adoraci\u00f3n Nocturna.<\/td>\n                    <td style=\"\"><a href=\"https:\/\/diocesisdeaguascalientes.mx\/vicaria-de-pastoral\/wp-content\/uploads\/sites\/2\/forminator\/10414_47c7fef6f8c6f15ac1daaf1663bdf562\/uploads\/CFSZrseUt9Wi-Adoracion-Nocturna.pdf\" target=\"_blank\">CFSZrseUt9Wi-Adoracion-Nocturna.pdf<\/a><\/td>\n                    <td style=\"\">23\/09\/2025 12:22 PM<\/td>\n            <\/tr>\n            <tr id=\"table_3_row_499\">\n                    <td style=\"\">Programaci\u00f3n Parroquial<\/td>\n                    <td style=\"\">P083 SAGRADO CORAZ\u00d3N DE JES\u00daS(LAS CUMBRES)<\/td>\n                    <td style=\"\">Organismos Eclesiales Laicales (OEL)<\/td>\n                    <td style=\"\">21.Guardia de honor del Sagrado Coraz\u00f3n de Jes\u00fas.<\/td>\n                    <td style=\"\"><\/td>\n                    <td style=\"\"><a href=\"https:\/\/diocesisdeaguascalientes.mx\/vicaria-de-pastoral\/wp-content\/uploads\/sites\/2\/forminator\/10414_47c7fef6f8c6f15ac1daaf1663bdf562\/uploads\/Co1RWzPifmn1-Guardia-de-Honor-del-Sagrado-Corazon-de-Jesus.pdf\" target=\"_blank\">Co1RWzPifmn1-Guardia-de-Honor-del-Sagrado-Corazon-de-Jesus.pdf<\/a><\/td>\n                    <td style=\"\">23\/09\/2025 12:21 PM<\/td>\n            <\/tr>\n            <tr id=\"table_3_row_500\">\n                    <td style=\"\">Programaci\u00f3n Parroquial<\/td>\n                    <td style=\"\">P059 NUESTRA SE\u00d1ORA DE LOURDES(LOMA BONITA)<\/td>\n                    <td style=\"\">Juvenil<\/td>\n                    <td style=\"\"><\/td>\n                    <td style=\"\"><\/td>\n                    <td style=\"\"><a href=\"https:\/\/diocesisdeaguascalientes.mx\/vicaria-de-pastoral\/wp-content\/uploads\/sites\/2\/forminator\/10414_47c7fef6f8c6f15ac1daaf1663bdf562\/uploads\/o4bSAu8oQEYz-PASTORAL-JUVENIL-NTRA-SRA-LOURDES-2025_2026.pdf\" target=\"_blank\">o4bSAu8oQEYz-PASTORAL-JUVENIL-NTRA-SRA-LOURDES-2025_2026.pdf<\/a><\/td>\n                    <td style=\"\">23\/09\/2025 12:14 PM<\/td>\n            <\/tr>\n            <tr id=\"table_3_row_501\">\n                    <td style=\"\">Programaci\u00f3n Parroquial<\/td>\n                    <td style=\"\">P059 NUESTRA SE\u00d1ORA DE LOURDES(LOMA BONITA)<\/td>\n                    <td style=\"\">Adolescentes<\/td>\n                    <td style=\"\"><\/td>\n                    <td style=\"\"><\/td>\n                    <td style=\"\"><a href=\"https:\/\/diocesisdeaguascalientes.mx\/vicaria-de-pastoral\/wp-content\/uploads\/sites\/2\/forminator\/10414_47c7fef6f8c6f15ac1daaf1663bdf562\/uploads\/Jym0iJ4E093d-PASTORAL-DE-ADOLESCENTES-NTRA-SRA-DE-LOURDES-2025_2026.pdf\" target=\"_blank\">Jym0iJ4E093d-PASTORAL-DE-ADOLESCENTES-NTRA-SRA-DE-LOURDES-2025_2026.pdf<\/a><\/td>\n                    <td style=\"\">23\/09\/2025 12:13 PM<\/td>\n            <\/tr>\n            <tr id=\"table_3_row_502\">\n                    <td style=\"\">Programaci\u00f3n Parroquial<\/td>\n                    <td style=\"\">P059 NUESTRA SE\u00d1ORA DE LOURDES(LOMA BONITA)<\/td>\n                    <td style=\"\">Social<\/td>\n                    <td style=\"\"><\/td>\n                    <td style=\"\"><\/td>\n                    <td style=\"\"><a href=\"https:\/\/diocesisdeaguascalientes.mx\/vicaria-de-pastoral\/wp-content\/uploads\/sites\/2\/forminator\/10414_47c7fef6f8c6f15ac1daaf1663bdf562\/uploads\/HbU2inBiR66S-PASTORAL-SOCIAL-NTRA-SRA-DE-LOURDES-2025_2026.pdf\" target=\"_blank\">HbU2inBiR66S-PASTORAL-SOCIAL-NTRA-SRA-DE-LOURDES-2025_2026.pdf<\/a><\/td>\n                    <td style=\"\">23\/09\/2025 12:12 PM<\/td>\n            <\/tr>\n            <tr id=\"table_3_row_503\">\n                    <td style=\"\">Programaci\u00f3n Parroquial<\/td>\n                    <td style=\"\">P059 NUESTRA SE\u00d1ORA DE LOURDES(LOMA BONITA)<\/td>\n                    <td style=\"\">Prof\u00e9tica<\/td>\n                    <td style=\"\"><\/td>\n                    <td style=\"\"><\/td>\n                    <td style=\"\"><a href=\"https:\/\/diocesisdeaguascalientes.mx\/vicaria-de-pastoral\/wp-content\/uploads\/sites\/2\/forminator\/10414_47c7fef6f8c6f15ac1daaf1663bdf562\/uploads\/cxBb5ArsPjpo-PASTORAL-PROFETICA-NTRA-SRA-DE-LOURDES-2025_2026.pdf\" target=\"_blank\">cxBb5ArsPjpo-PASTORAL-PROFETICA-NTRA-SRA-DE-LOURDES-2025_2026.pdf<\/a><\/td>\n                    <td style=\"\">23\/09\/2025 12:10 PM<\/td>\n            <\/tr>\n            <tr id=\"table_3_row_504\">\n                    <td style=\"\">Programaci\u00f3n Parroquial<\/td>\n                    <td style=\"\">P094 SANTO NI\u00d1O DE ATOCHA(ESPA\u00d1A)<\/td>\n                    <td style=\"\">Organismos Eclesiales Laicales (OEL)<\/td>\n                    <td style=\"\">Otro<\/td>\n                    <td style=\"\">SECTORES Y PEQUE\u00d1AS COMUNIDADES<\/td>\n                    <td style=\"\"><a href=\"https:\/\/diocesisdeaguascalientes.mx\/vicaria-de-pastoral\/wp-content\/uploads\/sites\/2\/forminator\/10414_47c7fef6f8c6f15ac1daaf1663bdf562\/uploads\/gJM1lwuOPuSv-PROGRAMACION-SECTORES-Y-PEQUENAS-COMUNIDADES.pdf\" target=\"_blank\">gJM1lwuOPuSv-PROGRAMACION-SECTORES-Y-PEQUENAS-COMUNIDADES.pdf<\/a><\/td>\n                    <td style=\"\">23\/09\/2025 11:58 AM<\/td>\n            <\/tr>\n            <tr id=\"table_3_row_505\">\n                    <td style=\"\">Programaci\u00f3n Parroquial<\/td>\n                    <td style=\"\">P005 SANTOS ARC\u00c1NGELES(JES\u00daS TER\u00c1N)<\/td>\n                    <td style=\"\">Familiar<\/td>\n                    <td style=\"\"><\/td>\n                    <td style=\"\"><\/td>\n                    <td style=\"\"><a href=\"https:\/\/diocesisdeaguascalientes.mx\/vicaria-de-pastoral\/wp-content\/uploads\/sites\/2\/forminator\/10414_47c7fef6f8c6f15ac1daaf1663bdf562\/uploads\/xr8s6yrWGOtS-PROGRAMACION-PASTORAL-FAMILIAR-2025-2026.pdf\" target=\"_blank\">xr8s6yrWGOtS-PROGRAMACION-PASTORAL-FAMILIAR-2025-2026.pdf<\/a><\/td>\n                    <td style=\"\">23\/09\/2025 11:50 AM<\/td>\n            <\/tr>\n            <tr id=\"table_3_row_506\">\n                    <td style=\"\">Programaci\u00f3n Parroquial<\/td>\n                    <td style=\"\">P005 SANTOS ARC\u00c1NGELES(JES\u00daS TER\u00c1N)<\/td>\n                    <td style=\"\">Lit\u00fargica<\/td>\n                    <td style=\"\"><\/td>\n                    <td style=\"\"><\/td>\n                    <td style=\"\"><a href=\"https:\/\/diocesisdeaguascalientes.mx\/vicaria-de-pastoral\/wp-content\/uploads\/sites\/2\/forminator\/10414_47c7fef6f8c6f15ac1daaf1663bdf562\/uploads\/7jfnSfciwAZX-Programa_coros_2025-2026.pdf\" target=\"_blank\">7jfnSfciwAZX-Programa_coros_2025-2026.pdf<\/a><\/td>\n                    <td style=\"\">23\/09\/2025 11:49 AM<\/td>\n            <\/tr>\n            <tr id=\"table_3_row_507\">\n                    <td style=\"\">Programaci\u00f3n Parroquial<\/td>\n                    <td style=\"\">P094 SANTO NI\u00d1O DE ATOCHA(ESPA\u00d1A)<\/td>\n                    <td style=\"\">Organismos Eclesiales Laicales (OEL)<\/td>\n                    <td style=\"\">40.Renovaci\u00f3n Carism\u00e1tica Cat\u00f3lica en el Esp\u00edritu Santo<\/td>\n                    <td style=\"\"><\/td>\n                    <td style=\"\"><a href=\"https:\/\/diocesisdeaguascalientes.mx\/vicaria-de-pastoral\/wp-content\/uploads\/sites\/2\/forminator\/10414_47c7fef6f8c6f15ac1daaf1663bdf562\/uploads\/oYztufBd6Ev4-PROGRAMACION-DE-ORGANISMOS-ECLESIALES-LAICALES.pdf\" target=\"_blank\">oYztufBd6Ev4-PROGRAMACION-DE-ORGANISMOS-ECLESIALES-LAICALES.pdf<\/a><\/td>\n                    <td style=\"\">23\/09\/2025 11:49 AM<\/td>\n            <\/tr>\n            <tr id=\"table_3_row_508\">\n                    <td style=\"\">Programaci\u00f3n Parroquial<\/td>\n                    <td style=\"\">P005 SANTOS ARC\u00c1NGELES(JES\u00daS TER\u00c1N)<\/td>\n                    <td style=\"\">Lit\u00fargica<\/td>\n                    <td style=\"\"><\/td>\n                    <td style=\"\"><\/td>\n                    <td style=\"\"><a href=\"https:\/\/diocesisdeaguascalientes.mx\/vicaria-de-pastoral\/wp-content\/uploads\/sites\/2\/forminator\/10414_47c7fef6f8c6f15ac1daaf1663bdf562\/uploads\/13rddpxn5xJb-Liturgia-programacion-2025-2026.pdf\" target=\"_blank\">13rddpxn5xJb-Liturgia-programacion-2025-2026.pdf<\/a><\/td>\n                    <td style=\"\">23\/09\/2025 11:48 AM<\/td>\n            <\/tr>\n            <tr id=\"table_3_row_509\">\n                    <td style=\"\">Programaci\u00f3n Parroquial<\/td>\n                    <td style=\"\">P094 SANTO NI\u00d1O DE ATOCHA(ESPA\u00d1A)<\/td>\n                    <td style=\"\">Organismos Eclesiales Laicales (OEL)<\/td>\n                    <td style=\"\">21.Guardia de honor del Sagrado Coraz\u00f3n de Jes\u00fas.<\/td>\n                    <td style=\"\"><\/td>\n                    <td style=\"\"><a href=\"https:\/\/diocesisdeaguascalientes.mx\/vicaria-de-pastoral\/wp-content\/uploads\/sites\/2\/forminator\/10414_47c7fef6f8c6f15ac1daaf1663bdf562\/uploads\/B1bSz3B4suFx-PROGRAMACION-DE-ORGANISMOS-ECLESIALES-LAICALES.pdf\" target=\"_blank\">B1bSz3B4suFx-PROGRAMACION-DE-ORGANISMOS-ECLESIALES-LAICALES.pdf<\/a><\/td>\n                    <td style=\"\">23\/09\/2025 11:47 AM<\/td>\n            <\/tr>\n            <tr id=\"table_3_row_510\">\n                    <td style=\"\">Programaci\u00f3n Parroquial<\/td>\n                    <td style=\"\">P116 SAN JUAN PABLO II(CHICAHUALES I)<\/td>\n                    <td style=\"\">Prof\u00e9tica<\/td>\n                    <td style=\"\"><\/td>\n                    <td style=\"\"><\/td>\n                    <td style=\"\"><a href=\"https:\/\/diocesisdeaguascalientes.mx\/vicaria-de-pastoral\/wp-content\/uploads\/sites\/2\/forminator\/10414_47c7fef6f8c6f15ac1daaf1663bdf562\/uploads\/ejta4CjSejoG-PROGRAMA-DE-PASTORAL-PROFETICA-2025-2026-1.pdf\" target=\"_blank\">ejta4CjSejoG-PROGRAMA-DE-PASTORAL-PROFETICA-2025-2026-1.pdf<\/a><\/td>\n                    <td style=\"\">23\/09\/2025 11:40 AM<\/td>\n            <\/tr>\n            <tr id=\"table_3_row_511\">\n                    <td style=\"\">Programaci\u00f3n Parroquial<\/td>\n                    <td style=\"\">P094 SANTO NI\u00d1O DE ATOCHA(ESPA\u00d1A)<\/td>\n                    <td style=\"\">Prof\u00e9tica<\/td>\n                    <td style=\"\"><\/td>\n                    <td style=\"\"><\/td>\n                    <td style=\"\"><a href=\"https:\/\/diocesisdeaguascalientes.mx\/vicaria-de-pastoral\/wp-content\/uploads\/sites\/2\/forminator\/10414_47c7fef6f8c6f15ac1daaf1663bdf562\/uploads\/XVj3zmYpLcwh-PROGRAMACION-DE-PROFETICA.pdf\" target=\"_blank\">XVj3zmYpLcwh-PROGRAMACION-DE-PROFETICA.pdf<\/a><\/td>\n                    <td style=\"\">23\/09\/2025 11:39 AM<\/td>\n            <\/tr>\n            <tr id=\"table_3_row_512\">\n                    <td style=\"\">Programaci\u00f3n Parroquial<\/td>\n                    <td style=\"\">P083 SAGRADO CORAZ\u00d3N DE JES\u00daS(LAS CUMBRES)<\/td>\n                    <td style=\"\">Pastoral de la Comunicaci\u00f3n<\/td>\n                    <td style=\"\"><\/td>\n                    <td style=\"\"><\/td>\n                    <td style=\"\"><a href=\"https:\/\/diocesisdeaguascalientes.mx\/vicaria-de-pastoral\/wp-content\/uploads\/sites\/2\/forminator\/10414_47c7fef6f8c6f15ac1daaf1663bdf562\/uploads\/3TGNQoKrGMYf-Pastoral-de-la-Comunicacion.pdf\" target=\"_blank\">3TGNQoKrGMYf-Pastoral-de-la-Comunicacion.pdf<\/a><\/td>\n                    <td style=\"\">23\/09\/2025 11:37 AM<\/td>\n            <\/tr>\n            <tr id=\"table_3_row_513\">\n                    <td style=\"\">Programaci\u00f3n Parroquial<\/td>\n                    <td style=\"\">P083 SAGRADO CORAZ\u00d3N DE JES\u00daS(LAS CUMBRES)<\/td>\n                    <td style=\"\">Juvenil<\/td>\n                    <td style=\"\"><\/td>\n                    <td style=\"\"><\/td>\n                    <td style=\"\"><a href=\"https:\/\/diocesisdeaguascalientes.mx\/vicaria-de-pastoral\/wp-content\/uploads\/sites\/2\/forminator\/10414_47c7fef6f8c6f15ac1daaf1663bdf562\/uploads\/2GNgysldClds-Pastoral-Juvenil.pdf\" target=\"_blank\">2GNgysldClds-Pastoral-Juvenil.pdf<\/a><\/td>\n                    <td style=\"\">23\/09\/2025 11:34 AM<\/td>\n            <\/tr>\n            <tr id=\"table_3_row_514\">\n                    <td style=\"\">Programaci\u00f3n Parroquial<\/td>\n                    <td style=\"\">P083 SAGRADO CORAZ\u00d3N DE JES\u00daS(LAS CUMBRES)<\/td>\n                    <td style=\"\">Adolescentes<\/td>\n                    <td style=\"\"><\/td>\n                    <td style=\"\"><\/td>\n                    <td style=\"\"><a href=\"https:\/\/diocesisdeaguascalientes.mx\/vicaria-de-pastoral\/wp-content\/uploads\/sites\/2\/forminator\/10414_47c7fef6f8c6f15ac1daaf1663bdf562\/uploads\/oFpHqER28mW7-Pastoral-de-Adolescentes.pdf\" target=\"_blank\">oFpHqER28mW7-Pastoral-de-Adolescentes.pdf<\/a><\/td>\n                    <td style=\"\">23\/09\/2025 11:33 AM<\/td>\n            <\/tr>\n            <tr id=\"table_3_row_515\">\n                    <td style=\"\">Programaci\u00f3n Parroquial<\/td>\n                    <td style=\"\">P083 SAGRADO CORAZ\u00d3N DE JES\u00daS(LAS CUMBRES)<\/td>\n                    <td style=\"\">Familiar<\/td>\n                    <td style=\"\"><\/td>\n                    <td style=\"\"><\/td>\n                    <td style=\"\"><a href=\"https:\/\/diocesisdeaguascalientes.mx\/vicaria-de-pastoral\/wp-content\/uploads\/sites\/2\/forminator\/10414_47c7fef6f8c6f15ac1daaf1663bdf562\/uploads\/MgBL4cnoSg5d-Pastoral-Familiar.pdf\" target=\"_blank\">MgBL4cnoSg5d-Pastoral-Familiar.pdf<\/a><\/td>\n                    <td style=\"\">23\/09\/2025 11:32 AM<\/td>\n            <\/tr>\n            <tr id=\"table_3_row_516\">\n                    <td style=\"\">Programaci\u00f3n de Capellan\u00eda<\/td>\n                    <td style=\"\"><\/td>\n                    <td style=\"\">Lit\u00fargica<\/td>\n                    <td style=\"\"><\/td>\n                    <td style=\"\"><\/td>\n                    <td style=\"\"><a href=\"https:\/\/diocesisdeaguascalientes.mx\/vicaria-de-pastoral\/wp-content\/uploads\/sites\/2\/forminator\/10414_47c7fef6f8c6f15ac1daaf1663bdf562\/uploads\/oUiMmKVT2n16-P.-LITURGICA.pdf\" target=\"_blank\">oUiMmKVT2n16-P.-LITURGICA.pdf<\/a><\/td>\n                    <td style=\"\">23\/09\/2025 11:32 AM<\/td>\n            <\/tr>\n            <tr id=\"table_3_row_517\">\n                    <td style=\"\">Programaci\u00f3n Parroquial<\/td>\n                    <td style=\"\">P083 SAGRADO CORAZ\u00d3N DE JES\u00daS(LAS CUMBRES)<\/td>\n                    <td style=\"\">Social<\/td>\n                    <td style=\"\"><\/td>\n                    <td style=\"\"><\/td>\n                    <td style=\"\"><a href=\"https:\/\/diocesisdeaguascalientes.mx\/vicaria-de-pastoral\/wp-content\/uploads\/sites\/2\/forminator\/10414_47c7fef6f8c6f15ac1daaf1663bdf562\/uploads\/pvYIhufO7wrW-Pastoral-Social.pdf\" target=\"_blank\">pvYIhufO7wrW-Pastoral-Social.pdf<\/a><\/td>\n                    <td style=\"\">23\/09\/2025 11:31 AM<\/td>\n            <\/tr>\n            <tr id=\"table_3_row_518\">\n                    <td style=\"\">Programaci\u00f3n Parroquial<\/td>\n                    <td style=\"\">P083 SAGRADO CORAZ\u00d3N DE JES\u00daS(LAS CUMBRES)<\/td>\n                    <td style=\"\">Lit\u00fargica<\/td>\n                    <td style=\"\"><\/td>\n                    <td style=\"\"><\/td>\n                    <td style=\"\"><a href=\"https:\/\/diocesisdeaguascalientes.mx\/vicaria-de-pastoral\/wp-content\/uploads\/sites\/2\/forminator\/10414_47c7fef6f8c6f15ac1daaf1663bdf562\/uploads\/dQNCZZD1tLSi-Pastoral-Liturgica.pdf\" target=\"_blank\">dQNCZZD1tLSi-Pastoral-Liturgica.pdf<\/a><\/td>\n                    <td style=\"\">23\/09\/2025 11:30 AM<\/td>\n            <\/tr>\n            <tr id=\"table_3_row_519\">\n                    <td style=\"\">Programaci\u00f3n Parroquial<\/td>\n                    <td style=\"\">P116 SAN JUAN PABLO II(CHICAHUALES I)<\/td>\n                    <td style=\"\">Animaci\u00f3n Pastoral (CPP)<\/td>\n                    <td style=\"\"><\/td>\n                    <td style=\"\"><\/td>\n                    <td style=\"\"><a href=\"https:\/\/diocesisdeaguascalientes.mx\/vicaria-de-pastoral\/wp-content\/uploads\/sites\/2\/forminator\/10414_47c7fef6f8c6f15ac1daaf1663bdf562\/uploads\/UKYxiu7uZmmL-PROGRAMA-DE-PASTORAL-ANIMACION-PARROQUIAL-2025-2026.pdf\" target=\"_blank\">UKYxiu7uZmmL-PROGRAMA-DE-PASTORAL-ANIMACION-PARROQUIAL-2025-2026.pdf<\/a><\/td>\n                    <td style=\"\">23\/09\/2025 11:29 AM<\/td>\n            <\/tr>\n            <tr id=\"table_3_row_520\">\n                    <td style=\"\">Programaci\u00f3n Parroquial<\/td>\n                    <td style=\"\">P083 SAGRADO CORAZ\u00d3N DE JES\u00daS(LAS CUMBRES)<\/td>\n                    <td style=\"\">Prof\u00e9tica<\/td>\n                    <td style=\"\"><\/td>\n                    <td style=\"\"><\/td>\n                    <td style=\"\"><a href=\"https:\/\/diocesisdeaguascalientes.mx\/vicaria-de-pastoral\/wp-content\/uploads\/sites\/2\/forminator\/10414_47c7fef6f8c6f15ac1daaf1663bdf562\/uploads\/saNVU5ybY9dj-Pastoral-Profetica.pdf\" target=\"_blank\">saNVU5ybY9dj-Pastoral-Profetica.pdf<\/a><\/td>\n                    <td style=\"\">23\/09\/2025 11:28 AM<\/td>\n            <\/tr>\n            <tr id=\"table_3_row_521\">\n                    <td style=\"\">Programaci\u00f3n Parroquial<\/td>\n                    <td style=\"\">P116 SAN JUAN PABLO II(CHICAHUALES I)<\/td>\n                    <td style=\"\">Social<\/td>\n                    <td style=\"\"><\/td>\n                    <td style=\"\"><\/td>\n                    <td style=\"\"><a href=\"https:\/\/diocesisdeaguascalientes.mx\/vicaria-de-pastoral\/wp-content\/uploads\/sites\/2\/forminator\/10414_47c7fef6f8c6f15ac1daaf1663bdf562\/uploads\/0l02dMe1dVMw-PROGRAMA-DE-PASTORAL-SOCIAL-2025-2026.pdf\" target=\"_blank\">0l02dMe1dVMw-PROGRAMA-DE-PASTORAL-SOCIAL-2025-2026.pdf<\/a><\/td>\n                    <td style=\"\">23\/09\/2025 11:05 AM<\/td>\n            <\/tr>\n            <tr id=\"table_3_row_522\">\n                    <td style=\"\">Programaci\u00f3n Parroquial<\/td>\n                    <td style=\"\">P116 SAN JUAN PABLO II(CHICAHUALES I)<\/td>\n                    <td style=\"\">Organismos Eclesiales Laicales (OEL)<\/td>\n                    <td style=\"\">Otro<\/td>\n                    <td style=\"\">GRUPOS Y MOVIMIENTOS<\/td>\n                    <td style=\"\"><a href=\"https:\/\/diocesisdeaguascalientes.mx\/vicaria-de-pastoral\/wp-content\/uploads\/sites\/2\/forminator\/10414_47c7fef6f8c6f15ac1daaf1663bdf562\/uploads\/nDrn0XFkjPTE-PROGRAMA-DE-PASTORAL-GRUPOS-Y-MOVIEMIENTOS-2025-2026.pdf\" target=\"_blank\">nDrn0XFkjPTE-PROGRAMA-DE-PASTORAL-GRUPOS-Y-MOVIEMIENTOS-2025-2026.pdf<\/a><\/td>\n                    <td style=\"\">23\/09\/2025 10:54 AM<\/td>\n            <\/tr>\n            <tr id=\"table_3_row_523\">\n                    <td style=\"\">Programaci\u00f3n Parroquial<\/td>\n                    <td style=\"\">P005 SANTOS ARC\u00c1NGELES(JES\u00daS TER\u00c1N)<\/td>\n                    <td style=\"\">Prof\u00e9tica<\/td>\n                    <td style=\"\"><\/td>\n                    <td style=\"\"><\/td>\n                    <td style=\"\"><a href=\"https:\/\/diocesisdeaguascalientes.mx\/vicaria-de-pastoral\/wp-content\/uploads\/sites\/2\/forminator\/10414_47c7fef6f8c6f15ac1daaf1663bdf562\/uploads\/hWvF86ZccMU7-programacion-2025-2026-catequesis-infantil.pdf\" target=\"_blank\">hWvF86ZccMU7-programacion-2025-2026-catequesis-infantil.pdf<\/a><\/td>\n                    <td style=\"\">23\/09\/2025 10:48 AM<\/td>\n            <\/tr>\n            <tr id=\"table_3_row_524\">\n                    <td style=\"\">Programaci\u00f3n Parroquial<\/td>\n                    <td style=\"\">P090 SANTA CRUZ DE JERUSAL\u00c9N(MART\u00cdNEZ DOMINGUEZ)<\/td>\n                    <td style=\"\">Adolescentes<\/td>\n                    <td style=\"\"><\/td>\n                    <td style=\"\"><\/td>\n                    <td style=\"\"><a href=\"https:\/\/diocesisdeaguascalientes.mx\/vicaria-de-pastoral\/wp-content\/uploads\/sites\/2\/forminator\/10414_47c7fef6f8c6f15ac1daaf1663bdf562\/uploads\/dcy5YE35Nhcw-PROGRAMACION-2025-2026-PASTORAL-ADOLESCENTES-SANTA-CRUZ.pdf\" target=\"_blank\">dcy5YE35Nhcw-PROGRAMACION-2025-2026-PASTORAL-ADOLESCENTES-SANTA-CRUZ.pdf<\/a><\/td>\n                    <td style=\"\">23\/09\/2025 10:43 AM<\/td>\n            <\/tr>\n            <tr id=\"table_3_row_525\">\n                    <td style=\"\">Programaci\u00f3n Parroquial<\/td>\n                    <td style=\"\">P116 SAN JUAN PABLO II(CHICAHUALES I)<\/td>\n                    <td style=\"\">Lit\u00fargica<\/td>\n                    <td style=\"\"><\/td>\n                    <td style=\"\"><\/td>\n                    <td style=\"\"><a href=\"https:\/\/diocesisdeaguascalientes.mx\/vicaria-de-pastoral\/wp-content\/uploads\/sites\/2\/forminator\/10414_47c7fef6f8c6f15ac1daaf1663bdf562\/uploads\/hqKCrpbaeEQC-PROGRAMA-DE-PASTORAL-LITUTGICA-2025-2026.pdf\" target=\"_blank\">hqKCrpbaeEQC-PROGRAMA-DE-PASTORAL-LITUTGICA-2025-2026.pdf<\/a><\/td>\n                    <td style=\"\">23\/09\/2025 10:40 AM<\/td>\n            <\/tr>\n            <tr id=\"table_3_row_526\">\n                    <td style=\"\">Programaci\u00f3n Parroquial<\/td>\n                    <td style=\"\">P116 SAN JUAN PABLO II(CHICAHUALES I)<\/td>\n                    <td style=\"\">Familiar<\/td>\n                    <td style=\"\"><\/td>\n                    <td style=\"\"><\/td>\n                    <td style=\"\"><a href=\"https:\/\/diocesisdeaguascalientes.mx\/vicaria-de-pastoral\/wp-content\/uploads\/sites\/2\/forminator\/10414_47c7fef6f8c6f15ac1daaf1663bdf562\/uploads\/iPdo9AqN4q0q-PROGRAMA-DE-PASTORAL-FAMILIAR-2025-2026.pdf\" target=\"_blank\">iPdo9AqN4q0q-PROGRAMA-DE-PASTORAL-FAMILIAR-2025-2026.pdf<\/a><\/td>\n                    <td style=\"\">23\/09\/2025 10:33 AM<\/td>\n            <\/tr>\n            <tr id=\"table_3_row_527\">\n                    <td style=\"\">Programaci\u00f3n Parroquial<\/td>\n                    <td style=\"\">P089 NUESTRA SE\u00d1ORA DE SAN JUAN DE LOS LAGOS(SAN PABLO)<\/td>\n                    <td style=\"\">Organismos Eclesiales Laicales (OEL)<\/td>\n                    <td style=\"\">Otro<\/td>\n                    <td style=\"\">VALORA<\/td>\n                    <td style=\"\"><a href=\"https:\/\/diocesisdeaguascalientes.mx\/vicaria-de-pastoral\/wp-content\/uploads\/sites\/2\/forminator\/10414_47c7fef6f8c6f15ac1daaf1663bdf562\/uploads\/KbjYhAlfwumn-Programa-Pastoral_formato-2025_OEL_Valora.pdf\" target=\"_blank\">KbjYhAlfwumn-Programa-Pastoral_formato-2025_OEL_Valora.pdf<\/a><\/td>\n                    <td style=\"\">23\/09\/2025 09:35 AM<\/td>\n            <\/tr>\n            <tr id=\"table_3_row_528\">\n                    <td style=\"\">Programaci\u00f3n Parroquial<\/td>\n                    <td style=\"\">P089 NUESTRA SE\u00d1ORA DE SAN JUAN DE LOS LAGOS(SAN PABLO)<\/td>\n                    <td style=\"\">Organismos Eclesiales Laicales (OEL)<\/td>\n                    <td style=\"\">3.Adoraci\u00f3n, Comunidad, Trabajo, Servicio (ACTS)<\/td>\n                    <td style=\"\"><\/td>\n                    <td style=\"\"><a href=\"https:\/\/diocesisdeaguascalientes.mx\/vicaria-de-pastoral\/wp-content\/uploads\/sites\/2\/forminator\/10414_47c7fef6f8c6f15ac1daaf1663bdf562\/uploads\/40XcRIqwTxdh-Programa-Past.-Org.-Lai.-ACTs.pdf\" target=\"_blank\">40XcRIqwTxdh-Programa-Past.-Org.-Lai.-ACTs.pdf<\/a><\/td>\n                    <td style=\"\">23\/09\/2025 09:34 AM<\/td>\n            <\/tr>\n            <tr id=\"table_3_row_529\">\n                    <td style=\"\">Programaci\u00f3n Parroquial<\/td>\n                    <td style=\"\">P089 NUESTRA SE\u00d1ORA DE SAN JUAN DE LOS LAGOS(SAN PABLO)<\/td>\n                    <td style=\"\">Pastoral de la Comunicaci\u00f3n<\/td>\n                    <td style=\"\"><\/td>\n                    <td style=\"\"><\/td>\n                    <td style=\"\"><a href=\"https:\/\/diocesisdeaguascalientes.mx\/vicaria-de-pastoral\/wp-content\/uploads\/sites\/2\/forminator\/10414_47c7fef6f8c6f15ac1daaf1663bdf562\/uploads\/sUHPk99NGQuq-Programa-Past.-Comunicacion.pdf\" target=\"_blank\">sUHPk99NGQuq-Programa-Past.-Comunicacion.pdf<\/a><\/td>\n                    <td style=\"\">23\/09\/2025 09:33 AM<\/td>\n            <\/tr>\n            <tr id=\"table_3_row_530\">\n                    <td style=\"\">Programaci\u00f3n Parroquial<\/td>\n                    <td style=\"\">P089 NUESTRA SE\u00d1ORA DE SAN JUAN DE LOS LAGOS(SAN PABLO)<\/td>\n                    <td style=\"\">Juvenil<\/td>\n                    <td style=\"\"><\/td>\n                    <td style=\"\"><\/td>\n                    <td style=\"\"><a href=\"https:\/\/diocesisdeaguascalientes.mx\/vicaria-de-pastoral\/wp-content\/uploads\/sites\/2\/forminator\/10414_47c7fef6f8c6f15ac1daaf1663bdf562\/uploads\/HYVRw1nxhXDY-Programa-Past.-Jovenes.pdf\" target=\"_blank\">HYVRw1nxhXDY-Programa-Past.-Jovenes.pdf<\/a><\/td>\n                    <td style=\"\">23\/09\/2025 09:32 AM<\/td>\n            <\/tr>\n            <tr id=\"table_3_row_531\">\n                    <td style=\"\">Programaci\u00f3n Parroquial<\/td>\n                    <td style=\"\">P089 NUESTRA SE\u00d1ORA DE SAN JUAN DE LOS LAGOS(SAN PABLO)<\/td>\n                    <td style=\"\">Adolescentes<\/td>\n                    <td style=\"\"><\/td>\n                    <td style=\"\"><\/td>\n                    <td style=\"\"><a href=\"https:\/\/diocesisdeaguascalientes.mx\/vicaria-de-pastoral\/wp-content\/uploads\/sites\/2\/forminator\/10414_47c7fef6f8c6f15ac1daaf1663bdf562\/uploads\/wnsM7S4ZpJd2-programa-Past.-Adolescentes.pdf\" target=\"_blank\">wnsM7S4ZpJd2-programa-Past.-Adolescentes.pdf<\/a><\/td>\n                    <td style=\"\">23\/09\/2025 09:31 AM<\/td>\n            <\/tr>\n            <tr id=\"table_3_row_532\">\n                    <td style=\"\">Programaci\u00f3n Parroquial<\/td>\n                    <td style=\"\">P089 NUESTRA SE\u00d1ORA DE SAN JUAN DE LOS LAGOS(SAN PABLO)<\/td>\n                    <td style=\"\">Familiar<\/td>\n                    <td style=\"\"><\/td>\n                    <td style=\"\"><\/td>\n                    <td style=\"\"><a href=\"https:\/\/diocesisdeaguascalientes.mx\/vicaria-de-pastoral\/wp-content\/uploads\/sites\/2\/forminator\/10414_47c7fef6f8c6f15ac1daaf1663bdf562\/uploads\/u3nUp8lRPqUm-Programa-Past.-Familiar.pdf\" target=\"_blank\">u3nUp8lRPqUm-Programa-Past.-Familiar.pdf<\/a><\/td>\n                    <td style=\"\">23\/09\/2025 09:31 AM<\/td>\n            <\/tr>\n            <tr id=\"table_3_row_533\">\n                    <td style=\"\">Programaci\u00f3n Parroquial<\/td>\n                    <td style=\"\">P089 NUESTRA SE\u00d1ORA DE SAN JUAN DE LOS LAGOS(SAN PABLO)<\/td>\n                    <td style=\"\">Social<\/td>\n                    <td style=\"\"><\/td>\n                    <td style=\"\"><\/td>\n                    <td style=\"\"><a href=\"https:\/\/diocesisdeaguascalientes.mx\/vicaria-de-pastoral\/wp-content\/uploads\/sites\/2\/forminator\/10414_47c7fef6f8c6f15ac1daaf1663bdf562\/uploads\/D8ypiyzPxnoQ-Programa-Past.-Social.pdf\" target=\"_blank\">D8ypiyzPxnoQ-Programa-Past.-Social.pdf<\/a><\/td>\n                    <td style=\"\">23\/09\/2025 09:30 AM<\/td>\n            <\/tr>\n            <tr id=\"table_3_row_534\">\n                    <td style=\"\">Programaci\u00f3n Parroquial<\/td>\n                    <td style=\"\">P089 NUESTRA SE\u00d1ORA DE SAN JUAN DE LOS LAGOS(SAN PABLO)<\/td>\n                    <td style=\"\">Lit\u00fargica<\/td>\n                    <td style=\"\"><\/td>\n                    <td style=\"\"><\/td>\n                    <td style=\"\"><a href=\"https:\/\/diocesisdeaguascalientes.mx\/vicaria-de-pastoral\/wp-content\/uploads\/sites\/2\/forminator\/10414_47c7fef6f8c6f15ac1daaf1663bdf562\/uploads\/SkwZIXWFUepv-Programa-Past.-Liturgica-.pdf\" target=\"_blank\">SkwZIXWFUepv-Programa-Past.-Liturgica-.pdf<\/a><\/td>\n                    <td style=\"\">23\/09\/2025 09:29 AM<\/td>\n            <\/tr>\n            <tr id=\"table_3_row_535\">\n                    <td style=\"\">Programaci\u00f3n Parroquial<\/td>\n                    <td style=\"\">P089 NUESTRA SE\u00d1ORA DE SAN JUAN DE LOS LAGOS(SAN PABLO)<\/td>\n                    <td style=\"\">Prof\u00e9tica<\/td>\n                    <td style=\"\"><\/td>\n                    <td style=\"\"><\/td>\n                    <td style=\"\"><a href=\"https:\/\/diocesisdeaguascalientes.mx\/vicaria-de-pastoral\/wp-content\/uploads\/sites\/2\/forminator\/10414_47c7fef6f8c6f15ac1daaf1663bdf562\/uploads\/0tYpWM6zs5mP-Programa-Past.-Profetica.pdf\" target=\"_blank\">0tYpWM6zs5mP-Programa-Past.-Profetica.pdf<\/a><\/td>\n                    <td style=\"\">23\/09\/2025 09:29 AM<\/td>\n            <\/tr>\n            <tr id=\"table_3_row_536\">\n                    <td style=\"\">Programaci\u00f3n Parroquial<\/td>\n                    <td style=\"\">P089 NUESTRA SE\u00d1ORA DE SAN JUAN DE LOS LAGOS(SAN PABLO)<\/td>\n                    <td style=\"\">Animaci\u00f3n Pastoral (CPP)<\/td>\n                    <td style=\"\"><\/td>\n                    <td style=\"\"><\/td>\n                    <td style=\"\"><a href=\"https:\/\/diocesisdeaguascalientes.mx\/vicaria-de-pastoral\/wp-content\/uploads\/sites\/2\/forminator\/10414_47c7fef6f8c6f15ac1daaf1663bdf562\/uploads\/aaIwwxjnNkzG-Programa-Animacion-Pastoral.pdf\" target=\"_blank\">aaIwwxjnNkzG-Programa-Animacion-Pastoral.pdf<\/a><\/td>\n                    <td style=\"\">23\/09\/2025 09:27 AM<\/td>\n            <\/tr>\n            <tr id=\"table_3_row_537\">\n                    <td style=\"\">Programaci\u00f3n Parroquial<\/td>\n                    <td style=\"\">P090 SANTA CRUZ DE JERUSAL\u00c9N(MART\u00cdNEZ DOMINGUEZ)<\/td>\n                    <td style=\"\">Organismos Eclesiales Laicales (OEL)<\/td>\n                    <td style=\"\">Otro<\/td>\n                    <td style=\"\">GRUPO DE VIACRUCIS<\/td>\n                    <td style=\"\"><a href=\"https:\/\/diocesisdeaguascalientes.mx\/vicaria-de-pastoral\/wp-content\/uploads\/sites\/2\/forminator\/10414_47c7fef6f8c6f15ac1daaf1663bdf562\/uploads\/5jedcuATl5kn-PROGRAMACION-VIACRUCIS-2025-2026-SANTA-CRUZ.pdf\" target=\"_blank\">5jedcuATl5kn-PROGRAMACION-VIACRUCIS-2025-2026-SANTA-CRUZ.pdf<\/a><\/td>\n                    <td style=\"\">23\/09\/2025 09:19 AM<\/td>\n            <\/tr>\n            <tr id=\"table_3_row_538\">\n                    <td style=\"\">Programaci\u00f3n Parroquial<\/td>\n                    <td style=\"\">P090 SANTA CRUZ DE JERUSAL\u00c9N(MART\u00cdNEZ DOMINGUEZ)<\/td>\n                    <td style=\"\">Pastoral de la Comunicaci\u00f3n<\/td>\n                    <td style=\"\"><\/td>\n                    <td style=\"\"><\/td>\n                    <td style=\"\"><a href=\"https:\/\/diocesisdeaguascalientes.mx\/vicaria-de-pastoral\/wp-content\/uploads\/sites\/2\/forminator\/10414_47c7fef6f8c6f15ac1daaf1663bdf562\/uploads\/M137ydu31KeB-PROGRAMACION-2025-2026-PASTORAL-COMUNICACION-SANTA-CRUZ.pdf\" target=\"_blank\">M137ydu31KeB-PROGRAMACION-2025-2026-PASTORAL-COMUNICACION-SANTA-CRUZ.pdf<\/a><\/td>\n                    <td style=\"\">23\/09\/2025 09:18 AM<\/td>\n            <\/tr>\n            <tr id=\"table_3_row_539\">\n                    <td style=\"\">Programaci\u00f3n Parroquial<\/td>\n                    <td style=\"\">P090 SANTA CRUZ DE JERUSAL\u00c9N(MART\u00cdNEZ DOMINGUEZ)<\/td>\n                    <td style=\"\">Juvenil<\/td>\n                    <td style=\"\"><\/td>\n                    <td style=\"\"><\/td>\n                    <td style=\"\"><a href=\"https:\/\/diocesisdeaguascalientes.mx\/vicaria-de-pastoral\/wp-content\/uploads\/sites\/2\/forminator\/10414_47c7fef6f8c6f15ac1daaf1663bdf562\/uploads\/YpUozxRY6XFu-PROGRAMACION-2025-2026-PASTORAL-JUVENIL-SANTA-CRUZ.pdf\" target=\"_blank\">YpUozxRY6XFu-PROGRAMACION-2025-2026-PASTORAL-JUVENIL-SANTA-CRUZ.pdf<\/a><\/td>\n                    <td style=\"\">23\/09\/2025 09:18 AM<\/td>\n            <\/tr>\n            <tr id=\"table_3_row_540\">\n                    <td style=\"\">Programaci\u00f3n Parroquial<\/td>\n                    <td style=\"\">P090 SANTA CRUZ DE JERUSAL\u00c9N(MART\u00cdNEZ DOMINGUEZ)<\/td>\n                    <td style=\"\">Lit\u00fargica<\/td>\n                    <td style=\"\"><\/td>\n                    <td style=\"\"><\/td>\n                    <td style=\"\"><a href=\"https:\/\/diocesisdeaguascalientes.mx\/vicaria-de-pastoral\/wp-content\/uploads\/sites\/2\/forminator\/10414_47c7fef6f8c6f15ac1daaf1663bdf562\/uploads\/bK12pXkoWn4o-PROGRAMACION-2025-2026-PASTORAL-LITURGICA-SANTA-CRUZ.pdf\" target=\"_blank\">bK12pXkoWn4o-PROGRAMACION-2025-2026-PASTORAL-LITURGICA-SANTA-CRUZ.pdf<\/a><\/td>\n                    <td style=\"\">23\/09\/2025 09:17 AM<\/td>\n            <\/tr>\n            <tr id=\"table_3_row_541\">\n                    <td style=\"\">Programaci\u00f3n Parroquial<\/td>\n                    <td style=\"\">P090 SANTA CRUZ DE JERUSAL\u00c9N(MART\u00cdNEZ DOMINGUEZ)<\/td>\n                    <td style=\"\">Prof\u00e9tica<\/td>\n                    <td style=\"\"><\/td>\n                    <td style=\"\"><\/td>\n                    <td style=\"\"><a href=\"https:\/\/diocesisdeaguascalientes.mx\/vicaria-de-pastoral\/wp-content\/uploads\/sites\/2\/forminator\/10414_47c7fef6f8c6f15ac1daaf1663bdf562\/uploads\/nJVcIOvIdnAp-PROGRAMACION-2025-2026-PASTORAL-PROFETICA-SANTA-CRUZ.pdf\" target=\"_blank\">nJVcIOvIdnAp-PROGRAMACION-2025-2026-PASTORAL-PROFETICA-SANTA-CRUZ.pdf<\/a><\/td>\n                    <td style=\"\">23\/09\/2025 09:17 AM<\/td>\n            <\/tr>\n            <tr id=\"table_3_row_542\">\n                    <td style=\"\">Programaci\u00f3n Parroquial<\/td>\n                    <td style=\"\">P031 NUESTRA SE\u00d1ORA DE GUADALUPE (SANTUARIO)(BARRIO DE GUADALUPE)<\/td>\n                    <td style=\"\">Lit\u00fargica<\/td>\n                    <td style=\"\"><\/td>\n                    <td style=\"\"><\/td>\n                    <td style=\"\"><a href=\"https:\/\/diocesisdeaguascalientes.mx\/vicaria-de-pastoral\/wp-content\/uploads\/sites\/2\/forminator\/10414_47c7fef6f8c6f15ac1daaf1663bdf562\/uploads\/QtGvdwfgJqpk-liturgica.pdf\" target=\"_blank\">QtGvdwfgJqpk-liturgica.pdf<\/a><\/td>\n                    <td style=\"\">22\/09\/2025 10:36 PM<\/td>\n            <\/tr>\n            <tr id=\"table_3_row_543\">\n                    <td style=\"\">Programaci\u00f3n Parroquial<\/td>\n                    <td style=\"\">P041 JES\u00daS, MAR\u00cdA Y JOS\u00c9(OJO CALIENTE I)<\/td>\n                    <td style=\"\">Animaci\u00f3n Pastoral (CPP)<\/td>\n                    <td style=\"\"><\/td>\n                    <td style=\"\"><\/td>\n                    <td style=\"\"><a href=\"https:\/\/diocesisdeaguascalientes.mx\/vicaria-de-pastoral\/wp-content\/uploads\/sites\/2\/forminator\/10414_47c7fef6f8c6f15ac1daaf1663bdf562\/uploads\/9KL1yfQR0cBz-ESQUEMA-DE-PROGRAMACION-25-26-Animacion-Parr.pdf\" target=\"_blank\">9KL1yfQR0cBz-ESQUEMA-DE-PROGRAMACION-25-26-Animacion-Parr.pdf<\/a><\/td>\n                    <td style=\"\">22\/09\/2025 09:00 PM<\/td>\n            <\/tr>\n            <tr id=\"table_3_row_544\">\n                    <td style=\"\">Programaci\u00f3n Parroquial<\/td>\n                    <td style=\"\">P068 PABELL\u00d3N DE GUADALUPE(PABELL\u00d3N DE ARTEAGA)<\/td>\n                    <td style=\"\">Adolescentes<\/td>\n                    <td style=\"\"><\/td>\n                    <td style=\"\"><\/td>\n                    <td style=\"\"><a href=\"https:\/\/diocesisdeaguascalientes.mx\/vicaria-de-pastoral\/wp-content\/uploads\/sites\/2\/forminator\/10414_47c7fef6f8c6f15ac1daaf1663bdf562\/uploads\/2rTSP5zBsmzn-PROGRAMACION-PASTORAL-DE-ADOLESCENTES.pdf\" target=\"_blank\">2rTSP5zBsmzn-PROGRAMACION-PASTORAL-DE-ADOLESCENTES.pdf<\/a><\/td>\n                    <td style=\"\">22\/09\/2025 08:56 PM<\/td>\n            <\/tr>\n            <tr id=\"table_3_row_545\">\n                    <td style=\"\">Programaci\u00f3n Parroquial<\/td>\n                    <td style=\"\">P035 NUESTRA SE\u00d1ORA DE GUADALUPE(JALTICHE DE ARRIBA)<\/td>\n                    <td style=\"\">Familiar<\/td>\n                    <td style=\"\"><\/td>\n                    <td style=\"\"><\/td>\n                    <td style=\"\"><a href=\"https:\/\/diocesisdeaguascalientes.mx\/vicaria-de-pastoral\/wp-content\/uploads\/sites\/2\/forminator\/10414_47c7fef6f8c6f15ac1daaf1663bdf562\/uploads\/L21pMKXjBcvY-PASTORAL-FAMILIAR.pdf\" target=\"_blank\">L21pMKXjBcvY-PASTORAL-FAMILIAR.pdf<\/a><\/td>\n                    <td style=\"\">22\/09\/2025 08:38 PM<\/td>\n            <\/tr>\n            <tr id=\"table_3_row_546\">\n                    <td style=\"\">Programaci\u00f3n Parroquial<\/td>\n                    <td style=\"\">P035 NUESTRA SE\u00d1ORA DE GUADALUPE(JALTICHE DE ARRIBA)<\/td>\n                    <td style=\"\">Social<\/td>\n                    <td style=\"\"><\/td>\n                    <td style=\"\"><\/td>\n                    <td style=\"\"><a href=\"https:\/\/diocesisdeaguascalientes.mx\/vicaria-de-pastoral\/wp-content\/uploads\/sites\/2\/forminator\/10414_47c7fef6f8c6f15ac1daaf1663bdf562\/uploads\/eaOd3WwZyfkq-PASTORAL-SOCIAL.pdf\" target=\"_blank\">eaOd3WwZyfkq-PASTORAL-SOCIAL.pdf<\/a><\/td>\n                    <td style=\"\">22\/09\/2025 08:36 PM<\/td>\n            <\/tr>\n            <tr id=\"table_3_row_547\">\n                    <td style=\"\">Programaci\u00f3n Parroquial<\/td>\n                    <td style=\"\">P035 NUESTRA SE\u00d1ORA DE GUADALUPE(JALTICHE DE ARRIBA)<\/td>\n                    <td style=\"\">Lit\u00fargica<\/td>\n                    <td style=\"\"><\/td>\n                    <td style=\"\"><\/td>\n                    <td style=\"\"><a href=\"https:\/\/diocesisdeaguascalientes.mx\/vicaria-de-pastoral\/wp-content\/uploads\/sites\/2\/forminator\/10414_47c7fef6f8c6f15ac1daaf1663bdf562\/uploads\/tgV7fJv48eLF-PASTORAL-LITURGICA.pdf\" target=\"_blank\">tgV7fJv48eLF-PASTORAL-LITURGICA.pdf<\/a><\/td>\n                    <td style=\"\">22\/09\/2025 08:35 PM<\/td>\n            <\/tr>\n            <tr id=\"table_3_row_548\">\n                    <td style=\"\">Programaci\u00f3n Parroquial<\/td>\n                    <td style=\"\">P035 NUESTRA SE\u00d1ORA DE GUADALUPE(JALTICHE DE ARRIBA)<\/td>\n                    <td style=\"\">Prof\u00e9tica<\/td>\n                    <td style=\"\"><\/td>\n                    <td style=\"\"><\/td>\n                    <td style=\"\"><a href=\"https:\/\/diocesisdeaguascalientes.mx\/vicaria-de-pastoral\/wp-content\/uploads\/sites\/2\/forminator\/10414_47c7fef6f8c6f15ac1daaf1663bdf562\/uploads\/fzOtaGg1BBn6-PASTORAL-PROFETICA.pdf\" target=\"_blank\">fzOtaGg1BBn6-PASTORAL-PROFETICA.pdf<\/a><\/td>\n                    <td style=\"\">22\/09\/2025 08:34 PM<\/td>\n            <\/tr>\n            <tr id=\"table_3_row_549\">\n                    <td style=\"\">Programaci\u00f3n Parroquial<\/td>\n                    <td style=\"\">P041 JES\u00daS, MAR\u00cdA Y JOS\u00c9(OJO CALIENTE I)<\/td>\n                    <td style=\"\">Organismos Eclesiales Laicales (OEL)<\/td>\n                    <td style=\"\">Otro<\/td>\n                    <td style=\"\">Movimiento Familiar Cristiano, Renovacion, Adoracion Nocturna<\/td>\n                    <td style=\"\"><a href=\"https:\/\/diocesisdeaguascalientes.mx\/vicaria-de-pastoral\/wp-content\/uploads\/sites\/2\/forminator\/10414_47c7fef6f8c6f15ac1daaf1663bdf562\/uploads\/Snc4w6n8WYqo-ESQUEMA-DE-PROGRAMACION-25-26-OL.pdf\" target=\"_blank\">Snc4w6n8WYqo-ESQUEMA-DE-PROGRAMACION-25-26-OL.pdf<\/a><\/td>\n                    <td style=\"\">22\/09\/2025 08:15 PM<\/td>\n            <\/tr>\n            <tr id=\"table_3_row_550\">\n                    <td style=\"\">Programaci\u00f3n Parroquial<\/td>\n                    <td style=\"\">P094 SANTO NI\u00d1O DE ATOCHA(ESPA\u00d1A)<\/td>\n                    <td style=\"\">Organismos Eclesiales Laicales (OEL)<\/td>\n                    <td style=\"\">3.Adoraci\u00f3n, Comunidad, Trabajo, Servicio (ACTS)<\/td>\n                    <td style=\"\"><\/td>\n                    <td style=\"\"><a href=\"https:\/\/diocesisdeaguascalientes.mx\/vicaria-de-pastoral\/wp-content\/uploads\/sites\/2\/forminator\/10414_47c7fef6f8c6f15ac1daaf1663bdf562\/uploads\/qxMqZ6kjxsdr-PROGRAMACION-DE-ORGANISMOS-ECLESIALES-LAICALES.pdf\" target=\"_blank\">qxMqZ6kjxsdr-PROGRAMACION-DE-ORGANISMOS-ECLESIALES-LAICALES.pdf<\/a><\/td>\n                    <td style=\"\">22\/09\/2025 07:19 PM<\/td>\n            <\/tr>\n            <tr id=\"table_3_row_551\">\n                    <td style=\"\">Programaci\u00f3n Parroquial<\/td>\n                    <td style=\"\">P094 SANTO NI\u00d1O DE ATOCHA(ESPA\u00d1A)<\/td>\n                    <td style=\"\">Pastoral de la Comunicaci\u00f3n<\/td>\n                    <td style=\"\"><\/td>\n                    <td style=\"\"><\/td>\n                    <td style=\"\"><a href=\"https:\/\/diocesisdeaguascalientes.mx\/vicaria-de-pastoral\/wp-content\/uploads\/sites\/2\/forminator\/10414_47c7fef6f8c6f15ac1daaf1663bdf562\/uploads\/96WYwxJBvqYf-PROGRAMACION-DE-COMUNICACION.pdf\" target=\"_blank\">96WYwxJBvqYf-PROGRAMACION-DE-COMUNICACION.pdf<\/a><\/td>\n                    <td style=\"\">22\/09\/2025 07:17 PM<\/td>\n            <\/tr>\n            <tr id=\"table_3_row_552\">\n                    <td style=\"\">Programaci\u00f3n Parroquial<\/td>\n                    <td style=\"\">P094 SANTO NI\u00d1O DE ATOCHA(ESPA\u00d1A)<\/td>\n                    <td style=\"\">Adolescentes<\/td>\n                    <td style=\"\"><\/td>\n                    <td style=\"\"><\/td>\n                    <td style=\"\"><a href=\"https:\/\/diocesisdeaguascalientes.mx\/vicaria-de-pastoral\/wp-content\/uploads\/sites\/2\/forminator\/10414_47c7fef6f8c6f15ac1daaf1663bdf562\/uploads\/lde61kYxDNuo-PROGRAMACION-DE-ADOLESCENTES.pdf\" target=\"_blank\">lde61kYxDNuo-PROGRAMACION-DE-ADOLESCENTES.pdf<\/a><\/td>\n                    <td style=\"\">22\/09\/2025 07:16 PM<\/td>\n            <\/tr>\n            <tr id=\"table_3_row_553\">\n                    <td style=\"\">Programaci\u00f3n Parroquial<\/td>\n                    <td style=\"\">P094 SANTO NI\u00d1O DE ATOCHA(ESPA\u00d1A)<\/td>\n                    <td style=\"\">Social<\/td>\n                    <td style=\"\"><\/td>\n                    <td style=\"\"><\/td>\n                    <td style=\"\"><a href=\"https:\/\/diocesisdeaguascalientes.mx\/vicaria-de-pastoral\/wp-content\/uploads\/sites\/2\/forminator\/10414_47c7fef6f8c6f15ac1daaf1663bdf562\/uploads\/vHJsA4VxxpOP-PROGRAMACION-PASTORAL-SOCIAL.pdf\" target=\"_blank\">vHJsA4VxxpOP-PROGRAMACION-PASTORAL-SOCIAL.pdf<\/a><\/td>\n                    <td style=\"\">22\/09\/2025 07:15 PM<\/td>\n            <\/tr>\n            <tr id=\"table_3_row_554\">\n                    <td style=\"\">Programaci\u00f3n Parroquial<\/td>\n                    <td style=\"\">P094 SANTO NI\u00d1O DE ATOCHA(ESPA\u00d1A)<\/td>\n                    <td style=\"\">Lit\u00fargica<\/td>\n                    <td style=\"\"><\/td>\n                    <td style=\"\"><\/td>\n                    <td style=\"\"><a href=\"https:\/\/diocesisdeaguascalientes.mx\/vicaria-de-pastoral\/wp-content\/uploads\/sites\/2\/forminator\/10414_47c7fef6f8c6f15ac1daaf1663bdf562\/uploads\/zKouwvpECVUO-PROGRAMACION-LITURGICA.pdf\" target=\"_blank\">zKouwvpECVUO-PROGRAMACION-LITURGICA.pdf<\/a><\/td>\n                    <td style=\"\">22\/09\/2025 07:14 PM<\/td>\n            <\/tr>\n            <tr id=\"table_3_row_555\">\n                    <td style=\"\">Programaci\u00f3n Parroquial<\/td>\n                    <td style=\"\">P094 SANTO NI\u00d1O DE ATOCHA(ESPA\u00d1A)<\/td>\n                    <td style=\"\">Familiar<\/td>\n                    <td style=\"\"><\/td>\n                    <td style=\"\"><\/td>\n                    <td style=\"\"><a href=\"https:\/\/diocesisdeaguascalientes.mx\/vicaria-de-pastoral\/wp-content\/uploads\/sites\/2\/forminator\/10414_47c7fef6f8c6f15ac1daaf1663bdf562\/uploads\/mpwvHJaVXthv-PROGRAMACION-PASTORAL-FAMILIAR.pdf\" target=\"_blank\">mpwvHJaVXthv-PROGRAMACION-PASTORAL-FAMILIAR.pdf<\/a><\/td>\n                    <td style=\"\">22\/09\/2025 07:13 PM<\/td>\n            <\/tr>\n            <tr id=\"table_3_row_556\">\n                    <td style=\"\">Programaci\u00f3n Parroquial<\/td>\n                    <td style=\"\">P094 SANTO NI\u00d1O DE ATOCHA(ESPA\u00d1A)<\/td>\n                    <td style=\"\">Animaci\u00f3n Pastoral (CPP)<\/td>\n                    <td style=\"\"><\/td>\n                    <td style=\"\"><\/td>\n                    <td style=\"\"><a href=\"https:\/\/diocesisdeaguascalientes.mx\/vicaria-de-pastoral\/wp-content\/uploads\/sites\/2\/forminator\/10414_47c7fef6f8c6f15ac1daaf1663bdf562\/uploads\/4LZVw5bN5ENy-PROGRAMACION-CONSEJO.pdf\" target=\"_blank\">4LZVw5bN5ENy-PROGRAMACION-CONSEJO.pdf<\/a><\/td>\n                    <td style=\"\">22\/09\/2025 07:11 PM<\/td>\n            <\/tr>\n            <tr id=\"table_3_row_557\">\n                    <td style=\"\">Programaci\u00f3n Parroquial<\/td>\n                    <td style=\"\">P003 EL SE\u00d1OR DE LAS ANGUSTIAS(RINC\u00d3N DE ROMOS)<\/td>\n                    <td style=\"\">Organismos Eclesiales Laicales (OEL)<\/td>\n                    <td style=\"\">Otro<\/td>\n                    <td style=\"\">Carmelitas<\/td>\n                    <td style=\"\"><a href=\"https:\/\/diocesisdeaguascalientes.mx\/vicaria-de-pastoral\/wp-content\/uploads\/sites\/2\/forminator\/10414_47c7fef6f8c6f15ac1daaf1663bdf562\/uploads\/0VMg7p8VLnh2-PROGRAMACION_Carmelitas.pdf\" target=\"_blank\">0VMg7p8VLnh2-PROGRAMACION_Carmelitas.pdf<\/a><\/td>\n                    <td style=\"\">22\/09\/2025 07:11 PM<\/td>\n            <\/tr>\n            <tr id=\"table_3_row_558\">\n                    <td style=\"\">Programaci\u00f3n Parroquial<\/td>\n                    <td style=\"\">P003 EL SE\u00d1OR DE LAS ANGUSTIAS(RINC\u00d3N DE ROMOS)<\/td>\n                    <td style=\"\">Organismos Eclesiales Laicales (OEL)<\/td>\n                    <td style=\"\">Otro<\/td>\n                    <td style=\"\">Custodios del Se\u00f1or de las Angustias<\/td>\n                    <td style=\"\"><a href=\"https:\/\/diocesisdeaguascalientes.mx\/vicaria-de-pastoral\/wp-content\/uploads\/sites\/2\/forminator\/10414_47c7fef6f8c6f15ac1daaf1663bdf562\/uploads\/67A0a8PAn0Xl-Prog_Custodios-.pdf\" target=\"_blank\">67A0a8PAn0Xl-Prog_Custodios-.pdf<\/a><\/td>\n                    <td style=\"\">22\/09\/2025 07:09 PM<\/td>\n            <\/tr>\n            <tr id=\"table_3_row_559\">\n                    <td style=\"\">Programaci\u00f3n Parroquial<\/td>\n                    <td style=\"\">P003 EL SE\u00d1OR DE LAS ANGUSTIAS(RINC\u00d3N DE ROMOS)<\/td>\n                    <td style=\"\">Organismos Eclesiales Laicales (OEL)<\/td>\n                    <td style=\"\">Otro<\/td>\n                    <td style=\"\">ANSPAC<\/td>\n                    <td style=\"\"><a href=\"https:\/\/diocesisdeaguascalientes.mx\/vicaria-de-pastoral\/wp-content\/uploads\/sites\/2\/forminator\/10414_47c7fef6f8c6f15ac1daaf1663bdf562\/uploads\/asFaUsxJX1rv-PROGRAMACION_ANSPAC.pdf\" target=\"_blank\">asFaUsxJX1rv-PROGRAMACION_ANSPAC.pdf<\/a><\/td>\n                    <td style=\"\">22\/09\/2025 07:08 PM<\/td>\n            <\/tr>\n            <tr id=\"table_3_row_560\">\n                    <td style=\"\">Programaci\u00f3n Parroquial<\/td>\n                    <td style=\"\">P003 EL SE\u00d1OR DE LAS ANGUSTIAS(RINC\u00d3N DE ROMOS)<\/td>\n                    <td style=\"\">Organismos Eclesiales Laicales (OEL)<\/td>\n                    <td style=\"\">40.Renovaci\u00f3n Carism\u00e1tica Cat\u00f3lica en el Esp\u00edritu Santo<\/td>\n                    <td style=\"\"><\/td>\n                    <td style=\"\"><a href=\"https:\/\/diocesisdeaguascalientes.mx\/vicaria-de-pastoral\/wp-content\/uploads\/sites\/2\/forminator\/10414_47c7fef6f8c6f15ac1daaf1663bdf562\/uploads\/hVzPQvZw7Del-Programacion_2025-2026_RCCES_PSA1.pdf\" target=\"_blank\">hVzPQvZw7Del-Programacion_2025-2026_RCCES_PSA1.pdf<\/a><\/td>\n                    <td style=\"\">22\/09\/2025 07:06 PM<\/td>\n            <\/tr>\n            <tr id=\"table_3_row_561\">\n                    <td style=\"\">Programaci\u00f3n Parroquial<\/td>\n                    <td style=\"\">P003 EL SE\u00d1OR DE LAS ANGUSTIAS(RINC\u00d3N DE ROMOS)<\/td>\n                    <td style=\"\">Organismos Eclesiales Laicales (OEL)<\/td>\n                    <td style=\"\">28.Llama de amor del Inmaculado Coraz\u00f3n de Mar\u00eda<\/td>\n                    <td style=\"\"><\/td>\n                    <td style=\"\"><a href=\"https:\/\/diocesisdeaguascalientes.mx\/vicaria-de-pastoral\/wp-content\/uploads\/sites\/2\/forminator\/10414_47c7fef6f8c6f15ac1daaf1663bdf562\/uploads\/846OTeUBtLl1-PROG._LLAMA_DE_AMOR1.pdf\" target=\"_blank\">846OTeUBtLl1-PROG._LLAMA_DE_AMOR1.pdf<\/a><\/td>\n                    <td style=\"\">22\/09\/2025 07:04 PM<\/td>\n            <\/tr>\n            <tr id=\"table_3_row_562\">\n                    <td style=\"\">Programaci\u00f3n Parroquial<\/td>\n                    <td style=\"\">P003 EL SE\u00d1OR DE LAS ANGUSTIAS(RINC\u00d3N DE ROMOS)<\/td>\n                    <td style=\"\">Organismos Eclesiales Laicales (OEL)<\/td>\n                    <td style=\"\">27.Legi\u00f3n de Mar\u00eda<\/td>\n                    <td style=\"\"><\/td>\n                    <td style=\"\"><a href=\"https:\/\/diocesisdeaguascalientes.mx\/vicaria-de-pastoral\/wp-content\/uploads\/sites\/2\/forminator\/10414_47c7fef6f8c6f15ac1daaf1663bdf562\/uploads\/SDM2BuEAUIo6-PROG._LEGION_DE_MARIA1.pdf\" target=\"_blank\">SDM2BuEAUIo6-PROG._LEGION_DE_MARIA1.pdf<\/a><\/td>\n                    <td style=\"\">22\/09\/2025 07:02 PM<\/td>\n            <\/tr>\n            <tr id=\"table_3_row_563\">\n                    <td style=\"\">Programaci\u00f3n Parroquial<\/td>\n                    <td style=\"\">P003 EL SE\u00d1OR DE LAS ANGUSTIAS(RINC\u00d3N DE ROMOS)<\/td>\n                    <td style=\"\">Juvenil<\/td>\n                    <td style=\"\"><\/td>\n                    <td style=\"\"><\/td>\n                    <td style=\"\"><a href=\"https:\/\/diocesisdeaguascalientes.mx\/vicaria-de-pastoral\/wp-content\/uploads\/sites\/2\/forminator\/10414_47c7fef6f8c6f15ac1daaf1663bdf562\/uploads\/wQQfE1hG27KZ-PROG._P._Juvenil1.pdf\" target=\"_blank\">wQQfE1hG27KZ-PROG._P._Juvenil1.pdf<\/a><\/td>\n                    <td style=\"\">22\/09\/2025 07:00 PM<\/td>\n            <\/tr>\n            <tr id=\"table_3_row_564\">\n                    <td style=\"\">Programaci\u00f3n Parroquial<\/td>\n                    <td style=\"\">P003 EL SE\u00d1OR DE LAS ANGUSTIAS(RINC\u00d3N DE ROMOS)<\/td>\n                    <td style=\"\">Adolescentes<\/td>\n                    <td style=\"\"><\/td>\n                    <td style=\"\"><\/td>\n                    <td style=\"\"><a href=\"https:\/\/diocesisdeaguascalientes.mx\/vicaria-de-pastoral\/wp-content\/uploads\/sites\/2\/forminator\/10414_47c7fef6f8c6f15ac1daaf1663bdf562\/uploads\/AorfWJIEm7zc-PROG._Adolescentes1.pdf\" target=\"_blank\">AorfWJIEm7zc-PROG._Adolescentes1.pdf<\/a><\/td>\n                    <td style=\"\">22\/09\/2025 07:00 PM<\/td>\n            <\/tr>\n            <tr id=\"table_3_row_565\">\n                    <td style=\"\">Programaci\u00f3n Parroquial<\/td>\n                    <td style=\"\">P003 EL SE\u00d1OR DE LAS ANGUSTIAS(RINC\u00d3N DE ROMOS)<\/td>\n                    <td style=\"\">Familiar<\/td>\n                    <td style=\"\"><\/td>\n                    <td style=\"\"><\/td>\n                    <td style=\"\"><a href=\"https:\/\/diocesisdeaguascalientes.mx\/vicaria-de-pastoral\/wp-content\/uploads\/sites\/2\/forminator\/10414_47c7fef6f8c6f15ac1daaf1663bdf562\/uploads\/QWTg5y2ZDhv7-Prog_P._Familiar1.pdf\" target=\"_blank\">QWTg5y2ZDhv7-Prog_P._Familiar1.pdf<\/a><\/td>\n                    <td style=\"\">22\/09\/2025 06:59 PM<\/td>\n            <\/tr>\n            <tr id=\"table_3_row_566\">\n                    <td style=\"\">Programaci\u00f3n Parroquial<\/td>\n                    <td style=\"\">P003 EL SE\u00d1OR DE LAS ANGUSTIAS(RINC\u00d3N DE ROMOS)<\/td>\n                    <td style=\"\">Social<\/td>\n                    <td style=\"\"><\/td>\n                    <td style=\"\"><\/td>\n                    <td style=\"\"><a href=\"https:\/\/diocesisdeaguascalientes.mx\/vicaria-de-pastoral\/wp-content\/uploads\/sites\/2\/forminator\/10414_47c7fef6f8c6f15ac1daaf1663bdf562\/uploads\/PXkBSnHUnkcB-Programacion_Caritas1.pdf\" target=\"_blank\">PXkBSnHUnkcB-Programacion_Caritas1.pdf<\/a><\/td>\n                    <td style=\"\">22\/09\/2025 06:58 PM<\/td>\n            <\/tr>\n            <tr id=\"table_3_row_567\">\n                    <td style=\"\">Programaci\u00f3n Parroquial<\/td>\n                    <td style=\"\">P003 EL SE\u00d1OR DE LAS ANGUSTIAS(RINC\u00d3N DE ROMOS)<\/td>\n                    <td style=\"\">Lit\u00fargica<\/td>\n                    <td style=\"\"><\/td>\n                    <td style=\"\"><\/td>\n                    <td style=\"\"><a href=\"https:\/\/diocesisdeaguascalientes.mx\/vicaria-de-pastoral\/wp-content\/uploads\/sites\/2\/forminator\/10414_47c7fef6f8c6f15ac1daaf1663bdf562\/uploads\/cplfZ3bzY97H-PROG._Pastoral_Liturgica1.pdf\" target=\"_blank\">cplfZ3bzY97H-PROG._Pastoral_Liturgica1.pdf<\/a><\/td>\n                    <td style=\"\">22\/09\/2025 06:57 PM<\/td>\n            <\/tr>\n            <tr id=\"table_3_row_568\">\n                    <td style=\"\">Programaci\u00f3n Parroquial<\/td>\n                    <td style=\"\">P003 EL SE\u00d1OR DE LAS ANGUSTIAS(RINC\u00d3N DE ROMOS)<\/td>\n                    <td style=\"\">Prof\u00e9tica<\/td>\n                    <td style=\"\"><\/td>\n                    <td style=\"\"><\/td>\n                    <td style=\"\"><a href=\"https:\/\/diocesisdeaguascalientes.mx\/vicaria-de-pastoral\/wp-content\/uploads\/sites\/2\/forminator\/10414_47c7fef6f8c6f15ac1daaf1663bdf562\/uploads\/mewIwKGMipNL-Prog_P._Profetica1.pdf\" target=\"_blank\">mewIwKGMipNL-Prog_P._Profetica1.pdf<\/a><\/td>\n                    <td style=\"\">22\/09\/2025 06:56 PM<\/td>\n            <\/tr>\n            <tr id=\"table_3_row_569\">\n                    <td style=\"\">Programaci\u00f3n Parroquial<\/td>\n                    <td style=\"\">P003 EL SE\u00d1OR DE LAS ANGUSTIAS(RINC\u00d3N DE ROMOS)<\/td>\n                    <td style=\"\">Animaci\u00f3n Pastoral (CPP)<\/td>\n                    <td style=\"\"><\/td>\n                    <td style=\"\"><\/td>\n                    <td style=\"\"><a href=\"https:\/\/diocesisdeaguascalientes.mx\/vicaria-de-pastoral\/wp-content\/uploads\/sites\/2\/forminator\/10414_47c7fef6f8c6f15ac1daaf1663bdf562\/uploads\/6QwvjmQ3ILRX-Prog_CPP1.pdf\" target=\"_blank\">6QwvjmQ3ILRX-Prog_CPP1.pdf<\/a><\/td>\n                    <td style=\"\">22\/09\/2025 06:54 PM<\/td>\n            <\/tr>\n            <tr id=\"table_3_row_570\">\n                    <td style=\"\">Programaci\u00f3n Parroquial<\/td>\n                    <td style=\"\">P031 NUESTRA SE\u00d1ORA DE GUADALUPE (SANTUARIO)(BARRIO DE GUADALUPE)<\/td>\n                    <td style=\"\">Prof\u00e9tica<\/td>\n                    <td style=\"\"><\/td>\n                    <td style=\"\"><\/td>\n                    <td style=\"\"><a href=\"https:\/\/diocesisdeaguascalientes.mx\/vicaria-de-pastoral\/wp-content\/uploads\/sites\/2\/forminator\/10414_47c7fef6f8c6f15ac1daaf1663bdf562\/uploads\/7xSWpbrbi5FI-profetica.pdf\" target=\"_blank\">7xSWpbrbi5FI-profetica.pdf<\/a><\/td>\n                    <td style=\"\">22\/09\/2025 06:39 PM<\/td>\n            <\/tr>\n            <tr id=\"table_3_row_571\">\n                    <td style=\"\">Programaci\u00f3n Parroquial<\/td>\n                    <td style=\"\">P031 NUESTRA SE\u00d1ORA DE GUADALUPE (SANTUARIO)(BARRIO DE GUADALUPE)<\/td>\n                    <td style=\"\">Animaci\u00f3n Pastoral (CPP)<\/td>\n                    <td style=\"\"><\/td>\n                    <td style=\"\"><\/td>\n                    <td style=\"\"><a href=\"https:\/\/diocesisdeaguascalientes.mx\/vicaria-de-pastoral\/wp-content\/uploads\/sites\/2\/forminator\/10414_47c7fef6f8c6f15ac1daaf1663bdf562\/uploads\/TUiOA85EayqB-planeacion-cpp.pdf\" target=\"_blank\">TUiOA85EayqB-planeacion-cpp.pdf<\/a><\/td>\n                    <td style=\"\">22\/09\/2025 06:33 PM<\/td>\n            <\/tr>\n            <tr id=\"table_3_row_572\">\n                    <td style=\"\">Programaci\u00f3n Parroquial<\/td>\n                    <td style=\"\">P071 PUR\u00cdSIMA CONCEPCI\u00d3N(BARRIO DE LA PUR\u00cdSIMA)<\/td>\n                    <td style=\"\">Juvenil<\/td>\n                    <td style=\"\"><\/td>\n                    <td style=\"\"><\/td>\n                    <td style=\"\"><a href=\"https:\/\/diocesisdeaguascalientes.mx\/vicaria-de-pastoral\/wp-content\/uploads\/sites\/2\/forminator\/10414_47c7fef6f8c6f15ac1daaf1663bdf562\/uploads\/ydySDzPw70Km-FORMATO-DE-PROGRAMACION-2025-2026-PASTORAL-JUVENIL.pdf\" target=\"_blank\">ydySDzPw70Km-FORMATO-DE-PROGRAMACION-2025-2026-PASTORAL-JUVENIL.pdf<\/a><\/td>\n                    <td style=\"\">22\/09\/2025 05:46 PM<\/td>\n            <\/tr>\n            <tr id=\"table_3_row_573\">\n                    <td style=\"\">Programaci\u00f3n de Capellan\u00eda<\/td>\n                    <td style=\"\"><\/td>\n                    <td style=\"\">Juvenil<\/td>\n                    <td style=\"\"><\/td>\n                    <td style=\"\"><\/td>\n                    <td style=\"\"><a href=\"https:\/\/diocesisdeaguascalientes.mx\/vicaria-de-pastoral\/wp-content\/uploads\/sites\/2\/forminator\/10414_47c7fef6f8c6f15ac1daaf1663bdf562\/uploads\/85i4T4BwWRce-P.-JUVENIL.pdf\" target=\"_blank\">85i4T4BwWRce-P.-JUVENIL.pdf<\/a><\/td>\n                    <td style=\"\">22\/09\/2025 05:20 PM<\/td>\n            <\/tr>\n            <tr id=\"table_3_row_574\">\n                    <td style=\"\">Programaci\u00f3n de Capellan\u00eda<\/td>\n                    <td style=\"\"><\/td>\n                    <td style=\"\">Familiar<\/td>\n                    <td style=\"\"><\/td>\n                    <td style=\"\"><\/td>\n                    <td style=\"\"><a href=\"https:\/\/diocesisdeaguascalientes.mx\/vicaria-de-pastoral\/wp-content\/uploads\/sites\/2\/forminator\/10414_47c7fef6f8c6f15ac1daaf1663bdf562\/uploads\/aL2mfAm0yN5M-P.-FAMILIAR.pdf\" target=\"_blank\">aL2mfAm0yN5M-P.-FAMILIAR.pdf<\/a><\/td>\n                    <td style=\"\">22\/09\/2025 05:19 PM<\/td>\n            <\/tr>\n            <tr id=\"table_3_row_575\">\n                    <td style=\"\">Programaci\u00f3n de Capellan\u00eda<\/td>\n                    <td style=\"\"><\/td>\n                    <td style=\"\">Social<\/td>\n                    <td style=\"\"><\/td>\n                    <td style=\"\"><\/td>\n                    <td style=\"\"><a href=\"https:\/\/diocesisdeaguascalientes.mx\/vicaria-de-pastoral\/wp-content\/uploads\/sites\/2\/forminator\/10414_47c7fef6f8c6f15ac1daaf1663bdf562\/uploads\/8OBIEfTFL4la-P.-SOCIAL.pdf\" target=\"_blank\">8OBIEfTFL4la-P.-SOCIAL.pdf<\/a><\/td>\n                    <td style=\"\">22\/09\/2025 05:19 PM<\/td>\n            <\/tr>\n            <tr id=\"table_3_row_576\">\n                    <td style=\"\">Programaci\u00f3n de Capellan\u00eda<\/td>\n                    <td style=\"\"><\/td>\n                    <td style=\"\">Prof\u00e9tica<\/td>\n                    <td style=\"\"><\/td>\n                    <td style=\"\"><\/td>\n                    <td style=\"\"><a href=\"https:\/\/diocesisdeaguascalientes.mx\/vicaria-de-pastoral\/wp-content\/uploads\/sites\/2\/forminator\/10414_47c7fef6f8c6f15ac1daaf1663bdf562\/uploads\/rfjfHL104y5k-P.-PROFETICA.pdf\" target=\"_blank\">rfjfHL104y5k-P.-PROFETICA.pdf<\/a><\/td>\n                    <td style=\"\">22\/09\/2025 05:18 PM<\/td>\n            <\/tr>\n            <tr id=\"table_3_row_577\">\n                    <td style=\"\">Programaci\u00f3n de Capellan\u00eda<\/td>\n                    <td style=\"\"><\/td>\n                    <td style=\"\">Animaci\u00f3n Pastoral (CPP)<\/td>\n                    <td style=\"\"><\/td>\n                    <td style=\"\"><\/td>\n                    <td style=\"\"><a href=\"https:\/\/diocesisdeaguascalientes.mx\/vicaria-de-pastoral\/wp-content\/uploads\/sites\/2\/forminator\/10414_47c7fef6f8c6f15ac1daaf1663bdf562\/uploads\/y2ZEdM6HgRRm-ANIMACION-PASTORAL.pdf\" target=\"_blank\">y2ZEdM6HgRRm-ANIMACION-PASTORAL.pdf<\/a><\/td>\n                    <td style=\"\">22\/09\/2025 05:17 PM<\/td>\n            <\/tr>\n            <tr id=\"table_3_row_578\">\n                    <td style=\"\">Programaci\u00f3n Parroquial<\/td>\n                    <td style=\"\">P107 SANT\u00cdSIMA TRINIDAD(VILLA HIDALGO)<\/td>\n                    <td style=\"\">Organismos Eclesiales Laicales (OEL)<\/td>\n                    <td style=\"\">Otro<\/td>\n                    <td style=\"\">Sitio de Jeric\u00f3<\/td>\n                    <td style=\"\"><a href=\"https:\/\/diocesisdeaguascalientes.mx\/vicaria-de-pastoral\/wp-content\/uploads\/sites\/2\/forminator\/10414_47c7fef6f8c6f15ac1daaf1663bdf562\/uploads\/MSPr38dcewe6-OEL_SITIO-DE-JERICO_Programacioon-2025-2026_SANTISIMA-TRINIDAD-VILLA-HIDALGO.pdf\" target=\"_blank\">MSPr38dcewe6-OEL_SITIO-DE-JERICO_Programacioon-2025-2026_SANTISIMA-TRINIDAD-VILLA-HIDALGO.pdf<\/a><\/td>\n                    <td style=\"\">22\/09\/2025 05:06 PM<\/td>\n            <\/tr>\n            <tr id=\"table_3_row_579\">\n                    <td style=\"\">Programaci\u00f3n Parroquial<\/td>\n                    <td style=\"\">P107 SANT\u00cdSIMA TRINIDAD(VILLA HIDALGO)<\/td>\n                    <td style=\"\">Organismos Eclesiales Laicales (OEL)<\/td>\n                    <td style=\"\">Otro<\/td>\n                    <td style=\"\">Comunidad Evangelizadora para la Reconciliaci\u00f3n y el Servicio (CERS)<\/td>\n                    <td style=\"\"><a href=\"https:\/\/diocesisdeaguascalientes.mx\/vicaria-de-pastoral\/wp-content\/uploads\/sites\/2\/forminator\/10414_47c7fef6f8c6f15ac1daaf1663bdf562\/uploads\/Fjts4YoQBwXw-OEL_CERS-Comunidad-de-evangelizacion-_Programacioon-2025-2026_SANTISIMA-TRINIDAD-VILLA-HIDALGO.pdf\" target=\"_blank\">Fjts4YoQBwXw-OEL_CERS-Comunidad-de-evangelizacion-_Programacioon-2025-2026_SANTISIMA-TRINIDAD-VILLA-HIDALGO.pdf<\/a><\/td>\n                    <td style=\"\">22\/09\/2025 05:06 PM<\/td>\n            <\/tr>\n            <tr id=\"table_3_row_580\">\n                    <td style=\"\">Programaci\u00f3n Parroquial<\/td>\n                    <td style=\"\">P107 SANT\u00cdSIMA TRINIDAD(VILLA HIDALGO)<\/td>\n                    <td style=\"\">Organismos Eclesiales Laicales (OEL)<\/td>\n                    <td style=\"\">Otro<\/td>\n                    <td style=\"\">Divina Voluntad<\/td>\n                    <td style=\"\"><a href=\"https:\/\/diocesisdeaguascalientes.mx\/vicaria-de-pastoral\/wp-content\/uploads\/sites\/2\/forminator\/10414_47c7fef6f8c6f15ac1daaf1663bdf562\/uploads\/bDEmSRtNE8wd-OEL_DIVINA-VOLUNTAD_Programacioon-2025-2026_SANTISIMA-TRINIDAD-VILLA-HIDALGO.pdf\" target=\"_blank\">bDEmSRtNE8wd-OEL_DIVINA-VOLUNTAD_Programacioon-2025-2026_SANTISIMA-TRINIDAD-VILLA-HIDALGO.pdf<\/a><\/td>\n                    <td style=\"\">22\/09\/2025 05:04 PM<\/td>\n            <\/tr>\n            <tr id=\"table_3_row_581\">\n                    <td style=\"\">Programaci\u00f3n Parroquial<\/td>\n                    <td style=\"\">P107 SANT\u00cdSIMA TRINIDAD(VILLA HIDALGO)<\/td>\n                    <td style=\"\">Organismos Eclesiales Laicales (OEL)<\/td>\n                    <td style=\"\">Otro<\/td>\n                    <td style=\"\">Capilla de Adoraci\u00f3n Eucar\u00edstica Perpetua (Permanente)<\/td>\n                    <td style=\"\"><a href=\"https:\/\/diocesisdeaguascalientes.mx\/vicaria-de-pastoral\/wp-content\/uploads\/sites\/2\/forminator\/10414_47c7fef6f8c6f15ac1daaf1663bdf562\/uploads\/Ap9OcCQbn6YI-OEL_CAPILLA-DE-ADORACION_Programacioon-2025-2026_SANTISIMA-TRINIDAD-VILLA-HIDALGO.pdf\" target=\"_blank\">Ap9OcCQbn6YI-OEL_CAPILLA-DE-ADORACION_Programacioon-2025-2026_SANTISIMA-TRINIDAD-VILLA-HIDALGO.pdf<\/a><\/td>\n                    <td style=\"\">22\/09\/2025 05:03 PM<\/td>\n            <\/tr>\n            <tr id=\"table_3_row_582\">\n                    <td style=\"\">Programaci\u00f3n Parroquial<\/td>\n                    <td style=\"\">P107 SANT\u00cdSIMA TRINIDAD(VILLA HIDALGO)<\/td>\n                    <td style=\"\">Organismos Eclesiales Laicales (OEL)<\/td>\n                    <td style=\"\">35.Movimiento Misionero Cat\u00f3lico<\/td>\n                    <td style=\"\"><\/td>\n                    <td style=\"\"><a href=\"https:\/\/diocesisdeaguascalientes.mx\/vicaria-de-pastoral\/wp-content\/uploads\/sites\/2\/forminator\/10414_47c7fef6f8c6f15ac1daaf1663bdf562\/uploads\/cE5eeD0VVTkz-OEL_MOVIMIENTO-MISIONERO-CATOLICO_Programacioon-2025-2026_SANTISIMA-TRINIDAD-VILLA-HIDALGO.pdf\" target=\"_blank\">cE5eeD0VVTkz-OEL_MOVIMIENTO-MISIONERO-CATOLICO_Programacioon-2025-2026_SANTISIMA-TRINIDAD-VILLA-HIDALGO.pdf<\/a><\/td>\n                    <td style=\"\">22\/09\/2025 05:01 PM<\/td>\n            <\/tr>\n            <tr id=\"table_3_row_583\">\n                    <td style=\"\">Programaci\u00f3n Parroquial<\/td>\n                    <td style=\"\">P107 SANT\u00cdSIMA TRINIDAD(VILLA HIDALGO)<\/td>\n                    <td style=\"\">Organismos Eclesiales Laicales (OEL)<\/td>\n                    <td style=\"\">21.Guardia de honor del Sagrado Coraz\u00f3n de Jes\u00fas.<\/td>\n                    <td style=\"\"><\/td>\n                    <td style=\"\"><a href=\"https:\/\/diocesisdeaguascalientes.mx\/vicaria-de-pastoral\/wp-content\/uploads\/sites\/2\/forminator\/10414_47c7fef6f8c6f15ac1daaf1663bdf562\/uploads\/CZ8VmUUhr10Y-OEL_GUARDIA-DE-HONOR-DEL-SAGRADO-CORAZON-DE-JESUS_Programacioon-2025-2026_SANTISIMA-TRINIDAD-VILLA-HIDALG.pdf\" target=\"_blank\">CZ8VmUUhr10Y-OEL_GUARDIA-DE-HONOR-DEL-SAGRADO-CORAZON-DE-JESUS_Programacioon-2025-2026_SANTISIMA-TRINIDAD-VILLA-HIDALG.pdf<\/a><\/td>\n                    <td style=\"\">22\/09\/2025 05:01 PM<\/td>\n            <\/tr>\n            <tr id=\"table_3_row_584\">\n                    <td style=\"\">Programaci\u00f3n Parroquial<\/td>\n                    <td style=\"\">P107 SANT\u00cdSIMA TRINIDAD(VILLA HIDALGO)<\/td>\n                    <td style=\"\">Organismos Eclesiales Laicales (OEL)<\/td>\n                    <td style=\"\">1.Acci\u00f3n Cat\u00f3lica<\/td>\n                    <td style=\"\"><\/td>\n                    <td style=\"\"><a href=\"https:\/\/diocesisdeaguascalientes.mx\/vicaria-de-pastoral\/wp-content\/uploads\/sites\/2\/forminator\/10414_47c7fef6f8c6f15ac1daaf1663bdf562\/uploads\/y0SJNfN4C7ky-OEL_ACCION-CATOLICA_Programacioon-2025-2026_SANTISIMA-TRINIDAD-VILLA-HIDALGO.pdf\" target=\"_blank\">y0SJNfN4C7ky-OEL_ACCION-CATOLICA_Programacioon-2025-2026_SANTISIMA-TRINIDAD-VILLA-HIDALGO.pdf<\/a><\/td>\n                    <td style=\"\">22\/09\/2025 05:00 PM<\/td>\n            <\/tr>\n            <tr id=\"table_3_row_585\">\n                    <td style=\"\">Programaci\u00f3n Parroquial<\/td>\n                    <td style=\"\">P107 SANT\u00cdSIMA TRINIDAD(VILLA HIDALGO)<\/td>\n                    <td style=\"\">Juvenil<\/td>\n                    <td style=\"\"><\/td>\n                    <td style=\"\"><\/td>\n                    <td style=\"\"><a href=\"https:\/\/diocesisdeaguascalientes.mx\/vicaria-de-pastoral\/wp-content\/uploads\/sites\/2\/forminator\/10414_47c7fef6f8c6f15ac1daaf1663bdf562\/uploads\/95AGDsbmHa0M-PASTORAL-JUVENIL_progrmacion-2025-2026_SANTISIMA-TRINIDAD-VILLA-HIDALGO.pdf\" target=\"_blank\">95AGDsbmHa0M-PASTORAL-JUVENIL_progrmacion-2025-2026_SANTISIMA-TRINIDAD-VILLA-HIDALGO.pdf<\/a><\/td>\n                    <td style=\"\">22\/09\/2025 04:59 PM<\/td>\n            <\/tr>\n            <tr id=\"table_3_row_586\">\n                    <td style=\"\">Programaci\u00f3n Parroquial<\/td>\n                    <td style=\"\">P107 SANT\u00cdSIMA TRINIDAD(VILLA HIDALGO)<\/td>\n                    <td style=\"\">Adolescentes<\/td>\n                    <td style=\"\"><\/td>\n                    <td style=\"\"><\/td>\n                    <td style=\"\"><a href=\"https:\/\/diocesisdeaguascalientes.mx\/vicaria-de-pastoral\/wp-content\/uploads\/sites\/2\/forminator\/10414_47c7fef6f8c6f15ac1daaf1663bdf562\/uploads\/ul9dzSgu68QS-PASTORAL-ADOLESCENTES_programacion-2025-2026_SANTISIMA-TRINIDAD-VILLA-HIDALGO.pdf\" target=\"_blank\">ul9dzSgu68QS-PASTORAL-ADOLESCENTES_programacion-2025-2026_SANTISIMA-TRINIDAD-VILLA-HIDALGO.pdf<\/a><\/td>\n                    <td style=\"\">22\/09\/2025 04:59 PM<\/td>\n            <\/tr>\n            <tr id=\"table_3_row_587\">\n                    <td style=\"\">Programaci\u00f3n Parroquial<\/td>\n                    <td style=\"\">P107 SANT\u00cdSIMA TRINIDAD(VILLA HIDALGO)<\/td>\n                    <td style=\"\">Familiar<\/td>\n                    <td style=\"\"><\/td>\n                    <td style=\"\"><\/td>\n                    <td style=\"\"><a href=\"https:\/\/diocesisdeaguascalientes.mx\/vicaria-de-pastoral\/wp-content\/uploads\/sites\/2\/forminator\/10414_47c7fef6f8c6f15ac1daaf1663bdf562\/uploads\/7bfFCpwisyio-PASTORAL-FAMILIAR_programacion-2025-2026_SANTISIMA-TRINIDAD-VILLA-HIDALGO.pdf\" target=\"_blank\">7bfFCpwisyio-PASTORAL-FAMILIAR_programacion-2025-2026_SANTISIMA-TRINIDAD-VILLA-HIDALGO.pdf<\/a><\/td>\n                    <td style=\"\">22\/09\/2025 04:59 PM<\/td>\n            <\/tr>\n            <tr id=\"table_3_row_588\">\n                    <td style=\"\">Programaci\u00f3n Parroquial<\/td>\n                    <td style=\"\">P107 SANT\u00cdSIMA TRINIDAD(VILLA HIDALGO)<\/td>\n                    <td style=\"\">Social<\/td>\n                    <td style=\"\"><\/td>\n                    <td style=\"\"><\/td>\n                    <td style=\"\"><a href=\"https:\/\/diocesisdeaguascalientes.mx\/vicaria-de-pastoral\/wp-content\/uploads\/sites\/2\/forminator\/10414_47c7fef6f8c6f15ac1daaf1663bdf562\/uploads\/rmO8i11nECE0-PASTORAL-SOCIAL_programacion-2025-2026_SANTISIMA-TRINIDAD-VILLA-HIDALGO.pdf\" target=\"_blank\">rmO8i11nECE0-PASTORAL-SOCIAL_programacion-2025-2026_SANTISIMA-TRINIDAD-VILLA-HIDALGO.pdf<\/a><\/td>\n                    <td style=\"\">22\/09\/2025 04:58 PM<\/td>\n            <\/tr>\n            <tr id=\"table_3_row_589\">\n                    <td style=\"\">Programaci\u00f3n Parroquial<\/td>\n                    <td style=\"\">P041 JES\u00daS, MAR\u00cdA Y JOS\u00c9(OJO CALIENTE I)<\/td>\n                    <td style=\"\">Pastoral de la Comunicaci\u00f3n<\/td>\n                    <td style=\"\"><\/td>\n                    <td style=\"\"><\/td>\n                    <td style=\"\"><a href=\"https:\/\/diocesisdeaguascalientes.mx\/vicaria-de-pastoral\/wp-content\/uploads\/sites\/2\/forminator\/10414_47c7fef6f8c6f15ac1daaf1663bdf562\/uploads\/i5tBe9y3VjBi-ESQUEMA-DE-PROGRAMACION-25-26-Comunicacion.pdf\" target=\"_blank\">i5tBe9y3VjBi-ESQUEMA-DE-PROGRAMACION-25-26-Comunicacion.pdf<\/a><\/td>\n                    <td style=\"\">22\/09\/2025 04:58 PM<\/td>\n            <\/tr>\n            <tr id=\"table_3_row_590\">\n                    <td style=\"\">Programaci\u00f3n Parroquial<\/td>\n                    <td style=\"\">P107 SANT\u00cdSIMA TRINIDAD(VILLA HIDALGO)<\/td>\n                    <td style=\"\">Lit\u00fargica<\/td>\n                    <td style=\"\"><\/td>\n                    <td style=\"\"><\/td>\n                    <td style=\"\"><a href=\"https:\/\/diocesisdeaguascalientes.mx\/vicaria-de-pastoral\/wp-content\/uploads\/sites\/2\/forminator\/10414_47c7fef6f8c6f15ac1daaf1663bdf562\/uploads\/D0qSZcg4xrfm-PASTORAL-LITURGICA_programacion-2025-2026_SANTISIMA-TRINIDAD-VILLA-HIDALGO.pdf\" target=\"_blank\">D0qSZcg4xrfm-PASTORAL-LITURGICA_programacion-2025-2026_SANTISIMA-TRINIDAD-VILLA-HIDALGO.pdf<\/a><\/td>\n                    <td style=\"\">22\/09\/2025 04:58 PM<\/td>\n            <\/tr>\n            <tr id=\"table_3_row_591\">\n                    <td style=\"\">Programaci\u00f3n Parroquial<\/td>\n                    <td style=\"\">P107 SANT\u00cdSIMA TRINIDAD(VILLA HIDALGO)<\/td>\n                    <td style=\"\">Prof\u00e9tica<\/td>\n                    <td style=\"\"><\/td>\n                    <td style=\"\"><\/td>\n                    <td style=\"\"><a href=\"https:\/\/diocesisdeaguascalientes.mx\/vicaria-de-pastoral\/wp-content\/uploads\/sites\/2\/forminator\/10414_47c7fef6f8c6f15ac1daaf1663bdf562\/uploads\/DI8uVTcL4bZS-PASTORAL-PROFETICA_programacion-2025-2026_SANTISIMA-TRINIDAD-VILLA-HIDALGO.pdf\" target=\"_blank\">DI8uVTcL4bZS-PASTORAL-PROFETICA_programacion-2025-2026_SANTISIMA-TRINIDAD-VILLA-HIDALGO.pdf<\/a><\/td>\n                    <td style=\"\">22\/09\/2025 04:57 PM<\/td>\n            <\/tr>\n            <tr id=\"table_3_row_592\">\n                    <td style=\"\">Programaci\u00f3n Parroquial<\/td>\n                    <td style=\"\">P107 SANT\u00cdSIMA TRINIDAD(VILLA HIDALGO)<\/td>\n                    <td style=\"\">Animaci\u00f3n Pastoral (CPP)<\/td>\n                    <td style=\"\"><\/td>\n                    <td style=\"\"><\/td>\n                    <td style=\"\"><a href=\"https:\/\/diocesisdeaguascalientes.mx\/vicaria-de-pastoral\/wp-content\/uploads\/sites\/2\/forminator\/10414_47c7fef6f8c6f15ac1daaf1663bdf562\/uploads\/1tmCYDzkVEoQ-ANIMACION-PASTORAL_programacion-2025-2026_SANTISIMA-TRINIDAD-VILLA-HIDALGO-JALISCO.pdf\" target=\"_blank\">1tmCYDzkVEoQ-ANIMACION-PASTORAL_programacion-2025-2026_SANTISIMA-TRINIDAD-VILLA-HIDALGO-JALISCO.pdf<\/a><\/td>\n                    <td style=\"\">22\/09\/2025 04:57 PM<\/td>\n            <\/tr>\n            <tr id=\"table_3_row_593\">\n                    <td style=\"\">Programaci\u00f3n Parroquial<\/td>\n                    <td style=\"\">P041 JES\u00daS, MAR\u00cdA Y JOS\u00c9(OJO CALIENTE I)<\/td>\n                    <td style=\"\">Juvenil<\/td>\n                    <td style=\"\"><\/td>\n                    <td style=\"\"><\/td>\n                    <td style=\"\"><a href=\"https:\/\/diocesisdeaguascalientes.mx\/vicaria-de-pastoral\/wp-content\/uploads\/sites\/2\/forminator\/10414_47c7fef6f8c6f15ac1daaf1663bdf562\/uploads\/dxBV2EhMy6q8-ESQUEMA-DE-PROGRAMACION-25-26-Jovenes.pdf\" target=\"_blank\">dxBV2EhMy6q8-ESQUEMA-DE-PROGRAMACION-25-26-Jovenes.pdf<\/a><\/td>\n                    <td style=\"\">22\/09\/2025 04:56 PM<\/td>\n            <\/tr>\n            <tr id=\"table_3_row_594\">\n                    <td style=\"\">Programaci\u00f3n Parroquial<\/td>\n                    <td style=\"\">P041 JES\u00daS, MAR\u00cdA Y JOS\u00c9(OJO CALIENTE I)<\/td>\n                    <td style=\"\">Adolescentes<\/td>\n                    <td style=\"\"><\/td>\n                    <td style=\"\"><\/td>\n                    <td style=\"\"><a href=\"https:\/\/diocesisdeaguascalientes.mx\/vicaria-de-pastoral\/wp-content\/uploads\/sites\/2\/forminator\/10414_47c7fef6f8c6f15ac1daaf1663bdf562\/uploads\/dnIduQZn0Hbr-ESQUEMA-DE-PROGRAMACION-25-26-Adolescentes.pdf\" target=\"_blank\">dnIduQZn0Hbr-ESQUEMA-DE-PROGRAMACION-25-26-Adolescentes.pdf<\/a><\/td>\n                    <td style=\"\">22\/09\/2025 04:55 PM<\/td>\n            <\/tr>\n            <tr id=\"table_3_row_595\">\n                    <td style=\"\">Programaci\u00f3n Parroquial<\/td>\n                    <td style=\"\">P041 JES\u00daS, MAR\u00cdA Y JOS\u00c9(OJO CALIENTE I)<\/td>\n                    <td style=\"\">Familiar<\/td>\n                    <td style=\"\"><\/td>\n                    <td style=\"\"><\/td>\n                    <td style=\"\"><a href=\"https:\/\/diocesisdeaguascalientes.mx\/vicaria-de-pastoral\/wp-content\/uploads\/sites\/2\/forminator\/10414_47c7fef6f8c6f15ac1daaf1663bdf562\/uploads\/R7keBQPbg1Oe-ESQUEMA-DE-PROGRAMACION-25-26-PF.pdf\" target=\"_blank\">R7keBQPbg1Oe-ESQUEMA-DE-PROGRAMACION-25-26-PF.pdf<\/a><\/td>\n                    <td style=\"\">22\/09\/2025 04:55 PM<\/td>\n            <\/tr>\n            <tr id=\"table_3_row_596\">\n                    <td style=\"\">Programaci\u00f3n Parroquial<\/td>\n                    <td style=\"\">P041 JES\u00daS, MAR\u00cdA Y JOS\u00c9(OJO CALIENTE I)<\/td>\n                    <td style=\"\">Social<\/td>\n                    <td style=\"\"><\/td>\n                    <td style=\"\"><\/td>\n                    <td style=\"\"><a href=\"https:\/\/diocesisdeaguascalientes.mx\/vicaria-de-pastoral\/wp-content\/uploads\/sites\/2\/forminator\/10414_47c7fef6f8c6f15ac1daaf1663bdf562\/uploads\/7zUrXepPGDle-ESQUEMA-DE-PROGRAMACION-25-26-PS.pdf\" target=\"_blank\">7zUrXepPGDle-ESQUEMA-DE-PROGRAMACION-25-26-PS.pdf<\/a><\/td>\n                    <td style=\"\">22\/09\/2025 04:55 PM<\/td>\n            <\/tr>\n            <tr id=\"table_3_row_597\">\n                    <td style=\"\">Programaci\u00f3n Parroquial<\/td>\n                    <td style=\"\">P041 JES\u00daS, MAR\u00cdA Y JOS\u00c9(OJO CALIENTE I)<\/td>\n                    <td style=\"\">Lit\u00fargica<\/td>\n                    <td style=\"\"><\/td>\n                    <td style=\"\"><\/td>\n                    <td style=\"\"><a href=\"https:\/\/diocesisdeaguascalientes.mx\/vicaria-de-pastoral\/wp-content\/uploads\/sites\/2\/forminator\/10414_47c7fef6f8c6f15ac1daaf1663bdf562\/uploads\/kbN2Bd3lFFv4-ESQUEMA-DE-PROGRAMACION-25-26-PL.pdf\" target=\"_blank\">kbN2Bd3lFFv4-ESQUEMA-DE-PROGRAMACION-25-26-PL.pdf<\/a><\/td>\n                    <td style=\"\">22\/09\/2025 04:54 PM<\/td>\n            <\/tr>\n            <tr id=\"table_3_row_598\">\n                    <td style=\"\">Programaci\u00f3n Parroquial<\/td>\n                    <td style=\"\">P041 JES\u00daS, MAR\u00cdA Y JOS\u00c9(OJO CALIENTE I)<\/td>\n                    <td style=\"\">Prof\u00e9tica<\/td>\n                    <td style=\"\"><\/td>\n                    <td style=\"\"><\/td>\n                    <td style=\"\"><a href=\"https:\/\/diocesisdeaguascalientes.mx\/vicaria-de-pastoral\/wp-content\/uploads\/sites\/2\/forminator\/10414_47c7fef6f8c6f15ac1daaf1663bdf562\/uploads\/TQ4k2aoa4kEt-ESQUEMA-DE-PROGRAMACION-25-26-PP.pdf\" target=\"_blank\">TQ4k2aoa4kEt-ESQUEMA-DE-PROGRAMACION-25-26-PP.pdf<\/a><\/td>\n                    <td style=\"\">22\/09\/2025 04:53 PM<\/td>\n            <\/tr>\n            <tr id=\"table_3_row_599\">\n                    <td style=\"\">Programaci\u00f3n Parroquial<\/td>\n                    <td style=\"\">P068 PABELL\u00d3N DE GUADALUPE(PABELL\u00d3N DE ARTEAGA)<\/td>\n                    <td style=\"\">Social<\/td>\n                    <td style=\"\"><\/td>\n                    <td style=\"\"><\/td>\n                    <td style=\"\"><a href=\"https:\/\/diocesisdeaguascalientes.mx\/vicaria-de-pastoral\/wp-content\/uploads\/sites\/2\/forminator\/10414_47c7fef6f8c6f15ac1daaf1663bdf562\/uploads\/YKxWcgFEzEqX-PROGRAMACION-DE-PASTROAL-SOCIAL.pdf\" target=\"_blank\">YKxWcgFEzEqX-PROGRAMACION-DE-PASTROAL-SOCIAL.pdf<\/a><\/td>\n                    <td style=\"\">22\/09\/2025 03:53 PM<\/td>\n            <\/tr>\n            <tr id=\"table_3_row_600\">\n                    <td style=\"\">Programaci\u00f3n Parroquial<\/td>\n                    <td style=\"\">P105 TRES AVE MAR\u00cdAS(LAS AM\u00c9RICAS)<\/td>\n                    <td style=\"\">Social<\/td>\n                    <td style=\"\"><\/td>\n                    <td style=\"\"><\/td>\n                    <td style=\"\"><a href=\"https:\/\/diocesisdeaguascalientes.mx\/vicaria-de-pastoral\/wp-content\/uploads\/sites\/2\/forminator\/10414_47c7fef6f8c6f15ac1daaf1663bdf562\/uploads\/BaixPNLRxk85-PASTORAL-ECOLOGICA-ENCUENTRO-CON-CRISTO-2025-2026.pdf\" target=\"_blank\">BaixPNLRxk85-PASTORAL-ECOLOGICA-ENCUENTRO-CON-CRISTO-2025-2026.pdf<\/a><\/td>\n                    <td style=\"\">22\/09\/2025 01:07 PM<\/td>\n            <\/tr>\n            <tr id=\"table_3_row_601\">\n                    <td style=\"\">Programaci\u00f3n Parroquial<\/td>\n                    <td style=\"\">P105 TRES AVE MAR\u00cdAS(LAS AM\u00c9RICAS)<\/td>\n                    <td style=\"\">Animaci\u00f3n Pastoral (CPP)<\/td>\n                    <td style=\"\"><\/td>\n                    <td style=\"\"><\/td>\n                    <td style=\"\"><a href=\"https:\/\/diocesisdeaguascalientes.mx\/vicaria-de-pastoral\/wp-content\/uploads\/sites\/2\/forminator\/10414_47c7fef6f8c6f15ac1daaf1663bdf562\/uploads\/jPQCLslXabnU-SECTORES-ENCUENTRO-CON-CRISTO-2025-2026.pdf\" target=\"_blank\">jPQCLslXabnU-SECTORES-ENCUENTRO-CON-CRISTO-2025-2026.pdf<\/a><\/td>\n                    <td style=\"\">22\/09\/2025 01:06 PM<\/td>\n            <\/tr>\n            <tr id=\"table_3_row_602\">\n                    <td style=\"\">Programaci\u00f3n Parroquial<\/td>\n                    <td style=\"\">P105 TRES AVE MAR\u00cdAS(LAS AM\u00c9RICAS)<\/td>\n                    <td style=\"\">Lit\u00fargica<\/td>\n                    <td style=\"\"><\/td>\n                    <td style=\"\"><\/td>\n                    <td style=\"\"><a href=\"https:\/\/diocesisdeaguascalientes.mx\/vicaria-de-pastoral\/wp-content\/uploads\/sites\/2\/forminator\/10414_47c7fef6f8c6f15ac1daaf1663bdf562\/uploads\/ddXimEP7yl6m-MESC-ENCUENTRO-CON-CRISTO-2025-2026.pdf\" target=\"_blank\">ddXimEP7yl6m-MESC-ENCUENTRO-CON-CRISTO-2025-2026.pdf<\/a><\/td>\n                    <td style=\"\">22\/09\/2025 01:05 PM<\/td>\n            <\/tr>\n            <tr id=\"table_3_row_603\">\n                    <td style=\"\">Programaci\u00f3n Parroquial<\/td>\n                    <td style=\"\">P105 TRES AVE MAR\u00cdAS(LAS AM\u00c9RICAS)<\/td>\n                    <td style=\"\">Prof\u00e9tica<\/td>\n                    <td style=\"\"><\/td>\n                    <td style=\"\"><\/td>\n                    <td style=\"\"><a href=\"https:\/\/diocesisdeaguascalientes.mx\/vicaria-de-pastoral\/wp-content\/uploads\/sites\/2\/forminator\/10414_47c7fef6f8c6f15ac1daaf1663bdf562\/uploads\/C8a3SdQ7fMlH-CATEQUESIS-CATECUMENADO-ENCUENTRO-CON-CRISTO-2025-2026.pdf\" target=\"_blank\">C8a3SdQ7fMlH-CATEQUESIS-CATECUMENADO-ENCUENTRO-CON-CRISTO-2025-2026.pdf<\/a><\/td>\n                    <td style=\"\">22\/09\/2025 01:04 PM<\/td>\n            <\/tr>\n            <tr id=\"table_3_row_604\">\n                    <td style=\"\">Programaci\u00f3n Parroquial<\/td>\n                    <td style=\"\">P105 TRES AVE MAR\u00cdAS(LAS AM\u00c9RICAS)<\/td>\n                    <td style=\"\">Prof\u00e9tica<\/td>\n                    <td style=\"\"><\/td>\n                    <td style=\"\"><\/td>\n                    <td style=\"\"><a href=\"https:\/\/diocesisdeaguascalientes.mx\/vicaria-de-pastoral\/wp-content\/uploads\/sites\/2\/forminator\/10414_47c7fef6f8c6f15ac1daaf1663bdf562\/uploads\/osPutiONfxFL-CATEQUESIS-PAPAS-ENCUENTRO-CON-CRISTO-2025-2026.pdf\" target=\"_blank\">osPutiONfxFL-CATEQUESIS-PAPAS-ENCUENTRO-CON-CRISTO-2025-2026.pdf<\/a><\/td>\n                    <td style=\"\">22\/09\/2025 01:04 PM<\/td>\n            <\/tr>\n            <tr id=\"table_3_row_605\">\n                    <td style=\"\">Programaci\u00f3n Parroquial<\/td>\n                    <td style=\"\">P105 TRES AVE MAR\u00cdAS(LAS AM\u00c9RICAS)<\/td>\n                    <td style=\"\">Prof\u00e9tica<\/td>\n                    <td style=\"\"><\/td>\n                    <td style=\"\"><\/td>\n                    <td style=\"\"><a href=\"https:\/\/diocesisdeaguascalientes.mx\/vicaria-de-pastoral\/wp-content\/uploads\/sites\/2\/forminator\/10414_47c7fef6f8c6f15ac1daaf1663bdf562\/uploads\/6ZMg9gHrFAz7-CATEQUESIS-XV-ANOS-ENCUENTRO-CON-CRISTO-2025-2026.pdf\" target=\"_blank\">6ZMg9gHrFAz7-CATEQUESIS-XV-ANOS-ENCUENTRO-CON-CRISTO-2025-2026.pdf<\/a><\/td>\n                    <td style=\"\">22\/09\/2025 01:03 PM<\/td>\n            <\/tr>\n            <tr id=\"table_3_row_606\">\n                    <td style=\"\">Programaci\u00f3n Parroquial<\/td>\n                    <td style=\"\">P105 TRES AVE MAR\u00cdAS(LAS AM\u00c9RICAS)<\/td>\n                    <td style=\"\">Prof\u00e9tica<\/td>\n                    <td style=\"\"><\/td>\n                    <td style=\"\"><\/td>\n                    <td style=\"\"><a href=\"https:\/\/diocesisdeaguascalientes.mx\/vicaria-de-pastoral\/wp-content\/uploads\/sites\/2\/forminator\/10414_47c7fef6f8c6f15ac1daaf1663bdf562\/uploads\/5OKnp1KhGJ7D-CATEQUESIS-INFANTIL-ENCUENTRO-CON-CRISTO-2025-2026.pdf\" target=\"_blank\">5OKnp1KhGJ7D-CATEQUESIS-INFANTIL-ENCUENTRO-CON-CRISTO-2025-2026.pdf<\/a><\/td>\n                    <td style=\"\">22\/09\/2025 12:59 PM<\/td>\n            <\/tr>\n            <tr id=\"table_3_row_607\">\n                    <td style=\"\">Programaci\u00f3n Parroquial<\/td>\n                    <td style=\"\">P105 TRES AVE MAR\u00cdAS(LAS AM\u00c9RICAS)<\/td>\n                    <td style=\"\">Organismos Eclesiales Laicales (OEL)<\/td>\n                    <td style=\"\">3.Adoraci\u00f3n, Comunidad, Trabajo, Servicio (ACTS)<\/td>\n                    <td style=\"\"><\/td>\n                    <td style=\"\"><a href=\"https:\/\/diocesisdeaguascalientes.mx\/vicaria-de-pastoral\/wp-content\/uploads\/sites\/2\/forminator\/10414_47c7fef6f8c6f15ac1daaf1663bdf562\/uploads\/VuuwWFMfMslN-OEL-ACTS-ENCUENTRO-CON-CRISTO-2025-2026.pdf\" target=\"_blank\">VuuwWFMfMslN-OEL-ACTS-ENCUENTRO-CON-CRISTO-2025-2026.pdf<\/a><\/td>\n                    <td style=\"\">22\/09\/2025 12:54 PM<\/td>\n            <\/tr>\n            <tr id=\"table_3_row_608\">\n                    <td style=\"\">Programaci\u00f3n Parroquial<\/td>\n                    <td style=\"\">P105 TRES AVE MAR\u00cdAS(LAS AM\u00c9RICAS)<\/td>\n                    <td style=\"\">Organismos Eclesiales Laicales (OEL)<\/td>\n                    <td style=\"\">27.Legi\u00f3n de Mar\u00eda<\/td>\n                    <td style=\"\"><\/td>\n                    <td style=\"\"><a href=\"https:\/\/diocesisdeaguascalientes.mx\/vicaria-de-pastoral\/wp-content\/uploads\/sites\/2\/forminator\/10414_47c7fef6f8c6f15ac1daaf1663bdf562\/uploads\/1DTRy79JyRkp-OEL-LEGION-DE-MARIA-ENCUENTRO-CON-CRISTO-2025-2026.pdf\" target=\"_blank\">1DTRy79JyRkp-OEL-LEGION-DE-MARIA-ENCUENTRO-CON-CRISTO-2025-2026.pdf<\/a><\/td>\n                    <td style=\"\">22\/09\/2025 12:52 PM<\/td>\n            <\/tr>\n            <tr id=\"table_3_row_609\">\n                    <td style=\"\">Programaci\u00f3n Parroquial<\/td>\n                    <td style=\"\">P105 TRES AVE MAR\u00cdAS(LAS AM\u00c9RICAS)<\/td>\n                    <td style=\"\">Organismos Eclesiales Laicales (OEL)<\/td>\n                    <td style=\"\">26.\u201cKair\u00f3s\u201d Campamentos<\/td>\n                    <td style=\"\"><\/td>\n                    <td style=\"\"><a href=\"https:\/\/diocesisdeaguascalientes.mx\/vicaria-de-pastoral\/wp-content\/uploads\/sites\/2\/forminator\/10414_47c7fef6f8c6f15ac1daaf1663bdf562\/uploads\/fDw0EJkTzKFG-OEL-KAIROS-PAPAS-ENCUENTRO-CON-CRISTO-2025-2026.pdf\" target=\"_blank\">fDw0EJkTzKFG-OEL-KAIROS-PAPAS-ENCUENTRO-CON-CRISTO-2025-2026.pdf<\/a><\/td>\n                    <td style=\"\">22\/09\/2025 12:52 PM<\/td>\n            <\/tr>\n            <tr id=\"table_3_row_610\">\n                    <td style=\"\">Programaci\u00f3n Parroquial<\/td>\n                    <td style=\"\">P105 TRES AVE MAR\u00cdAS(LAS AM\u00c9RICAS)<\/td>\n                    <td style=\"\">Pastoral de la Comunicaci\u00f3n<\/td>\n                    <td style=\"\"><\/td>\n                    <td style=\"\"><\/td>\n                    <td style=\"\"><a href=\"https:\/\/diocesisdeaguascalientes.mx\/vicaria-de-pastoral\/wp-content\/uploads\/sites\/2\/forminator\/10414_47c7fef6f8c6f15ac1daaf1663bdf562\/uploads\/YJPlnh1j4mv1-PASTORAL-DE-LA-COMUNICACION-ENCUENTRO-CON-CRISTO-2025-2026.pdf\" target=\"_blank\">YJPlnh1j4mv1-PASTORAL-DE-LA-COMUNICACION-ENCUENTRO-CON-CRISTO-2025-2026.pdf<\/a><\/td>\n                    <td style=\"\">22\/09\/2025 12:51 PM<\/td>\n            <\/tr>\n            <tr id=\"table_3_row_611\">\n                    <td style=\"\">Programaci\u00f3n Parroquial<\/td>\n                    <td style=\"\">P098 LA SOLEDAD DE MAR\u00cdA(INFONAVIT OJO DE AGUA)<\/td>\n                    <td style=\"\">Animaci\u00f3n Pastoral (CPP)<\/td>\n                    <td style=\"\"><\/td>\n                    <td style=\"\"><\/td>\n                    <td style=\"\"><a href=\"https:\/\/diocesisdeaguascalientes.mx\/vicaria-de-pastoral\/wp-content\/uploads\/sites\/2\/forminator\/10414_47c7fef6f8c6f15ac1daaf1663bdf562\/uploads\/1eJqsxslTmhI-Captura-de-Animacion-Pastoral-2025-2026.pdf\" target=\"_blank\">1eJqsxslTmhI-Captura-de-Animacion-Pastoral-2025-2026.pdf<\/a><\/td>\n                    <td style=\"\">22\/09\/2025 12:51 PM<\/td>\n            <\/tr>\n            <tr id=\"table_3_row_612\">\n                    <td style=\"\">Programaci\u00f3n Parroquial<\/td>\n                    <td style=\"\">P098 LA SOLEDAD DE MAR\u00cdA(INFONAVIT OJO DE AGUA)<\/td>\n                    <td style=\"\">Animaci\u00f3n Pastoral (CPP)<\/td>\n                    <td style=\"\"><\/td>\n                    <td style=\"\"><\/td>\n                    <td style=\"\"><a href=\"https:\/\/diocesisdeaguascalientes.mx\/vicaria-de-pastoral\/wp-content\/uploads\/sites\/2\/forminator\/10414_47c7fef6f8c6f15ac1daaf1663bdf562\/uploads\/i8nEyAoGTHZa-Animacion-Pastoral-Sectores.pdf\" target=\"_blank\">i8nEyAoGTHZa-Animacion-Pastoral-Sectores.pdf<\/a><\/td>\n                    <td style=\"\">22\/09\/2025 12:50 PM<\/td>\n            <\/tr>\n            <tr id=\"table_3_row_613\">\n                    <td style=\"\">Programaci\u00f3n Parroquial<\/td>\n                    <td style=\"\">P105 TRES AVE MAR\u00cdAS(LAS AM\u00c9RICAS)<\/td>\n                    <td style=\"\">Familiar<\/td>\n                    <td style=\"\"><\/td>\n                    <td style=\"\"><\/td>\n                    <td style=\"\"><a href=\"https:\/\/diocesisdeaguascalientes.mx\/vicaria-de-pastoral\/wp-content\/uploads\/sites\/2\/forminator\/10414_47c7fef6f8c6f15ac1daaf1663bdf562\/uploads\/SZUqgvyMUfkf-PASTORAL-FAMILIAR-ANO-DEL-ENCUENTRO-CON-CRISTO-2025-2026.pdf\" target=\"_blank\">SZUqgvyMUfkf-PASTORAL-FAMILIAR-ANO-DEL-ENCUENTRO-CON-CRISTO-2025-2026.pdf<\/a><\/td>\n                    <td style=\"\">22\/09\/2025 12:50 PM<\/td>\n            <\/tr>\n            <tr id=\"table_3_row_614\">\n                    <td style=\"\">Programaci\u00f3n Parroquial<\/td>\n                    <td style=\"\">P105 TRES AVE MAR\u00cdAS(LAS AM\u00c9RICAS)<\/td>\n                    <td style=\"\">Social<\/td>\n                    <td style=\"\"><\/td>\n                    <td style=\"\"><\/td>\n                    <td style=\"\"><a href=\"https:\/\/diocesisdeaguascalientes.mx\/vicaria-de-pastoral\/wp-content\/uploads\/sites\/2\/forminator\/10414_47c7fef6f8c6f15ac1daaf1663bdf562\/uploads\/9MyGCg3NCeeA-PASTORAL-SOCIAL-ENCUENTRO-CON-CRISTO-2025-2026.pdf\" target=\"_blank\">9MyGCg3NCeeA-PASTORAL-SOCIAL-ENCUENTRO-CON-CRISTO-2025-2026.pdf<\/a><\/td>\n                    <td style=\"\">22\/09\/2025 12:49 PM<\/td>\n            <\/tr>\n            <tr id=\"table_3_row_615\">\n                    <td style=\"\">Programaci\u00f3n Parroquial<\/td>\n                    <td style=\"\">P105 TRES AVE MAR\u00cdAS(LAS AM\u00c9RICAS)<\/td>\n                    <td style=\"\">Lit\u00fargica<\/td>\n                    <td style=\"\"><\/td>\n                    <td style=\"\"><\/td>\n                    <td style=\"\"><a href=\"https:\/\/diocesisdeaguascalientes.mx\/vicaria-de-pastoral\/wp-content\/uploads\/sites\/2\/forminator\/10414_47c7fef6f8c6f15ac1daaf1663bdf562\/uploads\/xDkYlUPfO9pT-PASTORAL-LITURGICA-ENCUENTRO-CON-CRISTO-2025-2026.pdf\" target=\"_blank\">xDkYlUPfO9pT-PASTORAL-LITURGICA-ENCUENTRO-CON-CRISTO-2025-2026.pdf<\/a><\/td>\n                    <td style=\"\">22\/09\/2025 12:49 PM<\/td>\n            <\/tr>\n            <tr id=\"table_3_row_616\">\n                    <td style=\"\">Programaci\u00f3n Parroquial<\/td>\n                    <td style=\"\">P098 LA SOLEDAD DE MAR\u00cdA(INFONAVIT OJO DE AGUA)<\/td>\n                    <td style=\"\">Organismos Eclesiales Laicales (OEL)<\/td>\n                    <td style=\"\">30.Mater F\u00e1tima<\/td>\n                    <td style=\"\"><\/td>\n                    <td style=\"\"><a href=\"https:\/\/diocesisdeaguascalientes.mx\/vicaria-de-pastoral\/wp-content\/uploads\/sites\/2\/forminator\/10414_47c7fef6f8c6f15ac1daaf1663bdf562\/uploads\/MHrS42HxTM2a-Movimiento-Laical-Mater-Fatima.pdf\" target=\"_blank\">MHrS42HxTM2a-Movimiento-Laical-Mater-Fatima.pdf<\/a><\/td>\n                    <td style=\"\">22\/09\/2025 12:48 PM<\/td>\n            <\/tr>\n            <tr id=\"table_3_row_617\">\n                    <td style=\"\">Programaci\u00f3n Parroquial<\/td>\n                    <td style=\"\">P105 TRES AVE MAR\u00cdAS(LAS AM\u00c9RICAS)<\/td>\n                    <td style=\"\">Prof\u00e9tica<\/td>\n                    <td style=\"\"><\/td>\n                    <td style=\"\"><\/td>\n                    <td style=\"\"><a href=\"https:\/\/diocesisdeaguascalientes.mx\/vicaria-de-pastoral\/wp-content\/uploads\/sites\/2\/forminator\/10414_47c7fef6f8c6f15ac1daaf1663bdf562\/uploads\/OHixctUmsC5p-PASTORAL-PROFETICA-ENCUENTRO-CON-CRISTO-2025-2026.pdf\" target=\"_blank\">OHixctUmsC5p-PASTORAL-PROFETICA-ENCUENTRO-CON-CRISTO-2025-2026.pdf<\/a><\/td>\n                    <td style=\"\">22\/09\/2025 12:48 PM<\/td>\n            <\/tr>\n            <tr id=\"table_3_row_618\">\n                    <td style=\"\">Programaci\u00f3n Parroquial<\/td>\n                    <td style=\"\">P105 TRES AVE MAR\u00cdAS(LAS AM\u00c9RICAS)<\/td>\n                    <td style=\"\">Animaci\u00f3n Pastoral (CPP)<\/td>\n                    <td style=\"\"><\/td>\n                    <td style=\"\"><\/td>\n                    <td style=\"\"><a href=\"https:\/\/diocesisdeaguascalientes.mx\/vicaria-de-pastoral\/wp-content\/uploads\/sites\/2\/forminator\/10414_47c7fef6f8c6f15ac1daaf1663bdf562\/uploads\/BgtuGZ5MHOzJ-ANIMACION-PASTORAL-ENCUENTRO-CON-CRISTO-2025-2026.pdf\" target=\"_blank\">BgtuGZ5MHOzJ-ANIMACION-PASTORAL-ENCUENTRO-CON-CRISTO-2025-2026.pdf<\/a><\/td>\n                    <td style=\"\">22\/09\/2025 12:47 PM<\/td>\n            <\/tr>\n            <tr id=\"table_3_row_619\">\n                    <td style=\"\">Programaci\u00f3n Parroquial<\/td>\n                    <td style=\"\">P098 LA SOLEDAD DE MAR\u00cdA(INFONAVIT OJO DE AGUA)<\/td>\n                    <td style=\"\">Organismos Eclesiales Laicales (OEL)<\/td>\n                    <td style=\"\">27.Legi\u00f3n de Mar\u00eda<\/td>\n                    <td style=\"\"><\/td>\n                    <td style=\"\"><a href=\"https:\/\/diocesisdeaguascalientes.mx\/vicaria-de-pastoral\/wp-content\/uploads\/sites\/2\/forminator\/10414_47c7fef6f8c6f15ac1daaf1663bdf562\/uploads\/qmyQhHWHpJLE-Pastoral-Legion-de-Maria-OCL.pdf\" target=\"_blank\">qmyQhHWHpJLE-Pastoral-Legion-de-Maria-OCL.pdf<\/a><\/td>\n                    <td style=\"\">22\/09\/2025 12:46 PM<\/td>\n            <\/tr>\n            <tr id=\"table_3_row_620\">\n                    <td style=\"\">Programaci\u00f3n Parroquial<\/td>\n                    <td style=\"\">P098 LA SOLEDAD DE MAR\u00cdA(INFONAVIT OJO DE AGUA)<\/td>\n                    <td style=\"\">Organismos Eclesiales Laicales (OEL)<\/td>\n                    <td style=\"\">3.Adoraci\u00f3n, Comunidad, Trabajo, Servicio (ACTS)<\/td>\n                    <td style=\"\"><\/td>\n                    <td style=\"\"><a href=\"https:\/\/diocesisdeaguascalientes.mx\/vicaria-de-pastoral\/wp-content\/uploads\/sites\/2\/forminator\/10414_47c7fef6f8c6f15ac1daaf1663bdf562\/uploads\/it7saiu0ObqO-ACTS-OCL.pdf\" target=\"_blank\">it7saiu0ObqO-ACTS-OCL.pdf<\/a><\/td>\n                    <td style=\"\">22\/09\/2025 12:44 PM<\/td>\n            <\/tr>\n            <tr id=\"table_3_row_621\">\n                    <td style=\"\">Programaci\u00f3n Parroquial<\/td>\n                    <td style=\"\">P098 LA SOLEDAD DE MAR\u00cdA(INFONAVIT OJO DE AGUA)<\/td>\n                    <td style=\"\">Familiar<\/td>\n                    <td style=\"\"><\/td>\n                    <td style=\"\"><\/td>\n                    <td style=\"\"><a href=\"https:\/\/diocesisdeaguascalientes.mx\/vicaria-de-pastoral\/wp-content\/uploads\/sites\/2\/forminator\/10414_47c7fef6f8c6f15ac1daaf1663bdf562\/uploads\/h6YhboTjcVHQ-Pastoral-Familiar.pdf\" target=\"_blank\">h6YhboTjcVHQ-Pastoral-Familiar.pdf<\/a><\/td>\n                    <td style=\"\">22\/09\/2025 12:43 PM<\/td>\n            <\/tr>\n            <tr id=\"table_3_row_622\">\n                    <td style=\"\">Programaci\u00f3n Parroquial<\/td>\n                    <td style=\"\">P098 LA SOLEDAD DE MAR\u00cdA(INFONAVIT OJO DE AGUA)<\/td>\n                    <td style=\"\">Social<\/td>\n                    <td style=\"\"><\/td>\n                    <td style=\"\"><\/td>\n                    <td style=\"\"><a href=\"https:\/\/diocesisdeaguascalientes.mx\/vicaria-de-pastoral\/wp-content\/uploads\/sites\/2\/forminator\/10414_47c7fef6f8c6f15ac1daaf1663bdf562\/uploads\/RrL3QMNTXJzt-Pastoral-Social.pdf\" target=\"_blank\">RrL3QMNTXJzt-Pastoral-Social.pdf<\/a><\/td>\n                    <td style=\"\">22\/09\/2025 12:42 PM<\/td>\n            <\/tr>\n            <tr id=\"table_3_row_623\">\n                    <td style=\"\">Programaci\u00f3n Parroquial<\/td>\n                    <td style=\"\">P098 LA SOLEDAD DE MAR\u00cdA(INFONAVIT OJO DE AGUA)<\/td>\n                    <td style=\"\">Lit\u00fargica<\/td>\n                    <td style=\"\"><\/td>\n                    <td style=\"\"><\/td>\n                    <td style=\"\"><a href=\"https:\/\/diocesisdeaguascalientes.mx\/vicaria-de-pastoral\/wp-content\/uploads\/sites\/2\/forminator\/10414_47c7fef6f8c6f15ac1daaf1663bdf562\/uploads\/70tEhiLkp1bp-Pastoral-Liturgica.pdf\" target=\"_blank\">70tEhiLkp1bp-Pastoral-Liturgica.pdf<\/a><\/td>\n                    <td style=\"\">22\/09\/2025 12:41 PM<\/td>\n            <\/tr>\n            <tr id=\"table_3_row_624\">\n                    <td style=\"\">Programaci\u00f3n Parroquial<\/td>\n                    <td style=\"\">P098 LA SOLEDAD DE MAR\u00cdA(INFONAVIT OJO DE AGUA)<\/td>\n                    <td style=\"\">Prof\u00e9tica<\/td>\n                    <td style=\"\"><\/td>\n                    <td style=\"\"><\/td>\n                    <td style=\"\"><a href=\"https:\/\/diocesisdeaguascalientes.mx\/vicaria-de-pastoral\/wp-content\/uploads\/sites\/2\/forminator\/10414_47c7fef6f8c6f15ac1daaf1663bdf562\/uploads\/0XAE76CpB3r1-Pastoral-Profetica.pdf\" target=\"_blank\">0XAE76CpB3r1-Pastoral-Profetica.pdf<\/a><\/td>\n                    <td style=\"\">22\/09\/2025 12:40 PM<\/td>\n            <\/tr>\n            <tr id=\"table_3_row_625\">\n                    <td style=\"\">Programaci\u00f3n Parroquial<\/td>\n                    <td style=\"\">P084 SAGRADO CORAZ\u00d3N DE JES\u00daS(J.G\u00d3MEZ PORTUGAL)<\/td>\n                    <td style=\"\">Prof\u00e9tica<\/td>\n                    <td style=\"\"><\/td>\n                    <td style=\"\"><\/td>\n                    <td style=\"\"><a href=\"https:\/\/diocesisdeaguascalientes.mx\/vicaria-de-pastoral\/wp-content\/uploads\/sites\/2\/forminator\/10414_47c7fef6f8c6f15ac1daaf1663bdf562\/uploads\/GVF4WPyKPpJG-PROGRAMACION-PASTORAL-PROFETICA-2025-2026.pdf\" target=\"_blank\">GVF4WPyKPpJG-PROGRAMACION-PASTORAL-PROFETICA-2025-2026.pdf<\/a><\/td>\n                    <td style=\"\">22\/09\/2025 12:32 PM<\/td>\n            <\/tr>\n            <tr id=\"table_3_row_626\">\n                    <td style=\"\">Programaci\u00f3n Parroquial<\/td>\n                    <td style=\"\">P084 SAGRADO CORAZ\u00d3N DE JES\u00daS(J.G\u00d3MEZ PORTUGAL)<\/td>\n                    <td style=\"\">Animaci\u00f3n Pastoral (CPP)<\/td>\n                    <td style=\"\"><\/td>\n                    <td style=\"\"><\/td>\n                    <td style=\"\"><a href=\"https:\/\/diocesisdeaguascalientes.mx\/vicaria-de-pastoral\/wp-content\/uploads\/sites\/2\/forminator\/10414_47c7fef6f8c6f15ac1daaf1663bdf562\/uploads\/z5dNIVbekT5H-PROGRAMACION-PASTORAL-ANIMACION-PASTORAL-2025-2026.pdf\" target=\"_blank\">z5dNIVbekT5H-PROGRAMACION-PASTORAL-ANIMACION-PASTORAL-2025-2026.pdf<\/a><\/td>\n                    <td style=\"\">22\/09\/2025 12:21 PM<\/td>\n            <\/tr>\n            <tr id=\"table_3_row_627\">\n                    <td style=\"\">Programaci\u00f3n Parroquial<\/td>\n                    <td style=\"\">P084 SAGRADO CORAZ\u00d3N DE JES\u00daS(J.G\u00d3MEZ PORTUGAL)<\/td>\n                    <td style=\"\">Social<\/td>\n                    <td style=\"\"><\/td>\n                    <td style=\"\"><\/td>\n                    <td style=\"\"><a href=\"https:\/\/diocesisdeaguascalientes.mx\/vicaria-de-pastoral\/wp-content\/uploads\/sites\/2\/forminator\/10414_47c7fef6f8c6f15ac1daaf1663bdf562\/uploads\/NstqmDWPcRE0-PROGRAMACION-PASTORAL-SOCIAL-2025-2026.pdf\" target=\"_blank\">NstqmDWPcRE0-PROGRAMACION-PASTORAL-SOCIAL-2025-2026.pdf<\/a><\/td>\n                    <td style=\"\">22\/09\/2025 12:20 PM<\/td>\n            <\/tr>\n            <tr id=\"table_3_row_628\">\n                    <td style=\"\">Programaci\u00f3n Parroquial<\/td>\n                    <td style=\"\">P084 SAGRADO CORAZ\u00d3N DE JES\u00daS(J.G\u00d3MEZ PORTUGAL)<\/td>\n                    <td style=\"\">Organismos Eclesiales Laicales (OEL)<\/td>\n                    <td style=\"\">1.Acci\u00f3n Cat\u00f3lica<\/td>\n                    <td style=\"\"><\/td>\n                    <td style=\"\"><a href=\"https:\/\/diocesisdeaguascalientes.mx\/vicaria-de-pastoral\/wp-content\/uploads\/sites\/2\/forminator\/10414_47c7fef6f8c6f15ac1daaf1663bdf562\/uploads\/sZTZKQ7UPxS0-PROGRAMACION-PASTORAL-ORGANISMOS-ECLESIALES-2025-2026.pdf\" target=\"_blank\">sZTZKQ7UPxS0-PROGRAMACION-PASTORAL-ORGANISMOS-ECLESIALES-2025-2026.pdf<\/a><\/td>\n                    <td style=\"\">22\/09\/2025 12:07 PM<\/td>\n            <\/tr>\n            <tr id=\"table_3_row_629\">\n                    <td style=\"\">Programaci\u00f3n Parroquial<\/td>\n                    <td style=\"\">P084 SAGRADO CORAZ\u00d3N DE JES\u00daS(J.G\u00d3MEZ PORTUGAL)<\/td>\n                    <td style=\"\">Pastoral de la Comunicaci\u00f3n<\/td>\n                    <td style=\"\"><\/td>\n                    <td style=\"\"><\/td>\n                    <td style=\"\"><a href=\"https:\/\/diocesisdeaguascalientes.mx\/vicaria-de-pastoral\/wp-content\/uploads\/sites\/2\/forminator\/10414_47c7fef6f8c6f15ac1daaf1663bdf562\/uploads\/WNZ9fAVaTMBh-PROGRAMACION-PASTORAL-COMUNICACION-2025-2026.pdf\" target=\"_blank\">WNZ9fAVaTMBh-PROGRAMACION-PASTORAL-COMUNICACION-2025-2026.pdf<\/a><\/td>\n                    <td style=\"\">22\/09\/2025 12:06 PM<\/td>\n            <\/tr>\n            <tr id=\"table_3_row_630\">\n                    <td style=\"\">Programaci\u00f3n Parroquial<\/td>\n                    <td style=\"\">P084 SAGRADO CORAZ\u00d3N DE JES\u00daS(J.G\u00d3MEZ PORTUGAL)<\/td>\n                    <td style=\"\">Juvenil<\/td>\n                    <td style=\"\"><\/td>\n                    <td style=\"\"><\/td>\n                    <td style=\"\"><a href=\"https:\/\/diocesisdeaguascalientes.mx\/vicaria-de-pastoral\/wp-content\/uploads\/sites\/2\/forminator\/10414_47c7fef6f8c6f15ac1daaf1663bdf562\/uploads\/z4zb2bFrYWEV-PROGRAMACION-PASTORAL-JUVENIL-2025-2026.pdf\" target=\"_blank\">z4zb2bFrYWEV-PROGRAMACION-PASTORAL-JUVENIL-2025-2026.pdf<\/a><\/td>\n                    <td style=\"\">22\/09\/2025 12:06 PM<\/td>\n            <\/tr>\n            <tr id=\"table_3_row_631\">\n                    <td style=\"\">Programaci\u00f3n Parroquial<\/td>\n                    <td style=\"\">P084 SAGRADO CORAZ\u00d3N DE JES\u00daS(J.G\u00d3MEZ PORTUGAL)<\/td>\n                    <td style=\"\">Adolescentes<\/td>\n                    <td style=\"\"><\/td>\n                    <td style=\"\"><\/td>\n                    <td style=\"\"><a href=\"https:\/\/diocesisdeaguascalientes.mx\/vicaria-de-pastoral\/wp-content\/uploads\/sites\/2\/forminator\/10414_47c7fef6f8c6f15ac1daaf1663bdf562\/uploads\/wzeDHhAzR6pe-PROGRAMACION-PASTORAL-DE-ADOLESCENTES-2025-2026.pdf\" target=\"_blank\">wzeDHhAzR6pe-PROGRAMACION-PASTORAL-DE-ADOLESCENTES-2025-2026.pdf<\/a><\/td>\n                    <td style=\"\">22\/09\/2025 12:05 PM<\/td>\n            <\/tr>\n            <tr id=\"table_3_row_632\">\n                    <td style=\"\">Programaci\u00f3n Parroquial<\/td>\n                    <td style=\"\">P084 SAGRADO CORAZ\u00d3N DE JES\u00daS(J.G\u00d3MEZ PORTUGAL)<\/td>\n                    <td style=\"\">Familiar<\/td>\n                    <td style=\"\"><\/td>\n                    <td style=\"\"><\/td>\n                    <td style=\"\"><a href=\"https:\/\/diocesisdeaguascalientes.mx\/vicaria-de-pastoral\/wp-content\/uploads\/sites\/2\/forminator\/10414_47c7fef6f8c6f15ac1daaf1663bdf562\/uploads\/hwlfdrnLulJS-PROGRAMACION-PASTORAL-FAMILIAR-2025-2026.pdf\" target=\"_blank\">hwlfdrnLulJS-PROGRAMACION-PASTORAL-FAMILIAR-2025-2026.pdf<\/a><\/td>\n                    <td style=\"\">22\/09\/2025 12:04 PM<\/td>\n            <\/tr>\n            <tr id=\"table_3_row_633\">\n                    <td style=\"\">Programaci\u00f3n Parroquial<\/td>\n                    <td style=\"\">P084 SAGRADO CORAZ\u00d3N DE JES\u00daS(J.G\u00d3MEZ PORTUGAL)<\/td>\n                    <td style=\"\">Lit\u00fargica<\/td>\n                    <td style=\"\"><\/td>\n                    <td style=\"\"><\/td>\n                    <td style=\"\"><a href=\"https:\/\/diocesisdeaguascalientes.mx\/vicaria-de-pastoral\/wp-content\/uploads\/sites\/2\/forminator\/10414_47c7fef6f8c6f15ac1daaf1663bdf562\/uploads\/0oU0HXQCvWRt-PROGRAMACION-PASTORAL-LITURGICA-2025-2026.pdf\" target=\"_blank\">0oU0HXQCvWRt-PROGRAMACION-PASTORAL-LITURGICA-2025-2026.pdf<\/a><\/td>\n                    <td style=\"\">22\/09\/2025 11:55 AM<\/td>\n            <\/tr>\n            <tr id=\"table_3_row_634\">\n                    <td style=\"\">Programaci\u00f3n Parroquial<\/td>\n                    <td style=\"\">P082 SAGRADO CORAZ\u00d3N DE JES\u00daS(CENTRO)<\/td>\n                    <td style=\"\">Prof\u00e9tica<\/td>\n                    <td style=\"\"><\/td>\n                    <td style=\"\"><\/td>\n                    <td style=\"\"><a href=\"https:\/\/diocesisdeaguascalientes.mx\/vicaria-de-pastoral\/wp-content\/uploads\/sites\/2\/forminator\/10414_47c7fef6f8c6f15ac1daaf1663bdf562\/uploads\/NwSB8rz0X5vQ-PROGRAMACION-PASTORAL-PROFETICA-2025-2026.pdf\" target=\"_blank\">NwSB8rz0X5vQ-PROGRAMACION-PASTORAL-PROFETICA-2025-2026.pdf<\/a><\/td>\n                    <td style=\"\">22\/09\/2025 11:53 AM<\/td>\n            <\/tr>\n            <tr id=\"table_3_row_635\">\n                    <td style=\"\">Programaci\u00f3n Parroquial<\/td>\n                    <td style=\"\">P102 SANTA TERESITA DEL NI\u00d1O JES\u00daS(G\u00d3MEZ PORTUGAL)<\/td>\n                    <td style=\"\">Lit\u00fargica<\/td>\n                    <td style=\"\"><\/td>\n                    <td style=\"\"><\/td>\n                    <td style=\"\"><a href=\"https:\/\/diocesisdeaguascalientes.mx\/vicaria-de-pastoral\/wp-content\/uploads\/sites\/2\/forminator\/10414_47c7fef6f8c6f15ac1daaf1663bdf562\/uploads\/nbIgLRhO8Q5K-PROGRAMACION-PARROQUIAL-2025-2026-ADORACION.pdf\" target=\"_blank\">nbIgLRhO8Q5K-PROGRAMACION-PARROQUIAL-2025-2026-ADORACION.pdf<\/a><\/td>\n                    <td style=\"\">22\/09\/2025 11:49 AM<\/td>\n            <\/tr>\n            <tr id=\"table_3_row_636\">\n                    <td style=\"\">Programaci\u00f3n Parroquial<\/td>\n                    <td style=\"\">P102 SANTA TERESITA DEL NI\u00d1O JES\u00daS(G\u00d3MEZ PORTUGAL)<\/td>\n                    <td style=\"\">Lit\u00fargica<\/td>\n                    <td style=\"\"><\/td>\n                    <td style=\"\"><\/td>\n                    <td style=\"\"><a href=\"https:\/\/diocesisdeaguascalientes.mx\/vicaria-de-pastoral\/wp-content\/uploads\/sites\/2\/forminator\/10414_47c7fef6f8c6f15ac1daaf1663bdf562\/uploads\/vUempLiZ62Yp-PROGRAMACION-PARROQUIAL-2025-2026-MINISTROS.pdf\" target=\"_blank\">vUempLiZ62Yp-PROGRAMACION-PARROQUIAL-2025-2026-MINISTROS.pdf<\/a><\/td>\n                    <td style=\"\">22\/09\/2025 11:48 AM<\/td>\n            <\/tr>\n            <tr id=\"table_3_row_637\">\n                    <td style=\"\">Programaci\u00f3n Parroquial<\/td>\n                    <td style=\"\">P102 SANTA TERESITA DEL NI\u00d1O JES\u00daS(G\u00d3MEZ PORTUGAL)<\/td>\n                    <td style=\"\">Prof\u00e9tica<\/td>\n                    <td style=\"\"><\/td>\n                    <td style=\"\"><\/td>\n                    <td style=\"\"><a href=\"https:\/\/diocesisdeaguascalientes.mx\/vicaria-de-pastoral\/wp-content\/uploads\/sites\/2\/forminator\/10414_47c7fef6f8c6f15ac1daaf1663bdf562\/uploads\/GhuZ6NL0tUnQ-PROGRAMACION-PARROQUIAL-2025-2026-PRE-SACRAMENTAL-MATRIMONIO-1.pdf\" target=\"_blank\">GhuZ6NL0tUnQ-PROGRAMACION-PARROQUIAL-2025-2026-PRE-SACRAMENTAL-MATRIMONIO-1.pdf<\/a><\/td>\n                    <td style=\"\">22\/09\/2025 11:47 AM<\/td>\n            <\/tr>\n            <tr id=\"table_3_row_638\">\n                    <td style=\"\">Programaci\u00f3n Parroquial<\/td>\n                    <td style=\"\">P102 SANTA TERESITA DEL NI\u00d1O JES\u00daS(G\u00d3MEZ PORTUGAL)<\/td>\n                    <td style=\"\">Prof\u00e9tica<\/td>\n                    <td style=\"\"><\/td>\n                    <td style=\"\"><\/td>\n                    <td style=\"\"><a href=\"https:\/\/diocesisdeaguascalientes.mx\/vicaria-de-pastoral\/wp-content\/uploads\/sites\/2\/forminator\/10414_47c7fef6f8c6f15ac1daaf1663bdf562\/uploads\/FezNs1FhXYRR-PROGRAMACION-PARROQUIAL-2025-2026-PRE-SACRAMENTAL-BAUTIZO.pdf\" target=\"_blank\">FezNs1FhXYRR-PROGRAMACION-PARROQUIAL-2025-2026-PRE-SACRAMENTAL-BAUTIZO.pdf<\/a><\/td>\n                    <td style=\"\">22\/09\/2025 11:47 AM<\/td>\n            <\/tr>\n            <tr id=\"table_3_row_639\">\n                    <td style=\"\">Programaci\u00f3n Parroquial<\/td>\n                    <td style=\"\">P102 SANTA TERESITA DEL NI\u00d1O JES\u00daS(G\u00d3MEZ PORTUGAL)<\/td>\n                    <td style=\"\">Prof\u00e9tica<\/td>\n                    <td style=\"\"><\/td>\n                    <td style=\"\"><\/td>\n                    <td style=\"\"><a href=\"https:\/\/diocesisdeaguascalientes.mx\/vicaria-de-pastoral\/wp-content\/uploads\/sites\/2\/forminator\/10414_47c7fef6f8c6f15ac1daaf1663bdf562\/uploads\/KOe7sThsC90V-PROGRAMACION-PARROQUIAL-2025-2026-EVANGELIZADORES.pdf\" target=\"_blank\">KOe7sThsC90V-PROGRAMACION-PARROQUIAL-2025-2026-EVANGELIZADORES.pdf<\/a><\/td>\n                    <td style=\"\">22\/09\/2025 11:46 AM<\/td>\n            <\/tr>\n            <tr id=\"table_3_row_640\">\n                    <td style=\"\">Programaci\u00f3n Parroquial<\/td>\n                    <td style=\"\">P102 SANTA TERESITA DEL NI\u00d1O JES\u00daS(G\u00d3MEZ PORTUGAL)<\/td>\n                    <td style=\"\">Social<\/td>\n                    <td style=\"\"><\/td>\n                    <td style=\"\"><\/td>\n                    <td style=\"\"><a href=\"https:\/\/diocesisdeaguascalientes.mx\/vicaria-de-pastoral\/wp-content\/uploads\/sites\/2\/forminator\/10414_47c7fef6f8c6f15ac1daaf1663bdf562\/uploads\/2O86TsvMeg4d-PROGRAMACION-PARROQUIAL-2025-2026-SOCIAL.pdf\" target=\"_blank\">2O86TsvMeg4d-PROGRAMACION-PARROQUIAL-2025-2026-SOCIAL.pdf<\/a><\/td>\n                    <td style=\"\">22\/09\/2025 11:45 AM<\/td>\n            <\/tr>\n            <tr id=\"table_3_row_641\">\n                    <td style=\"\">Programaci\u00f3n Parroquial<\/td>\n                    <td style=\"\">P102 SANTA TERESITA DEL NI\u00d1O JES\u00daS(G\u00d3MEZ PORTUGAL)<\/td>\n                    <td style=\"\">Adolescentes<\/td>\n                    <td style=\"\"><\/td>\n                    <td style=\"\"><\/td>\n                    <td style=\"\"><a href=\"https:\/\/diocesisdeaguascalientes.mx\/vicaria-de-pastoral\/wp-content\/uploads\/sites\/2\/forminator\/10414_47c7fef6f8c6f15ac1daaf1663bdf562\/uploads\/Xt06cWQALTY4-PROGRAMACION-PARROQUIAL-2025-2026-ADOLESCENTES.pdf\" target=\"_blank\">Xt06cWQALTY4-PROGRAMACION-PARROQUIAL-2025-2026-ADOLESCENTES.pdf<\/a><\/td>\n                    <td style=\"\">22\/09\/2025 11:44 AM<\/td>\n            <\/tr>\n            <tr id=\"table_3_row_642\">\n                    <td style=\"\">Programaci\u00f3n Parroquial<\/td>\n                    <td style=\"\">P102 SANTA TERESITA DEL NI\u00d1O JES\u00daS(G\u00d3MEZ PORTUGAL)<\/td>\n                    <td style=\"\">Lit\u00fargica<\/td>\n                    <td style=\"\"><\/td>\n                    <td style=\"\"><\/td>\n                    <td style=\"\"><a href=\"https:\/\/diocesisdeaguascalientes.mx\/vicaria-de-pastoral\/wp-content\/uploads\/sites\/2\/forminator\/10414_47c7fef6f8c6f15ac1daaf1663bdf562\/uploads\/mX8KenMG2jvp-PROGRAMACION-PARROQUIAL-2025-2026-LITURGIA.pdf\" target=\"_blank\">mX8KenMG2jvp-PROGRAMACION-PARROQUIAL-2025-2026-LITURGIA.pdf<\/a><\/td>\n                    <td style=\"\">22\/09\/2025 11:43 AM<\/td>\n            <\/tr>\n            <tr id=\"table_3_row_643\">\n                    <td style=\"\">Programaci\u00f3n Parroquial<\/td>\n                    <td style=\"\">P102 SANTA TERESITA DEL NI\u00d1O JES\u00daS(G\u00d3MEZ PORTUGAL)<\/td>\n                    <td style=\"\">Prof\u00e9tica<\/td>\n                    <td style=\"\"><\/td>\n                    <td style=\"\"><\/td>\n                    <td style=\"\"><a href=\"https:\/\/diocesisdeaguascalientes.mx\/vicaria-de-pastoral\/wp-content\/uploads\/sites\/2\/forminator\/10414_47c7fef6f8c6f15ac1daaf1663bdf562\/uploads\/x8A0rzig1S4n-PROGRAMACION-PARROQUIAL-2025-2026-PROFETICA.pdf\" target=\"_blank\">x8A0rzig1S4n-PROGRAMACION-PARROQUIAL-2025-2026-PROFETICA.pdf<\/a><\/td>\n                    <td style=\"\">22\/09\/2025 11:42 AM<\/td>\n            <\/tr>\n            <tr id=\"table_3_row_644\">\n                    <td style=\"\">Programaci\u00f3n Parroquial<\/td>\n                    <td style=\"\">P104 TRANSFIGURACI\u00d3N DEL SE\u00d1OR(J. GUADALUPE PERALTA GAMEZ)<\/td>\n                    <td style=\"\">Juvenil<\/td>\n                    <td style=\"\"><\/td>\n                    <td style=\"\"><\/td>\n                    <td style=\"\"><a href=\"https:\/\/diocesisdeaguascalientes.mx\/vicaria-de-pastoral\/wp-content\/uploads\/sites\/2\/forminator\/10414_47c7fef6f8c6f15ac1daaf1663bdf562\/uploads\/8roFxujw3Opy-Programacion-pastoral-JUVENIL.docx.pdf\" target=\"_blank\">8roFxujw3Opy-Programacion-pastoral-JUVENIL.docx.pdf<\/a><\/td>\n                    <td style=\"\">22\/09\/2025 08:36 AM<\/td>\n            <\/tr>\n            <tr id=\"table_3_row_645\">\n                    <td style=\"\">Programaci\u00f3n Parroquial<\/td>\n                    <td style=\"\">P104 TRANSFIGURACI\u00d3N DEL SE\u00d1OR(J. GUADALUPE PERALTA GAMEZ)<\/td>\n                    <td style=\"\">Organismos Eclesiales Laicales (OEL)<\/td>\n                    <td style=\"\">25.Jornadas Matrimoniales de Vida Cristiana<\/td>\n                    <td style=\"\"><\/td>\n                    <td style=\"\"><a href=\"https:\/\/diocesisdeaguascalientes.mx\/vicaria-de-pastoral\/wp-content\/uploads\/sites\/2\/forminator\/10414_47c7fef6f8c6f15ac1daaf1663bdf562\/uploads\/LoBkqVP1qM4N-Programacion-OEL.docx.pdf\" target=\"_blank\">LoBkqVP1qM4N-Programacion-OEL.docx.pdf<\/a><\/td>\n                    <td style=\"\">22\/09\/2025 08:35 AM<\/td>\n            <\/tr>\n            <tr id=\"table_3_row_646\">\n                    <td style=\"\">Programaci\u00f3n Parroquial<\/td>\n                    <td style=\"\">P068 PABELL\u00d3N DE GUADALUPE(PABELL\u00d3N DE ARTEAGA)<\/td>\n                    <td style=\"\">Organismos Eclesiales Laicales (OEL)<\/td>\n                    <td style=\"\">Otro<\/td>\n                    <td style=\"\">VELA PERPETUA<\/td>\n                    <td style=\"\"><a href=\"https:\/\/diocesisdeaguascalientes.mx\/vicaria-de-pastoral\/wp-content\/uploads\/sites\/2\/forminator\/10414_47c7fef6f8c6f15ac1daaf1663bdf562\/uploads\/kkeD1U3NebPo-PROGRAMACION-VELA-PERPETUA.pdf\" target=\"_blank\">kkeD1U3NebPo-PROGRAMACION-VELA-PERPETUA.pdf<\/a><\/td>\n                    <td style=\"\">21\/09\/2025 10:20 PM<\/td>\n            <\/tr>\n            <tr id=\"table_3_row_647\">\n                    <td style=\"\">Programaci\u00f3n Parroquial<\/td>\n                    <td style=\"\">P068 PABELL\u00d3N DE GUADALUPE(PABELL\u00d3N DE ARTEAGA)<\/td>\n                    <td style=\"\">Organismos Eclesiales Laicales (OEL)<\/td>\n                    <td style=\"\">40.Renovaci\u00f3n Carism\u00e1tica Cat\u00f3lica en el Esp\u00edritu Santo<\/td>\n                    <td style=\"\"><\/td>\n                    <td style=\"\"><a href=\"https:\/\/diocesisdeaguascalientes.mx\/vicaria-de-pastoral\/wp-content\/uploads\/sites\/2\/forminator\/10414_47c7fef6f8c6f15ac1daaf1663bdf562\/uploads\/4St98bMIHreY-PROGRAMACION-RENOVACION-CARISMATICA-CATOLICA.pdf\" target=\"_blank\">4St98bMIHreY-PROGRAMACION-RENOVACION-CARISMATICA-CATOLICA.pdf<\/a><\/td>\n                    <td style=\"\">21\/09\/2025 10:18 PM<\/td>\n            <\/tr>\n            <tr id=\"table_3_row_648\">\n                    <td style=\"\">Programaci\u00f3n Parroquial<\/td>\n                    <td style=\"\">P068 PABELL\u00d3N DE GUADALUPE(PABELL\u00d3N DE ARTEAGA)<\/td>\n                    <td style=\"\">Familiar<\/td>\n                    <td style=\"\"><\/td>\n                    <td style=\"\"><\/td>\n                    <td style=\"\"><a href=\"https:\/\/diocesisdeaguascalientes.mx\/vicaria-de-pastoral\/wp-content\/uploads\/sites\/2\/forminator\/10414_47c7fef6f8c6f15ac1daaf1663bdf562\/uploads\/b1fPjsYJJJka-PROGRAMACION-DE-PASTORAL-FAMILIAR.pdf\" target=\"_blank\">b1fPjsYJJJka-PROGRAMACION-DE-PASTORAL-FAMILIAR.pdf<\/a><\/td>\n                    <td style=\"\">21\/09\/2025 10:17 PM<\/td>\n            <\/tr>\n            <tr id=\"table_3_row_649\">\n                    <td style=\"\">Programaci\u00f3n Parroquial<\/td>\n                    <td style=\"\">P068 PABELL\u00d3N DE GUADALUPE(PABELL\u00d3N DE ARTEAGA)<\/td>\n                    <td style=\"\">Lit\u00fargica<\/td>\n                    <td style=\"\"><\/td>\n                    <td style=\"\"><\/td>\n                    <td style=\"\"><a href=\"https:\/\/diocesisdeaguascalientes.mx\/vicaria-de-pastoral\/wp-content\/uploads\/sites\/2\/forminator\/10414_47c7fef6f8c6f15ac1daaf1663bdf562\/uploads\/2azP7tIEHH4Z-PROGRAMACION-PASTORAL-LITURGICA.pdf\" target=\"_blank\">2azP7tIEHH4Z-PROGRAMACION-PASTORAL-LITURGICA.pdf<\/a><\/td>\n                    <td style=\"\">21\/09\/2025 10:16 PM<\/td>\n            <\/tr>\n            <tr id=\"table_3_row_650\">\n                    <td style=\"\">Programaci\u00f3n Parroquial<\/td>\n                    <td style=\"\">P068 PABELL\u00d3N DE GUADALUPE(PABELL\u00d3N DE ARTEAGA)<\/td>\n                    <td style=\"\">Prof\u00e9tica<\/td>\n                    <td style=\"\"><\/td>\n                    <td style=\"\"><\/td>\n                    <td style=\"\"><a href=\"https:\/\/diocesisdeaguascalientes.mx\/vicaria-de-pastoral\/wp-content\/uploads\/sites\/2\/forminator\/10414_47c7fef6f8c6f15ac1daaf1663bdf562\/uploads\/ogiazi5jX4yB-PROGRAMACION-DE-PASTORAL-PROFETICA.pdf\" target=\"_blank\">ogiazi5jX4yB-PROGRAMACION-DE-PASTORAL-PROFETICA.pdf<\/a><\/td>\n                    <td style=\"\">21\/09\/2025 10:15 PM<\/td>\n            <\/tr>\n            <tr id=\"table_3_row_651\">\n                    <td style=\"\">Programaci\u00f3n Parroquial<\/td>\n                    <td style=\"\">P068 PABELL\u00d3N DE GUADALUPE(PABELL\u00d3N DE ARTEAGA)<\/td>\n                    <td style=\"\">Animaci\u00f3n Pastoral (CPP)<\/td>\n                    <td style=\"\"><\/td>\n                    <td style=\"\"><\/td>\n                    <td style=\"\"><a href=\"https:\/\/diocesisdeaguascalientes.mx\/vicaria-de-pastoral\/wp-content\/uploads\/sites\/2\/forminator\/10414_47c7fef6f8c6f15ac1daaf1663bdf562\/uploads\/y0R2lX2Rgg0G-PROGRAMACION-DE-CONSEJO-PARROQUIAL.pdf\" target=\"_blank\">y0R2lX2Rgg0G-PROGRAMACION-DE-CONSEJO-PARROQUIAL.pdf<\/a><\/td>\n                    <td style=\"\">21\/09\/2025 10:14 PM<\/td>\n            <\/tr>\n            <tr id=\"table_3_row_652\">\n                    <td style=\"\">Programaci\u00f3n Parroquial<\/td>\n                    <td style=\"\">P095 SE\u00d1OR DEL ENCINO(BARRIO DEL ENCINO)<\/td>\n                    <td style=\"\">Organismos Eclesiales Laicales (OEL)<\/td>\n                    <td style=\"\">3.Adoraci\u00f3n, Comunidad, Trabajo, Servicio (ACTS)<\/td>\n                    <td style=\"\"><\/td>\n                    <td style=\"\"><a href=\"https:\/\/diocesisdeaguascalientes.mx\/vicaria-de-pastoral\/wp-content\/uploads\/sites\/2\/forminator\/10414_47c7fef6f8c6f15ac1daaf1663bdf562\/uploads\/wsgBeQdqLFIm-Programa-ACTS-2025-2026.pdf\" target=\"_blank\">wsgBeQdqLFIm-Programa-ACTS-2025-2026.pdf<\/a><\/td>\n                    <td style=\"\">21\/09\/2025 09:28 PM<\/td>\n            <\/tr>\n            <tr id=\"table_3_row_653\">\n                    <td style=\"\">Programaci\u00f3n Decanal<\/td>\n                    <td style=\"\"><\/td>\n                    <td style=\"\"><\/td>\n                    <td style=\"\"><\/td>\n                    <td style=\"\"><\/td>\n                    <td style=\"\"><a href=\"https:\/\/diocesisdeaguascalientes.mx\/vicaria-de-pastoral\/wp-content\/uploads\/sites\/2\/forminator\/10414_47c7fef6f8c6f15ac1daaf1663bdf562\/uploads\/JL0sguOnZU2U-PASTORAL-JUVENIL.pdf\" target=\"_blank\">JL0sguOnZU2U-PASTORAL-JUVENIL.pdf<\/a><\/td>\n                    <td style=\"\">21\/09\/2025 08:25 PM<\/td>\n            <\/tr>\n            <tr id=\"table_3_row_654\">\n                    <td style=\"\">Programaci\u00f3n Parroquial<\/td>\n                    <td style=\"\">P092 SANTA MAR\u00cdA REINA(COLINAS DEL R\u00cdO)<\/td>\n                    <td style=\"\">Lit\u00fargica<\/td>\n                    <td style=\"\"><\/td>\n                    <td style=\"\"><\/td>\n                    <td style=\"\"><a href=\"https:\/\/diocesisdeaguascalientes.mx\/vicaria-de-pastoral\/wp-content\/uploads\/sites\/2\/forminator\/10414_47c7fef6f8c6f15ac1daaf1663bdf562\/uploads\/5hKZtdBBGdPe-PROGRAMACION-PASTORAL-LITURGICA-2025-2026.pdf\" target=\"_blank\">5hKZtdBBGdPe-PROGRAMACION-PASTORAL-LITURGICA-2025-2026.pdf<\/a><\/td>\n                    <td style=\"\">21\/09\/2025 06:18 PM<\/td>\n            <\/tr>\n            <tr id=\"table_3_row_655\">\n                    <td style=\"\">Programaci\u00f3n Parroquial<\/td>\n                    <td style=\"\">P092 SANTA MAR\u00cdA REINA(COLINAS DEL R\u00cdO)<\/td>\n                    <td style=\"\">Lit\u00fargica<\/td>\n                    <td style=\"\"><\/td>\n                    <td style=\"\"><\/td>\n                    <td style=\"\"><a href=\"https:\/\/diocesisdeaguascalientes.mx\/vicaria-de-pastoral\/wp-content\/uploads\/sites\/2\/forminator\/10414_47c7fef6f8c6f15ac1daaf1663bdf562\/uploads\/OexxtWZr3kvV-PROGRAMACION-PASTORAL-LITURGICA-2025-2026.pdf\" target=\"_blank\">OexxtWZr3kvV-PROGRAMACION-PASTORAL-LITURGICA-2025-2026.pdf<\/a><\/td>\n                    <td style=\"\">21\/09\/2025 06:13 PM<\/td>\n            <\/tr>\n            <tr id=\"table_3_row_656\">\n                    <td style=\"\">Programaci\u00f3n Decanal<\/td>\n                    <td style=\"\"><\/td>\n                    <td style=\"\"><\/td>\n                    <td style=\"\"><\/td>\n                    <td style=\"\"><\/td>\n                    <td style=\"\"><a href=\"https:\/\/diocesisdeaguascalientes.mx\/vicaria-de-pastoral\/wp-content\/uploads\/sites\/2\/forminator\/10414_47c7fef6f8c6f15ac1daaf1663bdf562\/uploads\/5TLlJat42myK-PASTORAL-DE-LA-COMUNICACION.pdf\" target=\"_blank\">5TLlJat42myK-PASTORAL-DE-LA-COMUNICACION.pdf<\/a><\/td>\n                    <td style=\"\">21\/09\/2025 02:33 PM<\/td>\n            <\/tr>\n            <tr id=\"table_3_row_657\">\n                    <td style=\"\">Programaci\u00f3n Parroquial<\/td>\n                    <td style=\"\">P028 NUESTRA SE\u00d1ORA DE F\u00c1TIMA(F\u00c1TIMA)<\/td>\n                    <td style=\"\">Organismos Eclesiales Laicales (OEL)<\/td>\n                    <td style=\"\">30.Mater F\u00e1tima<\/td>\n                    <td style=\"\"><\/td>\n                    <td style=\"\"><a href=\"https:\/\/diocesisdeaguascalientes.mx\/vicaria-de-pastoral\/wp-content\/uploads\/sites\/2\/forminator\/10414_47c7fef6f8c6f15ac1daaf1663bdf562\/uploads\/lrYAOyQpojmt-PROGRAMACION-ANUAL-MATER-FATIMA-2025-2026-Diocesis-Final.pdf\" target=\"_blank\">lrYAOyQpojmt-PROGRAMACION-ANUAL-MATER-FATIMA-2025-2026-Diocesis-Final.pdf<\/a><\/td>\n                    <td style=\"\">21\/09\/2025 02:09 PM<\/td>\n            <\/tr>\n            <tr id=\"table_3_row_658\">\n                    <td style=\"\">Programaci\u00f3n Parroquial<\/td>\n                    <td style=\"\">P028 NUESTRA SE\u00d1ORA DE F\u00c1TIMA(F\u00c1TIMA)<\/td>\n                    <td style=\"\">Juvenil<\/td>\n                    <td style=\"\"><\/td>\n                    <td style=\"\"><\/td>\n                    <td style=\"\"><a href=\"https:\/\/diocesisdeaguascalientes.mx\/vicaria-de-pastoral\/wp-content\/uploads\/sites\/2\/forminator\/10414_47c7fef6f8c6f15ac1daaf1663bdf562\/uploads\/kxLx68KpDvmz-PASTORAL-JUVENIL.pdf\" target=\"_blank\">kxLx68KpDvmz-PASTORAL-JUVENIL.pdf<\/a><\/td>\n                    <td style=\"\">21\/09\/2025 02:07 PM<\/td>\n            <\/tr>\n            <tr id=\"table_3_row_659\">\n                    <td style=\"\">Programaci\u00f3n Parroquial<\/td>\n                    <td style=\"\">P028 NUESTRA SE\u00d1ORA DE F\u00c1TIMA(F\u00c1TIMA)<\/td>\n                    <td style=\"\">Adolescentes<\/td>\n                    <td style=\"\"><\/td>\n                    <td style=\"\"><\/td>\n                    <td style=\"\"><a href=\"https:\/\/diocesisdeaguascalientes.mx\/vicaria-de-pastoral\/wp-content\/uploads\/sites\/2\/forminator\/10414_47c7fef6f8c6f15ac1daaf1663bdf562\/uploads\/v3eLPsGHrbdP-PASTORAL-DE-ADOLESCENTES.pdf\" target=\"_blank\">v3eLPsGHrbdP-PASTORAL-DE-ADOLESCENTES.pdf<\/a><\/td>\n                    <td style=\"\">21\/09\/2025 02:07 PM<\/td>\n            <\/tr>\n            <tr id=\"table_3_row_660\">\n                    <td style=\"\">Programaci\u00f3n Parroquial<\/td>\n                    <td style=\"\">P028 NUESTRA SE\u00d1ORA DE F\u00c1TIMA(F\u00c1TIMA)<\/td>\n                    <td style=\"\">Familiar<\/td>\n                    <td style=\"\"><\/td>\n                    <td style=\"\"><\/td>\n                    <td style=\"\"><a href=\"https:\/\/diocesisdeaguascalientes.mx\/vicaria-de-pastoral\/wp-content\/uploads\/sites\/2\/forminator\/10414_47c7fef6f8c6f15ac1daaf1663bdf562\/uploads\/5epWBN38qoEI-PASTORAL-FAMILIAR.pdf\" target=\"_blank\">5epWBN38qoEI-PASTORAL-FAMILIAR.pdf<\/a><\/td>\n                    <td style=\"\">21\/09\/2025 02:06 PM<\/td>\n            <\/tr>\n            <tr id=\"table_3_row_661\">\n                    <td style=\"\">Programaci\u00f3n Parroquial<\/td>\n                    <td style=\"\">P028 NUESTRA SE\u00d1ORA DE F\u00c1TIMA(F\u00c1TIMA)<\/td>\n                    <td style=\"\">Social<\/td>\n                    <td style=\"\"><\/td>\n                    <td style=\"\"><\/td>\n                    <td style=\"\"><a href=\"https:\/\/diocesisdeaguascalientes.mx\/vicaria-de-pastoral\/wp-content\/uploads\/sites\/2\/forminator\/10414_47c7fef6f8c6f15ac1daaf1663bdf562\/uploads\/9aTIUWTIksTM-PASTORAL-SOCIAL.pdf\" target=\"_blank\">9aTIUWTIksTM-PASTORAL-SOCIAL.pdf<\/a><\/td>\n                    <td style=\"\">21\/09\/2025 02:05 PM<\/td>\n            <\/tr>\n            <tr id=\"table_3_row_662\">\n                    <td style=\"\">Programaci\u00f3n Parroquial<\/td>\n                    <td style=\"\">P028 NUESTRA SE\u00d1ORA DE F\u00c1TIMA(F\u00c1TIMA)<\/td>\n                    <td style=\"\">Lit\u00fargica<\/td>\n                    <td style=\"\"><\/td>\n                    <td style=\"\"><\/td>\n                    <td style=\"\"><a href=\"https:\/\/diocesisdeaguascalientes.mx\/vicaria-de-pastoral\/wp-content\/uploads\/sites\/2\/forminator\/10414_47c7fef6f8c6f15ac1daaf1663bdf562\/uploads\/Qqu5CP1aTFPe-LITURGIA.pdf\" target=\"_blank\">Qqu5CP1aTFPe-LITURGIA.pdf<\/a><\/td>\n                    <td style=\"\">21\/09\/2025 02:04 PM<\/td>\n            <\/tr>\n            <tr id=\"table_3_row_663\">\n                    <td style=\"\">Programaci\u00f3n Parroquial<\/td>\n                    <td style=\"\">P028 NUESTRA SE\u00d1ORA DE F\u00c1TIMA(F\u00c1TIMA)<\/td>\n                    <td style=\"\">Prof\u00e9tica<\/td>\n                    <td style=\"\"><\/td>\n                    <td style=\"\"><\/td>\n                    <td style=\"\"><a href=\"https:\/\/diocesisdeaguascalientes.mx\/vicaria-de-pastoral\/wp-content\/uploads\/sites\/2\/forminator\/10414_47c7fef6f8c6f15ac1daaf1663bdf562\/uploads\/3HajqeBVWA6W-PASTORAL-PROFETICA.pdf\" target=\"_blank\">3HajqeBVWA6W-PASTORAL-PROFETICA.pdf<\/a><\/td>\n                    <td style=\"\">21\/09\/2025 02:02 PM<\/td>\n            <\/tr>\n            <tr id=\"table_3_row_664\">\n                    <td style=\"\">Programaci\u00f3n Decanal<\/td>\n                    <td style=\"\"><\/td>\n                    <td style=\"\"><\/td>\n                    <td style=\"\"><\/td>\n                    <td style=\"\"><\/td>\n                    <td style=\"\"><a href=\"https:\/\/diocesisdeaguascalientes.mx\/vicaria-de-pastoral\/wp-content\/uploads\/sites\/2\/forminator\/10414_47c7fef6f8c6f15ac1daaf1663bdf562\/uploads\/eFCce8UvxxLe-Programacion-de-Profetica-Decanal-2025-2026.pdf\" target=\"_blank\">eFCce8UvxxLe-Programacion-de-Profetica-Decanal-2025-2026.pdf<\/a><\/td>\n                    <td style=\"\">21\/09\/2025 07:09 AM<\/td>\n            <\/tr>\n    <\/tbody>        <!-- \/Table body -->\n\n        \n    <\/table>\n\n        <span class=\"powered_by_link d-block m-l-10 m-t-10 m-b-10\">Generated by <a href=\"https:\/\/wpdatatables.com\" rel=\"nofollow\" target=\"_blank\">wpDataTables<\/a><\/span>\n<\/div><style>\ntable.wpDataTable { table-layout: fixed !important; }\ntable.wpDataTable td, table.wpDataTable th { white-space: normal !important; }\ntable.wpDataTable td.numdata { text-align: right !important; }\n<\/style>\n[\/et_pb_code][\/et_pb_column][\/et_pb_row][\/et_pb_section][et_pb_section fb_built=\u00bb1&#8243; specialty=\u00bbon\u00bb custom_padding_last_edited=\u00bboff|phone\u00bb padding_bottom_2=\u00bb40px\u00bb padding_top_bottom_link_2=\u00bbfalse\u00bb padding_left_right_link_2=\u00bbfalse\u00bb admin_label=\u00bbFooter\u00bb _builder_version=\u00bb4.25.1&#8243; _module_preset=\u00bbdefault\u00bb background_image=\u00bbhttps:\/\/diocesisdeaguascalientes.mx\/vicaria-de-pastoral\/wp-content\/uploads\/sites\/2\/2024\/05\/catedralbasilicadeags.png\u00bb custom_padding=\u00bb10%||0px||false|false\u00bb custom_padding_tablet=\u00bb||||false|false\u00bb custom_padding_phone=\u00bb||||false|false\u00bb animation_direction=\u00bbbottom\u00bb saved_tabs=\u00bball\u00bb collapsed=\u00bbon\u00bb global_colors_info=\u00bb{%22gcid-46874eab-1479-4e97-a380-8c3d8f036d9c%22:%91%22colorEnd%22%93}\u00bb][et_pb_column type=\u00bb2_3&#8243; specialty_columns=\u00bb2&#8243; _builder_version=\u00bb4.16&#8243; custom_padding=\u00bb|||\u00bb global_colors_info=\u00bb{}\u00bb custom_padding__hover=\u00bb|||\u00bb][et_pb_row_inner custom_padding_last_edited=\u00bbon|phone\u00bb _builder_version=\u00bb4.16&#8243; _module_preset=\u00bbdefault\u00bb background_color=\u00bb#03033A\u00bb custom_padding=\u00bb80px|8%||8%|false|true\u00bb custom_padding_tablet=\u00bb60px|60px||60px|false|true\u00bb custom_padding_phone=\u00bb30px|20px||20px|false|true\u00bb global_colors_info=\u00bb{%22gcid-c9411f34-b37e-4feb-a841-9533663e2403%22:%91%22background_color%22%93}\u00bb][et_pb_column_inner saved_specialty_column_type=\u00bb2_3&#8243; _builder_version=\u00bb4.16&#8243; _module_preset=\u00bbdefault\u00bb global_colors_info=\u00bb{}\u00bb][et_pb_text _builder_version=\u00bb4.25.1&#8243; _module_preset=\u00bb32021f09-dd67-47fb-8f9a-832b72a38baf\u00bb header_2_font=\u00bbContenido|700|||||||\u00bb header_2_text_color=\u00bb#d1ccbd\u00bb header_2_font_size=\u00bb60px\u00bb header_2_line_height=\u00bb1.1em\u00bb custom_margin=\u00bb||10px||false|false\u00bb animation_direction=\u00bbleft\u00bb header_2_font_size_tablet=\u00bb35px\u00bb header_2_font_size_phone=\u00bb22px\u00bb header_2_font_size_last_edited=\u00bbon|phone\u00bb locked=\u00bboff\u00bb global_colors_info=\u00bb{}\u00bb]<\/p>\n<h2>CONTACTO<\/h2>\n<p>[\/et_pb_text][\/et_pb_column_inner][\/et_pb_row_inner][et_pb_row_inner column_structure=\u00bb1_2,1_2&#8243; custom_padding_last_edited=\u00bbon|phone\u00bb _builder_version=\u00bb4.16&#8243; _module_preset=\u00bbdefault\u00bb background_color=\u00bb#03033A\u00bb custom_padding=\u00bb|8%|80px|8%|false|true\u00bb custom_padding_tablet=\u00bb|60px|60px|60px|false|true\u00bb custom_padding_phone=\u00bb|20px|30px|20px|false|true\u00bb global_colors_info=\u00bb{}\u00bb][et_pb_column_inner type=\u00bb1_2&#8243; saved_specialty_column_type=\u00bb2_3&#8243; _builder_version=\u00bb4.16&#8243; _module_preset=\u00bbdefault\u00bb global_colors_info=\u00bb{}\u00bb][et_pb_text _builder_version=\u00bb4.25.1&#8243; _module_preset=\u00bb4deaa1a6-d0cd-49d0-ada3-8dc22addd086&#8243; header_2_font=\u00bbSubtitulo||||||||\u00bb header_2_text_color=\u00bb#FFFFFF\u00bb header_4_font=\u00bbSubtitulo|700||on|||||\u00bb header_4_text_color=\u00bbrgba(255,255,255,0.4)\u00bb header_4_font_size=\u00bb14px\u00bb header_4_letter_spacing=\u00bb2px\u00bb header_4_line_height=\u00bb2em\u00bb background_layout=\u00bbdark\u00bb custom_margin=\u00bb||0px||false|false\u00bb locked=\u00bboff\u00bb global_colors_info=\u00bb{}\u00bb]<\/p>\n<h4>TEL\u00c9FONO\/MAIL<\/h4>\n<p>[\/et_pb_text][et_pb_text _builder_version=\u00bb4.25.1&#8243; _module_preset=\u00bbaec0be99-8a53-4f75-abf2-64f29a8b4cc2&#8243; text_font=\u00bbSubtitulo||||||||\u00bb text_text_color=\u00bb#FFFFFF\u00bb text_font_size=\u00bb18px\u00bb text_line_height=\u00bb2em\u00bb custom_margin=\u00bb||5px||false|false\u00bb text_font_size_tablet=\u00bb16px\u00bb text_font_size_phone=\u00bb12px\u00bb text_font_size_last_edited=\u00bbon|phone\u00bb locked=\u00bboff\u00bb global_colors_info=\u00bb{}\u00bb](52) 449 9163212<br \/>\n[\/et_pb_text][et_pb_text _builder_version=\u00bb4.25.1&#8243; _module_preset=\u00bbaec0be99-8a53-4f75-abf2-64f29a8b4cc2&#8243; text_font=\u00bbSubtitulo||||||||\u00bb text_text_color=\u00bb#FFFFFF\u00bb text_font_size=\u00bb18px\u00bb text_line_height=\u00bb2em\u00bb custom_margin=\u00bb||5px||false|false\u00bb text_font_size_tablet=\u00bb16px\u00bb text_font_size_phone=\u00bb12px\u00bb text_font_size_last_edited=\u00bbon|phone\u00bb locked=\u00bboff\u00bb global_colors_info=\u00bb{}\u00bb]vicariapastoral@diocesisdeaguascalientes.mx<br \/>\n[\/et_pb_text][\/et_pb_column_inner][et_pb_column_inner type=\u00bb1_2&#8243; saved_specialty_column_type=\u00bb2_3&#8243; _builder_version=\u00bb4.16&#8243; _module_preset=\u00bbdefault\u00bb global_colors_info=\u00bb{}\u00bb][et_pb_text _builder_version=\u00bb4.25.1&#8243; _module_preset=\u00bb4deaa1a6-d0cd-49d0-ada3-8dc22addd086&#8243; header_2_text_color=\u00bb#FFFFFF\u00bb header_4_font=\u00bbSubtitulo|700||on|||||\u00bb header_4_text_color=\u00bbrgba(255,255,255,0.4)\u00bb header_4_font_size=\u00bb14px\u00bb header_4_letter_spacing=\u00bb2px\u00bb header_4_line_height=\u00bb2em\u00bb background_layout=\u00bbdark\u00bb custom_margin=\u00bb||0px||false|false\u00bb locked=\u00bboff\u00bb global_colors_info=\u00bb{}\u00bb]<\/p>\n<h4>DIRECCI\u00d3N<\/h4>\n<p>[\/et_pb_text][et_pb_text _builder_version=\u00bb4.27.4&#8243; _module_preset=\u00bbaec0be99-8a53-4f75-abf2-64f29a8b4cc2&#8243; text_font=\u00bbSubtitulo||||||||\u00bb text_text_color=\u00bb#FFFFFF\u00bb text_font_size=\u00bb18px\u00bb text_line_height=\u00bb2em\u00bb text_font_size_tablet=\u00bb16px\u00bb text_font_size_phone=\u00bb12px\u00bb text_font_size_last_edited=\u00bbon|phone\u00bb locked=\u00bboff\u00bb global_colors_info=\u00bb{}\u00bb]Talamantes\u00a0 #410 Barrio de San Marcos C.P. 20070<br \/>\n[\/et_pb_text][\/et_pb_column_inner][\/et_pb_row_inner][\/et_pb_column][et_pb_column type=\u00bb1_3&#8243; _builder_version=\u00bb4.16&#8243; custom_padding=\u00bb|||\u00bb global_colors_info=\u00bb{}\u00bb custom_padding__hover=\u00bb|||\u00bb][et_pb_text _builder_version=\u00bb4.25.1&#8243; _module_preset=\u00bb32021f09-dd67-47fb-8f9a-832b72a38baf\u00bb header_2_font=\u00bbContenido|700|||||||\u00bb header_2_text_color=\u00bb#FFFFFF\u00bb header_2_font_size=\u00bb60px\u00bb header_2_line_height=\u00bb1.1em\u00bb custom_margin=\u00bb||10px||false|false\u00bb animation_direction=\u00bbleft\u00bb header_2_font_size_tablet=\u00bb35px\u00bb header_2_font_size_phone=\u00bb22px\u00bb header_2_font_size_last_edited=\u00bbon|phone\u00bb locked=\u00bboff\u00bb global_colors_info=\u00bb{}\u00bb]<\/p>\n<h2>Hagan lo que \u00c9l les diga<\/h2>\n<p>[\/et_pb_text][\/et_pb_column][\/et_pb_section]<\/p>\n","protected":false},"excerpt":{"rendered":"<p>\n    <div class=\"wpdt-c \">\n    \n<input type=\"hidden\" id=\"wdtNonceFrontendEdit\" name=\"wdtNonceFrontendEdit\" value=\"6945a0e0eb\" \/><input type=\"hidden\" name=\"_wp_http_referer\" value=\"\/vicaria-de-pastoral\/wp-json\/wp\/v2\/pages\/10457\" \/>    <input type=\"hidden\" id=\"table_2_desc\" value='{\"tableId\":\"table_2\",\"tableType\":\"forminator\",\"selector\":\"#table_2\",\"responsive\":true,\"responsiveAction\":\"icon\",\"infoBlock\":false,\"pagination\":1,\"paginationAlign\":\"right\",\"paginationLayout\":\"first_last_numbers\",\"paginationLayoutMobile\":\"simple\",\"file_location\":\"wp_media_lib\",\"table_wcag\":0,\"simple_template_id\":0,\"scrollable\":false,\"globalSearch\":true,\"showRowsPerPage\":false,\"hideBeforeLoad\":false,\"pagination_top\":0,\"number_format\":1,\"decimalPlaces\":2,\"spinnerSrc\":\"https:\\\/\\\/diocesisdeaguascalientes.mx\\\/vicaria-de-pastoral\\\/wp-content\\\/plugins\\\/wpdatatables\\\/assets\\\/\\\/img\\\/spinner.gif\",\"groupingEnabled\":false,\"tableWpId\":3,\"dataTableParams\":{\"sDom\":\"BT\\u003C\\u0027clear\\u0027\\u003Eftp\",\"bSortCellsTop\":false,\"bPaginate\":true,\"sPaginationType\":\"first_last_numbers\",\"aLengthMenu\":[[1,5,10,25,50,100,-1],[1,5,10,25,50,100,\"All\"]],\"iDisplayLength\":10,\"columnDefs\":[{\"sType\":\"string\",\"wdtType\":\"string\",\"bVisible\":false,\"orderable\":true,\"searchable\":true,\"InputType\":\"text\",\"name\":\"select2\",\"origHeader\":\"select2\",\"notNull\":false,\"conditionalFormattingRules\":[],\"className\":\" column-select2\",\"sWidth\":\"10%\",\"aTargets\":[0]},{\"sType\":\"string\",\"wdtType\":\"string\",\"bVisible\":true,\"orderable\":true,\"searchable\":true,\"InputType\":\"text\",\"name\":\"select4\",\"origHeader\":\"select4\",\"notNull\":false,\"conditionalFormattingRules\":[],\"className\":\" column-select4\",\"sWidth\":\"25%\",\"aTargets\":[1]},{\"sType\":\"string\",\"wdtType\":\"string\",\"bVisible\":true,\"orderable\":true,\"searchable\":true,\"InputType\":\"text\",\"name\":\"select1\",\"origHeader\":\"select1\",\"notNull\":false,\"conditionalFormattingRules\":[],\"className\":\" column-select1\",\"sWidth\":\"15%\",\"aTargets\":[2]},{\"sType\":\"string\",\"wdtType\":\"string\",\"bVisible\":true,\"orderable\":true,\"searchable\":true,\"InputType\":\"text\",\"name\":\"select7\",\"origHeader\":\"select7\",\"notNull\":false,\"conditionalFormattingRules\":[],\"className\":\" column-select7\",\"sWidth\":\"15%\",\"aTargets\":[3]},{\"sType\":\"string\",\"wdtType\":\"string\",\"bVisible\":true,\"orderable\":true,\"searchable\":true,\"InputType\":\"text\",\"name\":\"text3\",\"origHeader\":\"text3\",\"notNull\":false,\"conditionalFormattingRules\":[],\"className\":\" column-text3\",\"sWidth\":\"15%\",\"aTargets\":[4]},{\"sType\":\"string\",\"wdtType\":\"string\",\"bVisible\":true,\"orderable\":true,\"searchable\":true,\"InputType\":\"text\",\"name\":\"upload1\",\"origHeader\":\"upload1\",\"notNull\":false,\"conditionalFormattingRules\":[],\"className\":\" column-upload1\",\"sWidth\":\"20%\",\"aTargets\":[5]},{\"sType\":\"date-custom\",\"wdtType\":\"datetime\",\"bVisible\":true,\"orderable\":true,\"searchable\":true,\"InputType\":\"text\",\"name\":\"datecreatedsql\",\"origHeader\":\"datecreatedsql\",\"notNull\":false,\"conditionalFormattingRules\":[],\"className\":\" column-datecreatedsql\",\"sWidth\":\"10%\",\"aTargets\":[6]}],\"bAutoWidth\":false,\"order\":[[1,\"desc\"]],\"ordering\":true,\"buttons\":[],\"oSearch\":{\"bSmart\":false,\"bRegex\":false,\"sSearch\":\"\"}},\"currentSkin\":\"skin1\",\"tabletWidth\":\"1024\",\"mobileWidth\":\"480\",\"columnsFixed\":0,\"timeFormat\":\"h:i A\",\"datepickFormat\":\"dd\\\/mm\\\/yy\"}'\/>\n\n    <table id=\"table_2\"\n           class=\"           responsive           display nowrap data-t wpDataTable wpDataTableID-3\"\n           style=\"\"\n           data-described-by='table_2_desc'\n           data-wpdatatable_id=\"3\">\n        \n        <!-- Table header -->\n        \n<thead>\n<tr>\n                    <th\n                data-hide=\"phone\"        class=\"phone wdtheader sort \"\n        style=\"\">Seleccione el tipo de programaci\u00f3n<\/th>        <th\n        data-class=\"expand\"                class=\" wdtheader sort \"\n        style=\"\">Parroquia<\/th>        <th\n                        class=\" wdtheader sort \"\n        style=\"\">Equipo pastoral<\/th>        <th\n                        class=\" wdtheader sort \"\n        style=\"\">Organismo Eclesial<\/th>        <th\n                        class=\" wdtheader sort \"\n        style=\"\">Especifique<\/th>        <th\n                        class=\" wdtheader sort \"\n        style=\"\">Archivo<\/th>        <th\n                        class=\" wdtheader sort \"\n        style=\"\">Fecha de Env\u00edo<\/th>    <\/tr>\n<\/thead>\n        <!-- \/Table header -->\n\n        <!-- Table body -->\n        \n<tbody>\n        <tr id=\"table_3_row_0\">\n                    <td style=\"\">Programaci\u00f3n Parroquial<\/td>\n                    <td style=\"\">P016 DIVINA PROVIDENCIA(EL LLANITO)<\/td>\n                    <td style=\"\">Animaci\u00f3n Pastoral (CPP)<\/td>\n                    <td style=\"\"><\/td>\n                    <td style=\"\"><\/td>\n                    <td style=\"\"><a href=\"https:\/\/diocesisdeaguascalientes.mx\/vicaria-de-pastoral\/wp-content\/uploads\/sites\/2\/forminator\/10414_47c7fef6f8c6f15ac1daaf1663bdf562\/uploads\/dKjqztgEPEjc-Sectores.pdf\" target=\"_blank\">dKjqztgEPEjc-Sectores.pdf<\/a><\/td>\n                    <td style=\"\">25\/10\/2025 10:58 AM<\/td>\n            <\/tr>\n            <tr id=\"table_3_row_1\">\n                    <td style=\"\">Programaci\u00f3n Parroquial<\/td>\n                    <td style=\"\">P016 DIVINA PROVIDENCIA(EL LLANITO)<\/td>\n                    <td style=\"\">Juvenil<\/td>\n                    <td style=\"\"><\/td>\n                    <td style=\"\"><\/td>\n                    <td style=\"\"><a href=\"https:\/\/diocesisdeaguascalientes.mx\/vicaria-de-pastoral\/wp-content\/uploads\/sites\/2\/forminator\/10414_47c7fef6f8c6f15ac1daaf1663bdf562\/uploads\/JzOeYXqIvl2Z-Juvenil.pdf\" target=\"_blank\">JzOeYXqIvl2Z-Juvenil.pdf<\/a><\/td>\n                    <td style=\"\">25\/10\/2025 10:57 AM<\/td>\n            <\/tr>\n            <tr id=\"table_3_row_2\">\n                    <td style=\"\">Programaci\u00f3n Parroquial<\/td>\n                    <td style=\"\">P016 DIVINA PROVIDENCIA(EL LLANITO)<\/td>\n                    <td style=\"\">Adolescentes<\/td>\n                    <td style=\"\"><\/td>\n                    <td style=\"\"><\/td>\n                    <td style=\"\"><a href=\"https:\/\/diocesisdeaguascalientes.mx\/vicaria-de-pastoral\/wp-content\/uploads\/sites\/2\/forminator\/10414_47c7fef6f8c6f15ac1daaf1663bdf562\/uploads\/x6FURAtJukts-Pastoral-de-adolescentes.pdf\" target=\"_blank\">x6FURAtJukts-Pastoral-de-adolescentes.pdf<\/a><\/td>\n                    <td style=\"\">25\/10\/2025 10:57 AM<\/td>\n            <\/tr>\n            <tr id=\"table_3_row_3\">\n                    <td style=\"\">Programaci\u00f3n Parroquial<\/td>\n                    <td style=\"\">P016 DIVINA PROVIDENCIA(EL LLANITO)<\/td>\n                    <td style=\"\">Social<\/td>\n                    <td style=\"\"><\/td>\n                    <td style=\"\"><\/td>\n                    <td style=\"\"><a href=\"https:\/\/diocesisdeaguascalientes.mx\/vicaria-de-pastoral\/wp-content\/uploads\/sites\/2\/forminator\/10414_47c7fef6f8c6f15ac1daaf1663bdf562\/uploads\/17q1RTTiOOJP-Pastoral-Social.pdf\" target=\"_blank\">17q1RTTiOOJP-Pastoral-Social.pdf<\/a><\/td>\n                    <td style=\"\">25\/10\/2025 10:56 AM<\/td>\n            <\/tr>\n            <tr id=\"table_3_row_4\">\n                    <td style=\"\">Programaci\u00f3n Parroquial<\/td>\n                    <td style=\"\">P016 DIVINA PROVIDENCIA(EL LLANITO)<\/td>\n                    <td style=\"\">Lit\u00fargica<\/td>\n                    <td style=\"\"><\/td>\n                    <td style=\"\"><\/td>\n                    <td style=\"\"><a href=\"https:\/\/diocesisdeaguascalientes.mx\/vicaria-de-pastoral\/wp-content\/uploads\/sites\/2\/forminator\/10414_47c7fef6f8c6f15ac1daaf1663bdf562\/uploads\/UIHstaH7OHK1-Pastoral-Liturgica.pdf\" target=\"_blank\">UIHstaH7OHK1-Pastoral-Liturgica.pdf<\/a><\/td>\n                    <td style=\"\">25\/10\/2025 10:55 AM<\/td>\n            <\/tr>\n            <tr id=\"table_3_row_5\">\n                    <td style=\"\">Programaci\u00f3n Parroquial<\/td>\n                    <td style=\"\">P016 DIVINA PROVIDENCIA(EL LLANITO)<\/td>\n                    <td style=\"\">Prof\u00e9tica<\/td>\n                    <td style=\"\"><\/td>\n                    <td style=\"\"><\/td>\n                    <td style=\"\"><a href=\"https:\/\/diocesisdeaguascalientes.mx\/vicaria-de-pastoral\/wp-content\/uploads\/sites\/2\/forminator\/10414_47c7fef6f8c6f15ac1daaf1663bdf562\/uploads\/Y8RATP65nUYS-Pastoral-Profetica.pdf\" target=\"_blank\">Y8RATP65nUYS-Pastoral-Profetica.pdf<\/a><\/td>\n                    <td style=\"\">25\/10\/2025 10:54 AM<\/td>\n            <\/tr>\n            <tr id=\"table_3_row_6\">\n                    <td style=\"\">Programaci\u00f3n Parroquial<\/td>\n                    <td style=\"\">P099 NUESTRA SE\u00d1ORA DE LA SOLEDAD(CAMPESTRE)<\/td>\n                    <td style=\"\">Animaci\u00f3n Pastoral (CPP)<\/td>\n                    <td style=\"\"><\/td>\n                    <td style=\"\"><\/td>\n                    <td style=\"\"><a href=\"https:\/\/diocesisdeaguascalientes.mx\/vicaria-de-pastoral\/wp-content\/uploads\/sites\/2\/forminator\/10414_47c7fef6f8c6f15ac1daaf1663bdf562\/uploads\/qifFzSTY75A6-FORMATO-DE-PROGRAMACION-2025-2026-Parroquias-y-Decanatos-ANIMACION-PASTORAL.pdf\" target=\"_blank\">qifFzSTY75A6-FORMATO-DE-PROGRAMACION-2025-2026-Parroquias-y-Decanatos-ANIMACION-PASTORAL.pdf<\/a><\/td>\n                    <td style=\"\">12\/10\/2025 05:24 PM<\/td>\n            <\/tr>\n            <tr id=\"table_3_row_7\">\n                    <td style=\"\">Programaci\u00f3n Parroquial<\/td>\n                    <td style=\"\">P099 NUESTRA SE\u00d1ORA DE LA SOLEDAD(CAMPESTRE)<\/td>\n                    <td style=\"\">Familiar<\/td>\n                    <td style=\"\"><\/td>\n                    <td style=\"\"><\/td>\n                    <td style=\"\"><a href=\"https:\/\/diocesisdeaguascalientes.mx\/vicaria-de-pastoral\/wp-content\/uploads\/sites\/2\/forminator\/10414_47c7fef6f8c6f15ac1daaf1663bdf562\/uploads\/bp4TBChDd243-FORMATO-DE-PROGRAMACION-2025-2026-Parroquias-y-Decanatos-FAMILIAR.pdf\" target=\"_blank\">bp4TBChDd243-FORMATO-DE-PROGRAMACION-2025-2026-Parroquias-y-Decanatos-FAMILIAR.pdf<\/a><\/td>\n                    <td style=\"\">12\/10\/2025 05:24 PM<\/td>\n            <\/tr>\n            <tr id=\"table_3_row_8\">\n                    <td style=\"\">Programaci\u00f3n Parroquial<\/td>\n                    <td style=\"\">P099 NUESTRA SE\u00d1ORA DE LA SOLEDAD(CAMPESTRE)<\/td>\n                    <td style=\"\">Social<\/td>\n                    <td style=\"\"><\/td>\n                    <td style=\"\"><\/td>\n                    <td style=\"\"><a href=\"https:\/\/diocesisdeaguascalientes.mx\/vicaria-de-pastoral\/wp-content\/uploads\/sites\/2\/forminator\/10414_47c7fef6f8c6f15ac1daaf1663bdf562\/uploads\/jcfJyhuiejlT-FORMATO-DE-PROGRAMACION-2025-2026-Parroquias-y-Decanatos-SOCIAL.pdf\" target=\"_blank\">jcfJyhuiejlT-FORMATO-DE-PROGRAMACION-2025-2026-Parroquias-y-Decanatos-SOCIAL.pdf<\/a><\/td>\n                    <td style=\"\">12\/10\/2025 05:24 PM<\/td>\n            <\/tr>\n            <tr id=\"table_3_row_9\">\n                    <td style=\"\">Programaci\u00f3n Parroquial<\/td>\n                    <td style=\"\">P099 NUESTRA SE\u00d1ORA DE LA SOLEDAD(CAMPESTRE)<\/td>\n                    <td style=\"\">Lit\u00fargica<\/td>\n                    <td style=\"\"><\/td>\n                    <td style=\"\"><\/td>\n                    <td style=\"\"><a href=\"https:\/\/diocesisdeaguascalientes.mx\/vicaria-de-pastoral\/wp-content\/uploads\/sites\/2\/forminator\/10414_47c7fef6f8c6f15ac1daaf1663bdf562\/uploads\/7FFGFM4QnSfZ-FORMATO-DE-PROGRAMACION-2025-2026-Parroquias-y-Decanatos-LITURGICA.pdf\" target=\"_blank\">7FFGFM4QnSfZ-FORMATO-DE-PROGRAMACION-2025-2026-Parroquias-y-Decanatos-LITURGICA.pdf<\/a><\/td>\n                    <td style=\"\">12\/10\/2025 05:23 PM<\/td>\n            <\/tr>\n            <tr id=\"table_3_row_10\">\n                    <td style=\"\">Programaci\u00f3n Parroquial<\/td>\n                    <td style=\"\">P099 NUESTRA SE\u00d1ORA DE LA SOLEDAD(CAMPESTRE)<\/td>\n                    <td style=\"\">Prof\u00e9tica<\/td>\n                    <td style=\"\"><\/td>\n                    <td style=\"\"><\/td>\n                    <td style=\"\"><a href=\"https:\/\/diocesisdeaguascalientes.mx\/vicaria-de-pastoral\/wp-content\/uploads\/sites\/2\/forminator\/10414_47c7fef6f8c6f15ac1daaf1663bdf562\/uploads\/ciaUFF26NkL8-FORMATO-DE-PROGRAMACION-2025-2026-Parroquias-y-Decanatos-PROFETICA.pdf\" target=\"_blank\">ciaUFF26NkL8-FORMATO-DE-PROGRAMACION-2025-2026-Parroquias-y-Decanatos-PROFETICA.pdf<\/a><\/td>\n                    <td style=\"\">12\/10\/2025 05:23 PM<\/td>\n            <\/tr>\n            <tr id=\"table_3_row_11\">\n                    <td style=\"\">Programaci\u00f3n Parroquial<\/td>\n                    <td style=\"\">P017 DIVINO NI\u00d1O(LOMAS DEL AJEDREZ)<\/td>\n                    <td style=\"\">Organismos Eclesiales Laicales (OEL)<\/td>\n                    <td style=\"\">Otro<\/td>\n                    <td style=\"\">Consagrados a Mar\u00eda, promotores de la medallita milagrosa<\/td>\n                    <td style=\"\"><a href=\"https:\/\/diocesisdeaguascalientes.mx\/vicaria-de-pastoral\/wp-content\/uploads\/sites\/2\/forminator\/10414_47c7fef6f8c6f15ac1daaf1663bdf562\/uploads\/oLki5H7eYgwk-Consagrados-a-Maria.pdf\" target=\"_blank\">oLki5H7eYgwk-Consagrados-a-Maria.pdf<\/a><\/td>\n                    <td style=\"\">08\/10\/2025 01:25 PM<\/td>\n            <\/tr>\n            <tr id=\"table_3_row_12\">\n                    <td style=\"\">Programaci\u00f3n Parroquial<\/td>\n                    <td style=\"\">P017 DIVINO NI\u00d1O(LOMAS DEL AJEDREZ)<\/td>\n                    <td style=\"\">Organismos Eclesiales Laicales (OEL)<\/td>\n                    <td style=\"\">27.Legi\u00f3n de Mar\u00eda<\/td>\n                    <td style=\"\"><\/td>\n                    <td style=\"\"><a href=\"https:\/\/diocesisdeaguascalientes.mx\/vicaria-de-pastoral\/wp-content\/uploads\/sites\/2\/forminator\/10414_47c7fef6f8c6f15ac1daaf1663bdf562\/uploads\/se1tSse5KkDT-Legion-de-Maria.pdf\" target=\"_blank\">se1tSse5KkDT-Legion-de-Maria.pdf<\/a><\/td>\n                    <td style=\"\">08\/10\/2025 01:23 PM<\/td>\n            <\/tr>\n            <tr id=\"table_3_row_13\">\n                    <td style=\"\">Programaci\u00f3n Parroquial<\/td>\n                    <td style=\"\">P017 DIVINO NI\u00d1O(LOMAS DEL AJEDREZ)<\/td>\n                    <td style=\"\">Organismos Eclesiales Laicales (OEL)<\/td>\n                    <td style=\"\">8.Camino Neo-catecumenal<\/td>\n                    <td style=\"\"><\/td>\n                    <td style=\"\"><a href=\"https:\/\/diocesisdeaguascalientes.mx\/vicaria-de-pastoral\/wp-content\/uploads\/sites\/2\/forminator\/10414_47c7fef6f8c6f15ac1daaf1663bdf562\/uploads\/ok5fQDkG7kml-camino-neocatecumenal-25-26.pdf\" target=\"_blank\">ok5fQDkG7kml-camino-neocatecumenal-25-26.pdf<\/a><\/td>\n                    <td style=\"\">08\/10\/2025 01:23 PM<\/td>\n            <\/tr>\n            <tr id=\"table_3_row_14\">\n                    <td style=\"\">Programaci\u00f3n Parroquial<\/td>\n                    <td style=\"\">P017 DIVINO NI\u00d1O(LOMAS DEL AJEDREZ)<\/td>\n                    <td style=\"\">Juvenil<\/td>\n                    <td style=\"\"><\/td>\n                    <td style=\"\"><\/td>\n                    <td style=\"\"><a href=\"https:\/\/diocesisdeaguascalientes.mx\/vicaria-de-pastoral\/wp-content\/uploads\/sites\/2\/forminator\/10414_47c7fef6f8c6f15ac1daaf1663bdf562\/uploads\/j8iVGQuuHA53-Pastoral-Juvenil-25-26.pdf\" target=\"_blank\">j8iVGQuuHA53-Pastoral-Juvenil-25-26.pdf<\/a><\/td>\n                    <td style=\"\">08\/10\/2025 01:22 PM<\/td>\n            <\/tr>\n            <tr id=\"table_3_row_15\">\n                    <td style=\"\">Programaci\u00f3n Parroquial<\/td>\n                    <td style=\"\">P017 DIVINO NI\u00d1O(LOMAS DEL AJEDREZ)<\/td>\n                    <td style=\"\">Familiar<\/td>\n                    <td style=\"\"><\/td>\n                    <td style=\"\"><\/td>\n                    <td style=\"\"><a href=\"https:\/\/diocesisdeaguascalientes.mx\/vicaria-de-pastoral\/wp-content\/uploads\/sites\/2\/forminator\/10414_47c7fef6f8c6f15ac1daaf1663bdf562\/uploads\/dMRxDIckMvmO-PASTORAL-FAMILIAR-25-26.pdf\" target=\"_blank\">dMRxDIckMvmO-PASTORAL-FAMILIAR-25-26.pdf<\/a><\/td>\n                    <td style=\"\">08\/10\/2025 01:21 PM<\/td>\n            <\/tr>\n            <tr id=\"table_3_row_16\">\n                    <td style=\"\">Programaci\u00f3n Parroquial<\/td>\n                    <td style=\"\">P017 DIVINO NI\u00d1O(LOMAS DEL AJEDREZ)<\/td>\n                    <td style=\"\">Social<\/td>\n                    <td style=\"\"><\/td>\n                    <td style=\"\"><\/td>\n                    <td style=\"\"><a href=\"https:\/\/diocesisdeaguascalientes.mx\/vicaria-de-pastoral\/wp-content\/uploads\/sites\/2\/forminator\/10414_47c7fef6f8c6f15ac1daaf1663bdf562\/uploads\/av5xghm1BuTR-Pastoral-social.pdf\" target=\"_blank\">av5xghm1BuTR-Pastoral-social.pdf<\/a><\/td>\n                    <td style=\"\">08\/10\/2025 01:21 PM<\/td>\n            <\/tr>\n            <tr id=\"table_3_row_17\">\n                    <td style=\"\">Programaci\u00f3n Parroquial<\/td>\n                    <td style=\"\">P017 DIVINO NI\u00d1O(LOMAS DEL AJEDREZ)<\/td>\n                    <td style=\"\">Lit\u00fargica<\/td>\n                    <td style=\"\"><\/td>\n                    <td style=\"\"><\/td>\n                    <td style=\"\"><a href=\"https:\/\/diocesisdeaguascalientes.mx\/vicaria-de-pastoral\/wp-content\/uploads\/sites\/2\/forminator\/10414_47c7fef6f8c6f15ac1daaf1663bdf562\/uploads\/MhwViIWJfvKD-Pastoral-liturgica-25-26.pdf\" target=\"_blank\">MhwViIWJfvKD-Pastoral-liturgica-25-26.pdf<\/a><\/td>\n                    <td style=\"\">08\/10\/2025 01:21 PM<\/td>\n            <\/tr>\n            <tr id=\"table_3_row_18\">\n                    <td style=\"\">Programaci\u00f3n Parroquial<\/td>\n                    <td style=\"\">P017 DIVINO NI\u00d1O(LOMAS DEL AJEDREZ)<\/td>\n                    <td style=\"\">Prof\u00e9tica<\/td>\n                    <td style=\"\"><\/td>\n                    <td style=\"\"><\/td>\n                    <td style=\"\"><a href=\"https:\/\/diocesisdeaguascalientes.mx\/vicaria-de-pastoral\/wp-content\/uploads\/sites\/2\/forminator\/10414_47c7fef6f8c6f15ac1daaf1663bdf562\/uploads\/5D0i5KFeI5pY-Pastoral-profetica-25-26.pdf\" target=\"_blank\">5D0i5KFeI5pY-Pastoral-profetica-25-26.pdf<\/a><\/td>\n                    <td style=\"\">08\/10\/2025 01:20 PM<\/td>\n            <\/tr>\n            <tr id=\"table_3_row_19\">\n                    <td style=\"\">Programaci\u00f3n Parroquial<\/td>\n                    <td style=\"\">P017 DIVINO NI\u00d1O(LOMAS DEL AJEDREZ)<\/td>\n                    <td style=\"\">Animaci\u00f3n Pastoral (CPP)<\/td>\n                    <td style=\"\"><\/td>\n                    <td style=\"\"><\/td>\n                    <td style=\"\"><a href=\"https:\/\/diocesisdeaguascalientes.mx\/vicaria-de-pastoral\/wp-content\/uploads\/sites\/2\/forminator\/10414_47c7fef6f8c6f15ac1daaf1663bdf562\/uploads\/j12tv8bVWf2u-RENOVACION-DE-PARROQUIA-25-26.pdf\" target=\"_blank\">j12tv8bVWf2u-RENOVACION-DE-PARROQUIA-25-26.pdf<\/a><\/td>\n                    <td style=\"\">08\/10\/2025 01:19 PM<\/td>\n            <\/tr>\n            <tr id=\"table_3_row_20\">\n                    <td style=\"\">Programaci\u00f3n Decanal<\/td>\n                    <td style=\"\"><\/td>\n                    <td style=\"\"><\/td>\n                    <td style=\"\"><\/td>\n                    <td style=\"\"><\/td>\n                    <td style=\"\"><a href=\"https:\/\/diocesisdeaguascalientes.mx\/vicaria-de-pastoral\/wp-content\/uploads\/sites\/2\/forminator\/10414_47c7fef6f8c6f15ac1daaf1663bdf562\/uploads\/WNLUl8Aqjh9K-PASTORAL-LITURGICA-DECANAL-2025-2026.pdf\" target=\"_blank\">WNLUl8Aqjh9K-PASTORAL-LITURGICA-DECANAL-2025-2026.pdf<\/a><\/td>\n                    <td style=\"\">07\/10\/2025 08:02 AM<\/td>\n            <\/tr>\n            <tr id=\"table_3_row_21\">\n                    <td style=\"\">Programaci\u00f3n Parroquial<\/td>\n                    <td style=\"\">P013 CRISTO REDENTOR(DEL VALLE)<\/td>\n                    <td style=\"\">Animaci\u00f3n Pastoral (CPP)<\/td>\n                    <td style=\"\"><\/td>\n                    <td style=\"\"><\/td>\n                    <td style=\"\"><a href=\"https:\/\/diocesisdeaguascalientes.mx\/vicaria-de-pastoral\/wp-content\/uploads\/sites\/2\/forminator\/10414_47c7fef6f8c6f15ac1daaf1663bdf562\/uploads\/SgrgCwJ7ZYJF-1-P.-ANIMACION-PROGRAMACION-CRISTO-REDENTOR-2025-2026.pdf\" target=\"_blank\">SgrgCwJ7ZYJF-1-P.-ANIMACION-PROGRAMACION-CRISTO-REDENTOR-2025-2026.pdf<\/a><\/td>\n                    <td style=\"\">06\/10\/2025 09:55 AM<\/td>\n            <\/tr>\n            <tr id=\"table_3_row_22\">\n                    <td style=\"\">Programaci\u00f3n Parroquial<\/td>\n                    <td style=\"\">P013 CRISTO REDENTOR(DEL VALLE)<\/td>\n                    <td style=\"\">Animaci\u00f3n Pastoral (CPP)<\/td>\n                    <td style=\"\"><\/td>\n                    <td style=\"\"><\/td>\n                    <td style=\"\"><a href=\"https:\/\/diocesisdeaguascalientes.mx\/vicaria-de-pastoral\/wp-content\/uploads\/sites\/2\/forminator\/10414_47c7fef6f8c6f15ac1daaf1663bdf562\/uploads\/t5kTGBHFVD6v-1-P.-ANIMACION-PROGRAMACION-CRISTO-REDENTOR-2025-2026.pdf\" target=\"_blank\">t5kTGBHFVD6v-1-P.-ANIMACION-PROGRAMACION-CRISTO-REDENTOR-2025-2026.pdf<\/a><\/td>\n                    <td style=\"\">06\/10\/2025 09:55 AM<\/td>\n            <\/tr>\n            <tr id=\"table_3_row_23\">\n                    <td style=\"\">Programaci\u00f3n Parroquial<\/td>\n                    <td style=\"\">P013 CRISTO REDENTOR(DEL VALLE)<\/td>\n                    <td style=\"\">Animaci\u00f3n Pastoral (CPP)<\/td>\n                    <td style=\"\"><\/td>\n                    <td style=\"\"><\/td>\n                    <td style=\"\"><a href=\"https:\/\/diocesisdeaguascalientes.mx\/vicaria-de-pastoral\/wp-content\/uploads\/sites\/2\/forminator\/10414_47c7fef6f8c6f15ac1daaf1663bdf562\/uploads\/Hpl8IBrARc4H-1-P.-ANIMACION-PROGRAMACION-CRISTO-REDENTOR-2025-2026.pdf\" target=\"_blank\">Hpl8IBrARc4H-1-P.-ANIMACION-PROGRAMACION-CRISTO-REDENTOR-2025-2026.pdf<\/a><\/td>\n                    <td style=\"\">06\/10\/2025 09:53 AM<\/td>\n            <\/tr>\n            <tr id=\"table_3_row_24\">\n                    <td style=\"\">Programaci\u00f3n de Vicar\u00eda Episcopal<\/td>\n                    <td style=\"\"><\/td>\n                    <td style=\"\"><\/td>\n                    <td style=\"\"><\/td>\n                    <td style=\"\"><\/td>\n                    <td style=\"\"><a href=\"https:\/\/diocesisdeaguascalientes.mx\/vicaria-de-pastoral\/wp-content\/uploads\/sites\/2\/forminator\/10414_47c7fef6f8c6f15ac1daaf1663bdf562\/uploads\/F5LmFs7eBRXO-Programacion-de-la-Vicaria-del-Clero-2025-2026.pdf\" target=\"_blank\">F5LmFs7eBRXO-Programacion-de-la-Vicaria-del-Clero-2025-2026.pdf<\/a><\/td>\n                    <td style=\"\">06\/10\/2025 09:33 AM<\/td>\n            <\/tr>\n            <tr id=\"table_3_row_25\">\n                    <td style=\"\">Programaci\u00f3n Parroquial<\/td>\n                    <td style=\"\">P013 CRISTO REDENTOR(DEL VALLE)<\/td>\n                    <td style=\"\">Organismos Eclesiales Laicales (OEL)<\/td>\n                    <td style=\"\">3.Adoraci\u00f3n, Comunidad, Trabajo, Servicio (ACTS)<\/td>\n                    <td style=\"\"><\/td>\n                    <td style=\"\"><a href=\"https:\/\/diocesisdeaguascalientes.mx\/vicaria-de-pastoral\/wp-content\/uploads\/sites\/2\/forminator\/10414_47c7fef6f8c6f15ac1daaf1663bdf562\/uploads\/ZlDAFVtEaMcV-8-ACTS-PROGRAMACION-CRISTO-REDENTOR-2025-2026.pdf\" target=\"_blank\">ZlDAFVtEaMcV-8-ACTS-PROGRAMACION-CRISTO-REDENTOR-2025-2026.pdf<\/a><\/td>\n                    <td style=\"\">06\/10\/2025 09:08 AM<\/td>\n            <\/tr>\n            <tr id=\"table_3_row_26\">\n                    <td style=\"\">Programaci\u00f3n Parroquial<\/td>\n                    <td style=\"\">P013 CRISTO REDENTOR(DEL VALLE)<\/td>\n                    <td style=\"\">Adolescentes<\/td>\n                    <td style=\"\"><\/td>\n                    <td style=\"\"><\/td>\n                    <td style=\"\"><a href=\"https:\/\/diocesisdeaguascalientes.mx\/vicaria-de-pastoral\/wp-content\/uploads\/sites\/2\/forminator\/10414_47c7fef6f8c6f15ac1daaf1663bdf562\/uploads\/cF8U1yY8xvax-7-P.-ADOLESCENTES-PROGRAMACION-CRISTO-REDENTOR-2025-2026.pdf\" target=\"_blank\">cF8U1yY8xvax-7-P.-ADOLESCENTES-PROGRAMACION-CRISTO-REDENTOR-2025-2026.pdf<\/a><\/td>\n                    <td style=\"\">06\/10\/2025 09:07 AM<\/td>\n            <\/tr>\n            <tr id=\"table_3_row_27\">\n                    <td style=\"\">Programaci\u00f3n Parroquial<\/td>\n                    <td style=\"\">P013 CRISTO REDENTOR(DEL VALLE)<\/td>\n                    <td style=\"\">Juvenil<\/td>\n                    <td style=\"\"><\/td>\n                    <td style=\"\"><\/td>\n                    <td style=\"\"><a href=\"https:\/\/diocesisdeaguascalientes.mx\/vicaria-de-pastoral\/wp-content\/uploads\/sites\/2\/forminator\/10414_47c7fef6f8c6f15ac1daaf1663bdf562\/uploads\/jy9KedeFgl9l-6-P.-JUVENIL-PROGRAMACION-CRISTO-REDENTOR-2025-2026.pdf\" target=\"_blank\">jy9KedeFgl9l-6-P.-JUVENIL-PROGRAMACION-CRISTO-REDENTOR-2025-2026.pdf<\/a><\/td>\n                    <td style=\"\">06\/10\/2025 09:07 AM<\/td>\n            <\/tr>\n            <tr id=\"table_3_row_28\">\n                    <td style=\"\">Programaci\u00f3n Parroquial<\/td>\n                    <td style=\"\">P013 CRISTO REDENTOR(DEL VALLE)<\/td>\n                    <td style=\"\">Familiar<\/td>\n                    <td style=\"\"><\/td>\n                    <td style=\"\"><\/td>\n                    <td style=\"\"><a href=\"https:\/\/diocesisdeaguascalientes.mx\/vicaria-de-pastoral\/wp-content\/uploads\/sites\/2\/forminator\/10414_47c7fef6f8c6f15ac1daaf1663bdf562\/uploads\/IMLg9m3kenDt-5-P.-FAMILIAR-PROGRAMACION-CRISTO-REDENTOR-2025-2026.pdf\" target=\"_blank\">IMLg9m3kenDt-5-P.-FAMILIAR-PROGRAMACION-CRISTO-REDENTOR-2025-2026.pdf<\/a><\/td>\n                    <td style=\"\">06\/10\/2025 09:06 AM<\/td>\n            <\/tr>\n            <tr id=\"table_3_row_29\">\n                    <td style=\"\">Programaci\u00f3n Parroquial<\/td>\n                    <td style=\"\">P013 CRISTO REDENTOR(DEL VALLE)<\/td>\n                    <td style=\"\">Social<\/td>\n                    <td style=\"\"><\/td>\n                    <td style=\"\"><\/td>\n                    <td style=\"\"><a href=\"https:\/\/diocesisdeaguascalientes.mx\/vicaria-de-pastoral\/wp-content\/uploads\/sites\/2\/forminator\/10414_47c7fef6f8c6f15ac1daaf1663bdf562\/uploads\/HQ68VUzJBgrm-4-P.-SOCIAL-PROGRAMACION-CRISTO-REDENTOR-2025-2026.pdf\" target=\"_blank\">HQ68VUzJBgrm-4-P.-SOCIAL-PROGRAMACION-CRISTO-REDENTOR-2025-2026.pdf<\/a><\/td>\n                    <td style=\"\">06\/10\/2025 09:06 AM<\/td>\n            <\/tr>\n            <tr id=\"table_3_row_30\">\n                    <td style=\"\">Programaci\u00f3n Parroquial<\/td>\n                    <td style=\"\">P013 CRISTO REDENTOR(DEL VALLE)<\/td>\n                    <td style=\"\">Lit\u00fargica<\/td>\n                    <td style=\"\"><\/td>\n                    <td style=\"\"><\/td>\n                    <td style=\"\"><a href=\"https:\/\/diocesisdeaguascalientes.mx\/vicaria-de-pastoral\/wp-content\/uploads\/sites\/2\/forminator\/10414_47c7fef6f8c6f15ac1daaf1663bdf562\/uploads\/BP8FFt2B41LY-3-P.-LITURGIA-PROGRAMACION-CRISTO-REDENTOR-2025-2026.pdf\" target=\"_blank\">BP8FFt2B41LY-3-P.-LITURGIA-PROGRAMACION-CRISTO-REDENTOR-2025-2026.pdf<\/a><\/td>\n                    <td style=\"\">06\/10\/2025 09:06 AM<\/td>\n            <\/tr>\n            <tr id=\"table_3_row_31\">\n                    <td style=\"\">Programaci\u00f3n Parroquial<\/td>\n                    <td style=\"\">P013 CRISTO REDENTOR(DEL VALLE)<\/td>\n                    <td style=\"\">Prof\u00e9tica<\/td>\n                    <td style=\"\"><\/td>\n                    <td style=\"\"><\/td>\n                    <td style=\"\"><a href=\"https:\/\/diocesisdeaguascalientes.mx\/vicaria-de-pastoral\/wp-content\/uploads\/sites\/2\/forminator\/10414_47c7fef6f8c6f15ac1daaf1663bdf562\/uploads\/x9bTOsTuBE1q-2-P.-PROFETICA-PROGRAMACION-CRISTO-REDENTOR-2025-2026.pdf\" target=\"_blank\">x9bTOsTuBE1q-2-P.-PROFETICA-PROGRAMACION-CRISTO-REDENTOR-2025-2026.pdf<\/a><\/td>\n                    <td style=\"\">06\/10\/2025 09:05 AM<\/td>\n            <\/tr>\n            <tr id=\"table_3_row_32\">\n                    <td style=\"\">Programaci\u00f3n Parroquial<\/td>\n                    <td style=\"\">P013 CRISTO REDENTOR(DEL VALLE)<\/td>\n                    <td style=\"\">Animaci\u00f3n Pastoral (CPP)<\/td>\n                    <td style=\"\"><\/td>\n                    <td style=\"\"><\/td>\n                    <td style=\"\"><a href=\"https:\/\/diocesisdeaguascalientes.mx\/vicaria-de-pastoral\/wp-content\/uploads\/sites\/2\/forminator\/10414_47c7fef6f8c6f15ac1daaf1663bdf562\/uploads\/2VQ78QoQE7BE-1-P.-ANIMACION-PROGRAMACION-CRISTO-REDENTOR-2025-2026.pdf\" target=\"_blank\">2VQ78QoQE7BE-1-P.-ANIMACION-PROGRAMACION-CRISTO-REDENTOR-2025-2026.pdf<\/a><\/td>\n                    <td style=\"\">06\/10\/2025 09:04 AM<\/td>\n            <\/tr>\n            <tr id=\"table_3_row_33\">\n                    <td style=\"\">Programaci\u00f3n Parroquial<\/td>\n                    <td style=\"\">P023 EL BUEN PASTOR(RODOLFO LANDEROS GALLEGOS)<\/td>\n                    <td style=\"\">Pastoral de la Comunicaci\u00f3n<\/td>\n                    <td style=\"\"><\/td>\n                    <td style=\"\"><\/td>\n                    <td style=\"\"><a href=\"https:\/\/diocesisdeaguascalientes.mx\/vicaria-de-pastoral\/wp-content\/uploads\/sites\/2\/forminator\/10414_47c7fef6f8c6f15ac1daaf1663bdf562\/uploads\/kigDfNLIyrPx-Programacion_P-Comunicacion.pdf\" target=\"_blank\">kigDfNLIyrPx-Programacion_P-Comunicacion.pdf<\/a><\/td>\n                    <td style=\"\">03\/10\/2025 07:27 PM<\/td>\n            <\/tr>\n            <tr id=\"table_3_row_34\">\n                    <td style=\"\">Programaci\u00f3n Parroquial<\/td>\n                    <td style=\"\">P023 EL BUEN PASTOR(RODOLFO LANDEROS GALLEGOS)<\/td>\n                    <td style=\"\">Pastoral de la Comunicaci\u00f3n<\/td>\n                    <td style=\"\"><\/td>\n                    <td style=\"\"><\/td>\n                    <td style=\"\"><a href=\"https:\/\/diocesisdeaguascalientes.mx\/vicaria-de-pastoral\/wp-content\/uploads\/sites\/2\/forminator\/10414_47c7fef6f8c6f15ac1daaf1663bdf562\/uploads\/OEVHq5aFo2C5-Programacion_P-Comunicacion.pdf\" target=\"_blank\">OEVHq5aFo2C5-Programacion_P-Comunicacion.pdf<\/a><\/td>\n                    <td style=\"\">03\/10\/2025 07:21 PM<\/td>\n            <\/tr>\n            <tr id=\"table_3_row_35\">\n                    <td style=\"\">Programaci\u00f3n Parroquial<\/td>\n                    <td style=\"\">P023 EL BUEN PASTOR(RODOLFO LANDEROS GALLEGOS)<\/td>\n                    <td style=\"\">Social<\/td>\n                    <td style=\"\"><\/td>\n                    <td style=\"\"><\/td>\n                    <td style=\"\"><a href=\"https:\/\/diocesisdeaguascalientes.mx\/vicaria-de-pastoral\/wp-content\/uploads\/sites\/2\/forminator\/10414_47c7fef6f8c6f15ac1daaf1663bdf562\/uploads\/SR3IVdHzVpaI-FORMATO-DE-PROGRAMACION-2025-2026-PASTORAL-SOCIAL.pdf\" target=\"_blank\">SR3IVdHzVpaI-FORMATO-DE-PROGRAMACION-2025-2026-PASTORAL-SOCIAL.pdf<\/a><\/td>\n                    <td style=\"\">03\/10\/2025 07:20 PM<\/td>\n            <\/tr>\n            <tr id=\"table_3_row_36\">\n                    <td style=\"\">Programaci\u00f3n Parroquial<\/td>\n                    <td style=\"\">P023 EL BUEN PASTOR(RODOLFO LANDEROS GALLEGOS)<\/td>\n                    <td style=\"\">Lit\u00fargica<\/td>\n                    <td style=\"\"><\/td>\n                    <td style=\"\"><\/td>\n                    <td style=\"\"><a href=\"https:\/\/diocesisdeaguascalientes.mx\/vicaria-de-pastoral\/wp-content\/uploads\/sites\/2\/forminator\/10414_47c7fef6f8c6f15ac1daaf1663bdf562\/uploads\/NoXX7VAB89RW-Planeacion-de-Pastoral-Liturgica.pdf\" target=\"_blank\">NoXX7VAB89RW-Planeacion-de-Pastoral-Liturgica.pdf<\/a><\/td>\n                    <td style=\"\">03\/10\/2025 07:20 PM<\/td>\n            <\/tr>\n            <tr id=\"table_3_row_37\">\n                    <td style=\"\">Programaci\u00f3n Parroquial<\/td>\n                    <td style=\"\">P023 EL BUEN PASTOR(RODOLFO LANDEROS GALLEGOS)<\/td>\n                    <td style=\"\">Prof\u00e9tica<\/td>\n                    <td style=\"\"><\/td>\n                    <td style=\"\"><\/td>\n                    <td style=\"\"><a href=\"https:\/\/diocesisdeaguascalientes.mx\/vicaria-de-pastoral\/wp-content\/uploads\/sites\/2\/forminator\/10414_47c7fef6f8c6f15ac1daaf1663bdf562\/uploads\/ky88DChmMzME-FORMATO-DE-PROGRAMACION-2025-2026-P.-PROFETICA.pdf\" target=\"_blank\">ky88DChmMzME-FORMATO-DE-PROGRAMACION-2025-2026-P.-PROFETICA.pdf<\/a><\/td>\n                    <td style=\"\">03\/10\/2025 07:19 PM<\/td>\n            <\/tr>\n            <tr id=\"table_3_row_38\">\n                    <td style=\"\">Programaci\u00f3n Parroquial<\/td>\n                    <td style=\"\">P023 EL BUEN PASTOR(RODOLFO LANDEROS GALLEGOS)<\/td>\n                    <td style=\"\">Animaci\u00f3n Pastoral (CPP)<\/td>\n                    <td style=\"\"><\/td>\n                    <td style=\"\"><\/td>\n                    <td style=\"\"><a href=\"https:\/\/diocesisdeaguascalientes.mx\/vicaria-de-pastoral\/wp-content\/uploads\/sites\/2\/forminator\/10414_47c7fef6f8c6f15ac1daaf1663bdf562\/uploads\/JcNhuISrWgDY-FORMATO-DE-PROGRAMACION-2025-2026-ANIMACION-PASTORAL.pdf\" target=\"_blank\">JcNhuISrWgDY-FORMATO-DE-PROGRAMACION-2025-2026-ANIMACION-PASTORAL.pdf<\/a><\/td>\n                    <td style=\"\">03\/10\/2025 07:18 PM<\/td>\n            <\/tr>\n            <tr id=\"table_3_row_39\">\n                    <td style=\"\">Programaci\u00f3n Parroquial<\/td>\n                    <td style=\"\">P072 NUESTRA SE\u00d1ORA DEL REFUGIO(DEL TRABAJO)<\/td>\n                    <td style=\"\">Organismos Eclesiales Laicales (OEL)<\/td>\n                    <td style=\"\">Otro<\/td>\n                    <td style=\"\">Monaguillos<\/td>\n                    <td style=\"\"><a href=\"https:\/\/diocesisdeaguascalientes.mx\/vicaria-de-pastoral\/wp-content\/uploads\/sites\/2\/forminator\/10414_47c7fef6f8c6f15ac1daaf1663bdf562\/uploads\/D2bPDmNdpjwp-programacion-de-monaguillos-24-25.pdf\" target=\"_blank\">D2bPDmNdpjwp-programacion-de-monaguillos-24-25.pdf<\/a><\/td>\n                    <td style=\"\">03\/10\/2025 12:50 PM<\/td>\n            <\/tr>\n            <tr id=\"table_3_row_40\">\n                    <td style=\"\">Programaci\u00f3n Parroquial<\/td>\n                    <td style=\"\">P072 NUESTRA SE\u00d1ORA DEL REFUGIO(DEL TRABAJO)<\/td>\n                    <td style=\"\">Organismos Eclesiales Laicales (OEL)<\/td>\n                    <td style=\"\">Otro<\/td>\n                    <td style=\"\">Coros<\/td>\n                    <td style=\"\"><a href=\"https:\/\/diocesisdeaguascalientes.mx\/vicaria-de-pastoral\/wp-content\/uploads\/sites\/2\/forminator\/10414_47c7fef6f8c6f15ac1daaf1663bdf562\/uploads\/ajZWVOjf1jCZ-Programacion-de-los-coros.pdf\" target=\"_blank\">ajZWVOjf1jCZ-Programacion-de-los-coros.pdf<\/a><\/td>\n                    <td style=\"\">03\/10\/2025 12:50 PM<\/td>\n            <\/tr>\n            <tr id=\"table_3_row_41\">\n                    <td style=\"\">Programaci\u00f3n Parroquial<\/td>\n                    <td style=\"\">P072 NUESTRA SE\u00d1ORA DEL REFUGIO(DEL TRABAJO)<\/td>\n                    <td style=\"\">Organismos Eclesiales Laicales (OEL)<\/td>\n                    <td style=\"\">3.Adoraci\u00f3n, Comunidad, Trabajo, Servicio (ACTS)<\/td>\n                    <td style=\"\"><\/td>\n                    <td style=\"\"><a href=\"https:\/\/diocesisdeaguascalientes.mx\/vicaria-de-pastoral\/wp-content\/uploads\/sites\/2\/forminator\/10414_47c7fef6f8c6f15ac1daaf1663bdf562\/uploads\/bmjCwIetJiRU-Acts-.pdf\" target=\"_blank\">bmjCwIetJiRU-Acts-.pdf<\/a><\/td>\n                    <td style=\"\">03\/10\/2025 12:49 PM<\/td>\n            <\/tr>\n            <tr id=\"table_3_row_42\">\n                    <td style=\"\">Programaci\u00f3n Parroquial<\/td>\n                    <td style=\"\">P100 NUESTRA SE\u00d1ORA DEL TEPEYAC(PROGRESO)<\/td>\n                    <td style=\"\">Social<\/td>\n                    <td style=\"\"><\/td>\n                    <td style=\"\"><\/td>\n                    <td style=\"\"><a href=\"https:\/\/diocesisdeaguascalientes.mx\/vicaria-de-pastoral\/wp-content\/uploads\/sites\/2\/forminator\/10414_47c7fef6f8c6f15ac1daaf1663bdf562\/uploads\/ErWJvO0tQjPY-programacion-anual-SOCIAL-2526.pdf\" target=\"_blank\">ErWJvO0tQjPY-programacion-anual-SOCIAL-2526.pdf<\/a><\/td>\n                    <td style=\"\">02\/10\/2025 06:21 PM<\/td>\n            <\/tr>\n            <tr id=\"table_3_row_43\">\n                    <td style=\"\">Programaci\u00f3n Parroquial<\/td>\n                    <td style=\"\">P100 NUESTRA SE\u00d1ORA DEL TEPEYAC(PROGRESO)<\/td>\n                    <td style=\"\">Lit\u00fargica<\/td>\n                    <td style=\"\"><\/td>\n                    <td style=\"\"><\/td>\n                    <td style=\"\"><a href=\"https:\/\/diocesisdeaguascalientes.mx\/vicaria-de-pastoral\/wp-content\/uploads\/sites\/2\/forminator\/10414_47c7fef6f8c6f15ac1daaf1663bdf562\/uploads\/GjlmOHBkOQwI-programacion-anual-LITURGIA-Acolitos-2526.pdf\" target=\"_blank\">GjlmOHBkOQwI-programacion-anual-LITURGIA-Acolitos-2526.pdf<\/a><\/td>\n                    <td style=\"\">02\/10\/2025 06:20 PM<\/td>\n            <\/tr>\n            <tr id=\"table_3_row_44\">\n                    <td style=\"\">Programaci\u00f3n Parroquial<\/td>\n                    <td style=\"\">P100 NUESTRA SE\u00d1ORA DEL TEPEYAC(PROGRESO)<\/td>\n                    <td style=\"\">Lit\u00fargica<\/td>\n                    <td style=\"\"><\/td>\n                    <td style=\"\"><\/td>\n                    <td style=\"\"><a href=\"https:\/\/diocesisdeaguascalientes.mx\/vicaria-de-pastoral\/wp-content\/uploads\/sites\/2\/forminator\/10414_47c7fef6f8c6f15ac1daaf1663bdf562\/uploads\/4LdttTxS9KV4-programacion-anual-LITURGIA-MINISTROS-2526.pdf\" target=\"_blank\">4LdttTxS9KV4-programacion-anual-LITURGIA-MINISTROS-2526.pdf<\/a><\/td>\n                    <td style=\"\">02\/10\/2025 06:20 PM<\/td>\n            <\/tr>\n            <tr id=\"table_3_row_45\">\n                    <td style=\"\">Programaci\u00f3n Parroquial<\/td>\n                    <td style=\"\">P100 NUESTRA SE\u00d1ORA DEL TEPEYAC(PROGRESO)<\/td>\n                    <td style=\"\">Lit\u00fargica<\/td>\n                    <td style=\"\"><\/td>\n                    <td style=\"\"><\/td>\n                    <td style=\"\"><a href=\"https:\/\/diocesisdeaguascalientes.mx\/vicaria-de-pastoral\/wp-content\/uploads\/sites\/2\/forminator\/10414_47c7fef6f8c6f15ac1daaf1663bdf562\/uploads\/rfV6EpuAseOr-programacion-anual-LITURGIA-2526.pdf\" target=\"_blank\">rfV6EpuAseOr-programacion-anual-LITURGIA-2526.pdf<\/a><\/td>\n                    <td style=\"\">02\/10\/2025 06:19 PM<\/td>\n            <\/tr>\n            <tr id=\"table_3_row_46\">\n                    <td style=\"\">Programaci\u00f3n Parroquial<\/td>\n                    <td style=\"\">P100 NUESTRA SE\u00d1ORA DEL TEPEYAC(PROGRESO)<\/td>\n                    <td style=\"\">Prof\u00e9tica<\/td>\n                    <td style=\"\"><\/td>\n                    <td style=\"\"><\/td>\n                    <td style=\"\"><a href=\"https:\/\/diocesisdeaguascalientes.mx\/vicaria-de-pastoral\/wp-content\/uploads\/sites\/2\/forminator\/10414_47c7fef6f8c6f15ac1daaf1663bdf562\/uploads\/DvC41zUfuqOK-programacion-anual-PROFETICA-Evangelizacion-2526.pdf\" target=\"_blank\">DvC41zUfuqOK-programacion-anual-PROFETICA-Evangelizacion-2526.pdf<\/a><\/td>\n                    <td style=\"\">02\/10\/2025 06:19 PM<\/td>\n            <\/tr>\n            <tr id=\"table_3_row_47\">\n                    <td style=\"\">Programaci\u00f3n Parroquial<\/td>\n                    <td style=\"\">P100 NUESTRA SE\u00d1ORA DEL TEPEYAC(PROGRESO)<\/td>\n                    <td style=\"\">Prof\u00e9tica<\/td>\n                    <td style=\"\"><\/td>\n                    <td style=\"\"><\/td>\n                    <td style=\"\"><a href=\"https:\/\/diocesisdeaguascalientes.mx\/vicaria-de-pastoral\/wp-content\/uploads\/sites\/2\/forminator\/10414_47c7fef6f8c6f15ac1daaf1663bdf562\/uploads\/JsRkDOxGSqjR-programacion-anual-PROFETICA-Catequesis-2526.pdf\" target=\"_blank\">JsRkDOxGSqjR-programacion-anual-PROFETICA-Catequesis-2526.pdf<\/a><\/td>\n                    <td style=\"\">02\/10\/2025 06:18 PM<\/td>\n            <\/tr>\n            <tr id=\"table_3_row_48\">\n                    <td style=\"\">Programaci\u00f3n Decanal<\/td>\n                    <td style=\"\"><\/td>\n                    <td style=\"\"><\/td>\n                    <td style=\"\"><\/td>\n                    <td style=\"\"><\/td>\n                    <td style=\"\"><a href=\"https:\/\/diocesisdeaguascalientes.mx\/vicaria-de-pastoral\/wp-content\/uploads\/sites\/2\/forminator\/10414_47c7fef6f8c6f15ac1daaf1663bdf562\/uploads\/VLmg9NrdYIXW-PROG-DEC.-ADO.-25-26.pdf\" target=\"_blank\">VLmg9NrdYIXW-PROG-DEC.-ADO.-25-26.pdf<\/a><\/td>\n                    <td style=\"\">30\/09\/2025 12:33 PM<\/td>\n            <\/tr>\n            <tr id=\"table_3_row_49\">\n                    <td style=\"\">Programaci\u00f3n Parroquial<\/td>\n                    <td style=\"\">P103 SANTO TORIBIO ROMO(OJOCALIENTE III)<\/td>\n                    <td style=\"\">Animaci\u00f3n Pastoral (CPP)<\/td>\n                    <td style=\"\"><\/td>\n                    <td style=\"\"><\/td>\n                    <td style=\"\"><a href=\"https:\/\/diocesisdeaguascalientes.mx\/vicaria-de-pastoral\/wp-content\/uploads\/sites\/2\/forminator\/10414_47c7fef6f8c6f15ac1daaf1663bdf562\/uploads\/bXXSEzdytZTI-Programacion_Parroquial_STR_25-26.pdf\" target=\"_blank\">bXXSEzdytZTI-Programacion_Parroquial_STR_25-26.pdf<\/a><\/td>\n                    <td style=\"\">29\/09\/2025 10:52 PM<\/td>\n            <\/tr>\n            <tr id=\"table_3_row_50\">\n                    <td style=\"\">Programaci\u00f3n Parroquial<\/td>\n                    <td style=\"\">P072 NUESTRA SE\u00d1ORA DEL REFUGIO(DEL TRABAJO)<\/td>\n                    <td style=\"\">Organismos Eclesiales Laicales (OEL)<\/td>\n                    <td style=\"\">Otro<\/td>\n                    <td style=\"\">Pastoral Urbana<\/td>\n                    <td style=\"\"><a href=\"https:\/\/diocesisdeaguascalientes.mx\/vicaria-de-pastoral\/wp-content\/uploads\/sites\/2\/forminator\/10414_47c7fef6f8c6f15ac1daaf1663bdf562\/uploads\/1D73jJNMSP8Q-Pastoral-Urbana-.pdf\" target=\"_blank\">1D73jJNMSP8Q-Pastoral-Urbana-.pdf<\/a><\/td>\n                    <td style=\"\">29\/09\/2025 10:02 PM<\/td>\n            <\/tr>\n            <tr id=\"table_3_row_51\">\n                    <td style=\"\">Programaci\u00f3n Parroquial<\/td>\n                    <td style=\"\">P038 INMACULADA CONCEPCI\u00d3N(OJO CALIENTE)<\/td>\n                    <td style=\"\">Organismos Eclesiales Laicales (OEL)<\/td>\n                    <td style=\"\">Otro<\/td>\n                    <td style=\"\">ADORACI\u00d3N NOCTURNA MEXICANA<\/td>\n                    <td style=\"\"><a href=\"https:\/\/diocesisdeaguascalientes.mx\/vicaria-de-pastoral\/wp-content\/uploads\/sites\/2\/forminator\/10414_47c7fef6f8c6f15ac1daaf1663bdf562\/uploads\/zlxUNdK2vTJh-ADONOMEX.pdf\" target=\"_blank\">zlxUNdK2vTJh-ADONOMEX.pdf<\/a><\/td>\n                    <td style=\"\">29\/09\/2025 08:12 AM<\/td>\n            <\/tr>\n            <tr id=\"table_3_row_52\">\n                    <td style=\"\">Programaci\u00f3n Parroquial<\/td>\n                    <td style=\"\">P038 INMACULADA CONCEPCI\u00d3N(OJO CALIENTE)<\/td>\n                    <td style=\"\">Organismos Eclesiales Laicales (OEL)<\/td>\n                    <td style=\"\">22.Heraldos del Evangelio<\/td>\n                    <td style=\"\"><\/td>\n                    <td style=\"\"><a href=\"https:\/\/diocesisdeaguascalientes.mx\/vicaria-de-pastoral\/wp-content\/uploads\/sites\/2\/forminator\/10414_47c7fef6f8c6f15ac1daaf1663bdf562\/uploads\/2MA26hRuQujE-HERALDOS-DEL-EVANGELIO.pdf\" target=\"_blank\">2MA26hRuQujE-HERALDOS-DEL-EVANGELIO.pdf<\/a><\/td>\n                    <td style=\"\">29\/09\/2025 08:07 AM<\/td>\n            <\/tr>\n            <tr id=\"table_3_row_53\">\n                    <td style=\"\">Programaci\u00f3n Parroquial<\/td>\n                    <td style=\"\">P118 LA DIVINA PROVIDENCIA(COLONIA EL MEZQUITAL)<\/td>\n                    <td style=\"\">Prof\u00e9tica<\/td>\n                    <td style=\"\"><\/td>\n                    <td style=\"\"><\/td>\n                    <td style=\"\"><a href=\"https:\/\/diocesisdeaguascalientes.mx\/vicaria-de-pastoral\/wp-content\/uploads\/sites\/2\/forminator\/10414_47c7fef6f8c6f15ac1daaf1663bdf562\/uploads\/U31R8jgBKv8a-Plan-pastoral-profetica-divina-providencia.pdf\" target=\"_blank\">U31R8jgBKv8a-Plan-pastoral-profetica-divina-providencia.pdf<\/a><\/td>\n                    <td style=\"\">27\/09\/2025 01:55 PM<\/td>\n            <\/tr>\n            <tr id=\"table_3_row_54\">\n                    <td style=\"\">Programaci\u00f3n Parroquial<\/td>\n                    <td style=\"\">P067 JES\u00daS NAZARENO(JES\u00daS MAR\u00cdA, AGUASCALIENTES)<\/td>\n                    <td style=\"\">Organismos Eclesiales Laicales (OEL)<\/td>\n                    <td style=\"\">Otro<\/td>\n                    <td style=\"\">COMITE PRO RESTAURACION<\/td>\n                    <td style=\"\"><a href=\"https:\/\/diocesisdeaguascalientes.mx\/vicaria-de-pastoral\/wp-content\/uploads\/sites\/2\/forminator\/10414_47c7fef6f8c6f15ac1daaf1663bdf562\/uploads\/9Cf1aGBJ8tof-FORMATO-DE-PROGRAMACION-2025-2026-Parroquias-y-Decanatos-COMITE-PRORESTAURACION.pdf\" target=\"_blank\">9Cf1aGBJ8tof-FORMATO-DE-PROGRAMACION-2025-2026-Parroquias-y-Decanatos-COMITE-PRORESTAURACION.pdf<\/a><\/td>\n                    <td style=\"\">27\/09\/2025 09:11 AM<\/td>\n            <\/tr>\n            <tr id=\"table_3_row_55\">\n                    <td style=\"\">Programaci\u00f3n Parroquial<\/td>\n                    <td style=\"\">P118 LA DIVINA PROVIDENCIA(COLONIA EL MEZQUITAL)<\/td>\n                    <td style=\"\">Juvenil<\/td>\n                    <td style=\"\"><\/td>\n                    <td style=\"\"><\/td>\n                    <td style=\"\"><a href=\"https:\/\/diocesisdeaguascalientes.mx\/vicaria-de-pastoral\/wp-content\/uploads\/sites\/2\/forminator\/10414_47c7fef6f8c6f15ac1daaf1663bdf562\/uploads\/Sc1Mrq34iJ6c-Programacion-Pastoral-juvenil.pdf\" target=\"_blank\">Sc1Mrq34iJ6c-Programacion-Pastoral-juvenil.pdf<\/a><\/td>\n                    <td style=\"\">27\/09\/2025 07:13 AM<\/td>\n            <\/tr>\n            <tr id=\"table_3_row_56\">\n                    <td style=\"\">Programaci\u00f3n Parroquial<\/td>\n                    <td style=\"\">P118 LA DIVINA PROVIDENCIA(COLONIA EL MEZQUITAL)<\/td>\n                    <td style=\"\">Adolescentes<\/td>\n                    <td style=\"\"><\/td>\n                    <td style=\"\"><\/td>\n                    <td style=\"\"><a href=\"https:\/\/diocesisdeaguascalientes.mx\/vicaria-de-pastoral\/wp-content\/uploads\/sites\/2\/forminator\/10414_47c7fef6f8c6f15ac1daaf1663bdf562\/uploads\/bPJLEY1sMR6r-Programacion-Pastoral-adolescente.pdf\" target=\"_blank\">bPJLEY1sMR6r-Programacion-Pastoral-adolescente.pdf<\/a><\/td>\n                    <td style=\"\">27\/09\/2025 07:12 AM<\/td>\n            <\/tr>\n            <tr id=\"table_3_row_57\">\n                    <td style=\"\">Programaci\u00f3n Parroquial<\/td>\n                    <td style=\"\">P118 LA DIVINA PROVIDENCIA(COLONIA EL MEZQUITAL)<\/td>\n                    <td style=\"\">Lit\u00fargica<\/td>\n                    <td style=\"\"><\/td>\n                    <td style=\"\"><\/td>\n                    <td style=\"\"><a href=\"https:\/\/diocesisdeaguascalientes.mx\/vicaria-de-pastoral\/wp-content\/uploads\/sites\/2\/forminator\/10414_47c7fef6f8c6f15ac1daaf1663bdf562\/uploads\/vOdRzhcg6xlM-Programacion-pastoral-liturgica.pdf\" target=\"_blank\">vOdRzhcg6xlM-Programacion-pastoral-liturgica.pdf<\/a><\/td>\n                    <td style=\"\">27\/09\/2025 07:11 AM<\/td>\n            <\/tr>\n            <tr id=\"table_3_row_58\">\n                    <td style=\"\">Programaci\u00f3n Parroquial<\/td>\n                    <td style=\"\">P118 LA DIVINA PROVIDENCIA(COLONIA EL MEZQUITAL)<\/td>\n                    <td style=\"\">Familiar<\/td>\n                    <td style=\"\"><\/td>\n                    <td style=\"\"><\/td>\n                    <td style=\"\"><a href=\"https:\/\/diocesisdeaguascalientes.mx\/vicaria-de-pastoral\/wp-content\/uploads\/sites\/2\/forminator\/10414_47c7fef6f8c6f15ac1daaf1663bdf562\/uploads\/zPTZ5dIVgWt9-Pastoral-Familiar.pdf\" target=\"_blank\">zPTZ5dIVgWt9-Pastoral-Familiar.pdf<\/a><\/td>\n                    <td style=\"\">27\/09\/2025 07:07 AM<\/td>\n            <\/tr>\n            <tr id=\"table_3_row_59\">\n                    <td style=\"\">Programaci\u00f3n Parroquial<\/td>\n                    <td style=\"\">P118 LA DIVINA PROVIDENCIA(COLONIA EL MEZQUITAL)<\/td>\n                    <td style=\"\">Social<\/td>\n                    <td style=\"\"><\/td>\n                    <td style=\"\"><\/td>\n                    <td style=\"\"><a href=\"https:\/\/diocesisdeaguascalientes.mx\/vicaria-de-pastoral\/wp-content\/uploads\/sites\/2\/forminator\/10414_47c7fef6f8c6f15ac1daaf1663bdf562\/uploads\/K7mbgbOvp32o-Pastoral-Social.pdf\" target=\"_blank\">K7mbgbOvp32o-Pastoral-Social.pdf<\/a><\/td>\n                    <td style=\"\">27\/09\/2025 07:01 AM<\/td>\n            <\/tr>\n            <tr id=\"table_3_row_60\">\n                    <td style=\"\">Programaci\u00f3n Parroquial<\/td>\n                    <td style=\"\">P019 DIVINO SALVADOR(MECHOACANEJO)<\/td>\n                    <td style=\"\">Organismos Eclesiales Laicales (OEL)<\/td>\n                    <td style=\"\">Otro<\/td>\n                    <td style=\"\">GENERAL<\/td>\n                    <td style=\"\"><a href=\"https:\/\/diocesisdeaguascalientes.mx\/vicaria-de-pastoral\/wp-content\/uploads\/sites\/2\/forminator\/10414_47c7fef6f8c6f15ac1daaf1663bdf562\/uploads\/nBcD2i7IUNZO-Prog_P019_ORGANISMOSLAICALES.pdf\" target=\"_blank\">nBcD2i7IUNZO-Prog_P019_ORGANISMOSLAICALES.pdf<\/a><\/td>\n                    <td style=\"\">26\/09\/2025 09:28 PM<\/td>\n            <\/tr>\n            <tr id=\"table_3_row_61\">\n                    <td style=\"\">Programaci\u00f3n Parroquial<\/td>\n                    <td style=\"\">P018 DIVINO SALVADOR(TROJES DE ALONSO)<\/td>\n                    <td style=\"\">Familiar<\/td>\n                    <td style=\"\"><\/td>\n                    <td style=\"\"><\/td>\n                    <td style=\"\"><a href=\"https:\/\/diocesisdeaguascalientes.mx\/vicaria-de-pastoral\/wp-content\/uploads\/sites\/2\/forminator\/10414_47c7fef6f8c6f15ac1daaf1663bdf562\/uploads\/YDZOS2sB1vTC-SEPTIEMBRE-2025.pdf\" target=\"_blank\">YDZOS2sB1vTC-SEPTIEMBRE-2025.pdf<\/a><\/td>\n                    <td style=\"\">26\/09\/2025 08:34 PM<\/td>\n            <\/tr>\n            <tr id=\"table_3_row_62\">\n                    <td style=\"\">Programaci\u00f3n Parroquial<\/td>\n                    <td style=\"\">P038 INMACULADA CONCEPCI\u00d3N(OJO CALIENTE)<\/td>\n                    <td style=\"\">Social<\/td>\n                    <td style=\"\"><\/td>\n                    <td style=\"\"><\/td>\n                    <td style=\"\"><a href=\"https:\/\/diocesisdeaguascalientes.mx\/vicaria-de-pastoral\/wp-content\/uploads\/sites\/2\/forminator\/10414_47c7fef6f8c6f15ac1daaf1663bdf562\/uploads\/P5pK0JfiZkvH-SOCIAL.pdf\" target=\"_blank\">P5pK0JfiZkvH-SOCIAL.pdf<\/a><\/td>\n                    <td style=\"\">26\/09\/2025 01:07 PM<\/td>\n            <\/tr>\n            <tr id=\"table_3_row_63\">\n                    <td style=\"\">Programaci\u00f3n Parroquial<\/td>\n                    <td style=\"\">P038 INMACULADA CONCEPCI\u00d3N(OJO CALIENTE)<\/td>\n                    <td style=\"\">Prof\u00e9tica<\/td>\n                    <td style=\"\"><\/td>\n                    <td style=\"\"><\/td>\n                    <td style=\"\"><a href=\"https:\/\/diocesisdeaguascalientes.mx\/vicaria-de-pastoral\/wp-content\/uploads\/sites\/2\/forminator\/10414_47c7fef6f8c6f15ac1daaf1663bdf562\/uploads\/rg6U3SmSCMLm-PROFETICA.pdf\" target=\"_blank\">rg6U3SmSCMLm-PROFETICA.pdf<\/a><\/td>\n                    <td style=\"\">26\/09\/2025 01:06 PM<\/td>\n            <\/tr>\n            <tr id=\"table_3_row_64\">\n                    <td style=\"\">Programaci\u00f3n Parroquial<\/td>\n                    <td style=\"\">P038 INMACULADA CONCEPCI\u00d3N(OJO CALIENTE)<\/td>\n                    <td style=\"\">Organismos Eclesiales Laicales (OEL)<\/td>\n                    <td style=\"\">40.Renovaci\u00f3n Carism\u00e1tica Cat\u00f3lica en el Esp\u00edritu Santo<\/td>\n                    <td style=\"\"><\/td>\n                    <td style=\"\"><a href=\"https:\/\/diocesisdeaguascalientes.mx\/vicaria-de-pastoral\/wp-content\/uploads\/sites\/2\/forminator\/10414_47c7fef6f8c6f15ac1daaf1663bdf562\/uploads\/kAxSwFOkQESM-MOVIMIENTOS-ECLESIALES-LAICALES.pdf\" target=\"_blank\">kAxSwFOkQESM-MOVIMIENTOS-ECLESIALES-LAICALES.pdf<\/a><\/td>\n                    <td style=\"\">26\/09\/2025 01:06 PM<\/td>\n            <\/tr>\n            <tr id=\"table_3_row_65\">\n                    <td style=\"\">Programaci\u00f3n Parroquial<\/td>\n                    <td style=\"\">P038 INMACULADA CONCEPCI\u00d3N(OJO CALIENTE)<\/td>\n                    <td style=\"\">Lit\u00fargica<\/td>\n                    <td style=\"\"><\/td>\n                    <td style=\"\"><\/td>\n                    <td style=\"\"><a href=\"https:\/\/diocesisdeaguascalientes.mx\/vicaria-de-pastoral\/wp-content\/uploads\/sites\/2\/forminator\/10414_47c7fef6f8c6f15ac1daaf1663bdf562\/uploads\/uqJZTAFebzGS-LITURGICA.pdf\" target=\"_blank\">uqJZTAFebzGS-LITURGICA.pdf<\/a><\/td>\n                    <td style=\"\">26\/09\/2025 01:05 PM<\/td>\n            <\/tr>\n            <tr id=\"table_3_row_66\">\n                    <td style=\"\">Programaci\u00f3n Parroquial<\/td>\n                    <td style=\"\">P038 INMACULADA CONCEPCI\u00d3N(OJO CALIENTE)<\/td>\n                    <td style=\"\">Juvenil<\/td>\n                    <td style=\"\"><\/td>\n                    <td style=\"\"><\/td>\n                    <td style=\"\"><a href=\"https:\/\/diocesisdeaguascalientes.mx\/vicaria-de-pastoral\/wp-content\/uploads\/sites\/2\/forminator\/10414_47c7fef6f8c6f15ac1daaf1663bdf562\/uploads\/3Xxpd5wc7XgY-JUVENIL.pdf\" target=\"_blank\">3Xxpd5wc7XgY-JUVENIL.pdf<\/a><\/td>\n                    <td style=\"\">26\/09\/2025 01:04 PM<\/td>\n            <\/tr>\n            <tr id=\"table_3_row_67\">\n                    <td style=\"\">Programaci\u00f3n Parroquial<\/td>\n                    <td style=\"\">P038 INMACULADA CONCEPCI\u00d3N(OJO CALIENTE)<\/td>\n                    <td style=\"\">Familiar<\/td>\n                    <td style=\"\"><\/td>\n                    <td style=\"\"><\/td>\n                    <td style=\"\"><a href=\"https:\/\/diocesisdeaguascalientes.mx\/vicaria-de-pastoral\/wp-content\/uploads\/sites\/2\/forminator\/10414_47c7fef6f8c6f15ac1daaf1663bdf562\/uploads\/YeY8N9nggA9a-FAMILIAR.pdf\" target=\"_blank\">YeY8N9nggA9a-FAMILIAR.pdf<\/a><\/td>\n                    <td style=\"\">26\/09\/2025 01:03 PM<\/td>\n            <\/tr>\n            <tr id=\"table_3_row_68\">\n                    <td style=\"\">Programaci\u00f3n Parroquial<\/td>\n                    <td style=\"\">P038 INMACULADA CONCEPCI\u00d3N(OJO CALIENTE)<\/td>\n                    <td style=\"\">Animaci\u00f3n Pastoral (CPP)<\/td>\n                    <td style=\"\"><\/td>\n                    <td style=\"\"><\/td>\n                    <td style=\"\"><a href=\"https:\/\/diocesisdeaguascalientes.mx\/vicaria-de-pastoral\/wp-content\/uploads\/sites\/2\/forminator\/10414_47c7fef6f8c6f15ac1daaf1663bdf562\/uploads\/Zex8b7SXnywU-DE-ANIMACION-PASTORAL-SECTORES-Y-AREAS.pdf\" target=\"_blank\">Zex8b7SXnywU-DE-ANIMACION-PASTORAL-SECTORES-Y-AREAS.pdf<\/a><\/td>\n                    <td style=\"\">26\/09\/2025 01:02 PM<\/td>\n            <\/tr>\n            <tr id=\"table_3_row_69\">\n                    <td style=\"\">Programaci\u00f3n Parroquial<\/td>\n                    <td style=\"\">P038 INMACULADA CONCEPCI\u00d3N(OJO CALIENTE)<\/td>\n                    <td style=\"\">Pastoral de la Comunicaci\u00f3n<\/td>\n                    <td style=\"\"><\/td>\n                    <td style=\"\"><\/td>\n                    <td style=\"\"><a href=\"https:\/\/diocesisdeaguascalientes.mx\/vicaria-de-pastoral\/wp-content\/uploads\/sites\/2\/forminator\/10414_47c7fef6f8c6f15ac1daaf1663bdf562\/uploads\/IX1cPNvzo8mJ-COMUNICACION.pdf\" target=\"_blank\">IX1cPNvzo8mJ-COMUNICACION.pdf<\/a><\/td>\n                    <td style=\"\">26\/09\/2025 01:02 PM<\/td>\n            <\/tr>\n            <tr id=\"table_3_row_70\">\n                    <td style=\"\">Programaci\u00f3n Parroquial<\/td>\n                    <td style=\"\">P038 INMACULADA CONCEPCI\u00d3N(OJO CALIENTE)<\/td>\n                    <td style=\"\">Adolescentes<\/td>\n                    <td style=\"\"><\/td>\n                    <td style=\"\"><\/td>\n                    <td style=\"\"><a href=\"https:\/\/diocesisdeaguascalientes.mx\/vicaria-de-pastoral\/wp-content\/uploads\/sites\/2\/forminator\/10414_47c7fef6f8c6f15ac1daaf1663bdf562\/uploads\/zCB6wIIE9f2g-ADOLESCENTES.pdf\" target=\"_blank\">zCB6wIIE9f2g-ADOLESCENTES.pdf<\/a><\/td>\n                    <td style=\"\">26\/09\/2025 01:00 PM<\/td>\n            <\/tr>\n            <tr id=\"table_3_row_71\">\n                    <td style=\"\">Programaci\u00f3n Parroquial<\/td>\n                    <td style=\"\">P019 DIVINO SALVADOR(MECHOACANEJO)<\/td>\n                    <td style=\"\">Pastoral de la Comunicaci\u00f3n<\/td>\n                    <td style=\"\"><\/td>\n                    <td style=\"\"><\/td>\n                    <td style=\"\"><a href=\"https:\/\/diocesisdeaguascalientes.mx\/vicaria-de-pastoral\/wp-content\/uploads\/sites\/2\/forminator\/10414_47c7fef6f8c6f15ac1daaf1663bdf562\/uploads\/t4cRh3VBdf2p-Prog_P019_COMUNICACION.pdf\" target=\"_blank\">t4cRh3VBdf2p-Prog_P019_COMUNICACION.pdf<\/a><\/td>\n                    <td style=\"\">26\/09\/2025 12:55 PM<\/td>\n            <\/tr>\n            <tr id=\"table_3_row_72\">\n                    <td style=\"\">Programaci\u00f3n Parroquial<\/td>\n                    <td style=\"\">P019 DIVINO SALVADOR(MECHOACANEJO)<\/td>\n                    <td style=\"\">Juvenil<\/td>\n                    <td style=\"\"><\/td>\n                    <td style=\"\"><\/td>\n                    <td style=\"\"><a href=\"https:\/\/diocesisdeaguascalientes.mx\/vicaria-de-pastoral\/wp-content\/uploads\/sites\/2\/forminator\/10414_47c7fef6f8c6f15ac1daaf1663bdf562\/uploads\/wHb8r62HYRz3-Prog_P019_JUVENIL.pdf\" target=\"_blank\">wHb8r62HYRz3-Prog_P019_JUVENIL.pdf<\/a><\/td>\n                    <td style=\"\">26\/09\/2025 12:51 PM<\/td>\n            <\/tr>\n            <tr id=\"table_3_row_73\">\n                    <td style=\"\">Programaci\u00f3n Parroquial<\/td>\n                    <td style=\"\">P019 DIVINO SALVADOR(MECHOACANEJO)<\/td>\n                    <td style=\"\">Adolescentes<\/td>\n                    <td style=\"\"><\/td>\n                    <td style=\"\"><\/td>\n                    <td style=\"\"><a href=\"https:\/\/diocesisdeaguascalientes.mx\/vicaria-de-pastoral\/wp-content\/uploads\/sites\/2\/forminator\/10414_47c7fef6f8c6f15ac1daaf1663bdf562\/uploads\/rf12XEMqnCnk-Prog_P019_ADOLESCENTES.pdf\" target=\"_blank\">rf12XEMqnCnk-Prog_P019_ADOLESCENTES.pdf<\/a><\/td>\n                    <td style=\"\">26\/09\/2025 12:51 PM<\/td>\n            <\/tr>\n            <tr id=\"table_3_row_74\">\n                    <td style=\"\">Programaci\u00f3n Parroquial<\/td>\n                    <td style=\"\">P019 DIVINO SALVADOR(MECHOACANEJO)<\/td>\n                    <td style=\"\">Familiar<\/td>\n                    <td style=\"\"><\/td>\n                    <td style=\"\"><\/td>\n                    <td style=\"\"><a href=\"https:\/\/diocesisdeaguascalientes.mx\/vicaria-de-pastoral\/wp-content\/uploads\/sites\/2\/forminator\/10414_47c7fef6f8c6f15ac1daaf1663bdf562\/uploads\/g8n9IJrU5Az5-Prog_P019_FAMILIAR.pdf\" target=\"_blank\">g8n9IJrU5Az5-Prog_P019_FAMILIAR.pdf<\/a><\/td>\n                    <td style=\"\">26\/09\/2025 12:50 PM<\/td>\n            <\/tr>\n            <tr id=\"table_3_row_75\">\n                    <td style=\"\">Programaci\u00f3n Parroquial<\/td>\n                    <td style=\"\">P019 DIVINO SALVADOR(MECHOACANEJO)<\/td>\n                    <td style=\"\">Social<\/td>\n                    <td style=\"\"><\/td>\n                    <td style=\"\"><\/td>\n                    <td style=\"\"><a href=\"https:\/\/diocesisdeaguascalientes.mx\/vicaria-de-pastoral\/wp-content\/uploads\/sites\/2\/forminator\/10414_47c7fef6f8c6f15ac1daaf1663bdf562\/uploads\/ishKpTuhvdC7-Prog_P019_SOCIAL.pdf\" target=\"_blank\">ishKpTuhvdC7-Prog_P019_SOCIAL.pdf<\/a><\/td>\n                    <td style=\"\">26\/09\/2025 12:50 PM<\/td>\n            <\/tr>\n            <tr id=\"table_3_row_76\">\n                    <td style=\"\">Programaci\u00f3n Parroquial<\/td>\n                    <td style=\"\">P019 DIVINO SALVADOR(MECHOACANEJO)<\/td>\n                    <td style=\"\">Lit\u00fargica<\/td>\n                    <td style=\"\"><\/td>\n                    <td style=\"\"><\/td>\n                    <td style=\"\"><a href=\"https:\/\/diocesisdeaguascalientes.mx\/vicaria-de-pastoral\/wp-content\/uploads\/sites\/2\/forminator\/10414_47c7fef6f8c6f15ac1daaf1663bdf562\/uploads\/oubOp4Po1Qgw-Prog_P019_LITURGICA.pdf\" target=\"_blank\">oubOp4Po1Qgw-Prog_P019_LITURGICA.pdf<\/a><\/td>\n                    <td style=\"\">26\/09\/2025 12:50 PM<\/td>\n            <\/tr>\n            <tr id=\"table_3_row_77\">\n                    <td style=\"\">Programaci\u00f3n Parroquial<\/td>\n                    <td style=\"\">P019 DIVINO SALVADOR(MECHOACANEJO)<\/td>\n                    <td style=\"\">Prof\u00e9tica<\/td>\n                    <td style=\"\"><\/td>\n                    <td style=\"\"><\/td>\n                    <td style=\"\"><a href=\"https:\/\/diocesisdeaguascalientes.mx\/vicaria-de-pastoral\/wp-content\/uploads\/sites\/2\/forminator\/10414_47c7fef6f8c6f15ac1daaf1663bdf562\/uploads\/yZA4lYtjaeHs-Prog_P019_PROFETICA.pdf\" target=\"_blank\">yZA4lYtjaeHs-Prog_P019_PROFETICA.pdf<\/a><\/td>\n                    <td style=\"\">26\/09\/2025 12:49 PM<\/td>\n            <\/tr>\n            <tr id=\"table_3_row_78\">\n                    <td style=\"\">Programaci\u00f3n Parroquial<\/td>\n                    <td style=\"\">P019 DIVINO SALVADOR(MECHOACANEJO)<\/td>\n                    <td style=\"\">Animaci\u00f3n Pastoral (CPP)<\/td>\n                    <td style=\"\"><\/td>\n                    <td style=\"\"><\/td>\n                    <td style=\"\"><a href=\"https:\/\/diocesisdeaguascalientes.mx\/vicaria-de-pastoral\/wp-content\/uploads\/sites\/2\/forminator\/10414_47c7fef6f8c6f15ac1daaf1663bdf562\/uploads\/NfUA1e0eLUtK-Prog_P019_CONSEJO.pdf\" target=\"_blank\">NfUA1e0eLUtK-Prog_P019_CONSEJO.pdf<\/a><\/td>\n                    <td style=\"\">26\/09\/2025 12:49 PM<\/td>\n            <\/tr>\n            <tr id=\"table_3_row_79\">\n                    <td style=\"\">Programaci\u00f3n Decanal<\/td>\n                    <td style=\"\"><\/td>\n                    <td style=\"\"><\/td>\n                    <td style=\"\"><\/td>\n                    <td style=\"\"><\/td>\n                    <td style=\"\"><a href=\"https:\/\/diocesisdeaguascalientes.mx\/vicaria-de-pastoral\/wp-content\/uploads\/sites\/2\/forminator\/10414_47c7fef6f8c6f15ac1daaf1663bdf562\/uploads\/fiyHunNoOkwo-Prog_Juvenil_Decanato.pdf\" target=\"_blank\">fiyHunNoOkwo-Prog_Juvenil_Decanato.pdf<\/a><\/td>\n                    <td style=\"\">26\/09\/2025 12:37 PM<\/td>\n            <\/tr>\n            <tr id=\"table_3_row_80\">\n                    <td style=\"\">Programaci\u00f3n Parroquial<\/td>\n                    <td style=\"\">P118 LA DIVINA PROVIDENCIA(COLONIA EL MEZQUITAL)<\/td>\n                    <td style=\"\">Animaci\u00f3n Pastoral (CPP)<\/td>\n                    <td style=\"\"><\/td>\n                    <td style=\"\"><\/td>\n                    <td style=\"\"><a href=\"https:\/\/diocesisdeaguascalientes.mx\/vicaria-de-pastoral\/wp-content\/uploads\/sites\/2\/forminator\/10414_47c7fef6f8c6f15ac1daaf1663bdf562\/uploads\/mHzjRwWRsWwA-Animacion-Pastoral.pdf\" target=\"_blank\">mHzjRwWRsWwA-Animacion-Pastoral.pdf<\/a><\/td>\n                    <td style=\"\">26\/09\/2025 10:56 AM<\/td>\n            <\/tr>\n            <tr id=\"table_3_row_81\">\n                    <td style=\"\">Programaci\u00f3n Parroquial<\/td>\n                    <td style=\"\">P113 EMPERATRIZ DE AM\u00c9RICA (VILLAS DE NUESTRA SE\u00d1ORA DE LA ASUNCI\u00d3N)<\/td>\n                    <td style=\"\">Social<\/td>\n                    <td style=\"\"><\/td>\n                    <td style=\"\"><\/td>\n                    <td style=\"\"><a href=\"https:\/\/diocesisdeaguascalientes.mx\/vicaria-de-pastoral\/wp-content\/uploads\/sites\/2\/forminator\/10414_47c7fef6f8c6f15ac1daaf1663bdf562\/uploads\/YTv75OdlweHD-Social-.pdf\" target=\"_blank\">YTv75OdlweHD-Social-.pdf<\/a><\/td>\n                    <td style=\"\">26\/09\/2025 10:12 AM<\/td>\n            <\/tr>\n            <tr id=\"table_3_row_82\">\n                    <td style=\"\">Programaci\u00f3n Parroquial<\/td>\n                    <td style=\"\">P113 EMPERATRIZ DE AM\u00c9RICA (VILLAS DE NUESTRA SE\u00d1ORA DE LA ASUNCI\u00d3N)<\/td>\n                    <td style=\"\">Lit\u00fargica<\/td>\n                    <td style=\"\"><\/td>\n                    <td style=\"\"><\/td>\n                    <td style=\"\"><a href=\"https:\/\/diocesisdeaguascalientes.mx\/vicaria-de-pastoral\/wp-content\/uploads\/sites\/2\/forminator\/10414_47c7fef6f8c6f15ac1daaf1663bdf562\/uploads\/EltY03JjsE4s-Liturgica-.pdf\" target=\"_blank\">EltY03JjsE4s-Liturgica-.pdf<\/a><\/td>\n                    <td style=\"\">26\/09\/2025 09:56 AM<\/td>\n            <\/tr>\n            <tr id=\"table_3_row_83\">\n                    <td style=\"\">Programaci\u00f3n Parroquial<\/td>\n                    <td style=\"\">P113 EMPERATRIZ DE AM\u00c9RICA (VILLAS DE NUESTRA SE\u00d1ORA DE LA ASUNCI\u00d3N)<\/td>\n                    <td style=\"\">Animaci\u00f3n Pastoral (CPP)<\/td>\n                    <td style=\"\"><\/td>\n                    <td style=\"\"><\/td>\n                    <td style=\"\"><a href=\"https:\/\/diocesisdeaguascalientes.mx\/vicaria-de-pastoral\/wp-content\/uploads\/sites\/2\/forminator\/10414_47c7fef6f8c6f15ac1daaf1663bdf562\/uploads\/Yd7yt4yXyDPs-Consejo-De-Animacion-Pastoral.pdf\" target=\"_blank\">Yd7yt4yXyDPs-Consejo-De-Animacion-Pastoral.pdf<\/a><\/td>\n                    <td style=\"\">26\/09\/2025 09:52 AM<\/td>\n            <\/tr>\n            <tr id=\"table_3_row_84\">\n                    <td style=\"\">Programaci\u00f3n Parroquial<\/td>\n                    <td style=\"\">P113 EMPERATRIZ DE AM\u00c9RICA (VILLAS DE NUESTRA SE\u00d1ORA DE LA ASUNCI\u00d3N)<\/td>\n                    <td style=\"\">Prof\u00e9tica<\/td>\n                    <td style=\"\"><\/td>\n                    <td style=\"\"><\/td>\n                    <td style=\"\"><a href=\"https:\/\/diocesisdeaguascalientes.mx\/vicaria-de-pastoral\/wp-content\/uploads\/sites\/2\/forminator\/10414_47c7fef6f8c6f15ac1daaf1663bdf562\/uploads\/2pWk9jqh5SyT-profetica.pdf\" target=\"_blank\">2pWk9jqh5SyT-profetica.pdf<\/a><\/td>\n                    <td style=\"\">26\/09\/2025 09:33 AM<\/td>\n            <\/tr>\n            <tr id=\"table_3_row_85\">\n                    <td style=\"\">Programaci\u00f3n Parroquial<\/td>\n                    <td style=\"\">P082 SAGRADO CORAZ\u00d3N DE JES\u00daS(CENTRO)<\/td>\n                    <td style=\"\">Organismos Eclesiales Laicales (OEL)<\/td>\n                    <td style=\"\">40.Renovaci\u00f3n Carism\u00e1tica Cat\u00f3lica en el Esp\u00edritu Santo<\/td>\n                    <td style=\"\"><\/td>\n                    <td style=\"\"><a href=\"https:\/\/diocesisdeaguascalientes.mx\/vicaria-de-pastoral\/wp-content\/uploads\/sites\/2\/forminator\/10414_47c7fef6f8c6f15ac1daaf1663bdf562\/uploads\/O3mtLCh4yEjb-Plan-pastoral-RCCES-SAGRADO-CORAZON-CTRO-2025.pdf\" target=\"_blank\">O3mtLCh4yEjb-Plan-pastoral-RCCES-SAGRADO-CORAZON-CTRO-2025.pdf<\/a><\/td>\n                    <td style=\"\">26\/09\/2025 01:48 AM<\/td>\n            <\/tr>\n            <tr id=\"table_3_row_86\">\n                    <td style=\"\">Programaci\u00f3n Parroquial<\/td>\n                    <td style=\"\">P082 SAGRADO CORAZ\u00d3N DE JES\u00daS(CENTRO)<\/td>\n                    <td style=\"\">Organismos Eclesiales Laicales (OEL)<\/td>\n                    <td style=\"\">21.Guardia de honor del Sagrado Coraz\u00f3n de Jes\u00fas.<\/td>\n                    <td style=\"\"><\/td>\n                    <td style=\"\"><a href=\"https:\/\/diocesisdeaguascalientes.mx\/vicaria-de-pastoral\/wp-content\/uploads\/sites\/2\/forminator\/10414_47c7fef6f8c6f15ac1daaf1663bdf562\/uploads\/x67q9fmp6kXF-FORMATO-DE-PROGRAMACION-2025-2026-Parroquias-y-Decanatos-Guardias-Honor-2.pdf\" target=\"_blank\">x67q9fmp6kXF-FORMATO-DE-PROGRAMACION-2025-2026-Parroquias-y-Decanatos-Guardias-Honor-2.pdf<\/a><\/td>\n                    <td style=\"\">26\/09\/2025 01:45 AM<\/td>\n            <\/tr>\n            <tr id=\"table_3_row_87\">\n                    <td style=\"\">Programaci\u00f3n Decanal<\/td>\n                    <td style=\"\"><\/td>\n                    <td style=\"\"><\/td>\n                    <td style=\"\"><\/td>\n                    <td style=\"\"><\/td>\n                    <td style=\"\"><a href=\"https:\/\/diocesisdeaguascalientes.mx\/vicaria-de-pastoral\/wp-content\/uploads\/sites\/2\/forminator\/10414_47c7fef6f8c6f15ac1daaf1663bdf562\/uploads\/c6ug3gImLj3w-PROGRAMACION-DE-PASTORAL-SOCIAL-D03-PONIENTE-FORANEO-SAN-CRISTOBAL-MAGALLANES.pdf\" target=\"_blank\">c6ug3gImLj3w-PROGRAMACION-DE-PASTORAL-SOCIAL-D03-PONIENTE-FORANEO-SAN-CRISTOBAL-MAGALLANES.pdf<\/a><\/td>\n                    <td style=\"\">25\/09\/2025 11:27 PM<\/td>\n            <\/tr>\n            <tr id=\"table_3_row_88\">\n                    <td style=\"\">Programaci\u00f3n Decanal<\/td>\n                    <td style=\"\"><\/td>\n                    <td style=\"\"><\/td>\n                    <td style=\"\"><\/td>\n                    <td style=\"\"><\/td>\n                    <td style=\"\"><a href=\"https:\/\/diocesisdeaguascalientes.mx\/vicaria-de-pastoral\/wp-content\/uploads\/sites\/2\/forminator\/10414_47c7fef6f8c6f15ac1daaf1663bdf562\/uploads\/ftfZ6QDdX54L-PROGRAMACION-DE-PASTORAL-LITURGICA-D03-PONIENTE-FORANEO-SAN-CRISTOBAL-MAGALLANES.pdf\" target=\"_blank\">ftfZ6QDdX54L-PROGRAMACION-DE-PASTORAL-LITURGICA-D03-PONIENTE-FORANEO-SAN-CRISTOBAL-MAGALLANES.pdf<\/a><\/td>\n                    <td style=\"\">25\/09\/2025 11:27 PM<\/td>\n            <\/tr>\n            <tr id=\"table_3_row_89\">\n                    <td style=\"\">Programaci\u00f3n Decanal<\/td>\n                    <td style=\"\"><\/td>\n                    <td style=\"\"><\/td>\n                    <td style=\"\"><\/td>\n                    <td style=\"\"><\/td>\n                    <td style=\"\"><a href=\"https:\/\/diocesisdeaguascalientes.mx\/vicaria-de-pastoral\/wp-content\/uploads\/sites\/2\/forminator\/10414_47c7fef6f8c6f15ac1daaf1663bdf562\/uploads\/jsEtTdFbOgnD-PROGRAMACION-DE-PASTORAL-PROFETICA-D03-PONIENTE-FORANEO-SAN-CRISTOBAL-MAGALLANES.pdf\" target=\"_blank\">jsEtTdFbOgnD-PROGRAMACION-DE-PASTORAL-PROFETICA-D03-PONIENTE-FORANEO-SAN-CRISTOBAL-MAGALLANES.pdf<\/a><\/td>\n                    <td style=\"\">25\/09\/2025 11:26 PM<\/td>\n            <\/tr>\n            <tr id=\"table_3_row_90\">\n                    <td style=\"\">Programaci\u00f3n Decanal<\/td>\n                    <td style=\"\"><\/td>\n                    <td style=\"\"><\/td>\n                    <td style=\"\"><\/td>\n                    <td style=\"\"><\/td>\n                    <td style=\"\"><a href=\"https:\/\/diocesisdeaguascalientes.mx\/vicaria-de-pastoral\/wp-content\/uploads\/sites\/2\/forminator\/10414_47c7fef6f8c6f15ac1daaf1663bdf562\/uploads\/OPzbuEjsii7u-PROGRAMACION-DEL-EDEAP-ANIMACION-PASTORAL-D03-PONIENTE-FORANEO-SAN-CRISTOBAL-MAGALLANES.pdf\" target=\"_blank\">OPzbuEjsii7u-PROGRAMACION-DEL-EDEAP-ANIMACION-PASTORAL-D03-PONIENTE-FORANEO-SAN-CRISTOBAL-MAGALLANES.pdf<\/a><\/td>\n                    <td style=\"\">25\/09\/2025 11:26 PM<\/td>\n            <\/tr>\n            <tr id=\"table_3_row_91\">\n                    <td style=\"\">Programaci\u00f3n Parroquial<\/td>\n                    <td style=\"\">P011 NUESTRA SE\u00d1ORA DE LOS BOSQUES(LOS BOSQUES)<\/td>\n                    <td style=\"\">Social<\/td>\n                    <td style=\"\"><\/td>\n                    <td style=\"\"><\/td>\n                    <td style=\"\"><a href=\"https:\/\/diocesisdeaguascalientes.mx\/vicaria-de-pastoral\/wp-content\/uploads\/sites\/2\/forminator\/10414_47c7fef6f8c6f15ac1daaf1663bdf562\/uploads\/6lTYb566IgIG-PROGRAMACION-Pastoral-Social-2025-2026-Final.pdf\" target=\"_blank\">6lTYb566IgIG-PROGRAMACION-Pastoral-Social-2025-2026-Final.pdf<\/a><\/td>\n                    <td style=\"\">25\/09\/2025 11:00 PM<\/td>\n            <\/tr>\n            <tr id=\"table_3_row_92\">\n                    <td style=\"\">Programaci\u00f3n Parroquial<\/td>\n                    <td style=\"\">P064 SAN MIGUEL (IGNACIO ZARAGOZA)<\/td>\n                    <td style=\"\">Animaci\u00f3n Pastoral (CPP)<\/td>\n                    <td style=\"\"><\/td>\n                    <td style=\"\"><\/td>\n                    <td style=\"\"><a href=\"https:\/\/diocesisdeaguascalientes.mx\/vicaria-de-pastoral\/wp-content\/uploads\/sites\/2\/forminator\/10414_47c7fef6f8c6f15ac1daaf1663bdf562\/uploads\/4FjRubhWQM01-PROGRAMACION-PARROQUIAL-P064-SAN-MIGUEL-ANIMACION-PASTORAL.pdf\" target=\"_blank\">4FjRubhWQM01-PROGRAMACION-PARROQUIAL-P064-SAN-MIGUEL-ANIMACION-PASTORAL.pdf<\/a><\/td>\n                    <td style=\"\">25\/09\/2025 10:43 PM<\/td>\n            <\/tr>\n            <tr id=\"table_3_row_93\">\n                    <td style=\"\">Programaci\u00f3n Parroquial<\/td>\n                    <td style=\"\">P018 DIVINO SALVADOR(TROJES DE ALONSO)<\/td>\n                    <td style=\"\">Prof\u00e9tica<\/td>\n                    <td style=\"\"><\/td>\n                    <td style=\"\"><\/td>\n                    <td style=\"\"><a href=\"https:\/\/diocesisdeaguascalientes.mx\/vicaria-de-pastoral\/wp-content\/uploads\/sites\/2\/forminator\/10414_47c7fef6f8c6f15ac1daaf1663bdf562\/uploads\/mM5m1ST2oDcf-SEPTIEMBRE-2025-profetica.pdf\" target=\"_blank\">mM5m1ST2oDcf-SEPTIEMBRE-2025-profetica.pdf<\/a><\/td>\n                    <td style=\"\">25\/09\/2025 08:57 PM<\/td>\n            <\/tr>\n            <tr id=\"table_3_row_94\">\n                    <td style=\"\">Programaci\u00f3n Parroquial<\/td>\n                    <td style=\"\">P018 DIVINO SALVADOR(TROJES DE ALONSO)<\/td>\n                    <td style=\"\">Juvenil<\/td>\n                    <td style=\"\"><\/td>\n                    <td style=\"\"><\/td>\n                    <td style=\"\"><a href=\"https:\/\/diocesisdeaguascalientes.mx\/vicaria-de-pastoral\/wp-content\/uploads\/sites\/2\/forminator\/10414_47c7fef6f8c6f15ac1daaf1663bdf562\/uploads\/WSHsk9iCD5R0-juvenil-2025.pdf\" target=\"_blank\">WSHsk9iCD5R0-juvenil-2025.pdf<\/a><\/td>\n                    <td style=\"\">25\/09\/2025 07:40 PM<\/td>\n            <\/tr>\n            <tr id=\"table_3_row_95\">\n                    <td style=\"\">Programaci\u00f3n Parroquial<\/td>\n                    <td style=\"\">P043 SAN JOS\u00c9(CENTRO)<\/td>\n                    <td style=\"\">Organismos Eclesiales Laicales (OEL)<\/td>\n                    <td style=\"\">22.Heraldos del Evangelio<\/td>\n                    <td style=\"\"><\/td>\n                    <td style=\"\"><a href=\"https:\/\/diocesisdeaguascalientes.mx\/vicaria-de-pastoral\/wp-content\/uploads\/sites\/2\/forminator\/10414_47c7fef6f8c6f15ac1daaf1663bdf562\/uploads\/FHuTYcDwSqDx-PROGRAMACION-2025-2026-apostolado-del-oratorio-en-San-Jose.pdf\" target=\"_blank\">FHuTYcDwSqDx-PROGRAMACION-2025-2026-apostolado-del-oratorio-en-San-Jose.pdf<\/a><\/td>\n                    <td style=\"\">25\/09\/2025 04:58 PM<\/td>\n            <\/tr>\n            <tr id=\"table_3_row_96\">\n                    <td style=\"\">Programaci\u00f3n Parroquial<\/td>\n                    <td style=\"\">P069 SAN PEDRO Y SAN PABLO(SAN PEDRO)<\/td>\n                    <td style=\"\">Organismos Eclesiales Laicales (OEL)<\/td>\n                    <td style=\"\">21.Guardia de honor del Sagrado Coraz\u00f3n de Jes\u00fas.<\/td>\n                    <td style=\"\"><\/td>\n                    <td style=\"\"><a href=\"https:\/\/diocesisdeaguascalientes.mx\/vicaria-de-pastoral\/wp-content\/uploads\/sites\/2\/forminator\/10414_47c7fef6f8c6f15ac1daaf1663bdf562\/uploads\/KhyqP9O94Gbj-guardia-de-honor.pdf\" target=\"_blank\">KhyqP9O94Gbj-guardia-de-honor.pdf<\/a><\/td>\n                    <td style=\"\">25\/09\/2025 04:51 PM<\/td>\n            <\/tr>\n            <tr id=\"table_3_row_97\">\n                    <td style=\"\">Programaci\u00f3n Parroquial<\/td>\n                    <td style=\"\">P026 NUESTRA SE\u00d1ORA DE LA ENCARNACI\u00d3N(ENCARNACI\u00d3N DE D\u00cdAZ)<\/td>\n                    <td style=\"\">Familiar<\/td>\n                    <td style=\"\"><\/td>\n                    <td style=\"\"><\/td>\n                    <td style=\"\"><a href=\"https:\/\/diocesisdeaguascalientes.mx\/vicaria-de-pastoral\/wp-content\/uploads\/sites\/2\/forminator\/10414_47c7fef6f8c6f15ac1daaf1663bdf562\/uploads\/041CCD2Jopnm-Familiar-.pdf\" target=\"_blank\">041CCD2Jopnm-Familiar-.pdf<\/a><\/td>\n                    <td style=\"\">25\/09\/2025 02:40 PM<\/td>\n            <\/tr>\n            <tr id=\"table_3_row_98\">\n                    <td style=\"\">Programaci\u00f3n Parroquial<\/td>\n                    <td style=\"\">P026 NUESTRA SE\u00d1ORA DE LA ENCARNACI\u00d3N(ENCARNACI\u00d3N DE D\u00cdAZ)<\/td>\n                    <td style=\"\">Organismos Eclesiales Laicales (OEL)<\/td>\n                    <td style=\"\">40.Renovaci\u00f3n Carism\u00e1tica Cat\u00f3lica en el Esp\u00edritu Santo<\/td>\n                    <td style=\"\"><\/td>\n                    <td style=\"\"><a href=\"https:\/\/diocesisdeaguascalientes.mx\/vicaria-de-pastoral\/wp-content\/uploads\/sites\/2\/forminator\/10414_47c7fef6f8c6f15ac1daaf1663bdf562\/uploads\/8RNj6y8qm3rp-Renovacion-Carismatica-.pdf\" target=\"_blank\">8RNj6y8qm3rp-Renovacion-Carismatica-.pdf<\/a><\/td>\n                    <td style=\"\">25\/09\/2025 02:40 PM<\/td>\n            <\/tr>\n            <tr id=\"table_3_row_99\">\n                    <td style=\"\">Programaci\u00f3n Parroquial<\/td>\n                    <td style=\"\">P026 NUESTRA SE\u00d1ORA DE LA ENCARNACI\u00d3N(ENCARNACI\u00d3N DE D\u00cdAZ)<\/td>\n                    <td style=\"\">Organismos Eclesiales Laicales (OEL)<\/td>\n                    <td style=\"\">Otro<\/td>\n                    <td style=\"\">Liga de Rec\u00edprocos Auxilios<\/td>\n                    <td style=\"\"><a href=\"https:\/\/diocesisdeaguascalientes.mx\/vicaria-de-pastoral\/wp-content\/uploads\/sites\/2\/forminator\/10414_47c7fef6f8c6f15ac1daaf1663bdf562\/uploads\/vBnjITJR9sL9-Liga-de-R-Auxilios.pdf\" target=\"_blank\">vBnjITJR9sL9-Liga-de-R-Auxilios.pdf<\/a><\/td>\n                    <td style=\"\">25\/09\/2025 02:40 PM<\/td>\n            <\/tr>\n            <tr id=\"table_3_row_100\">\n                    <td style=\"\">Programaci\u00f3n Parroquial<\/td>\n                    <td style=\"\">P026 NUESTRA SE\u00d1ORA DE LA ENCARNACI\u00d3N(ENCARNACI\u00d3N DE D\u00cdAZ)<\/td>\n                    <td style=\"\">Organismos Eclesiales Laicales (OEL)<\/td>\n                    <td style=\"\">Otro<\/td>\n                    <td style=\"\">Guardia Nacional Cristera<\/td>\n                    <td style=\"\"><a href=\"https:\/\/diocesisdeaguascalientes.mx\/vicaria-de-pastoral\/wp-content\/uploads\/sites\/2\/forminator\/10414_47c7fef6f8c6f15ac1daaf1663bdf562\/uploads\/tUIjpyKpDHAw-Guardia-Cristera-.pdf\" target=\"_blank\">tUIjpyKpDHAw-Guardia-Cristera-.pdf<\/a><\/td>\n                    <td style=\"\">25\/09\/2025 02:39 PM<\/td>\n            <\/tr>\n            <tr id=\"table_3_row_101\">\n                    <td style=\"\">Programaci\u00f3n Parroquial<\/td>\n                    <td style=\"\">P026 NUESTRA SE\u00d1ORA DE LA ENCARNACI\u00d3N(ENCARNACI\u00d3N DE D\u00cdAZ)<\/td>\n                    <td style=\"\">Organismos Eclesiales Laicales (OEL)<\/td>\n                    <td style=\"\">21.Guardia de honor del Sagrado Coraz\u00f3n de Jes\u00fas.<\/td>\n                    <td style=\"\"><\/td>\n                    <td style=\"\"><a href=\"https:\/\/diocesisdeaguascalientes.mx\/vicaria-de-pastoral\/wp-content\/uploads\/sites\/2\/forminator\/10414_47c7fef6f8c6f15ac1daaf1663bdf562\/uploads\/R7KyrGa5yddN-Guarda-de-Honor-Sagrado-Corazon.pdf\" target=\"_blank\">R7KyrGa5yddN-Guarda-de-Honor-Sagrado-Corazon.pdf<\/a><\/td>\n                    <td style=\"\">25\/09\/2025 02:26 PM<\/td>\n            <\/tr>\n            <tr id=\"table_3_row_102\">\n                    <td style=\"\">Programaci\u00f3n Parroquial<\/td>\n                    <td style=\"\">P026 NUESTRA SE\u00d1ORA DE LA ENCARNACI\u00d3N(ENCARNACI\u00d3N DE D\u00cdAZ)<\/td>\n                    <td style=\"\">Organismos Eclesiales Laicales (OEL)<\/td>\n                    <td style=\"\">13.Cursillos de Cristiandad<\/td>\n                    <td style=\"\"><\/td>\n                    <td style=\"\"><a href=\"https:\/\/diocesisdeaguascalientes.mx\/vicaria-de-pastoral\/wp-content\/uploads\/sites\/2\/forminator\/10414_47c7fef6f8c6f15ac1daaf1663bdf562\/uploads\/8IePapAFDzGO-Cursillos-.pdf\" target=\"_blank\">8IePapAFDzGO-Cursillos-.pdf<\/a><\/td>\n                    <td style=\"\">25\/09\/2025 02:21 PM<\/td>\n            <\/tr>\n            <tr id=\"table_3_row_103\">\n                    <td style=\"\">Programaci\u00f3n Parroquial<\/td>\n                    <td style=\"\">P049 SAN JOS\u00c9(MES\u00d3N DE LOS SAUCES)<\/td>\n                    <td style=\"\">Animaci\u00f3n Pastoral (CPP)<\/td>\n                    <td style=\"\"><\/td>\n                    <td style=\"\"><\/td>\n                    <td style=\"\"><a href=\"https:\/\/diocesisdeaguascalientes.mx\/vicaria-de-pastoral\/wp-content\/uploads\/sites\/2\/forminator\/10414_47c7fef6f8c6f15ac1daaf1663bdf562\/uploads\/7uX0OU8TDbc8-Programacion-Pastoral-Parroquial-2025-2026pastoral-de-animacion.pdf\" target=\"_blank\">7uX0OU8TDbc8-Programacion-Pastoral-Parroquial-2025-2026pastoral-de-animacion.pdf<\/a><\/td>\n                    <td style=\"\">25\/09\/2025 02:20 PM<\/td>\n            <\/tr>\n            <tr id=\"table_3_row_104\">\n                    <td style=\"\">Programaci\u00f3n Parroquial<\/td>\n                    <td style=\"\">P026 NUESTRA SE\u00d1ORA DE LA ENCARNACI\u00d3N(ENCARNACI\u00d3N DE D\u00cdAZ)<\/td>\n                    <td style=\"\">Juvenil<\/td>\n                    <td style=\"\"><\/td>\n                    <td style=\"\"><\/td>\n                    <td style=\"\"><a href=\"https:\/\/diocesisdeaguascalientes.mx\/vicaria-de-pastoral\/wp-content\/uploads\/sites\/2\/forminator\/10414_47c7fef6f8c6f15ac1daaf1663bdf562\/uploads\/q6lo3erBvmYk-JUVENIL.pdf\" target=\"_blank\">q6lo3erBvmYk-JUVENIL.pdf<\/a><\/td>\n                    <td style=\"\">25\/09\/2025 02:19 PM<\/td>\n            <\/tr>\n            <tr id=\"table_3_row_105\">\n                    <td style=\"\">Programaci\u00f3n Parroquial<\/td>\n                    <td style=\"\">P026 NUESTRA SE\u00d1ORA DE LA ENCARNACI\u00d3N(ENCARNACI\u00d3N DE D\u00cdAZ)<\/td>\n                    <td style=\"\">Organismos Eclesiales Laicales (OEL)<\/td>\n                    <td style=\"\">27.Legi\u00f3n de Mar\u00eda<\/td>\n                    <td style=\"\"><\/td>\n                    <td style=\"\"><a href=\"https:\/\/diocesisdeaguascalientes.mx\/vicaria-de-pastoral\/wp-content\/uploads\/sites\/2\/forminator\/10414_47c7fef6f8c6f15ac1daaf1663bdf562\/uploads\/KGcCcIiIpn1R-Legion-de-Maria.pdf\" target=\"_blank\">KGcCcIiIpn1R-Legion-de-Maria.pdf<\/a><\/td>\n                    <td style=\"\">25\/09\/2025 02:17 PM<\/td>\n            <\/tr>\n            <tr id=\"table_3_row_106\">\n                    <td style=\"\">Programaci\u00f3n Parroquial<\/td>\n                    <td style=\"\">P008 SANTA MAR\u00cdA ASUNTA(VILLAS DE NUESTRA SE\u00d1ORA DE LA ASUNCI\u00d3N)<\/td>\n                    <td style=\"\">Organismos Eclesiales Laicales (OEL)<\/td>\n                    <td style=\"\">Otro<\/td>\n                    <td style=\"\">grupo del se\u00f1or de la misericordia<\/td>\n                    <td style=\"\"><a href=\"https:\/\/diocesisdeaguascalientes.mx\/vicaria-de-pastoral\/wp-content\/uploads\/sites\/2\/forminator\/10414_47c7fef6f8c6f15ac1daaf1663bdf562\/uploads\/liD3MER2J9KF-Senor-de-la-Misericordia.pdf\" target=\"_blank\">liD3MER2J9KF-Senor-de-la-Misericordia.pdf<\/a><\/td>\n                    <td style=\"\">25\/09\/2025 01:30 PM<\/td>\n            <\/tr>\n            <tr id=\"table_3_row_107\">\n                    <td style=\"\">Programaci\u00f3n Parroquial<\/td>\n                    <td style=\"\">P008 SANTA MAR\u00cdA ASUNTA(VILLAS DE NUESTRA SE\u00d1ORA DE LA ASUNCI\u00d3N)<\/td>\n                    <td style=\"\">Social<\/td>\n                    <td style=\"\"><\/td>\n                    <td style=\"\"><\/td>\n                    <td style=\"\"><a href=\"https:\/\/diocesisdeaguascalientes.mx\/vicaria-de-pastoral\/wp-content\/uploads\/sites\/2\/forminator\/10414_47c7fef6f8c6f15ac1daaf1663bdf562\/uploads\/jJrJFy7LZA2Y-Pastoral-Social.pdf\" target=\"_blank\">jJrJFy7LZA2Y-Pastoral-Social.pdf<\/a><\/td>\n                    <td style=\"\">25\/09\/2025 01:27 PM<\/td>\n            <\/tr>\n            <tr id=\"table_3_row_108\">\n                    <td style=\"\">Programaci\u00f3n Parroquial<\/td>\n                    <td style=\"\">P008 SANTA MAR\u00cdA ASUNTA(VILLAS DE NUESTRA SE\u00d1ORA DE LA ASUNCI\u00d3N)<\/td>\n                    <td style=\"\">Lit\u00fargica<\/td>\n                    <td style=\"\"><\/td>\n                    <td style=\"\"><\/td>\n                    <td style=\"\"><a href=\"https:\/\/diocesisdeaguascalientes.mx\/vicaria-de-pastoral\/wp-content\/uploads\/sites\/2\/forminator\/10414_47c7fef6f8c6f15ac1daaf1663bdf562\/uploads\/K5N6ayGLlfw6-Pastoral-Liturgica.pdf\" target=\"_blank\">K5N6ayGLlfw6-Pastoral-Liturgica.pdf<\/a><\/td>\n                    <td style=\"\">25\/09\/2025 01:26 PM<\/td>\n            <\/tr>\n            <tr id=\"table_3_row_109\">\n                    <td style=\"\">Programaci\u00f3n Parroquial<\/td>\n                    <td style=\"\">P008 SANTA MAR\u00cdA ASUNTA(VILLAS DE NUESTRA SE\u00d1ORA DE LA ASUNCI\u00d3N)<\/td>\n                    <td style=\"\">Prof\u00e9tica<\/td>\n                    <td style=\"\"><\/td>\n                    <td style=\"\"><\/td>\n                    <td style=\"\"><a href=\"https:\/\/diocesisdeaguascalientes.mx\/vicaria-de-pastoral\/wp-content\/uploads\/sites\/2\/forminator\/10414_47c7fef6f8c6f15ac1daaf1663bdf562\/uploads\/ASbtv7Ofm4BY-Pastoral-Profetica.pdf\" target=\"_blank\">ASbtv7Ofm4BY-Pastoral-Profetica.pdf<\/a><\/td>\n                    <td style=\"\">25\/09\/2025 01:25 PM<\/td>\n            <\/tr>\n            <tr id=\"table_3_row_110\">\n                    <td style=\"\">Programaci\u00f3n Parroquial<\/td>\n                    <td style=\"\">P008 SANTA MAR\u00cdA ASUNTA(VILLAS DE NUESTRA SE\u00d1ORA DE LA ASUNCI\u00d3N)<\/td>\n                    <td style=\"\">Animaci\u00f3n Pastoral (CPP)<\/td>\n                    <td style=\"\"><\/td>\n                    <td style=\"\"><\/td>\n                    <td style=\"\"><a href=\"https:\/\/diocesisdeaguascalientes.mx\/vicaria-de-pastoral\/wp-content\/uploads\/sites\/2\/forminator\/10414_47c7fef6f8c6f15ac1daaf1663bdf562\/uploads\/OyuRKXoqHzTu-Aminacion-pastoral-CPP.pdf\" target=\"_blank\">OyuRKXoqHzTu-Aminacion-pastoral-CPP.pdf<\/a><\/td>\n                    <td style=\"\">25\/09\/2025 01:23 PM<\/td>\n            <\/tr>\n            <tr id=\"table_3_row_111\">\n                    <td style=\"\">Programaci\u00f3n Parroquial<\/td>\n                    <td style=\"\">P049 SAN JOS\u00c9(MES\u00d3N DE LOS SAUCES)<\/td>\n                    <td style=\"\">Organismos Eclesiales Laicales (OEL)<\/td>\n                    <td style=\"\">Otro<\/td>\n                    <td style=\"\">Liga De Rec\u00edprocos Auxilios<\/td>\n                    <td style=\"\"><a href=\"https:\/\/diocesisdeaguascalientes.mx\/vicaria-de-pastoral\/wp-content\/uploads\/sites\/2\/forminator\/10414_47c7fef6f8c6f15ac1daaf1663bdf562\/uploads\/wEeO7gupWunD-Programacion-Pastoral-Parroquial-2025-2026liga-de-reciprocos-auxilios.pdf\" target=\"_blank\">wEeO7gupWunD-Programacion-Pastoral-Parroquial-2025-2026liga-de-reciprocos-auxilios.pdf<\/a><\/td>\n                    <td style=\"\">25\/09\/2025 01:15 PM<\/td>\n            <\/tr>\n            <tr id=\"table_3_row_112\">\n                    <td style=\"\">Programaci\u00f3n Parroquial<\/td>\n                    <td style=\"\">P049 SAN JOS\u00c9(MES\u00d3N DE LOS SAUCES)<\/td>\n                    <td style=\"\">Organismos Eclesiales Laicales (OEL)<\/td>\n                    <td style=\"\">Otro<\/td>\n                    <td style=\"\">Sr. De La Misericordia<\/td>\n                    <td style=\"\"><a href=\"https:\/\/diocesisdeaguascalientes.mx\/vicaria-de-pastoral\/wp-content\/uploads\/sites\/2\/forminator\/10414_47c7fef6f8c6f15ac1daaf1663bdf562\/uploads\/D2eOifYxxDK7-Programacion-Pastoral-Parroquial-2025-2026Sr.-de-la-misericordia.pdf\" target=\"_blank\">D2eOifYxxDK7-Programacion-Pastoral-Parroquial-2025-2026Sr.-de-la-misericordia.pdf<\/a><\/td>\n                    <td style=\"\">25\/09\/2025 01:07 PM<\/td>\n            <\/tr>\n            <tr id=\"table_3_row_113\">\n                    <td style=\"\">Programaci\u00f3n Parroquial<\/td>\n                    <td style=\"\">P049 SAN JOS\u00c9(MES\u00d3N DE LOS SAUCES)<\/td>\n                    <td style=\"\">Organismos Eclesiales Laicales (OEL)<\/td>\n                    <td style=\"\">27.Legi\u00f3n de Mar\u00eda<\/td>\n                    <td style=\"\"><\/td>\n                    <td style=\"\"><a href=\"https:\/\/diocesisdeaguascalientes.mx\/vicaria-de-pastoral\/wp-content\/uploads\/sites\/2\/forminator\/10414_47c7fef6f8c6f15ac1daaf1663bdf562\/uploads\/i42aN46AtXXj-Programacion-Pastoral-Parroquial-2025-2026legion-de-Maria.pdf\" target=\"_blank\">i42aN46AtXXj-Programacion-Pastoral-Parroquial-2025-2026legion-de-Maria.pdf<\/a><\/td>\n                    <td style=\"\">25\/09\/2025 01:06 PM<\/td>\n            <\/tr>\n            <tr id=\"table_3_row_114\">\n                    <td style=\"\">Programaci\u00f3n Parroquial<\/td>\n                    <td style=\"\">P042 JES\u00daS, MAR\u00cdA Y JOS\u00c9(EL ROSARIO)<\/td>\n                    <td style=\"\">Organismos Eclesiales Laicales (OEL)<\/td>\n                    <td style=\"\">27.Legi\u00f3n de Mar\u00eda<\/td>\n                    <td style=\"\"><\/td>\n                    <td style=\"\"><a href=\"https:\/\/diocesisdeaguascalientes.mx\/vicaria-de-pastoral\/wp-content\/uploads\/sites\/2\/forminator\/10414_47c7fef6f8c6f15ac1daaf1663bdf562\/uploads\/ySYzTBwHep95-PROGRAMACION_ORGANISMOS_ECLESIALES_LAICALES_LEGIONDEMARIA.pdf\" target=\"_blank\">ySYzTBwHep95-PROGRAMACION_ORGANISMOS_ECLESIALES_LAICALES_LEGIONDEMARIA.pdf<\/a><\/td>\n                    <td style=\"\">25\/09\/2025 11:20 AM<\/td>\n            <\/tr>\n            <tr id=\"table_3_row_115\">\n                    <td style=\"\">Programaci\u00f3n Parroquial<\/td>\n                    <td style=\"\">P090 SANTA CRUZ DE JERUSAL\u00c9N(MART\u00cdNEZ DOMINGUEZ)<\/td>\n                    <td style=\"\">Organismos Eclesiales Laicales (OEL)<\/td>\n                    <td style=\"\">Otro<\/td>\n                    <td style=\"\">ANSPAC<\/td>\n                    <td style=\"\"><a href=\"https:\/\/diocesisdeaguascalientes.mx\/vicaria-de-pastoral\/wp-content\/uploads\/sites\/2\/forminator\/10414_47c7fef6f8c6f15ac1daaf1663bdf562\/uploads\/pqGpbfxHwEDm-PROGRAMACION-2025-2026-OEL-ANSPAC-SANTA-CRUZ.pdf\" target=\"_blank\">pqGpbfxHwEDm-PROGRAMACION-2025-2026-OEL-ANSPAC-SANTA-CRUZ.pdf<\/a><\/td>\n                    <td style=\"\">25\/09\/2025 11:16 AM<\/td>\n            <\/tr>\n            <tr id=\"table_3_row_116\">\n                    <td style=\"\">Programaci\u00f3n Parroquial<\/td>\n                    <td style=\"\">P049 SAN JOS\u00c9(MES\u00d3N DE LOS SAUCES)<\/td>\n                    <td style=\"\">Organismos Eclesiales Laicales (OEL)<\/td>\n                    <td style=\"\">13.Cursillos de Cristiandad<\/td>\n                    <td style=\"\"><\/td>\n                    <td style=\"\"><a href=\"https:\/\/diocesisdeaguascalientes.mx\/vicaria-de-pastoral\/wp-content\/uploads\/sites\/2\/forminator\/10414_47c7fef6f8c6f15ac1daaf1663bdf562\/uploads\/KSjeeGLTGV4m-Programacion-Pastoral-Parroquial-2025-2026cursillistas.pdf\" target=\"_blank\">KSjeeGLTGV4m-Programacion-Pastoral-Parroquial-2025-2026cursillistas.pdf<\/a><\/td>\n                    <td style=\"\">25\/09\/2025 11:06 AM<\/td>\n            <\/tr>\n            <tr id=\"table_3_row_117\">\n                    <td style=\"\">Programaci\u00f3n Parroquial<\/td>\n                    <td style=\"\">P042 JES\u00daS, MAR\u00cdA Y JOS\u00c9(EL ROSARIO)<\/td>\n                    <td style=\"\">Juvenil<\/td>\n                    <td style=\"\"><\/td>\n                    <td style=\"\"><\/td>\n                    <td style=\"\"><a href=\"https:\/\/diocesisdeaguascalientes.mx\/vicaria-de-pastoral\/wp-content\/uploads\/sites\/2\/forminator\/10414_47c7fef6f8c6f15ac1daaf1663bdf562\/uploads\/wbMy8uF56zGu-PROGRAMACION_PASTORAL_JUVENIL.pdf\" target=\"_blank\">wbMy8uF56zGu-PROGRAMACION_PASTORAL_JUVENIL.pdf<\/a><\/td>\n                    <td style=\"\">25\/09\/2025 10:40 AM<\/td>\n            <\/tr>\n            <tr id=\"table_3_row_118\">\n                    <td style=\"\">Programaci\u00f3n Parroquial<\/td>\n                    <td style=\"\">P071 PUR\u00cdSIMA CONCEPCI\u00d3N(BARRIO DE LA PUR\u00cdSIMA)<\/td>\n                    <td style=\"\">Adolescentes<\/td>\n                    <td style=\"\"><\/td>\n                    <td style=\"\"><\/td>\n                    <td style=\"\"><a href=\"https:\/\/diocesisdeaguascalientes.mx\/vicaria-de-pastoral\/wp-content\/uploads\/sites\/2\/forminator\/10414_47c7fef6f8c6f15ac1daaf1663bdf562\/uploads\/NgVzkopEnRK4-Programa-Parroquial-25-26-ADOLESCENTES.pdf\" target=\"_blank\">NgVzkopEnRK4-Programa-Parroquial-25-26-ADOLESCENTES.pdf<\/a><\/td>\n                    <td style=\"\">25\/09\/2025 10:17 AM<\/td>\n            <\/tr>\n            <tr id=\"table_3_row_119\">\n                    <td style=\"\">Programaci\u00f3n Parroquial<\/td>\n                    <td style=\"\">P069 SAN PEDRO Y SAN PABLO(SAN PEDRO)<\/td>\n                    <td style=\"\">Organismos Eclesiales Laicales (OEL)<\/td>\n                    <td style=\"\">40.Renovaci\u00f3n Carism\u00e1tica Cat\u00f3lica en el Esp\u00edritu Santo<\/td>\n                    <td style=\"\"><\/td>\n                    <td style=\"\"><a href=\"https:\/\/diocesisdeaguascalientes.mx\/vicaria-de-pastoral\/wp-content\/uploads\/sites\/2\/forminator\/10414_47c7fef6f8c6f15ac1daaf1663bdf562\/uploads\/MASLAlGiKzKo-IGLESIA-SINODAL-EN-MISION1.pdf\" target=\"_blank\">MASLAlGiKzKo-IGLESIA-SINODAL-EN-MISION1.pdf<\/a><\/td>\n                    <td style=\"\">25\/09\/2025 04:55 AM<\/td>\n            <\/tr>\n            <tr id=\"table_3_row_120\">\n                    <td style=\"\">Programaci\u00f3n Parroquial<\/td>\n                    <td style=\"\">P069 SAN PEDRO Y SAN PABLO(SAN PEDRO)<\/td>\n                    <td style=\"\">Organismos Eclesiales Laicales (OEL)<\/td>\n                    <td style=\"\">19.Guerreras de Dios<\/td>\n                    <td style=\"\"><\/td>\n                    <td style=\"\"><a href=\"https:\/\/diocesisdeaguascalientes.mx\/vicaria-de-pastoral\/wp-content\/uploads\/sites\/2\/forminator\/10414_47c7fef6f8c6f15ac1daaf1663bdf562\/uploads\/oAb3gsa55VSF-Programacion-Guerreras-de-Dios.-Agosto-2025-Julio-2026.pdf\" target=\"_blank\">oAb3gsa55VSF-Programacion-Guerreras-de-Dios.-Agosto-2025-Julio-2026.pdf<\/a><\/td>\n                    <td style=\"\">25\/09\/2025 04:48 AM<\/td>\n            <\/tr>\n            <tr id=\"table_3_row_121\">\n                    <td style=\"\">Programaci\u00f3n Parroquial<\/td>\n                    <td style=\"\">P069 SAN PEDRO Y SAN PABLO(SAN PEDRO)<\/td>\n                    <td style=\"\">Pastoral de la Comunicaci\u00f3n<\/td>\n                    <td style=\"\"><\/td>\n                    <td style=\"\"><\/td>\n                    <td style=\"\"><a href=\"https:\/\/diocesisdeaguascalientes.mx\/vicaria-de-pastoral\/wp-content\/uploads\/sites\/2\/forminator\/10414_47c7fef6f8c6f15ac1daaf1663bdf562\/uploads\/nJu0l2vv89Ou-Programacion-de-la-Pastoral-de-la-Comunicacion.pdf\" target=\"_blank\">nJu0l2vv89Ou-Programacion-de-la-Pastoral-de-la-Comunicacion.pdf<\/a><\/td>\n                    <td style=\"\">25\/09\/2025 04:42 AM<\/td>\n            <\/tr>\n            <tr id=\"table_3_row_122\">\n                    <td style=\"\">Programaci\u00f3n Parroquial<\/td>\n                    <td style=\"\">P069 SAN PEDRO Y SAN PABLO(SAN PEDRO)<\/td>\n                    <td style=\"\">Lit\u00fargica<\/td>\n                    <td style=\"\"><\/td>\n                    <td style=\"\"><\/td>\n                    <td style=\"\"><a href=\"https:\/\/diocesisdeaguascalientes.mx\/vicaria-de-pastoral\/wp-content\/uploads\/sites\/2\/forminator\/10414_47c7fef6f8c6f15ac1daaf1663bdf562\/uploads\/qTaSMXOMlPyD-PROGRAMACION-DE-LITURGIA-2025-2026.pdf\" target=\"_blank\">qTaSMXOMlPyD-PROGRAMACION-DE-LITURGIA-2025-2026.pdf<\/a><\/td>\n                    <td style=\"\">25\/09\/2025 04:40 AM<\/td>\n            <\/tr>\n            <tr id=\"table_3_row_123\">\n                    <td style=\"\">Programaci\u00f3n Parroquial<\/td>\n                    <td style=\"\">P069 SAN PEDRO Y SAN PABLO(SAN PEDRO)<\/td>\n                    <td style=\"\">Organismos Eclesiales Laicales (OEL)<\/td>\n                    <td style=\"\">10.Cristo con los j\u00f3venes matrimonios (CRIJOMA)<\/td>\n                    <td style=\"\"><\/td>\n                    <td style=\"\"><a href=\"https:\/\/diocesisdeaguascalientes.mx\/vicaria-de-pastoral\/wp-content\/uploads\/sites\/2\/forminator\/10414_47c7fef6f8c6f15ac1daaf1663bdf562\/uploads\/MDwl1KmnVM9L-Programacion-CRIJOMA.-Agosto-2025-Julio-2026.pdf\" target=\"_blank\">MDwl1KmnVM9L-Programacion-CRIJOMA.-Agosto-2025-Julio-2026.pdf<\/a><\/td>\n                    <td style=\"\">25\/09\/2025 04:34 AM<\/td>\n            <\/tr>\n            <tr id=\"table_3_row_124\">\n                    <td style=\"\">Programaci\u00f3n Parroquial<\/td>\n                    <td style=\"\">P055 SAN JUDAS TADEO(INSURGENTES)<\/td>\n                    <td style=\"\">Organismos Eclesiales Laicales (OEL)<\/td>\n                    <td style=\"\">1.Acci\u00f3n Cat\u00f3lica<\/td>\n                    <td style=\"\"><\/td>\n                    <td style=\"\"><a href=\"https:\/\/diocesisdeaguascalientes.mx\/vicaria-de-pastoral\/wp-content\/uploads\/sites\/2\/forminator\/10414_47c7fef6f8c6f15ac1daaf1663bdf562\/uploads\/iFNiEAXHMbN6-PROGRAMACION-PARROQUIAL-OEL-ACCION-CATOLICA-MEXICANA-2025-2026-SJT.pdf\" target=\"_blank\">iFNiEAXHMbN6-PROGRAMACION-PARROQUIAL-OEL-ACCION-CATOLICA-MEXICANA-2025-2026-SJT.pdf<\/a><\/td>\n                    <td style=\"\">25\/09\/2025 02:58 AM<\/td>\n            <\/tr>\n            <tr id=\"table_3_row_125\">\n                    <td style=\"\">Programaci\u00f3n Parroquial<\/td>\n                    <td style=\"\">P055 SAN JUDAS TADEO(INSURGENTES)<\/td>\n                    <td style=\"\">Organismos Eclesiales Laicales (OEL)<\/td>\n                    <td style=\"\">40.Renovaci\u00f3n Carism\u00e1tica Cat\u00f3lica en el Esp\u00edritu Santo<\/td>\n                    <td style=\"\"><\/td>\n                    <td style=\"\"><a href=\"https:\/\/diocesisdeaguascalientes.mx\/vicaria-de-pastoral\/wp-content\/uploads\/sites\/2\/forminator\/10414_47c7fef6f8c6f15ac1daaf1663bdf562\/uploads\/LtPdyWKv91oB-PROGRAMACION-PARROQUIAL-OEL-RENOVACION-CARISMATICA-CAT-E.S-2025-2026-SJT.pdf\" target=\"_blank\">LtPdyWKv91oB-PROGRAMACION-PARROQUIAL-OEL-RENOVACION-CARISMATICA-CAT-E.S-2025-2026-SJT.pdf<\/a><\/td>\n                    <td style=\"\">25\/09\/2025 02:44 AM<\/td>\n            <\/tr>\n            <tr id=\"table_3_row_126\">\n                    <td style=\"\">Programaci\u00f3n Parroquial<\/td>\n                    <td style=\"\">P055 SAN JUDAS TADEO(INSURGENTES)<\/td>\n                    <td style=\"\">Organismos Eclesiales Laicales (OEL)<\/td>\n                    <td style=\"\">3.Adoraci\u00f3n, Comunidad, Trabajo, Servicio (ACTS)<\/td>\n                    <td style=\"\"><\/td>\n                    <td style=\"\"><a href=\"https:\/\/diocesisdeaguascalientes.mx\/vicaria-de-pastoral\/wp-content\/uploads\/sites\/2\/forminator\/10414_47c7fef6f8c6f15ac1daaf1663bdf562\/uploads\/0MeoLYE69KgP-PROGRAMACION-PARROQUIAL-OEL-ADORACION-NOCTURNA-2025-2026-SJT.pdf\" target=\"_blank\">0MeoLYE69KgP-PROGRAMACION-PARROQUIAL-OEL-ADORACION-NOCTURNA-2025-2026-SJT.pdf<\/a><\/td>\n                    <td style=\"\">25\/09\/2025 02:31 AM<\/td>\n            <\/tr>\n            <tr id=\"table_3_row_127\">\n                    <td style=\"\">Programaci\u00f3n Parroquial<\/td>\n                    <td style=\"\">P091 SANTA MARIA ESTRELLA DE LA EVANGELIZACI\u00d3N(ESTRELLA)<\/td>\n                    <td style=\"\">Adolescentes<\/td>\n                    <td style=\"\"><\/td>\n                    <td style=\"\"><\/td>\n                    <td style=\"\"><a href=\"https:\/\/diocesisdeaguascalientes.mx\/vicaria-de-pastoral\/wp-content\/uploads\/sites\/2\/forminator\/10414_47c7fef6f8c6f15ac1daaf1663bdf562\/uploads\/cUnyyiJhONT6-Programacion-Pastoral-Adolescentes-2025-2026.pdf\" target=\"_blank\">cUnyyiJhONT6-Programacion-Pastoral-Adolescentes-2025-2026.pdf<\/a><\/td>\n                    <td style=\"\">25\/09\/2025 01:48 AM<\/td>\n            <\/tr>\n            <tr id=\"table_3_row_128\">\n                    <td style=\"\">Programaci\u00f3n Parroquial<\/td>\n                    <td style=\"\">P091 SANTA MARIA ESTRELLA DE LA EVANGELIZACI\u00d3N(ESTRELLA)<\/td>\n                    <td style=\"\">Juvenil<\/td>\n                    <td style=\"\"><\/td>\n                    <td style=\"\"><\/td>\n                    <td style=\"\"><a href=\"https:\/\/diocesisdeaguascalientes.mx\/vicaria-de-pastoral\/wp-content\/uploads\/sites\/2\/forminator\/10414_47c7fef6f8c6f15ac1daaf1663bdf562\/uploads\/NxI0JHkw3jC9-Programacion-Pastoral-Juvenil-2025-2026.pdf\" target=\"_blank\">NxI0JHkw3jC9-Programacion-Pastoral-Juvenil-2025-2026.pdf<\/a><\/td>\n                    <td style=\"\">25\/09\/2025 12:26 AM<\/td>\n            <\/tr>\n            <tr id=\"table_3_row_129\">\n                    <td style=\"\">Programaci\u00f3n Parroquial<\/td>\n                    <td style=\"\">P031 NUESTRA SE\u00d1ORA DE GUADALUPE (SANTUARIO)(BARRIO DE GUADALUPE)<\/td>\n                    <td style=\"\">Organismos Eclesiales Laicales (OEL)<\/td>\n                    <td style=\"\">27.Legi\u00f3n de Mar\u00eda<\/td>\n                    <td style=\"\"><\/td>\n                    <td style=\"\"><a href=\"https:\/\/diocesisdeaguascalientes.mx\/vicaria-de-pastoral\/wp-content\/uploads\/sites\/2\/forminator\/10414_47c7fef6f8c6f15ac1daaf1663bdf562\/uploads\/0gMJC1LO4TSH-LEGION-DE-MARIA.pdf\" target=\"_blank\">0gMJC1LO4TSH-LEGION-DE-MARIA.pdf<\/a><\/td>\n                    <td style=\"\">24\/09\/2025 11:58 PM<\/td>\n            <\/tr>\n            <tr id=\"table_3_row_130\">\n                    <td style=\"\">Programaci\u00f3n Parroquial<\/td>\n                    <td style=\"\">P055 SAN JUDAS TADEO(INSURGENTES)<\/td>\n                    <td style=\"\">Social<\/td>\n                    <td style=\"\"><\/td>\n                    <td style=\"\"><\/td>\n                    <td style=\"\"><a href=\"https:\/\/diocesisdeaguascalientes.mx\/vicaria-de-pastoral\/wp-content\/uploads\/sites\/2\/forminator\/10414_47c7fef6f8c6f15ac1daaf1663bdf562\/uploads\/IpVsCPPLt72H-PROGRAMACION-PARROQUIAL-PASTORAL-SOCIAL-2025-2026-SJT.pdf\" target=\"_blank\">IpVsCPPLt72H-PROGRAMACION-PARROQUIAL-PASTORAL-SOCIAL-2025-2026-SJT.pdf<\/a><\/td>\n                    <td style=\"\">24\/09\/2025 11:57 PM<\/td>\n            <\/tr>\n            <tr id=\"table_3_row_131\">\n                    <td style=\"\">Programaci\u00f3n Parroquial<\/td>\n                    <td style=\"\">P031 NUESTRA SE\u00d1ORA DE GUADALUPE (SANTUARIO)(BARRIO DE GUADALUPE)<\/td>\n                    <td style=\"\">Organismos Eclesiales Laicales (OEL)<\/td>\n                    <td style=\"\">11.Corte de Honor de Damas de Santa Mar\u00eda de Guadalupe<\/td>\n                    <td style=\"\"><\/td>\n                    <td style=\"\"><a href=\"https:\/\/diocesisdeaguascalientes.mx\/vicaria-de-pastoral\/wp-content\/uploads\/sites\/2\/forminator\/10414_47c7fef6f8c6f15ac1daaf1663bdf562\/uploads\/4f8VM8wyNDSn-CABALLEROS-Y-DAMAS.pdf\" target=\"_blank\">4f8VM8wyNDSn-CABALLEROS-Y-DAMAS.pdf<\/a><\/td>\n                    <td style=\"\">24\/09\/2025 11:56 PM<\/td>\n            <\/tr>\n            <tr id=\"table_3_row_132\">\n                    <td style=\"\">Programaci\u00f3n Parroquial<\/td>\n                    <td style=\"\">P031 NUESTRA SE\u00d1ORA DE GUADALUPE (SANTUARIO)(BARRIO DE GUADALUPE)<\/td>\n                    <td style=\"\">Organismos Eclesiales Laicales (OEL)<\/td>\n                    <td style=\"\">4.Apostolado de la Cruz<\/td>\n                    <td style=\"\"><\/td>\n                    <td style=\"\"><a href=\"https:\/\/diocesisdeaguascalientes.mx\/vicaria-de-pastoral\/wp-content\/uploads\/sites\/2\/forminator\/10414_47c7fef6f8c6f15ac1daaf1663bdf562\/uploads\/KusLs1MrlSuI-APOSTOLADO-DE-LA-CRUZ.pdf\" target=\"_blank\">KusLs1MrlSuI-APOSTOLADO-DE-LA-CRUZ.pdf<\/a><\/td>\n                    <td style=\"\">24\/09\/2025 11:54 PM<\/td>\n            <\/tr>\n            <tr id=\"table_3_row_133\">\n                    <td style=\"\">Programaci\u00f3n Parroquial<\/td>\n                    <td style=\"\">P031 NUESTRA SE\u00d1ORA DE GUADALUPE (SANTUARIO)(BARRIO DE GUADALUPE)<\/td>\n                    <td style=\"\">Pastoral de la Comunicaci\u00f3n<\/td>\n                    <td style=\"\"><\/td>\n                    <td style=\"\"><\/td>\n                    <td style=\"\"><a href=\"https:\/\/diocesisdeaguascalientes.mx\/vicaria-de-pastoral\/wp-content\/uploads\/sites\/2\/forminator\/10414_47c7fef6f8c6f15ac1daaf1663bdf562\/uploads\/n8J8XhAOx1iq-PASTORAL-COMUNICACION.pdf\" target=\"_blank\">n8J8XhAOx1iq-PASTORAL-COMUNICACION.pdf<\/a><\/td>\n                    <td style=\"\">24\/09\/2025 11:52 PM<\/td>\n            <\/tr>\n            <tr id=\"table_3_row_134\">\n                    <td style=\"\">Programaci\u00f3n Parroquial<\/td>\n                    <td style=\"\">P031 NUESTRA SE\u00d1ORA DE GUADALUPE (SANTUARIO)(BARRIO DE GUADALUPE)<\/td>\n                    <td style=\"\">Juvenil<\/td>\n                    <td style=\"\"><\/td>\n                    <td style=\"\"><\/td>\n                    <td style=\"\"><a href=\"https:\/\/diocesisdeaguascalientes.mx\/vicaria-de-pastoral\/wp-content\/uploads\/sites\/2\/forminator\/10414_47c7fef6f8c6f15ac1daaf1663bdf562\/uploads\/8slm9nthH06R-PASTORAL-JUVENIL.pdf\" target=\"_blank\">8slm9nthH06R-PASTORAL-JUVENIL.pdf<\/a><\/td>\n                    <td style=\"\">24\/09\/2025 11:50 PM<\/td>\n            <\/tr>\n            <tr id=\"table_3_row_135\">\n                    <td style=\"\">Programaci\u00f3n Parroquial<\/td>\n                    <td style=\"\">P031 NUESTRA SE\u00d1ORA DE GUADALUPE (SANTUARIO)(BARRIO DE GUADALUPE)<\/td>\n                    <td style=\"\">Familiar<\/td>\n                    <td style=\"\"><\/td>\n                    <td style=\"\"><\/td>\n                    <td style=\"\"><a href=\"https:\/\/diocesisdeaguascalientes.mx\/vicaria-de-pastoral\/wp-content\/uploads\/sites\/2\/forminator\/10414_47c7fef6f8c6f15ac1daaf1663bdf562\/uploads\/zsNl8rvTEkL7-PASTORAL-FAMILIAR.pdf\" target=\"_blank\">zsNl8rvTEkL7-PASTORAL-FAMILIAR.pdf<\/a><\/td>\n                    <td style=\"\">24\/09\/2025 11:48 PM<\/td>\n            <\/tr>\n            <tr id=\"table_3_row_136\">\n                    <td style=\"\">Programaci\u00f3n Parroquial<\/td>\n                    <td style=\"\">P031 NUESTRA SE\u00d1ORA DE GUADALUPE (SANTUARIO)(BARRIO DE GUADALUPE)<\/td>\n                    <td style=\"\">Social<\/td>\n                    <td style=\"\"><\/td>\n                    <td style=\"\"><\/td>\n                    <td style=\"\"><a href=\"https:\/\/diocesisdeaguascalientes.mx\/vicaria-de-pastoral\/wp-content\/uploads\/sites\/2\/forminator\/10414_47c7fef6f8c6f15ac1daaf1663bdf562\/uploads\/UTUppZV6Odpy-PASTORAL-SOCIAL.pdf\" target=\"_blank\">UTUppZV6Odpy-PASTORAL-SOCIAL.pdf<\/a><\/td>\n                    <td style=\"\">24\/09\/2025 11:47 PM<\/td>\n            <\/tr>\n            <tr id=\"table_3_row_137\">\n                    <td style=\"\">Programaci\u00f3n Parroquial<\/td>\n                    <td style=\"\">P055 SAN JUDAS TADEO(INSURGENTES)<\/td>\n                    <td style=\"\">Adolescentes<\/td>\n                    <td style=\"\"><\/td>\n                    <td style=\"\"><\/td>\n                    <td style=\"\"><a href=\"https:\/\/diocesisdeaguascalientes.mx\/vicaria-de-pastoral\/wp-content\/uploads\/sites\/2\/forminator\/10414_47c7fef6f8c6f15ac1daaf1663bdf562\/uploads\/110MIHIeEI7j-PROGRAMACION-PARROQUIAL-SAN-JUDAS-TADEO-2025-2026-PASTORAL-ADOLESCENTES.pdf\" target=\"_blank\">110MIHIeEI7j-PROGRAMACION-PARROQUIAL-SAN-JUDAS-TADEO-2025-2026-PASTORAL-ADOLESCENTES.pdf<\/a><\/td>\n                    <td style=\"\">24\/09\/2025 11:43 PM<\/td>\n            <\/tr>\n            <tr id=\"table_3_row_138\">\n                    <td style=\"\">Programaci\u00f3n Parroquial<\/td>\n                    <td style=\"\">P081 SANTA MAR\u00cdA DE GUADALUPE REINA DE AM\u00c9RICA(EJIDO DE PE\u00d1UELAS)<\/td>\n                    <td style=\"\">Social<\/td>\n                    <td style=\"\"><\/td>\n                    <td style=\"\"><\/td>\n                    <td style=\"\"><a href=\"https:\/\/diocesisdeaguascalientes.mx\/vicaria-de-pastoral\/wp-content\/uploads\/sites\/2\/forminator\/10414_47c7fef6f8c6f15ac1daaf1663bdf562\/uploads\/dM3i1zpU8jW6-Pastoral-Social-Programacion.docx.pdf\" target=\"_blank\">dM3i1zpU8jW6-Pastoral-Social-Programacion.docx.pdf<\/a><\/td>\n                    <td style=\"\">24\/09\/2025 11:40 PM<\/td>\n            <\/tr>\n            <tr id=\"table_3_row_139\">\n                    <td style=\"\">Programaci\u00f3n Parroquial<\/td>\n                    <td style=\"\">P097 SE\u00d1OR DE LA SALUD(BARRIO DE LA SALUD)<\/td>\n                    <td style=\"\">Social<\/td>\n                    <td style=\"\"><\/td>\n                    <td style=\"\"><\/td>\n                    <td style=\"\"><a href=\"https:\/\/diocesisdeaguascalientes.mx\/vicaria-de-pastoral\/wp-content\/uploads\/sites\/2\/forminator\/10414_47c7fef6f8c6f15ac1daaf1663bdf562\/uploads\/lOqCdYulHun6-Programacion-Pastoral-Social-Pquia.-SS-2025-2026.pdf\" target=\"_blank\">lOqCdYulHun6-Programacion-Pastoral-Social-Pquia.-SS-2025-2026.pdf<\/a><\/td>\n                    <td style=\"\">24\/09\/2025 11:29 PM<\/td>\n            <\/tr>\n            <tr id=\"table_3_row_140\">\n                    <td style=\"\">Programaci\u00f3n Parroquial<\/td>\n                    <td style=\"\">P064 SAN MIGUEL (IGNACIO ZARAGOZA)<\/td>\n                    <td style=\"\">Prof\u00e9tica<\/td>\n                    <td style=\"\"><\/td>\n                    <td style=\"\"><\/td>\n                    <td style=\"\"><a href=\"https:\/\/diocesisdeaguascalientes.mx\/vicaria-de-pastoral\/wp-content\/uploads\/sites\/2\/forminator\/10414_47c7fef6f8c6f15ac1daaf1663bdf562\/uploads\/O7uwjaPm10pA-PROGRAMACION-PARROQUIAL-P064-SAN-MIGUEL-PASTORAL-PROFETICA.pdf\" target=\"_blank\">O7uwjaPm10pA-PROGRAMACION-PARROQUIAL-P064-SAN-MIGUEL-PASTORAL-PROFETICA.pdf<\/a><\/td>\n                    <td style=\"\">24\/09\/2025 11:29 PM<\/td>\n            <\/tr>\n            <tr id=\"table_3_row_141\">\n                    <td style=\"\">Programaci\u00f3n Parroquial<\/td>\n                    <td style=\"\">P097 SE\u00d1OR DE LA SALUD(BARRIO DE LA SALUD)<\/td>\n                    <td style=\"\">Prof\u00e9tica<\/td>\n                    <td style=\"\"><\/td>\n                    <td style=\"\"><\/td>\n                    <td style=\"\"><a href=\"https:\/\/diocesisdeaguascalientes.mx\/vicaria-de-pastoral\/wp-content\/uploads\/sites\/2\/forminator\/10414_47c7fef6f8c6f15ac1daaf1663bdf562\/uploads\/d52jwdpdv9HB-Programacion-Pastoral-Profetica-Pquia.-SS-2025-2026.pdf\" target=\"_blank\">d52jwdpdv9HB-Programacion-Pastoral-Profetica-Pquia.-SS-2025-2026.pdf<\/a><\/td>\n                    <td style=\"\">24\/09\/2025 11:29 PM<\/td>\n            <\/tr>\n            <tr id=\"table_3_row_142\">\n                    <td style=\"\">Programaci\u00f3n Parroquial<\/td>\n                    <td style=\"\">P097 SE\u00d1OR DE LA SALUD(BARRIO DE LA SALUD)<\/td>\n                    <td style=\"\">Lit\u00fargica<\/td>\n                    <td style=\"\"><\/td>\n                    <td style=\"\"><\/td>\n                    <td style=\"\"><a href=\"https:\/\/diocesisdeaguascalientes.mx\/vicaria-de-pastoral\/wp-content\/uploads\/sites\/2\/forminator\/10414_47c7fef6f8c6f15ac1daaf1663bdf562\/uploads\/aRDZIR7EEA6t-Programacion-Pastoral-Liturgica-Pquia.-SS-2025-2026.pdf\" target=\"_blank\">aRDZIR7EEA6t-Programacion-Pastoral-Liturgica-Pquia.-SS-2025-2026.pdf<\/a><\/td>\n                    <td style=\"\">24\/09\/2025 11:28 PM<\/td>\n            <\/tr>\n            <tr id=\"table_3_row_143\">\n                    <td style=\"\">Programaci\u00f3n Parroquial<\/td>\n                    <td style=\"\">P055 SAN JUDAS TADEO(INSURGENTES)<\/td>\n                    <td style=\"\">Pastoral de la Comunicaci\u00f3n<\/td>\n                    <td style=\"\"><\/td>\n                    <td style=\"\"><\/td>\n                    <td style=\"\"><a href=\"https:\/\/diocesisdeaguascalientes.mx\/vicaria-de-pastoral\/wp-content\/uploads\/sites\/2\/forminator\/10414_47c7fef6f8c6f15ac1daaf1663bdf562\/uploads\/e5ur3IqTjsAZ-PROGRAMACION-PARROQUIAL-PASTORAL-DE-LA-COMUNICACION-2025-2026-SJT.pdf\" target=\"_blank\">e5ur3IqTjsAZ-PROGRAMACION-PARROQUIAL-PASTORAL-DE-LA-COMUNICACION-2025-2026-SJT.pdf<\/a><\/td>\n                    <td style=\"\">24\/09\/2025 11:27 PM<\/td>\n            <\/tr>\n            <tr id=\"table_3_row_144\">\n                    <td style=\"\">Programaci\u00f3n Parroquial<\/td>\n                    <td style=\"\">P097 SE\u00d1OR DE LA SALUD(BARRIO DE LA SALUD)<\/td>\n                    <td style=\"\">Juvenil<\/td>\n                    <td style=\"\"><\/td>\n                    <td style=\"\"><\/td>\n                    <td style=\"\"><a href=\"https:\/\/diocesisdeaguascalientes.mx\/vicaria-de-pastoral\/wp-content\/uploads\/sites\/2\/forminator\/10414_47c7fef6f8c6f15ac1daaf1663bdf562\/uploads\/RHLRvGltN7V2-Programacion-Pastoral-Juvenil-Pquia.-SS-2025-2026.pdf\" target=\"_blank\">RHLRvGltN7V2-Programacion-Pastoral-Juvenil-Pquia.-SS-2025-2026.pdf<\/a><\/td>\n                    <td style=\"\">24\/09\/2025 11:26 PM<\/td>\n            <\/tr>\n            <tr id=\"table_3_row_145\">\n                    <td style=\"\">Programaci\u00f3n Parroquial<\/td>\n                    <td style=\"\">P097 SE\u00d1OR DE LA SALUD(BARRIO DE LA SALUD)<\/td>\n                    <td style=\"\">Familiar<\/td>\n                    <td style=\"\"><\/td>\n                    <td style=\"\"><\/td>\n                    <td style=\"\"><a href=\"https:\/\/diocesisdeaguascalientes.mx\/vicaria-de-pastoral\/wp-content\/uploads\/sites\/2\/forminator\/10414_47c7fef6f8c6f15ac1daaf1663bdf562\/uploads\/0AJQOz9Ht3Ss-Programacion-Pastoral-Familiar-Pquia.-SS-2025-2026.pdf\" target=\"_blank\">0AJQOz9Ht3Ss-Programacion-Pastoral-Familiar-Pquia.-SS-2025-2026.pdf<\/a><\/td>\n                    <td style=\"\">24\/09\/2025 11:24 PM<\/td>\n            <\/tr>\n            <tr id=\"table_3_row_146\">\n                    <td style=\"\">Programaci\u00f3n Parroquial<\/td>\n                    <td style=\"\">P006 NUESTRA SE\u00d1ORA DE LA ASUNCI\u00d3N(JARDINES DE LA ASUNCI\u00d3N)<\/td>\n                    <td style=\"\">Prof\u00e9tica<\/td>\n                    <td style=\"\"><\/td>\n                    <td style=\"\"><\/td>\n                    <td style=\"\"><a href=\"https:\/\/diocesisdeaguascalientes.mx\/vicaria-de-pastoral\/wp-content\/uploads\/sites\/2\/forminator\/10414_47c7fef6f8c6f15ac1daaf1663bdf562\/uploads\/UhiVW3YXSS8O-Programacion-Profetica-NSA-2025-2026.pdf\" target=\"_blank\">UhiVW3YXSS8O-Programacion-Profetica-NSA-2025-2026.pdf<\/a><\/td>\n                    <td style=\"\">24\/09\/2025 11:23 PM<\/td>\n            <\/tr>\n            <tr id=\"table_3_row_147\">\n                    <td style=\"\">Programaci\u00f3n Parroquial<\/td>\n                    <td style=\"\">P081 SANTA MAR\u00cdA DE GUADALUPE REINA DE AM\u00c9RICA(EJIDO DE PE\u00d1UELAS)<\/td>\n                    <td style=\"\">Adolescentes<\/td>\n                    <td style=\"\"><\/td>\n                    <td style=\"\"><\/td>\n                    <td style=\"\"><a href=\"https:\/\/diocesisdeaguascalientes.mx\/vicaria-de-pastoral\/wp-content\/uploads\/sites\/2\/forminator\/10414_47c7fef6f8c6f15ac1daaf1663bdf562\/uploads\/kkJAVWzpCryZ-Adolescentes-Programacion.docx.pdf\" target=\"_blank\">kkJAVWzpCryZ-Adolescentes-Programacion.docx.pdf<\/a><\/td>\n                    <td style=\"\">24\/09\/2025 11:20 PM<\/td>\n            <\/tr>\n            <tr id=\"table_3_row_148\">\n                    <td style=\"\">Programaci\u00f3n Parroquial<\/td>\n                    <td style=\"\">P081 SANTA MAR\u00cdA DE GUADALUPE REINA DE AM\u00c9RICA(EJIDO DE PE\u00d1UELAS)<\/td>\n                    <td style=\"\">Familiar<\/td>\n                    <td style=\"\"><\/td>\n                    <td style=\"\"><\/td>\n                    <td style=\"\"><a href=\"https:\/\/diocesisdeaguascalientes.mx\/vicaria-de-pastoral\/wp-content\/uploads\/sites\/2\/forminator\/10414_47c7fef6f8c6f15ac1daaf1663bdf562\/uploads\/gM9H9bb5dFnJ-Pastoral-Familiar-Programacion.docx.pdf\" target=\"_blank\">gM9H9bb5dFnJ-Pastoral-Familiar-Programacion.docx.pdf<\/a><\/td>\n                    <td style=\"\">24\/09\/2025 11:20 PM<\/td>\n            <\/tr>\n            <tr id=\"table_3_row_149\">\n                    <td style=\"\">Programaci\u00f3n Parroquial<\/td>\n                    <td style=\"\">P081 SANTA MAR\u00cdA DE GUADALUPE REINA DE AM\u00c9RICA(EJIDO DE PE\u00d1UELAS)<\/td>\n                    <td style=\"\">Lit\u00fargica<\/td>\n                    <td style=\"\"><\/td>\n                    <td style=\"\"><\/td>\n                    <td style=\"\"><a href=\"https:\/\/diocesisdeaguascalientes.mx\/vicaria-de-pastoral\/wp-content\/uploads\/sites\/2\/forminator\/10414_47c7fef6f8c6f15ac1daaf1663bdf562\/uploads\/mCyQT8OCLHak-Liturgia-Programacion.docx.pdf\" target=\"_blank\">mCyQT8OCLHak-Liturgia-Programacion.docx.pdf<\/a><\/td>\n                    <td style=\"\">24\/09\/2025 11:20 PM<\/td>\n            <\/tr>\n            <tr id=\"table_3_row_150\">\n                    <td style=\"\">Programaci\u00f3n Parroquial<\/td>\n                    <td style=\"\">P081 SANTA MAR\u00cdA DE GUADALUPE REINA DE AM\u00c9RICA(EJIDO DE PE\u00d1UELAS)<\/td>\n                    <td style=\"\">Prof\u00e9tica<\/td>\n                    <td style=\"\"><\/td>\n                    <td style=\"\"><\/td>\n                    <td style=\"\"><a href=\"https:\/\/diocesisdeaguascalientes.mx\/vicaria-de-pastoral\/wp-content\/uploads\/sites\/2\/forminator\/10414_47c7fef6f8c6f15ac1daaf1663bdf562\/uploads\/4FQkVm7DryIR-Profetica-Programacion.docx.pdf\" target=\"_blank\">4FQkVm7DryIR-Profetica-Programacion.docx.pdf<\/a><\/td>\n                    <td style=\"\">24\/09\/2025 11:20 PM<\/td>\n            <\/tr>\n            <tr id=\"table_3_row_151\">\n                    <td style=\"\">Programaci\u00f3n Parroquial<\/td>\n                    <td style=\"\">P081 SANTA MAR\u00cdA DE GUADALUPE REINA DE AM\u00c9RICA(EJIDO DE PE\u00d1UELAS)<\/td>\n                    <td style=\"\">Animaci\u00f3n Pastoral (CPP)<\/td>\n                    <td style=\"\"><\/td>\n                    <td style=\"\"><\/td>\n                    <td style=\"\"><a href=\"https:\/\/diocesisdeaguascalientes.mx\/vicaria-de-pastoral\/wp-content\/uploads\/sites\/2\/forminator\/10414_47c7fef6f8c6f15ac1daaf1663bdf562\/uploads\/QXnFKiYqLhSE-CPP-Programacion.docx.pdf\" target=\"_blank\">QXnFKiYqLhSE-CPP-Programacion.docx.pdf<\/a><\/td>\n                    <td style=\"\">24\/09\/2025 11:19 PM<\/td>\n            <\/tr>\n            <tr id=\"table_3_row_152\">\n                    <td style=\"\">Programaci\u00f3n Parroquial<\/td>\n                    <td style=\"\">P072 NUESTRA SE\u00d1ORA DEL REFUGIO(DEL TRABAJO)<\/td>\n                    <td style=\"\">Animaci\u00f3n Pastoral (CPP)<\/td>\n                    <td style=\"\"><\/td>\n                    <td style=\"\"><\/td>\n                    <td style=\"\"><a href=\"https:\/\/diocesisdeaguascalientes.mx\/vicaria-de-pastoral\/wp-content\/uploads\/sites\/2\/forminator\/10414_47c7fef6f8c6f15ac1daaf1663bdf562\/uploads\/wftC0syKjJCE-Consejo-.pdf\" target=\"_blank\">wftC0syKjJCE-Consejo-.pdf<\/a><\/td>\n                    <td style=\"\">24\/09\/2025 11:14 PM<\/td>\n            <\/tr>\n            <tr id=\"table_3_row_153\">\n                    <td style=\"\">Programaci\u00f3n Parroquial<\/td>\n                    <td style=\"\">P091 SANTA MARIA ESTRELLA DE LA EVANGELIZACI\u00d3N(ESTRELLA)<\/td>\n                    <td style=\"\">Social<\/td>\n                    <td style=\"\"><\/td>\n                    <td style=\"\"><\/td>\n                    <td style=\"\"><a href=\"https:\/\/diocesisdeaguascalientes.mx\/vicaria-de-pastoral\/wp-content\/uploads\/sites\/2\/forminator\/10414_47c7fef6f8c6f15ac1daaf1663bdf562\/uploads\/FMZTTK0ZahmG-Programacion-Pastoral-Social-2025-2026.pdf\" target=\"_blank\">FMZTTK0ZahmG-Programacion-Pastoral-Social-2025-2026.pdf<\/a><\/td>\n                    <td style=\"\">24\/09\/2025 11:10 PM<\/td>\n            <\/tr>\n            <tr id=\"table_3_row_154\">\n                    <td style=\"\">Programaci\u00f3n Parroquial<\/td>\n                    <td style=\"\">P063 SAN MIGUEL ARC\u00c1NGEL(LAS ARBOLEDAS)<\/td>\n                    <td style=\"\">Organismos Eclesiales Laicales (OEL)<\/td>\n                    <td style=\"\">40.Renovaci\u00f3n Carism\u00e1tica Cat\u00f3lica en el Esp\u00edritu Santo<\/td>\n                    <td style=\"\"><\/td>\n                    <td style=\"\"><a href=\"https:\/\/diocesisdeaguascalientes.mx\/vicaria-de-pastoral\/wp-content\/uploads\/sites\/2\/forminator\/10414_47c7fef6f8c6f15ac1daaf1663bdf562\/uploads\/PN57m9mO8lDq-08-SMAAGS-ORGANISMOS-LAICALES-ECLESIALES-Programacion-2025-26.pdf\" target=\"_blank\">PN57m9mO8lDq-08-SMAAGS-ORGANISMOS-LAICALES-ECLESIALES-Programacion-2025-26.pdf<\/a><\/td>\n                    <td style=\"\">24\/09\/2025 11:04 PM<\/td>\n            <\/tr>\n            <tr id=\"table_3_row_155\">\n                    <td style=\"\">Programaci\u00f3n Parroquial<\/td>\n                    <td style=\"\">P063 SAN MIGUEL ARC\u00c1NGEL(LAS ARBOLEDAS)<\/td>\n                    <td style=\"\">Organismos Eclesiales Laicales (OEL)<\/td>\n                    <td style=\"\">3.Adoraci\u00f3n, Comunidad, Trabajo, Servicio (ACTS)<\/td>\n                    <td style=\"\"><\/td>\n                    <td style=\"\"><a href=\"https:\/\/diocesisdeaguascalientes.mx\/vicaria-de-pastoral\/wp-content\/uploads\/sites\/2\/forminator\/10414_47c7fef6f8c6f15ac1daaf1663bdf562\/uploads\/4Wx01qmwtOlx-08-SMAAGS-ORGANISMOS-LAICALES-ECLESIALES-Programacion-2025-26.pdf\" target=\"_blank\">4Wx01qmwtOlx-08-SMAAGS-ORGANISMOS-LAICALES-ECLESIALES-Programacion-2025-26.pdf<\/a><\/td>\n                    <td style=\"\">24\/09\/2025 11:03 PM<\/td>\n            <\/tr>\n            <tr id=\"table_3_row_156\">\n                    <td style=\"\">Programaci\u00f3n Parroquial<\/td>\n                    <td style=\"\">P063 SAN MIGUEL ARC\u00c1NGEL(LAS ARBOLEDAS)<\/td>\n                    <td style=\"\">Juvenil<\/td>\n                    <td style=\"\"><\/td>\n                    <td style=\"\"><\/td>\n                    <td style=\"\"><a href=\"https:\/\/diocesisdeaguascalientes.mx\/vicaria-de-pastoral\/wp-content\/uploads\/sites\/2\/forminator\/10414_47c7fef6f8c6f15ac1daaf1663bdf562\/uploads\/liHQuF53jCqd-05-SMAAGS-PASTORAL-JUVENIL-Programacion-2025-2026.pdf\" target=\"_blank\">liHQuF53jCqd-05-SMAAGS-PASTORAL-JUVENIL-Programacion-2025-2026.pdf<\/a><\/td>\n                    <td style=\"\">24\/09\/2025 11:01 PM<\/td>\n            <\/tr>\n            <tr id=\"table_3_row_157\">\n                    <td style=\"\">Programaci\u00f3n Parroquial<\/td>\n                    <td style=\"\">P055 SAN JUDAS TADEO(INSURGENTES)<\/td>\n                    <td style=\"\">Lit\u00fargica<\/td>\n                    <td style=\"\"><\/td>\n                    <td style=\"\"><\/td>\n                    <td style=\"\"><a href=\"https:\/\/diocesisdeaguascalientes.mx\/vicaria-de-pastoral\/wp-content\/uploads\/sites\/2\/forminator\/10414_47c7fef6f8c6f15ac1daaf1663bdf562\/uploads\/iJLZ4OEwzX5C-PROGRAMACION-PARROQUIAL-PASTORAL-LITURGICA-2025-2026-SJT.pdf\" target=\"_blank\">iJLZ4OEwzX5C-PROGRAMACION-PARROQUIAL-PASTORAL-LITURGICA-2025-2026-SJT.pdf<\/a><\/td>\n                    <td style=\"\">24\/09\/2025 10:56 PM<\/td>\n            <\/tr>\n            <tr id=\"table_3_row_158\">\n                    <td style=\"\">Programaci\u00f3n Parroquial<\/td>\n                    <td style=\"\">P063 SAN MIGUEL ARC\u00c1NGEL(LAS ARBOLEDAS)<\/td>\n                    <td style=\"\">Adolescentes<\/td>\n                    <td style=\"\"><\/td>\n                    <td style=\"\"><\/td>\n                    <td style=\"\"><a href=\"https:\/\/diocesisdeaguascalientes.mx\/vicaria-de-pastoral\/wp-content\/uploads\/sites\/2\/forminator\/10414_47c7fef6f8c6f15ac1daaf1663bdf562\/uploads\/BATQomlMn8Lf-06-SMAAGS-PASTORAL-DE-ADOLESCENTES-Programacion-2025-26.pdf\" target=\"_blank\">BATQomlMn8Lf-06-SMAAGS-PASTORAL-DE-ADOLESCENTES-Programacion-2025-26.pdf<\/a><\/td>\n                    <td style=\"\">24\/09\/2025 10:51 PM<\/td>\n            <\/tr>\n            <tr id=\"table_3_row_159\">\n                    <td style=\"\">Programaci\u00f3n Parroquial<\/td>\n                    <td style=\"\">P063 SAN MIGUEL ARC\u00c1NGEL(LAS ARBOLEDAS)<\/td>\n                    <td style=\"\">Familiar<\/td>\n                    <td style=\"\"><\/td>\n                    <td style=\"\"><\/td>\n                    <td style=\"\"><a href=\"https:\/\/diocesisdeaguascalientes.mx\/vicaria-de-pastoral\/wp-content\/uploads\/sites\/2\/forminator\/10414_47c7fef6f8c6f15ac1daaf1663bdf562\/uploads\/9ADYuGmoJJdQ-04-SMAAGS-PASTORAL-FAMILIAR-Programacion-2025-26.pdf\" target=\"_blank\">9ADYuGmoJJdQ-04-SMAAGS-PASTORAL-FAMILIAR-Programacion-2025-26.pdf<\/a><\/td>\n                    <td style=\"\">24\/09\/2025 10:51 PM<\/td>\n            <\/tr>\n            <tr id=\"table_3_row_160\">\n                    <td style=\"\">Programaci\u00f3n Parroquial<\/td>\n                    <td style=\"\">P034 NUESTRA SE\u00d1ORA DE GUADALUPE(VILLA GARC\u00cdA)<\/td>\n                    <td style=\"\">Organismos Eclesiales Laicales (OEL)<\/td>\n                    <td style=\"\">Otro<\/td>\n                    <td style=\"\">LIGA DE RECIPROCOS AUXILIOS ENTRE EL SEMINARIO Y LOS FIELES<\/td>\n                    <td style=\"\"><a href=\"https:\/\/diocesisdeaguascalientes.mx\/vicaria-de-pastoral\/wp-content\/uploads\/sites\/2\/forminator\/10414_47c7fef6f8c6f15ac1daaf1663bdf562\/uploads\/iehZSypjixZL-Programacion-Grupos-y-Movimientos.pdf\" target=\"_blank\">iehZSypjixZL-Programacion-Grupos-y-Movimientos.pdf<\/a><\/td>\n                    <td style=\"\">24\/09\/2025 10:47 PM<\/td>\n            <\/tr>\n            <tr id=\"table_3_row_161\">\n                    <td style=\"\">Programaci\u00f3n Parroquial<\/td>\n                    <td style=\"\">P034 NUESTRA SE\u00d1ORA DE GUADALUPE(VILLA GARC\u00cdA)<\/td>\n                    <td style=\"\">Familiar<\/td>\n                    <td style=\"\"><\/td>\n                    <td style=\"\"><\/td>\n                    <td style=\"\"><a href=\"https:\/\/diocesisdeaguascalientes.mx\/vicaria-de-pastoral\/wp-content\/uploads\/sites\/2\/forminator\/10414_47c7fef6f8c6f15ac1daaf1663bdf562\/uploads\/li0GiFla6xTx-Programacion-Pastoral-Familiar.pdf\" target=\"_blank\">li0GiFla6xTx-Programacion-Pastoral-Familiar.pdf<\/a><\/td>\n                    <td style=\"\">24\/09\/2025 10:45 PM<\/td>\n            <\/tr>\n            <tr id=\"table_3_row_162\">\n                    <td style=\"\">Programaci\u00f3n Parroquial<\/td>\n                    <td style=\"\">P034 NUESTRA SE\u00d1ORA DE GUADALUPE(VILLA GARC\u00cdA)<\/td>\n                    <td style=\"\">Social<\/td>\n                    <td style=\"\"><\/td>\n                    <td style=\"\"><\/td>\n                    <td style=\"\"><a href=\"https:\/\/diocesisdeaguascalientes.mx\/vicaria-de-pastoral\/wp-content\/uploads\/sites\/2\/forminator\/10414_47c7fef6f8c6f15ac1daaf1663bdf562\/uploads\/jJQt9JwmyZGp-Programacion-Pastoral-Social.pdf\" target=\"_blank\">jJQt9JwmyZGp-Programacion-Pastoral-Social.pdf<\/a><\/td>\n                    <td style=\"\">24\/09\/2025 10:44 PM<\/td>\n            <\/tr>\n            <tr id=\"table_3_row_163\">\n                    <td style=\"\">Programaci\u00f3n Parroquial<\/td>\n                    <td style=\"\">P034 NUESTRA SE\u00d1ORA DE GUADALUPE(VILLA GARC\u00cdA)<\/td>\n                    <td style=\"\">Prof\u00e9tica<\/td>\n                    <td style=\"\"><\/td>\n                    <td style=\"\"><\/td>\n                    <td style=\"\"><a href=\"https:\/\/diocesisdeaguascalientes.mx\/vicaria-de-pastoral\/wp-content\/uploads\/sites\/2\/forminator\/10414_47c7fef6f8c6f15ac1daaf1663bdf562\/uploads\/Avep1yrDl2lg-Programacion-Pastoral-Profetica.pdf\" target=\"_blank\">Avep1yrDl2lg-Programacion-Pastoral-Profetica.pdf<\/a><\/td>\n                    <td style=\"\">24\/09\/2025 10:42 PM<\/td>\n            <\/tr>\n            <tr id=\"table_3_row_164\">\n                    <td style=\"\">Programaci\u00f3n Parroquial<\/td>\n                    <td style=\"\">P006 NUESTRA SE\u00d1ORA DE LA ASUNCI\u00d3N(JARDINES DE LA ASUNCI\u00d3N)<\/td>\n                    <td style=\"\">Organismos Eclesiales Laicales (OEL)<\/td>\n                    <td style=\"\">Otro<\/td>\n                    <td style=\"\">Organismos Eclesiales Laicales<\/td>\n                    <td style=\"\"><a href=\"https:\/\/diocesisdeaguascalientes.mx\/vicaria-de-pastoral\/wp-content\/uploads\/sites\/2\/forminator\/10414_47c7fef6f8c6f15ac1daaf1663bdf562\/uploads\/yHfVlcLJ3Mn6-Programacion-OELs-Parroquia-NSA-2025-2026.pdf\" target=\"_blank\">yHfVlcLJ3Mn6-Programacion-OELs-Parroquia-NSA-2025-2026.pdf<\/a><\/td>\n                    <td style=\"\">24\/09\/2025 10:40 PM<\/td>\n            <\/tr>\n            <tr id=\"table_3_row_165\">\n                    <td style=\"\">Programaci\u00f3n Parroquial<\/td>\n                    <td style=\"\">P055 SAN JUDAS TADEO(INSURGENTES)<\/td>\n                    <td style=\"\">Familiar<\/td>\n                    <td style=\"\"><\/td>\n                    <td style=\"\"><\/td>\n                    <td style=\"\"><a href=\"https:\/\/diocesisdeaguascalientes.mx\/vicaria-de-pastoral\/wp-content\/uploads\/sites\/2\/forminator\/10414_47c7fef6f8c6f15ac1daaf1663bdf562\/uploads\/9yX3mKE3nGDM-PROGRAMACION-PARROQUIAL-SAN-JUDAS-TADEO-2025-2026-PASTORAL-FAMILIAR.pdf\" target=\"_blank\">9yX3mKE3nGDM-PROGRAMACION-PARROQUIAL-SAN-JUDAS-TADEO-2025-2026-PASTORAL-FAMILIAR.pdf<\/a><\/td>\n                    <td style=\"\">24\/09\/2025 10:40 PM<\/td>\n            <\/tr>\n            <tr id=\"table_3_row_166\">\n                    <td style=\"\">Programaci\u00f3n Parroquial<\/td>\n                    <td style=\"\">P006 NUESTRA SE\u00d1ORA DE LA ASUNCI\u00d3N(JARDINES DE LA ASUNCI\u00d3N)<\/td>\n                    <td style=\"\">Pastoral de la Comunicaci\u00f3n<\/td>\n                    <td style=\"\"><\/td>\n                    <td style=\"\"><\/td>\n                    <td style=\"\"><a href=\"https:\/\/diocesisdeaguascalientes.mx\/vicaria-de-pastoral\/wp-content\/uploads\/sites\/2\/forminator\/10414_47c7fef6f8c6f15ac1daaf1663bdf562\/uploads\/1yG8ptK3tctC-Programacion-Comunicacion-NSA-2025-2026.pdf\" target=\"_blank\">1yG8ptK3tctC-Programacion-Comunicacion-NSA-2025-2026.pdf<\/a><\/td>\n                    <td style=\"\">24\/09\/2025 10:39 PM<\/td>\n            <\/tr>\n            <tr id=\"table_3_row_167\">\n                    <td style=\"\">Programaci\u00f3n Parroquial<\/td>\n                    <td style=\"\">P043 SAN JOS\u00c9(CENTRO)<\/td>\n                    <td style=\"\">Animaci\u00f3n Pastoral (CPP)<\/td>\n                    <td style=\"\"><\/td>\n                    <td style=\"\"><\/td>\n                    <td style=\"\"><a href=\"https:\/\/diocesisdeaguascalientes.mx\/vicaria-de-pastoral\/wp-content\/uploads\/sites\/2\/forminator\/10414_47c7fef6f8c6f15ac1daaf1663bdf562\/uploads\/4BkzglpZvDJu-ANIMACION-PASTORAL.pdf\" target=\"_blank\">4BkzglpZvDJu-ANIMACION-PASTORAL.pdf<\/a><\/td>\n                    <td style=\"\">24\/09\/2025 10:39 PM<\/td>\n            <\/tr>\n            <tr id=\"table_3_row_168\">\n                    <td style=\"\">Programaci\u00f3n Parroquial<\/td>\n                    <td style=\"\">P006 NUESTRA SE\u00d1ORA DE LA ASUNCI\u00d3N(JARDINES DE LA ASUNCI\u00d3N)<\/td>\n                    <td style=\"\">Juvenil<\/td>\n                    <td style=\"\"><\/td>\n                    <td style=\"\"><\/td>\n                    <td style=\"\"><a href=\"https:\/\/diocesisdeaguascalientes.mx\/vicaria-de-pastoral\/wp-content\/uploads\/sites\/2\/forminator\/10414_47c7fef6f8c6f15ac1daaf1663bdf562\/uploads\/zfHqj249Jx0g-Programacion-2025-2026-parroquial-de-JEITO-.pdf\" target=\"_blank\">zfHqj249Jx0g-Programacion-2025-2026-parroquial-de-JEITO-.pdf<\/a><\/td>\n                    <td style=\"\">24\/09\/2025 10:39 PM<\/td>\n            <\/tr>\n            <tr id=\"table_3_row_169\">\n                    <td style=\"\">Programaci\u00f3n Parroquial<\/td>\n                    <td style=\"\">P006 NUESTRA SE\u00d1ORA DE LA ASUNCI\u00d3N(JARDINES DE LA ASUNCI\u00d3N)<\/td>\n                    <td style=\"\">Social<\/td>\n                    <td style=\"\"><\/td>\n                    <td style=\"\"><\/td>\n                    <td style=\"\"><a href=\"https:\/\/diocesisdeaguascalientes.mx\/vicaria-de-pastoral\/wp-content\/uploads\/sites\/2\/forminator\/10414_47c7fef6f8c6f15ac1daaf1663bdf562\/uploads\/BQXSmgabrVGA-Formato-Programacion-2025-2026.pdf\" target=\"_blank\">BQXSmgabrVGA-Formato-Programacion-2025-2026.pdf<\/a><\/td>\n                    <td style=\"\">24\/09\/2025 10:38 PM<\/td>\n            <\/tr>\n            <tr id=\"table_3_row_170\">\n                    <td style=\"\">Programaci\u00f3n Parroquial<\/td>\n                    <td style=\"\">P043 SAN JOS\u00c9(CENTRO)<\/td>\n                    <td style=\"\">Prof\u00e9tica<\/td>\n                    <td style=\"\"><\/td>\n                    <td style=\"\"><\/td>\n                    <td style=\"\"><a href=\"https:\/\/diocesisdeaguascalientes.mx\/vicaria-de-pastoral\/wp-content\/uploads\/sites\/2\/forminator\/10414_47c7fef6f8c6f15ac1daaf1663bdf562\/uploads\/hMTpkkjwI1XO-PASTORAL-PROFETICA.pdf\" target=\"_blank\">hMTpkkjwI1XO-PASTORAL-PROFETICA.pdf<\/a><\/td>\n                    <td style=\"\">24\/09\/2025 10:37 PM<\/td>\n            <\/tr>\n            <tr id=\"table_3_row_171\">\n                    <td style=\"\">Programaci\u00f3n Parroquial<\/td>\n                    <td style=\"\">P006 NUESTRA SE\u00d1ORA DE LA ASUNCI\u00d3N(JARDINES DE LA ASUNCI\u00d3N)<\/td>\n                    <td style=\"\">Familiar<\/td>\n                    <td style=\"\"><\/td>\n                    <td style=\"\"><\/td>\n                    <td style=\"\"><a href=\"https:\/\/diocesisdeaguascalientes.mx\/vicaria-de-pastoral\/wp-content\/uploads\/sites\/2\/forminator\/10414_47c7fef6f8c6f15ac1daaf1663bdf562\/uploads\/8THgPD5qAZSf-PLANEACION-PF-PARROQUIA-NUESTRA-SENORA-DE-LA-ASUNCION-2025-2026-1.pdf\" target=\"_blank\">8THgPD5qAZSf-PLANEACION-PF-PARROQUIA-NUESTRA-SENORA-DE-LA-ASUNCION-2025-2026-1.pdf<\/a><\/td>\n                    <td style=\"\">24\/09\/2025 10:36 PM<\/td>\n            <\/tr>\n            <tr id=\"table_3_row_172\">\n                    <td style=\"\">Programaci\u00f3n Parroquial<\/td>\n                    <td style=\"\">P043 SAN JOS\u00c9(CENTRO)<\/td>\n                    <td style=\"\">Social<\/td>\n                    <td style=\"\"><\/td>\n                    <td style=\"\"><\/td>\n                    <td style=\"\"><a href=\"https:\/\/diocesisdeaguascalientes.mx\/vicaria-de-pastoral\/wp-content\/uploads\/sites\/2\/forminator\/10414_47c7fef6f8c6f15ac1daaf1663bdf562\/uploads\/jlSCIXM9aKAO-PASTORAL-SOCIAL.pdf\" target=\"_blank\">jlSCIXM9aKAO-PASTORAL-SOCIAL.pdf<\/a><\/td>\n                    <td style=\"\">24\/09\/2025 10:35 PM<\/td>\n            <\/tr>\n            <tr id=\"table_3_row_173\">\n                    <td style=\"\">Programaci\u00f3n Parroquial<\/td>\n                    <td style=\"\">P006 NUESTRA SE\u00d1ORA DE LA ASUNCI\u00d3N(JARDINES DE LA ASUNCI\u00d3N)<\/td>\n                    <td style=\"\">Lit\u00fargica<\/td>\n                    <td style=\"\"><\/td>\n                    <td style=\"\"><\/td>\n                    <td style=\"\"><a href=\"https:\/\/diocesisdeaguascalientes.mx\/vicaria-de-pastoral\/wp-content\/uploads\/sites\/2\/forminator\/10414_47c7fef6f8c6f15ac1daaf1663bdf562\/uploads\/HHjjhzGkaaPa-PROGRAMACION-PASTORAL-parroquial-LITURGIA-2025.pdf\" target=\"_blank\">HHjjhzGkaaPa-PROGRAMACION-PASTORAL-parroquial-LITURGIA-2025.pdf<\/a><\/td>\n                    <td style=\"\">24\/09\/2025 10:34 PM<\/td>\n            <\/tr>\n            <tr id=\"table_3_row_174\">\n                    <td style=\"\">Programaci\u00f3n Parroquial<\/td>\n                    <td style=\"\">P006 NUESTRA SE\u00d1ORA DE LA ASUNCI\u00d3N(JARDINES DE LA ASUNCI\u00d3N)<\/td>\n                    <td style=\"\">Animaci\u00f3n Pastoral (CPP)<\/td>\n                    <td style=\"\"><\/td>\n                    <td style=\"\"><\/td>\n                    <td style=\"\"><a href=\"https:\/\/diocesisdeaguascalientes.mx\/vicaria-de-pastoral\/wp-content\/uploads\/sites\/2\/forminator\/10414_47c7fef6f8c6f15ac1daaf1663bdf562\/uploads\/jqKU8e6HQouw-Programacion-Consejo-NSA-2025-2026.pdf\" target=\"_blank\">jqKU8e6HQouw-Programacion-Consejo-NSA-2025-2026.pdf<\/a><\/td>\n                    <td style=\"\">24\/09\/2025 10:33 PM<\/td>\n            <\/tr>\n            <tr id=\"table_3_row_175\">\n                    <td style=\"\">Programaci\u00f3n Parroquial<\/td>\n                    <td style=\"\">P055 SAN JUDAS TADEO(INSURGENTES)<\/td>\n                    <td style=\"\">Prof\u00e9tica<\/td>\n                    <td style=\"\"><\/td>\n                    <td style=\"\"><\/td>\n                    <td style=\"\"><a href=\"https:\/\/diocesisdeaguascalientes.mx\/vicaria-de-pastoral\/wp-content\/uploads\/sites\/2\/forminator\/10414_47c7fef6f8c6f15ac1daaf1663bdf562\/uploads\/adRLq098XTzj-PROGRAMACION-PARROQUIAL-PASTORAL-PROFETICA-2025-2026-SJT.pdf\" target=\"_blank\">adRLq098XTzj-PROGRAMACION-PARROQUIAL-PASTORAL-PROFETICA-2025-2026-SJT.pdf<\/a><\/td>\n                    <td style=\"\">24\/09\/2025 10:14 PM<\/td>\n            <\/tr>\n            <tr id=\"table_3_row_176\">\n                    <td style=\"\">Programaci\u00f3n Parroquial<\/td>\n                    <td style=\"\">P039 INMACULADO CORAZ\u00d3N DE MAR\u00cdA(LAS FLORES)<\/td>\n                    <td style=\"\">Prof\u00e9tica<\/td>\n                    <td style=\"\"><\/td>\n                    <td style=\"\"><\/td>\n                    <td style=\"\"><a href=\"https:\/\/diocesisdeaguascalientes.mx\/vicaria-de-pastoral\/wp-content\/uploads\/sites\/2\/forminator\/10414_47c7fef6f8c6f15ac1daaf1663bdf562\/uploads\/KiyMO9UcVsQF-PROGRAMACION-PASTORAL-PROFETICA-2025-2026.pdf\" target=\"_blank\">KiyMO9UcVsQF-PROGRAMACION-PASTORAL-PROFETICA-2025-2026.pdf<\/a><\/td>\n                    <td style=\"\">24\/09\/2025 10:12 PM<\/td>\n            <\/tr>\n            <tr id=\"table_3_row_177\">\n                    <td style=\"\">Programaci\u00f3n Parroquial<\/td>\n                    <td style=\"\">P039 INMACULADO CORAZ\u00d3N DE MAR\u00cdA(LAS FLORES)<\/td>\n                    <td style=\"\">Lit\u00fargica<\/td>\n                    <td style=\"\"><\/td>\n                    <td style=\"\"><\/td>\n                    <td style=\"\"><a href=\"https:\/\/diocesisdeaguascalientes.mx\/vicaria-de-pastoral\/wp-content\/uploads\/sites\/2\/forminator\/10414_47c7fef6f8c6f15ac1daaf1663bdf562\/uploads\/MniFtrIZ4Whz-Programacion-Pastoral-LITURGIA-2025_2026.pdf\" target=\"_blank\">MniFtrIZ4Whz-Programacion-Pastoral-LITURGIA-2025_2026.pdf<\/a><\/td>\n                    <td style=\"\">24\/09\/2025 10:08 PM<\/td>\n            <\/tr>\n            <tr id=\"table_3_row_178\">\n                    <td style=\"\">Programaci\u00f3n Parroquial<\/td>\n                    <td style=\"\">P123 SAN IGNACIO DE LOYOLA(SAN IGNACIO)<\/td>\n                    <td style=\"\">Animaci\u00f3n Pastoral (CPP)<\/td>\n                    <td style=\"\"><\/td>\n                    <td style=\"\"><\/td>\n                    <td style=\"\"><a href=\"https:\/\/diocesisdeaguascalientes.mx\/vicaria-de-pastoral\/wp-content\/uploads\/sites\/2\/forminator\/10414_47c7fef6f8c6f15ac1daaf1663bdf562\/uploads\/s3QAADEOmObT-Programacion-Equipo-Evangelizador-2025-2026.pdf\" target=\"_blank\">s3QAADEOmObT-Programacion-Equipo-Evangelizador-2025-2026.pdf<\/a><\/td>\n                    <td style=\"\">24\/09\/2025 10:05 PM<\/td>\n            <\/tr>\n            <tr id=\"table_3_row_179\">\n                    <td style=\"\">Programaci\u00f3n Parroquial<\/td>\n                    <td style=\"\">P059 NUESTRA SE\u00d1ORA DE LOURDES(LOMA BONITA)<\/td>\n                    <td style=\"\">Familiar<\/td>\n                    <td style=\"\"><\/td>\n                    <td style=\"\"><\/td>\n                    <td style=\"\"><a href=\"https:\/\/diocesisdeaguascalientes.mx\/vicaria-de-pastoral\/wp-content\/uploads\/sites\/2\/forminator\/10414_47c7fef6f8c6f15ac1daaf1663bdf562\/uploads\/nzn4vkLJnpj9-PASTORAL-FAMILIAR.pdf\" target=\"_blank\">nzn4vkLJnpj9-PASTORAL-FAMILIAR.pdf<\/a><\/td>\n                    <td style=\"\">24\/09\/2025 09:59 PM<\/td>\n            <\/tr>\n            <tr id=\"table_3_row_180\">\n                    <td style=\"\">Programaci\u00f3n Parroquial<\/td>\n                    <td style=\"\">P059 NUESTRA SE\u00d1ORA DE LOURDES(LOMA BONITA)<\/td>\n                    <td style=\"\">Lit\u00fargica<\/td>\n                    <td style=\"\"><\/td>\n                    <td style=\"\"><\/td>\n                    <td style=\"\"><a href=\"https:\/\/diocesisdeaguascalientes.mx\/vicaria-de-pastoral\/wp-content\/uploads\/sites\/2\/forminator\/10414_47c7fef6f8c6f15ac1daaf1663bdf562\/uploads\/XEAkRENjIiaX-PASTORAL-LITURGICA-PARROQUIA-NTRA-SRA-LOURDES-2025_2026.pdf\" target=\"_blank\">XEAkRENjIiaX-PASTORAL-LITURGICA-PARROQUIA-NTRA-SRA-LOURDES-2025_2026.pdf<\/a><\/td>\n                    <td style=\"\">24\/09\/2025 09:59 PM<\/td>\n            <\/tr>\n            <tr id=\"table_3_row_181\">\n                    <td style=\"\">Programaci\u00f3n Parroquial<\/td>\n                    <td style=\"\">P091 SANTA MARIA ESTRELLA DE LA EVANGELIZACI\u00d3N(ESTRELLA)<\/td>\n                    <td style=\"\">Animaci\u00f3n Pastoral (CPP)<\/td>\n                    <td style=\"\"><\/td>\n                    <td style=\"\"><\/td>\n                    <td style=\"\"><a href=\"https:\/\/diocesisdeaguascalientes.mx\/vicaria-de-pastoral\/wp-content\/uploads\/sites\/2\/forminator\/10414_47c7fef6f8c6f15ac1daaf1663bdf562\/uploads\/l7mvNXFYxiVH-Programacion-Animacion-Pastoral-2025-2026.pdf\" target=\"_blank\">l7mvNXFYxiVH-Programacion-Animacion-Pastoral-2025-2026.pdf<\/a><\/td>\n                    <td style=\"\">24\/09\/2025 09:58 PM<\/td>\n            <\/tr>\n            <tr id=\"table_3_row_182\">\n                    <td style=\"\">Programaci\u00f3n Parroquial<\/td>\n                    <td style=\"\">P091 SANTA MARIA ESTRELLA DE LA EVANGELIZACI\u00d3N(ESTRELLA)<\/td>\n                    <td style=\"\">Pastoral de la Comunicaci\u00f3n<\/td>\n                    <td style=\"\"><\/td>\n                    <td style=\"\"><\/td>\n                    <td style=\"\"><a href=\"https:\/\/diocesisdeaguascalientes.mx\/vicaria-de-pastoral\/wp-content\/uploads\/sites\/2\/forminator\/10414_47c7fef6f8c6f15ac1daaf1663bdf562\/uploads\/Q3PMG8ILLZo3-Programacion-Pastoral-de-la-Comunicacion-2025-2026.pdf\" target=\"_blank\">Q3PMG8ILLZo3-Programacion-Pastoral-de-la-Comunicacion-2025-2026.pdf<\/a><\/td>\n                    <td style=\"\">24\/09\/2025 09:57 PM<\/td>\n            <\/tr>\n            <tr id=\"table_3_row_183\">\n                    <td style=\"\">Programaci\u00f3n Parroquial<\/td>\n                    <td style=\"\">P091 SANTA MARIA ESTRELLA DE LA EVANGELIZACI\u00d3N(ESTRELLA)<\/td>\n                    <td style=\"\">Familiar<\/td>\n                    <td style=\"\"><\/td>\n                    <td style=\"\"><\/td>\n                    <td style=\"\"><a href=\"https:\/\/diocesisdeaguascalientes.mx\/vicaria-de-pastoral\/wp-content\/uploads\/sites\/2\/forminator\/10414_47c7fef6f8c6f15ac1daaf1663bdf562\/uploads\/9WkaWMvkHe7h-Programacion-Pastoral-Familiar-2025-2026.pdf\" target=\"_blank\">9WkaWMvkHe7h-Programacion-Pastoral-Familiar-2025-2026.pdf<\/a><\/td>\n                    <td style=\"\">24\/09\/2025 09:57 PM<\/td>\n            <\/tr>\n            <tr id=\"table_3_row_184\">\n                    <td style=\"\">Programaci\u00f3n Parroquial<\/td>\n                    <td style=\"\">P091 SANTA MARIA ESTRELLA DE LA EVANGELIZACI\u00d3N(ESTRELLA)<\/td>\n                    <td style=\"\">Lit\u00fargica<\/td>\n                    <td style=\"\"><\/td>\n                    <td style=\"\"><\/td>\n                    <td style=\"\"><a href=\"https:\/\/diocesisdeaguascalientes.mx\/vicaria-de-pastoral\/wp-content\/uploads\/sites\/2\/forminator\/10414_47c7fef6f8c6f15ac1daaf1663bdf562\/uploads\/fb2L6GsXfle2-Programacion-Pastoral-Liturgica-2025-2026.pdf\" target=\"_blank\">fb2L6GsXfle2-Programacion-Pastoral-Liturgica-2025-2026.pdf<\/a><\/td>\n                    <td style=\"\">24\/09\/2025 09:54 PM<\/td>\n            <\/tr>\n            <tr id=\"table_3_row_185\">\n                    <td style=\"\">Programaci\u00f3n Parroquial<\/td>\n                    <td style=\"\">P091 SANTA MARIA ESTRELLA DE LA EVANGELIZACI\u00d3N(ESTRELLA)<\/td>\n                    <td style=\"\">Prof\u00e9tica<\/td>\n                    <td style=\"\"><\/td>\n                    <td style=\"\"><\/td>\n                    <td style=\"\"><a href=\"https:\/\/diocesisdeaguascalientes.mx\/vicaria-de-pastoral\/wp-content\/uploads\/sites\/2\/forminator\/10414_47c7fef6f8c6f15ac1daaf1663bdf562\/uploads\/Uj6H5i9G28T0-Programacion-Pastoral-Profetica-2025-2026.pdf\" target=\"_blank\">Uj6H5i9G28T0-Programacion-Pastoral-Profetica-2025-2026.pdf<\/a><\/td>\n                    <td style=\"\">24\/09\/2025 09:53 PM<\/td>\n            <\/tr>\n            <tr id=\"table_3_row_186\">\n                    <td style=\"\">Programaci\u00f3n Parroquial<\/td>\n                    <td style=\"\">P040 SAN JACINTO CONFESOR(SAN JACINTO)<\/td>\n                    <td style=\"\">Animaci\u00f3n Pastoral (CPP)<\/td>\n                    <td style=\"\"><\/td>\n                    <td style=\"\"><\/td>\n                    <td style=\"\"><a href=\"https:\/\/diocesisdeaguascalientes.mx\/vicaria-de-pastoral\/wp-content\/uploads\/sites\/2\/forminator\/10414_47c7fef6f8c6f15ac1daaf1663bdf562\/uploads\/HRFCrOkONpwd-PROGRAMACION-PARROQUIAL-SAN-JACINTO-ANIMACION-PASTORAL.pdf\" target=\"_blank\">HRFCrOkONpwd-PROGRAMACION-PARROQUIAL-SAN-JACINTO-ANIMACION-PASTORAL.pdf<\/a><\/td>\n                    <td style=\"\">24\/09\/2025 09:30 PM<\/td>\n            <\/tr>\n            <tr id=\"table_3_row_187\">\n                    <td style=\"\">Programaci\u00f3n Parroquial<\/td>\n                    <td style=\"\">P040 SAN JACINTO CONFESOR(SAN JACINTO)<\/td>\n                    <td style=\"\">Adolescentes<\/td>\n                    <td style=\"\"><\/td>\n                    <td style=\"\"><\/td>\n                    <td style=\"\"><a href=\"https:\/\/diocesisdeaguascalientes.mx\/vicaria-de-pastoral\/wp-content\/uploads\/sites\/2\/forminator\/10414_47c7fef6f8c6f15ac1daaf1663bdf562\/uploads\/Bp3f7BZI8jLP-PROGRAMACION-PARROQUIAL-SAN-JACINTO-ADOLESECENTES.pdf\" target=\"_blank\">Bp3f7BZI8jLP-PROGRAMACION-PARROQUIAL-SAN-JACINTO-ADOLESECENTES.pdf<\/a><\/td>\n                    <td style=\"\">24\/09\/2025 09:29 PM<\/td>\n            <\/tr>\n            <tr id=\"table_3_row_188\">\n                    <td style=\"\">Programaci\u00f3n Parroquial<\/td>\n                    <td style=\"\">P040 SAN JACINTO CONFESOR(SAN JACINTO)<\/td>\n                    <td style=\"\">Familiar<\/td>\n                    <td style=\"\"><\/td>\n                    <td style=\"\"><\/td>\n                    <td style=\"\"><a href=\"https:\/\/diocesisdeaguascalientes.mx\/vicaria-de-pastoral\/wp-content\/uploads\/sites\/2\/forminator\/10414_47c7fef6f8c6f15ac1daaf1663bdf562\/uploads\/W12dTOXolXcC-PROGRAMACION-PARROQUIAL-SAN-JACINTO-FAMILIAR-.pdf\" target=\"_blank\">W12dTOXolXcC-PROGRAMACION-PARROQUIAL-SAN-JACINTO-FAMILIAR-.pdf<\/a><\/td>\n                    <td style=\"\">24\/09\/2025 09:27 PM<\/td>\n            <\/tr>\n            <tr id=\"table_3_row_189\">\n                    <td style=\"\">Programaci\u00f3n Parroquial<\/td>\n                    <td style=\"\">P040 SAN JACINTO CONFESOR(SAN JACINTO)<\/td>\n                    <td style=\"\">Social<\/td>\n                    <td style=\"\"><\/td>\n                    <td style=\"\"><\/td>\n                    <td style=\"\"><a href=\"https:\/\/diocesisdeaguascalientes.mx\/vicaria-de-pastoral\/wp-content\/uploads\/sites\/2\/forminator\/10414_47c7fef6f8c6f15ac1daaf1663bdf562\/uploads\/TpO3E7Xjd6hM-PROGRAMACION-PARROQUIAL-SAN-JACINTO-SOCIAL.pdf\" target=\"_blank\">TpO3E7Xjd6hM-PROGRAMACION-PARROQUIAL-SAN-JACINTO-SOCIAL.pdf<\/a><\/td>\n                    <td style=\"\">24\/09\/2025 09:26 PM<\/td>\n            <\/tr>\n            <tr id=\"table_3_row_190\">\n                    <td style=\"\">Programaci\u00f3n Parroquial<\/td>\n                    <td style=\"\">P064 SAN MIGUEL (IGNACIO ZARAGOZA)<\/td>\n                    <td style=\"\">Organismos Eclesiales Laicales (OEL)<\/td>\n                    <td style=\"\">13.Cursillos de Cristiandad<\/td>\n                    <td style=\"\"><\/td>\n                    <td style=\"\"><a href=\"https:\/\/diocesisdeaguascalientes.mx\/vicaria-de-pastoral\/wp-content\/uploads\/sites\/2\/forminator\/10414_47c7fef6f8c6f15ac1daaf1663bdf562\/uploads\/yeo1uv4b83cv-PROGRAMACION-PARROQUIAL-P064-SAN-MIGUEL-ORGANISMOS-ECLESIALES-LAICALES.pdf\" target=\"_blank\">yeo1uv4b83cv-PROGRAMACION-PARROQUIAL-P064-SAN-MIGUEL-ORGANISMOS-ECLESIALES-LAICALES.pdf<\/a><\/td>\n                    <td style=\"\">24\/09\/2025 09:25 PM<\/td>\n            <\/tr>\n            <tr id=\"table_3_row_191\">\n                    <td style=\"\">Programaci\u00f3n Parroquial<\/td>\n                    <td style=\"\">P040 SAN JACINTO CONFESOR(SAN JACINTO)<\/td>\n                    <td style=\"\">Lit\u00fargica<\/td>\n                    <td style=\"\"><\/td>\n                    <td style=\"\"><\/td>\n                    <td style=\"\"><a href=\"https:\/\/diocesisdeaguascalientes.mx\/vicaria-de-pastoral\/wp-content\/uploads\/sites\/2\/forminator\/10414_47c7fef6f8c6f15ac1daaf1663bdf562\/uploads\/B059TmWlXPBV-PROGRAMACION-PARROQUIAL-SAN-JACINTO-LITURGICA.pdf\" target=\"_blank\">B059TmWlXPBV-PROGRAMACION-PARROQUIAL-SAN-JACINTO-LITURGICA.pdf<\/a><\/td>\n                    <td style=\"\">24\/09\/2025 09:24 PM<\/td>\n            <\/tr>\n            <tr id=\"table_3_row_192\">\n                    <td style=\"\">Programaci\u00f3n Parroquial<\/td>\n                    <td style=\"\">P064 SAN MIGUEL (IGNACIO ZARAGOZA)<\/td>\n                    <td style=\"\">Adolescentes<\/td>\n                    <td style=\"\"><\/td>\n                    <td style=\"\"><\/td>\n                    <td style=\"\"><a href=\"https:\/\/diocesisdeaguascalientes.mx\/vicaria-de-pastoral\/wp-content\/uploads\/sites\/2\/forminator\/10414_47c7fef6f8c6f15ac1daaf1663bdf562\/uploads\/Ita0jtKRcW0K-PROGRAMACION-PARROQUIAL-P064-SAN-MIGUEL-ADOLESCENTES.pdf\" target=\"_blank\">Ita0jtKRcW0K-PROGRAMACION-PARROQUIAL-P064-SAN-MIGUEL-ADOLESCENTES.pdf<\/a><\/td>\n                    <td style=\"\">24\/09\/2025 09:24 PM<\/td>\n            <\/tr>\n            <tr id=\"table_3_row_193\">\n                    <td style=\"\">Programaci\u00f3n Parroquial<\/td>\n                    <td style=\"\">P072 NUESTRA SE\u00d1ORA DEL REFUGIO(DEL TRABAJO)<\/td>\n                    <td style=\"\">Pastoral de la Comunicaci\u00f3n<\/td>\n                    <td style=\"\"><\/td>\n                    <td style=\"\"><\/td>\n                    <td style=\"\"><a href=\"https:\/\/diocesisdeaguascalientes.mx\/vicaria-de-pastoral\/wp-content\/uploads\/sites\/2\/forminator\/10414_47c7fef6f8c6f15ac1daaf1663bdf562\/uploads\/S3a83P2JJhOx-Programacion_Pastoral_ODA.pdf\" target=\"_blank\">S3a83P2JJhOx-Programacion_Pastoral_ODA.pdf<\/a><\/td>\n                    <td style=\"\">24\/09\/2025 09:23 PM<\/td>\n            <\/tr>\n            <tr id=\"table_3_row_194\">\n                    <td style=\"\">Programaci\u00f3n Parroquial<\/td>\n                    <td style=\"\">P064 SAN MIGUEL (IGNACIO ZARAGOZA)<\/td>\n                    <td style=\"\">Familiar<\/td>\n                    <td style=\"\"><\/td>\n                    <td style=\"\"><\/td>\n                    <td style=\"\"><a href=\"https:\/\/diocesisdeaguascalientes.mx\/vicaria-de-pastoral\/wp-content\/uploads\/sites\/2\/forminator\/10414_47c7fef6f8c6f15ac1daaf1663bdf562\/uploads\/iJwML3k5pEcd-PROGRAMACION-PARROQUIAL-P064-SAN-MIGUEL-PASTORAL-FAMILIAR.pdf\" target=\"_blank\">iJwML3k5pEcd-PROGRAMACION-PARROQUIAL-P064-SAN-MIGUEL-PASTORAL-FAMILIAR.pdf<\/a><\/td>\n                    <td style=\"\">24\/09\/2025 09:22 PM<\/td>\n            <\/tr>\n            <tr id=\"table_3_row_195\">\n                    <td style=\"\">Programaci\u00f3n Parroquial<\/td>\n                    <td style=\"\">P040 SAN JACINTO CONFESOR(SAN JACINTO)<\/td>\n                    <td style=\"\">Prof\u00e9tica<\/td>\n                    <td style=\"\"><\/td>\n                    <td style=\"\"><\/td>\n                    <td style=\"\"><a href=\"https:\/\/diocesisdeaguascalientes.mx\/vicaria-de-pastoral\/wp-content\/uploads\/sites\/2\/forminator\/10414_47c7fef6f8c6f15ac1daaf1663bdf562\/uploads\/MdtIC2pYuSVx-PROGRAMACION-PARROQUIAL-SAN-JACINTO-PROFETICA-.pdf\" target=\"_blank\">MdtIC2pYuSVx-PROGRAMACION-PARROQUIAL-SAN-JACINTO-PROFETICA-.pdf<\/a><\/td>\n                    <td style=\"\">24\/09\/2025 09:22 PM<\/td>\n            <\/tr>\n            <tr id=\"table_3_row_196\">\n                    <td style=\"\">Programaci\u00f3n Parroquial<\/td>\n                    <td style=\"\">P064 SAN MIGUEL (IGNACIO ZARAGOZA)<\/td>\n                    <td style=\"\">Social<\/td>\n                    <td style=\"\"><\/td>\n                    <td style=\"\"><\/td>\n                    <td style=\"\"><a href=\"https:\/\/diocesisdeaguascalientes.mx\/vicaria-de-pastoral\/wp-content\/uploads\/sites\/2\/forminator\/10414_47c7fef6f8c6f15ac1daaf1663bdf562\/uploads\/XF3ILjWMPp6h-PROGRAMACION-PARROQUIAL-P064-SAN-MIGUEL-PASTORAL-SOCIAL.pdf\" target=\"_blank\">XF3ILjWMPp6h-PROGRAMACION-PARROQUIAL-P064-SAN-MIGUEL-PASTORAL-SOCIAL.pdf<\/a><\/td>\n                    <td style=\"\">24\/09\/2025 09:21 PM<\/td>\n            <\/tr>\n            <tr id=\"table_3_row_197\">\n                    <td style=\"\">Programaci\u00f3n Parroquial<\/td>\n                    <td style=\"\">P064 SAN MIGUEL (IGNACIO ZARAGOZA)<\/td>\n                    <td style=\"\">Lit\u00fargica<\/td>\n                    <td style=\"\"><\/td>\n                    <td style=\"\"><\/td>\n                    <td style=\"\"><a href=\"https:\/\/diocesisdeaguascalientes.mx\/vicaria-de-pastoral\/wp-content\/uploads\/sites\/2\/forminator\/10414_47c7fef6f8c6f15ac1daaf1663bdf562\/uploads\/9EAVL9Erwa5j-PROGRAMACION-PARROQUIAL-P064-SAN-MIGUEL-PASTORAL-LITURGICA.pdf\" target=\"_blank\">9EAVL9Erwa5j-PROGRAMACION-PARROQUIAL-P064-SAN-MIGUEL-PASTORAL-LITURGICA.pdf<\/a><\/td>\n                    <td style=\"\">24\/09\/2025 09:20 PM<\/td>\n            <\/tr>\n            <tr id=\"table_3_row_198\">\n                    <td style=\"\">Programaci\u00f3n Parroquial<\/td>\n                    <td style=\"\">P123 SAN IGNACIO DE LOYOLA(SAN IGNACIO)<\/td>\n                    <td style=\"\">Pastoral de la Comunicaci\u00f3n<\/td>\n                    <td style=\"\"><\/td>\n                    <td style=\"\"><\/td>\n                    <td style=\"\"><a href=\"https:\/\/diocesisdeaguascalientes.mx\/vicaria-de-pastoral\/wp-content\/uploads\/sites\/2\/forminator\/10414_47c7fef6f8c6f15ac1daaf1663bdf562\/uploads\/kT2qsBWZHFTp-PROG.-PAST.-COMU.-parroquial.pdf\" target=\"_blank\">kT2qsBWZHFTp-PROG.-PAST.-COMU.-parroquial.pdf<\/a><\/td>\n                    <td style=\"\">24\/09\/2025 09:17 PM<\/td>\n            <\/tr>\n            <tr id=\"table_3_row_199\">\n                    <td style=\"\">Programaci\u00f3n Parroquial<\/td>\n                    <td style=\"\">P048 SAN JOS\u00c9(BAJ\u00cdO DE SAN JOS\u00c9)<\/td>\n                    <td style=\"\">Organismos Eclesiales Laicales (OEL)<\/td>\n                    <td style=\"\">27.Legi\u00f3n de Mar\u00eda<\/td>\n                    <td style=\"\"><\/td>\n                    <td style=\"\"><a href=\"https:\/\/diocesisdeaguascalientes.mx\/vicaria-de-pastoral\/wp-content\/uploads\/sites\/2\/forminator\/10414_47c7fef6f8c6f15ac1daaf1663bdf562\/uploads\/cstea99hbQzQ-OEL-BAJIO.pdf\" target=\"_blank\">cstea99hbQzQ-OEL-BAJIO.pdf<\/a><\/td>\n                    <td style=\"\">24\/09\/2025 09:16 PM<\/td>\n            <\/tr>\n            <tr id=\"table_3_row_200\">\n                    <td style=\"\">Programaci\u00f3n Parroquial<\/td>\n                    <td style=\"\">P123 SAN IGNACIO DE LOYOLA(SAN IGNACIO)<\/td>\n                    <td style=\"\">Adolescentes<\/td>\n                    <td style=\"\"><\/td>\n                    <td style=\"\"><\/td>\n                    <td style=\"\"><a href=\"https:\/\/diocesisdeaguascalientes.mx\/vicaria-de-pastoral\/wp-content\/uploads\/sites\/2\/forminator\/10414_47c7fef6f8c6f15ac1daaf1663bdf562\/uploads\/VhtynMztQpdz-FORMATO-DE-PROGRAMACION-ANO-DIOCESANO-DEL-ENCUENTRO-CON-CRISTO-2025-2026.pdf\" target=\"_blank\">VhtynMztQpdz-FORMATO-DE-PROGRAMACION-ANO-DIOCESANO-DEL-ENCUENTRO-CON-CRISTO-2025-2026.pdf<\/a><\/td>\n                    <td style=\"\">24\/09\/2025 09:16 PM<\/td>\n            <\/tr>\n            <tr id=\"table_3_row_201\">\n                    <td style=\"\">Programaci\u00f3n Parroquial<\/td>\n                    <td style=\"\">P123 SAN IGNACIO DE LOYOLA(SAN IGNACIO)<\/td>\n                    <td style=\"\">Familiar<\/td>\n                    <td style=\"\"><\/td>\n                    <td style=\"\"><\/td>\n                    <td style=\"\"><a href=\"https:\/\/diocesisdeaguascalientes.mx\/vicaria-de-pastoral\/wp-content\/uploads\/sites\/2\/forminator\/10414_47c7fef6f8c6f15ac1daaf1663bdf562\/uploads\/kjXTdxRe2byy-PROGRAMACION-PARROQUIAL-PASTORAL-FAMILIAR-ANO-DIOCESANO-DEL-ENCUENTRO-CON-CRISTO-2025-2026.pdf\" target=\"_blank\">kjXTdxRe2byy-PROGRAMACION-PARROQUIAL-PASTORAL-FAMILIAR-ANO-DIOCESANO-DEL-ENCUENTRO-CON-CRISTO-2025-2026.pdf<\/a><\/td>\n                    <td style=\"\">24\/09\/2025 09:15 PM<\/td>\n            <\/tr>\n            <tr id=\"table_3_row_202\">\n                    <td style=\"\">Programaci\u00f3n Parroquial<\/td>\n                    <td style=\"\">P048 SAN JOS\u00c9(BAJ\u00cdO DE SAN JOS\u00c9)<\/td>\n                    <td style=\"\">Juvenil<\/td>\n                    <td style=\"\"><\/td>\n                    <td style=\"\"><\/td>\n                    <td style=\"\"><a href=\"https:\/\/diocesisdeaguascalientes.mx\/vicaria-de-pastoral\/wp-content\/uploads\/sites\/2\/forminator\/10414_47c7fef6f8c6f15ac1daaf1663bdf562\/uploads\/H1UX11HfYgsk-PASTORAL-JUVENIL-BAJIO.pdf\" target=\"_blank\">H1UX11HfYgsk-PASTORAL-JUVENIL-BAJIO.pdf<\/a><\/td>\n                    <td style=\"\">24\/09\/2025 09:14 PM<\/td>\n            <\/tr>\n            <tr id=\"table_3_row_203\">\n                    <td style=\"\">Programaci\u00f3n Parroquial<\/td>\n                    <td style=\"\">P048 SAN JOS\u00c9(BAJ\u00cdO DE SAN JOS\u00c9)<\/td>\n                    <td style=\"\">Familiar<\/td>\n                    <td style=\"\"><\/td>\n                    <td style=\"\"><\/td>\n                    <td style=\"\"><a href=\"https:\/\/diocesisdeaguascalientes.mx\/vicaria-de-pastoral\/wp-content\/uploads\/sites\/2\/forminator\/10414_47c7fef6f8c6f15ac1daaf1663bdf562\/uploads\/ReTOJZDU16X4-PASTORAL-FAMILIAR-BAJIO.pdf\" target=\"_blank\">ReTOJZDU16X4-PASTORAL-FAMILIAR-BAJIO.pdf<\/a><\/td>\n                    <td style=\"\">24\/09\/2025 09:13 PM<\/td>\n            <\/tr>\n            <tr id=\"table_3_row_204\">\n                    <td style=\"\">Programaci\u00f3n Parroquial<\/td>\n                    <td style=\"\">P123 SAN IGNACIO DE LOYOLA(SAN IGNACIO)<\/td>\n                    <td style=\"\">Social<\/td>\n                    <td style=\"\"><\/td>\n                    <td style=\"\"><\/td>\n                    <td style=\"\"><a href=\"https:\/\/diocesisdeaguascalientes.mx\/vicaria-de-pastoral\/wp-content\/uploads\/sites\/2\/forminator\/10414_47c7fef6f8c6f15ac1daaf1663bdf562\/uploads\/TaAOkEvywNcj-past-social-parroquial.pdf\" target=\"_blank\">TaAOkEvywNcj-past-social-parroquial.pdf<\/a><\/td>\n                    <td style=\"\">24\/09\/2025 09:13 PM<\/td>\n            <\/tr>\n            <tr id=\"table_3_row_205\">\n                    <td style=\"\">Programaci\u00f3n Parroquial<\/td>\n                    <td style=\"\">P072 NUESTRA SE\u00d1ORA DEL REFUGIO(DEL TRABAJO)<\/td>\n                    <td style=\"\">Organismos Eclesiales Laicales (OEL)<\/td>\n                    <td style=\"\">40.Renovaci\u00f3n Carism\u00e1tica Cat\u00f3lica en el Esp\u00edritu Santo<\/td>\n                    <td style=\"\"><\/td>\n                    <td style=\"\"><a href=\"https:\/\/diocesisdeaguascalientes.mx\/vicaria-de-pastoral\/wp-content\/uploads\/sites\/2\/forminator\/10414_47c7fef6f8c6f15ac1daaf1663bdf562\/uploads\/tsM1R81jKfHf-Renovacion-.pdf\" target=\"_blank\">tsM1R81jKfHf-Renovacion-.pdf<\/a><\/td>\n                    <td style=\"\">24\/09\/2025 09:12 PM<\/td>\n            <\/tr>\n            <tr id=\"table_3_row_206\">\n                    <td style=\"\">Programaci\u00f3n Parroquial<\/td>\n                    <td style=\"\">P048 SAN JOS\u00c9(BAJ\u00cdO DE SAN JOS\u00c9)<\/td>\n                    <td style=\"\">Social<\/td>\n                    <td style=\"\"><\/td>\n                    <td style=\"\"><\/td>\n                    <td style=\"\"><a href=\"https:\/\/diocesisdeaguascalientes.mx\/vicaria-de-pastoral\/wp-content\/uploads\/sites\/2\/forminator\/10414_47c7fef6f8c6f15ac1daaf1663bdf562\/uploads\/SJSeJxpO4j5N-PASTORAL-SOCIAL-BAJIO.pdf\" target=\"_blank\">SJSeJxpO4j5N-PASTORAL-SOCIAL-BAJIO.pdf<\/a><\/td>\n                    <td style=\"\">24\/09\/2025 09:12 PM<\/td>\n            <\/tr>\n            <tr id=\"table_3_row_207\">\n                    <td style=\"\">Programaci\u00f3n Parroquial<\/td>\n                    <td style=\"\">P123 SAN IGNACIO DE LOYOLA(SAN IGNACIO)<\/td>\n                    <td style=\"\">Lit\u00fargica<\/td>\n                    <td style=\"\"><\/td>\n                    <td style=\"\"><\/td>\n                    <td style=\"\"><a href=\"https:\/\/diocesisdeaguascalientes.mx\/vicaria-de-pastoral\/wp-content\/uploads\/sites\/2\/forminator\/10414_47c7fef6f8c6f15ac1daaf1663bdf562\/uploads\/g4qCKjHiMhGy-Programacion-Pastoral-LITURGICA-Ano-del-Encuentro-con-Cristo-25-26.pdf\" target=\"_blank\">g4qCKjHiMhGy-Programacion-Pastoral-LITURGICA-Ano-del-Encuentro-con-Cristo-25-26.pdf<\/a><\/td>\n                    <td style=\"\">24\/09\/2025 09:11 PM<\/td>\n            <\/tr>\n            <tr id=\"table_3_row_208\">\n                    <td style=\"\">Programaci\u00f3n Parroquial<\/td>\n                    <td style=\"\">P072 NUESTRA SE\u00d1ORA DEL REFUGIO(DEL TRABAJO)<\/td>\n                    <td style=\"\">Organismos Eclesiales Laicales (OEL)<\/td>\n                    <td style=\"\">Otro<\/td>\n                    <td style=\"\">Liturgia Santa Rita<\/td>\n                    <td style=\"\"><a href=\"https:\/\/diocesisdeaguascalientes.mx\/vicaria-de-pastoral\/wp-content\/uploads\/sites\/2\/forminator\/10414_47c7fef6f8c6f15ac1daaf1663bdf562\/uploads\/quvhco8KTbd5-Programa-Sta.-Rita-1.pdf\" target=\"_blank\">quvhco8KTbd5-Programa-Sta.-Rita-1.pdf<\/a><\/td>\n                    <td style=\"\">24\/09\/2025 09:11 PM<\/td>\n            <\/tr>\n            <tr id=\"table_3_row_209\">\n                    <td style=\"\">Programaci\u00f3n Parroquial<\/td>\n                    <td style=\"\">P048 SAN JOS\u00c9(BAJ\u00cdO DE SAN JOS\u00c9)<\/td>\n                    <td style=\"\">Lit\u00fargica<\/td>\n                    <td style=\"\"><\/td>\n                    <td style=\"\"><\/td>\n                    <td style=\"\"><a href=\"https:\/\/diocesisdeaguascalientes.mx\/vicaria-de-pastoral\/wp-content\/uploads\/sites\/2\/forminator\/10414_47c7fef6f8c6f15ac1daaf1663bdf562\/uploads\/RwrJxg8GmQMg-PASTORAL-LITURGICA-BAJIO.pdf\" target=\"_blank\">RwrJxg8GmQMg-PASTORAL-LITURGICA-BAJIO.pdf<\/a><\/td>\n                    <td style=\"\">24\/09\/2025 09:11 PM<\/td>\n            <\/tr>\n            <tr id=\"table_3_row_210\">\n                    <td style=\"\">Programaci\u00f3n Parroquial<\/td>\n                    <td style=\"\">P048 SAN JOS\u00c9(BAJ\u00cdO DE SAN JOS\u00c9)<\/td>\n                    <td style=\"\">Prof\u00e9tica<\/td>\n                    <td style=\"\"><\/td>\n                    <td style=\"\"><\/td>\n                    <td style=\"\"><a href=\"https:\/\/diocesisdeaguascalientes.mx\/vicaria-de-pastoral\/wp-content\/uploads\/sites\/2\/forminator\/10414_47c7fef6f8c6f15ac1daaf1663bdf562\/uploads\/F9ty4ZDp6mGQ-PASTORAL-PROFETICA-BAJIO.pdf\" target=\"_blank\">F9ty4ZDp6mGQ-PASTORAL-PROFETICA-BAJIO.pdf<\/a><\/td>\n                    <td style=\"\">24\/09\/2025 09:11 PM<\/td>\n            <\/tr>\n            <tr id=\"table_3_row_211\">\n                    <td style=\"\">Programaci\u00f3n Parroquial<\/td>\n                    <td style=\"\">P123 SAN IGNACIO DE LOYOLA(SAN IGNACIO)<\/td>\n                    <td style=\"\">Prof\u00e9tica<\/td>\n                    <td style=\"\"><\/td>\n                    <td style=\"\"><\/td>\n                    <td style=\"\"><a href=\"https:\/\/diocesisdeaguascalientes.mx\/vicaria-de-pastoral\/wp-content\/uploads\/sites\/2\/forminator\/10414_47c7fef6f8c6f15ac1daaf1663bdf562\/uploads\/5NsrcKbF2FWw-PROGRAMACION-2025-2026.pdf\" target=\"_blank\">5NsrcKbF2FWw-PROGRAMACION-2025-2026.pdf<\/a><\/td>\n                    <td style=\"\">24\/09\/2025 09:10 PM<\/td>\n            <\/tr>\n            <tr id=\"table_3_row_212\">\n                    <td style=\"\">Programaci\u00f3n Parroquial<\/td>\n                    <td style=\"\">P048 SAN JOS\u00c9(BAJ\u00cdO DE SAN JOS\u00c9)<\/td>\n                    <td style=\"\">Animaci\u00f3n Pastoral (CPP)<\/td>\n                    <td style=\"\"><\/td>\n                    <td style=\"\"><\/td>\n                    <td style=\"\"><a href=\"https:\/\/diocesisdeaguascalientes.mx\/vicaria-de-pastoral\/wp-content\/uploads\/sites\/2\/forminator\/10414_47c7fef6f8c6f15ac1daaf1663bdf562\/uploads\/Aj3CEzd8j7di-ANIMACION-PASTORAL-BAJIO.pdf\" target=\"_blank\">Aj3CEzd8j7di-ANIMACION-PASTORAL-BAJIO.pdf<\/a><\/td>\n                    <td style=\"\">24\/09\/2025 09:10 PM<\/td>\n            <\/tr>\n            <tr id=\"table_3_row_213\">\n                    <td style=\"\">Programaci\u00f3n Parroquial<\/td>\n                    <td style=\"\">P072 NUESTRA SE\u00d1ORA DEL REFUGIO(DEL TRABAJO)<\/td>\n                    <td style=\"\">Organismos Eclesiales Laicales (OEL)<\/td>\n                    <td style=\"\">Otro<\/td>\n                    <td style=\"\">Adoraci\u00f3n nocturna<\/td>\n                    <td style=\"\"><a href=\"https:\/\/diocesisdeaguascalientes.mx\/vicaria-de-pastoral\/wp-content\/uploads\/sites\/2\/forminator\/10414_47c7fef6f8c6f15ac1daaf1663bdf562\/uploads\/5gCi4NC9pwID-Adoracion-nocturna-.pdf\" target=\"_blank\">5gCi4NC9pwID-Adoracion-nocturna-.pdf<\/a><\/td>\n                    <td style=\"\">24\/09\/2025 09:09 PM<\/td>\n            <\/tr>\n            <tr id=\"table_3_row_214\">\n                    <td style=\"\">Programaci\u00f3n Parroquial<\/td>\n                    <td style=\"\">P072 NUESTRA SE\u00d1ORA DEL REFUGIO(DEL TRABAJO)<\/td>\n                    <td style=\"\">Organismos Eclesiales Laicales (OEL)<\/td>\n                    <td style=\"\">Otro<\/td>\n                    <td style=\"\">Se\u00f1or de la misericordia<\/td>\n                    <td style=\"\"><a href=\"https:\/\/diocesisdeaguascalientes.mx\/vicaria-de-pastoral\/wp-content\/uploads\/sites\/2\/forminator\/10414_47c7fef6f8c6f15ac1daaf1663bdf562\/uploads\/7UfoJ4u4pe7V-Senor-de-la-misericordia-.pdf\" target=\"_blank\">7UfoJ4u4pe7V-Senor-de-la-misericordia-.pdf<\/a><\/td>\n                    <td style=\"\">24\/09\/2025 09:04 PM<\/td>\n            <\/tr>\n            <tr id=\"table_3_row_215\">\n                    <td style=\"\">Programaci\u00f3n Parroquial<\/td>\n                    <td style=\"\">P072 NUESTRA SE\u00d1ORA DEL REFUGIO(DEL TRABAJO)<\/td>\n                    <td style=\"\">Social<\/td>\n                    <td style=\"\"><\/td>\n                    <td style=\"\"><\/td>\n                    <td style=\"\"><a href=\"https:\/\/diocesisdeaguascalientes.mx\/vicaria-de-pastoral\/wp-content\/uploads\/sites\/2\/forminator\/10414_47c7fef6f8c6f15ac1daaf1663bdf562\/uploads\/x60zLLGtUhfH-Programa-Pastoral-Social.pdf\" target=\"_blank\">x60zLLGtUhfH-Programa-Pastoral-Social.pdf<\/a><\/td>\n                    <td style=\"\">24\/09\/2025 09:03 PM<\/td>\n            <\/tr>\n            <tr id=\"table_3_row_216\">\n                    <td style=\"\">Programaci\u00f3n Parroquial<\/td>\n                    <td style=\"\">P072 NUESTRA SE\u00d1ORA DEL REFUGIO(DEL TRABAJO)<\/td>\n                    <td style=\"\">Organismos Eclesiales Laicales (OEL)<\/td>\n                    <td style=\"\">Otro<\/td>\n                    <td style=\"\">Ministros<\/td>\n                    <td style=\"\"><a href=\"https:\/\/diocesisdeaguascalientes.mx\/vicaria-de-pastoral\/wp-content\/uploads\/sites\/2\/forminator\/10414_47c7fef6f8c6f15ac1daaf1663bdf562\/uploads\/74RpcW4sU6vW-PLANEACION-MINISTROS-EXTRAORDINARIOS-2025-2026.pdf\" target=\"_blank\">74RpcW4sU6vW-PLANEACION-MINISTROS-EXTRAORDINARIOS-2025-2026.pdf<\/a><\/td>\n                    <td style=\"\">24\/09\/2025 09:02 PM<\/td>\n            <\/tr>\n            <tr id=\"table_3_row_217\">\n                    <td style=\"\">Programaci\u00f3n Parroquial<\/td>\n                    <td style=\"\">P018 DIVINO SALVADOR(TROJES DE ALONSO)<\/td>\n                    <td style=\"\">Adolescentes<\/td>\n                    <td style=\"\"><\/td>\n                    <td style=\"\"><\/td>\n                    <td style=\"\"><a href=\"https:\/\/diocesisdeaguascalientes.mx\/vicaria-de-pastoral\/wp-content\/uploads\/sites\/2\/forminator\/10414_47c7fef6f8c6f15ac1daaf1663bdf562\/uploads\/uloQ6GmtKG1n-pastoral-adolecentes-SEPTIEMBRE-2025.pdf\" target=\"_blank\">uloQ6GmtKG1n-pastoral-adolecentes-SEPTIEMBRE-2025.pdf<\/a><\/td>\n                    <td style=\"\">24\/09\/2025 09:02 PM<\/td>\n            <\/tr>\n            <tr id=\"table_3_row_218\">\n                    <td style=\"\">Programaci\u00f3n Parroquial<\/td>\n                    <td style=\"\">P018 DIVINO SALVADOR(TROJES DE ALONSO)<\/td>\n                    <td style=\"\">Social<\/td>\n                    <td style=\"\"><\/td>\n                    <td style=\"\"><\/td>\n                    <td style=\"\"><a href=\"https:\/\/diocesisdeaguascalientes.mx\/vicaria-de-pastoral\/wp-content\/uploads\/sites\/2\/forminator\/10414_47c7fef6f8c6f15ac1daaf1663bdf562\/uploads\/zqz1uOFPHZbM-PASTORAL-SOCIAL-2025.pdf\" target=\"_blank\">zqz1uOFPHZbM-PASTORAL-SOCIAL-2025.pdf<\/a><\/td>\n                    <td style=\"\">24\/09\/2025 08:20 PM<\/td>\n            <\/tr>\n            <tr id=\"table_3_row_219\">\n                    <td style=\"\">Programaci\u00f3n Parroquial<\/td>\n                    <td style=\"\">P119 SANTA CECILIA(POTREROS DEL OESTE)<\/td>\n                    <td style=\"\">Prof\u00e9tica<\/td>\n                    <td style=\"\"><\/td>\n                    <td style=\"\"><\/td>\n                    <td style=\"\"><a href=\"https:\/\/diocesisdeaguascalientes.mx\/vicaria-de-pastoral\/wp-content\/uploads\/sites\/2\/forminator\/10414_47c7fef6f8c6f15ac1daaf1663bdf562\/uploads\/SKYwkPmuRv2H-Programacion-25-26-sta.-Cecilia-PROFETICA.pdf\" target=\"_blank\">SKYwkPmuRv2H-Programacion-25-26-sta.-Cecilia-PROFETICA.pdf<\/a><\/td>\n                    <td style=\"\">24\/09\/2025 08:09 PM<\/td>\n            <\/tr>\n            <tr id=\"table_3_row_220\">\n                    <td style=\"\">Programaci\u00f3n Parroquial<\/td>\n                    <td style=\"\">P055 SAN JUDAS TADEO(INSURGENTES)<\/td>\n                    <td style=\"\">Animaci\u00f3n Pastoral (CPP)<\/td>\n                    <td style=\"\"><\/td>\n                    <td style=\"\"><\/td>\n                    <td style=\"\"><a href=\"https:\/\/diocesisdeaguascalientes.mx\/vicaria-de-pastoral\/wp-content\/uploads\/sites\/2\/forminator\/10414_47c7fef6f8c6f15ac1daaf1663bdf562\/uploads\/X4y2zXp68yVt-PROGRAMACION-PARROQUIAL-ANIMACION-PASTORAL-CPP-2025-2026-SJT.pdf\" target=\"_blank\">X4y2zXp68yVt-PROGRAMACION-PARROQUIAL-ANIMACION-PASTORAL-CPP-2025-2026-SJT.pdf<\/a><\/td>\n                    <td style=\"\">24\/09\/2025 07:26 PM<\/td>\n            <\/tr>\n            <tr id=\"table_3_row_221\">\n                    <td style=\"\">Programaci\u00f3n Parroquial<\/td>\n                    <td style=\"\">P063 SAN MIGUEL ARC\u00c1NGEL(LAS ARBOLEDAS)<\/td>\n                    <td style=\"\">Social<\/td>\n                    <td style=\"\"><\/td>\n                    <td style=\"\"><\/td>\n                    <td style=\"\"><a href=\"https:\/\/diocesisdeaguascalientes.mx\/vicaria-de-pastoral\/wp-content\/uploads\/sites\/2\/forminator\/10414_47c7fef6f8c6f15ac1daaf1663bdf562\/uploads\/tc03Hsxg2mVC-03-SMAAGS-PASTORAL-SOCIAL-Programacion-2025-26.pdf\" target=\"_blank\">tc03Hsxg2mVC-03-SMAAGS-PASTORAL-SOCIAL-Programacion-2025-26.pdf<\/a><\/td>\n                    <td style=\"\">24\/09\/2025 07:22 PM<\/td>\n            <\/tr>\n            <tr id=\"table_3_row_222\">\n                    <td style=\"\">Programaci\u00f3n Parroquial<\/td>\n                    <td style=\"\">P063 SAN MIGUEL ARC\u00c1NGEL(LAS ARBOLEDAS)<\/td>\n                    <td style=\"\">Lit\u00fargica<\/td>\n                    <td style=\"\"><\/td>\n                    <td style=\"\"><\/td>\n                    <td style=\"\"><a href=\"https:\/\/diocesisdeaguascalientes.mx\/vicaria-de-pastoral\/wp-content\/uploads\/sites\/2\/forminator\/10414_47c7fef6f8c6f15ac1daaf1663bdf562\/uploads\/dZN5PfijX5bC-02-SMAAGS-PASTORAL-LITURGICA-Programacion-2025-26.pdf\" target=\"_blank\">dZN5PfijX5bC-02-SMAAGS-PASTORAL-LITURGICA-Programacion-2025-26.pdf<\/a><\/td>\n                    <td style=\"\">24\/09\/2025 07:18 PM<\/td>\n            <\/tr>\n            <tr id=\"table_3_row_223\">\n                    <td style=\"\">Programaci\u00f3n Parroquial<\/td>\n                    <td style=\"\">P063 SAN MIGUEL ARC\u00c1NGEL(LAS ARBOLEDAS)<\/td>\n                    <td style=\"\">Prof\u00e9tica<\/td>\n                    <td style=\"\"><\/td>\n                    <td style=\"\"><\/td>\n                    <td style=\"\"><a href=\"https:\/\/diocesisdeaguascalientes.mx\/vicaria-de-pastoral\/wp-content\/uploads\/sites\/2\/forminator\/10414_47c7fef6f8c6f15ac1daaf1663bdf562\/uploads\/gIq3TW0CwF4y-01-SMAAGS-PASTORAL-PROFETICA-Programacion-2025-26.pdf\" target=\"_blank\">gIq3TW0CwF4y-01-SMAAGS-PASTORAL-PROFETICA-Programacion-2025-26.pdf<\/a><\/td>\n                    <td style=\"\">24\/09\/2025 07:18 PM<\/td>\n            <\/tr>\n            <tr id=\"table_3_row_224\">\n                    <td style=\"\">Programaci\u00f3n Parroquial<\/td>\n                    <td style=\"\">P063 SAN MIGUEL ARC\u00c1NGEL(LAS ARBOLEDAS)<\/td>\n                    <td style=\"\">Animaci\u00f3n Pastoral (CPP)<\/td>\n                    <td style=\"\"><\/td>\n                    <td style=\"\"><\/td>\n                    <td style=\"\"><a href=\"https:\/\/diocesisdeaguascalientes.mx\/vicaria-de-pastoral\/wp-content\/uploads\/sites\/2\/forminator\/10414_47c7fef6f8c6f15ac1daaf1663bdf562\/uploads\/euBm0I9IhwpI-00-ANIMACION-PASTORAL-Programacion-2025-2026.pdf\" target=\"_blank\">euBm0I9IhwpI-00-ANIMACION-PASTORAL-Programacion-2025-2026.pdf<\/a><\/td>\n                    <td style=\"\">24\/09\/2025 07:17 PM<\/td>\n            <\/tr>\n            <tr id=\"table_3_row_225\">\n                    <td style=\"\">Programaci\u00f3n Parroquial<\/td>\n                    <td style=\"\">P071 PUR\u00cdSIMA CONCEPCI\u00d3N(BARRIO DE LA PUR\u00cdSIMA)<\/td>\n                    <td style=\"\">Lit\u00fargica<\/td>\n                    <td style=\"\"><\/td>\n                    <td style=\"\"><\/td>\n                    <td style=\"\"><a href=\"https:\/\/diocesisdeaguascalientes.mx\/vicaria-de-pastoral\/wp-content\/uploads\/sites\/2\/forminator\/10414_47c7fef6f8c6f15ac1daaf1663bdf562\/uploads\/e4QyQVxLFJXW-PROGRAMACION-PASTORAL-LITURGICA-2025-2026.pdf\" target=\"_blank\">e4QyQVxLFJXW-PROGRAMACION-PASTORAL-LITURGICA-2025-2026.pdf<\/a><\/td>\n                    <td style=\"\">24\/09\/2025 06:01 PM<\/td>\n            <\/tr>\n            <tr id=\"table_3_row_226\">\n                    <td style=\"\">Programaci\u00f3n Parroquial<\/td>\n                    <td style=\"\">P062 NUESTRA SE\u00d1ORA DE LA MEDALLA MILAGROSA(PRIMAVERA)<\/td>\n                    <td style=\"\">Juvenil<\/td>\n                    <td style=\"\"><\/td>\n                    <td style=\"\"><\/td>\n                    <td style=\"\"><a href=\"https:\/\/diocesisdeaguascalientes.mx\/vicaria-de-pastoral\/wp-content\/uploads\/sites\/2\/forminator\/10414_47c7fef6f8c6f15ac1daaf1663bdf562\/uploads\/EKMR4ISDuboR-08-programacion-pastoral-JUVENIL.pdf\" target=\"_blank\">EKMR4ISDuboR-08-programacion-pastoral-JUVENIL.pdf<\/a><\/td>\n                    <td style=\"\">24\/09\/2025 05:57 PM<\/td>\n            <\/tr>\n            <tr id=\"table_3_row_227\">\n                    <td style=\"\">Programaci\u00f3n Parroquial<\/td>\n                    <td style=\"\">P062 NUESTRA SE\u00d1ORA DE LA MEDALLA MILAGROSA(PRIMAVERA)<\/td>\n                    <td style=\"\">Pastoral de la Comunicaci\u00f3n<\/td>\n                    <td style=\"\"><\/td>\n                    <td style=\"\"><\/td>\n                    <td style=\"\"><a href=\"https:\/\/diocesisdeaguascalientes.mx\/vicaria-de-pastoral\/wp-content\/uploads\/sites\/2\/forminator\/10414_47c7fef6f8c6f15ac1daaf1663bdf562\/uploads\/EvRpJ9IfRmFU-09-programacion-pastoral-de-la-COMUNICACION.pdf\" target=\"_blank\">EvRpJ9IfRmFU-09-programacion-pastoral-de-la-COMUNICACION.pdf<\/a><\/td>\n                    <td style=\"\">24\/09\/2025 05:56 PM<\/td>\n            <\/tr>\n            <tr id=\"table_3_row_228\">\n                    <td style=\"\">Programaci\u00f3n Parroquial<\/td>\n                    <td style=\"\">P062 NUESTRA SE\u00d1ORA DE LA MEDALLA MILAGROSA(PRIMAVERA)<\/td>\n                    <td style=\"\">Familiar<\/td>\n                    <td style=\"\"><\/td>\n                    <td style=\"\"><\/td>\n                    <td style=\"\"><a href=\"https:\/\/diocesisdeaguascalientes.mx\/vicaria-de-pastoral\/wp-content\/uploads\/sites\/2\/forminator\/10414_47c7fef6f8c6f15ac1daaf1663bdf562\/uploads\/OHzVC02ovjYt-07-programacion-pastoral-FAMILIAR.pdf\" target=\"_blank\">OHzVC02ovjYt-07-programacion-pastoral-FAMILIAR.pdf<\/a><\/td>\n                    <td style=\"\">24\/09\/2025 05:55 PM<\/td>\n            <\/tr>\n            <tr id=\"table_3_row_229\">\n                    <td style=\"\">Programaci\u00f3n Parroquial<\/td>\n                    <td style=\"\">P062 NUESTRA SE\u00d1ORA DE LA MEDALLA MILAGROSA(PRIMAVERA)<\/td>\n                    <td style=\"\">Animaci\u00f3n Pastoral (CPP)<\/td>\n                    <td style=\"\"><\/td>\n                    <td style=\"\"><\/td>\n                    <td style=\"\"><a href=\"https:\/\/diocesisdeaguascalientes.mx\/vicaria-de-pastoral\/wp-content\/uploads\/sites\/2\/forminator\/10414_47c7fef6f8c6f15ac1daaf1663bdf562\/uploads\/BPFyEy2v5YoD-06-programacion-pastoral-ANIMACION-PASTORAL.pdf\" target=\"_blank\">BPFyEy2v5YoD-06-programacion-pastoral-ANIMACION-PASTORAL.pdf<\/a><\/td>\n                    <td style=\"\">24\/09\/2025 05:51 PM<\/td>\n            <\/tr>\n            <tr id=\"table_3_row_230\">\n                    <td style=\"\">Programaci\u00f3n Parroquial<\/td>\n                    <td style=\"\">P062 NUESTRA SE\u00d1ORA DE LA MEDALLA MILAGROSA(PRIMAVERA)<\/td>\n                    <td style=\"\">Lit\u00fargica<\/td>\n                    <td style=\"\"><\/td>\n                    <td style=\"\"><\/td>\n                    <td style=\"\"><a href=\"https:\/\/diocesisdeaguascalientes.mx\/vicaria-de-pastoral\/wp-content\/uploads\/sites\/2\/forminator\/10414_47c7fef6f8c6f15ac1daaf1663bdf562\/uploads\/w4F5cSv5lhOg-05-programacion-pastoral-LITURGICA-MINISTROS.pdf\" target=\"_blank\">w4F5cSv5lhOg-05-programacion-pastoral-LITURGICA-MINISTROS.pdf<\/a><\/td>\n                    <td style=\"\">24\/09\/2025 05:50 PM<\/td>\n            <\/tr>\n            <tr id=\"table_3_row_231\">\n                    <td style=\"\">Programaci\u00f3n Parroquial<\/td>\n                    <td style=\"\">P062 NUESTRA SE\u00d1ORA DE LA MEDALLA MILAGROSA(PRIMAVERA)<\/td>\n                    <td style=\"\">Lit\u00fargica<\/td>\n                    <td style=\"\"><\/td>\n                    <td style=\"\"><\/td>\n                    <td style=\"\"><a href=\"https:\/\/diocesisdeaguascalientes.mx\/vicaria-de-pastoral\/wp-content\/uploads\/sites\/2\/forminator\/10414_47c7fef6f8c6f15ac1daaf1663bdf562\/uploads\/FqPbwVc6a7Nc-04-programacion-pastoral-LITURGICA-COROS.pdf\" target=\"_blank\">FqPbwVc6a7Nc-04-programacion-pastoral-LITURGICA-COROS.pdf<\/a><\/td>\n                    <td style=\"\">24\/09\/2025 05:50 PM<\/td>\n            <\/tr>\n            <tr id=\"table_3_row_232\">\n                    <td style=\"\">Programaci\u00f3n Parroquial<\/td>\n                    <td style=\"\">P062 NUESTRA SE\u00d1ORA DE LA MEDALLA MILAGROSA(PRIMAVERA)<\/td>\n                    <td style=\"\">Lit\u00fargica<\/td>\n                    <td style=\"\"><\/td>\n                    <td style=\"\"><\/td>\n                    <td style=\"\"><a href=\"https:\/\/diocesisdeaguascalientes.mx\/vicaria-de-pastoral\/wp-content\/uploads\/sites\/2\/forminator\/10414_47c7fef6f8c6f15ac1daaf1663bdf562\/uploads\/7sESr0Mzyscw-03-programacion-pastoral-LITIRGICA-LECTORES.pdf\" target=\"_blank\">7sESr0Mzyscw-03-programacion-pastoral-LITIRGICA-LECTORES.pdf<\/a><\/td>\n                    <td style=\"\">24\/09\/2025 05:49 PM<\/td>\n            <\/tr>\n            <tr id=\"table_3_row_233\">\n                    <td style=\"\">Programaci\u00f3n Parroquial<\/td>\n                    <td style=\"\">P079 NUESTRA SE\u00d1ORA DEL REFUGIO(SANTA MAR\u00cdA DE EN MEDIO)<\/td>\n                    <td style=\"\">Organismos Eclesiales Laicales (OEL)<\/td>\n                    <td style=\"\">Otro<\/td>\n                    <td style=\"\">Quo-vadis<\/td>\n                    <td style=\"\"><a href=\"https:\/\/diocesisdeaguascalientes.mx\/vicaria-de-pastoral\/wp-content\/uploads\/sites\/2\/forminator\/10414_47c7fef6f8c6f15ac1daaf1663bdf562\/uploads\/OOQd502eXMiy-Programa-Quo-Vadis.pdf\" target=\"_blank\">OOQd502eXMiy-Programa-Quo-Vadis.pdf<\/a><\/td>\n                    <td style=\"\">24\/09\/2025 05:28 PM<\/td>\n            <\/tr>\n            <tr id=\"table_3_row_234\">\n                    <td style=\"\">Programaci\u00f3n Parroquial<\/td>\n                    <td style=\"\">P079 NUESTRA SE\u00d1ORA DEL REFUGIO(SANTA MAR\u00cdA DE EN MEDIO)<\/td>\n                    <td style=\"\">Pastoral de la Comunicaci\u00f3n<\/td>\n                    <td style=\"\"><\/td>\n                    <td style=\"\"><\/td>\n                    <td style=\"\"><a href=\"https:\/\/diocesisdeaguascalientes.mx\/vicaria-de-pastoral\/wp-content\/uploads\/sites\/2\/forminator\/10414_47c7fef6f8c6f15ac1daaf1663bdf562\/uploads\/xBefFBXTSQaN-Programa-Comunicacion.pdf\" target=\"_blank\">xBefFBXTSQaN-Programa-Comunicacion.pdf<\/a><\/td>\n                    <td style=\"\">24\/09\/2025 05:26 PM<\/td>\n            <\/tr>\n            <tr id=\"table_3_row_235\">\n                    <td style=\"\">Programaci\u00f3n Parroquial<\/td>\n                    <td style=\"\">P079 NUESTRA SE\u00d1ORA DEL REFUGIO(SANTA MAR\u00cdA DE EN MEDIO)<\/td>\n                    <td style=\"\">Juvenil<\/td>\n                    <td style=\"\"><\/td>\n                    <td style=\"\"><\/td>\n                    <td style=\"\"><a href=\"https:\/\/diocesisdeaguascalientes.mx\/vicaria-de-pastoral\/wp-content\/uploads\/sites\/2\/forminator\/10414_47c7fef6f8c6f15ac1daaf1663bdf562\/uploads\/1YdSvmHMKARS-Programa-jovenes.pdf\" target=\"_blank\">1YdSvmHMKARS-Programa-jovenes.pdf<\/a><\/td>\n                    <td style=\"\">24\/09\/2025 05:25 PM<\/td>\n            <\/tr>\n            <tr id=\"table_3_row_236\">\n                    <td style=\"\">Programaci\u00f3n Parroquial<\/td>\n                    <td style=\"\">P079 NUESTRA SE\u00d1ORA DEL REFUGIO(SANTA MAR\u00cdA DE EN MEDIO)<\/td>\n                    <td style=\"\">Adolescentes<\/td>\n                    <td style=\"\"><\/td>\n                    <td style=\"\"><\/td>\n                    <td style=\"\"><a href=\"https:\/\/diocesisdeaguascalientes.mx\/vicaria-de-pastoral\/wp-content\/uploads\/sites\/2\/forminator\/10414_47c7fef6f8c6f15ac1daaf1663bdf562\/uploads\/tRYBONJxVjEn-Adolescentes.pdf\" target=\"_blank\">tRYBONJxVjEn-Adolescentes.pdf<\/a><\/td>\n                    <td style=\"\">24\/09\/2025 05:24 PM<\/td>\n            <\/tr>\n            <tr id=\"table_3_row_237\">\n                    <td style=\"\">Programaci\u00f3n Parroquial<\/td>\n                    <td style=\"\">P079 NUESTRA SE\u00d1ORA DEL REFUGIO(SANTA MAR\u00cdA DE EN MEDIO)<\/td>\n                    <td style=\"\">Familiar<\/td>\n                    <td style=\"\"><\/td>\n                    <td style=\"\"><\/td>\n                    <td style=\"\"><a href=\"https:\/\/diocesisdeaguascalientes.mx\/vicaria-de-pastoral\/wp-content\/uploads\/sites\/2\/forminator\/10414_47c7fef6f8c6f15ac1daaf1663bdf562\/uploads\/W2zdcZcU0eEb-familiar.pdf\" target=\"_blank\">W2zdcZcU0eEb-familiar.pdf<\/a><\/td>\n                    <td style=\"\">24\/09\/2025 05:23 PM<\/td>\n            <\/tr>\n            <tr id=\"table_3_row_238\">\n                    <td style=\"\">Programaci\u00f3n Parroquial<\/td>\n                    <td style=\"\">P079 NUESTRA SE\u00d1ORA DEL REFUGIO(SANTA MAR\u00cdA DE EN MEDIO)<\/td>\n                    <td style=\"\">Social<\/td>\n                    <td style=\"\"><\/td>\n                    <td style=\"\"><\/td>\n                    <td style=\"\"><a href=\"https:\/\/diocesisdeaguascalientes.mx\/vicaria-de-pastoral\/wp-content\/uploads\/sites\/2\/forminator\/10414_47c7fef6f8c6f15ac1daaf1663bdf562\/uploads\/oCDCAnaLzyTm-Programa-social.pdf\" target=\"_blank\">oCDCAnaLzyTm-Programa-social.pdf<\/a><\/td>\n                    <td style=\"\">24\/09\/2025 05:22 PM<\/td>\n            <\/tr>\n            <tr id=\"table_3_row_239\">\n                    <td style=\"\">Programaci\u00f3n Parroquial<\/td>\n                    <td style=\"\">P079 NUESTRA SE\u00d1ORA DEL REFUGIO(SANTA MAR\u00cdA DE EN MEDIO)<\/td>\n                    <td style=\"\">Lit\u00fargica<\/td>\n                    <td style=\"\"><\/td>\n                    <td style=\"\"><\/td>\n                    <td style=\"\"><a href=\"https:\/\/diocesisdeaguascalientes.mx\/vicaria-de-pastoral\/wp-content\/uploads\/sites\/2\/forminator\/10414_47c7fef6f8c6f15ac1daaf1663bdf562\/uploads\/DXb9S1r6MeUm-programa-liturgia.pdf\" target=\"_blank\">DXb9S1r6MeUm-programa-liturgia.pdf<\/a><\/td>\n                    <td style=\"\">24\/09\/2025 05:20 PM<\/td>\n            <\/tr>\n            <tr id=\"table_3_row_240\">\n                    <td style=\"\">Programaci\u00f3n Parroquial<\/td>\n                    <td style=\"\">P079 NUESTRA SE\u00d1ORA DEL REFUGIO(SANTA MAR\u00cdA DE EN MEDIO)<\/td>\n                    <td style=\"\">Prof\u00e9tica<\/td>\n                    <td style=\"\"><\/td>\n                    <td style=\"\"><\/td>\n                    <td style=\"\"><a href=\"https:\/\/diocesisdeaguascalientes.mx\/vicaria-de-pastoral\/wp-content\/uploads\/sites\/2\/forminator\/10414_47c7fef6f8c6f15ac1daaf1663bdf562\/uploads\/XXYuMsny43ih-Programa-profetica.pdf\" target=\"_blank\">XXYuMsny43ih-Programa-profetica.pdf<\/a><\/td>\n                    <td style=\"\">24\/09\/2025 05:20 PM<\/td>\n            <\/tr>\n            <tr id=\"table_3_row_241\">\n                    <td style=\"\">Programaci\u00f3n Parroquial<\/td>\n                    <td style=\"\">P075 NUESTRA SE\u00d1ORA DEL REFUGIO(EL TECU\u00c1N, JALISCO)<\/td>\n                    <td style=\"\">Social<\/td>\n                    <td style=\"\"><\/td>\n                    <td style=\"\"><\/td>\n                    <td style=\"\"><a href=\"https:\/\/diocesisdeaguascalientes.mx\/vicaria-de-pastoral\/wp-content\/uploads\/sites\/2\/forminator\/10414_47c7fef6f8c6f15ac1daaf1663bdf562\/uploads\/6JPspiIZm5mQ-EVALUACION-PASTORAL-SOCIAL.pdf\" target=\"_blank\">6JPspiIZm5mQ-EVALUACION-PASTORAL-SOCIAL.pdf<\/a><\/td>\n                    <td style=\"\">24\/09\/2025 05:15 PM<\/td>\n            <\/tr>\n            <tr id=\"table_3_row_242\">\n                    <td style=\"\">Programaci\u00f3n Parroquial<\/td>\n                    <td style=\"\">P075 NUESTRA SE\u00d1ORA DEL REFUGIO(EL TECU\u00c1N, JALISCO)<\/td>\n                    <td style=\"\">Organismos Eclesiales Laicales (OEL)<\/td>\n                    <td style=\"\">Otro<\/td>\n                    <td style=\"\">Liga de rec\u00edprocos auxilios entre el seminario y los fieles<\/td>\n                    <td style=\"\"><a href=\"https:\/\/diocesisdeaguascalientes.mx\/vicaria-de-pastoral\/wp-content\/uploads\/sites\/2\/forminator\/10414_47c7fef6f8c6f15ac1daaf1663bdf562\/uploads\/OLW0LoYfbLM8-EVALUACION-OEL.pdf\" target=\"_blank\">OLW0LoYfbLM8-EVALUACION-OEL.pdf<\/a><\/td>\n                    <td style=\"\">24\/09\/2025 05:15 PM<\/td>\n            <\/tr>\n            <tr id=\"table_3_row_243\">\n                    <td style=\"\">Programaci\u00f3n Parroquial<\/td>\n                    <td style=\"\">P079 NUESTRA SE\u00d1ORA DEL REFUGIO(SANTA MAR\u00cdA DE EN MEDIO)<\/td>\n                    <td style=\"\">Animaci\u00f3n Pastoral (CPP)<\/td>\n                    <td style=\"\"><\/td>\n                    <td style=\"\"><\/td>\n                    <td style=\"\"><a href=\"https:\/\/diocesisdeaguascalientes.mx\/vicaria-de-pastoral\/wp-content\/uploads\/sites\/2\/forminator\/10414_47c7fef6f8c6f15ac1daaf1663bdf562\/uploads\/9nAts3WIQJAi-Programa-Consejo.pdf\" target=\"_blank\">9nAts3WIQJAi-Programa-Consejo.pdf<\/a><\/td>\n                    <td style=\"\">24\/09\/2025 05:11 PM<\/td>\n            <\/tr>\n            <tr id=\"table_3_row_244\">\n                    <td style=\"\">Programaci\u00f3n Parroquial<\/td>\n                    <td style=\"\">P047 SAN JOS\u00c9(SAN JOS\u00c9 DE COS\u00cdO)<\/td>\n                    <td style=\"\">Prof\u00e9tica<\/td>\n                    <td style=\"\"><\/td>\n                    <td style=\"\"><\/td>\n                    <td style=\"\"><a href=\"https:\/\/diocesisdeaguascalientes.mx\/vicaria-de-pastoral\/wp-content\/uploads\/sites\/2\/forminator\/10414_47c7fef6f8c6f15ac1daaf1663bdf562\/uploads\/5IaRzVAwdJEB-PASTORAL-PROFETICA-2025.pdf\" target=\"_blank\">5IaRzVAwdJEB-PASTORAL-PROFETICA-2025.pdf<\/a><\/td>\n                    <td style=\"\">24\/09\/2025 05:07 PM<\/td>\n            <\/tr>\n            <tr id=\"table_3_row_245\">\n                    <td style=\"\">Programaci\u00f3n Parroquial<\/td>\n                    <td style=\"\">P062 NUESTRA SE\u00d1ORA DE LA MEDALLA MILAGROSA(PRIMAVERA)<\/td>\n                    <td style=\"\">Social<\/td>\n                    <td style=\"\"><\/td>\n                    <td style=\"\"><\/td>\n                    <td style=\"\"><a href=\"https:\/\/diocesisdeaguascalientes.mx\/vicaria-de-pastoral\/wp-content\/uploads\/sites\/2\/forminator\/10414_47c7fef6f8c6f15ac1daaf1663bdf562\/uploads\/FZSMd6cGK2lY-02-programacion-pastoral-PASTORAL-SOCIAL.pdf\" target=\"_blank\">FZSMd6cGK2lY-02-programacion-pastoral-PASTORAL-SOCIAL.pdf<\/a><\/td>\n                    <td style=\"\">24\/09\/2025 04:50 PM<\/td>\n            <\/tr>\n            <tr id=\"table_3_row_246\">\n                    <td style=\"\">Programaci\u00f3n Parroquial<\/td>\n                    <td style=\"\">P062 NUESTRA SE\u00d1ORA DE LA MEDALLA MILAGROSA(PRIMAVERA)<\/td>\n                    <td style=\"\">Prof\u00e9tica<\/td>\n                    <td style=\"\"><\/td>\n                    <td style=\"\"><\/td>\n                    <td style=\"\"><a href=\"https:\/\/diocesisdeaguascalientes.mx\/vicaria-de-pastoral\/wp-content\/uploads\/sites\/2\/forminator\/10414_47c7fef6f8c6f15ac1daaf1663bdf562\/uploads\/tvVxPFrzTKa2-01-programacion-pastoral-PROFETICA.pdf\" target=\"_blank\">tvVxPFrzTKa2-01-programacion-pastoral-PROFETICA.pdf<\/a><\/td>\n                    <td style=\"\">24\/09\/2025 04:49 PM<\/td>\n            <\/tr>\n            <tr id=\"table_3_row_247\">\n                    <td style=\"\">Programaci\u00f3n Parroquial<\/td>\n                    <td style=\"\">P013 CRISTO REDENTOR(DEL VALLE)<\/td>\n                    <td style=\"\">Organismos Eclesiales Laicales (OEL)<\/td>\n                    <td style=\"\">3.Adoraci\u00f3n, Comunidad, Trabajo, Servicio (ACTS)<\/td>\n                    <td style=\"\"><\/td>\n                    <td style=\"\"><a href=\"https:\/\/diocesisdeaguascalientes.mx\/vicaria-de-pastoral\/wp-content\/uploads\/sites\/2\/forminator\/10414_47c7fef6f8c6f15ac1daaf1663bdf562\/uploads\/woqBWDv0vNEQ-fin-ACTS-PROGRAMACION-2025-2026.pdf\" target=\"_blank\">woqBWDv0vNEQ-fin-ACTS-PROGRAMACION-2025-2026.pdf<\/a><\/td>\n                    <td style=\"\">24\/09\/2025 04:42 PM<\/td>\n            <\/tr>\n            <tr id=\"table_3_row_248\">\n                    <td style=\"\">Programaci\u00f3n Parroquial<\/td>\n                    <td style=\"\">P039 INMACULADO CORAZ\u00d3N DE MAR\u00cdA(LAS FLORES)<\/td>\n                    <td style=\"\">Organismos Eclesiales Laicales (OEL)<\/td>\n                    <td style=\"\">28.Llama de amor del Inmaculado Coraz\u00f3n de Mar\u00eda<\/td>\n                    <td style=\"\"><\/td>\n                    <td style=\"\"><a href=\"https:\/\/diocesisdeaguascalientes.mx\/vicaria-de-pastoral\/wp-content\/uploads\/sites\/2\/forminator\/10414_47c7fef6f8c6f15ac1daaf1663bdf562\/uploads\/NLxmJLW1Uywk-PROGRAMACIONES-OEL-LLAMA-DE-AMOR-2025-2026.pdf\" target=\"_blank\">NLxmJLW1Uywk-PROGRAMACIONES-OEL-LLAMA-DE-AMOR-2025-2026.pdf<\/a><\/td>\n                    <td style=\"\">24\/09\/2025 04:40 PM<\/td>\n            <\/tr>\n            <tr id=\"table_3_row_249\">\n                    <td style=\"\">Programaci\u00f3n Parroquial<\/td>\n                    <td style=\"\">P039 INMACULADO CORAZ\u00d3N DE MAR\u00cdA(LAS FLORES)<\/td>\n                    <td style=\"\">Organismos Eclesiales Laicales (OEL)<\/td>\n                    <td style=\"\">21.Guardia de honor del Sagrado Coraz\u00f3n de Jes\u00fas.<\/td>\n                    <td style=\"\"><\/td>\n                    <td style=\"\"><a href=\"https:\/\/diocesisdeaguascalientes.mx\/vicaria-de-pastoral\/wp-content\/uploads\/sites\/2\/forminator\/10414_47c7fef6f8c6f15ac1daaf1663bdf562\/uploads\/LDAIGYJf2hbR-PROGRAMACION-OEL-GUARDIA-DE-HONOR-2025-2026.pdf\" target=\"_blank\">LDAIGYJf2hbR-PROGRAMACION-OEL-GUARDIA-DE-HONOR-2025-2026.pdf<\/a><\/td>\n                    <td style=\"\">24\/09\/2025 04:39 PM<\/td>\n            <\/tr>\n            <tr id=\"table_3_row_250\">\n                    <td style=\"\">Programaci\u00f3n Parroquial<\/td>\n                    <td style=\"\">P039 INMACULADO CORAZ\u00d3N DE MAR\u00cdA(LAS FLORES)<\/td>\n                    <td style=\"\">Social<\/td>\n                    <td style=\"\"><\/td>\n                    <td style=\"\"><\/td>\n                    <td style=\"\"><a href=\"https:\/\/diocesisdeaguascalientes.mx\/vicaria-de-pastoral\/wp-content\/uploads\/sites\/2\/forminator\/10414_47c7fef6f8c6f15ac1daaf1663bdf562\/uploads\/YBHmMJFgzA4M-PROGRAMACION-PASTORAL-SOCIAL-CARITAS-2025-2026.pdf\" target=\"_blank\">YBHmMJFgzA4M-PROGRAMACION-PASTORAL-SOCIAL-CARITAS-2025-2026.pdf<\/a><\/td>\n                    <td style=\"\">24\/09\/2025 04:38 PM<\/td>\n            <\/tr>\n            <tr id=\"table_3_row_251\">\n                    <td style=\"\">Programaci\u00f3n Parroquial<\/td>\n                    <td style=\"\">P039 INMACULADO CORAZ\u00d3N DE MAR\u00cdA(LAS FLORES)<\/td>\n                    <td style=\"\">Prof\u00e9tica<\/td>\n                    <td style=\"\"><\/td>\n                    <td style=\"\"><\/td>\n                    <td style=\"\"><a href=\"https:\/\/diocesisdeaguascalientes.mx\/vicaria-de-pastoral\/wp-content\/uploads\/sites\/2\/forminator\/10414_47c7fef6f8c6f15ac1daaf1663bdf562\/uploads\/1eeLUrIsLOxb-PROGRAMACION-PASTORAL-PROFETICA-2025-2026.pdf\" target=\"_blank\">1eeLUrIsLOxb-PROGRAMACION-PASTORAL-PROFETICA-2025-2026.pdf<\/a><\/td>\n                    <td style=\"\">24\/09\/2025 04:37 PM<\/td>\n            <\/tr>\n            <tr id=\"table_3_row_252\">\n                    <td style=\"\">Programaci\u00f3n Parroquial<\/td>\n                    <td style=\"\">P039 INMACULADO CORAZ\u00d3N DE MAR\u00cdA(LAS FLORES)<\/td>\n                    <td style=\"\">Animaci\u00f3n Pastoral (CPP)<\/td>\n                    <td style=\"\"><\/td>\n                    <td style=\"\"><\/td>\n                    <td style=\"\"><a href=\"https:\/\/diocesisdeaguascalientes.mx\/vicaria-de-pastoral\/wp-content\/uploads\/sites\/2\/forminator\/10414_47c7fef6f8c6f15ac1daaf1663bdf562\/uploads\/aa9zEGukKclP-PROGRAMACION-PASTORAL-DE-ANIMACION-2025-2026.pdf\" target=\"_blank\">aa9zEGukKclP-PROGRAMACION-PASTORAL-DE-ANIMACION-2025-2026.pdf<\/a><\/td>\n                    <td style=\"\">24\/09\/2025 04:36 PM<\/td>\n            <\/tr>\n            <tr id=\"table_3_row_253\">\n                    <td style=\"\">Programaci\u00f3n Parroquial<\/td>\n                    <td style=\"\">P013 CRISTO REDENTOR(DEL VALLE)<\/td>\n                    <td style=\"\">Adolescentes<\/td>\n                    <td style=\"\"><\/td>\n                    <td style=\"\"><\/td>\n                    <td style=\"\"><a href=\"https:\/\/diocesisdeaguascalientes.mx\/vicaria-de-pastoral\/wp-content\/uploads\/sites\/2\/forminator\/10414_47c7fef6f8c6f15ac1daaf1663bdf562\/uploads\/tsA0aHGGmhVB-EDITADO-PROGRAMACION-ADOLESCENTES-2025-2026.pdf\" target=\"_blank\">tsA0aHGGmhVB-EDITADO-PROGRAMACION-ADOLESCENTES-2025-2026.pdf<\/a><\/td>\n                    <td style=\"\">24\/09\/2025 04:29 PM<\/td>\n            <\/tr>\n            <tr id=\"table_3_row_254\">\n                    <td style=\"\">Programaci\u00f3n Parroquial<\/td>\n                    <td style=\"\">P075 NUESTRA SE\u00d1ORA DEL REFUGIO(EL TECU\u00c1N, JALISCO)<\/td>\n                    <td style=\"\">Juvenil<\/td>\n                    <td style=\"\"><\/td>\n                    <td style=\"\"><\/td>\n                    <td style=\"\"><a href=\"https:\/\/diocesisdeaguascalientes.mx\/vicaria-de-pastoral\/wp-content\/uploads\/sites\/2\/forminator\/10414_47c7fef6f8c6f15ac1daaf1663bdf562\/uploads\/8DG3pxSBlDrV-EVALUACION-PASTORAL-JUVENIL.pdf\" target=\"_blank\">8DG3pxSBlDrV-EVALUACION-PASTORAL-JUVENIL.pdf<\/a><\/td>\n                    <td style=\"\">24\/09\/2025 04:27 PM<\/td>\n            <\/tr>\n            <tr id=\"table_3_row_255\">\n                    <td style=\"\">Programaci\u00f3n Parroquial<\/td>\n                    <td style=\"\">P075 NUESTRA SE\u00d1ORA DEL REFUGIO(EL TECU\u00c1N, JALISCO)<\/td>\n                    <td style=\"\">Adolescentes<\/td>\n                    <td style=\"\"><\/td>\n                    <td style=\"\"><\/td>\n                    <td style=\"\"><a href=\"https:\/\/diocesisdeaguascalientes.mx\/vicaria-de-pastoral\/wp-content\/uploads\/sites\/2\/forminator\/10414_47c7fef6f8c6f15ac1daaf1663bdf562\/uploads\/CwLbS2O0d87t-EVALUACION-PASTORAL-DE-ADOLESCENTES.pdf\" target=\"_blank\">CwLbS2O0d87t-EVALUACION-PASTORAL-DE-ADOLESCENTES.pdf<\/a><\/td>\n                    <td style=\"\">24\/09\/2025 04:26 PM<\/td>\n            <\/tr>\n            <tr id=\"table_3_row_256\">\n                    <td style=\"\">Programaci\u00f3n Parroquial<\/td>\n                    <td style=\"\">P075 NUESTRA SE\u00d1ORA DEL REFUGIO(EL TECU\u00c1N, JALISCO)<\/td>\n                    <td style=\"\">Familiar<\/td>\n                    <td style=\"\"><\/td>\n                    <td style=\"\"><\/td>\n                    <td style=\"\"><a href=\"https:\/\/diocesisdeaguascalientes.mx\/vicaria-de-pastoral\/wp-content\/uploads\/sites\/2\/forminator\/10414_47c7fef6f8c6f15ac1daaf1663bdf562\/uploads\/0xNYFoxXMWN5-EVALUACION-PASTORAL-FAMILIAR.pdf\" target=\"_blank\">0xNYFoxXMWN5-EVALUACION-PASTORAL-FAMILIAR.pdf<\/a><\/td>\n                    <td style=\"\">24\/09\/2025 04:25 PM<\/td>\n            <\/tr>\n            <tr id=\"table_3_row_257\">\n                    <td style=\"\">Programaci\u00f3n Parroquial<\/td>\n                    <td style=\"\">P075 NUESTRA SE\u00d1ORA DEL REFUGIO(EL TECU\u00c1N, JALISCO)<\/td>\n                    <td style=\"\">Lit\u00fargica<\/td>\n                    <td style=\"\"><\/td>\n                    <td style=\"\"><\/td>\n                    <td style=\"\"><a href=\"https:\/\/diocesisdeaguascalientes.mx\/vicaria-de-pastoral\/wp-content\/uploads\/sites\/2\/forminator\/10414_47c7fef6f8c6f15ac1daaf1663bdf562\/uploads\/iVzx68mt4jMa-EVALUACION-2025-PASTORAL-LITURGICA.pdf\" target=\"_blank\">iVzx68mt4jMa-EVALUACION-2025-PASTORAL-LITURGICA.pdf<\/a><\/td>\n                    <td style=\"\">24\/09\/2025 04:23 PM<\/td>\n            <\/tr>\n            <tr id=\"table_3_row_258\">\n                    <td style=\"\">Programaci\u00f3n Parroquial<\/td>\n                    <td style=\"\">P013 CRISTO REDENTOR(DEL VALLE)<\/td>\n                    <td style=\"\">Lit\u00fargica<\/td>\n                    <td style=\"\"><\/td>\n                    <td style=\"\"><\/td>\n                    <td style=\"\"><a href=\"https:\/\/diocesisdeaguascalientes.mx\/vicaria-de-pastoral\/wp-content\/uploads\/sites\/2\/forminator\/10414_47c7fef6f8c6f15ac1daaf1663bdf562\/uploads\/AVcC15v3cnqP-fin-EDITADO-PROGRAMACION-LITURGIA-2025-2026.pdf\" target=\"_blank\">AVcC15v3cnqP-fin-EDITADO-PROGRAMACION-LITURGIA-2025-2026.pdf<\/a><\/td>\n                    <td style=\"\">24\/09\/2025 04:17 PM<\/td>\n            <\/tr>\n            <tr id=\"table_3_row_259\">\n                    <td style=\"\">Programaci\u00f3n Parroquial<\/td>\n                    <td style=\"\">P013 CRISTO REDENTOR(DEL VALLE)<\/td>\n                    <td style=\"\">Juvenil<\/td>\n                    <td style=\"\"><\/td>\n                    <td style=\"\"><\/td>\n                    <td style=\"\"><a href=\"https:\/\/diocesisdeaguascalientes.mx\/vicaria-de-pastoral\/wp-content\/uploads\/sites\/2\/forminator\/10414_47c7fef6f8c6f15ac1daaf1663bdf562\/uploads\/NmD60MU7p4oM-fin-PROGRAMACION-P.-JUVENIL-2025-2026-3.pdf\" target=\"_blank\">NmD60MU7p4oM-fin-PROGRAMACION-P.-JUVENIL-2025-2026-3.pdf<\/a><\/td>\n                    <td style=\"\">24\/09\/2025 04:15 PM<\/td>\n            <\/tr>\n            <tr id=\"table_3_row_260\">\n                    <td style=\"\">Programaci\u00f3n Parroquial<\/td>\n                    <td style=\"\">P013 CRISTO REDENTOR(DEL VALLE)<\/td>\n                    <td style=\"\">Familiar<\/td>\n                    <td style=\"\"><\/td>\n                    <td style=\"\"><\/td>\n                    <td style=\"\"><a href=\"https:\/\/diocesisdeaguascalientes.mx\/vicaria-de-pastoral\/wp-content\/uploads\/sites\/2\/forminator\/10414_47c7fef6f8c6f15ac1daaf1663bdf562\/uploads\/xHTcwfxReV0W-fin-PROGRAMACION-P.-FAMILIAR-2025-2026.pdf\" target=\"_blank\">xHTcwfxReV0W-fin-PROGRAMACION-P.-FAMILIAR-2025-2026.pdf<\/a><\/td>\n                    <td style=\"\">24\/09\/2025 04:14 PM<\/td>\n            <\/tr>\n            <tr id=\"table_3_row_261\">\n                    <td style=\"\">Programaci\u00f3n Parroquial<\/td>\n                    <td style=\"\">P075 NUESTRA SE\u00d1ORA DEL REFUGIO(EL TECU\u00c1N, JALISCO)<\/td>\n                    <td style=\"\">Prof\u00e9tica<\/td>\n                    <td style=\"\"><\/td>\n                    <td style=\"\"><\/td>\n                    <td style=\"\"><a href=\"https:\/\/diocesisdeaguascalientes.mx\/vicaria-de-pastoral\/wp-content\/uploads\/sites\/2\/forminator\/10414_47c7fef6f8c6f15ac1daaf1663bdf562\/uploads\/2ziwu32J1Vt2-EVALUACION-PASTORAL-PROFETICA.pdf\" target=\"_blank\">2ziwu32J1Vt2-EVALUACION-PASTORAL-PROFETICA.pdf<\/a><\/td>\n                    <td style=\"\">24\/09\/2025 04:13 PM<\/td>\n            <\/tr>\n            <tr id=\"table_3_row_262\">\n                    <td style=\"\">Programaci\u00f3n Parroquial<\/td>\n                    <td style=\"\">P013 CRISTO REDENTOR(DEL VALLE)<\/td>\n                    <td style=\"\">Social<\/td>\n                    <td style=\"\"><\/td>\n                    <td style=\"\"><\/td>\n                    <td style=\"\"><a href=\"https:\/\/diocesisdeaguascalientes.mx\/vicaria-de-pastoral\/wp-content\/uploads\/sites\/2\/forminator\/10414_47c7fef6f8c6f15ac1daaf1663bdf562\/uploads\/Ms2DmKUPVboe-fin-PROGRAMACION-P.-SOCIAL-2025-2026.pdf\" target=\"_blank\">Ms2DmKUPVboe-fin-PROGRAMACION-P.-SOCIAL-2025-2026.pdf<\/a><\/td>\n                    <td style=\"\">24\/09\/2025 04:12 PM<\/td>\n            <\/tr>\n            <tr id=\"table_3_row_263\">\n                    <td style=\"\">Programaci\u00f3n Parroquial<\/td>\n                    <td style=\"\">P075 NUESTRA SE\u00d1ORA DEL REFUGIO(EL TECU\u00c1N, JALISCO)<\/td>\n                    <td style=\"\">Animaci\u00f3n Pastoral (CPP)<\/td>\n                    <td style=\"\"><\/td>\n                    <td style=\"\"><\/td>\n                    <td style=\"\"><a href=\"https:\/\/diocesisdeaguascalientes.mx\/vicaria-de-pastoral\/wp-content\/uploads\/sites\/2\/forminator\/10414_47c7fef6f8c6f15ac1daaf1663bdf562\/uploads\/ZyKcEmURjzXi-EVALUAION-ANIMACION-PASTORAL.pdf\" target=\"_blank\">ZyKcEmURjzXi-EVALUAION-ANIMACION-PASTORAL.pdf<\/a><\/td>\n                    <td style=\"\">24\/09\/2025 04:12 PM<\/td>\n            <\/tr>\n            <tr id=\"table_3_row_264\">\n                    <td style=\"\">Programaci\u00f3n Parroquial<\/td>\n                    <td style=\"\">P013 CRISTO REDENTOR(DEL VALLE)<\/td>\n                    <td style=\"\">Prof\u00e9tica<\/td>\n                    <td style=\"\"><\/td>\n                    <td style=\"\"><\/td>\n                    <td style=\"\"><a href=\"https:\/\/diocesisdeaguascalientes.mx\/vicaria-de-pastoral\/wp-content\/uploads\/sites\/2\/forminator\/10414_47c7fef6f8c6f15ac1daaf1663bdf562\/uploads\/ijCMkNnfdCC1-fin-PROGRAMACION-PASTORAL-PROFETICA-2025-2026-3-1-1.pdf\" target=\"_blank\">ijCMkNnfdCC1-fin-PROGRAMACION-PASTORAL-PROFETICA-2025-2026-3-1-1.pdf<\/a><\/td>\n                    <td style=\"\">24\/09\/2025 04:10 PM<\/td>\n            <\/tr>\n            <tr id=\"table_3_row_265\">\n                    <td style=\"\">Programaci\u00f3n Parroquial<\/td>\n                    <td style=\"\">P090 SANTA CRUZ DE JERUSAL\u00c9N(MART\u00cdNEZ DOMINGUEZ)<\/td>\n                    <td style=\"\">Organismos Eclesiales Laicales (OEL)<\/td>\n                    <td style=\"\">Otro<\/td>\n                    <td style=\"\">ADORACI\u00d3N NOCTURNA MEXICANA<\/td>\n                    <td style=\"\"><a href=\"https:\/\/diocesisdeaguascalientes.mx\/vicaria-de-pastoral\/wp-content\/uploads\/sites\/2\/forminator\/10414_47c7fef6f8c6f15ac1daaf1663bdf562\/uploads\/eHaky4AjOVyV-PROGRAMACION-2025-2026-OEL-ADORACION-NOCTURNA-MEXICANA-SANTA-CRUZ.pdf\" target=\"_blank\">eHaky4AjOVyV-PROGRAMACION-2025-2026-OEL-ADORACION-NOCTURNA-MEXICANA-SANTA-CRUZ.pdf<\/a><\/td>\n                    <td style=\"\">24\/09\/2025 04:08 PM<\/td>\n            <\/tr>\n            <tr id=\"table_3_row_266\">\n                    <td style=\"\">Programaci\u00f3n Parroquial<\/td>\n                    <td style=\"\">P079 NUESTRA SE\u00d1ORA DEL REFUGIO(SANTA MAR\u00cdA DE EN MEDIO)<\/td>\n                    <td style=\"\">Prof\u00e9tica<\/td>\n                    <td style=\"\"><\/td>\n                    <td style=\"\"><\/td>\n                    <td style=\"\"><a href=\"https:\/\/diocesisdeaguascalientes.mx\/vicaria-de-pastoral\/wp-content\/uploads\/sites\/2\/forminator\/10414_47c7fef6f8c6f15ac1daaf1663bdf562\/uploads\/Pn4Nh0iz3CUw-Encargados-de-Area.pdf\" target=\"_blank\">Pn4Nh0iz3CUw-Encargados-de-Area.pdf<\/a><\/td>\n                    <td style=\"\">24\/09\/2025 03:18 PM<\/td>\n            <\/tr>\n            <tr id=\"table_3_row_267\">\n                    <td style=\"\">Programaci\u00f3n Parroquial<\/td>\n                    <td style=\"\">P061 MARIA MADRE Y REINA DE NUESTRAS FAMILIAS(HACIENDAS DE AGUASCALIENTES)<\/td>\n                    <td style=\"\">Organismos Eclesiales Laicales (OEL)<\/td>\n                    <td style=\"\">Otro<\/td>\n                    <td style=\"\">Comunidad Evangelizadora para la Reconciliaci\u00f3n y el Servicio CERS (MSP)<\/td>\n                    <td style=\"\"><a href=\"https:\/\/diocesisdeaguascalientes.mx\/vicaria-de-pastoral\/wp-content\/uploads\/sites\/2\/forminator\/10414_47c7fef6f8c6f15ac1daaf1663bdf562\/uploads\/bDSpQ8v1mg0W-P061.-9.3.-OEL-CERS-Programacion-25-26.pdf\" target=\"_blank\">bDSpQ8v1mg0W-P061.-9.3.-OEL-CERS-Programacion-25-26.pdf<\/a><\/td>\n                    <td style=\"\">24\/09\/2025 03:18 PM<\/td>\n            <\/tr>\n            <tr id=\"table_3_row_268\">\n                    <td style=\"\">Programaci\u00f3n Parroquial<\/td>\n                    <td style=\"\">P061 MARIA MADRE Y REINA DE NUESTRAS FAMILIAS(HACIENDAS DE AGUASCALIENTES)<\/td>\n                    <td style=\"\">Organismos Eclesiales Laicales (OEL)<\/td>\n                    <td style=\"\">Otro<\/td>\n                    <td style=\"\">Liga de los Rec\u00edprocos Auxiliares entre el Seminario y las Familias L.R.A.S.F.<\/td>\n                    <td style=\"\"><a href=\"https:\/\/diocesisdeaguascalientes.mx\/vicaria-de-pastoral\/wp-content\/uploads\/sites\/2\/forminator\/10414_47c7fef6f8c6f15ac1daaf1663bdf562\/uploads\/WSbVmyjyn5Km-P061.-9.4.-OEL-L.R.A.S.F.-Programacion-25-26.docx.pdf\" target=\"_blank\">WSbVmyjyn5Km-P061.-9.4.-OEL-L.R.A.S.F.-Programacion-25-26.docx.pdf<\/a><\/td>\n                    <td style=\"\">24\/09\/2025 03:16 PM<\/td>\n            <\/tr>\n            <tr id=\"table_3_row_269\">\n                    <td style=\"\">Programaci\u00f3n Parroquial<\/td>\n                    <td style=\"\">P049 SAN JOS\u00c9(MES\u00d3N DE LOS SAUCES)<\/td>\n                    <td style=\"\">Social<\/td>\n                    <td style=\"\"><\/td>\n                    <td style=\"\"><\/td>\n                    <td style=\"\"><a href=\"https:\/\/diocesisdeaguascalientes.mx\/vicaria-de-pastoral\/wp-content\/uploads\/sites\/2\/forminator\/10414_47c7fef6f8c6f15ac1daaf1663bdf562\/uploads\/nbVypnYoiDLV-Programacion-Pastoral-Parroquial-2025-2026social.pdf\" target=\"_blank\">nbVypnYoiDLV-Programacion-Pastoral-Parroquial-2025-2026social.pdf<\/a><\/td>\n                    <td style=\"\">24\/09\/2025 03:15 PM<\/td>\n            <\/tr>\n            <tr id=\"table_3_row_270\">\n                    <td style=\"\">Programaci\u00f3n Parroquial<\/td>\n                    <td style=\"\">P061 MARIA MADRE Y REINA DE NUESTRAS FAMILIAS(HACIENDAS DE AGUASCALIENTES)<\/td>\n                    <td style=\"\">Organismos Eclesiales Laicales (OEL)<\/td>\n                    <td style=\"\">Otro<\/td>\n                    <td style=\"\">Coronilla de la Divina Misericordia<\/td>\n                    <td style=\"\"><a href=\"https:\/\/diocesisdeaguascalientes.mx\/vicaria-de-pastoral\/wp-content\/uploads\/sites\/2\/forminator\/10414_47c7fef6f8c6f15ac1daaf1663bdf562\/uploads\/yV5x8HO8XdgR-P061.-9.2.-OEL-Gpo.-Coronilla-de-la-Divina-Misericordia-Programacion-25-26.pdf\" target=\"_blank\">yV5x8HO8XdgR-P061.-9.2.-OEL-Gpo.-Coronilla-de-la-Divina-Misericordia-Programacion-25-26.pdf<\/a><\/td>\n                    <td style=\"\">24\/09\/2025 03:14 PM<\/td>\n            <\/tr>\n            <tr id=\"table_3_row_271\">\n                    <td style=\"\">Programaci\u00f3n Parroquial<\/td>\n                    <td style=\"\">P061 MARIA MADRE Y REINA DE NUESTRAS FAMILIAS(HACIENDAS DE AGUASCALIENTES)<\/td>\n                    <td style=\"\">Organismos Eclesiales Laicales (OEL)<\/td>\n                    <td style=\"\">Otro<\/td>\n                    <td style=\"\">Ni\u00f1os y ni\u00f1as Adoradores, Tarcisios e Inesitas<\/td>\n                    <td style=\"\"><a href=\"https:\/\/diocesisdeaguascalientes.mx\/vicaria-de-pastoral\/wp-content\/uploads\/sites\/2\/forminator\/10414_47c7fef6f8c6f15ac1daaf1663bdf562\/uploads\/3tprJeoXlU2B-P061.-9.1.-OEL-Ninos-Adoradores-Tarcisios-e-Inesitas-Programacion-25-26.pdf\" target=\"_blank\">3tprJeoXlU2B-P061.-9.1.-OEL-Ninos-Adoradores-Tarcisios-e-Inesitas-Programacion-25-26.pdf<\/a><\/td>\n                    <td style=\"\">24\/09\/2025 03:13 PM<\/td>\n            <\/tr>\n            <tr id=\"table_3_row_272\">\n                    <td style=\"\">Programaci\u00f3n Parroquial<\/td>\n                    <td style=\"\">P061 MARIA MADRE Y REINA DE NUESTRAS FAMILIAS(HACIENDAS DE AGUASCALIENTES)<\/td>\n                    <td style=\"\">Pastoral de la Comunicaci\u00f3n<\/td>\n                    <td style=\"\"><\/td>\n                    <td style=\"\"><\/td>\n                    <td style=\"\"><a href=\"https:\/\/diocesisdeaguascalientes.mx\/vicaria-de-pastoral\/wp-content\/uploads\/sites\/2\/forminator\/10414_47c7fef6f8c6f15ac1daaf1663bdf562\/uploads\/7lYNdg6IiYEJ-P061.-8.-Pastoral-de-la-Comunicacion-Programacion-25-26.pdf\" target=\"_blank\">7lYNdg6IiYEJ-P061.-8.-Pastoral-de-la-Comunicacion-Programacion-25-26.pdf<\/a><\/td>\n                    <td style=\"\">24\/09\/2025 03:11 PM<\/td>\n            <\/tr>\n            <tr id=\"table_3_row_273\">\n                    <td style=\"\">Programaci\u00f3n Parroquial<\/td>\n                    <td style=\"\">P061 MARIA MADRE Y REINA DE NUESTRAS FAMILIAS(HACIENDAS DE AGUASCALIENTES)<\/td>\n                    <td style=\"\">Juvenil<\/td>\n                    <td style=\"\"><\/td>\n                    <td style=\"\"><\/td>\n                    <td style=\"\"><a href=\"https:\/\/diocesisdeaguascalientes.mx\/vicaria-de-pastoral\/wp-content\/uploads\/sites\/2\/forminator\/10414_47c7fef6f8c6f15ac1daaf1663bdf562\/uploads\/qPScMIVs1RAZ-P061.-7.-Pastoral-Juvenil-Programacion-25-26.pdf\" target=\"_blank\">qPScMIVs1RAZ-P061.-7.-Pastoral-Juvenil-Programacion-25-26.pdf<\/a><\/td>\n                    <td style=\"\">24\/09\/2025 03:09 PM<\/td>\n            <\/tr>\n            <tr id=\"table_3_row_274\">\n                    <td style=\"\">Programaci\u00f3n Parroquial<\/td>\n                    <td style=\"\">P061 MARIA MADRE Y REINA DE NUESTRAS FAMILIAS(HACIENDAS DE AGUASCALIENTES)<\/td>\n                    <td style=\"\">Adolescentes<\/td>\n                    <td style=\"\"><\/td>\n                    <td style=\"\"><\/td>\n                    <td style=\"\"><a href=\"https:\/\/diocesisdeaguascalientes.mx\/vicaria-de-pastoral\/wp-content\/uploads\/sites\/2\/forminator\/10414_47c7fef6f8c6f15ac1daaf1663bdf562\/uploads\/P9A4PawOqNE1-P061.-6.-Pastoral-de-Adolescentes-Programacion-25-26.pdf\" target=\"_blank\">P9A4PawOqNE1-P061.-6.-Pastoral-de-Adolescentes-Programacion-25-26.pdf<\/a><\/td>\n                    <td style=\"\">24\/09\/2025 03:08 PM<\/td>\n            <\/tr>\n            <tr id=\"table_3_row_275\">\n                    <td style=\"\">Programaci\u00f3n Parroquial<\/td>\n                    <td style=\"\">P061 MARIA MADRE Y REINA DE NUESTRAS FAMILIAS(HACIENDAS DE AGUASCALIENTES)<\/td>\n                    <td style=\"\">Familiar<\/td>\n                    <td style=\"\"><\/td>\n                    <td style=\"\"><\/td>\n                    <td style=\"\"><a href=\"https:\/\/diocesisdeaguascalientes.mx\/vicaria-de-pastoral\/wp-content\/uploads\/sites\/2\/forminator\/10414_47c7fef6f8c6f15ac1daaf1663bdf562\/uploads\/Ev74N39rEKW3-P061.-5.-Pastoral-Familiar-Programacion-25-26.pdf\" target=\"_blank\">Ev74N39rEKW3-P061.-5.-Pastoral-Familiar-Programacion-25-26.pdf<\/a><\/td>\n                    <td style=\"\">24\/09\/2025 03:07 PM<\/td>\n            <\/tr>\n            <tr id=\"table_3_row_276\">\n                    <td style=\"\">Programaci\u00f3n Parroquial<\/td>\n                    <td style=\"\">P061 MARIA MADRE Y REINA DE NUESTRAS FAMILIAS(HACIENDAS DE AGUASCALIENTES)<\/td>\n                    <td style=\"\">Social<\/td>\n                    <td style=\"\"><\/td>\n                    <td style=\"\"><\/td>\n                    <td style=\"\"><a href=\"https:\/\/diocesisdeaguascalientes.mx\/vicaria-de-pastoral\/wp-content\/uploads\/sites\/2\/forminator\/10414_47c7fef6f8c6f15ac1daaf1663bdf562\/uploads\/BnQkxU3Ho5sq-P061.-4.-Pastoral-Social-Programacion-25-26.pdf\" target=\"_blank\">BnQkxU3Ho5sq-P061.-4.-Pastoral-Social-Programacion-25-26.pdf<\/a><\/td>\n                    <td style=\"\">24\/09\/2025 03:05 PM<\/td>\n            <\/tr>\n            <tr id=\"table_3_row_277\">\n                    <td style=\"\">Programaci\u00f3n Parroquial<\/td>\n                    <td style=\"\">P061 MARIA MADRE Y REINA DE NUESTRAS FAMILIAS(HACIENDAS DE AGUASCALIENTES)<\/td>\n                    <td style=\"\">Lit\u00fargica<\/td>\n                    <td style=\"\"><\/td>\n                    <td style=\"\"><\/td>\n                    <td style=\"\"><a href=\"https:\/\/diocesisdeaguascalientes.mx\/vicaria-de-pastoral\/wp-content\/uploads\/sites\/2\/forminator\/10414_47c7fef6f8c6f15ac1daaf1663bdf562\/uploads\/hTfgoMwAiVXc-P061.-3.-Pastoral-Liturgica-Programacion-25-26.pdf\" target=\"_blank\">hTfgoMwAiVXc-P061.-3.-Pastoral-Liturgica-Programacion-25-26.pdf<\/a><\/td>\n                    <td style=\"\">24\/09\/2025 03:04 PM<\/td>\n            <\/tr>\n            <tr id=\"table_3_row_278\">\n                    <td style=\"\">Programaci\u00f3n Parroquial<\/td>\n                    <td style=\"\">P061 MARIA MADRE Y REINA DE NUESTRAS FAMILIAS(HACIENDAS DE AGUASCALIENTES)<\/td>\n                    <td style=\"\">Prof\u00e9tica<\/td>\n                    <td style=\"\"><\/td>\n                    <td style=\"\"><\/td>\n                    <td style=\"\"><a href=\"https:\/\/diocesisdeaguascalientes.mx\/vicaria-de-pastoral\/wp-content\/uploads\/sites\/2\/forminator\/10414_47c7fef6f8c6f15ac1daaf1663bdf562\/uploads\/f5PQaiSMVWVX-P061.-2.-Pastoral-Profetica-Programacion-25-26.pdf\" target=\"_blank\">f5PQaiSMVWVX-P061.-2.-Pastoral-Profetica-Programacion-25-26.pdf<\/a><\/td>\n                    <td style=\"\">24\/09\/2025 03:03 PM<\/td>\n            <\/tr>\n            <tr id=\"table_3_row_279\">\n                    <td style=\"\">Programaci\u00f3n Parroquial<\/td>\n                    <td style=\"\">P061 MARIA MADRE Y REINA DE NUESTRAS FAMILIAS(HACIENDAS DE AGUASCALIENTES)<\/td>\n                    <td style=\"\">Animaci\u00f3n Pastoral (CPP)<\/td>\n                    <td style=\"\"><\/td>\n                    <td style=\"\"><\/td>\n                    <td style=\"\"><a href=\"https:\/\/diocesisdeaguascalientes.mx\/vicaria-de-pastoral\/wp-content\/uploads\/sites\/2\/forminator\/10414_47c7fef6f8c6f15ac1daaf1663bdf562\/uploads\/dItkGl2qA82W-P061.-1.-Animacion-Pastoral-Programacion-25-26.pdf\" target=\"_blank\">dItkGl2qA82W-P061.-1.-Animacion-Pastoral-Programacion-25-26.pdf<\/a><\/td>\n                    <td style=\"\">24\/09\/2025 03:02 PM<\/td>\n            <\/tr>\n            <tr id=\"table_3_row_280\">\n                    <td style=\"\">Programaci\u00f3n Parroquial<\/td>\n                    <td style=\"\">P076 NUESTRA SE\u00d1ORA DEL REFUGIO(SAN ANTONIO)<\/td>\n                    <td style=\"\">Organismos Eclesiales Laicales (OEL)<\/td>\n                    <td style=\"\">Otro<\/td>\n                    <td style=\"\">Adoraci\u00f3n a Jes\u00fas Eucarist\u00eda<\/td>\n                    <td style=\"\"><a href=\"https:\/\/diocesisdeaguascalientes.mx\/vicaria-de-pastoral\/wp-content\/uploads\/sites\/2\/forminator\/10414_47c7fef6f8c6f15ac1daaf1663bdf562\/uploads\/lnQ2DdPszKYT-P_OELAVisitasSmo.pdf\" target=\"_blank\">lnQ2DdPszKYT-P_OELAVisitasSmo.pdf<\/a><\/td>\n                    <td style=\"\">24\/09\/2025 02:45 PM<\/td>\n            <\/tr>\n            <tr id=\"table_3_row_281\">\n                    <td style=\"\">Programaci\u00f3n Parroquial<\/td>\n                    <td style=\"\">P049 SAN JOS\u00c9(MES\u00d3N DE LOS SAUCES)<\/td>\n                    <td style=\"\">Pastoral de la Comunicaci\u00f3n<\/td>\n                    <td style=\"\"><\/td>\n                    <td style=\"\"><\/td>\n                    <td style=\"\"><a href=\"https:\/\/diocesisdeaguascalientes.mx\/vicaria-de-pastoral\/wp-content\/uploads\/sites\/2\/forminator\/10414_47c7fef6f8c6f15ac1daaf1663bdf562\/uploads\/R4omV4H4ftpj-Programacion-Pastoral-Parroquial-2025-2026cominicacion.pdf\" target=\"_blank\">R4omV4H4ftpj-Programacion-Pastoral-Parroquial-2025-2026cominicacion.pdf<\/a><\/td>\n                    <td style=\"\">24\/09\/2025 02:08 PM<\/td>\n            <\/tr>\n            <tr id=\"table_3_row_282\">\n                    <td style=\"\">Programaci\u00f3n Parroquial<\/td>\n                    <td style=\"\">P033 NUESTRA SE\u00d1ORA DE GUADALUPE(SAN FRANCISCO DE LOS ROMO)<\/td>\n                    <td style=\"\">Organismos Eclesiales Laicales (OEL)<\/td>\n                    <td style=\"\">Otro<\/td>\n                    <td style=\"\">Organismos Eclesiales Laicales<\/td>\n                    <td style=\"\"><a href=\"https:\/\/diocesisdeaguascalientes.mx\/vicaria-de-pastoral\/wp-content\/uploads\/sites\/2\/forminator\/10414_47c7fef6f8c6f15ac1daaf1663bdf562\/uploads\/XKyFBDhTKax3-Programacion-Organismos-Eclesiales-Laicales.pdf\" target=\"_blank\">XKyFBDhTKax3-Programacion-Organismos-Eclesiales-Laicales.pdf<\/a><\/td>\n                    <td style=\"\">24\/09\/2025 02:00 PM<\/td>\n            <\/tr>\n            <tr id=\"table_3_row_283\">\n                    <td style=\"\">Programaci\u00f3n Parroquial<\/td>\n                    <td style=\"\">P033 NUESTRA SE\u00d1ORA DE GUADALUPE(SAN FRANCISCO DE LOS ROMO)<\/td>\n                    <td style=\"\">Pastoral de la Comunicaci\u00f3n<\/td>\n                    <td style=\"\"><\/td>\n                    <td style=\"\"><\/td>\n                    <td style=\"\"><a href=\"https:\/\/diocesisdeaguascalientes.mx\/vicaria-de-pastoral\/wp-content\/uploads\/sites\/2\/forminator\/10414_47c7fef6f8c6f15ac1daaf1663bdf562\/uploads\/eOt9qs2hv8l4-Programacion-Pastoral-de-la-Comunicacion.pdf\" target=\"_blank\">eOt9qs2hv8l4-Programacion-Pastoral-de-la-Comunicacion.pdf<\/a><\/td>\n                    <td style=\"\">24\/09\/2025 01:56 PM<\/td>\n            <\/tr>\n            <tr id=\"table_3_row_284\">\n                    <td style=\"\">Programaci\u00f3n Parroquial<\/td>\n                    <td style=\"\">P011 NUESTRA SE\u00d1ORA DE LOS BOSQUES(LOS BOSQUES)<\/td>\n                    <td style=\"\">Animaci\u00f3n Pastoral (CPP)<\/td>\n                    <td style=\"\"><\/td>\n                    <td style=\"\"><\/td>\n                    <td style=\"\"><a href=\"https:\/\/diocesisdeaguascalientes.mx\/vicaria-de-pastoral\/wp-content\/uploads\/sites\/2\/forminator\/10414_47c7fef6f8c6f15ac1daaf1663bdf562\/uploads\/g0xTu1nEamaM-PROGRAMACION-MESC-2025-2026-Final.pdf\" target=\"_blank\">g0xTu1nEamaM-PROGRAMACION-MESC-2025-2026-Final.pdf<\/a><\/td>\n                    <td style=\"\">24\/09\/2025 01:56 PM<\/td>\n            <\/tr>\n            <tr id=\"table_3_row_285\">\n                    <td style=\"\">Programaci\u00f3n Parroquial<\/td>\n                    <td style=\"\">P033 NUESTRA SE\u00d1ORA DE GUADALUPE(SAN FRANCISCO DE LOS ROMO)<\/td>\n                    <td style=\"\">Juvenil<\/td>\n                    <td style=\"\"><\/td>\n                    <td style=\"\"><\/td>\n                    <td style=\"\"><a href=\"https:\/\/diocesisdeaguascalientes.mx\/vicaria-de-pastoral\/wp-content\/uploads\/sites\/2\/forminator\/10414_47c7fef6f8c6f15ac1daaf1663bdf562\/uploads\/ZDIXUkFLAzlo-Programacion-Pastoral-Juvenil.pdf\" target=\"_blank\">ZDIXUkFLAzlo-Programacion-Pastoral-Juvenil.pdf<\/a><\/td>\n                    <td style=\"\">24\/09\/2025 01:55 PM<\/td>\n            <\/tr>\n            <tr id=\"table_3_row_286\">\n                    <td style=\"\">Programaci\u00f3n Parroquial<\/td>\n                    <td style=\"\">P033 NUESTRA SE\u00d1ORA DE GUADALUPE(SAN FRANCISCO DE LOS ROMO)<\/td>\n                    <td style=\"\">Adolescentes<\/td>\n                    <td style=\"\"><\/td>\n                    <td style=\"\"><\/td>\n                    <td style=\"\"><a href=\"https:\/\/diocesisdeaguascalientes.mx\/vicaria-de-pastoral\/wp-content\/uploads\/sites\/2\/forminator\/10414_47c7fef6f8c6f15ac1daaf1663bdf562\/uploads\/D7NpO93Bcp2A-Programa-Pastoral-de-Adolescentes.pdf\" target=\"_blank\">D7NpO93Bcp2A-Programa-Pastoral-de-Adolescentes.pdf<\/a><\/td>\n                    <td style=\"\">24\/09\/2025 01:52 PM<\/td>\n            <\/tr>\n            <tr id=\"table_3_row_287\">\n                    <td style=\"\">Programaci\u00f3n Parroquial<\/td>\n                    <td style=\"\">P033 NUESTRA SE\u00d1ORA DE GUADALUPE(SAN FRANCISCO DE LOS ROMO)<\/td>\n                    <td style=\"\">Familiar<\/td>\n                    <td style=\"\"><\/td>\n                    <td style=\"\"><\/td>\n                    <td style=\"\"><a href=\"https:\/\/diocesisdeaguascalientes.mx\/vicaria-de-pastoral\/wp-content\/uploads\/sites\/2\/forminator\/10414_47c7fef6f8c6f15ac1daaf1663bdf562\/uploads\/ebdobaRCGGMR-Programacion-Pastoral-Familiar.pdf\" target=\"_blank\">ebdobaRCGGMR-Programacion-Pastoral-Familiar.pdf<\/a><\/td>\n                    <td style=\"\">24\/09\/2025 01:49 PM<\/td>\n            <\/tr>\n            <tr id=\"table_3_row_288\">\n                    <td style=\"\">Programaci\u00f3n Parroquial<\/td>\n                    <td style=\"\">P033 NUESTRA SE\u00d1ORA DE GUADALUPE(SAN FRANCISCO DE LOS ROMO)<\/td>\n                    <td style=\"\">Social<\/td>\n                    <td style=\"\"><\/td>\n                    <td style=\"\"><\/td>\n                    <td style=\"\"><a href=\"https:\/\/diocesisdeaguascalientes.mx\/vicaria-de-pastoral\/wp-content\/uploads\/sites\/2\/forminator\/10414_47c7fef6f8c6f15ac1daaf1663bdf562\/uploads\/DrjdUbvT6MFd-Programacion-Pastoral-Social.pdf\" target=\"_blank\">DrjdUbvT6MFd-Programacion-Pastoral-Social.pdf<\/a><\/td>\n                    <td style=\"\">24\/09\/2025 01:48 PM<\/td>\n            <\/tr>\n            <tr id=\"table_3_row_289\">\n                    <td style=\"\">Programaci\u00f3n Parroquial<\/td>\n                    <td style=\"\">P033 NUESTRA SE\u00d1ORA DE GUADALUPE(SAN FRANCISCO DE LOS ROMO)<\/td>\n                    <td style=\"\">Lit\u00fargica<\/td>\n                    <td style=\"\"><\/td>\n                    <td style=\"\"><\/td>\n                    <td style=\"\"><a href=\"https:\/\/diocesisdeaguascalientes.mx\/vicaria-de-pastoral\/wp-content\/uploads\/sites\/2\/forminator\/10414_47c7fef6f8c6f15ac1daaf1663bdf562\/uploads\/BSoreWeAEosW-Programacion-Pastoral-Liturgica.pdf\" target=\"_blank\">BSoreWeAEosW-Programacion-Pastoral-Liturgica.pdf<\/a><\/td>\n                    <td style=\"\">24\/09\/2025 01:47 PM<\/td>\n            <\/tr>\n            <tr id=\"table_3_row_290\">\n                    <td style=\"\">Programaci\u00f3n Parroquial<\/td>\n                    <td style=\"\">P033 NUESTRA SE\u00d1ORA DE GUADALUPE(SAN FRANCISCO DE LOS ROMO)<\/td>\n                    <td style=\"\">Lit\u00fargica<\/td>\n                    <td style=\"\"><\/td>\n                    <td style=\"\"><\/td>\n                    <td style=\"\"><a href=\"https:\/\/diocesisdeaguascalientes.mx\/vicaria-de-pastoral\/wp-content\/uploads\/sites\/2\/forminator\/10414_47c7fef6f8c6f15ac1daaf1663bdf562\/uploads\/HhLPZhJQe8Ou-Programacion-Pastoral-Liturgica.pdf\" target=\"_blank\">HhLPZhJQe8Ou-Programacion-Pastoral-Liturgica.pdf<\/a><\/td>\n                    <td style=\"\">24\/09\/2025 01:46 PM<\/td>\n            <\/tr>\n            <tr id=\"table_3_row_291\">\n                    <td style=\"\">Programaci\u00f3n Parroquial<\/td>\n                    <td style=\"\">P033 NUESTRA SE\u00d1ORA DE GUADALUPE(SAN FRANCISCO DE LOS ROMO)<\/td>\n                    <td style=\"\">Prof\u00e9tica<\/td>\n                    <td style=\"\"><\/td>\n                    <td style=\"\"><\/td>\n                    <td style=\"\"><a href=\"https:\/\/diocesisdeaguascalientes.mx\/vicaria-de-pastoral\/wp-content\/uploads\/sites\/2\/forminator\/10414_47c7fef6f8c6f15ac1daaf1663bdf562\/uploads\/CyjQcKN4pgcg-Programacion-Pastoral-Profetica.pdf\" target=\"_blank\">CyjQcKN4pgcg-Programacion-Pastoral-Profetica.pdf<\/a><\/td>\n                    <td style=\"\">24\/09\/2025 01:45 PM<\/td>\n            <\/tr>\n            <tr id=\"table_3_row_292\">\n                    <td style=\"\">Programaci\u00f3n Parroquial<\/td>\n                    <td style=\"\">P033 NUESTRA SE\u00d1ORA DE GUADALUPE(SAN FRANCISCO DE LOS ROMO)<\/td>\n                    <td style=\"\">Animaci\u00f3n Pastoral (CPP)<\/td>\n                    <td style=\"\"><\/td>\n                    <td style=\"\"><\/td>\n                    <td style=\"\"><a href=\"https:\/\/diocesisdeaguascalientes.mx\/vicaria-de-pastoral\/wp-content\/uploads\/sites\/2\/forminator\/10414_47c7fef6f8c6f15ac1daaf1663bdf562\/uploads\/ogvryxrT3fS9-Programacion-Animacion-Parroquial.pdf\" target=\"_blank\">ogvryxrT3fS9-Programacion-Animacion-Parroquial.pdf<\/a><\/td>\n                    <td style=\"\">24\/09\/2025 01:44 PM<\/td>\n            <\/tr>\n            <tr id=\"table_3_row_293\">\n                    <td style=\"\">Programaci\u00f3n Parroquial<\/td>\n                    <td style=\"\">P074 NUESTRA SE\u00d1ORA DEL REFUGIO(PRINCIPAL TIERRA BLANCA)<\/td>\n                    <td style=\"\">Lit\u00fargica<\/td>\n                    <td style=\"\"><\/td>\n                    <td style=\"\"><\/td>\n                    <td style=\"\"><a href=\"https:\/\/diocesisdeaguascalientes.mx\/vicaria-de-pastoral\/wp-content\/uploads\/sites\/2\/forminator\/10414_47c7fef6f8c6f15ac1daaf1663bdf562\/uploads\/5RiXzJSqm0Bn-Coros.pdf\" target=\"_blank\">5RiXzJSqm0Bn-Coros.pdf<\/a><\/td>\n                    <td style=\"\">24\/09\/2025 01:39 PM<\/td>\n            <\/tr>\n            <tr id=\"table_3_row_294\">\n                    <td style=\"\">Programaci\u00f3n Parroquial<\/td>\n                    <td style=\"\">P076 NUESTRA SE\u00d1ORA DEL REFUGIO(SAN ANTONIO)<\/td>\n                    <td style=\"\">Organismos Eclesiales Laicales (OEL)<\/td>\n                    <td style=\"\">40.Renovaci\u00f3n Carism\u00e1tica Cat\u00f3lica en el Esp\u00edritu Santo<\/td>\n                    <td style=\"\"><\/td>\n                    <td style=\"\"><a href=\"https:\/\/diocesisdeaguascalientes.mx\/vicaria-de-pastoral\/wp-content\/uploads\/sites\/2\/forminator\/10414_47c7fef6f8c6f15ac1daaf1663bdf562\/uploads\/7RLplkR4BZCH-P_OELRCCES.pdf\" target=\"_blank\">7RLplkR4BZCH-P_OELRCCES.pdf<\/a><\/td>\n                    <td style=\"\">24\/09\/2025 01:08 PM<\/td>\n            <\/tr>\n            <tr id=\"table_3_row_295\">\n                    <td style=\"\">Programaci\u00f3n Parroquial<\/td>\n                    <td style=\"\">P076 NUESTRA SE\u00d1ORA DEL REFUGIO(SAN ANTONIO)<\/td>\n                    <td style=\"\">Organismos Eclesiales Laicales (OEL)<\/td>\n                    <td style=\"\">Otro<\/td>\n                    <td style=\"\">Grupo de Adoraci\u00f3n y Renovaci\u00f3n. Pan de Vida<\/td>\n                    <td style=\"\"><a href=\"https:\/\/diocesisdeaguascalientes.mx\/vicaria-de-pastoral\/wp-content\/uploads\/sites\/2\/forminator\/10414_47c7fef6f8c6f15ac1daaf1663bdf562\/uploads\/us6dzDDJwfYi-P_OELPanV.pdf\" target=\"_blank\">us6dzDDJwfYi-P_OELPanV.pdf<\/a><\/td>\n                    <td style=\"\">24\/09\/2025 01:08 PM<\/td>\n            <\/tr>\n            <tr id=\"table_3_row_296\">\n                    <td style=\"\">Programaci\u00f3n Parroquial<\/td>\n                    <td style=\"\">P074 NUESTRA SE\u00d1ORA DEL REFUGIO(PRINCIPAL TIERRA BLANCA)<\/td>\n                    <td style=\"\">Prof\u00e9tica<\/td>\n                    <td style=\"\"><\/td>\n                    <td style=\"\"><\/td>\n                    <td style=\"\"><a href=\"https:\/\/diocesisdeaguascalientes.mx\/vicaria-de-pastoral\/wp-content\/uploads\/sites\/2\/forminator\/10414_47c7fef6f8c6f15ac1daaf1663bdf562\/uploads\/IVxsUHKbqpKO-Profetica.pdf\" target=\"_blank\">IVxsUHKbqpKO-Profetica.pdf<\/a><\/td>\n                    <td style=\"\">24\/09\/2025 01:00 PM<\/td>\n            <\/tr>\n            <tr id=\"table_3_row_297\">\n                    <td style=\"\">Programaci\u00f3n Parroquial<\/td>\n                    <td style=\"\">P074 NUESTRA SE\u00d1ORA DEL REFUGIO(PRINCIPAL TIERRA BLANCA)<\/td>\n                    <td style=\"\">Organismos Eclesiales Laicales (OEL)<\/td>\n                    <td style=\"\">Otro<\/td>\n                    <td style=\"\">Catequesis<\/td>\n                    <td style=\"\"><a href=\"https:\/\/diocesisdeaguascalientes.mx\/vicaria-de-pastoral\/wp-content\/uploads\/sites\/2\/forminator\/10414_47c7fef6f8c6f15ac1daaf1663bdf562\/uploads\/HOoZAlaHCjTm-Catequesis.pdf\" target=\"_blank\">HOoZAlaHCjTm-Catequesis.pdf<\/a><\/td>\n                    <td style=\"\">24\/09\/2025 12:57 PM<\/td>\n            <\/tr>\n            <tr id=\"table_3_row_298\">\n                    <td style=\"\">Programaci\u00f3n Parroquial<\/td>\n                    <td style=\"\">P074 NUESTRA SE\u00d1ORA DEL REFUGIO(PRINCIPAL TIERRA BLANCA)<\/td>\n                    <td style=\"\">Organismos Eclesiales Laicales (OEL)<\/td>\n                    <td style=\"\">Otro<\/td>\n                    <td style=\"\">Grupo amen<\/td>\n                    <td style=\"\"><a href=\"https:\/\/diocesisdeaguascalientes.mx\/vicaria-de-pastoral\/wp-content\/uploads\/sites\/2\/forminator\/10414_47c7fef6f8c6f15ac1daaf1663bdf562\/uploads\/DBQcZUf3MrY2-amen.pdf\" target=\"_blank\">DBQcZUf3MrY2-amen.pdf<\/a><\/td>\n                    <td style=\"\">24\/09\/2025 12:54 PM<\/td>\n            <\/tr>\n            <tr id=\"table_3_row_299\">\n                    <td style=\"\">Programaci\u00f3n Parroquial<\/td>\n                    <td style=\"\">P074 NUESTRA SE\u00d1ORA DEL REFUGIO(PRINCIPAL TIERRA BLANCA)<\/td>\n                    <td style=\"\">Adolescentes<\/td>\n                    <td style=\"\"><\/td>\n                    <td style=\"\"><\/td>\n                    <td style=\"\"><a href=\"https:\/\/diocesisdeaguascalientes.mx\/vicaria-de-pastoral\/wp-content\/uploads\/sites\/2\/forminator\/10414_47c7fef6f8c6f15ac1daaf1663bdf562\/uploads\/ZpmzloiKkmO8-Pastoral-Adolescentes-.pdf\" target=\"_blank\">ZpmzloiKkmO8-Pastoral-Adolescentes-.pdf<\/a><\/td>\n                    <td style=\"\">24\/09\/2025 12:46 PM<\/td>\n            <\/tr>\n            <tr id=\"table_3_row_300\">\n                    <td style=\"\">Programaci\u00f3n Parroquial<\/td>\n                    <td style=\"\">P074 NUESTRA SE\u00d1ORA DEL REFUGIO(PRINCIPAL TIERRA BLANCA)<\/td>\n                    <td style=\"\">Social<\/td>\n                    <td style=\"\"><\/td>\n                    <td style=\"\"><\/td>\n                    <td style=\"\"><a href=\"https:\/\/diocesisdeaguascalientes.mx\/vicaria-de-pastoral\/wp-content\/uploads\/sites\/2\/forminator\/10414_47c7fef6f8c6f15ac1daaf1663bdf562\/uploads\/JlPGR59MatT2-Pastoral-Social.pdf\" target=\"_blank\">JlPGR59MatT2-Pastoral-Social.pdf<\/a><\/td>\n                    <td style=\"\">24\/09\/2025 12:45 PM<\/td>\n            <\/tr>\n            <tr id=\"table_3_row_301\">\n                    <td style=\"\">Programaci\u00f3n Parroquial<\/td>\n                    <td style=\"\">P074 NUESTRA SE\u00d1ORA DEL REFUGIO(PRINCIPAL TIERRA BLANCA)<\/td>\n                    <td style=\"\">Lit\u00fargica<\/td>\n                    <td style=\"\"><\/td>\n                    <td style=\"\"><\/td>\n                    <td style=\"\"><a href=\"https:\/\/diocesisdeaguascalientes.mx\/vicaria-de-pastoral\/wp-content\/uploads\/sites\/2\/forminator\/10414_47c7fef6f8c6f15ac1daaf1663bdf562\/uploads\/95FzNrOOP9xv-Pastoral-Liturgica-.pdf\" target=\"_blank\">95FzNrOOP9xv-Pastoral-Liturgica-.pdf<\/a><\/td>\n                    <td style=\"\">24\/09\/2025 12:43 PM<\/td>\n            <\/tr>\n            <tr id=\"table_3_row_302\">\n                    <td style=\"\">Programaci\u00f3n Parroquial<\/td>\n                    <td style=\"\">P074 NUESTRA SE\u00d1ORA DEL REFUGIO(PRINCIPAL TIERRA BLANCA)<\/td>\n                    <td style=\"\">Prof\u00e9tica<\/td>\n                    <td style=\"\"><\/td>\n                    <td style=\"\"><\/td>\n                    <td style=\"\"><a href=\"https:\/\/diocesisdeaguascalientes.mx\/vicaria-de-pastoral\/wp-content\/uploads\/sites\/2\/forminator\/10414_47c7fef6f8c6f15ac1daaf1663bdf562\/uploads\/cVZU3p1kz7VR-Pastoral-Profetica.pdf\" target=\"_blank\">cVZU3p1kz7VR-Pastoral-Profetica.pdf<\/a><\/td>\n                    <td style=\"\">24\/09\/2025 12:41 PM<\/td>\n            <\/tr>\n            <tr id=\"table_3_row_303\">\n                    <td style=\"\">Programaci\u00f3n Parroquial<\/td>\n                    <td style=\"\">P074 NUESTRA SE\u00d1ORA DEL REFUGIO(PRINCIPAL TIERRA BLANCA)<\/td>\n                    <td style=\"\">Familiar<\/td>\n                    <td style=\"\"><\/td>\n                    <td style=\"\"><\/td>\n                    <td style=\"\"><a href=\"https:\/\/diocesisdeaguascalientes.mx\/vicaria-de-pastoral\/wp-content\/uploads\/sites\/2\/forminator\/10414_47c7fef6f8c6f15ac1daaf1663bdf562\/uploads\/CvOTRfbvb0BH-Pastoral-Familiar-.pdf\" target=\"_blank\">CvOTRfbvb0BH-Pastoral-Familiar-.pdf<\/a><\/td>\n                    <td style=\"\">24\/09\/2025 12:36 PM<\/td>\n            <\/tr>\n            <tr id=\"table_3_row_304\">\n                    <td style=\"\">Programaci\u00f3n Parroquial<\/td>\n                    <td style=\"\">P074 NUESTRA SE\u00d1ORA DEL REFUGIO(PRINCIPAL TIERRA BLANCA)<\/td>\n                    <td style=\"\">Animaci\u00f3n Pastoral (CPP)<\/td>\n                    <td style=\"\"><\/td>\n                    <td style=\"\"><\/td>\n                    <td style=\"\"><a href=\"https:\/\/diocesisdeaguascalientes.mx\/vicaria-de-pastoral\/wp-content\/uploads\/sites\/2\/forminator\/10414_47c7fef6f8c6f15ac1daaf1663bdf562\/uploads\/RO5pJIduKyTL-Animacion-Parroquial-.pdf\" target=\"_blank\">RO5pJIduKyTL-Animacion-Parroquial-.pdf<\/a><\/td>\n                    <td style=\"\">24\/09\/2025 12:33 PM<\/td>\n            <\/tr>\n            <tr id=\"table_3_row_305\">\n                    <td style=\"\">Programaci\u00f3n Parroquial<\/td>\n                    <td style=\"\">P076 NUESTRA SE\u00d1ORA DEL REFUGIO(SAN ANTONIO)<\/td>\n                    <td style=\"\">Pastoral de la Comunicaci\u00f3n<\/td>\n                    <td style=\"\"><\/td>\n                    <td style=\"\"><\/td>\n                    <td style=\"\"><a href=\"https:\/\/diocesisdeaguascalientes.mx\/vicaria-de-pastoral\/wp-content\/uploads\/sites\/2\/forminator\/10414_47c7fef6f8c6f15ac1daaf1663bdf562\/uploads\/zP2B89mVqegq-P_PCo.pdf\" target=\"_blank\">zP2B89mVqegq-P_PCo.pdf<\/a><\/td>\n                    <td style=\"\">24\/09\/2025 12:08 PM<\/td>\n            <\/tr>\n            <tr id=\"table_3_row_306\">\n                    <td style=\"\">Programaci\u00f3n Parroquial<\/td>\n                    <td style=\"\">P076 NUESTRA SE\u00d1ORA DEL REFUGIO(SAN ANTONIO)<\/td>\n                    <td style=\"\">Adolescentes<\/td>\n                    <td style=\"\"><\/td>\n                    <td style=\"\"><\/td>\n                    <td style=\"\"><a href=\"https:\/\/diocesisdeaguascalientes.mx\/vicaria-de-pastoral\/wp-content\/uploads\/sites\/2\/forminator\/10414_47c7fef6f8c6f15ac1daaf1663bdf562\/uploads\/y8i4CCqsLiMJ-P_PA.pdf\" target=\"_blank\">y8i4CCqsLiMJ-P_PA.pdf<\/a><\/td>\n                    <td style=\"\">24\/09\/2025 12:07 PM<\/td>\n            <\/tr>\n            <tr id=\"table_3_row_307\">\n                    <td style=\"\">Programaci\u00f3n Parroquial<\/td>\n                    <td style=\"\">P076 NUESTRA SE\u00d1ORA DEL REFUGIO(SAN ANTONIO)<\/td>\n                    <td style=\"\">Familiar<\/td>\n                    <td style=\"\"><\/td>\n                    <td style=\"\"><\/td>\n                    <td style=\"\"><a href=\"https:\/\/diocesisdeaguascalientes.mx\/vicaria-de-pastoral\/wp-content\/uploads\/sites\/2\/forminator\/10414_47c7fef6f8c6f15ac1daaf1663bdf562\/uploads\/g3b29qQ13mJj-P_PF.pdf\" target=\"_blank\">g3b29qQ13mJj-P_PF.pdf<\/a><\/td>\n                    <td style=\"\">24\/09\/2025 12:07 PM<\/td>\n            <\/tr>\n            <tr id=\"table_3_row_308\">\n                    <td style=\"\">Programaci\u00f3n Parroquial<\/td>\n                    <td style=\"\">P076 NUESTRA SE\u00d1ORA DEL REFUGIO(SAN ANTONIO)<\/td>\n                    <td style=\"\">Social<\/td>\n                    <td style=\"\"><\/td>\n                    <td style=\"\"><\/td>\n                    <td style=\"\"><a href=\"https:\/\/diocesisdeaguascalientes.mx\/vicaria-de-pastoral\/wp-content\/uploads\/sites\/2\/forminator\/10414_47c7fef6f8c6f15ac1daaf1663bdf562\/uploads\/0iWxQrcCQzTQ-P_PS.pdf\" target=\"_blank\">0iWxQrcCQzTQ-P_PS.pdf<\/a><\/td>\n                    <td style=\"\">24\/09\/2025 12:06 PM<\/td>\n            <\/tr>\n            <tr id=\"table_3_row_309\">\n                    <td style=\"\">Programaci\u00f3n Parroquial<\/td>\n                    <td style=\"\">P076 NUESTRA SE\u00d1ORA DEL REFUGIO(SAN ANTONIO)<\/td>\n                    <td style=\"\">Lit\u00fargica<\/td>\n                    <td style=\"\"><\/td>\n                    <td style=\"\"><\/td>\n                    <td style=\"\"><a href=\"https:\/\/diocesisdeaguascalientes.mx\/vicaria-de-pastoral\/wp-content\/uploads\/sites\/2\/forminator\/10414_47c7fef6f8c6f15ac1daaf1663bdf562\/uploads\/NoNvQOdT617L-P_PL.pdf\" target=\"_blank\">NoNvQOdT617L-P_PL.pdf<\/a><\/td>\n                    <td style=\"\">24\/09\/2025 12:05 PM<\/td>\n            <\/tr>\n            <tr id=\"table_3_row_310\">\n                    <td style=\"\">Programaci\u00f3n Parroquial<\/td>\n                    <td style=\"\">P076 NUESTRA SE\u00d1ORA DEL REFUGIO(SAN ANTONIO)<\/td>\n                    <td style=\"\">Prof\u00e9tica<\/td>\n                    <td style=\"\"><\/td>\n                    <td style=\"\"><\/td>\n                    <td style=\"\"><a href=\"https:\/\/diocesisdeaguascalientes.mx\/vicaria-de-pastoral\/wp-content\/uploads\/sites\/2\/forminator\/10414_47c7fef6f8c6f15ac1daaf1663bdf562\/uploads\/z4jCgfWvj2Kt-P_PP.pdf\" target=\"_blank\">z4jCgfWvj2Kt-P_PP.pdf<\/a><\/td>\n                    <td style=\"\">24\/09\/2025 12:05 PM<\/td>\n            <\/tr>\n            <tr id=\"table_3_row_311\">\n                    <td style=\"\">Programaci\u00f3n Parroquial<\/td>\n                    <td style=\"\">P076 NUESTRA SE\u00d1ORA DEL REFUGIO(SAN ANTONIO)<\/td>\n                    <td style=\"\">Animaci\u00f3n Pastoral (CPP)<\/td>\n                    <td style=\"\"><\/td>\n                    <td style=\"\"><\/td>\n                    <td style=\"\"><a href=\"https:\/\/diocesisdeaguascalientes.mx\/vicaria-de-pastoral\/wp-content\/uploads\/sites\/2\/forminator\/10414_47c7fef6f8c6f15ac1daaf1663bdf562\/uploads\/nOO7tyv4bNzC-P_EAP.docx.pdf\" target=\"_blank\">nOO7tyv4bNzC-P_EAP.docx.pdf<\/a><\/td>\n                    <td style=\"\">24\/09\/2025 12:03 PM<\/td>\n            <\/tr>\n            <tr id=\"table_3_row_312\">\n                    <td style=\"\">Programaci\u00f3n Parroquial<\/td>\n                    <td style=\"\">P013 CRISTO REDENTOR(DEL VALLE)<\/td>\n                    <td style=\"\">Familiar<\/td>\n                    <td style=\"\"><\/td>\n                    <td style=\"\"><\/td>\n                    <td style=\"\"><a href=\"https:\/\/diocesisdeaguascalientes.mx\/vicaria-de-pastoral\/wp-content\/uploads\/sites\/2\/forminator\/10414_47c7fef6f8c6f15ac1daaf1663bdf562\/uploads\/gpsxgMDWMF23-fin-PROGRAMACION-P.-FAMILIAR-2025-2026.pdf\" target=\"_blank\">gpsxgMDWMF23-fin-PROGRAMACION-P.-FAMILIAR-2025-2026.pdf<\/a><\/td>\n                    <td style=\"\">24\/09\/2025 12:02 PM<\/td>\n            <\/tr>\n            <tr id=\"table_3_row_313\">\n                    <td style=\"\">Programaci\u00f3n Parroquial<\/td>\n                    <td style=\"\">P013 CRISTO REDENTOR(DEL VALLE)<\/td>\n                    <td style=\"\">Lit\u00fargica<\/td>\n                    <td style=\"\"><\/td>\n                    <td style=\"\"><\/td>\n                    <td style=\"\"><a href=\"https:\/\/diocesisdeaguascalientes.mx\/vicaria-de-pastoral\/wp-content\/uploads\/sites\/2\/forminator\/10414_47c7fef6f8c6f15ac1daaf1663bdf562\/uploads\/cf5HTs0mMecQ-fin-EDITADO-PROGRAMACION-LITURGIA-2025-2026.pdf\" target=\"_blank\">cf5HTs0mMecQ-fin-EDITADO-PROGRAMACION-LITURGIA-2025-2026.pdf<\/a><\/td>\n                    <td style=\"\">24\/09\/2025 11:59 AM<\/td>\n            <\/tr>\n            <tr id=\"table_3_row_314\">\n                    <td style=\"\">Programaci\u00f3n Parroquial<\/td>\n                    <td style=\"\">P013 CRISTO REDENTOR(DEL VALLE)<\/td>\n                    <td style=\"\">Prof\u00e9tica<\/td>\n                    <td style=\"\"><\/td>\n                    <td style=\"\"><\/td>\n                    <td style=\"\"><a href=\"https:\/\/diocesisdeaguascalientes.mx\/vicaria-de-pastoral\/wp-content\/uploads\/sites\/2\/forminator\/10414_47c7fef6f8c6f15ac1daaf1663bdf562\/uploads\/L4KRJhyTpM4U-fin-PROGRAMACION-PASTORAL-PROFETICA-2025-2026-3-1-1.pdf\" target=\"_blank\">L4KRJhyTpM4U-fin-PROGRAMACION-PASTORAL-PROFETICA-2025-2026-3-1-1.pdf<\/a><\/td>\n                    <td style=\"\">24\/09\/2025 11:56 AM<\/td>\n            <\/tr>\n            <tr id=\"table_3_row_315\">\n                    <td style=\"\">Programaci\u00f3n Parroquial<\/td>\n                    <td style=\"\">P013 CRISTO REDENTOR(DEL VALLE)<\/td>\n                    <td style=\"\">Animaci\u00f3n Pastoral (CPP)<\/td>\n                    <td style=\"\"><\/td>\n                    <td style=\"\"><\/td>\n                    <td style=\"\"><a href=\"https:\/\/diocesisdeaguascalientes.mx\/vicaria-de-pastoral\/wp-content\/uploads\/sites\/2\/forminator\/10414_47c7fef6f8c6f15ac1daaf1663bdf562\/uploads\/zz60ZK5Xf94m-final-EDITADO-PROGRAMACION-P.-ANIMACION-2025-2026.pdf\" target=\"_blank\">zz60ZK5Xf94m-final-EDITADO-PROGRAMACION-P.-ANIMACION-2025-2026.pdf<\/a><\/td>\n                    <td style=\"\">24\/09\/2025 11:49 AM<\/td>\n            <\/tr>\n            <tr id=\"table_3_row_316\">\n                    <td style=\"\">Programaci\u00f3n Parroquial<\/td>\n                    <td style=\"\">P001 SAN AGUST\u00cdN (LAS  CUMBRES II)<\/td>\n                    <td style=\"\">Social<\/td>\n                    <td style=\"\"><\/td>\n                    <td style=\"\"><\/td>\n                    <td style=\"\"><a href=\"https:\/\/diocesisdeaguascalientes.mx\/vicaria-de-pastoral\/wp-content\/uploads\/sites\/2\/forminator\/10414_47c7fef6f8c6f15ac1daaf1663bdf562\/uploads\/Tc8V3zOrQ9ed-PASTORAL-SOCIAL.pdf\" target=\"_blank\">Tc8V3zOrQ9ed-PASTORAL-SOCIAL.pdf<\/a><\/td>\n                    <td style=\"\">24\/09\/2025 11:46 AM<\/td>\n            <\/tr>\n            <tr id=\"table_3_row_317\">\n                    <td style=\"\">Programaci\u00f3n Parroquial<\/td>\n                    <td style=\"\">P001 SAN AGUST\u00cdN (LAS  CUMBRES II)<\/td>\n                    <td style=\"\">Prof\u00e9tica<\/td>\n                    <td style=\"\"><\/td>\n                    <td style=\"\"><\/td>\n                    <td style=\"\"><a href=\"https:\/\/diocesisdeaguascalientes.mx\/vicaria-de-pastoral\/wp-content\/uploads\/sites\/2\/forminator\/10414_47c7fef6f8c6f15ac1daaf1663bdf562\/uploads\/HeVxNFUPDJFW-PASTORAL-PROFETICA.pdf\" target=\"_blank\">HeVxNFUPDJFW-PASTORAL-PROFETICA.pdf<\/a><\/td>\n                    <td style=\"\">24\/09\/2025 11:44 AM<\/td>\n            <\/tr>\n            <tr id=\"table_3_row_318\">\n                    <td style=\"\">Programaci\u00f3n Parroquial<\/td>\n                    <td style=\"\">P001 SAN AGUST\u00cdN (LAS  CUMBRES II)<\/td>\n                    <td style=\"\">Lit\u00fargica<\/td>\n                    <td style=\"\"><\/td>\n                    <td style=\"\"><\/td>\n                    <td style=\"\"><a href=\"https:\/\/diocesisdeaguascalientes.mx\/vicaria-de-pastoral\/wp-content\/uploads\/sites\/2\/forminator\/10414_47c7fef6f8c6f15ac1daaf1663bdf562\/uploads\/9BgjAoRvdPLR-PASTORAL-LITURGICA.pdf\" target=\"_blank\">9BgjAoRvdPLR-PASTORAL-LITURGICA.pdf<\/a><\/td>\n                    <td style=\"\">24\/09\/2025 11:42 AM<\/td>\n            <\/tr>\n            <tr id=\"table_3_row_319\">\n                    <td style=\"\">Programaci\u00f3n Parroquial<\/td>\n                    <td style=\"\">P001 SAN AGUST\u00cdN (LAS  CUMBRES II)<\/td>\n                    <td style=\"\">Familiar<\/td>\n                    <td style=\"\"><\/td>\n                    <td style=\"\"><\/td>\n                    <td style=\"\"><a href=\"https:\/\/diocesisdeaguascalientes.mx\/vicaria-de-pastoral\/wp-content\/uploads\/sites\/2\/forminator\/10414_47c7fef6f8c6f15ac1daaf1663bdf562\/uploads\/MzO8yzMgYqA6-PASTORAL-FAMILIAR.pdf\" target=\"_blank\">MzO8yzMgYqA6-PASTORAL-FAMILIAR.pdf<\/a><\/td>\n                    <td style=\"\">24\/09\/2025 11:41 AM<\/td>\n            <\/tr>\n            <tr id=\"table_3_row_320\">\n                    <td style=\"\">Programaci\u00f3n Parroquial<\/td>\n                    <td style=\"\">P078 NUESTRA SE\u00d1ORA DEL REFUGIO(BEL\u00c9N DEL REFUGIO)<\/td>\n                    <td style=\"\">Organismos Eclesiales Laicales (OEL)<\/td>\n                    <td style=\"\">Otro<\/td>\n                    <td style=\"\">Liga de Rec\u00edprocos Auxilios entre los Fieles y el Seminario<\/td>\n                    <td style=\"\"><a href=\"https:\/\/diocesisdeaguascalientes.mx\/vicaria-de-pastoral\/wp-content\/uploads\/sites\/2\/forminator\/10414_47c7fef6f8c6f15ac1daaf1663bdf562\/uploads\/9QImQ3AYB5Vg-OEL-LRASF-2025-2026.pdf\" target=\"_blank\">9QImQ3AYB5Vg-OEL-LRASF-2025-2026.pdf<\/a><\/td>\n                    <td style=\"\">24\/09\/2025 11:40 AM<\/td>\n            <\/tr>\n            <tr id=\"table_3_row_321\">\n                    <td style=\"\">Programaci\u00f3n Parroquial<\/td>\n                    <td style=\"\">P078 NUESTRA SE\u00d1ORA DEL REFUGIO(BEL\u00c9N DEL REFUGIO)<\/td>\n                    <td style=\"\">Organismos Eclesiales Laicales (OEL)<\/td>\n                    <td style=\"\">21.Guardia de honor del Sagrado Coraz\u00f3n de Jes\u00fas.<\/td>\n                    <td style=\"\"><\/td>\n                    <td style=\"\"><a href=\"https:\/\/diocesisdeaguascalientes.mx\/vicaria-de-pastoral\/wp-content\/uploads\/sites\/2\/forminator\/10414_47c7fef6f8c6f15ac1daaf1663bdf562\/uploads\/O15bPtnY2Wab-OEL-Guardia-de-Honor-del-S.C.J.pdf\" target=\"_blank\">O15bPtnY2Wab-OEL-Guardia-de-Honor-del-S.C.J.pdf<\/a><\/td>\n                    <td style=\"\">24\/09\/2025 11:34 AM<\/td>\n            <\/tr>\n            <tr id=\"table_3_row_322\">\n                    <td style=\"\">Programaci\u00f3n Parroquial<\/td>\n                    <td style=\"\">P078 NUESTRA SE\u00d1ORA DEL REFUGIO(BEL\u00c9N DEL REFUGIO)<\/td>\n                    <td style=\"\">Pastoral de la Comunicaci\u00f3n<\/td>\n                    <td style=\"\"><\/td>\n                    <td style=\"\"><\/td>\n                    <td style=\"\"><a href=\"https:\/\/diocesisdeaguascalientes.mx\/vicaria-de-pastoral\/wp-content\/uploads\/sites\/2\/forminator\/10414_47c7fef6f8c6f15ac1daaf1663bdf562\/uploads\/t5wVgDpV61Jg-PASTORAL-DE-LA-COMUNICACION-2025-2026.pdf\" target=\"_blank\">t5wVgDpV61Jg-PASTORAL-DE-LA-COMUNICACION-2025-2026.pdf<\/a><\/td>\n                    <td style=\"\">24\/09\/2025 11:33 AM<\/td>\n            <\/tr>\n            <tr id=\"table_3_row_323\">\n                    <td style=\"\">Programaci\u00f3n Parroquial<\/td>\n                    <td style=\"\">P049 SAN JOS\u00c9(MES\u00d3N DE LOS SAUCES)<\/td>\n                    <td style=\"\">Lit\u00fargica<\/td>\n                    <td style=\"\"><\/td>\n                    <td style=\"\"><\/td>\n                    <td style=\"\"><a href=\"https:\/\/diocesisdeaguascalientes.mx\/vicaria-de-pastoral\/wp-content\/uploads\/sites\/2\/forminator\/10414_47c7fef6f8c6f15ac1daaf1663bdf562\/uploads\/G53SCRN1e5jr-Programacion-Pastoral-Parroquial-2025-2026litirgia.pdf\" target=\"_blank\">G53SCRN1e5jr-Programacion-Pastoral-Parroquial-2025-2026litirgia.pdf<\/a><\/td>\n                    <td style=\"\">24\/09\/2025 11:25 AM<\/td>\n            <\/tr>\n            <tr id=\"table_3_row_324\">\n                    <td style=\"\">Programaci\u00f3n Parroquial<\/td>\n                    <td style=\"\">P042 JES\u00daS, MAR\u00cdA Y JOS\u00c9(EL ROSARIO)<\/td>\n                    <td style=\"\">Pastoral de la Comunicaci\u00f3n<\/td>\n                    <td style=\"\"><\/td>\n                    <td style=\"\"><\/td>\n                    <td style=\"\"><a href=\"https:\/\/diocesisdeaguascalientes.mx\/vicaria-de-pastoral\/wp-content\/uploads\/sites\/2\/forminator\/10414_47c7fef6f8c6f15ac1daaf1663bdf562\/uploads\/ZPwX9OcAQOSy-PROGRAMACION_PASTORAL_DE_LA_COMUNICACION.pdf\" target=\"_blank\">ZPwX9OcAQOSy-PROGRAMACION_PASTORAL_DE_LA_COMUNICACION.pdf<\/a><\/td>\n                    <td style=\"\">24\/09\/2025 11:18 AM<\/td>\n            <\/tr>\n            <tr id=\"table_3_row_325\">\n                    <td style=\"\">Programaci\u00f3n Parroquial<\/td>\n                    <td style=\"\">P042 JES\u00daS, MAR\u00cdA Y JOS\u00c9(EL ROSARIO)<\/td>\n                    <td style=\"\">Organismos Eclesiales Laicales (OEL)<\/td>\n                    <td style=\"\">35.Movimiento Misionero Cat\u00f3lico<\/td>\n                    <td style=\"\"><\/td>\n                    <td style=\"\"><a href=\"https:\/\/diocesisdeaguascalientes.mx\/vicaria-de-pastoral\/wp-content\/uploads\/sites\/2\/forminator\/10414_47c7fef6f8c6f15ac1daaf1663bdf562\/uploads\/6KxR4qOOcanf-PROGRAMACION_ORGANISMOS_ECLESIALES_LAICALES_MMC.pdf\" target=\"_blank\">6KxR4qOOcanf-PROGRAMACION_ORGANISMOS_ECLESIALES_LAICALES_MMC.pdf<\/a><\/td>\n                    <td style=\"\">24\/09\/2025 11:15 AM<\/td>\n            <\/tr>\n            <tr id=\"table_3_row_326\">\n                    <td style=\"\">Programaci\u00f3n Parroquial<\/td>\n                    <td style=\"\">P042 JES\u00daS, MAR\u00cdA Y JOS\u00c9(EL ROSARIO)<\/td>\n                    <td style=\"\">Adolescentes<\/td>\n                    <td style=\"\"><\/td>\n                    <td style=\"\"><\/td>\n                    <td style=\"\"><a href=\"https:\/\/diocesisdeaguascalientes.mx\/vicaria-de-pastoral\/wp-content\/uploads\/sites\/2\/forminator\/10414_47c7fef6f8c6f15ac1daaf1663bdf562\/uploads\/OPM2omrPFehi-PROGRAMACION_PASTORAL_DE_ADOLESCENTES.pdf\" target=\"_blank\">OPM2omrPFehi-PROGRAMACION_PASTORAL_DE_ADOLESCENTES.pdf<\/a><\/td>\n                    <td style=\"\">24\/09\/2025 11:14 AM<\/td>\n            <\/tr>\n            <tr id=\"table_3_row_327\">\n                    <td style=\"\">Programaci\u00f3n Parroquial<\/td>\n                    <td style=\"\">P042 JES\u00daS, MAR\u00cdA Y JOS\u00c9(EL ROSARIO)<\/td>\n                    <td style=\"\">Lit\u00fargica<\/td>\n                    <td style=\"\"><\/td>\n                    <td style=\"\"><\/td>\n                    <td style=\"\"><a href=\"https:\/\/diocesisdeaguascalientes.mx\/vicaria-de-pastoral\/wp-content\/uploads\/sites\/2\/forminator\/10414_47c7fef6f8c6f15ac1daaf1663bdf562\/uploads\/8kXeqaBg9w88-PROGRAMACION_PASTORAL_LITURGICA.pdf\" target=\"_blank\">8kXeqaBg9w88-PROGRAMACION_PASTORAL_LITURGICA.pdf<\/a><\/td>\n                    <td style=\"\">24\/09\/2025 11:13 AM<\/td>\n            <\/tr>\n            <tr id=\"table_3_row_328\">\n                    <td style=\"\">Programaci\u00f3n Parroquial<\/td>\n                    <td style=\"\">P042 JES\u00daS, MAR\u00cdA Y JOS\u00c9(EL ROSARIO)<\/td>\n                    <td style=\"\">Social<\/td>\n                    <td style=\"\"><\/td>\n                    <td style=\"\"><\/td>\n                    <td style=\"\"><a href=\"https:\/\/diocesisdeaguascalientes.mx\/vicaria-de-pastoral\/wp-content\/uploads\/sites\/2\/forminator\/10414_47c7fef6f8c6f15ac1daaf1663bdf562\/uploads\/ovhAXSVqeWQB-PROGRAMACION_PASTORAL_SOCIAL.pdf\" target=\"_blank\">ovhAXSVqeWQB-PROGRAMACION_PASTORAL_SOCIAL.pdf<\/a><\/td>\n                    <td style=\"\">24\/09\/2025 11:12 AM<\/td>\n            <\/tr>\n            <tr id=\"table_3_row_329\">\n                    <td style=\"\">Programaci\u00f3n Parroquial<\/td>\n                    <td style=\"\">P042 JES\u00daS, MAR\u00cdA Y JOS\u00c9(EL ROSARIO)<\/td>\n                    <td style=\"\">Prof\u00e9tica<\/td>\n                    <td style=\"\"><\/td>\n                    <td style=\"\"><\/td>\n                    <td style=\"\"><a href=\"https:\/\/diocesisdeaguascalientes.mx\/vicaria-de-pastoral\/wp-content\/uploads\/sites\/2\/forminator\/10414_47c7fef6f8c6f15ac1daaf1663bdf562\/uploads\/5U0qJcn002tU-PROGRAMACION_PASTORAL_PROFETICA.pdf\" target=\"_blank\">5U0qJcn002tU-PROGRAMACION_PASTORAL_PROFETICA.pdf<\/a><\/td>\n                    <td style=\"\">24\/09\/2025 11:09 AM<\/td>\n            <\/tr>\n            <tr id=\"table_3_row_330\">\n                    <td style=\"\">Programaci\u00f3n Parroquial<\/td>\n                    <td style=\"\">P042 JES\u00daS, MAR\u00cdA Y JOS\u00c9(EL ROSARIO)<\/td>\n                    <td style=\"\">Animaci\u00f3n Pastoral (CPP)<\/td>\n                    <td style=\"\"><\/td>\n                    <td style=\"\"><\/td>\n                    <td style=\"\"><a href=\"https:\/\/diocesisdeaguascalientes.mx\/vicaria-de-pastoral\/wp-content\/uploads\/sites\/2\/forminator\/10414_47c7fef6f8c6f15ac1daaf1663bdf562\/uploads\/gNkyApkWQGjo-PROGRAMACION_ANIMACION_PASTORAL.pdf\" target=\"_blank\">gNkyApkWQGjo-PROGRAMACION_ANIMACION_PASTORAL.pdf<\/a><\/td>\n                    <td style=\"\">24\/09\/2025 11:08 AM<\/td>\n            <\/tr>\n            <tr id=\"table_3_row_331\">\n                    <td style=\"\">Programaci\u00f3n Parroquial<\/td>\n                    <td style=\"\">P073 NUESTRA SE\u00d1ORA DEL REFUGIO(SANDOVALES)<\/td>\n                    <td style=\"\">Lit\u00fargica<\/td>\n                    <td style=\"\"><\/td>\n                    <td style=\"\"><\/td>\n                    <td style=\"\"><a href=\"https:\/\/diocesisdeaguascalientes.mx\/vicaria-de-pastoral\/wp-content\/uploads\/sites\/2\/forminator\/10414_47c7fef6f8c6f15ac1daaf1663bdf562\/uploads\/IahXv3klGhAQ-PROG-SACRISTANES.pdf\" target=\"_blank\">IahXv3klGhAQ-PROG-SACRISTANES.pdf<\/a><\/td>\n                    <td style=\"\">24\/09\/2025 10:52 AM<\/td>\n            <\/tr>\n            <tr id=\"table_3_row_332\">\n                    <td style=\"\">Programaci\u00f3n Parroquial<\/td>\n                    <td style=\"\">P073 NUESTRA SE\u00d1ORA DEL REFUGIO(SANDOVALES)<\/td>\n                    <td style=\"\">Lit\u00fargica<\/td>\n                    <td style=\"\"><\/td>\n                    <td style=\"\"><\/td>\n                    <td style=\"\"><a href=\"https:\/\/diocesisdeaguascalientes.mx\/vicaria-de-pastoral\/wp-content\/uploads\/sites\/2\/forminator\/10414_47c7fef6f8c6f15ac1daaf1663bdf562\/uploads\/uduWPYrGYEMI-PROG-COROS.pdf\" target=\"_blank\">uduWPYrGYEMI-PROG-COROS.pdf<\/a><\/td>\n                    <td style=\"\">24\/09\/2025 10:51 AM<\/td>\n            <\/tr>\n            <tr id=\"table_3_row_333\">\n                    <td style=\"\">Programaci\u00f3n Parroquial<\/td>\n                    <td style=\"\">P073 NUESTRA SE\u00d1ORA DEL REFUGIO(SANDOVALES)<\/td>\n                    <td style=\"\">Prof\u00e9tica<\/td>\n                    <td style=\"\"><\/td>\n                    <td style=\"\"><\/td>\n                    <td style=\"\"><a href=\"https:\/\/diocesisdeaguascalientes.mx\/vicaria-de-pastoral\/wp-content\/uploads\/sites\/2\/forminator\/10414_47c7fef6f8c6f15ac1daaf1663bdf562\/uploads\/kEvR8Ay80mPW-PROG-CATEQU.pdf\" target=\"_blank\">kEvR8Ay80mPW-PROG-CATEQU.pdf<\/a><\/td>\n                    <td style=\"\">24\/09\/2025 10:50 AM<\/td>\n            <\/tr>\n            <tr id=\"table_3_row_334\">\n                    <td style=\"\">Programaci\u00f3n Parroquial<\/td>\n                    <td style=\"\">P003 EL SE\u00d1OR DE LAS ANGUSTIAS(RINC\u00d3N DE ROMOS)<\/td>\n                    <td style=\"\">Organismos Eclesiales Laicales (OEL)<\/td>\n                    <td style=\"\">15.Equipos de Nuestra Se\u00f1ora<\/td>\n                    <td style=\"\"><\/td>\n                    <td style=\"\"><a href=\"https:\/\/diocesisdeaguascalientes.mx\/vicaria-de-pastoral\/wp-content\/uploads\/sites\/2\/forminator\/10414_47c7fef6f8c6f15ac1daaf1663bdf562\/uploads\/WeLVnpz4CBNf-PROG._MOVIMIENTOS_ENS1.pdf\" target=\"_blank\">WeLVnpz4CBNf-PROG._MOVIMIENTOS_ENS1.pdf<\/a><\/td>\n                    <td style=\"\">24\/09\/2025 10:46 AM<\/td>\n            <\/tr>\n            <tr id=\"table_3_row_335\">\n                    <td style=\"\">Programaci\u00f3n Parroquial<\/td>\n                    <td style=\"\">P090 SANTA CRUZ DE JERUSAL\u00c9N(MART\u00cdNEZ DOMINGUEZ)<\/td>\n                    <td style=\"\">Animaci\u00f3n Pastoral (CPP)<\/td>\n                    <td style=\"\"><\/td>\n                    <td style=\"\"><\/td>\n                    <td style=\"\"><a href=\"https:\/\/diocesisdeaguascalientes.mx\/vicaria-de-pastoral\/wp-content\/uploads\/sites\/2\/forminator\/10414_47c7fef6f8c6f15ac1daaf1663bdf562\/uploads\/SIbh574pmaAP-PROGRAMACION-2025-2026-EAPP-SANTA-CRUZ.pdf\" target=\"_blank\">SIbh574pmaAP-PROGRAMACION-2025-2026-EAPP-SANTA-CRUZ.pdf<\/a><\/td>\n                    <td style=\"\">24\/09\/2025 09:54 AM<\/td>\n            <\/tr>\n            <tr id=\"table_3_row_336\">\n                    <td style=\"\">Programaci\u00f3n Parroquial<\/td>\n                    <td style=\"\">P082 SAGRADO CORAZ\u00d3N DE JES\u00daS(CENTRO)<\/td>\n                    <td style=\"\">Familiar<\/td>\n                    <td style=\"\"><\/td>\n                    <td style=\"\"><\/td>\n                    <td style=\"\"><a href=\"https:\/\/diocesisdeaguascalientes.mx\/vicaria-de-pastoral\/wp-content\/uploads\/sites\/2\/forminator\/10414_47c7fef6f8c6f15ac1daaf1663bdf562\/uploads\/MnySEGhzZppW-FORMATO-DE-PROGRAMACION-2025-2026-Parroquias-y-Decanatos-Pastoral-Familiar.pdf\" target=\"_blank\">MnySEGhzZppW-FORMATO-DE-PROGRAMACION-2025-2026-Parroquias-y-Decanatos-Pastoral-Familiar.pdf<\/a><\/td>\n                    <td style=\"\">24\/09\/2025 09:18 AM<\/td>\n            <\/tr>\n            <tr id=\"table_3_row_337\">\n                    <td style=\"\">Programaci\u00f3n Parroquial<\/td>\n                    <td style=\"\">P082 SAGRADO CORAZ\u00d3N DE JES\u00daS(CENTRO)<\/td>\n                    <td style=\"\">Social<\/td>\n                    <td style=\"\"><\/td>\n                    <td style=\"\"><\/td>\n                    <td style=\"\"><a href=\"https:\/\/diocesisdeaguascalientes.mx\/vicaria-de-pastoral\/wp-content\/uploads\/sites\/2\/forminator\/10414_47c7fef6f8c6f15ac1daaf1663bdf562\/uploads\/FLFO8lNYvi0z-FORMATO-DE-PROGRAMACION-2025-2026-Parroquias-y-Decanatos-P-Social-2025-1.pdf\" target=\"_blank\">FLFO8lNYvi0z-FORMATO-DE-PROGRAMACION-2025-2026-Parroquias-y-Decanatos-P-Social-2025-1.pdf<\/a><\/td>\n                    <td style=\"\">24\/09\/2025 09:16 AM<\/td>\n            <\/tr>\n            <tr id=\"table_3_row_338\">\n                    <td style=\"\">Programaci\u00f3n Parroquial<\/td>\n                    <td style=\"\">P082 SAGRADO CORAZ\u00d3N DE JES\u00daS(CENTRO)<\/td>\n                    <td style=\"\">Lit\u00fargica<\/td>\n                    <td style=\"\"><\/td>\n                    <td style=\"\"><\/td>\n                    <td style=\"\"><a href=\"https:\/\/diocesisdeaguascalientes.mx\/vicaria-de-pastoral\/wp-content\/uploads\/sites\/2\/forminator\/10414_47c7fef6f8c6f15ac1daaf1663bdf562\/uploads\/yexM1JsPFqGC-FORMATO-DE-PROGRAMACION-2025-2026-Parroquias-y-Decanatos-Sagrado-Corazon-de-Jesus-centro-Liturgica.pdf\" target=\"_blank\">yexM1JsPFqGC-FORMATO-DE-PROGRAMACION-2025-2026-Parroquias-y-Decanatos-Sagrado-Corazon-de-Jesus-centro-Liturgica.pdf<\/a><\/td>\n                    <td style=\"\">24\/09\/2025 09:14 AM<\/td>\n            <\/tr>\n            <tr id=\"table_3_row_339\">\n                    <td style=\"\">Programaci\u00f3n Parroquial<\/td>\n                    <td style=\"\">P082 SAGRADO CORAZ\u00d3N DE JES\u00daS(CENTRO)<\/td>\n                    <td style=\"\">Prof\u00e9tica<\/td>\n                    <td style=\"\"><\/td>\n                    <td style=\"\"><\/td>\n                    <td style=\"\"><a href=\"https:\/\/diocesisdeaguascalientes.mx\/vicaria-de-pastoral\/wp-content\/uploads\/sites\/2\/forminator\/10414_47c7fef6f8c6f15ac1daaf1663bdf562\/uploads\/VuyLhUy2gm0C-FORMATO-DE-PROGRAMACION-2025-2026-Parroquias-y-Decanatos-Profetica-1.pdf\" target=\"_blank\">VuyLhUy2gm0C-FORMATO-DE-PROGRAMACION-2025-2026-Parroquias-y-Decanatos-Profetica-1.pdf<\/a><\/td>\n                    <td style=\"\">24\/09\/2025 09:13 AM<\/td>\n            <\/tr>\n            <tr id=\"table_3_row_340\">\n                    <td style=\"\">Programaci\u00f3n Parroquial<\/td>\n                    <td style=\"\">P082 SAGRADO CORAZ\u00d3N DE JES\u00daS(CENTRO)<\/td>\n                    <td style=\"\">Animaci\u00f3n Pastoral (CPP)<\/td>\n                    <td style=\"\"><\/td>\n                    <td style=\"\"><\/td>\n                    <td style=\"\"><a href=\"https:\/\/diocesisdeaguascalientes.mx\/vicaria-de-pastoral\/wp-content\/uploads\/sites\/2\/forminator\/10414_47c7fef6f8c6f15ac1daaf1663bdf562\/uploads\/i5S9UROIIzJv-FORMATO-DE-PROGRAMACION-2025-2026-Parr-Sagrado-Corazon-de-Jesus-Centro-Consejo-okok.pdf\" target=\"_blank\">i5S9UROIIzJv-FORMATO-DE-PROGRAMACION-2025-2026-Parr-Sagrado-Corazon-de-Jesus-Centro-Consejo-okok.pdf<\/a><\/td>\n                    <td style=\"\">24\/09\/2025 09:10 AM<\/td>\n            <\/tr>\n            <tr id=\"table_3_row_341\">\n                    <td style=\"\">Programaci\u00f3n Parroquial<\/td>\n                    <td style=\"\">P046 SAN JOS\u00c9(SAN JOS\u00c9 DE GRACIA)<\/td>\n                    <td style=\"\">Organismos Eclesiales Laicales (OEL)<\/td>\n                    <td style=\"\">Otro<\/td>\n                    <td style=\"\">ARCHICOFRADIA DEL SAGRADO CORAZON DE JESUS<\/td>\n                    <td style=\"\"><a href=\"https:\/\/diocesisdeaguascalientes.mx\/vicaria-de-pastoral\/wp-content\/uploads\/sites\/2\/forminator\/10414_47c7fef6f8c6f15ac1daaf1663bdf562\/uploads\/1tICMghhK1jG-OEL-P046-SJG-25-26.pdf\" target=\"_blank\">1tICMghhK1jG-OEL-P046-SJG-25-26.pdf<\/a><\/td>\n                    <td style=\"\">24\/09\/2025 08:57 AM<\/td>\n            <\/tr>\n            <tr id=\"table_3_row_342\">\n                    <td style=\"\">Programaci\u00f3n Parroquial<\/td>\n                    <td style=\"\">P046 SAN JOS\u00c9(SAN JOS\u00c9 DE GRACIA)<\/td>\n                    <td style=\"\">Adolescentes<\/td>\n                    <td style=\"\"><\/td>\n                    <td style=\"\"><\/td>\n                    <td style=\"\"><a href=\"https:\/\/diocesisdeaguascalientes.mx\/vicaria-de-pastoral\/wp-content\/uploads\/sites\/2\/forminator\/10414_47c7fef6f8c6f15ac1daaf1663bdf562\/uploads\/WVKxxbtXVzjF-Adolescentes-P046-SJG.pdf\" target=\"_blank\">WVKxxbtXVzjF-Adolescentes-P046-SJG.pdf<\/a><\/td>\n                    <td style=\"\">24\/09\/2025 08:53 AM<\/td>\n            <\/tr>\n            <tr id=\"table_3_row_343\">\n                    <td style=\"\">Programaci\u00f3n Parroquial<\/td>\n                    <td style=\"\">P090 SANTA CRUZ DE JERUSAL\u00c9N(MART\u00cdNEZ DOMINGUEZ)<\/td>\n                    <td style=\"\">Familiar<\/td>\n                    <td style=\"\"><\/td>\n                    <td style=\"\"><\/td>\n                    <td style=\"\"><a href=\"https:\/\/diocesisdeaguascalientes.mx\/vicaria-de-pastoral\/wp-content\/uploads\/sites\/2\/forminator\/10414_47c7fef6f8c6f15ac1daaf1663bdf562\/uploads\/VrvGHPnQueEU-PROGRAMACION-2025-2026-PASTORAL-FAMILIAR-SANTA-CRUZ.pdf\" target=\"_blank\">VrvGHPnQueEU-PROGRAMACION-2025-2026-PASTORAL-FAMILIAR-SANTA-CRUZ.pdf<\/a><\/td>\n                    <td style=\"\">24\/09\/2025 08:49 AM<\/td>\n            <\/tr>\n            <tr id=\"table_3_row_344\">\n                    <td style=\"\">Programaci\u00f3n Parroquial<\/td>\n                    <td style=\"\">P090 SANTA CRUZ DE JERUSAL\u00c9N(MART\u00cdNEZ DOMINGUEZ)<\/td>\n                    <td style=\"\">Social<\/td>\n                    <td style=\"\"><\/td>\n                    <td style=\"\"><\/td>\n                    <td style=\"\"><a href=\"https:\/\/diocesisdeaguascalientes.mx\/vicaria-de-pastoral\/wp-content\/uploads\/sites\/2\/forminator\/10414_47c7fef6f8c6f15ac1daaf1663bdf562\/uploads\/zm5vz5UB20nO-PROGRAMACION-2025-2026-PASTORAL-SOCIAL-SANTA-CRUZ.pdf\" target=\"_blank\">zm5vz5UB20nO-PROGRAMACION-2025-2026-PASTORAL-SOCIAL-SANTA-CRUZ.pdf<\/a><\/td>\n                    <td style=\"\">24\/09\/2025 08:49 AM<\/td>\n            <\/tr>\n            <tr id=\"table_3_row_345\">\n                    <td style=\"\">Programaci\u00f3n Parroquial<\/td>\n                    <td style=\"\">P053 SAN JUAN BAUTISTA(BENITO PALOMINO DENA)<\/td>\n                    <td style=\"\">Organismos Eclesiales Laicales (OEL)<\/td>\n                    <td style=\"\">Otro<\/td>\n                    <td style=\"\">Grupo Se\u00f1or de la Misericordia<\/td>\n                    <td style=\"\"><a href=\"https:\/\/diocesisdeaguascalientes.mx\/vicaria-de-pastoral\/wp-content\/uploads\/sites\/2\/forminator\/10414_47c7fef6f8c6f15ac1daaf1663bdf562\/uploads\/emvM1mqLs5HI-GPO-MISERICORDIA-SJB.pdf\" target=\"_blank\">emvM1mqLs5HI-GPO-MISERICORDIA-SJB.pdf<\/a><\/td>\n                    <td style=\"\">24\/09\/2025 08:42 AM<\/td>\n            <\/tr>\n            <tr id=\"table_3_row_346\">\n                    <td style=\"\">Programaci\u00f3n Parroquial<\/td>\n                    <td style=\"\">P053 SAN JUAN BAUTISTA(BENITO PALOMINO DENA)<\/td>\n                    <td style=\"\">Organismos Eclesiales Laicales (OEL)<\/td>\n                    <td style=\"\">9.\u201cEn Cristo, senectud digna\u201d (CRISEDI)<\/td>\n                    <td style=\"\"><\/td>\n                    <td style=\"\"><a href=\"https:\/\/diocesisdeaguascalientes.mx\/vicaria-de-pastoral\/wp-content\/uploads\/sites\/2\/forminator\/10414_47c7fef6f8c6f15ac1daaf1663bdf562\/uploads\/Nh4biJhOhmoE-CRISEDI-SJB.pdf\" target=\"_blank\">Nh4biJhOhmoE-CRISEDI-SJB.pdf<\/a><\/td>\n                    <td style=\"\">24\/09\/2025 08:39 AM<\/td>\n            <\/tr>\n            <tr id=\"table_3_row_347\">\n                    <td style=\"\">Programaci\u00f3n Parroquial<\/td>\n                    <td style=\"\">P053 SAN JUAN BAUTISTA(BENITO PALOMINO DENA)<\/td>\n                    <td style=\"\">Pastoral de la Comunicaci\u00f3n<\/td>\n                    <td style=\"\"><\/td>\n                    <td style=\"\"><\/td>\n                    <td style=\"\"><a href=\"https:\/\/diocesisdeaguascalientes.mx\/vicaria-de-pastoral\/wp-content\/uploads\/sites\/2\/forminator\/10414_47c7fef6f8c6f15ac1daaf1663bdf562\/uploads\/RYMgjXHKJPtg-COMUNICACION-SJB.pdf\" target=\"_blank\">RYMgjXHKJPtg-COMUNICACION-SJB.pdf<\/a><\/td>\n                    <td style=\"\">24\/09\/2025 08:38 AM<\/td>\n            <\/tr>\n            <tr id=\"table_3_row_348\">\n                    <td style=\"\">Programaci\u00f3n Parroquial<\/td>\n                    <td style=\"\">P053 SAN JUAN BAUTISTA(BENITO PALOMINO DENA)<\/td>\n                    <td style=\"\">Juvenil<\/td>\n                    <td style=\"\"><\/td>\n                    <td style=\"\"><\/td>\n                    <td style=\"\"><a href=\"https:\/\/diocesisdeaguascalientes.mx\/vicaria-de-pastoral\/wp-content\/uploads\/sites\/2\/forminator\/10414_47c7fef6f8c6f15ac1daaf1663bdf562\/uploads\/UExKKc1KsKWk-JUVENIL-SJB.pdf\" target=\"_blank\">UExKKc1KsKWk-JUVENIL-SJB.pdf<\/a><\/td>\n                    <td style=\"\">24\/09\/2025 08:36 AM<\/td>\n            <\/tr>\n            <tr id=\"table_3_row_349\">\n                    <td style=\"\">Programaci\u00f3n Parroquial<\/td>\n                    <td style=\"\">P053 SAN JUAN BAUTISTA(BENITO PALOMINO DENA)<\/td>\n                    <td style=\"\">Adolescentes<\/td>\n                    <td style=\"\"><\/td>\n                    <td style=\"\"><\/td>\n                    <td style=\"\"><a href=\"https:\/\/diocesisdeaguascalientes.mx\/vicaria-de-pastoral\/wp-content\/uploads\/sites\/2\/forminator\/10414_47c7fef6f8c6f15ac1daaf1663bdf562\/uploads\/AOo6KG7FhGcR-ADOLESCENTES-SJB.pdf\" target=\"_blank\">AOo6KG7FhGcR-ADOLESCENTES-SJB.pdf<\/a><\/td>\n                    <td style=\"\">24\/09\/2025 08:32 AM<\/td>\n            <\/tr>\n            <tr id=\"table_3_row_350\">\n                    <td style=\"\">Programaci\u00f3n Parroquial<\/td>\n                    <td style=\"\">P053 SAN JUAN BAUTISTA(BENITO PALOMINO DENA)<\/td>\n                    <td style=\"\">Familiar<\/td>\n                    <td style=\"\"><\/td>\n                    <td style=\"\"><\/td>\n                    <td style=\"\"><a href=\"https:\/\/diocesisdeaguascalientes.mx\/vicaria-de-pastoral\/wp-content\/uploads\/sites\/2\/forminator\/10414_47c7fef6f8c6f15ac1daaf1663bdf562\/uploads\/R52TbJsHr0IY-FAMILIAR-SJB.pdf\" target=\"_blank\">R52TbJsHr0IY-FAMILIAR-SJB.pdf<\/a><\/td>\n                    <td style=\"\">24\/09\/2025 08:31 AM<\/td>\n            <\/tr>\n            <tr id=\"table_3_row_351\">\n                    <td style=\"\">Programaci\u00f3n Parroquial<\/td>\n                    <td style=\"\">P053 SAN JUAN BAUTISTA(BENITO PALOMINO DENA)<\/td>\n                    <td style=\"\">Social<\/td>\n                    <td style=\"\"><\/td>\n                    <td style=\"\"><\/td>\n                    <td style=\"\"><a href=\"https:\/\/diocesisdeaguascalientes.mx\/vicaria-de-pastoral\/wp-content\/uploads\/sites\/2\/forminator\/10414_47c7fef6f8c6f15ac1daaf1663bdf562\/uploads\/s1xES29eriTg-SOCIAL-SJB.pdf\" target=\"_blank\">s1xES29eriTg-SOCIAL-SJB.pdf<\/a><\/td>\n                    <td style=\"\">24\/09\/2025 08:30 AM<\/td>\n            <\/tr>\n            <tr id=\"table_3_row_352\">\n                    <td style=\"\">Programaci\u00f3n Parroquial<\/td>\n                    <td style=\"\">P053 SAN JUAN BAUTISTA(BENITO PALOMINO DENA)<\/td>\n                    <td style=\"\">Lit\u00fargica<\/td>\n                    <td style=\"\"><\/td>\n                    <td style=\"\"><\/td>\n                    <td style=\"\"><a href=\"https:\/\/diocesisdeaguascalientes.mx\/vicaria-de-pastoral\/wp-content\/uploads\/sites\/2\/forminator\/10414_47c7fef6f8c6f15ac1daaf1663bdf562\/uploads\/XrdEM1RnDLU7-LITURGICA-SJB.pdf\" target=\"_blank\">XrdEM1RnDLU7-LITURGICA-SJB.pdf<\/a><\/td>\n                    <td style=\"\">24\/09\/2025 08:29 AM<\/td>\n            <\/tr>\n            <tr id=\"table_3_row_353\">\n                    <td style=\"\">Programaci\u00f3n Parroquial<\/td>\n                    <td style=\"\">P053 SAN JUAN BAUTISTA(BENITO PALOMINO DENA)<\/td>\n                    <td style=\"\">Prof\u00e9tica<\/td>\n                    <td style=\"\"><\/td>\n                    <td style=\"\"><\/td>\n                    <td style=\"\"><a href=\"https:\/\/diocesisdeaguascalientes.mx\/vicaria-de-pastoral\/wp-content\/uploads\/sites\/2\/forminator\/10414_47c7fef6f8c6f15ac1daaf1663bdf562\/uploads\/q7tPZsvVjLEx-PROFETICA-SJB.pdf\" target=\"_blank\">q7tPZsvVjLEx-PROFETICA-SJB.pdf<\/a><\/td>\n                    <td style=\"\">24\/09\/2025 08:24 AM<\/td>\n            <\/tr>\n            <tr id=\"table_3_row_354\">\n                    <td style=\"\">Programaci\u00f3n Parroquial<\/td>\n                    <td style=\"\">P053 SAN JUAN BAUTISTA(BENITO PALOMINO DENA)<\/td>\n                    <td style=\"\">Animaci\u00f3n Pastoral (CPP)<\/td>\n                    <td style=\"\"><\/td>\n                    <td style=\"\"><\/td>\n                    <td style=\"\"><a href=\"https:\/\/diocesisdeaguascalientes.mx\/vicaria-de-pastoral\/wp-content\/uploads\/sites\/2\/forminator\/10414_47c7fef6f8c6f15ac1daaf1663bdf562\/uploads\/oUOcknyqhLR0-ANIMACION-PASTORAL-SJB.pdf\" target=\"_blank\">oUOcknyqhLR0-ANIMACION-PASTORAL-SJB.pdf<\/a><\/td>\n                    <td style=\"\">24\/09\/2025 08:21 AM<\/td>\n            <\/tr>\n            <tr id=\"table_3_row_355\">\n                    <td style=\"\">Programaci\u00f3n Parroquial<\/td>\n                    <td style=\"\">P073 NUESTRA SE\u00d1ORA DEL REFUGIO(SANDOVALES)<\/td>\n                    <td style=\"\">Familiar<\/td>\n                    <td style=\"\"><\/td>\n                    <td style=\"\"><\/td>\n                    <td style=\"\"><a href=\"https:\/\/diocesisdeaguascalientes.mx\/vicaria-de-pastoral\/wp-content\/uploads\/sites\/2\/forminator\/10414_47c7fef6f8c6f15ac1daaf1663bdf562\/uploads\/fnbgpbye0GU5-PROG-FAM.pdf\" target=\"_blank\">fnbgpbye0GU5-PROG-FAM.pdf<\/a><\/td>\n                    <td style=\"\">24\/09\/2025 08:16 AM<\/td>\n            <\/tr>\n            <tr id=\"table_3_row_356\">\n                    <td style=\"\">Programaci\u00f3n Parroquial<\/td>\n                    <td style=\"\">P073 NUESTRA SE\u00d1ORA DEL REFUGIO(SANDOVALES)<\/td>\n                    <td style=\"\">Animaci\u00f3n Pastoral (CPP)<\/td>\n                    <td style=\"\"><\/td>\n                    <td style=\"\"><\/td>\n                    <td style=\"\"><a href=\"https:\/\/diocesisdeaguascalientes.mx\/vicaria-de-pastoral\/wp-content\/uploads\/sites\/2\/forminator\/10414_47c7fef6f8c6f15ac1daaf1663bdf562\/uploads\/9SWtSQCm8uor-PROG-AN-DE-PARR-PAS.pdf\" target=\"_blank\">9SWtSQCm8uor-PROG-AN-DE-PARR-PAS.pdf<\/a><\/td>\n                    <td style=\"\">24\/09\/2025 08:14 AM<\/td>\n            <\/tr>\n            <tr id=\"table_3_row_357\">\n                    <td style=\"\">Programaci\u00f3n Parroquial<\/td>\n                    <td style=\"\">P069 SAN PEDRO Y SAN PABLO(SAN PEDRO)<\/td>\n                    <td style=\"\">Organismos Eclesiales Laicales (OEL)<\/td>\n                    <td style=\"\">23.Hombres nuevos en Cristo<\/td>\n                    <td style=\"\"><\/td>\n                    <td style=\"\"><a href=\"https:\/\/diocesisdeaguascalientes.mx\/vicaria-de-pastoral\/wp-content\/uploads\/sites\/2\/forminator\/10414_47c7fef6f8c6f15ac1daaf1663bdf562\/uploads\/C2JRbs1w5ayz-Programacion-Hombres-Nuevos-en-Cristo.-Agosto-2025-Julio-2026.pdf\" target=\"_blank\">C2JRbs1w5ayz-Programacion-Hombres-Nuevos-en-Cristo.-Agosto-2025-Julio-2026.pdf<\/a><\/td>\n                    <td style=\"\">24\/09\/2025 08:11 AM<\/td>\n            <\/tr>\n            <tr id=\"table_3_row_358\">\n                    <td style=\"\">Programaci\u00f3n Parroquial<\/td>\n                    <td style=\"\">P105 TRES AVE MAR\u00cdAS(LAS AM\u00c9RICAS)<\/td>\n                    <td style=\"\">Adolescentes<\/td>\n                    <td style=\"\"><\/td>\n                    <td style=\"\"><\/td>\n                    <td style=\"\"><a href=\"https:\/\/diocesisdeaguascalientes.mx\/vicaria-de-pastoral\/wp-content\/uploads\/sites\/2\/forminator\/10414_47c7fef6f8c6f15ac1daaf1663bdf562\/uploads\/B2fOO1dPmZiM-PROGRAMA-ADOLESCENTES.-ENCUENTRO-CON-CRISTO-25-26.pdf\" target=\"_blank\">B2fOO1dPmZiM-PROGRAMA-ADOLESCENTES.-ENCUENTRO-CON-CRISTO-25-26.pdf<\/a><\/td>\n                    <td style=\"\">24\/09\/2025 01:25 AM<\/td>\n            <\/tr>\n            <tr id=\"table_3_row_359\">\n                    <td style=\"\">Programaci\u00f3n Parroquial<\/td>\n                    <td style=\"\">P105 TRES AVE MAR\u00cdAS(LAS AM\u00c9RICAS)<\/td>\n                    <td style=\"\">Organismos Eclesiales Laicales (OEL)<\/td>\n                    <td style=\"\">40.Renovaci\u00f3n Carism\u00e1tica Cat\u00f3lica en el Esp\u00edritu Santo<\/td>\n                    <td style=\"\"><\/td>\n                    <td style=\"\"><a href=\"https:\/\/diocesisdeaguascalientes.mx\/vicaria-de-pastoral\/wp-content\/uploads\/sites\/2\/forminator\/10414_47c7fef6f8c6f15ac1daaf1663bdf562\/uploads\/bxtCA3NEKkAL-PROGRAMA-RENOVACION-CARISMATICA.-ENCUENTRO-CON-CRISTO-25-26.pdf\" target=\"_blank\">bxtCA3NEKkAL-PROGRAMA-RENOVACION-CARISMATICA.-ENCUENTRO-CON-CRISTO-25-26.pdf<\/a><\/td>\n                    <td style=\"\">24\/09\/2025 01:11 AM<\/td>\n            <\/tr>\n            <tr id=\"table_3_row_360\">\n                    <td style=\"\">Programaci\u00f3n Parroquial<\/td>\n                    <td style=\"\">P004 NUESTRA SE\u00d1ORA DE LA ANUNCIACI\u00d3N(EL DORADO)<\/td>\n                    <td style=\"\">Organismos Eclesiales Laicales (OEL)<\/td>\n                    <td style=\"\">Otro<\/td>\n                    <td style=\"\">Adoraci\u00f3n Nocturna<\/td>\n                    <td style=\"\"><a href=\"https:\/\/diocesisdeaguascalientes.mx\/vicaria-de-pastoral\/wp-content\/uploads\/sites\/2\/forminator\/10414_47c7fef6f8c6f15ac1daaf1663bdf562\/uploads\/SuRb7gnjMlhP-ADORACION-NOCTURNA-Programacion-25-26.pdf\" target=\"_blank\">SuRb7gnjMlhP-ADORACION-NOCTURNA-Programacion-25-26.pdf<\/a><\/td>\n                    <td style=\"\">24\/09\/2025 12:17 AM<\/td>\n            <\/tr>\n            <tr id=\"table_3_row_361\">\n                    <td style=\"\">Programaci\u00f3n Parroquial<\/td>\n                    <td style=\"\">P004 NUESTRA SE\u00d1ORA DE LA ANUNCIACI\u00d3N(EL DORADO)<\/td>\n                    <td style=\"\">Organismos Eclesiales Laicales (OEL)<\/td>\n                    <td style=\"\">28.Llama de amor del Inmaculado Coraz\u00f3n de Mar\u00eda<\/td>\n                    <td style=\"\"><\/td>\n                    <td style=\"\"><a href=\"https:\/\/diocesisdeaguascalientes.mx\/vicaria-de-pastoral\/wp-content\/uploads\/sites\/2\/forminator\/10414_47c7fef6f8c6f15ac1daaf1663bdf562\/uploads\/C7fkHI7ERKkM-LLAMA-DE-AMOR-Programacion-25-26.pdf\" target=\"_blank\">C7fkHI7ERKkM-LLAMA-DE-AMOR-Programacion-25-26.pdf<\/a><\/td>\n                    <td style=\"\">24\/09\/2025 12:14 AM<\/td>\n            <\/tr>\n            <tr id=\"table_3_row_362\">\n                    <td style=\"\">Programaci\u00f3n Parroquial<\/td>\n                    <td style=\"\">P004 NUESTRA SE\u00d1ORA DE LA ANUNCIACI\u00d3N(EL DORADO)<\/td>\n                    <td style=\"\">Organismos Eclesiales Laicales (OEL)<\/td>\n                    <td style=\"\">21.Guardia de honor del Sagrado Coraz\u00f3n de Jes\u00fas.<\/td>\n                    <td style=\"\"><\/td>\n                    <td style=\"\"><a href=\"https:\/\/diocesisdeaguascalientes.mx\/vicaria-de-pastoral\/wp-content\/uploads\/sites\/2\/forminator\/10414_47c7fef6f8c6f15ac1daaf1663bdf562\/uploads\/XIepoIcQipcp-GUARDIA-DE-HONOR-Programacion-25-26.pdf\" target=\"_blank\">XIepoIcQipcp-GUARDIA-DE-HONOR-Programacion-25-26.pdf<\/a><\/td>\n                    <td style=\"\">24\/09\/2025 12:12 AM<\/td>\n            <\/tr>\n            <tr id=\"table_3_row_363\">\n                    <td style=\"\">Programaci\u00f3n Parroquial<\/td>\n                    <td style=\"\">P004 NUESTRA SE\u00d1ORA DE LA ANUNCIACI\u00d3N(EL DORADO)<\/td>\n                    <td style=\"\">Pastoral de la Comunicaci\u00f3n<\/td>\n                    <td style=\"\"><\/td>\n                    <td style=\"\"><\/td>\n                    <td style=\"\"><a href=\"https:\/\/diocesisdeaguascalientes.mx\/vicaria-de-pastoral\/wp-content\/uploads\/sites\/2\/forminator\/10414_47c7fef6f8c6f15ac1daaf1663bdf562\/uploads\/DCPvN4AWX5IW-COMUNICACION-Programacion-25-26.pdf\" target=\"_blank\">DCPvN4AWX5IW-COMUNICACION-Programacion-25-26.pdf<\/a><\/td>\n                    <td style=\"\">24\/09\/2025 12:10 AM<\/td>\n            <\/tr>\n            <tr id=\"table_3_row_364\">\n                    <td style=\"\">Programaci\u00f3n Parroquial<\/td>\n                    <td style=\"\">P004 NUESTRA SE\u00d1ORA DE LA ANUNCIACI\u00d3N(EL DORADO)<\/td>\n                    <td style=\"\">Adolescentes<\/td>\n                    <td style=\"\"><\/td>\n                    <td style=\"\"><\/td>\n                    <td style=\"\"><a href=\"https:\/\/diocesisdeaguascalientes.mx\/vicaria-de-pastoral\/wp-content\/uploads\/sites\/2\/forminator\/10414_47c7fef6f8c6f15ac1daaf1663bdf562\/uploads\/8C3EPCPJFxkA-ADOLESCENTES-Programacion-25-26.pdf\" target=\"_blank\">8C3EPCPJFxkA-ADOLESCENTES-Programacion-25-26.pdf<\/a><\/td>\n                    <td style=\"\">24\/09\/2025 12:09 AM<\/td>\n            <\/tr>\n            <tr id=\"table_3_row_365\">\n                    <td style=\"\">Programaci\u00f3n Parroquial<\/td>\n                    <td style=\"\">P004 NUESTRA SE\u00d1ORA DE LA ANUNCIACI\u00d3N(EL DORADO)<\/td>\n                    <td style=\"\">Familiar<\/td>\n                    <td style=\"\"><\/td>\n                    <td style=\"\"><\/td>\n                    <td style=\"\"><a href=\"https:\/\/diocesisdeaguascalientes.mx\/vicaria-de-pastoral\/wp-content\/uploads\/sites\/2\/forminator\/10414_47c7fef6f8c6f15ac1daaf1663bdf562\/uploads\/Am8icQ7ezZHk-FAMILIAR-Programacion-25-26.pdf\" target=\"_blank\">Am8icQ7ezZHk-FAMILIAR-Programacion-25-26.pdf<\/a><\/td>\n                    <td style=\"\">24\/09\/2025 12:08 AM<\/td>\n            <\/tr>\n            <tr id=\"table_3_row_366\">\n                    <td style=\"\">Programaci\u00f3n Parroquial<\/td>\n                    <td style=\"\">P004 NUESTRA SE\u00d1ORA DE LA ANUNCIACI\u00d3N(EL DORADO)<\/td>\n                    <td style=\"\">Prof\u00e9tica<\/td>\n                    <td style=\"\"><\/td>\n                    <td style=\"\"><\/td>\n                    <td style=\"\"><a href=\"https:\/\/diocesisdeaguascalientes.mx\/vicaria-de-pastoral\/wp-content\/uploads\/sites\/2\/forminator\/10414_47c7fef6f8c6f15ac1daaf1663bdf562\/uploads\/jsL05TPINApg-PROFETICA-Programacion-25-26.pdf\" target=\"_blank\">jsL05TPINApg-PROFETICA-Programacion-25-26.pdf<\/a><\/td>\n                    <td style=\"\">24\/09\/2025 12:07 AM<\/td>\n            <\/tr>\n            <tr id=\"table_3_row_367\">\n                    <td style=\"\">Programaci\u00f3n Parroquial<\/td>\n                    <td style=\"\">P004 NUESTRA SE\u00d1ORA DE LA ANUNCIACI\u00d3N(EL DORADO)<\/td>\n                    <td style=\"\">Lit\u00fargica<\/td>\n                    <td style=\"\"><\/td>\n                    <td style=\"\"><\/td>\n                    <td style=\"\"><a href=\"https:\/\/diocesisdeaguascalientes.mx\/vicaria-de-pastoral\/wp-content\/uploads\/sites\/2\/forminator\/10414_47c7fef6f8c6f15ac1daaf1663bdf562\/uploads\/ZLFaZkMbf3T3-LITURGIA-Programacion-25-26.pdf\" target=\"_blank\">ZLFaZkMbf3T3-LITURGIA-Programacion-25-26.pdf<\/a><\/td>\n                    <td style=\"\">24\/09\/2025 12:05 AM<\/td>\n            <\/tr>\n            <tr id=\"table_3_row_368\">\n                    <td style=\"\">Programaci\u00f3n Parroquial<\/td>\n                    <td style=\"\">P004 NUESTRA SE\u00d1ORA DE LA ANUNCIACI\u00d3N(EL DORADO)<\/td>\n                    <td style=\"\">Animaci\u00f3n Pastoral (CPP)<\/td>\n                    <td style=\"\"><\/td>\n                    <td style=\"\"><\/td>\n                    <td style=\"\"><a href=\"https:\/\/diocesisdeaguascalientes.mx\/vicaria-de-pastoral\/wp-content\/uploads\/sites\/2\/forminator\/10414_47c7fef6f8c6f15ac1daaf1663bdf562\/uploads\/MOAQYhzXLyrp-SECTORES-Programacion-25-26.pdf\" target=\"_blank\">MOAQYhzXLyrp-SECTORES-Programacion-25-26.pdf<\/a><\/td>\n                    <td style=\"\">24\/09\/2025 12:02 AM<\/td>\n            <\/tr>\n            <tr id=\"table_3_row_369\">\n                    <td style=\"\">Programaci\u00f3n Parroquial<\/td>\n                    <td style=\"\">P046 SAN JOS\u00c9(SAN JOS\u00c9 DE GRACIA)<\/td>\n                    <td style=\"\">Animaci\u00f3n Pastoral (CPP)<\/td>\n                    <td style=\"\"><\/td>\n                    <td style=\"\"><\/td>\n                    <td style=\"\"><a href=\"https:\/\/diocesisdeaguascalientes.mx\/vicaria-de-pastoral\/wp-content\/uploads\/sites\/2\/forminator\/10414_47c7fef6f8c6f15ac1daaf1663bdf562\/uploads\/BRNpaHN8Dgc7-EPAP-P046-SJG-25-26.pdf\" target=\"_blank\">BRNpaHN8Dgc7-EPAP-P046-SJG-25-26.pdf<\/a><\/td>\n                    <td style=\"\">23\/09\/2025 11:26 PM<\/td>\n            <\/tr>\n            <tr id=\"table_3_row_370\">\n                    <td style=\"\">Programaci\u00f3n Parroquial<\/td>\n                    <td style=\"\">P046 SAN JOS\u00c9(SAN JOS\u00c9 DE GRACIA)<\/td>\n                    <td style=\"\">Juvenil<\/td>\n                    <td style=\"\"><\/td>\n                    <td style=\"\"><\/td>\n                    <td style=\"\"><a href=\"https:\/\/diocesisdeaguascalientes.mx\/vicaria-de-pastoral\/wp-content\/uploads\/sites\/2\/forminator\/10414_47c7fef6f8c6f15ac1daaf1663bdf562\/uploads\/I9DUzz9v6yBZ-Juvenil-P046-SJG-25-26.pdf\" target=\"_blank\">I9DUzz9v6yBZ-Juvenil-P046-SJG-25-26.pdf<\/a><\/td>\n                    <td style=\"\">23\/09\/2025 11:24 PM<\/td>\n            <\/tr>\n            <tr id=\"table_3_row_371\">\n                    <td style=\"\">Programaci\u00f3n Parroquial<\/td>\n                    <td style=\"\">P046 SAN JOS\u00c9(SAN JOS\u00c9 DE GRACIA)<\/td>\n                    <td style=\"\">Familiar<\/td>\n                    <td style=\"\"><\/td>\n                    <td style=\"\"><\/td>\n                    <td style=\"\"><a href=\"https:\/\/diocesisdeaguascalientes.mx\/vicaria-de-pastoral\/wp-content\/uploads\/sites\/2\/forminator\/10414_47c7fef6f8c6f15ac1daaf1663bdf562\/uploads\/BmeuqqEBQQZO-Familiar-P046-SJG-25-262.pdf\" target=\"_blank\">BmeuqqEBQQZO-Familiar-P046-SJG-25-262.pdf<\/a><\/td>\n                    <td style=\"\">23\/09\/2025 11:23 PM<\/td>\n            <\/tr>\n            <tr id=\"table_3_row_372\">\n                    <td style=\"\">Programaci\u00f3n Parroquial<\/td>\n                    <td style=\"\">P046 SAN JOS\u00c9(SAN JOS\u00c9 DE GRACIA)<\/td>\n                    <td style=\"\">Social<\/td>\n                    <td style=\"\"><\/td>\n                    <td style=\"\"><\/td>\n                    <td style=\"\"><a href=\"https:\/\/diocesisdeaguascalientes.mx\/vicaria-de-pastoral\/wp-content\/uploads\/sites\/2\/forminator\/10414_47c7fef6f8c6f15ac1daaf1663bdf562\/uploads\/4usXHbZNfOmb-Social-P046-SJG-25-26.pdf\" target=\"_blank\">4usXHbZNfOmb-Social-P046-SJG-25-26.pdf<\/a><\/td>\n                    <td style=\"\">23\/09\/2025 11:22 PM<\/td>\n            <\/tr>\n            <tr id=\"table_3_row_373\">\n                    <td style=\"\">Programaci\u00f3n Parroquial<\/td>\n                    <td style=\"\">P046 SAN JOS\u00c9(SAN JOS\u00c9 DE GRACIA)<\/td>\n                    <td style=\"\">Lit\u00fargica<\/td>\n                    <td style=\"\"><\/td>\n                    <td style=\"\"><\/td>\n                    <td style=\"\"><a href=\"https:\/\/diocesisdeaguascalientes.mx\/vicaria-de-pastoral\/wp-content\/uploads\/sites\/2\/forminator\/10414_47c7fef6f8c6f15ac1daaf1663bdf562\/uploads\/npWPExH61iSO-Liturgica-P046-SJG-25-26.pdf\" target=\"_blank\">npWPExH61iSO-Liturgica-P046-SJG-25-26.pdf<\/a><\/td>\n                    <td style=\"\">23\/09\/2025 11:21 PM<\/td>\n            <\/tr>\n            <tr id=\"table_3_row_374\">\n                    <td style=\"\">Programaci\u00f3n Parroquial<\/td>\n                    <td style=\"\">P046 SAN JOS\u00c9(SAN JOS\u00c9 DE GRACIA)<\/td>\n                    <td style=\"\">Prof\u00e9tica<\/td>\n                    <td style=\"\"><\/td>\n                    <td style=\"\"><\/td>\n                    <td style=\"\"><a href=\"https:\/\/diocesisdeaguascalientes.mx\/vicaria-de-pastoral\/wp-content\/uploads\/sites\/2\/forminator\/10414_47c7fef6f8c6f15ac1daaf1663bdf562\/uploads\/NQ3egThZ39Zg-Profetica-P046-SJG-25-26.pdf\" target=\"_blank\">NQ3egThZ39Zg-Profetica-P046-SJG-25-26.pdf<\/a><\/td>\n                    <td style=\"\">23\/09\/2025 11:20 PM<\/td>\n            <\/tr>\n            <tr id=\"table_3_row_375\">\n                    <td style=\"\">Programaci\u00f3n Parroquial<\/td>\n                    <td style=\"\">P032 NUESTRA SE\u00d1ORA DE GUADALUPE(MARAVILLAS)<\/td>\n                    <td style=\"\">Organismos Eclesiales Laicales (OEL)<\/td>\n                    <td style=\"\">1.Acci\u00f3n Cat\u00f3lica<\/td>\n                    <td style=\"\"><\/td>\n                    <td style=\"\"><a href=\"https:\/\/diocesisdeaguascalientes.mx\/vicaria-de-pastoral\/wp-content\/uploads\/sites\/2\/forminator\/10414_47c7fef6f8c6f15ac1daaf1663bdf562\/uploads\/eM2NELopMzGP-Accion-Catolica.pdf\" target=\"_blank\">eM2NELopMzGP-Accion-Catolica.pdf<\/a><\/td>\n                    <td style=\"\">23\/09\/2025 10:28 PM<\/td>\n            <\/tr>\n            <tr id=\"table_3_row_376\">\n                    <td style=\"\">Programaci\u00f3n Parroquial<\/td>\n                    <td style=\"\">P073 NUESTRA SE\u00d1ORA DEL REFUGIO(SANDOVALES)<\/td>\n                    <td style=\"\">Lit\u00fargica<\/td>\n                    <td style=\"\"><\/td>\n                    <td style=\"\"><\/td>\n                    <td style=\"\"><a href=\"https:\/\/diocesisdeaguascalientes.mx\/vicaria-de-pastoral\/wp-content\/uploads\/sites\/2\/forminator\/10414_47c7fef6f8c6f15ac1daaf1663bdf562\/uploads\/B6SPhDlSyBUl-PROG-LIT-M.pdf\" target=\"_blank\">B6SPhDlSyBUl-PROG-LIT-M.pdf<\/a><\/td>\n                    <td style=\"\">23\/09\/2025 10:21 PM<\/td>\n            <\/tr>\n            <tr id=\"table_3_row_377\">\n                    <td style=\"\">Programaci\u00f3n Parroquial<\/td>\n                    <td style=\"\">P043 SAN JOS\u00c9(CENTRO)<\/td>\n                    <td style=\"\">Lit\u00fargica<\/td>\n                    <td style=\"\"><\/td>\n                    <td style=\"\"><\/td>\n                    <td style=\"\"><a href=\"https:\/\/diocesisdeaguascalientes.mx\/vicaria-de-pastoral\/wp-content\/uploads\/sites\/2\/forminator\/10414_47c7fef6f8c6f15ac1daaf1663bdf562\/uploads\/OqWEW2DUxxOW-PASTORAL-LITURGICA.pdf\" target=\"_blank\">OqWEW2DUxxOW-PASTORAL-LITURGICA.pdf<\/a><\/td>\n                    <td style=\"\">23\/09\/2025 10:16 PM<\/td>\n            <\/tr>\n            <tr id=\"table_3_row_378\">\n                    <td style=\"\">Programaci\u00f3n Parroquial<\/td>\n                    <td style=\"\">P032 NUESTRA SE\u00d1ORA DE GUADALUPE(MARAVILLAS)<\/td>\n                    <td style=\"\">Organismos Eclesiales Laicales (OEL)<\/td>\n                    <td style=\"\">Otro<\/td>\n                    <td style=\"\">Amigos del Santisimo<\/td>\n                    <td style=\"\"><a href=\"https:\/\/diocesisdeaguascalientes.mx\/vicaria-de-pastoral\/wp-content\/uploads\/sites\/2\/forminator\/10414_47c7fef6f8c6f15ac1daaf1663bdf562\/uploads\/jO7YYdiNyMHw-Amigos-del-Santisimo.pdf\" target=\"_blank\">jO7YYdiNyMHw-Amigos-del-Santisimo.pdf<\/a><\/td>\n                    <td style=\"\">23\/09\/2025 10:14 PM<\/td>\n            <\/tr>\n            <tr id=\"table_3_row_379\">\n                    <td style=\"\">Programaci\u00f3n Parroquial<\/td>\n                    <td style=\"\">P032 NUESTRA SE\u00d1ORA DE GUADALUPE(MARAVILLAS)<\/td>\n                    <td style=\"\">Organismos Eclesiales Laicales (OEL)<\/td>\n                    <td style=\"\">Otro<\/td>\n                    <td style=\"\">Liga de Rec\u00edprocos Auxilios<\/td>\n                    <td style=\"\"><a href=\"https:\/\/diocesisdeaguascalientes.mx\/vicaria-de-pastoral\/wp-content\/uploads\/sites\/2\/forminator\/10414_47c7fef6f8c6f15ac1daaf1663bdf562\/uploads\/ClKb1PMptd5J-Liga.pdf\" target=\"_blank\">ClKb1PMptd5J-Liga.pdf<\/a><\/td>\n                    <td style=\"\">23\/09\/2025 10:13 PM<\/td>\n            <\/tr>\n            <tr id=\"table_3_row_380\">\n                    <td style=\"\">Programaci\u00f3n Parroquial<\/td>\n                    <td style=\"\">P032 NUESTRA SE\u00d1ORA DE GUADALUPE(MARAVILLAS)<\/td>\n                    <td style=\"\">Organismos Eclesiales Laicales (OEL)<\/td>\n                    <td style=\"\">Otro<\/td>\n                    <td style=\"\">Tonanzin<\/td>\n                    <td style=\"\"><a href=\"https:\/\/diocesisdeaguascalientes.mx\/vicaria-de-pastoral\/wp-content\/uploads\/sites\/2\/forminator\/10414_47c7fef6f8c6f15ac1daaf1663bdf562\/uploads\/SZLAX09Zbs7Y-IGLESIA-SINODAL-EN-MISION.pdf\" target=\"_blank\">SZLAX09Zbs7Y-IGLESIA-SINODAL-EN-MISION.pdf<\/a><\/td>\n                    <td style=\"\">23\/09\/2025 10:12 PM<\/td>\n            <\/tr>\n            <tr id=\"table_3_row_381\">\n                    <td style=\"\">Programaci\u00f3n Parroquial<\/td>\n                    <td style=\"\">P032 NUESTRA SE\u00d1ORA DE GUADALUPE(MARAVILLAS)<\/td>\n                    <td style=\"\">Organismos Eclesiales Laicales (OEL)<\/td>\n                    <td style=\"\">13.Cursillos de Cristiandad<\/td>\n                    <td style=\"\"><\/td>\n                    <td style=\"\"><a href=\"https:\/\/diocesisdeaguascalientes.mx\/vicaria-de-pastoral\/wp-content\/uploads\/sites\/2\/forminator\/10414_47c7fef6f8c6f15ac1daaf1663bdf562\/uploads\/H9dk44cSabtA-FORMATO-DE-PROGRAMACION-2025-2026.pdf\" target=\"_blank\">H9dk44cSabtA-FORMATO-DE-PROGRAMACION-2025-2026.pdf<\/a><\/td>\n                    <td style=\"\">23\/09\/2025 10:10 PM<\/td>\n            <\/tr>\n            <tr id=\"table_3_row_382\">\n                    <td style=\"\">Programaci\u00f3n Parroquial<\/td>\n                    <td style=\"\">P032 NUESTRA SE\u00d1ORA DE GUADALUPE(MARAVILLAS)<\/td>\n                    <td style=\"\">Pastoral de la Comunicaci\u00f3n<\/td>\n                    <td style=\"\"><\/td>\n                    <td style=\"\"><\/td>\n                    <td style=\"\"><a href=\"https:\/\/diocesisdeaguascalientes.mx\/vicaria-de-pastoral\/wp-content\/uploads\/sites\/2\/forminator\/10414_47c7fef6f8c6f15ac1daaf1663bdf562\/uploads\/rgG69bJjfDP3-De-Comunicacion.pdf\" target=\"_blank\">rgG69bJjfDP3-De-Comunicacion.pdf<\/a><\/td>\n                    <td style=\"\">23\/09\/2025 10:09 PM<\/td>\n            <\/tr>\n            <tr id=\"table_3_row_383\">\n                    <td style=\"\">Programaci\u00f3n Parroquial<\/td>\n                    <td style=\"\">P032 NUESTRA SE\u00d1ORA DE GUADALUPE(MARAVILLAS)<\/td>\n                    <td style=\"\">Familiar<\/td>\n                    <td style=\"\"><\/td>\n                    <td style=\"\"><\/td>\n                    <td style=\"\"><a href=\"https:\/\/diocesisdeaguascalientes.mx\/vicaria-de-pastoral\/wp-content\/uploads\/sites\/2\/forminator\/10414_47c7fef6f8c6f15ac1daaf1663bdf562\/uploads\/6YiRayGiROJp-Familiar.pdf\" target=\"_blank\">6YiRayGiROJp-Familiar.pdf<\/a><\/td>\n                    <td style=\"\">23\/09\/2025 10:08 PM<\/td>\n            <\/tr>\n            <tr id=\"table_3_row_384\">\n                    <td style=\"\">Programaci\u00f3n Parroquial<\/td>\n                    <td style=\"\">P032 NUESTRA SE\u00d1ORA DE GUADALUPE(MARAVILLAS)<\/td>\n                    <td style=\"\">Social<\/td>\n                    <td style=\"\"><\/td>\n                    <td style=\"\"><\/td>\n                    <td style=\"\"><a href=\"https:\/\/diocesisdeaguascalientes.mx\/vicaria-de-pastoral\/wp-content\/uploads\/sites\/2\/forminator\/10414_47c7fef6f8c6f15ac1daaf1663bdf562\/uploads\/l45IRJCQcosJ-Social.pdf\" target=\"_blank\">l45IRJCQcosJ-Social.pdf<\/a><\/td>\n                    <td style=\"\">23\/09\/2025 10:07 PM<\/td>\n            <\/tr>\n            <tr id=\"table_3_row_385\">\n                    <td style=\"\">Programaci\u00f3n Parroquial<\/td>\n                    <td style=\"\">P032 NUESTRA SE\u00d1ORA DE GUADALUPE(MARAVILLAS)<\/td>\n                    <td style=\"\">Lit\u00fargica<\/td>\n                    <td style=\"\"><\/td>\n                    <td style=\"\"><\/td>\n                    <td style=\"\"><a href=\"https:\/\/diocesisdeaguascalientes.mx\/vicaria-de-pastoral\/wp-content\/uploads\/sites\/2\/forminator\/10414_47c7fef6f8c6f15ac1daaf1663bdf562\/uploads\/zd6YhnIt6dps-Liturgia.pdf\" target=\"_blank\">zd6YhnIt6dps-Liturgia.pdf<\/a><\/td>\n                    <td style=\"\">23\/09\/2025 10:07 PM<\/td>\n            <\/tr>\n            <tr id=\"table_3_row_386\">\n                    <td style=\"\">Programaci\u00f3n Parroquial<\/td>\n                    <td style=\"\">P073 NUESTRA SE\u00d1ORA DEL REFUGIO(SANDOVALES)<\/td>\n                    <td style=\"\">Organismos Eclesiales Laicales (OEL)<\/td>\n                    <td style=\"\">21.Guardia de honor del Sagrado Coraz\u00f3n de Jes\u00fas.<\/td>\n                    <td style=\"\"><\/td>\n                    <td style=\"\"><a href=\"https:\/\/diocesisdeaguascalientes.mx\/vicaria-de-pastoral\/wp-content\/uploads\/sites\/2\/forminator\/10414_47c7fef6f8c6f15ac1daaf1663bdf562\/uploads\/QJVOZQUbcFWn-PROG-O.E.L.pdf\" target=\"_blank\">QJVOZQUbcFWn-PROG-O.E.L.pdf<\/a><\/td>\n                    <td style=\"\">23\/09\/2025 10:05 PM<\/td>\n            <\/tr>\n            <tr id=\"table_3_row_387\">\n                    <td style=\"\">Programaci\u00f3n Parroquial<\/td>\n                    <td style=\"\">P111 NUESTRA SE\u00d1ORA DEL REFUGIO (JALTOMATE)<\/td>\n                    <td style=\"\">Organismos Eclesiales Laicales (OEL)<\/td>\n                    <td style=\"\">Otro<\/td>\n                    <td style=\"\">Refugianos<\/td>\n                    <td style=\"\"><a href=\"https:\/\/diocesisdeaguascalientes.mx\/vicaria-de-pastoral\/wp-content\/uploads\/sites\/2\/forminator\/10414_47c7fef6f8c6f15ac1daaf1663bdf562\/uploads\/V8MK3wtp0rEe-Programacon-de-las-Refuginas.pdf\" target=\"_blank\">V8MK3wtp0rEe-Programacon-de-las-Refuginas.pdf<\/a><\/td>\n                    <td style=\"\">23\/09\/2025 10:05 PM<\/td>\n            <\/tr>\n            <tr id=\"table_3_row_388\">\n                    <td style=\"\">Programaci\u00f3n Parroquial<\/td>\n                    <td style=\"\">P032 NUESTRA SE\u00d1ORA DE GUADALUPE(MARAVILLAS)<\/td>\n                    <td style=\"\">Prof\u00e9tica<\/td>\n                    <td style=\"\"><\/td>\n                    <td style=\"\"><\/td>\n                    <td style=\"\"><a href=\"https:\/\/diocesisdeaguascalientes.mx\/vicaria-de-pastoral\/wp-content\/uploads\/sites\/2\/forminator\/10414_47c7fef6f8c6f15ac1daaf1663bdf562\/uploads\/rHBCHNtTuJhf-Profetica.pdf\" target=\"_blank\">rHBCHNtTuJhf-Profetica.pdf<\/a><\/td>\n                    <td style=\"\">23\/09\/2025 10:05 PM<\/td>\n            <\/tr>\n            <tr id=\"table_3_row_389\">\n                    <td style=\"\">Programaci\u00f3n Parroquial<\/td>\n                    <td style=\"\">P111 NUESTRA SE\u00d1ORA DEL REFUGIO (JALTOMATE)<\/td>\n                    <td style=\"\">Organismos Eclesiales Laicales (OEL)<\/td>\n                    <td style=\"\">Otro<\/td>\n                    <td style=\"\">Adoraci\u00f3n nocturna<\/td>\n                    <td style=\"\"><a href=\"https:\/\/diocesisdeaguascalientes.mx\/vicaria-de-pastoral\/wp-content\/uploads\/sites\/2\/forminator\/10414_47c7fef6f8c6f15ac1daaf1663bdf562\/uploads\/V1XIZHnzfr7C-Programacion-de-adorcion-nocturna-.pdf\" target=\"_blank\">V1XIZHnzfr7C-Programacion-de-adorcion-nocturna-.pdf<\/a><\/td>\n                    <td style=\"\">23\/09\/2025 10:04 PM<\/td>\n            <\/tr>\n            <tr id=\"table_3_row_390\">\n                    <td style=\"\">Programaci\u00f3n Parroquial<\/td>\n                    <td style=\"\">P032 NUESTRA SE\u00d1ORA DE GUADALUPE(MARAVILLAS)<\/td>\n                    <td style=\"\">Animaci\u00f3n Pastoral (CPP)<\/td>\n                    <td style=\"\"><\/td>\n                    <td style=\"\"><\/td>\n                    <td style=\"\"><a href=\"https:\/\/diocesisdeaguascalientes.mx\/vicaria-de-pastoral\/wp-content\/uploads\/sites\/2\/forminator\/10414_47c7fef6f8c6f15ac1daaf1663bdf562\/uploads\/LBvwn8wUbJPW-Consejo.pdf\" target=\"_blank\">LBvwn8wUbJPW-Consejo.pdf<\/a><\/td>\n                    <td style=\"\">23\/09\/2025 10:03 PM<\/td>\n            <\/tr>\n            <tr id=\"table_3_row_391\">\n                    <td style=\"\">Programaci\u00f3n Parroquial<\/td>\n                    <td style=\"\">P111 NUESTRA SE\u00d1ORA DEL REFUGIO (JALTOMATE)<\/td>\n                    <td style=\"\">Organismos Eclesiales Laicales (OEL)<\/td>\n                    <td style=\"\">40.Renovaci\u00f3n Carism\u00e1tica Cat\u00f3lica en el Esp\u00edritu Santo<\/td>\n                    <td style=\"\"><\/td>\n                    <td style=\"\"><a href=\"https:\/\/diocesisdeaguascalientes.mx\/vicaria-de-pastoral\/wp-content\/uploads\/sites\/2\/forminator\/10414_47c7fef6f8c6f15ac1daaf1663bdf562\/uploads\/lx4wEoYLlzLN-Planeacion-de-RCCES.pdf\" target=\"_blank\">lx4wEoYLlzLN-Planeacion-de-RCCES.pdf<\/a><\/td>\n                    <td style=\"\">23\/09\/2025 10:03 PM<\/td>\n            <\/tr>\n            <tr id=\"table_3_row_392\">\n                    <td style=\"\">Programaci\u00f3n Parroquial<\/td>\n                    <td style=\"\">P073 NUESTRA SE\u00d1ORA DEL REFUGIO(SANDOVALES)<\/td>\n                    <td style=\"\">Juvenil<\/td>\n                    <td style=\"\"><\/td>\n                    <td style=\"\"><\/td>\n                    <td style=\"\"><a href=\"https:\/\/diocesisdeaguascalientes.mx\/vicaria-de-pastoral\/wp-content\/uploads\/sites\/2\/forminator\/10414_47c7fef6f8c6f15ac1daaf1663bdf562\/uploads\/lfc3up2zZFEq-PROG-JUVENIL.pdf\" target=\"_blank\">lfc3up2zZFEq-PROG-JUVENIL.pdf<\/a><\/td>\n                    <td style=\"\">23\/09\/2025 10:03 PM<\/td>\n            <\/tr>\n            <tr id=\"table_3_row_393\">\n                    <td style=\"\">Programaci\u00f3n Parroquial<\/td>\n                    <td style=\"\">P111 NUESTRA SE\u00d1ORA DEL REFUGIO (JALTOMATE)<\/td>\n                    <td style=\"\">Pastoral de la Comunicaci\u00f3n<\/td>\n                    <td style=\"\"><\/td>\n                    <td style=\"\"><\/td>\n                    <td style=\"\"><a href=\"https:\/\/diocesisdeaguascalientes.mx\/vicaria-de-pastoral\/wp-content\/uploads\/sites\/2\/forminator\/10414_47c7fef6f8c6f15ac1daaf1663bdf562\/uploads\/OqaXGc4t7SNh-Planeacion-pastoral-de-la-comunicacion.pdf\" target=\"_blank\">OqaXGc4t7SNh-Planeacion-pastoral-de-la-comunicacion.pdf<\/a><\/td>\n                    <td style=\"\">23\/09\/2025 10:02 PM<\/td>\n            <\/tr>\n            <tr id=\"table_3_row_394\">\n                    <td style=\"\">Programaci\u00f3n Parroquial<\/td>\n                    <td style=\"\">P111 NUESTRA SE\u00d1ORA DEL REFUGIO (JALTOMATE)<\/td>\n                    <td style=\"\">Juvenil<\/td>\n                    <td style=\"\"><\/td>\n                    <td style=\"\"><\/td>\n                    <td style=\"\"><a href=\"https:\/\/diocesisdeaguascalientes.mx\/vicaria-de-pastoral\/wp-content\/uploads\/sites\/2\/forminator\/10414_47c7fef6f8c6f15ac1daaf1663bdf562\/uploads\/QthtowV0hAPb-planeacion-de-pastoral-juvenil.pdf\" target=\"_blank\">QthtowV0hAPb-planeacion-de-pastoral-juvenil.pdf<\/a><\/td>\n                    <td style=\"\">23\/09\/2025 10:01 PM<\/td>\n            <\/tr>\n            <tr id=\"table_3_row_395\">\n                    <td style=\"\">Programaci\u00f3n Parroquial<\/td>\n                    <td style=\"\">P111 NUESTRA SE\u00d1ORA DEL REFUGIO (JALTOMATE)<\/td>\n                    <td style=\"\">Familiar<\/td>\n                    <td style=\"\"><\/td>\n                    <td style=\"\"><\/td>\n                    <td style=\"\"><a href=\"https:\/\/diocesisdeaguascalientes.mx\/vicaria-de-pastoral\/wp-content\/uploads\/sites\/2\/forminator\/10414_47c7fef6f8c6f15ac1daaf1663bdf562\/uploads\/DezKN6BajEp2-Planeacion-pastoral-familiar.pdf\" target=\"_blank\">DezKN6BajEp2-Planeacion-pastoral-familiar.pdf<\/a><\/td>\n                    <td style=\"\">23\/09\/2025 09:57 PM<\/td>\n            <\/tr>\n            <tr id=\"table_3_row_396\">\n                    <td style=\"\">Programaci\u00f3n Parroquial<\/td>\n                    <td style=\"\">P111 NUESTRA SE\u00d1ORA DEL REFUGIO (JALTOMATE)<\/td>\n                    <td style=\"\">Social<\/td>\n                    <td style=\"\"><\/td>\n                    <td style=\"\"><\/td>\n                    <td style=\"\"><a href=\"https:\/\/diocesisdeaguascalientes.mx\/vicaria-de-pastoral\/wp-content\/uploads\/sites\/2\/forminator\/10414_47c7fef6f8c6f15ac1daaf1663bdf562\/uploads\/Si6dLHpR1hOx-Planeacion-Psocial.pdf\" target=\"_blank\">Si6dLHpR1hOx-Planeacion-Psocial.pdf<\/a><\/td>\n                    <td style=\"\">23\/09\/2025 09:55 PM<\/td>\n            <\/tr>\n            <tr id=\"table_3_row_397\">\n                    <td style=\"\">Programaci\u00f3n Parroquial<\/td>\n                    <td style=\"\">P111 NUESTRA SE\u00d1ORA DEL REFUGIO (JALTOMATE)<\/td>\n                    <td style=\"\">Lit\u00fargica<\/td>\n                    <td style=\"\"><\/td>\n                    <td style=\"\"><\/td>\n                    <td style=\"\"><a href=\"https:\/\/diocesisdeaguascalientes.mx\/vicaria-de-pastoral\/wp-content\/uploads\/sites\/2\/forminator\/10414_47c7fef6f8c6f15ac1daaf1663bdf562\/uploads\/mqTz7hJ1dthN-Planeacion-Pastoral-Liturgica.pdf\" target=\"_blank\">mqTz7hJ1dthN-Planeacion-Pastoral-Liturgica.pdf<\/a><\/td>\n                    <td style=\"\">23\/09\/2025 09:54 PM<\/td>\n            <\/tr>\n            <tr id=\"table_3_row_398\">\n                    <td style=\"\">Programaci\u00f3n Parroquial<\/td>\n                    <td style=\"\">P111 NUESTRA SE\u00d1ORA DEL REFUGIO (JALTOMATE)<\/td>\n                    <td style=\"\">Prof\u00e9tica<\/td>\n                    <td style=\"\"><\/td>\n                    <td style=\"\"><\/td>\n                    <td style=\"\"><a href=\"https:\/\/diocesisdeaguascalientes.mx\/vicaria-de-pastoral\/wp-content\/uploads\/sites\/2\/forminator\/10414_47c7fef6f8c6f15ac1daaf1663bdf562\/uploads\/A2MfoYP8hyqI-Planeacion-pastoral-profetica.pdf\" target=\"_blank\">A2MfoYP8hyqI-Planeacion-pastoral-profetica.pdf<\/a><\/td>\n                    <td style=\"\">23\/09\/2025 09:54 PM<\/td>\n            <\/tr>\n            <tr id=\"table_3_row_399\">\n                    <td style=\"\">Programaci\u00f3n Parroquial<\/td>\n                    <td style=\"\">P111 NUESTRA SE\u00d1ORA DEL REFUGIO (JALTOMATE)<\/td>\n                    <td style=\"\">Animaci\u00f3n Pastoral (CPP)<\/td>\n                    <td style=\"\"><\/td>\n                    <td style=\"\"><\/td>\n                    <td style=\"\"><a href=\"https:\/\/diocesisdeaguascalientes.mx\/vicaria-de-pastoral\/wp-content\/uploads\/sites\/2\/forminator\/10414_47c7fef6f8c6f15ac1daaf1663bdf562\/uploads\/f6yF99inhYpq-Planeacion-Animacion-Pastoral.pdf\" target=\"_blank\">f6yF99inhYpq-Planeacion-Animacion-Pastoral.pdf<\/a><\/td>\n                    <td style=\"\">23\/09\/2025 09:53 PM<\/td>\n            <\/tr>\n            <tr id=\"table_3_row_400\">\n                    <td style=\"\">Programaci\u00f3n Parroquial<\/td>\n                    <td style=\"\">P093 SANTO NI\u00d1O DEL SALTO(EL SALTO DE LOS SALADO)<\/td>\n                    <td style=\"\">Animaci\u00f3n Pastoral (CPP)<\/td>\n                    <td style=\"\"><\/td>\n                    <td style=\"\"><\/td>\n                    <td style=\"\"><a href=\"https:\/\/diocesisdeaguascalientes.mx\/vicaria-de-pastoral\/wp-content\/uploads\/sites\/2\/forminator\/10414_47c7fef6f8c6f15ac1daaf1663bdf562\/uploads\/UTVCdI81UqDK-PROGRAMACION-PARROQUIAL-DE-ANIMACION-PASTORAL-2025-2026.pdf\" target=\"_blank\">UTVCdI81UqDK-PROGRAMACION-PARROQUIAL-DE-ANIMACION-PASTORAL-2025-2026.pdf<\/a><\/td>\n                    <td style=\"\">23\/09\/2025 09:04 PM<\/td>\n            <\/tr>\n            <tr id=\"table_3_row_401\">\n                    <td style=\"\">Programaci\u00f3n Parroquial<\/td>\n                    <td style=\"\">P093 SANTO NI\u00d1O DEL SALTO(EL SALTO DE LOS SALADO)<\/td>\n                    <td style=\"\">Social<\/td>\n                    <td style=\"\"><\/td>\n                    <td style=\"\"><\/td>\n                    <td style=\"\"><a href=\"https:\/\/diocesisdeaguascalientes.mx\/vicaria-de-pastoral\/wp-content\/uploads\/sites\/2\/forminator\/10414_47c7fef6f8c6f15ac1daaf1663bdf562\/uploads\/obICsbVONGll-PASTORAL-SOCIAL.pdf\" target=\"_blank\">obICsbVONGll-PASTORAL-SOCIAL.pdf<\/a><\/td>\n                    <td style=\"\">23\/09\/2025 09:03 PM<\/td>\n            <\/tr>\n            <tr id=\"table_3_row_402\">\n                    <td style=\"\">Programaci\u00f3n Parroquial<\/td>\n                    <td style=\"\">P093 SANTO NI\u00d1O DEL SALTO(EL SALTO DE LOS SALADO)<\/td>\n                    <td style=\"\">Lit\u00fargica<\/td>\n                    <td style=\"\"><\/td>\n                    <td style=\"\"><\/td>\n                    <td style=\"\"><a href=\"https:\/\/diocesisdeaguascalientes.mx\/vicaria-de-pastoral\/wp-content\/uploads\/sites\/2\/forminator\/10414_47c7fef6f8c6f15ac1daaf1663bdf562\/uploads\/B2xTkz2yq7O3-PASTORAL-LITURGICA.pdf\" target=\"_blank\">B2xTkz2yq7O3-PASTORAL-LITURGICA.pdf<\/a><\/td>\n                    <td style=\"\">23\/09\/2025 09:01 PM<\/td>\n            <\/tr>\n            <tr id=\"table_3_row_403\">\n                    <td style=\"\">Programaci\u00f3n Parroquial<\/td>\n                    <td style=\"\">P093 SANTO NI\u00d1O DEL SALTO(EL SALTO DE LOS SALADO)<\/td>\n                    <td style=\"\">Prof\u00e9tica<\/td>\n                    <td style=\"\"><\/td>\n                    <td style=\"\"><\/td>\n                    <td style=\"\"><a href=\"https:\/\/diocesisdeaguascalientes.mx\/vicaria-de-pastoral\/wp-content\/uploads\/sites\/2\/forminator\/10414_47c7fef6f8c6f15ac1daaf1663bdf562\/uploads\/4OrNTlocm62X-PASTORAL-PROFETICO.pdf\" target=\"_blank\">4OrNTlocm62X-PASTORAL-PROFETICO.pdf<\/a><\/td>\n                    <td style=\"\">23\/09\/2025 09:00 PM<\/td>\n            <\/tr>\n            <tr id=\"table_3_row_404\">\n                    <td style=\"\">Programaci\u00f3n Parroquial<\/td>\n                    <td style=\"\">P018 DIVINO SALVADOR(TROJES DE ALONSO)<\/td>\n                    <td style=\"\">Lit\u00fargica<\/td>\n                    <td style=\"\"><\/td>\n                    <td style=\"\"><\/td>\n                    <td style=\"\"><a href=\"https:\/\/diocesisdeaguascalientes.mx\/vicaria-de-pastoral\/wp-content\/uploads\/sites\/2\/forminator\/10414_47c7fef6f8c6f15ac1daaf1663bdf562\/uploads\/T26PfGuJ7MsN-SEPTIEMBRE-2025.pdf\" target=\"_blank\">T26PfGuJ7MsN-SEPTIEMBRE-2025.pdf<\/a><\/td>\n                    <td style=\"\">23\/09\/2025 08:54 PM<\/td>\n            <\/tr>\n            <tr id=\"table_3_row_405\">\n                    <td style=\"\">Programaci\u00f3n Parroquial<\/td>\n                    <td style=\"\">P114 NUESTRA SE\u00d1ORA DEL REFUGIO(NORIAS DE OJO CALIENTE)<\/td>\n                    <td style=\"\">Organismos Eclesiales Laicales (OEL)<\/td>\n                    <td style=\"\">30.Mater F\u00e1tima<\/td>\n                    <td style=\"\"><\/td>\n                    <td style=\"\"><a href=\"https:\/\/diocesisdeaguascalientes.mx\/vicaria-de-pastoral\/wp-content\/uploads\/sites\/2\/forminator\/10414_47c7fef6f8c6f15ac1daaf1663bdf562\/uploads\/AP5haDKECbKO-MATER-FATIMA.pdf\" target=\"_blank\">AP5haDKECbKO-MATER-FATIMA.pdf<\/a><\/td>\n                    <td style=\"\">23\/09\/2025 07:55 PM<\/td>\n            <\/tr>\n            <tr id=\"table_3_row_406\">\n                    <td style=\"\">Programaci\u00f3n Parroquial<\/td>\n                    <td style=\"\">P060 NUESTRA SE\u00d1ORA DE LA LUZ(PALO ALTO)<\/td>\n                    <td style=\"\">Organismos Eclesiales Laicales (OEL)<\/td>\n                    <td style=\"\">3.Adoraci\u00f3n, Comunidad, Trabajo, Servicio (ACTS)<\/td>\n                    <td style=\"\"><\/td>\n                    <td style=\"\"><a href=\"https:\/\/diocesisdeaguascalientes.mx\/vicaria-de-pastoral\/wp-content\/uploads\/sites\/2\/forminator\/10414_47c7fef6f8c6f15ac1daaf1663bdf562\/uploads\/eikyEdeVGyNF-Programa-Organismos-Eclesiales-Laicales-2025.pdf\" target=\"_blank\">eikyEdeVGyNF-Programa-Organismos-Eclesiales-Laicales-2025.pdf<\/a><\/td>\n                    <td style=\"\">23\/09\/2025 07:52 PM<\/td>\n            <\/tr>\n            <tr id=\"table_3_row_407\">\n                    <td style=\"\">Programaci\u00f3n Parroquial<\/td>\n                    <td style=\"\">P060 NUESTRA SE\u00d1ORA DE LA LUZ(PALO ALTO)<\/td>\n                    <td style=\"\">Pastoral de la Comunicaci\u00f3n<\/td>\n                    <td style=\"\"><\/td>\n                    <td style=\"\"><\/td>\n                    <td style=\"\"><a href=\"https:\/\/diocesisdeaguascalientes.mx\/vicaria-de-pastoral\/wp-content\/uploads\/sites\/2\/forminator\/10414_47c7fef6f8c6f15ac1daaf1663bdf562\/uploads\/PNPgxuZvXIlu-Programa-comunicaciones-2025.pdf\" target=\"_blank\">PNPgxuZvXIlu-Programa-comunicaciones-2025.pdf<\/a><\/td>\n                    <td style=\"\">23\/09\/2025 07:51 PM<\/td>\n            <\/tr>\n            <tr id=\"table_3_row_408\">\n                    <td style=\"\">Programaci\u00f3n Parroquial<\/td>\n                    <td style=\"\">P060 NUESTRA SE\u00d1ORA DE LA LUZ(PALO ALTO)<\/td>\n                    <td style=\"\">Juvenil<\/td>\n                    <td style=\"\"><\/td>\n                    <td style=\"\"><\/td>\n                    <td style=\"\"><a href=\"https:\/\/diocesisdeaguascalientes.mx\/vicaria-de-pastoral\/wp-content\/uploads\/sites\/2\/forminator\/10414_47c7fef6f8c6f15ac1daaf1663bdf562\/uploads\/xkLCnEf8xjjg-Juvenil-2025.pdf\" target=\"_blank\">xkLCnEf8xjjg-Juvenil-2025.pdf<\/a><\/td>\n                    <td style=\"\">23\/09\/2025 07:50 PM<\/td>\n            <\/tr>\n            <tr id=\"table_3_row_409\">\n                    <td style=\"\">Programaci\u00f3n Parroquial<\/td>\n                    <td style=\"\">P060 NUESTRA SE\u00d1ORA DE LA LUZ(PALO ALTO)<\/td>\n                    <td style=\"\">Adolescentes<\/td>\n                    <td style=\"\"><\/td>\n                    <td style=\"\"><\/td>\n                    <td style=\"\"><a href=\"https:\/\/diocesisdeaguascalientes.mx\/vicaria-de-pastoral\/wp-content\/uploads\/sites\/2\/forminator\/10414_47c7fef6f8c6f15ac1daaf1663bdf562\/uploads\/6kS0EZ3Slluv-Programa-Adolescentes-2025.pdf\" target=\"_blank\">6kS0EZ3Slluv-Programa-Adolescentes-2025.pdf<\/a><\/td>\n                    <td style=\"\">23\/09\/2025 07:50 PM<\/td>\n            <\/tr>\n            <tr id=\"table_3_row_410\">\n                    <td style=\"\">Programaci\u00f3n Parroquial<\/td>\n                    <td style=\"\">P060 NUESTRA SE\u00d1ORA DE LA LUZ(PALO ALTO)<\/td>\n                    <td style=\"\">Familiar<\/td>\n                    <td style=\"\"><\/td>\n                    <td style=\"\"><\/td>\n                    <td style=\"\"><a href=\"https:\/\/diocesisdeaguascalientes.mx\/vicaria-de-pastoral\/wp-content\/uploads\/sites\/2\/forminator\/10414_47c7fef6f8c6f15ac1daaf1663bdf562\/uploads\/Ip3J82rfIZ5t-Programa-Familiar-2025.pdf\" target=\"_blank\">Ip3J82rfIZ5t-Programa-Familiar-2025.pdf<\/a><\/td>\n                    <td style=\"\">23\/09\/2025 07:48 PM<\/td>\n            <\/tr>\n            <tr id=\"table_3_row_411\">\n                    <td style=\"\">Programaci\u00f3n Parroquial<\/td>\n                    <td style=\"\">P060 NUESTRA SE\u00d1ORA DE LA LUZ(PALO ALTO)<\/td>\n                    <td style=\"\">Social<\/td>\n                    <td style=\"\"><\/td>\n                    <td style=\"\"><\/td>\n                    <td style=\"\"><a href=\"https:\/\/diocesisdeaguascalientes.mx\/vicaria-de-pastoral\/wp-content\/uploads\/sites\/2\/forminator\/10414_47c7fef6f8c6f15ac1daaf1663bdf562\/uploads\/Y7IHQkddA2Pq-Programa-Social-2025.pdf\" target=\"_blank\">Y7IHQkddA2Pq-Programa-Social-2025.pdf<\/a><\/td>\n                    <td style=\"\">23\/09\/2025 07:47 PM<\/td>\n            <\/tr>\n            <tr id=\"table_3_row_412\">\n                    <td style=\"\">Programaci\u00f3n Parroquial<\/td>\n                    <td style=\"\">P060 NUESTRA SE\u00d1ORA DE LA LUZ(PALO ALTO)<\/td>\n                    <td style=\"\">Lit\u00fargica<\/td>\n                    <td style=\"\"><\/td>\n                    <td style=\"\"><\/td>\n                    <td style=\"\"><a href=\"https:\/\/diocesisdeaguascalientes.mx\/vicaria-de-pastoral\/wp-content\/uploads\/sites\/2\/forminator\/10414_47c7fef6f8c6f15ac1daaf1663bdf562\/uploads\/T3mz5S2w1roD-Programa-Liturgica-2025.pdf\" target=\"_blank\">T3mz5S2w1roD-Programa-Liturgica-2025.pdf<\/a><\/td>\n                    <td style=\"\">23\/09\/2025 07:46 PM<\/td>\n            <\/tr>\n            <tr id=\"table_3_row_413\">\n                    <td style=\"\">Programaci\u00f3n Parroquial<\/td>\n                    <td style=\"\">P060 NUESTRA SE\u00d1ORA DE LA LUZ(PALO ALTO)<\/td>\n                    <td style=\"\">Prof\u00e9tica<\/td>\n                    <td style=\"\"><\/td>\n                    <td style=\"\"><\/td>\n                    <td style=\"\"><a href=\"https:\/\/diocesisdeaguascalientes.mx\/vicaria-de-pastoral\/wp-content\/uploads\/sites\/2\/forminator\/10414_47c7fef6f8c6f15ac1daaf1663bdf562\/uploads\/vznr1bulVQvM-programacion-profetica-2025.pdf\" target=\"_blank\">vznr1bulVQvM-programacion-profetica-2025.pdf<\/a><\/td>\n                    <td style=\"\">23\/09\/2025 07:45 PM<\/td>\n            <\/tr>\n            <tr id=\"table_3_row_414\">\n                    <td style=\"\">Programaci\u00f3n Parroquial<\/td>\n                    <td style=\"\">P060 NUESTRA SE\u00d1ORA DE LA LUZ(PALO ALTO)<\/td>\n                    <td style=\"\">Animaci\u00f3n Pastoral (CPP)<\/td>\n                    <td style=\"\"><\/td>\n                    <td style=\"\"><\/td>\n                    <td style=\"\"><a href=\"https:\/\/diocesisdeaguascalientes.mx\/vicaria-de-pastoral\/wp-content\/uploads\/sites\/2\/forminator\/10414_47c7fef6f8c6f15ac1daaf1663bdf562\/uploads\/BfqkieImHiCy-programa-animacion-pastoral-2025.pdf\" target=\"_blank\">BfqkieImHiCy-programa-animacion-pastoral-2025.pdf<\/a><\/td>\n                    <td style=\"\">23\/09\/2025 07:44 PM<\/td>\n            <\/tr>\n            <tr id=\"table_3_row_415\">\n                    <td style=\"\">Programaci\u00f3n Parroquial<\/td>\n                    <td style=\"\">P114 NUESTRA SE\u00d1ORA DEL REFUGIO(NORIAS DE OJO CALIENTE)<\/td>\n                    <td style=\"\">Organismos Eclesiales Laicales (OEL)<\/td>\n                    <td style=\"\">1.Acci\u00f3n Cat\u00f3lica<\/td>\n                    <td style=\"\"><\/td>\n                    <td style=\"\"><a href=\"https:\/\/diocesisdeaguascalientes.mx\/vicaria-de-pastoral\/wp-content\/uploads\/sites\/2\/forminator\/10414_47c7fef6f8c6f15ac1daaf1663bdf562\/uploads\/pENBDPe8ptb7-OEL.pdf\" target=\"_blank\">pENBDPe8ptb7-OEL.pdf<\/a><\/td>\n                    <td style=\"\">23\/09\/2025 07:18 PM<\/td>\n            <\/tr>\n            <tr id=\"table_3_row_416\">\n                    <td style=\"\">Programaci\u00f3n Parroquial<\/td>\n                    <td style=\"\">P114 NUESTRA SE\u00d1ORA DEL REFUGIO(NORIAS DE OJO CALIENTE)<\/td>\n                    <td style=\"\">Animaci\u00f3n Pastoral (CPP)<\/td>\n                    <td style=\"\"><\/td>\n                    <td style=\"\"><\/td>\n                    <td style=\"\"><a href=\"https:\/\/diocesisdeaguascalientes.mx\/vicaria-de-pastoral\/wp-content\/uploads\/sites\/2\/forminator\/10414_47c7fef6f8c6f15ac1daaf1663bdf562\/uploads\/ym84k6Z7oiN2-ANIMACION-PARROQUIAL.pdf\" target=\"_blank\">ym84k6Z7oiN2-ANIMACION-PARROQUIAL.pdf<\/a><\/td>\n                    <td style=\"\">23\/09\/2025 07:12 PM<\/td>\n            <\/tr>\n            <tr id=\"table_3_row_417\">\n                    <td style=\"\">Programaci\u00f3n Parroquial<\/td>\n                    <td style=\"\">P114 NUESTRA SE\u00d1ORA DEL REFUGIO(NORIAS DE OJO CALIENTE)<\/td>\n                    <td style=\"\">Prof\u00e9tica<\/td>\n                    <td style=\"\"><\/td>\n                    <td style=\"\"><\/td>\n                    <td style=\"\"><a href=\"https:\/\/diocesisdeaguascalientes.mx\/vicaria-de-pastoral\/wp-content\/uploads\/sites\/2\/forminator\/10414_47c7fef6f8c6f15ac1daaf1663bdf562\/uploads\/keKQXOdu5Tdi-PROFETICA.pdf\" target=\"_blank\">keKQXOdu5Tdi-PROFETICA.pdf<\/a><\/td>\n                    <td style=\"\">23\/09\/2025 07:10 PM<\/td>\n            <\/tr>\n            <tr id=\"table_3_row_418\">\n                    <td style=\"\">Programaci\u00f3n Parroquial<\/td>\n                    <td style=\"\">P114 NUESTRA SE\u00d1ORA DEL REFUGIO(NORIAS DE OJO CALIENTE)<\/td>\n                    <td style=\"\">Lit\u00fargica<\/td>\n                    <td style=\"\"><\/td>\n                    <td style=\"\"><\/td>\n                    <td style=\"\"><a href=\"https:\/\/diocesisdeaguascalientes.mx\/vicaria-de-pastoral\/wp-content\/uploads\/sites\/2\/forminator\/10414_47c7fef6f8c6f15ac1daaf1663bdf562\/uploads\/Em2pc883P48X-LITURGICA.pdf\" target=\"_blank\">Em2pc883P48X-LITURGICA.pdf<\/a><\/td>\n                    <td style=\"\">23\/09\/2025 07:07 PM<\/td>\n            <\/tr>\n            <tr id=\"table_3_row_419\">\n                    <td style=\"\">Programaci\u00f3n Parroquial<\/td>\n                    <td style=\"\">P114 NUESTRA SE\u00d1ORA DEL REFUGIO(NORIAS DE OJO CALIENTE)<\/td>\n                    <td style=\"\">Social<\/td>\n                    <td style=\"\"><\/td>\n                    <td style=\"\"><\/td>\n                    <td style=\"\"><a href=\"https:\/\/diocesisdeaguascalientes.mx\/vicaria-de-pastoral\/wp-content\/uploads\/sites\/2\/forminator\/10414_47c7fef6f8c6f15ac1daaf1663bdf562\/uploads\/dxY9FplJqJwr-SOCIAL.pdf\" target=\"_blank\">dxY9FplJqJwr-SOCIAL.pdf<\/a><\/td>\n                    <td style=\"\">23\/09\/2025 07:04 PM<\/td>\n            <\/tr>\n            <tr id=\"table_3_row_420\">\n                    <td style=\"\">Programaci\u00f3n Parroquial<\/td>\n                    <td style=\"\">P114 NUESTRA SE\u00d1ORA DEL REFUGIO(NORIAS DE OJO CALIENTE)<\/td>\n                    <td style=\"\">Familiar<\/td>\n                    <td style=\"\"><\/td>\n                    <td style=\"\"><\/td>\n                    <td style=\"\"><a href=\"https:\/\/diocesisdeaguascalientes.mx\/vicaria-de-pastoral\/wp-content\/uploads\/sites\/2\/forminator\/10414_47c7fef6f8c6f15ac1daaf1663bdf562\/uploads\/8k3tjlzZqM8h-FAMILIAR.pdf\" target=\"_blank\">8k3tjlzZqM8h-FAMILIAR.pdf<\/a><\/td>\n                    <td style=\"\">23\/09\/2025 06:58 PM<\/td>\n            <\/tr>\n            <tr id=\"table_3_row_421\">\n                    <td style=\"\">Programaci\u00f3n Parroquial<\/td>\n                    <td style=\"\">P114 NUESTRA SE\u00d1ORA DEL REFUGIO(NORIAS DE OJO CALIENTE)<\/td>\n                    <td style=\"\">Pastoral de la Comunicaci\u00f3n<\/td>\n                    <td style=\"\"><\/td>\n                    <td style=\"\"><\/td>\n                    <td style=\"\"><a href=\"https:\/\/diocesisdeaguascalientes.mx\/vicaria-de-pastoral\/wp-content\/uploads\/sites\/2\/forminator\/10414_47c7fef6f8c6f15ac1daaf1663bdf562\/uploads\/C6Dpc4vDQ3qH-COMUNICACION.pdf\" target=\"_blank\">C6Dpc4vDQ3qH-COMUNICACION.pdf<\/a><\/td>\n                    <td style=\"\">23\/09\/2025 06:50 PM<\/td>\n            <\/tr>\n            <tr id=\"table_3_row_422\">\n                    <td style=\"\">Programaci\u00f3n Parroquial<\/td>\n                    <td style=\"\">P047 SAN JOS\u00c9(SAN JOS\u00c9 DE COS\u00cdO)<\/td>\n                    <td style=\"\">Juvenil<\/td>\n                    <td style=\"\"><\/td>\n                    <td style=\"\"><\/td>\n                    <td style=\"\"><a href=\"https:\/\/diocesisdeaguascalientes.mx\/vicaria-de-pastoral\/wp-content\/uploads\/sites\/2\/forminator\/10414_47c7fef6f8c6f15ac1daaf1663bdf562\/uploads\/GLH6w8sYPVhk-Programacion-Parroquial-Pastoral-Juvenil.pdf\" target=\"_blank\">GLH6w8sYPVhk-Programacion-Parroquial-Pastoral-Juvenil.pdf<\/a><\/td>\n                    <td style=\"\">23\/09\/2025 06:46 PM<\/td>\n            <\/tr>\n            <tr id=\"table_3_row_423\">\n                    <td style=\"\">Programaci\u00f3n Parroquial<\/td>\n                    <td style=\"\">P047 SAN JOS\u00c9(SAN JOS\u00c9 DE COS\u00cdO)<\/td>\n                    <td style=\"\">Lit\u00fargica<\/td>\n                    <td style=\"\"><\/td>\n                    <td style=\"\"><\/td>\n                    <td style=\"\"><a href=\"https:\/\/diocesisdeaguascalientes.mx\/vicaria-de-pastoral\/wp-content\/uploads\/sites\/2\/forminator\/10414_47c7fef6f8c6f15ac1daaf1663bdf562\/uploads\/T2TzcgL1RJKI-PASTORAL-LITURGICA.pdf\" target=\"_blank\">T2TzcgL1RJKI-PASTORAL-LITURGICA.pdf<\/a><\/td>\n                    <td style=\"\">23\/09\/2025 06:46 PM<\/td>\n            <\/tr>\n            <tr id=\"table_3_row_424\">\n                    <td style=\"\">Programaci\u00f3n Parroquial<\/td>\n                    <td style=\"\">P047 SAN JOS\u00c9(SAN JOS\u00c9 DE COS\u00cdO)<\/td>\n                    <td style=\"\">Animaci\u00f3n Pastoral (CPP)<\/td>\n                    <td style=\"\"><\/td>\n                    <td style=\"\"><\/td>\n                    <td style=\"\"><a href=\"https:\/\/diocesisdeaguascalientes.mx\/vicaria-de-pastoral\/wp-content\/uploads\/sites\/2\/forminator\/10414_47c7fef6f8c6f15ac1daaf1663bdf562\/uploads\/j24kDyYqs49T-Consejo.pdf\" target=\"_blank\">j24kDyYqs49T-Consejo.pdf<\/a><\/td>\n                    <td style=\"\">23\/09\/2025 06:46 PM<\/td>\n            <\/tr>\n            <tr id=\"table_3_row_425\">\n                    <td style=\"\">Programaci\u00f3n Parroquial<\/td>\n                    <td style=\"\">P114 NUESTRA SE\u00d1ORA DEL REFUGIO(NORIAS DE OJO CALIENTE)<\/td>\n                    <td style=\"\">Adolescentes<\/td>\n                    <td style=\"\"><\/td>\n                    <td style=\"\"><\/td>\n                    <td style=\"\"><a href=\"https:\/\/diocesisdeaguascalientes.mx\/vicaria-de-pastoral\/wp-content\/uploads\/sites\/2\/forminator\/10414_47c7fef6f8c6f15ac1daaf1663bdf562\/uploads\/ri4zhnYrTWmj-ADOLESCENTES.pdf\" target=\"_blank\">ri4zhnYrTWmj-ADOLESCENTES.pdf<\/a><\/td>\n                    <td style=\"\">23\/09\/2025 06:45 PM<\/td>\n            <\/tr>\n            <tr id=\"table_3_row_426\">\n                    <td style=\"\">Programaci\u00f3n Parroquial<\/td>\n                    <td style=\"\">P114 NUESTRA SE\u00d1ORA DEL REFUGIO(NORIAS DE OJO CALIENTE)<\/td>\n                    <td style=\"\">Juvenil<\/td>\n                    <td style=\"\"><\/td>\n                    <td style=\"\"><\/td>\n                    <td style=\"\"><a href=\"https:\/\/diocesisdeaguascalientes.mx\/vicaria-de-pastoral\/wp-content\/uploads\/sites\/2\/forminator\/10414_47c7fef6f8c6f15ac1daaf1663bdf562\/uploads\/nY0feZAG1Gb5-JUVENIL.pdf\" target=\"_blank\">nY0feZAG1Gb5-JUVENIL.pdf<\/a><\/td>\n                    <td style=\"\">23\/09\/2025 06:43 PM<\/td>\n            <\/tr>\n            <tr id=\"table_3_row_427\">\n                    <td style=\"\">Programaci\u00f3n Parroquial<\/td>\n                    <td style=\"\">P002 SANTOS \u00c1NGELES CUSTODIOS(CONSTITUCI\u00d3N)<\/td>\n                    <td style=\"\">Pastoral de la Comunicaci\u00f3n<\/td>\n                    <td style=\"\"><\/td>\n                    <td style=\"\"><\/td>\n                    <td style=\"\"><a href=\"https:\/\/diocesisdeaguascalientes.mx\/vicaria-de-pastoral\/wp-content\/uploads\/sites\/2\/forminator\/10414_47c7fef6f8c6f15ac1daaf1663bdf562\/uploads\/y2aellbGglhX-Comunicacion-.pdf\" target=\"_blank\">y2aellbGglhX-Comunicacion-.pdf<\/a><\/td>\n                    <td style=\"\">23\/09\/2025 06:10 PM<\/td>\n            <\/tr>\n            <tr id=\"table_3_row_428\">\n                    <td style=\"\">Programaci\u00f3n Parroquial<\/td>\n                    <td style=\"\">P002 SANTOS \u00c1NGELES CUSTODIOS(CONSTITUCI\u00d3N)<\/td>\n                    <td style=\"\">Juvenil<\/td>\n                    <td style=\"\"><\/td>\n                    <td style=\"\"><\/td>\n                    <td style=\"\"><a href=\"https:\/\/diocesisdeaguascalientes.mx\/vicaria-de-pastoral\/wp-content\/uploads\/sites\/2\/forminator\/10414_47c7fef6f8c6f15ac1daaf1663bdf562\/uploads\/Oek93qEV4OPC-Juvenil-.pdf\" target=\"_blank\">Oek93qEV4OPC-Juvenil-.pdf<\/a><\/td>\n                    <td style=\"\">23\/09\/2025 06:10 PM<\/td>\n            <\/tr>\n            <tr id=\"table_3_row_429\">\n                    <td style=\"\">Programaci\u00f3n Parroquial<\/td>\n                    <td style=\"\">P002 SANTOS \u00c1NGELES CUSTODIOS(CONSTITUCI\u00d3N)<\/td>\n                    <td style=\"\">Social<\/td>\n                    <td style=\"\"><\/td>\n                    <td style=\"\"><\/td>\n                    <td style=\"\"><a href=\"https:\/\/diocesisdeaguascalientes.mx\/vicaria-de-pastoral\/wp-content\/uploads\/sites\/2\/forminator\/10414_47c7fef6f8c6f15ac1daaf1663bdf562\/uploads\/h2YDRgztVw1j-SOCIAL-.pdf\" target=\"_blank\">h2YDRgztVw1j-SOCIAL-.pdf<\/a><\/td>\n                    <td style=\"\">23\/09\/2025 06:09 PM<\/td>\n            <\/tr>\n            <tr id=\"table_3_row_430\">\n                    <td style=\"\">Programaci\u00f3n Parroquial<\/td>\n                    <td style=\"\">P002 SANTOS \u00c1NGELES CUSTODIOS(CONSTITUCI\u00d3N)<\/td>\n                    <td style=\"\">Lit\u00fargica<\/td>\n                    <td style=\"\"><\/td>\n                    <td style=\"\"><\/td>\n                    <td style=\"\"><a href=\"https:\/\/diocesisdeaguascalientes.mx\/vicaria-de-pastoral\/wp-content\/uploads\/sites\/2\/forminator\/10414_47c7fef6f8c6f15ac1daaf1663bdf562\/uploads\/c1dOoSMY5BKm-Liturgica-.pdf\" target=\"_blank\">c1dOoSMY5BKm-Liturgica-.pdf<\/a><\/td>\n                    <td style=\"\">23\/09\/2025 06:09 PM<\/td>\n            <\/tr>\n            <tr id=\"table_3_row_431\">\n                    <td style=\"\">Programaci\u00f3n Parroquial<\/td>\n                    <td style=\"\">P002 SANTOS \u00c1NGELES CUSTODIOS(CONSTITUCI\u00d3N)<\/td>\n                    <td style=\"\">Prof\u00e9tica<\/td>\n                    <td style=\"\"><\/td>\n                    <td style=\"\"><\/td>\n                    <td style=\"\"><a href=\"https:\/\/diocesisdeaguascalientes.mx\/vicaria-de-pastoral\/wp-content\/uploads\/sites\/2\/forminator\/10414_47c7fef6f8c6f15ac1daaf1663bdf562\/uploads\/7h3LVlsWkoII-PROFETICA-.pdf\" target=\"_blank\">7h3LVlsWkoII-PROFETICA-.pdf<\/a><\/td>\n                    <td style=\"\">23\/09\/2025 06:08 PM<\/td>\n            <\/tr>\n            <tr id=\"table_3_row_432\">\n                    <td style=\"\">Programaci\u00f3n Parroquial<\/td>\n                    <td style=\"\">P036 NUESTRA SE\u00d1ORA DE GUADALUPE(MATANCILLAS)<\/td>\n                    <td style=\"\">Social<\/td>\n                    <td style=\"\"><\/td>\n                    <td style=\"\"><\/td>\n                    <td style=\"\"><a href=\"https:\/\/diocesisdeaguascalientes.mx\/vicaria-de-pastoral\/wp-content\/uploads\/sites\/2\/forminator\/10414_47c7fef6f8c6f15ac1daaf1663bdf562\/uploads\/ZkA9VwoczB8D-PRESACRAMENTALES.pdf\" target=\"_blank\">ZkA9VwoczB8D-PRESACRAMENTALES.pdf<\/a><\/td>\n                    <td style=\"\">23\/09\/2025 06:08 PM<\/td>\n            <\/tr>\n            <tr id=\"table_3_row_433\">\n                    <td style=\"\">Programaci\u00f3n Decanal<\/td>\n                    <td style=\"\"><\/td>\n                    <td style=\"\"><\/td>\n                    <td style=\"\"><\/td>\n                    <td style=\"\"><\/td>\n                    <td style=\"\"><a href=\"https:\/\/diocesisdeaguascalientes.mx\/vicaria-de-pastoral\/wp-content\/uploads\/sites\/2\/forminator\/10414_47c7fef6f8c6f15ac1daaf1663bdf562\/uploads\/DBltSClWdL3k-Programacion-Animadores-Decanato-EDEAP.pdf\" target=\"_blank\">DBltSClWdL3k-Programacion-Animadores-Decanato-EDEAP.pdf<\/a><\/td>\n                    <td style=\"\">23\/09\/2025 06:08 PM<\/td>\n            <\/tr>\n            <tr id=\"table_3_row_434\">\n                    <td style=\"\">Programaci\u00f3n Parroquial<\/td>\n                    <td style=\"\">P002 SANTOS \u00c1NGELES CUSTODIOS(CONSTITUCI\u00d3N)<\/td>\n                    <td style=\"\">Animaci\u00f3n Pastoral (CPP)<\/td>\n                    <td style=\"\"><\/td>\n                    <td style=\"\"><\/td>\n                    <td style=\"\"><a href=\"https:\/\/diocesisdeaguascalientes.mx\/vicaria-de-pastoral\/wp-content\/uploads\/sites\/2\/forminator\/10414_47c7fef6f8c6f15ac1daaf1663bdf562\/uploads\/D88StNIDFSkI-Animacion-Pastoral-.pdf\" target=\"_blank\">D88StNIDFSkI-Animacion-Pastoral-.pdf<\/a><\/td>\n                    <td style=\"\">23\/09\/2025 06:07 PM<\/td>\n            <\/tr>\n            <tr id=\"table_3_row_435\">\n                    <td style=\"\">Programaci\u00f3n Parroquial<\/td>\n                    <td style=\"\">P036 NUESTRA SE\u00d1ORA DE GUADALUPE(MATANCILLAS)<\/td>\n                    <td style=\"\">Social<\/td>\n                    <td style=\"\"><\/td>\n                    <td style=\"\"><\/td>\n                    <td style=\"\"><a href=\"https:\/\/diocesisdeaguascalientes.mx\/vicaria-de-pastoral\/wp-content\/uploads\/sites\/2\/forminator\/10414_47c7fef6f8c6f15ac1daaf1663bdf562\/uploads\/ohNboSg6lfgh-PASTORAL-SOCIAL.pdf\" target=\"_blank\">ohNboSg6lfgh-PASTORAL-SOCIAL.pdf<\/a><\/td>\n                    <td style=\"\">23\/09\/2025 06:07 PM<\/td>\n            <\/tr>\n            <tr id=\"table_3_row_436\">\n                    <td style=\"\">Programaci\u00f3n Parroquial<\/td>\n                    <td style=\"\">P036 NUESTRA SE\u00d1ORA DE GUADALUPE(MATANCILLAS)<\/td>\n                    <td style=\"\">Lit\u00fargica<\/td>\n                    <td style=\"\"><\/td>\n                    <td style=\"\"><\/td>\n                    <td style=\"\"><a href=\"https:\/\/diocesisdeaguascalientes.mx\/vicaria-de-pastoral\/wp-content\/uploads\/sites\/2\/forminator\/10414_47c7fef6f8c6f15ac1daaf1663bdf562\/uploads\/GdDDUcvQe0JO-LITURGIA.pdf\" target=\"_blank\">GdDDUcvQe0JO-LITURGIA.pdf<\/a><\/td>\n                    <td style=\"\">23\/09\/2025 06:06 PM<\/td>\n            <\/tr>\n            <tr id=\"table_3_row_437\">\n                    <td style=\"\">Programaci\u00f3n Parroquial<\/td>\n                    <td style=\"\">P036 NUESTRA SE\u00d1ORA DE GUADALUPE(MATANCILLAS)<\/td>\n                    <td style=\"\">Lit\u00fargica<\/td>\n                    <td style=\"\"><\/td>\n                    <td style=\"\"><\/td>\n                    <td style=\"\"><a href=\"https:\/\/diocesisdeaguascalientes.mx\/vicaria-de-pastoral\/wp-content\/uploads\/sites\/2\/forminator\/10414_47c7fef6f8c6f15ac1daaf1663bdf562\/uploads\/mlR955HY97d4-LITURGIA-MINISTROS.pdf\" target=\"_blank\">mlR955HY97d4-LITURGIA-MINISTROS.pdf<\/a><\/td>\n                    <td style=\"\">23\/09\/2025 06:05 PM<\/td>\n            <\/tr>\n            <tr id=\"table_3_row_438\">\n                    <td style=\"\">Programaci\u00f3n Parroquial<\/td>\n                    <td style=\"\">P036 NUESTRA SE\u00d1ORA DE GUADALUPE(MATANCILLAS)<\/td>\n                    <td style=\"\">Lit\u00fargica<\/td>\n                    <td style=\"\"><\/td>\n                    <td style=\"\"><\/td>\n                    <td style=\"\"><a href=\"https:\/\/diocesisdeaguascalientes.mx\/vicaria-de-pastoral\/wp-content\/uploads\/sites\/2\/forminator\/10414_47c7fef6f8c6f15ac1daaf1663bdf562\/uploads\/yKyCGWDqkfka-LITURGIA-COROS.pdf\" target=\"_blank\">yKyCGWDqkfka-LITURGIA-COROS.pdf<\/a><\/td>\n                    <td style=\"\">23\/09\/2025 06:04 PM<\/td>\n            <\/tr>\n            <tr id=\"table_3_row_439\">\n                    <td style=\"\">Programaci\u00f3n Decanal<\/td>\n                    <td style=\"\"><\/td>\n                    <td style=\"\"><\/td>\n                    <td style=\"\"><\/td>\n                    <td style=\"\"><\/td>\n                    <td style=\"\"><a href=\"https:\/\/diocesisdeaguascalientes.mx\/vicaria-de-pastoral\/wp-content\/uploads\/sites\/2\/forminator\/10414_47c7fef6f8c6f15ac1daaf1663bdf562\/uploads\/9c7Uc4Qs0luO-Programacion-pastoral-liturgica-decanal-2025-2026-ano-del-Encuentro-con-Cristo.pdf\" target=\"_blank\">9c7Uc4Qs0luO-Programacion-pastoral-liturgica-decanal-2025-2026-ano-del-Encuentro-con-Cristo.pdf<\/a><\/td>\n                    <td style=\"\">23\/09\/2025 06:02 PM<\/td>\n            <\/tr>\n            <tr id=\"table_3_row_440\">\n                    <td style=\"\">Programaci\u00f3n Parroquial<\/td>\n                    <td style=\"\">P036 NUESTRA SE\u00d1ORA DE GUADALUPE(MATANCILLAS)<\/td>\n                    <td style=\"\">Organismos Eclesiales Laicales (OEL)<\/td>\n                    <td style=\"\">28.Llama de amor del Inmaculado Coraz\u00f3n de Mar\u00eda<\/td>\n                    <td style=\"\"><\/td>\n                    <td style=\"\"><a href=\"https:\/\/diocesisdeaguascalientes.mx\/vicaria-de-pastoral\/wp-content\/uploads\/sites\/2\/forminator\/10414_47c7fef6f8c6f15ac1daaf1663bdf562\/uploads\/g1tgLutTPtuW-MOVIMIENTO-LAICAL-LLAMA-DE-AMOR.pdf\" target=\"_blank\">g1tgLutTPtuW-MOVIMIENTO-LAICAL-LLAMA-DE-AMOR.pdf<\/a><\/td>\n                    <td style=\"\">23\/09\/2025 06:02 PM<\/td>\n            <\/tr>\n            <tr id=\"table_3_row_441\">\n                    <td style=\"\">Programaci\u00f3n Decanal<\/td>\n                    <td style=\"\"><\/td>\n                    <td style=\"\"><\/td>\n                    <td style=\"\"><\/td>\n                    <td style=\"\"><\/td>\n                    <td style=\"\"><a href=\"https:\/\/diocesisdeaguascalientes.mx\/vicaria-de-pastoral\/wp-content\/uploads\/sites\/2\/forminator\/10414_47c7fef6f8c6f15ac1daaf1663bdf562\/uploads\/zY1Gr2Lz64Gt-PAST.-PROF.-PROG.-DECANAL-2025-2026.pdf\" target=\"_blank\">zY1Gr2Lz64Gt-PAST.-PROF.-PROG.-DECANAL-2025-2026.pdf<\/a><\/td>\n                    <td style=\"\">23\/09\/2025 06:01 PM<\/td>\n            <\/tr>\n            <tr id=\"table_3_row_442\">\n                    <td style=\"\">Programaci\u00f3n Parroquial<\/td>\n                    <td style=\"\">P036 NUESTRA SE\u00d1ORA DE GUADALUPE(MATANCILLAS)<\/td>\n                    <td style=\"\">Pastoral de la Comunicaci\u00f3n<\/td>\n                    <td style=\"\"><\/td>\n                    <td style=\"\"><\/td>\n                    <td style=\"\"><a href=\"https:\/\/diocesisdeaguascalientes.mx\/vicaria-de-pastoral\/wp-content\/uploads\/sites\/2\/forminator\/10414_47c7fef6f8c6f15ac1daaf1663bdf562\/uploads\/egrjqeNohQz3-SECTORES-O-AREAS.pdf\" target=\"_blank\">egrjqeNohQz3-SECTORES-O-AREAS.pdf<\/a><\/td>\n                    <td style=\"\">23\/09\/2025 06:00 PM<\/td>\n            <\/tr>\n            <tr id=\"table_3_row_443\">\n                    <td style=\"\">Programaci\u00f3n Parroquial<\/td>\n                    <td style=\"\">P038 INMACULADA CONCEPCI\u00d3N(OJO CALIENTE)<\/td>\n                    <td style=\"\">Animaci\u00f3n Pastoral (CPP)<\/td>\n                    <td style=\"\"><\/td>\n                    <td style=\"\"><\/td>\n                    <td style=\"\"><a href=\"https:\/\/diocesisdeaguascalientes.mx\/vicaria-de-pastoral\/wp-content\/uploads\/sites\/2\/forminator\/10414_47c7fef6f8c6f15ac1daaf1663bdf562\/uploads\/WJs4wibzQdTW-ADORACION-NOCTURNA.pdf\" target=\"_blank\">WJs4wibzQdTW-ADORACION-NOCTURNA.pdf<\/a><\/td>\n                    <td style=\"\">23\/09\/2025 05:58 PM<\/td>\n            <\/tr>\n            <tr id=\"table_3_row_444\">\n                    <td style=\"\">Programaci\u00f3n Decanal<\/td>\n                    <td style=\"\"><\/td>\n                    <td style=\"\"><\/td>\n                    <td style=\"\"><\/td>\n                    <td style=\"\"><\/td>\n                    <td style=\"\"><a href=\"https:\/\/diocesisdeaguascalientes.mx\/vicaria-de-pastoral\/wp-content\/uploads\/sites\/2\/forminator\/10414_47c7fef6f8c6f15ac1daaf1663bdf562\/uploads\/WpNYadxfTcjc-PROGRAMA-DE-PASTORAL-SOCIAL-2025-2026.pdf\" target=\"_blank\">WpNYadxfTcjc-PROGRAMA-DE-PASTORAL-SOCIAL-2025-2026.pdf<\/a><\/td>\n                    <td style=\"\">23\/09\/2025 05:56 PM<\/td>\n            <\/tr>\n            <tr id=\"table_3_row_445\">\n                    <td style=\"\">Programaci\u00f3n Parroquial<\/td>\n                    <td style=\"\">P036 NUESTRA SE\u00d1ORA DE GUADALUPE(MATANCILLAS)<\/td>\n                    <td style=\"\">Organismos Eclesiales Laicales (OEL)<\/td>\n                    <td style=\"\">34.Movimiento Familiar Cristiano (MFC)<\/td>\n                    <td style=\"\"><\/td>\n                    <td style=\"\"><a href=\"https:\/\/diocesisdeaguascalientes.mx\/vicaria-de-pastoral\/wp-content\/uploads\/sites\/2\/forminator\/10414_47c7fef6f8c6f15ac1daaf1663bdf562\/uploads\/haq3Sfaw8tZh-MOVIMIENTI-FAMILIAR-C.pdf\" target=\"_blank\">haq3Sfaw8tZh-MOVIMIENTI-FAMILIAR-C.pdf<\/a><\/td>\n                    <td style=\"\">23\/09\/2025 05:55 PM<\/td>\n            <\/tr>\n            <tr id=\"table_3_row_446\">\n                    <td style=\"\">Programaci\u00f3n Decanal<\/td>\n                    <td style=\"\"><\/td>\n                    <td style=\"\"><\/td>\n                    <td style=\"\"><\/td>\n                    <td style=\"\"><\/td>\n                    <td style=\"\"><a href=\"https:\/\/diocesisdeaguascalientes.mx\/vicaria-de-pastoral\/wp-content\/uploads\/sites\/2\/forminator\/10414_47c7fef6f8c6f15ac1daaf1663bdf562\/uploads\/UbYMZooyfeMv-Programacion-Pastoral-Familiar-Decanal-2025-2026.pdf\" target=\"_blank\">UbYMZooyfeMv-Programacion-Pastoral-Familiar-Decanal-2025-2026.pdf<\/a><\/td>\n                    <td style=\"\">23\/09\/2025 05:54 PM<\/td>\n            <\/tr>\n            <tr id=\"table_3_row_447\">\n                    <td style=\"\">Programaci\u00f3n Parroquial<\/td>\n                    <td style=\"\">P036 NUESTRA SE\u00d1ORA DE GUADALUPE(MATANCILLAS)<\/td>\n                    <td style=\"\">Organismos Eclesiales Laicales (OEL)<\/td>\n                    <td style=\"\">2.Acci\u00f3n Cat\u00f3lica. De adolescentes y ni\u00f1os<\/td>\n                    <td style=\"\"><\/td>\n                    <td style=\"\"><a href=\"https:\/\/diocesisdeaguascalientes.mx\/vicaria-de-pastoral\/wp-content\/uploads\/sites\/2\/forminator\/10414_47c7fef6f8c6f15ac1daaf1663bdf562\/uploads\/HUAwHjtKA2UY-ACAN.pdf\" target=\"_blank\">HUAwHjtKA2UY-ACAN.pdf<\/a><\/td>\n                    <td style=\"\">23\/09\/2025 05:53 PM<\/td>\n            <\/tr>\n            <tr id=\"table_3_row_448\">\n                    <td style=\"\">Programaci\u00f3n Decanal<\/td>\n                    <td style=\"\"><\/td>\n                    <td style=\"\"><\/td>\n                    <td style=\"\"><\/td>\n                    <td style=\"\"><\/td>\n                    <td style=\"\"><a href=\"https:\/\/diocesisdeaguascalientes.mx\/vicaria-de-pastoral\/wp-content\/uploads\/sites\/2\/forminator\/10414_47c7fef6f8c6f15ac1daaf1663bdf562\/uploads\/tLpxJfBb9VoB-ESQUEMA-PROGRAMACIONES-25-26.pdf\" target=\"_blank\">tLpxJfBb9VoB-ESQUEMA-PROGRAMACIONES-25-26.pdf<\/a><\/td>\n                    <td style=\"\">23\/09\/2025 05:52 PM<\/td>\n            <\/tr>\n            <tr id=\"table_3_row_449\">\n                    <td style=\"\">Programaci\u00f3n Parroquial<\/td>\n                    <td style=\"\">P036 NUESTRA SE\u00d1ORA DE GUADALUPE(MATANCILLAS)<\/td>\n                    <td style=\"\">Organismos Eclesiales Laicales (OEL)<\/td>\n                    <td style=\"\">1.Acci\u00f3n Cat\u00f3lica<\/td>\n                    <td style=\"\"><\/td>\n                    <td style=\"\"><a href=\"https:\/\/diocesisdeaguascalientes.mx\/vicaria-de-pastoral\/wp-content\/uploads\/sites\/2\/forminator\/10414_47c7fef6f8c6f15ac1daaf1663bdf562\/uploads\/9aSebMIH6Swu-ACCION-CATOLICA.pdf\" target=\"_blank\">9aSebMIH6Swu-ACCION-CATOLICA.pdf<\/a><\/td>\n                    <td style=\"\">23\/09\/2025 05:52 PM<\/td>\n            <\/tr>\n            <tr id=\"table_3_row_450\">\n                    <td style=\"\">Programaci\u00f3n Parroquial<\/td>\n                    <td style=\"\">P036 NUESTRA SE\u00d1ORA DE GUADALUPE(MATANCILLAS)<\/td>\n                    <td style=\"\">Familiar<\/td>\n                    <td style=\"\"><\/td>\n                    <td style=\"\"><\/td>\n                    <td style=\"\"><a href=\"https:\/\/diocesisdeaguascalientes.mx\/vicaria-de-pastoral\/wp-content\/uploads\/sites\/2\/forminator\/10414_47c7fef6f8c6f15ac1daaf1663bdf562\/uploads\/xFx9dZTMZ2Ue-MOVIMIENTI-FAMILIAR-C.pdf\" target=\"_blank\">xFx9dZTMZ2Ue-MOVIMIENTI-FAMILIAR-C.pdf<\/a><\/td>\n                    <td style=\"\">23\/09\/2025 05:50 PM<\/td>\n            <\/tr>\n            <tr id=\"table_3_row_451\">\n                    <td style=\"\">Programaci\u00f3n Decanal<\/td>\n                    <td style=\"\"><\/td>\n                    <td style=\"\"><\/td>\n                    <td style=\"\"><\/td>\n                    <td style=\"\"><\/td>\n                    <td style=\"\"><a href=\"https:\/\/diocesisdeaguascalientes.mx\/vicaria-de-pastoral\/wp-content\/uploads\/sites\/2\/forminator\/10414_47c7fef6f8c6f15ac1daaf1663bdf562\/uploads\/TXvcLQi5hzAJ-PRO.-DEC.-COM.-2025-2026.pdf\" target=\"_blank\">TXvcLQi5hzAJ-PRO.-DEC.-COM.-2025-2026.pdf<\/a><\/td>\n                    <td style=\"\">23\/09\/2025 05:48 PM<\/td>\n            <\/tr>\n            <tr id=\"table_3_row_452\">\n                    <td style=\"\">Programaci\u00f3n Decanal<\/td>\n                    <td style=\"\"><\/td>\n                    <td style=\"\"><\/td>\n                    <td style=\"\"><\/td>\n                    <td style=\"\"><\/td>\n                    <td style=\"\"><a href=\"https:\/\/diocesisdeaguascalientes.mx\/vicaria-de-pastoral\/wp-content\/uploads\/sites\/2\/forminator\/10414_47c7fef6f8c6f15ac1daaf1663bdf562\/uploads\/JglSTEBpQ8Iv-PRO-OEL-2026.pdf\" target=\"_blank\">JglSTEBpQ8Iv-PRO-OEL-2026.pdf<\/a><\/td>\n                    <td style=\"\">23\/09\/2025 05:43 PM<\/td>\n            <\/tr>\n            <tr id=\"table_3_row_453\">\n                    <td style=\"\">Programaci\u00f3n Parroquial<\/td>\n                    <td style=\"\">P071 PUR\u00cdSIMA CONCEPCI\u00d3N(BARRIO DE LA PUR\u00cdSIMA)<\/td>\n                    <td style=\"\">Organismos Eclesiales Laicales (OEL)<\/td>\n                    <td style=\"\">35.Movimiento Misionero Cat\u00f3lico<\/td>\n                    <td style=\"\"><\/td>\n                    <td style=\"\"><a href=\"https:\/\/diocesisdeaguascalientes.mx\/vicaria-de-pastoral\/wp-content\/uploads\/sites\/2\/forminator\/10414_47c7fef6f8c6f15ac1daaf1663bdf562\/uploads\/EsP6VaLblR2q-PROGRAMACION-MOVIMIENTOS-Y-GRUPOS-LAICALES-2025-2026.pdf\" target=\"_blank\">EsP6VaLblR2q-PROGRAMACION-MOVIMIENTOS-Y-GRUPOS-LAICALES-2025-2026.pdf<\/a><\/td>\n                    <td style=\"\">23\/09\/2025 05:38 PM<\/td>\n            <\/tr>\n            <tr id=\"table_3_row_454\">\n                    <td style=\"\">Programaci\u00f3n Parroquial<\/td>\n                    <td style=\"\">P071 PUR\u00cdSIMA CONCEPCI\u00d3N(BARRIO DE LA PUR\u00cdSIMA)<\/td>\n                    <td style=\"\">Familiar<\/td>\n                    <td style=\"\"><\/td>\n                    <td style=\"\"><\/td>\n                    <td style=\"\"><a href=\"https:\/\/diocesisdeaguascalientes.mx\/vicaria-de-pastoral\/wp-content\/uploads\/sites\/2\/forminator\/10414_47c7fef6f8c6f15ac1daaf1663bdf562\/uploads\/bTEwvHprafv2-PROGRAMACION-PASTORAL-FAMILIAR-2025-2026.pdf\" target=\"_blank\">bTEwvHprafv2-PROGRAMACION-PASTORAL-FAMILIAR-2025-2026.pdf<\/a><\/td>\n                    <td style=\"\">23\/09\/2025 05:34 PM<\/td>\n            <\/tr>\n            <tr id=\"table_3_row_455\">\n                    <td style=\"\">Programaci\u00f3n Parroquial<\/td>\n                    <td style=\"\">P036 NUESTRA SE\u00d1ORA DE GUADALUPE(MATANCILLAS)<\/td>\n                    <td style=\"\">Prof\u00e9tica<\/td>\n                    <td style=\"\"><\/td>\n                    <td style=\"\"><\/td>\n                    <td style=\"\"><a href=\"https:\/\/diocesisdeaguascalientes.mx\/vicaria-de-pastoral\/wp-content\/uploads\/sites\/2\/forminator\/10414_47c7fef6f8c6f15ac1daaf1663bdf562\/uploads\/t1XUaIhe0sQt-PROFETICA.pdf\" target=\"_blank\">t1XUaIhe0sQt-PROFETICA.pdf<\/a><\/td>\n                    <td style=\"\">23\/09\/2025 05:34 PM<\/td>\n            <\/tr>\n            <tr id=\"table_3_row_456\">\n                    <td style=\"\">Programaci\u00f3n Parroquial<\/td>\n                    <td style=\"\">P119 SANTA CECILIA(POTREROS DEL OESTE)<\/td>\n                    <td style=\"\">Organismos Eclesiales Laicales (OEL)<\/td>\n                    <td style=\"\">21.Guardia de honor del Sagrado Coraz\u00f3n de Jes\u00fas.<\/td>\n                    <td style=\"\"><\/td>\n                    <td style=\"\"><a href=\"https:\/\/diocesisdeaguascalientes.mx\/vicaria-de-pastoral\/wp-content\/uploads\/sites\/2\/forminator\/10414_47c7fef6f8c6f15ac1daaf1663bdf562\/uploads\/AJCZhwX315bo-programacion-25-26-sta.-Cecilia-OEL-GHSC.pdf\" target=\"_blank\">AJCZhwX315bo-programacion-25-26-sta.-Cecilia-OEL-GHSC.pdf<\/a><\/td>\n                    <td style=\"\">23\/09\/2025 04:39 PM<\/td>\n            <\/tr>\n            <tr id=\"table_3_row_457\">\n                    <td style=\"\">Programaci\u00f3n Parroquial<\/td>\n                    <td style=\"\">P119 SANTA CECILIA(POTREROS DEL OESTE)<\/td>\n                    <td style=\"\">Pastoral de la Comunicaci\u00f3n<\/td>\n                    <td style=\"\"><\/td>\n                    <td style=\"\"><\/td>\n                    <td style=\"\"><a href=\"https:\/\/diocesisdeaguascalientes.mx\/vicaria-de-pastoral\/wp-content\/uploads\/sites\/2\/forminator\/10414_47c7fef6f8c6f15ac1daaf1663bdf562\/uploads\/wonjFEq20a9y-programacion-25-26-sta.-Cecilia-Past.-Comunicacion.pdf\" target=\"_blank\">wonjFEq20a9y-programacion-25-26-sta.-Cecilia-Past.-Comunicacion.pdf<\/a><\/td>\n                    <td style=\"\">23\/09\/2025 04:37 PM<\/td>\n            <\/tr>\n            <tr id=\"table_3_row_458\">\n                    <td style=\"\">Programaci\u00f3n Parroquial<\/td>\n                    <td style=\"\">P119 SANTA CECILIA(POTREROS DEL OESTE)<\/td>\n                    <td style=\"\">Juvenil<\/td>\n                    <td style=\"\"><\/td>\n                    <td style=\"\"><\/td>\n                    <td style=\"\"><a href=\"https:\/\/diocesisdeaguascalientes.mx\/vicaria-de-pastoral\/wp-content\/uploads\/sites\/2\/forminator\/10414_47c7fef6f8c6f15ac1daaf1663bdf562\/uploads\/zElVrKmDEEbK-Pastoral-Juvenil-programacion-25-26-sta.-Cecilia.pdf\" target=\"_blank\">zElVrKmDEEbK-Pastoral-Juvenil-programacion-25-26-sta.-Cecilia.pdf<\/a><\/td>\n                    <td style=\"\">23\/09\/2025 04:36 PM<\/td>\n            <\/tr>\n            <tr id=\"table_3_row_459\">\n                    <td style=\"\">Programaci\u00f3n Parroquial<\/td>\n                    <td style=\"\">P119 SANTA CECILIA(POTREROS DEL OESTE)<\/td>\n                    <td style=\"\">Adolescentes<\/td>\n                    <td style=\"\"><\/td>\n                    <td style=\"\"><\/td>\n                    <td style=\"\"><a href=\"https:\/\/diocesisdeaguascalientes.mx\/vicaria-de-pastoral\/wp-content\/uploads\/sites\/2\/forminator\/10414_47c7fef6f8c6f15ac1daaf1663bdf562\/uploads\/GeaBJo3VviwE-Adolescentes-programacion-25-26-sta.-Cecilia.pdf\" target=\"_blank\">GeaBJo3VviwE-Adolescentes-programacion-25-26-sta.-Cecilia.pdf<\/a><\/td>\n                    <td style=\"\">23\/09\/2025 04:34 PM<\/td>\n            <\/tr>\n            <tr id=\"table_3_row_460\">\n                    <td style=\"\">Programaci\u00f3n Parroquial<\/td>\n                    <td style=\"\">P119 SANTA CECILIA(POTREROS DEL OESTE)<\/td>\n                    <td style=\"\">Social<\/td>\n                    <td style=\"\"><\/td>\n                    <td style=\"\"><\/td>\n                    <td style=\"\"><a href=\"https:\/\/diocesisdeaguascalientes.mx\/vicaria-de-pastoral\/wp-content\/uploads\/sites\/2\/forminator\/10414_47c7fef6f8c6f15ac1daaf1663bdf562\/uploads\/Bc7QtkSDJ3Vl-programacion-25-26-sta.-Cecilia-Pastoral-Social.pdf\" target=\"_blank\">Bc7QtkSDJ3Vl-programacion-25-26-sta.-Cecilia-Pastoral-Social.pdf<\/a><\/td>\n                    <td style=\"\">23\/09\/2025 04:31 PM<\/td>\n            <\/tr>\n            <tr id=\"table_3_row_461\">\n                    <td style=\"\">Programaci\u00f3n Parroquial<\/td>\n                    <td style=\"\">P119 SANTA CECILIA(POTREROS DEL OESTE)<\/td>\n                    <td style=\"\">Animaci\u00f3n Pastoral (CPP)<\/td>\n                    <td style=\"\"><\/td>\n                    <td style=\"\"><\/td>\n                    <td style=\"\"><a href=\"https:\/\/diocesisdeaguascalientes.mx\/vicaria-de-pastoral\/wp-content\/uploads\/sites\/2\/forminator\/10414_47c7fef6f8c6f15ac1daaf1663bdf562\/uploads\/FDgNNOYXYZgx-programacion-25-26-sta.-Cecilia-formato-CPP.pdf\" target=\"_blank\">FDgNNOYXYZgx-programacion-25-26-sta.-Cecilia-formato-CPP.pdf<\/a><\/td>\n                    <td style=\"\">23\/09\/2025 04:28 PM<\/td>\n            <\/tr>\n            <tr id=\"table_3_row_462\">\n                    <td style=\"\">Programaci\u00f3n Parroquial<\/td>\n                    <td style=\"\">P119 SANTA CECILIA(POTREROS DEL OESTE)<\/td>\n                    <td style=\"\">Familiar<\/td>\n                    <td style=\"\"><\/td>\n                    <td style=\"\"><\/td>\n                    <td style=\"\"><a href=\"https:\/\/diocesisdeaguascalientes.mx\/vicaria-de-pastoral\/wp-content\/uploads\/sites\/2\/forminator\/10414_47c7fef6f8c6f15ac1daaf1663bdf562\/uploads\/gg1b4hpdt6Q3-Past.-Familiar-programacion-25-26-sta.-Cecilia.pdf\" target=\"_blank\">gg1b4hpdt6Q3-Past.-Familiar-programacion-25-26-sta.-Cecilia.pdf<\/a><\/td>\n                    <td style=\"\">23\/09\/2025 04:26 PM<\/td>\n            <\/tr>\n            <tr id=\"table_3_row_463\">\n                    <td style=\"\">Programaci\u00f3n Parroquial<\/td>\n                    <td style=\"\">P105 TRES AVE MAR\u00cdAS(LAS AM\u00c9RICAS)<\/td>\n                    <td style=\"\">Juvenil<\/td>\n                    <td style=\"\"><\/td>\n                    <td style=\"\"><\/td>\n                    <td style=\"\"><a href=\"https:\/\/diocesisdeaguascalientes.mx\/vicaria-de-pastoral\/wp-content\/uploads\/sites\/2\/forminator\/10414_47c7fef6f8c6f15ac1daaf1663bdf562\/uploads\/0I35BCkPTEwp-PROGRAMACION-PASTORAL-JUVENIL-2025-2026.pdf\" target=\"_blank\">0I35BCkPTEwp-PROGRAMACION-PASTORAL-JUVENIL-2025-2026.pdf<\/a><\/td>\n                    <td style=\"\">23\/09\/2025 03:49 PM<\/td>\n            <\/tr>\n            <tr id=\"table_3_row_464\">\n                    <td style=\"\">Programaci\u00f3n Parroquial<\/td>\n                    <td style=\"\">P105 TRES AVE MAR\u00cdAS(LAS AM\u00c9RICAS)<\/td>\n                    <td style=\"\">Prof\u00e9tica<\/td>\n                    <td style=\"\"><\/td>\n                    <td style=\"\"><\/td>\n                    <td style=\"\"><a href=\"https:\/\/diocesisdeaguascalientes.mx\/vicaria-de-pastoral\/wp-content\/uploads\/sites\/2\/forminator\/10414_47c7fef6f8c6f15ac1daaf1663bdf562\/uploads\/lssDH0Y67vIj-pogramacion-prebautismal-25-26.pdf\" target=\"_blank\">lssDH0Y67vIj-pogramacion-prebautismal-25-26.pdf<\/a><\/td>\n                    <td style=\"\">23\/09\/2025 03:47 PM<\/td>\n            <\/tr>\n            <tr id=\"table_3_row_465\">\n                    <td style=\"\">Programaci\u00f3n Parroquial<\/td>\n                    <td style=\"\">P098 LA SOLEDAD DE MAR\u00cdA(INFONAVIT OJO DE AGUA)<\/td>\n                    <td style=\"\">Organismos Eclesiales Laicales (OEL)<\/td>\n                    <td style=\"\">40.Renovaci\u00f3n Carism\u00e1tica Cat\u00f3lica en el Esp\u00edritu Santo<\/td>\n                    <td style=\"\"><\/td>\n                    <td style=\"\"><a href=\"https:\/\/diocesisdeaguascalientes.mx\/vicaria-de-pastoral\/wp-content\/uploads\/sites\/2\/forminator\/10414_47c7fef6f8c6f15ac1daaf1663bdf562\/uploads\/1TZZRbs0Azj1-Pastoral-Renovacion-OCL.pdf\" target=\"_blank\">1TZZRbs0Azj1-Pastoral-Renovacion-OCL.pdf<\/a><\/td>\n                    <td style=\"\">23\/09\/2025 03:13 PM<\/td>\n            <\/tr>\n            <tr id=\"table_3_row_466\">\n                    <td style=\"\">Programaci\u00f3n Parroquial<\/td>\n                    <td style=\"\">P098 LA SOLEDAD DE MAR\u00cdA(INFONAVIT OJO DE AGUA)<\/td>\n                    <td style=\"\">Juvenil<\/td>\n                    <td style=\"\"><\/td>\n                    <td style=\"\"><\/td>\n                    <td style=\"\"><a href=\"https:\/\/diocesisdeaguascalientes.mx\/vicaria-de-pastoral\/wp-content\/uploads\/sites\/2\/forminator\/10414_47c7fef6f8c6f15ac1daaf1663bdf562\/uploads\/erFhFILKe4ci-FORMATO-DE-PROGRAMACION-JUVENIL-2025-2026.pdf\" target=\"_blank\">erFhFILKe4ci-FORMATO-DE-PROGRAMACION-JUVENIL-2025-2026.pdf<\/a><\/td>\n                    <td style=\"\">23\/09\/2025 03:11 PM<\/td>\n            <\/tr>\n            <tr id=\"table_3_row_467\">\n                    <td style=\"\">Programaci\u00f3n Parroquial<\/td>\n                    <td style=\"\">P026 NUESTRA SE\u00d1ORA DE LA ENCARNACI\u00d3N(ENCARNACI\u00d3N DE D\u00cdAZ)<\/td>\n                    <td style=\"\">Organismos Eclesiales Laicales (OEL)<\/td>\n                    <td style=\"\">3.Adoraci\u00f3n, Comunidad, Trabajo, Servicio (ACTS)<\/td>\n                    <td style=\"\"><\/td>\n                    <td style=\"\"><a href=\"https:\/\/diocesisdeaguascalientes.mx\/vicaria-de-pastoral\/wp-content\/uploads\/sites\/2\/forminator\/10414_47c7fef6f8c6f15ac1daaf1663bdf562\/uploads\/yD4tmEGuyTns-ADORACION-NOCTURNA.pdf\" target=\"_blank\">yD4tmEGuyTns-ADORACION-NOCTURNA.pdf<\/a><\/td>\n                    <td style=\"\">23\/09\/2025 03:00 PM<\/td>\n            <\/tr>\n            <tr id=\"table_3_row_468\">\n                    <td style=\"\">Programaci\u00f3n Parroquial<\/td>\n                    <td style=\"\">P049 SAN JOS\u00c9(MES\u00d3N DE LOS SAUCES)<\/td>\n                    <td style=\"\">Prof\u00e9tica<\/td>\n                    <td style=\"\"><\/td>\n                    <td style=\"\"><\/td>\n                    <td style=\"\"><a href=\"https:\/\/diocesisdeaguascalientes.mx\/vicaria-de-pastoral\/wp-content\/uploads\/sites\/2\/forminator\/10414_47c7fef6f8c6f15ac1daaf1663bdf562\/uploads\/YuLVfAOqPd0E-Programacion-Pastoral-Parroquial-2025-2026.pdf\" target=\"_blank\">YuLVfAOqPd0E-Programacion-Pastoral-Parroquial-2025-2026.pdf<\/a><\/td>\n                    <td style=\"\">23\/09\/2025 02:47 PM<\/td>\n            <\/tr>\n            <tr id=\"table_3_row_469\">\n                    <td style=\"\">Programaci\u00f3n Parroquial<\/td>\n                    <td style=\"\">P026 NUESTRA SE\u00d1ORA DE LA ENCARNACI\u00d3N(ENCARNACI\u00d3N DE D\u00cdAZ)<\/td>\n                    <td style=\"\">Social<\/td>\n                    <td style=\"\"><\/td>\n                    <td style=\"\"><\/td>\n                    <td style=\"\"><a href=\"https:\/\/diocesisdeaguascalientes.mx\/vicaria-de-pastoral\/wp-content\/uploads\/sites\/2\/forminator\/10414_47c7fef6f8c6f15ac1daaf1663bdf562\/uploads\/R9Z04zYLcR4N-SOCIAL.pdf\" target=\"_blank\">R9Z04zYLcR4N-SOCIAL.pdf<\/a><\/td>\n                    <td style=\"\">23\/09\/2025 02:22 PM<\/td>\n            <\/tr>\n            <tr id=\"table_3_row_470\">\n                    <td style=\"\">Programaci\u00f3n Parroquial<\/td>\n                    <td style=\"\">P026 NUESTRA SE\u00d1ORA DE LA ENCARNACI\u00d3N(ENCARNACI\u00d3N DE D\u00cdAZ)<\/td>\n                    <td style=\"\">Pastoral de la Comunicaci\u00f3n<\/td>\n                    <td style=\"\"><\/td>\n                    <td style=\"\"><\/td>\n                    <td style=\"\"><a href=\"https:\/\/diocesisdeaguascalientes.mx\/vicaria-de-pastoral\/wp-content\/uploads\/sites\/2\/forminator\/10414_47c7fef6f8c6f15ac1daaf1663bdf562\/uploads\/ZNMvbkg1Kxe9-COMUNICACION.pdf\" target=\"_blank\">ZNMvbkg1Kxe9-COMUNICACION.pdf<\/a><\/td>\n                    <td style=\"\">23\/09\/2025 01:48 PM<\/td>\n            <\/tr>\n            <tr id=\"table_3_row_471\">\n                    <td style=\"\">Programaci\u00f3n Parroquial<\/td>\n                    <td style=\"\">P026 NUESTRA SE\u00d1ORA DE LA ENCARNACI\u00d3N(ENCARNACI\u00d3N DE D\u00cdAZ)<\/td>\n                    <td style=\"\">Lit\u00fargica<\/td>\n                    <td style=\"\"><\/td>\n                    <td style=\"\"><\/td>\n                    <td style=\"\"><a href=\"https:\/\/diocesisdeaguascalientes.mx\/vicaria-de-pastoral\/wp-content\/uploads\/sites\/2\/forminator\/10414_47c7fef6f8c6f15ac1daaf1663bdf562\/uploads\/WoJclCzrfS3k-LITURGICA.pdf\" target=\"_blank\">WoJclCzrfS3k-LITURGICA.pdf<\/a><\/td>\n                    <td style=\"\">23\/09\/2025 01:37 PM<\/td>\n            <\/tr>\n            <tr id=\"table_3_row_472\">\n                    <td style=\"\">Programaci\u00f3n Parroquial<\/td>\n                    <td style=\"\">P026 NUESTRA SE\u00d1ORA DE LA ENCARNACI\u00d3N(ENCARNACI\u00d3N DE D\u00cdAZ)<\/td>\n                    <td style=\"\">Animaci\u00f3n Pastoral (CPP)<\/td>\n                    <td style=\"\"><\/td>\n                    <td style=\"\"><\/td>\n                    <td style=\"\"><a href=\"https:\/\/diocesisdeaguascalientes.mx\/vicaria-de-pastoral\/wp-content\/uploads\/sites\/2\/forminator\/10414_47c7fef6f8c6f15ac1daaf1663bdf562\/uploads\/WsGl8BTOkDjh-ANIMACION.pdf\" target=\"_blank\">WsGl8BTOkDjh-ANIMACION.pdf<\/a><\/td>\n                    <td style=\"\">23\/09\/2025 01:33 PM<\/td>\n            <\/tr>\n            <tr id=\"table_3_row_473\">\n                    <td style=\"\">Programaci\u00f3n Parroquial<\/td>\n                    <td style=\"\">P014 CRISTO REY(H\u00c9ROES)<\/td>\n                    <td style=\"\">Familiar<\/td>\n                    <td style=\"\"><\/td>\n                    <td style=\"\"><\/td>\n                    <td style=\"\"><a href=\"https:\/\/diocesisdeaguascalientes.mx\/vicaria-de-pastoral\/wp-content\/uploads\/sites\/2\/forminator\/10414_47c7fef6f8c6f15ac1daaf1663bdf562\/uploads\/lcaSmhevhV8H-Programacion-p-familiar-2025-2026-014.pdf\" target=\"_blank\">lcaSmhevhV8H-Programacion-p-familiar-2025-2026-014.pdf<\/a><\/td>\n                    <td style=\"\">23\/09\/2025 01:21 PM<\/td>\n            <\/tr>\n            <tr id=\"table_3_row_474\">\n                    <td style=\"\">Programaci\u00f3n Parroquial<\/td>\n                    <td style=\"\">P014 CRISTO REY(H\u00c9ROES)<\/td>\n                    <td style=\"\">Social<\/td>\n                    <td style=\"\"><\/td>\n                    <td style=\"\"><\/td>\n                    <td style=\"\"><a href=\"https:\/\/diocesisdeaguascalientes.mx\/vicaria-de-pastoral\/wp-content\/uploads\/sites\/2\/forminator\/10414_47c7fef6f8c6f15ac1daaf1663bdf562\/uploads\/yKJo4KGWcP8W-Programacion-p-social-2025-2026-014.pdf\" target=\"_blank\">yKJo4KGWcP8W-Programacion-p-social-2025-2026-014.pdf<\/a><\/td>\n                    <td style=\"\">23\/09\/2025 01:20 PM<\/td>\n            <\/tr>\n            <tr id=\"table_3_row_475\">\n                    <td style=\"\">Programaci\u00f3n Parroquial<\/td>\n                    <td style=\"\">P014 CRISTO REY(H\u00c9ROES)<\/td>\n                    <td style=\"\">Lit\u00fargica<\/td>\n                    <td style=\"\"><\/td>\n                    <td style=\"\"><\/td>\n                    <td style=\"\"><a href=\"https:\/\/diocesisdeaguascalientes.mx\/vicaria-de-pastoral\/wp-content\/uploads\/sites\/2\/forminator\/10414_47c7fef6f8c6f15ac1daaf1663bdf562\/uploads\/LWA010ei3DD7-Programacion-p-liturgica-parroquial-2025-2026-014.pdf\" target=\"_blank\">LWA010ei3DD7-Programacion-p-liturgica-parroquial-2025-2026-014.pdf<\/a><\/td>\n                    <td style=\"\">23\/09\/2025 01:20 PM<\/td>\n            <\/tr>\n            <tr id=\"table_3_row_476\">\n                    <td style=\"\">Programaci\u00f3n Parroquial<\/td>\n                    <td style=\"\">P014 CRISTO REY(H\u00c9ROES)<\/td>\n                    <td style=\"\">Prof\u00e9tica<\/td>\n                    <td style=\"\"><\/td>\n                    <td style=\"\"><\/td>\n                    <td style=\"\"><a href=\"https:\/\/diocesisdeaguascalientes.mx\/vicaria-de-pastoral\/wp-content\/uploads\/sites\/2\/forminator\/10414_47c7fef6f8c6f15ac1daaf1663bdf562\/uploads\/YFDGSEnTmTtn-Programacion-p-profetica-parroquial-2025-2026-014.pdf\" target=\"_blank\">YFDGSEnTmTtn-Programacion-p-profetica-parroquial-2025-2026-014.pdf<\/a><\/td>\n                    <td style=\"\">23\/09\/2025 01:19 PM<\/td>\n            <\/tr>\n            <tr id=\"table_3_row_477\">\n                    <td style=\"\">Programaci\u00f3n Parroquial<\/td>\n                    <td style=\"\">P014 CRISTO REY(H\u00c9ROES)<\/td>\n                    <td style=\"\">Animaci\u00f3n Pastoral (CPP)<\/td>\n                    <td style=\"\"><\/td>\n                    <td style=\"\"><\/td>\n                    <td style=\"\"><a href=\"https:\/\/diocesisdeaguascalientes.mx\/vicaria-de-pastoral\/wp-content\/uploads\/sites\/2\/forminator\/10414_47c7fef6f8c6f15ac1daaf1663bdf562\/uploads\/90L6Ly6Wamc7-Programacion-animacion-pastoral-2025-2026-014.pdf\" target=\"_blank\">90L6Ly6Wamc7-Programacion-animacion-pastoral-2025-2026-014.pdf<\/a><\/td>\n                    <td style=\"\">23\/09\/2025 01:18 PM<\/td>\n            <\/tr>\n            <tr id=\"table_3_row_478\">\n                    <td style=\"\">Programaci\u00f3n Parroquial<\/td>\n                    <td style=\"\">P078 NUESTRA SE\u00d1ORA DEL REFUGIO(BEL\u00c9N DEL REFUGIO)<\/td>\n                    <td style=\"\">Juvenil<\/td>\n                    <td style=\"\"><\/td>\n                    <td style=\"\"><\/td>\n                    <td style=\"\"><a href=\"https:\/\/diocesisdeaguascalientes.mx\/vicaria-de-pastoral\/wp-content\/uploads\/sites\/2\/forminator\/10414_47c7fef6f8c6f15ac1daaf1663bdf562\/uploads\/TZbTlewrs4SS-PASTORAL-JUVENIL-2025-2026.pdf\" target=\"_blank\">TZbTlewrs4SS-PASTORAL-JUVENIL-2025-2026.pdf<\/a><\/td>\n                    <td style=\"\">23\/09\/2025 01:10 PM<\/td>\n            <\/tr>\n            <tr id=\"table_3_row_479\">\n                    <td style=\"\">Programaci\u00f3n Parroquial<\/td>\n                    <td style=\"\">P078 NUESTRA SE\u00d1ORA DEL REFUGIO(BEL\u00c9N DEL REFUGIO)<\/td>\n                    <td style=\"\">Adolescentes<\/td>\n                    <td style=\"\"><\/td>\n                    <td style=\"\"><\/td>\n                    <td style=\"\"><a href=\"https:\/\/diocesisdeaguascalientes.mx\/vicaria-de-pastoral\/wp-content\/uploads\/sites\/2\/forminator\/10414_47c7fef6f8c6f15ac1daaf1663bdf562\/uploads\/z7mkUAY9pxzt-PASTORAL-DE-ADOLESCENTES-2025-2026.pdf\" target=\"_blank\">z7mkUAY9pxzt-PASTORAL-DE-ADOLESCENTES-2025-2026.pdf<\/a><\/td>\n                    <td style=\"\">23\/09\/2025 01:07 PM<\/td>\n            <\/tr>\n            <tr id=\"table_3_row_480\">\n                    <td style=\"\">Programaci\u00f3n Parroquial<\/td>\n                    <td style=\"\">P043 SAN JOS\u00c9(CENTRO)<\/td>\n                    <td style=\"\">Organismos Eclesiales Laicales (OEL)<\/td>\n                    <td style=\"\">Otro<\/td>\n                    <td style=\"\">FORMACION DE AGENTES<\/td>\n                    <td style=\"\"><a href=\"https:\/\/diocesisdeaguascalientes.mx\/vicaria-de-pastoral\/wp-content\/uploads\/sites\/2\/forminator\/10414_47c7fef6f8c6f15ac1daaf1663bdf562\/uploads\/heBCzWfAeOSv-FORMACION-DE-AGENTES.pdf\" target=\"_blank\">heBCzWfAeOSv-FORMACION-DE-AGENTES.pdf<\/a><\/td>\n                    <td style=\"\">23\/09\/2025 01:07 PM<\/td>\n            <\/tr>\n            <tr id=\"table_3_row_481\">\n                    <td style=\"\">Programaci\u00f3n Parroquial<\/td>\n                    <td style=\"\">P043 SAN JOS\u00c9(CENTRO)<\/td>\n                    <td style=\"\">Familiar<\/td>\n                    <td style=\"\"><\/td>\n                    <td style=\"\"><\/td>\n                    <td style=\"\"><a href=\"https:\/\/diocesisdeaguascalientes.mx\/vicaria-de-pastoral\/wp-content\/uploads\/sites\/2\/forminator\/10414_47c7fef6f8c6f15ac1daaf1663bdf562\/uploads\/CmsC1uHJWK4l-PASTORAL-FAMILIAR.pdf\" target=\"_blank\">CmsC1uHJWK4l-PASTORAL-FAMILIAR.pdf<\/a><\/td>\n                    <td style=\"\">23\/09\/2025 01:05 PM<\/td>\n            <\/tr>\n            <tr id=\"table_3_row_482\">\n                    <td style=\"\">Programaci\u00f3n Parroquial<\/td>\n                    <td style=\"\">P078 NUESTRA SE\u00d1ORA DEL REFUGIO(BEL\u00c9N DEL REFUGIO)<\/td>\n                    <td style=\"\">Familiar<\/td>\n                    <td style=\"\"><\/td>\n                    <td style=\"\"><\/td>\n                    <td style=\"\"><a href=\"https:\/\/diocesisdeaguascalientes.mx\/vicaria-de-pastoral\/wp-content\/uploads\/sites\/2\/forminator\/10414_47c7fef6f8c6f15ac1daaf1663bdf562\/uploads\/l0sKG5iQG8td-PASTORAL-FAMILIAR-2025-2026.pdf\" target=\"_blank\">l0sKG5iQG8td-PASTORAL-FAMILIAR-2025-2026.pdf<\/a><\/td>\n                    <td style=\"\">23\/09\/2025 01:04 PM<\/td>\n            <\/tr>\n            <tr id=\"table_3_row_483\">\n                    <td style=\"\">Programaci\u00f3n Parroquial<\/td>\n                    <td style=\"\">P078 NUESTRA SE\u00d1ORA DEL REFUGIO(BEL\u00c9N DEL REFUGIO)<\/td>\n                    <td style=\"\">Social<\/td>\n                    <td style=\"\"><\/td>\n                    <td style=\"\"><\/td>\n                    <td style=\"\"><a href=\"https:\/\/diocesisdeaguascalientes.mx\/vicaria-de-pastoral\/wp-content\/uploads\/sites\/2\/forminator\/10414_47c7fef6f8c6f15ac1daaf1663bdf562\/uploads\/ani5B6VWjlFE-PASTORAL-SOCIAL-2025-2026.pdf\" target=\"_blank\">ani5B6VWjlFE-PASTORAL-SOCIAL-2025-2026.pdf<\/a><\/td>\n                    <td style=\"\">23\/09\/2025 01:02 PM<\/td>\n            <\/tr>\n            <tr id=\"table_3_row_484\">\n                    <td style=\"\">Programaci\u00f3n Parroquial<\/td>\n                    <td style=\"\">P078 NUESTRA SE\u00d1ORA DEL REFUGIO(BEL\u00c9N DEL REFUGIO)<\/td>\n                    <td style=\"\">Lit\u00fargica<\/td>\n                    <td style=\"\"><\/td>\n                    <td style=\"\"><\/td>\n                    <td style=\"\"><a href=\"https:\/\/diocesisdeaguascalientes.mx\/vicaria-de-pastoral\/wp-content\/uploads\/sites\/2\/forminator\/10414_47c7fef6f8c6f15ac1daaf1663bdf562\/uploads\/nOKQrNUPG5Xx-PASTORAL-LITURGICA-2025-2026.pdf\" target=\"_blank\">nOKQrNUPG5Xx-PASTORAL-LITURGICA-2025-2026.pdf<\/a><\/td>\n                    <td style=\"\">23\/09\/2025 12:57 PM<\/td>\n            <\/tr>\n            <tr id=\"table_3_row_485\">\n                    <td style=\"\">Programaci\u00f3n Parroquial<\/td>\n                    <td style=\"\">P078 NUESTRA SE\u00d1ORA DEL REFUGIO(BEL\u00c9N DEL REFUGIO)<\/td>\n                    <td style=\"\">Prof\u00e9tica<\/td>\n                    <td style=\"\"><\/td>\n                    <td style=\"\"><\/td>\n                    <td style=\"\"><a href=\"https:\/\/diocesisdeaguascalientes.mx\/vicaria-de-pastoral\/wp-content\/uploads\/sites\/2\/forminator\/10414_47c7fef6f8c6f15ac1daaf1663bdf562\/uploads\/ej0Kyhm7JzpO-PASTORAL-PROFETICA-2025-2026.pdf\" target=\"_blank\">ej0Kyhm7JzpO-PASTORAL-PROFETICA-2025-2026.pdf<\/a><\/td>\n                    <td style=\"\">23\/09\/2025 12:50 PM<\/td>\n            <\/tr>\n            <tr id=\"table_3_row_486\">\n                    <td style=\"\">Programaci\u00f3n Parroquial<\/td>\n                    <td style=\"\">P078 NUESTRA SE\u00d1ORA DEL REFUGIO(BEL\u00c9N DEL REFUGIO)<\/td>\n                    <td style=\"\">Animaci\u00f3n Pastoral (CPP)<\/td>\n                    <td style=\"\"><\/td>\n                    <td style=\"\"><\/td>\n                    <td style=\"\"><a href=\"https:\/\/diocesisdeaguascalientes.mx\/vicaria-de-pastoral\/wp-content\/uploads\/sites\/2\/forminator\/10414_47c7fef6f8c6f15ac1daaf1663bdf562\/uploads\/PIDkh05DaK9Q-ANIMACION-PASTORAL-2025-2026.pdf\" target=\"_blank\">PIDkh05DaK9Q-ANIMACION-PASTORAL-2025-2026.pdf<\/a><\/td>\n                    <td style=\"\">23\/09\/2025 12:43 PM<\/td>\n            <\/tr>\n            <tr id=\"table_3_row_487\">\n                    <td style=\"\">Programaci\u00f3n Parroquial<\/td>\n                    <td style=\"\">P011 NUESTRA SE\u00d1ORA DE LOS BOSQUES(LOS BOSQUES)<\/td>\n                    <td style=\"\">Organismos Eclesiales Laicales (OEL)<\/td>\n                    <td style=\"\">26.\u201cKair\u00f3s\u201d Campamentos<\/td>\n                    <td style=\"\"><\/td>\n                    <td style=\"\"><a href=\"https:\/\/diocesisdeaguascalientes.mx\/vicaria-de-pastoral\/wp-content\/uploads\/sites\/2\/forminator\/10414_47c7fef6f8c6f15ac1daaf1663bdf562\/uploads\/iMdLDCoZxH3b-PROGRAMACION-KYROS-2025-2026-Final.pdf\" target=\"_blank\">iMdLDCoZxH3b-PROGRAMACION-KYROS-2025-2026-Final.pdf<\/a><\/td>\n                    <td style=\"\">23\/09\/2025 12:42 PM<\/td>\n            <\/tr>\n            <tr id=\"table_3_row_488\">\n                    <td style=\"\">Programaci\u00f3n Parroquial<\/td>\n                    <td style=\"\">P011 NUESTRA SE\u00d1ORA DE LOS BOSQUES(LOS BOSQUES)<\/td>\n                    <td style=\"\">Organismos Eclesiales Laicales (OEL)<\/td>\n                    <td style=\"\">21.Guardia de honor del Sagrado Coraz\u00f3n de Jes\u00fas.<\/td>\n                    <td style=\"\"><\/td>\n                    <td style=\"\"><a href=\"https:\/\/diocesisdeaguascalientes.mx\/vicaria-de-pastoral\/wp-content\/uploads\/sites\/2\/forminator\/10414_47c7fef6f8c6f15ac1daaf1663bdf562\/uploads\/XMqLJsdUiz0w-PROGRAMACION-2025-2026-GHSCJ.pdf\" target=\"_blank\">XMqLJsdUiz0w-PROGRAMACION-2025-2026-GHSCJ.pdf<\/a><\/td>\n                    <td style=\"\">23\/09\/2025 12:41 PM<\/td>\n            <\/tr>\n            <tr id=\"table_3_row_489\">\n                    <td style=\"\">Programaci\u00f3n Parroquial<\/td>\n                    <td style=\"\">P011 NUESTRA SE\u00d1ORA DE LOS BOSQUES(LOS BOSQUES)<\/td>\n                    <td style=\"\">Pastoral de la Comunicaci\u00f3n<\/td>\n                    <td style=\"\"><\/td>\n                    <td style=\"\"><\/td>\n                    <td style=\"\"><a href=\"https:\/\/diocesisdeaguascalientes.mx\/vicaria-de-pastoral\/wp-content\/uploads\/sites\/2\/forminator\/10414_47c7fef6f8c6f15ac1daaf1663bdf562\/uploads\/RHsX3GRksvFt-PROGRAMACION-Comunicacion-2025-2026-Final.pdf\" target=\"_blank\">RHsX3GRksvFt-PROGRAMACION-Comunicacion-2025-2026-Final.pdf<\/a><\/td>\n                    <td style=\"\">23\/09\/2025 12:40 PM<\/td>\n            <\/tr>\n            <tr id=\"table_3_row_490\">\n                    <td style=\"\">Programaci\u00f3n Parroquial<\/td>\n                    <td style=\"\">P011 NUESTRA SE\u00d1ORA DE LOS BOSQUES(LOS BOSQUES)<\/td>\n                    <td style=\"\">Juvenil<\/td>\n                    <td style=\"\"><\/td>\n                    <td style=\"\"><\/td>\n                    <td style=\"\"><a href=\"https:\/\/diocesisdeaguascalientes.mx\/vicaria-de-pastoral\/wp-content\/uploads\/sites\/2\/forminator\/10414_47c7fef6f8c6f15ac1daaf1663bdf562\/uploads\/lG2oWvrAjljh-PROGRAMACION-P-JUVENIL-2025-2026-Final.pdf\" target=\"_blank\">lG2oWvrAjljh-PROGRAMACION-P-JUVENIL-2025-2026-Final.pdf<\/a><\/td>\n                    <td style=\"\">23\/09\/2025 12:39 PM<\/td>\n            <\/tr>\n            <tr id=\"table_3_row_491\">\n                    <td style=\"\">Programaci\u00f3n Parroquial<\/td>\n                    <td style=\"\">P011 NUESTRA SE\u00d1ORA DE LOS BOSQUES(LOS BOSQUES)<\/td>\n                    <td style=\"\">Adolescentes<\/td>\n                    <td style=\"\"><\/td>\n                    <td style=\"\"><\/td>\n                    <td style=\"\"><a href=\"https:\/\/diocesisdeaguascalientes.mx\/vicaria-de-pastoral\/wp-content\/uploads\/sites\/2\/forminator\/10414_47c7fef6f8c6f15ac1daaf1663bdf562\/uploads\/lksnS7AJlTjz-PROGRAMACION-PASTORAL-DE-ADOLESCENTES-2025-2026-Final.pdf\" target=\"_blank\">lksnS7AJlTjz-PROGRAMACION-PASTORAL-DE-ADOLESCENTES-2025-2026-Final.pdf<\/a><\/td>\n                    <td style=\"\">23\/09\/2025 12:37 PM<\/td>\n            <\/tr>\n            <tr id=\"table_3_row_492\">\n                    <td style=\"\">Programaci\u00f3n Parroquial<\/td>\n                    <td style=\"\">P011 NUESTRA SE\u00d1ORA DE LOS BOSQUES(LOS BOSQUES)<\/td>\n                    <td style=\"\">Lit\u00fargica<\/td>\n                    <td style=\"\"><\/td>\n                    <td style=\"\"><\/td>\n                    <td style=\"\"><a href=\"https:\/\/diocesisdeaguascalientes.mx\/vicaria-de-pastoral\/wp-content\/uploads\/sites\/2\/forminator\/10414_47c7fef6f8c6f15ac1daaf1663bdf562\/uploads\/fgCq9xCP1BDW-PROGRAMACION-LITURGICA-2025-2026-FINAL.pdf\" target=\"_blank\">fgCq9xCP1BDW-PROGRAMACION-LITURGICA-2025-2026-FINAL.pdf<\/a><\/td>\n                    <td style=\"\">23\/09\/2025 12:36 PM<\/td>\n            <\/tr>\n            <tr id=\"table_3_row_493\">\n                    <td style=\"\">Programaci\u00f3n Parroquial<\/td>\n                    <td style=\"\">P011 NUESTRA SE\u00d1ORA DE LOS BOSQUES(LOS BOSQUES)<\/td>\n                    <td style=\"\">Familiar<\/td>\n                    <td style=\"\"><\/td>\n                    <td style=\"\"><\/td>\n                    <td style=\"\"><a href=\"https:\/\/diocesisdeaguascalientes.mx\/vicaria-de-pastoral\/wp-content\/uploads\/sites\/2\/forminator\/10414_47c7fef6f8c6f15ac1daaf1663bdf562\/uploads\/2KtFlE1cpuvr-Programacion-Pastoral-Familiar-2025-2026-Final.pdf\" target=\"_blank\">2KtFlE1cpuvr-Programacion-Pastoral-Familiar-2025-2026-Final.pdf<\/a><\/td>\n                    <td style=\"\">23\/09\/2025 12:35 PM<\/td>\n            <\/tr>\n            <tr id=\"table_3_row_494\">\n                    <td style=\"\">Programaci\u00f3n Parroquial<\/td>\n                    <td style=\"\">P011 NUESTRA SE\u00d1ORA DE LOS BOSQUES(LOS BOSQUES)<\/td>\n                    <td style=\"\">Prof\u00e9tica<\/td>\n                    <td style=\"\"><\/td>\n                    <td style=\"\"><\/td>\n                    <td style=\"\"><a href=\"https:\/\/diocesisdeaguascalientes.mx\/vicaria-de-pastoral\/wp-content\/uploads\/sites\/2\/forminator\/10414_47c7fef6f8c6f15ac1daaf1663bdf562\/uploads\/c4HBy6jo2nZm-PROGRAMACION-Profetica-2025-2026-Final.pdf\" target=\"_blank\">c4HBy6jo2nZm-PROGRAMACION-Profetica-2025-2026-Final.pdf<\/a><\/td>\n                    <td style=\"\">23\/09\/2025 12:32 PM<\/td>\n            <\/tr>\n            <tr id=\"table_3_row_495\">\n                    <td style=\"\">Programaci\u00f3n Parroquial<\/td>\n                    <td style=\"\">P022 SANTO DOMINGO SAVIO(OJO CALIENTE IV)<\/td>\n                    <td style=\"\">Lit\u00fargica<\/td>\n                    <td style=\"\"><\/td>\n                    <td style=\"\"><\/td>\n                    <td style=\"\"><a href=\"https:\/\/diocesisdeaguascalientes.mx\/vicaria-de-pastoral\/wp-content\/uploads\/sites\/2\/forminator\/10414_47c7fef6f8c6f15ac1daaf1663bdf562\/uploads\/9C58DYqsv0ax-FPP_2025-paso-lit-1-1.pdf\" target=\"_blank\">9C58DYqsv0ax-FPP_2025-paso-lit-1-1.pdf<\/a><\/td>\n                    <td style=\"\">23\/09\/2025 12:26 PM<\/td>\n            <\/tr>\n            <tr id=\"table_3_row_496\">\n                    <td style=\"\">Programaci\u00f3n Parroquial<\/td>\n                    <td style=\"\">P083 SAGRADO CORAZ\u00d3N DE JES\u00daS(LAS CUMBRES)<\/td>\n                    <td style=\"\">Animaci\u00f3n Pastoral (CPP)<\/td>\n                    <td style=\"\"><\/td>\n                    <td style=\"\"><\/td>\n                    <td style=\"\"><a href=\"https:\/\/diocesisdeaguascalientes.mx\/vicaria-de-pastoral\/wp-content\/uploads\/sites\/2\/forminator\/10414_47c7fef6f8c6f15ac1daaf1663bdf562\/uploads\/xtLKNSV0RDXp-Pastoral-de-Animacion-Parroquial.pdf\" target=\"_blank\">xtLKNSV0RDXp-Pastoral-de-Animacion-Parroquial.pdf<\/a><\/td>\n                    <td style=\"\">23\/09\/2025 12:25 PM<\/td>\n            <\/tr>\n            <tr id=\"table_3_row_497\">\n                    <td style=\"\">Programaci\u00f3n Parroquial<\/td>\n                    <td style=\"\">P083 SAGRADO CORAZ\u00d3N DE JES\u00daS(LAS CUMBRES)<\/td>\n                    <td style=\"\">Organismos Eclesiales Laicales (OEL)<\/td>\n                    <td style=\"\">Otro<\/td>\n                    <td style=\"\">Grupo de la Divina Misericordia.<\/td>\n                    <td style=\"\"><a href=\"https:\/\/diocesisdeaguascalientes.mx\/vicaria-de-pastoral\/wp-content\/uploads\/sites\/2\/forminator\/10414_47c7fef6f8c6f15ac1daaf1663bdf562\/uploads\/JLzT1GgepVrq-Grupo-de-la-Divina-Misericordia.pdf\" target=\"_blank\">JLzT1GgepVrq-Grupo-de-la-Divina-Misericordia.pdf<\/a><\/td>\n                    <td style=\"\">23\/09\/2025 12:23 PM<\/td>\n            <\/tr>\n            <tr id=\"table_3_row_498\">\n                    <td style=\"\">Programaci\u00f3n Parroquial<\/td>\n                    <td style=\"\">P083 SAGRADO CORAZ\u00d3N DE JES\u00daS(LAS CUMBRES)<\/td>\n                    <td style=\"\">Organismos Eclesiales Laicales (OEL)<\/td>\n                    <td style=\"\">Otro<\/td>\n                    <td style=\"\">Adoraci\u00f3n Nocturna.<\/td>\n                    <td style=\"\"><a href=\"https:\/\/diocesisdeaguascalientes.mx\/vicaria-de-pastoral\/wp-content\/uploads\/sites\/2\/forminator\/10414_47c7fef6f8c6f15ac1daaf1663bdf562\/uploads\/CFSZrseUt9Wi-Adoracion-Nocturna.pdf\" target=\"_blank\">CFSZrseUt9Wi-Adoracion-Nocturna.pdf<\/a><\/td>\n                    <td style=\"\">23\/09\/2025 12:22 PM<\/td>\n            <\/tr>\n            <tr id=\"table_3_row_499\">\n                    <td style=\"\">Programaci\u00f3n Parroquial<\/td>\n                    <td style=\"\">P083 SAGRADO CORAZ\u00d3N DE JES\u00daS(LAS CUMBRES)<\/td>\n                    <td style=\"\">Organismos Eclesiales Laicales (OEL)<\/td>\n                    <td style=\"\">21.Guardia de honor del Sagrado Coraz\u00f3n de Jes\u00fas.<\/td>\n                    <td style=\"\"><\/td>\n                    <td style=\"\"><a href=\"https:\/\/diocesisdeaguascalientes.mx\/vicaria-de-pastoral\/wp-content\/uploads\/sites\/2\/forminator\/10414_47c7fef6f8c6f15ac1daaf1663bdf562\/uploads\/Co1RWzPifmn1-Guardia-de-Honor-del-Sagrado-Corazon-de-Jesus.pdf\" target=\"_blank\">Co1RWzPifmn1-Guardia-de-Honor-del-Sagrado-Corazon-de-Jesus.pdf<\/a><\/td>\n                    <td style=\"\">23\/09\/2025 12:21 PM<\/td>\n            <\/tr>\n            <tr id=\"table_3_row_500\">\n                    <td style=\"\">Programaci\u00f3n Parroquial<\/td>\n                    <td style=\"\">P059 NUESTRA SE\u00d1ORA DE LOURDES(LOMA BONITA)<\/td>\n                    <td style=\"\">Juvenil<\/td>\n                    <td style=\"\"><\/td>\n                    <td style=\"\"><\/td>\n                    <td style=\"\"><a href=\"https:\/\/diocesisdeaguascalientes.mx\/vicaria-de-pastoral\/wp-content\/uploads\/sites\/2\/forminator\/10414_47c7fef6f8c6f15ac1daaf1663bdf562\/uploads\/o4bSAu8oQEYz-PASTORAL-JUVENIL-NTRA-SRA-LOURDES-2025_2026.pdf\" target=\"_blank\">o4bSAu8oQEYz-PASTORAL-JUVENIL-NTRA-SRA-LOURDES-2025_2026.pdf<\/a><\/td>\n                    <td style=\"\">23\/09\/2025 12:14 PM<\/td>\n            <\/tr>\n            <tr id=\"table_3_row_501\">\n                    <td style=\"\">Programaci\u00f3n Parroquial<\/td>\n                    <td style=\"\">P059 NUESTRA SE\u00d1ORA DE LOURDES(LOMA BONITA)<\/td>\n                    <td style=\"\">Adolescentes<\/td>\n                    <td style=\"\"><\/td>\n                    <td style=\"\"><\/td>\n                    <td style=\"\"><a href=\"https:\/\/diocesisdeaguascalientes.mx\/vicaria-de-pastoral\/wp-content\/uploads\/sites\/2\/forminator\/10414_47c7fef6f8c6f15ac1daaf1663bdf562\/uploads\/Jym0iJ4E093d-PASTORAL-DE-ADOLESCENTES-NTRA-SRA-DE-LOURDES-2025_2026.pdf\" target=\"_blank\">Jym0iJ4E093d-PASTORAL-DE-ADOLESCENTES-NTRA-SRA-DE-LOURDES-2025_2026.pdf<\/a><\/td>\n                    <td style=\"\">23\/09\/2025 12:13 PM<\/td>\n            <\/tr>\n            <tr id=\"table_3_row_502\">\n                    <td style=\"\">Programaci\u00f3n Parroquial<\/td>\n                    <td style=\"\">P059 NUESTRA SE\u00d1ORA DE LOURDES(LOMA BONITA)<\/td>\n                    <td style=\"\">Social<\/td>\n                    <td style=\"\"><\/td>\n                    <td style=\"\"><\/td>\n                    <td style=\"\"><a href=\"https:\/\/diocesisdeaguascalientes.mx\/vicaria-de-pastoral\/wp-content\/uploads\/sites\/2\/forminator\/10414_47c7fef6f8c6f15ac1daaf1663bdf562\/uploads\/HbU2inBiR66S-PASTORAL-SOCIAL-NTRA-SRA-DE-LOURDES-2025_2026.pdf\" target=\"_blank\">HbU2inBiR66S-PASTORAL-SOCIAL-NTRA-SRA-DE-LOURDES-2025_2026.pdf<\/a><\/td>\n                    <td style=\"\">23\/09\/2025 12:12 PM<\/td>\n            <\/tr>\n            <tr id=\"table_3_row_503\">\n                    <td style=\"\">Programaci\u00f3n Parroquial<\/td>\n                    <td style=\"\">P059 NUESTRA SE\u00d1ORA DE LOURDES(LOMA BONITA)<\/td>\n                    <td style=\"\">Prof\u00e9tica<\/td>\n                    <td style=\"\"><\/td>\n                    <td style=\"\"><\/td>\n                    <td style=\"\"><a href=\"https:\/\/diocesisdeaguascalientes.mx\/vicaria-de-pastoral\/wp-content\/uploads\/sites\/2\/forminator\/10414_47c7fef6f8c6f15ac1daaf1663bdf562\/uploads\/cxBb5ArsPjpo-PASTORAL-PROFETICA-NTRA-SRA-DE-LOURDES-2025_2026.pdf\" target=\"_blank\">cxBb5ArsPjpo-PASTORAL-PROFETICA-NTRA-SRA-DE-LOURDES-2025_2026.pdf<\/a><\/td>\n                    <td style=\"\">23\/09\/2025 12:10 PM<\/td>\n            <\/tr>\n            <tr id=\"table_3_row_504\">\n                    <td style=\"\">Programaci\u00f3n Parroquial<\/td>\n                    <td style=\"\">P094 SANTO NI\u00d1O DE ATOCHA(ESPA\u00d1A)<\/td>\n                    <td style=\"\">Organismos Eclesiales Laicales (OEL)<\/td>\n                    <td style=\"\">Otro<\/td>\n                    <td style=\"\">SECTORES Y PEQUE\u00d1AS COMUNIDADES<\/td>\n                    <td style=\"\"><a href=\"https:\/\/diocesisdeaguascalientes.mx\/vicaria-de-pastoral\/wp-content\/uploads\/sites\/2\/forminator\/10414_47c7fef6f8c6f15ac1daaf1663bdf562\/uploads\/gJM1lwuOPuSv-PROGRAMACION-SECTORES-Y-PEQUENAS-COMUNIDADES.pdf\" target=\"_blank\">gJM1lwuOPuSv-PROGRAMACION-SECTORES-Y-PEQUENAS-COMUNIDADES.pdf<\/a><\/td>\n                    <td style=\"\">23\/09\/2025 11:58 AM<\/td>\n            <\/tr>\n            <tr id=\"table_3_row_505\">\n                    <td style=\"\">Programaci\u00f3n Parroquial<\/td>\n                    <td style=\"\">P005 SANTOS ARC\u00c1NGELES(JES\u00daS TER\u00c1N)<\/td>\n                    <td style=\"\">Familiar<\/td>\n                    <td style=\"\"><\/td>\n                    <td style=\"\"><\/td>\n                    <td style=\"\"><a href=\"https:\/\/diocesisdeaguascalientes.mx\/vicaria-de-pastoral\/wp-content\/uploads\/sites\/2\/forminator\/10414_47c7fef6f8c6f15ac1daaf1663bdf562\/uploads\/xr8s6yrWGOtS-PROGRAMACION-PASTORAL-FAMILIAR-2025-2026.pdf\" target=\"_blank\">xr8s6yrWGOtS-PROGRAMACION-PASTORAL-FAMILIAR-2025-2026.pdf<\/a><\/td>\n                    <td style=\"\">23\/09\/2025 11:50 AM<\/td>\n            <\/tr>\n            <tr id=\"table_3_row_506\">\n                    <td style=\"\">Programaci\u00f3n Parroquial<\/td>\n                    <td style=\"\">P005 SANTOS ARC\u00c1NGELES(JES\u00daS TER\u00c1N)<\/td>\n                    <td style=\"\">Lit\u00fargica<\/td>\n                    <td style=\"\"><\/td>\n                    <td style=\"\"><\/td>\n                    <td style=\"\"><a href=\"https:\/\/diocesisdeaguascalientes.mx\/vicaria-de-pastoral\/wp-content\/uploads\/sites\/2\/forminator\/10414_47c7fef6f8c6f15ac1daaf1663bdf562\/uploads\/7jfnSfciwAZX-Programa_coros_2025-2026.pdf\" target=\"_blank\">7jfnSfciwAZX-Programa_coros_2025-2026.pdf<\/a><\/td>\n                    <td style=\"\">23\/09\/2025 11:49 AM<\/td>\n            <\/tr>\n            <tr id=\"table_3_row_507\">\n                    <td style=\"\">Programaci\u00f3n Parroquial<\/td>\n                    <td style=\"\">P094 SANTO NI\u00d1O DE ATOCHA(ESPA\u00d1A)<\/td>\n                    <td style=\"\">Organismos Eclesiales Laicales (OEL)<\/td>\n                    <td style=\"\">40.Renovaci\u00f3n Carism\u00e1tica Cat\u00f3lica en el Esp\u00edritu Santo<\/td>\n                    <td style=\"\"><\/td>\n                    <td style=\"\"><a href=\"https:\/\/diocesisdeaguascalientes.mx\/vicaria-de-pastoral\/wp-content\/uploads\/sites\/2\/forminator\/10414_47c7fef6f8c6f15ac1daaf1663bdf562\/uploads\/oYztufBd6Ev4-PROGRAMACION-DE-ORGANISMOS-ECLESIALES-LAICALES.pdf\" target=\"_blank\">oYztufBd6Ev4-PROGRAMACION-DE-ORGANISMOS-ECLESIALES-LAICALES.pdf<\/a><\/td>\n                    <td style=\"\">23\/09\/2025 11:49 AM<\/td>\n            <\/tr>\n            <tr id=\"table_3_row_508\">\n                    <td style=\"\">Programaci\u00f3n Parroquial<\/td>\n                    <td style=\"\">P005 SANTOS ARC\u00c1NGELES(JES\u00daS TER\u00c1N)<\/td>\n                    <td style=\"\">Lit\u00fargica<\/td>\n                    <td style=\"\"><\/td>\n                    <td style=\"\"><\/td>\n                    <td style=\"\"><a href=\"https:\/\/diocesisdeaguascalientes.mx\/vicaria-de-pastoral\/wp-content\/uploads\/sites\/2\/forminator\/10414_47c7fef6f8c6f15ac1daaf1663bdf562\/uploads\/13rddpxn5xJb-Liturgia-programacion-2025-2026.pdf\" target=\"_blank\">13rddpxn5xJb-Liturgia-programacion-2025-2026.pdf<\/a><\/td>\n                    <td style=\"\">23\/09\/2025 11:48 AM<\/td>\n            <\/tr>\n            <tr id=\"table_3_row_509\">\n                    <td style=\"\">Programaci\u00f3n Parroquial<\/td>\n                    <td style=\"\">P094 SANTO NI\u00d1O DE ATOCHA(ESPA\u00d1A)<\/td>\n                    <td style=\"\">Organismos Eclesiales Laicales (OEL)<\/td>\n                    <td style=\"\">21.Guardia de honor del Sagrado Coraz\u00f3n de Jes\u00fas.<\/td>\n                    <td style=\"\"><\/td>\n                    <td style=\"\"><a href=\"https:\/\/diocesisdeaguascalientes.mx\/vicaria-de-pastoral\/wp-content\/uploads\/sites\/2\/forminator\/10414_47c7fef6f8c6f15ac1daaf1663bdf562\/uploads\/B1bSz3B4suFx-PROGRAMACION-DE-ORGANISMOS-ECLESIALES-LAICALES.pdf\" target=\"_blank\">B1bSz3B4suFx-PROGRAMACION-DE-ORGANISMOS-ECLESIALES-LAICALES.pdf<\/a><\/td>\n                    <td style=\"\">23\/09\/2025 11:47 AM<\/td>\n            <\/tr>\n            <tr id=\"table_3_row_510\">\n                    <td style=\"\">Programaci\u00f3n Parroquial<\/td>\n                    <td style=\"\">P116 SAN JUAN PABLO II(CHICAHUALES I)<\/td>\n                    <td style=\"\">Prof\u00e9tica<\/td>\n                    <td style=\"\"><\/td>\n                    <td style=\"\"><\/td>\n                    <td style=\"\"><a href=\"https:\/\/diocesisdeaguascalientes.mx\/vicaria-de-pastoral\/wp-content\/uploads\/sites\/2\/forminator\/10414_47c7fef6f8c6f15ac1daaf1663bdf562\/uploads\/ejta4CjSejoG-PROGRAMA-DE-PASTORAL-PROFETICA-2025-2026-1.pdf\" target=\"_blank\">ejta4CjSejoG-PROGRAMA-DE-PASTORAL-PROFETICA-2025-2026-1.pdf<\/a><\/td>\n                    <td style=\"\">23\/09\/2025 11:40 AM<\/td>\n            <\/tr>\n            <tr id=\"table_3_row_511\">\n                    <td style=\"\">Programaci\u00f3n Parroquial<\/td>\n                    <td style=\"\">P094 SANTO NI\u00d1O DE ATOCHA(ESPA\u00d1A)<\/td>\n                    <td style=\"\">Prof\u00e9tica<\/td>\n                    <td style=\"\"><\/td>\n                    <td style=\"\"><\/td>\n                    <td style=\"\"><a href=\"https:\/\/diocesisdeaguascalientes.mx\/vicaria-de-pastoral\/wp-content\/uploads\/sites\/2\/forminator\/10414_47c7fef6f8c6f15ac1daaf1663bdf562\/uploads\/XVj3zmYpLcwh-PROGRAMACION-DE-PROFETICA.pdf\" target=\"_blank\">XVj3zmYpLcwh-PROGRAMACION-DE-PROFETICA.pdf<\/a><\/td>\n                    <td style=\"\">23\/09\/2025 11:39 AM<\/td>\n            <\/tr>\n            <tr id=\"table_3_row_512\">\n                    <td style=\"\">Programaci\u00f3n Parroquial<\/td>\n                    <td style=\"\">P083 SAGRADO CORAZ\u00d3N DE JES\u00daS(LAS CUMBRES)<\/td>\n                    <td style=\"\">Pastoral de la Comunicaci\u00f3n<\/td>\n                    <td style=\"\"><\/td>\n                    <td style=\"\"><\/td>\n                    <td style=\"\"><a href=\"https:\/\/diocesisdeaguascalientes.mx\/vicaria-de-pastoral\/wp-content\/uploads\/sites\/2\/forminator\/10414_47c7fef6f8c6f15ac1daaf1663bdf562\/uploads\/3TGNQoKrGMYf-Pastoral-de-la-Comunicacion.pdf\" target=\"_blank\">3TGNQoKrGMYf-Pastoral-de-la-Comunicacion.pdf<\/a><\/td>\n                    <td style=\"\">23\/09\/2025 11:37 AM<\/td>\n            <\/tr>\n            <tr id=\"table_3_row_513\">\n                    <td style=\"\">Programaci\u00f3n Parroquial<\/td>\n                    <td style=\"\">P083 SAGRADO CORAZ\u00d3N DE JES\u00daS(LAS CUMBRES)<\/td>\n                    <td style=\"\">Juvenil<\/td>\n                    <td style=\"\"><\/td>\n                    <td style=\"\"><\/td>\n                    <td style=\"\"><a href=\"https:\/\/diocesisdeaguascalientes.mx\/vicaria-de-pastoral\/wp-content\/uploads\/sites\/2\/forminator\/10414_47c7fef6f8c6f15ac1daaf1663bdf562\/uploads\/2GNgysldClds-Pastoral-Juvenil.pdf\" target=\"_blank\">2GNgysldClds-Pastoral-Juvenil.pdf<\/a><\/td>\n                    <td style=\"\">23\/09\/2025 11:34 AM<\/td>\n            <\/tr>\n            <tr id=\"table_3_row_514\">\n                    <td style=\"\">Programaci\u00f3n Parroquial<\/td>\n                    <td style=\"\">P083 SAGRADO CORAZ\u00d3N DE JES\u00daS(LAS CUMBRES)<\/td>\n                    <td style=\"\">Adolescentes<\/td>\n                    <td style=\"\"><\/td>\n                    <td style=\"\"><\/td>\n                    <td style=\"\"><a href=\"https:\/\/diocesisdeaguascalientes.mx\/vicaria-de-pastoral\/wp-content\/uploads\/sites\/2\/forminator\/10414_47c7fef6f8c6f15ac1daaf1663bdf562\/uploads\/oFpHqER28mW7-Pastoral-de-Adolescentes.pdf\" target=\"_blank\">oFpHqER28mW7-Pastoral-de-Adolescentes.pdf<\/a><\/td>\n                    <td style=\"\">23\/09\/2025 11:33 AM<\/td>\n            <\/tr>\n            <tr id=\"table_3_row_515\">\n                    <td style=\"\">Programaci\u00f3n Parroquial<\/td>\n                    <td style=\"\">P083 SAGRADO CORAZ\u00d3N DE JES\u00daS(LAS CUMBRES)<\/td>\n                    <td style=\"\">Familiar<\/td>\n                    <td style=\"\"><\/td>\n                    <td style=\"\"><\/td>\n                    <td style=\"\"><a href=\"https:\/\/diocesisdeaguascalientes.mx\/vicaria-de-pastoral\/wp-content\/uploads\/sites\/2\/forminator\/10414_47c7fef6f8c6f15ac1daaf1663bdf562\/uploads\/MgBL4cnoSg5d-Pastoral-Familiar.pdf\" target=\"_blank\">MgBL4cnoSg5d-Pastoral-Familiar.pdf<\/a><\/td>\n                    <td style=\"\">23\/09\/2025 11:32 AM<\/td>\n            <\/tr>\n            <tr id=\"table_3_row_516\">\n                    <td style=\"\">Programaci\u00f3n de Capellan\u00eda<\/td>\n                    <td style=\"\"><\/td>\n                    <td style=\"\">Lit\u00fargica<\/td>\n                    <td style=\"\"><\/td>\n                    <td style=\"\"><\/td>\n                    <td style=\"\"><a href=\"https:\/\/diocesisdeaguascalientes.mx\/vicaria-de-pastoral\/wp-content\/uploads\/sites\/2\/forminator\/10414_47c7fef6f8c6f15ac1daaf1663bdf562\/uploads\/oUiMmKVT2n16-P.-LITURGICA.pdf\" target=\"_blank\">oUiMmKVT2n16-P.-LITURGICA.pdf<\/a><\/td>\n                    <td style=\"\">23\/09\/2025 11:32 AM<\/td>\n            <\/tr>\n            <tr id=\"table_3_row_517\">\n                    <td style=\"\">Programaci\u00f3n Parroquial<\/td>\n                    <td style=\"\">P083 SAGRADO CORAZ\u00d3N DE JES\u00daS(LAS CUMBRES)<\/td>\n                    <td style=\"\">Social<\/td>\n                    <td style=\"\"><\/td>\n                    <td style=\"\"><\/td>\n                    <td style=\"\"><a href=\"https:\/\/diocesisdeaguascalientes.mx\/vicaria-de-pastoral\/wp-content\/uploads\/sites\/2\/forminator\/10414_47c7fef6f8c6f15ac1daaf1663bdf562\/uploads\/pvYIhufO7wrW-Pastoral-Social.pdf\" target=\"_blank\">pvYIhufO7wrW-Pastoral-Social.pdf<\/a><\/td>\n                    <td style=\"\">23\/09\/2025 11:31 AM<\/td>\n            <\/tr>\n            <tr id=\"table_3_row_518\">\n                    <td style=\"\">Programaci\u00f3n Parroquial<\/td>\n                    <td style=\"\">P083 SAGRADO CORAZ\u00d3N DE JES\u00daS(LAS CUMBRES)<\/td>\n                    <td style=\"\">Lit\u00fargica<\/td>\n                    <td style=\"\"><\/td>\n                    <td style=\"\"><\/td>\n                    <td style=\"\"><a href=\"https:\/\/diocesisdeaguascalientes.mx\/vicaria-de-pastoral\/wp-content\/uploads\/sites\/2\/forminator\/10414_47c7fef6f8c6f15ac1daaf1663bdf562\/uploads\/dQNCZZD1tLSi-Pastoral-Liturgica.pdf\" target=\"_blank\">dQNCZZD1tLSi-Pastoral-Liturgica.pdf<\/a><\/td>\n                    <td style=\"\">23\/09\/2025 11:30 AM<\/td>\n            <\/tr>\n            <tr id=\"table_3_row_519\">\n                    <td style=\"\">Programaci\u00f3n Parroquial<\/td>\n                    <td style=\"\">P116 SAN JUAN PABLO II(CHICAHUALES I)<\/td>\n                    <td style=\"\">Animaci\u00f3n Pastoral (CPP)<\/td>\n                    <td style=\"\"><\/td>\n                    <td style=\"\"><\/td>\n                    <td style=\"\"><a href=\"https:\/\/diocesisdeaguascalientes.mx\/vicaria-de-pastoral\/wp-content\/uploads\/sites\/2\/forminator\/10414_47c7fef6f8c6f15ac1daaf1663bdf562\/uploads\/UKYxiu7uZmmL-PROGRAMA-DE-PASTORAL-ANIMACION-PARROQUIAL-2025-2026.pdf\" target=\"_blank\">UKYxiu7uZmmL-PROGRAMA-DE-PASTORAL-ANIMACION-PARROQUIAL-2025-2026.pdf<\/a><\/td>\n                    <td style=\"\">23\/09\/2025 11:29 AM<\/td>\n            <\/tr>\n            <tr id=\"table_3_row_520\">\n                    <td style=\"\">Programaci\u00f3n Parroquial<\/td>\n                    <td style=\"\">P083 SAGRADO CORAZ\u00d3N DE JES\u00daS(LAS CUMBRES)<\/td>\n                    <td style=\"\">Prof\u00e9tica<\/td>\n                    <td style=\"\"><\/td>\n                    <td style=\"\"><\/td>\n                    <td style=\"\"><a href=\"https:\/\/diocesisdeaguascalientes.mx\/vicaria-de-pastoral\/wp-content\/uploads\/sites\/2\/forminator\/10414_47c7fef6f8c6f15ac1daaf1663bdf562\/uploads\/saNVU5ybY9dj-Pastoral-Profetica.pdf\" target=\"_blank\">saNVU5ybY9dj-Pastoral-Profetica.pdf<\/a><\/td>\n                    <td style=\"\">23\/09\/2025 11:28 AM<\/td>\n            <\/tr>\n            <tr id=\"table_3_row_521\">\n                    <td style=\"\">Programaci\u00f3n Parroquial<\/td>\n                    <td style=\"\">P116 SAN JUAN PABLO II(CHICAHUALES I)<\/td>\n                    <td style=\"\">Social<\/td>\n                    <td style=\"\"><\/td>\n                    <td style=\"\"><\/td>\n                    <td style=\"\"><a href=\"https:\/\/diocesisdeaguascalientes.mx\/vicaria-de-pastoral\/wp-content\/uploads\/sites\/2\/forminator\/10414_47c7fef6f8c6f15ac1daaf1663bdf562\/uploads\/0l02dMe1dVMw-PROGRAMA-DE-PASTORAL-SOCIAL-2025-2026.pdf\" target=\"_blank\">0l02dMe1dVMw-PROGRAMA-DE-PASTORAL-SOCIAL-2025-2026.pdf<\/a><\/td>\n                    <td style=\"\">23\/09\/2025 11:05 AM<\/td>\n            <\/tr>\n            <tr id=\"table_3_row_522\">\n                    <td style=\"\">Programaci\u00f3n Parroquial<\/td>\n                    <td style=\"\">P116 SAN JUAN PABLO II(CHICAHUALES I)<\/td>\n                    <td style=\"\">Organismos Eclesiales Laicales (OEL)<\/td>\n                    <td style=\"\">Otro<\/td>\n                    <td style=\"\">GRUPOS Y MOVIMIENTOS<\/td>\n                    <td style=\"\"><a href=\"https:\/\/diocesisdeaguascalientes.mx\/vicaria-de-pastoral\/wp-content\/uploads\/sites\/2\/forminator\/10414_47c7fef6f8c6f15ac1daaf1663bdf562\/uploads\/nDrn0XFkjPTE-PROGRAMA-DE-PASTORAL-GRUPOS-Y-MOVIEMIENTOS-2025-2026.pdf\" target=\"_blank\">nDrn0XFkjPTE-PROGRAMA-DE-PASTORAL-GRUPOS-Y-MOVIEMIENTOS-2025-2026.pdf<\/a><\/td>\n                    <td style=\"\">23\/09\/2025 10:54 AM<\/td>\n            <\/tr>\n            <tr id=\"table_3_row_523\">\n                    <td style=\"\">Programaci\u00f3n Parroquial<\/td>\n                    <td style=\"\">P005 SANTOS ARC\u00c1NGELES(JES\u00daS TER\u00c1N)<\/td>\n                    <td style=\"\">Prof\u00e9tica<\/td>\n                    <td style=\"\"><\/td>\n                    <td style=\"\"><\/td>\n                    <td style=\"\"><a href=\"https:\/\/diocesisdeaguascalientes.mx\/vicaria-de-pastoral\/wp-content\/uploads\/sites\/2\/forminator\/10414_47c7fef6f8c6f15ac1daaf1663bdf562\/uploads\/hWvF86ZccMU7-programacion-2025-2026-catequesis-infantil.pdf\" target=\"_blank\">hWvF86ZccMU7-programacion-2025-2026-catequesis-infantil.pdf<\/a><\/td>\n                    <td style=\"\">23\/09\/2025 10:48 AM<\/td>\n            <\/tr>\n            <tr id=\"table_3_row_524\">\n                    <td style=\"\">Programaci\u00f3n Parroquial<\/td>\n                    <td style=\"\">P090 SANTA CRUZ DE JERUSAL\u00c9N(MART\u00cdNEZ DOMINGUEZ)<\/td>\n                    <td style=\"\">Adolescentes<\/td>\n                    <td style=\"\"><\/td>\n                    <td style=\"\"><\/td>\n                    <td style=\"\"><a href=\"https:\/\/diocesisdeaguascalientes.mx\/vicaria-de-pastoral\/wp-content\/uploads\/sites\/2\/forminator\/10414_47c7fef6f8c6f15ac1daaf1663bdf562\/uploads\/dcy5YE35Nhcw-PROGRAMACION-2025-2026-PASTORAL-ADOLESCENTES-SANTA-CRUZ.pdf\" target=\"_blank\">dcy5YE35Nhcw-PROGRAMACION-2025-2026-PASTORAL-ADOLESCENTES-SANTA-CRUZ.pdf<\/a><\/td>\n                    <td style=\"\">23\/09\/2025 10:43 AM<\/td>\n            <\/tr>\n            <tr id=\"table_3_row_525\">\n                    <td style=\"\">Programaci\u00f3n Parroquial<\/td>\n                    <td style=\"\">P116 SAN JUAN PABLO II(CHICAHUALES I)<\/td>\n                    <td style=\"\">Lit\u00fargica<\/td>\n                    <td style=\"\"><\/td>\n                    <td style=\"\"><\/td>\n                    <td style=\"\"><a href=\"https:\/\/diocesisdeaguascalientes.mx\/vicaria-de-pastoral\/wp-content\/uploads\/sites\/2\/forminator\/10414_47c7fef6f8c6f15ac1daaf1663bdf562\/uploads\/hqKCrpbaeEQC-PROGRAMA-DE-PASTORAL-LITUTGICA-2025-2026.pdf\" target=\"_blank\">hqKCrpbaeEQC-PROGRAMA-DE-PASTORAL-LITUTGICA-2025-2026.pdf<\/a><\/td>\n                    <td style=\"\">23\/09\/2025 10:40 AM<\/td>\n            <\/tr>\n            <tr id=\"table_3_row_526\">\n                    <td style=\"\">Programaci\u00f3n Parroquial<\/td>\n                    <td style=\"\">P116 SAN JUAN PABLO II(CHICAHUALES I)<\/td>\n                    <td style=\"\">Familiar<\/td>\n                    <td style=\"\"><\/td>\n                    <td style=\"\"><\/td>\n                    <td style=\"\"><a href=\"https:\/\/diocesisdeaguascalientes.mx\/vicaria-de-pastoral\/wp-content\/uploads\/sites\/2\/forminator\/10414_47c7fef6f8c6f15ac1daaf1663bdf562\/uploads\/iPdo9AqN4q0q-PROGRAMA-DE-PASTORAL-FAMILIAR-2025-2026.pdf\" target=\"_blank\">iPdo9AqN4q0q-PROGRAMA-DE-PASTORAL-FAMILIAR-2025-2026.pdf<\/a><\/td>\n                    <td style=\"\">23\/09\/2025 10:33 AM<\/td>\n            <\/tr>\n            <tr id=\"table_3_row_527\">\n                    <td style=\"\">Programaci\u00f3n Parroquial<\/td>\n                    <td style=\"\">P089 NUESTRA SE\u00d1ORA DE SAN JUAN DE LOS LAGOS(SAN PABLO)<\/td>\n                    <td style=\"\">Organismos Eclesiales Laicales (OEL)<\/td>\n                    <td style=\"\">Otro<\/td>\n                    <td style=\"\">VALORA<\/td>\n                    <td style=\"\"><a href=\"https:\/\/diocesisdeaguascalientes.mx\/vicaria-de-pastoral\/wp-content\/uploads\/sites\/2\/forminator\/10414_47c7fef6f8c6f15ac1daaf1663bdf562\/uploads\/KbjYhAlfwumn-Programa-Pastoral_formato-2025_OEL_Valora.pdf\" target=\"_blank\">KbjYhAlfwumn-Programa-Pastoral_formato-2025_OEL_Valora.pdf<\/a><\/td>\n                    <td style=\"\">23\/09\/2025 09:35 AM<\/td>\n            <\/tr>\n            <tr id=\"table_3_row_528\">\n                    <td style=\"\">Programaci\u00f3n Parroquial<\/td>\n                    <td style=\"\">P089 NUESTRA SE\u00d1ORA DE SAN JUAN DE LOS LAGOS(SAN PABLO)<\/td>\n                    <td style=\"\">Organismos Eclesiales Laicales (OEL)<\/td>\n                    <td style=\"\">3.Adoraci\u00f3n, Comunidad, Trabajo, Servicio (ACTS)<\/td>\n                    <td style=\"\"><\/td>\n                    <td style=\"\"><a href=\"https:\/\/diocesisdeaguascalientes.mx\/vicaria-de-pastoral\/wp-content\/uploads\/sites\/2\/forminator\/10414_47c7fef6f8c6f15ac1daaf1663bdf562\/uploads\/40XcRIqwTxdh-Programa-Past.-Org.-Lai.-ACTs.pdf\" target=\"_blank\">40XcRIqwTxdh-Programa-Past.-Org.-Lai.-ACTs.pdf<\/a><\/td>\n                    <td style=\"\">23\/09\/2025 09:34 AM<\/td>\n            <\/tr>\n            <tr id=\"table_3_row_529\">\n                    <td style=\"\">Programaci\u00f3n Parroquial<\/td>\n                    <td style=\"\">P089 NUESTRA SE\u00d1ORA DE SAN JUAN DE LOS LAGOS(SAN PABLO)<\/td>\n                    <td style=\"\">Pastoral de la Comunicaci\u00f3n<\/td>\n                    <td style=\"\"><\/td>\n                    <td style=\"\"><\/td>\n                    <td style=\"\"><a href=\"https:\/\/diocesisdeaguascalientes.mx\/vicaria-de-pastoral\/wp-content\/uploads\/sites\/2\/forminator\/10414_47c7fef6f8c6f15ac1daaf1663bdf562\/uploads\/sUHPk99NGQuq-Programa-Past.-Comunicacion.pdf\" target=\"_blank\">sUHPk99NGQuq-Programa-Past.-Comunicacion.pdf<\/a><\/td>\n                    <td style=\"\">23\/09\/2025 09:33 AM<\/td>\n            <\/tr>\n            <tr id=\"table_3_row_530\">\n                    <td style=\"\">Programaci\u00f3n Parroquial<\/td>\n                    <td style=\"\">P089 NUESTRA SE\u00d1ORA DE SAN JUAN DE LOS LAGOS(SAN PABLO)<\/td>\n                    <td style=\"\">Juvenil<\/td>\n                    <td style=\"\"><\/td>\n                    <td style=\"\"><\/td>\n                    <td style=\"\"><a href=\"https:\/\/diocesisdeaguascalientes.mx\/vicaria-de-pastoral\/wp-content\/uploads\/sites\/2\/forminator\/10414_47c7fef6f8c6f15ac1daaf1663bdf562\/uploads\/HYVRw1nxhXDY-Programa-Past.-Jovenes.pdf\" target=\"_blank\">HYVRw1nxhXDY-Programa-Past.-Jovenes.pdf<\/a><\/td>\n                    <td style=\"\">23\/09\/2025 09:32 AM<\/td>\n            <\/tr>\n            <tr id=\"table_3_row_531\">\n                    <td style=\"\">Programaci\u00f3n Parroquial<\/td>\n                    <td style=\"\">P089 NUESTRA SE\u00d1ORA DE SAN JUAN DE LOS LAGOS(SAN PABLO)<\/td>\n                    <td style=\"\">Adolescentes<\/td>\n                    <td style=\"\"><\/td>\n                    <td style=\"\"><\/td>\n                    <td style=\"\"><a href=\"https:\/\/diocesisdeaguascalientes.mx\/vicaria-de-pastoral\/wp-content\/uploads\/sites\/2\/forminator\/10414_47c7fef6f8c6f15ac1daaf1663bdf562\/uploads\/wnsM7S4ZpJd2-programa-Past.-Adolescentes.pdf\" target=\"_blank\">wnsM7S4ZpJd2-programa-Past.-Adolescentes.pdf<\/a><\/td>\n                    <td style=\"\">23\/09\/2025 09:31 AM<\/td>\n            <\/tr>\n            <tr id=\"table_3_row_532\">\n                    <td style=\"\">Programaci\u00f3n Parroquial<\/td>\n                    <td style=\"\">P089 NUESTRA SE\u00d1ORA DE SAN JUAN DE LOS LAGOS(SAN PABLO)<\/td>\n                    <td style=\"\">Familiar<\/td>\n                    <td style=\"\"><\/td>\n                    <td style=\"\"><\/td>\n                    <td style=\"\"><a href=\"https:\/\/diocesisdeaguascalientes.mx\/vicaria-de-pastoral\/wp-content\/uploads\/sites\/2\/forminator\/10414_47c7fef6f8c6f15ac1daaf1663bdf562\/uploads\/u3nUp8lRPqUm-Programa-Past.-Familiar.pdf\" target=\"_blank\">u3nUp8lRPqUm-Programa-Past.-Familiar.pdf<\/a><\/td>\n                    <td style=\"\">23\/09\/2025 09:31 AM<\/td>\n            <\/tr>\n            <tr id=\"table_3_row_533\">\n                    <td style=\"\">Programaci\u00f3n Parroquial<\/td>\n                    <td style=\"\">P089 NUESTRA SE\u00d1ORA DE SAN JUAN DE LOS LAGOS(SAN PABLO)<\/td>\n                    <td style=\"\">Social<\/td>\n                    <td style=\"\"><\/td>\n                    <td style=\"\"><\/td>\n                    <td style=\"\"><a href=\"https:\/\/diocesisdeaguascalientes.mx\/vicaria-de-pastoral\/wp-content\/uploads\/sites\/2\/forminator\/10414_47c7fef6f8c6f15ac1daaf1663bdf562\/uploads\/D8ypiyzPxnoQ-Programa-Past.-Social.pdf\" target=\"_blank\">D8ypiyzPxnoQ-Programa-Past.-Social.pdf<\/a><\/td>\n                    <td style=\"\">23\/09\/2025 09:30 AM<\/td>\n            <\/tr>\n            <tr id=\"table_3_row_534\">\n                    <td style=\"\">Programaci\u00f3n Parroquial<\/td>\n                    <td style=\"\">P089 NUESTRA SE\u00d1ORA DE SAN JUAN DE LOS LAGOS(SAN PABLO)<\/td>\n                    <td style=\"\">Lit\u00fargica<\/td>\n                    <td style=\"\"><\/td>\n                    <td style=\"\"><\/td>\n                    <td style=\"\"><a href=\"https:\/\/diocesisdeaguascalientes.mx\/vicaria-de-pastoral\/wp-content\/uploads\/sites\/2\/forminator\/10414_47c7fef6f8c6f15ac1daaf1663bdf562\/uploads\/SkwZIXWFUepv-Programa-Past.-Liturgica-.pdf\" target=\"_blank\">SkwZIXWFUepv-Programa-Past.-Liturgica-.pdf<\/a><\/td>\n                    <td style=\"\">23\/09\/2025 09:29 AM<\/td>\n            <\/tr>\n            <tr id=\"table_3_row_535\">\n                    <td style=\"\">Programaci\u00f3n Parroquial<\/td>\n                    <td style=\"\">P089 NUESTRA SE\u00d1ORA DE SAN JUAN DE LOS LAGOS(SAN PABLO)<\/td>\n                    <td style=\"\">Prof\u00e9tica<\/td>\n                    <td style=\"\"><\/td>\n                    <td style=\"\"><\/td>\n                    <td style=\"\"><a href=\"https:\/\/diocesisdeaguascalientes.mx\/vicaria-de-pastoral\/wp-content\/uploads\/sites\/2\/forminator\/10414_47c7fef6f8c6f15ac1daaf1663bdf562\/uploads\/0tYpWM6zs5mP-Programa-Past.-Profetica.pdf\" target=\"_blank\">0tYpWM6zs5mP-Programa-Past.-Profetica.pdf<\/a><\/td>\n                    <td style=\"\">23\/09\/2025 09:29 AM<\/td>\n            <\/tr>\n            <tr id=\"table_3_row_536\">\n                    <td style=\"\">Programaci\u00f3n Parroquial<\/td>\n                    <td style=\"\">P089 NUESTRA SE\u00d1ORA DE SAN JUAN DE LOS LAGOS(SAN PABLO)<\/td>\n                    <td style=\"\">Animaci\u00f3n Pastoral (CPP)<\/td>\n                    <td style=\"\"><\/td>\n                    <td style=\"\"><\/td>\n                    <td style=\"\"><a href=\"https:\/\/diocesisdeaguascalientes.mx\/vicaria-de-pastoral\/wp-content\/uploads\/sites\/2\/forminator\/10414_47c7fef6f8c6f15ac1daaf1663bdf562\/uploads\/aaIwwxjnNkzG-Programa-Animacion-Pastoral.pdf\" target=\"_blank\">aaIwwxjnNkzG-Programa-Animacion-Pastoral.pdf<\/a><\/td>\n                    <td style=\"\">23\/09\/2025 09:27 AM<\/td>\n            <\/tr>\n            <tr id=\"table_3_row_537\">\n                    <td style=\"\">Programaci\u00f3n Parroquial<\/td>\n                    <td style=\"\">P090 SANTA CRUZ DE JERUSAL\u00c9N(MART\u00cdNEZ DOMINGUEZ)<\/td>\n                    <td style=\"\">Organismos Eclesiales Laicales (OEL)<\/td>\n                    <td style=\"\">Otro<\/td>\n                    <td style=\"\">GRUPO DE VIACRUCIS<\/td>\n                    <td style=\"\"><a href=\"https:\/\/diocesisdeaguascalientes.mx\/vicaria-de-pastoral\/wp-content\/uploads\/sites\/2\/forminator\/10414_47c7fef6f8c6f15ac1daaf1663bdf562\/uploads\/5jedcuATl5kn-PROGRAMACION-VIACRUCIS-2025-2026-SANTA-CRUZ.pdf\" target=\"_blank\">5jedcuATl5kn-PROGRAMACION-VIACRUCIS-2025-2026-SANTA-CRUZ.pdf<\/a><\/td>\n                    <td style=\"\">23\/09\/2025 09:19 AM<\/td>\n            <\/tr>\n            <tr id=\"table_3_row_538\">\n                    <td style=\"\">Programaci\u00f3n Parroquial<\/td>\n                    <td style=\"\">P090 SANTA CRUZ DE JERUSAL\u00c9N(MART\u00cdNEZ DOMINGUEZ)<\/td>\n                    <td style=\"\">Pastoral de la Comunicaci\u00f3n<\/td>\n                    <td style=\"\"><\/td>\n                    <td style=\"\"><\/td>\n                    <td style=\"\"><a href=\"https:\/\/diocesisdeaguascalientes.mx\/vicaria-de-pastoral\/wp-content\/uploads\/sites\/2\/forminator\/10414_47c7fef6f8c6f15ac1daaf1663bdf562\/uploads\/M137ydu31KeB-PROGRAMACION-2025-2026-PASTORAL-COMUNICACION-SANTA-CRUZ.pdf\" target=\"_blank\">M137ydu31KeB-PROGRAMACION-2025-2026-PASTORAL-COMUNICACION-SANTA-CRUZ.pdf<\/a><\/td>\n                    <td style=\"\">23\/09\/2025 09:18 AM<\/td>\n            <\/tr>\n            <tr id=\"table_3_row_539\">\n                    <td style=\"\">Programaci\u00f3n Parroquial<\/td>\n                    <td style=\"\">P090 SANTA CRUZ DE JERUSAL\u00c9N(MART\u00cdNEZ DOMINGUEZ)<\/td>\n                    <td style=\"\">Juvenil<\/td>\n                    <td style=\"\"><\/td>\n                    <td style=\"\"><\/td>\n                    <td style=\"\"><a href=\"https:\/\/diocesisdeaguascalientes.mx\/vicaria-de-pastoral\/wp-content\/uploads\/sites\/2\/forminator\/10414_47c7fef6f8c6f15ac1daaf1663bdf562\/uploads\/YpUozxRY6XFu-PROGRAMACION-2025-2026-PASTORAL-JUVENIL-SANTA-CRUZ.pdf\" target=\"_blank\">YpUozxRY6XFu-PROGRAMACION-2025-2026-PASTORAL-JUVENIL-SANTA-CRUZ.pdf<\/a><\/td>\n                    <td style=\"\">23\/09\/2025 09:18 AM<\/td>\n            <\/tr>\n            <tr id=\"table_3_row_540\">\n                    <td style=\"\">Programaci\u00f3n Parroquial<\/td>\n                    <td style=\"\">P090 SANTA CRUZ DE JERUSAL\u00c9N(MART\u00cdNEZ DOMINGUEZ)<\/td>\n                    <td style=\"\">Lit\u00fargica<\/td>\n                    <td style=\"\"><\/td>\n                    <td style=\"\"><\/td>\n                    <td style=\"\"><a href=\"https:\/\/diocesisdeaguascalientes.mx\/vicaria-de-pastoral\/wp-content\/uploads\/sites\/2\/forminator\/10414_47c7fef6f8c6f15ac1daaf1663bdf562\/uploads\/bK12pXkoWn4o-PROGRAMACION-2025-2026-PASTORAL-LITURGICA-SANTA-CRUZ.pdf\" target=\"_blank\">bK12pXkoWn4o-PROGRAMACION-2025-2026-PASTORAL-LITURGICA-SANTA-CRUZ.pdf<\/a><\/td>\n                    <td style=\"\">23\/09\/2025 09:17 AM<\/td>\n            <\/tr>\n            <tr id=\"table_3_row_541\">\n                    <td style=\"\">Programaci\u00f3n Parroquial<\/td>\n                    <td style=\"\">P090 SANTA CRUZ DE JERUSAL\u00c9N(MART\u00cdNEZ DOMINGUEZ)<\/td>\n                    <td style=\"\">Prof\u00e9tica<\/td>\n                    <td style=\"\"><\/td>\n                    <td style=\"\"><\/td>\n                    <td style=\"\"><a href=\"https:\/\/diocesisdeaguascalientes.mx\/vicaria-de-pastoral\/wp-content\/uploads\/sites\/2\/forminator\/10414_47c7fef6f8c6f15ac1daaf1663bdf562\/uploads\/nJVcIOvIdnAp-PROGRAMACION-2025-2026-PASTORAL-PROFETICA-SANTA-CRUZ.pdf\" target=\"_blank\">nJVcIOvIdnAp-PROGRAMACION-2025-2026-PASTORAL-PROFETICA-SANTA-CRUZ.pdf<\/a><\/td>\n                    <td style=\"\">23\/09\/2025 09:17 AM<\/td>\n            <\/tr>\n            <tr id=\"table_3_row_542\">\n                    <td style=\"\">Programaci\u00f3n Parroquial<\/td>\n                    <td style=\"\">P031 NUESTRA SE\u00d1ORA DE GUADALUPE (SANTUARIO)(BARRIO DE GUADALUPE)<\/td>\n                    <td style=\"\">Lit\u00fargica<\/td>\n                    <td style=\"\"><\/td>\n                    <td style=\"\"><\/td>\n                    <td style=\"\"><a href=\"https:\/\/diocesisdeaguascalientes.mx\/vicaria-de-pastoral\/wp-content\/uploads\/sites\/2\/forminator\/10414_47c7fef6f8c6f15ac1daaf1663bdf562\/uploads\/QtGvdwfgJqpk-liturgica.pdf\" target=\"_blank\">QtGvdwfgJqpk-liturgica.pdf<\/a><\/td>\n                    <td style=\"\">22\/09\/2025 10:36 PM<\/td>\n            <\/tr>\n            <tr id=\"table_3_row_543\">\n                    <td style=\"\">Programaci\u00f3n Parroquial<\/td>\n                    <td style=\"\">P041 JES\u00daS, MAR\u00cdA Y JOS\u00c9(OJO CALIENTE I)<\/td>\n                    <td style=\"\">Animaci\u00f3n Pastoral (CPP)<\/td>\n                    <td style=\"\"><\/td>\n                    <td style=\"\"><\/td>\n                    <td style=\"\"><a href=\"https:\/\/diocesisdeaguascalientes.mx\/vicaria-de-pastoral\/wp-content\/uploads\/sites\/2\/forminator\/10414_47c7fef6f8c6f15ac1daaf1663bdf562\/uploads\/9KL1yfQR0cBz-ESQUEMA-DE-PROGRAMACION-25-26-Animacion-Parr.pdf\" target=\"_blank\">9KL1yfQR0cBz-ESQUEMA-DE-PROGRAMACION-25-26-Animacion-Parr.pdf<\/a><\/td>\n                    <td style=\"\">22\/09\/2025 09:00 PM<\/td>\n            <\/tr>\n            <tr id=\"table_3_row_544\">\n                    <td style=\"\">Programaci\u00f3n Parroquial<\/td>\n                    <td style=\"\">P068 PABELL\u00d3N DE GUADALUPE(PABELL\u00d3N DE ARTEAGA)<\/td>\n                    <td style=\"\">Adolescentes<\/td>\n                    <td style=\"\"><\/td>\n                    <td style=\"\"><\/td>\n                    <td style=\"\"><a href=\"https:\/\/diocesisdeaguascalientes.mx\/vicaria-de-pastoral\/wp-content\/uploads\/sites\/2\/forminator\/10414_47c7fef6f8c6f15ac1daaf1663bdf562\/uploads\/2rTSP5zBsmzn-PROGRAMACION-PASTORAL-DE-ADOLESCENTES.pdf\" target=\"_blank\">2rTSP5zBsmzn-PROGRAMACION-PASTORAL-DE-ADOLESCENTES.pdf<\/a><\/td>\n                    <td style=\"\">22\/09\/2025 08:56 PM<\/td>\n            <\/tr>\n            <tr id=\"table_3_row_545\">\n                    <td style=\"\">Programaci\u00f3n Parroquial<\/td>\n                    <td style=\"\">P035 NUESTRA SE\u00d1ORA DE GUADALUPE(JALTICHE DE ARRIBA)<\/td>\n                    <td style=\"\">Familiar<\/td>\n                    <td style=\"\"><\/td>\n                    <td style=\"\"><\/td>\n                    <td style=\"\"><a href=\"https:\/\/diocesisdeaguascalientes.mx\/vicaria-de-pastoral\/wp-content\/uploads\/sites\/2\/forminator\/10414_47c7fef6f8c6f15ac1daaf1663bdf562\/uploads\/L21pMKXjBcvY-PASTORAL-FAMILIAR.pdf\" target=\"_blank\">L21pMKXjBcvY-PASTORAL-FAMILIAR.pdf<\/a><\/td>\n                    <td style=\"\">22\/09\/2025 08:38 PM<\/td>\n            <\/tr>\n            <tr id=\"table_3_row_546\">\n                    <td style=\"\">Programaci\u00f3n Parroquial<\/td>\n                    <td style=\"\">P035 NUESTRA SE\u00d1ORA DE GUADALUPE(JALTICHE DE ARRIBA)<\/td>\n                    <td style=\"\">Social<\/td>\n                    <td style=\"\"><\/td>\n                    <td style=\"\"><\/td>\n                    <td style=\"\"><a href=\"https:\/\/diocesisdeaguascalientes.mx\/vicaria-de-pastoral\/wp-content\/uploads\/sites\/2\/forminator\/10414_47c7fef6f8c6f15ac1daaf1663bdf562\/uploads\/eaOd3WwZyfkq-PASTORAL-SOCIAL.pdf\" target=\"_blank\">eaOd3WwZyfkq-PASTORAL-SOCIAL.pdf<\/a><\/td>\n                    <td style=\"\">22\/09\/2025 08:36 PM<\/td>\n            <\/tr>\n            <tr id=\"table_3_row_547\">\n                    <td style=\"\">Programaci\u00f3n Parroquial<\/td>\n                    <td style=\"\">P035 NUESTRA SE\u00d1ORA DE GUADALUPE(JALTICHE DE ARRIBA)<\/td>\n                    <td style=\"\">Lit\u00fargica<\/td>\n                    <td style=\"\"><\/td>\n                    <td style=\"\"><\/td>\n                    <td style=\"\"><a href=\"https:\/\/diocesisdeaguascalientes.mx\/vicaria-de-pastoral\/wp-content\/uploads\/sites\/2\/forminator\/10414_47c7fef6f8c6f15ac1daaf1663bdf562\/uploads\/tgV7fJv48eLF-PASTORAL-LITURGICA.pdf\" target=\"_blank\">tgV7fJv48eLF-PASTORAL-LITURGICA.pdf<\/a><\/td>\n                    <td style=\"\">22\/09\/2025 08:35 PM<\/td>\n            <\/tr>\n            <tr id=\"table_3_row_548\">\n                    <td style=\"\">Programaci\u00f3n Parroquial<\/td>\n                    <td style=\"\">P035 NUESTRA SE\u00d1ORA DE GUADALUPE(JALTICHE DE ARRIBA)<\/td>\n                    <td style=\"\">Prof\u00e9tica<\/td>\n                    <td style=\"\"><\/td>\n                    <td style=\"\"><\/td>\n                    <td style=\"\"><a href=\"https:\/\/diocesisdeaguascalientes.mx\/vicaria-de-pastoral\/wp-content\/uploads\/sites\/2\/forminator\/10414_47c7fef6f8c6f15ac1daaf1663bdf562\/uploads\/fzOtaGg1BBn6-PASTORAL-PROFETICA.pdf\" target=\"_blank\">fzOtaGg1BBn6-PASTORAL-PROFETICA.pdf<\/a><\/td>\n                    <td style=\"\">22\/09\/2025 08:34 PM<\/td>\n            <\/tr>\n            <tr id=\"table_3_row_549\">\n                    <td style=\"\">Programaci\u00f3n Parroquial<\/td>\n                    <td style=\"\">P041 JES\u00daS, MAR\u00cdA Y JOS\u00c9(OJO CALIENTE I)<\/td>\n                    <td style=\"\">Organismos Eclesiales Laicales (OEL)<\/td>\n                    <td style=\"\">Otro<\/td>\n                    <td style=\"\">Movimiento Familiar Cristiano, Renovacion, Adoracion Nocturna<\/td>\n                    <td style=\"\"><a href=\"https:\/\/diocesisdeaguascalientes.mx\/vicaria-de-pastoral\/wp-content\/uploads\/sites\/2\/forminator\/10414_47c7fef6f8c6f15ac1daaf1663bdf562\/uploads\/Snc4w6n8WYqo-ESQUEMA-DE-PROGRAMACION-25-26-OL.pdf\" target=\"_blank\">Snc4w6n8WYqo-ESQUEMA-DE-PROGRAMACION-25-26-OL.pdf<\/a><\/td>\n                    <td style=\"\">22\/09\/2025 08:15 PM<\/td>\n            <\/tr>\n            <tr id=\"table_3_row_550\">\n                    <td style=\"\">Programaci\u00f3n Parroquial<\/td>\n                    <td style=\"\">P094 SANTO NI\u00d1O DE ATOCHA(ESPA\u00d1A)<\/td>\n                    <td style=\"\">Organismos Eclesiales Laicales (OEL)<\/td>\n                    <td style=\"\">3.Adoraci\u00f3n, Comunidad, Trabajo, Servicio (ACTS)<\/td>\n                    <td style=\"\"><\/td>\n                    <td style=\"\"><a href=\"https:\/\/diocesisdeaguascalientes.mx\/vicaria-de-pastoral\/wp-content\/uploads\/sites\/2\/forminator\/10414_47c7fef6f8c6f15ac1daaf1663bdf562\/uploads\/qxMqZ6kjxsdr-PROGRAMACION-DE-ORGANISMOS-ECLESIALES-LAICALES.pdf\" target=\"_blank\">qxMqZ6kjxsdr-PROGRAMACION-DE-ORGANISMOS-ECLESIALES-LAICALES.pdf<\/a><\/td>\n                    <td style=\"\">22\/09\/2025 07:19 PM<\/td>\n            <\/tr>\n            <tr id=\"table_3_row_551\">\n                    <td style=\"\">Programaci\u00f3n Parroquial<\/td>\n                    <td style=\"\">P094 SANTO NI\u00d1O DE ATOCHA(ESPA\u00d1A)<\/td>\n                    <td style=\"\">Pastoral de la Comunicaci\u00f3n<\/td>\n                    <td style=\"\"><\/td>\n                    <td style=\"\"><\/td>\n                    <td style=\"\"><a href=\"https:\/\/diocesisdeaguascalientes.mx\/vicaria-de-pastoral\/wp-content\/uploads\/sites\/2\/forminator\/10414_47c7fef6f8c6f15ac1daaf1663bdf562\/uploads\/96WYwxJBvqYf-PROGRAMACION-DE-COMUNICACION.pdf\" target=\"_blank\">96WYwxJBvqYf-PROGRAMACION-DE-COMUNICACION.pdf<\/a><\/td>\n                    <td style=\"\">22\/09\/2025 07:17 PM<\/td>\n            <\/tr>\n            <tr id=\"table_3_row_552\">\n                    <td style=\"\">Programaci\u00f3n Parroquial<\/td>\n                    <td style=\"\">P094 SANTO NI\u00d1O DE ATOCHA(ESPA\u00d1A)<\/td>\n                    <td style=\"\">Adolescentes<\/td>\n                    <td style=\"\"><\/td>\n                    <td style=\"\"><\/td>\n                    <td style=\"\"><a href=\"https:\/\/diocesisdeaguascalientes.mx\/vicaria-de-pastoral\/wp-content\/uploads\/sites\/2\/forminator\/10414_47c7fef6f8c6f15ac1daaf1663bdf562\/uploads\/lde61kYxDNuo-PROGRAMACION-DE-ADOLESCENTES.pdf\" target=\"_blank\">lde61kYxDNuo-PROGRAMACION-DE-ADOLESCENTES.pdf<\/a><\/td>\n                    <td style=\"\">22\/09\/2025 07:16 PM<\/td>\n            <\/tr>\n            <tr id=\"table_3_row_553\">\n                    <td style=\"\">Programaci\u00f3n Parroquial<\/td>\n                    <td style=\"\">P094 SANTO NI\u00d1O DE ATOCHA(ESPA\u00d1A)<\/td>\n                    <td style=\"\">Social<\/td>\n                    <td style=\"\"><\/td>\n                    <td style=\"\"><\/td>\n                    <td style=\"\"><a href=\"https:\/\/diocesisdeaguascalientes.mx\/vicaria-de-pastoral\/wp-content\/uploads\/sites\/2\/forminator\/10414_47c7fef6f8c6f15ac1daaf1663bdf562\/uploads\/vHJsA4VxxpOP-PROGRAMACION-PASTORAL-SOCIAL.pdf\" target=\"_blank\">vHJsA4VxxpOP-PROGRAMACION-PASTORAL-SOCIAL.pdf<\/a><\/td>\n                    <td style=\"\">22\/09\/2025 07:15 PM<\/td>\n            <\/tr>\n            <tr id=\"table_3_row_554\">\n                    <td style=\"\">Programaci\u00f3n Parroquial<\/td>\n                    <td style=\"\">P094 SANTO NI\u00d1O DE ATOCHA(ESPA\u00d1A)<\/td>\n                    <td style=\"\">Lit\u00fargica<\/td>\n                    <td style=\"\"><\/td>\n                    <td style=\"\"><\/td>\n                    <td style=\"\"><a href=\"https:\/\/diocesisdeaguascalientes.mx\/vicaria-de-pastoral\/wp-content\/uploads\/sites\/2\/forminator\/10414_47c7fef6f8c6f15ac1daaf1663bdf562\/uploads\/zKouwvpECVUO-PROGRAMACION-LITURGICA.pdf\" target=\"_blank\">zKouwvpECVUO-PROGRAMACION-LITURGICA.pdf<\/a><\/td>\n                    <td style=\"\">22\/09\/2025 07:14 PM<\/td>\n            <\/tr>\n            <tr id=\"table_3_row_555\">\n                    <td style=\"\">Programaci\u00f3n Parroquial<\/td>\n                    <td style=\"\">P094 SANTO NI\u00d1O DE ATOCHA(ESPA\u00d1A)<\/td>\n                    <td style=\"\">Familiar<\/td>\n                    <td style=\"\"><\/td>\n                    <td style=\"\"><\/td>\n                    <td style=\"\"><a href=\"https:\/\/diocesisdeaguascalientes.mx\/vicaria-de-pastoral\/wp-content\/uploads\/sites\/2\/forminator\/10414_47c7fef6f8c6f15ac1daaf1663bdf562\/uploads\/mpwvHJaVXthv-PROGRAMACION-PASTORAL-FAMILIAR.pdf\" target=\"_blank\">mpwvHJaVXthv-PROGRAMACION-PASTORAL-FAMILIAR.pdf<\/a><\/td>\n                    <td style=\"\">22\/09\/2025 07:13 PM<\/td>\n            <\/tr>\n            <tr id=\"table_3_row_556\">\n                    <td style=\"\">Programaci\u00f3n Parroquial<\/td>\n                    <td style=\"\">P094 SANTO NI\u00d1O DE ATOCHA(ESPA\u00d1A)<\/td>\n                    <td style=\"\">Animaci\u00f3n Pastoral (CPP)<\/td>\n                    <td style=\"\"><\/td>\n                    <td style=\"\"><\/td>\n                    <td style=\"\"><a href=\"https:\/\/diocesisdeaguascalientes.mx\/vicaria-de-pastoral\/wp-content\/uploads\/sites\/2\/forminator\/10414_47c7fef6f8c6f15ac1daaf1663bdf562\/uploads\/4LZVw5bN5ENy-PROGRAMACION-CONSEJO.pdf\" target=\"_blank\">4LZVw5bN5ENy-PROGRAMACION-CONSEJO.pdf<\/a><\/td>\n                    <td style=\"\">22\/09\/2025 07:11 PM<\/td>\n            <\/tr>\n            <tr id=\"table_3_row_557\">\n                    <td style=\"\">Programaci\u00f3n Parroquial<\/td>\n                    <td style=\"\">P003 EL SE\u00d1OR DE LAS ANGUSTIAS(RINC\u00d3N DE ROMOS)<\/td>\n                    <td style=\"\">Organismos Eclesiales Laicales (OEL)<\/td>\n                    <td style=\"\">Otro<\/td>\n                    <td style=\"\">Carmelitas<\/td>\n                    <td style=\"\"><a href=\"https:\/\/diocesisdeaguascalientes.mx\/vicaria-de-pastoral\/wp-content\/uploads\/sites\/2\/forminator\/10414_47c7fef6f8c6f15ac1daaf1663bdf562\/uploads\/0VMg7p8VLnh2-PROGRAMACION_Carmelitas.pdf\" target=\"_blank\">0VMg7p8VLnh2-PROGRAMACION_Carmelitas.pdf<\/a><\/td>\n                    <td style=\"\">22\/09\/2025 07:11 PM<\/td>\n            <\/tr>\n            <tr id=\"table_3_row_558\">\n                    <td style=\"\">Programaci\u00f3n Parroquial<\/td>\n                    <td style=\"\">P003 EL SE\u00d1OR DE LAS ANGUSTIAS(RINC\u00d3N DE ROMOS)<\/td>\n                    <td style=\"\">Organismos Eclesiales Laicales (OEL)<\/td>\n                    <td style=\"\">Otro<\/td>\n                    <td style=\"\">Custodios del Se\u00f1or de las Angustias<\/td>\n                    <td style=\"\"><a href=\"https:\/\/diocesisdeaguascalientes.mx\/vicaria-de-pastoral\/wp-content\/uploads\/sites\/2\/forminator\/10414_47c7fef6f8c6f15ac1daaf1663bdf562\/uploads\/67A0a8PAn0Xl-Prog_Custodios-.pdf\" target=\"_blank\">67A0a8PAn0Xl-Prog_Custodios-.pdf<\/a><\/td>\n                    <td style=\"\">22\/09\/2025 07:09 PM<\/td>\n            <\/tr>\n            <tr id=\"table_3_row_559\">\n                    <td style=\"\">Programaci\u00f3n Parroquial<\/td>\n                    <td style=\"\">P003 EL SE\u00d1OR DE LAS ANGUSTIAS(RINC\u00d3N DE ROMOS)<\/td>\n                    <td style=\"\">Organismos Eclesiales Laicales (OEL)<\/td>\n                    <td style=\"\">Otro<\/td>\n                    <td style=\"\">ANSPAC<\/td>\n                    <td style=\"\"><a href=\"https:\/\/diocesisdeaguascalientes.mx\/vicaria-de-pastoral\/wp-content\/uploads\/sites\/2\/forminator\/10414_47c7fef6f8c6f15ac1daaf1663bdf562\/uploads\/asFaUsxJX1rv-PROGRAMACION_ANSPAC.pdf\" target=\"_blank\">asFaUsxJX1rv-PROGRAMACION_ANSPAC.pdf<\/a><\/td>\n                    <td style=\"\">22\/09\/2025 07:08 PM<\/td>\n            <\/tr>\n            <tr id=\"table_3_row_560\">\n                    <td style=\"\">Programaci\u00f3n Parroquial<\/td>\n                    <td style=\"\">P003 EL SE\u00d1OR DE LAS ANGUSTIAS(RINC\u00d3N DE ROMOS)<\/td>\n                    <td style=\"\">Organismos Eclesiales Laicales (OEL)<\/td>\n                    <td style=\"\">40.Renovaci\u00f3n Carism\u00e1tica Cat\u00f3lica en el Esp\u00edritu Santo<\/td>\n                    <td style=\"\"><\/td>\n                    <td style=\"\"><a href=\"https:\/\/diocesisdeaguascalientes.mx\/vicaria-de-pastoral\/wp-content\/uploads\/sites\/2\/forminator\/10414_47c7fef6f8c6f15ac1daaf1663bdf562\/uploads\/hVzPQvZw7Del-Programacion_2025-2026_RCCES_PSA1.pdf\" target=\"_blank\">hVzPQvZw7Del-Programacion_2025-2026_RCCES_PSA1.pdf<\/a><\/td>\n                    <td style=\"\">22\/09\/2025 07:06 PM<\/td>\n            <\/tr>\n            <tr id=\"table_3_row_561\">\n                    <td style=\"\">Programaci\u00f3n Parroquial<\/td>\n                    <td style=\"\">P003 EL SE\u00d1OR DE LAS ANGUSTIAS(RINC\u00d3N DE ROMOS)<\/td>\n                    <td style=\"\">Organismos Eclesiales Laicales (OEL)<\/td>\n                    <td style=\"\">28.Llama de amor del Inmaculado Coraz\u00f3n de Mar\u00eda<\/td>\n                    <td style=\"\"><\/td>\n                    <td style=\"\"><a href=\"https:\/\/diocesisdeaguascalientes.mx\/vicaria-de-pastoral\/wp-content\/uploads\/sites\/2\/forminator\/10414_47c7fef6f8c6f15ac1daaf1663bdf562\/uploads\/846OTeUBtLl1-PROG._LLAMA_DE_AMOR1.pdf\" target=\"_blank\">846OTeUBtLl1-PROG._LLAMA_DE_AMOR1.pdf<\/a><\/td>\n                    <td style=\"\">22\/09\/2025 07:04 PM<\/td>\n            <\/tr>\n            <tr id=\"table_3_row_562\">\n                    <td style=\"\">Programaci\u00f3n Parroquial<\/td>\n                    <td style=\"\">P003 EL SE\u00d1OR DE LAS ANGUSTIAS(RINC\u00d3N DE ROMOS)<\/td>\n                    <td style=\"\">Organismos Eclesiales Laicales (OEL)<\/td>\n                    <td style=\"\">27.Legi\u00f3n de Mar\u00eda<\/td>\n                    <td style=\"\"><\/td>\n                    <td style=\"\"><a href=\"https:\/\/diocesisdeaguascalientes.mx\/vicaria-de-pastoral\/wp-content\/uploads\/sites\/2\/forminator\/10414_47c7fef6f8c6f15ac1daaf1663bdf562\/uploads\/SDM2BuEAUIo6-PROG._LEGION_DE_MARIA1.pdf\" target=\"_blank\">SDM2BuEAUIo6-PROG._LEGION_DE_MARIA1.pdf<\/a><\/td>\n                    <td style=\"\">22\/09\/2025 07:02 PM<\/td>\n            <\/tr>\n            <tr id=\"table_3_row_563\">\n                    <td style=\"\">Programaci\u00f3n Parroquial<\/td>\n                    <td style=\"\">P003 EL SE\u00d1OR DE LAS ANGUSTIAS(RINC\u00d3N DE ROMOS)<\/td>\n                    <td style=\"\">Juvenil<\/td>\n                    <td style=\"\"><\/td>\n                    <td style=\"\"><\/td>\n                    <td style=\"\"><a href=\"https:\/\/diocesisdeaguascalientes.mx\/vicaria-de-pastoral\/wp-content\/uploads\/sites\/2\/forminator\/10414_47c7fef6f8c6f15ac1daaf1663bdf562\/uploads\/wQQfE1hG27KZ-PROG._P._Juvenil1.pdf\" target=\"_blank\">wQQfE1hG27KZ-PROG._P._Juvenil1.pdf<\/a><\/td>\n                    <td style=\"\">22\/09\/2025 07:00 PM<\/td>\n            <\/tr>\n            <tr id=\"table_3_row_564\">\n                    <td style=\"\">Programaci\u00f3n Parroquial<\/td>\n                    <td style=\"\">P003 EL SE\u00d1OR DE LAS ANGUSTIAS(RINC\u00d3N DE ROMOS)<\/td>\n                    <td style=\"\">Adolescentes<\/td>\n                    <td style=\"\"><\/td>\n                    <td style=\"\"><\/td>\n                    <td style=\"\"><a href=\"https:\/\/diocesisdeaguascalientes.mx\/vicaria-de-pastoral\/wp-content\/uploads\/sites\/2\/forminator\/10414_47c7fef6f8c6f15ac1daaf1663bdf562\/uploads\/AorfWJIEm7zc-PROG._Adolescentes1.pdf\" target=\"_blank\">AorfWJIEm7zc-PROG._Adolescentes1.pdf<\/a><\/td>\n                    <td style=\"\">22\/09\/2025 07:00 PM<\/td>\n            <\/tr>\n            <tr id=\"table_3_row_565\">\n                    <td style=\"\">Programaci\u00f3n Parroquial<\/td>\n                    <td style=\"\">P003 EL SE\u00d1OR DE LAS ANGUSTIAS(RINC\u00d3N DE ROMOS)<\/td>\n                    <td style=\"\">Familiar<\/td>\n                    <td style=\"\"><\/td>\n                    <td style=\"\"><\/td>\n                    <td style=\"\"><a href=\"https:\/\/diocesisdeaguascalientes.mx\/vicaria-de-pastoral\/wp-content\/uploads\/sites\/2\/forminator\/10414_47c7fef6f8c6f15ac1daaf1663bdf562\/uploads\/QWTg5y2ZDhv7-Prog_P._Familiar1.pdf\" target=\"_blank\">QWTg5y2ZDhv7-Prog_P._Familiar1.pdf<\/a><\/td>\n                    <td style=\"\">22\/09\/2025 06:59 PM<\/td>\n            <\/tr>\n            <tr id=\"table_3_row_566\">\n                    <td style=\"\">Programaci\u00f3n Parroquial<\/td>\n                    <td style=\"\">P003 EL SE\u00d1OR DE LAS ANGUSTIAS(RINC\u00d3N DE ROMOS)<\/td>\n                    <td style=\"\">Social<\/td>\n                    <td style=\"\"><\/td>\n                    <td style=\"\"><\/td>\n                    <td style=\"\"><a href=\"https:\/\/diocesisdeaguascalientes.mx\/vicaria-de-pastoral\/wp-content\/uploads\/sites\/2\/forminator\/10414_47c7fef6f8c6f15ac1daaf1663bdf562\/uploads\/PXkBSnHUnkcB-Programacion_Caritas1.pdf\" target=\"_blank\">PXkBSnHUnkcB-Programacion_Caritas1.pdf<\/a><\/td>\n                    <td style=\"\">22\/09\/2025 06:58 PM<\/td>\n            <\/tr>\n            <tr id=\"table_3_row_567\">\n                    <td style=\"\">Programaci\u00f3n Parroquial<\/td>\n                    <td style=\"\">P003 EL SE\u00d1OR DE LAS ANGUSTIAS(RINC\u00d3N DE ROMOS)<\/td>\n                    <td style=\"\">Lit\u00fargica<\/td>\n                    <td style=\"\"><\/td>\n                    <td style=\"\"><\/td>\n                    <td style=\"\"><a href=\"https:\/\/diocesisdeaguascalientes.mx\/vicaria-de-pastoral\/wp-content\/uploads\/sites\/2\/forminator\/10414_47c7fef6f8c6f15ac1daaf1663bdf562\/uploads\/cplfZ3bzY97H-PROG._Pastoral_Liturgica1.pdf\" target=\"_blank\">cplfZ3bzY97H-PROG._Pastoral_Liturgica1.pdf<\/a><\/td>\n                    <td style=\"\">22\/09\/2025 06:57 PM<\/td>\n            <\/tr>\n            <tr id=\"table_3_row_568\">\n                    <td style=\"\">Programaci\u00f3n Parroquial<\/td>\n                    <td style=\"\">P003 EL SE\u00d1OR DE LAS ANGUSTIAS(RINC\u00d3N DE ROMOS)<\/td>\n                    <td style=\"\">Prof\u00e9tica<\/td>\n                    <td style=\"\"><\/td>\n                    <td style=\"\"><\/td>\n                    <td style=\"\"><a href=\"https:\/\/diocesisdeaguascalientes.mx\/vicaria-de-pastoral\/wp-content\/uploads\/sites\/2\/forminator\/10414_47c7fef6f8c6f15ac1daaf1663bdf562\/uploads\/mewIwKGMipNL-Prog_P._Profetica1.pdf\" target=\"_blank\">mewIwKGMipNL-Prog_P._Profetica1.pdf<\/a><\/td>\n                    <td style=\"\">22\/09\/2025 06:56 PM<\/td>\n            <\/tr>\n            <tr id=\"table_3_row_569\">\n                    <td style=\"\">Programaci\u00f3n Parroquial<\/td>\n                    <td style=\"\">P003 EL SE\u00d1OR DE LAS ANGUSTIAS(RINC\u00d3N DE ROMOS)<\/td>\n                    <td style=\"\">Animaci\u00f3n Pastoral (CPP)<\/td>\n                    <td style=\"\"><\/td>\n                    <td style=\"\"><\/td>\n                    <td style=\"\"><a href=\"https:\/\/diocesisdeaguascalientes.mx\/vicaria-de-pastoral\/wp-content\/uploads\/sites\/2\/forminator\/10414_47c7fef6f8c6f15ac1daaf1663bdf562\/uploads\/6QwvjmQ3ILRX-Prog_CPP1.pdf\" target=\"_blank\">6QwvjmQ3ILRX-Prog_CPP1.pdf<\/a><\/td>\n                    <td style=\"\">22\/09\/2025 06:54 PM<\/td>\n            <\/tr>\n            <tr id=\"table_3_row_570\">\n                    <td style=\"\">Programaci\u00f3n Parroquial<\/td>\n                    <td style=\"\">P031 NUESTRA SE\u00d1ORA DE GUADALUPE (SANTUARIO)(BARRIO DE GUADALUPE)<\/td>\n                    <td style=\"\">Prof\u00e9tica<\/td>\n                    <td style=\"\"><\/td>\n                    <td style=\"\"><\/td>\n                    <td style=\"\"><a href=\"https:\/\/diocesisdeaguascalientes.mx\/vicaria-de-pastoral\/wp-content\/uploads\/sites\/2\/forminator\/10414_47c7fef6f8c6f15ac1daaf1663bdf562\/uploads\/7xSWpbrbi5FI-profetica.pdf\" target=\"_blank\">7xSWpbrbi5FI-profetica.pdf<\/a><\/td>\n                    <td style=\"\">22\/09\/2025 06:39 PM<\/td>\n            <\/tr>\n            <tr id=\"table_3_row_571\">\n                    <td style=\"\">Programaci\u00f3n Parroquial<\/td>\n                    <td style=\"\">P031 NUESTRA SE\u00d1ORA DE GUADALUPE (SANTUARIO)(BARRIO DE GUADALUPE)<\/td>\n                    <td style=\"\">Animaci\u00f3n Pastoral (CPP)<\/td>\n                    <td style=\"\"><\/td>\n                    <td style=\"\"><\/td>\n                    <td style=\"\"><a href=\"https:\/\/diocesisdeaguascalientes.mx\/vicaria-de-pastoral\/wp-content\/uploads\/sites\/2\/forminator\/10414_47c7fef6f8c6f15ac1daaf1663bdf562\/uploads\/TUiOA85EayqB-planeacion-cpp.pdf\" target=\"_blank\">TUiOA85EayqB-planeacion-cpp.pdf<\/a><\/td>\n                    <td style=\"\">22\/09\/2025 06:33 PM<\/td>\n            <\/tr>\n            <tr id=\"table_3_row_572\">\n                    <td style=\"\">Programaci\u00f3n Parroquial<\/td>\n                    <td style=\"\">P071 PUR\u00cdSIMA CONCEPCI\u00d3N(BARRIO DE LA PUR\u00cdSIMA)<\/td>\n                    <td style=\"\">Juvenil<\/td>\n                    <td style=\"\"><\/td>\n                    <td style=\"\"><\/td>\n                    <td style=\"\"><a href=\"https:\/\/diocesisdeaguascalientes.mx\/vicaria-de-pastoral\/wp-content\/uploads\/sites\/2\/forminator\/10414_47c7fef6f8c6f15ac1daaf1663bdf562\/uploads\/ydySDzPw70Km-FORMATO-DE-PROGRAMACION-2025-2026-PASTORAL-JUVENIL.pdf\" target=\"_blank\">ydySDzPw70Km-FORMATO-DE-PROGRAMACION-2025-2026-PASTORAL-JUVENIL.pdf<\/a><\/td>\n                    <td style=\"\">22\/09\/2025 05:46 PM<\/td>\n            <\/tr>\n            <tr id=\"table_3_row_573\">\n                    <td style=\"\">Programaci\u00f3n de Capellan\u00eda<\/td>\n                    <td style=\"\"><\/td>\n                    <td style=\"\">Juvenil<\/td>\n                    <td style=\"\"><\/td>\n                    <td style=\"\"><\/td>\n                    <td style=\"\"><a href=\"https:\/\/diocesisdeaguascalientes.mx\/vicaria-de-pastoral\/wp-content\/uploads\/sites\/2\/forminator\/10414_47c7fef6f8c6f15ac1daaf1663bdf562\/uploads\/85i4T4BwWRce-P.-JUVENIL.pdf\" target=\"_blank\">85i4T4BwWRce-P.-JUVENIL.pdf<\/a><\/td>\n                    <td style=\"\">22\/09\/2025 05:20 PM<\/td>\n            <\/tr>\n            <tr id=\"table_3_row_574\">\n                    <td style=\"\">Programaci\u00f3n de Capellan\u00eda<\/td>\n                    <td style=\"\"><\/td>\n                    <td style=\"\">Familiar<\/td>\n                    <td style=\"\"><\/td>\n                    <td style=\"\"><\/td>\n                    <td style=\"\"><a href=\"https:\/\/diocesisdeaguascalientes.mx\/vicaria-de-pastoral\/wp-content\/uploads\/sites\/2\/forminator\/10414_47c7fef6f8c6f15ac1daaf1663bdf562\/uploads\/aL2mfAm0yN5M-P.-FAMILIAR.pdf\" target=\"_blank\">aL2mfAm0yN5M-P.-FAMILIAR.pdf<\/a><\/td>\n                    <td style=\"\">22\/09\/2025 05:19 PM<\/td>\n            <\/tr>\n            <tr id=\"table_3_row_575\">\n                    <td style=\"\">Programaci\u00f3n de Capellan\u00eda<\/td>\n                    <td style=\"\"><\/td>\n                    <td style=\"\">Social<\/td>\n                    <td style=\"\"><\/td>\n                    <td style=\"\"><\/td>\n                    <td style=\"\"><a href=\"https:\/\/diocesisdeaguascalientes.mx\/vicaria-de-pastoral\/wp-content\/uploads\/sites\/2\/forminator\/10414_47c7fef6f8c6f15ac1daaf1663bdf562\/uploads\/8OBIEfTFL4la-P.-SOCIAL.pdf\" target=\"_blank\">8OBIEfTFL4la-P.-SOCIAL.pdf<\/a><\/td>\n                    <td style=\"\">22\/09\/2025 05:19 PM<\/td>\n            <\/tr>\n            <tr id=\"table_3_row_576\">\n                    <td style=\"\">Programaci\u00f3n de Capellan\u00eda<\/td>\n                    <td style=\"\"><\/td>\n                    <td style=\"\">Prof\u00e9tica<\/td>\n                    <td style=\"\"><\/td>\n                    <td style=\"\"><\/td>\n                    <td style=\"\"><a href=\"https:\/\/diocesisdeaguascalientes.mx\/vicaria-de-pastoral\/wp-content\/uploads\/sites\/2\/forminator\/10414_47c7fef6f8c6f15ac1daaf1663bdf562\/uploads\/rfjfHL104y5k-P.-PROFETICA.pdf\" target=\"_blank\">rfjfHL104y5k-P.-PROFETICA.pdf<\/a><\/td>\n                    <td style=\"\">22\/09\/2025 05:18 PM<\/td>\n            <\/tr>\n            <tr id=\"table_3_row_577\">\n                    <td style=\"\">Programaci\u00f3n de Capellan\u00eda<\/td>\n                    <td style=\"\"><\/td>\n                    <td style=\"\">Animaci\u00f3n Pastoral (CPP)<\/td>\n                    <td style=\"\"><\/td>\n                    <td style=\"\"><\/td>\n                    <td style=\"\"><a href=\"https:\/\/diocesisdeaguascalientes.mx\/vicaria-de-pastoral\/wp-content\/uploads\/sites\/2\/forminator\/10414_47c7fef6f8c6f15ac1daaf1663bdf562\/uploads\/y2ZEdM6HgRRm-ANIMACION-PASTORAL.pdf\" target=\"_blank\">y2ZEdM6HgRRm-ANIMACION-PASTORAL.pdf<\/a><\/td>\n                    <td style=\"\">22\/09\/2025 05:17 PM<\/td>\n            <\/tr>\n            <tr id=\"table_3_row_578\">\n                    <td style=\"\">Programaci\u00f3n Parroquial<\/td>\n                    <td style=\"\">P107 SANT\u00cdSIMA TRINIDAD(VILLA HIDALGO)<\/td>\n                    <td style=\"\">Organismos Eclesiales Laicales (OEL)<\/td>\n                    <td style=\"\">Otro<\/td>\n                    <td style=\"\">Sitio de Jeric\u00f3<\/td>\n                    <td style=\"\"><a href=\"https:\/\/diocesisdeaguascalientes.mx\/vicaria-de-pastoral\/wp-content\/uploads\/sites\/2\/forminator\/10414_47c7fef6f8c6f15ac1daaf1663bdf562\/uploads\/MSPr38dcewe6-OEL_SITIO-DE-JERICO_Programacioon-2025-2026_SANTISIMA-TRINIDAD-VILLA-HIDALGO.pdf\" target=\"_blank\">MSPr38dcewe6-OEL_SITIO-DE-JERICO_Programacioon-2025-2026_SANTISIMA-TRINIDAD-VILLA-HIDALGO.pdf<\/a><\/td>\n                    <td style=\"\">22\/09\/2025 05:06 PM<\/td>\n            <\/tr>\n            <tr id=\"table_3_row_579\">\n                    <td style=\"\">Programaci\u00f3n Parroquial<\/td>\n                    <td style=\"\">P107 SANT\u00cdSIMA TRINIDAD(VILLA HIDALGO)<\/td>\n                    <td style=\"\">Organismos Eclesiales Laicales (OEL)<\/td>\n                    <td style=\"\">Otro<\/td>\n                    <td style=\"\">Comunidad Evangelizadora para la Reconciliaci\u00f3n y el Servicio (CERS)<\/td>\n                    <td style=\"\"><a href=\"https:\/\/diocesisdeaguascalientes.mx\/vicaria-de-pastoral\/wp-content\/uploads\/sites\/2\/forminator\/10414_47c7fef6f8c6f15ac1daaf1663bdf562\/uploads\/Fjts4YoQBwXw-OEL_CERS-Comunidad-de-evangelizacion-_Programacioon-2025-2026_SANTISIMA-TRINIDAD-VILLA-HIDALGO.pdf\" target=\"_blank\">Fjts4YoQBwXw-OEL_CERS-Comunidad-de-evangelizacion-_Programacioon-2025-2026_SANTISIMA-TRINIDAD-VILLA-HIDALGO.pdf<\/a><\/td>\n                    <td style=\"\">22\/09\/2025 05:06 PM<\/td>\n            <\/tr>\n            <tr id=\"table_3_row_580\">\n                    <td style=\"\">Programaci\u00f3n Parroquial<\/td>\n                    <td style=\"\">P107 SANT\u00cdSIMA TRINIDAD(VILLA HIDALGO)<\/td>\n                    <td style=\"\">Organismos Eclesiales Laicales (OEL)<\/td>\n                    <td style=\"\">Otro<\/td>\n                    <td style=\"\">Divina Voluntad<\/td>\n                    <td style=\"\"><a href=\"https:\/\/diocesisdeaguascalientes.mx\/vicaria-de-pastoral\/wp-content\/uploads\/sites\/2\/forminator\/10414_47c7fef6f8c6f15ac1daaf1663bdf562\/uploads\/bDEmSRtNE8wd-OEL_DIVINA-VOLUNTAD_Programacioon-2025-2026_SANTISIMA-TRINIDAD-VILLA-HIDALGO.pdf\" target=\"_blank\">bDEmSRtNE8wd-OEL_DIVINA-VOLUNTAD_Programacioon-2025-2026_SANTISIMA-TRINIDAD-VILLA-HIDALGO.pdf<\/a><\/td>\n                    <td style=\"\">22\/09\/2025 05:04 PM<\/td>\n            <\/tr>\n            <tr id=\"table_3_row_581\">\n                    <td style=\"\">Programaci\u00f3n Parroquial<\/td>\n                    <td style=\"\">P107 SANT\u00cdSIMA TRINIDAD(VILLA HIDALGO)<\/td>\n                    <td style=\"\">Organismos Eclesiales Laicales (OEL)<\/td>\n                    <td style=\"\">Otro<\/td>\n                    <td style=\"\">Capilla de Adoraci\u00f3n Eucar\u00edstica Perpetua (Permanente)<\/td>\n                    <td style=\"\"><a href=\"https:\/\/diocesisdeaguascalientes.mx\/vicaria-de-pastoral\/wp-content\/uploads\/sites\/2\/forminator\/10414_47c7fef6f8c6f15ac1daaf1663bdf562\/uploads\/Ap9OcCQbn6YI-OEL_CAPILLA-DE-ADORACION_Programacioon-2025-2026_SANTISIMA-TRINIDAD-VILLA-HIDALGO.pdf\" target=\"_blank\">Ap9OcCQbn6YI-OEL_CAPILLA-DE-ADORACION_Programacioon-2025-2026_SANTISIMA-TRINIDAD-VILLA-HIDALGO.pdf<\/a><\/td>\n                    <td style=\"\">22\/09\/2025 05:03 PM<\/td>\n            <\/tr>\n            <tr id=\"table_3_row_582\">\n                    <td style=\"\">Programaci\u00f3n Parroquial<\/td>\n                    <td style=\"\">P107 SANT\u00cdSIMA TRINIDAD(VILLA HIDALGO)<\/td>\n                    <td style=\"\">Organismos Eclesiales Laicales (OEL)<\/td>\n                    <td style=\"\">35.Movimiento Misionero Cat\u00f3lico<\/td>\n                    <td style=\"\"><\/td>\n                    <td style=\"\"><a href=\"https:\/\/diocesisdeaguascalientes.mx\/vicaria-de-pastoral\/wp-content\/uploads\/sites\/2\/forminator\/10414_47c7fef6f8c6f15ac1daaf1663bdf562\/uploads\/cE5eeD0VVTkz-OEL_MOVIMIENTO-MISIONERO-CATOLICO_Programacioon-2025-2026_SANTISIMA-TRINIDAD-VILLA-HIDALGO.pdf\" target=\"_blank\">cE5eeD0VVTkz-OEL_MOVIMIENTO-MISIONERO-CATOLICO_Programacioon-2025-2026_SANTISIMA-TRINIDAD-VILLA-HIDALGO.pdf<\/a><\/td>\n                    <td style=\"\">22\/09\/2025 05:01 PM<\/td>\n            <\/tr>\n            <tr id=\"table_3_row_583\">\n                    <td style=\"\">Programaci\u00f3n Parroquial<\/td>\n                    <td style=\"\">P107 SANT\u00cdSIMA TRINIDAD(VILLA HIDALGO)<\/td>\n                    <td style=\"\">Organismos Eclesiales Laicales (OEL)<\/td>\n                    <td style=\"\">21.Guardia de honor del Sagrado Coraz\u00f3n de Jes\u00fas.<\/td>\n                    <td style=\"\"><\/td>\n                    <td style=\"\"><a href=\"https:\/\/diocesisdeaguascalientes.mx\/vicaria-de-pastoral\/wp-content\/uploads\/sites\/2\/forminator\/10414_47c7fef6f8c6f15ac1daaf1663bdf562\/uploads\/CZ8VmUUhr10Y-OEL_GUARDIA-DE-HONOR-DEL-SAGRADO-CORAZON-DE-JESUS_Programacioon-2025-2026_SANTISIMA-TRINIDAD-VILLA-HIDALG.pdf\" target=\"_blank\">CZ8VmUUhr10Y-OEL_GUARDIA-DE-HONOR-DEL-SAGRADO-CORAZON-DE-JESUS_Programacioon-2025-2026_SANTISIMA-TRINIDAD-VILLA-HIDALG.pdf<\/a><\/td>\n                    <td style=\"\">22\/09\/2025 05:01 PM<\/td>\n            <\/tr>\n            <tr id=\"table_3_row_584\">\n                    <td style=\"\">Programaci\u00f3n Parroquial<\/td>\n                    <td style=\"\">P107 SANT\u00cdSIMA TRINIDAD(VILLA HIDALGO)<\/td>\n                    <td style=\"\">Organismos Eclesiales Laicales (OEL)<\/td>\n                    <td style=\"\">1.Acci\u00f3n Cat\u00f3lica<\/td>\n                    <td style=\"\"><\/td>\n                    <td style=\"\"><a href=\"https:\/\/diocesisdeaguascalientes.mx\/vicaria-de-pastoral\/wp-content\/uploads\/sites\/2\/forminator\/10414_47c7fef6f8c6f15ac1daaf1663bdf562\/uploads\/y0SJNfN4C7ky-OEL_ACCION-CATOLICA_Programacioon-2025-2026_SANTISIMA-TRINIDAD-VILLA-HIDALGO.pdf\" target=\"_blank\">y0SJNfN4C7ky-OEL_ACCION-CATOLICA_Programacioon-2025-2026_SANTISIMA-TRINIDAD-VILLA-HIDALGO.pdf<\/a><\/td>\n                    <td style=\"\">22\/09\/2025 05:00 PM<\/td>\n            <\/tr>\n            <tr id=\"table_3_row_585\">\n                    <td style=\"\">Programaci\u00f3n Parroquial<\/td>\n                    <td style=\"\">P107 SANT\u00cdSIMA TRINIDAD(VILLA HIDALGO)<\/td>\n                    <td style=\"\">Juvenil<\/td>\n                    <td style=\"\"><\/td>\n                    <td style=\"\"><\/td>\n                    <td style=\"\"><a href=\"https:\/\/diocesisdeaguascalientes.mx\/vicaria-de-pastoral\/wp-content\/uploads\/sites\/2\/forminator\/10414_47c7fef6f8c6f15ac1daaf1663bdf562\/uploads\/95AGDsbmHa0M-PASTORAL-JUVENIL_progrmacion-2025-2026_SANTISIMA-TRINIDAD-VILLA-HIDALGO.pdf\" target=\"_blank\">95AGDsbmHa0M-PASTORAL-JUVENIL_progrmacion-2025-2026_SANTISIMA-TRINIDAD-VILLA-HIDALGO.pdf<\/a><\/td>\n                    <td style=\"\">22\/09\/2025 04:59 PM<\/td>\n            <\/tr>\n            <tr id=\"table_3_row_586\">\n                    <td style=\"\">Programaci\u00f3n Parroquial<\/td>\n                    <td style=\"\">P107 SANT\u00cdSIMA TRINIDAD(VILLA HIDALGO)<\/td>\n                    <td style=\"\">Adolescentes<\/td>\n                    <td style=\"\"><\/td>\n                    <td style=\"\"><\/td>\n                    <td style=\"\"><a href=\"https:\/\/diocesisdeaguascalientes.mx\/vicaria-de-pastoral\/wp-content\/uploads\/sites\/2\/forminator\/10414_47c7fef6f8c6f15ac1daaf1663bdf562\/uploads\/ul9dzSgu68QS-PASTORAL-ADOLESCENTES_programacion-2025-2026_SANTISIMA-TRINIDAD-VILLA-HIDALGO.pdf\" target=\"_blank\">ul9dzSgu68QS-PASTORAL-ADOLESCENTES_programacion-2025-2026_SANTISIMA-TRINIDAD-VILLA-HIDALGO.pdf<\/a><\/td>\n                    <td style=\"\">22\/09\/2025 04:59 PM<\/td>\n            <\/tr>\n            <tr id=\"table_3_row_587\">\n                    <td style=\"\">Programaci\u00f3n Parroquial<\/td>\n                    <td style=\"\">P107 SANT\u00cdSIMA TRINIDAD(VILLA HIDALGO)<\/td>\n                    <td style=\"\">Familiar<\/td>\n                    <td style=\"\"><\/td>\n                    <td style=\"\"><\/td>\n                    <td style=\"\"><a href=\"https:\/\/diocesisdeaguascalientes.mx\/vicaria-de-pastoral\/wp-content\/uploads\/sites\/2\/forminator\/10414_47c7fef6f8c6f15ac1daaf1663bdf562\/uploads\/7bfFCpwisyio-PASTORAL-FAMILIAR_programacion-2025-2026_SANTISIMA-TRINIDAD-VILLA-HIDALGO.pdf\" target=\"_blank\">7bfFCpwisyio-PASTORAL-FAMILIAR_programacion-2025-2026_SANTISIMA-TRINIDAD-VILLA-HIDALGO.pdf<\/a><\/td>\n                    <td style=\"\">22\/09\/2025 04:59 PM<\/td>\n            <\/tr>\n            <tr id=\"table_3_row_588\">\n                    <td style=\"\">Programaci\u00f3n Parroquial<\/td>\n                    <td style=\"\">P107 SANT\u00cdSIMA TRINIDAD(VILLA HIDALGO)<\/td>\n                    <td style=\"\">Social<\/td>\n                    <td style=\"\"><\/td>\n                    <td style=\"\"><\/td>\n                    <td style=\"\"><a href=\"https:\/\/diocesisdeaguascalientes.mx\/vicaria-de-pastoral\/wp-content\/uploads\/sites\/2\/forminator\/10414_47c7fef6f8c6f15ac1daaf1663bdf562\/uploads\/rmO8i11nECE0-PASTORAL-SOCIAL_programacion-2025-2026_SANTISIMA-TRINIDAD-VILLA-HIDALGO.pdf\" target=\"_blank\">rmO8i11nECE0-PASTORAL-SOCIAL_programacion-2025-2026_SANTISIMA-TRINIDAD-VILLA-HIDALGO.pdf<\/a><\/td>\n                    <td style=\"\">22\/09\/2025 04:58 PM<\/td>\n            <\/tr>\n            <tr id=\"table_3_row_589\">\n                    <td style=\"\">Programaci\u00f3n Parroquial<\/td>\n                    <td style=\"\">P041 JES\u00daS, MAR\u00cdA Y JOS\u00c9(OJO CALIENTE I)<\/td>\n                    <td style=\"\">Pastoral de la Comunicaci\u00f3n<\/td>\n                    <td style=\"\"><\/td>\n                    <td style=\"\"><\/td>\n                    <td style=\"\"><a href=\"https:\/\/diocesisdeaguascalientes.mx\/vicaria-de-pastoral\/wp-content\/uploads\/sites\/2\/forminator\/10414_47c7fef6f8c6f15ac1daaf1663bdf562\/uploads\/i5tBe9y3VjBi-ESQUEMA-DE-PROGRAMACION-25-26-Comunicacion.pdf\" target=\"_blank\">i5tBe9y3VjBi-ESQUEMA-DE-PROGRAMACION-25-26-Comunicacion.pdf<\/a><\/td>\n                    <td style=\"\">22\/09\/2025 04:58 PM<\/td>\n            <\/tr>\n            <tr id=\"table_3_row_590\">\n                    <td style=\"\">Programaci\u00f3n Parroquial<\/td>\n                    <td style=\"\">P107 SANT\u00cdSIMA TRINIDAD(VILLA HIDALGO)<\/td>\n                    <td style=\"\">Lit\u00fargica<\/td>\n                    <td style=\"\"><\/td>\n                    <td style=\"\"><\/td>\n                    <td style=\"\"><a href=\"https:\/\/diocesisdeaguascalientes.mx\/vicaria-de-pastoral\/wp-content\/uploads\/sites\/2\/forminator\/10414_47c7fef6f8c6f15ac1daaf1663bdf562\/uploads\/D0qSZcg4xrfm-PASTORAL-LITURGICA_programacion-2025-2026_SANTISIMA-TRINIDAD-VILLA-HIDALGO.pdf\" target=\"_blank\">D0qSZcg4xrfm-PASTORAL-LITURGICA_programacion-2025-2026_SANTISIMA-TRINIDAD-VILLA-HIDALGO.pdf<\/a><\/td>\n                    <td style=\"\">22\/09\/2025 04:58 PM<\/td>\n            <\/tr>\n            <tr id=\"table_3_row_591\">\n                    <td style=\"\">Programaci\u00f3n Parroquial<\/td>\n                    <td style=\"\">P107 SANT\u00cdSIMA TRINIDAD(VILLA HIDALGO)<\/td>\n                    <td style=\"\">Prof\u00e9tica<\/td>\n                    <td style=\"\"><\/td>\n                    <td style=\"\"><\/td>\n                    <td style=\"\"><a href=\"https:\/\/diocesisdeaguascalientes.mx\/vicaria-de-pastoral\/wp-content\/uploads\/sites\/2\/forminator\/10414_47c7fef6f8c6f15ac1daaf1663bdf562\/uploads\/DI8uVTcL4bZS-PASTORAL-PROFETICA_programacion-2025-2026_SANTISIMA-TRINIDAD-VILLA-HIDALGO.pdf\" target=\"_blank\">DI8uVTcL4bZS-PASTORAL-PROFETICA_programacion-2025-2026_SANTISIMA-TRINIDAD-VILLA-HIDALGO.pdf<\/a><\/td>\n                    <td style=\"\">22\/09\/2025 04:57 PM<\/td>\n            <\/tr>\n            <tr id=\"table_3_row_592\">\n                    <td style=\"\">Programaci\u00f3n Parroquial<\/td>\n                    <td style=\"\">P107 SANT\u00cdSIMA TRINIDAD(VILLA HIDALGO)<\/td>\n                    <td style=\"\">Animaci\u00f3n Pastoral (CPP)<\/td>\n                    <td style=\"\"><\/td>\n                    <td style=\"\"><\/td>\n                    <td style=\"\"><a href=\"https:\/\/diocesisdeaguascalientes.mx\/vicaria-de-pastoral\/wp-content\/uploads\/sites\/2\/forminator\/10414_47c7fef6f8c6f15ac1daaf1663bdf562\/uploads\/1tmCYDzkVEoQ-ANIMACION-PASTORAL_programacion-2025-2026_SANTISIMA-TRINIDAD-VILLA-HIDALGO-JALISCO.pdf\" target=\"_blank\">1tmCYDzkVEoQ-ANIMACION-PASTORAL_programacion-2025-2026_SANTISIMA-TRINIDAD-VILLA-HIDALGO-JALISCO.pdf<\/a><\/td>\n                    <td style=\"\">22\/09\/2025 04:57 PM<\/td>\n            <\/tr>\n            <tr id=\"table_3_row_593\">\n                    <td style=\"\">Programaci\u00f3n Parroquial<\/td>\n                    <td style=\"\">P041 JES\u00daS, MAR\u00cdA Y JOS\u00c9(OJO CALIENTE I)<\/td>\n                    <td style=\"\">Juvenil<\/td>\n                    <td style=\"\"><\/td>\n                    <td style=\"\"><\/td>\n                    <td style=\"\"><a href=\"https:\/\/diocesisdeaguascalientes.mx\/vicaria-de-pastoral\/wp-content\/uploads\/sites\/2\/forminator\/10414_47c7fef6f8c6f15ac1daaf1663bdf562\/uploads\/dxBV2EhMy6q8-ESQUEMA-DE-PROGRAMACION-25-26-Jovenes.pdf\" target=\"_blank\">dxBV2EhMy6q8-ESQUEMA-DE-PROGRAMACION-25-26-Jovenes.pdf<\/a><\/td>\n                    <td style=\"\">22\/09\/2025 04:56 PM<\/td>\n            <\/tr>\n            <tr id=\"table_3_row_594\">\n                    <td style=\"\">Programaci\u00f3n Parroquial<\/td>\n                    <td style=\"\">P041 JES\u00daS, MAR\u00cdA Y JOS\u00c9(OJO CALIENTE I)<\/td>\n                    <td style=\"\">Adolescentes<\/td>\n                    <td style=\"\"><\/td>\n                    <td style=\"\"><\/td>\n                    <td style=\"\"><a href=\"https:\/\/diocesisdeaguascalientes.mx\/vicaria-de-pastoral\/wp-content\/uploads\/sites\/2\/forminator\/10414_47c7fef6f8c6f15ac1daaf1663bdf562\/uploads\/dnIduQZn0Hbr-ESQUEMA-DE-PROGRAMACION-25-26-Adolescentes.pdf\" target=\"_blank\">dnIduQZn0Hbr-ESQUEMA-DE-PROGRAMACION-25-26-Adolescentes.pdf<\/a><\/td>\n                    <td style=\"\">22\/09\/2025 04:55 PM<\/td>\n            <\/tr>\n            <tr id=\"table_3_row_595\">\n                    <td style=\"\">Programaci\u00f3n Parroquial<\/td>\n                    <td style=\"\">P041 JES\u00daS, MAR\u00cdA Y JOS\u00c9(OJO CALIENTE I)<\/td>\n                    <td style=\"\">Familiar<\/td>\n                    <td style=\"\"><\/td>\n                    <td style=\"\"><\/td>\n                    <td style=\"\"><a href=\"https:\/\/diocesisdeaguascalientes.mx\/vicaria-de-pastoral\/wp-content\/uploads\/sites\/2\/forminator\/10414_47c7fef6f8c6f15ac1daaf1663bdf562\/uploads\/R7keBQPbg1Oe-ESQUEMA-DE-PROGRAMACION-25-26-PF.pdf\" target=\"_blank\">R7keBQPbg1Oe-ESQUEMA-DE-PROGRAMACION-25-26-PF.pdf<\/a><\/td>\n                    <td style=\"\">22\/09\/2025 04:55 PM<\/td>\n            <\/tr>\n            <tr id=\"table_3_row_596\">\n                    <td style=\"\">Programaci\u00f3n Parroquial<\/td>\n                    <td style=\"\">P041 JES\u00daS, MAR\u00cdA Y JOS\u00c9(OJO CALIENTE I)<\/td>\n                    <td style=\"\">Social<\/td>\n                    <td style=\"\"><\/td>\n                    <td style=\"\"><\/td>\n                    <td style=\"\"><a href=\"https:\/\/diocesisdeaguascalientes.mx\/vicaria-de-pastoral\/wp-content\/uploads\/sites\/2\/forminator\/10414_47c7fef6f8c6f15ac1daaf1663bdf562\/uploads\/7zUrXepPGDle-ESQUEMA-DE-PROGRAMACION-25-26-PS.pdf\" target=\"_blank\">7zUrXepPGDle-ESQUEMA-DE-PROGRAMACION-25-26-PS.pdf<\/a><\/td>\n                    <td style=\"\">22\/09\/2025 04:55 PM<\/td>\n            <\/tr>\n            <tr id=\"table_3_row_597\">\n                    <td style=\"\">Programaci\u00f3n Parroquial<\/td>\n                    <td style=\"\">P041 JES\u00daS, MAR\u00cdA Y JOS\u00c9(OJO CALIENTE I)<\/td>\n                    <td style=\"\">Lit\u00fargica<\/td>\n                    <td style=\"\"><\/td>\n                    <td style=\"\"><\/td>\n                    <td style=\"\"><a href=\"https:\/\/diocesisdeaguascalientes.mx\/vicaria-de-pastoral\/wp-content\/uploads\/sites\/2\/forminator\/10414_47c7fef6f8c6f15ac1daaf1663bdf562\/uploads\/kbN2Bd3lFFv4-ESQUEMA-DE-PROGRAMACION-25-26-PL.pdf\" target=\"_blank\">kbN2Bd3lFFv4-ESQUEMA-DE-PROGRAMACION-25-26-PL.pdf<\/a><\/td>\n                    <td style=\"\">22\/09\/2025 04:54 PM<\/td>\n            <\/tr>\n            <tr id=\"table_3_row_598\">\n                    <td style=\"\">Programaci\u00f3n Parroquial<\/td>\n                    <td style=\"\">P041 JES\u00daS, MAR\u00cdA Y JOS\u00c9(OJO CALIENTE I)<\/td>\n                    <td style=\"\">Prof\u00e9tica<\/td>\n                    <td style=\"\"><\/td>\n                    <td style=\"\"><\/td>\n                    <td style=\"\"><a href=\"https:\/\/diocesisdeaguascalientes.mx\/vicaria-de-pastoral\/wp-content\/uploads\/sites\/2\/forminator\/10414_47c7fef6f8c6f15ac1daaf1663bdf562\/uploads\/TQ4k2aoa4kEt-ESQUEMA-DE-PROGRAMACION-25-26-PP.pdf\" target=\"_blank\">TQ4k2aoa4kEt-ESQUEMA-DE-PROGRAMACION-25-26-PP.pdf<\/a><\/td>\n                    <td style=\"\">22\/09\/2025 04:53 PM<\/td>\n            <\/tr>\n            <tr id=\"table_3_row_599\">\n                    <td style=\"\">Programaci\u00f3n Parroquial<\/td>\n                    <td style=\"\">P068 PABELL\u00d3N DE GUADALUPE(PABELL\u00d3N DE ARTEAGA)<\/td>\n                    <td style=\"\">Social<\/td>\n                    <td style=\"\"><\/td>\n                    <td style=\"\"><\/td>\n                    <td style=\"\"><a href=\"https:\/\/diocesisdeaguascalientes.mx\/vicaria-de-pastoral\/wp-content\/uploads\/sites\/2\/forminator\/10414_47c7fef6f8c6f15ac1daaf1663bdf562\/uploads\/YKxWcgFEzEqX-PROGRAMACION-DE-PASTROAL-SOCIAL.pdf\" target=\"_blank\">YKxWcgFEzEqX-PROGRAMACION-DE-PASTROAL-SOCIAL.pdf<\/a><\/td>\n                    <td style=\"\">22\/09\/2025 03:53 PM<\/td>\n            <\/tr>\n            <tr id=\"table_3_row_600\">\n                    <td style=\"\">Programaci\u00f3n Parroquial<\/td>\n                    <td style=\"\">P105 TRES AVE MAR\u00cdAS(LAS AM\u00c9RICAS)<\/td>\n                    <td style=\"\">Social<\/td>\n                    <td style=\"\"><\/td>\n                    <td style=\"\"><\/td>\n                    <td style=\"\"><a href=\"https:\/\/diocesisdeaguascalientes.mx\/vicaria-de-pastoral\/wp-content\/uploads\/sites\/2\/forminator\/10414_47c7fef6f8c6f15ac1daaf1663bdf562\/uploads\/BaixPNLRxk85-PASTORAL-ECOLOGICA-ENCUENTRO-CON-CRISTO-2025-2026.pdf\" target=\"_blank\">BaixPNLRxk85-PASTORAL-ECOLOGICA-ENCUENTRO-CON-CRISTO-2025-2026.pdf<\/a><\/td>\n                    <td style=\"\">22\/09\/2025 01:07 PM<\/td>\n            <\/tr>\n            <tr id=\"table_3_row_601\">\n                    <td style=\"\">Programaci\u00f3n Parroquial<\/td>\n                    <td style=\"\">P105 TRES AVE MAR\u00cdAS(LAS AM\u00c9RICAS)<\/td>\n                    <td style=\"\">Animaci\u00f3n Pastoral (CPP)<\/td>\n                    <td style=\"\"><\/td>\n                    <td style=\"\"><\/td>\n                    <td style=\"\"><a href=\"https:\/\/diocesisdeaguascalientes.mx\/vicaria-de-pastoral\/wp-content\/uploads\/sites\/2\/forminator\/10414_47c7fef6f8c6f15ac1daaf1663bdf562\/uploads\/jPQCLslXabnU-SECTORES-ENCUENTRO-CON-CRISTO-2025-2026.pdf\" target=\"_blank\">jPQCLslXabnU-SECTORES-ENCUENTRO-CON-CRISTO-2025-2026.pdf<\/a><\/td>\n                    <td style=\"\">22\/09\/2025 01:06 PM<\/td>\n            <\/tr>\n            <tr id=\"table_3_row_602\">\n                    <td style=\"\">Programaci\u00f3n Parroquial<\/td>\n                    <td style=\"\">P105 TRES AVE MAR\u00cdAS(LAS AM\u00c9RICAS)<\/td>\n                    <td style=\"\">Lit\u00fargica<\/td>\n                    <td style=\"\"><\/td>\n                    <td style=\"\"><\/td>\n                    <td style=\"\"><a href=\"https:\/\/diocesisdeaguascalientes.mx\/vicaria-de-pastoral\/wp-content\/uploads\/sites\/2\/forminator\/10414_47c7fef6f8c6f15ac1daaf1663bdf562\/uploads\/ddXimEP7yl6m-MESC-ENCUENTRO-CON-CRISTO-2025-2026.pdf\" target=\"_blank\">ddXimEP7yl6m-MESC-ENCUENTRO-CON-CRISTO-2025-2026.pdf<\/a><\/td>\n                    <td style=\"\">22\/09\/2025 01:05 PM<\/td>\n            <\/tr>\n            <tr id=\"table_3_row_603\">\n                    <td style=\"\">Programaci\u00f3n Parroquial<\/td>\n                    <td style=\"\">P105 TRES AVE MAR\u00cdAS(LAS AM\u00c9RICAS)<\/td>\n                    <td style=\"\">Prof\u00e9tica<\/td>\n                    <td style=\"\"><\/td>\n                    <td style=\"\"><\/td>\n                    <td style=\"\"><a href=\"https:\/\/diocesisdeaguascalientes.mx\/vicaria-de-pastoral\/wp-content\/uploads\/sites\/2\/forminator\/10414_47c7fef6f8c6f15ac1daaf1663bdf562\/uploads\/C8a3SdQ7fMlH-CATEQUESIS-CATECUMENADO-ENCUENTRO-CON-CRISTO-2025-2026.pdf\" target=\"_blank\">C8a3SdQ7fMlH-CATEQUESIS-CATECUMENADO-ENCUENTRO-CON-CRISTO-2025-2026.pdf<\/a><\/td>\n                    <td style=\"\">22\/09\/2025 01:04 PM<\/td>\n            <\/tr>\n            <tr id=\"table_3_row_604\">\n                    <td style=\"\">Programaci\u00f3n Parroquial<\/td>\n                    <td style=\"\">P105 TRES AVE MAR\u00cdAS(LAS AM\u00c9RICAS)<\/td>\n                    <td style=\"\">Prof\u00e9tica<\/td>\n                    <td style=\"\"><\/td>\n                    <td style=\"\"><\/td>\n                    <td style=\"\"><a href=\"https:\/\/diocesisdeaguascalientes.mx\/vicaria-de-pastoral\/wp-content\/uploads\/sites\/2\/forminator\/10414_47c7fef6f8c6f15ac1daaf1663bdf562\/uploads\/osPutiONfxFL-CATEQUESIS-PAPAS-ENCUENTRO-CON-CRISTO-2025-2026.pdf\" target=\"_blank\">osPutiONfxFL-CATEQUESIS-PAPAS-ENCUENTRO-CON-CRISTO-2025-2026.pdf<\/a><\/td>\n                    <td style=\"\">22\/09\/2025 01:04 PM<\/td>\n            <\/tr>\n            <tr id=\"table_3_row_605\">\n                    <td style=\"\">Programaci\u00f3n Parroquial<\/td>\n                    <td style=\"\">P105 TRES AVE MAR\u00cdAS(LAS AM\u00c9RICAS)<\/td>\n                    <td style=\"\">Prof\u00e9tica<\/td>\n                    <td style=\"\"><\/td>\n                    <td style=\"\"><\/td>\n                    <td style=\"\"><a href=\"https:\/\/diocesisdeaguascalientes.mx\/vicaria-de-pastoral\/wp-content\/uploads\/sites\/2\/forminator\/10414_47c7fef6f8c6f15ac1daaf1663bdf562\/uploads\/6ZMg9gHrFAz7-CATEQUESIS-XV-ANOS-ENCUENTRO-CON-CRISTO-2025-2026.pdf\" target=\"_blank\">6ZMg9gHrFAz7-CATEQUESIS-XV-ANOS-ENCUENTRO-CON-CRISTO-2025-2026.pdf<\/a><\/td>\n                    <td style=\"\">22\/09\/2025 01:03 PM<\/td>\n            <\/tr>\n            <tr id=\"table_3_row_606\">\n                    <td style=\"\">Programaci\u00f3n Parroquial<\/td>\n                    <td style=\"\">P105 TRES AVE MAR\u00cdAS(LAS AM\u00c9RICAS)<\/td>\n                    <td style=\"\">Prof\u00e9tica<\/td>\n                    <td style=\"\"><\/td>\n                    <td style=\"\"><\/td>\n                    <td style=\"\"><a href=\"https:\/\/diocesisdeaguascalientes.mx\/vicaria-de-pastoral\/wp-content\/uploads\/sites\/2\/forminator\/10414_47c7fef6f8c6f15ac1daaf1663bdf562\/uploads\/5OKnp1KhGJ7D-CATEQUESIS-INFANTIL-ENCUENTRO-CON-CRISTO-2025-2026.pdf\" target=\"_blank\">5OKnp1KhGJ7D-CATEQUESIS-INFANTIL-ENCUENTRO-CON-CRISTO-2025-2026.pdf<\/a><\/td>\n                    <td style=\"\">22\/09\/2025 12:59 PM<\/td>\n            <\/tr>\n            <tr id=\"table_3_row_607\">\n                    <td style=\"\">Programaci\u00f3n Parroquial<\/td>\n                    <td style=\"\">P105 TRES AVE MAR\u00cdAS(LAS AM\u00c9RICAS)<\/td>\n                    <td style=\"\">Organismos Eclesiales Laicales (OEL)<\/td>\n                    <td style=\"\">3.Adoraci\u00f3n, Comunidad, Trabajo, Servicio (ACTS)<\/td>\n                    <td style=\"\"><\/td>\n                    <td style=\"\"><a href=\"https:\/\/diocesisdeaguascalientes.mx\/vicaria-de-pastoral\/wp-content\/uploads\/sites\/2\/forminator\/10414_47c7fef6f8c6f15ac1daaf1663bdf562\/uploads\/VuuwWFMfMslN-OEL-ACTS-ENCUENTRO-CON-CRISTO-2025-2026.pdf\" target=\"_blank\">VuuwWFMfMslN-OEL-ACTS-ENCUENTRO-CON-CRISTO-2025-2026.pdf<\/a><\/td>\n                    <td style=\"\">22\/09\/2025 12:54 PM<\/td>\n            <\/tr>\n            <tr id=\"table_3_row_608\">\n                    <td style=\"\">Programaci\u00f3n Parroquial<\/td>\n                    <td style=\"\">P105 TRES AVE MAR\u00cdAS(LAS AM\u00c9RICAS)<\/td>\n                    <td style=\"\">Organismos Eclesiales Laicales (OEL)<\/td>\n                    <td style=\"\">27.Legi\u00f3n de Mar\u00eda<\/td>\n                    <td style=\"\"><\/td>\n                    <td style=\"\"><a href=\"https:\/\/diocesisdeaguascalientes.mx\/vicaria-de-pastoral\/wp-content\/uploads\/sites\/2\/forminator\/10414_47c7fef6f8c6f15ac1daaf1663bdf562\/uploads\/1DTRy79JyRkp-OEL-LEGION-DE-MARIA-ENCUENTRO-CON-CRISTO-2025-2026.pdf\" target=\"_blank\">1DTRy79JyRkp-OEL-LEGION-DE-MARIA-ENCUENTRO-CON-CRISTO-2025-2026.pdf<\/a><\/td>\n                    <td style=\"\">22\/09\/2025 12:52 PM<\/td>\n            <\/tr>\n            <tr id=\"table_3_row_609\">\n                    <td style=\"\">Programaci\u00f3n Parroquial<\/td>\n                    <td style=\"\">P105 TRES AVE MAR\u00cdAS(LAS AM\u00c9RICAS)<\/td>\n                    <td style=\"\">Organismos Eclesiales Laicales (OEL)<\/td>\n                    <td style=\"\">26.\u201cKair\u00f3s\u201d Campamentos<\/td>\n                    <td style=\"\"><\/td>\n                    <td style=\"\"><a href=\"https:\/\/diocesisdeaguascalientes.mx\/vicaria-de-pastoral\/wp-content\/uploads\/sites\/2\/forminator\/10414_47c7fef6f8c6f15ac1daaf1663bdf562\/uploads\/fDw0EJkTzKFG-OEL-KAIROS-PAPAS-ENCUENTRO-CON-CRISTO-2025-2026.pdf\" target=\"_blank\">fDw0EJkTzKFG-OEL-KAIROS-PAPAS-ENCUENTRO-CON-CRISTO-2025-2026.pdf<\/a><\/td>\n                    <td style=\"\">22\/09\/2025 12:52 PM<\/td>\n            <\/tr>\n            <tr id=\"table_3_row_610\">\n                    <td style=\"\">Programaci\u00f3n Parroquial<\/td>\n                    <td style=\"\">P105 TRES AVE MAR\u00cdAS(LAS AM\u00c9RICAS)<\/td>\n                    <td style=\"\">Pastoral de la Comunicaci\u00f3n<\/td>\n                    <td style=\"\"><\/td>\n                    <td style=\"\"><\/td>\n                    <td style=\"\"><a href=\"https:\/\/diocesisdeaguascalientes.mx\/vicaria-de-pastoral\/wp-content\/uploads\/sites\/2\/forminator\/10414_47c7fef6f8c6f15ac1daaf1663bdf562\/uploads\/YJPlnh1j4mv1-PASTORAL-DE-LA-COMUNICACION-ENCUENTRO-CON-CRISTO-2025-2026.pdf\" target=\"_blank\">YJPlnh1j4mv1-PASTORAL-DE-LA-COMUNICACION-ENCUENTRO-CON-CRISTO-2025-2026.pdf<\/a><\/td>\n                    <td style=\"\">22\/09\/2025 12:51 PM<\/td>\n            <\/tr>\n            <tr id=\"table_3_row_611\">\n                    <td style=\"\">Programaci\u00f3n Parroquial<\/td>\n                    <td style=\"\">P098 LA SOLEDAD DE MAR\u00cdA(INFONAVIT OJO DE AGUA)<\/td>\n                    <td style=\"\">Animaci\u00f3n Pastoral (CPP)<\/td>\n                    <td style=\"\"><\/td>\n                    <td style=\"\"><\/td>\n                    <td style=\"\"><a href=\"https:\/\/diocesisdeaguascalientes.mx\/vicaria-de-pastoral\/wp-content\/uploads\/sites\/2\/forminator\/10414_47c7fef6f8c6f15ac1daaf1663bdf562\/uploads\/1eJqsxslTmhI-Captura-de-Animacion-Pastoral-2025-2026.pdf\" target=\"_blank\">1eJqsxslTmhI-Captura-de-Animacion-Pastoral-2025-2026.pdf<\/a><\/td>\n                    <td style=\"\">22\/09\/2025 12:51 PM<\/td>\n            <\/tr>\n            <tr id=\"table_3_row_612\">\n                    <td style=\"\">Programaci\u00f3n Parroquial<\/td>\n                    <td style=\"\">P098 LA SOLEDAD DE MAR\u00cdA(INFONAVIT OJO DE AGUA)<\/td>\n                    <td style=\"\">Animaci\u00f3n Pastoral (CPP)<\/td>\n                    <td style=\"\"><\/td>\n                    <td style=\"\"><\/td>\n                    <td style=\"\"><a href=\"https:\/\/diocesisdeaguascalientes.mx\/vicaria-de-pastoral\/wp-content\/uploads\/sites\/2\/forminator\/10414_47c7fef6f8c6f15ac1daaf1663bdf562\/uploads\/i8nEyAoGTHZa-Animacion-Pastoral-Sectores.pdf\" target=\"_blank\">i8nEyAoGTHZa-Animacion-Pastoral-Sectores.pdf<\/a><\/td>\n                    <td style=\"\">22\/09\/2025 12:50 PM<\/td>\n            <\/tr>\n            <tr id=\"table_3_row_613\">\n                    <td style=\"\">Programaci\u00f3n Parroquial<\/td>\n                    <td style=\"\">P105 TRES AVE MAR\u00cdAS(LAS AM\u00c9RICAS)<\/td>\n                    <td style=\"\">Familiar<\/td>\n                    <td style=\"\"><\/td>\n                    <td style=\"\"><\/td>\n                    <td style=\"\"><a href=\"https:\/\/diocesisdeaguascalientes.mx\/vicaria-de-pastoral\/wp-content\/uploads\/sites\/2\/forminator\/10414_47c7fef6f8c6f15ac1daaf1663bdf562\/uploads\/SZUqgvyMUfkf-PASTORAL-FAMILIAR-ANO-DEL-ENCUENTRO-CON-CRISTO-2025-2026.pdf\" target=\"_blank\">SZUqgvyMUfkf-PASTORAL-FAMILIAR-ANO-DEL-ENCUENTRO-CON-CRISTO-2025-2026.pdf<\/a><\/td>\n                    <td style=\"\">22\/09\/2025 12:50 PM<\/td>\n            <\/tr>\n            <tr id=\"table_3_row_614\">\n                    <td style=\"\">Programaci\u00f3n Parroquial<\/td>\n                    <td style=\"\">P105 TRES AVE MAR\u00cdAS(LAS AM\u00c9RICAS)<\/td>\n                    <td style=\"\">Social<\/td>\n                    <td style=\"\"><\/td>\n                    <td style=\"\"><\/td>\n                    <td style=\"\"><a href=\"https:\/\/diocesisdeaguascalientes.mx\/vicaria-de-pastoral\/wp-content\/uploads\/sites\/2\/forminator\/10414_47c7fef6f8c6f15ac1daaf1663bdf562\/uploads\/9MyGCg3NCeeA-PASTORAL-SOCIAL-ENCUENTRO-CON-CRISTO-2025-2026.pdf\" target=\"_blank\">9MyGCg3NCeeA-PASTORAL-SOCIAL-ENCUENTRO-CON-CRISTO-2025-2026.pdf<\/a><\/td>\n                    <td style=\"\">22\/09\/2025 12:49 PM<\/td>\n            <\/tr>\n            <tr id=\"table_3_row_615\">\n                    <td style=\"\">Programaci\u00f3n Parroquial<\/td>\n                    <td style=\"\">P105 TRES AVE MAR\u00cdAS(LAS AM\u00c9RICAS)<\/td>\n                    <td style=\"\">Lit\u00fargica<\/td>\n                    <td style=\"\"><\/td>\n                    <td style=\"\"><\/td>\n                    <td style=\"\"><a href=\"https:\/\/diocesisdeaguascalientes.mx\/vicaria-de-pastoral\/wp-content\/uploads\/sites\/2\/forminator\/10414_47c7fef6f8c6f15ac1daaf1663bdf562\/uploads\/xDkYlUPfO9pT-PASTORAL-LITURGICA-ENCUENTRO-CON-CRISTO-2025-2026.pdf\" target=\"_blank\">xDkYlUPfO9pT-PASTORAL-LITURGICA-ENCUENTRO-CON-CRISTO-2025-2026.pdf<\/a><\/td>\n                    <td style=\"\">22\/09\/2025 12:49 PM<\/td>\n            <\/tr>\n            <tr id=\"table_3_row_616\">\n                    <td style=\"\">Programaci\u00f3n Parroquial<\/td>\n                    <td style=\"\">P098 LA SOLEDAD DE MAR\u00cdA(INFONAVIT OJO DE AGUA)<\/td>\n                    <td style=\"\">Organismos Eclesiales Laicales (OEL)<\/td>\n                    <td style=\"\">30.Mater F\u00e1tima<\/td>\n                    <td style=\"\"><\/td>\n                    <td style=\"\"><a href=\"https:\/\/diocesisdeaguascalientes.mx\/vicaria-de-pastoral\/wp-content\/uploads\/sites\/2\/forminator\/10414_47c7fef6f8c6f15ac1daaf1663bdf562\/uploads\/MHrS42HxTM2a-Movimiento-Laical-Mater-Fatima.pdf\" target=\"_blank\">MHrS42HxTM2a-Movimiento-Laical-Mater-Fatima.pdf<\/a><\/td>\n                    <td style=\"\">22\/09\/2025 12:48 PM<\/td>\n            <\/tr>\n            <tr id=\"table_3_row_617\">\n                    <td style=\"\">Programaci\u00f3n Parroquial<\/td>\n                    <td style=\"\">P105 TRES AVE MAR\u00cdAS(LAS AM\u00c9RICAS)<\/td>\n                    <td style=\"\">Prof\u00e9tica<\/td>\n                    <td style=\"\"><\/td>\n                    <td style=\"\"><\/td>\n                    <td style=\"\"><a href=\"https:\/\/diocesisdeaguascalientes.mx\/vicaria-de-pastoral\/wp-content\/uploads\/sites\/2\/forminator\/10414_47c7fef6f8c6f15ac1daaf1663bdf562\/uploads\/OHixctUmsC5p-PASTORAL-PROFETICA-ENCUENTRO-CON-CRISTO-2025-2026.pdf\" target=\"_blank\">OHixctUmsC5p-PASTORAL-PROFETICA-ENCUENTRO-CON-CRISTO-2025-2026.pdf<\/a><\/td>\n                    <td style=\"\">22\/09\/2025 12:48 PM<\/td>\n            <\/tr>\n            <tr id=\"table_3_row_618\">\n                    <td style=\"\">Programaci\u00f3n Parroquial<\/td>\n                    <td style=\"\">P105 TRES AVE MAR\u00cdAS(LAS AM\u00c9RICAS)<\/td>\n                    <td style=\"\">Animaci\u00f3n Pastoral (CPP)<\/td>\n                    <td style=\"\"><\/td>\n                    <td style=\"\"><\/td>\n                    <td style=\"\"><a href=\"https:\/\/diocesisdeaguascalientes.mx\/vicaria-de-pastoral\/wp-content\/uploads\/sites\/2\/forminator\/10414_47c7fef6f8c6f15ac1daaf1663bdf562\/uploads\/BgtuGZ5MHOzJ-ANIMACION-PASTORAL-ENCUENTRO-CON-CRISTO-2025-2026.pdf\" target=\"_blank\">BgtuGZ5MHOzJ-ANIMACION-PASTORAL-ENCUENTRO-CON-CRISTO-2025-2026.pdf<\/a><\/td>\n                    <td style=\"\">22\/09\/2025 12:47 PM<\/td>\n            <\/tr>\n            <tr id=\"table_3_row_619\">\n                    <td style=\"\">Programaci\u00f3n Parroquial<\/td>\n                    <td style=\"\">P098 LA SOLEDAD DE MAR\u00cdA(INFONAVIT OJO DE AGUA)<\/td>\n                    <td style=\"\">Organismos Eclesiales Laicales (OEL)<\/td>\n                    <td style=\"\">27.Legi\u00f3n de Mar\u00eda<\/td>\n                    <td style=\"\"><\/td>\n                    <td style=\"\"><a href=\"https:\/\/diocesisdeaguascalientes.mx\/vicaria-de-pastoral\/wp-content\/uploads\/sites\/2\/forminator\/10414_47c7fef6f8c6f15ac1daaf1663bdf562\/uploads\/qmyQhHWHpJLE-Pastoral-Legion-de-Maria-OCL.pdf\" target=\"_blank\">qmyQhHWHpJLE-Pastoral-Legion-de-Maria-OCL.pdf<\/a><\/td>\n                    <td style=\"\">22\/09\/2025 12:46 PM<\/td>\n            <\/tr>\n            <tr id=\"table_3_row_620\">\n                    <td style=\"\">Programaci\u00f3n Parroquial<\/td>\n                    <td style=\"\">P098 LA SOLEDAD DE MAR\u00cdA(INFONAVIT OJO DE AGUA)<\/td>\n                    <td style=\"\">Organismos Eclesiales Laicales (OEL)<\/td>\n                    <td style=\"\">3.Adoraci\u00f3n, Comunidad, Trabajo, Servicio (ACTS)<\/td>\n                    <td style=\"\"><\/td>\n                    <td style=\"\"><a href=\"https:\/\/diocesisdeaguascalientes.mx\/vicaria-de-pastoral\/wp-content\/uploads\/sites\/2\/forminator\/10414_47c7fef6f8c6f15ac1daaf1663bdf562\/uploads\/it7saiu0ObqO-ACTS-OCL.pdf\" target=\"_blank\">it7saiu0ObqO-ACTS-OCL.pdf<\/a><\/td>\n                    <td style=\"\">22\/09\/2025 12:44 PM<\/td>\n            <\/tr>\n            <tr id=\"table_3_row_621\">\n                    <td style=\"\">Programaci\u00f3n Parroquial<\/td>\n                    <td style=\"\">P098 LA SOLEDAD DE MAR\u00cdA(INFONAVIT OJO DE AGUA)<\/td>\n                    <td style=\"\">Familiar<\/td>\n                    <td style=\"\"><\/td>\n                    <td style=\"\"><\/td>\n                    <td style=\"\"><a href=\"https:\/\/diocesisdeaguascalientes.mx\/vicaria-de-pastoral\/wp-content\/uploads\/sites\/2\/forminator\/10414_47c7fef6f8c6f15ac1daaf1663bdf562\/uploads\/h6YhboTjcVHQ-Pastoral-Familiar.pdf\" target=\"_blank\">h6YhboTjcVHQ-Pastoral-Familiar.pdf<\/a><\/td>\n                    <td style=\"\">22\/09\/2025 12:43 PM<\/td>\n            <\/tr>\n            <tr id=\"table_3_row_622\">\n                    <td style=\"\">Programaci\u00f3n Parroquial<\/td>\n                    <td style=\"\">P098 LA SOLEDAD DE MAR\u00cdA(INFONAVIT OJO DE AGUA)<\/td>\n                    <td style=\"\">Social<\/td>\n                    <td style=\"\"><\/td>\n                    <td style=\"\"><\/td>\n                    <td style=\"\"><a href=\"https:\/\/diocesisdeaguascalientes.mx\/vicaria-de-pastoral\/wp-content\/uploads\/sites\/2\/forminator\/10414_47c7fef6f8c6f15ac1daaf1663bdf562\/uploads\/RrL3QMNTXJzt-Pastoral-Social.pdf\" target=\"_blank\">RrL3QMNTXJzt-Pastoral-Social.pdf<\/a><\/td>\n                    <td style=\"\">22\/09\/2025 12:42 PM<\/td>\n            <\/tr>\n            <tr id=\"table_3_row_623\">\n                    <td style=\"\">Programaci\u00f3n Parroquial<\/td>\n                    <td style=\"\">P098 LA SOLEDAD DE MAR\u00cdA(INFONAVIT OJO DE AGUA)<\/td>\n                    <td style=\"\">Lit\u00fargica<\/td>\n                    <td style=\"\"><\/td>\n                    <td style=\"\"><\/td>\n                    <td style=\"\"><a href=\"https:\/\/diocesisdeaguascalientes.mx\/vicaria-de-pastoral\/wp-content\/uploads\/sites\/2\/forminator\/10414_47c7fef6f8c6f15ac1daaf1663bdf562\/uploads\/70tEhiLkp1bp-Pastoral-Liturgica.pdf\" target=\"_blank\">70tEhiLkp1bp-Pastoral-Liturgica.pdf<\/a><\/td>\n                    <td style=\"\">22\/09\/2025 12:41 PM<\/td>\n            <\/tr>\n            <tr id=\"table_3_row_624\">\n                    <td style=\"\">Programaci\u00f3n Parroquial<\/td>\n                    <td style=\"\">P098 LA SOLEDAD DE MAR\u00cdA(INFONAVIT OJO DE AGUA)<\/td>\n                    <td style=\"\">Prof\u00e9tica<\/td>\n                    <td style=\"\"><\/td>\n                    <td style=\"\"><\/td>\n                    <td style=\"\"><a href=\"https:\/\/diocesisdeaguascalientes.mx\/vicaria-de-pastoral\/wp-content\/uploads\/sites\/2\/forminator\/10414_47c7fef6f8c6f15ac1daaf1663bdf562\/uploads\/0XAE76CpB3r1-Pastoral-Profetica.pdf\" target=\"_blank\">0XAE76CpB3r1-Pastoral-Profetica.pdf<\/a><\/td>\n                    <td style=\"\">22\/09\/2025 12:40 PM<\/td>\n            <\/tr>\n            <tr id=\"table_3_row_625\">\n                    <td style=\"\">Programaci\u00f3n Parroquial<\/td>\n                    <td style=\"\">P084 SAGRADO CORAZ\u00d3N DE JES\u00daS(J.G\u00d3MEZ PORTUGAL)<\/td>\n                    <td style=\"\">Prof\u00e9tica<\/td>\n                    <td style=\"\"><\/td>\n                    <td style=\"\"><\/td>\n                    <td style=\"\"><a href=\"https:\/\/diocesisdeaguascalientes.mx\/vicaria-de-pastoral\/wp-content\/uploads\/sites\/2\/forminator\/10414_47c7fef6f8c6f15ac1daaf1663bdf562\/uploads\/GVF4WPyKPpJG-PROGRAMACION-PASTORAL-PROFETICA-2025-2026.pdf\" target=\"_blank\">GVF4WPyKPpJG-PROGRAMACION-PASTORAL-PROFETICA-2025-2026.pdf<\/a><\/td>\n                    <td style=\"\">22\/09\/2025 12:32 PM<\/td>\n            <\/tr>\n            <tr id=\"table_3_row_626\">\n                    <td style=\"\">Programaci\u00f3n Parroquial<\/td>\n                    <td style=\"\">P084 SAGRADO CORAZ\u00d3N DE JES\u00daS(J.G\u00d3MEZ PORTUGAL)<\/td>\n                    <td style=\"\">Animaci\u00f3n Pastoral (CPP)<\/td>\n                    <td style=\"\"><\/td>\n                    <td style=\"\"><\/td>\n                    <td style=\"\"><a href=\"https:\/\/diocesisdeaguascalientes.mx\/vicaria-de-pastoral\/wp-content\/uploads\/sites\/2\/forminator\/10414_47c7fef6f8c6f15ac1daaf1663bdf562\/uploads\/z5dNIVbekT5H-PROGRAMACION-PASTORAL-ANIMACION-PASTORAL-2025-2026.pdf\" target=\"_blank\">z5dNIVbekT5H-PROGRAMACION-PASTORAL-ANIMACION-PASTORAL-2025-2026.pdf<\/a><\/td>\n                    <td style=\"\">22\/09\/2025 12:21 PM<\/td>\n            <\/tr>\n            <tr id=\"table_3_row_627\">\n                    <td style=\"\">Programaci\u00f3n Parroquial<\/td>\n                    <td style=\"\">P084 SAGRADO CORAZ\u00d3N DE JES\u00daS(J.G\u00d3MEZ PORTUGAL)<\/td>\n                    <td style=\"\">Social<\/td>\n                    <td style=\"\"><\/td>\n                    <td style=\"\"><\/td>\n                    <td style=\"\"><a href=\"https:\/\/diocesisdeaguascalientes.mx\/vicaria-de-pastoral\/wp-content\/uploads\/sites\/2\/forminator\/10414_47c7fef6f8c6f15ac1daaf1663bdf562\/uploads\/NstqmDWPcRE0-PROGRAMACION-PASTORAL-SOCIAL-2025-2026.pdf\" target=\"_blank\">NstqmDWPcRE0-PROGRAMACION-PASTORAL-SOCIAL-2025-2026.pdf<\/a><\/td>\n                    <td style=\"\">22\/09\/2025 12:20 PM<\/td>\n            <\/tr>\n            <tr id=\"table_3_row_628\">\n                    <td style=\"\">Programaci\u00f3n Parroquial<\/td>\n                    <td style=\"\">P084 SAGRADO CORAZ\u00d3N DE JES\u00daS(J.G\u00d3MEZ PORTUGAL)<\/td>\n                    <td style=\"\">Organismos Eclesiales Laicales (OEL)<\/td>\n                    <td style=\"\">1.Acci\u00f3n Cat\u00f3lica<\/td>\n                    <td style=\"\"><\/td>\n                    <td style=\"\"><a href=\"https:\/\/diocesisdeaguascalientes.mx\/vicaria-de-pastoral\/wp-content\/uploads\/sites\/2\/forminator\/10414_47c7fef6f8c6f15ac1daaf1663bdf562\/uploads\/sZTZKQ7UPxS0-PROGRAMACION-PASTORAL-ORGANISMOS-ECLESIALES-2025-2026.pdf\" target=\"_blank\">sZTZKQ7UPxS0-PROGRAMACION-PASTORAL-ORGANISMOS-ECLESIALES-2025-2026.pdf<\/a><\/td>\n                    <td style=\"\">22\/09\/2025 12:07 PM<\/td>\n            <\/tr>\n            <tr id=\"table_3_row_629\">\n                    <td style=\"\">Programaci\u00f3n Parroquial<\/td>\n                    <td style=\"\">P084 SAGRADO CORAZ\u00d3N DE JES\u00daS(J.G\u00d3MEZ PORTUGAL)<\/td>\n                    <td style=\"\">Pastoral de la Comunicaci\u00f3n<\/td>\n                    <td style=\"\"><\/td>\n                    <td style=\"\"><\/td>\n                    <td style=\"\"><a href=\"https:\/\/diocesisdeaguascalientes.mx\/vicaria-de-pastoral\/wp-content\/uploads\/sites\/2\/forminator\/10414_47c7fef6f8c6f15ac1daaf1663bdf562\/uploads\/WNZ9fAVaTMBh-PROGRAMACION-PASTORAL-COMUNICACION-2025-2026.pdf\" target=\"_blank\">WNZ9fAVaTMBh-PROGRAMACION-PASTORAL-COMUNICACION-2025-2026.pdf<\/a><\/td>\n                    <td style=\"\">22\/09\/2025 12:06 PM<\/td>\n            <\/tr>\n            <tr id=\"table_3_row_630\">\n                    <td style=\"\">Programaci\u00f3n Parroquial<\/td>\n                    <td style=\"\">P084 SAGRADO CORAZ\u00d3N DE JES\u00daS(J.G\u00d3MEZ PORTUGAL)<\/td>\n                    <td style=\"\">Juvenil<\/td>\n                    <td style=\"\"><\/td>\n                    <td style=\"\"><\/td>\n                    <td style=\"\"><a href=\"https:\/\/diocesisdeaguascalientes.mx\/vicaria-de-pastoral\/wp-content\/uploads\/sites\/2\/forminator\/10414_47c7fef6f8c6f15ac1daaf1663bdf562\/uploads\/z4zb2bFrYWEV-PROGRAMACION-PASTORAL-JUVENIL-2025-2026.pdf\" target=\"_blank\">z4zb2bFrYWEV-PROGRAMACION-PASTORAL-JUVENIL-2025-2026.pdf<\/a><\/td>\n                    <td style=\"\">22\/09\/2025 12:06 PM<\/td>\n            <\/tr>\n            <tr id=\"table_3_row_631\">\n                    <td style=\"\">Programaci\u00f3n Parroquial<\/td>\n                    <td style=\"\">P084 SAGRADO CORAZ\u00d3N DE JES\u00daS(J.G\u00d3MEZ PORTUGAL)<\/td>\n                    <td style=\"\">Adolescentes<\/td>\n                    <td style=\"\"><\/td>\n                    <td style=\"\"><\/td>\n                    <td style=\"\"><a href=\"https:\/\/diocesisdeaguascalientes.mx\/vicaria-de-pastoral\/wp-content\/uploads\/sites\/2\/forminator\/10414_47c7fef6f8c6f15ac1daaf1663bdf562\/uploads\/wzeDHhAzR6pe-PROGRAMACION-PASTORAL-DE-ADOLESCENTES-2025-2026.pdf\" target=\"_blank\">wzeDHhAzR6pe-PROGRAMACION-PASTORAL-DE-ADOLESCENTES-2025-2026.pdf<\/a><\/td>\n                    <td style=\"\">22\/09\/2025 12:05 PM<\/td>\n            <\/tr>\n            <tr id=\"table_3_row_632\">\n                    <td style=\"\">Programaci\u00f3n Parroquial<\/td>\n                    <td style=\"\">P084 SAGRADO CORAZ\u00d3N DE JES\u00daS(J.G\u00d3MEZ PORTUGAL)<\/td>\n                    <td style=\"\">Familiar<\/td>\n                    <td style=\"\"><\/td>\n                    <td style=\"\"><\/td>\n                    <td style=\"\"><a href=\"https:\/\/diocesisdeaguascalientes.mx\/vicaria-de-pastoral\/wp-content\/uploads\/sites\/2\/forminator\/10414_47c7fef6f8c6f15ac1daaf1663bdf562\/uploads\/hwlfdrnLulJS-PROGRAMACION-PASTORAL-FAMILIAR-2025-2026.pdf\" target=\"_blank\">hwlfdrnLulJS-PROGRAMACION-PASTORAL-FAMILIAR-2025-2026.pdf<\/a><\/td>\n                    <td style=\"\">22\/09\/2025 12:04 PM<\/td>\n            <\/tr>\n            <tr id=\"table_3_row_633\">\n                    <td style=\"\">Programaci\u00f3n Parroquial<\/td>\n                    <td style=\"\">P084 SAGRADO CORAZ\u00d3N DE JES\u00daS(J.G\u00d3MEZ PORTUGAL)<\/td>\n                    <td style=\"\">Lit\u00fargica<\/td>\n                    <td style=\"\"><\/td>\n                    <td style=\"\"><\/td>\n                    <td style=\"\"><a href=\"https:\/\/diocesisdeaguascalientes.mx\/vicaria-de-pastoral\/wp-content\/uploads\/sites\/2\/forminator\/10414_47c7fef6f8c6f15ac1daaf1663bdf562\/uploads\/0oU0HXQCvWRt-PROGRAMACION-PASTORAL-LITURGICA-2025-2026.pdf\" target=\"_blank\">0oU0HXQCvWRt-PROGRAMACION-PASTORAL-LITURGICA-2025-2026.pdf<\/a><\/td>\n                    <td style=\"\">22\/09\/2025 11:55 AM<\/td>\n            <\/tr>\n            <tr id=\"table_3_row_634\">\n                    <td style=\"\">Programaci\u00f3n Parroquial<\/td>\n                    <td style=\"\">P082 SAGRADO CORAZ\u00d3N DE JES\u00daS(CENTRO)<\/td>\n                    <td style=\"\">Prof\u00e9tica<\/td>\n                    <td style=\"\"><\/td>\n                    <td style=\"\"><\/td>\n                    <td style=\"\"><a href=\"https:\/\/diocesisdeaguascalientes.mx\/vicaria-de-pastoral\/wp-content\/uploads\/sites\/2\/forminator\/10414_47c7fef6f8c6f15ac1daaf1663bdf562\/uploads\/NwSB8rz0X5vQ-PROGRAMACION-PASTORAL-PROFETICA-2025-2026.pdf\" target=\"_blank\">NwSB8rz0X5vQ-PROGRAMACION-PASTORAL-PROFETICA-2025-2026.pdf<\/a><\/td>\n                    <td style=\"\">22\/09\/2025 11:53 AM<\/td>\n            <\/tr>\n            <tr id=\"table_3_row_635\">\n                    <td style=\"\">Programaci\u00f3n Parroquial<\/td>\n                    <td style=\"\">P102 SANTA TERESITA DEL NI\u00d1O JES\u00daS(G\u00d3MEZ PORTUGAL)<\/td>\n                    <td style=\"\">Lit\u00fargica<\/td>\n                    <td style=\"\"><\/td>\n                    <td style=\"\"><\/td>\n                    <td style=\"\"><a href=\"https:\/\/diocesisdeaguascalientes.mx\/vicaria-de-pastoral\/wp-content\/uploads\/sites\/2\/forminator\/10414_47c7fef6f8c6f15ac1daaf1663bdf562\/uploads\/nbIgLRhO8Q5K-PROGRAMACION-PARROQUIAL-2025-2026-ADORACION.pdf\" target=\"_blank\">nbIgLRhO8Q5K-PROGRAMACION-PARROQUIAL-2025-2026-ADORACION.pdf<\/a><\/td>\n                    <td style=\"\">22\/09\/2025 11:49 AM<\/td>\n            <\/tr>\n            <tr id=\"table_3_row_636\">\n                    <td style=\"\">Programaci\u00f3n Parroquial<\/td>\n                    <td style=\"\">P102 SANTA TERESITA DEL NI\u00d1O JES\u00daS(G\u00d3MEZ PORTUGAL)<\/td>\n                    <td style=\"\">Lit\u00fargica<\/td>\n                    <td style=\"\"><\/td>\n                    <td style=\"\"><\/td>\n                    <td style=\"\"><a href=\"https:\/\/diocesisdeaguascalientes.mx\/vicaria-de-pastoral\/wp-content\/uploads\/sites\/2\/forminator\/10414_47c7fef6f8c6f15ac1daaf1663bdf562\/uploads\/vUempLiZ62Yp-PROGRAMACION-PARROQUIAL-2025-2026-MINISTROS.pdf\" target=\"_blank\">vUempLiZ62Yp-PROGRAMACION-PARROQUIAL-2025-2026-MINISTROS.pdf<\/a><\/td>\n                    <td style=\"\">22\/09\/2025 11:48 AM<\/td>\n            <\/tr>\n            <tr id=\"table_3_row_637\">\n                    <td style=\"\">Programaci\u00f3n Parroquial<\/td>\n                    <td style=\"\">P102 SANTA TERESITA DEL NI\u00d1O JES\u00daS(G\u00d3MEZ PORTUGAL)<\/td>\n                    <td style=\"\">Prof\u00e9tica<\/td>\n                    <td style=\"\"><\/td>\n                    <td style=\"\"><\/td>\n                    <td style=\"\"><a href=\"https:\/\/diocesisdeaguascalientes.mx\/vicaria-de-pastoral\/wp-content\/uploads\/sites\/2\/forminator\/10414_47c7fef6f8c6f15ac1daaf1663bdf562\/uploads\/GhuZ6NL0tUnQ-PROGRAMACION-PARROQUIAL-2025-2026-PRE-SACRAMENTAL-MATRIMONIO-1.pdf\" target=\"_blank\">GhuZ6NL0tUnQ-PROGRAMACION-PARROQUIAL-2025-2026-PRE-SACRAMENTAL-MATRIMONIO-1.pdf<\/a><\/td>\n                    <td style=\"\">22\/09\/2025 11:47 AM<\/td>\n            <\/tr>\n            <tr id=\"table_3_row_638\">\n                    <td style=\"\">Programaci\u00f3n Parroquial<\/td>\n                    <td style=\"\">P102 SANTA TERESITA DEL NI\u00d1O JES\u00daS(G\u00d3MEZ PORTUGAL)<\/td>\n                    <td style=\"\">Prof\u00e9tica<\/td>\n                    <td style=\"\"><\/td>\n                    <td style=\"\"><\/td>\n                    <td style=\"\"><a href=\"https:\/\/diocesisdeaguascalientes.mx\/vicaria-de-pastoral\/wp-content\/uploads\/sites\/2\/forminator\/10414_47c7fef6f8c6f15ac1daaf1663bdf562\/uploads\/FezNs1FhXYRR-PROGRAMACION-PARROQUIAL-2025-2026-PRE-SACRAMENTAL-BAUTIZO.pdf\" target=\"_blank\">FezNs1FhXYRR-PROGRAMACION-PARROQUIAL-2025-2026-PRE-SACRAMENTAL-BAUTIZO.pdf<\/a><\/td>\n                    <td style=\"\">22\/09\/2025 11:47 AM<\/td>\n            <\/tr>\n            <tr id=\"table_3_row_639\">\n                    <td style=\"\">Programaci\u00f3n Parroquial<\/td>\n                    <td style=\"\">P102 SANTA TERESITA DEL NI\u00d1O JES\u00daS(G\u00d3MEZ PORTUGAL)<\/td>\n                    <td style=\"\">Prof\u00e9tica<\/td>\n                    <td style=\"\"><\/td>\n                    <td style=\"\"><\/td>\n                    <td style=\"\"><a href=\"https:\/\/diocesisdeaguascalientes.mx\/vicaria-de-pastoral\/wp-content\/uploads\/sites\/2\/forminator\/10414_47c7fef6f8c6f15ac1daaf1663bdf562\/uploads\/KOe7sThsC90V-PROGRAMACION-PARROQUIAL-2025-2026-EVANGELIZADORES.pdf\" target=\"_blank\">KOe7sThsC90V-PROGRAMACION-PARROQUIAL-2025-2026-EVANGELIZADORES.pdf<\/a><\/td>\n                    <td style=\"\">22\/09\/2025 11:46 AM<\/td>\n            <\/tr>\n            <tr id=\"table_3_row_640\">\n                    <td style=\"\">Programaci\u00f3n Parroquial<\/td>\n                    <td style=\"\">P102 SANTA TERESITA DEL NI\u00d1O JES\u00daS(G\u00d3MEZ PORTUGAL)<\/td>\n                    <td style=\"\">Social<\/td>\n                    <td style=\"\"><\/td>\n                    <td style=\"\"><\/td>\n                    <td style=\"\"><a href=\"https:\/\/diocesisdeaguascalientes.mx\/vicaria-de-pastoral\/wp-content\/uploads\/sites\/2\/forminator\/10414_47c7fef6f8c6f15ac1daaf1663bdf562\/uploads\/2O86TsvMeg4d-PROGRAMACION-PARROQUIAL-2025-2026-SOCIAL.pdf\" target=\"_blank\">2O86TsvMeg4d-PROGRAMACION-PARROQUIAL-2025-2026-SOCIAL.pdf<\/a><\/td>\n                    <td style=\"\">22\/09\/2025 11:45 AM<\/td>\n            <\/tr>\n            <tr id=\"table_3_row_641\">\n                    <td style=\"\">Programaci\u00f3n Parroquial<\/td>\n                    <td style=\"\">P102 SANTA TERESITA DEL NI\u00d1O JES\u00daS(G\u00d3MEZ PORTUGAL)<\/td>\n                    <td style=\"\">Adolescentes<\/td>\n                    <td style=\"\"><\/td>\n                    <td style=\"\"><\/td>\n                    <td style=\"\"><a href=\"https:\/\/diocesisdeaguascalientes.mx\/vicaria-de-pastoral\/wp-content\/uploads\/sites\/2\/forminator\/10414_47c7fef6f8c6f15ac1daaf1663bdf562\/uploads\/Xt06cWQALTY4-PROGRAMACION-PARROQUIAL-2025-2026-ADOLESCENTES.pdf\" target=\"_blank\">Xt06cWQALTY4-PROGRAMACION-PARROQUIAL-2025-2026-ADOLESCENTES.pdf<\/a><\/td>\n                    <td style=\"\">22\/09\/2025 11:44 AM<\/td>\n            <\/tr>\n            <tr id=\"table_3_row_642\">\n                    <td style=\"\">Programaci\u00f3n Parroquial<\/td>\n                    <td style=\"\">P102 SANTA TERESITA DEL NI\u00d1O JES\u00daS(G\u00d3MEZ PORTUGAL)<\/td>\n                    <td style=\"\">Lit\u00fargica<\/td>\n                    <td style=\"\"><\/td>\n                    <td style=\"\"><\/td>\n                    <td style=\"\"><a href=\"https:\/\/diocesisdeaguascalientes.mx\/vicaria-de-pastoral\/wp-content\/uploads\/sites\/2\/forminator\/10414_47c7fef6f8c6f15ac1daaf1663bdf562\/uploads\/mX8KenMG2jvp-PROGRAMACION-PARROQUIAL-2025-2026-LITURGIA.pdf\" target=\"_blank\">mX8KenMG2jvp-PROGRAMACION-PARROQUIAL-2025-2026-LITURGIA.pdf<\/a><\/td>\n                    <td style=\"\">22\/09\/2025 11:43 AM<\/td>\n            <\/tr>\n            <tr id=\"table_3_row_643\">\n                    <td style=\"\">Programaci\u00f3n Parroquial<\/td>\n                    <td style=\"\">P102 SANTA TERESITA DEL NI\u00d1O JES\u00daS(G\u00d3MEZ PORTUGAL)<\/td>\n                    <td style=\"\">Prof\u00e9tica<\/td>\n                    <td style=\"\"><\/td>\n                    <td style=\"\"><\/td>\n                    <td style=\"\"><a href=\"https:\/\/diocesisdeaguascalientes.mx\/vicaria-de-pastoral\/wp-content\/uploads\/sites\/2\/forminator\/10414_47c7fef6f8c6f15ac1daaf1663bdf562\/uploads\/x8A0rzig1S4n-PROGRAMACION-PARROQUIAL-2025-2026-PROFETICA.pdf\" target=\"_blank\">x8A0rzig1S4n-PROGRAMACION-PARROQUIAL-2025-2026-PROFETICA.pdf<\/a><\/td>\n                    <td style=\"\">22\/09\/2025 11:42 AM<\/td>\n            <\/tr>\n            <tr id=\"table_3_row_644\">\n                    <td style=\"\">Programaci\u00f3n Parroquial<\/td>\n                    <td style=\"\">P104 TRANSFIGURACI\u00d3N DEL SE\u00d1OR(J. GUADALUPE PERALTA GAMEZ)<\/td>\n                    <td style=\"\">Juvenil<\/td>\n                    <td style=\"\"><\/td>\n                    <td style=\"\"><\/td>\n                    <td style=\"\"><a href=\"https:\/\/diocesisdeaguascalientes.mx\/vicaria-de-pastoral\/wp-content\/uploads\/sites\/2\/forminator\/10414_47c7fef6f8c6f15ac1daaf1663bdf562\/uploads\/8roFxujw3Opy-Programacion-pastoral-JUVENIL.docx.pdf\" target=\"_blank\">8roFxujw3Opy-Programacion-pastoral-JUVENIL.docx.pdf<\/a><\/td>\n                    <td style=\"\">22\/09\/2025 08:36 AM<\/td>\n            <\/tr>\n            <tr id=\"table_3_row_645\">\n                    <td style=\"\">Programaci\u00f3n Parroquial<\/td>\n                    <td style=\"\">P104 TRANSFIGURACI\u00d3N DEL SE\u00d1OR(J. GUADALUPE PERALTA GAMEZ)<\/td>\n                    <td style=\"\">Organismos Eclesiales Laicales (OEL)<\/td>\n                    <td style=\"\">25.Jornadas Matrimoniales de Vida Cristiana<\/td>\n                    <td style=\"\"><\/td>\n                    <td style=\"\"><a href=\"https:\/\/diocesisdeaguascalientes.mx\/vicaria-de-pastoral\/wp-content\/uploads\/sites\/2\/forminator\/10414_47c7fef6f8c6f15ac1daaf1663bdf562\/uploads\/LoBkqVP1qM4N-Programacion-OEL.docx.pdf\" target=\"_blank\">LoBkqVP1qM4N-Programacion-OEL.docx.pdf<\/a><\/td>\n                    <td style=\"\">22\/09\/2025 08:35 AM<\/td>\n            <\/tr>\n            <tr id=\"table_3_row_646\">\n                    <td style=\"\">Programaci\u00f3n Parroquial<\/td>\n                    <td style=\"\">P068 PABELL\u00d3N DE GUADALUPE(PABELL\u00d3N DE ARTEAGA)<\/td>\n                    <td style=\"\">Organismos Eclesiales Laicales (OEL)<\/td>\n                    <td style=\"\">Otro<\/td>\n                    <td style=\"\">VELA PERPETUA<\/td>\n                    <td style=\"\"><a href=\"https:\/\/diocesisdeaguascalientes.mx\/vicaria-de-pastoral\/wp-content\/uploads\/sites\/2\/forminator\/10414_47c7fef6f8c6f15ac1daaf1663bdf562\/uploads\/kkeD1U3NebPo-PROGRAMACION-VELA-PERPETUA.pdf\" target=\"_blank\">kkeD1U3NebPo-PROGRAMACION-VELA-PERPETUA.pdf<\/a><\/td>\n                    <td style=\"\">21\/09\/2025 10:20 PM<\/td>\n            <\/tr>\n            <tr id=\"table_3_row_647\">\n                    <td style=\"\">Programaci\u00f3n Parroquial<\/td>\n                    <td style=\"\">P068 PABELL\u00d3N DE GUADALUPE(PABELL\u00d3N DE ARTEAGA)<\/td>\n                    <td style=\"\">Organismos Eclesiales Laicales (OEL)<\/td>\n                    <td style=\"\">40.Renovaci\u00f3n Carism\u00e1tica Cat\u00f3lica en el Esp\u00edritu Santo<\/td>\n                    <td style=\"\"><\/td>\n                    <td style=\"\"><a href=\"https:\/\/diocesisdeaguascalientes.mx\/vicaria-de-pastoral\/wp-content\/uploads\/sites\/2\/forminator\/10414_47c7fef6f8c6f15ac1daaf1663bdf562\/uploads\/4St98bMIHreY-PROGRAMACION-RENOVACION-CARISMATICA-CATOLICA.pdf\" target=\"_blank\">4St98bMIHreY-PROGRAMACION-RENOVACION-CARISMATICA-CATOLICA.pdf<\/a><\/td>\n                    <td style=\"\">21\/09\/2025 10:18 PM<\/td>\n            <\/tr>\n            <tr id=\"table_3_row_648\">\n                    <td style=\"\">Programaci\u00f3n Parroquial<\/td>\n                    <td style=\"\">P068 PABELL\u00d3N DE GUADALUPE(PABELL\u00d3N DE ARTEAGA)<\/td>\n                    <td style=\"\">Familiar<\/td>\n                    <td style=\"\"><\/td>\n                    <td style=\"\"><\/td>\n                    <td style=\"\"><a href=\"https:\/\/diocesisdeaguascalientes.mx\/vicaria-de-pastoral\/wp-content\/uploads\/sites\/2\/forminator\/10414_47c7fef6f8c6f15ac1daaf1663bdf562\/uploads\/b1fPjsYJJJka-PROGRAMACION-DE-PASTORAL-FAMILIAR.pdf\" target=\"_blank\">b1fPjsYJJJka-PROGRAMACION-DE-PASTORAL-FAMILIAR.pdf<\/a><\/td>\n                    <td style=\"\">21\/09\/2025 10:17 PM<\/td>\n            <\/tr>\n            <tr id=\"table_3_row_649\">\n                    <td style=\"\">Programaci\u00f3n Parroquial<\/td>\n                    <td style=\"\">P068 PABELL\u00d3N DE GUADALUPE(PABELL\u00d3N DE ARTEAGA)<\/td>\n                    <td style=\"\">Lit\u00fargica<\/td>\n                    <td style=\"\"><\/td>\n                    <td style=\"\"><\/td>\n                    <td style=\"\"><a href=\"https:\/\/diocesisdeaguascalientes.mx\/vicaria-de-pastoral\/wp-content\/uploads\/sites\/2\/forminator\/10414_47c7fef6f8c6f15ac1daaf1663bdf562\/uploads\/2azP7tIEHH4Z-PROGRAMACION-PASTORAL-LITURGICA.pdf\" target=\"_blank\">2azP7tIEHH4Z-PROGRAMACION-PASTORAL-LITURGICA.pdf<\/a><\/td>\n                    <td style=\"\">21\/09\/2025 10:16 PM<\/td>\n            <\/tr>\n            <tr id=\"table_3_row_650\">\n                    <td style=\"\">Programaci\u00f3n Parroquial<\/td>\n                    <td style=\"\">P068 PABELL\u00d3N DE GUADALUPE(PABELL\u00d3N DE ARTEAGA)<\/td>\n                    <td style=\"\">Prof\u00e9tica<\/td>\n                    <td style=\"\"><\/td>\n                    <td style=\"\"><\/td>\n                    <td style=\"\"><a href=\"https:\/\/diocesisdeaguascalientes.mx\/vicaria-de-pastoral\/wp-content\/uploads\/sites\/2\/forminator\/10414_47c7fef6f8c6f15ac1daaf1663bdf562\/uploads\/ogiazi5jX4yB-PROGRAMACION-DE-PASTORAL-PROFETICA.pdf\" target=\"_blank\">ogiazi5jX4yB-PROGRAMACION-DE-PASTORAL-PROFETICA.pdf<\/a><\/td>\n                    <td style=\"\">21\/09\/2025 10:15 PM<\/td>\n            <\/tr>\n            <tr id=\"table_3_row_651\">\n                    <td style=\"\">Programaci\u00f3n Parroquial<\/td>\n                    <td style=\"\">P068 PABELL\u00d3N DE GUADALUPE(PABELL\u00d3N DE ARTEAGA)<\/td>\n                    <td style=\"\">Animaci\u00f3n Pastoral (CPP)<\/td>\n                    <td style=\"\"><\/td>\n                    <td style=\"\"><\/td>\n                    <td style=\"\"><a href=\"https:\/\/diocesisdeaguascalientes.mx\/vicaria-de-pastoral\/wp-content\/uploads\/sites\/2\/forminator\/10414_47c7fef6f8c6f15ac1daaf1663bdf562\/uploads\/y0R2lX2Rgg0G-PROGRAMACION-DE-CONSEJO-PARROQUIAL.pdf\" target=\"_blank\">y0R2lX2Rgg0G-PROGRAMACION-DE-CONSEJO-PARROQUIAL.pdf<\/a><\/td>\n                    <td style=\"\">21\/09\/2025 10:14 PM<\/td>\n            <\/tr>\n            <tr id=\"table_3_row_652\">\n                    <td style=\"\">Programaci\u00f3n Parroquial<\/td>\n                    <td style=\"\">P095 SE\u00d1OR DEL ENCINO(BARRIO DEL ENCINO)<\/td>\n                    <td style=\"\">Organismos Eclesiales Laicales (OEL)<\/td>\n                    <td style=\"\">3.Adoraci\u00f3n, Comunidad, Trabajo, Servicio (ACTS)<\/td>\n                    <td style=\"\"><\/td>\n                    <td style=\"\"><a href=\"https:\/\/diocesisdeaguascalientes.mx\/vicaria-de-pastoral\/wp-content\/uploads\/sites\/2\/forminator\/10414_47c7fef6f8c6f15ac1daaf1663bdf562\/uploads\/wsgBeQdqLFIm-Programa-ACTS-2025-2026.pdf\" target=\"_blank\">wsgBeQdqLFIm-Programa-ACTS-2025-2026.pdf<\/a><\/td>\n                    <td style=\"\">21\/09\/2025 09:28 PM<\/td>\n            <\/tr>\n            <tr id=\"table_3_row_653\">\n                    <td style=\"\">Programaci\u00f3n Decanal<\/td>\n                    <td style=\"\"><\/td>\n                    <td style=\"\"><\/td>\n                    <td style=\"\"><\/td>\n                    <td style=\"\"><\/td>\n                    <td style=\"\"><a href=\"https:\/\/diocesisdeaguascalientes.mx\/vicaria-de-pastoral\/wp-content\/uploads\/sites\/2\/forminator\/10414_47c7fef6f8c6f15ac1daaf1663bdf562\/uploads\/JL0sguOnZU2U-PASTORAL-JUVENIL.pdf\" target=\"_blank\">JL0sguOnZU2U-PASTORAL-JUVENIL.pdf<\/a><\/td>\n                    <td style=\"\">21\/09\/2025 08:25 PM<\/td>\n            <\/tr>\n            <tr id=\"table_3_row_654\">\n                    <td style=\"\">Programaci\u00f3n Parroquial<\/td>\n                    <td style=\"\">P092 SANTA MAR\u00cdA REINA(COLINAS DEL R\u00cdO)<\/td>\n                    <td style=\"\">Lit\u00fargica<\/td>\n                    <td style=\"\"><\/td>\n                    <td style=\"\"><\/td>\n                    <td style=\"\"><a href=\"https:\/\/diocesisdeaguascalientes.mx\/vicaria-de-pastoral\/wp-content\/uploads\/sites\/2\/forminator\/10414_47c7fef6f8c6f15ac1daaf1663bdf562\/uploads\/5hKZtdBBGdPe-PROGRAMACION-PASTORAL-LITURGICA-2025-2026.pdf\" target=\"_blank\">5hKZtdBBGdPe-PROGRAMACION-PASTORAL-LITURGICA-2025-2026.pdf<\/a><\/td>\n                    <td style=\"\">21\/09\/2025 06:18 PM<\/td>\n            <\/tr>\n            <tr id=\"table_3_row_655\">\n                    <td style=\"\">Programaci\u00f3n Parroquial<\/td>\n                    <td style=\"\">P092 SANTA MAR\u00cdA REINA(COLINAS DEL R\u00cdO)<\/td>\n                    <td style=\"\">Lit\u00fargica<\/td>\n                    <td style=\"\"><\/td>\n                    <td style=\"\"><\/td>\n                    <td style=\"\"><a href=\"https:\/\/diocesisdeaguascalientes.mx\/vicaria-de-pastoral\/wp-content\/uploads\/sites\/2\/forminator\/10414_47c7fef6f8c6f15ac1daaf1663bdf562\/uploads\/OexxtWZr3kvV-PROGRAMACION-PASTORAL-LITURGICA-2025-2026.pdf\" target=\"_blank\">OexxtWZr3kvV-PROGRAMACION-PASTORAL-LITURGICA-2025-2026.pdf<\/a><\/td>\n                    <td style=\"\">21\/09\/2025 06:13 PM<\/td>\n            <\/tr>\n            <tr id=\"table_3_row_656\">\n                    <td style=\"\">Programaci\u00f3n Decanal<\/td>\n                    <td style=\"\"><\/td>\n                    <td style=\"\"><\/td>\n                    <td style=\"\"><\/td>\n                    <td style=\"\"><\/td>\n                    <td style=\"\"><a href=\"https:\/\/diocesisdeaguascalientes.mx\/vicaria-de-pastoral\/wp-content\/uploads\/sites\/2\/forminator\/10414_47c7fef6f8c6f15ac1daaf1663bdf562\/uploads\/5TLlJat42myK-PASTORAL-DE-LA-COMUNICACION.pdf\" target=\"_blank\">5TLlJat42myK-PASTORAL-DE-LA-COMUNICACION.pdf<\/a><\/td>\n                    <td style=\"\">21\/09\/2025 02:33 PM<\/td>\n            <\/tr>\n            <tr id=\"table_3_row_657\">\n                    <td style=\"\">Programaci\u00f3n Parroquial<\/td>\n                    <td style=\"\">P028 NUESTRA SE\u00d1ORA DE F\u00c1TIMA(F\u00c1TIMA)<\/td>\n                    <td style=\"\">Organismos Eclesiales Laicales (OEL)<\/td>\n                    <td style=\"\">30.Mater F\u00e1tima<\/td>\n                    <td style=\"\"><\/td>\n                    <td style=\"\"><a href=\"https:\/\/diocesisdeaguascalientes.mx\/vicaria-de-pastoral\/wp-content\/uploads\/sites\/2\/forminator\/10414_47c7fef6f8c6f15ac1daaf1663bdf562\/uploads\/lrYAOyQpojmt-PROGRAMACION-ANUAL-MATER-FATIMA-2025-2026-Diocesis-Final.pdf\" target=\"_blank\">lrYAOyQpojmt-PROGRAMACION-ANUAL-MATER-FATIMA-2025-2026-Diocesis-Final.pdf<\/a><\/td>\n                    <td style=\"\">21\/09\/2025 02:09 PM<\/td>\n            <\/tr>\n            <tr id=\"table_3_row_658\">\n                    <td style=\"\">Programaci\u00f3n Parroquial<\/td>\n                    <td style=\"\">P028 NUESTRA SE\u00d1ORA DE F\u00c1TIMA(F\u00c1TIMA)<\/td>\n                    <td style=\"\">Juvenil<\/td>\n                    <td style=\"\"><\/td>\n                    <td style=\"\"><\/td>\n                    <td style=\"\"><a href=\"https:\/\/diocesisdeaguascalientes.mx\/vicaria-de-pastoral\/wp-content\/uploads\/sites\/2\/forminator\/10414_47c7fef6f8c6f15ac1daaf1663bdf562\/uploads\/kxLx68KpDvmz-PASTORAL-JUVENIL.pdf\" target=\"_blank\">kxLx68KpDvmz-PASTORAL-JUVENIL.pdf<\/a><\/td>\n                    <td style=\"\">21\/09\/2025 02:07 PM<\/td>\n            <\/tr>\n            <tr id=\"table_3_row_659\">\n                    <td style=\"\">Programaci\u00f3n Parroquial<\/td>\n                    <td style=\"\">P028 NUESTRA SE\u00d1ORA DE F\u00c1TIMA(F\u00c1TIMA)<\/td>\n                    <td style=\"\">Adolescentes<\/td>\n                    <td style=\"\"><\/td>\n                    <td style=\"\"><\/td>\n                    <td style=\"\"><a href=\"https:\/\/diocesisdeaguascalientes.mx\/vicaria-de-pastoral\/wp-content\/uploads\/sites\/2\/forminator\/10414_47c7fef6f8c6f15ac1daaf1663bdf562\/uploads\/v3eLPsGHrbdP-PASTORAL-DE-ADOLESCENTES.pdf\" target=\"_blank\">v3eLPsGHrbdP-PASTORAL-DE-ADOLESCENTES.pdf<\/a><\/td>\n                    <td style=\"\">21\/09\/2025 02:07 PM<\/td>\n            <\/tr>\n            <tr id=\"table_3_row_660\">\n                    <td style=\"\">Programaci\u00f3n Parroquial<\/td>\n                    <td style=\"\">P028 NUESTRA SE\u00d1ORA DE F\u00c1TIMA(F\u00c1TIMA)<\/td>\n                    <td style=\"\">Familiar<\/td>\n                    <td style=\"\"><\/td>\n                    <td style=\"\"><\/td>\n                    <td style=\"\"><a href=\"https:\/\/diocesisdeaguascalientes.mx\/vicaria-de-pastoral\/wp-content\/uploads\/sites\/2\/forminator\/10414_47c7fef6f8c6f15ac1daaf1663bdf562\/uploads\/5epWBN38qoEI-PASTORAL-FAMILIAR.pdf\" target=\"_blank\">5epWBN38qoEI-PASTORAL-FAMILIAR.pdf<\/a><\/td>\n                    <td style=\"\">21\/09\/2025 02:06 PM<\/td>\n            <\/tr>\n            <tr id=\"table_3_row_661\">\n                    <td style=\"\">Programaci\u00f3n Parroquial<\/td>\n                    <td style=\"\">P028 NUESTRA SE\u00d1ORA DE F\u00c1TIMA(F\u00c1TIMA)<\/td>\n                    <td style=\"\">Social<\/td>\n                    <td style=\"\"><\/td>\n                    <td style=\"\"><\/td>\n                    <td style=\"\"><a href=\"https:\/\/diocesisdeaguascalientes.mx\/vicaria-de-pastoral\/wp-content\/uploads\/sites\/2\/forminator\/10414_47c7fef6f8c6f15ac1daaf1663bdf562\/uploads\/9aTIUWTIksTM-PASTORAL-SOCIAL.pdf\" target=\"_blank\">9aTIUWTIksTM-PASTORAL-SOCIAL.pdf<\/a><\/td>\n                    <td style=\"\">21\/09\/2025 02:05 PM<\/td>\n            <\/tr>\n            <tr id=\"table_3_row_662\">\n                    <td style=\"\">Programaci\u00f3n Parroquial<\/td>\n                    <td style=\"\">P028 NUESTRA SE\u00d1ORA DE F\u00c1TIMA(F\u00c1TIMA)<\/td>\n                    <td style=\"\">Lit\u00fargica<\/td>\n                    <td style=\"\"><\/td>\n                    <td style=\"\"><\/td>\n                    <td style=\"\"><a href=\"https:\/\/diocesisdeaguascalientes.mx\/vicaria-de-pastoral\/wp-content\/uploads\/sites\/2\/forminator\/10414_47c7fef6f8c6f15ac1daaf1663bdf562\/uploads\/Qqu5CP1aTFPe-LITURGIA.pdf\" target=\"_blank\">Qqu5CP1aTFPe-LITURGIA.pdf<\/a><\/td>\n                    <td style=\"\">21\/09\/2025 02:04 PM<\/td>\n            <\/tr>\n            <tr id=\"table_3_row_663\">\n                    <td style=\"\">Programaci\u00f3n Parroquial<\/td>\n                    <td style=\"\">P028 NUESTRA SE\u00d1ORA DE F\u00c1TIMA(F\u00c1TIMA)<\/td>\n                    <td style=\"\">Prof\u00e9tica<\/td>\n                    <td style=\"\"><\/td>\n                    <td style=\"\"><\/td>\n                    <td style=\"\"><a href=\"https:\/\/diocesisdeaguascalientes.mx\/vicaria-de-pastoral\/wp-content\/uploads\/sites\/2\/forminator\/10414_47c7fef6f8c6f15ac1daaf1663bdf562\/uploads\/3HajqeBVWA6W-PASTORAL-PROFETICA.pdf\" target=\"_blank\">3HajqeBVWA6W-PASTORAL-PROFETICA.pdf<\/a><\/td>\n                    <td style=\"\">21\/09\/2025 02:02 PM<\/td>\n            <\/tr>\n            <tr id=\"table_3_row_664\">\n                    <td style=\"\">Programaci\u00f3n Decanal<\/td>\n                    <td style=\"\"><\/td>\n                    <td style=\"\"><\/td>\n                    <td style=\"\"><\/td>\n                    <td style=\"\"><\/td>\n                    <td style=\"\"><a href=\"https:\/\/diocesisdeaguascalientes.mx\/vicaria-de-pastoral\/wp-content\/uploads\/sites\/2\/forminator\/10414_47c7fef6f8c6f15ac1daaf1663bdf562\/uploads\/eFCce8UvxxLe-Programacion-de-Profetica-Decanal-2025-2026.pdf\" target=\"_blank\">eFCce8UvxxLe-Programacion-de-Profetica-Decanal-2025-2026.pdf<\/a><\/td>\n                    <td style=\"\">21\/09\/2025 07:09 AM<\/td>\n            <\/tr>\n    <\/tbody>        <!-- \/Table body -->\n\n        \n    <\/table>\n\n        <span class=\"powered_by_link d-block m-l-10 m-t-10 m-b-10\">Generated by <a href=\"https:\/\/wpdatatables.com\" rel=\"nofollow\" target=\"_blank\">wpDataTables<\/a><\/span>\n<\/div><style>\ntable.wpDataTable { table-layout: fixed !important; }\ntable.wpDataTable td, table.wpDataTable th { white-space: normal !important; }\ntable.wpDataTable td.numdata { text-align: right !important; }\n<\/style>\nCONTACTO TEL\u00c9FONO\/MAIL (52) 449 9163212 vicariapastoral@diocesisdeaguascalientes.mx DIRECCI\u00d3N Talamantes\u00a0 #410 Barrio de San Marcos C.P. 20070 Hagan lo que \u00c9l les diga<\/p>\n","protected":false},"author":3,"featured_media":0,"parent":10402,"menu_order":0,"comment_status":"closed","ping_status":"closed","template":"","meta":{"_et_pb_use_builder":"on","_et_pb_old_content":"","_et_gb_content_width":"1080","footnotes":""},"class_list":["post-10457","page","type-page","status-publish","hentry"],"_links":{"self":[{"href":"https:\/\/diocesisdeaguascalientes.mx\/vicaria-de-pastoral\/wp-json\/wp\/v2\/pages\/10457","targetHints":{"allow":["GET"]}}],"collection":[{"href":"https:\/\/diocesisdeaguascalientes.mx\/vicaria-de-pastoral\/wp-json\/wp\/v2\/pages"}],"about":[{"href":"https:\/\/diocesisdeaguascalientes.mx\/vicaria-de-pastoral\/wp-json\/wp\/v2\/types\/page"}],"author":[{"embeddable":true,"href":"https:\/\/diocesisdeaguascalientes.mx\/vicaria-de-pastoral\/wp-json\/wp\/v2\/users\/3"}],"replies":[{"embeddable":true,"href":"https:\/\/diocesisdeaguascalientes.mx\/vicaria-de-pastoral\/wp-json\/wp\/v2\/comments?post=10457"}],"version-history":[{"count":6,"href":"https:\/\/diocesisdeaguascalientes.mx\/vicaria-de-pastoral\/wp-json\/wp\/v2\/pages\/10457\/revisions"}],"predecessor-version":[{"id":11082,"href":"https:\/\/diocesisdeaguascalientes.mx\/vicaria-de-pastoral\/wp-json\/wp\/v2\/pages\/10457\/revisions\/11082"}],"up":[{"embeddable":true,"href":"https:\/\/diocesisdeaguascalientes.mx\/vicaria-de-pastoral\/wp-json\/wp\/v2\/pages\/10402"}],"wp:attachment":[{"href":"https:\/\/diocesisdeaguascalientes.mx\/vicaria-de-pastoral\/wp-json\/wp\/v2\/media?parent=10457"}],"curies":[{"name":"wp","href":"https:\/\/api.w.org\/{rel}","templated":true}]}}