{"id":10453,"date":"2025-07-18T14:20:13","date_gmt":"2025-07-18T20:20:13","guid":{"rendered":"https:\/\/diocesisdeaguascalientes.mx\/vicaria-de-pastoral\/?page_id=10453"},"modified":"2025-09-20T13:37:55","modified_gmt":"2025-09-20T19:37:55","slug":"decanal","status":"publish","type":"page","link":"https:\/\/diocesisdeaguascalientes.mx\/vicaria-de-pastoral\/programacion-anual\/decanal\/","title":{"rendered":"Programaci\u00f3n de los Equipos Decanales"},"content":{"rendered":"<p>[et_pb_section fb_built=\u00bb1&#8243; _builder_version=\u00bb4.27.4&#8243; _module_preset=\u00bbdefault\u00bb background_color=\u00bb#004d71&#8243; background_enable_image=\u00bboff\u00bb background_enable_mask_style=\u00bbon\u00bb background_mask_style=\u00bbchevrons\u00bb height=\u00bb150px\u00bb global_colors_info=\u00bb{}\u00bb][et_pb_row _builder_version=\u00bb4.27.4&#8243; _module_preset=\u00bbdefault\u00bb global_colors_info=\u00bb{}\u00bb][et_pb_column type=\u00bb4_4&#8243; _builder_version=\u00bb4.27.4&#8243; _module_preset=\u00bbdefault\u00bb global_colors_info=\u00bb{}\u00bb][et_pb_heading title=\u00bbProgramaci\u00f3n Anual\u00bb _builder_version=\u00bb4.27.4&#8243; _module_preset=\u00bbdefault\u00bb title_font=\u00bbOficial||||||||\u00bb title_text_align=\u00bbleft\u00bb title_text_color=\u00bb#E09900&#8243; title_font_size=\u00bb38px\u00bb global_colors_info=\u00bb{}\u00bb][\/et_pb_heading][\/et_pb_column][\/et_pb_row][\/et_pb_section][et_pb_section fb_built=\u00bb1&#8243; _builder_version=\u00bb4.27.4&#8243; _module_preset=\u00bbdefault\u00bb global_colors_info=\u00bb{}\u00bb][et_pb_row _builder_version=\u00bb4.27.4&#8243; _module_preset=\u00bbdefault\u00bb global_colors_info=\u00bb{}\u00bb][et_pb_column type=\u00bb4_4&#8243; _builder_version=\u00bb4.27.4&#8243; _module_preset=\u00bbdefault\u00bb global_colors_info=\u00bb{}\u00bb][et_pb_heading title=\u00bbProgramaci\u00f3n de los Equipos Decanales\u00bb _builder_version=\u00bb4.27.4&#8243; _module_preset=\u00bbdefault\u00bb title_font=\u00bbSubtitulo||||||||\u00bb title_text_color=\u00bb#004d71&#8243; global_colors_info=\u00bb{}\u00bb][\/et_pb_heading][et_pb_code _builder_version=\u00bb4.27.4&#8243; _module_preset=\u00bbdefault\u00bb global_colors_info=\u00bb{}\u00bb]<h3 class=\"wpdt-c\" id=\"wdt-table-title-2\">Programaci\u00f3n Decanal<\/h3>\n    <div class=\"wpdt-c \">\n    \n<input type=\"hidden\" id=\"wdtNonceFrontendEdit\" name=\"wdtNonceFrontendEdit\" value=\"6945a0e0eb\" \/><input type=\"hidden\" name=\"_wp_http_referer\" value=\"\/vicaria-de-pastoral\/wp-json\/wp\/v2\/pages\/10453\" \/>    <input type=\"hidden\" id=\"table_1_desc\" value='{\"tableId\":\"table_1\",\"tableType\":\"forminator\",\"selector\":\"#table_1\",\"responsive\":true,\"responsiveAction\":\"icon\",\"infoBlock\":true,\"pagination\":1,\"paginationAlign\":\"right\",\"paginationLayout\":\"full_numbers\",\"paginationLayoutMobile\":\"simple\",\"file_location\":\"wp_media_lib\",\"table_wcag\":0,\"simple_template_id\":0,\"scrollable\":false,\"globalSearch\":true,\"showRowsPerPage\":true,\"hideBeforeLoad\":true,\"pagination_top\":0,\"number_format\":1,\"decimalPlaces\":2,\"spinnerSrc\":\"https:\\\/\\\/diocesisdeaguascalientes.mx\\\/vicaria-de-pastoral\\\/wp-content\\\/plugins\\\/wpdatatables\\\/assets\\\/\\\/img\\\/spinner.gif\",\"groupingEnabled\":false,\"tableWpId\":2,\"dataTableParams\":{\"sDom\":\"BT\\u003C\\u0027clear\\u0027\\u003Elftip\",\"bSortCellsTop\":false,\"bPaginate\":true,\"sPaginationType\":\"full_numbers\",\"aLengthMenu\":[[1,5,10,25,50,100,-1],[1,5,10,25,50,100,\"All\"]],\"iDisplayLength\":10,\"columnDefs\":[{\"sType\":\"string\",\"wdtType\":\"string\",\"bVisible\":false,\"orderable\":true,\"searchable\":true,\"InputType\":\"text\",\"name\":\"select2\",\"origHeader\":\"select2\",\"notNull\":false,\"conditionalFormattingRules\":[],\"className\":\" column-select2\",\"sWidth\":\"10%\",\"aTargets\":[0]},{\"sType\":\"string\",\"wdtType\":\"string\",\"bVisible\":true,\"orderable\":true,\"searchable\":true,\"InputType\":\"text\",\"name\":\"select3\",\"origHeader\":\"select3\",\"notNull\":false,\"conditionalFormattingRules\":[],\"className\":\" column-select3\",\"sWidth\":\"30%\",\"aTargets\":[1]},{\"sType\":\"string\",\"wdtType\":\"string\",\"bVisible\":true,\"orderable\":true,\"searchable\":true,\"InputType\":\"text\",\"name\":\"select9\",\"origHeader\":\"select9\",\"notNull\":false,\"conditionalFormattingRules\":[],\"className\":\" column-select9\",\"sWidth\":\"25%\",\"aTargets\":[2]},{\"sType\":\"string\",\"wdtType\":\"link\",\"bVisible\":true,\"orderable\":true,\"searchable\":true,\"InputType\":\"text\",\"name\":\"upload1\",\"origHeader\":\"upload1\",\"notNull\":false,\"conditionalFormattingRules\":[],\"className\":\" column-upload1\",\"sWidth\":\"30%\",\"aTargets\":[3]},{\"sType\":\"date-custom\",\"wdtType\":\"datetime\",\"bVisible\":true,\"orderable\":true,\"searchable\":true,\"InputType\":\"text\",\"name\":\"datecreatedsql\",\"origHeader\":\"datecreatedsql\",\"notNull\":false,\"conditionalFormattingRules\":[],\"className\":\" column-datecreatedsql\",\"aTargets\":[4]}],\"bAutoWidth\":false,\"order\":[[1,\"desc\"]],\"ordering\":true,\"buttons\":[],\"oSearch\":{\"bSmart\":false,\"bRegex\":false,\"sSearch\":\"\"}},\"currentSkin\":\"skin1\",\"tabletWidth\":\"1024\",\"mobileWidth\":\"480\",\"columnsFixed\":0,\"timeFormat\":\"h:i A\",\"datepickFormat\":\"dd\\\/mm\\\/yy\"}'\/>\n\n    <table id=\"table_1\"\n           class=\"           responsive           display nowrap data-t wpDataTable wpDataTableID-2\"\n           style=\"display: none; \"\n           data-described-by='table_1_desc'\n           data-wpdatatable_id=\"2\">\n        \n        <!-- Table header -->\n        \n<thead>\n<tr>\n                    <th\n                data-hide=\"phone\"        class=\"phone wdtheader sort \"\n        style=\"\">Seleccione el tipo de programaci\u00f3n<\/th>        <th\n        data-class=\"expand\"                class=\" wdtheader sort \"\n        style=\"\">Decanato<\/th>        <th\n                        class=\" wdtheader sort \"\n        style=\"\">Seleccione el Equipo Decanal<\/th>        <th\n                        class=\" wdtheader sort \"\n        style=\"\">Archivo<\/th>        <th\n                        class=\" wdtheader sort \"\n        style=\"\">Fecha de Env\u00edo<\/th>    <\/tr>\n<\/thead>\n        <!-- \/Table header -->\n\n        <!-- Table body -->\n        \n<tbody>\n        <tr id=\"table_2_row_0\">\n                    <td style=\"\">Programaci\u00f3n Decanal<\/td>\n                    <td style=\"\">D11 ORIENTE FORANEO SAN MANUEL MORALES<\/td>\n                    <td style=\"\">Organismos Eclesiales Laicales (OEL)<\/td>\n                    <td style=\"\"><a href='<a href=\"https:\/\/diocesisdeaguascalientes.mx\/vicaria-de-pastoral\/wp-content\/uploads\/sites\/2\/forminator\/10414_47c7fef6f8c6f15ac1daaf1663bdf562\/uploads\/KXQPG6h1BO3Y-Programacion-Decanal-25-26-OEL.pdf\" target=\"_blank\">KXQPG6h1BO3Y-Programacion-Decanal-25-26-OEL.pdf<\/a>' rel='' target='_blank'><a href=\"https:\/\/diocesisdeaguascalientes.mx\/vicaria-de-pastoral\/wp-content\/uploads\/sites\/2\/forminator\/10414_47c7fef6f8c6f15ac1daaf1663bdf562\/uploads\/KXQPG6h1BO3Y-Programacion-Decanal-25-26-OEL.pdf\" target=\"_blank\">KXQPG6h1BO3Y-Programacion-Decanal-25-26-OEL.pdf<\/a><\/a><\/td>\n                    <td style=\"\">20\/09\/2025 11:46 PM<\/td>\n            <\/tr>\n            <tr id=\"table_2_row_1\">\n                    <td style=\"\">Programaci\u00f3n Decanal<\/td>\n                    <td style=\"\">D11 ORIENTE FORANEO SAN MANUEL MORALES<\/td>\n                    <td style=\"\">Pastoral Juvenil<\/td>\n                    <td style=\"\"><a href='<a href=\"https:\/\/diocesisdeaguascalientes.mx\/vicaria-de-pastoral\/wp-content\/uploads\/sites\/2\/forminator\/10414_47c7fef6f8c6f15ac1daaf1663bdf562\/uploads\/yLsLUrNWAnVp-Programacion-Decanal-25-26-P-Juvenil.pdf\" target=\"_blank\">yLsLUrNWAnVp-Programacion-Decanal-25-26-P-Juvenil.pdf<\/a>' rel='' target='_blank'><a href=\"https:\/\/diocesisdeaguascalientes.mx\/vicaria-de-pastoral\/wp-content\/uploads\/sites\/2\/forminator\/10414_47c7fef6f8c6f15ac1daaf1663bdf562\/uploads\/yLsLUrNWAnVp-Programacion-Decanal-25-26-P-Juvenil.pdf\" target=\"_blank\">yLsLUrNWAnVp-Programacion-Decanal-25-26-P-Juvenil.pdf<\/a><\/a><\/td>\n                    <td style=\"\">20\/09\/2025 11:28 PM<\/td>\n            <\/tr>\n            <tr id=\"table_2_row_2\">\n                    <td style=\"\">Programaci\u00f3n Decanal<\/td>\n                    <td style=\"\">D11 ORIENTE FORANEO SAN MANUEL MORALES<\/td>\n                    <td style=\"\">Pastoral de Adolescentes<\/td>\n                    <td style=\"\"><a href='<a href=\"https:\/\/diocesisdeaguascalientes.mx\/vicaria-de-pastoral\/wp-content\/uploads\/sites\/2\/forminator\/10414_47c7fef6f8c6f15ac1daaf1663bdf562\/uploads\/tn6N0iXN3TOO-Programacion-Decanal-25-26-P-Adolescentes.pdf\" target=\"_blank\">tn6N0iXN3TOO-Programacion-Decanal-25-26-P-Adolescentes.pdf<\/a>' rel='' target='_blank'><a href=\"https:\/\/diocesisdeaguascalientes.mx\/vicaria-de-pastoral\/wp-content\/uploads\/sites\/2\/forminator\/10414_47c7fef6f8c6f15ac1daaf1663bdf562\/uploads\/tn6N0iXN3TOO-Programacion-Decanal-25-26-P-Adolescentes.pdf\" target=\"_blank\">tn6N0iXN3TOO-Programacion-Decanal-25-26-P-Adolescentes.pdf<\/a><\/a><\/td>\n                    <td style=\"\">20\/09\/2025 11:17 PM<\/td>\n            <\/tr>\n            <tr id=\"table_2_row_3\">\n                    <td style=\"\">Programaci\u00f3n Parroquial<\/td>\n                    <td style=\"\"><\/td>\n                    <td style=\"\"><\/td>\n                    <td style=\"\"><a href='<a href=\"https:\/\/diocesisdeaguascalientes.mx\/vicaria-de-pastoral\/wp-content\/uploads\/sites\/2\/forminator\/10414_47c7fef6f8c6f15ac1daaf1663bdf562\/uploads\/38L0VM37ZdEF-FORMACION-DE-AGENTES-DE-PASTORAL.pdf\" target=\"_blank\">38L0VM37ZdEF-FORMACION-DE-AGENTES-DE-PASTORAL.pdf<\/a>' rel='' target='_blank'><a href=\"https:\/\/diocesisdeaguascalientes.mx\/vicaria-de-pastoral\/wp-content\/uploads\/sites\/2\/forminator\/10414_47c7fef6f8c6f15ac1daaf1663bdf562\/uploads\/38L0VM37ZdEF-FORMACION-DE-AGENTES-DE-PASTORAL.pdf\" target=\"_blank\">38L0VM37ZdEF-FORMACION-DE-AGENTES-DE-PASTORAL.pdf<\/a><\/a><\/td>\n                    <td style=\"\">20\/09\/2025 10:07 PM<\/td>\n            <\/tr>\n            <tr id=\"table_2_row_4\">\n                    <td style=\"\">Programaci\u00f3n Parroquial<\/td>\n                    <td style=\"\"><\/td>\n                    <td style=\"\"><\/td>\n                    <td style=\"\"><a href='<a href=\"https:\/\/diocesisdeaguascalientes.mx\/vicaria-de-pastoral\/wp-content\/uploads\/sites\/2\/forminator\/10414_47c7fef6f8c6f15ac1daaf1663bdf562\/uploads\/Qa467LqMkTyv-PASTORAL-LITURGICA-ADORACION-NOCTURNA.pdf\" target=\"_blank\">Qa467LqMkTyv-PASTORAL-LITURGICA-ADORACION-NOCTURNA.pdf<\/a>' rel='' target='_blank'><a href=\"https:\/\/diocesisdeaguascalientes.mx\/vicaria-de-pastoral\/wp-content\/uploads\/sites\/2\/forminator\/10414_47c7fef6f8c6f15ac1daaf1663bdf562\/uploads\/Qa467LqMkTyv-PASTORAL-LITURGICA-ADORACION-NOCTURNA.pdf\" target=\"_blank\">Qa467LqMkTyv-PASTORAL-LITURGICA-ADORACION-NOCTURNA.pdf<\/a><\/a><\/td>\n                    <td style=\"\">20\/09\/2025 10:05 PM<\/td>\n            <\/tr>\n            <tr id=\"table_2_row_5\">\n                    <td style=\"\">Programaci\u00f3n Parroquial<\/td>\n                    <td style=\"\"><\/td>\n                    <td style=\"\"><\/td>\n                    <td style=\"\"><a href='<a href=\"https:\/\/diocesisdeaguascalientes.mx\/vicaria-de-pastoral\/wp-content\/uploads\/sites\/2\/forminator\/10414_47c7fef6f8c6f15ac1daaf1663bdf562\/uploads\/NAw7W9lNBso6-TALLER-DE-ORACION-Y-VIDA.pdf\" target=\"_blank\">NAw7W9lNBso6-TALLER-DE-ORACION-Y-VIDA.pdf<\/a>' rel='' target='_blank'><a href=\"https:\/\/diocesisdeaguascalientes.mx\/vicaria-de-pastoral\/wp-content\/uploads\/sites\/2\/forminator\/10414_47c7fef6f8c6f15ac1daaf1663bdf562\/uploads\/NAw7W9lNBso6-TALLER-DE-ORACION-Y-VIDA.pdf\" target=\"_blank\">NAw7W9lNBso6-TALLER-DE-ORACION-Y-VIDA.pdf<\/a><\/a><\/td>\n                    <td style=\"\">20\/09\/2025 09:59 PM<\/td>\n            <\/tr>\n            <tr id=\"table_2_row_6\">\n                    <td style=\"\">Programaci\u00f3n Parroquial<\/td>\n                    <td style=\"\"><\/td>\n                    <td style=\"\"><\/td>\n                    <td style=\"\"><a href='<a href=\"https:\/\/diocesisdeaguascalientes.mx\/vicaria-de-pastoral\/wp-content\/uploads\/sites\/2\/forminator\/10414_47c7fef6f8c6f15ac1daaf1663bdf562\/uploads\/YA3WY2hAv8Qa-PASTORAL-SOCIAL-PARROQUIA-DE-JESUS-NAZARENO.pdf\" target=\"_blank\">YA3WY2hAv8Qa-PASTORAL-SOCIAL-PARROQUIA-DE-JESUS-NAZARENO.pdf<\/a>' rel='' target='_blank'><a href=\"https:\/\/diocesisdeaguascalientes.mx\/vicaria-de-pastoral\/wp-content\/uploads\/sites\/2\/forminator\/10414_47c7fef6f8c6f15ac1daaf1663bdf562\/uploads\/YA3WY2hAv8Qa-PASTORAL-SOCIAL-PARROQUIA-DE-JESUS-NAZARENO.pdf\" target=\"_blank\">YA3WY2hAv8Qa-PASTORAL-SOCIAL-PARROQUIA-DE-JESUS-NAZARENO.pdf<\/a><\/a><\/td>\n                    <td style=\"\">20\/09\/2025 09:08 PM<\/td>\n            <\/tr>\n            <tr id=\"table_2_row_7\">\n                    <td style=\"\">Programaci\u00f3n Parroquial<\/td>\n                    <td style=\"\"><\/td>\n                    <td style=\"\"><\/td>\n                    <td style=\"\"><a href='<a href=\"https:\/\/diocesisdeaguascalientes.mx\/vicaria-de-pastoral\/wp-content\/uploads\/sites\/2\/forminator\/10414_47c7fef6f8c6f15ac1daaf1663bdf562\/uploads\/hV5rD19Vf0FS-LITURGIA.pdf\" target=\"_blank\">hV5rD19Vf0FS-LITURGIA.pdf<\/a>' rel='' target='_blank'><a href=\"https:\/\/diocesisdeaguascalientes.mx\/vicaria-de-pastoral\/wp-content\/uploads\/sites\/2\/forminator\/10414_47c7fef6f8c6f15ac1daaf1663bdf562\/uploads\/hV5rD19Vf0FS-LITURGIA.pdf\" target=\"_blank\">hV5rD19Vf0FS-LITURGIA.pdf<\/a><\/a><\/td>\n                    <td style=\"\">20\/09\/2025 09:06 PM<\/td>\n            <\/tr>\n            <tr id=\"table_2_row_8\">\n                    <td style=\"\">Programaci\u00f3n Parroquial<\/td>\n                    <td style=\"\"><\/td>\n                    <td style=\"\"><\/td>\n                    <td style=\"\"><a href='<a href=\"https:\/\/diocesisdeaguascalientes.mx\/vicaria-de-pastoral\/wp-content\/uploads\/sites\/2\/forminator\/10414_47c7fef6f8c6f15ac1daaf1663bdf562\/uploads\/cgjJpuEyJPDW-Programacion-parroquial-de-Pastoral-Profetica.pdf\" target=\"_blank\">cgjJpuEyJPDW-Programacion-parroquial-de-Pastoral-Profetica.pdf<\/a>' rel='' target='_blank'><a href=\"https:\/\/diocesisdeaguascalientes.mx\/vicaria-de-pastoral\/wp-content\/uploads\/sites\/2\/forminator\/10414_47c7fef6f8c6f15ac1daaf1663bdf562\/uploads\/cgjJpuEyJPDW-Programacion-parroquial-de-Pastoral-Profetica.pdf\" target=\"_blank\">cgjJpuEyJPDW-Programacion-parroquial-de-Pastoral-Profetica.pdf<\/a><\/a><\/td>\n                    <td style=\"\">20\/09\/2025 09:04 PM<\/td>\n            <\/tr>\n            <tr id=\"table_2_row_9\">\n                    <td style=\"\">Programaci\u00f3n Parroquial<\/td>\n                    <td style=\"\"><\/td>\n                    <td style=\"\"><\/td>\n                    <td style=\"\"><a href='<a href=\"https:\/\/diocesisdeaguascalientes.mx\/vicaria-de-pastoral\/wp-content\/uploads\/sites\/2\/forminator\/10414_47c7fef6f8c6f15ac1daaf1663bdf562\/uploads\/pEJtmJtYfPig-Pastoral-Adolecentes-.pdf\" target=\"_blank\">pEJtmJtYfPig-Pastoral-Adolecentes-.pdf<\/a>' rel='' target='_blank'><a href=\"https:\/\/diocesisdeaguascalientes.mx\/vicaria-de-pastoral\/wp-content\/uploads\/sites\/2\/forminator\/10414_47c7fef6f8c6f15ac1daaf1663bdf562\/uploads\/pEJtmJtYfPig-Pastoral-Adolecentes-.pdf\" target=\"_blank\">pEJtmJtYfPig-Pastoral-Adolecentes-.pdf<\/a><\/a><\/td>\n                    <td style=\"\">20\/09\/2025 07:35 PM<\/td>\n            <\/tr>\n            <tr id=\"table_2_row_10\">\n                    <td style=\"\">Programaci\u00f3n Parroquial<\/td>\n                    <td style=\"\"><\/td>\n                    <td style=\"\"><\/td>\n                    <td style=\"\"><a href='<a href=\"https:\/\/diocesisdeaguascalientes.mx\/vicaria-de-pastoral\/wp-content\/uploads\/sites\/2\/forminator\/10414_47c7fef6f8c6f15ac1daaf1663bdf562\/uploads\/bCSeOSCWmGGv-Pastoral-Adolecentes-.pdf\" target=\"_blank\">bCSeOSCWmGGv-Pastoral-Adolecentes-.pdf<\/a>' rel='' target='_blank'><a href=\"https:\/\/diocesisdeaguascalientes.mx\/vicaria-de-pastoral\/wp-content\/uploads\/sites\/2\/forminator\/10414_47c7fef6f8c6f15ac1daaf1663bdf562\/uploads\/bCSeOSCWmGGv-Pastoral-Adolecentes-.pdf\" target=\"_blank\">bCSeOSCWmGGv-Pastoral-Adolecentes-.pdf<\/a><\/a><\/td>\n                    <td style=\"\">20\/09\/2025 07:31 PM<\/td>\n            <\/tr>\n            <tr id=\"table_2_row_11\">\n                    <td style=\"\">Programaci\u00f3n Parroquial<\/td>\n                    <td style=\"\"><\/td>\n                    <td style=\"\"><\/td>\n                    <td style=\"\"><a href='<a href=\"https:\/\/diocesisdeaguascalientes.mx\/vicaria-de-pastoral\/wp-content\/uploads\/sites\/2\/forminator\/10414_47c7fef6f8c6f15ac1daaf1663bdf562\/uploads\/cVKFq8mVMFqJ-Programacion-Profetica.pdf\" target=\"_blank\">cVKFq8mVMFqJ-Programacion-Profetica.pdf<\/a>' rel='' target='_blank'><a href=\"https:\/\/diocesisdeaguascalientes.mx\/vicaria-de-pastoral\/wp-content\/uploads\/sites\/2\/forminator\/10414_47c7fef6f8c6f15ac1daaf1663bdf562\/uploads\/cVKFq8mVMFqJ-Programacion-Profetica.pdf\" target=\"_blank\">cVKFq8mVMFqJ-Programacion-Profetica.pdf<\/a><\/a><\/td>\n                    <td style=\"\">20\/09\/2025 07:30 PM<\/td>\n            <\/tr>\n            <tr id=\"table_2_row_12\">\n                    <td style=\"\">Programaci\u00f3n Parroquial<\/td>\n                    <td style=\"\"><\/td>\n                    <td style=\"\"><\/td>\n                    <td style=\"\"><a href='<a href=\"https:\/\/diocesisdeaguascalientes.mx\/vicaria-de-pastoral\/wp-content\/uploads\/sites\/2\/forminator\/10414_47c7fef6f8c6f15ac1daaf1663bdf562\/uploads\/lidLXGqetDrA-Pastoral-Liturgia-.pdf\" target=\"_blank\">lidLXGqetDrA-Pastoral-Liturgia-.pdf<\/a>' rel='' target='_blank'><a href=\"https:\/\/diocesisdeaguascalientes.mx\/vicaria-de-pastoral\/wp-content\/uploads\/sites\/2\/forminator\/10414_47c7fef6f8c6f15ac1daaf1663bdf562\/uploads\/lidLXGqetDrA-Pastoral-Liturgia-.pdf\" target=\"_blank\">lidLXGqetDrA-Pastoral-Liturgia-.pdf<\/a><\/a><\/td>\n                    <td style=\"\">20\/09\/2025 07:29 PM<\/td>\n            <\/tr>\n            <tr id=\"table_2_row_13\">\n                    <td style=\"\">Programaci\u00f3n Decanal<\/td>\n                    <td style=\"\">D11 ORIENTE FORANEO SAN MANUEL MORALES<\/td>\n                    <td style=\"\">Pastoral Familiar<\/td>\n                    <td style=\"\"><a href='<a href=\"https:\/\/diocesisdeaguascalientes.mx\/vicaria-de-pastoral\/wp-content\/uploads\/sites\/2\/forminator\/10414_47c7fef6f8c6f15ac1daaf1663bdf562\/uploads\/kxoFKWz7ULEv-Programacion-Decanal-25-26-P-Familiar.pdf\" target=\"_blank\">kxoFKWz7ULEv-Programacion-Decanal-25-26-P-Familiar.pdf<\/a>' rel='' target='_blank'><a href=\"https:\/\/diocesisdeaguascalientes.mx\/vicaria-de-pastoral\/wp-content\/uploads\/sites\/2\/forminator\/10414_47c7fef6f8c6f15ac1daaf1663bdf562\/uploads\/kxoFKWz7ULEv-Programacion-Decanal-25-26-P-Familiar.pdf\" target=\"_blank\">kxoFKWz7ULEv-Programacion-Decanal-25-26-P-Familiar.pdf<\/a><\/a><\/td>\n                    <td style=\"\">20\/09\/2025 06:50 PM<\/td>\n            <\/tr>\n            <tr id=\"table_2_row_14\">\n                    <td style=\"\">Programaci\u00f3n Parroquial<\/td>\n                    <td style=\"\"><\/td>\n                    <td style=\"\"><\/td>\n                    <td style=\"\"><a href='<a href=\"https:\/\/diocesisdeaguascalientes.mx\/vicaria-de-pastoral\/wp-content\/uploads\/sites\/2\/forminator\/10414_47c7fef6f8c6f15ac1daaf1663bdf562\/uploads\/XALIfN6RSxJH-Programacion-juvenil-1.pdf\" target=\"_blank\">XALIfN6RSxJH-Programacion-juvenil-1.pdf<\/a>' rel='' target='_blank'><a href=\"https:\/\/diocesisdeaguascalientes.mx\/vicaria-de-pastoral\/wp-content\/uploads\/sites\/2\/forminator\/10414_47c7fef6f8c6f15ac1daaf1663bdf562\/uploads\/XALIfN6RSxJH-Programacion-juvenil-1.pdf\" target=\"_blank\">XALIfN6RSxJH-Programacion-juvenil-1.pdf<\/a><\/a><\/td>\n                    <td style=\"\">20\/09\/2025 06:39 PM<\/td>\n            <\/tr>\n            <tr id=\"table_2_row_15\">\n                    <td style=\"\">Programaci\u00f3n Decanal<\/td>\n                    <td style=\"\">D11 ORIENTE FORANEO SAN MANUEL MORALES<\/td>\n                    <td style=\"\">Pastoral Social<\/td>\n                    <td style=\"\"><a href='<a href=\"https:\/\/diocesisdeaguascalientes.mx\/vicaria-de-pastoral\/wp-content\/uploads\/sites\/2\/forminator\/10414_47c7fef6f8c6f15ac1daaf1663bdf562\/uploads\/Bn5MhIYweQW5-Programacion-Decanal-25-26-P.-Social.pdf\" target=\"_blank\">Bn5MhIYweQW5-Programacion-Decanal-25-26-P.-Social.pdf<\/a>' rel='' target='_blank'><a href=\"https:\/\/diocesisdeaguascalientes.mx\/vicaria-de-pastoral\/wp-content\/uploads\/sites\/2\/forminator\/10414_47c7fef6f8c6f15ac1daaf1663bdf562\/uploads\/Bn5MhIYweQW5-Programacion-Decanal-25-26-P.-Social.pdf\" target=\"_blank\">Bn5MhIYweQW5-Programacion-Decanal-25-26-P.-Social.pdf<\/a><\/a><\/td>\n                    <td style=\"\">20\/09\/2025 06:39 PM<\/td>\n            <\/tr>\n            <tr id=\"table_2_row_16\">\n                    <td style=\"\">Programaci\u00f3n Decanal<\/td>\n                    <td style=\"\">D11 ORIENTE FORANEO SAN MANUEL MORALES<\/td>\n                    <td style=\"\">Pastoral Lit\u00fargica<\/td>\n                    <td style=\"\"><a href='<a href=\"https:\/\/diocesisdeaguascalientes.mx\/vicaria-de-pastoral\/wp-content\/uploads\/sites\/2\/forminator\/10414_47c7fef6f8c6f15ac1daaf1663bdf562\/uploads\/xNEECUvTHhBa-Programacion-decanal-LITURGIA-2025-2026.pdf\" target=\"_blank\">xNEECUvTHhBa-Programacion-decanal-LITURGIA-2025-2026.pdf<\/a>' rel='' target='_blank'><a href=\"https:\/\/diocesisdeaguascalientes.mx\/vicaria-de-pastoral\/wp-content\/uploads\/sites\/2\/forminator\/10414_47c7fef6f8c6f15ac1daaf1663bdf562\/uploads\/xNEECUvTHhBa-Programacion-decanal-LITURGIA-2025-2026.pdf\" target=\"_blank\">xNEECUvTHhBa-Programacion-decanal-LITURGIA-2025-2026.pdf<\/a><\/a><\/td>\n                    <td style=\"\">20\/09\/2025 06:38 PM<\/td>\n            <\/tr>\n            <tr id=\"table_2_row_17\">\n                    <td style=\"\">Programaci\u00f3n Parroquial<\/td>\n                    <td style=\"\"><\/td>\n                    <td style=\"\"><\/td>\n                    <td style=\"\"><a href='<a href=\"https:\/\/diocesisdeaguascalientes.mx\/vicaria-de-pastoral\/wp-content\/uploads\/sites\/2\/forminator\/10414_47c7fef6f8c6f15ac1daaf1663bdf562\/uploads\/jqnNOStbryYR-Programacion-Adolescentes-1.pdf\" target=\"_blank\">jqnNOStbryYR-Programacion-Adolescentes-1.pdf<\/a>' rel='' target='_blank'><a href=\"https:\/\/diocesisdeaguascalientes.mx\/vicaria-de-pastoral\/wp-content\/uploads\/sites\/2\/forminator\/10414_47c7fef6f8c6f15ac1daaf1663bdf562\/uploads\/jqnNOStbryYR-Programacion-Adolescentes-1.pdf\" target=\"_blank\">jqnNOStbryYR-Programacion-Adolescentes-1.pdf<\/a><\/a><\/td>\n                    <td style=\"\">20\/09\/2025 06:38 PM<\/td>\n            <\/tr>\n            <tr id=\"table_2_row_18\">\n                    <td style=\"\">Programaci\u00f3n Decanal<\/td>\n                    <td style=\"\">D11 ORIENTE FORANEO SAN MANUEL MORALES<\/td>\n                    <td style=\"\">Pastoral Prof\u00e9tica<\/td>\n                    <td style=\"\"><a href='<a href=\"https:\/\/diocesisdeaguascalientes.mx\/vicaria-de-pastoral\/wp-content\/uploads\/sites\/2\/forminator\/10414_47c7fef6f8c6f15ac1daaf1663bdf562\/uploads\/WK0PgPCG11uj-Programacion-Decanal-25-26-P.-Profetica.pdf\" target=\"_blank\">WK0PgPCG11uj-Programacion-Decanal-25-26-P.-Profetica.pdf<\/a>' rel='' target='_blank'><a href=\"https:\/\/diocesisdeaguascalientes.mx\/vicaria-de-pastoral\/wp-content\/uploads\/sites\/2\/forminator\/10414_47c7fef6f8c6f15ac1daaf1663bdf562\/uploads\/WK0PgPCG11uj-Programacion-Decanal-25-26-P.-Profetica.pdf\" target=\"_blank\">WK0PgPCG11uj-Programacion-Decanal-25-26-P.-Profetica.pdf<\/a><\/a><\/td>\n                    <td style=\"\">20\/09\/2025 06:38 PM<\/td>\n            <\/tr>\n            <tr id=\"table_2_row_19\">\n                    <td style=\"\">Programaci\u00f3n Decanal<\/td>\n                    <td style=\"\">D11 ORIENTE FORANEO SAN MANUEL MORALES<\/td>\n                    <td style=\"\">Animaci\u00f3n Pastoral<\/td>\n                    <td style=\"\"><a href='<a href=\"https:\/\/diocesisdeaguascalientes.mx\/vicaria-de-pastoral\/wp-content\/uploads\/sites\/2\/forminator\/10414_47c7fef6f8c6f15ac1daaf1663bdf562\/uploads\/b9NwqIVhwL6Y-Programacion-Decanal-25-26-P-Animacion-.pdf\" target=\"_blank\">b9NwqIVhwL6Y-Programacion-Decanal-25-26-P-Animacion-.pdf<\/a>' rel='' target='_blank'><a href=\"https:\/\/diocesisdeaguascalientes.mx\/vicaria-de-pastoral\/wp-content\/uploads\/sites\/2\/forminator\/10414_47c7fef6f8c6f15ac1daaf1663bdf562\/uploads\/b9NwqIVhwL6Y-Programacion-Decanal-25-26-P-Animacion-.pdf\" target=\"_blank\">b9NwqIVhwL6Y-Programacion-Decanal-25-26-P-Animacion-.pdf<\/a><\/a><\/td>\n                    <td style=\"\">20\/09\/2025 06:37 PM<\/td>\n            <\/tr>\n            <tr id=\"table_2_row_20\">\n                    <td style=\"\">Programaci\u00f3n Parroquial<\/td>\n                    <td style=\"\"><\/td>\n                    <td style=\"\"><\/td>\n                    <td style=\"\"><a href='<a href=\"https:\/\/diocesisdeaguascalientes.mx\/vicaria-de-pastoral\/wp-content\/uploads\/sites\/2\/forminator\/10414_47c7fef6f8c6f15ac1daaf1663bdf562\/uploads\/CfV8Z28yvK0g-Programacion-Adoracion-Nocturna.pdf\" target=\"_blank\">CfV8Z28yvK0g-Programacion-Adoracion-Nocturna.pdf<\/a>' rel='' target='_blank'><a href=\"https:\/\/diocesisdeaguascalientes.mx\/vicaria-de-pastoral\/wp-content\/uploads\/sites\/2\/forminator\/10414_47c7fef6f8c6f15ac1daaf1663bdf562\/uploads\/CfV8Z28yvK0g-Programacion-Adoracion-Nocturna.pdf\" target=\"_blank\">CfV8Z28yvK0g-Programacion-Adoracion-Nocturna.pdf<\/a><\/a><\/td>\n                    <td style=\"\">20\/09\/2025 06:36 PM<\/td>\n            <\/tr>\n            <tr id=\"table_2_row_21\">\n                    <td style=\"\">Programaci\u00f3n Parroquial<\/td>\n                    <td style=\"\"><\/td>\n                    <td style=\"\"><\/td>\n                    <td style=\"\"><a href='<a href=\"https:\/\/diocesisdeaguascalientes.mx\/vicaria-de-pastoral\/wp-content\/uploads\/sites\/2\/forminator\/10414_47c7fef6f8c6f15ac1daaf1663bdf562\/uploads\/s0HX2TtCRFyJ-Programacion-LIGA.pdf\" target=\"_blank\">s0HX2TtCRFyJ-Programacion-LIGA.pdf<\/a>' rel='' target='_blank'><a href=\"https:\/\/diocesisdeaguascalientes.mx\/vicaria-de-pastoral\/wp-content\/uploads\/sites\/2\/forminator\/10414_47c7fef6f8c6f15ac1daaf1663bdf562\/uploads\/s0HX2TtCRFyJ-Programacion-LIGA.pdf\" target=\"_blank\">s0HX2TtCRFyJ-Programacion-LIGA.pdf<\/a><\/a><\/td>\n                    <td style=\"\">20\/09\/2025 06:35 PM<\/td>\n            <\/tr>\n            <tr id=\"table_2_row_22\">\n                    <td style=\"\">Programaci\u00f3n Parroquial<\/td>\n                    <td style=\"\"><\/td>\n                    <td style=\"\"><\/td>\n                    <td style=\"\"><a href='<a href=\"https:\/\/diocesisdeaguascalientes.mx\/vicaria-de-pastoral\/wp-content\/uploads\/sites\/2\/forminator\/10414_47c7fef6f8c6f15ac1daaf1663bdf562\/uploads\/0fWepVHc6U4t-Programacion-Franciscanos-Seglares.pdf\" target=\"_blank\">0fWepVHc6U4t-Programacion-Franciscanos-Seglares.pdf<\/a>' rel='' target='_blank'><a href=\"https:\/\/diocesisdeaguascalientes.mx\/vicaria-de-pastoral\/wp-content\/uploads\/sites\/2\/forminator\/10414_47c7fef6f8c6f15ac1daaf1663bdf562\/uploads\/0fWepVHc6U4t-Programacion-Franciscanos-Seglares.pdf\" target=\"_blank\">0fWepVHc6U4t-Programacion-Franciscanos-Seglares.pdf<\/a><\/a><\/td>\n                    <td style=\"\">20\/09\/2025 06:33 PM<\/td>\n            <\/tr>\n            <tr id=\"table_2_row_23\">\n                    <td style=\"\">Programaci\u00f3n Parroquial<\/td>\n                    <td style=\"\"><\/td>\n                    <td style=\"\"><\/td>\n                    <td style=\"\"><a href='<a href=\"https:\/\/diocesisdeaguascalientes.mx\/vicaria-de-pastoral\/wp-content\/uploads\/sites\/2\/forminator\/10414_47c7fef6f8c6f15ac1daaf1663bdf562\/uploads\/18YsZmIr6lCe-Programacion-MFC.pdf\" target=\"_blank\">18YsZmIr6lCe-Programacion-MFC.pdf<\/a>' rel='' target='_blank'><a href=\"https:\/\/diocesisdeaguascalientes.mx\/vicaria-de-pastoral\/wp-content\/uploads\/sites\/2\/forminator\/10414_47c7fef6f8c6f15ac1daaf1663bdf562\/uploads\/18YsZmIr6lCe-Programacion-MFC.pdf\" target=\"_blank\">18YsZmIr6lCe-Programacion-MFC.pdf<\/a><\/a><\/td>\n                    <td style=\"\">20\/09\/2025 06:32 PM<\/td>\n            <\/tr>\n            <tr id=\"table_2_row_24\">\n                    <td style=\"\">Programaci\u00f3n Parroquial<\/td>\n                    <td style=\"\"><\/td>\n                    <td style=\"\"><\/td>\n                    <td style=\"\"><a href='<a href=\"https:\/\/diocesisdeaguascalientes.mx\/vicaria-de-pastoral\/wp-content\/uploads\/sites\/2\/forminator\/10414_47c7fef6f8c6f15ac1daaf1663bdf562\/uploads\/VgdHYJVyKckY-Programacion-MFC.pdf\" target=\"_blank\">VgdHYJVyKckY-Programacion-MFC.pdf<\/a>' rel='' target='_blank'><a href=\"https:\/\/diocesisdeaguascalientes.mx\/vicaria-de-pastoral\/wp-content\/uploads\/sites\/2\/forminator\/10414_47c7fef6f8c6f15ac1daaf1663bdf562\/uploads\/VgdHYJVyKckY-Programacion-MFC.pdf\" target=\"_blank\">VgdHYJVyKckY-Programacion-MFC.pdf<\/a><\/a><\/td>\n                    <td style=\"\">20\/09\/2025 06:19 PM<\/td>\n            <\/tr>\n            <tr id=\"table_2_row_25\">\n                    <td style=\"\">Programaci\u00f3n Parroquial<\/td>\n                    <td style=\"\"><\/td>\n                    <td style=\"\"><\/td>\n                    <td style=\"\"><a href='<a href=\"https:\/\/diocesisdeaguascalientes.mx\/vicaria-de-pastoral\/wp-content\/uploads\/sites\/2\/forminator\/10414_47c7fef6f8c6f15ac1daaf1663bdf562\/uploads\/MPto4m2DYXwD-Programacion-Prematrimoniales.pdf\" target=\"_blank\">MPto4m2DYXwD-Programacion-Prematrimoniales.pdf<\/a>' rel='' target='_blank'><a href=\"https:\/\/diocesisdeaguascalientes.mx\/vicaria-de-pastoral\/wp-content\/uploads\/sites\/2\/forminator\/10414_47c7fef6f8c6f15ac1daaf1663bdf562\/uploads\/MPto4m2DYXwD-Programacion-Prematrimoniales.pdf\" target=\"_blank\">MPto4m2DYXwD-Programacion-Prematrimoniales.pdf<\/a><\/a><\/td>\n                    <td style=\"\">20\/09\/2025 06:18 PM<\/td>\n            <\/tr>\n            <tr id=\"table_2_row_26\">\n                    <td style=\"\">Programaci\u00f3n Parroquial<\/td>\n                    <td style=\"\"><\/td>\n                    <td style=\"\"><\/td>\n                    <td style=\"\"><a href='<a href=\"https:\/\/diocesisdeaguascalientes.mx\/vicaria-de-pastoral\/wp-content\/uploads\/sites\/2\/forminator\/10414_47c7fef6f8c6f15ac1daaf1663bdf562\/uploads\/O1u4HR4kTzv2-Programacion-Ministros.pdf\" target=\"_blank\">O1u4HR4kTzv2-Programacion-Ministros.pdf<\/a>' rel='' target='_blank'><a href=\"https:\/\/diocesisdeaguascalientes.mx\/vicaria-de-pastoral\/wp-content\/uploads\/sites\/2\/forminator\/10414_47c7fef6f8c6f15ac1daaf1663bdf562\/uploads\/O1u4HR4kTzv2-Programacion-Ministros.pdf\" target=\"_blank\">O1u4HR4kTzv2-Programacion-Ministros.pdf<\/a><\/a><\/td>\n                    <td style=\"\">20\/09\/2025 06:18 PM<\/td>\n            <\/tr>\n            <tr id=\"table_2_row_27\">\n                    <td style=\"\">Programaci\u00f3n Parroquial<\/td>\n                    <td style=\"\"><\/td>\n                    <td style=\"\"><\/td>\n                    <td style=\"\"><a href='<a href=\"https:\/\/diocesisdeaguascalientes.mx\/vicaria-de-pastoral\/wp-content\/uploads\/sites\/2\/forminator\/10414_47c7fef6f8c6f15ac1daaf1663bdf562\/uploads\/TkNAPdPLTix0-Programacion-P-Liturgica.pdf\" target=\"_blank\">TkNAPdPLTix0-Programacion-P-Liturgica.pdf<\/a>' rel='' target='_blank'><a href=\"https:\/\/diocesisdeaguascalientes.mx\/vicaria-de-pastoral\/wp-content\/uploads\/sites\/2\/forminator\/10414_47c7fef6f8c6f15ac1daaf1663bdf562\/uploads\/TkNAPdPLTix0-Programacion-P-Liturgica.pdf\" target=\"_blank\">TkNAPdPLTix0-Programacion-P-Liturgica.pdf<\/a><\/a><\/td>\n                    <td style=\"\">20\/09\/2025 06:16 PM<\/td>\n            <\/tr>\n            <tr id=\"table_2_row_28\">\n                    <td style=\"\">Programaci\u00f3n Parroquial<\/td>\n                    <td style=\"\"><\/td>\n                    <td style=\"\"><\/td>\n                    <td style=\"\"><a href='<a href=\"https:\/\/diocesisdeaguascalientes.mx\/vicaria-de-pastoral\/wp-content\/uploads\/sites\/2\/forminator\/10414_47c7fef6f8c6f15ac1daaf1663bdf562\/uploads\/9Teeuu625Nws-Programacion-Pre-bautisamles.pdf\" target=\"_blank\">9Teeuu625Nws-Programacion-Pre-bautisamles.pdf<\/a>' rel='' target='_blank'><a href=\"https:\/\/diocesisdeaguascalientes.mx\/vicaria-de-pastoral\/wp-content\/uploads\/sites\/2\/forminator\/10414_47c7fef6f8c6f15ac1daaf1663bdf562\/uploads\/9Teeuu625Nws-Programacion-Pre-bautisamles.pdf\" target=\"_blank\">9Teeuu625Nws-Programacion-Pre-bautisamles.pdf<\/a><\/a><\/td>\n                    <td style=\"\">20\/09\/2025 06:15 PM<\/td>\n            <\/tr>\n            <tr id=\"table_2_row_29\">\n                    <td style=\"\">Programaci\u00f3n Parroquial<\/td>\n                    <td style=\"\"><\/td>\n                    <td style=\"\"><\/td>\n                    <td style=\"\"><a href='<a href=\"https:\/\/diocesisdeaguascalientes.mx\/vicaria-de-pastoral\/wp-content\/uploads\/sites\/2\/forminator\/10414_47c7fef6f8c6f15ac1daaf1663bdf562\/uploads\/O75Y7Po13k7f-Programacion-Catequesis-Infantil.pdf\" target=\"_blank\">O75Y7Po13k7f-Programacion-Catequesis-Infantil.pdf<\/a>' rel='' target='_blank'><a href=\"https:\/\/diocesisdeaguascalientes.mx\/vicaria-de-pastoral\/wp-content\/uploads\/sites\/2\/forminator\/10414_47c7fef6f8c6f15ac1daaf1663bdf562\/uploads\/O75Y7Po13k7f-Programacion-Catequesis-Infantil.pdf\" target=\"_blank\">O75Y7Po13k7f-Programacion-Catequesis-Infantil.pdf<\/a><\/a><\/td>\n                    <td style=\"\">20\/09\/2025 06:13 PM<\/td>\n            <\/tr>\n            <tr id=\"table_2_row_30\">\n                    <td style=\"\">Programaci\u00f3n Parroquial<\/td>\n                    <td style=\"\"><\/td>\n                    <td style=\"\"><\/td>\n                    <td style=\"\"><a href='<a href=\"https:\/\/diocesisdeaguascalientes.mx\/vicaria-de-pastoral\/wp-content\/uploads\/sites\/2\/forminator\/10414_47c7fef6f8c6f15ac1daaf1663bdf562\/uploads\/xYx7aXrjkGgR-Programacion-Pastoral-de-Animacion.pdf\" target=\"_blank\">xYx7aXrjkGgR-Programacion-Pastoral-de-Animacion.pdf<\/a>' rel='' target='_blank'><a href=\"https:\/\/diocesisdeaguascalientes.mx\/vicaria-de-pastoral\/wp-content\/uploads\/sites\/2\/forminator\/10414_47c7fef6f8c6f15ac1daaf1663bdf562\/uploads\/xYx7aXrjkGgR-Programacion-Pastoral-de-Animacion.pdf\" target=\"_blank\">xYx7aXrjkGgR-Programacion-Pastoral-de-Animacion.pdf<\/a><\/a><\/td>\n                    <td style=\"\">20\/09\/2025 06:07 PM<\/td>\n            <\/tr>\n            <tr id=\"table_2_row_31\">\n                    <td style=\"\">Programaci\u00f3n Parroquial<\/td>\n                    <td style=\"\"><\/td>\n                    <td style=\"\"><\/td>\n                    <td style=\"\"><a href='<a href=\"https:\/\/diocesisdeaguascalientes.mx\/vicaria-de-pastoral\/wp-content\/uploads\/sites\/2\/forminator\/10414_47c7fef6f8c6f15ac1daaf1663bdf562\/uploads\/qHj9JDOFHzzL-TERRITORIAL-2025-2026.pdf\" target=\"_blank\">qHj9JDOFHzzL-TERRITORIAL-2025-2026.pdf<\/a>' rel='' target='_blank'><a href=\"https:\/\/diocesisdeaguascalientes.mx\/vicaria-de-pastoral\/wp-content\/uploads\/sites\/2\/forminator\/10414_47c7fef6f8c6f15ac1daaf1663bdf562\/uploads\/qHj9JDOFHzzL-TERRITORIAL-2025-2026.pdf\" target=\"_blank\">qHj9JDOFHzzL-TERRITORIAL-2025-2026.pdf<\/a><\/a><\/td>\n                    <td style=\"\">20\/09\/2025 04:51 PM<\/td>\n            <\/tr>\n            <tr id=\"table_2_row_32\">\n                    <td style=\"\">Programaci\u00f3n Parroquial<\/td>\n                    <td style=\"\"><\/td>\n                    <td style=\"\"><\/td>\n                    <td style=\"\"><a href='<a href=\"https:\/\/diocesisdeaguascalientes.mx\/vicaria-de-pastoral\/wp-content\/uploads\/sites\/2\/forminator\/10414_47c7fef6f8c6f15ac1daaf1663bdf562\/uploads\/J1ygIpDRuByR-JOSE-Y-MARIA-.pdf\" target=\"_blank\">J1ygIpDRuByR-JOSE-Y-MARIA-.pdf<\/a>' rel='' target='_blank'><a href=\"https:\/\/diocesisdeaguascalientes.mx\/vicaria-de-pastoral\/wp-content\/uploads\/sites\/2\/forminator\/10414_47c7fef6f8c6f15ac1daaf1663bdf562\/uploads\/J1ygIpDRuByR-JOSE-Y-MARIA-.pdf\" target=\"_blank\">J1ygIpDRuByR-JOSE-Y-MARIA-.pdf<\/a><\/a><\/td>\n                    <td style=\"\">20\/09\/2025 04:51 PM<\/td>\n            <\/tr>\n            <tr id=\"table_2_row_33\">\n                    <td style=\"\">Programaci\u00f3n Parroquial<\/td>\n                    <td style=\"\"><\/td>\n                    <td style=\"\"><\/td>\n                    <td style=\"\"><a href='<a href=\"https:\/\/diocesisdeaguascalientes.mx\/vicaria-de-pastoral\/wp-content\/uploads\/sites\/2\/forminator\/10414_47c7fef6f8c6f15ac1daaf1663bdf562\/uploads\/OEwF5qBdHxuV-GUARDIA-DE-HONOR-2025-2026.pdf\" target=\"_blank\">OEwF5qBdHxuV-GUARDIA-DE-HONOR-2025-2026.pdf<\/a>' rel='' target='_blank'><a href=\"https:\/\/diocesisdeaguascalientes.mx\/vicaria-de-pastoral\/wp-content\/uploads\/sites\/2\/forminator\/10414_47c7fef6f8c6f15ac1daaf1663bdf562\/uploads\/OEwF5qBdHxuV-GUARDIA-DE-HONOR-2025-2026.pdf\" target=\"_blank\">OEwF5qBdHxuV-GUARDIA-DE-HONOR-2025-2026.pdf<\/a><\/a><\/td>\n                    <td style=\"\">20\/09\/2025 04:50 PM<\/td>\n            <\/tr>\n            <tr id=\"table_2_row_34\">\n                    <td style=\"\">Programaci\u00f3n Parroquial<\/td>\n                    <td style=\"\"><\/td>\n                    <td style=\"\"><\/td>\n                    <td style=\"\"><a href='<a href=\"https:\/\/diocesisdeaguascalientes.mx\/vicaria-de-pastoral\/wp-content\/uploads\/sites\/2\/forminator\/10414_47c7fef6f8c6f15ac1daaf1663bdf562\/uploads\/MsHXz7AZKq3Z-PROGRAMACION-LLAMA-DE-AMOR.pdf\" target=\"_blank\">MsHXz7AZKq3Z-PROGRAMACION-LLAMA-DE-AMOR.pdf<\/a>' rel='' target='_blank'><a href=\"https:\/\/diocesisdeaguascalientes.mx\/vicaria-de-pastoral\/wp-content\/uploads\/sites\/2\/forminator\/10414_47c7fef6f8c6f15ac1daaf1663bdf562\/uploads\/MsHXz7AZKq3Z-PROGRAMACION-LLAMA-DE-AMOR.pdf\" target=\"_blank\">MsHXz7AZKq3Z-PROGRAMACION-LLAMA-DE-AMOR.pdf<\/a><\/a><\/td>\n                    <td style=\"\">20\/09\/2025 04:48 PM<\/td>\n            <\/tr>\n            <tr id=\"table_2_row_35\">\n                    <td style=\"\">Programaci\u00f3n Parroquial<\/td>\n                    <td style=\"\"><\/td>\n                    <td style=\"\"><\/td>\n                    <td style=\"\"><a href='<a href=\"https:\/\/diocesisdeaguascalientes.mx\/vicaria-de-pastoral\/wp-content\/uploads\/sites\/2\/forminator\/10414_47c7fef6f8c6f15ac1daaf1663bdf562\/uploads\/Kp3MrjHvCJvJ-COMUNICACION.pdf\" target=\"_blank\">Kp3MrjHvCJvJ-COMUNICACION.pdf<\/a>' rel='' target='_blank'><a href=\"https:\/\/diocesisdeaguascalientes.mx\/vicaria-de-pastoral\/wp-content\/uploads\/sites\/2\/forminator\/10414_47c7fef6f8c6f15ac1daaf1663bdf562\/uploads\/Kp3MrjHvCJvJ-COMUNICACION.pdf\" target=\"_blank\">Kp3MrjHvCJvJ-COMUNICACION.pdf<\/a><\/a><\/td>\n                    <td style=\"\">20\/09\/2025 04:46 PM<\/td>\n            <\/tr>\n            <tr id=\"table_2_row_36\">\n                    <td style=\"\">Programaci\u00f3n Parroquial<\/td>\n                    <td style=\"\"><\/td>\n                    <td style=\"\"><\/td>\n                    <td style=\"\"><a href='<a href=\"https:\/\/diocesisdeaguascalientes.mx\/vicaria-de-pastoral\/wp-content\/uploads\/sites\/2\/forminator\/10414_47c7fef6f8c6f15ac1daaf1663bdf562\/uploads\/c752RtiF144s-Juvenil-2025.pdf\" target=\"_blank\">c752RtiF144s-Juvenil-2025.pdf<\/a>' rel='' target='_blank'><a href=\"https:\/\/diocesisdeaguascalientes.mx\/vicaria-de-pastoral\/wp-content\/uploads\/sites\/2\/forminator\/10414_47c7fef6f8c6f15ac1daaf1663bdf562\/uploads\/c752RtiF144s-Juvenil-2025.pdf\" target=\"_blank\">c752RtiF144s-Juvenil-2025.pdf<\/a><\/a><\/td>\n                    <td style=\"\">20\/09\/2025 04:46 PM<\/td>\n            <\/tr>\n            <tr id=\"table_2_row_37\">\n                    <td style=\"\">Programaci\u00f3n Parroquial<\/td>\n                    <td style=\"\"><\/td>\n                    <td style=\"\"><\/td>\n                    <td style=\"\"><a href='<a href=\"https:\/\/diocesisdeaguascalientes.mx\/vicaria-de-pastoral\/wp-content\/uploads\/sites\/2\/forminator\/10414_47c7fef6f8c6f15ac1daaf1663bdf562\/uploads\/NgeBVe3jggWP-ADOLESCENTE-2025-2026.pdf\" target=\"_blank\">NgeBVe3jggWP-ADOLESCENTE-2025-2026.pdf<\/a>' rel='' target='_blank'><a href=\"https:\/\/diocesisdeaguascalientes.mx\/vicaria-de-pastoral\/wp-content\/uploads\/sites\/2\/forminator\/10414_47c7fef6f8c6f15ac1daaf1663bdf562\/uploads\/NgeBVe3jggWP-ADOLESCENTE-2025-2026.pdf\" target=\"_blank\">NgeBVe3jggWP-ADOLESCENTE-2025-2026.pdf<\/a><\/a><\/td>\n                    <td style=\"\">20\/09\/2025 04:46 PM<\/td>\n            <\/tr>\n            <tr id=\"table_2_row_38\">\n                    <td style=\"\">Programaci\u00f3n Parroquial<\/td>\n                    <td style=\"\"><\/td>\n                    <td style=\"\"><\/td>\n                    <td style=\"\"><a href='<a href=\"https:\/\/diocesisdeaguascalientes.mx\/vicaria-de-pastoral\/wp-content\/uploads\/sites\/2\/forminator\/10414_47c7fef6f8c6f15ac1daaf1663bdf562\/uploads\/uNtP6CZTHT4t-FAMILIAR-.pdf\" target=\"_blank\">uNtP6CZTHT4t-FAMILIAR-.pdf<\/a>' rel='' target='_blank'><a href=\"https:\/\/diocesisdeaguascalientes.mx\/vicaria-de-pastoral\/wp-content\/uploads\/sites\/2\/forminator\/10414_47c7fef6f8c6f15ac1daaf1663bdf562\/uploads\/uNtP6CZTHT4t-FAMILIAR-.pdf\" target=\"_blank\">uNtP6CZTHT4t-FAMILIAR-.pdf<\/a><\/a><\/td>\n                    <td style=\"\">20\/09\/2025 04:45 PM<\/td>\n            <\/tr>\n            <tr id=\"table_2_row_39\">\n                    <td style=\"\">Programaci\u00f3n Parroquial<\/td>\n                    <td style=\"\"><\/td>\n                    <td style=\"\"><\/td>\n                    <td style=\"\"><a href='<a href=\"https:\/\/diocesisdeaguascalientes.mx\/vicaria-de-pastoral\/wp-content\/uploads\/sites\/2\/forminator\/10414_47c7fef6f8c6f15ac1daaf1663bdf562\/uploads\/79nKDZ61iZAm-PASTORAL-SOCIAL.pdf\" target=\"_blank\">79nKDZ61iZAm-PASTORAL-SOCIAL.pdf<\/a>' rel='' target='_blank'><a href=\"https:\/\/diocesisdeaguascalientes.mx\/vicaria-de-pastoral\/wp-content\/uploads\/sites\/2\/forminator\/10414_47c7fef6f8c6f15ac1daaf1663bdf562\/uploads\/79nKDZ61iZAm-PASTORAL-SOCIAL.pdf\" target=\"_blank\">79nKDZ61iZAm-PASTORAL-SOCIAL.pdf<\/a><\/a><\/td>\n                    <td style=\"\">20\/09\/2025 04:45 PM<\/td>\n            <\/tr>\n            <tr id=\"table_2_row_40\">\n                    <td style=\"\">Programaci\u00f3n Parroquial<\/td>\n                    <td style=\"\"><\/td>\n                    <td style=\"\"><\/td>\n                    <td style=\"\"><a href='<a href=\"https:\/\/diocesisdeaguascalientes.mx\/vicaria-de-pastoral\/wp-content\/uploads\/sites\/2\/forminator\/10414_47c7fef6f8c6f15ac1daaf1663bdf562\/uploads\/Loiz5nnlexDN-LITURGIA.pdf\" target=\"_blank\">Loiz5nnlexDN-LITURGIA.pdf<\/a>' rel='' target='_blank'><a href=\"https:\/\/diocesisdeaguascalientes.mx\/vicaria-de-pastoral\/wp-content\/uploads\/sites\/2\/forminator\/10414_47c7fef6f8c6f15ac1daaf1663bdf562\/uploads\/Loiz5nnlexDN-LITURGIA.pdf\" target=\"_blank\">Loiz5nnlexDN-LITURGIA.pdf<\/a><\/a><\/td>\n                    <td style=\"\">20\/09\/2025 04:44 PM<\/td>\n            <\/tr>\n            <tr id=\"table_2_row_41\">\n                    <td style=\"\">Programaci\u00f3n Parroquial<\/td>\n                    <td style=\"\"><\/td>\n                    <td style=\"\"><\/td>\n                    <td style=\"\"><a href='<a href=\"https:\/\/diocesisdeaguascalientes.mx\/vicaria-de-pastoral\/wp-content\/uploads\/sites\/2\/forminator\/10414_47c7fef6f8c6f15ac1daaf1663bdf562\/uploads\/2Aes79tuQTWI-PROGRAMACION-final-PASTORAL-PROFETICA-2025-2026.pdf\" target=\"_blank\">2Aes79tuQTWI-PROGRAMACION-final-PASTORAL-PROFETICA-2025-2026.pdf<\/a>' rel='' target='_blank'><a href=\"https:\/\/diocesisdeaguascalientes.mx\/vicaria-de-pastoral\/wp-content\/uploads\/sites\/2\/forminator\/10414_47c7fef6f8c6f15ac1daaf1663bdf562\/uploads\/2Aes79tuQTWI-PROGRAMACION-final-PASTORAL-PROFETICA-2025-2026.pdf\" target=\"_blank\">2Aes79tuQTWI-PROGRAMACION-final-PASTORAL-PROFETICA-2025-2026.pdf<\/a><\/a><\/td>\n                    <td style=\"\">20\/09\/2025 04:43 PM<\/td>\n            <\/tr>\n            <tr id=\"table_2_row_42\">\n                    <td style=\"\">Programaci\u00f3n de Capellan\u00eda<\/td>\n                    <td style=\"\"><\/td>\n                    <td style=\"\"><\/td>\n                    <td style=\"\"><a href='<a href=\"https:\/\/diocesisdeaguascalientes.mx\/vicaria-de-pastoral\/wp-content\/uploads\/sites\/2\/forminator\/10414_47c7fef6f8c6f15ac1daaf1663bdf562\/uploads\/LUvgUHXPBfSS-PLAN-PASTORAL-CAPILLA-NTRA-SRA-DE-LA-LUZ.pdf\" target=\"_blank\">LUvgUHXPBfSS-PLAN-PASTORAL-CAPILLA-NTRA-SRA-DE-LA-LUZ.pdf<\/a>' rel='' target='_blank'><a href=\"https:\/\/diocesisdeaguascalientes.mx\/vicaria-de-pastoral\/wp-content\/uploads\/sites\/2\/forminator\/10414_47c7fef6f8c6f15ac1daaf1663bdf562\/uploads\/LUvgUHXPBfSS-PLAN-PASTORAL-CAPILLA-NTRA-SRA-DE-LA-LUZ.pdf\" target=\"_blank\">LUvgUHXPBfSS-PLAN-PASTORAL-CAPILLA-NTRA-SRA-DE-LA-LUZ.pdf<\/a><\/a><\/td>\n                    <td style=\"\">20\/09\/2025 04:39 PM<\/td>\n            <\/tr>\n            <tr id=\"table_2_row_43\">\n                    <td style=\"\">Programaci\u00f3n Parroquial<\/td>\n                    <td style=\"\"><\/td>\n                    <td style=\"\"><\/td>\n                    <td style=\"\"><a href='<a href=\"https:\/\/diocesisdeaguascalientes.mx\/vicaria-de-pastoral\/wp-content\/uploads\/sites\/2\/forminator\/10414_47c7fef6f8c6f15ac1daaf1663bdf562\/uploads\/ta3ifGR6fCru-PROGRAMACION-ADORACION-NOCTURNA-2025-2026.pdf\" target=\"_blank\">ta3ifGR6fCru-PROGRAMACION-ADORACION-NOCTURNA-2025-2026.pdf<\/a>' rel='' target='_blank'><a href=\"https:\/\/diocesisdeaguascalientes.mx\/vicaria-de-pastoral\/wp-content\/uploads\/sites\/2\/forminator\/10414_47c7fef6f8c6f15ac1daaf1663bdf562\/uploads\/ta3ifGR6fCru-PROGRAMACION-ADORACION-NOCTURNA-2025-2026.pdf\" target=\"_blank\">ta3ifGR6fCru-PROGRAMACION-ADORACION-NOCTURNA-2025-2026.pdf<\/a><\/a><\/td>\n                    <td style=\"\">20\/09\/2025 03:07 PM<\/td>\n            <\/tr>\n            <tr id=\"table_2_row_44\">\n                    <td style=\"\">Programaci\u00f3n Parroquial<\/td>\n                    <td style=\"\"><\/td>\n                    <td style=\"\"><\/td>\n                    <td style=\"\"><a href='<a href=\"https:\/\/diocesisdeaguascalientes.mx\/vicaria-de-pastoral\/wp-content\/uploads\/sites\/2\/forminator\/10414_47c7fef6f8c6f15ac1daaf1663bdf562\/uploads\/nTmX7PjOIGHE-PROGRAMACION-PASTORAL-DE-LA-COMUNICACION-2025-2026.pdf\" target=\"_blank\">nTmX7PjOIGHE-PROGRAMACION-PASTORAL-DE-LA-COMUNICACION-2025-2026.pdf<\/a>' rel='' target='_blank'><a href=\"https:\/\/diocesisdeaguascalientes.mx\/vicaria-de-pastoral\/wp-content\/uploads\/sites\/2\/forminator\/10414_47c7fef6f8c6f15ac1daaf1663bdf562\/uploads\/nTmX7PjOIGHE-PROGRAMACION-PASTORAL-DE-LA-COMUNICACION-2025-2026.pdf\" target=\"_blank\">nTmX7PjOIGHE-PROGRAMACION-PASTORAL-DE-LA-COMUNICACION-2025-2026.pdf<\/a><\/a><\/td>\n                    <td style=\"\">20\/09\/2025 03:05 PM<\/td>\n            <\/tr>\n            <tr id=\"table_2_row_45\">\n                    <td style=\"\">Programaci\u00f3n Parroquial<\/td>\n                    <td style=\"\"><\/td>\n                    <td style=\"\"><\/td>\n                    <td style=\"\"><a href='<a href=\"https:\/\/diocesisdeaguascalientes.mx\/vicaria-de-pastoral\/wp-content\/uploads\/sites\/2\/forminator\/10414_47c7fef6f8c6f15ac1daaf1663bdf562\/uploads\/js4axVYXq5eo-PROGRAMACION-ACTS-2025-2026.pdf\" target=\"_blank\">js4axVYXq5eo-PROGRAMACION-ACTS-2025-2026.pdf<\/a>' rel='' target='_blank'><a href=\"https:\/\/diocesisdeaguascalientes.mx\/vicaria-de-pastoral\/wp-content\/uploads\/sites\/2\/forminator\/10414_47c7fef6f8c6f15ac1daaf1663bdf562\/uploads\/js4axVYXq5eo-PROGRAMACION-ACTS-2025-2026.pdf\" target=\"_blank\">js4axVYXq5eo-PROGRAMACION-ACTS-2025-2026.pdf<\/a><\/a><\/td>\n                    <td style=\"\">20\/09\/2025 03:03 PM<\/td>\n            <\/tr>\n            <tr id=\"table_2_row_46\">\n                    <td style=\"\">Programaci\u00f3n Parroquial<\/td>\n                    <td style=\"\"><\/td>\n                    <td style=\"\"><\/td>\n                    <td style=\"\"><a href='<a href=\"https:\/\/diocesisdeaguascalientes.mx\/vicaria-de-pastoral\/wp-content\/uploads\/sites\/2\/forminator\/10414_47c7fef6f8c6f15ac1daaf1663bdf562\/uploads\/x9xUtuis0Xjl-PROGRAMACION-25-26-SECTORES.pdf\" target=\"_blank\">x9xUtuis0Xjl-PROGRAMACION-25-26-SECTORES.pdf<\/a>' rel='' target='_blank'><a href=\"https:\/\/diocesisdeaguascalientes.mx\/vicaria-de-pastoral\/wp-content\/uploads\/sites\/2\/forminator\/10414_47c7fef6f8c6f15ac1daaf1663bdf562\/uploads\/x9xUtuis0Xjl-PROGRAMACION-25-26-SECTORES.pdf\" target=\"_blank\">x9xUtuis0Xjl-PROGRAMACION-25-26-SECTORES.pdf<\/a><\/a><\/td>\n                    <td style=\"\">20\/09\/2025 02:16 PM<\/td>\n            <\/tr>\n            <tr id=\"table_2_row_47\">\n                    <td style=\"\">Programaci\u00f3n Parroquial<\/td>\n                    <td style=\"\"><\/td>\n                    <td style=\"\"><\/td>\n                    <td style=\"\"><a href='<a href=\"https:\/\/diocesisdeaguascalientes.mx\/vicaria-de-pastoral\/wp-content\/uploads\/sites\/2\/forminator\/10414_47c7fef6f8c6f15ac1daaf1663bdf562\/uploads\/02dcGAFHnPmg-PROGRAMACION-25-26-GUARDIA-DE-HONOR.pdf\" target=\"_blank\">02dcGAFHnPmg-PROGRAMACION-25-26-GUARDIA-DE-HONOR.pdf<\/a>' rel='' target='_blank'><a href=\"https:\/\/diocesisdeaguascalientes.mx\/vicaria-de-pastoral\/wp-content\/uploads\/sites\/2\/forminator\/10414_47c7fef6f8c6f15ac1daaf1663bdf562\/uploads\/02dcGAFHnPmg-PROGRAMACION-25-26-GUARDIA-DE-HONOR.pdf\" target=\"_blank\">02dcGAFHnPmg-PROGRAMACION-25-26-GUARDIA-DE-HONOR.pdf<\/a><\/a><\/td>\n                    <td style=\"\">20\/09\/2025 02:15 PM<\/td>\n            <\/tr>\n            <tr id=\"table_2_row_48\">\n                    <td style=\"\">Programaci\u00f3n Parroquial<\/td>\n                    <td style=\"\"><\/td>\n                    <td style=\"\"><\/td>\n                    <td style=\"\"><a href='<a href=\"https:\/\/diocesisdeaguascalientes.mx\/vicaria-de-pastoral\/wp-content\/uploads\/sites\/2\/forminator\/10414_47c7fef6f8c6f15ac1daaf1663bdf562\/uploads\/HHRcZzmHwlB1-PROGRAMACION-25-26-RENOVACION.pdf\" target=\"_blank\">HHRcZzmHwlB1-PROGRAMACION-25-26-RENOVACION.pdf<\/a>' rel='' target='_blank'><a href=\"https:\/\/diocesisdeaguascalientes.mx\/vicaria-de-pastoral\/wp-content\/uploads\/sites\/2\/forminator\/10414_47c7fef6f8c6f15ac1daaf1663bdf562\/uploads\/HHRcZzmHwlB1-PROGRAMACION-25-26-RENOVACION.pdf\" target=\"_blank\">HHRcZzmHwlB1-PROGRAMACION-25-26-RENOVACION.pdf<\/a><\/a><\/td>\n                    <td style=\"\">20\/09\/2025 02:14 PM<\/td>\n            <\/tr>\n            <tr id=\"table_2_row_49\">\n                    <td style=\"\">Programaci\u00f3n Parroquial<\/td>\n                    <td style=\"\"><\/td>\n                    <td style=\"\"><\/td>\n                    <td style=\"\"><a href='<a href=\"https:\/\/diocesisdeaguascalientes.mx\/vicaria-de-pastoral\/wp-content\/uploads\/sites\/2\/forminator\/10414_47c7fef6f8c6f15ac1daaf1663bdf562\/uploads\/hCl4HzBVZVH3-PROGRAMACION-25-26-ACTS.pdf\" target=\"_blank\">hCl4HzBVZVH3-PROGRAMACION-25-26-ACTS.pdf<\/a>' rel='' target='_blank'><a href=\"https:\/\/diocesisdeaguascalientes.mx\/vicaria-de-pastoral\/wp-content\/uploads\/sites\/2\/forminator\/10414_47c7fef6f8c6f15ac1daaf1663bdf562\/uploads\/hCl4HzBVZVH3-PROGRAMACION-25-26-ACTS.pdf\" target=\"_blank\">hCl4HzBVZVH3-PROGRAMACION-25-26-ACTS.pdf<\/a><\/a><\/td>\n                    <td style=\"\">20\/09\/2025 02:14 PM<\/td>\n            <\/tr>\n            <tr id=\"table_2_row_50\">\n                    <td style=\"\">Programaci\u00f3n Parroquial<\/td>\n                    <td style=\"\"><\/td>\n                    <td style=\"\"><\/td>\n                    <td style=\"\"><a href='<a href=\"https:\/\/diocesisdeaguascalientes.mx\/vicaria-de-pastoral\/wp-content\/uploads\/sites\/2\/forminator\/10414_47c7fef6f8c6f15ac1daaf1663bdf562\/uploads\/xcwpr0SqoEh0-PROGRAMACION-25-26-PASTORAL-COMUNICACION.pdf\" target=\"_blank\">xcwpr0SqoEh0-PROGRAMACION-25-26-PASTORAL-COMUNICACION.pdf<\/a>' rel='' target='_blank'><a href=\"https:\/\/diocesisdeaguascalientes.mx\/vicaria-de-pastoral\/wp-content\/uploads\/sites\/2\/forminator\/10414_47c7fef6f8c6f15ac1daaf1663bdf562\/uploads\/xcwpr0SqoEh0-PROGRAMACION-25-26-PASTORAL-COMUNICACION.pdf\" target=\"_blank\">xcwpr0SqoEh0-PROGRAMACION-25-26-PASTORAL-COMUNICACION.pdf<\/a><\/a><\/td>\n                    <td style=\"\">20\/09\/2025 02:14 PM<\/td>\n            <\/tr>\n            <tr id=\"table_2_row_51\">\n                    <td style=\"\">Programaci\u00f3n Parroquial<\/td>\n                    <td style=\"\"><\/td>\n                    <td style=\"\"><\/td>\n                    <td style=\"\"><a href='<a href=\"https:\/\/diocesisdeaguascalientes.mx\/vicaria-de-pastoral\/wp-content\/uploads\/sites\/2\/forminator\/10414_47c7fef6f8c6f15ac1daaf1663bdf562\/uploads\/6mQ9FMwYuWON-PROGRAMACION-25-26-PASTORAL-JUVENIL.pdf\" target=\"_blank\">6mQ9FMwYuWON-PROGRAMACION-25-26-PASTORAL-JUVENIL.pdf<\/a>' rel='' target='_blank'><a href=\"https:\/\/diocesisdeaguascalientes.mx\/vicaria-de-pastoral\/wp-content\/uploads\/sites\/2\/forminator\/10414_47c7fef6f8c6f15ac1daaf1663bdf562\/uploads\/6mQ9FMwYuWON-PROGRAMACION-25-26-PASTORAL-JUVENIL.pdf\" target=\"_blank\">6mQ9FMwYuWON-PROGRAMACION-25-26-PASTORAL-JUVENIL.pdf<\/a><\/a><\/td>\n                    <td style=\"\">20\/09\/2025 02:13 PM<\/td>\n            <\/tr>\n            <tr id=\"table_2_row_52\">\n                    <td style=\"\">Programaci\u00f3n Parroquial<\/td>\n                    <td style=\"\"><\/td>\n                    <td style=\"\"><\/td>\n                    <td style=\"\"><a href='<a href=\"https:\/\/diocesisdeaguascalientes.mx\/vicaria-de-pastoral\/wp-content\/uploads\/sites\/2\/forminator\/10414_47c7fef6f8c6f15ac1daaf1663bdf562\/uploads\/p8tI81ibpuv2-PROGRAMACION-25-26-PASTORAL-ADOLESCENTES.pdf\" target=\"_blank\">p8tI81ibpuv2-PROGRAMACION-25-26-PASTORAL-ADOLESCENTES.pdf<\/a>' rel='' target='_blank'><a href=\"https:\/\/diocesisdeaguascalientes.mx\/vicaria-de-pastoral\/wp-content\/uploads\/sites\/2\/forminator\/10414_47c7fef6f8c6f15ac1daaf1663bdf562\/uploads\/p8tI81ibpuv2-PROGRAMACION-25-26-PASTORAL-ADOLESCENTES.pdf\" target=\"_blank\">p8tI81ibpuv2-PROGRAMACION-25-26-PASTORAL-ADOLESCENTES.pdf<\/a><\/a><\/td>\n                    <td style=\"\">20\/09\/2025 02:12 PM<\/td>\n            <\/tr>\n            <tr id=\"table_2_row_53\">\n                    <td style=\"\">Programaci\u00f3n Parroquial<\/td>\n                    <td style=\"\"><\/td>\n                    <td style=\"\"><\/td>\n                    <td style=\"\"><a href='<a href=\"https:\/\/diocesisdeaguascalientes.mx\/vicaria-de-pastoral\/wp-content\/uploads\/sites\/2\/forminator\/10414_47c7fef6f8c6f15ac1daaf1663bdf562\/uploads\/1eVkyxvfAL83-PROGRAMACION-25-26-PASTORAL-FAMILIAR.pdf\" target=\"_blank\">1eVkyxvfAL83-PROGRAMACION-25-26-PASTORAL-FAMILIAR.pdf<\/a>' rel='' target='_blank'><a href=\"https:\/\/diocesisdeaguascalientes.mx\/vicaria-de-pastoral\/wp-content\/uploads\/sites\/2\/forminator\/10414_47c7fef6f8c6f15ac1daaf1663bdf562\/uploads\/1eVkyxvfAL83-PROGRAMACION-25-26-PASTORAL-FAMILIAR.pdf\" target=\"_blank\">1eVkyxvfAL83-PROGRAMACION-25-26-PASTORAL-FAMILIAR.pdf<\/a><\/a><\/td>\n                    <td style=\"\">20\/09\/2025 02:12 PM<\/td>\n            <\/tr>\n            <tr id=\"table_2_row_54\">\n                    <td style=\"\">Programaci\u00f3n Parroquial<\/td>\n                    <td style=\"\"><\/td>\n                    <td style=\"\"><\/td>\n                    <td style=\"\"><a href='<a href=\"https:\/\/diocesisdeaguascalientes.mx\/vicaria-de-pastoral\/wp-content\/uploads\/sites\/2\/forminator\/10414_47c7fef6f8c6f15ac1daaf1663bdf562\/uploads\/6YiBDRp41izK-PROGRAMACION-25-26-PASTORAL-SOCIAL.pdf\" target=\"_blank\">6YiBDRp41izK-PROGRAMACION-25-26-PASTORAL-SOCIAL.pdf<\/a>' rel='' target='_blank'><a href=\"https:\/\/diocesisdeaguascalientes.mx\/vicaria-de-pastoral\/wp-content\/uploads\/sites\/2\/forminator\/10414_47c7fef6f8c6f15ac1daaf1663bdf562\/uploads\/6YiBDRp41izK-PROGRAMACION-25-26-PASTORAL-SOCIAL.pdf\" target=\"_blank\">6YiBDRp41izK-PROGRAMACION-25-26-PASTORAL-SOCIAL.pdf<\/a><\/a><\/td>\n                    <td style=\"\">20\/09\/2025 02:12 PM<\/td>\n            <\/tr>\n            <tr id=\"table_2_row_55\">\n                    <td style=\"\">Programaci\u00f3n Parroquial<\/td>\n                    <td style=\"\"><\/td>\n                    <td style=\"\"><\/td>\n                    <td style=\"\"><a href='<a href=\"https:\/\/diocesisdeaguascalientes.mx\/vicaria-de-pastoral\/wp-content\/uploads\/sites\/2\/forminator\/10414_47c7fef6f8c6f15ac1daaf1663bdf562\/uploads\/Lt1OarRYBR0n-PROGRAMACION-25-26-PASTORAL-LITURGICA.pdf\" target=\"_blank\">Lt1OarRYBR0n-PROGRAMACION-25-26-PASTORAL-LITURGICA.pdf<\/a>' rel='' target='_blank'><a href=\"https:\/\/diocesisdeaguascalientes.mx\/vicaria-de-pastoral\/wp-content\/uploads\/sites\/2\/forminator\/10414_47c7fef6f8c6f15ac1daaf1663bdf562\/uploads\/Lt1OarRYBR0n-PROGRAMACION-25-26-PASTORAL-LITURGICA.pdf\" target=\"_blank\">Lt1OarRYBR0n-PROGRAMACION-25-26-PASTORAL-LITURGICA.pdf<\/a><\/a><\/td>\n                    <td style=\"\">20\/09\/2025 02:11 PM<\/td>\n            <\/tr>\n            <tr id=\"table_2_row_56\">\n                    <td style=\"\">Programaci\u00f3n Parroquial<\/td>\n                    <td style=\"\"><\/td>\n                    <td style=\"\"><\/td>\n                    <td style=\"\"><a href='<a href=\"https:\/\/diocesisdeaguascalientes.mx\/vicaria-de-pastoral\/wp-content\/uploads\/sites\/2\/forminator\/10414_47c7fef6f8c6f15ac1daaf1663bdf562\/uploads\/BiWQn6QRSsez-PROGRAMACION-25-26-PASTORAL-PROFETICA.pdf\" target=\"_blank\">BiWQn6QRSsez-PROGRAMACION-25-26-PASTORAL-PROFETICA.pdf<\/a>' rel='' target='_blank'><a href=\"https:\/\/diocesisdeaguascalientes.mx\/vicaria-de-pastoral\/wp-content\/uploads\/sites\/2\/forminator\/10414_47c7fef6f8c6f15ac1daaf1663bdf562\/uploads\/BiWQn6QRSsez-PROGRAMACION-25-26-PASTORAL-PROFETICA.pdf\" target=\"_blank\">BiWQn6QRSsez-PROGRAMACION-25-26-PASTORAL-PROFETICA.pdf<\/a><\/a><\/td>\n                    <td style=\"\">20\/09\/2025 02:11 PM<\/td>\n            <\/tr>\n            <tr id=\"table_2_row_57\">\n                    <td style=\"\">Programaci\u00f3n Parroquial<\/td>\n                    <td style=\"\"><\/td>\n                    <td style=\"\"><\/td>\n                    <td style=\"\"><a href='<a href=\"https:\/\/diocesisdeaguascalientes.mx\/vicaria-de-pastoral\/wp-content\/uploads\/sites\/2\/forminator\/10414_47c7fef6f8c6f15ac1daaf1663bdf562\/uploads\/QrB1CaNr42xS-PROGRAMACION-25-26-ANIMACION-PASTORAL.pdf\" target=\"_blank\">QrB1CaNr42xS-PROGRAMACION-25-26-ANIMACION-PASTORAL.pdf<\/a>' rel='' target='_blank'><a href=\"https:\/\/diocesisdeaguascalientes.mx\/vicaria-de-pastoral\/wp-content\/uploads\/sites\/2\/forminator\/10414_47c7fef6f8c6f15ac1daaf1663bdf562\/uploads\/QrB1CaNr42xS-PROGRAMACION-25-26-ANIMACION-PASTORAL.pdf\" target=\"_blank\">QrB1CaNr42xS-PROGRAMACION-25-26-ANIMACION-PASTORAL.pdf<\/a><\/a><\/td>\n                    <td style=\"\">20\/09\/2025 02:11 PM<\/td>\n            <\/tr>\n            <tr id=\"table_2_row_58\">\n                    <td style=\"\">Programaci\u00f3n Parroquial<\/td>\n                    <td style=\"\"><\/td>\n                    <td style=\"\"><\/td>\n                    <td style=\"\"><a href='<a href=\"https:\/\/diocesisdeaguascalientes.mx\/vicaria-de-pastoral\/wp-content\/uploads\/sites\/2\/forminator\/10414_47c7fef6f8c6f15ac1daaf1663bdf562\/uploads\/GFs6aAC9MXyl-Programa-Profetica-Catequesis-Cultura-2025-2026.pdf\" target=\"_blank\">GFs6aAC9MXyl-Programa-Profetica-Catequesis-Cultura-2025-2026.pdf<\/a>' rel='' target='_blank'><a href=\"https:\/\/diocesisdeaguascalientes.mx\/vicaria-de-pastoral\/wp-content\/uploads\/sites\/2\/forminator\/10414_47c7fef6f8c6f15ac1daaf1663bdf562\/uploads\/GFs6aAC9MXyl-Programa-Profetica-Catequesis-Cultura-2025-2026.pdf\" target=\"_blank\">GFs6aAC9MXyl-Programa-Profetica-Catequesis-Cultura-2025-2026.pdf<\/a><\/a><\/td>\n                    <td style=\"\">20\/09\/2025 02:04 PM<\/td>\n            <\/tr>\n            <tr id=\"table_2_row_59\">\n                    <td style=\"\">Programaci\u00f3n Parroquial<\/td>\n                    <td style=\"\"><\/td>\n                    <td style=\"\"><\/td>\n                    <td style=\"\"><a href='<a href=\"https:\/\/diocesisdeaguascalientes.mx\/vicaria-de-pastoral\/wp-content\/uploads\/sites\/2\/forminator\/10414_47c7fef6f8c6f15ac1daaf1663bdf562\/uploads\/WVoXcTLFsABT-Programa-Profetica-Catequesis-Cultura-2025-2026.pdf\" target=\"_blank\">WVoXcTLFsABT-Programa-Profetica-Catequesis-Cultura-2025-2026.pdf<\/a>' rel='' target='_blank'><a href=\"https:\/\/diocesisdeaguascalientes.mx\/vicaria-de-pastoral\/wp-content\/uploads\/sites\/2\/forminator\/10414_47c7fef6f8c6f15ac1daaf1663bdf562\/uploads\/WVoXcTLFsABT-Programa-Profetica-Catequesis-Cultura-2025-2026.pdf\" target=\"_blank\">WVoXcTLFsABT-Programa-Profetica-Catequesis-Cultura-2025-2026.pdf<\/a><\/a><\/td>\n                    <td style=\"\">20\/09\/2025 02:02 PM<\/td>\n            <\/tr>\n            <tr id=\"table_2_row_60\">\n                    <td style=\"\">Programaci\u00f3n Parroquial<\/td>\n                    <td style=\"\"><\/td>\n                    <td style=\"\"><\/td>\n                    <td style=\"\"><a href='<a href=\"https:\/\/diocesisdeaguascalientes.mx\/vicaria-de-pastoral\/wp-content\/uploads\/sites\/2\/forminator\/10414_47c7fef6f8c6f15ac1daaf1663bdf562\/uploads\/c2xIz625y9Qq-Programa-Pastoral-Familiar-2025-2026.pdf\" target=\"_blank\">c2xIz625y9Qq-Programa-Pastoral-Familiar-2025-2026.pdf<\/a>' rel='' target='_blank'><a href=\"https:\/\/diocesisdeaguascalientes.mx\/vicaria-de-pastoral\/wp-content\/uploads\/sites\/2\/forminator\/10414_47c7fef6f8c6f15ac1daaf1663bdf562\/uploads\/c2xIz625y9Qq-Programa-Pastoral-Familiar-2025-2026.pdf\" target=\"_blank\">c2xIz625y9Qq-Programa-Pastoral-Familiar-2025-2026.pdf<\/a><\/a><\/td>\n                    <td style=\"\">20\/09\/2025 02:01 PM<\/td>\n            <\/tr>\n            <tr id=\"table_2_row_61\">\n                    <td style=\"\">Programaci\u00f3n Parroquial<\/td>\n                    <td style=\"\"><\/td>\n                    <td style=\"\"><\/td>\n                    <td style=\"\"><a href='<a href=\"https:\/\/diocesisdeaguascalientes.mx\/vicaria-de-pastoral\/wp-content\/uploads\/sites\/2\/forminator\/10414_47c7fef6f8c6f15ac1daaf1663bdf562\/uploads\/9gX4RtAwCqVQ-PASTORAL-JUVENIL-2025-2026.pdf\" target=\"_blank\">9gX4RtAwCqVQ-PASTORAL-JUVENIL-2025-2026.pdf<\/a>' rel='' target='_blank'><a href=\"https:\/\/diocesisdeaguascalientes.mx\/vicaria-de-pastoral\/wp-content\/uploads\/sites\/2\/forminator\/10414_47c7fef6f8c6f15ac1daaf1663bdf562\/uploads\/9gX4RtAwCqVQ-PASTORAL-JUVENIL-2025-2026.pdf\" target=\"_blank\">9gX4RtAwCqVQ-PASTORAL-JUVENIL-2025-2026.pdf<\/a><\/a><\/td>\n                    <td style=\"\">20\/09\/2025 01:44 PM<\/td>\n            <\/tr>\n            <tr id=\"table_2_row_62\">\n                    <td style=\"\">Programaci\u00f3n Parroquial<\/td>\n                    <td style=\"\"><\/td>\n                    <td style=\"\"><\/td>\n                    <td style=\"\"><a href='<a href=\"https:\/\/diocesisdeaguascalientes.mx\/vicaria-de-pastoral\/wp-content\/uploads\/sites\/2\/forminator\/10414_47c7fef6f8c6f15ac1daaf1663bdf562\/uploads\/b7fROGl4i3bX-Animacion-Pastoral-2025-2026.pdf\" target=\"_blank\">b7fROGl4i3bX-Animacion-Pastoral-2025-2026.pdf<\/a>' rel='' target='_blank'><a href=\"https:\/\/diocesisdeaguascalientes.mx\/vicaria-de-pastoral\/wp-content\/uploads\/sites\/2\/forminator\/10414_47c7fef6f8c6f15ac1daaf1663bdf562\/uploads\/b7fROGl4i3bX-Animacion-Pastoral-2025-2026.pdf\" target=\"_blank\">b7fROGl4i3bX-Animacion-Pastoral-2025-2026.pdf<\/a><\/a><\/td>\n                    <td style=\"\">20\/09\/2025 11:44 AM<\/td>\n            <\/tr>\n            <tr id=\"table_2_row_63\">\n                    <td style=\"\">Programaci\u00f3n Parroquial<\/td>\n                    <td style=\"\"><\/td>\n                    <td style=\"\"><\/td>\n                    <td style=\"\"><a href='<a href=\"https:\/\/diocesisdeaguascalientes.mx\/vicaria-de-pastoral\/wp-content\/uploads\/sites\/2\/forminator\/10414_47c7fef6f8c6f15ac1daaf1663bdf562\/uploads\/t0lcG6b7PO8D-Organismos-Eclesiales-Laicales-2025-2026.pdf\" target=\"_blank\">t0lcG6b7PO8D-Organismos-Eclesiales-Laicales-2025-2026.pdf<\/a>' rel='' target='_blank'><a href=\"https:\/\/diocesisdeaguascalientes.mx\/vicaria-de-pastoral\/wp-content\/uploads\/sites\/2\/forminator\/10414_47c7fef6f8c6f15ac1daaf1663bdf562\/uploads\/t0lcG6b7PO8D-Organismos-Eclesiales-Laicales-2025-2026.pdf\" target=\"_blank\">t0lcG6b7PO8D-Organismos-Eclesiales-Laicales-2025-2026.pdf<\/a><\/a><\/td>\n                    <td style=\"\">20\/09\/2025 11:42 AM<\/td>\n            <\/tr>\n            <tr id=\"table_2_row_64\">\n                    <td style=\"\">Programaci\u00f3n Parroquial<\/td>\n                    <td style=\"\"><\/td>\n                    <td style=\"\"><\/td>\n                    <td style=\"\"><a href='<a href=\"https:\/\/diocesisdeaguascalientes.mx\/vicaria-de-pastoral\/wp-content\/uploads\/sites\/2\/forminator\/10414_47c7fef6f8c6f15ac1daaf1663bdf562\/uploads\/OhVEZknJVbns-Juvenil-205-2026.pdf\" target=\"_blank\">OhVEZknJVbns-Juvenil-205-2026.pdf<\/a>' rel='' target='_blank'><a href=\"https:\/\/diocesisdeaguascalientes.mx\/vicaria-de-pastoral\/wp-content\/uploads\/sites\/2\/forminator\/10414_47c7fef6f8c6f15ac1daaf1663bdf562\/uploads\/OhVEZknJVbns-Juvenil-205-2026.pdf\" target=\"_blank\">OhVEZknJVbns-Juvenil-205-2026.pdf<\/a><\/a><\/td>\n                    <td style=\"\">20\/09\/2025 11:42 AM<\/td>\n            <\/tr>\n            <tr id=\"table_2_row_65\">\n                    <td style=\"\">Programaci\u00f3n Parroquial<\/td>\n                    <td style=\"\"><\/td>\n                    <td style=\"\"><\/td>\n                    <td style=\"\"><a href='<a href=\"https:\/\/diocesisdeaguascalientes.mx\/vicaria-de-pastoral\/wp-content\/uploads\/sites\/2\/forminator\/10414_47c7fef6f8c6f15ac1daaf1663bdf562\/uploads\/VBUzKPLNPgPu-Familiar-2025-2026docx.pdf\" target=\"_blank\">VBUzKPLNPgPu-Familiar-2025-2026docx.pdf<\/a>' rel='' target='_blank'><a href=\"https:\/\/diocesisdeaguascalientes.mx\/vicaria-de-pastoral\/wp-content\/uploads\/sites\/2\/forminator\/10414_47c7fef6f8c6f15ac1daaf1663bdf562\/uploads\/VBUzKPLNPgPu-Familiar-2025-2026docx.pdf\" target=\"_blank\">VBUzKPLNPgPu-Familiar-2025-2026docx.pdf<\/a><\/a><\/td>\n                    <td style=\"\">20\/09\/2025 11:40 AM<\/td>\n            <\/tr>\n            <tr id=\"table_2_row_66\">\n                    <td style=\"\">Programaci\u00f3n Parroquial<\/td>\n                    <td style=\"\"><\/td>\n                    <td style=\"\"><\/td>\n                    <td style=\"\"><a href='<a href=\"https:\/\/diocesisdeaguascalientes.mx\/vicaria-de-pastoral\/wp-content\/uploads\/sites\/2\/forminator\/10414_47c7fef6f8c6f15ac1daaf1663bdf562\/uploads\/zRAMocSvtpTZ-Pastoral-Social-2025-2026.pdf\" target=\"_blank\">zRAMocSvtpTZ-Pastoral-Social-2025-2026.pdf<\/a>' rel='' target='_blank'><a href=\"https:\/\/diocesisdeaguascalientes.mx\/vicaria-de-pastoral\/wp-content\/uploads\/sites\/2\/forminator\/10414_47c7fef6f8c6f15ac1daaf1663bdf562\/uploads\/zRAMocSvtpTZ-Pastoral-Social-2025-2026.pdf\" target=\"_blank\">zRAMocSvtpTZ-Pastoral-Social-2025-2026.pdf<\/a><\/a><\/td>\n                    <td style=\"\">20\/09\/2025 11:40 AM<\/td>\n            <\/tr>\n            <tr id=\"table_2_row_67\">\n                    <td style=\"\">Programaci\u00f3n Parroquial<\/td>\n                    <td style=\"\"><\/td>\n                    <td style=\"\"><\/td>\n                    <td style=\"\"><a href='<a href=\"https:\/\/diocesisdeaguascalientes.mx\/vicaria-de-pastoral\/wp-content\/uploads\/sites\/2\/forminator\/10414_47c7fef6f8c6f15ac1daaf1663bdf562\/uploads\/EpdyUrhfEXH3-Liturgia-2025-2026-.pdf\" target=\"_blank\">EpdyUrhfEXH3-Liturgia-2025-2026-.pdf<\/a>' rel='' target='_blank'><a href=\"https:\/\/diocesisdeaguascalientes.mx\/vicaria-de-pastoral\/wp-content\/uploads\/sites\/2\/forminator\/10414_47c7fef6f8c6f15ac1daaf1663bdf562\/uploads\/EpdyUrhfEXH3-Liturgia-2025-2026-.pdf\" target=\"_blank\">EpdyUrhfEXH3-Liturgia-2025-2026-.pdf<\/a><\/a><\/td>\n                    <td style=\"\">20\/09\/2025 11:39 AM<\/td>\n            <\/tr>\n            <tr id=\"table_2_row_68\">\n                    <td style=\"\">Programaci\u00f3n Parroquial<\/td>\n                    <td style=\"\"><\/td>\n                    <td style=\"\"><\/td>\n                    <td style=\"\"><a href='<a href=\"https:\/\/diocesisdeaguascalientes.mx\/vicaria-de-pastoral\/wp-content\/uploads\/sites\/2\/forminator\/10414_47c7fef6f8c6f15ac1daaf1663bdf562\/uploads\/DsQiMoZKRSBh-Protetica-2025-2026.pdf\" target=\"_blank\">DsQiMoZKRSBh-Protetica-2025-2026.pdf<\/a>' rel='' target='_blank'><a href=\"https:\/\/diocesisdeaguascalientes.mx\/vicaria-de-pastoral\/wp-content\/uploads\/sites\/2\/forminator\/10414_47c7fef6f8c6f15ac1daaf1663bdf562\/uploads\/DsQiMoZKRSBh-Protetica-2025-2026.pdf\" target=\"_blank\">DsQiMoZKRSBh-Protetica-2025-2026.pdf<\/a><\/a><\/td>\n                    <td style=\"\">20\/09\/2025 11:37 AM<\/td>\n            <\/tr>\n            <tr id=\"table_2_row_69\">\n                    <td style=\"\">Programaci\u00f3n Parroquial<\/td>\n                    <td style=\"\"><\/td>\n                    <td style=\"\"><\/td>\n                    <td style=\"\"><a href='<a href=\"https:\/\/diocesisdeaguascalientes.mx\/vicaria-de-pastoral\/wp-content\/uploads\/sites\/2\/forminator\/10414_47c7fef6f8c6f15ac1daaf1663bdf562\/uploads\/JXE7so7kuC5W-FPP_2025_Renovacion-1.pdf\" target=\"_blank\">JXE7so7kuC5W-FPP_2025_Renovacion-1.pdf<\/a>' rel='' target='_blank'><a href=\"https:\/\/diocesisdeaguascalientes.mx\/vicaria-de-pastoral\/wp-content\/uploads\/sites\/2\/forminator\/10414_47c7fef6f8c6f15ac1daaf1663bdf562\/uploads\/JXE7so7kuC5W-FPP_2025_Renovacion-1.pdf\" target=\"_blank\">JXE7so7kuC5W-FPP_2025_Renovacion-1.pdf<\/a><\/a><\/td>\n                    <td style=\"\">20\/09\/2025 07:52 AM<\/td>\n            <\/tr>\n            <tr id=\"table_2_row_70\">\n                    <td style=\"\">Programaci\u00f3n Decanal<\/td>\n                    <td style=\"\">D16 SUR CIUDAD SANTO TORIBIO ROMO GONZALEZ<\/td>\n                    <td style=\"\">Organismos Eclesiales Laicales (OEL)<\/td>\n                    <td style=\"\"><a href='<a href=\"https:\/\/diocesisdeaguascalientes.mx\/vicaria-de-pastoral\/wp-content\/uploads\/sites\/2\/forminator\/10414_47c7fef6f8c6f15ac1daaf1663bdf562\/uploads\/0Jb7k9cybYrS-FORMATO-DE-PROGRAMACION-OEL-2025-2026.pdf\" target=\"_blank\">0Jb7k9cybYrS-FORMATO-DE-PROGRAMACION-OEL-2025-2026.pdf<\/a>' rel='' target='_blank'><a href=\"https:\/\/diocesisdeaguascalientes.mx\/vicaria-de-pastoral\/wp-content\/uploads\/sites\/2\/forminator\/10414_47c7fef6f8c6f15ac1daaf1663bdf562\/uploads\/0Jb7k9cybYrS-FORMATO-DE-PROGRAMACION-OEL-2025-2026.pdf\" target=\"_blank\">0Jb7k9cybYrS-FORMATO-DE-PROGRAMACION-OEL-2025-2026.pdf<\/a><\/a><\/td>\n                    <td style=\"\">19\/09\/2025 11:54 PM<\/td>\n            <\/tr>\n            <tr id=\"table_2_row_71\">\n                    <td style=\"\">Programaci\u00f3n Decanal<\/td>\n                    <td style=\"\">D16 SUR CIUDAD SANTO TORIBIO ROMO GONZALEZ<\/td>\n                    <td style=\"\">Pastoral de la Comunicaci\u00f3n<\/td>\n                    <td style=\"\"><a href='<a href=\"https:\/\/diocesisdeaguascalientes.mx\/vicaria-de-pastoral\/wp-content\/uploads\/sites\/2\/forminator\/10414_47c7fef6f8c6f15ac1daaf1663bdf562\/uploads\/edE7yVCdW8BO-Formato-Programacion-Comunicacion-STR-2025-2026.pdf\" target=\"_blank\">edE7yVCdW8BO-Formato-Programacion-Comunicacion-STR-2025-2026.pdf<\/a>' rel='' target='_blank'><a href=\"https:\/\/diocesisdeaguascalientes.mx\/vicaria-de-pastoral\/wp-content\/uploads\/sites\/2\/forminator\/10414_47c7fef6f8c6f15ac1daaf1663bdf562\/uploads\/edE7yVCdW8BO-Formato-Programacion-Comunicacion-STR-2025-2026.pdf\" target=\"_blank\">edE7yVCdW8BO-Formato-Programacion-Comunicacion-STR-2025-2026.pdf<\/a><\/a><\/td>\n                    <td style=\"\">19\/09\/2025 11:53 PM<\/td>\n            <\/tr>\n            <tr id=\"table_2_row_72\">\n                    <td style=\"\">Programaci\u00f3n Decanal<\/td>\n                    <td style=\"\">D16 SUR CIUDAD SANTO TORIBIO ROMO GONZALEZ<\/td>\n                    <td style=\"\">Pastoral Juvenil<\/td>\n                    <td style=\"\"><a href='<a href=\"https:\/\/diocesisdeaguascalientes.mx\/vicaria-de-pastoral\/wp-content\/uploads\/sites\/2\/forminator\/10414_47c7fef6f8c6f15ac1daaf1663bdf562\/uploads\/t8YdAbUBeeOc-PROGRAMACION-DECANAL-PASTORAL-JUVENIL-2025-2026.pdf\" target=\"_blank\">t8YdAbUBeeOc-PROGRAMACION-DECANAL-PASTORAL-JUVENIL-2025-2026.pdf<\/a>' rel='' target='_blank'><a href=\"https:\/\/diocesisdeaguascalientes.mx\/vicaria-de-pastoral\/wp-content\/uploads\/sites\/2\/forminator\/10414_47c7fef6f8c6f15ac1daaf1663bdf562\/uploads\/t8YdAbUBeeOc-PROGRAMACION-DECANAL-PASTORAL-JUVENIL-2025-2026.pdf\" target=\"_blank\">t8YdAbUBeeOc-PROGRAMACION-DECANAL-PASTORAL-JUVENIL-2025-2026.pdf<\/a><\/a><\/td>\n                    <td style=\"\">19\/09\/2025 11:52 PM<\/td>\n            <\/tr>\n            <tr id=\"table_2_row_73\">\n                    <td style=\"\">Programaci\u00f3n Decanal<\/td>\n                    <td style=\"\">D16 SUR CIUDAD SANTO TORIBIO ROMO GONZALEZ<\/td>\n                    <td style=\"\">Pastoral de Adolescentes<\/td>\n                    <td style=\"\"><a href='<a href=\"https:\/\/diocesisdeaguascalientes.mx\/vicaria-de-pastoral\/wp-content\/uploads\/sites\/2\/forminator\/10414_47c7fef6f8c6f15ac1daaf1663bdf562\/uploads\/qpjcLIYMsMyN-PROGRAMACION-2025-2026-pastoral-de-adolescentes.pdf\" target=\"_blank\">qpjcLIYMsMyN-PROGRAMACION-2025-2026-pastoral-de-adolescentes.pdf<\/a>' rel='' target='_blank'><a href=\"https:\/\/diocesisdeaguascalientes.mx\/vicaria-de-pastoral\/wp-content\/uploads\/sites\/2\/forminator\/10414_47c7fef6f8c6f15ac1daaf1663bdf562\/uploads\/qpjcLIYMsMyN-PROGRAMACION-2025-2026-pastoral-de-adolescentes.pdf\" target=\"_blank\">qpjcLIYMsMyN-PROGRAMACION-2025-2026-pastoral-de-adolescentes.pdf<\/a><\/a><\/td>\n                    <td style=\"\">19\/09\/2025 11:51 PM<\/td>\n            <\/tr>\n            <tr id=\"table_2_row_74\">\n                    <td style=\"\">Programaci\u00f3n Decanal<\/td>\n                    <td style=\"\">D16 SUR CIUDAD SANTO TORIBIO ROMO GONZALEZ<\/td>\n                    <td style=\"\">Pastoral Familiar<\/td>\n                    <td style=\"\"><a href='<a href=\"https:\/\/diocesisdeaguascalientes.mx\/vicaria-de-pastoral\/wp-content\/uploads\/sites\/2\/forminator\/10414_47c7fef6f8c6f15ac1daaf1663bdf562\/uploads\/E7iXngkABm8O-Programacion-pastoral-familiar-DECANATO-STO.-TORIBIO-2025-2026.pdf\" target=\"_blank\">E7iXngkABm8O-Programacion-pastoral-familiar-DECANATO-STO.-TORIBIO-2025-2026.pdf<\/a>' rel='' target='_blank'><a href=\"https:\/\/diocesisdeaguascalientes.mx\/vicaria-de-pastoral\/wp-content\/uploads\/sites\/2\/forminator\/10414_47c7fef6f8c6f15ac1daaf1663bdf562\/uploads\/E7iXngkABm8O-Programacion-pastoral-familiar-DECANATO-STO.-TORIBIO-2025-2026.pdf\" target=\"_blank\">E7iXngkABm8O-Programacion-pastoral-familiar-DECANATO-STO.-TORIBIO-2025-2026.pdf<\/a><\/a><\/td>\n                    <td style=\"\">19\/09\/2025 11:51 PM<\/td>\n            <\/tr>\n            <tr id=\"table_2_row_75\">\n                    <td style=\"\">Programaci\u00f3n Decanal<\/td>\n                    <td style=\"\">D16 SUR CIUDAD SANTO TORIBIO ROMO GONZALEZ<\/td>\n                    <td style=\"\">Pastoral Social<\/td>\n                    <td style=\"\"><a href='<a href=\"https:\/\/diocesisdeaguascalientes.mx\/vicaria-de-pastoral\/wp-content\/uploads\/sites\/2\/forminator\/10414_47c7fef6f8c6f15ac1daaf1663bdf562\/uploads\/eFDOG7RYvRm9-PROGRAMACION-ANUAL-DECANAL-pastoral-social-2025-2026.pdf\" target=\"_blank\">eFDOG7RYvRm9-PROGRAMACION-ANUAL-DECANAL-pastoral-social-2025-2026.pdf<\/a>' rel='' target='_blank'><a href=\"https:\/\/diocesisdeaguascalientes.mx\/vicaria-de-pastoral\/wp-content\/uploads\/sites\/2\/forminator\/10414_47c7fef6f8c6f15ac1daaf1663bdf562\/uploads\/eFDOG7RYvRm9-PROGRAMACION-ANUAL-DECANAL-pastoral-social-2025-2026.pdf\" target=\"_blank\">eFDOG7RYvRm9-PROGRAMACION-ANUAL-DECANAL-pastoral-social-2025-2026.pdf<\/a><\/a><\/td>\n                    <td style=\"\">19\/09\/2025 11:50 PM<\/td>\n            <\/tr>\n            <tr id=\"table_2_row_76\">\n                    <td style=\"\">Programaci\u00f3n Decanal<\/td>\n                    <td style=\"\">D16 SUR CIUDAD SANTO TORIBIO ROMO GONZALEZ<\/td>\n                    <td style=\"\">Pastoral Prof\u00e9tica<\/td>\n                    <td style=\"\"><a href='<a href=\"https:\/\/diocesisdeaguascalientes.mx\/vicaria-de-pastoral\/wp-content\/uploads\/sites\/2\/forminator\/10414_47c7fef6f8c6f15ac1daaf1663bdf562\/uploads\/rEsa9DHWiSnK-Programacion-pastoral-profetica-DECANATO-STO.-TORIBIO-2025-2026.pdf\" target=\"_blank\">rEsa9DHWiSnK-Programacion-pastoral-profetica-DECANATO-STO.-TORIBIO-2025-2026.pdf<\/a>' rel='' target='_blank'><a href=\"https:\/\/diocesisdeaguascalientes.mx\/vicaria-de-pastoral\/wp-content\/uploads\/sites\/2\/forminator\/10414_47c7fef6f8c6f15ac1daaf1663bdf562\/uploads\/rEsa9DHWiSnK-Programacion-pastoral-profetica-DECANATO-STO.-TORIBIO-2025-2026.pdf\" target=\"_blank\">rEsa9DHWiSnK-Programacion-pastoral-profetica-DECANATO-STO.-TORIBIO-2025-2026.pdf<\/a><\/a><\/td>\n                    <td style=\"\">19\/09\/2025 11:49 PM<\/td>\n            <\/tr>\n            <tr id=\"table_2_row_77\">\n                    <td style=\"\">Programaci\u00f3n Decanal<\/td>\n                    <td style=\"\">D16 SUR CIUDAD SANTO TORIBIO ROMO GONZALEZ<\/td>\n                    <td style=\"\">Animaci\u00f3n Pastoral<\/td>\n                    <td style=\"\"><a href='<a href=\"https:\/\/diocesisdeaguascalientes.mx\/vicaria-de-pastoral\/wp-content\/uploads\/sites\/2\/forminator\/10414_47c7fef6f8c6f15ac1daaf1663bdf562\/uploads\/jGO5A9yOnXbs-PROGRAMACION-ANO-DEL-ENCUENTRO-CON-CRISTO-2025-2026-EDEAP.pdf\" target=\"_blank\">jGO5A9yOnXbs-PROGRAMACION-ANO-DEL-ENCUENTRO-CON-CRISTO-2025-2026-EDEAP.pdf<\/a>' rel='' target='_blank'><a href=\"https:\/\/diocesisdeaguascalientes.mx\/vicaria-de-pastoral\/wp-content\/uploads\/sites\/2\/forminator\/10414_47c7fef6f8c6f15ac1daaf1663bdf562\/uploads\/jGO5A9yOnXbs-PROGRAMACION-ANO-DEL-ENCUENTRO-CON-CRISTO-2025-2026-EDEAP.pdf\" target=\"_blank\">jGO5A9yOnXbs-PROGRAMACION-ANO-DEL-ENCUENTRO-CON-CRISTO-2025-2026-EDEAP.pdf<\/a><\/a><\/td>\n                    <td style=\"\">19\/09\/2025 11:47 PM<\/td>\n            <\/tr>\n            <tr id=\"table_2_row_78\">\n                    <td style=\"\">Programaci\u00f3n Decanal<\/td>\n                    <td style=\"\">D16 SUR CIUDAD SANTO TORIBIO ROMO GONZALEZ<\/td>\n                    <td style=\"\">Pastoral de la Comunicaci\u00f3n<\/td>\n                    <td style=\"\"><a href='<a href=\"https:\/\/diocesisdeaguascalientes.mx\/vicaria-de-pastoral\/wp-content\/uploads\/sites\/2\/forminator\/10414_47c7fef6f8c6f15ac1daaf1663bdf562\/uploads\/5KTD79G844u4-Formato-Programacion-Comunicacion-STR-2025-2026.pdf\" target=\"_blank\">5KTD79G844u4-Formato-Programacion-Comunicacion-STR-2025-2026.pdf<\/a>' rel='' target='_blank'><a href=\"https:\/\/diocesisdeaguascalientes.mx\/vicaria-de-pastoral\/wp-content\/uploads\/sites\/2\/forminator\/10414_47c7fef6f8c6f15ac1daaf1663bdf562\/uploads\/5KTD79G844u4-Formato-Programacion-Comunicacion-STR-2025-2026.pdf\" target=\"_blank\">5KTD79G844u4-Formato-Programacion-Comunicacion-STR-2025-2026.pdf<\/a><\/a><\/td>\n                    <td style=\"\">19\/09\/2025 11:34 PM<\/td>\n            <\/tr>\n            <tr id=\"table_2_row_79\">\n                    <td style=\"\">Programaci\u00f3n Decanal<\/td>\n                    <td style=\"\">D16 SUR CIUDAD SANTO TORIBIO ROMO GONZALEZ<\/td>\n                    <td style=\"\">Animaci\u00f3n Pastoral<\/td>\n                    <td style=\"\"><a href='<a href=\"https:\/\/diocesisdeaguascalientes.mx\/vicaria-de-pastoral\/wp-content\/uploads\/sites\/2\/forminator\/10414_47c7fef6f8c6f15ac1daaf1663bdf562\/uploads\/ox3aNvUew4Bn-PROGRAMACION-ANO-DEL-ENCUENTRO-CON-CRISTO-2025-2026-EDEAP.pdf\" target=\"_blank\">ox3aNvUew4Bn-PROGRAMACION-ANO-DEL-ENCUENTRO-CON-CRISTO-2025-2026-EDEAP.pdf<\/a>' rel='' target='_blank'><a href=\"https:\/\/diocesisdeaguascalientes.mx\/vicaria-de-pastoral\/wp-content\/uploads\/sites\/2\/forminator\/10414_47c7fef6f8c6f15ac1daaf1663bdf562\/uploads\/ox3aNvUew4Bn-PROGRAMACION-ANO-DEL-ENCUENTRO-CON-CRISTO-2025-2026-EDEAP.pdf\" target=\"_blank\">ox3aNvUew4Bn-PROGRAMACION-ANO-DEL-ENCUENTRO-CON-CRISTO-2025-2026-EDEAP.pdf<\/a><\/a><\/td>\n                    <td style=\"\">19\/09\/2025 11:07 PM<\/td>\n            <\/tr>\n            <tr id=\"table_2_row_80\">\n                    <td style=\"\">Programaci\u00f3n Parroquial<\/td>\n                    <td style=\"\"><\/td>\n                    <td style=\"\"><\/td>\n                    <td style=\"\"><a href='<a href=\"https:\/\/diocesisdeaguascalientes.mx\/vicaria-de-pastoral\/wp-content\/uploads\/sites\/2\/forminator\/10414_47c7fef6f8c6f15ac1daaf1663bdf562\/uploads\/wlauL6oJoXtI-PROGRMACION-RCCES-2025-2026-okok-1.pdf\" target=\"_blank\">wlauL6oJoXtI-PROGRMACION-RCCES-2025-2026-okok-1.pdf<\/a>' rel='' target='_blank'><a href=\"https:\/\/diocesisdeaguascalientes.mx\/vicaria-de-pastoral\/wp-content\/uploads\/sites\/2\/forminator\/10414_47c7fef6f8c6f15ac1daaf1663bdf562\/uploads\/wlauL6oJoXtI-PROGRMACION-RCCES-2025-2026-okok-1.pdf\" target=\"_blank\">wlauL6oJoXtI-PROGRMACION-RCCES-2025-2026-okok-1.pdf<\/a><\/a><\/td>\n                    <td style=\"\">19\/09\/2025 10:01 PM<\/td>\n            <\/tr>\n            <tr id=\"table_2_row_81\">\n                    <td style=\"\">Programaci\u00f3n Decanal<\/td>\n                    <td style=\"\">D17 NORTE II CIUDAD SAN JOSE SANCHEZ DEL RIO<\/td>\n                    <td style=\"\">Organismos Eclesiales Laicales (OEL)<\/td>\n                    <td style=\"\"><a href='<a href=\"https:\/\/diocesisdeaguascalientes.mx\/vicaria-de-pastoral\/wp-content\/uploads\/sites\/2\/forminator\/10414_47c7fef6f8c6f15ac1daaf1663bdf562\/uploads\/e0xCh01QR1aQ-PROGRAMACION-DECANAL-2025-2026-MEL.pdf\" target=\"_blank\">e0xCh01QR1aQ-PROGRAMACION-DECANAL-2025-2026-MEL.pdf<\/a>' rel='' target='_blank'><a href=\"https:\/\/diocesisdeaguascalientes.mx\/vicaria-de-pastoral\/wp-content\/uploads\/sites\/2\/forminator\/10414_47c7fef6f8c6f15ac1daaf1663bdf562\/uploads\/e0xCh01QR1aQ-PROGRAMACION-DECANAL-2025-2026-MEL.pdf\" target=\"_blank\">e0xCh01QR1aQ-PROGRAMACION-DECANAL-2025-2026-MEL.pdf<\/a><\/a><\/td>\n                    <td style=\"\">19\/09\/2025 09:29 PM<\/td>\n            <\/tr>\n            <tr id=\"table_2_row_82\">\n                    <td style=\"\">Programaci\u00f3n Parroquial<\/td>\n                    <td style=\"\"><\/td>\n                    <td style=\"\"><\/td>\n                    <td style=\"\"><a href='<a href=\"https:\/\/diocesisdeaguascalientes.mx\/vicaria-de-pastoral\/wp-content\/uploads\/sites\/2\/forminator\/10414_47c7fef6f8c6f15ac1daaf1663bdf562\/uploads\/SyhvUBlJsn0S-Programa-Pastoral-Juvenil-2025-2026.pdf\" target=\"_blank\">SyhvUBlJsn0S-Programa-Pastoral-Juvenil-2025-2026.pdf<\/a>' rel='' target='_blank'><a href=\"https:\/\/diocesisdeaguascalientes.mx\/vicaria-de-pastoral\/wp-content\/uploads\/sites\/2\/forminator\/10414_47c7fef6f8c6f15ac1daaf1663bdf562\/uploads\/SyhvUBlJsn0S-Programa-Pastoral-Juvenil-2025-2026.pdf\" target=\"_blank\">SyhvUBlJsn0S-Programa-Pastoral-Juvenil-2025-2026.pdf<\/a><\/a><\/td>\n                    <td style=\"\">19\/09\/2025 07:49 PM<\/td>\n            <\/tr>\n            <tr id=\"table_2_row_83\">\n                    <td style=\"\">Programaci\u00f3n Parroquial<\/td>\n                    <td style=\"\"><\/td>\n                    <td style=\"\"><\/td>\n                    <td style=\"\"><a href='<a href=\"https:\/\/diocesisdeaguascalientes.mx\/vicaria-de-pastoral\/wp-content\/uploads\/sites\/2\/forminator\/10414_47c7fef6f8c6f15ac1daaf1663bdf562\/uploads\/X16BKXeSBvzM-Programa-Cofradia-Senor-Encino-2025-2026.pdf\" target=\"_blank\">X16BKXeSBvzM-Programa-Cofradia-Senor-Encino-2025-2026.pdf<\/a>' rel='' target='_blank'><a href=\"https:\/\/diocesisdeaguascalientes.mx\/vicaria-de-pastoral\/wp-content\/uploads\/sites\/2\/forminator\/10414_47c7fef6f8c6f15ac1daaf1663bdf562\/uploads\/X16BKXeSBvzM-Programa-Cofradia-Senor-Encino-2025-2026.pdf\" target=\"_blank\">X16BKXeSBvzM-Programa-Cofradia-Senor-Encino-2025-2026.pdf<\/a><\/a><\/td>\n                    <td style=\"\">19\/09\/2025 07:48 PM<\/td>\n            <\/tr>\n            <tr id=\"table_2_row_84\">\n                    <td style=\"\">Programaci\u00f3n Parroquial<\/td>\n                    <td style=\"\"><\/td>\n                    <td style=\"\"><\/td>\n                    <td style=\"\"><a href='<a href=\"https:\/\/diocesisdeaguascalientes.mx\/vicaria-de-pastoral\/wp-content\/uploads\/sites\/2\/forminator\/10414_47c7fef6f8c6f15ac1daaf1663bdf562\/uploads\/VFAZGmsTucgZ-Programa-Liturgia-2025-2026.pdf\" target=\"_blank\">VFAZGmsTucgZ-Programa-Liturgia-2025-2026.pdf<\/a>' rel='' target='_blank'><a href=\"https:\/\/diocesisdeaguascalientes.mx\/vicaria-de-pastoral\/wp-content\/uploads\/sites\/2\/forminator\/10414_47c7fef6f8c6f15ac1daaf1663bdf562\/uploads\/VFAZGmsTucgZ-Programa-Liturgia-2025-2026.pdf\" target=\"_blank\">VFAZGmsTucgZ-Programa-Liturgia-2025-2026.pdf<\/a><\/a><\/td>\n                    <td style=\"\">19\/09\/2025 07:46 PM<\/td>\n            <\/tr>\n            <tr id=\"table_2_row_85\">\n                    <td style=\"\">Programaci\u00f3n Parroquial<\/td>\n                    <td style=\"\"><\/td>\n                    <td style=\"\"><\/td>\n                    <td style=\"\"><a href='<a href=\"https:\/\/diocesisdeaguascalientes.mx\/vicaria-de-pastoral\/wp-content\/uploads\/sites\/2\/forminator\/10414_47c7fef6f8c6f15ac1daaf1663bdf562\/uploads\/DKDVbUijhl6T-Pastoral-Social-Caritas-2025-2026.pdf\" target=\"_blank\">DKDVbUijhl6T-Pastoral-Social-Caritas-2025-2026.pdf<\/a>' rel='' target='_blank'><a href=\"https:\/\/diocesisdeaguascalientes.mx\/vicaria-de-pastoral\/wp-content\/uploads\/sites\/2\/forminator\/10414_47c7fef6f8c6f15ac1daaf1663bdf562\/uploads\/DKDVbUijhl6T-Pastoral-Social-Caritas-2025-2026.pdf\" target=\"_blank\">DKDVbUijhl6T-Pastoral-Social-Caritas-2025-2026.pdf<\/a><\/a><\/td>\n                    <td style=\"\">19\/09\/2025 07:45 PM<\/td>\n            <\/tr>\n            <tr id=\"table_2_row_86\">\n                    <td style=\"\">Programaci\u00f3n Parroquial<\/td>\n                    <td style=\"\"><\/td>\n                    <td style=\"\"><\/td>\n                    <td style=\"\"><a href='<a href=\"https:\/\/diocesisdeaguascalientes.mx\/vicaria-de-pastoral\/wp-content\/uploads\/sites\/2\/forminator\/10414_47c7fef6f8c6f15ac1daaf1663bdf562\/uploads\/s3LUNVF5h1PF-Programa-Profetica-Cultura-2025-2026.pdf\" target=\"_blank\">s3LUNVF5h1PF-Programa-Profetica-Cultura-2025-2026.pdf<\/a>' rel='' target='_blank'><a href=\"https:\/\/diocesisdeaguascalientes.mx\/vicaria-de-pastoral\/wp-content\/uploads\/sites\/2\/forminator\/10414_47c7fef6f8c6f15ac1daaf1663bdf562\/uploads\/s3LUNVF5h1PF-Programa-Profetica-Cultura-2025-2026.pdf\" target=\"_blank\">s3LUNVF5h1PF-Programa-Profetica-Cultura-2025-2026.pdf<\/a><\/a><\/td>\n                    <td style=\"\">19\/09\/2025 07:38 PM<\/td>\n            <\/tr>\n            <tr id=\"table_2_row_87\">\n                    <td style=\"\">Programaci\u00f3n Parroquial<\/td>\n                    <td style=\"\"><\/td>\n                    <td style=\"\"><\/td>\n                    <td style=\"\"><a href='<a href=\"https:\/\/diocesisdeaguascalientes.mx\/vicaria-de-pastoral\/wp-content\/uploads\/sites\/2\/forminator\/10414_47c7fef6f8c6f15ac1daaf1663bdf562\/uploads\/zjwSSS6kVDsv-PROGRAMA-DEL-EQUIPO-DE-ANIMACION-DEL-ENCINO-2025-2026.pdf\" target=\"_blank\">zjwSSS6kVDsv-PROGRAMA-DEL-EQUIPO-DE-ANIMACION-DEL-ENCINO-2025-2026.pdf<\/a>' rel='' target='_blank'><a href=\"https:\/\/diocesisdeaguascalientes.mx\/vicaria-de-pastoral\/wp-content\/uploads\/sites\/2\/forminator\/10414_47c7fef6f8c6f15ac1daaf1663bdf562\/uploads\/zjwSSS6kVDsv-PROGRAMA-DEL-EQUIPO-DE-ANIMACION-DEL-ENCINO-2025-2026.pdf\" target=\"_blank\">zjwSSS6kVDsv-PROGRAMA-DEL-EQUIPO-DE-ANIMACION-DEL-ENCINO-2025-2026.pdf<\/a><\/a><\/td>\n                    <td style=\"\">19\/09\/2025 07:25 PM<\/td>\n            <\/tr>\n            <tr id=\"table_2_row_88\">\n                    <td style=\"\">Programaci\u00f3n Parroquial<\/td>\n                    <td style=\"\"><\/td>\n                    <td style=\"\"><\/td>\n                    <td style=\"\"><a href='<a href=\"https:\/\/diocesisdeaguascalientes.mx\/vicaria-de-pastoral\/wp-content\/uploads\/sites\/2\/forminator\/10414_47c7fef6f8c6f15ac1daaf1663bdf562\/uploads\/PxV0f5ZZGAbD-PROGRAMACION-PASTORAL-DE-LA-COMUNICACION.pdf\" target=\"_blank\">PxV0f5ZZGAbD-PROGRAMACION-PASTORAL-DE-LA-COMUNICACION.pdf<\/a>' rel='' target='_blank'><a href=\"https:\/\/diocesisdeaguascalientes.mx\/vicaria-de-pastoral\/wp-content\/uploads\/sites\/2\/forminator\/10414_47c7fef6f8c6f15ac1daaf1663bdf562\/uploads\/PxV0f5ZZGAbD-PROGRAMACION-PASTORAL-DE-LA-COMUNICACION.pdf\" target=\"_blank\">PxV0f5ZZGAbD-PROGRAMACION-PASTORAL-DE-LA-COMUNICACION.pdf<\/a><\/a><\/td>\n                    <td style=\"\">19\/09\/2025 05:50 PM<\/td>\n            <\/tr>\n            <tr id=\"table_2_row_89\">\n                    <td style=\"\">Programaci\u00f3n Parroquial<\/td>\n                    <td style=\"\"><\/td>\n                    <td style=\"\"><\/td>\n                    <td style=\"\"><a href='<a href=\"https:\/\/diocesisdeaguascalientes.mx\/vicaria-de-pastoral\/wp-content\/uploads\/sites\/2\/forminator\/10414_47c7fef6f8c6f15ac1daaf1663bdf562\/uploads\/WOGZqAwDSpBm-PROGRAMACION-PASTORAL-DE-ADOLSCENTES.pdf\" target=\"_blank\">WOGZqAwDSpBm-PROGRAMACION-PASTORAL-DE-ADOLSCENTES.pdf<\/a>' rel='' target='_blank'><a href=\"https:\/\/diocesisdeaguascalientes.mx\/vicaria-de-pastoral\/wp-content\/uploads\/sites\/2\/forminator\/10414_47c7fef6f8c6f15ac1daaf1663bdf562\/uploads\/WOGZqAwDSpBm-PROGRAMACION-PASTORAL-DE-ADOLSCENTES.pdf\" target=\"_blank\">WOGZqAwDSpBm-PROGRAMACION-PASTORAL-DE-ADOLSCENTES.pdf<\/a><\/a><\/td>\n                    <td style=\"\">19\/09\/2025 05:46 PM<\/td>\n            <\/tr>\n            <tr id=\"table_2_row_90\">\n                    <td style=\"\">Programaci\u00f3n Decanal<\/td>\n                    <td style=\"\">D06 CENTRO CIUDAD SAN JOSE MARIA ROBLES<\/td>\n                    <td style=\"\">Pastoral Juvenil<\/td>\n                    <td style=\"\"><a href='<a href=\"https:\/\/diocesisdeaguascalientes.mx\/vicaria-de-pastoral\/wp-content\/uploads\/sites\/2\/forminator\/10414_47c7fef6f8c6f15ac1daaf1663bdf562\/uploads\/24StcSTGJJzc-PROGRAMACION-2025-2026-PASTORAL-JUVENIL.pdf\" target=\"_blank\">24StcSTGJJzc-PROGRAMACION-2025-2026-PASTORAL-JUVENIL.pdf<\/a>' rel='' target='_blank'><a href=\"https:\/\/diocesisdeaguascalientes.mx\/vicaria-de-pastoral\/wp-content\/uploads\/sites\/2\/forminator\/10414_47c7fef6f8c6f15ac1daaf1663bdf562\/uploads\/24StcSTGJJzc-PROGRAMACION-2025-2026-PASTORAL-JUVENIL.pdf\" target=\"_blank\">24StcSTGJJzc-PROGRAMACION-2025-2026-PASTORAL-JUVENIL.pdf<\/a><\/a><\/td>\n                    <td style=\"\">19\/09\/2025 05:19 PM<\/td>\n            <\/tr>\n            <tr id=\"table_2_row_91\">\n                    <td style=\"\">Programaci\u00f3n Decanal<\/td>\n                    <td style=\"\">D17 NORTE II CIUDAD SAN JOSE SANCHEZ DEL RIO<\/td>\n                    <td style=\"\">Pastoral de la Comunicaci\u00f3n<\/td>\n                    <td style=\"\"><a href='<a href=\"https:\/\/diocesisdeaguascalientes.mx\/vicaria-de-pastoral\/wp-content\/uploads\/sites\/2\/forminator\/10414_47c7fef6f8c6f15ac1daaf1663bdf562\/uploads\/VzymYf4carGj-FORMATO-DE-PROGRAMACION-2025-2026-Comunicacion.pdf\" target=\"_blank\">VzymYf4carGj-FORMATO-DE-PROGRAMACION-2025-2026-Comunicacion.pdf<\/a>' rel='' target='_blank'><a href=\"https:\/\/diocesisdeaguascalientes.mx\/vicaria-de-pastoral\/wp-content\/uploads\/sites\/2\/forminator\/10414_47c7fef6f8c6f15ac1daaf1663bdf562\/uploads\/VzymYf4carGj-FORMATO-DE-PROGRAMACION-2025-2026-Comunicacion.pdf\" target=\"_blank\">VzymYf4carGj-FORMATO-DE-PROGRAMACION-2025-2026-Comunicacion.pdf<\/a><\/a><\/td>\n                    <td style=\"\">19\/09\/2025 05:18 PM<\/td>\n            <\/tr>\n            <tr id=\"table_2_row_92\">\n                    <td style=\"\">Programaci\u00f3n Decanal<\/td>\n                    <td style=\"\">D17 NORTE II CIUDAD SAN JOSE SANCHEZ DEL RIO<\/td>\n                    <td style=\"\">Pastoral Juvenil<\/td>\n                    <td style=\"\"><a href='<a href=\"https:\/\/diocesisdeaguascalientes.mx\/vicaria-de-pastoral\/wp-content\/uploads\/sites\/2\/forminator\/10414_47c7fef6f8c6f15ac1daaf1663bdf562\/uploads\/lydZjnpdZ4Tm-FORMATO-DE-PROGRAMACION-2025-2026-Juvenil.pdf\" target=\"_blank\">lydZjnpdZ4Tm-FORMATO-DE-PROGRAMACION-2025-2026-Juvenil.pdf<\/a>' rel='' target='_blank'><a href=\"https:\/\/diocesisdeaguascalientes.mx\/vicaria-de-pastoral\/wp-content\/uploads\/sites\/2\/forminator\/10414_47c7fef6f8c6f15ac1daaf1663bdf562\/uploads\/lydZjnpdZ4Tm-FORMATO-DE-PROGRAMACION-2025-2026-Juvenil.pdf\" target=\"_blank\">lydZjnpdZ4Tm-FORMATO-DE-PROGRAMACION-2025-2026-Juvenil.pdf<\/a><\/a><\/td>\n                    <td style=\"\">19\/09\/2025 05:17 PM<\/td>\n            <\/tr>\n            <tr id=\"table_2_row_93\">\n                    <td style=\"\">Programaci\u00f3n Decanal<\/td>\n                    <td style=\"\">D17 NORTE II CIUDAD SAN JOSE SANCHEZ DEL RIO<\/td>\n                    <td style=\"\">Pastoral de Adolescentes<\/td>\n                    <td style=\"\"><a href='<a href=\"https:\/\/diocesisdeaguascalientes.mx\/vicaria-de-pastoral\/wp-content\/uploads\/sites\/2\/forminator\/10414_47c7fef6f8c6f15ac1daaf1663bdf562\/uploads\/nwK1uaaTGfHh-PROGRAMACION-DECANAL-2025-2026-P.-Adolescentes.pdf\" target=\"_blank\">nwK1uaaTGfHh-PROGRAMACION-DECANAL-2025-2026-P.-Adolescentes.pdf<\/a>' rel='' target='_blank'><a href=\"https:\/\/diocesisdeaguascalientes.mx\/vicaria-de-pastoral\/wp-content\/uploads\/sites\/2\/forminator\/10414_47c7fef6f8c6f15ac1daaf1663bdf562\/uploads\/nwK1uaaTGfHh-PROGRAMACION-DECANAL-2025-2026-P.-Adolescentes.pdf\" target=\"_blank\">nwK1uaaTGfHh-PROGRAMACION-DECANAL-2025-2026-P.-Adolescentes.pdf<\/a><\/a><\/td>\n                    <td style=\"\">19\/09\/2025 05:16 PM<\/td>\n            <\/tr>\n            <tr id=\"table_2_row_94\">\n                    <td style=\"\">Programaci\u00f3n Decanal<\/td>\n                    <td style=\"\">D17 NORTE II CIUDAD SAN JOSE SANCHEZ DEL RIO<\/td>\n                    <td style=\"\">Pastoral Familiar<\/td>\n                    <td style=\"\"><a href='<a href=\"https:\/\/diocesisdeaguascalientes.mx\/vicaria-de-pastoral\/wp-content\/uploads\/sites\/2\/forminator\/10414_47c7fef6f8c6f15ac1daaf1663bdf562\/uploads\/77ctbgoayVRI-FORMATO-DE-PROGRAMACION-2025-2026-Familiar.pdf\" target=\"_blank\">77ctbgoayVRI-FORMATO-DE-PROGRAMACION-2025-2026-Familiar.pdf<\/a>' rel='' target='_blank'><a href=\"https:\/\/diocesisdeaguascalientes.mx\/vicaria-de-pastoral\/wp-content\/uploads\/sites\/2\/forminator\/10414_47c7fef6f8c6f15ac1daaf1663bdf562\/uploads\/77ctbgoayVRI-FORMATO-DE-PROGRAMACION-2025-2026-Familiar.pdf\" target=\"_blank\">77ctbgoayVRI-FORMATO-DE-PROGRAMACION-2025-2026-Familiar.pdf<\/a><\/a><\/td>\n                    <td style=\"\">19\/09\/2025 05:16 PM<\/td>\n            <\/tr>\n            <tr id=\"table_2_row_95\">\n                    <td style=\"\">Programaci\u00f3n Decanal<\/td>\n                    <td style=\"\">D06 CENTRO CIUDAD SAN JOSE MARIA ROBLES<\/td>\n                    <td style=\"\">Animaci\u00f3n Pastoral<\/td>\n                    <td style=\"\"><a href='<a href=\"https:\/\/diocesisdeaguascalientes.mx\/vicaria-de-pastoral\/wp-content\/uploads\/sites\/2\/forminator\/10414_47c7fef6f8c6f15ac1daaf1663bdf562\/uploads\/GLtePh9rmfKo-EDEAP-PROGRAMACION-2025-2026.pdf\" target=\"_blank\">GLtePh9rmfKo-EDEAP-PROGRAMACION-2025-2026.pdf<\/a>' rel='' target='_blank'><a href=\"https:\/\/diocesisdeaguascalientes.mx\/vicaria-de-pastoral\/wp-content\/uploads\/sites\/2\/forminator\/10414_47c7fef6f8c6f15ac1daaf1663bdf562\/uploads\/GLtePh9rmfKo-EDEAP-PROGRAMACION-2025-2026.pdf\" target=\"_blank\">GLtePh9rmfKo-EDEAP-PROGRAMACION-2025-2026.pdf<\/a><\/a><\/td>\n                    <td style=\"\">19\/09\/2025 05:16 PM<\/td>\n            <\/tr>\n            <tr id=\"table_2_row_96\">\n                    <td style=\"\">Programaci\u00f3n Decanal<\/td>\n                    <td style=\"\">D17 NORTE II CIUDAD SAN JOSE SANCHEZ DEL RIO<\/td>\n                    <td style=\"\">Pastoral Social<\/td>\n                    <td style=\"\"><a href='<a href=\"https:\/\/diocesisdeaguascalientes.mx\/vicaria-de-pastoral\/wp-content\/uploads\/sites\/2\/forminator\/10414_47c7fef6f8c6f15ac1daaf1663bdf562\/uploads\/qhVYwKMt3S6l-PROGRAMACION-DECANAL-2025-2026-P.-Social.pdf\" target=\"_blank\">qhVYwKMt3S6l-PROGRAMACION-DECANAL-2025-2026-P.-Social.pdf<\/a>' rel='' target='_blank'><a href=\"https:\/\/diocesisdeaguascalientes.mx\/vicaria-de-pastoral\/wp-content\/uploads\/sites\/2\/forminator\/10414_47c7fef6f8c6f15ac1daaf1663bdf562\/uploads\/qhVYwKMt3S6l-PROGRAMACION-DECANAL-2025-2026-P.-Social.pdf\" target=\"_blank\">qhVYwKMt3S6l-PROGRAMACION-DECANAL-2025-2026-P.-Social.pdf<\/a><\/a><\/td>\n                    <td style=\"\">19\/09\/2025 05:15 PM<\/td>\n            <\/tr>\n            <tr id=\"table_2_row_97\">\n                    <td style=\"\">Programaci\u00f3n Decanal<\/td>\n                    <td style=\"\">D17 NORTE II CIUDAD SAN JOSE SANCHEZ DEL RIO<\/td>\n                    <td style=\"\">Pastoral Lit\u00fargica<\/td>\n                    <td style=\"\"><a href='<a href=\"https:\/\/diocesisdeaguascalientes.mx\/vicaria-de-pastoral\/wp-content\/uploads\/sites\/2\/forminator\/10414_47c7fef6f8c6f15ac1daaf1663bdf562\/uploads\/m6s0V8JHeV07-PROGRAMACION-DECANAL-2025-2026-P.-Liturgica.pdf\" target=\"_blank\">m6s0V8JHeV07-PROGRAMACION-DECANAL-2025-2026-P.-Liturgica.pdf<\/a>' rel='' target='_blank'><a href=\"https:\/\/diocesisdeaguascalientes.mx\/vicaria-de-pastoral\/wp-content\/uploads\/sites\/2\/forminator\/10414_47c7fef6f8c6f15ac1daaf1663bdf562\/uploads\/m6s0V8JHeV07-PROGRAMACION-DECANAL-2025-2026-P.-Liturgica.pdf\" target=\"_blank\">m6s0V8JHeV07-PROGRAMACION-DECANAL-2025-2026-P.-Liturgica.pdf<\/a><\/a><\/td>\n                    <td style=\"\">19\/09\/2025 05:14 PM<\/td>\n            <\/tr>\n            <tr id=\"table_2_row_98\">\n                    <td style=\"\">Programaci\u00f3n Decanal<\/td>\n                    <td style=\"\">D17 NORTE II CIUDAD SAN JOSE SANCHEZ DEL RIO<\/td>\n                    <td style=\"\">Pastoral Prof\u00e9tica<\/td>\n                    <td style=\"\"><a href='<a href=\"https:\/\/diocesisdeaguascalientes.mx\/vicaria-de-pastoral\/wp-content\/uploads\/sites\/2\/forminator\/10414_47c7fef6f8c6f15ac1daaf1663bdf562\/uploads\/USjf2gBp9G7l-FORMATO-DE-PROGRAMACION-2025-2026-Profetica.pdf\" target=\"_blank\">USjf2gBp9G7l-FORMATO-DE-PROGRAMACION-2025-2026-Profetica.pdf<\/a>' rel='' target='_blank'><a href=\"https:\/\/diocesisdeaguascalientes.mx\/vicaria-de-pastoral\/wp-content\/uploads\/sites\/2\/forminator\/10414_47c7fef6f8c6f15ac1daaf1663bdf562\/uploads\/USjf2gBp9G7l-FORMATO-DE-PROGRAMACION-2025-2026-Profetica.pdf\" target=\"_blank\">USjf2gBp9G7l-FORMATO-DE-PROGRAMACION-2025-2026-Profetica.pdf<\/a><\/a><\/td>\n                    <td style=\"\">19\/09\/2025 05:14 PM<\/td>\n            <\/tr>\n            <tr id=\"table_2_row_99\">\n                    <td style=\"\">Programaci\u00f3n Decanal<\/td>\n                    <td style=\"\">D17 NORTE II CIUDAD SAN JOSE SANCHEZ DEL RIO<\/td>\n                    <td style=\"\">Animaci\u00f3n Pastoral<\/td>\n                    <td style=\"\"><a href='<a href=\"https:\/\/diocesisdeaguascalientes.mx\/vicaria-de-pastoral\/wp-content\/uploads\/sites\/2\/forminator\/10414_47c7fef6f8c6f15ac1daaf1663bdf562\/uploads\/wxkYYcCIuRYv-PROGRAMACION-DECANAL-2025-2026-Animacion-Pastoral.pdf\" target=\"_blank\">wxkYYcCIuRYv-PROGRAMACION-DECANAL-2025-2026-Animacion-Pastoral.pdf<\/a>' rel='' target='_blank'><a href=\"https:\/\/diocesisdeaguascalientes.mx\/vicaria-de-pastoral\/wp-content\/uploads\/sites\/2\/forminator\/10414_47c7fef6f8c6f15ac1daaf1663bdf562\/uploads\/wxkYYcCIuRYv-PROGRAMACION-DECANAL-2025-2026-Animacion-Pastoral.pdf\" target=\"_blank\">wxkYYcCIuRYv-PROGRAMACION-DECANAL-2025-2026-Animacion-Pastoral.pdf<\/a><\/a><\/td>\n                    <td style=\"\">19\/09\/2025 05:13 PM<\/td>\n            <\/tr>\n            <tr id=\"table_2_row_100\">\n                    <td style=\"\">Programaci\u00f3n Decanal<\/td>\n                    <td style=\"\">D06 CENTRO CIUDAD SAN JOSE MARIA ROBLES<\/td>\n                    <td style=\"\">Pastoral Social<\/td>\n                    <td style=\"\"><a href='<a href=\"https:\/\/diocesisdeaguascalientes.mx\/vicaria-de-pastoral\/wp-content\/uploads\/sites\/2\/forminator\/10414_47c7fef6f8c6f15ac1daaf1663bdf562\/uploads\/HSrCg1kRqb3b-PROGRAMA-DEL-DECANATO-CENTRO-2025-2026.pdf\" target=\"_blank\">HSrCg1kRqb3b-PROGRAMA-DEL-DECANATO-CENTRO-2025-2026.pdf<\/a>' rel='' target='_blank'><a href=\"https:\/\/diocesisdeaguascalientes.mx\/vicaria-de-pastoral\/wp-content\/uploads\/sites\/2\/forminator\/10414_47c7fef6f8c6f15ac1daaf1663bdf562\/uploads\/HSrCg1kRqb3b-PROGRAMA-DEL-DECANATO-CENTRO-2025-2026.pdf\" target=\"_blank\">HSrCg1kRqb3b-PROGRAMA-DEL-DECANATO-CENTRO-2025-2026.pdf<\/a><\/a><\/td>\n                    <td style=\"\">19\/09\/2025 05:11 PM<\/td>\n            <\/tr>\n            <tr id=\"table_2_row_101\">\n                    <td style=\"\">Programaci\u00f3n Decanal<\/td>\n                    <td style=\"\">D17 NORTE II CIUDAD SAN JOSE SANCHEZ DEL RIO<\/td>\n                    <td style=\"\">Animaci\u00f3n Pastoral<\/td>\n                    <td style=\"\"><a href='<a href=\"https:\/\/diocesisdeaguascalientes.mx\/vicaria-de-pastoral\/wp-content\/uploads\/sites\/2\/forminator\/10414_47c7fef6f8c6f15ac1daaf1663bdf562\/uploads\/cSWE3YBPgKgB-PROGRAMACION-DECANAL-2025-2026-Animacion-Pastoral.pdf\" target=\"_blank\">cSWE3YBPgKgB-PROGRAMACION-DECANAL-2025-2026-Animacion-Pastoral.pdf<\/a>' rel='' target='_blank'><a href=\"https:\/\/diocesisdeaguascalientes.mx\/vicaria-de-pastoral\/wp-content\/uploads\/sites\/2\/forminator\/10414_47c7fef6f8c6f15ac1daaf1663bdf562\/uploads\/cSWE3YBPgKgB-PROGRAMACION-DECANAL-2025-2026-Animacion-Pastoral.pdf\" target=\"_blank\">cSWE3YBPgKgB-PROGRAMACION-DECANAL-2025-2026-Animacion-Pastoral.pdf<\/a><\/a><\/td>\n                    <td style=\"\">19\/09\/2025 05:11 PM<\/td>\n            <\/tr>\n            <tr id=\"table_2_row_102\">\n                    <td style=\"\">Programaci\u00f3n Decanal<\/td>\n                    <td style=\"\">D06 CENTRO CIUDAD SAN JOSE MARIA ROBLES<\/td>\n                    <td style=\"\">Pastoral de Adolescentes<\/td>\n                    <td style=\"\"><a href='<a href=\"https:\/\/diocesisdeaguascalientes.mx\/vicaria-de-pastoral\/wp-content\/uploads\/sites\/2\/forminator\/10414_47c7fef6f8c6f15ac1daaf1663bdf562\/uploads\/Nl7jnmX0KXvN-Programacion-2025-2026-PASTORAL-ADOLESCENTES.pdf\" target=\"_blank\">Nl7jnmX0KXvN-Programacion-2025-2026-PASTORAL-ADOLESCENTES.pdf<\/a>' rel='' target='_blank'><a href=\"https:\/\/diocesisdeaguascalientes.mx\/vicaria-de-pastoral\/wp-content\/uploads\/sites\/2\/forminator\/10414_47c7fef6f8c6f15ac1daaf1663bdf562\/uploads\/Nl7jnmX0KXvN-Programacion-2025-2026-PASTORAL-ADOLESCENTES.pdf\" target=\"_blank\">Nl7jnmX0KXvN-Programacion-2025-2026-PASTORAL-ADOLESCENTES.pdf<\/a><\/a><\/td>\n                    <td style=\"\">19\/09\/2025 05:11 PM<\/td>\n            <\/tr>\n            <tr id=\"table_2_row_103\">\n                    <td style=\"\">Programaci\u00f3n Decanal<\/td>\n                    <td style=\"\">D06 CENTRO CIUDAD SAN JOSE MARIA ROBLES<\/td>\n                    <td style=\"\">Organismos Eclesiales Laicales (OEL)<\/td>\n                    <td style=\"\"><a href='<a href=\"https:\/\/diocesisdeaguascalientes.mx\/vicaria-de-pastoral\/wp-content\/uploads\/sites\/2\/forminator\/10414_47c7fef6f8c6f15ac1daaf1663bdf562\/uploads\/AYRfvgqc04w3-Organismos-Eclesiales-Laicales.pdf\" target=\"_blank\">AYRfvgqc04w3-Organismos-Eclesiales-Laicales.pdf<\/a>' rel='' target='_blank'><a href=\"https:\/\/diocesisdeaguascalientes.mx\/vicaria-de-pastoral\/wp-content\/uploads\/sites\/2\/forminator\/10414_47c7fef6f8c6f15ac1daaf1663bdf562\/uploads\/AYRfvgqc04w3-Organismos-Eclesiales-Laicales.pdf\" target=\"_blank\">AYRfvgqc04w3-Organismos-Eclesiales-Laicales.pdf<\/a><\/a><\/td>\n                    <td style=\"\">19\/09\/2025 05:09 PM<\/td>\n            <\/tr>\n            <tr id=\"table_2_row_104\">\n                    <td style=\"\">Programaci\u00f3n Decanal<\/td>\n                    <td style=\"\">D06 CENTRO CIUDAD SAN JOSE MARIA ROBLES<\/td>\n                    <td style=\"\">Pastoral Familiar<\/td>\n                    <td style=\"\"><a href='<a href=\"https:\/\/diocesisdeaguascalientes.mx\/vicaria-de-pastoral\/wp-content\/uploads\/sites\/2\/forminator\/10414_47c7fef6f8c6f15ac1daaf1663bdf562\/uploads\/4aCi2eNF2MBE-2.-Hoja_Pastoral_Familiar_Arial_Vertical-decanato-centro.pdf\" target=\"_blank\">4aCi2eNF2MBE-2.-Hoja_Pastoral_Familiar_Arial_Vertical-decanato-centro.pdf<\/a>' rel='' target='_blank'><a href=\"https:\/\/diocesisdeaguascalientes.mx\/vicaria-de-pastoral\/wp-content\/uploads\/sites\/2\/forminator\/10414_47c7fef6f8c6f15ac1daaf1663bdf562\/uploads\/4aCi2eNF2MBE-2.-Hoja_Pastoral_Familiar_Arial_Vertical-decanato-centro.pdf\" target=\"_blank\">4aCi2eNF2MBE-2.-Hoja_Pastoral_Familiar_Arial_Vertical-decanato-centro.pdf<\/a><\/a><\/td>\n                    <td style=\"\">19\/09\/2025 05:08 PM<\/td>\n            <\/tr>\n            <tr id=\"table_2_row_105\">\n                    <td style=\"\">Programaci\u00f3n Decanal<\/td>\n                    <td style=\"\">D13 EL LLANO FORANEO SAN ROMAN ADAME ROSALES<\/td>\n                    <td style=\"\">Organismos Eclesiales Laicales (OEL)<\/td>\n                    <td style=\"\"><a href='<a href=\"https:\/\/diocesisdeaguascalientes.mx\/vicaria-de-pastoral\/wp-content\/uploads\/sites\/2\/forminator\/10414_47c7fef6f8c6f15ac1daaf1663bdf562\/uploads\/yCtHYsjs6XfA-Programacion-decanal-Organismos-Eclesiales-Laicales.pdf\" target=\"_blank\">yCtHYsjs6XfA-Programacion-decanal-Organismos-Eclesiales-Laicales.pdf<\/a>' rel='' target='_blank'><a href=\"https:\/\/diocesisdeaguascalientes.mx\/vicaria-de-pastoral\/wp-content\/uploads\/sites\/2\/forminator\/10414_47c7fef6f8c6f15ac1daaf1663bdf562\/uploads\/yCtHYsjs6XfA-Programacion-decanal-Organismos-Eclesiales-Laicales.pdf\" target=\"_blank\">yCtHYsjs6XfA-Programacion-decanal-Organismos-Eclesiales-Laicales.pdf<\/a><\/a><\/td>\n                    <td style=\"\">19\/09\/2025 12:27 PM<\/td>\n            <\/tr>\n            <tr id=\"table_2_row_106\">\n                    <td style=\"\">Programaci\u00f3n Decanal<\/td>\n                    <td style=\"\">D13 EL LLANO FORANEO SAN ROMAN ADAME ROSALES<\/td>\n                    <td style=\"\">Pastoral de la Comunicaci\u00f3n<\/td>\n                    <td style=\"\"><a href='<a href=\"https:\/\/diocesisdeaguascalientes.mx\/vicaria-de-pastoral\/wp-content\/uploads\/sites\/2\/forminator\/10414_47c7fef6f8c6f15ac1daaf1663bdf562\/uploads\/9jGDFW1mZjeN-Programacion-decanal-comunicaciones.pdf\" target=\"_blank\">9jGDFW1mZjeN-Programacion-decanal-comunicaciones.pdf<\/a>' rel='' target='_blank'><a href=\"https:\/\/diocesisdeaguascalientes.mx\/vicaria-de-pastoral\/wp-content\/uploads\/sites\/2\/forminator\/10414_47c7fef6f8c6f15ac1daaf1663bdf562\/uploads\/9jGDFW1mZjeN-Programacion-decanal-comunicaciones.pdf\" target=\"_blank\">9jGDFW1mZjeN-Programacion-decanal-comunicaciones.pdf<\/a><\/a><\/td>\n                    <td style=\"\">19\/09\/2025 12:26 PM<\/td>\n            <\/tr>\n            <tr id=\"table_2_row_107\">\n                    <td style=\"\">Programaci\u00f3n Decanal<\/td>\n                    <td style=\"\">D13 EL LLANO FORANEO SAN ROMAN ADAME ROSALES<\/td>\n                    <td style=\"\">Pastoral Juvenil<\/td>\n                    <td style=\"\"><a href='<a href=\"https:\/\/diocesisdeaguascalientes.mx\/vicaria-de-pastoral\/wp-content\/uploads\/sites\/2\/forminator\/10414_47c7fef6f8c6f15ac1daaf1663bdf562\/uploads\/Gmbvx5EeETq5-Programacion-decanal-juvenil.pdf\" target=\"_blank\">Gmbvx5EeETq5-Programacion-decanal-juvenil.pdf<\/a>' rel='' target='_blank'><a href=\"https:\/\/diocesisdeaguascalientes.mx\/vicaria-de-pastoral\/wp-content\/uploads\/sites\/2\/forminator\/10414_47c7fef6f8c6f15ac1daaf1663bdf562\/uploads\/Gmbvx5EeETq5-Programacion-decanal-juvenil.pdf\" target=\"_blank\">Gmbvx5EeETq5-Programacion-decanal-juvenil.pdf<\/a><\/a><\/td>\n                    <td style=\"\">19\/09\/2025 12:26 PM<\/td>\n            <\/tr>\n            <tr id=\"table_2_row_108\">\n                    <td style=\"\">Programaci\u00f3n Decanal<\/td>\n                    <td style=\"\">D13 EL LLANO FORANEO SAN ROMAN ADAME ROSALES<\/td>\n                    <td style=\"\">Pastoral de Adolescentes<\/td>\n                    <td style=\"\"><a href='<a href=\"https:\/\/diocesisdeaguascalientes.mx\/vicaria-de-pastoral\/wp-content\/uploads\/sites\/2\/forminator\/10414_47c7fef6f8c6f15ac1daaf1663bdf562\/uploads\/zBxGBAnmg2Co-Programacion-decanal-Adolescentes.pdf\" target=\"_blank\">zBxGBAnmg2Co-Programacion-decanal-Adolescentes.pdf<\/a>' rel='' target='_blank'><a href=\"https:\/\/diocesisdeaguascalientes.mx\/vicaria-de-pastoral\/wp-content\/uploads\/sites\/2\/forminator\/10414_47c7fef6f8c6f15ac1daaf1663bdf562\/uploads\/zBxGBAnmg2Co-Programacion-decanal-Adolescentes.pdf\" target=\"_blank\">zBxGBAnmg2Co-Programacion-decanal-Adolescentes.pdf<\/a><\/a><\/td>\n                    <td style=\"\">19\/09\/2025 12:25 PM<\/td>\n            <\/tr>\n            <tr id=\"table_2_row_109\">\n                    <td style=\"\">Programaci\u00f3n Decanal<\/td>\n                    <td style=\"\">D13 EL LLANO FORANEO SAN ROMAN ADAME ROSALES<\/td>\n                    <td style=\"\">Pastoral Familiar<\/td>\n                    <td style=\"\"><a href='<a href=\"https:\/\/diocesisdeaguascalientes.mx\/vicaria-de-pastoral\/wp-content\/uploads\/sites\/2\/forminator\/10414_47c7fef6f8c6f15ac1daaf1663bdf562\/uploads\/UZ0uZEN2V72v-Programacion-decanal-Familiar.pdf\" target=\"_blank\">UZ0uZEN2V72v-Programacion-decanal-Familiar.pdf<\/a>' rel='' target='_blank'><a href=\"https:\/\/diocesisdeaguascalientes.mx\/vicaria-de-pastoral\/wp-content\/uploads\/sites\/2\/forminator\/10414_47c7fef6f8c6f15ac1daaf1663bdf562\/uploads\/UZ0uZEN2V72v-Programacion-decanal-Familiar.pdf\" target=\"_blank\">UZ0uZEN2V72v-Programacion-decanal-Familiar.pdf<\/a><\/a><\/td>\n                    <td style=\"\">19\/09\/2025 12:24 PM<\/td>\n            <\/tr>\n            <tr id=\"table_2_row_110\">\n                    <td style=\"\">Programaci\u00f3n Decanal<\/td>\n                    <td style=\"\">D13 EL LLANO FORANEO SAN ROMAN ADAME ROSALES<\/td>\n                    <td style=\"\">Pastoral Social<\/td>\n                    <td style=\"\"><a href='<a href=\"https:\/\/diocesisdeaguascalientes.mx\/vicaria-de-pastoral\/wp-content\/uploads\/sites\/2\/forminator\/10414_47c7fef6f8c6f15ac1daaf1663bdf562\/uploads\/MpYmFvwsiA2z-Programacion-decanal-Social.pdf\" target=\"_blank\">MpYmFvwsiA2z-Programacion-decanal-Social.pdf<\/a>' rel='' target='_blank'><a href=\"https:\/\/diocesisdeaguascalientes.mx\/vicaria-de-pastoral\/wp-content\/uploads\/sites\/2\/forminator\/10414_47c7fef6f8c6f15ac1daaf1663bdf562\/uploads\/MpYmFvwsiA2z-Programacion-decanal-Social.pdf\" target=\"_blank\">MpYmFvwsiA2z-Programacion-decanal-Social.pdf<\/a><\/a><\/td>\n                    <td style=\"\">19\/09\/2025 12:23 PM<\/td>\n            <\/tr>\n            <tr id=\"table_2_row_111\">\n                    <td style=\"\">Programaci\u00f3n Decanal<\/td>\n                    <td style=\"\">D13 EL LLANO FORANEO SAN ROMAN ADAME ROSALES<\/td>\n                    <td style=\"\">Pastoral Lit\u00fargica<\/td>\n                    <td style=\"\"><a href='<a href=\"https:\/\/diocesisdeaguascalientes.mx\/vicaria-de-pastoral\/wp-content\/uploads\/sites\/2\/forminator\/10414_47c7fef6f8c6f15ac1daaf1663bdf562\/uploads\/VAGjuvpFqU3j-Programacion-decanal-Liturgica.pdf\" target=\"_blank\">VAGjuvpFqU3j-Programacion-decanal-Liturgica.pdf<\/a>' rel='' target='_blank'><a href=\"https:\/\/diocesisdeaguascalientes.mx\/vicaria-de-pastoral\/wp-content\/uploads\/sites\/2\/forminator\/10414_47c7fef6f8c6f15ac1daaf1663bdf562\/uploads\/VAGjuvpFqU3j-Programacion-decanal-Liturgica.pdf\" target=\"_blank\">VAGjuvpFqU3j-Programacion-decanal-Liturgica.pdf<\/a><\/a><\/td>\n                    <td style=\"\">19\/09\/2025 12:22 PM<\/td>\n            <\/tr>\n            <tr id=\"table_2_row_112\">\n                    <td style=\"\">Programaci\u00f3n Decanal<\/td>\n                    <td style=\"\">D13 EL LLANO FORANEO SAN ROMAN ADAME ROSALES<\/td>\n                    <td style=\"\">Pastoral Prof\u00e9tica<\/td>\n                    <td style=\"\"><a href='<a href=\"https:\/\/diocesisdeaguascalientes.mx\/vicaria-de-pastoral\/wp-content\/uploads\/sites\/2\/forminator\/10414_47c7fef6f8c6f15ac1daaf1663bdf562\/uploads\/oQlF47aNtri9-programacion-decanal-profetica.pdf\" target=\"_blank\">oQlF47aNtri9-programacion-decanal-profetica.pdf<\/a>' rel='' target='_blank'><a href=\"https:\/\/diocesisdeaguascalientes.mx\/vicaria-de-pastoral\/wp-content\/uploads\/sites\/2\/forminator\/10414_47c7fef6f8c6f15ac1daaf1663bdf562\/uploads\/oQlF47aNtri9-programacion-decanal-profetica.pdf\" target=\"_blank\">oQlF47aNtri9-programacion-decanal-profetica.pdf<\/a><\/a><\/td>\n                    <td style=\"\">19\/09\/2025 12:22 PM<\/td>\n            <\/tr>\n            <tr id=\"table_2_row_113\">\n                    <td style=\"\">Programaci\u00f3n Decanal<\/td>\n                    <td style=\"\">D13 EL LLANO FORANEO SAN ROMAN ADAME ROSALES<\/td>\n                    <td style=\"\">Animaci\u00f3n Pastoral<\/td>\n                    <td style=\"\"><a href='<a href=\"https:\/\/diocesisdeaguascalientes.mx\/vicaria-de-pastoral\/wp-content\/uploads\/sites\/2\/forminator\/10414_47c7fef6f8c6f15ac1daaf1663bdf562\/uploads\/zRr7F7TwmWID-Programacion-decanal-Animacion-Pastoral.pdf\" target=\"_blank\">zRr7F7TwmWID-Programacion-decanal-Animacion-Pastoral.pdf<\/a>' rel='' target='_blank'><a href=\"https:\/\/diocesisdeaguascalientes.mx\/vicaria-de-pastoral\/wp-content\/uploads\/sites\/2\/forminator\/10414_47c7fef6f8c6f15ac1daaf1663bdf562\/uploads\/zRr7F7TwmWID-Programacion-decanal-Animacion-Pastoral.pdf\" target=\"_blank\">zRr7F7TwmWID-Programacion-decanal-Animacion-Pastoral.pdf<\/a><\/a><\/td>\n                    <td style=\"\">19\/09\/2025 12:21 PM<\/td>\n            <\/tr>\n            <tr id=\"table_2_row_114\">\n                    <td style=\"\">Programaci\u00f3n Parroquial<\/td>\n                    <td style=\"\"><\/td>\n                    <td style=\"\"><\/td>\n                    <td style=\"\"><a href='<a href=\"https:\/\/diocesisdeaguascalientes.mx\/vicaria-de-pastoral\/wp-content\/uploads\/sites\/2\/forminator\/10414_47c7fef6f8c6f15ac1daaf1663bdf562\/uploads\/vTYYtfSouRc7-Pastoral-Profetica.pdf\" target=\"_blank\">vTYYtfSouRc7-Pastoral-Profetica.pdf<\/a>' rel='' target='_blank'><a href=\"https:\/\/diocesisdeaguascalientes.mx\/vicaria-de-pastoral\/wp-content\/uploads\/sites\/2\/forminator\/10414_47c7fef6f8c6f15ac1daaf1663bdf562\/uploads\/vTYYtfSouRc7-Pastoral-Profetica.pdf\" target=\"_blank\">vTYYtfSouRc7-Pastoral-Profetica.pdf<\/a><\/a><\/td>\n                    <td style=\"\">19\/09\/2025 12:21 PM<\/td>\n            <\/tr>\n            <tr id=\"table_2_row_115\">\n                    <td style=\"\">Programaci\u00f3n Parroquial<\/td>\n                    <td style=\"\"><\/td>\n                    <td style=\"\"><\/td>\n                    <td style=\"\"><a href='<a href=\"https:\/\/diocesisdeaguascalientes.mx\/vicaria-de-pastoral\/wp-content\/uploads\/sites\/2\/forminator\/10414_47c7fef6f8c6f15ac1daaf1663bdf562\/uploads\/mpEMriDlazCs-Asociacion-de-Adoracion-Nocturna.pdf\" target=\"_blank\">mpEMriDlazCs-Asociacion-de-Adoracion-Nocturna.pdf<\/a>' rel='' target='_blank'><a href=\"https:\/\/diocesisdeaguascalientes.mx\/vicaria-de-pastoral\/wp-content\/uploads\/sites\/2\/forminator\/10414_47c7fef6f8c6f15ac1daaf1663bdf562\/uploads\/mpEMriDlazCs-Asociacion-de-Adoracion-Nocturna.pdf\" target=\"_blank\">mpEMriDlazCs-Asociacion-de-Adoracion-Nocturna.pdf<\/a><\/a><\/td>\n                    <td style=\"\">19\/09\/2025 12:15 PM<\/td>\n            <\/tr>\n            <tr id=\"table_2_row_116\">\n                    <td style=\"\">Programaci\u00f3n Parroquial<\/td>\n                    <td style=\"\"><\/td>\n                    <td style=\"\"><\/td>\n                    <td style=\"\"><a href='<a href=\"https:\/\/diocesisdeaguascalientes.mx\/vicaria-de-pastoral\/wp-content\/uploads\/sites\/2\/forminator\/10414_47c7fef6f8c6f15ac1daaf1663bdf562\/uploads\/8z7FHxiUWxu7-Grupos-Laicales-Renovacion-Carismatica.pdf\" target=\"_blank\">8z7FHxiUWxu7-Grupos-Laicales-Renovacion-Carismatica.pdf<\/a>' rel='' target='_blank'><a href=\"https:\/\/diocesisdeaguascalientes.mx\/vicaria-de-pastoral\/wp-content\/uploads\/sites\/2\/forminator\/10414_47c7fef6f8c6f15ac1daaf1663bdf562\/uploads\/8z7FHxiUWxu7-Grupos-Laicales-Renovacion-Carismatica.pdf\" target=\"_blank\">8z7FHxiUWxu7-Grupos-Laicales-Renovacion-Carismatica.pdf<\/a><\/a><\/td>\n                    <td style=\"\">19\/09\/2025 12:13 PM<\/td>\n            <\/tr>\n            <tr id=\"table_2_row_117\">\n                    <td style=\"\">Programaci\u00f3n Parroquial<\/td>\n                    <td style=\"\"><\/td>\n                    <td style=\"\"><\/td>\n                    <td style=\"\"><a href='<a href=\"https:\/\/diocesisdeaguascalientes.mx\/vicaria-de-pastoral\/wp-content\/uploads\/sites\/2\/forminator\/10414_47c7fef6f8c6f15ac1daaf1663bdf562\/uploads\/c5eSC1GjGzq4-Consejo-de-pastoral.pdf\" target=\"_blank\">c5eSC1GjGzq4-Consejo-de-pastoral.pdf<\/a>' rel='' target='_blank'><a href=\"https:\/\/diocesisdeaguascalientes.mx\/vicaria-de-pastoral\/wp-content\/uploads\/sites\/2\/forminator\/10414_47c7fef6f8c6f15ac1daaf1663bdf562\/uploads\/c5eSC1GjGzq4-Consejo-de-pastoral.pdf\" target=\"_blank\">c5eSC1GjGzq4-Consejo-de-pastoral.pdf<\/a><\/a><\/td>\n                    <td style=\"\">19\/09\/2025 12:12 PM<\/td>\n            <\/tr>\n            <tr id=\"table_2_row_118\">\n                    <td style=\"\">Programaci\u00f3n Parroquial<\/td>\n                    <td style=\"\"><\/td>\n                    <td style=\"\"><\/td>\n                    <td style=\"\"><a href='<a href=\"https:\/\/diocesisdeaguascalientes.mx\/vicaria-de-pastoral\/wp-content\/uploads\/sites\/2\/forminator\/10414_47c7fef6f8c6f15ac1daaf1663bdf562\/uploads\/9V9Ln8Yrzoc6-Pastoral-Juvenil.pdf\" target=\"_blank\">9V9Ln8Yrzoc6-Pastoral-Juvenil.pdf<\/a>' rel='' target='_blank'><a href=\"https:\/\/diocesisdeaguascalientes.mx\/vicaria-de-pastoral\/wp-content\/uploads\/sites\/2\/forminator\/10414_47c7fef6f8c6f15ac1daaf1663bdf562\/uploads\/9V9Ln8Yrzoc6-Pastoral-Juvenil.pdf\" target=\"_blank\">9V9Ln8Yrzoc6-Pastoral-Juvenil.pdf<\/a><\/a><\/td>\n                    <td style=\"\">19\/09\/2025 12:11 PM<\/td>\n            <\/tr>\n            <tr id=\"table_2_row_119\">\n                    <td style=\"\">Programaci\u00f3n Parroquial<\/td>\n                    <td style=\"\"><\/td>\n                    <td style=\"\"><\/td>\n                    <td style=\"\"><a href='<a href=\"https:\/\/diocesisdeaguascalientes.mx\/vicaria-de-pastoral\/wp-content\/uploads\/sites\/2\/forminator\/10414_47c7fef6f8c6f15ac1daaf1663bdf562\/uploads\/bjf8uaaae1sN-Programacion-Pastoral-Familiar.pdf\" target=\"_blank\">bjf8uaaae1sN-Programacion-Pastoral-Familiar.pdf<\/a>' rel='' target='_blank'><a href=\"https:\/\/diocesisdeaguascalientes.mx\/vicaria-de-pastoral\/wp-content\/uploads\/sites\/2\/forminator\/10414_47c7fef6f8c6f15ac1daaf1663bdf562\/uploads\/bjf8uaaae1sN-Programacion-Pastoral-Familiar.pdf\" target=\"_blank\">bjf8uaaae1sN-Programacion-Pastoral-Familiar.pdf<\/a><\/a><\/td>\n                    <td style=\"\">19\/09\/2025 12:10 PM<\/td>\n            <\/tr>\n            <tr id=\"table_2_row_120\">\n                    <td style=\"\">Programaci\u00f3n Parroquial<\/td>\n                    <td style=\"\"><\/td>\n                    <td style=\"\"><\/td>\n                    <td style=\"\"><a href='<a href=\"https:\/\/diocesisdeaguascalientes.mx\/vicaria-de-pastoral\/wp-content\/uploads\/sites\/2\/forminator\/10414_47c7fef6f8c6f15ac1daaf1663bdf562\/uploads\/9tdBUTT4yPo9-Pastoral-Social.pdf\" target=\"_blank\">9tdBUTT4yPo9-Pastoral-Social.pdf<\/a>' rel='' target='_blank'><a href=\"https:\/\/diocesisdeaguascalientes.mx\/vicaria-de-pastoral\/wp-content\/uploads\/sites\/2\/forminator\/10414_47c7fef6f8c6f15ac1daaf1663bdf562\/uploads\/9tdBUTT4yPo9-Pastoral-Social.pdf\" target=\"_blank\">9tdBUTT4yPo9-Pastoral-Social.pdf<\/a><\/a><\/td>\n                    <td style=\"\">19\/09\/2025 12:09 PM<\/td>\n            <\/tr>\n            <tr id=\"table_2_row_121\">\n                    <td style=\"\">Programaci\u00f3n Parroquial<\/td>\n                    <td style=\"\"><\/td>\n                    <td style=\"\"><\/td>\n                    <td style=\"\"><a href='<a href=\"https:\/\/diocesisdeaguascalientes.mx\/vicaria-de-pastoral\/wp-content\/uploads\/sites\/2\/forminator\/10414_47c7fef6f8c6f15ac1daaf1663bdf562\/uploads\/zNkpyEOQZnVA-Pastoral-Liturgia.pdf\" target=\"_blank\">zNkpyEOQZnVA-Pastoral-Liturgia.pdf<\/a>' rel='' target='_blank'><a href=\"https:\/\/diocesisdeaguascalientes.mx\/vicaria-de-pastoral\/wp-content\/uploads\/sites\/2\/forminator\/10414_47c7fef6f8c6f15ac1daaf1663bdf562\/uploads\/zNkpyEOQZnVA-Pastoral-Liturgia.pdf\" target=\"_blank\">zNkpyEOQZnVA-Pastoral-Liturgia.pdf<\/a><\/a><\/td>\n                    <td style=\"\">19\/09\/2025 12:09 PM<\/td>\n            <\/tr>\n            <tr id=\"table_2_row_122\">\n                    <td style=\"\">Programaci\u00f3n Decanal<\/td>\n                    <td style=\"\">D05 ORIENTE II B CIUDAD SAN DAVID URIBE VELASCO<\/td>\n                    <td style=\"\">Pastoral de la Comunicaci\u00f3n<\/td>\n                    <td style=\"\"><a href='<a href=\"https:\/\/diocesisdeaguascalientes.mx\/vicaria-de-pastoral\/wp-content\/uploads\/sites\/2\/forminator\/10414_47c7fef6f8c6f15ac1daaf1663bdf562\/uploads\/a3AsxFjNJZ6i-P.-Comunicacion-Decanal-Oriente-IIB-Cd-25-26.pdf\" target=\"_blank\">a3AsxFjNJZ6i-P.-Comunicacion-Decanal-Oriente-IIB-Cd-25-26.pdf<\/a>' rel='' target='_blank'><a href=\"https:\/\/diocesisdeaguascalientes.mx\/vicaria-de-pastoral\/wp-content\/uploads\/sites\/2\/forminator\/10414_47c7fef6f8c6f15ac1daaf1663bdf562\/uploads\/a3AsxFjNJZ6i-P.-Comunicacion-Decanal-Oriente-IIB-Cd-25-26.pdf\" target=\"_blank\">a3AsxFjNJZ6i-P.-Comunicacion-Decanal-Oriente-IIB-Cd-25-26.pdf<\/a><\/a><\/td>\n                    <td style=\"\">19\/09\/2025 11:35 AM<\/td>\n            <\/tr>\n            <tr id=\"table_2_row_123\">\n                    <td style=\"\">Programaci\u00f3n Parroquial<\/td>\n                    <td style=\"\"><\/td>\n                    <td style=\"\"><\/td>\n                    <td style=\"\"><a href='<a href=\"https:\/\/diocesisdeaguascalientes.mx\/vicaria-de-pastoral\/wp-content\/uploads\/sites\/2\/forminator\/10414_47c7fef6f8c6f15ac1daaf1663bdf562\/uploads\/WIts22TLpdG7-Programacion-pastoral-Adolescentes.docx.pdf\" target=\"_blank\">WIts22TLpdG7-Programacion-pastoral-Adolescentes.docx.pdf<\/a>' rel='' target='_blank'><a href=\"https:\/\/diocesisdeaguascalientes.mx\/vicaria-de-pastoral\/wp-content\/uploads\/sites\/2\/forminator\/10414_47c7fef6f8c6f15ac1daaf1663bdf562\/uploads\/WIts22TLpdG7-Programacion-pastoral-Adolescentes.docx.pdf\" target=\"_blank\">WIts22TLpdG7-Programacion-pastoral-Adolescentes.docx.pdf<\/a><\/a><\/td>\n                    <td style=\"\">19\/09\/2025 10:24 AM<\/td>\n            <\/tr>\n            <tr id=\"table_2_row_124\">\n                    <td style=\"\">Programaci\u00f3n Parroquial<\/td>\n                    <td style=\"\"><\/td>\n                    <td style=\"\"><\/td>\n                    <td style=\"\"><a href='<a href=\"https:\/\/diocesisdeaguascalientes.mx\/vicaria-de-pastoral\/wp-content\/uploads\/sites\/2\/forminator\/10414_47c7fef6f8c6f15ac1daaf1663bdf562\/uploads\/zyVWm7hBn8P4-Programacion-pastoral-sociaL.docx.pdf\" target=\"_blank\">zyVWm7hBn8P4-Programacion-pastoral-sociaL.docx.pdf<\/a>' rel='' target='_blank'><a href=\"https:\/\/diocesisdeaguascalientes.mx\/vicaria-de-pastoral\/wp-content\/uploads\/sites\/2\/forminator\/10414_47c7fef6f8c6f15ac1daaf1663bdf562\/uploads\/zyVWm7hBn8P4-Programacion-pastoral-sociaL.docx.pdf\" target=\"_blank\">zyVWm7hBn8P4-Programacion-pastoral-sociaL.docx.pdf<\/a><\/a><\/td>\n                    <td style=\"\">19\/09\/2025 10:22 AM<\/td>\n            <\/tr>\n            <tr id=\"table_2_row_125\">\n                    <td style=\"\">Programaci\u00f3n Parroquial<\/td>\n                    <td style=\"\"><\/td>\n                    <td style=\"\"><\/td>\n                    <td style=\"\"><a href='<a href=\"https:\/\/diocesisdeaguascalientes.mx\/vicaria-de-pastoral\/wp-content\/uploads\/sites\/2\/forminator\/10414_47c7fef6f8c6f15ac1daaf1663bdf562\/uploads\/7AsQS5hLJM06-Programacion-pastoral-Liturgica.docx.pdf\" target=\"_blank\">7AsQS5hLJM06-Programacion-pastoral-Liturgica.docx.pdf<\/a>' rel='' target='_blank'><a href=\"https:\/\/diocesisdeaguascalientes.mx\/vicaria-de-pastoral\/wp-content\/uploads\/sites\/2\/forminator\/10414_47c7fef6f8c6f15ac1daaf1663bdf562\/uploads\/7AsQS5hLJM06-Programacion-pastoral-Liturgica.docx.pdf\" target=\"_blank\">7AsQS5hLJM06-Programacion-pastoral-Liturgica.docx.pdf<\/a><\/a><\/td>\n                    <td style=\"\">19\/09\/2025 10:21 AM<\/td>\n            <\/tr>\n            <tr id=\"table_2_row_126\">\n                    <td style=\"\">Programaci\u00f3n Parroquial<\/td>\n                    <td style=\"\"><\/td>\n                    <td style=\"\"><\/td>\n                    <td style=\"\"><a href='<a href=\"https:\/\/diocesisdeaguascalientes.mx\/vicaria-de-pastoral\/wp-content\/uploads\/sites\/2\/forminator\/10414_47c7fef6f8c6f15ac1daaf1663bdf562\/uploads\/oKXepJ2GsYki-Programacion-pastoral-Profetica.pdf\" target=\"_blank\">oKXepJ2GsYki-Programacion-pastoral-Profetica.pdf<\/a>' rel='' target='_blank'><a href=\"https:\/\/diocesisdeaguascalientes.mx\/vicaria-de-pastoral\/wp-content\/uploads\/sites\/2\/forminator\/10414_47c7fef6f8c6f15ac1daaf1663bdf562\/uploads\/oKXepJ2GsYki-Programacion-pastoral-Profetica.pdf\" target=\"_blank\">oKXepJ2GsYki-Programacion-pastoral-Profetica.pdf<\/a><\/a><\/td>\n                    <td style=\"\">19\/09\/2025 10:18 AM<\/td>\n            <\/tr>\n            <tr id=\"table_2_row_127\">\n                    <td style=\"\">Programaci\u00f3n Parroquial<\/td>\n                    <td style=\"\"><\/td>\n                    <td style=\"\"><\/td>\n                    <td style=\"\"><a href='<a href=\"https:\/\/diocesisdeaguascalientes.mx\/vicaria-de-pastoral\/wp-content\/uploads\/sites\/2\/forminator\/10414_47c7fef6f8c6f15ac1daaf1663bdf562\/uploads\/kfBwbnqZ86qW-17.-PASTORAL-DE-LA-COMUNICACION.pdf\" target=\"_blank\">kfBwbnqZ86qW-17.-PASTORAL-DE-LA-COMUNICACION.pdf<\/a>' rel='' target='_blank'><a href=\"https:\/\/diocesisdeaguascalientes.mx\/vicaria-de-pastoral\/wp-content\/uploads\/sites\/2\/forminator\/10414_47c7fef6f8c6f15ac1daaf1663bdf562\/uploads\/kfBwbnqZ86qW-17.-PASTORAL-DE-LA-COMUNICACION.pdf\" target=\"_blank\">kfBwbnqZ86qW-17.-PASTORAL-DE-LA-COMUNICACION.pdf<\/a><\/a><\/td>\n                    <td style=\"\">19\/09\/2025 09:02 AM<\/td>\n            <\/tr>\n            <tr id=\"table_2_row_128\">\n                    <td style=\"\">Programaci\u00f3n Decanal<\/td>\n                    <td style=\"\">D05 ORIENTE II B CIUDAD SAN DAVID URIBE VELASCO<\/td>\n                    <td style=\"\">Pastoral Prof\u00e9tica<\/td>\n                    <td style=\"\"><a href='<a href=\"https:\/\/diocesisdeaguascalientes.mx\/vicaria-de-pastoral\/wp-content\/uploads\/sites\/2\/forminator\/10414_47c7fef6f8c6f15ac1daaf1663bdf562\/uploads\/DduNP0mOw5ZW-PASTORAL-PROFETICA-DECANATO-SAN-DAVID-URIBE-VELAZCO.pdf\" target=\"_blank\">DduNP0mOw5ZW-PASTORAL-PROFETICA-DECANATO-SAN-DAVID-URIBE-VELAZCO.pdf<\/a>' rel='' target='_blank'><a href=\"https:\/\/diocesisdeaguascalientes.mx\/vicaria-de-pastoral\/wp-content\/uploads\/sites\/2\/forminator\/10414_47c7fef6f8c6f15ac1daaf1663bdf562\/uploads\/DduNP0mOw5ZW-PASTORAL-PROFETICA-DECANATO-SAN-DAVID-URIBE-VELAZCO.pdf\" target=\"_blank\">DduNP0mOw5ZW-PASTORAL-PROFETICA-DECANATO-SAN-DAVID-URIBE-VELAZCO.pdf<\/a><\/a><\/td>\n                    <td style=\"\">18\/09\/2025 11:14 PM<\/td>\n            <\/tr>\n            <tr id=\"table_2_row_129\">\n                    <td style=\"\">Programaci\u00f3n Decanal<\/td>\n                    <td style=\"\">D05 ORIENTE II B CIUDAD SAN DAVID URIBE VELASCO<\/td>\n                    <td style=\"\">Pastoral Juvenil<\/td>\n                    <td style=\"\"><a href='<a href=\"https:\/\/diocesisdeaguascalientes.mx\/vicaria-de-pastoral\/wp-content\/uploads\/sites\/2\/forminator\/10414_47c7fef6f8c6f15ac1daaf1663bdf562\/uploads\/cC9asvI7n2z4-PROGRAMACION-DECANAL-JUVENIL-DAVID-URIBE-VELAZCO.pdf\" target=\"_blank\">cC9asvI7n2z4-PROGRAMACION-DECANAL-JUVENIL-DAVID-URIBE-VELAZCO.pdf<\/a>' rel='' target='_blank'><a href=\"https:\/\/diocesisdeaguascalientes.mx\/vicaria-de-pastoral\/wp-content\/uploads\/sites\/2\/forminator\/10414_47c7fef6f8c6f15ac1daaf1663bdf562\/uploads\/cC9asvI7n2z4-PROGRAMACION-DECANAL-JUVENIL-DAVID-URIBE-VELAZCO.pdf\" target=\"_blank\">cC9asvI7n2z4-PROGRAMACION-DECANAL-JUVENIL-DAVID-URIBE-VELAZCO.pdf<\/a><\/a><\/td>\n                    <td style=\"\">18\/09\/2025 11:11 PM<\/td>\n            <\/tr>\n            <tr id=\"table_2_row_130\">\n                    <td style=\"\">Programaci\u00f3n Decanal<\/td>\n                    <td style=\"\">D05 ORIENTE II B CIUDAD SAN DAVID URIBE VELASCO<\/td>\n                    <td style=\"\">Pastoral de Adolescentes<\/td>\n                    <td style=\"\"><a href='<a href=\"https:\/\/diocesisdeaguascalientes.mx\/vicaria-de-pastoral\/wp-content\/uploads\/sites\/2\/forminator\/10414_47c7fef6f8c6f15ac1daaf1663bdf562\/uploads\/kzNTkEbJI479-PROGRAMACION-DECANAL-DE-ADOLESCENTES-SAN-DAVID-URIBE-VELAZCO.pdf\" target=\"_blank\">kzNTkEbJI479-PROGRAMACION-DECANAL-DE-ADOLESCENTES-SAN-DAVID-URIBE-VELAZCO.pdf<\/a>' rel='' target='_blank'><a href=\"https:\/\/diocesisdeaguascalientes.mx\/vicaria-de-pastoral\/wp-content\/uploads\/sites\/2\/forminator\/10414_47c7fef6f8c6f15ac1daaf1663bdf562\/uploads\/kzNTkEbJI479-PROGRAMACION-DECANAL-DE-ADOLESCENTES-SAN-DAVID-URIBE-VELAZCO.pdf\" target=\"_blank\">kzNTkEbJI479-PROGRAMACION-DECANAL-DE-ADOLESCENTES-SAN-DAVID-URIBE-VELAZCO.pdf<\/a><\/a><\/td>\n                    <td style=\"\">18\/09\/2025 11:10 PM<\/td>\n            <\/tr>\n            <tr id=\"table_2_row_131\">\n                    <td style=\"\">Programaci\u00f3n Decanal<\/td>\n                    <td style=\"\">D05 ORIENTE II B CIUDAD SAN DAVID URIBE VELASCO<\/td>\n                    <td style=\"\">Pastoral Familiar<\/td>\n                    <td style=\"\"><a href='<a href=\"https:\/\/diocesisdeaguascalientes.mx\/vicaria-de-pastoral\/wp-content\/uploads\/sites\/2\/forminator\/10414_47c7fef6f8c6f15ac1daaf1663bdf562\/uploads\/786JlAaJBPvf-PROGRAMACION-DECANAL-FAMILIAR-DECANATO-SAN-DAVID-URIBE-VELAZCO.pdf\" target=\"_blank\">786JlAaJBPvf-PROGRAMACION-DECANAL-FAMILIAR-DECANATO-SAN-DAVID-URIBE-VELAZCO.pdf<\/a>' rel='' target='_blank'><a href=\"https:\/\/diocesisdeaguascalientes.mx\/vicaria-de-pastoral\/wp-content\/uploads\/sites\/2\/forminator\/10414_47c7fef6f8c6f15ac1daaf1663bdf562\/uploads\/786JlAaJBPvf-PROGRAMACION-DECANAL-FAMILIAR-DECANATO-SAN-DAVID-URIBE-VELAZCO.pdf\" target=\"_blank\">786JlAaJBPvf-PROGRAMACION-DECANAL-FAMILIAR-DECANATO-SAN-DAVID-URIBE-VELAZCO.pdf<\/a><\/a><\/td>\n                    <td style=\"\">18\/09\/2025 11:09 PM<\/td>\n            <\/tr>\n            <tr id=\"table_2_row_132\">\n                    <td style=\"\">Programaci\u00f3n Decanal<\/td>\n                    <td style=\"\">D05 ORIENTE II B CIUDAD SAN DAVID URIBE VELASCO<\/td>\n                    <td style=\"\">Pastoral Social<\/td>\n                    <td style=\"\"><a href='<a href=\"https:\/\/diocesisdeaguascalientes.mx\/vicaria-de-pastoral\/wp-content\/uploads\/sites\/2\/forminator\/10414_47c7fef6f8c6f15ac1daaf1663bdf562\/uploads\/m8mlkyjKfRYw-PROGRAMACION-DECANAL-DE-PASTORAL-SOCIAL-DECANATO-SAN-DAVID-URIBE-VELAZCO-PDF.pdf\" target=\"_blank\">m8mlkyjKfRYw-PROGRAMACION-DECANAL-DE-PASTORAL-SOCIAL-DECANATO-SAN-DAVID-URIBE-VELAZCO-PDF.pdf<\/a>' rel='' target='_blank'><a href=\"https:\/\/diocesisdeaguascalientes.mx\/vicaria-de-pastoral\/wp-content\/uploads\/sites\/2\/forminator\/10414_47c7fef6f8c6f15ac1daaf1663bdf562\/uploads\/m8mlkyjKfRYw-PROGRAMACION-DECANAL-DE-PASTORAL-SOCIAL-DECANATO-SAN-DAVID-URIBE-VELAZCO-PDF.pdf\" target=\"_blank\">m8mlkyjKfRYw-PROGRAMACION-DECANAL-DE-PASTORAL-SOCIAL-DECANATO-SAN-DAVID-URIBE-VELAZCO-PDF.pdf<\/a><\/a><\/td>\n                    <td style=\"\">18\/09\/2025 11:08 PM<\/td>\n            <\/tr>\n            <tr id=\"table_2_row_133\">\n                    <td style=\"\">Programaci\u00f3n Decanal<\/td>\n                    <td style=\"\">D05 ORIENTE II B CIUDAD SAN DAVID URIBE VELASCO<\/td>\n                    <td style=\"\">Pastoral Lit\u00fargica<\/td>\n                    <td style=\"\"><a href='<a href=\"https:\/\/diocesisdeaguascalientes.mx\/vicaria-de-pastoral\/wp-content\/uploads\/sites\/2\/forminator\/10414_47c7fef6f8c6f15ac1daaf1663bdf562\/uploads\/1KhApW4Sni4t-Programacion-Pastoral-Liturgica-del-Decanato-San-David-Uribe-Velazco.pdf\" target=\"_blank\">1KhApW4Sni4t-Programacion-Pastoral-Liturgica-del-Decanato-San-David-Uribe-Velazco.pdf<\/a>' rel='' target='_blank'><a href=\"https:\/\/diocesisdeaguascalientes.mx\/vicaria-de-pastoral\/wp-content\/uploads\/sites\/2\/forminator\/10414_47c7fef6f8c6f15ac1daaf1663bdf562\/uploads\/1KhApW4Sni4t-Programacion-Pastoral-Liturgica-del-Decanato-San-David-Uribe-Velazco.pdf\" target=\"_blank\">1KhApW4Sni4t-Programacion-Pastoral-Liturgica-del-Decanato-San-David-Uribe-Velazco.pdf<\/a><\/a><\/td>\n                    <td style=\"\">18\/09\/2025 11:06 PM<\/td>\n            <\/tr>\n            <tr id=\"table_2_row_134\">\n                    <td style=\"\">Programaci\u00f3n Parroquial<\/td>\n                    <td style=\"\"><\/td>\n                    <td style=\"\"><\/td>\n                    <td style=\"\"><a href='<a href=\"https:\/\/diocesisdeaguascalientes.mx\/vicaria-de-pastoral\/wp-content\/uploads\/sites\/2\/forminator\/10414_47c7fef6f8c6f15ac1daaf1663bdf562\/uploads\/onbiLkcTt1we-FORMATO-DE-PROGRAMACION-2025-2026-PASTORAL-ADOLESCENTES1.pdf\" target=\"_blank\">onbiLkcTt1we-FORMATO-DE-PROGRAMACION-2025-2026-PASTORAL-ADOLESCENTES1.pdf<\/a>' rel='' target='_blank'><a href=\"https:\/\/diocesisdeaguascalientes.mx\/vicaria-de-pastoral\/wp-content\/uploads\/sites\/2\/forminator\/10414_47c7fef6f8c6f15ac1daaf1663bdf562\/uploads\/onbiLkcTt1we-FORMATO-DE-PROGRAMACION-2025-2026-PASTORAL-ADOLESCENTES1.pdf\" target=\"_blank\">onbiLkcTt1we-FORMATO-DE-PROGRAMACION-2025-2026-PASTORAL-ADOLESCENTES1.pdf<\/a><\/a><\/td>\n                    <td style=\"\">18\/09\/2025 10:16 PM<\/td>\n            <\/tr>\n            <tr id=\"table_2_row_135\">\n                    <td style=\"\">Programaci\u00f3n Decanal<\/td>\n                    <td style=\"\">D16 SUR CIUDAD SANTO TORIBIO ROMO GONZALEZ<\/td>\n                    <td style=\"\">Organismos Eclesiales Laicales (OEL)<\/td>\n                    <td style=\"\"><a href='<a href=\"https:\/\/diocesisdeaguascalientes.mx\/vicaria-de-pastoral\/wp-content\/uploads\/sites\/2\/forminator\/10414_47c7fef6f8c6f15ac1daaf1663bdf562\/uploads\/f8ebCmKB9zFG-FORMATO-DE-PROGRAMACION-OEL-2025-2026.pdf\" target=\"_blank\">f8ebCmKB9zFG-FORMATO-DE-PROGRAMACION-OEL-2025-2026.pdf<\/a>' rel='' target='_blank'><a href=\"https:\/\/diocesisdeaguascalientes.mx\/vicaria-de-pastoral\/wp-content\/uploads\/sites\/2\/forminator\/10414_47c7fef6f8c6f15ac1daaf1663bdf562\/uploads\/f8ebCmKB9zFG-FORMATO-DE-PROGRAMACION-OEL-2025-2026.pdf\" target=\"_blank\">f8ebCmKB9zFG-FORMATO-DE-PROGRAMACION-OEL-2025-2026.pdf<\/a><\/a><\/td>\n                    <td style=\"\">18\/09\/2025 08:44 PM<\/td>\n            <\/tr>\n            <tr id=\"table_2_row_136\">\n                    <td style=\"\">Programaci\u00f3n Parroquial<\/td>\n                    <td style=\"\"><\/td>\n                    <td style=\"\"><\/td>\n                    <td style=\"\"><a href='<a href=\"https:\/\/diocesisdeaguascalientes.mx\/vicaria-de-pastoral\/wp-content\/uploads\/sites\/2\/forminator\/10414_47c7fef6f8c6f15ac1daaf1663bdf562\/uploads\/a7UGTtInZmw6-Pastoral-de-Animacion-Parroquial.pdf\" target=\"_blank\">a7UGTtInZmw6-Pastoral-de-Animacion-Parroquial.pdf<\/a>' rel='' target='_blank'><a href=\"https:\/\/diocesisdeaguascalientes.mx\/vicaria-de-pastoral\/wp-content\/uploads\/sites\/2\/forminator\/10414_47c7fef6f8c6f15ac1daaf1663bdf562\/uploads\/a7UGTtInZmw6-Pastoral-de-Animacion-Parroquial.pdf\" target=\"_blank\">a7UGTtInZmw6-Pastoral-de-Animacion-Parroquial.pdf<\/a><\/a><\/td>\n                    <td style=\"\">18\/09\/2025 07:42 PM<\/td>\n            <\/tr>\n            <tr id=\"table_2_row_137\">\n                    <td style=\"\">Programaci\u00f3n Parroquial<\/td>\n                    <td style=\"\"><\/td>\n                    <td style=\"\"><\/td>\n                    <td style=\"\"><a href='<a href=\"https:\/\/diocesisdeaguascalientes.mx\/vicaria-de-pastoral\/wp-content\/uploads\/sites\/2\/forminator\/10414_47c7fef6f8c6f15ac1daaf1663bdf562\/uploads\/3mHD0QGNawle-prog.juvenil-ciclo-2025-26.pdf\" target=\"_blank\">3mHD0QGNawle-prog.juvenil-ciclo-2025-26.pdf<\/a>' rel='' target='_blank'><a href=\"https:\/\/diocesisdeaguascalientes.mx\/vicaria-de-pastoral\/wp-content\/uploads\/sites\/2\/forminator\/10414_47c7fef6f8c6f15ac1daaf1663bdf562\/uploads\/3mHD0QGNawle-prog.juvenil-ciclo-2025-26.pdf\" target=\"_blank\">3mHD0QGNawle-prog.juvenil-ciclo-2025-26.pdf<\/a><\/a><\/td>\n                    <td style=\"\">18\/09\/2025 07:41 PM<\/td>\n            <\/tr>\n            <tr id=\"table_2_row_138\">\n                    <td style=\"\">Programaci\u00f3n Parroquial<\/td>\n                    <td style=\"\"><\/td>\n                    <td style=\"\"><\/td>\n                    <td style=\"\"><a href='<a href=\"https:\/\/diocesisdeaguascalientes.mx\/vicaria-de-pastoral\/wp-content\/uploads\/sites\/2\/forminator\/10414_47c7fef6f8c6f15ac1daaf1663bdf562\/uploads\/44ucVFCOZvN1-prog.juvenil-ciclo-2025-26.pdf\" target=\"_blank\">44ucVFCOZvN1-prog.juvenil-ciclo-2025-26.pdf<\/a>' rel='' target='_blank'><a href=\"https:\/\/diocesisdeaguascalientes.mx\/vicaria-de-pastoral\/wp-content\/uploads\/sites\/2\/forminator\/10414_47c7fef6f8c6f15ac1daaf1663bdf562\/uploads\/44ucVFCOZvN1-prog.juvenil-ciclo-2025-26.pdf\" target=\"_blank\">44ucVFCOZvN1-prog.juvenil-ciclo-2025-26.pdf<\/a><\/a><\/td>\n                    <td style=\"\">18\/09\/2025 07:17 PM<\/td>\n            <\/tr>\n            <tr id=\"table_2_row_139\">\n                    <td style=\"\">Programaci\u00f3n Parroquial<\/td>\n                    <td style=\"\"><\/td>\n                    <td style=\"\"><\/td>\n                    <td style=\"\"><a href='<a href=\"https:\/\/diocesisdeaguascalientes.mx\/vicaria-de-pastoral\/wp-content\/uploads\/sites\/2\/forminator\/10414_47c7fef6f8c6f15ac1daaf1663bdf562\/uploads\/a4IIhP8LgCGs-Prog.-past.-familiar-2025-2026.pdf\" target=\"_blank\">a4IIhP8LgCGs-Prog.-past.-familiar-2025-2026.pdf<\/a>' rel='' target='_blank'><a href=\"https:\/\/diocesisdeaguascalientes.mx\/vicaria-de-pastoral\/wp-content\/uploads\/sites\/2\/forminator\/10414_47c7fef6f8c6f15ac1daaf1663bdf562\/uploads\/a4IIhP8LgCGs-Prog.-past.-familiar-2025-2026.pdf\" target=\"_blank\">a4IIhP8LgCGs-Prog.-past.-familiar-2025-2026.pdf<\/a><\/a><\/td>\n                    <td style=\"\">18\/09\/2025 07:06 PM<\/td>\n            <\/tr>\n            <tr id=\"table_2_row_140\">\n                    <td style=\"\">Programaci\u00f3n Parroquial<\/td>\n                    <td style=\"\"><\/td>\n                    <td style=\"\"><\/td>\n                    <td style=\"\"><a href='<a href=\"https:\/\/diocesisdeaguascalientes.mx\/vicaria-de-pastoral\/wp-content\/uploads\/sites\/2\/forminator\/10414_47c7fef6f8c6f15ac1daaf1663bdf562\/uploads\/donk14R95wLC-Prog-p.social-25-26.pdf\" target=\"_blank\">donk14R95wLC-Prog-p.social-25-26.pdf<\/a>' rel='' target='_blank'><a href=\"https:\/\/diocesisdeaguascalientes.mx\/vicaria-de-pastoral\/wp-content\/uploads\/sites\/2\/forminator\/10414_47c7fef6f8c6f15ac1daaf1663bdf562\/uploads\/donk14R95wLC-Prog-p.social-25-26.pdf\" target=\"_blank\">donk14R95wLC-Prog-p.social-25-26.pdf<\/a><\/a><\/td>\n                    <td style=\"\">18\/09\/2025 07:02 PM<\/td>\n            <\/tr>\n            <tr id=\"table_2_row_141\">\n                    <td style=\"\">Programaci\u00f3n Decanal<\/td>\n                    <td style=\"\">D05 ORIENTE II B CIUDAD SAN DAVID URIBE VELASCO<\/td>\n                    <td style=\"\">Animaci\u00f3n Pastoral<\/td>\n                    <td style=\"\"><a href='<a href=\"https:\/\/diocesisdeaguascalientes.mx\/vicaria-de-pastoral\/wp-content\/uploads\/sites\/2\/forminator\/10414_47c7fef6f8c6f15ac1daaf1663bdf562\/uploads\/9gN18tgsyGwX-PROGRAMACION-DECANAL-ANIMACION-PASTORAL-SAN-DAVID-URIBE-VELAZCO.pdf\" target=\"_blank\">9gN18tgsyGwX-PROGRAMACION-DECANAL-ANIMACION-PASTORAL-SAN-DAVID-URIBE-VELAZCO.pdf<\/a>' rel='' target='_blank'><a href=\"https:\/\/diocesisdeaguascalientes.mx\/vicaria-de-pastoral\/wp-content\/uploads\/sites\/2\/forminator\/10414_47c7fef6f8c6f15ac1daaf1663bdf562\/uploads\/9gN18tgsyGwX-PROGRAMACION-DECANAL-ANIMACION-PASTORAL-SAN-DAVID-URIBE-VELAZCO.pdf\" target=\"_blank\">9gN18tgsyGwX-PROGRAMACION-DECANAL-ANIMACION-PASTORAL-SAN-DAVID-URIBE-VELAZCO.pdf<\/a><\/a><\/td>\n                    <td style=\"\">18\/09\/2025 06:43 PM<\/td>\n            <\/tr>\n            <tr id=\"table_2_row_142\">\n                    <td style=\"\">Programaci\u00f3n Decanal<\/td>\n                    <td style=\"\">D05 ORIENTE II B CIUDAD SAN DAVID URIBE VELASCO<\/td>\n                    <td style=\"\">Organismos Eclesiales Laicales (OEL)<\/td>\n                    <td style=\"\"><a href='<a href=\"https:\/\/diocesisdeaguascalientes.mx\/vicaria-de-pastoral\/wp-content\/uploads\/sites\/2\/forminator\/10414_47c7fef6f8c6f15ac1daaf1663bdf562\/uploads\/TlBIxTKugSvb-PROGRAMACION-2025-2026-OELs-Decanal.pdf\" target=\"_blank\">TlBIxTKugSvb-PROGRAMACION-2025-2026-OELs-Decanal.pdf<\/a>' rel='' target='_blank'><a href=\"https:\/\/diocesisdeaguascalientes.mx\/vicaria-de-pastoral\/wp-content\/uploads\/sites\/2\/forminator\/10414_47c7fef6f8c6f15ac1daaf1663bdf562\/uploads\/TlBIxTKugSvb-PROGRAMACION-2025-2026-OELs-Decanal.pdf\" target=\"_blank\">TlBIxTKugSvb-PROGRAMACION-2025-2026-OELs-Decanal.pdf<\/a><\/a><\/td>\n                    <td style=\"\">18\/09\/2025 06:39 PM<\/td>\n            <\/tr>\n            <tr id=\"table_2_row_143\">\n                    <td style=\"\">Programaci\u00f3n Parroquial<\/td>\n                    <td style=\"\"><\/td>\n                    <td style=\"\"><\/td>\n                    <td style=\"\"><a href='<a href=\"https:\/\/diocesisdeaguascalientes.mx\/vicaria-de-pastoral\/wp-content\/uploads\/sites\/2\/forminator\/10414_47c7fef6f8c6f15ac1daaf1663bdf562\/uploads\/3QIUec14WBOu-prog.liturgia-25-26.pdf\" target=\"_blank\">3QIUec14WBOu-prog.liturgia-25-26.pdf<\/a>' rel='' target='_blank'><a href=\"https:\/\/diocesisdeaguascalientes.mx\/vicaria-de-pastoral\/wp-content\/uploads\/sites\/2\/forminator\/10414_47c7fef6f8c6f15ac1daaf1663bdf562\/uploads\/3QIUec14WBOu-prog.liturgia-25-26.pdf\" target=\"_blank\">3QIUec14WBOu-prog.liturgia-25-26.pdf<\/a><\/a><\/td>\n                    <td style=\"\">18\/09\/2025 06:31 PM<\/td>\n            <\/tr>\n            <tr id=\"table_2_row_144\">\n                    <td style=\"\">Programaci\u00f3n Parroquial<\/td>\n                    <td style=\"\"><\/td>\n                    <td style=\"\"><\/td>\n                    <td style=\"\"><a href='<a href=\"https:\/\/diocesisdeaguascalientes.mx\/vicaria-de-pastoral\/wp-content\/uploads\/sites\/2\/forminator\/10414_47c7fef6f8c6f15ac1daaf1663bdf562\/uploads\/WkHfrqXoKs13-14.-ORG.-ECLE.-LAICALES-RENOVACION-CARISMATICA.pdf\" target=\"_blank\">WkHfrqXoKs13-14.-ORG.-ECLE.-LAICALES-RENOVACION-CARISMATICA.pdf<\/a>' rel='' target='_blank'><a href=\"https:\/\/diocesisdeaguascalientes.mx\/vicaria-de-pastoral\/wp-content\/uploads\/sites\/2\/forminator\/10414_47c7fef6f8c6f15ac1daaf1663bdf562\/uploads\/WkHfrqXoKs13-14.-ORG.-ECLE.-LAICALES-RENOVACION-CARISMATICA.pdf\" target=\"_blank\">WkHfrqXoKs13-14.-ORG.-ECLE.-LAICALES-RENOVACION-CARISMATICA.pdf<\/a><\/a><\/td>\n                    <td style=\"\">18\/09\/2025 04:20 PM<\/td>\n            <\/tr>\n            <tr id=\"table_2_row_145\">\n                    <td style=\"\">Programaci\u00f3n Parroquial<\/td>\n                    <td style=\"\"><\/td>\n                    <td style=\"\"><\/td>\n                    <td style=\"\"><a href='<a href=\"https:\/\/diocesisdeaguascalientes.mx\/vicaria-de-pastoral\/wp-content\/uploads\/sites\/2\/forminator\/10414_47c7fef6f8c6f15ac1daaf1663bdf562\/uploads\/D1fJQJIlahtv-15.-ORG.-ECLE.-LAICALES-MOVIMIENTO-DE-JORNADAS-Y-VIDA-XTNA.pdf\" target=\"_blank\">D1fJQJIlahtv-15.-ORG.-ECLE.-LAICALES-MOVIMIENTO-DE-JORNADAS-Y-VIDA-XTNA.pdf<\/a>' rel='' target='_blank'><a href=\"https:\/\/diocesisdeaguascalientes.mx\/vicaria-de-pastoral\/wp-content\/uploads\/sites\/2\/forminator\/10414_47c7fef6f8c6f15ac1daaf1663bdf562\/uploads\/D1fJQJIlahtv-15.-ORG.-ECLE.-LAICALES-MOVIMIENTO-DE-JORNADAS-Y-VIDA-XTNA.pdf\" target=\"_blank\">D1fJQJIlahtv-15.-ORG.-ECLE.-LAICALES-MOVIMIENTO-DE-JORNADAS-Y-VIDA-XTNA.pdf<\/a><\/a><\/td>\n                    <td style=\"\">18\/09\/2025 04:19 PM<\/td>\n            <\/tr>\n            <tr id=\"table_2_row_146\">\n                    <td style=\"\">Programaci\u00f3n Parroquial<\/td>\n                    <td style=\"\"><\/td>\n                    <td style=\"\"><\/td>\n                    <td style=\"\"><a href='<a href=\"https:\/\/diocesisdeaguascalientes.mx\/vicaria-de-pastoral\/wp-content\/uploads\/sites\/2\/forminator\/10414_47c7fef6f8c6f15ac1daaf1663bdf562\/uploads\/T8fViiUEiFa7-12.-ORG.-ECLE.-LAICALES-ORDEN-FRANCISCANA-SEGLAR.pdf\" target=\"_blank\">T8fViiUEiFa7-12.-ORG.-ECLE.-LAICALES-ORDEN-FRANCISCANA-SEGLAR.pdf<\/a>' rel='' target='_blank'><a href=\"https:\/\/diocesisdeaguascalientes.mx\/vicaria-de-pastoral\/wp-content\/uploads\/sites\/2\/forminator\/10414_47c7fef6f8c6f15ac1daaf1663bdf562\/uploads\/T8fViiUEiFa7-12.-ORG.-ECLE.-LAICALES-ORDEN-FRANCISCANA-SEGLAR.pdf\" target=\"_blank\">T8fViiUEiFa7-12.-ORG.-ECLE.-LAICALES-ORDEN-FRANCISCANA-SEGLAR.pdf<\/a><\/a><\/td>\n                    <td style=\"\">18\/09\/2025 03:59 PM<\/td>\n            <\/tr>\n            <tr id=\"table_2_row_147\">\n                    <td style=\"\">Programaci\u00f3n Decanal<\/td>\n                    <td style=\"\">D10 NORTE CIUDAD SAN LUIS BATIZ SAINZ<\/td>\n                    <td style=\"\">Pastoral de la Comunicaci\u00f3n<\/td>\n                    <td style=\"\"><a href='<a href=\"https:\/\/diocesisdeaguascalientes.mx\/vicaria-de-pastoral\/wp-content\/uploads\/sites\/2\/forminator\/10414_47c7fef6f8c6f15ac1daaf1663bdf562\/uploads\/1jHqgzMU1ugO-Decanal-Comunicacion.pdf\" target=\"_blank\">1jHqgzMU1ugO-Decanal-Comunicacion.pdf<\/a>' rel='' target='_blank'><a href=\"https:\/\/diocesisdeaguascalientes.mx\/vicaria-de-pastoral\/wp-content\/uploads\/sites\/2\/forminator\/10414_47c7fef6f8c6f15ac1daaf1663bdf562\/uploads\/1jHqgzMU1ugO-Decanal-Comunicacion.pdf\" target=\"_blank\">1jHqgzMU1ugO-Decanal-Comunicacion.pdf<\/a><\/a><\/td>\n                    <td style=\"\">18\/09\/2025 02:00 PM<\/td>\n            <\/tr>\n            <tr id=\"table_2_row_148\">\n                    <td style=\"\">Programaci\u00f3n Decanal<\/td>\n                    <td style=\"\">D10 NORTE CIUDAD SAN LUIS BATIZ SAINZ<\/td>\n                    <td style=\"\">Pastoral Familiar<\/td>\n                    <td style=\"\"><a href='<a href=\"https:\/\/diocesisdeaguascalientes.mx\/vicaria-de-pastoral\/wp-content\/uploads\/sites\/2\/forminator\/10414_47c7fef6f8c6f15ac1daaf1663bdf562\/uploads\/TvK3AynSsCPN-Decanal-Familiar.pdf\" target=\"_blank\">TvK3AynSsCPN-Decanal-Familiar.pdf<\/a>' rel='' target='_blank'><a href=\"https:\/\/diocesisdeaguascalientes.mx\/vicaria-de-pastoral\/wp-content\/uploads\/sites\/2\/forminator\/10414_47c7fef6f8c6f15ac1daaf1663bdf562\/uploads\/TvK3AynSsCPN-Decanal-Familiar.pdf\" target=\"_blank\">TvK3AynSsCPN-Decanal-Familiar.pdf<\/a><\/a><\/td>\n                    <td style=\"\">18\/09\/2025 01:59 PM<\/td>\n            <\/tr>\n            <tr id=\"table_2_row_149\">\n                    <td style=\"\">Programaci\u00f3n Decanal<\/td>\n                    <td style=\"\">D10 NORTE CIUDAD SAN LUIS BATIZ SAINZ<\/td>\n                    <td style=\"\">Pastoral Prof\u00e9tica<\/td>\n                    <td style=\"\"><a href='<a href=\"https:\/\/diocesisdeaguascalientes.mx\/vicaria-de-pastoral\/wp-content\/uploads\/sites\/2\/forminator\/10414_47c7fef6f8c6f15ac1daaf1663bdf562\/uploads\/IvqZ7pIRXATH-Decanal-Profetica.pdf\" target=\"_blank\">IvqZ7pIRXATH-Decanal-Profetica.pdf<\/a>' rel='' target='_blank'><a href=\"https:\/\/diocesisdeaguascalientes.mx\/vicaria-de-pastoral\/wp-content\/uploads\/sites\/2\/forminator\/10414_47c7fef6f8c6f15ac1daaf1663bdf562\/uploads\/IvqZ7pIRXATH-Decanal-Profetica.pdf\" target=\"_blank\">IvqZ7pIRXATH-Decanal-Profetica.pdf<\/a><\/a><\/td>\n                    <td style=\"\">18\/09\/2025 01:53 PM<\/td>\n            <\/tr>\n            <tr id=\"table_2_row_150\">\n                    <td style=\"\">Programaci\u00f3n Decanal<\/td>\n                    <td style=\"\">D10 NORTE CIUDAD SAN LUIS BATIZ SAINZ<\/td>\n                    <td style=\"\">Animaci\u00f3n Pastoral<\/td>\n                    <td style=\"\"><a href='<a href=\"https:\/\/diocesisdeaguascalientes.mx\/vicaria-de-pastoral\/wp-content\/uploads\/sites\/2\/forminator\/10414_47c7fef6f8c6f15ac1daaf1663bdf562\/uploads\/Cos0UK44gurF-Decanal-Animacion-Pastoral.pdf\" target=\"_blank\">Cos0UK44gurF-Decanal-Animacion-Pastoral.pdf<\/a>' rel='' target='_blank'><a href=\"https:\/\/diocesisdeaguascalientes.mx\/vicaria-de-pastoral\/wp-content\/uploads\/sites\/2\/forminator\/10414_47c7fef6f8c6f15ac1daaf1663bdf562\/uploads\/Cos0UK44gurF-Decanal-Animacion-Pastoral.pdf\" target=\"_blank\">Cos0UK44gurF-Decanal-Animacion-Pastoral.pdf<\/a><\/a><\/td>\n                    <td style=\"\">18\/09\/2025 01:52 PM<\/td>\n            <\/tr>\n            <tr id=\"table_2_row_151\">\n                    <td style=\"\">Programaci\u00f3n Decanal<\/td>\n                    <td style=\"\">D10 NORTE CIUDAD SAN LUIS BATIZ SAINZ<\/td>\n                    <td style=\"\">Pastoral Social<\/td>\n                    <td style=\"\"><a href='<a href=\"https:\/\/diocesisdeaguascalientes.mx\/vicaria-de-pastoral\/wp-content\/uploads\/sites\/2\/forminator\/10414_47c7fef6f8c6f15ac1daaf1663bdf562\/uploads\/rAlhzSEXgWEX-Decanal-Social.pdf\" target=\"_blank\">rAlhzSEXgWEX-Decanal-Social.pdf<\/a>' rel='' target='_blank'><a href=\"https:\/\/diocesisdeaguascalientes.mx\/vicaria-de-pastoral\/wp-content\/uploads\/sites\/2\/forminator\/10414_47c7fef6f8c6f15ac1daaf1663bdf562\/uploads\/rAlhzSEXgWEX-Decanal-Social.pdf\" target=\"_blank\">rAlhzSEXgWEX-Decanal-Social.pdf<\/a><\/a><\/td>\n                    <td style=\"\">18\/09\/2025 01:51 PM<\/td>\n            <\/tr>\n            <tr id=\"table_2_row_152\">\n                    <td style=\"\">Programaci\u00f3n Decanal<\/td>\n                    <td style=\"\">D10 NORTE CIUDAD SAN LUIS BATIZ SAINZ<\/td>\n                    <td style=\"\">Pastoral Lit\u00fargica<\/td>\n                    <td style=\"\"><a href='<a href=\"https:\/\/diocesisdeaguascalientes.mx\/vicaria-de-pastoral\/wp-content\/uploads\/sites\/2\/forminator\/10414_47c7fef6f8c6f15ac1daaf1663bdf562\/uploads\/5zuqn47GoY1B-Decanal-Liturgica.pdf\" target=\"_blank\">5zuqn47GoY1B-Decanal-Liturgica.pdf<\/a>' rel='' target='_blank'><a href=\"https:\/\/diocesisdeaguascalientes.mx\/vicaria-de-pastoral\/wp-content\/uploads\/sites\/2\/forminator\/10414_47c7fef6f8c6f15ac1daaf1663bdf562\/uploads\/5zuqn47GoY1B-Decanal-Liturgica.pdf\" target=\"_blank\">5zuqn47GoY1B-Decanal-Liturgica.pdf<\/a><\/a><\/td>\n                    <td style=\"\">18\/09\/2025 01:49 PM<\/td>\n            <\/tr>\n            <tr id=\"table_2_row_153\">\n                    <td style=\"\">Programaci\u00f3n Decanal<\/td>\n                    <td style=\"\">D10 NORTE CIUDAD SAN LUIS BATIZ SAINZ<\/td>\n                    <td style=\"\">Pastoral Juvenil<\/td>\n                    <td style=\"\"><a href='<a href=\"https:\/\/diocesisdeaguascalientes.mx\/vicaria-de-pastoral\/wp-content\/uploads\/sites\/2\/forminator\/10414_47c7fef6f8c6f15ac1daaf1663bdf562\/uploads\/Ej0NlP66nSHF-Decanal-Juvenil.pdf\" target=\"_blank\">Ej0NlP66nSHF-Decanal-Juvenil.pdf<\/a>' rel='' target='_blank'><a href=\"https:\/\/diocesisdeaguascalientes.mx\/vicaria-de-pastoral\/wp-content\/uploads\/sites\/2\/forminator\/10414_47c7fef6f8c6f15ac1daaf1663bdf562\/uploads\/Ej0NlP66nSHF-Decanal-Juvenil.pdf\" target=\"_blank\">Ej0NlP66nSHF-Decanal-Juvenil.pdf<\/a><\/a><\/td>\n                    <td style=\"\">18\/09\/2025 01:49 PM<\/td>\n            <\/tr>\n            <tr id=\"table_2_row_154\">\n                    <td style=\"\">Programaci\u00f3n Decanal<\/td>\n                    <td style=\"\">D10 NORTE CIUDAD SAN LUIS BATIZ SAINZ<\/td>\n                    <td style=\"\">Pastoral de Adolescentes<\/td>\n                    <td style=\"\"><a href='<a href=\"https:\/\/diocesisdeaguascalientes.mx\/vicaria-de-pastoral\/wp-content\/uploads\/sites\/2\/forminator\/10414_47c7fef6f8c6f15ac1daaf1663bdf562\/uploads\/MhlBXqNKkgu1-Decanal-Adolescentes.pdf\" target=\"_blank\">MhlBXqNKkgu1-Decanal-Adolescentes.pdf<\/a>' rel='' target='_blank'><a href=\"https:\/\/diocesisdeaguascalientes.mx\/vicaria-de-pastoral\/wp-content\/uploads\/sites\/2\/forminator\/10414_47c7fef6f8c6f15ac1daaf1663bdf562\/uploads\/MhlBXqNKkgu1-Decanal-Adolescentes.pdf\" target=\"_blank\">MhlBXqNKkgu1-Decanal-Adolescentes.pdf<\/a><\/a><\/td>\n                    <td style=\"\">18\/09\/2025 01:48 PM<\/td>\n            <\/tr>\n            <tr id=\"table_2_row_155\">\n                    <td style=\"\">Programaci\u00f3n Parroquial<\/td>\n                    <td style=\"\"><\/td>\n                    <td style=\"\"><\/td>\n                    <td style=\"\"><a href='<a href=\"https:\/\/diocesisdeaguascalientes.mx\/vicaria-de-pastoral\/wp-content\/uploads\/sites\/2\/forminator\/10414_47c7fef6f8c6f15ac1daaf1663bdf562\/uploads\/kstG9wW0pfW0-10.-ORG.-ECLE.-LAICALES-ADORACION-NOCTURNA.pdf\" target=\"_blank\">kstG9wW0pfW0-10.-ORG.-ECLE.-LAICALES-ADORACION-NOCTURNA.pdf<\/a>' rel='' target='_blank'><a href=\"https:\/\/diocesisdeaguascalientes.mx\/vicaria-de-pastoral\/wp-content\/uploads\/sites\/2\/forminator\/10414_47c7fef6f8c6f15ac1daaf1663bdf562\/uploads\/kstG9wW0pfW0-10.-ORG.-ECLE.-LAICALES-ADORACION-NOCTURNA.pdf\" target=\"_blank\">kstG9wW0pfW0-10.-ORG.-ECLE.-LAICALES-ADORACION-NOCTURNA.pdf<\/a><\/a><\/td>\n                    <td style=\"\">18\/09\/2025 01:18 PM<\/td>\n            <\/tr>\n            <tr id=\"table_2_row_156\">\n                    <td style=\"\">Programaci\u00f3n Parroquial<\/td>\n                    <td style=\"\"><\/td>\n                    <td style=\"\"><\/td>\n                    <td style=\"\"><a href='<a href=\"https:\/\/diocesisdeaguascalientes.mx\/vicaria-de-pastoral\/wp-content\/uploads\/sites\/2\/forminator\/10414_47c7fef6f8c6f15ac1daaf1663bdf562\/uploads\/08ELBtWXxXhM-11.-ORG.-ECLE.-LAICALES-AMIGOS-DE-JESIS.pdf\" target=\"_blank\">08ELBtWXxXhM-11.-ORG.-ECLE.-LAICALES-AMIGOS-DE-JESIS.pdf<\/a>' rel='' target='_blank'><a href=\"https:\/\/diocesisdeaguascalientes.mx\/vicaria-de-pastoral\/wp-content\/uploads\/sites\/2\/forminator\/10414_47c7fef6f8c6f15ac1daaf1663bdf562\/uploads\/08ELBtWXxXhM-11.-ORG.-ECLE.-LAICALES-AMIGOS-DE-JESIS.pdf\" target=\"_blank\">08ELBtWXxXhM-11.-ORG.-ECLE.-LAICALES-AMIGOS-DE-JESIS.pdf<\/a><\/a><\/td>\n                    <td style=\"\">18\/09\/2025 01:16 PM<\/td>\n            <\/tr>\n            <tr id=\"table_2_row_157\">\n                    <td style=\"\">Programaci\u00f3n Parroquial<\/td>\n                    <td style=\"\"><\/td>\n                    <td style=\"\"><\/td>\n                    <td style=\"\"><a href='<a href=\"https:\/\/diocesisdeaguascalientes.mx\/vicaria-de-pastoral\/wp-content\/uploads\/sites\/2\/forminator\/10414_47c7fef6f8c6f15ac1daaf1663bdf562\/uploads\/yT3qUlfauj83-13.-ORG.-ECLE.-LAICALES-ORDEN-SEGLAR-CARMELITA.pdf\" target=\"_blank\">yT3qUlfauj83-13.-ORG.-ECLE.-LAICALES-ORDEN-SEGLAR-CARMELITA.pdf<\/a>' rel='' target='_blank'><a href=\"https:\/\/diocesisdeaguascalientes.mx\/vicaria-de-pastoral\/wp-content\/uploads\/sites\/2\/forminator\/10414_47c7fef6f8c6f15ac1daaf1663bdf562\/uploads\/yT3qUlfauj83-13.-ORG.-ECLE.-LAICALES-ORDEN-SEGLAR-CARMELITA.pdf\" target=\"_blank\">yT3qUlfauj83-13.-ORG.-ECLE.-LAICALES-ORDEN-SEGLAR-CARMELITA.pdf<\/a><\/a><\/td>\n                    <td style=\"\">18\/09\/2025 01:14 PM<\/td>\n            <\/tr>\n            <tr id=\"table_2_row_158\">\n                    <td style=\"\">Programaci\u00f3n Parroquial<\/td>\n                    <td style=\"\"><\/td>\n                    <td style=\"\"><\/td>\n                    <td style=\"\"><a href='<a href=\"https:\/\/diocesisdeaguascalientes.mx\/vicaria-de-pastoral\/wp-content\/uploads\/sites\/2\/forminator\/10414_47c7fef6f8c6f15ac1daaf1663bdf562\/uploads\/zSoZ4c4Wdmxg-16.-ORG.-ECLE.-LAICALES-TALLERES-DE-ORACION-Y-VIDA.pdf\" target=\"_blank\">zSoZ4c4Wdmxg-16.-ORG.-ECLE.-LAICALES-TALLERES-DE-ORACION-Y-VIDA.pdf<\/a>' rel='' target='_blank'><a href=\"https:\/\/diocesisdeaguascalientes.mx\/vicaria-de-pastoral\/wp-content\/uploads\/sites\/2\/forminator\/10414_47c7fef6f8c6f15ac1daaf1663bdf562\/uploads\/zSoZ4c4Wdmxg-16.-ORG.-ECLE.-LAICALES-TALLERES-DE-ORACION-Y-VIDA.pdf\" target=\"_blank\">zSoZ4c4Wdmxg-16.-ORG.-ECLE.-LAICALES-TALLERES-DE-ORACION-Y-VIDA.pdf<\/a><\/a><\/td>\n                    <td style=\"\">18\/09\/2025 01:13 PM<\/td>\n            <\/tr>\n            <tr id=\"table_2_row_159\">\n                    <td style=\"\">Programaci\u00f3n Parroquial<\/td>\n                    <td style=\"\"><\/td>\n                    <td style=\"\"><\/td>\n                    <td style=\"\"><a href='<a href=\"https:\/\/diocesisdeaguascalientes.mx\/vicaria-de-pastoral\/wp-content\/uploads\/sites\/2\/forminator\/10414_47c7fef6f8c6f15ac1daaf1663bdf562\/uploads\/4yVRD1lRGApm-9.-ORG.-ECLE.-LAICALES-ARMADA-BLANCA.pdf\" target=\"_blank\">4yVRD1lRGApm-9.-ORG.-ECLE.-LAICALES-ARMADA-BLANCA.pdf<\/a>' rel='' target='_blank'><a href=\"https:\/\/diocesisdeaguascalientes.mx\/vicaria-de-pastoral\/wp-content\/uploads\/sites\/2\/forminator\/10414_47c7fef6f8c6f15ac1daaf1663bdf562\/uploads\/4yVRD1lRGApm-9.-ORG.-ECLE.-LAICALES-ARMADA-BLANCA.pdf\" target=\"_blank\">4yVRD1lRGApm-9.-ORG.-ECLE.-LAICALES-ARMADA-BLANCA.pdf<\/a><\/a><\/td>\n                    <td style=\"\">18\/09\/2025 01:12 PM<\/td>\n            <\/tr>\n            <tr id=\"table_2_row_160\">\n                    <td style=\"\">Programaci\u00f3n Parroquial<\/td>\n                    <td style=\"\"><\/td>\n                    <td style=\"\"><\/td>\n                    <td style=\"\"><a href='<a href=\"https:\/\/diocesisdeaguascalientes.mx\/vicaria-de-pastoral\/wp-content\/uploads\/sites\/2\/forminator\/10414_47c7fef6f8c6f15ac1daaf1663bdf562\/uploads\/48cwLJ9FXjn8-8.-ORG.-ECLE.-LAICALES-MOVIMIENTO-MISONERO-CATOLICO.pdf\" target=\"_blank\">48cwLJ9FXjn8-8.-ORG.-ECLE.-LAICALES-MOVIMIENTO-MISONERO-CATOLICO.pdf<\/a>' rel='' target='_blank'><a href=\"https:\/\/diocesisdeaguascalientes.mx\/vicaria-de-pastoral\/wp-content\/uploads\/sites\/2\/forminator\/10414_47c7fef6f8c6f15ac1daaf1663bdf562\/uploads\/48cwLJ9FXjn8-8.-ORG.-ECLE.-LAICALES-MOVIMIENTO-MISONERO-CATOLICO.pdf\" target=\"_blank\">48cwLJ9FXjn8-8.-ORG.-ECLE.-LAICALES-MOVIMIENTO-MISONERO-CATOLICO.pdf<\/a><\/a><\/td>\n                    <td style=\"\">18\/09\/2025 01:08 PM<\/td>\n            <\/tr>\n            <tr id=\"table_2_row_161\">\n                    <td style=\"\">Programaci\u00f3n Parroquial<\/td>\n                    <td style=\"\"><\/td>\n                    <td style=\"\"><\/td>\n                    <td style=\"\"><a href='<a href=\"https:\/\/diocesisdeaguascalientes.mx\/vicaria-de-pastoral\/wp-content\/uploads\/sites\/2\/forminator\/10414_47c7fef6f8c6f15ac1daaf1663bdf562\/uploads\/6QYAf8cpddGv-6.-PASTORAL-JUVENIL.pdf\" target=\"_blank\">6QYAf8cpddGv-6.-PASTORAL-JUVENIL.pdf<\/a>' rel='' target='_blank'><a href=\"https:\/\/diocesisdeaguascalientes.mx\/vicaria-de-pastoral\/wp-content\/uploads\/sites\/2\/forminator\/10414_47c7fef6f8c6f15ac1daaf1663bdf562\/uploads\/6QYAf8cpddGv-6.-PASTORAL-JUVENIL.pdf\" target=\"_blank\">6QYAf8cpddGv-6.-PASTORAL-JUVENIL.pdf<\/a><\/a><\/td>\n                    <td style=\"\">18\/09\/2025 12:49 PM<\/td>\n            <\/tr>\n            <tr id=\"table_2_row_162\">\n                    <td style=\"\">Programaci\u00f3n Parroquial<\/td>\n                    <td style=\"\"><\/td>\n                    <td style=\"\"><\/td>\n                    <td style=\"\"><a href='<a href=\"https:\/\/diocesisdeaguascalientes.mx\/vicaria-de-pastoral\/wp-content\/uploads\/sites\/2\/forminator\/10414_47c7fef6f8c6f15ac1daaf1663bdf562\/uploads\/M08Fl8SXly0q-7.-PASTORAL-DE-ADOLESCENTES.pdf\" target=\"_blank\">M08Fl8SXly0q-7.-PASTORAL-DE-ADOLESCENTES.pdf<\/a>' rel='' target='_blank'><a href=\"https:\/\/diocesisdeaguascalientes.mx\/vicaria-de-pastoral\/wp-content\/uploads\/sites\/2\/forminator\/10414_47c7fef6f8c6f15ac1daaf1663bdf562\/uploads\/M08Fl8SXly0q-7.-PASTORAL-DE-ADOLESCENTES.pdf\" target=\"_blank\">M08Fl8SXly0q-7.-PASTORAL-DE-ADOLESCENTES.pdf<\/a><\/a><\/td>\n                    <td style=\"\">18\/09\/2025 12:49 PM<\/td>\n            <\/tr>\n            <tr id=\"table_2_row_163\">\n                    <td style=\"\">Programaci\u00f3n Parroquial<\/td>\n                    <td style=\"\"><\/td>\n                    <td style=\"\"><\/td>\n                    <td style=\"\"><a href='<a href=\"https:\/\/diocesisdeaguascalientes.mx\/vicaria-de-pastoral\/wp-content\/uploads\/sites\/2\/forminator\/10414_47c7fef6f8c6f15ac1daaf1663bdf562\/uploads\/FPpz9XbtVWnp-5.-PASTORAL-FAMILIAR.pdf\" target=\"_blank\">FPpz9XbtVWnp-5.-PASTORAL-FAMILIAR.pdf<\/a>' rel='' target='_blank'><a href=\"https:\/\/diocesisdeaguascalientes.mx\/vicaria-de-pastoral\/wp-content\/uploads\/sites\/2\/forminator\/10414_47c7fef6f8c6f15ac1daaf1663bdf562\/uploads\/FPpz9XbtVWnp-5.-PASTORAL-FAMILIAR.pdf\" target=\"_blank\">FPpz9XbtVWnp-5.-PASTORAL-FAMILIAR.pdf<\/a><\/a><\/td>\n                    <td style=\"\">18\/09\/2025 12:48 PM<\/td>\n            <\/tr>\n            <tr id=\"table_2_row_164\">\n                    <td style=\"\">Programaci\u00f3n Parroquial<\/td>\n                    <td style=\"\"><\/td>\n                    <td style=\"\"><\/td>\n                    <td style=\"\"><a href='<a href=\"https:\/\/diocesisdeaguascalientes.mx\/vicaria-de-pastoral\/wp-content\/uploads\/sites\/2\/forminator\/10414_47c7fef6f8c6f15ac1daaf1663bdf562\/uploads\/X4uPjbMfSqOg-4.-PASTORAL-SOCIAL.pdf\" target=\"_blank\">X4uPjbMfSqOg-4.-PASTORAL-SOCIAL.pdf<\/a>' rel='' target='_blank'><a href=\"https:\/\/diocesisdeaguascalientes.mx\/vicaria-de-pastoral\/wp-content\/uploads\/sites\/2\/forminator\/10414_47c7fef6f8c6f15ac1daaf1663bdf562\/uploads\/X4uPjbMfSqOg-4.-PASTORAL-SOCIAL.pdf\" target=\"_blank\">X4uPjbMfSqOg-4.-PASTORAL-SOCIAL.pdf<\/a><\/a><\/td>\n                    <td style=\"\">18\/09\/2025 12:47 PM<\/td>\n            <\/tr>\n            <tr id=\"table_2_row_165\">\n                    <td style=\"\">Programaci\u00f3n Parroquial<\/td>\n                    <td style=\"\"><\/td>\n                    <td style=\"\"><\/td>\n                    <td style=\"\"><a href='<a href=\"https:\/\/diocesisdeaguascalientes.mx\/vicaria-de-pastoral\/wp-content\/uploads\/sites\/2\/forminator\/10414_47c7fef6f8c6f15ac1daaf1663bdf562\/uploads\/1aQ8FCig4uJ8-3.-PASTORAL-LITURGICA.pdf\" target=\"_blank\">1aQ8FCig4uJ8-3.-PASTORAL-LITURGICA.pdf<\/a>' rel='' target='_blank'><a href=\"https:\/\/diocesisdeaguascalientes.mx\/vicaria-de-pastoral\/wp-content\/uploads\/sites\/2\/forminator\/10414_47c7fef6f8c6f15ac1daaf1663bdf562\/uploads\/1aQ8FCig4uJ8-3.-PASTORAL-LITURGICA.pdf\" target=\"_blank\">1aQ8FCig4uJ8-3.-PASTORAL-LITURGICA.pdf<\/a><\/a><\/td>\n                    <td style=\"\">18\/09\/2025 12:45 PM<\/td>\n            <\/tr>\n            <tr id=\"table_2_row_166\">\n                    <td style=\"\">Programaci\u00f3n Parroquial<\/td>\n                    <td style=\"\"><\/td>\n                    <td style=\"\"><\/td>\n                    <td style=\"\"><a href='<a href=\"https:\/\/diocesisdeaguascalientes.mx\/vicaria-de-pastoral\/wp-content\/uploads\/sites\/2\/forminator\/10414_47c7fef6f8c6f15ac1daaf1663bdf562\/uploads\/XDJGvACJy9Zq-2.-PASTORAL-PROFETICA.pdf\" target=\"_blank\">XDJGvACJy9Zq-2.-PASTORAL-PROFETICA.pdf<\/a>' rel='' target='_blank'><a href=\"https:\/\/diocesisdeaguascalientes.mx\/vicaria-de-pastoral\/wp-content\/uploads\/sites\/2\/forminator\/10414_47c7fef6f8c6f15ac1daaf1663bdf562\/uploads\/XDJGvACJy9Zq-2.-PASTORAL-PROFETICA.pdf\" target=\"_blank\">XDJGvACJy9Zq-2.-PASTORAL-PROFETICA.pdf<\/a><\/a><\/td>\n                    <td style=\"\">18\/09\/2025 12:45 PM<\/td>\n            <\/tr>\n            <tr id=\"table_2_row_167\">\n                    <td style=\"\">Programaci\u00f3n Parroquial<\/td>\n                    <td style=\"\"><\/td>\n                    <td style=\"\"><\/td>\n                    <td style=\"\"><a href='<a href=\"https:\/\/diocesisdeaguascalientes.mx\/vicaria-de-pastoral\/wp-content\/uploads\/sites\/2\/forminator\/10414_47c7fef6f8c6f15ac1daaf1663bdf562\/uploads\/jeRMcYhJEZRe-1.-ANIMACION-PARROQUIAL.pdf\" target=\"_blank\">jeRMcYhJEZRe-1.-ANIMACION-PARROQUIAL.pdf<\/a>' rel='' target='_blank'><a href=\"https:\/\/diocesisdeaguascalientes.mx\/vicaria-de-pastoral\/wp-content\/uploads\/sites\/2\/forminator\/10414_47c7fef6f8c6f15ac1daaf1663bdf562\/uploads\/jeRMcYhJEZRe-1.-ANIMACION-PARROQUIAL.pdf\" target=\"_blank\">jeRMcYhJEZRe-1.-ANIMACION-PARROQUIAL.pdf<\/a><\/a><\/td>\n                    <td style=\"\">18\/09\/2025 12:35 PM<\/td>\n            <\/tr>\n            <tr id=\"table_2_row_168\">\n                    <td style=\"\">Programaci\u00f3n Parroquial<\/td>\n                    <td style=\"\"><\/td>\n                    <td style=\"\"><\/td>\n                    <td style=\"\"><a href='<a href=\"https:\/\/diocesisdeaguascalientes.mx\/vicaria-de-pastoral\/wp-content\/uploads\/sites\/2\/forminator\/10414_47c7fef6f8c6f15ac1daaf1663bdf562\/uploads\/bnqILgxVxFke-Organismos-Eclesiales-GDSCP.pdf\" target=\"_blank\">bnqILgxVxFke-Organismos-Eclesiales-GDSCP.pdf<\/a>' rel='' target='_blank'><a href=\"https:\/\/diocesisdeaguascalientes.mx\/vicaria-de-pastoral\/wp-content\/uploads\/sites\/2\/forminator\/10414_47c7fef6f8c6f15ac1daaf1663bdf562\/uploads\/bnqILgxVxFke-Organismos-Eclesiales-GDSCP.pdf\" target=\"_blank\">bnqILgxVxFke-Organismos-Eclesiales-GDSCP.pdf<\/a><\/a><\/td>\n                    <td style=\"\">18\/09\/2025 11:24 AM<\/td>\n            <\/tr>\n            <tr id=\"table_2_row_169\">\n                    <td style=\"\">Programaci\u00f3n Parroquial<\/td>\n                    <td style=\"\"><\/td>\n                    <td style=\"\"><\/td>\n                    <td style=\"\"><a href='<a href=\"https:\/\/diocesisdeaguascalientes.mx\/vicaria-de-pastoral\/wp-content\/uploads\/sites\/2\/forminator\/10414_47c7fef6f8c6f15ac1daaf1663bdf562\/uploads\/ZQyrxvkVNSCI-Pastoral-de-la-Comunicacion-Parroquial.pdf\" target=\"_blank\">ZQyrxvkVNSCI-Pastoral-de-la-Comunicacion-Parroquial.pdf<\/a>' rel='' target='_blank'><a href=\"https:\/\/diocesisdeaguascalientes.mx\/vicaria-de-pastoral\/wp-content\/uploads\/sites\/2\/forminator\/10414_47c7fef6f8c6f15ac1daaf1663bdf562\/uploads\/ZQyrxvkVNSCI-Pastoral-de-la-Comunicacion-Parroquial.pdf\" target=\"_blank\">ZQyrxvkVNSCI-Pastoral-de-la-Comunicacion-Parroquial.pdf<\/a><\/a><\/td>\n                    <td style=\"\">18\/09\/2025 11:21 AM<\/td>\n            <\/tr>\n            <tr id=\"table_2_row_170\">\n                    <td style=\"\">Programaci\u00f3n Parroquial<\/td>\n                    <td style=\"\"><\/td>\n                    <td style=\"\"><\/td>\n                    <td style=\"\"><a href='<a href=\"https:\/\/diocesisdeaguascalientes.mx\/vicaria-de-pastoral\/wp-content\/uploads\/sites\/2\/forminator\/10414_47c7fef6f8c6f15ac1daaf1663bdf562\/uploads\/dQ0Vj48BsYwc-Pastoral-Juvenil-Parroquial.pdf\" target=\"_blank\">dQ0Vj48BsYwc-Pastoral-Juvenil-Parroquial.pdf<\/a>' rel='' target='_blank'><a href=\"https:\/\/diocesisdeaguascalientes.mx\/vicaria-de-pastoral\/wp-content\/uploads\/sites\/2\/forminator\/10414_47c7fef6f8c6f15ac1daaf1663bdf562\/uploads\/dQ0Vj48BsYwc-Pastoral-Juvenil-Parroquial.pdf\" target=\"_blank\">dQ0Vj48BsYwc-Pastoral-Juvenil-Parroquial.pdf<\/a><\/a><\/td>\n                    <td style=\"\">18\/09\/2025 11:19 AM<\/td>\n            <\/tr>\n            <tr id=\"table_2_row_171\">\n                    <td style=\"\">Programaci\u00f3n Parroquial<\/td>\n                    <td style=\"\"><\/td>\n                    <td style=\"\"><\/td>\n                    <td style=\"\"><a href='<a href=\"https:\/\/diocesisdeaguascalientes.mx\/vicaria-de-pastoral\/wp-content\/uploads\/sites\/2\/forminator\/10414_47c7fef6f8c6f15ac1daaf1663bdf562\/uploads\/y5fAHXacLukb-Pastoral-de-Adolescentes-Parroquial.pdf\" target=\"_blank\">y5fAHXacLukb-Pastoral-de-Adolescentes-Parroquial.pdf<\/a>' rel='' target='_blank'><a href=\"https:\/\/diocesisdeaguascalientes.mx\/vicaria-de-pastoral\/wp-content\/uploads\/sites\/2\/forminator\/10414_47c7fef6f8c6f15ac1daaf1663bdf562\/uploads\/y5fAHXacLukb-Pastoral-de-Adolescentes-Parroquial.pdf\" target=\"_blank\">y5fAHXacLukb-Pastoral-de-Adolescentes-Parroquial.pdf<\/a><\/a><\/td>\n                    <td style=\"\">18\/09\/2025 11:16 AM<\/td>\n            <\/tr>\n            <tr id=\"table_2_row_172\">\n                    <td style=\"\">Programaci\u00f3n Parroquial<\/td>\n                    <td style=\"\"><\/td>\n                    <td style=\"\"><\/td>\n                    <td style=\"\"><a href='<a href=\"https:\/\/diocesisdeaguascalientes.mx\/vicaria-de-pastoral\/wp-content\/uploads\/sites\/2\/forminator\/10414_47c7fef6f8c6f15ac1daaf1663bdf562\/uploads\/IYAbSyLaU2i3-Pastoral-Familiar-Parroquial.pdf\" target=\"_blank\">IYAbSyLaU2i3-Pastoral-Familiar-Parroquial.pdf<\/a>' rel='' target='_blank'><a href=\"https:\/\/diocesisdeaguascalientes.mx\/vicaria-de-pastoral\/wp-content\/uploads\/sites\/2\/forminator\/10414_47c7fef6f8c6f15ac1daaf1663bdf562\/uploads\/IYAbSyLaU2i3-Pastoral-Familiar-Parroquial.pdf\" target=\"_blank\">IYAbSyLaU2i3-Pastoral-Familiar-Parroquial.pdf<\/a><\/a><\/td>\n                    <td style=\"\">18\/09\/2025 11:02 AM<\/td>\n            <\/tr>\n            <tr id=\"table_2_row_173\">\n                    <td style=\"\">Programaci\u00f3n Parroquial<\/td>\n                    <td style=\"\"><\/td>\n                    <td style=\"\"><\/td>\n                    <td style=\"\"><a href='<a href=\"https:\/\/diocesisdeaguascalientes.mx\/vicaria-de-pastoral\/wp-content\/uploads\/sites\/2\/forminator\/10414_47c7fef6f8c6f15ac1daaf1663bdf562\/uploads\/Jo2fxN1icIbh-Pastoral-Social-Parroquial.pdf\" target=\"_blank\">Jo2fxN1icIbh-Pastoral-Social-Parroquial.pdf<\/a>' rel='' target='_blank'><a href=\"https:\/\/diocesisdeaguascalientes.mx\/vicaria-de-pastoral\/wp-content\/uploads\/sites\/2\/forminator\/10414_47c7fef6f8c6f15ac1daaf1663bdf562\/uploads\/Jo2fxN1icIbh-Pastoral-Social-Parroquial.pdf\" target=\"_blank\">Jo2fxN1icIbh-Pastoral-Social-Parroquial.pdf<\/a><\/a><\/td>\n                    <td style=\"\">18\/09\/2025 10:58 AM<\/td>\n            <\/tr>\n            <tr id=\"table_2_row_174\">\n                    <td style=\"\">Programaci\u00f3n Parroquial<\/td>\n                    <td style=\"\"><\/td>\n                    <td style=\"\"><\/td>\n                    <td style=\"\"><a href='<a href=\"https:\/\/diocesisdeaguascalientes.mx\/vicaria-de-pastoral\/wp-content\/uploads\/sites\/2\/forminator\/10414_47c7fef6f8c6f15ac1daaf1663bdf562\/uploads\/MnUGtFIimMR2-Pastoral-Liturgica-Parroquial.pdf\" target=\"_blank\">MnUGtFIimMR2-Pastoral-Liturgica-Parroquial.pdf<\/a>' rel='' target='_blank'><a href=\"https:\/\/diocesisdeaguascalientes.mx\/vicaria-de-pastoral\/wp-content\/uploads\/sites\/2\/forminator\/10414_47c7fef6f8c6f15ac1daaf1663bdf562\/uploads\/MnUGtFIimMR2-Pastoral-Liturgica-Parroquial.pdf\" target=\"_blank\">MnUGtFIimMR2-Pastoral-Liturgica-Parroquial.pdf<\/a><\/a><\/td>\n                    <td style=\"\">18\/09\/2025 10:52 AM<\/td>\n            <\/tr>\n            <tr id=\"table_2_row_175\">\n                    <td style=\"\">Programaci\u00f3n Parroquial<\/td>\n                    <td style=\"\"><\/td>\n                    <td style=\"\"><\/td>\n                    <td style=\"\"><a href='<a href=\"https:\/\/diocesisdeaguascalientes.mx\/vicaria-de-pastoral\/wp-content\/uploads\/sites\/2\/forminator\/10414_47c7fef6f8c6f15ac1daaf1663bdf562\/uploads\/zjowA10ZaIii-Pastoral-Profetica-Parroquial.pdf\" target=\"_blank\">zjowA10ZaIii-Pastoral-Profetica-Parroquial.pdf<\/a>' rel='' target='_blank'><a href=\"https:\/\/diocesisdeaguascalientes.mx\/vicaria-de-pastoral\/wp-content\/uploads\/sites\/2\/forminator\/10414_47c7fef6f8c6f15ac1daaf1663bdf562\/uploads\/zjowA10ZaIii-Pastoral-Profetica-Parroquial.pdf\" target=\"_blank\">zjowA10ZaIii-Pastoral-Profetica-Parroquial.pdf<\/a><\/a><\/td>\n                    <td style=\"\">18\/09\/2025 10:45 AM<\/td>\n            <\/tr>\n            <tr id=\"table_2_row_176\">\n                    <td style=\"\">Programaci\u00f3n Parroquial<\/td>\n                    <td style=\"\"><\/td>\n                    <td style=\"\"><\/td>\n                    <td style=\"\"><a href='<a href=\"https:\/\/diocesisdeaguascalientes.mx\/vicaria-de-pastoral\/wp-content\/uploads\/sites\/2\/forminator\/10414_47c7fef6f8c6f15ac1daaf1663bdf562\/uploads\/RnZk4x1V9YaK-Animacion-Pastoral-Parroquial.pdf\" target=\"_blank\">RnZk4x1V9YaK-Animacion-Pastoral-Parroquial.pdf<\/a>' rel='' target='_blank'><a href=\"https:\/\/diocesisdeaguascalientes.mx\/vicaria-de-pastoral\/wp-content\/uploads\/sites\/2\/forminator\/10414_47c7fef6f8c6f15ac1daaf1663bdf562\/uploads\/RnZk4x1V9YaK-Animacion-Pastoral-Parroquial.pdf\" target=\"_blank\">RnZk4x1V9YaK-Animacion-Pastoral-Parroquial.pdf<\/a><\/a><\/td>\n                    <td style=\"\">18\/09\/2025 10:39 AM<\/td>\n            <\/tr>\n            <tr id=\"table_2_row_177\">\n                    <td style=\"\">Programaci\u00f3n Parroquial<\/td>\n                    <td style=\"\"><\/td>\n                    <td style=\"\"><\/td>\n                    <td style=\"\"><a href='<a href=\"https:\/\/diocesisdeaguascalientes.mx\/vicaria-de-pastoral\/wp-content\/uploads\/sites\/2\/forminator\/10414_47c7fef6f8c6f15ac1daaf1663bdf562\/uploads\/CMTkXopzK4L2-programacion-Pastoral-Liturgica-25-26pdf.pdf\" target=\"_blank\">CMTkXopzK4L2-programacion-Pastoral-Liturgica-25-26pdf.pdf<\/a>' rel='' target='_blank'><a href=\"https:\/\/diocesisdeaguascalientes.mx\/vicaria-de-pastoral\/wp-content\/uploads\/sites\/2\/forminator\/10414_47c7fef6f8c6f15ac1daaf1663bdf562\/uploads\/CMTkXopzK4L2-programacion-Pastoral-Liturgica-25-26pdf.pdf\" target=\"_blank\">CMTkXopzK4L2-programacion-Pastoral-Liturgica-25-26pdf.pdf<\/a><\/a><\/td>\n                    <td style=\"\">18\/09\/2025 06:44 AM<\/td>\n            <\/tr>\n            <tr id=\"table_2_row_178\">\n                    <td style=\"\">Programaci\u00f3n de Capellan\u00eda<\/td>\n                    <td style=\"\"><\/td>\n                    <td style=\"\"><\/td>\n                    <td style=\"\"><a href='<a href=\"https:\/\/diocesisdeaguascalientes.mx\/vicaria-de-pastoral\/wp-content\/uploads\/sites\/2\/forminator\/10414_47c7fef6f8c6f15ac1daaf1663bdf562\/uploads\/IKHFkstGmFb2-PASTORAL-DE-LA-SALUD.pdf\" target=\"_blank\">IKHFkstGmFb2-PASTORAL-DE-LA-SALUD.pdf<\/a>' rel='' target='_blank'><a href=\"https:\/\/diocesisdeaguascalientes.mx\/vicaria-de-pastoral\/wp-content\/uploads\/sites\/2\/forminator\/10414_47c7fef6f8c6f15ac1daaf1663bdf562\/uploads\/IKHFkstGmFb2-PASTORAL-DE-LA-SALUD.pdf\" target=\"_blank\">IKHFkstGmFb2-PASTORAL-DE-LA-SALUD.pdf<\/a><\/a><\/td>\n                    <td style=\"\">17\/09\/2025 10:19 PM<\/td>\n            <\/tr>\n            <tr id=\"table_2_row_179\">\n                    <td style=\"\">Programaci\u00f3n de Capellan\u00eda<\/td>\n                    <td style=\"\"><\/td>\n                    <td style=\"\"><\/td>\n                    <td style=\"\"><a href='<a href=\"https:\/\/diocesisdeaguascalientes.mx\/vicaria-de-pastoral\/wp-content\/uploads\/sites\/2\/forminator\/10414_47c7fef6f8c6f15ac1daaf1663bdf562\/uploads\/3Mn03xu5nIst-PASTORAL-LITURGICA-JUVENIL.pdf\" target=\"_blank\">3Mn03xu5nIst-PASTORAL-LITURGICA-JUVENIL.pdf<\/a>' rel='' target='_blank'><a href=\"https:\/\/diocesisdeaguascalientes.mx\/vicaria-de-pastoral\/wp-content\/uploads\/sites\/2\/forminator\/10414_47c7fef6f8c6f15ac1daaf1663bdf562\/uploads\/3Mn03xu5nIst-PASTORAL-LITURGICA-JUVENIL.pdf\" target=\"_blank\">3Mn03xu5nIst-PASTORAL-LITURGICA-JUVENIL.pdf<\/a><\/a><\/td>\n                    <td style=\"\">17\/09\/2025 10:18 PM<\/td>\n            <\/tr>\n            <tr id=\"table_2_row_180\">\n                    <td style=\"\">Programaci\u00f3n de Capellan\u00eda<\/td>\n                    <td style=\"\"><\/td>\n                    <td style=\"\"><\/td>\n                    <td style=\"\"><a href='<a href=\"https:\/\/diocesisdeaguascalientes.mx\/vicaria-de-pastoral\/wp-content\/uploads\/sites\/2\/forminator\/10414_47c7fef6f8c6f15ac1daaf1663bdf562\/uploads\/uccbzzLjlDXd-PASTORAL-FAMILIAR.pdf\" target=\"_blank\">uccbzzLjlDXd-PASTORAL-FAMILIAR.pdf<\/a>' rel='' target='_blank'><a href=\"https:\/\/diocesisdeaguascalientes.mx\/vicaria-de-pastoral\/wp-content\/uploads\/sites\/2\/forminator\/10414_47c7fef6f8c6f15ac1daaf1663bdf562\/uploads\/uccbzzLjlDXd-PASTORAL-FAMILIAR.pdf\" target=\"_blank\">uccbzzLjlDXd-PASTORAL-FAMILIAR.pdf<\/a><\/a><\/td>\n                    <td style=\"\">17\/09\/2025 10:16 PM<\/td>\n            <\/tr>\n            <tr id=\"table_2_row_181\">\n                    <td style=\"\">Programaci\u00f3n de Capellan\u00eda<\/td>\n                    <td style=\"\"><\/td>\n                    <td style=\"\"><\/td>\n                    <td style=\"\"><a href='<a href=\"https:\/\/diocesisdeaguascalientes.mx\/vicaria-de-pastoral\/wp-content\/uploads\/sites\/2\/forminator\/10414_47c7fef6f8c6f15ac1daaf1663bdf562\/uploads\/VSt8UPYyMWeI-PASTORAL-LITURGICA.pdf\" target=\"_blank\">VSt8UPYyMWeI-PASTORAL-LITURGICA.pdf<\/a>' rel='' target='_blank'><a href=\"https:\/\/diocesisdeaguascalientes.mx\/vicaria-de-pastoral\/wp-content\/uploads\/sites\/2\/forminator\/10414_47c7fef6f8c6f15ac1daaf1663bdf562\/uploads\/VSt8UPYyMWeI-PASTORAL-LITURGICA.pdf\" target=\"_blank\">VSt8UPYyMWeI-PASTORAL-LITURGICA.pdf<\/a><\/a><\/td>\n                    <td style=\"\">17\/09\/2025 10:15 PM<\/td>\n            <\/tr>\n            <tr id=\"table_2_row_182\">\n                    <td style=\"\">Programaci\u00f3n de Capellan\u00eda<\/td>\n                    <td style=\"\"><\/td>\n                    <td style=\"\"><\/td>\n                    <td style=\"\"><a href='<a href=\"https:\/\/diocesisdeaguascalientes.mx\/vicaria-de-pastoral\/wp-content\/uploads\/sites\/2\/forminator\/10414_47c7fef6f8c6f15ac1daaf1663bdf562\/uploads\/iFFnaPLioRgC-PASTORAL-PROFETICA.pdf\" target=\"_blank\">iFFnaPLioRgC-PASTORAL-PROFETICA.pdf<\/a>' rel='' target='_blank'><a href=\"https:\/\/diocesisdeaguascalientes.mx\/vicaria-de-pastoral\/wp-content\/uploads\/sites\/2\/forminator\/10414_47c7fef6f8c6f15ac1daaf1663bdf562\/uploads\/iFFnaPLioRgC-PASTORAL-PROFETICA.pdf\" target=\"_blank\">iFFnaPLioRgC-PASTORAL-PROFETICA.pdf<\/a><\/a><\/td>\n                    <td style=\"\">17\/09\/2025 10:14 PM<\/td>\n            <\/tr>\n            <tr id=\"table_2_row_183\">\n                    <td style=\"\">Programaci\u00f3n de Capellan\u00eda<\/td>\n                    <td style=\"\"><\/td>\n                    <td style=\"\"><\/td>\n                    <td style=\"\"><a href='<a href=\"https:\/\/diocesisdeaguascalientes.mx\/vicaria-de-pastoral\/wp-content\/uploads\/sites\/2\/forminator\/10414_47c7fef6f8c6f15ac1daaf1663bdf562\/uploads\/w8aQcA0aHcSr-ANIMACION-PASTORAL.pdf\" target=\"_blank\">w8aQcA0aHcSr-ANIMACION-PASTORAL.pdf<\/a>' rel='' target='_blank'><a href=\"https:\/\/diocesisdeaguascalientes.mx\/vicaria-de-pastoral\/wp-content\/uploads\/sites\/2\/forminator\/10414_47c7fef6f8c6f15ac1daaf1663bdf562\/uploads\/w8aQcA0aHcSr-ANIMACION-PASTORAL.pdf\" target=\"_blank\">w8aQcA0aHcSr-ANIMACION-PASTORAL.pdf<\/a><\/a><\/td>\n                    <td style=\"\">17\/09\/2025 10:12 PM<\/td>\n            <\/tr>\n            <tr id=\"table_2_row_184\">\n                    <td style=\"\">Programaci\u00f3n Parroquial<\/td>\n                    <td style=\"\"><\/td>\n                    <td style=\"\"><\/td>\n                    <td style=\"\"><a href='<a href=\"https:\/\/diocesisdeaguascalientes.mx\/vicaria-de-pastoral\/wp-content\/uploads\/sites\/2\/forminator\/10414_47c7fef6f8c6f15ac1daaf1663bdf562\/uploads\/QKD7NotVsEHs-Programacion-Guardia-de-Honor-2025-2026.pdf\" target=\"_blank\">QKD7NotVsEHs-Programacion-Guardia-de-Honor-2025-2026.pdf<\/a>' rel='' target='_blank'><a href=\"https:\/\/diocesisdeaguascalientes.mx\/vicaria-de-pastoral\/wp-content\/uploads\/sites\/2\/forminator\/10414_47c7fef6f8c6f15ac1daaf1663bdf562\/uploads\/QKD7NotVsEHs-Programacion-Guardia-de-Honor-2025-2026.pdf\" target=\"_blank\">QKD7NotVsEHs-Programacion-Guardia-de-Honor-2025-2026.pdf<\/a><\/a><\/td>\n                    <td style=\"\">17\/09\/2025 08:49 PM<\/td>\n            <\/tr>\n            <tr id=\"table_2_row_185\">\n                    <td style=\"\">Programaci\u00f3n Parroquial<\/td>\n                    <td style=\"\"><\/td>\n                    <td style=\"\"><\/td>\n                    <td style=\"\"><a href='<a href=\"https:\/\/diocesisdeaguascalientes.mx\/vicaria-de-pastoral\/wp-content\/uploads\/sites\/2\/forminator\/10414_47c7fef6f8c6f15ac1daaf1663bdf562\/uploads\/Pbjr2Usb3Svp-Prog.-Profetica-25-26.pdf\" target=\"_blank\">Pbjr2Usb3Svp-Prog.-Profetica-25-26.pdf<\/a>' rel='' target='_blank'><a href=\"https:\/\/diocesisdeaguascalientes.mx\/vicaria-de-pastoral\/wp-content\/uploads\/sites\/2\/forminator\/10414_47c7fef6f8c6f15ac1daaf1663bdf562\/uploads\/Pbjr2Usb3Svp-Prog.-Profetica-25-26.pdf\" target=\"_blank\">Pbjr2Usb3Svp-Prog.-Profetica-25-26.pdf<\/a><\/a><\/td>\n                    <td style=\"\">17\/09\/2025 08:42 PM<\/td>\n            <\/tr>\n            <tr id=\"table_2_row_186\">\n                    <td style=\"\">Programaci\u00f3n Parroquial<\/td>\n                    <td style=\"\"><\/td>\n                    <td style=\"\"><\/td>\n                    <td style=\"\"><a href='<a href=\"https:\/\/diocesisdeaguascalientes.mx\/vicaria-de-pastoral\/wp-content\/uploads\/sites\/2\/forminator\/10414_47c7fef6f8c6f15ac1daaf1663bdf562\/uploads\/6jszRT9xptRB-prog.-C.P.P.-25-26.pdf\" target=\"_blank\">6jszRT9xptRB-prog.-C.P.P.-25-26.pdf<\/a>' rel='' target='_blank'><a href=\"https:\/\/diocesisdeaguascalientes.mx\/vicaria-de-pastoral\/wp-content\/uploads\/sites\/2\/forminator\/10414_47c7fef6f8c6f15ac1daaf1663bdf562\/uploads\/6jszRT9xptRB-prog.-C.P.P.-25-26.pdf\" target=\"_blank\">6jszRT9xptRB-prog.-C.P.P.-25-26.pdf<\/a><\/a><\/td>\n                    <td style=\"\">17\/09\/2025 08:39 PM<\/td>\n            <\/tr>\n            <tr id=\"table_2_row_187\">\n                    <td style=\"\">Programaci\u00f3n Parroquial<\/td>\n                    <td style=\"\"><\/td>\n                    <td style=\"\"><\/td>\n                    <td style=\"\"><a href='<a href=\"https:\/\/diocesisdeaguascalientes.mx\/vicaria-de-pastoral\/wp-content\/uploads\/sites\/2\/forminator\/10414_47c7fef6f8c6f15ac1daaf1663bdf562\/uploads\/T1AT5XO4IJbA-pastoral-liturgica-coro.pdf\" target=\"_blank\">T1AT5XO4IJbA-pastoral-liturgica-coro.pdf<\/a>' rel='' target='_blank'><a href=\"https:\/\/diocesisdeaguascalientes.mx\/vicaria-de-pastoral\/wp-content\/uploads\/sites\/2\/forminator\/10414_47c7fef6f8c6f15ac1daaf1663bdf562\/uploads\/T1AT5XO4IJbA-pastoral-liturgica-coro.pdf\" target=\"_blank\">T1AT5XO4IJbA-pastoral-liturgica-coro.pdf<\/a><\/a><\/td>\n                    <td style=\"\">17\/09\/2025 07:52 PM<\/td>\n            <\/tr>\n            <tr id=\"table_2_row_188\">\n                    <td style=\"\">Programaci\u00f3n Parroquial<\/td>\n                    <td style=\"\"><\/td>\n                    <td style=\"\"><\/td>\n                    <td style=\"\"><a href='<a href=\"https:\/\/diocesisdeaguascalientes.mx\/vicaria-de-pastoral\/wp-content\/uploads\/sites\/2\/forminator\/10414_47c7fef6f8c6f15ac1daaf1663bdf562\/uploads\/S2CWOkBzhxkg-PROGRAMACION-FAMILIAR-2025-2026.pdf\" target=\"_blank\">S2CWOkBzhxkg-PROGRAMACION-FAMILIAR-2025-2026.pdf<\/a>' rel='' target='_blank'><a href=\"https:\/\/diocesisdeaguascalientes.mx\/vicaria-de-pastoral\/wp-content\/uploads\/sites\/2\/forminator\/10414_47c7fef6f8c6f15ac1daaf1663bdf562\/uploads\/S2CWOkBzhxkg-PROGRAMACION-FAMILIAR-2025-2026.pdf\" target=\"_blank\">S2CWOkBzhxkg-PROGRAMACION-FAMILIAR-2025-2026.pdf<\/a><\/a><\/td>\n                    <td style=\"\">17\/09\/2025 07:14 PM<\/td>\n            <\/tr>\n            <tr id=\"table_2_row_189\">\n                    <td style=\"\">Programaci\u00f3n Parroquial<\/td>\n                    <td style=\"\"><\/td>\n                    <td style=\"\"><\/td>\n                    <td style=\"\"><a href='<a href=\"https:\/\/diocesisdeaguascalientes.mx\/vicaria-de-pastoral\/wp-content\/uploads\/sites\/2\/forminator\/10414_47c7fef6f8c6f15ac1daaf1663bdf562\/uploads\/CF2LrLRVsxJh-pastoral-urbana.pdf\" target=\"_blank\">CF2LrLRVsxJh-pastoral-urbana.pdf<\/a>' rel='' target='_blank'><a href=\"https:\/\/diocesisdeaguascalientes.mx\/vicaria-de-pastoral\/wp-content\/uploads\/sites\/2\/forminator\/10414_47c7fef6f8c6f15ac1daaf1663bdf562\/uploads\/CF2LrLRVsxJh-pastoral-urbana.pdf\" target=\"_blank\">CF2LrLRVsxJh-pastoral-urbana.pdf<\/a><\/a><\/td>\n                    <td style=\"\">17\/09\/2025 07:12 PM<\/td>\n            <\/tr>\n            <tr id=\"table_2_row_190\">\n                    <td style=\"\">Programaci\u00f3n Parroquial<\/td>\n                    <td style=\"\"><\/td>\n                    <td style=\"\"><\/td>\n                    <td style=\"\"><a href='<a href=\"https:\/\/diocesisdeaguascalientes.mx\/vicaria-de-pastoral\/wp-content\/uploads\/sites\/2\/forminator\/10414_47c7fef6f8c6f15ac1daaf1663bdf562\/uploads\/tzpZz1JLS6Iy-programacion-camino-a-la-superacion-mujer-2025_26.pdf\" target=\"_blank\">tzpZz1JLS6Iy-programacion-camino-a-la-superacion-mujer-2025_26.pdf<\/a>' rel='' target='_blank'><a href=\"https:\/\/diocesisdeaguascalientes.mx\/vicaria-de-pastoral\/wp-content\/uploads\/sites\/2\/forminator\/10414_47c7fef6f8c6f15ac1daaf1663bdf562\/uploads\/tzpZz1JLS6Iy-programacion-camino-a-la-superacion-mujer-2025_26.pdf\" target=\"_blank\">tzpZz1JLS6Iy-programacion-camino-a-la-superacion-mujer-2025_26.pdf<\/a><\/a><\/td>\n                    <td style=\"\">17\/09\/2025 06:50 PM<\/td>\n            <\/tr>\n            <tr id=\"table_2_row_191\">\n                    <td style=\"\">Programaci\u00f3n Parroquial<\/td>\n                    <td style=\"\"><\/td>\n                    <td style=\"\"><\/td>\n                    <td style=\"\"><a href='<a href=\"https:\/\/diocesisdeaguascalientes.mx\/vicaria-de-pastoral\/wp-content\/uploads\/sites\/2\/forminator\/10414_47c7fef6f8c6f15ac1daaf1663bdf562\/uploads\/tcVMLZNASof6-PROGRAMACION-DESCUBRE-TU-CAMINO-JOVEN-2025_26.pdf\" target=\"_blank\">tcVMLZNASof6-PROGRAMACION-DESCUBRE-TU-CAMINO-JOVEN-2025_26.pdf<\/a>' rel='' target='_blank'><a href=\"https:\/\/diocesisdeaguascalientes.mx\/vicaria-de-pastoral\/wp-content\/uploads\/sites\/2\/forminator\/10414_47c7fef6f8c6f15ac1daaf1663bdf562\/uploads\/tcVMLZNASof6-PROGRAMACION-DESCUBRE-TU-CAMINO-JOVEN-2025_26.pdf\" target=\"_blank\">tcVMLZNASof6-PROGRAMACION-DESCUBRE-TU-CAMINO-JOVEN-2025_26.pdf<\/a><\/a><\/td>\n                    <td style=\"\">17\/09\/2025 06:49 PM<\/td>\n            <\/tr>\n            <tr id=\"table_2_row_192\">\n                    <td style=\"\">Programaci\u00f3n Parroquial<\/td>\n                    <td style=\"\"><\/td>\n                    <td style=\"\"><\/td>\n                    <td style=\"\"><a href='<a href=\"https:\/\/diocesisdeaguascalientes.mx\/vicaria-de-pastoral\/wp-content\/uploads\/sites\/2\/forminator\/10414_47c7fef6f8c6f15ac1daaf1663bdf562\/uploads\/NtNMqY8Nxmev-PROGRAMACION-V-P-2025_26.pdf\" target=\"_blank\">NtNMqY8Nxmev-PROGRAMACION-V-P-2025_26.pdf<\/a>' rel='' target='_blank'><a href=\"https:\/\/diocesisdeaguascalientes.mx\/vicaria-de-pastoral\/wp-content\/uploads\/sites\/2\/forminator\/10414_47c7fef6f8c6f15ac1daaf1663bdf562\/uploads\/NtNMqY8Nxmev-PROGRAMACION-V-P-2025_26.pdf\" target=\"_blank\">NtNMqY8Nxmev-PROGRAMACION-V-P-2025_26.pdf<\/a><\/a><\/td>\n                    <td style=\"\">17\/09\/2025 06:48 PM<\/td>\n            <\/tr>\n            <tr id=\"table_2_row_193\">\n                    <td style=\"\">Programaci\u00f3n Decanal<\/td>\n                    <td style=\"\">D09 SUR FORANEO SAN JUSTINO ORONA MADRIGAL<\/td>\n                    <td style=\"\">Pastoral Lit\u00fargica<\/td>\n                    <td style=\"\"><a href='<a href=\"https:\/\/diocesisdeaguascalientes.mx\/vicaria-de-pastoral\/wp-content\/uploads\/sites\/2\/forminator\/10414_47c7fef6f8c6f15ac1daaf1663bdf562\/uploads\/49mQy9UUGwEq-PASTORAL-LITURGICA.pdf\" target=\"_blank\">49mQy9UUGwEq-PASTORAL-LITURGICA.pdf<\/a>' rel='' target='_blank'><a href=\"https:\/\/diocesisdeaguascalientes.mx\/vicaria-de-pastoral\/wp-content\/uploads\/sites\/2\/forminator\/10414_47c7fef6f8c6f15ac1daaf1663bdf562\/uploads\/49mQy9UUGwEq-PASTORAL-LITURGICA.pdf\" target=\"_blank\">49mQy9UUGwEq-PASTORAL-LITURGICA.pdf<\/a><\/a><\/td>\n                    <td style=\"\">17\/09\/2025 06:42 PM<\/td>\n            <\/tr>\n            <tr id=\"table_2_row_194\">\n                    <td style=\"\">Programaci\u00f3n Decanal<\/td>\n                    <td style=\"\">D09 SUR FORANEO SAN JUSTINO ORONA MADRIGAL<\/td>\n                    <td style=\"\">Organismos Eclesiales Laicales (OEL)<\/td>\n                    <td style=\"\"><a href='<a href=\"https:\/\/diocesisdeaguascalientes.mx\/vicaria-de-pastoral\/wp-content\/uploads\/sites\/2\/forminator\/10414_47c7fef6f8c6f15ac1daaf1663bdf562\/uploads\/ihmaHDIx8Mld-OEL.pdf\" target=\"_blank\">ihmaHDIx8Mld-OEL.pdf<\/a>' rel='' target='_blank'><a href=\"https:\/\/diocesisdeaguascalientes.mx\/vicaria-de-pastoral\/wp-content\/uploads\/sites\/2\/forminator\/10414_47c7fef6f8c6f15ac1daaf1663bdf562\/uploads\/ihmaHDIx8Mld-OEL.pdf\" target=\"_blank\">ihmaHDIx8Mld-OEL.pdf<\/a><\/a><\/td>\n                    <td style=\"\">17\/09\/2025 06:40 PM<\/td>\n            <\/tr>\n            <tr id=\"table_2_row_195\">\n                    <td style=\"\">Programaci\u00f3n Decanal<\/td>\n                    <td style=\"\">D09 SUR FORANEO SAN JUSTINO ORONA MADRIGAL<\/td>\n                    <td style=\"\">Pastoral de la Comunicaci\u00f3n<\/td>\n                    <td style=\"\"><a href='<a href=\"https:\/\/diocesisdeaguascalientes.mx\/vicaria-de-pastoral\/wp-content\/uploads\/sites\/2\/forminator\/10414_47c7fef6f8c6f15ac1daaf1663bdf562\/uploads\/tjaHvw7JrH85-PASTORAL-DE-LA-COMUNICACION.pdf\" target=\"_blank\">tjaHvw7JrH85-PASTORAL-DE-LA-COMUNICACION.pdf<\/a>' rel='' target='_blank'><a href=\"https:\/\/diocesisdeaguascalientes.mx\/vicaria-de-pastoral\/wp-content\/uploads\/sites\/2\/forminator\/10414_47c7fef6f8c6f15ac1daaf1663bdf562\/uploads\/tjaHvw7JrH85-PASTORAL-DE-LA-COMUNICACION.pdf\" target=\"_blank\">tjaHvw7JrH85-PASTORAL-DE-LA-COMUNICACION.pdf<\/a><\/a><\/td>\n                    <td style=\"\">17\/09\/2025 06:40 PM<\/td>\n            <\/tr>\n            <tr id=\"table_2_row_196\">\n                    <td style=\"\">Programaci\u00f3n Decanal<\/td>\n                    <td style=\"\">D09 SUR FORANEO SAN JUSTINO ORONA MADRIGAL<\/td>\n                    <td style=\"\">Pastoral Juvenil<\/td>\n                    <td style=\"\"><a href='<a href=\"https:\/\/diocesisdeaguascalientes.mx\/vicaria-de-pastoral\/wp-content\/uploads\/sites\/2\/forminator\/10414_47c7fef6f8c6f15ac1daaf1663bdf562\/uploads\/cDuJum8FUen3-PASTORAL-JUVENIL.pdf\" target=\"_blank\">cDuJum8FUen3-PASTORAL-JUVENIL.pdf<\/a>' rel='' target='_blank'><a href=\"https:\/\/diocesisdeaguascalientes.mx\/vicaria-de-pastoral\/wp-content\/uploads\/sites\/2\/forminator\/10414_47c7fef6f8c6f15ac1daaf1663bdf562\/uploads\/cDuJum8FUen3-PASTORAL-JUVENIL.pdf\" target=\"_blank\">cDuJum8FUen3-PASTORAL-JUVENIL.pdf<\/a><\/a><\/td>\n                    <td style=\"\">17\/09\/2025 06:39 PM<\/td>\n            <\/tr>\n            <tr id=\"table_2_row_197\">\n                    <td style=\"\">Programaci\u00f3n Decanal<\/td>\n                    <td style=\"\">D09 SUR FORANEO SAN JUSTINO ORONA MADRIGAL<\/td>\n                    <td style=\"\">Pastoral de Adolescentes<\/td>\n                    <td style=\"\"><a href='<a href=\"https:\/\/diocesisdeaguascalientes.mx\/vicaria-de-pastoral\/wp-content\/uploads\/sites\/2\/forminator\/10414_47c7fef6f8c6f15ac1daaf1663bdf562\/uploads\/7SSxfDBMmqFT-PASTORAL-DE-ADOLESCENTES.pdf\" target=\"_blank\">7SSxfDBMmqFT-PASTORAL-DE-ADOLESCENTES.pdf<\/a>' rel='' target='_blank'><a href=\"https:\/\/diocesisdeaguascalientes.mx\/vicaria-de-pastoral\/wp-content\/uploads\/sites\/2\/forminator\/10414_47c7fef6f8c6f15ac1daaf1663bdf562\/uploads\/7SSxfDBMmqFT-PASTORAL-DE-ADOLESCENTES.pdf\" target=\"_blank\">7SSxfDBMmqFT-PASTORAL-DE-ADOLESCENTES.pdf<\/a><\/a><\/td>\n                    <td style=\"\">17\/09\/2025 06:38 PM<\/td>\n            <\/tr>\n            <tr id=\"table_2_row_198\">\n                    <td style=\"\">Programaci\u00f3n Decanal<\/td>\n                    <td style=\"\">D09 SUR FORANEO SAN JUSTINO ORONA MADRIGAL<\/td>\n                    <td style=\"\">Pastoral Familiar<\/td>\n                    <td style=\"\"><a href='<a href=\"https:\/\/diocesisdeaguascalientes.mx\/vicaria-de-pastoral\/wp-content\/uploads\/sites\/2\/forminator\/10414_47c7fef6f8c6f15ac1daaf1663bdf562\/uploads\/kEGSTRgqWA9f-PASTORAL-FAMILIAR.pdf\" target=\"_blank\">kEGSTRgqWA9f-PASTORAL-FAMILIAR.pdf<\/a>' rel='' target='_blank'><a href=\"https:\/\/diocesisdeaguascalientes.mx\/vicaria-de-pastoral\/wp-content\/uploads\/sites\/2\/forminator\/10414_47c7fef6f8c6f15ac1daaf1663bdf562\/uploads\/kEGSTRgqWA9f-PASTORAL-FAMILIAR.pdf\" target=\"_blank\">kEGSTRgqWA9f-PASTORAL-FAMILIAR.pdf<\/a><\/a><\/td>\n                    <td style=\"\">17\/09\/2025 06:37 PM<\/td>\n            <\/tr>\n            <tr id=\"table_2_row_199\">\n                    <td style=\"\">Programaci\u00f3n Decanal<\/td>\n                    <td style=\"\">D09 SUR FORANEO SAN JUSTINO ORONA MADRIGAL<\/td>\n                    <td style=\"\">Animaci\u00f3n Pastoral<\/td>\n                    <td style=\"\"><a href='<a href=\"https:\/\/diocesisdeaguascalientes.mx\/vicaria-de-pastoral\/wp-content\/uploads\/sites\/2\/forminator\/10414_47c7fef6f8c6f15ac1daaf1663bdf562\/uploads\/ncDTXsEvZQZw-ANIMACION_PASTORAL_DECANAL.pdf\" target=\"_blank\">ncDTXsEvZQZw-ANIMACION_PASTORAL_DECANAL.pdf<\/a>' rel='' target='_blank'><a href=\"https:\/\/diocesisdeaguascalientes.mx\/vicaria-de-pastoral\/wp-content\/uploads\/sites\/2\/forminator\/10414_47c7fef6f8c6f15ac1daaf1663bdf562\/uploads\/ncDTXsEvZQZw-ANIMACION_PASTORAL_DECANAL.pdf\" target=\"_blank\">ncDTXsEvZQZw-ANIMACION_PASTORAL_DECANAL.pdf<\/a><\/a><\/td>\n                    <td style=\"\">17\/09\/2025 06:36 PM<\/td>\n            <\/tr>\n            <tr id=\"table_2_row_200\">\n                    <td style=\"\">Programaci\u00f3n Decanal<\/td>\n                    <td style=\"\">D09 SUR FORANEO SAN JUSTINO ORONA MADRIGAL<\/td>\n                    <td style=\"\">Pastoral Prof\u00e9tica<\/td>\n                    <td style=\"\"><a href='<a href=\"https:\/\/diocesisdeaguascalientes.mx\/vicaria-de-pastoral\/wp-content\/uploads\/sites\/2\/forminator\/10414_47c7fef6f8c6f15ac1daaf1663bdf562\/uploads\/ZjQ564JM50YA-PASTORAL-PROFETICA.pdf\" target=\"_blank\">ZjQ564JM50YA-PASTORAL-PROFETICA.pdf<\/a>' rel='' target='_blank'><a href=\"https:\/\/diocesisdeaguascalientes.mx\/vicaria-de-pastoral\/wp-content\/uploads\/sites\/2\/forminator\/10414_47c7fef6f8c6f15ac1daaf1663bdf562\/uploads\/ZjQ564JM50YA-PASTORAL-PROFETICA.pdf\" target=\"_blank\">ZjQ564JM50YA-PASTORAL-PROFETICA.pdf<\/a><\/a><\/td>\n                    <td style=\"\">17\/09\/2025 06:36 PM<\/td>\n            <\/tr>\n            <tr id=\"table_2_row_201\">\n                    <td style=\"\">Programaci\u00f3n Decanal<\/td>\n                    <td style=\"\">D09 SUR FORANEO SAN JUSTINO ORONA MADRIGAL<\/td>\n                    <td style=\"\">Pastoral Social<\/td>\n                    <td style=\"\"><a href='<a href=\"https:\/\/diocesisdeaguascalientes.mx\/vicaria-de-pastoral\/wp-content\/uploads\/sites\/2\/forminator\/10414_47c7fef6f8c6f15ac1daaf1663bdf562\/uploads\/3u99kGfaMFll-PASTORAL-SOCIAL-DECANAL-2025-2026.pdf\" target=\"_blank\">3u99kGfaMFll-PASTORAL-SOCIAL-DECANAL-2025-2026.pdf<\/a>' rel='' target='_blank'><a href=\"https:\/\/diocesisdeaguascalientes.mx\/vicaria-de-pastoral\/wp-content\/uploads\/sites\/2\/forminator\/10414_47c7fef6f8c6f15ac1daaf1663bdf562\/uploads\/3u99kGfaMFll-PASTORAL-SOCIAL-DECANAL-2025-2026.pdf\" target=\"_blank\">3u99kGfaMFll-PASTORAL-SOCIAL-DECANAL-2025-2026.pdf<\/a><\/a><\/td>\n                    <td style=\"\">17\/09\/2025 06:35 PM<\/td>\n            <\/tr>\n            <tr id=\"table_2_row_202\">\n                    <td style=\"\">Programaci\u00f3n Parroquial<\/td>\n                    <td style=\"\"><\/td>\n                    <td style=\"\"><\/td>\n                    <td style=\"\"><a href='<a href=\"https:\/\/diocesisdeaguascalientes.mx\/vicaria-de-pastoral\/wp-content\/uploads\/sites\/2\/forminator\/10414_47c7fef6f8c6f15ac1daaf1663bdf562\/uploads\/ykdCjAcsTqo1-Programacion-guardias-2025-2026.pdf\" target=\"_blank\">ykdCjAcsTqo1-Programacion-guardias-2025-2026.pdf<\/a>' rel='' target='_blank'><a href=\"https:\/\/diocesisdeaguascalientes.mx\/vicaria-de-pastoral\/wp-content\/uploads\/sites\/2\/forminator\/10414_47c7fef6f8c6f15ac1daaf1663bdf562\/uploads\/ykdCjAcsTqo1-Programacion-guardias-2025-2026.pdf\" target=\"_blank\">ykdCjAcsTqo1-Programacion-guardias-2025-2026.pdf<\/a><\/a><\/td>\n                    <td style=\"\">17\/09\/2025 06:31 PM<\/td>\n            <\/tr>\n            <tr id=\"table_2_row_203\">\n                    <td style=\"\">Programaci\u00f3n Parroquial<\/td>\n                    <td style=\"\"><\/td>\n                    <td style=\"\"><\/td>\n                    <td style=\"\"><a href='<a href=\"https:\/\/diocesisdeaguascalientes.mx\/vicaria-de-pastoral\/wp-content\/uploads\/sites\/2\/forminator\/10414_47c7fef6f8c6f15ac1daaf1663bdf562\/uploads\/V3Plm2eQy96d-PROGRAMA-DE-PASTORAL-SOCIAL-2025-20261.pdf\" target=\"_blank\">V3Plm2eQy96d-PROGRAMA-DE-PASTORAL-SOCIAL-2025-20261.pdf<\/a>' rel='' target='_blank'><a href=\"https:\/\/diocesisdeaguascalientes.mx\/vicaria-de-pastoral\/wp-content\/uploads\/sites\/2\/forminator\/10414_47c7fef6f8c6f15ac1daaf1663bdf562\/uploads\/V3Plm2eQy96d-PROGRAMA-DE-PASTORAL-SOCIAL-2025-20261.pdf\" target=\"_blank\">V3Plm2eQy96d-PROGRAMA-DE-PASTORAL-SOCIAL-2025-20261.pdf<\/a><\/a><\/td>\n                    <td style=\"\">17\/09\/2025 06:29 PM<\/td>\n            <\/tr>\n            <tr id=\"table_2_row_204\">\n                    <td style=\"\">Programaci\u00f3n Parroquial<\/td>\n                    <td style=\"\"><\/td>\n                    <td style=\"\"><\/td>\n                    <td style=\"\"><a href='<a href=\"https:\/\/diocesisdeaguascalientes.mx\/vicaria-de-pastoral\/wp-content\/uploads\/sites\/2\/forminator\/10414_47c7fef6f8c6f15ac1daaf1663bdf562\/uploads\/C3uhNZ9HmOvK-2da-PROGRAMACION-ANO-DEL-ENCUENTRO-CON-CRISTO.pdf\" target=\"_blank\">C3uhNZ9HmOvK-2da-PROGRAMACION-ANO-DEL-ENCUENTRO-CON-CRISTO.pdf<\/a>' rel='' target='_blank'><a href=\"https:\/\/diocesisdeaguascalientes.mx\/vicaria-de-pastoral\/wp-content\/uploads\/sites\/2\/forminator\/10414_47c7fef6f8c6f15ac1daaf1663bdf562\/uploads\/C3uhNZ9HmOvK-2da-PROGRAMACION-ANO-DEL-ENCUENTRO-CON-CRISTO.pdf\" target=\"_blank\">C3uhNZ9HmOvK-2da-PROGRAMACION-ANO-DEL-ENCUENTRO-CON-CRISTO.pdf<\/a><\/a><\/td>\n                    <td style=\"\">17\/09\/2025 06:28 PM<\/td>\n            <\/tr>\n            <tr id=\"table_2_row_205\">\n                    <td style=\"\">Programaci\u00f3n Parroquial<\/td>\n                    <td style=\"\"><\/td>\n                    <td style=\"\"><\/td>\n                    <td style=\"\"><a href='<a href=\"https:\/\/diocesisdeaguascalientes.mx\/vicaria-de-pastoral\/wp-content\/uploads\/sites\/2\/forminator\/10414_47c7fef6f8c6f15ac1daaf1663bdf562\/uploads\/dBNe1MW2iUyN-PROGRAMACION-ANO-DIOCESANO-DEL-ENCUENTRO-CON-CRISTO-2025-2026-MEC.pdf\" target=\"_blank\">dBNe1MW2iUyN-PROGRAMACION-ANO-DIOCESANO-DEL-ENCUENTRO-CON-CRISTO-2025-2026-MEC.pdf<\/a>' rel='' target='_blank'><a href=\"https:\/\/diocesisdeaguascalientes.mx\/vicaria-de-pastoral\/wp-content\/uploads\/sites\/2\/forminator\/10414_47c7fef6f8c6f15ac1daaf1663bdf562\/uploads\/dBNe1MW2iUyN-PROGRAMACION-ANO-DIOCESANO-DEL-ENCUENTRO-CON-CRISTO-2025-2026-MEC.pdf\" target=\"_blank\">dBNe1MW2iUyN-PROGRAMACION-ANO-DIOCESANO-DEL-ENCUENTRO-CON-CRISTO-2025-2026-MEC.pdf<\/a><\/a><\/td>\n                    <td style=\"\">17\/09\/2025 06:23 PM<\/td>\n            <\/tr>\n            <tr id=\"table_2_row_206\">\n                    <td style=\"\">Programaci\u00f3n Parroquial<\/td>\n                    <td style=\"\"><\/td>\n                    <td style=\"\"><\/td>\n                    <td style=\"\"><a href='<a href=\"https:\/\/diocesisdeaguascalientes.mx\/vicaria-de-pastoral\/wp-content\/uploads\/sites\/2\/forminator\/10414_47c7fef6f8c6f15ac1daaf1663bdf562\/uploads\/hMwfX5cayGEd-PROGRAMACION-2025-2026-PASTORAL-PROFETICA-Bautismales.pdf\" target=\"_blank\">hMwfX5cayGEd-PROGRAMACION-2025-2026-PASTORAL-PROFETICA-Bautismales.pdf<\/a>' rel='' target='_blank'><a href=\"https:\/\/diocesisdeaguascalientes.mx\/vicaria-de-pastoral\/wp-content\/uploads\/sites\/2\/forminator\/10414_47c7fef6f8c6f15ac1daaf1663bdf562\/uploads\/hMwfX5cayGEd-PROGRAMACION-2025-2026-PASTORAL-PROFETICA-Bautismales.pdf\" target=\"_blank\">hMwfX5cayGEd-PROGRAMACION-2025-2026-PASTORAL-PROFETICA-Bautismales.pdf<\/a><\/a><\/td>\n                    <td style=\"\">17\/09\/2025 06:18 PM<\/td>\n            <\/tr>\n            <tr id=\"table_2_row_207\">\n                    <td style=\"\">Programaci\u00f3n Parroquial<\/td>\n                    <td style=\"\"><\/td>\n                    <td style=\"\"><\/td>\n                    <td style=\"\"><a href='<a href=\"https:\/\/diocesisdeaguascalientes.mx\/vicaria-de-pastoral\/wp-content\/uploads\/sites\/2\/forminator\/10414_47c7fef6f8c6f15ac1daaf1663bdf562\/uploads\/QhX4FPfJxHlO-PROGRAMACION-LITURGIA-2025-2026.pdf\" target=\"_blank\">QhX4FPfJxHlO-PROGRAMACION-LITURGIA-2025-2026.pdf<\/a>' rel='' target='_blank'><a href=\"https:\/\/diocesisdeaguascalientes.mx\/vicaria-de-pastoral\/wp-content\/uploads\/sites\/2\/forminator\/10414_47c7fef6f8c6f15ac1daaf1663bdf562\/uploads\/QhX4FPfJxHlO-PROGRAMACION-LITURGIA-2025-2026.pdf\" target=\"_blank\">QhX4FPfJxHlO-PROGRAMACION-LITURGIA-2025-2026.pdf<\/a><\/a><\/td>\n                    <td style=\"\">17\/09\/2025 06:13 PM<\/td>\n            <\/tr>\n            <tr id=\"table_2_row_208\">\n                    <td style=\"\">Programaci\u00f3n Parroquial<\/td>\n                    <td style=\"\"><\/td>\n                    <td style=\"\"><\/td>\n                    <td style=\"\"><a href='<a href=\"https:\/\/diocesisdeaguascalientes.mx\/vicaria-de-pastoral\/wp-content\/uploads\/sites\/2\/forminator\/10414_47c7fef6f8c6f15ac1daaf1663bdf562\/uploads\/HrBuxY3dqmlE-CATESISIMO-FORMATO-DE-PROGRAMACION-ANO-DIOCESANO-DEL-ENCUENTRO-CON-CRISTO-2025-2026.pdf\" target=\"_blank\">HrBuxY3dqmlE-CATESISIMO-FORMATO-DE-PROGRAMACION-ANO-DIOCESANO-DEL-ENCUENTRO-CON-CRISTO-2025-2026.pdf<\/a>' rel='' target='_blank'><a href=\"https:\/\/diocesisdeaguascalientes.mx\/vicaria-de-pastoral\/wp-content\/uploads\/sites\/2\/forminator\/10414_47c7fef6f8c6f15ac1daaf1663bdf562\/uploads\/HrBuxY3dqmlE-CATESISIMO-FORMATO-DE-PROGRAMACION-ANO-DIOCESANO-DEL-ENCUENTRO-CON-CRISTO-2025-2026.pdf\" target=\"_blank\">HrBuxY3dqmlE-CATESISIMO-FORMATO-DE-PROGRAMACION-ANO-DIOCESANO-DEL-ENCUENTRO-CON-CRISTO-2025-2026.pdf<\/a><\/a><\/td>\n                    <td style=\"\">17\/09\/2025 06:08 PM<\/td>\n            <\/tr>\n            <tr id=\"table_2_row_209\">\n                    <td style=\"\">Programaci\u00f3n Decanal<\/td>\n                    <td style=\"\">D07 SUROESTE FORANEO SAN JULIO ALVAREZ MENDOZA<\/td>\n                    <td style=\"\">Organismos Eclesiales Laicales (OEL)<\/td>\n                    <td style=\"\"><a href='<a href=\"https:\/\/diocesisdeaguascalientes.mx\/vicaria-de-pastoral\/wp-content\/uploads\/sites\/2\/forminator\/10414_47c7fef6f8c6f15ac1daaf1663bdf562\/uploads\/tCOFStexymMd-Prog_Organismos-Laicales_Decanato.pdf\" target=\"_blank\">tCOFStexymMd-Prog_Organismos-Laicales_Decanato.pdf<\/a>' rel='' target='_blank'><a href=\"https:\/\/diocesisdeaguascalientes.mx\/vicaria-de-pastoral\/wp-content\/uploads\/sites\/2\/forminator\/10414_47c7fef6f8c6f15ac1daaf1663bdf562\/uploads\/tCOFStexymMd-Prog_Organismos-Laicales_Decanato.pdf\" target=\"_blank\">tCOFStexymMd-Prog_Organismos-Laicales_Decanato.pdf<\/a><\/a><\/td>\n                    <td style=\"\">17\/09\/2025 04:55 PM<\/td>\n            <\/tr>\n            <tr id=\"table_2_row_210\">\n                    <td style=\"\">Programaci\u00f3n Decanal<\/td>\n                    <td style=\"\">D07 SUROESTE FORANEO SAN JULIO ALVAREZ MENDOZA<\/td>\n                    <td style=\"\">Pastoral de la Comunicaci\u00f3n<\/td>\n                    <td style=\"\"><a href='<a href=\"https:\/\/diocesisdeaguascalientes.mx\/vicaria-de-pastoral\/wp-content\/uploads\/sites\/2\/forminator\/10414_47c7fef6f8c6f15ac1daaf1663bdf562\/uploads\/mqdr14DDzJCO-Prog_Comunicacion_Decanato.pdf\" target=\"_blank\">mqdr14DDzJCO-Prog_Comunicacion_Decanato.pdf<\/a>' rel='' target='_blank'><a href=\"https:\/\/diocesisdeaguascalientes.mx\/vicaria-de-pastoral\/wp-content\/uploads\/sites\/2\/forminator\/10414_47c7fef6f8c6f15ac1daaf1663bdf562\/uploads\/mqdr14DDzJCO-Prog_Comunicacion_Decanato.pdf\" target=\"_blank\">mqdr14DDzJCO-Prog_Comunicacion_Decanato.pdf<\/a><\/a><\/td>\n                    <td style=\"\">17\/09\/2025 04:55 PM<\/td>\n            <\/tr>\n            <tr id=\"table_2_row_211\">\n                    <td style=\"\">Programaci\u00f3n Decanal<\/td>\n                    <td style=\"\">D07 SUROESTE FORANEO SAN JULIO ALVAREZ MENDOZA<\/td>\n                    <td style=\"\">Pastoral de Adolescentes<\/td>\n                    <td style=\"\"><a href='<a href=\"https:\/\/diocesisdeaguascalientes.mx\/vicaria-de-pastoral\/wp-content\/uploads\/sites\/2\/forminator\/10414_47c7fef6f8c6f15ac1daaf1663bdf562\/uploads\/tcCB5Nvy8pzB-Prog_Adolescentes_Decanato.pdf\" target=\"_blank\">tcCB5Nvy8pzB-Prog_Adolescentes_Decanato.pdf<\/a>' rel='' target='_blank'><a href=\"https:\/\/diocesisdeaguascalientes.mx\/vicaria-de-pastoral\/wp-content\/uploads\/sites\/2\/forminator\/10414_47c7fef6f8c6f15ac1daaf1663bdf562\/uploads\/tcCB5Nvy8pzB-Prog_Adolescentes_Decanato.pdf\" target=\"_blank\">tcCB5Nvy8pzB-Prog_Adolescentes_Decanato.pdf<\/a><\/a><\/td>\n                    <td style=\"\">17\/09\/2025 04:54 PM<\/td>\n            <\/tr>\n            <tr id=\"table_2_row_212\">\n                    <td style=\"\">Programaci\u00f3n Decanal<\/td>\n                    <td style=\"\">D07 SUROESTE FORANEO SAN JULIO ALVAREZ MENDOZA<\/td>\n                    <td style=\"\">Pastoral Familiar<\/td>\n                    <td style=\"\"><a href='<a href=\"https:\/\/diocesisdeaguascalientes.mx\/vicaria-de-pastoral\/wp-content\/uploads\/sites\/2\/forminator\/10414_47c7fef6f8c6f15ac1daaf1663bdf562\/uploads\/zxMZuDo0HhSE-Prog_Familiar_Decanato.pdf\" target=\"_blank\">zxMZuDo0HhSE-Prog_Familiar_Decanato.pdf<\/a>' rel='' target='_blank'><a href=\"https:\/\/diocesisdeaguascalientes.mx\/vicaria-de-pastoral\/wp-content\/uploads\/sites\/2\/forminator\/10414_47c7fef6f8c6f15ac1daaf1663bdf562\/uploads\/zxMZuDo0HhSE-Prog_Familiar_Decanato.pdf\" target=\"_blank\">zxMZuDo0HhSE-Prog_Familiar_Decanato.pdf<\/a><\/a><\/td>\n                    <td style=\"\">17\/09\/2025 04:54 PM<\/td>\n            <\/tr>\n            <tr id=\"table_2_row_213\">\n                    <td style=\"\">Programaci\u00f3n Decanal<\/td>\n                    <td style=\"\">D07 SUROESTE FORANEO SAN JULIO ALVAREZ MENDOZA<\/td>\n                    <td style=\"\">Pastoral Social<\/td>\n                    <td style=\"\"><a href='<a href=\"https:\/\/diocesisdeaguascalientes.mx\/vicaria-de-pastoral\/wp-content\/uploads\/sites\/2\/forminator\/10414_47c7fef6f8c6f15ac1daaf1663bdf562\/uploads\/SOIu8HJ9YMaD-Prog_Social_Decanato.pdf\" target=\"_blank\">SOIu8HJ9YMaD-Prog_Social_Decanato.pdf<\/a>' rel='' target='_blank'><a href=\"https:\/\/diocesisdeaguascalientes.mx\/vicaria-de-pastoral\/wp-content\/uploads\/sites\/2\/forminator\/10414_47c7fef6f8c6f15ac1daaf1663bdf562\/uploads\/SOIu8HJ9YMaD-Prog_Social_Decanato.pdf\" target=\"_blank\">SOIu8HJ9YMaD-Prog_Social_Decanato.pdf<\/a><\/a><\/td>\n                    <td style=\"\">17\/09\/2025 04:54 PM<\/td>\n            <\/tr>\n            <tr id=\"table_2_row_214\">\n                    <td style=\"\">Programaci\u00f3n Decanal<\/td>\n                    <td style=\"\">D07 SUROESTE FORANEO SAN JULIO ALVAREZ MENDOZA<\/td>\n                    <td style=\"\">Pastoral Lit\u00fargica<\/td>\n                    <td style=\"\"><a href='<a href=\"https:\/\/diocesisdeaguascalientes.mx\/vicaria-de-pastoral\/wp-content\/uploads\/sites\/2\/forminator\/10414_47c7fef6f8c6f15ac1daaf1663bdf562\/uploads\/wzYwAWHSfKtn-Prog_Liturgica_Decanato.pdf\" target=\"_blank\">wzYwAWHSfKtn-Prog_Liturgica_Decanato.pdf<\/a>' rel='' target='_blank'><a href=\"https:\/\/diocesisdeaguascalientes.mx\/vicaria-de-pastoral\/wp-content\/uploads\/sites\/2\/forminator\/10414_47c7fef6f8c6f15ac1daaf1663bdf562\/uploads\/wzYwAWHSfKtn-Prog_Liturgica_Decanato.pdf\" target=\"_blank\">wzYwAWHSfKtn-Prog_Liturgica_Decanato.pdf<\/a><\/a><\/td>\n                    <td style=\"\">17\/09\/2025 04:54 PM<\/td>\n            <\/tr>\n            <tr id=\"table_2_row_215\">\n                    <td style=\"\">Programaci\u00f3n Decanal<\/td>\n                    <td style=\"\">D07 SUROESTE FORANEO SAN JULIO ALVAREZ MENDOZA<\/td>\n                    <td style=\"\">Pastoral Prof\u00e9tica<\/td>\n                    <td style=\"\"><a href='<a href=\"https:\/\/diocesisdeaguascalientes.mx\/vicaria-de-pastoral\/wp-content\/uploads\/sites\/2\/forminator\/10414_47c7fef6f8c6f15ac1daaf1663bdf562\/uploads\/yDECj4HjMPju-Prog_Profetica_Decanato.pdf\" target=\"_blank\">yDECj4HjMPju-Prog_Profetica_Decanato.pdf<\/a>' rel='' target='_blank'><a href=\"https:\/\/diocesisdeaguascalientes.mx\/vicaria-de-pastoral\/wp-content\/uploads\/sites\/2\/forminator\/10414_47c7fef6f8c6f15ac1daaf1663bdf562\/uploads\/yDECj4HjMPju-Prog_Profetica_Decanato.pdf\" target=\"_blank\">yDECj4HjMPju-Prog_Profetica_Decanato.pdf<\/a><\/a><\/td>\n                    <td style=\"\">17\/09\/2025 04:53 PM<\/td>\n            <\/tr>\n            <tr id=\"table_2_row_216\">\n                    <td style=\"\">Programaci\u00f3n Decanal<\/td>\n                    <td style=\"\">D07 SUROESTE FORANEO SAN JULIO ALVAREZ MENDOZA<\/td>\n                    <td style=\"\">Animaci\u00f3n Pastoral<\/td>\n                    <td style=\"\"><a href='<a href=\"https:\/\/diocesisdeaguascalientes.mx\/vicaria-de-pastoral\/wp-content\/uploads\/sites\/2\/forminator\/10414_47c7fef6f8c6f15ac1daaf1663bdf562\/uploads\/8djUln4OPWJW-Prog_Animacion-Pastoral_Decanato.pdf\" target=\"_blank\">8djUln4OPWJW-Prog_Animacion-Pastoral_Decanato.pdf<\/a>' rel='' target='_blank'><a href=\"https:\/\/diocesisdeaguascalientes.mx\/vicaria-de-pastoral\/wp-content\/uploads\/sites\/2\/forminator\/10414_47c7fef6f8c6f15ac1daaf1663bdf562\/uploads\/8djUln4OPWJW-Prog_Animacion-Pastoral_Decanato.pdf\" target=\"_blank\">8djUln4OPWJW-Prog_Animacion-Pastoral_Decanato.pdf<\/a><\/a><\/td>\n                    <td style=\"\">17\/09\/2025 04:53 PM<\/td>\n            <\/tr>\n            <tr id=\"table_2_row_217\">\n                    <td style=\"\">Programaci\u00f3n Parroquial<\/td>\n                    <td style=\"\"><\/td>\n                    <td style=\"\"><\/td>\n                    <td style=\"\"><a href='<a href=\"https:\/\/diocesisdeaguascalientes.mx\/vicaria-de-pastoral\/wp-content\/uploads\/sites\/2\/forminator\/10414_47c7fef6f8c6f15ac1daaf1663bdf562\/uploads\/D8k9FkeO7D11-FPP_2025-Pastoral-Parroquial.pdf\" target=\"_blank\">D8k9FkeO7D11-FPP_2025-Pastoral-Parroquial.pdf<\/a>' rel='' target='_blank'><a href=\"https:\/\/diocesisdeaguascalientes.mx\/vicaria-de-pastoral\/wp-content\/uploads\/sites\/2\/forminator\/10414_47c7fef6f8c6f15ac1daaf1663bdf562\/uploads\/D8k9FkeO7D11-FPP_2025-Pastoral-Parroquial.pdf\" target=\"_blank\">D8k9FkeO7D11-FPP_2025-Pastoral-Parroquial.pdf<\/a><\/a><\/td>\n                    <td style=\"\">17\/09\/2025 02:13 PM<\/td>\n            <\/tr>\n            <tr id=\"table_2_row_218\">\n                    <td style=\"\">Programaci\u00f3n Parroquial<\/td>\n                    <td style=\"\"><\/td>\n                    <td style=\"\"><\/td>\n                    <td style=\"\"><a href='<a href=\"https:\/\/diocesisdeaguascalientes.mx\/vicaria-de-pastoral\/wp-content\/uploads\/sites\/2\/forminator\/10414_47c7fef6f8c6f15ac1daaf1663bdf562\/uploads\/sAUd9WeZaBRq-RENOVACION-ORGANISMOS-ECLESIALES-LAICALES-2025-2026.pdf\" target=\"_blank\">sAUd9WeZaBRq-RENOVACION-ORGANISMOS-ECLESIALES-LAICALES-2025-2026.pdf<\/a>' rel='' target='_blank'><a href=\"https:\/\/diocesisdeaguascalientes.mx\/vicaria-de-pastoral\/wp-content\/uploads\/sites\/2\/forminator\/10414_47c7fef6f8c6f15ac1daaf1663bdf562\/uploads\/sAUd9WeZaBRq-RENOVACION-ORGANISMOS-ECLESIALES-LAICALES-2025-2026.pdf\" target=\"_blank\">sAUd9WeZaBRq-RENOVACION-ORGANISMOS-ECLESIALES-LAICALES-2025-2026.pdf<\/a><\/a><\/td>\n                    <td style=\"\">17\/09\/2025 02:00 PM<\/td>\n            <\/tr>\n            <tr id=\"table_2_row_219\">\n                    <td style=\"\">Programaci\u00f3n Parroquial<\/td>\n                    <td style=\"\"><\/td>\n                    <td style=\"\"><\/td>\n                    <td style=\"\"><a href='<a href=\"https:\/\/diocesisdeaguascalientes.mx\/vicaria-de-pastoral\/wp-content\/uploads\/sites\/2\/forminator\/10414_47c7fef6f8c6f15ac1daaf1663bdf562\/uploads\/ohZNPD59khOr-ADORADORES-ORGAMISMOS-ECLESIALES-L-2025-2026.pdf\" target=\"_blank\">ohZNPD59khOr-ADORADORES-ORGAMISMOS-ECLESIALES-L-2025-2026.pdf<\/a>' rel='' target='_blank'><a href=\"https:\/\/diocesisdeaguascalientes.mx\/vicaria-de-pastoral\/wp-content\/uploads\/sites\/2\/forminator\/10414_47c7fef6f8c6f15ac1daaf1663bdf562\/uploads\/ohZNPD59khOr-ADORADORES-ORGAMISMOS-ECLESIALES-L-2025-2026.pdf\" target=\"_blank\">ohZNPD59khOr-ADORADORES-ORGAMISMOS-ECLESIALES-L-2025-2026.pdf<\/a><\/a><\/td>\n                    <td style=\"\">17\/09\/2025 01:55 PM<\/td>\n            <\/tr>\n            <tr id=\"table_2_row_220\">\n                    <td style=\"\">Programaci\u00f3n Parroquial<\/td>\n                    <td style=\"\"><\/td>\n                    <td style=\"\"><\/td>\n                    <td style=\"\"><a href='<a href=\"https:\/\/diocesisdeaguascalientes.mx\/vicaria-de-pastoral\/wp-content\/uploads\/sites\/2\/forminator\/10414_47c7fef6f8c6f15ac1daaf1663bdf562\/uploads\/DxOi6alMbptv-PROGRAMACION-P.SOCIAL.pdf\" target=\"_blank\">DxOi6alMbptv-PROGRAMACION-P.SOCIAL.pdf<\/a>' rel='' target='_blank'><a href=\"https:\/\/diocesisdeaguascalientes.mx\/vicaria-de-pastoral\/wp-content\/uploads\/sites\/2\/forminator\/10414_47c7fef6f8c6f15ac1daaf1663bdf562\/uploads\/DxOi6alMbptv-PROGRAMACION-P.SOCIAL.pdf\" target=\"_blank\">DxOi6alMbptv-PROGRAMACION-P.SOCIAL.pdf<\/a><\/a><\/td>\n                    <td style=\"\">17\/09\/2025 01:39 PM<\/td>\n            <\/tr>\n            <tr id=\"table_2_row_221\">\n                    <td style=\"\">Programaci\u00f3n Parroquial<\/td>\n                    <td style=\"\"><\/td>\n                    <td style=\"\"><\/td>\n                    <td style=\"\"><a href='<a href=\"https:\/\/diocesisdeaguascalientes.mx\/vicaria-de-pastoral\/wp-content\/uploads\/sites\/2\/forminator\/10414_47c7fef6f8c6f15ac1daaf1663bdf562\/uploads\/FouUkPQmpwwT-PASTORAL-DE-COMUNICACIONES-2025-2026.pdf\" target=\"_blank\">FouUkPQmpwwT-PASTORAL-DE-COMUNICACIONES-2025-2026.pdf<\/a>' rel='' target='_blank'><a href=\"https:\/\/diocesisdeaguascalientes.mx\/vicaria-de-pastoral\/wp-content\/uploads\/sites\/2\/forminator\/10414_47c7fef6f8c6f15ac1daaf1663bdf562\/uploads\/FouUkPQmpwwT-PASTORAL-DE-COMUNICACIONES-2025-2026.pdf\" target=\"_blank\">FouUkPQmpwwT-PASTORAL-DE-COMUNICACIONES-2025-2026.pdf<\/a><\/a><\/td>\n                    <td style=\"\">17\/09\/2025 12:55 PM<\/td>\n            <\/tr>\n            <tr id=\"table_2_row_222\">\n                    <td style=\"\">Programaci\u00f3n Parroquial<\/td>\n                    <td style=\"\"><\/td>\n                    <td style=\"\"><\/td>\n                    <td style=\"\"><a href='<a href=\"https:\/\/diocesisdeaguascalientes.mx\/vicaria-de-pastoral\/wp-content\/uploads\/sites\/2\/forminator\/10414_47c7fef6f8c6f15ac1daaf1663bdf562\/uploads\/vDyhXXxeAq4D-PROGRAMACION-ANM.pdf\" target=\"_blank\">vDyhXXxeAq4D-PROGRAMACION-ANM.pdf<\/a>' rel='' target='_blank'><a href=\"https:\/\/diocesisdeaguascalientes.mx\/vicaria-de-pastoral\/wp-content\/uploads\/sites\/2\/forminator\/10414_47c7fef6f8c6f15ac1daaf1663bdf562\/uploads\/vDyhXXxeAq4D-PROGRAMACION-ANM.pdf\" target=\"_blank\">vDyhXXxeAq4D-PROGRAMACION-ANM.pdf<\/a><\/a><\/td>\n                    <td style=\"\">17\/09\/2025 12:55 PM<\/td>\n            <\/tr>\n            <tr id=\"table_2_row_223\">\n                    <td style=\"\">Programaci\u00f3n Parroquial<\/td>\n                    <td style=\"\"><\/td>\n                    <td style=\"\"><\/td>\n                    <td style=\"\"><a href='<a href=\"https:\/\/diocesisdeaguascalientes.mx\/vicaria-de-pastoral\/wp-content\/uploads\/sites\/2\/forminator\/10414_47c7fef6f8c6f15ac1daaf1663bdf562\/uploads\/HXsU3BCrlMFv-PASTORAL-FAMILIAR-2025-2026.pdf\" target=\"_blank\">HXsU3BCrlMFv-PASTORAL-FAMILIAR-2025-2026.pdf<\/a>' rel='' target='_blank'><a href=\"https:\/\/diocesisdeaguascalientes.mx\/vicaria-de-pastoral\/wp-content\/uploads\/sites\/2\/forminator\/10414_47c7fef6f8c6f15ac1daaf1663bdf562\/uploads\/HXsU3BCrlMFv-PASTORAL-FAMILIAR-2025-2026.pdf\" target=\"_blank\">HXsU3BCrlMFv-PASTORAL-FAMILIAR-2025-2026.pdf<\/a><\/a><\/td>\n                    <td style=\"\">17\/09\/2025 12:52 PM<\/td>\n            <\/tr>\n            <tr id=\"table_2_row_224\">\n                    <td style=\"\">Programaci\u00f3n Parroquial<\/td>\n                    <td style=\"\"><\/td>\n                    <td style=\"\"><\/td>\n                    <td style=\"\"><a href='<a href=\"https:\/\/diocesisdeaguascalientes.mx\/vicaria-de-pastoral\/wp-content\/uploads\/sites\/2\/forminator\/10414_47c7fef6f8c6f15ac1daaf1663bdf562\/uploads\/gTUPlrDXcfvw-PASTORAL-SOCIAL-2025-2026.pdf\" target=\"_blank\">gTUPlrDXcfvw-PASTORAL-SOCIAL-2025-2026.pdf<\/a>' rel='' target='_blank'><a href=\"https:\/\/diocesisdeaguascalientes.mx\/vicaria-de-pastoral\/wp-content\/uploads\/sites\/2\/forminator\/10414_47c7fef6f8c6f15ac1daaf1663bdf562\/uploads\/gTUPlrDXcfvw-PASTORAL-SOCIAL-2025-2026.pdf\" target=\"_blank\">gTUPlrDXcfvw-PASTORAL-SOCIAL-2025-2026.pdf<\/a><\/a><\/td>\n                    <td style=\"\">17\/09\/2025 12:48 PM<\/td>\n            <\/tr>\n            <tr id=\"table_2_row_225\">\n                    <td style=\"\">Programaci\u00f3n Parroquial<\/td>\n                    <td style=\"\"><\/td>\n                    <td style=\"\"><\/td>\n                    <td style=\"\"><a href='<a href=\"https:\/\/diocesisdeaguascalientes.mx\/vicaria-de-pastoral\/wp-content\/uploads\/sites\/2\/forminator\/10414_47c7fef6f8c6f15ac1daaf1663bdf562\/uploads\/kLcqCyyWMx17-CPP-ANMACION-PASTORAL-2025-2026.pdf\" target=\"_blank\">kLcqCyyWMx17-CPP-ANMACION-PASTORAL-2025-2026.pdf<\/a>' rel='' target='_blank'><a href=\"https:\/\/diocesisdeaguascalientes.mx\/vicaria-de-pastoral\/wp-content\/uploads\/sites\/2\/forminator\/10414_47c7fef6f8c6f15ac1daaf1663bdf562\/uploads\/kLcqCyyWMx17-CPP-ANMACION-PASTORAL-2025-2026.pdf\" target=\"_blank\">kLcqCyyWMx17-CPP-ANMACION-PASTORAL-2025-2026.pdf<\/a><\/a><\/td>\n                    <td style=\"\">17\/09\/2025 12:42 PM<\/td>\n            <\/tr>\n            <tr id=\"table_2_row_226\">\n                    <td style=\"\">Programaci\u00f3n Parroquial<\/td>\n                    <td style=\"\"><\/td>\n                    <td style=\"\"><\/td>\n                    <td style=\"\"><a href='<a href=\"https:\/\/diocesisdeaguascalientes.mx\/vicaria-de-pastoral\/wp-content\/uploads\/sites\/2\/forminator\/10414_47c7fef6f8c6f15ac1daaf1663bdf562\/uploads\/FgSH4szYMpBr-PROGRAMACION-P.FAM_.pdf\" target=\"_blank\">FgSH4szYMpBr-PROGRAMACION-P.FAM_.pdf<\/a>' rel='' target='_blank'><a href=\"https:\/\/diocesisdeaguascalientes.mx\/vicaria-de-pastoral\/wp-content\/uploads\/sites\/2\/forminator\/10414_47c7fef6f8c6f15ac1daaf1663bdf562\/uploads\/FgSH4szYMpBr-PROGRAMACION-P.FAM_.pdf\" target=\"_blank\">FgSH4szYMpBr-PROGRAMACION-P.FAM_.pdf<\/a><\/a><\/td>\n                    <td style=\"\">17\/09\/2025 12:21 PM<\/td>\n            <\/tr>\n            <tr id=\"table_2_row_227\">\n                    <td style=\"\">Programaci\u00f3n Parroquial<\/td>\n                    <td style=\"\"><\/td>\n                    <td style=\"\"><\/td>\n                    <td style=\"\"><a href='<a href=\"https:\/\/diocesisdeaguascalientes.mx\/vicaria-de-pastoral\/wp-content\/uploads\/sites\/2\/forminator\/10414_47c7fef6f8c6f15ac1daaf1663bdf562\/uploads\/Rx54fR7uyrlj-FPP_2025_Renovacion.pdf\" target=\"_blank\">Rx54fR7uyrlj-FPP_2025_Renovacion.pdf<\/a>' rel='' target='_blank'><a href=\"https:\/\/diocesisdeaguascalientes.mx\/vicaria-de-pastoral\/wp-content\/uploads\/sites\/2\/forminator\/10414_47c7fef6f8c6f15ac1daaf1663bdf562\/uploads\/Rx54fR7uyrlj-FPP_2025_Renovacion.pdf\" target=\"_blank\">Rx54fR7uyrlj-FPP_2025_Renovacion.pdf<\/a><\/a><\/td>\n                    <td style=\"\">17\/09\/2025 12:21 PM<\/td>\n            <\/tr>\n            <tr id=\"table_2_row_228\">\n                    <td style=\"\">Programaci\u00f3n Parroquial<\/td>\n                    <td style=\"\"><\/td>\n                    <td style=\"\"><\/td>\n                    <td style=\"\"><a href='<a href=\"https:\/\/diocesisdeaguascalientes.mx\/vicaria-de-pastoral\/wp-content\/uploads\/sites\/2\/forminator\/10414_47c7fef6f8c6f15ac1daaf1663bdf562\/uploads\/haFt8XJE5qYm-FPP_2025_-Mater-fatima.pdf\" target=\"_blank\">haFt8XJE5qYm-FPP_2025_-Mater-fatima.pdf<\/a>' rel='' target='_blank'><a href=\"https:\/\/diocesisdeaguascalientes.mx\/vicaria-de-pastoral\/wp-content\/uploads\/sites\/2\/forminator\/10414_47c7fef6f8c6f15ac1daaf1663bdf562\/uploads\/haFt8XJE5qYm-FPP_2025_-Mater-fatima.pdf\" target=\"_blank\">haFt8XJE5qYm-FPP_2025_-Mater-fatima.pdf<\/a><\/a><\/td>\n                    <td style=\"\">17\/09\/2025 12:18 PM<\/td>\n            <\/tr>\n            <tr id=\"table_2_row_229\">\n                    <td style=\"\">Programaci\u00f3n Parroquial<\/td>\n                    <td style=\"\"><\/td>\n                    <td style=\"\"><\/td>\n                    <td style=\"\"><a href='<a href=\"https:\/\/diocesisdeaguascalientes.mx\/vicaria-de-pastoral\/wp-content\/uploads\/sites\/2\/forminator\/10414_47c7fef6f8c6f15ac1daaf1663bdf562\/uploads\/svQwsAud4G91-FPP_2025_Comunicacion.pdf\" target=\"_blank\">svQwsAud4G91-FPP_2025_Comunicacion.pdf<\/a>' rel='' target='_blank'><a href=\"https:\/\/diocesisdeaguascalientes.mx\/vicaria-de-pastoral\/wp-content\/uploads\/sites\/2\/forminator\/10414_47c7fef6f8c6f15ac1daaf1663bdf562\/uploads\/svQwsAud4G91-FPP_2025_Comunicacion.pdf\" target=\"_blank\">svQwsAud4G91-FPP_2025_Comunicacion.pdf<\/a><\/a><\/td>\n                    <td style=\"\">17\/09\/2025 12:14 PM<\/td>\n            <\/tr>\n            <tr id=\"table_2_row_230\">\n                    <td style=\"\">Programaci\u00f3n Parroquial<\/td>\n                    <td style=\"\"><\/td>\n                    <td style=\"\"><\/td>\n                    <td style=\"\"><a href='<a href=\"https:\/\/diocesisdeaguascalientes.mx\/vicaria-de-pastoral\/wp-content\/uploads\/sites\/2\/forminator\/10414_47c7fef6f8c6f15ac1daaf1663bdf562\/uploads\/69868PDlknJC-FPP_2025_-Adolecentes.pdf\" target=\"_blank\">69868PDlknJC-FPP_2025_-Adolecentes.pdf<\/a>' rel='' target='_blank'><a href=\"https:\/\/diocesisdeaguascalientes.mx\/vicaria-de-pastoral\/wp-content\/uploads\/sites\/2\/forminator\/10414_47c7fef6f8c6f15ac1daaf1663bdf562\/uploads\/69868PDlknJC-FPP_2025_-Adolecentes.pdf\" target=\"_blank\">69868PDlknJC-FPP_2025_-Adolecentes.pdf<\/a><\/a><\/td>\n                    <td style=\"\">17\/09\/2025 12:13 PM<\/td>\n            <\/tr>\n            <tr id=\"table_2_row_231\">\n                    <td style=\"\">Programaci\u00f3n Parroquial<\/td>\n                    <td style=\"\"><\/td>\n                    <td style=\"\"><\/td>\n                    <td style=\"\"><a href='<a href=\"https:\/\/diocesisdeaguascalientes.mx\/vicaria-de-pastoral\/wp-content\/uploads\/sites\/2\/forminator\/10414_47c7fef6f8c6f15ac1daaf1663bdf562\/uploads\/2wkOOEoCt6Vx-FPP_2025_pastoral-Familiar.pdf\" target=\"_blank\">2wkOOEoCt6Vx-FPP_2025_pastoral-Familiar.pdf<\/a>' rel='' target='_blank'><a href=\"https:\/\/diocesisdeaguascalientes.mx\/vicaria-de-pastoral\/wp-content\/uploads\/sites\/2\/forminator\/10414_47c7fef6f8c6f15ac1daaf1663bdf562\/uploads\/2wkOOEoCt6Vx-FPP_2025_pastoral-Familiar.pdf\" target=\"_blank\">2wkOOEoCt6Vx-FPP_2025_pastoral-Familiar.pdf<\/a><\/a><\/td>\n                    <td style=\"\">17\/09\/2025 12:11 PM<\/td>\n            <\/tr>\n            <tr id=\"table_2_row_232\">\n                    <td style=\"\">Programaci\u00f3n Parroquial<\/td>\n                    <td style=\"\"><\/td>\n                    <td style=\"\"><\/td>\n                    <td style=\"\"><a href='<a href=\"https:\/\/diocesisdeaguascalientes.mx\/vicaria-de-pastoral\/wp-content\/uploads\/sites\/2\/forminator\/10414_47c7fef6f8c6f15ac1daaf1663bdf562\/uploads\/C5fWdsyBUHM6-FPP_2025_Pastora-Social.pdf\" target=\"_blank\">C5fWdsyBUHM6-FPP_2025_Pastora-Social.pdf<\/a>' rel='' target='_blank'><a href=\"https:\/\/diocesisdeaguascalientes.mx\/vicaria-de-pastoral\/wp-content\/uploads\/sites\/2\/forminator\/10414_47c7fef6f8c6f15ac1daaf1663bdf562\/uploads\/C5fWdsyBUHM6-FPP_2025_Pastora-Social.pdf\" target=\"_blank\">C5fWdsyBUHM6-FPP_2025_Pastora-Social.pdf<\/a><\/a><\/td>\n                    <td style=\"\">17\/09\/2025 12:09 PM<\/td>\n            <\/tr>\n            <tr id=\"table_2_row_233\">\n                    <td style=\"\">Programaci\u00f3n Decanal<\/td>\n                    <td style=\"\">D08 ORIENTE II C CIUDAD BEATO MIGUEL AGUSTIN PRO JUAREZ<\/td>\n                    <td style=\"\">Organismos Eclesiales Laicales (OEL)<\/td>\n                    <td style=\"\"><a href='<a href=\"https:\/\/diocesisdeaguascalientes.mx\/vicaria-de-pastoral\/wp-content\/uploads\/sites\/2\/forminator\/10414_47c7fef6f8c6f15ac1daaf1663bdf562\/uploads\/XNKueT7jKfQ2-Decanato-Oriente-II-C-Beato-Miguel-Agustin-Pro-Organismos-.pdf\" target=\"_blank\">XNKueT7jKfQ2-Decanato-Oriente-II-C-Beato-Miguel-Agustin-Pro-Organismos-.pdf<\/a>' rel='' target='_blank'><a href=\"https:\/\/diocesisdeaguascalientes.mx\/vicaria-de-pastoral\/wp-content\/uploads\/sites\/2\/forminator\/10414_47c7fef6f8c6f15ac1daaf1663bdf562\/uploads\/XNKueT7jKfQ2-Decanato-Oriente-II-C-Beato-Miguel-Agustin-Pro-Organismos-.pdf\" target=\"_blank\">XNKueT7jKfQ2-Decanato-Oriente-II-C-Beato-Miguel-Agustin-Pro-Organismos-.pdf<\/a><\/a><\/td>\n                    <td style=\"\">17\/09\/2025 12:08 PM<\/td>\n            <\/tr>\n            <tr id=\"table_2_row_234\">\n                    <td style=\"\">Programaci\u00f3n Parroquial<\/td>\n                    <td style=\"\"><\/td>\n                    <td style=\"\"><\/td>\n                    <td style=\"\"><a href='<a href=\"https:\/\/diocesisdeaguascalientes.mx\/vicaria-de-pastoral\/wp-content\/uploads\/sites\/2\/forminator\/10414_47c7fef6f8c6f15ac1daaf1663bdf562\/uploads\/j7zbg9BT8GIa-FPP_2025_-Pastoral-Profetica.pdf\" target=\"_blank\">j7zbg9BT8GIa-FPP_2025_-Pastoral-Profetica.pdf<\/a>' rel='' target='_blank'><a href=\"https:\/\/diocesisdeaguascalientes.mx\/vicaria-de-pastoral\/wp-content\/uploads\/sites\/2\/forminator\/10414_47c7fef6f8c6f15ac1daaf1663bdf562\/uploads\/j7zbg9BT8GIa-FPP_2025_-Pastoral-Profetica.pdf\" target=\"_blank\">j7zbg9BT8GIa-FPP_2025_-Pastoral-Profetica.pdf<\/a><\/a><\/td>\n                    <td style=\"\">17\/09\/2025 12:07 PM<\/td>\n            <\/tr>\n            <tr id=\"table_2_row_235\">\n                    <td style=\"\">Programaci\u00f3n Decanal<\/td>\n                    <td style=\"\">D08 ORIENTE II C CIUDAD BEATO MIGUEL AGUSTIN PRO JUAREZ<\/td>\n                    <td style=\"\">Pastoral de la Comunicaci\u00f3n<\/td>\n                    <td style=\"\"><a href='<a href=\"https:\/\/diocesisdeaguascalientes.mx\/vicaria-de-pastoral\/wp-content\/uploads\/sites\/2\/forminator\/10414_47c7fef6f8c6f15ac1daaf1663bdf562\/uploads\/YpSx4SkoYZhN-Decanato-Oriente-II-C-Beato-Miguel-Agustin-Pro-Comunicacion.pdf\" target=\"_blank\">YpSx4SkoYZhN-Decanato-Oriente-II-C-Beato-Miguel-Agustin-Pro-Comunicacion.pdf<\/a>' rel='' target='_blank'><a href=\"https:\/\/diocesisdeaguascalientes.mx\/vicaria-de-pastoral\/wp-content\/uploads\/sites\/2\/forminator\/10414_47c7fef6f8c6f15ac1daaf1663bdf562\/uploads\/YpSx4SkoYZhN-Decanato-Oriente-II-C-Beato-Miguel-Agustin-Pro-Comunicacion.pdf\" target=\"_blank\">YpSx4SkoYZhN-Decanato-Oriente-II-C-Beato-Miguel-Agustin-Pro-Comunicacion.pdf<\/a><\/a><\/td>\n                    <td style=\"\">17\/09\/2025 12:04 PM<\/td>\n            <\/tr>\n            <tr id=\"table_2_row_236\">\n                    <td style=\"\">Programaci\u00f3n Parroquial<\/td>\n                    <td style=\"\"><\/td>\n                    <td style=\"\"><\/td>\n                    <td style=\"\"><a href='<a href=\"https:\/\/diocesisdeaguascalientes.mx\/vicaria-de-pastoral\/wp-content\/uploads\/sites\/2\/forminator\/10414_47c7fef6f8c6f15ac1daaf1663bdf562\/uploads\/awbmqruTc1s8-FPP_2025-Liturgica.pdf\" target=\"_blank\">awbmqruTc1s8-FPP_2025-Liturgica.pdf<\/a>' rel='' target='_blank'><a href=\"https:\/\/diocesisdeaguascalientes.mx\/vicaria-de-pastoral\/wp-content\/uploads\/sites\/2\/forminator\/10414_47c7fef6f8c6f15ac1daaf1663bdf562\/uploads\/awbmqruTc1s8-FPP_2025-Liturgica.pdf\" target=\"_blank\">awbmqruTc1s8-FPP_2025-Liturgica.pdf<\/a><\/a><\/td>\n                    <td style=\"\">17\/09\/2025 12:03 PM<\/td>\n            <\/tr>\n            <tr id=\"table_2_row_237\">\n                    <td style=\"\">Programaci\u00f3n Decanal<\/td>\n                    <td style=\"\">D08 ORIENTE II C CIUDAD BEATO MIGUEL AGUSTIN PRO JUAREZ<\/td>\n                    <td style=\"\">Pastoral Juvenil<\/td>\n                    <td style=\"\"><a href='<a href=\"https:\/\/diocesisdeaguascalientes.mx\/vicaria-de-pastoral\/wp-content\/uploads\/sites\/2\/forminator\/10414_47c7fef6f8c6f15ac1daaf1663bdf562\/uploads\/4ZUPCVMxvY31-Decanato-Oriente-II-C-Beato-Miguel-Agustin-Pro-Pastoral-Juvenil.pdf\" target=\"_blank\">4ZUPCVMxvY31-Decanato-Oriente-II-C-Beato-Miguel-Agustin-Pro-Pastoral-Juvenil.pdf<\/a>' rel='' target='_blank'><a href=\"https:\/\/diocesisdeaguascalientes.mx\/vicaria-de-pastoral\/wp-content\/uploads\/sites\/2\/forminator\/10414_47c7fef6f8c6f15ac1daaf1663bdf562\/uploads\/4ZUPCVMxvY31-Decanato-Oriente-II-C-Beato-Miguel-Agustin-Pro-Pastoral-Juvenil.pdf\" target=\"_blank\">4ZUPCVMxvY31-Decanato-Oriente-II-C-Beato-Miguel-Agustin-Pro-Pastoral-Juvenil.pdf<\/a><\/a><\/td>\n                    <td style=\"\">17\/09\/2025 12:01 PM<\/td>\n            <\/tr>\n            <tr id=\"table_2_row_238\">\n                    <td style=\"\">Programaci\u00f3n Decanal<\/td>\n                    <td style=\"\">D08 ORIENTE II C CIUDAD BEATO MIGUEL AGUSTIN PRO JUAREZ<\/td>\n                    <td style=\"\">Pastoral de Adolescentes<\/td>\n                    <td style=\"\"><a href='<a href=\"https:\/\/diocesisdeaguascalientes.mx\/vicaria-de-pastoral\/wp-content\/uploads\/sites\/2\/forminator\/10414_47c7fef6f8c6f15ac1daaf1663bdf562\/uploads\/mmbX7yx2cnDW-Decanato-Oriente-II-C-Beato-Miguel-Agustin-Pro-Pastoral-Adolescentes.pdf\" target=\"_blank\">mmbX7yx2cnDW-Decanato-Oriente-II-C-Beato-Miguel-Agustin-Pro-Pastoral-Adolescentes.pdf<\/a>' rel='' target='_blank'><a href=\"https:\/\/diocesisdeaguascalientes.mx\/vicaria-de-pastoral\/wp-content\/uploads\/sites\/2\/forminator\/10414_47c7fef6f8c6f15ac1daaf1663bdf562\/uploads\/mmbX7yx2cnDW-Decanato-Oriente-II-C-Beato-Miguel-Agustin-Pro-Pastoral-Adolescentes.pdf\" target=\"_blank\">mmbX7yx2cnDW-Decanato-Oriente-II-C-Beato-Miguel-Agustin-Pro-Pastoral-Adolescentes.pdf<\/a><\/a><\/td>\n                    <td style=\"\">17\/09\/2025 11:58 AM<\/td>\n            <\/tr>\n            <tr id=\"table_2_row_239\">\n                    <td style=\"\">Programaci\u00f3n Decanal<\/td>\n                    <td style=\"\">D08 ORIENTE II C CIUDAD BEATO MIGUEL AGUSTIN PRO JUAREZ<\/td>\n                    <td style=\"\">Pastoral Familiar<\/td>\n                    <td style=\"\"><a href='<a href=\"https:\/\/diocesisdeaguascalientes.mx\/vicaria-de-pastoral\/wp-content\/uploads\/sites\/2\/forminator\/10414_47c7fef6f8c6f15ac1daaf1663bdf562\/uploads\/iC9lIEaNwEZK-Decanato-Oriente-II-C-Beato-Miguel-Agustin-Pro-Pastoral-Familiar.pdf\" target=\"_blank\">iC9lIEaNwEZK-Decanato-Oriente-II-C-Beato-Miguel-Agustin-Pro-Pastoral-Familiar.pdf<\/a>' rel='' target='_blank'><a href=\"https:\/\/diocesisdeaguascalientes.mx\/vicaria-de-pastoral\/wp-content\/uploads\/sites\/2\/forminator\/10414_47c7fef6f8c6f15ac1daaf1663bdf562\/uploads\/iC9lIEaNwEZK-Decanato-Oriente-II-C-Beato-Miguel-Agustin-Pro-Pastoral-Familiar.pdf\" target=\"_blank\">iC9lIEaNwEZK-Decanato-Oriente-II-C-Beato-Miguel-Agustin-Pro-Pastoral-Familiar.pdf<\/a><\/a><\/td>\n                    <td style=\"\">17\/09\/2025 11:56 AM<\/td>\n            <\/tr>\n            <tr id=\"table_2_row_240\">\n                    <td style=\"\">Programaci\u00f3n Decanal<\/td>\n                    <td style=\"\">D08 ORIENTE II C CIUDAD BEATO MIGUEL AGUSTIN PRO JUAREZ<\/td>\n                    <td style=\"\">Pastoral Social<\/td>\n                    <td style=\"\"><a href='<a href=\"https:\/\/diocesisdeaguascalientes.mx\/vicaria-de-pastoral\/wp-content\/uploads\/sites\/2\/forminator\/10414_47c7fef6f8c6f15ac1daaf1663bdf562\/uploads\/8pAl3DgGVYKP-Decanato-Oriente-II-C-Beato-Miguel-Agustin-Pro-Pastoral-Social.pdf\" target=\"_blank\">8pAl3DgGVYKP-Decanato-Oriente-II-C-Beato-Miguel-Agustin-Pro-Pastoral-Social.pdf<\/a>' rel='' target='_blank'><a href=\"https:\/\/diocesisdeaguascalientes.mx\/vicaria-de-pastoral\/wp-content\/uploads\/sites\/2\/forminator\/10414_47c7fef6f8c6f15ac1daaf1663bdf562\/uploads\/8pAl3DgGVYKP-Decanato-Oriente-II-C-Beato-Miguel-Agustin-Pro-Pastoral-Social.pdf\" target=\"_blank\">8pAl3DgGVYKP-Decanato-Oriente-II-C-Beato-Miguel-Agustin-Pro-Pastoral-Social.pdf<\/a><\/a><\/td>\n                    <td style=\"\">17\/09\/2025 11:51 AM<\/td>\n            <\/tr>\n            <tr id=\"table_2_row_241\">\n                    <td style=\"\">Programaci\u00f3n Decanal<\/td>\n                    <td style=\"\">D08 ORIENTE II C CIUDAD BEATO MIGUEL AGUSTIN PRO JUAREZ<\/td>\n                    <td style=\"\">Pastoral Lit\u00fargica<\/td>\n                    <td style=\"\"><a href='<a href=\"https:\/\/diocesisdeaguascalientes.mx\/vicaria-de-pastoral\/wp-content\/uploads\/sites\/2\/forminator\/10414_47c7fef6f8c6f15ac1daaf1663bdf562\/uploads\/9z02Nvc4wGlH-Decanato-Oriente-ll-C-Beato-Miguel-Agustin-Pro-Pastoral-Liturgica.pdf\" target=\"_blank\">9z02Nvc4wGlH-Decanato-Oriente-ll-C-Beato-Miguel-Agustin-Pro-Pastoral-Liturgica.pdf<\/a>' rel='' target='_blank'><a href=\"https:\/\/diocesisdeaguascalientes.mx\/vicaria-de-pastoral\/wp-content\/uploads\/sites\/2\/forminator\/10414_47c7fef6f8c6f15ac1daaf1663bdf562\/uploads\/9z02Nvc4wGlH-Decanato-Oriente-ll-C-Beato-Miguel-Agustin-Pro-Pastoral-Liturgica.pdf\" target=\"_blank\">9z02Nvc4wGlH-Decanato-Oriente-ll-C-Beato-Miguel-Agustin-Pro-Pastoral-Liturgica.pdf<\/a><\/a><\/td>\n                    <td style=\"\">17\/09\/2025 11:19 AM<\/td>\n            <\/tr>\n            <tr id=\"table_2_row_242\">\n                    <td style=\"\">Programaci\u00f3n Decanal<\/td>\n                    <td style=\"\">D08 ORIENTE II C CIUDAD BEATO MIGUEL AGUSTIN PRO JUAREZ<\/td>\n                    <td style=\"\">Pastoral Prof\u00e9tica<\/td>\n                    <td style=\"\"><a href='<a href=\"https:\/\/diocesisdeaguascalientes.mx\/vicaria-de-pastoral\/wp-content\/uploads\/sites\/2\/forminator\/10414_47c7fef6f8c6f15ac1daaf1663bdf562\/uploads\/y940n0g3kBJp-Decanato-Oriente-II-C-Beato-Miguel-Agustin-Pro-Pastoral-Profetica.pdf\" target=\"_blank\">y940n0g3kBJp-Decanato-Oriente-II-C-Beato-Miguel-Agustin-Pro-Pastoral-Profetica.pdf<\/a>' rel='' target='_blank'><a href=\"https:\/\/diocesisdeaguascalientes.mx\/vicaria-de-pastoral\/wp-content\/uploads\/sites\/2\/forminator\/10414_47c7fef6f8c6f15ac1daaf1663bdf562\/uploads\/y940n0g3kBJp-Decanato-Oriente-II-C-Beato-Miguel-Agustin-Pro-Pastoral-Profetica.pdf\" target=\"_blank\">y940n0g3kBJp-Decanato-Oriente-II-C-Beato-Miguel-Agustin-Pro-Pastoral-Profetica.pdf<\/a><\/a><\/td>\n                    <td style=\"\">17\/09\/2025 11:14 AM<\/td>\n            <\/tr>\n            <tr id=\"table_2_row_243\">\n                    <td style=\"\">Programaci\u00f3n Parroquial<\/td>\n                    <td style=\"\"><\/td>\n                    <td style=\"\"><\/td>\n                    <td style=\"\"><a href='<a href=\"https:\/\/diocesisdeaguascalientes.mx\/vicaria-de-pastoral\/wp-content\/uploads\/sites\/2\/forminator\/10414_47c7fef6f8c6f15ac1daaf1663bdf562\/uploads\/17zDRmB62Vcu-PROGRAMACION-OEL-JORNADAS.pdf\" target=\"_blank\">17zDRmB62Vcu-PROGRAMACION-OEL-JORNADAS.pdf<\/a>' rel='' target='_blank'><a href=\"https:\/\/diocesisdeaguascalientes.mx\/vicaria-de-pastoral\/wp-content\/uploads\/sites\/2\/forminator\/10414_47c7fef6f8c6f15ac1daaf1663bdf562\/uploads\/17zDRmB62Vcu-PROGRAMACION-OEL-JORNADAS.pdf\" target=\"_blank\">17zDRmB62Vcu-PROGRAMACION-OEL-JORNADAS.pdf<\/a><\/a><\/td>\n                    <td style=\"\">17\/09\/2025 11:12 AM<\/td>\n            <\/tr>\n            <tr id=\"table_2_row_244\">\n                    <td style=\"\">Programaci\u00f3n Parroquial<\/td>\n                    <td style=\"\"><\/td>\n                    <td style=\"\"><\/td>\n                    <td style=\"\"><a href='<a href=\"https:\/\/diocesisdeaguascalientes.mx\/vicaria-de-pastoral\/wp-content\/uploads\/sites\/2\/forminator\/10414_47c7fef6f8c6f15ac1daaf1663bdf562\/uploads\/td8yAsvJgWRP-PROGRAMACION-OEL-CURSILLISTAS-2.pdf\" target=\"_blank\">td8yAsvJgWRP-PROGRAMACION-OEL-CURSILLISTAS-2.pdf<\/a>' rel='' target='_blank'><a href=\"https:\/\/diocesisdeaguascalientes.mx\/vicaria-de-pastoral\/wp-content\/uploads\/sites\/2\/forminator\/10414_47c7fef6f8c6f15ac1daaf1663bdf562\/uploads\/td8yAsvJgWRP-PROGRAMACION-OEL-CURSILLISTAS-2.pdf\" target=\"_blank\">td8yAsvJgWRP-PROGRAMACION-OEL-CURSILLISTAS-2.pdf<\/a><\/a><\/td>\n                    <td style=\"\">17\/09\/2025 11:11 AM<\/td>\n            <\/tr>\n            <tr id=\"table_2_row_245\">\n                    <td style=\"\">Programaci\u00f3n Parroquial<\/td>\n                    <td style=\"\"><\/td>\n                    <td style=\"\"><\/td>\n                    <td style=\"\"><a href='<a href=\"https:\/\/diocesisdeaguascalientes.mx\/vicaria-de-pastoral\/wp-content\/uploads\/sites\/2\/forminator\/10414_47c7fef6f8c6f15ac1daaf1663bdf562\/uploads\/x5xaZe55PneC-PROGRAMACION-P.ADOLESCENTES.pdf\" target=\"_blank\">x5xaZe55PneC-PROGRAMACION-P.ADOLESCENTES.pdf<\/a>' rel='' target='_blank'><a href=\"https:\/\/diocesisdeaguascalientes.mx\/vicaria-de-pastoral\/wp-content\/uploads\/sites\/2\/forminator\/10414_47c7fef6f8c6f15ac1daaf1663bdf562\/uploads\/x5xaZe55PneC-PROGRAMACION-P.ADOLESCENTES.pdf\" target=\"_blank\">x5xaZe55PneC-PROGRAMACION-P.ADOLESCENTES.pdf<\/a><\/a><\/td>\n                    <td style=\"\">17\/09\/2025 11:06 AM<\/td>\n            <\/tr>\n            <tr id=\"table_2_row_246\">\n                    <td style=\"\">Programaci\u00f3n Decanal<\/td>\n                    <td style=\"\">D08 ORIENTE II C CIUDAD BEATO MIGUEL AGUSTIN PRO JUAREZ<\/td>\n                    <td style=\"\">Animaci\u00f3n Pastoral<\/td>\n                    <td style=\"\"><a href='<a href=\"https:\/\/diocesisdeaguascalientes.mx\/vicaria-de-pastoral\/wp-content\/uploads\/sites\/2\/forminator\/10414_47c7fef6f8c6f15ac1daaf1663bdf562\/uploads\/HaNJwSuY4uVx-Decanato-Oriente-II-C-Beato-Miguel-Agustin-Pro-Animacion-Pastoral.pdf\" target=\"_blank\">HaNJwSuY4uVx-Decanato-Oriente-II-C-Beato-Miguel-Agustin-Pro-Animacion-Pastoral.pdf<\/a>' rel='' target='_blank'><a href=\"https:\/\/diocesisdeaguascalientes.mx\/vicaria-de-pastoral\/wp-content\/uploads\/sites\/2\/forminator\/10414_47c7fef6f8c6f15ac1daaf1663bdf562\/uploads\/HaNJwSuY4uVx-Decanato-Oriente-II-C-Beato-Miguel-Agustin-Pro-Animacion-Pastoral.pdf\" target=\"_blank\">HaNJwSuY4uVx-Decanato-Oriente-II-C-Beato-Miguel-Agustin-Pro-Animacion-Pastoral.pdf<\/a><\/a><\/td>\n                    <td style=\"\">17\/09\/2025 11:05 AM<\/td>\n            <\/tr>\n            <tr id=\"table_2_row_247\">\n                    <td style=\"\">Programaci\u00f3n Parroquial<\/td>\n                    <td style=\"\"><\/td>\n                    <td style=\"\"><\/td>\n                    <td style=\"\"><a href='<a href=\"https:\/\/diocesisdeaguascalientes.mx\/vicaria-de-pastoral\/wp-content\/uploads\/sites\/2\/forminator\/10414_47c7fef6f8c6f15ac1daaf1663bdf562\/uploads\/xBC2cXUbbVoQ-PROGRAMACION-PASTORAL-PROFETICA-2025-2026.pdf\" target=\"_blank\">xBC2cXUbbVoQ-PROGRAMACION-PASTORAL-PROFETICA-2025-2026.pdf<\/a>' rel='' target='_blank'><a href=\"https:\/\/diocesisdeaguascalientes.mx\/vicaria-de-pastoral\/wp-content\/uploads\/sites\/2\/forminator\/10414_47c7fef6f8c6f15ac1daaf1663bdf562\/uploads\/xBC2cXUbbVoQ-PROGRAMACION-PASTORAL-PROFETICA-2025-2026.pdf\" target=\"_blank\">xBC2cXUbbVoQ-PROGRAMACION-PASTORAL-PROFETICA-2025-2026.pdf<\/a><\/a><\/td>\n                    <td style=\"\">17\/09\/2025 10:45 AM<\/td>\n            <\/tr>\n            <tr id=\"table_2_row_248\">\n                    <td style=\"\">Programaci\u00f3n Parroquial<\/td>\n                    <td style=\"\"><\/td>\n                    <td style=\"\"><\/td>\n                    <td style=\"\"><a href='<a href=\"https:\/\/diocesisdeaguascalientes.mx\/vicaria-de-pastoral\/wp-content\/uploads\/sites\/2\/forminator\/10414_47c7fef6f8c6f15ac1daaf1663bdf562\/uploads\/qnlgwZ2l5Xch-P109-Cominicacion-Programacion-pastoral.pdf\" target=\"_blank\">qnlgwZ2l5Xch-P109-Cominicacion-Programacion-pastoral.pdf<\/a>' rel='' target='_blank'><a href=\"https:\/\/diocesisdeaguascalientes.mx\/vicaria-de-pastoral\/wp-content\/uploads\/sites\/2\/forminator\/10414_47c7fef6f8c6f15ac1daaf1663bdf562\/uploads\/qnlgwZ2l5Xch-P109-Cominicacion-Programacion-pastoral.pdf\" target=\"_blank\">qnlgwZ2l5Xch-P109-Cominicacion-Programacion-pastoral.pdf<\/a><\/a><\/td>\n                    <td style=\"\">17\/09\/2025 10:26 AM<\/td>\n            <\/tr>\n            <tr id=\"table_2_row_249\">\n                    <td style=\"\">Programaci\u00f3n Parroquial<\/td>\n                    <td style=\"\"><\/td>\n                    <td style=\"\"><\/td>\n                    <td style=\"\"><a href='<a href=\"https:\/\/diocesisdeaguascalientes.mx\/vicaria-de-pastoral\/wp-content\/uploads\/sites\/2\/forminator\/10414_47c7fef6f8c6f15ac1daaf1663bdf562\/uploads\/RaFfJWTtoICq-PROGRAMACION-PASTORAL-SOCIAL-2025-2026.pdf\" target=\"_blank\">RaFfJWTtoICq-PROGRAMACION-PASTORAL-SOCIAL-2025-2026.pdf<\/a>' rel='' target='_blank'><a href=\"https:\/\/diocesisdeaguascalientes.mx\/vicaria-de-pastoral\/wp-content\/uploads\/sites\/2\/forminator\/10414_47c7fef6f8c6f15ac1daaf1663bdf562\/uploads\/RaFfJWTtoICq-PROGRAMACION-PASTORAL-SOCIAL-2025-2026.pdf\" target=\"_blank\">RaFfJWTtoICq-PROGRAMACION-PASTORAL-SOCIAL-2025-2026.pdf<\/a><\/a><\/td>\n                    <td style=\"\">17\/09\/2025 10:25 AM<\/td>\n            <\/tr>\n            <tr id=\"table_2_row_250\">\n                    <td style=\"\">Programaci\u00f3n Parroquial<\/td>\n                    <td style=\"\"><\/td>\n                    <td style=\"\"><\/td>\n                    <td style=\"\"><a href='<a href=\"https:\/\/diocesisdeaguascalientes.mx\/vicaria-de-pastoral\/wp-content\/uploads\/sites\/2\/forminator\/10414_47c7fef6f8c6f15ac1daaf1663bdf562\/uploads\/6e2fVZugHog8-P109-Juvenil-Programacion-pastoral-25-26.pdf\" target=\"_blank\">6e2fVZugHog8-P109-Juvenil-Programacion-pastoral-25-26.pdf<\/a>' rel='' target='_blank'><a href=\"https:\/\/diocesisdeaguascalientes.mx\/vicaria-de-pastoral\/wp-content\/uploads\/sites\/2\/forminator\/10414_47c7fef6f8c6f15ac1daaf1663bdf562\/uploads\/6e2fVZugHog8-P109-Juvenil-Programacion-pastoral-25-26.pdf\" target=\"_blank\">6e2fVZugHog8-P109-Juvenil-Programacion-pastoral-25-26.pdf<\/a><\/a><\/td>\n                    <td style=\"\">17\/09\/2025 10:25 AM<\/td>\n            <\/tr>\n            <tr id=\"table_2_row_251\">\n                    <td style=\"\">Programaci\u00f3n Parroquial<\/td>\n                    <td style=\"\"><\/td>\n                    <td style=\"\"><\/td>\n                    <td style=\"\"><a href='<a href=\"https:\/\/diocesisdeaguascalientes.mx\/vicaria-de-pastoral\/wp-content\/uploads\/sites\/2\/forminator\/10414_47c7fef6f8c6f15ac1daaf1663bdf562\/uploads\/0n5RMNS35TgW-P109-Social-Programacion-pastoral.pdf\" target=\"_blank\">0n5RMNS35TgW-P109-Social-Programacion-pastoral.pdf<\/a>' rel='' target='_blank'><a href=\"https:\/\/diocesisdeaguascalientes.mx\/vicaria-de-pastoral\/wp-content\/uploads\/sites\/2\/forminator\/10414_47c7fef6f8c6f15ac1daaf1663bdf562\/uploads\/0n5RMNS35TgW-P109-Social-Programacion-pastoral.pdf\" target=\"_blank\">0n5RMNS35TgW-P109-Social-Programacion-pastoral.pdf<\/a><\/a><\/td>\n                    <td style=\"\">17\/09\/2025 10:25 AM<\/td>\n            <\/tr>\n            <tr id=\"table_2_row_252\">\n                    <td style=\"\">Programaci\u00f3n Parroquial<\/td>\n                    <td style=\"\"><\/td>\n                    <td style=\"\"><\/td>\n                    <td style=\"\"><a href='<a href=\"https:\/\/diocesisdeaguascalientes.mx\/vicaria-de-pastoral\/wp-content\/uploads\/sites\/2\/forminator\/10414_47c7fef6f8c6f15ac1daaf1663bdf562\/uploads\/TM6Oo7kbXZjF-P109-Liturgia-Programacion-pastoral.pdf\" target=\"_blank\">TM6Oo7kbXZjF-P109-Liturgia-Programacion-pastoral.pdf<\/a>' rel='' target='_blank'><a href=\"https:\/\/diocesisdeaguascalientes.mx\/vicaria-de-pastoral\/wp-content\/uploads\/sites\/2\/forminator\/10414_47c7fef6f8c6f15ac1daaf1663bdf562\/uploads\/TM6Oo7kbXZjF-P109-Liturgia-Programacion-pastoral.pdf\" target=\"_blank\">TM6Oo7kbXZjF-P109-Liturgia-Programacion-pastoral.pdf<\/a><\/a><\/td>\n                    <td style=\"\">17\/09\/2025 10:24 AM<\/td>\n            <\/tr>\n            <tr id=\"table_2_row_253\">\n                    <td style=\"\">Programaci\u00f3n Parroquial<\/td>\n                    <td style=\"\"><\/td>\n                    <td style=\"\"><\/td>\n                    <td style=\"\"><a href='<a href=\"https:\/\/diocesisdeaguascalientes.mx\/vicaria-de-pastoral\/wp-content\/uploads\/sites\/2\/forminator\/10414_47c7fef6f8c6f15ac1daaf1663bdf562\/uploads\/bOFoULDTVmef-P109-Programacion-pastoral-Profetica-25-26.pdf\" target=\"_blank\">bOFoULDTVmef-P109-Programacion-pastoral-Profetica-25-26.pdf<\/a>' rel='' target='_blank'><a href=\"https:\/\/diocesisdeaguascalientes.mx\/vicaria-de-pastoral\/wp-content\/uploads\/sites\/2\/forminator\/10414_47c7fef6f8c6f15ac1daaf1663bdf562\/uploads\/bOFoULDTVmef-P109-Programacion-pastoral-Profetica-25-26.pdf\" target=\"_blank\">bOFoULDTVmef-P109-Programacion-pastoral-Profetica-25-26.pdf<\/a><\/a><\/td>\n                    <td style=\"\">17\/09\/2025 10:23 AM<\/td>\n            <\/tr>\n            <tr id=\"table_2_row_254\">\n                    <td style=\"\">Programaci\u00f3n Parroquial<\/td>\n                    <td style=\"\"><\/td>\n                    <td style=\"\"><\/td>\n                    <td style=\"\"><a href='<a href=\"https:\/\/diocesisdeaguascalientes.mx\/vicaria-de-pastoral\/wp-content\/uploads\/sites\/2\/forminator\/10414_47c7fef6f8c6f15ac1daaf1663bdf562\/uploads\/vokEMkq6eUzg-P109-Adolescentes-Programacion-pastoral.pdf\" target=\"_blank\">vokEMkq6eUzg-P109-Adolescentes-Programacion-pastoral.pdf<\/a>' rel='' target='_blank'><a href=\"https:\/\/diocesisdeaguascalientes.mx\/vicaria-de-pastoral\/wp-content\/uploads\/sites\/2\/forminator\/10414_47c7fef6f8c6f15ac1daaf1663bdf562\/uploads\/vokEMkq6eUzg-P109-Adolescentes-Programacion-pastoral.pdf\" target=\"_blank\">vokEMkq6eUzg-P109-Adolescentes-Programacion-pastoral.pdf<\/a><\/a><\/td>\n                    <td style=\"\">17\/09\/2025 10:23 AM<\/td>\n            <\/tr>\n            <tr id=\"table_2_row_255\">\n                    <td style=\"\">Programaci\u00f3n Parroquial<\/td>\n                    <td style=\"\"><\/td>\n                    <td style=\"\"><\/td>\n                    <td style=\"\"><a href='<a href=\"https:\/\/diocesisdeaguascalientes.mx\/vicaria-de-pastoral\/wp-content\/uploads\/sites\/2\/forminator\/10414_47c7fef6f8c6f15ac1daaf1663bdf562\/uploads\/cmvkVLLH9fEW-PROGRAMACION-P.LITURGICA.pdf\" target=\"_blank\">cmvkVLLH9fEW-PROGRAMACION-P.LITURGICA.pdf<\/a>' rel='' target='_blank'><a href=\"https:\/\/diocesisdeaguascalientes.mx\/vicaria-de-pastoral\/wp-content\/uploads\/sites\/2\/forminator\/10414_47c7fef6f8c6f15ac1daaf1663bdf562\/uploads\/cmvkVLLH9fEW-PROGRAMACION-P.LITURGICA.pdf\" target=\"_blank\">cmvkVLLH9fEW-PROGRAMACION-P.LITURGICA.pdf<\/a><\/a><\/td>\n                    <td style=\"\">17\/09\/2025 10:22 AM<\/td>\n            <\/tr>\n            <tr id=\"table_2_row_256\">\n                    <td style=\"\">Programaci\u00f3n Parroquial<\/td>\n                    <td style=\"\"><\/td>\n                    <td style=\"\"><\/td>\n                    <td style=\"\"><a href='<a href=\"https:\/\/diocesisdeaguascalientes.mx\/vicaria-de-pastoral\/wp-content\/uploads\/sites\/2\/forminator\/10414_47c7fef6f8c6f15ac1daaf1663bdf562\/uploads\/iIakTHmWHqST-P109-Animacion-PROGRAMACION-2025-2026-Parroquial.pdf\" target=\"_blank\">iIakTHmWHqST-P109-Animacion-PROGRAMACION-2025-2026-Parroquial.pdf<\/a>' rel='' target='_blank'><a href=\"https:\/\/diocesisdeaguascalientes.mx\/vicaria-de-pastoral\/wp-content\/uploads\/sites\/2\/forminator\/10414_47c7fef6f8c6f15ac1daaf1663bdf562\/uploads\/iIakTHmWHqST-P109-Animacion-PROGRAMACION-2025-2026-Parroquial.pdf\" target=\"_blank\">iIakTHmWHqST-P109-Animacion-PROGRAMACION-2025-2026-Parroquial.pdf<\/a><\/a><\/td>\n                    <td style=\"\">17\/09\/2025 10:21 AM<\/td>\n            <\/tr>\n            <tr id=\"table_2_row_257\">\n                    <td style=\"\">Programaci\u00f3n Parroquial<\/td>\n                    <td style=\"\"><\/td>\n                    <td style=\"\"><\/td>\n                    <td style=\"\"><a href='<a href=\"https:\/\/diocesisdeaguascalientes.mx\/vicaria-de-pastoral\/wp-content\/uploads\/sites\/2\/forminator\/10414_47c7fef6f8c6f15ac1daaf1663bdf562\/uploads\/IvRbMsOYjhIm-PROGRAMACIONES-P.PROFETICA.pdf\" target=\"_blank\">IvRbMsOYjhIm-PROGRAMACIONES-P.PROFETICA.pdf<\/a>' rel='' target='_blank'><a href=\"https:\/\/diocesisdeaguascalientes.mx\/vicaria-de-pastoral\/wp-content\/uploads\/sites\/2\/forminator\/10414_47c7fef6f8c6f15ac1daaf1663bdf562\/uploads\/IvRbMsOYjhIm-PROGRAMACIONES-P.PROFETICA.pdf\" target=\"_blank\">IvRbMsOYjhIm-PROGRAMACIONES-P.PROFETICA.pdf<\/a><\/a><\/td>\n                    <td style=\"\">17\/09\/2025 10:14 AM<\/td>\n            <\/tr>\n            <tr id=\"table_2_row_258\">\n                    <td style=\"\">Programaci\u00f3n Parroquial<\/td>\n                    <td style=\"\"><\/td>\n                    <td style=\"\"><\/td>\n                    <td style=\"\"><a href='<a href=\"https:\/\/diocesisdeaguascalientes.mx\/vicaria-de-pastoral\/wp-content\/uploads\/sites\/2\/forminator\/10414_47c7fef6f8c6f15ac1daaf1663bdf562\/uploads\/vX6bDOw4MmMx-PASTORAL-LITURGICA-2025-2026.pdf\" target=\"_blank\">vX6bDOw4MmMx-PASTORAL-LITURGICA-2025-2026.pdf<\/a>' rel='' target='_blank'><a href=\"https:\/\/diocesisdeaguascalientes.mx\/vicaria-de-pastoral\/wp-content\/uploads\/sites\/2\/forminator\/10414_47c7fef6f8c6f15ac1daaf1663bdf562\/uploads\/vX6bDOw4MmMx-PASTORAL-LITURGICA-2025-2026.pdf\" target=\"_blank\">vX6bDOw4MmMx-PASTORAL-LITURGICA-2025-2026.pdf<\/a><\/a><\/td>\n                    <td style=\"\">17\/09\/2025 09:55 AM<\/td>\n            <\/tr>\n            <tr id=\"table_2_row_259\">\n                    <td style=\"\">Programaci\u00f3n Parroquial<\/td>\n                    <td style=\"\"><\/td>\n                    <td style=\"\"><\/td>\n                    <td style=\"\"><a href='<a href=\"https:\/\/diocesisdeaguascalientes.mx\/vicaria-de-pastoral\/wp-content\/uploads\/sites\/2\/forminator\/10414_47c7fef6f8c6f15ac1daaf1663bdf562\/uploads\/iGcvFEmaSeCu-PASTORAL-PROFETICA-2025-2026.pdf\" target=\"_blank\">iGcvFEmaSeCu-PASTORAL-PROFETICA-2025-2026.pdf<\/a>' rel='' target='_blank'><a href=\"https:\/\/diocesisdeaguascalientes.mx\/vicaria-de-pastoral\/wp-content\/uploads\/sites\/2\/forminator\/10414_47c7fef6f8c6f15ac1daaf1663bdf562\/uploads\/iGcvFEmaSeCu-PASTORAL-PROFETICA-2025-2026.pdf\" target=\"_blank\">iGcvFEmaSeCu-PASTORAL-PROFETICA-2025-2026.pdf<\/a><\/a><\/td>\n                    <td style=\"\">17\/09\/2025 09:36 AM<\/td>\n            <\/tr>\n            <tr id=\"table_2_row_260\">\n                    <td style=\"\">Programaci\u00f3n Parroquial<\/td>\n                    <td style=\"\"><\/td>\n                    <td style=\"\"><\/td>\n                    <td style=\"\"><a href='<a href=\"https:\/\/diocesisdeaguascalientes.mx\/vicaria-de-pastoral\/wp-content\/uploads\/sites\/2\/forminator\/10414_47c7fef6f8c6f15ac1daaf1663bdf562\/uploads\/EpUrbsbwVBkl-PASTORAL-PROFETICA-2025-2026.pdf\" target=\"_blank\">EpUrbsbwVBkl-PASTORAL-PROFETICA-2025-2026.pdf<\/a>' rel='' target='_blank'><a href=\"https:\/\/diocesisdeaguascalientes.mx\/vicaria-de-pastoral\/wp-content\/uploads\/sites\/2\/forminator\/10414_47c7fef6f8c6f15ac1daaf1663bdf562\/uploads\/EpUrbsbwVBkl-PASTORAL-PROFETICA-2025-2026.pdf\" target=\"_blank\">EpUrbsbwVBkl-PASTORAL-PROFETICA-2025-2026.pdf<\/a><\/a><\/td>\n                    <td style=\"\">17\/09\/2025 09:17 AM<\/td>\n            <\/tr>\n            <tr id=\"table_2_row_261\">\n                    <td style=\"\">Programaci\u00f3n de Capellan\u00eda<\/td>\n                    <td style=\"\"><\/td>\n                    <td style=\"\"><\/td>\n                    <td style=\"\"><a href='<a href=\"https:\/\/diocesisdeaguascalientes.mx\/vicaria-de-pastoral\/wp-content\/uploads\/sites\/2\/forminator\/10414_47c7fef6f8c6f15ac1daaf1663bdf562\/uploads\/tFtsTBRbGANG-PASTORAL-DE-LA-SALUD.pdf\" target=\"_blank\">tFtsTBRbGANG-PASTORAL-DE-LA-SALUD.pdf<\/a>' rel='' target='_blank'><a href=\"https:\/\/diocesisdeaguascalientes.mx\/vicaria-de-pastoral\/wp-content\/uploads\/sites\/2\/forminator\/10414_47c7fef6f8c6f15ac1daaf1663bdf562\/uploads\/tFtsTBRbGANG-PASTORAL-DE-LA-SALUD.pdf\" target=\"_blank\">tFtsTBRbGANG-PASTORAL-DE-LA-SALUD.pdf<\/a><\/a><\/td>\n                    <td style=\"\">16\/09\/2025 10:02 PM<\/td>\n            <\/tr>\n            <tr id=\"table_2_row_262\">\n                    <td style=\"\">Programaci\u00f3n de Capellan\u00eda<\/td>\n                    <td style=\"\"><\/td>\n                    <td style=\"\"><\/td>\n                    <td style=\"\"><a href='<a href=\"https:\/\/diocesisdeaguascalientes.mx\/vicaria-de-pastoral\/wp-content\/uploads\/sites\/2\/forminator\/10414_47c7fef6f8c6f15ac1daaf1663bdf562\/uploads\/jTtSqAoHeS7T-PASTORAL-LITURGICA-JUVENIL.pdf\" target=\"_blank\">jTtSqAoHeS7T-PASTORAL-LITURGICA-JUVENIL.pdf<\/a>' rel='' target='_blank'><a href=\"https:\/\/diocesisdeaguascalientes.mx\/vicaria-de-pastoral\/wp-content\/uploads\/sites\/2\/forminator\/10414_47c7fef6f8c6f15ac1daaf1663bdf562\/uploads\/jTtSqAoHeS7T-PASTORAL-LITURGICA-JUVENIL.pdf\" target=\"_blank\">jTtSqAoHeS7T-PASTORAL-LITURGICA-JUVENIL.pdf<\/a><\/a><\/td>\n                    <td style=\"\">16\/09\/2025 09:59 PM<\/td>\n            <\/tr>\n            <tr id=\"table_2_row_263\">\n                    <td style=\"\">Programaci\u00f3n de Capellan\u00eda<\/td>\n                    <td style=\"\"><\/td>\n                    <td style=\"\"><\/td>\n                    <td style=\"\"><a href='<a href=\"https:\/\/diocesisdeaguascalientes.mx\/vicaria-de-pastoral\/wp-content\/uploads\/sites\/2\/forminator\/10414_47c7fef6f8c6f15ac1daaf1663bdf562\/uploads\/qBesYd9C8vEi-PASTORAL-FAMILIAR.pdf\" target=\"_blank\">qBesYd9C8vEi-PASTORAL-FAMILIAR.pdf<\/a>' rel='' target='_blank'><a href=\"https:\/\/diocesisdeaguascalientes.mx\/vicaria-de-pastoral\/wp-content\/uploads\/sites\/2\/forminator\/10414_47c7fef6f8c6f15ac1daaf1663bdf562\/uploads\/qBesYd9C8vEi-PASTORAL-FAMILIAR.pdf\" target=\"_blank\">qBesYd9C8vEi-PASTORAL-FAMILIAR.pdf<\/a><\/a><\/td>\n                    <td style=\"\">16\/09\/2025 09:57 PM<\/td>\n            <\/tr>\n            <tr id=\"table_2_row_264\">\n                    <td style=\"\">Programaci\u00f3n de Capellan\u00eda<\/td>\n                    <td style=\"\"><\/td>\n                    <td style=\"\"><\/td>\n                    <td style=\"\"><a href='<a href=\"https:\/\/diocesisdeaguascalientes.mx\/vicaria-de-pastoral\/wp-content\/uploads\/sites\/2\/forminator\/10414_47c7fef6f8c6f15ac1daaf1663bdf562\/uploads\/GJenl1NUwqjT-PASTORAL-LITURGICA.pdf\" target=\"_blank\">GJenl1NUwqjT-PASTORAL-LITURGICA.pdf<\/a>' rel='' target='_blank'><a href=\"https:\/\/diocesisdeaguascalientes.mx\/vicaria-de-pastoral\/wp-content\/uploads\/sites\/2\/forminator\/10414_47c7fef6f8c6f15ac1daaf1663bdf562\/uploads\/GJenl1NUwqjT-PASTORAL-LITURGICA.pdf\" target=\"_blank\">GJenl1NUwqjT-PASTORAL-LITURGICA.pdf<\/a><\/a><\/td>\n                    <td style=\"\">16\/09\/2025 09:56 PM<\/td>\n            <\/tr>\n            <tr id=\"table_2_row_265\">\n                    <td style=\"\">Programaci\u00f3n de Capellan\u00eda<\/td>\n                    <td style=\"\"><\/td>\n                    <td style=\"\"><\/td>\n                    <td style=\"\"><a href='<a href=\"https:\/\/diocesisdeaguascalientes.mx\/vicaria-de-pastoral\/wp-content\/uploads\/sites\/2\/forminator\/10414_47c7fef6f8c6f15ac1daaf1663bdf562\/uploads\/mAwdPaBwaZoH-PASTORAL-PROFETICA.pdf\" target=\"_blank\">mAwdPaBwaZoH-PASTORAL-PROFETICA.pdf<\/a>' rel='' target='_blank'><a href=\"https:\/\/diocesisdeaguascalientes.mx\/vicaria-de-pastoral\/wp-content\/uploads\/sites\/2\/forminator\/10414_47c7fef6f8c6f15ac1daaf1663bdf562\/uploads\/mAwdPaBwaZoH-PASTORAL-PROFETICA.pdf\" target=\"_blank\">mAwdPaBwaZoH-PASTORAL-PROFETICA.pdf<\/a><\/a><\/td>\n                    <td style=\"\">16\/09\/2025 09:55 PM<\/td>\n            <\/tr>\n            <tr id=\"table_2_row_266\">\n                    <td style=\"\">Programaci\u00f3n de Capellan\u00eda<\/td>\n                    <td style=\"\"><\/td>\n                    <td style=\"\"><\/td>\n                    <td style=\"\"><a href='<a href=\"https:\/\/diocesisdeaguascalientes.mx\/vicaria-de-pastoral\/wp-content\/uploads\/sites\/2\/forminator\/10414_47c7fef6f8c6f15ac1daaf1663bdf562\/uploads\/LxnrqgZGYXgT-ANIMACION-PASTORAL.pdf\" target=\"_blank\">LxnrqgZGYXgT-ANIMACION-PASTORAL.pdf<\/a>' rel='' target='_blank'><a href=\"https:\/\/diocesisdeaguascalientes.mx\/vicaria-de-pastoral\/wp-content\/uploads\/sites\/2\/forminator\/10414_47c7fef6f8c6f15ac1daaf1663bdf562\/uploads\/LxnrqgZGYXgT-ANIMACION-PASTORAL.pdf\" target=\"_blank\">LxnrqgZGYXgT-ANIMACION-PASTORAL.pdf<\/a><\/a><\/td>\n                    <td style=\"\">16\/09\/2025 09:54 PM<\/td>\n            <\/tr>\n            <tr id=\"table_2_row_267\">\n                    <td style=\"\">Programaci\u00f3n de Capellan\u00eda<\/td>\n                    <td style=\"\"><\/td>\n                    <td style=\"\"><\/td>\n                    <td style=\"\"><a href='<a href=\"https:\/\/diocesisdeaguascalientes.mx\/vicaria-de-pastoral\/wp-content\/uploads\/sites\/2\/forminator\/10414_47c7fef6f8c6f15ac1daaf1663bdf562\/uploads\/yYlEDqfOmS9O-ANIMACION-PASTORAL.pdf\" target=\"_blank\">yYlEDqfOmS9O-ANIMACION-PASTORAL.pdf<\/a>' rel='' target='_blank'><a href=\"https:\/\/diocesisdeaguascalientes.mx\/vicaria-de-pastoral\/wp-content\/uploads\/sites\/2\/forminator\/10414_47c7fef6f8c6f15ac1daaf1663bdf562\/uploads\/yYlEDqfOmS9O-ANIMACION-PASTORAL.pdf\" target=\"_blank\">yYlEDqfOmS9O-ANIMACION-PASTORAL.pdf<\/a><\/a><\/td>\n                    <td style=\"\">16\/09\/2025 09:47 PM<\/td>\n            <\/tr>\n            <tr id=\"table_2_row_268\">\n                    <td style=\"\">Programaci\u00f3n de Capellan\u00eda<\/td>\n                    <td style=\"\"><\/td>\n                    <td style=\"\"><\/td>\n                    <td style=\"\"><a href='<a href=\"https:\/\/diocesisdeaguascalientes.mx\/vicaria-de-pastoral\/wp-content\/uploads\/sites\/2\/forminator\/10414_47c7fef6f8c6f15ac1daaf1663bdf562\/uploads\/Ucg2HVGq1kHo-PASTORAL-DE-LA-SALUD.pdf\" target=\"_blank\">Ucg2HVGq1kHo-PASTORAL-DE-LA-SALUD.pdf<\/a>' rel='' target='_blank'><a href=\"https:\/\/diocesisdeaguascalientes.mx\/vicaria-de-pastoral\/wp-content\/uploads\/sites\/2\/forminator\/10414_47c7fef6f8c6f15ac1daaf1663bdf562\/uploads\/Ucg2HVGq1kHo-PASTORAL-DE-LA-SALUD.pdf\" target=\"_blank\">Ucg2HVGq1kHo-PASTORAL-DE-LA-SALUD.pdf<\/a><\/a><\/td>\n                    <td style=\"\">16\/09\/2025 09:43 PM<\/td>\n            <\/tr>\n            <tr id=\"table_2_row_269\">\n                    <td style=\"\">Programaci\u00f3n de Capellan\u00eda<\/td>\n                    <td style=\"\"><\/td>\n                    <td style=\"\"><\/td>\n                    <td style=\"\"><a href='<a href=\"https:\/\/diocesisdeaguascalientes.mx\/vicaria-de-pastoral\/wp-content\/uploads\/sites\/2\/forminator\/10414_47c7fef6f8c6f15ac1daaf1663bdf562\/uploads\/PJNlcyIbN4uS-PASTORAL-FAMILIAR.pdf\" target=\"_blank\">PJNlcyIbN4uS-PASTORAL-FAMILIAR.pdf<\/a>' rel='' target='_blank'><a href=\"https:\/\/diocesisdeaguascalientes.mx\/vicaria-de-pastoral\/wp-content\/uploads\/sites\/2\/forminator\/10414_47c7fef6f8c6f15ac1daaf1663bdf562\/uploads\/PJNlcyIbN4uS-PASTORAL-FAMILIAR.pdf\" target=\"_blank\">PJNlcyIbN4uS-PASTORAL-FAMILIAR.pdf<\/a><\/a><\/td>\n                    <td style=\"\">16\/09\/2025 09:39 PM<\/td>\n            <\/tr>\n            <tr id=\"table_2_row_270\">\n                    <td style=\"\">Programaci\u00f3n Parroquial<\/td>\n                    <td style=\"\"><\/td>\n                    <td style=\"\"><\/td>\n                    <td style=\"\"><a href='<a href=\"https:\/\/diocesisdeaguascalientes.mx\/vicaria-de-pastoral\/wp-content\/uploads\/sites\/2\/forminator\/10414_47c7fef6f8c6f15ac1daaf1663bdf562\/uploads\/CPT4yHgKxmVV-CURSILLOS-DE-CRISTIANDAD-25-26.pdf\" target=\"_blank\">CPT4yHgKxmVV-CURSILLOS-DE-CRISTIANDAD-25-26.pdf<\/a>' rel='' target='_blank'><a href=\"https:\/\/diocesisdeaguascalientes.mx\/vicaria-de-pastoral\/wp-content\/uploads\/sites\/2\/forminator\/10414_47c7fef6f8c6f15ac1daaf1663bdf562\/uploads\/CPT4yHgKxmVV-CURSILLOS-DE-CRISTIANDAD-25-26.pdf\" target=\"_blank\">CPT4yHgKxmVV-CURSILLOS-DE-CRISTIANDAD-25-26.pdf<\/a><\/a><\/td>\n                    <td style=\"\">16\/09\/2025 10:38 AM<\/td>\n            <\/tr>\n            <tr id=\"table_2_row_271\">\n                    <td style=\"\">Programaci\u00f3n Parroquial<\/td>\n                    <td style=\"\"><\/td>\n                    <td style=\"\"><\/td>\n                    <td style=\"\"><a href='<a href=\"https:\/\/diocesisdeaguascalientes.mx\/vicaria-de-pastoral\/wp-content\/uploads\/sites\/2\/forminator\/10414_47c7fef6f8c6f15ac1daaf1663bdf562\/uploads\/1ueXmYBrUbEA-PASTORAL-DE-LA-COMUNICACION-25-26.pdf\" target=\"_blank\">1ueXmYBrUbEA-PASTORAL-DE-LA-COMUNICACION-25-26.pdf<\/a>' rel='' target='_blank'><a href=\"https:\/\/diocesisdeaguascalientes.mx\/vicaria-de-pastoral\/wp-content\/uploads\/sites\/2\/forminator\/10414_47c7fef6f8c6f15ac1daaf1663bdf562\/uploads\/1ueXmYBrUbEA-PASTORAL-DE-LA-COMUNICACION-25-26.pdf\" target=\"_blank\">1ueXmYBrUbEA-PASTORAL-DE-LA-COMUNICACION-25-26.pdf<\/a><\/a><\/td>\n                    <td style=\"\">16\/09\/2025 10:37 AM<\/td>\n            <\/tr>\n            <tr id=\"table_2_row_272\">\n                    <td style=\"\">Programaci\u00f3n Parroquial<\/td>\n                    <td style=\"\"><\/td>\n                    <td style=\"\"><\/td>\n                    <td style=\"\"><a href='<a href=\"https:\/\/diocesisdeaguascalientes.mx\/vicaria-de-pastoral\/wp-content\/uploads\/sites\/2\/forminator\/10414_47c7fef6f8c6f15ac1daaf1663bdf562\/uploads\/JS60WSWeU0wp-PASTORAL-JUVENIL-25-26.pdf\" target=\"_blank\">JS60WSWeU0wp-PASTORAL-JUVENIL-25-26.pdf<\/a>' rel='' target='_blank'><a href=\"https:\/\/diocesisdeaguascalientes.mx\/vicaria-de-pastoral\/wp-content\/uploads\/sites\/2\/forminator\/10414_47c7fef6f8c6f15ac1daaf1663bdf562\/uploads\/JS60WSWeU0wp-PASTORAL-JUVENIL-25-26.pdf\" target=\"_blank\">JS60WSWeU0wp-PASTORAL-JUVENIL-25-26.pdf<\/a><\/a><\/td>\n                    <td style=\"\">16\/09\/2025 10:37 AM<\/td>\n            <\/tr>\n            <tr id=\"table_2_row_273\">\n                    <td style=\"\">Programaci\u00f3n Parroquial<\/td>\n                    <td style=\"\"><\/td>\n                    <td style=\"\"><\/td>\n                    <td style=\"\"><a href='<a href=\"https:\/\/diocesisdeaguascalientes.mx\/vicaria-de-pastoral\/wp-content\/uploads\/sites\/2\/forminator\/10414_47c7fef6f8c6f15ac1daaf1663bdf562\/uploads\/9PWp56o5F0Wz-PASTORAL-DE-ADOLESCENTES-25-26.pdf\" target=\"_blank\">9PWp56o5F0Wz-PASTORAL-DE-ADOLESCENTES-25-26.pdf<\/a>' rel='' target='_blank'><a href=\"https:\/\/diocesisdeaguascalientes.mx\/vicaria-de-pastoral\/wp-content\/uploads\/sites\/2\/forminator\/10414_47c7fef6f8c6f15ac1daaf1663bdf562\/uploads\/9PWp56o5F0Wz-PASTORAL-DE-ADOLESCENTES-25-26.pdf\" target=\"_blank\">9PWp56o5F0Wz-PASTORAL-DE-ADOLESCENTES-25-26.pdf<\/a><\/a><\/td>\n                    <td style=\"\">16\/09\/2025 10:36 AM<\/td>\n            <\/tr>\n            <tr id=\"table_2_row_274\">\n                    <td style=\"\">Programaci\u00f3n Parroquial<\/td>\n                    <td style=\"\"><\/td>\n                    <td style=\"\"><\/td>\n                    <td style=\"\"><a href='<a href=\"https:\/\/diocesisdeaguascalientes.mx\/vicaria-de-pastoral\/wp-content\/uploads\/sites\/2\/forminator\/10414_47c7fef6f8c6f15ac1daaf1663bdf562\/uploads\/d0ySYVsBKvRi-PASTORAL-FAMILIAR-25-26.pdf\" target=\"_blank\">d0ySYVsBKvRi-PASTORAL-FAMILIAR-25-26.pdf<\/a>' rel='' target='_blank'><a href=\"https:\/\/diocesisdeaguascalientes.mx\/vicaria-de-pastoral\/wp-content\/uploads\/sites\/2\/forminator\/10414_47c7fef6f8c6f15ac1daaf1663bdf562\/uploads\/d0ySYVsBKvRi-PASTORAL-FAMILIAR-25-26.pdf\" target=\"_blank\">d0ySYVsBKvRi-PASTORAL-FAMILIAR-25-26.pdf<\/a><\/a><\/td>\n                    <td style=\"\">16\/09\/2025 10:35 AM<\/td>\n            <\/tr>\n            <tr id=\"table_2_row_275\">\n                    <td style=\"\">Programaci\u00f3n Parroquial<\/td>\n                    <td style=\"\"><\/td>\n                    <td style=\"\"><\/td>\n                    <td style=\"\"><a href='<a href=\"https:\/\/diocesisdeaguascalientes.mx\/vicaria-de-pastoral\/wp-content\/uploads\/sites\/2\/forminator\/10414_47c7fef6f8c6f15ac1daaf1663bdf562\/uploads\/2ZKcOujLnVzP-PASTORAL-SOCIAL-25-26.pdf\" target=\"_blank\">2ZKcOujLnVzP-PASTORAL-SOCIAL-25-26.pdf<\/a>' rel='' target='_blank'><a href=\"https:\/\/diocesisdeaguascalientes.mx\/vicaria-de-pastoral\/wp-content\/uploads\/sites\/2\/forminator\/10414_47c7fef6f8c6f15ac1daaf1663bdf562\/uploads\/2ZKcOujLnVzP-PASTORAL-SOCIAL-25-26.pdf\" target=\"_blank\">2ZKcOujLnVzP-PASTORAL-SOCIAL-25-26.pdf<\/a><\/a><\/td>\n                    <td style=\"\">16\/09\/2025 10:34 AM<\/td>\n            <\/tr>\n            <tr id=\"table_2_row_276\">\n                    <td style=\"\">Programaci\u00f3n Parroquial<\/td>\n                    <td style=\"\"><\/td>\n                    <td style=\"\"><\/td>\n                    <td style=\"\"><a href='<a href=\"https:\/\/diocesisdeaguascalientes.mx\/vicaria-de-pastoral\/wp-content\/uploads\/sites\/2\/forminator\/10414_47c7fef6f8c6f15ac1daaf1663bdf562\/uploads\/XvhqDXdIKoDN-PASTORAL-LITURGICA-25-26.pdf\" target=\"_blank\">XvhqDXdIKoDN-PASTORAL-LITURGICA-25-26.pdf<\/a>' rel='' target='_blank'><a href=\"https:\/\/diocesisdeaguascalientes.mx\/vicaria-de-pastoral\/wp-content\/uploads\/sites\/2\/forminator\/10414_47c7fef6f8c6f15ac1daaf1663bdf562\/uploads\/XvhqDXdIKoDN-PASTORAL-LITURGICA-25-26.pdf\" target=\"_blank\">XvhqDXdIKoDN-PASTORAL-LITURGICA-25-26.pdf<\/a><\/a><\/td>\n                    <td style=\"\">16\/09\/2025 10:34 AM<\/td>\n            <\/tr>\n            <tr id=\"table_2_row_277\">\n                    <td style=\"\">Programaci\u00f3n Parroquial<\/td>\n                    <td style=\"\"><\/td>\n                    <td style=\"\"><\/td>\n                    <td style=\"\"><a href='<a href=\"https:\/\/diocesisdeaguascalientes.mx\/vicaria-de-pastoral\/wp-content\/uploads\/sites\/2\/forminator\/10414_47c7fef6f8c6f15ac1daaf1663bdf562\/uploads\/kAKSYq5HaVQG-PASTORAL-PROFETICA-25-26.pdf\" target=\"_blank\">kAKSYq5HaVQG-PASTORAL-PROFETICA-25-26.pdf<\/a>' rel='' target='_blank'><a href=\"https:\/\/diocesisdeaguascalientes.mx\/vicaria-de-pastoral\/wp-content\/uploads\/sites\/2\/forminator\/10414_47c7fef6f8c6f15ac1daaf1663bdf562\/uploads\/kAKSYq5HaVQG-PASTORAL-PROFETICA-25-26.pdf\" target=\"_blank\">kAKSYq5HaVQG-PASTORAL-PROFETICA-25-26.pdf<\/a><\/a><\/td>\n                    <td style=\"\">16\/09\/2025 10:33 AM<\/td>\n            <\/tr>\n            <tr id=\"table_2_row_278\">\n                    <td style=\"\">Programaci\u00f3n Parroquial<\/td>\n                    <td style=\"\"><\/td>\n                    <td style=\"\"><\/td>\n                    <td style=\"\"><a href='<a href=\"https:\/\/diocesisdeaguascalientes.mx\/vicaria-de-pastoral\/wp-content\/uploads\/sites\/2\/forminator\/10414_47c7fef6f8c6f15ac1daaf1663bdf562\/uploads\/Qu0gaVrLBzPm-PROGRAMACION-PASTORAL-LIGA-2025-2026.pdf\" target=\"_blank\">Qu0gaVrLBzPm-PROGRAMACION-PASTORAL-LIGA-2025-2026.pdf<\/a>' rel='' target='_blank'><a href=\"https:\/\/diocesisdeaguascalientes.mx\/vicaria-de-pastoral\/wp-content\/uploads\/sites\/2\/forminator\/10414_47c7fef6f8c6f15ac1daaf1663bdf562\/uploads\/Qu0gaVrLBzPm-PROGRAMACION-PASTORAL-LIGA-2025-2026.pdf\" target=\"_blank\">Qu0gaVrLBzPm-PROGRAMACION-PASTORAL-LIGA-2025-2026.pdf<\/a><\/a><\/td>\n                    <td style=\"\">15\/09\/2025 05:52 PM<\/td>\n            <\/tr>\n            <tr id=\"table_2_row_279\">\n                    <td style=\"\">Programaci\u00f3n Parroquial<\/td>\n                    <td style=\"\"><\/td>\n                    <td style=\"\"><\/td>\n                    <td style=\"\"><a href='<a href=\"https:\/\/diocesisdeaguascalientes.mx\/vicaria-de-pastoral\/wp-content\/uploads\/sites\/2\/forminator\/10414_47c7fef6f8c6f15ac1daaf1663bdf562\/uploads\/47H43ONOT2ah-PROGRAMACION-PASTORAL-FAMILIAR-2025-2026.pdf\" target=\"_blank\">47H43ONOT2ah-PROGRAMACION-PASTORAL-FAMILIAR-2025-2026.pdf<\/a>' rel='' target='_blank'><a href=\"https:\/\/diocesisdeaguascalientes.mx\/vicaria-de-pastoral\/wp-content\/uploads\/sites\/2\/forminator\/10414_47c7fef6f8c6f15ac1daaf1663bdf562\/uploads\/47H43ONOT2ah-PROGRAMACION-PASTORAL-FAMILIAR-2025-2026.pdf\" target=\"_blank\">47H43ONOT2ah-PROGRAMACION-PASTORAL-FAMILIAR-2025-2026.pdf<\/a><\/a><\/td>\n                    <td style=\"\">15\/09\/2025 05:50 PM<\/td>\n            <\/tr>\n            <tr id=\"table_2_row_280\">\n                    <td style=\"\">Programaci\u00f3n Parroquial<\/td>\n                    <td style=\"\"><\/td>\n                    <td style=\"\"><\/td>\n                    <td style=\"\"><a href='<a href=\"https:\/\/diocesisdeaguascalientes.mx\/vicaria-de-pastoral\/wp-content\/uploads\/sites\/2\/forminator\/10414_47c7fef6f8c6f15ac1daaf1663bdf562\/uploads\/VJ5NqGQlPGht-PROGRAMACION-PASTORAL-LIURGICA-2025-2026-1.pdf\" target=\"_blank\">VJ5NqGQlPGht-PROGRAMACION-PASTORAL-LIURGICA-2025-2026-1.pdf<\/a>' rel='' target='_blank'><a href=\"https:\/\/diocesisdeaguascalientes.mx\/vicaria-de-pastoral\/wp-content\/uploads\/sites\/2\/forminator\/10414_47c7fef6f8c6f15ac1daaf1663bdf562\/uploads\/VJ5NqGQlPGht-PROGRAMACION-PASTORAL-LIURGICA-2025-2026-1.pdf\" target=\"_blank\">VJ5NqGQlPGht-PROGRAMACION-PASTORAL-LIURGICA-2025-2026-1.pdf<\/a><\/a><\/td>\n                    <td style=\"\">15\/09\/2025 05:50 PM<\/td>\n            <\/tr>\n            <tr id=\"table_2_row_281\">\n                    <td style=\"\">Programaci\u00f3n Parroquial<\/td>\n                    <td style=\"\"><\/td>\n                    <td style=\"\"><\/td>\n                    <td style=\"\"><a href='<a href=\"https:\/\/diocesisdeaguascalientes.mx\/vicaria-de-pastoral\/wp-content\/uploads\/sites\/2\/forminator\/10414_47c7fef6f8c6f15ac1daaf1663bdf562\/uploads\/FwrOHEoJFjHC-PROGRAMACION-ANIMACION-PASTORAL-2025-2026.pdf\" target=\"_blank\">FwrOHEoJFjHC-PROGRAMACION-ANIMACION-PASTORAL-2025-2026.pdf<\/a>' rel='' target='_blank'><a href=\"https:\/\/diocesisdeaguascalientes.mx\/vicaria-de-pastoral\/wp-content\/uploads\/sites\/2\/forminator\/10414_47c7fef6f8c6f15ac1daaf1663bdf562\/uploads\/FwrOHEoJFjHC-PROGRAMACION-ANIMACION-PASTORAL-2025-2026.pdf\" target=\"_blank\">FwrOHEoJFjHC-PROGRAMACION-ANIMACION-PASTORAL-2025-2026.pdf<\/a><\/a><\/td>\n                    <td style=\"\">15\/09\/2025 05:49 PM<\/td>\n            <\/tr>\n            <tr id=\"table_2_row_282\">\n                    <td style=\"\">Programaci\u00f3n Decanal<\/td>\n                    <td style=\"\">D16 SUR CIUDAD SANTO TORIBIO ROMO GONZALEZ<\/td>\n                    <td style=\"\">Pastoral Familiar<\/td>\n                    <td style=\"\"><a href='<a href=\"https:\/\/diocesisdeaguascalientes.mx\/vicaria-de-pastoral\/wp-content\/uploads\/sites\/2\/forminator\/10414_47c7fef6f8c6f15ac1daaf1663bdf562\/uploads\/CjekLcsI8ZOR-Programacion-pastoral-familiar-DECANATO-STO.-TORIBIO-2025-2026.pdf\" target=\"_blank\">CjekLcsI8ZOR-Programacion-pastoral-familiar-DECANATO-STO.-TORIBIO-2025-2026.pdf<\/a>' rel='' target='_blank'><a href=\"https:\/\/diocesisdeaguascalientes.mx\/vicaria-de-pastoral\/wp-content\/uploads\/sites\/2\/forminator\/10414_47c7fef6f8c6f15ac1daaf1663bdf562\/uploads\/CjekLcsI8ZOR-Programacion-pastoral-familiar-DECANATO-STO.-TORIBIO-2025-2026.pdf\" target=\"_blank\">CjekLcsI8ZOR-Programacion-pastoral-familiar-DECANATO-STO.-TORIBIO-2025-2026.pdf<\/a><\/a><\/td>\n                    <td style=\"\">15\/09\/2025 05:13 PM<\/td>\n            <\/tr>\n            <tr id=\"table_2_row_283\">\n                    <td style=\"\">Programaci\u00f3n Decanal<\/td>\n                    <td style=\"\">D16 SUR CIUDAD SANTO TORIBIO ROMO GONZALEZ<\/td>\n                    <td style=\"\">Pastoral de Adolescentes<\/td>\n                    <td style=\"\"><a href='<a href=\"https:\/\/diocesisdeaguascalientes.mx\/vicaria-de-pastoral\/wp-content\/uploads\/sites\/2\/forminator\/10414_47c7fef6f8c6f15ac1daaf1663bdf562\/uploads\/8aKw8xRn5XoD-PROGRAMACION-2025-2026-pastoral-de-adolescentes.pdf\" target=\"_blank\">8aKw8xRn5XoD-PROGRAMACION-2025-2026-pastoral-de-adolescentes.pdf<\/a>' rel='' target='_blank'><a href=\"https:\/\/diocesisdeaguascalientes.mx\/vicaria-de-pastoral\/wp-content\/uploads\/sites\/2\/forminator\/10414_47c7fef6f8c6f15ac1daaf1663bdf562\/uploads\/8aKw8xRn5XoD-PROGRAMACION-2025-2026-pastoral-de-adolescentes.pdf\" target=\"_blank\">8aKw8xRn5XoD-PROGRAMACION-2025-2026-pastoral-de-adolescentes.pdf<\/a><\/a><\/td>\n                    <td style=\"\">15\/09\/2025 05:07 PM<\/td>\n            <\/tr>\n            <tr id=\"table_2_row_284\">\n                    <td style=\"\">Programaci\u00f3n Decanal<\/td>\n                    <td style=\"\">D16 SUR CIUDAD SANTO TORIBIO ROMO GONZALEZ<\/td>\n                    <td style=\"\">Pastoral Prof\u00e9tica<\/td>\n                    <td style=\"\"><a href='<a href=\"https:\/\/diocesisdeaguascalientes.mx\/vicaria-de-pastoral\/wp-content\/uploads\/sites\/2\/forminator\/10414_47c7fef6f8c6f15ac1daaf1663bdf562\/uploads\/RSf3nBJi3Pwf-Programacion-pastoral-profetica-DECANATO-STO.-TORIBIO-2025-2026.pdf\" target=\"_blank\">RSf3nBJi3Pwf-Programacion-pastoral-profetica-DECANATO-STO.-TORIBIO-2025-2026.pdf<\/a>' rel='' target='_blank'><a href=\"https:\/\/diocesisdeaguascalientes.mx\/vicaria-de-pastoral\/wp-content\/uploads\/sites\/2\/forminator\/10414_47c7fef6f8c6f15ac1daaf1663bdf562\/uploads\/RSf3nBJi3Pwf-Programacion-pastoral-profetica-DECANATO-STO.-TORIBIO-2025-2026.pdf\" target=\"_blank\">RSf3nBJi3Pwf-Programacion-pastoral-profetica-DECANATO-STO.-TORIBIO-2025-2026.pdf<\/a><\/a><\/td>\n                    <td style=\"\">13\/09\/2025 06:01 PM<\/td>\n            <\/tr>\n            <tr id=\"table_2_row_285\">\n                    <td style=\"\">Programaci\u00f3n Decanal<\/td>\n                    <td style=\"\">D16 SUR CIUDAD SANTO TORIBIO ROMO GONZALEZ<\/td>\n                    <td style=\"\">Pastoral Social<\/td>\n                    <td style=\"\"><a href='<a href=\"https:\/\/diocesisdeaguascalientes.mx\/vicaria-de-pastoral\/wp-content\/uploads\/sites\/2\/forminator\/10414_47c7fef6f8c6f15ac1daaf1663bdf562\/uploads\/0F3AdJz0Qb2e-PROGRAMACION-ANUAL-DECANAL-pastoral-social-2025-2026.pdf\" target=\"_blank\">0F3AdJz0Qb2e-PROGRAMACION-ANUAL-DECANAL-pastoral-social-2025-2026.pdf<\/a>' rel='' target='_blank'><a href=\"https:\/\/diocesisdeaguascalientes.mx\/vicaria-de-pastoral\/wp-content\/uploads\/sites\/2\/forminator\/10414_47c7fef6f8c6f15ac1daaf1663bdf562\/uploads\/0F3AdJz0Qb2e-PROGRAMACION-ANUAL-DECANAL-pastoral-social-2025-2026.pdf\" target=\"_blank\">0F3AdJz0Qb2e-PROGRAMACION-ANUAL-DECANAL-pastoral-social-2025-2026.pdf<\/a><\/a><\/td>\n                    <td style=\"\">13\/09\/2025 06:01 PM<\/td>\n            <\/tr>\n            <tr id=\"table_2_row_286\">\n                    <td style=\"\">Programaci\u00f3n Decanal<\/td>\n                    <td style=\"\">D16 SUR CIUDAD SANTO TORIBIO ROMO GONZALEZ<\/td>\n                    <td style=\"\">Pastoral de la Comunicaci\u00f3n<\/td>\n                    <td style=\"\"><a href='<a href=\"https:\/\/diocesisdeaguascalientes.mx\/vicaria-de-pastoral\/wp-content\/uploads\/sites\/2\/forminator\/10414_47c7fef6f8c6f15ac1daaf1663bdf562\/uploads\/KlNHqCaoMrTI-Formato-Programacion-Comunicacion-STR-2025-2026.pdf\" target=\"_blank\">KlNHqCaoMrTI-Formato-Programacion-Comunicacion-STR-2025-2026.pdf<\/a>' rel='' target='_blank'><a href=\"https:\/\/diocesisdeaguascalientes.mx\/vicaria-de-pastoral\/wp-content\/uploads\/sites\/2\/forminator\/10414_47c7fef6f8c6f15ac1daaf1663bdf562\/uploads\/KlNHqCaoMrTI-Formato-Programacion-Comunicacion-STR-2025-2026.pdf\" target=\"_blank\">KlNHqCaoMrTI-Formato-Programacion-Comunicacion-STR-2025-2026.pdf<\/a><\/a><\/td>\n                    <td style=\"\">13\/09\/2025 05:58 PM<\/td>\n            <\/tr>\n            <tr id=\"table_2_row_287\">\n                    <td style=\"\">Programaci\u00f3n Parroquial<\/td>\n                    <td style=\"\"><\/td>\n                    <td style=\"\"><\/td>\n                    <td style=\"\"><a href='<a href=\"https:\/\/diocesisdeaguascalientes.mx\/vicaria-de-pastoral\/wp-content\/uploads\/sites\/2\/forminator\/10414_47c7fef6f8c6f15ac1daaf1663bdf562\/uploads\/ITLuDvvfiDo3-ORDEN-SEGLAR-2025-2026.pdf\" target=\"_blank\">ITLuDvvfiDo3-ORDEN-SEGLAR-2025-2026.pdf<\/a>' rel='' target='_blank'><a href=\"https:\/\/diocesisdeaguascalientes.mx\/vicaria-de-pastoral\/wp-content\/uploads\/sites\/2\/forminator\/10414_47c7fef6f8c6f15ac1daaf1663bdf562\/uploads\/ITLuDvvfiDo3-ORDEN-SEGLAR-2025-2026.pdf\" target=\"_blank\">ITLuDvvfiDo3-ORDEN-SEGLAR-2025-2026.pdf<\/a><\/a><\/td>\n                    <td style=\"\">12\/09\/2025 03:45 PM<\/td>\n            <\/tr>\n            <tr id=\"table_2_row_288\">\n                    <td style=\"\">Programaci\u00f3n Parroquial<\/td>\n                    <td style=\"\"><\/td>\n                    <td style=\"\"><\/td>\n                    <td style=\"\"><a href='<a href=\"https:\/\/diocesisdeaguascalientes.mx\/vicaria-de-pastoral\/wp-content\/uploads\/sites\/2\/forminator\/10414_47c7fef6f8c6f15ac1daaf1663bdf562\/uploads\/q4EU8tfJ9szE-LRASF-2025-2026.pdf\" target=\"_blank\">q4EU8tfJ9szE-LRASF-2025-2026.pdf<\/a>' rel='' target='_blank'><a href=\"https:\/\/diocesisdeaguascalientes.mx\/vicaria-de-pastoral\/wp-content\/uploads\/sites\/2\/forminator\/10414_47c7fef6f8c6f15ac1daaf1663bdf562\/uploads\/q4EU8tfJ9szE-LRASF-2025-2026.pdf\" target=\"_blank\">q4EU8tfJ9szE-LRASF-2025-2026.pdf<\/a><\/a><\/td>\n                    <td style=\"\">12\/09\/2025 03:44 PM<\/td>\n            <\/tr>\n            <tr id=\"table_2_row_289\">\n                    <td style=\"\">Programaci\u00f3n Parroquial<\/td>\n                    <td style=\"\"><\/td>\n                    <td style=\"\"><\/td>\n                    <td style=\"\"><a href='<a href=\"https:\/\/diocesisdeaguascalientes.mx\/vicaria-de-pastoral\/wp-content\/uploads\/sites\/2\/forminator\/10414_47c7fef6f8c6f15ac1daaf1663bdf562\/uploads\/8QyduiMymAtg-PASTORAL-DE-LA-COMUNICACION-2025-2026.pdf\" target=\"_blank\">8QyduiMymAtg-PASTORAL-DE-LA-COMUNICACION-2025-2026.pdf<\/a>' rel='' target='_blank'><a href=\"https:\/\/diocesisdeaguascalientes.mx\/vicaria-de-pastoral\/wp-content\/uploads\/sites\/2\/forminator\/10414_47c7fef6f8c6f15ac1daaf1663bdf562\/uploads\/8QyduiMymAtg-PASTORAL-DE-LA-COMUNICACION-2025-2026.pdf\" target=\"_blank\">8QyduiMymAtg-PASTORAL-DE-LA-COMUNICACION-2025-2026.pdf<\/a><\/a><\/td>\n                    <td style=\"\">12\/09\/2025 03:42 PM<\/td>\n            <\/tr>\n            <tr id=\"table_2_row_290\">\n                    <td style=\"\">Programaci\u00f3n Parroquial<\/td>\n                    <td style=\"\"><\/td>\n                    <td style=\"\"><\/td>\n                    <td style=\"\"><a href='<a href=\"https:\/\/diocesisdeaguascalientes.mx\/vicaria-de-pastoral\/wp-content\/uploads\/sites\/2\/forminator\/10414_47c7fef6f8c6f15ac1daaf1663bdf562\/uploads\/OI5Jz9sQXJWE-PASTORAL-JUVENIL-2025-2026.pdf\" target=\"_blank\">OI5Jz9sQXJWE-PASTORAL-JUVENIL-2025-2026.pdf<\/a>' rel='' target='_blank'><a href=\"https:\/\/diocesisdeaguascalientes.mx\/vicaria-de-pastoral\/wp-content\/uploads\/sites\/2\/forminator\/10414_47c7fef6f8c6f15ac1daaf1663bdf562\/uploads\/OI5Jz9sQXJWE-PASTORAL-JUVENIL-2025-2026.pdf\" target=\"_blank\">OI5Jz9sQXJWE-PASTORAL-JUVENIL-2025-2026.pdf<\/a><\/a><\/td>\n                    <td style=\"\">12\/09\/2025 03:41 PM<\/td>\n            <\/tr>\n            <tr id=\"table_2_row_291\">\n                    <td style=\"\">Programaci\u00f3n Parroquial<\/td>\n                    <td style=\"\"><\/td>\n                    <td style=\"\"><\/td>\n                    <td style=\"\"><a href='<a href=\"https:\/\/diocesisdeaguascalientes.mx\/vicaria-de-pastoral\/wp-content\/uploads\/sites\/2\/forminator\/10414_47c7fef6f8c6f15ac1daaf1663bdf562\/uploads\/ULXRDJHarYTE-PASTORAL-DE-ADOLESCENTES-2025-2026.pdf\" target=\"_blank\">ULXRDJHarYTE-PASTORAL-DE-ADOLESCENTES-2025-2026.pdf<\/a>' rel='' target='_blank'><a href=\"https:\/\/diocesisdeaguascalientes.mx\/vicaria-de-pastoral\/wp-content\/uploads\/sites\/2\/forminator\/10414_47c7fef6f8c6f15ac1daaf1663bdf562\/uploads\/ULXRDJHarYTE-PASTORAL-DE-ADOLESCENTES-2025-2026.pdf\" target=\"_blank\">ULXRDJHarYTE-PASTORAL-DE-ADOLESCENTES-2025-2026.pdf<\/a><\/a><\/td>\n                    <td style=\"\">12\/09\/2025 03:41 PM<\/td>\n            <\/tr>\n            <tr id=\"table_2_row_292\">\n                    <td style=\"\">Programaci\u00f3n Parroquial<\/td>\n                    <td style=\"\"><\/td>\n                    <td style=\"\"><\/td>\n                    <td style=\"\"><a href='<a href=\"https:\/\/diocesisdeaguascalientes.mx\/vicaria-de-pastoral\/wp-content\/uploads\/sites\/2\/forminator\/10414_47c7fef6f8c6f15ac1daaf1663bdf562\/uploads\/3op2IldsHQCE-PASTORAL-FAMILIAR-2025-2026.pdf\" target=\"_blank\">3op2IldsHQCE-PASTORAL-FAMILIAR-2025-2026.pdf<\/a>' rel='' target='_blank'><a href=\"https:\/\/diocesisdeaguascalientes.mx\/vicaria-de-pastoral\/wp-content\/uploads\/sites\/2\/forminator\/10414_47c7fef6f8c6f15ac1daaf1663bdf562\/uploads\/3op2IldsHQCE-PASTORAL-FAMILIAR-2025-2026.pdf\" target=\"_blank\">3op2IldsHQCE-PASTORAL-FAMILIAR-2025-2026.pdf<\/a><\/a><\/td>\n                    <td style=\"\">12\/09\/2025 03:40 PM<\/td>\n            <\/tr>\n            <tr id=\"table_2_row_293\">\n                    <td style=\"\">Programaci\u00f3n Parroquial<\/td>\n                    <td style=\"\"><\/td>\n                    <td style=\"\"><\/td>\n                    <td style=\"\"><a href='<a href=\"https:\/\/diocesisdeaguascalientes.mx\/vicaria-de-pastoral\/wp-content\/uploads\/sites\/2\/forminator\/10414_47c7fef6f8c6f15ac1daaf1663bdf562\/uploads\/LfUWeb8kQmw2-PASTORAL-SOCIAL-2025-2026.pdf\" target=\"_blank\">LfUWeb8kQmw2-PASTORAL-SOCIAL-2025-2026.pdf<\/a>' rel='' target='_blank'><a href=\"https:\/\/diocesisdeaguascalientes.mx\/vicaria-de-pastoral\/wp-content\/uploads\/sites\/2\/forminator\/10414_47c7fef6f8c6f15ac1daaf1663bdf562\/uploads\/LfUWeb8kQmw2-PASTORAL-SOCIAL-2025-2026.pdf\" target=\"_blank\">LfUWeb8kQmw2-PASTORAL-SOCIAL-2025-2026.pdf<\/a><\/a><\/td>\n                    <td style=\"\">12\/09\/2025 03:40 PM<\/td>\n            <\/tr>\n            <tr id=\"table_2_row_294\">\n                    <td style=\"\">Programaci\u00f3n Parroquial<\/td>\n                    <td style=\"\"><\/td>\n                    <td style=\"\"><\/td>\n                    <td style=\"\"><a href='<a href=\"https:\/\/diocesisdeaguascalientes.mx\/vicaria-de-pastoral\/wp-content\/uploads\/sites\/2\/forminator\/10414_47c7fef6f8c6f15ac1daaf1663bdf562\/uploads\/z6Us8ghhCmsI-PASTORAL-LITURGICA-2025-2026.pdf\" target=\"_blank\">z6Us8ghhCmsI-PASTORAL-LITURGICA-2025-2026.pdf<\/a>' rel='' target='_blank'><a href=\"https:\/\/diocesisdeaguascalientes.mx\/vicaria-de-pastoral\/wp-content\/uploads\/sites\/2\/forminator\/10414_47c7fef6f8c6f15ac1daaf1663bdf562\/uploads\/z6Us8ghhCmsI-PASTORAL-LITURGICA-2025-2026.pdf\" target=\"_blank\">z6Us8ghhCmsI-PASTORAL-LITURGICA-2025-2026.pdf<\/a><\/a><\/td>\n                    <td style=\"\">12\/09\/2025 03:39 PM<\/td>\n            <\/tr>\n            <tr id=\"table_2_row_295\">\n                    <td style=\"\">Programaci\u00f3n Parroquial<\/td>\n                    <td style=\"\"><\/td>\n                    <td style=\"\"><\/td>\n                    <td style=\"\"><a href='<a href=\"https:\/\/diocesisdeaguascalientes.mx\/vicaria-de-pastoral\/wp-content\/uploads\/sites\/2\/forminator\/10414_47c7fef6f8c6f15ac1daaf1663bdf562\/uploads\/wmZDyoNTo04G-ANIMACION-PASTORAL-2025-2026-1.pdf\" target=\"_blank\">wmZDyoNTo04G-ANIMACION-PASTORAL-2025-2026-1.pdf<\/a>' rel='' target='_blank'><a href=\"https:\/\/diocesisdeaguascalientes.mx\/vicaria-de-pastoral\/wp-content\/uploads\/sites\/2\/forminator\/10414_47c7fef6f8c6f15ac1daaf1663bdf562\/uploads\/wmZDyoNTo04G-ANIMACION-PASTORAL-2025-2026-1.pdf\" target=\"_blank\">wmZDyoNTo04G-ANIMACION-PASTORAL-2025-2026-1.pdf<\/a><\/a><\/td>\n                    <td style=\"\">12\/09\/2025 03:39 PM<\/td>\n            <\/tr>\n            <tr id=\"table_2_row_296\">\n                    <td style=\"\">Programaci\u00f3n Parroquial<\/td>\n                    <td style=\"\"><\/td>\n                    <td style=\"\"><\/td>\n                    <td style=\"\"><a href='<a href=\"https:\/\/diocesisdeaguascalientes.mx\/vicaria-de-pastoral\/wp-content\/uploads\/sites\/2\/forminator\/10414_47c7fef6f8c6f15ac1daaf1663bdf562\/uploads\/lphrGY3TTFiA-PASTORAL-PROFETICA-2025-2026.pdf\" target=\"_blank\">lphrGY3TTFiA-PASTORAL-PROFETICA-2025-2026.pdf<\/a>' rel='' target='_blank'><a href=\"https:\/\/diocesisdeaguascalientes.mx\/vicaria-de-pastoral\/wp-content\/uploads\/sites\/2\/forminator\/10414_47c7fef6f8c6f15ac1daaf1663bdf562\/uploads\/lphrGY3TTFiA-PASTORAL-PROFETICA-2025-2026.pdf\" target=\"_blank\">lphrGY3TTFiA-PASTORAL-PROFETICA-2025-2026.pdf<\/a><\/a><\/td>\n                    <td style=\"\">12\/09\/2025 03:38 PM<\/td>\n            <\/tr>\n            <tr id=\"table_2_row_297\">\n                    <td style=\"\">Programaci\u00f3n de Dimensi\u00f3n de una Comisi\u00f3n Diocesana de Pastoral<\/td>\n                    <td style=\"\"><\/td>\n                    <td style=\"\"><\/td>\n                    <td style=\"\"><a href='<a href=\"https:\/\/diocesisdeaguascalientes.mx\/vicaria-de-pastoral\/wp-content\/uploads\/sites\/2\/forminator\/10414_47c7fef6f8c6f15ac1daaf1663bdf562\/uploads\/diY9SaOdX25i-Programacion-CASBC-2025-2026.pdf\" target=\"_blank\">diY9SaOdX25i-Programacion-CASBC-2025-2026.pdf<\/a>' rel='' target='_blank'><a href=\"https:\/\/diocesisdeaguascalientes.mx\/vicaria-de-pastoral\/wp-content\/uploads\/sites\/2\/forminator\/10414_47c7fef6f8c6f15ac1daaf1663bdf562\/uploads\/diY9SaOdX25i-Programacion-CASBC-2025-2026.pdf\" target=\"_blank\">diY9SaOdX25i-Programacion-CASBC-2025-2026.pdf<\/a><\/a><\/td>\n                    <td style=\"\">11\/09\/2025 10:56 PM<\/td>\n            <\/tr>\n            <tr id=\"table_2_row_298\">\n                    <td style=\"\">Programaci\u00f3n Decanal<\/td>\n                    <td style=\"\">D14 NORESTE FORANEO SAN SABAS REYES SALAZAR<\/td>\n                    <td style=\"\">Organismos Eclesiales Laicales (OEL)<\/td>\n                    <td style=\"\"><a href='<a href=\"https:\/\/diocesisdeaguascalientes.mx\/vicaria-de-pastoral\/wp-content\/uploads\/sites\/2\/forminator\/10414_47c7fef6f8c6f15ac1daaf1663bdf562\/uploads\/HpwrpwPF3zcZ-Programacion-Organismos-Eclesiales-Laicales.pdf\" target=\"_blank\">HpwrpwPF3zcZ-Programacion-Organismos-Eclesiales-Laicales.pdf<\/a>' rel='' target='_blank'><a href=\"https:\/\/diocesisdeaguascalientes.mx\/vicaria-de-pastoral\/wp-content\/uploads\/sites\/2\/forminator\/10414_47c7fef6f8c6f15ac1daaf1663bdf562\/uploads\/HpwrpwPF3zcZ-Programacion-Organismos-Eclesiales-Laicales.pdf\" target=\"_blank\">HpwrpwPF3zcZ-Programacion-Organismos-Eclesiales-Laicales.pdf<\/a><\/a><\/td>\n                    <td style=\"\">11\/09\/2025 01:41 PM<\/td>\n            <\/tr>\n            <tr id=\"table_2_row_299\">\n                    <td style=\"\">Programaci\u00f3n Decanal<\/td>\n                    <td style=\"\">D14 NORESTE FORANEO SAN SABAS REYES SALAZAR<\/td>\n                    <td style=\"\">Pastoral de la Comunicaci\u00f3n<\/td>\n                    <td style=\"\"><a href='<a href=\"https:\/\/diocesisdeaguascalientes.mx\/vicaria-de-pastoral\/wp-content\/uploads\/sites\/2\/forminator\/10414_47c7fef6f8c6f15ac1daaf1663bdf562\/uploads\/IgifJeIGDEiC-Programacion-Pastoral-de-la-Comunicacion.pdf\" target=\"_blank\">IgifJeIGDEiC-Programacion-Pastoral-de-la-Comunicacion.pdf<\/a>' rel='' target='_blank'><a href=\"https:\/\/diocesisdeaguascalientes.mx\/vicaria-de-pastoral\/wp-content\/uploads\/sites\/2\/forminator\/10414_47c7fef6f8c6f15ac1daaf1663bdf562\/uploads\/IgifJeIGDEiC-Programacion-Pastoral-de-la-Comunicacion.pdf\" target=\"_blank\">IgifJeIGDEiC-Programacion-Pastoral-de-la-Comunicacion.pdf<\/a><\/a><\/td>\n                    <td style=\"\">11\/09\/2025 01:40 PM<\/td>\n            <\/tr>\n            <tr id=\"table_2_row_300\">\n                    <td style=\"\">Programaci\u00f3n Decanal<\/td>\n                    <td style=\"\">D14 NORESTE FORANEO SAN SABAS REYES SALAZAR<\/td>\n                    <td style=\"\">Pastoral Juvenil<\/td>\n                    <td style=\"\"><a href='<a href=\"https:\/\/diocesisdeaguascalientes.mx\/vicaria-de-pastoral\/wp-content\/uploads\/sites\/2\/forminator\/10414_47c7fef6f8c6f15ac1daaf1663bdf562\/uploads\/cLoVTessMA43-Pragramacion-Pastoral-Juvenil.pdf\" target=\"_blank\">cLoVTessMA43-Pragramacion-Pastoral-Juvenil.pdf<\/a>' rel='' target='_blank'><a href=\"https:\/\/diocesisdeaguascalientes.mx\/vicaria-de-pastoral\/wp-content\/uploads\/sites\/2\/forminator\/10414_47c7fef6f8c6f15ac1daaf1663bdf562\/uploads\/cLoVTessMA43-Pragramacion-Pastoral-Juvenil.pdf\" target=\"_blank\">cLoVTessMA43-Pragramacion-Pastoral-Juvenil.pdf<\/a><\/a><\/td>\n                    <td style=\"\">11\/09\/2025 01:40 PM<\/td>\n            <\/tr>\n            <tr id=\"table_2_row_301\">\n                    <td style=\"\">Programaci\u00f3n Decanal<\/td>\n                    <td style=\"\">D14 NORESTE FORANEO SAN SABAS REYES SALAZAR<\/td>\n                    <td style=\"\">Pastoral de Adolescentes<\/td>\n                    <td style=\"\"><a href='<a href=\"https:\/\/diocesisdeaguascalientes.mx\/vicaria-de-pastoral\/wp-content\/uploads\/sites\/2\/forminator\/10414_47c7fef6f8c6f15ac1daaf1663bdf562\/uploads\/vpkg3hYw8AmV-Programacion-Pastoral-de-Adolescentes.pdf\" target=\"_blank\">vpkg3hYw8AmV-Programacion-Pastoral-de-Adolescentes.pdf<\/a>' rel='' target='_blank'><a href=\"https:\/\/diocesisdeaguascalientes.mx\/vicaria-de-pastoral\/wp-content\/uploads\/sites\/2\/forminator\/10414_47c7fef6f8c6f15ac1daaf1663bdf562\/uploads\/vpkg3hYw8AmV-Programacion-Pastoral-de-Adolescentes.pdf\" target=\"_blank\">vpkg3hYw8AmV-Programacion-Pastoral-de-Adolescentes.pdf<\/a><\/a><\/td>\n                    <td style=\"\">11\/09\/2025 01:40 PM<\/td>\n            <\/tr>\n            <tr id=\"table_2_row_302\">\n                    <td style=\"\">Programaci\u00f3n Decanal<\/td>\n                    <td style=\"\">D14 NORESTE FORANEO SAN SABAS REYES SALAZAR<\/td>\n                    <td style=\"\">Pastoral Familiar<\/td>\n                    <td style=\"\"><a href='<a href=\"https:\/\/diocesisdeaguascalientes.mx\/vicaria-de-pastoral\/wp-content\/uploads\/sites\/2\/forminator\/10414_47c7fef6f8c6f15ac1daaf1663bdf562\/uploads\/1gRc5bh87CVd-Programacion-Pastoral-Familiar.pdf\" target=\"_blank\">1gRc5bh87CVd-Programacion-Pastoral-Familiar.pdf<\/a>' rel='' target='_blank'><a href=\"https:\/\/diocesisdeaguascalientes.mx\/vicaria-de-pastoral\/wp-content\/uploads\/sites\/2\/forminator\/10414_47c7fef6f8c6f15ac1daaf1663bdf562\/uploads\/1gRc5bh87CVd-Programacion-Pastoral-Familiar.pdf\" target=\"_blank\">1gRc5bh87CVd-Programacion-Pastoral-Familiar.pdf<\/a><\/a><\/td>\n                    <td style=\"\">11\/09\/2025 01:39 PM<\/td>\n            <\/tr>\n            <tr id=\"table_2_row_303\">\n                    <td style=\"\">Programaci\u00f3n Decanal<\/td>\n                    <td style=\"\">D14 NORESTE FORANEO SAN SABAS REYES SALAZAR<\/td>\n                    <td style=\"\">Pastoral Social<\/td>\n                    <td style=\"\"><a href='<a href=\"https:\/\/diocesisdeaguascalientes.mx\/vicaria-de-pastoral\/wp-content\/uploads\/sites\/2\/forminator\/10414_47c7fef6f8c6f15ac1daaf1663bdf562\/uploads\/o24H9Ai3Butq-Programacion-Pastoral-Social.pdf\" target=\"_blank\">o24H9Ai3Butq-Programacion-Pastoral-Social.pdf<\/a>' rel='' target='_blank'><a href=\"https:\/\/diocesisdeaguascalientes.mx\/vicaria-de-pastoral\/wp-content\/uploads\/sites\/2\/forminator\/10414_47c7fef6f8c6f15ac1daaf1663bdf562\/uploads\/o24H9Ai3Butq-Programacion-Pastoral-Social.pdf\" target=\"_blank\">o24H9Ai3Butq-Programacion-Pastoral-Social.pdf<\/a><\/a><\/td>\n                    <td style=\"\">11\/09\/2025 01:39 PM<\/td>\n            <\/tr>\n            <tr id=\"table_2_row_304\">\n                    <td style=\"\">Programaci\u00f3n Decanal<\/td>\n                    <td style=\"\">D14 NORESTE FORANEO SAN SABAS REYES SALAZAR<\/td>\n                    <td style=\"\">Pastoral Lit\u00fargica<\/td>\n                    <td style=\"\"><a href='<a href=\"https:\/\/diocesisdeaguascalientes.mx\/vicaria-de-pastoral\/wp-content\/uploads\/sites\/2\/forminator\/10414_47c7fef6f8c6f15ac1daaf1663bdf562\/uploads\/6goEqinERRYq-Programacion-Pastoral-Liturgica.pdf\" target=\"_blank\">6goEqinERRYq-Programacion-Pastoral-Liturgica.pdf<\/a>' rel='' target='_blank'><a href=\"https:\/\/diocesisdeaguascalientes.mx\/vicaria-de-pastoral\/wp-content\/uploads\/sites\/2\/forminator\/10414_47c7fef6f8c6f15ac1daaf1663bdf562\/uploads\/6goEqinERRYq-Programacion-Pastoral-Liturgica.pdf\" target=\"_blank\">6goEqinERRYq-Programacion-Pastoral-Liturgica.pdf<\/a><\/a><\/td>\n                    <td style=\"\">11\/09\/2025 01:39 PM<\/td>\n            <\/tr>\n            <tr id=\"table_2_row_305\">\n                    <td style=\"\">Programaci\u00f3n Decanal<\/td>\n                    <td style=\"\">D14 NORESTE FORANEO SAN SABAS REYES SALAZAR<\/td>\n                    <td style=\"\">Pastoral Prof\u00e9tica<\/td>\n                    <td style=\"\"><a href='<a href=\"https:\/\/diocesisdeaguascalientes.mx\/vicaria-de-pastoral\/wp-content\/uploads\/sites\/2\/forminator\/10414_47c7fef6f8c6f15ac1daaf1663bdf562\/uploads\/3OihSCfNU9mr-Programacion-Pastoral-Profetica.pdf\" target=\"_blank\">3OihSCfNU9mr-Programacion-Pastoral-Profetica.pdf<\/a>' rel='' target='_blank'><a href=\"https:\/\/diocesisdeaguascalientes.mx\/vicaria-de-pastoral\/wp-content\/uploads\/sites\/2\/forminator\/10414_47c7fef6f8c6f15ac1daaf1663bdf562\/uploads\/3OihSCfNU9mr-Programacion-Pastoral-Profetica.pdf\" target=\"_blank\">3OihSCfNU9mr-Programacion-Pastoral-Profetica.pdf<\/a><\/a><\/td>\n                    <td style=\"\">11\/09\/2025 01:38 PM<\/td>\n            <\/tr>\n            <tr id=\"table_2_row_306\">\n                    <td style=\"\">Programaci\u00f3n Decanal<\/td>\n                    <td style=\"\">D14 NORESTE FORANEO SAN SABAS REYES SALAZAR<\/td>\n                    <td style=\"\">Animaci\u00f3n Pastoral<\/td>\n                    <td style=\"\"><a href='<a href=\"https:\/\/diocesisdeaguascalientes.mx\/vicaria-de-pastoral\/wp-content\/uploads\/sites\/2\/forminator\/10414_47c7fef6f8c6f15ac1daaf1663bdf562\/uploads\/39hiWhT9DChr-Programacion-Animacion-Pastoral.pdf\" target=\"_blank\">39hiWhT9DChr-Programacion-Animacion-Pastoral.pdf<\/a>' rel='' target='_blank'><a href=\"https:\/\/diocesisdeaguascalientes.mx\/vicaria-de-pastoral\/wp-content\/uploads\/sites\/2\/forminator\/10414_47c7fef6f8c6f15ac1daaf1663bdf562\/uploads\/39hiWhT9DChr-Programacion-Animacion-Pastoral.pdf\" target=\"_blank\">39hiWhT9DChr-Programacion-Animacion-Pastoral.pdf<\/a><\/a><\/td>\n                    <td style=\"\">11\/09\/2025 01:38 PM<\/td>\n            <\/tr>\n            <tr id=\"table_2_row_307\">\n                    <td style=\"\">Programaci\u00f3n Decanal<\/td>\n                    <td style=\"\">D16 SUR CIUDAD SANTO TORIBIO ROMO GONZALEZ<\/td>\n                    <td style=\"\">Pastoral Juvenil<\/td>\n                    <td style=\"\"><a href='<a href=\"https:\/\/diocesisdeaguascalientes.mx\/vicaria-de-pastoral\/wp-content\/uploads\/sites\/2\/forminator\/10414_47c7fef6f8c6f15ac1daaf1663bdf562\/uploads\/YjcLndYvhVeW-PROGRAMACION-DECANAL-PASTORAL-JUVENIL-2025-2026.pdf\" target=\"_blank\">YjcLndYvhVeW-PROGRAMACION-DECANAL-PASTORAL-JUVENIL-2025-2026.pdf<\/a>' rel='' target='_blank'><a href=\"https:\/\/diocesisdeaguascalientes.mx\/vicaria-de-pastoral\/wp-content\/uploads\/sites\/2\/forminator\/10414_47c7fef6f8c6f15ac1daaf1663bdf562\/uploads\/YjcLndYvhVeW-PROGRAMACION-DECANAL-PASTORAL-JUVENIL-2025-2026.pdf\" target=\"_blank\">YjcLndYvhVeW-PROGRAMACION-DECANAL-PASTORAL-JUVENIL-2025-2026.pdf<\/a><\/a><\/td>\n                    <td style=\"\">10\/09\/2025 09:27 PM<\/td>\n            <\/tr>\n            <tr id=\"table_2_row_308\">\n                    <td style=\"\">Programaci\u00f3n Decanal<\/td>\n                    <td style=\"\">D16 SUR CIUDAD SANTO TORIBIO ROMO GONZALEZ<\/td>\n                    <td style=\"\">Pastoral Lit\u00fargica<\/td>\n                    <td style=\"\"><a href='<a href=\"https:\/\/diocesisdeaguascalientes.mx\/vicaria-de-pastoral\/wp-content\/uploads\/sites\/2\/forminator\/10414_47c7fef6f8c6f15ac1daaf1663bdf562\/uploads\/XhxWNOjHc49H-PROGRAMACION-PASTORAL-DECANAL-LITURGIA-2025.pdf\" target=\"_blank\">XhxWNOjHc49H-PROGRAMACION-PASTORAL-DECANAL-LITURGIA-2025.pdf<\/a>' rel='' target='_blank'><a href=\"https:\/\/diocesisdeaguascalientes.mx\/vicaria-de-pastoral\/wp-content\/uploads\/sites\/2\/forminator\/10414_47c7fef6f8c6f15ac1daaf1663bdf562\/uploads\/XhxWNOjHc49H-PROGRAMACION-PASTORAL-DECANAL-LITURGIA-2025.pdf\" target=\"_blank\">XhxWNOjHc49H-PROGRAMACION-PASTORAL-DECANAL-LITURGIA-2025.pdf<\/a><\/a><\/td>\n                    <td style=\"\">10\/09\/2025 09:23 PM<\/td>\n            <\/tr>\n            <tr id=\"table_2_row_309\">\n                    <td style=\"\">Programaci\u00f3n Decanal<\/td>\n                    <td style=\"\">D15 NOROESTE I FORANEO SAN SALVADOR LARA PUENTE<\/td>\n                    <td style=\"\">Pastoral Prof\u00e9tica<\/td>\n                    <td style=\"\"><a href='<a href=\"https:\/\/diocesisdeaguascalientes.mx\/vicaria-de-pastoral\/wp-content\/uploads\/sites\/2\/forminator\/10414_47c7fef6f8c6f15ac1daaf1663bdf562\/uploads\/M8UQaHN8hP3V-PASTORAL-PROFETICA.pdf\" target=\"_blank\">M8UQaHN8hP3V-PASTORAL-PROFETICA.pdf<\/a>' rel='' target='_blank'><a href=\"https:\/\/diocesisdeaguascalientes.mx\/vicaria-de-pastoral\/wp-content\/uploads\/sites\/2\/forminator\/10414_47c7fef6f8c6f15ac1daaf1663bdf562\/uploads\/M8UQaHN8hP3V-PASTORAL-PROFETICA.pdf\" target=\"_blank\">M8UQaHN8hP3V-PASTORAL-PROFETICA.pdf<\/a><\/a><\/td>\n                    <td style=\"\">10\/09\/2025 07:02 PM<\/td>\n            <\/tr>\n            <tr id=\"table_2_row_310\">\n                    <td style=\"\">Programaci\u00f3n Decanal<\/td>\n                    <td style=\"\">D15 NOROESTE I FORANEO SAN SALVADOR LARA PUENTE<\/td>\n                    <td style=\"\">Organismos Eclesiales Laicales (OEL)<\/td>\n                    <td style=\"\"><a href='<a href=\"https:\/\/diocesisdeaguascalientes.mx\/vicaria-de-pastoral\/wp-content\/uploads\/sites\/2\/forminator\/10414_47c7fef6f8c6f15ac1daaf1663bdf562\/uploads\/8NnFL1pDmC9f-ORDANISMOS-LAICALES.pdf\" target=\"_blank\">8NnFL1pDmC9f-ORDANISMOS-LAICALES.pdf<\/a>' rel='' target='_blank'><a href=\"https:\/\/diocesisdeaguascalientes.mx\/vicaria-de-pastoral\/wp-content\/uploads\/sites\/2\/forminator\/10414_47c7fef6f8c6f15ac1daaf1663bdf562\/uploads\/8NnFL1pDmC9f-ORDANISMOS-LAICALES.pdf\" target=\"_blank\">8NnFL1pDmC9f-ORDANISMOS-LAICALES.pdf<\/a><\/a><\/td>\n                    <td style=\"\">10\/09\/2025 03:36 PM<\/td>\n            <\/tr>\n            <tr id=\"table_2_row_311\">\n                    <td style=\"\">Programaci\u00f3n Decanal<\/td>\n                    <td style=\"\">D15 NOROESTE I FORANEO SAN SALVADOR LARA PUENTE<\/td>\n                    <td style=\"\">Pastoral de Adolescentes<\/td>\n                    <td style=\"\"><a href='<a href=\"https:\/\/diocesisdeaguascalientes.mx\/vicaria-de-pastoral\/wp-content\/uploads\/sites\/2\/forminator\/10414_47c7fef6f8c6f15ac1daaf1663bdf562\/uploads\/jvaXO1vgesHP-PASTORAL-DE-ADOLESCENTES.pdf\" target=\"_blank\">jvaXO1vgesHP-PASTORAL-DE-ADOLESCENTES.pdf<\/a>' rel='' target='_blank'><a href=\"https:\/\/diocesisdeaguascalientes.mx\/vicaria-de-pastoral\/wp-content\/uploads\/sites\/2\/forminator\/10414_47c7fef6f8c6f15ac1daaf1663bdf562\/uploads\/jvaXO1vgesHP-PASTORAL-DE-ADOLESCENTES.pdf\" target=\"_blank\">jvaXO1vgesHP-PASTORAL-DE-ADOLESCENTES.pdf<\/a><\/a><\/td>\n                    <td style=\"\">10\/09\/2025 03:36 PM<\/td>\n            <\/tr>\n            <tr id=\"table_2_row_312\">\n                    <td style=\"\">Programaci\u00f3n Decanal<\/td>\n                    <td style=\"\">D15 NOROESTE I FORANEO SAN SALVADOR LARA PUENTE<\/td>\n                    <td style=\"\">Pastoral Familiar<\/td>\n                    <td style=\"\"><a href='<a href=\"https:\/\/diocesisdeaguascalientes.mx\/vicaria-de-pastoral\/wp-content\/uploads\/sites\/2\/forminator\/10414_47c7fef6f8c6f15ac1daaf1663bdf562\/uploads\/BX7mbkyTMKSG-PASTORAL-FAMILIAR.pdf\" target=\"_blank\">BX7mbkyTMKSG-PASTORAL-FAMILIAR.pdf<\/a>' rel='' target='_blank'><a href=\"https:\/\/diocesisdeaguascalientes.mx\/vicaria-de-pastoral\/wp-content\/uploads\/sites\/2\/forminator\/10414_47c7fef6f8c6f15ac1daaf1663bdf562\/uploads\/BX7mbkyTMKSG-PASTORAL-FAMILIAR.pdf\" target=\"_blank\">BX7mbkyTMKSG-PASTORAL-FAMILIAR.pdf<\/a><\/a><\/td>\n                    <td style=\"\">10\/09\/2025 03:35 PM<\/td>\n            <\/tr>\n            <tr id=\"table_2_row_313\">\n                    <td style=\"\">Programaci\u00f3n Decanal<\/td>\n                    <td style=\"\">D15 NOROESTE I FORANEO SAN SALVADOR LARA PUENTE<\/td>\n                    <td style=\"\">Pastoral Social<\/td>\n                    <td style=\"\"><a href='<a href=\"https:\/\/diocesisdeaguascalientes.mx\/vicaria-de-pastoral\/wp-content\/uploads\/sites\/2\/forminator\/10414_47c7fef6f8c6f15ac1daaf1663bdf562\/uploads\/ztDl9Ilr5I15-PASTORAL-SOCIAL.pdf\" target=\"_blank\">ztDl9Ilr5I15-PASTORAL-SOCIAL.pdf<\/a>' rel='' target='_blank'><a href=\"https:\/\/diocesisdeaguascalientes.mx\/vicaria-de-pastoral\/wp-content\/uploads\/sites\/2\/forminator\/10414_47c7fef6f8c6f15ac1daaf1663bdf562\/uploads\/ztDl9Ilr5I15-PASTORAL-SOCIAL.pdf\" target=\"_blank\">ztDl9Ilr5I15-PASTORAL-SOCIAL.pdf<\/a><\/a><\/td>\n                    <td style=\"\">10\/09\/2025 03:35 PM<\/td>\n            <\/tr>\n            <tr id=\"table_2_row_314\">\n                    <td style=\"\">Programaci\u00f3n Decanal<\/td>\n                    <td style=\"\">D15 NOROESTE I FORANEO SAN SALVADOR LARA PUENTE<\/td>\n                    <td style=\"\">Pastoral Lit\u00fargica<\/td>\n                    <td style=\"\"><a href='<a href=\"https:\/\/diocesisdeaguascalientes.mx\/vicaria-de-pastoral\/wp-content\/uploads\/sites\/2\/forminator\/10414_47c7fef6f8c6f15ac1daaf1663bdf562\/uploads\/rKZ2HusKOwo7-PASTORAL-LITURGICA.pdf\" target=\"_blank\">rKZ2HusKOwo7-PASTORAL-LITURGICA.pdf<\/a>' rel='' target='_blank'><a href=\"https:\/\/diocesisdeaguascalientes.mx\/vicaria-de-pastoral\/wp-content\/uploads\/sites\/2\/forminator\/10414_47c7fef6f8c6f15ac1daaf1663bdf562\/uploads\/rKZ2HusKOwo7-PASTORAL-LITURGICA.pdf\" target=\"_blank\">rKZ2HusKOwo7-PASTORAL-LITURGICA.pdf<\/a><\/a><\/td>\n                    <td style=\"\">10\/09\/2025 03:34 PM<\/td>\n            <\/tr>\n            <tr id=\"table_2_row_315\">\n                    <td style=\"\">Programaci\u00f3n Decanal<\/td>\n                    <td style=\"\">D15 NOROESTE I FORANEO SAN SALVADOR LARA PUENTE<\/td>\n                    <td style=\"\">Animaci\u00f3n Pastoral<\/td>\n                    <td style=\"\"><a href='<a href=\"https:\/\/diocesisdeaguascalientes.mx\/vicaria-de-pastoral\/wp-content\/uploads\/sites\/2\/forminator\/10414_47c7fef6f8c6f15ac1daaf1663bdf562\/uploads\/gArvjaXHzhG2-EDEAP.pdf\" target=\"_blank\">gArvjaXHzhG2-EDEAP.pdf<\/a>' rel='' target='_blank'><a href=\"https:\/\/diocesisdeaguascalientes.mx\/vicaria-de-pastoral\/wp-content\/uploads\/sites\/2\/forminator\/10414_47c7fef6f8c6f15ac1daaf1663bdf562\/uploads\/gArvjaXHzhG2-EDEAP.pdf\" target=\"_blank\">gArvjaXHzhG2-EDEAP.pdf<\/a><\/a><\/td>\n                    <td style=\"\">10\/09\/2025 03:31 PM<\/td>\n            <\/tr>\n            <tr id=\"table_2_row_316\">\n                    <td style=\"\">Programaci\u00f3n de Vicar\u00eda Episcopal<\/td>\n                    <td style=\"\"><\/td>\n                    <td style=\"\"><\/td>\n                    <td style=\"\"><a href='<a href=\"https:\/\/diocesisdeaguascalientes.mx\/vicaria-de-pastoral\/wp-content\/uploads\/sites\/2\/forminator\/10414_47c7fef6f8c6f15ac1daaf1663bdf562\/uploads\/losS1l7TvWrd-PROGRAMACION-2025-2026-CIRM.pdf\" target=\"_blank\">losS1l7TvWrd-PROGRAMACION-2025-2026-CIRM.pdf<\/a>' rel='' target='_blank'><a href=\"https:\/\/diocesisdeaguascalientes.mx\/vicaria-de-pastoral\/wp-content\/uploads\/sites\/2\/forminator\/10414_47c7fef6f8c6f15ac1daaf1663bdf562\/uploads\/losS1l7TvWrd-PROGRAMACION-2025-2026-CIRM.pdf\" target=\"_blank\">losS1l7TvWrd-PROGRAMACION-2025-2026-CIRM.pdf<\/a><\/a><\/td>\n                    <td style=\"\">10\/09\/2025 11:24 AM<\/td>\n            <\/tr>\n    <\/tbody>        <!-- \/Table body -->\n\n        \n    <\/table>\n\n        <span class=\"powered_by_link d-block m-l-10 m-t-10 m-b-10\">Generated by <a href=\"https:\/\/wpdatatables.com\" rel=\"nofollow\" target=\"_blank\">wpDataTables<\/a><\/span>\n<\/div><style>\ntable.wpDataTable { table-layout: fixed !important; }\ntable.wpDataTable td, table.wpDataTable th { white-space: normal !important; }\ntable.wpDataTable td.numdata { text-align: right !important; }\n<\/style>\n[\/et_pb_code][\/et_pb_column][\/et_pb_row][\/et_pb_section][et_pb_section fb_built=\u00bb1&#8243; specialty=\u00bbon\u00bb custom_padding_last_edited=\u00bboff|phone\u00bb padding_bottom_2=\u00bb40px\u00bb padding_top_bottom_link_2=\u00bbfalse\u00bb padding_left_right_link_2=\u00bbfalse\u00bb admin_label=\u00bbFooter\u00bb _builder_version=\u00bb4.25.1&#8243; _module_preset=\u00bbdefault\u00bb background_image=\u00bbhttps:\/\/diocesisdeaguascalientes.mx\/vicaria-de-pastoral\/wp-content\/uploads\/sites\/2\/2024\/05\/catedralbasilicadeags.png\u00bb custom_padding=\u00bb10%||0px||false|false\u00bb custom_padding_tablet=\u00bb||||false|false\u00bb custom_padding_phone=\u00bb||||false|false\u00bb animation_direction=\u00bbbottom\u00bb saved_tabs=\u00bball\u00bb collapsed=\u00bbon\u00bb global_colors_info=\u00bb{%22gcid-46874eab-1479-4e97-a380-8c3d8f036d9c%22:%91%22colorEnd%22%93}\u00bb][et_pb_column type=\u00bb2_3&#8243; specialty_columns=\u00bb2&#8243; _builder_version=\u00bb4.16&#8243; custom_padding=\u00bb|||\u00bb global_colors_info=\u00bb{}\u00bb custom_padding__hover=\u00bb|||\u00bb][et_pb_row_inner custom_padding_last_edited=\u00bbon|phone\u00bb _builder_version=\u00bb4.16&#8243; _module_preset=\u00bbdefault\u00bb background_color=\u00bb#03033A\u00bb custom_padding=\u00bb80px|8%||8%|false|true\u00bb custom_padding_tablet=\u00bb60px|60px||60px|false|true\u00bb custom_padding_phone=\u00bb30px|20px||20px|false|true\u00bb global_colors_info=\u00bb{%22gcid-c9411f34-b37e-4feb-a841-9533663e2403%22:%91%22background_color%22%93}\u00bb][et_pb_column_inner saved_specialty_column_type=\u00bb2_3&#8243; _builder_version=\u00bb4.16&#8243; _module_preset=\u00bbdefault\u00bb global_colors_info=\u00bb{}\u00bb][et_pb_text _builder_version=\u00bb4.25.1&#8243; _module_preset=\u00bb32021f09-dd67-47fb-8f9a-832b72a38baf\u00bb header_2_font=\u00bbContenido|700|||||||\u00bb header_2_text_color=\u00bb#d1ccbd\u00bb header_2_font_size=\u00bb60px\u00bb header_2_line_height=\u00bb1.1em\u00bb custom_margin=\u00bb||10px||false|false\u00bb animation_direction=\u00bbleft\u00bb header_2_font_size_tablet=\u00bb35px\u00bb header_2_font_size_phone=\u00bb22px\u00bb header_2_font_size_last_edited=\u00bbon|phone\u00bb locked=\u00bboff\u00bb global_colors_info=\u00bb{}\u00bb]<\/p>\n<h2>CONTACTO<\/h2>\n<p>[\/et_pb_text][\/et_pb_column_inner][\/et_pb_row_inner][et_pb_row_inner column_structure=\u00bb1_2,1_2&#8243; custom_padding_last_edited=\u00bbon|phone\u00bb _builder_version=\u00bb4.16&#8243; _module_preset=\u00bbdefault\u00bb background_color=\u00bb#03033A\u00bb custom_padding=\u00bb|8%|80px|8%|false|true\u00bb custom_padding_tablet=\u00bb|60px|60px|60px|false|true\u00bb custom_padding_phone=\u00bb|20px|30px|20px|false|true\u00bb global_colors_info=\u00bb{}\u00bb][et_pb_column_inner type=\u00bb1_2&#8243; saved_specialty_column_type=\u00bb2_3&#8243; _builder_version=\u00bb4.16&#8243; _module_preset=\u00bbdefault\u00bb global_colors_info=\u00bb{}\u00bb][et_pb_text _builder_version=\u00bb4.25.1&#8243; _module_preset=\u00bb4deaa1a6-d0cd-49d0-ada3-8dc22addd086&#8243; header_2_font=\u00bbSubtitulo||||||||\u00bb header_2_text_color=\u00bb#FFFFFF\u00bb header_4_font=\u00bbSubtitulo|700||on|||||\u00bb header_4_text_color=\u00bbrgba(255,255,255,0.4)\u00bb header_4_font_size=\u00bb14px\u00bb header_4_letter_spacing=\u00bb2px\u00bb header_4_line_height=\u00bb2em\u00bb background_layout=\u00bbdark\u00bb custom_margin=\u00bb||0px||false|false\u00bb locked=\u00bboff\u00bb global_colors_info=\u00bb{}\u00bb]<\/p>\n<h4>TEL\u00c9FONO\/MAIL<\/h4>\n<p>[\/et_pb_text][et_pb_text _builder_version=\u00bb4.25.1&#8243; _module_preset=\u00bbaec0be99-8a53-4f75-abf2-64f29a8b4cc2&#8243; text_font=\u00bbSubtitulo||||||||\u00bb text_text_color=\u00bb#FFFFFF\u00bb text_font_size=\u00bb18px\u00bb text_line_height=\u00bb2em\u00bb custom_margin=\u00bb||5px||false|false\u00bb text_font_size_tablet=\u00bb16px\u00bb text_font_size_phone=\u00bb12px\u00bb text_font_size_last_edited=\u00bbon|phone\u00bb locked=\u00bboff\u00bb global_colors_info=\u00bb{}\u00bb](52) 449 9163212<br \/>\n[\/et_pb_text][et_pb_text _builder_version=\u00bb4.25.1&#8243; _module_preset=\u00bbaec0be99-8a53-4f75-abf2-64f29a8b4cc2&#8243; text_font=\u00bbSubtitulo||||||||\u00bb text_text_color=\u00bb#FFFFFF\u00bb text_font_size=\u00bb18px\u00bb text_line_height=\u00bb2em\u00bb custom_margin=\u00bb||5px||false|false\u00bb text_font_size_tablet=\u00bb16px\u00bb text_font_size_phone=\u00bb12px\u00bb text_font_size_last_edited=\u00bbon|phone\u00bb locked=\u00bboff\u00bb global_colors_info=\u00bb{}\u00bb]vicariapastoral@diocesisdeaguascalientes.mx<br \/>\n[\/et_pb_text][\/et_pb_column_inner][et_pb_column_inner type=\u00bb1_2&#8243; saved_specialty_column_type=\u00bb2_3&#8243; _builder_version=\u00bb4.16&#8243; _module_preset=\u00bbdefault\u00bb global_colors_info=\u00bb{}\u00bb][et_pb_text _builder_version=\u00bb4.25.1&#8243; _module_preset=\u00bb4deaa1a6-d0cd-49d0-ada3-8dc22addd086&#8243; header_2_text_color=\u00bb#FFFFFF\u00bb header_4_font=\u00bbSubtitulo|700||on|||||\u00bb header_4_text_color=\u00bbrgba(255,255,255,0.4)\u00bb header_4_font_size=\u00bb14px\u00bb header_4_letter_spacing=\u00bb2px\u00bb header_4_line_height=\u00bb2em\u00bb background_layout=\u00bbdark\u00bb custom_margin=\u00bb||0px||false|false\u00bb locked=\u00bboff\u00bb global_colors_info=\u00bb{}\u00bb]<\/p>\n<h4>DIRECCI\u00d3N<\/h4>\n<p>[\/et_pb_text][et_pb_text _builder_version=\u00bb4.27.4&#8243; _module_preset=\u00bbaec0be99-8a53-4f75-abf2-64f29a8b4cc2&#8243; text_font=\u00bbSubtitulo||||||||\u00bb text_text_color=\u00bb#FFFFFF\u00bb text_font_size=\u00bb18px\u00bb text_line_height=\u00bb2em\u00bb text_font_size_tablet=\u00bb16px\u00bb text_font_size_phone=\u00bb12px\u00bb text_font_size_last_edited=\u00bbon|phone\u00bb locked=\u00bboff\u00bb global_colors_info=\u00bb{}\u00bb]Talamantes\u00a0 #410 Barrio de San Marcos C.P. 20070<br \/>\n[\/et_pb_text][\/et_pb_column_inner][\/et_pb_row_inner][\/et_pb_column][et_pb_column type=\u00bb1_3&#8243; _builder_version=\u00bb4.16&#8243; custom_padding=\u00bb|||\u00bb global_colors_info=\u00bb{}\u00bb custom_padding__hover=\u00bb|||\u00bb][et_pb_text _builder_version=\u00bb4.25.1&#8243; _module_preset=\u00bb32021f09-dd67-47fb-8f9a-832b72a38baf\u00bb header_2_font=\u00bbContenido|700|||||||\u00bb header_2_text_color=\u00bb#FFFFFF\u00bb header_2_font_size=\u00bb60px\u00bb header_2_line_height=\u00bb1.1em\u00bb custom_margin=\u00bb||10px||false|false\u00bb animation_direction=\u00bbleft\u00bb header_2_font_size_tablet=\u00bb35px\u00bb header_2_font_size_phone=\u00bb22px\u00bb header_2_font_size_last_edited=\u00bbon|phone\u00bb locked=\u00bboff\u00bb global_colors_info=\u00bb{}\u00bb]<\/p>\n<h2>Hagan lo que \u00c9l les diga<\/h2>\n<p>[\/et_pb_text][\/et_pb_column][\/et_pb_section]<\/p>\n","protected":false},"excerpt":{"rendered":"<p><h3 class=\"wpdt-c\" id=\"wdt-table-title-2\">Programaci\u00f3n Decanal<\/h3>\n    <div class=\"wpdt-c \">\n    \n<input type=\"hidden\" id=\"wdtNonceFrontendEdit\" name=\"wdtNonceFrontendEdit\" value=\"6945a0e0eb\" \/><input type=\"hidden\" name=\"_wp_http_referer\" value=\"\/vicaria-de-pastoral\/wp-json\/wp\/v2\/pages\/10453\" \/>    <input type=\"hidden\" id=\"table_2_desc\" value='{\"tableId\":\"table_2\",\"tableType\":\"forminator\",\"selector\":\"#table_2\",\"responsive\":true,\"responsiveAction\":\"icon\",\"infoBlock\":true,\"pagination\":1,\"paginationAlign\":\"right\",\"paginationLayout\":\"full_numbers\",\"paginationLayoutMobile\":\"simple\",\"file_location\":\"wp_media_lib\",\"table_wcag\":0,\"simple_template_id\":0,\"scrollable\":false,\"globalSearch\":true,\"showRowsPerPage\":true,\"hideBeforeLoad\":true,\"pagination_top\":0,\"number_format\":1,\"decimalPlaces\":2,\"spinnerSrc\":\"https:\\\/\\\/diocesisdeaguascalientes.mx\\\/vicaria-de-pastoral\\\/wp-content\\\/plugins\\\/wpdatatables\\\/assets\\\/\\\/img\\\/spinner.gif\",\"groupingEnabled\":false,\"tableWpId\":2,\"dataTableParams\":{\"sDom\":\"BT\\u003C\\u0027clear\\u0027\\u003Elftip\",\"bSortCellsTop\":false,\"bPaginate\":true,\"sPaginationType\":\"full_numbers\",\"aLengthMenu\":[[1,5,10,25,50,100,-1],[1,5,10,25,50,100,\"All\"]],\"iDisplayLength\":10,\"columnDefs\":[{\"sType\":\"string\",\"wdtType\":\"string\",\"bVisible\":false,\"orderable\":true,\"searchable\":true,\"InputType\":\"text\",\"name\":\"select2\",\"origHeader\":\"select2\",\"notNull\":false,\"conditionalFormattingRules\":[],\"className\":\" column-select2\",\"sWidth\":\"10%\",\"aTargets\":[0]},{\"sType\":\"string\",\"wdtType\":\"string\",\"bVisible\":true,\"orderable\":true,\"searchable\":true,\"InputType\":\"text\",\"name\":\"select3\",\"origHeader\":\"select3\",\"notNull\":false,\"conditionalFormattingRules\":[],\"className\":\" column-select3\",\"sWidth\":\"30%\",\"aTargets\":[1]},{\"sType\":\"string\",\"wdtType\":\"string\",\"bVisible\":true,\"orderable\":true,\"searchable\":true,\"InputType\":\"text\",\"name\":\"select9\",\"origHeader\":\"select9\",\"notNull\":false,\"conditionalFormattingRules\":[],\"className\":\" column-select9\",\"sWidth\":\"25%\",\"aTargets\":[2]},{\"sType\":\"string\",\"wdtType\":\"link\",\"bVisible\":true,\"orderable\":true,\"searchable\":true,\"InputType\":\"text\",\"name\":\"upload1\",\"origHeader\":\"upload1\",\"notNull\":false,\"conditionalFormattingRules\":[],\"className\":\" column-upload1\",\"sWidth\":\"30%\",\"aTargets\":[3]},{\"sType\":\"date-custom\",\"wdtType\":\"datetime\",\"bVisible\":true,\"orderable\":true,\"searchable\":true,\"InputType\":\"text\",\"name\":\"datecreatedsql\",\"origHeader\":\"datecreatedsql\",\"notNull\":false,\"conditionalFormattingRules\":[],\"className\":\" column-datecreatedsql\",\"aTargets\":[4]}],\"bAutoWidth\":false,\"order\":[[1,\"desc\"]],\"ordering\":true,\"buttons\":[],\"oSearch\":{\"bSmart\":false,\"bRegex\":false,\"sSearch\":\"\"}},\"currentSkin\":\"skin1\",\"tabletWidth\":\"1024\",\"mobileWidth\":\"480\",\"columnsFixed\":0,\"timeFormat\":\"h:i A\",\"datepickFormat\":\"dd\\\/mm\\\/yy\"}'\/>\n\n    <table id=\"table_2\"\n           class=\"           responsive           display nowrap data-t wpDataTable wpDataTableID-2\"\n           style=\"display: none; \"\n           data-described-by='table_2_desc'\n           data-wpdatatable_id=\"2\">\n        \n        <!-- Table header -->\n        \n<thead>\n<tr>\n                    <th\n                data-hide=\"phone\"        class=\"phone wdtheader sort \"\n        style=\"\">Seleccione el tipo de programaci\u00f3n<\/th>        <th\n        data-class=\"expand\"                class=\" wdtheader sort \"\n        style=\"\">Decanato<\/th>        <th\n                        class=\" wdtheader sort \"\n        style=\"\">Seleccione el Equipo Decanal<\/th>        <th\n                        class=\" wdtheader sort \"\n        style=\"\">Archivo<\/th>        <th\n                        class=\" wdtheader sort \"\n        style=\"\">Fecha de Env\u00edo<\/th>    <\/tr>\n<\/thead>\n        <!-- \/Table header -->\n\n        <!-- Table body -->\n        \n<tbody>\n        <tr id=\"table_2_row_0\">\n                    <td style=\"\">Programaci\u00f3n Decanal<\/td>\n                    <td style=\"\">D11 ORIENTE FORANEO SAN MANUEL MORALES<\/td>\n                    <td style=\"\">Organismos Eclesiales Laicales (OEL)<\/td>\n                    <td style=\"\"><a href='<a href=\"https:\/\/diocesisdeaguascalientes.mx\/vicaria-de-pastoral\/wp-content\/uploads\/sites\/2\/forminator\/10414_47c7fef6f8c6f15ac1daaf1663bdf562\/uploads\/KXQPG6h1BO3Y-Programacion-Decanal-25-26-OEL.pdf\" target=\"_blank\">KXQPG6h1BO3Y-Programacion-Decanal-25-26-OEL.pdf<\/a>' rel='' target='_blank'><a href=\"https:\/\/diocesisdeaguascalientes.mx\/vicaria-de-pastoral\/wp-content\/uploads\/sites\/2\/forminator\/10414_47c7fef6f8c6f15ac1daaf1663bdf562\/uploads\/KXQPG6h1BO3Y-Programacion-Decanal-25-26-OEL.pdf\" target=\"_blank\">KXQPG6h1BO3Y-Programacion-Decanal-25-26-OEL.pdf<\/a><\/a><\/td>\n                    <td style=\"\">20\/09\/2025 11:46 PM<\/td>\n            <\/tr>\n            <tr id=\"table_2_row_1\">\n                    <td style=\"\">Programaci\u00f3n Decanal<\/td>\n                    <td style=\"\">D11 ORIENTE FORANEO SAN MANUEL MORALES<\/td>\n                    <td style=\"\">Pastoral Juvenil<\/td>\n                    <td style=\"\"><a href='<a href=\"https:\/\/diocesisdeaguascalientes.mx\/vicaria-de-pastoral\/wp-content\/uploads\/sites\/2\/forminator\/10414_47c7fef6f8c6f15ac1daaf1663bdf562\/uploads\/yLsLUrNWAnVp-Programacion-Decanal-25-26-P-Juvenil.pdf\" target=\"_blank\">yLsLUrNWAnVp-Programacion-Decanal-25-26-P-Juvenil.pdf<\/a>' rel='' target='_blank'><a href=\"https:\/\/diocesisdeaguascalientes.mx\/vicaria-de-pastoral\/wp-content\/uploads\/sites\/2\/forminator\/10414_47c7fef6f8c6f15ac1daaf1663bdf562\/uploads\/yLsLUrNWAnVp-Programacion-Decanal-25-26-P-Juvenil.pdf\" target=\"_blank\">yLsLUrNWAnVp-Programacion-Decanal-25-26-P-Juvenil.pdf<\/a><\/a><\/td>\n                    <td style=\"\">20\/09\/2025 11:28 PM<\/td>\n            <\/tr>\n            <tr id=\"table_2_row_2\">\n                    <td style=\"\">Programaci\u00f3n Decanal<\/td>\n                    <td style=\"\">D11 ORIENTE FORANEO SAN MANUEL MORALES<\/td>\n                    <td style=\"\">Pastoral de Adolescentes<\/td>\n                    <td style=\"\"><a href='<a href=\"https:\/\/diocesisdeaguascalientes.mx\/vicaria-de-pastoral\/wp-content\/uploads\/sites\/2\/forminator\/10414_47c7fef6f8c6f15ac1daaf1663bdf562\/uploads\/tn6N0iXN3TOO-Programacion-Decanal-25-26-P-Adolescentes.pdf\" target=\"_blank\">tn6N0iXN3TOO-Programacion-Decanal-25-26-P-Adolescentes.pdf<\/a>' rel='' target='_blank'><a href=\"https:\/\/diocesisdeaguascalientes.mx\/vicaria-de-pastoral\/wp-content\/uploads\/sites\/2\/forminator\/10414_47c7fef6f8c6f15ac1daaf1663bdf562\/uploads\/tn6N0iXN3TOO-Programacion-Decanal-25-26-P-Adolescentes.pdf\" target=\"_blank\">tn6N0iXN3TOO-Programacion-Decanal-25-26-P-Adolescentes.pdf<\/a><\/a><\/td>\n                    <td style=\"\">20\/09\/2025 11:17 PM<\/td>\n            <\/tr>\n            <tr id=\"table_2_row_3\">\n                    <td style=\"\">Programaci\u00f3n Parroquial<\/td>\n                    <td style=\"\"><\/td>\n                    <td style=\"\"><\/td>\n                    <td style=\"\"><a href='<a href=\"https:\/\/diocesisdeaguascalientes.mx\/vicaria-de-pastoral\/wp-content\/uploads\/sites\/2\/forminator\/10414_47c7fef6f8c6f15ac1daaf1663bdf562\/uploads\/38L0VM37ZdEF-FORMACION-DE-AGENTES-DE-PASTORAL.pdf\" target=\"_blank\">38L0VM37ZdEF-FORMACION-DE-AGENTES-DE-PASTORAL.pdf<\/a>' rel='' target='_blank'><a href=\"https:\/\/diocesisdeaguascalientes.mx\/vicaria-de-pastoral\/wp-content\/uploads\/sites\/2\/forminator\/10414_47c7fef6f8c6f15ac1daaf1663bdf562\/uploads\/38L0VM37ZdEF-FORMACION-DE-AGENTES-DE-PASTORAL.pdf\" target=\"_blank\">38L0VM37ZdEF-FORMACION-DE-AGENTES-DE-PASTORAL.pdf<\/a><\/a><\/td>\n                    <td style=\"\">20\/09\/2025 10:07 PM<\/td>\n            <\/tr>\n            <tr id=\"table_2_row_4\">\n                    <td style=\"\">Programaci\u00f3n Parroquial<\/td>\n                    <td style=\"\"><\/td>\n                    <td style=\"\"><\/td>\n                    <td style=\"\"><a href='<a href=\"https:\/\/diocesisdeaguascalientes.mx\/vicaria-de-pastoral\/wp-content\/uploads\/sites\/2\/forminator\/10414_47c7fef6f8c6f15ac1daaf1663bdf562\/uploads\/Qa467LqMkTyv-PASTORAL-LITURGICA-ADORACION-NOCTURNA.pdf\" target=\"_blank\">Qa467LqMkTyv-PASTORAL-LITURGICA-ADORACION-NOCTURNA.pdf<\/a>' rel='' target='_blank'><a href=\"https:\/\/diocesisdeaguascalientes.mx\/vicaria-de-pastoral\/wp-content\/uploads\/sites\/2\/forminator\/10414_47c7fef6f8c6f15ac1daaf1663bdf562\/uploads\/Qa467LqMkTyv-PASTORAL-LITURGICA-ADORACION-NOCTURNA.pdf\" target=\"_blank\">Qa467LqMkTyv-PASTORAL-LITURGICA-ADORACION-NOCTURNA.pdf<\/a><\/a><\/td>\n                    <td style=\"\">20\/09\/2025 10:05 PM<\/td>\n            <\/tr>\n            <tr id=\"table_2_row_5\">\n                    <td style=\"\">Programaci\u00f3n Parroquial<\/td>\n                    <td style=\"\"><\/td>\n                    <td style=\"\"><\/td>\n                    <td style=\"\"><a href='<a href=\"https:\/\/diocesisdeaguascalientes.mx\/vicaria-de-pastoral\/wp-content\/uploads\/sites\/2\/forminator\/10414_47c7fef6f8c6f15ac1daaf1663bdf562\/uploads\/NAw7W9lNBso6-TALLER-DE-ORACION-Y-VIDA.pdf\" target=\"_blank\">NAw7W9lNBso6-TALLER-DE-ORACION-Y-VIDA.pdf<\/a>' rel='' target='_blank'><a href=\"https:\/\/diocesisdeaguascalientes.mx\/vicaria-de-pastoral\/wp-content\/uploads\/sites\/2\/forminator\/10414_47c7fef6f8c6f15ac1daaf1663bdf562\/uploads\/NAw7W9lNBso6-TALLER-DE-ORACION-Y-VIDA.pdf\" target=\"_blank\">NAw7W9lNBso6-TALLER-DE-ORACION-Y-VIDA.pdf<\/a><\/a><\/td>\n                    <td style=\"\">20\/09\/2025 09:59 PM<\/td>\n            <\/tr>\n            <tr id=\"table_2_row_6\">\n                    <td style=\"\">Programaci\u00f3n Parroquial<\/td>\n                    <td style=\"\"><\/td>\n                    <td style=\"\"><\/td>\n                    <td style=\"\"><a href='<a href=\"https:\/\/diocesisdeaguascalientes.mx\/vicaria-de-pastoral\/wp-content\/uploads\/sites\/2\/forminator\/10414_47c7fef6f8c6f15ac1daaf1663bdf562\/uploads\/YA3WY2hAv8Qa-PASTORAL-SOCIAL-PARROQUIA-DE-JESUS-NAZARENO.pdf\" target=\"_blank\">YA3WY2hAv8Qa-PASTORAL-SOCIAL-PARROQUIA-DE-JESUS-NAZARENO.pdf<\/a>' rel='' target='_blank'><a href=\"https:\/\/diocesisdeaguascalientes.mx\/vicaria-de-pastoral\/wp-content\/uploads\/sites\/2\/forminator\/10414_47c7fef6f8c6f15ac1daaf1663bdf562\/uploads\/YA3WY2hAv8Qa-PASTORAL-SOCIAL-PARROQUIA-DE-JESUS-NAZARENO.pdf\" target=\"_blank\">YA3WY2hAv8Qa-PASTORAL-SOCIAL-PARROQUIA-DE-JESUS-NAZARENO.pdf<\/a><\/a><\/td>\n                    <td style=\"\">20\/09\/2025 09:08 PM<\/td>\n            <\/tr>\n            <tr id=\"table_2_row_7\">\n                    <td style=\"\">Programaci\u00f3n Parroquial<\/td>\n                    <td style=\"\"><\/td>\n                    <td style=\"\"><\/td>\n                    <td style=\"\"><a href='<a href=\"https:\/\/diocesisdeaguascalientes.mx\/vicaria-de-pastoral\/wp-content\/uploads\/sites\/2\/forminator\/10414_47c7fef6f8c6f15ac1daaf1663bdf562\/uploads\/hV5rD19Vf0FS-LITURGIA.pdf\" target=\"_blank\">hV5rD19Vf0FS-LITURGIA.pdf<\/a>' rel='' target='_blank'><a href=\"https:\/\/diocesisdeaguascalientes.mx\/vicaria-de-pastoral\/wp-content\/uploads\/sites\/2\/forminator\/10414_47c7fef6f8c6f15ac1daaf1663bdf562\/uploads\/hV5rD19Vf0FS-LITURGIA.pdf\" target=\"_blank\">hV5rD19Vf0FS-LITURGIA.pdf<\/a><\/a><\/td>\n                    <td style=\"\">20\/09\/2025 09:06 PM<\/td>\n            <\/tr>\n            <tr id=\"table_2_row_8\">\n                    <td style=\"\">Programaci\u00f3n Parroquial<\/td>\n                    <td style=\"\"><\/td>\n                    <td style=\"\"><\/td>\n                    <td style=\"\"><a href='<a href=\"https:\/\/diocesisdeaguascalientes.mx\/vicaria-de-pastoral\/wp-content\/uploads\/sites\/2\/forminator\/10414_47c7fef6f8c6f15ac1daaf1663bdf562\/uploads\/cgjJpuEyJPDW-Programacion-parroquial-de-Pastoral-Profetica.pdf\" target=\"_blank\">cgjJpuEyJPDW-Programacion-parroquial-de-Pastoral-Profetica.pdf<\/a>' rel='' target='_blank'><a href=\"https:\/\/diocesisdeaguascalientes.mx\/vicaria-de-pastoral\/wp-content\/uploads\/sites\/2\/forminator\/10414_47c7fef6f8c6f15ac1daaf1663bdf562\/uploads\/cgjJpuEyJPDW-Programacion-parroquial-de-Pastoral-Profetica.pdf\" target=\"_blank\">cgjJpuEyJPDW-Programacion-parroquial-de-Pastoral-Profetica.pdf<\/a><\/a><\/td>\n                    <td style=\"\">20\/09\/2025 09:04 PM<\/td>\n            <\/tr>\n            <tr id=\"table_2_row_9\">\n                    <td style=\"\">Programaci\u00f3n Parroquial<\/td>\n                    <td style=\"\"><\/td>\n                    <td style=\"\"><\/td>\n                    <td style=\"\"><a href='<a href=\"https:\/\/diocesisdeaguascalientes.mx\/vicaria-de-pastoral\/wp-content\/uploads\/sites\/2\/forminator\/10414_47c7fef6f8c6f15ac1daaf1663bdf562\/uploads\/pEJtmJtYfPig-Pastoral-Adolecentes-.pdf\" target=\"_blank\">pEJtmJtYfPig-Pastoral-Adolecentes-.pdf<\/a>' rel='' target='_blank'><a href=\"https:\/\/diocesisdeaguascalientes.mx\/vicaria-de-pastoral\/wp-content\/uploads\/sites\/2\/forminator\/10414_47c7fef6f8c6f15ac1daaf1663bdf562\/uploads\/pEJtmJtYfPig-Pastoral-Adolecentes-.pdf\" target=\"_blank\">pEJtmJtYfPig-Pastoral-Adolecentes-.pdf<\/a><\/a><\/td>\n                    <td style=\"\">20\/09\/2025 07:35 PM<\/td>\n            <\/tr>\n            <tr id=\"table_2_row_10\">\n                    <td style=\"\">Programaci\u00f3n Parroquial<\/td>\n                    <td style=\"\"><\/td>\n                    <td style=\"\"><\/td>\n                    <td style=\"\"><a href='<a href=\"https:\/\/diocesisdeaguascalientes.mx\/vicaria-de-pastoral\/wp-content\/uploads\/sites\/2\/forminator\/10414_47c7fef6f8c6f15ac1daaf1663bdf562\/uploads\/bCSeOSCWmGGv-Pastoral-Adolecentes-.pdf\" target=\"_blank\">bCSeOSCWmGGv-Pastoral-Adolecentes-.pdf<\/a>' rel='' target='_blank'><a href=\"https:\/\/diocesisdeaguascalientes.mx\/vicaria-de-pastoral\/wp-content\/uploads\/sites\/2\/forminator\/10414_47c7fef6f8c6f15ac1daaf1663bdf562\/uploads\/bCSeOSCWmGGv-Pastoral-Adolecentes-.pdf\" target=\"_blank\">bCSeOSCWmGGv-Pastoral-Adolecentes-.pdf<\/a><\/a><\/td>\n                    <td style=\"\">20\/09\/2025 07:31 PM<\/td>\n            <\/tr>\n            <tr id=\"table_2_row_11\">\n                    <td style=\"\">Programaci\u00f3n Parroquial<\/td>\n                    <td style=\"\"><\/td>\n                    <td style=\"\"><\/td>\n                    <td style=\"\"><a href='<a href=\"https:\/\/diocesisdeaguascalientes.mx\/vicaria-de-pastoral\/wp-content\/uploads\/sites\/2\/forminator\/10414_47c7fef6f8c6f15ac1daaf1663bdf562\/uploads\/cVKFq8mVMFqJ-Programacion-Profetica.pdf\" target=\"_blank\">cVKFq8mVMFqJ-Programacion-Profetica.pdf<\/a>' rel='' target='_blank'><a href=\"https:\/\/diocesisdeaguascalientes.mx\/vicaria-de-pastoral\/wp-content\/uploads\/sites\/2\/forminator\/10414_47c7fef6f8c6f15ac1daaf1663bdf562\/uploads\/cVKFq8mVMFqJ-Programacion-Profetica.pdf\" target=\"_blank\">cVKFq8mVMFqJ-Programacion-Profetica.pdf<\/a><\/a><\/td>\n                    <td style=\"\">20\/09\/2025 07:30 PM<\/td>\n            <\/tr>\n            <tr id=\"table_2_row_12\">\n                    <td style=\"\">Programaci\u00f3n Parroquial<\/td>\n                    <td style=\"\"><\/td>\n                    <td style=\"\"><\/td>\n                    <td style=\"\"><a href='<a href=\"https:\/\/diocesisdeaguascalientes.mx\/vicaria-de-pastoral\/wp-content\/uploads\/sites\/2\/forminator\/10414_47c7fef6f8c6f15ac1daaf1663bdf562\/uploads\/lidLXGqetDrA-Pastoral-Liturgia-.pdf\" target=\"_blank\">lidLXGqetDrA-Pastoral-Liturgia-.pdf<\/a>' rel='' target='_blank'><a href=\"https:\/\/diocesisdeaguascalientes.mx\/vicaria-de-pastoral\/wp-content\/uploads\/sites\/2\/forminator\/10414_47c7fef6f8c6f15ac1daaf1663bdf562\/uploads\/lidLXGqetDrA-Pastoral-Liturgia-.pdf\" target=\"_blank\">lidLXGqetDrA-Pastoral-Liturgia-.pdf<\/a><\/a><\/td>\n                    <td style=\"\">20\/09\/2025 07:29 PM<\/td>\n            <\/tr>\n            <tr id=\"table_2_row_13\">\n                    <td style=\"\">Programaci\u00f3n Decanal<\/td>\n                    <td style=\"\">D11 ORIENTE FORANEO SAN MANUEL MORALES<\/td>\n                    <td style=\"\">Pastoral Familiar<\/td>\n                    <td style=\"\"><a href='<a href=\"https:\/\/diocesisdeaguascalientes.mx\/vicaria-de-pastoral\/wp-content\/uploads\/sites\/2\/forminator\/10414_47c7fef6f8c6f15ac1daaf1663bdf562\/uploads\/kxoFKWz7ULEv-Programacion-Decanal-25-26-P-Familiar.pdf\" target=\"_blank\">kxoFKWz7ULEv-Programacion-Decanal-25-26-P-Familiar.pdf<\/a>' rel='' target='_blank'><a href=\"https:\/\/diocesisdeaguascalientes.mx\/vicaria-de-pastoral\/wp-content\/uploads\/sites\/2\/forminator\/10414_47c7fef6f8c6f15ac1daaf1663bdf562\/uploads\/kxoFKWz7ULEv-Programacion-Decanal-25-26-P-Familiar.pdf\" target=\"_blank\">kxoFKWz7ULEv-Programacion-Decanal-25-26-P-Familiar.pdf<\/a><\/a><\/td>\n                    <td style=\"\">20\/09\/2025 06:50 PM<\/td>\n            <\/tr>\n            <tr id=\"table_2_row_14\">\n                    <td style=\"\">Programaci\u00f3n Parroquial<\/td>\n                    <td style=\"\"><\/td>\n                    <td style=\"\"><\/td>\n                    <td style=\"\"><a href='<a href=\"https:\/\/diocesisdeaguascalientes.mx\/vicaria-de-pastoral\/wp-content\/uploads\/sites\/2\/forminator\/10414_47c7fef6f8c6f15ac1daaf1663bdf562\/uploads\/XALIfN6RSxJH-Programacion-juvenil-1.pdf\" target=\"_blank\">XALIfN6RSxJH-Programacion-juvenil-1.pdf<\/a>' rel='' target='_blank'><a href=\"https:\/\/diocesisdeaguascalientes.mx\/vicaria-de-pastoral\/wp-content\/uploads\/sites\/2\/forminator\/10414_47c7fef6f8c6f15ac1daaf1663bdf562\/uploads\/XALIfN6RSxJH-Programacion-juvenil-1.pdf\" target=\"_blank\">XALIfN6RSxJH-Programacion-juvenil-1.pdf<\/a><\/a><\/td>\n                    <td style=\"\">20\/09\/2025 06:39 PM<\/td>\n            <\/tr>\n            <tr id=\"table_2_row_15\">\n                    <td style=\"\">Programaci\u00f3n Decanal<\/td>\n                    <td style=\"\">D11 ORIENTE FORANEO SAN MANUEL MORALES<\/td>\n                    <td style=\"\">Pastoral Social<\/td>\n                    <td style=\"\"><a href='<a href=\"https:\/\/diocesisdeaguascalientes.mx\/vicaria-de-pastoral\/wp-content\/uploads\/sites\/2\/forminator\/10414_47c7fef6f8c6f15ac1daaf1663bdf562\/uploads\/Bn5MhIYweQW5-Programacion-Decanal-25-26-P.-Social.pdf\" target=\"_blank\">Bn5MhIYweQW5-Programacion-Decanal-25-26-P.-Social.pdf<\/a>' rel='' target='_blank'><a href=\"https:\/\/diocesisdeaguascalientes.mx\/vicaria-de-pastoral\/wp-content\/uploads\/sites\/2\/forminator\/10414_47c7fef6f8c6f15ac1daaf1663bdf562\/uploads\/Bn5MhIYweQW5-Programacion-Decanal-25-26-P.-Social.pdf\" target=\"_blank\">Bn5MhIYweQW5-Programacion-Decanal-25-26-P.-Social.pdf<\/a><\/a><\/td>\n                    <td style=\"\">20\/09\/2025 06:39 PM<\/td>\n            <\/tr>\n            <tr id=\"table_2_row_16\">\n                    <td style=\"\">Programaci\u00f3n Decanal<\/td>\n                    <td style=\"\">D11 ORIENTE FORANEO SAN MANUEL MORALES<\/td>\n                    <td style=\"\">Pastoral Lit\u00fargica<\/td>\n                    <td style=\"\"><a href='<a href=\"https:\/\/diocesisdeaguascalientes.mx\/vicaria-de-pastoral\/wp-content\/uploads\/sites\/2\/forminator\/10414_47c7fef6f8c6f15ac1daaf1663bdf562\/uploads\/xNEECUvTHhBa-Programacion-decanal-LITURGIA-2025-2026.pdf\" target=\"_blank\">xNEECUvTHhBa-Programacion-decanal-LITURGIA-2025-2026.pdf<\/a>' rel='' target='_blank'><a href=\"https:\/\/diocesisdeaguascalientes.mx\/vicaria-de-pastoral\/wp-content\/uploads\/sites\/2\/forminator\/10414_47c7fef6f8c6f15ac1daaf1663bdf562\/uploads\/xNEECUvTHhBa-Programacion-decanal-LITURGIA-2025-2026.pdf\" target=\"_blank\">xNEECUvTHhBa-Programacion-decanal-LITURGIA-2025-2026.pdf<\/a><\/a><\/td>\n                    <td style=\"\">20\/09\/2025 06:38 PM<\/td>\n            <\/tr>\n            <tr id=\"table_2_row_17\">\n                    <td style=\"\">Programaci\u00f3n Parroquial<\/td>\n                    <td style=\"\"><\/td>\n                    <td style=\"\"><\/td>\n                    <td style=\"\"><a href='<a href=\"https:\/\/diocesisdeaguascalientes.mx\/vicaria-de-pastoral\/wp-content\/uploads\/sites\/2\/forminator\/10414_47c7fef6f8c6f15ac1daaf1663bdf562\/uploads\/jqnNOStbryYR-Programacion-Adolescentes-1.pdf\" target=\"_blank\">jqnNOStbryYR-Programacion-Adolescentes-1.pdf<\/a>' rel='' target='_blank'><a href=\"https:\/\/diocesisdeaguascalientes.mx\/vicaria-de-pastoral\/wp-content\/uploads\/sites\/2\/forminator\/10414_47c7fef6f8c6f15ac1daaf1663bdf562\/uploads\/jqnNOStbryYR-Programacion-Adolescentes-1.pdf\" target=\"_blank\">jqnNOStbryYR-Programacion-Adolescentes-1.pdf<\/a><\/a><\/td>\n                    <td style=\"\">20\/09\/2025 06:38 PM<\/td>\n            <\/tr>\n            <tr id=\"table_2_row_18\">\n                    <td style=\"\">Programaci\u00f3n Decanal<\/td>\n                    <td style=\"\">D11 ORIENTE FORANEO SAN MANUEL MORALES<\/td>\n                    <td style=\"\">Pastoral Prof\u00e9tica<\/td>\n                    <td style=\"\"><a href='<a href=\"https:\/\/diocesisdeaguascalientes.mx\/vicaria-de-pastoral\/wp-content\/uploads\/sites\/2\/forminator\/10414_47c7fef6f8c6f15ac1daaf1663bdf562\/uploads\/WK0PgPCG11uj-Programacion-Decanal-25-26-P.-Profetica.pdf\" target=\"_blank\">WK0PgPCG11uj-Programacion-Decanal-25-26-P.-Profetica.pdf<\/a>' rel='' target='_blank'><a href=\"https:\/\/diocesisdeaguascalientes.mx\/vicaria-de-pastoral\/wp-content\/uploads\/sites\/2\/forminator\/10414_47c7fef6f8c6f15ac1daaf1663bdf562\/uploads\/WK0PgPCG11uj-Programacion-Decanal-25-26-P.-Profetica.pdf\" target=\"_blank\">WK0PgPCG11uj-Programacion-Decanal-25-26-P.-Profetica.pdf<\/a><\/a><\/td>\n                    <td style=\"\">20\/09\/2025 06:38 PM<\/td>\n            <\/tr>\n            <tr id=\"table_2_row_19\">\n                    <td style=\"\">Programaci\u00f3n Decanal<\/td>\n                    <td style=\"\">D11 ORIENTE FORANEO SAN MANUEL MORALES<\/td>\n                    <td style=\"\">Animaci\u00f3n Pastoral<\/td>\n                    <td style=\"\"><a href='<a href=\"https:\/\/diocesisdeaguascalientes.mx\/vicaria-de-pastoral\/wp-content\/uploads\/sites\/2\/forminator\/10414_47c7fef6f8c6f15ac1daaf1663bdf562\/uploads\/b9NwqIVhwL6Y-Programacion-Decanal-25-26-P-Animacion-.pdf\" target=\"_blank\">b9NwqIVhwL6Y-Programacion-Decanal-25-26-P-Animacion-.pdf<\/a>' rel='' target='_blank'><a href=\"https:\/\/diocesisdeaguascalientes.mx\/vicaria-de-pastoral\/wp-content\/uploads\/sites\/2\/forminator\/10414_47c7fef6f8c6f15ac1daaf1663bdf562\/uploads\/b9NwqIVhwL6Y-Programacion-Decanal-25-26-P-Animacion-.pdf\" target=\"_blank\">b9NwqIVhwL6Y-Programacion-Decanal-25-26-P-Animacion-.pdf<\/a><\/a><\/td>\n                    <td style=\"\">20\/09\/2025 06:37 PM<\/td>\n            <\/tr>\n            <tr id=\"table_2_row_20\">\n                    <td style=\"\">Programaci\u00f3n Parroquial<\/td>\n                    <td style=\"\"><\/td>\n                    <td style=\"\"><\/td>\n                    <td style=\"\"><a href='<a href=\"https:\/\/diocesisdeaguascalientes.mx\/vicaria-de-pastoral\/wp-content\/uploads\/sites\/2\/forminator\/10414_47c7fef6f8c6f15ac1daaf1663bdf562\/uploads\/CfV8Z28yvK0g-Programacion-Adoracion-Nocturna.pdf\" target=\"_blank\">CfV8Z28yvK0g-Programacion-Adoracion-Nocturna.pdf<\/a>' rel='' target='_blank'><a href=\"https:\/\/diocesisdeaguascalientes.mx\/vicaria-de-pastoral\/wp-content\/uploads\/sites\/2\/forminator\/10414_47c7fef6f8c6f15ac1daaf1663bdf562\/uploads\/CfV8Z28yvK0g-Programacion-Adoracion-Nocturna.pdf\" target=\"_blank\">CfV8Z28yvK0g-Programacion-Adoracion-Nocturna.pdf<\/a><\/a><\/td>\n                    <td style=\"\">20\/09\/2025 06:36 PM<\/td>\n            <\/tr>\n            <tr id=\"table_2_row_21\">\n                    <td style=\"\">Programaci\u00f3n Parroquial<\/td>\n                    <td style=\"\"><\/td>\n                    <td style=\"\"><\/td>\n                    <td style=\"\"><a href='<a href=\"https:\/\/diocesisdeaguascalientes.mx\/vicaria-de-pastoral\/wp-content\/uploads\/sites\/2\/forminator\/10414_47c7fef6f8c6f15ac1daaf1663bdf562\/uploads\/s0HX2TtCRFyJ-Programacion-LIGA.pdf\" target=\"_blank\">s0HX2TtCRFyJ-Programacion-LIGA.pdf<\/a>' rel='' target='_blank'><a href=\"https:\/\/diocesisdeaguascalientes.mx\/vicaria-de-pastoral\/wp-content\/uploads\/sites\/2\/forminator\/10414_47c7fef6f8c6f15ac1daaf1663bdf562\/uploads\/s0HX2TtCRFyJ-Programacion-LIGA.pdf\" target=\"_blank\">s0HX2TtCRFyJ-Programacion-LIGA.pdf<\/a><\/a><\/td>\n                    <td style=\"\">20\/09\/2025 06:35 PM<\/td>\n            <\/tr>\n            <tr id=\"table_2_row_22\">\n                    <td style=\"\">Programaci\u00f3n Parroquial<\/td>\n                    <td style=\"\"><\/td>\n                    <td style=\"\"><\/td>\n                    <td style=\"\"><a href='<a href=\"https:\/\/diocesisdeaguascalientes.mx\/vicaria-de-pastoral\/wp-content\/uploads\/sites\/2\/forminator\/10414_47c7fef6f8c6f15ac1daaf1663bdf562\/uploads\/0fWepVHc6U4t-Programacion-Franciscanos-Seglares.pdf\" target=\"_blank\">0fWepVHc6U4t-Programacion-Franciscanos-Seglares.pdf<\/a>' rel='' target='_blank'><a href=\"https:\/\/diocesisdeaguascalientes.mx\/vicaria-de-pastoral\/wp-content\/uploads\/sites\/2\/forminator\/10414_47c7fef6f8c6f15ac1daaf1663bdf562\/uploads\/0fWepVHc6U4t-Programacion-Franciscanos-Seglares.pdf\" target=\"_blank\">0fWepVHc6U4t-Programacion-Franciscanos-Seglares.pdf<\/a><\/a><\/td>\n                    <td style=\"\">20\/09\/2025 06:33 PM<\/td>\n            <\/tr>\n            <tr id=\"table_2_row_23\">\n                    <td style=\"\">Programaci\u00f3n Parroquial<\/td>\n                    <td style=\"\"><\/td>\n                    <td style=\"\"><\/td>\n                    <td style=\"\"><a href='<a href=\"https:\/\/diocesisdeaguascalientes.mx\/vicaria-de-pastoral\/wp-content\/uploads\/sites\/2\/forminator\/10414_47c7fef6f8c6f15ac1daaf1663bdf562\/uploads\/18YsZmIr6lCe-Programacion-MFC.pdf\" target=\"_blank\">18YsZmIr6lCe-Programacion-MFC.pdf<\/a>' rel='' target='_blank'><a href=\"https:\/\/diocesisdeaguascalientes.mx\/vicaria-de-pastoral\/wp-content\/uploads\/sites\/2\/forminator\/10414_47c7fef6f8c6f15ac1daaf1663bdf562\/uploads\/18YsZmIr6lCe-Programacion-MFC.pdf\" target=\"_blank\">18YsZmIr6lCe-Programacion-MFC.pdf<\/a><\/a><\/td>\n                    <td style=\"\">20\/09\/2025 06:32 PM<\/td>\n            <\/tr>\n            <tr id=\"table_2_row_24\">\n                    <td style=\"\">Programaci\u00f3n Parroquial<\/td>\n                    <td style=\"\"><\/td>\n                    <td style=\"\"><\/td>\n                    <td style=\"\"><a href='<a href=\"https:\/\/diocesisdeaguascalientes.mx\/vicaria-de-pastoral\/wp-content\/uploads\/sites\/2\/forminator\/10414_47c7fef6f8c6f15ac1daaf1663bdf562\/uploads\/VgdHYJVyKckY-Programacion-MFC.pdf\" target=\"_blank\">VgdHYJVyKckY-Programacion-MFC.pdf<\/a>' rel='' target='_blank'><a href=\"https:\/\/diocesisdeaguascalientes.mx\/vicaria-de-pastoral\/wp-content\/uploads\/sites\/2\/forminator\/10414_47c7fef6f8c6f15ac1daaf1663bdf562\/uploads\/VgdHYJVyKckY-Programacion-MFC.pdf\" target=\"_blank\">VgdHYJVyKckY-Programacion-MFC.pdf<\/a><\/a><\/td>\n                    <td style=\"\">20\/09\/2025 06:19 PM<\/td>\n            <\/tr>\n            <tr id=\"table_2_row_25\">\n                    <td style=\"\">Programaci\u00f3n Parroquial<\/td>\n                    <td style=\"\"><\/td>\n                    <td style=\"\"><\/td>\n                    <td style=\"\"><a href='<a href=\"https:\/\/diocesisdeaguascalientes.mx\/vicaria-de-pastoral\/wp-content\/uploads\/sites\/2\/forminator\/10414_47c7fef6f8c6f15ac1daaf1663bdf562\/uploads\/MPto4m2DYXwD-Programacion-Prematrimoniales.pdf\" target=\"_blank\">MPto4m2DYXwD-Programacion-Prematrimoniales.pdf<\/a>' rel='' target='_blank'><a href=\"https:\/\/diocesisdeaguascalientes.mx\/vicaria-de-pastoral\/wp-content\/uploads\/sites\/2\/forminator\/10414_47c7fef6f8c6f15ac1daaf1663bdf562\/uploads\/MPto4m2DYXwD-Programacion-Prematrimoniales.pdf\" target=\"_blank\">MPto4m2DYXwD-Programacion-Prematrimoniales.pdf<\/a><\/a><\/td>\n                    <td style=\"\">20\/09\/2025 06:18 PM<\/td>\n            <\/tr>\n            <tr id=\"table_2_row_26\">\n                    <td style=\"\">Programaci\u00f3n Parroquial<\/td>\n                    <td style=\"\"><\/td>\n                    <td style=\"\"><\/td>\n                    <td style=\"\"><a href='<a href=\"https:\/\/diocesisdeaguascalientes.mx\/vicaria-de-pastoral\/wp-content\/uploads\/sites\/2\/forminator\/10414_47c7fef6f8c6f15ac1daaf1663bdf562\/uploads\/O1u4HR4kTzv2-Programacion-Ministros.pdf\" target=\"_blank\">O1u4HR4kTzv2-Programacion-Ministros.pdf<\/a>' rel='' target='_blank'><a href=\"https:\/\/diocesisdeaguascalientes.mx\/vicaria-de-pastoral\/wp-content\/uploads\/sites\/2\/forminator\/10414_47c7fef6f8c6f15ac1daaf1663bdf562\/uploads\/O1u4HR4kTzv2-Programacion-Ministros.pdf\" target=\"_blank\">O1u4HR4kTzv2-Programacion-Ministros.pdf<\/a><\/a><\/td>\n                    <td style=\"\">20\/09\/2025 06:18 PM<\/td>\n            <\/tr>\n            <tr id=\"table_2_row_27\">\n                    <td style=\"\">Programaci\u00f3n Parroquial<\/td>\n                    <td style=\"\"><\/td>\n                    <td style=\"\"><\/td>\n                    <td style=\"\"><a href='<a href=\"https:\/\/diocesisdeaguascalientes.mx\/vicaria-de-pastoral\/wp-content\/uploads\/sites\/2\/forminator\/10414_47c7fef6f8c6f15ac1daaf1663bdf562\/uploads\/TkNAPdPLTix0-Programacion-P-Liturgica.pdf\" target=\"_blank\">TkNAPdPLTix0-Programacion-P-Liturgica.pdf<\/a>' rel='' target='_blank'><a href=\"https:\/\/diocesisdeaguascalientes.mx\/vicaria-de-pastoral\/wp-content\/uploads\/sites\/2\/forminator\/10414_47c7fef6f8c6f15ac1daaf1663bdf562\/uploads\/TkNAPdPLTix0-Programacion-P-Liturgica.pdf\" target=\"_blank\">TkNAPdPLTix0-Programacion-P-Liturgica.pdf<\/a><\/a><\/td>\n                    <td style=\"\">20\/09\/2025 06:16 PM<\/td>\n            <\/tr>\n            <tr id=\"table_2_row_28\">\n                    <td style=\"\">Programaci\u00f3n Parroquial<\/td>\n                    <td style=\"\"><\/td>\n                    <td style=\"\"><\/td>\n                    <td style=\"\"><a href='<a href=\"https:\/\/diocesisdeaguascalientes.mx\/vicaria-de-pastoral\/wp-content\/uploads\/sites\/2\/forminator\/10414_47c7fef6f8c6f15ac1daaf1663bdf562\/uploads\/9Teeuu625Nws-Programacion-Pre-bautisamles.pdf\" target=\"_blank\">9Teeuu625Nws-Programacion-Pre-bautisamles.pdf<\/a>' rel='' target='_blank'><a href=\"https:\/\/diocesisdeaguascalientes.mx\/vicaria-de-pastoral\/wp-content\/uploads\/sites\/2\/forminator\/10414_47c7fef6f8c6f15ac1daaf1663bdf562\/uploads\/9Teeuu625Nws-Programacion-Pre-bautisamles.pdf\" target=\"_blank\">9Teeuu625Nws-Programacion-Pre-bautisamles.pdf<\/a><\/a><\/td>\n                    <td style=\"\">20\/09\/2025 06:15 PM<\/td>\n            <\/tr>\n            <tr id=\"table_2_row_29\">\n                    <td style=\"\">Programaci\u00f3n Parroquial<\/td>\n                    <td style=\"\"><\/td>\n                    <td style=\"\"><\/td>\n                    <td style=\"\"><a href='<a href=\"https:\/\/diocesisdeaguascalientes.mx\/vicaria-de-pastoral\/wp-content\/uploads\/sites\/2\/forminator\/10414_47c7fef6f8c6f15ac1daaf1663bdf562\/uploads\/O75Y7Po13k7f-Programacion-Catequesis-Infantil.pdf\" target=\"_blank\">O75Y7Po13k7f-Programacion-Catequesis-Infantil.pdf<\/a>' rel='' target='_blank'><a href=\"https:\/\/diocesisdeaguascalientes.mx\/vicaria-de-pastoral\/wp-content\/uploads\/sites\/2\/forminator\/10414_47c7fef6f8c6f15ac1daaf1663bdf562\/uploads\/O75Y7Po13k7f-Programacion-Catequesis-Infantil.pdf\" target=\"_blank\">O75Y7Po13k7f-Programacion-Catequesis-Infantil.pdf<\/a><\/a><\/td>\n                    <td style=\"\">20\/09\/2025 06:13 PM<\/td>\n            <\/tr>\n            <tr id=\"table_2_row_30\">\n                    <td style=\"\">Programaci\u00f3n Parroquial<\/td>\n                    <td style=\"\"><\/td>\n                    <td style=\"\"><\/td>\n                    <td style=\"\"><a href='<a href=\"https:\/\/diocesisdeaguascalientes.mx\/vicaria-de-pastoral\/wp-content\/uploads\/sites\/2\/forminator\/10414_47c7fef6f8c6f15ac1daaf1663bdf562\/uploads\/xYx7aXrjkGgR-Programacion-Pastoral-de-Animacion.pdf\" target=\"_blank\">xYx7aXrjkGgR-Programacion-Pastoral-de-Animacion.pdf<\/a>' rel='' target='_blank'><a href=\"https:\/\/diocesisdeaguascalientes.mx\/vicaria-de-pastoral\/wp-content\/uploads\/sites\/2\/forminator\/10414_47c7fef6f8c6f15ac1daaf1663bdf562\/uploads\/xYx7aXrjkGgR-Programacion-Pastoral-de-Animacion.pdf\" target=\"_blank\">xYx7aXrjkGgR-Programacion-Pastoral-de-Animacion.pdf<\/a><\/a><\/td>\n                    <td style=\"\">20\/09\/2025 06:07 PM<\/td>\n            <\/tr>\n            <tr id=\"table_2_row_31\">\n                    <td style=\"\">Programaci\u00f3n Parroquial<\/td>\n                    <td style=\"\"><\/td>\n                    <td style=\"\"><\/td>\n                    <td style=\"\"><a href='<a href=\"https:\/\/diocesisdeaguascalientes.mx\/vicaria-de-pastoral\/wp-content\/uploads\/sites\/2\/forminator\/10414_47c7fef6f8c6f15ac1daaf1663bdf562\/uploads\/qHj9JDOFHzzL-TERRITORIAL-2025-2026.pdf\" target=\"_blank\">qHj9JDOFHzzL-TERRITORIAL-2025-2026.pdf<\/a>' rel='' target='_blank'><a href=\"https:\/\/diocesisdeaguascalientes.mx\/vicaria-de-pastoral\/wp-content\/uploads\/sites\/2\/forminator\/10414_47c7fef6f8c6f15ac1daaf1663bdf562\/uploads\/qHj9JDOFHzzL-TERRITORIAL-2025-2026.pdf\" target=\"_blank\">qHj9JDOFHzzL-TERRITORIAL-2025-2026.pdf<\/a><\/a><\/td>\n                    <td style=\"\">20\/09\/2025 04:51 PM<\/td>\n            <\/tr>\n            <tr id=\"table_2_row_32\">\n                    <td style=\"\">Programaci\u00f3n Parroquial<\/td>\n                    <td style=\"\"><\/td>\n                    <td style=\"\"><\/td>\n                    <td style=\"\"><a href='<a href=\"https:\/\/diocesisdeaguascalientes.mx\/vicaria-de-pastoral\/wp-content\/uploads\/sites\/2\/forminator\/10414_47c7fef6f8c6f15ac1daaf1663bdf562\/uploads\/J1ygIpDRuByR-JOSE-Y-MARIA-.pdf\" target=\"_blank\">J1ygIpDRuByR-JOSE-Y-MARIA-.pdf<\/a>' rel='' target='_blank'><a href=\"https:\/\/diocesisdeaguascalientes.mx\/vicaria-de-pastoral\/wp-content\/uploads\/sites\/2\/forminator\/10414_47c7fef6f8c6f15ac1daaf1663bdf562\/uploads\/J1ygIpDRuByR-JOSE-Y-MARIA-.pdf\" target=\"_blank\">J1ygIpDRuByR-JOSE-Y-MARIA-.pdf<\/a><\/a><\/td>\n                    <td style=\"\">20\/09\/2025 04:51 PM<\/td>\n            <\/tr>\n            <tr id=\"table_2_row_33\">\n                    <td style=\"\">Programaci\u00f3n Parroquial<\/td>\n                    <td style=\"\"><\/td>\n                    <td style=\"\"><\/td>\n                    <td style=\"\"><a href='<a href=\"https:\/\/diocesisdeaguascalientes.mx\/vicaria-de-pastoral\/wp-content\/uploads\/sites\/2\/forminator\/10414_47c7fef6f8c6f15ac1daaf1663bdf562\/uploads\/OEwF5qBdHxuV-GUARDIA-DE-HONOR-2025-2026.pdf\" target=\"_blank\">OEwF5qBdHxuV-GUARDIA-DE-HONOR-2025-2026.pdf<\/a>' rel='' target='_blank'><a href=\"https:\/\/diocesisdeaguascalientes.mx\/vicaria-de-pastoral\/wp-content\/uploads\/sites\/2\/forminator\/10414_47c7fef6f8c6f15ac1daaf1663bdf562\/uploads\/OEwF5qBdHxuV-GUARDIA-DE-HONOR-2025-2026.pdf\" target=\"_blank\">OEwF5qBdHxuV-GUARDIA-DE-HONOR-2025-2026.pdf<\/a><\/a><\/td>\n                    <td style=\"\">20\/09\/2025 04:50 PM<\/td>\n            <\/tr>\n            <tr id=\"table_2_row_34\">\n                    <td style=\"\">Programaci\u00f3n Parroquial<\/td>\n                    <td style=\"\"><\/td>\n                    <td style=\"\"><\/td>\n                    <td style=\"\"><a href='<a href=\"https:\/\/diocesisdeaguascalientes.mx\/vicaria-de-pastoral\/wp-content\/uploads\/sites\/2\/forminator\/10414_47c7fef6f8c6f15ac1daaf1663bdf562\/uploads\/MsHXz7AZKq3Z-PROGRAMACION-LLAMA-DE-AMOR.pdf\" target=\"_blank\">MsHXz7AZKq3Z-PROGRAMACION-LLAMA-DE-AMOR.pdf<\/a>' rel='' target='_blank'><a href=\"https:\/\/diocesisdeaguascalientes.mx\/vicaria-de-pastoral\/wp-content\/uploads\/sites\/2\/forminator\/10414_47c7fef6f8c6f15ac1daaf1663bdf562\/uploads\/MsHXz7AZKq3Z-PROGRAMACION-LLAMA-DE-AMOR.pdf\" target=\"_blank\">MsHXz7AZKq3Z-PROGRAMACION-LLAMA-DE-AMOR.pdf<\/a><\/a><\/td>\n                    <td style=\"\">20\/09\/2025 04:48 PM<\/td>\n            <\/tr>\n            <tr id=\"table_2_row_35\">\n                    <td style=\"\">Programaci\u00f3n Parroquial<\/td>\n                    <td style=\"\"><\/td>\n                    <td style=\"\"><\/td>\n                    <td style=\"\"><a href='<a href=\"https:\/\/diocesisdeaguascalientes.mx\/vicaria-de-pastoral\/wp-content\/uploads\/sites\/2\/forminator\/10414_47c7fef6f8c6f15ac1daaf1663bdf562\/uploads\/Kp3MrjHvCJvJ-COMUNICACION.pdf\" target=\"_blank\">Kp3MrjHvCJvJ-COMUNICACION.pdf<\/a>' rel='' target='_blank'><a href=\"https:\/\/diocesisdeaguascalientes.mx\/vicaria-de-pastoral\/wp-content\/uploads\/sites\/2\/forminator\/10414_47c7fef6f8c6f15ac1daaf1663bdf562\/uploads\/Kp3MrjHvCJvJ-COMUNICACION.pdf\" target=\"_blank\">Kp3MrjHvCJvJ-COMUNICACION.pdf<\/a><\/a><\/td>\n                    <td style=\"\">20\/09\/2025 04:46 PM<\/td>\n            <\/tr>\n            <tr id=\"table_2_row_36\">\n                    <td style=\"\">Programaci\u00f3n Parroquial<\/td>\n                    <td style=\"\"><\/td>\n                    <td style=\"\"><\/td>\n                    <td style=\"\"><a href='<a href=\"https:\/\/diocesisdeaguascalientes.mx\/vicaria-de-pastoral\/wp-content\/uploads\/sites\/2\/forminator\/10414_47c7fef6f8c6f15ac1daaf1663bdf562\/uploads\/c752RtiF144s-Juvenil-2025.pdf\" target=\"_blank\">c752RtiF144s-Juvenil-2025.pdf<\/a>' rel='' target='_blank'><a href=\"https:\/\/diocesisdeaguascalientes.mx\/vicaria-de-pastoral\/wp-content\/uploads\/sites\/2\/forminator\/10414_47c7fef6f8c6f15ac1daaf1663bdf562\/uploads\/c752RtiF144s-Juvenil-2025.pdf\" target=\"_blank\">c752RtiF144s-Juvenil-2025.pdf<\/a><\/a><\/td>\n                    <td style=\"\">20\/09\/2025 04:46 PM<\/td>\n            <\/tr>\n            <tr id=\"table_2_row_37\">\n                    <td style=\"\">Programaci\u00f3n Parroquial<\/td>\n                    <td style=\"\"><\/td>\n                    <td style=\"\"><\/td>\n                    <td style=\"\"><a href='<a href=\"https:\/\/diocesisdeaguascalientes.mx\/vicaria-de-pastoral\/wp-content\/uploads\/sites\/2\/forminator\/10414_47c7fef6f8c6f15ac1daaf1663bdf562\/uploads\/NgeBVe3jggWP-ADOLESCENTE-2025-2026.pdf\" target=\"_blank\">NgeBVe3jggWP-ADOLESCENTE-2025-2026.pdf<\/a>' rel='' target='_blank'><a href=\"https:\/\/diocesisdeaguascalientes.mx\/vicaria-de-pastoral\/wp-content\/uploads\/sites\/2\/forminator\/10414_47c7fef6f8c6f15ac1daaf1663bdf562\/uploads\/NgeBVe3jggWP-ADOLESCENTE-2025-2026.pdf\" target=\"_blank\">NgeBVe3jggWP-ADOLESCENTE-2025-2026.pdf<\/a><\/a><\/td>\n                    <td style=\"\">20\/09\/2025 04:46 PM<\/td>\n            <\/tr>\n            <tr id=\"table_2_row_38\">\n                    <td style=\"\">Programaci\u00f3n Parroquial<\/td>\n                    <td style=\"\"><\/td>\n                    <td style=\"\"><\/td>\n                    <td style=\"\"><a href='<a href=\"https:\/\/diocesisdeaguascalientes.mx\/vicaria-de-pastoral\/wp-content\/uploads\/sites\/2\/forminator\/10414_47c7fef6f8c6f15ac1daaf1663bdf562\/uploads\/uNtP6CZTHT4t-FAMILIAR-.pdf\" target=\"_blank\">uNtP6CZTHT4t-FAMILIAR-.pdf<\/a>' rel='' target='_blank'><a href=\"https:\/\/diocesisdeaguascalientes.mx\/vicaria-de-pastoral\/wp-content\/uploads\/sites\/2\/forminator\/10414_47c7fef6f8c6f15ac1daaf1663bdf562\/uploads\/uNtP6CZTHT4t-FAMILIAR-.pdf\" target=\"_blank\">uNtP6CZTHT4t-FAMILIAR-.pdf<\/a><\/a><\/td>\n                    <td style=\"\">20\/09\/2025 04:45 PM<\/td>\n            <\/tr>\n            <tr id=\"table_2_row_39\">\n                    <td style=\"\">Programaci\u00f3n Parroquial<\/td>\n                    <td style=\"\"><\/td>\n                    <td style=\"\"><\/td>\n                    <td style=\"\"><a href='<a href=\"https:\/\/diocesisdeaguascalientes.mx\/vicaria-de-pastoral\/wp-content\/uploads\/sites\/2\/forminator\/10414_47c7fef6f8c6f15ac1daaf1663bdf562\/uploads\/79nKDZ61iZAm-PASTORAL-SOCIAL.pdf\" target=\"_blank\">79nKDZ61iZAm-PASTORAL-SOCIAL.pdf<\/a>' rel='' target='_blank'><a href=\"https:\/\/diocesisdeaguascalientes.mx\/vicaria-de-pastoral\/wp-content\/uploads\/sites\/2\/forminator\/10414_47c7fef6f8c6f15ac1daaf1663bdf562\/uploads\/79nKDZ61iZAm-PASTORAL-SOCIAL.pdf\" target=\"_blank\">79nKDZ61iZAm-PASTORAL-SOCIAL.pdf<\/a><\/a><\/td>\n                    <td style=\"\">20\/09\/2025 04:45 PM<\/td>\n            <\/tr>\n            <tr id=\"table_2_row_40\">\n                    <td style=\"\">Programaci\u00f3n Parroquial<\/td>\n                    <td style=\"\"><\/td>\n                    <td style=\"\"><\/td>\n                    <td style=\"\"><a href='<a href=\"https:\/\/diocesisdeaguascalientes.mx\/vicaria-de-pastoral\/wp-content\/uploads\/sites\/2\/forminator\/10414_47c7fef6f8c6f15ac1daaf1663bdf562\/uploads\/Loiz5nnlexDN-LITURGIA.pdf\" target=\"_blank\">Loiz5nnlexDN-LITURGIA.pdf<\/a>' rel='' target='_blank'><a href=\"https:\/\/diocesisdeaguascalientes.mx\/vicaria-de-pastoral\/wp-content\/uploads\/sites\/2\/forminator\/10414_47c7fef6f8c6f15ac1daaf1663bdf562\/uploads\/Loiz5nnlexDN-LITURGIA.pdf\" target=\"_blank\">Loiz5nnlexDN-LITURGIA.pdf<\/a><\/a><\/td>\n                    <td style=\"\">20\/09\/2025 04:44 PM<\/td>\n            <\/tr>\n            <tr id=\"table_2_row_41\">\n                    <td style=\"\">Programaci\u00f3n Parroquial<\/td>\n                    <td style=\"\"><\/td>\n                    <td style=\"\"><\/td>\n                    <td style=\"\"><a href='<a href=\"https:\/\/diocesisdeaguascalientes.mx\/vicaria-de-pastoral\/wp-content\/uploads\/sites\/2\/forminator\/10414_47c7fef6f8c6f15ac1daaf1663bdf562\/uploads\/2Aes79tuQTWI-PROGRAMACION-final-PASTORAL-PROFETICA-2025-2026.pdf\" target=\"_blank\">2Aes79tuQTWI-PROGRAMACION-final-PASTORAL-PROFETICA-2025-2026.pdf<\/a>' rel='' target='_blank'><a href=\"https:\/\/diocesisdeaguascalientes.mx\/vicaria-de-pastoral\/wp-content\/uploads\/sites\/2\/forminator\/10414_47c7fef6f8c6f15ac1daaf1663bdf562\/uploads\/2Aes79tuQTWI-PROGRAMACION-final-PASTORAL-PROFETICA-2025-2026.pdf\" target=\"_blank\">2Aes79tuQTWI-PROGRAMACION-final-PASTORAL-PROFETICA-2025-2026.pdf<\/a><\/a><\/td>\n                    <td style=\"\">20\/09\/2025 04:43 PM<\/td>\n            <\/tr>\n            <tr id=\"table_2_row_42\">\n                    <td style=\"\">Programaci\u00f3n de Capellan\u00eda<\/td>\n                    <td style=\"\"><\/td>\n                    <td style=\"\"><\/td>\n                    <td style=\"\"><a href='<a href=\"https:\/\/diocesisdeaguascalientes.mx\/vicaria-de-pastoral\/wp-content\/uploads\/sites\/2\/forminator\/10414_47c7fef6f8c6f15ac1daaf1663bdf562\/uploads\/LUvgUHXPBfSS-PLAN-PASTORAL-CAPILLA-NTRA-SRA-DE-LA-LUZ.pdf\" target=\"_blank\">LUvgUHXPBfSS-PLAN-PASTORAL-CAPILLA-NTRA-SRA-DE-LA-LUZ.pdf<\/a>' rel='' target='_blank'><a href=\"https:\/\/diocesisdeaguascalientes.mx\/vicaria-de-pastoral\/wp-content\/uploads\/sites\/2\/forminator\/10414_47c7fef6f8c6f15ac1daaf1663bdf562\/uploads\/LUvgUHXPBfSS-PLAN-PASTORAL-CAPILLA-NTRA-SRA-DE-LA-LUZ.pdf\" target=\"_blank\">LUvgUHXPBfSS-PLAN-PASTORAL-CAPILLA-NTRA-SRA-DE-LA-LUZ.pdf<\/a><\/a><\/td>\n                    <td style=\"\">20\/09\/2025 04:39 PM<\/td>\n            <\/tr>\n            <tr id=\"table_2_row_43\">\n                    <td style=\"\">Programaci\u00f3n Parroquial<\/td>\n                    <td style=\"\"><\/td>\n                    <td style=\"\"><\/td>\n                    <td style=\"\"><a href='<a href=\"https:\/\/diocesisdeaguascalientes.mx\/vicaria-de-pastoral\/wp-content\/uploads\/sites\/2\/forminator\/10414_47c7fef6f8c6f15ac1daaf1663bdf562\/uploads\/ta3ifGR6fCru-PROGRAMACION-ADORACION-NOCTURNA-2025-2026.pdf\" target=\"_blank\">ta3ifGR6fCru-PROGRAMACION-ADORACION-NOCTURNA-2025-2026.pdf<\/a>' rel='' target='_blank'><a href=\"https:\/\/diocesisdeaguascalientes.mx\/vicaria-de-pastoral\/wp-content\/uploads\/sites\/2\/forminator\/10414_47c7fef6f8c6f15ac1daaf1663bdf562\/uploads\/ta3ifGR6fCru-PROGRAMACION-ADORACION-NOCTURNA-2025-2026.pdf\" target=\"_blank\">ta3ifGR6fCru-PROGRAMACION-ADORACION-NOCTURNA-2025-2026.pdf<\/a><\/a><\/td>\n                    <td style=\"\">20\/09\/2025 03:07 PM<\/td>\n            <\/tr>\n            <tr id=\"table_2_row_44\">\n                    <td style=\"\">Programaci\u00f3n Parroquial<\/td>\n                    <td style=\"\"><\/td>\n                    <td style=\"\"><\/td>\n                    <td style=\"\"><a href='<a href=\"https:\/\/diocesisdeaguascalientes.mx\/vicaria-de-pastoral\/wp-content\/uploads\/sites\/2\/forminator\/10414_47c7fef6f8c6f15ac1daaf1663bdf562\/uploads\/nTmX7PjOIGHE-PROGRAMACION-PASTORAL-DE-LA-COMUNICACION-2025-2026.pdf\" target=\"_blank\">nTmX7PjOIGHE-PROGRAMACION-PASTORAL-DE-LA-COMUNICACION-2025-2026.pdf<\/a>' rel='' target='_blank'><a href=\"https:\/\/diocesisdeaguascalientes.mx\/vicaria-de-pastoral\/wp-content\/uploads\/sites\/2\/forminator\/10414_47c7fef6f8c6f15ac1daaf1663bdf562\/uploads\/nTmX7PjOIGHE-PROGRAMACION-PASTORAL-DE-LA-COMUNICACION-2025-2026.pdf\" target=\"_blank\">nTmX7PjOIGHE-PROGRAMACION-PASTORAL-DE-LA-COMUNICACION-2025-2026.pdf<\/a><\/a><\/td>\n                    <td style=\"\">20\/09\/2025 03:05 PM<\/td>\n            <\/tr>\n            <tr id=\"table_2_row_45\">\n                    <td style=\"\">Programaci\u00f3n Parroquial<\/td>\n                    <td style=\"\"><\/td>\n                    <td style=\"\"><\/td>\n                    <td style=\"\"><a href='<a href=\"https:\/\/diocesisdeaguascalientes.mx\/vicaria-de-pastoral\/wp-content\/uploads\/sites\/2\/forminator\/10414_47c7fef6f8c6f15ac1daaf1663bdf562\/uploads\/js4axVYXq5eo-PROGRAMACION-ACTS-2025-2026.pdf\" target=\"_blank\">js4axVYXq5eo-PROGRAMACION-ACTS-2025-2026.pdf<\/a>' rel='' target='_blank'><a href=\"https:\/\/diocesisdeaguascalientes.mx\/vicaria-de-pastoral\/wp-content\/uploads\/sites\/2\/forminator\/10414_47c7fef6f8c6f15ac1daaf1663bdf562\/uploads\/js4axVYXq5eo-PROGRAMACION-ACTS-2025-2026.pdf\" target=\"_blank\">js4axVYXq5eo-PROGRAMACION-ACTS-2025-2026.pdf<\/a><\/a><\/td>\n                    <td style=\"\">20\/09\/2025 03:03 PM<\/td>\n            <\/tr>\n            <tr id=\"table_2_row_46\">\n                    <td style=\"\">Programaci\u00f3n Parroquial<\/td>\n                    <td style=\"\"><\/td>\n                    <td style=\"\"><\/td>\n                    <td style=\"\"><a href='<a href=\"https:\/\/diocesisdeaguascalientes.mx\/vicaria-de-pastoral\/wp-content\/uploads\/sites\/2\/forminator\/10414_47c7fef6f8c6f15ac1daaf1663bdf562\/uploads\/x9xUtuis0Xjl-PROGRAMACION-25-26-SECTORES.pdf\" target=\"_blank\">x9xUtuis0Xjl-PROGRAMACION-25-26-SECTORES.pdf<\/a>' rel='' target='_blank'><a href=\"https:\/\/diocesisdeaguascalientes.mx\/vicaria-de-pastoral\/wp-content\/uploads\/sites\/2\/forminator\/10414_47c7fef6f8c6f15ac1daaf1663bdf562\/uploads\/x9xUtuis0Xjl-PROGRAMACION-25-26-SECTORES.pdf\" target=\"_blank\">x9xUtuis0Xjl-PROGRAMACION-25-26-SECTORES.pdf<\/a><\/a><\/td>\n                    <td style=\"\">20\/09\/2025 02:16 PM<\/td>\n            <\/tr>\n            <tr id=\"table_2_row_47\">\n                    <td style=\"\">Programaci\u00f3n Parroquial<\/td>\n                    <td style=\"\"><\/td>\n                    <td style=\"\"><\/td>\n                    <td style=\"\"><a href='<a href=\"https:\/\/diocesisdeaguascalientes.mx\/vicaria-de-pastoral\/wp-content\/uploads\/sites\/2\/forminator\/10414_47c7fef6f8c6f15ac1daaf1663bdf562\/uploads\/02dcGAFHnPmg-PROGRAMACION-25-26-GUARDIA-DE-HONOR.pdf\" target=\"_blank\">02dcGAFHnPmg-PROGRAMACION-25-26-GUARDIA-DE-HONOR.pdf<\/a>' rel='' target='_blank'><a href=\"https:\/\/diocesisdeaguascalientes.mx\/vicaria-de-pastoral\/wp-content\/uploads\/sites\/2\/forminator\/10414_47c7fef6f8c6f15ac1daaf1663bdf562\/uploads\/02dcGAFHnPmg-PROGRAMACION-25-26-GUARDIA-DE-HONOR.pdf\" target=\"_blank\">02dcGAFHnPmg-PROGRAMACION-25-26-GUARDIA-DE-HONOR.pdf<\/a><\/a><\/td>\n                    <td style=\"\">20\/09\/2025 02:15 PM<\/td>\n            <\/tr>\n            <tr id=\"table_2_row_48\">\n                    <td style=\"\">Programaci\u00f3n Parroquial<\/td>\n                    <td style=\"\"><\/td>\n                    <td style=\"\"><\/td>\n                    <td style=\"\"><a href='<a href=\"https:\/\/diocesisdeaguascalientes.mx\/vicaria-de-pastoral\/wp-content\/uploads\/sites\/2\/forminator\/10414_47c7fef6f8c6f15ac1daaf1663bdf562\/uploads\/HHRcZzmHwlB1-PROGRAMACION-25-26-RENOVACION.pdf\" target=\"_blank\">HHRcZzmHwlB1-PROGRAMACION-25-26-RENOVACION.pdf<\/a>' rel='' target='_blank'><a href=\"https:\/\/diocesisdeaguascalientes.mx\/vicaria-de-pastoral\/wp-content\/uploads\/sites\/2\/forminator\/10414_47c7fef6f8c6f15ac1daaf1663bdf562\/uploads\/HHRcZzmHwlB1-PROGRAMACION-25-26-RENOVACION.pdf\" target=\"_blank\">HHRcZzmHwlB1-PROGRAMACION-25-26-RENOVACION.pdf<\/a><\/a><\/td>\n                    <td style=\"\">20\/09\/2025 02:14 PM<\/td>\n            <\/tr>\n            <tr id=\"table_2_row_49\">\n                    <td style=\"\">Programaci\u00f3n Parroquial<\/td>\n                    <td style=\"\"><\/td>\n                    <td style=\"\"><\/td>\n                    <td style=\"\"><a href='<a href=\"https:\/\/diocesisdeaguascalientes.mx\/vicaria-de-pastoral\/wp-content\/uploads\/sites\/2\/forminator\/10414_47c7fef6f8c6f15ac1daaf1663bdf562\/uploads\/hCl4HzBVZVH3-PROGRAMACION-25-26-ACTS.pdf\" target=\"_blank\">hCl4HzBVZVH3-PROGRAMACION-25-26-ACTS.pdf<\/a>' rel='' target='_blank'><a href=\"https:\/\/diocesisdeaguascalientes.mx\/vicaria-de-pastoral\/wp-content\/uploads\/sites\/2\/forminator\/10414_47c7fef6f8c6f15ac1daaf1663bdf562\/uploads\/hCl4HzBVZVH3-PROGRAMACION-25-26-ACTS.pdf\" target=\"_blank\">hCl4HzBVZVH3-PROGRAMACION-25-26-ACTS.pdf<\/a><\/a><\/td>\n                    <td style=\"\">20\/09\/2025 02:14 PM<\/td>\n            <\/tr>\n            <tr id=\"table_2_row_50\">\n                    <td style=\"\">Programaci\u00f3n Parroquial<\/td>\n                    <td style=\"\"><\/td>\n                    <td style=\"\"><\/td>\n                    <td style=\"\"><a href='<a href=\"https:\/\/diocesisdeaguascalientes.mx\/vicaria-de-pastoral\/wp-content\/uploads\/sites\/2\/forminator\/10414_47c7fef6f8c6f15ac1daaf1663bdf562\/uploads\/xcwpr0SqoEh0-PROGRAMACION-25-26-PASTORAL-COMUNICACION.pdf\" target=\"_blank\">xcwpr0SqoEh0-PROGRAMACION-25-26-PASTORAL-COMUNICACION.pdf<\/a>' rel='' target='_blank'><a href=\"https:\/\/diocesisdeaguascalientes.mx\/vicaria-de-pastoral\/wp-content\/uploads\/sites\/2\/forminator\/10414_47c7fef6f8c6f15ac1daaf1663bdf562\/uploads\/xcwpr0SqoEh0-PROGRAMACION-25-26-PASTORAL-COMUNICACION.pdf\" target=\"_blank\">xcwpr0SqoEh0-PROGRAMACION-25-26-PASTORAL-COMUNICACION.pdf<\/a><\/a><\/td>\n                    <td style=\"\">20\/09\/2025 02:14 PM<\/td>\n            <\/tr>\n            <tr id=\"table_2_row_51\">\n                    <td style=\"\">Programaci\u00f3n Parroquial<\/td>\n                    <td style=\"\"><\/td>\n                    <td style=\"\"><\/td>\n                    <td style=\"\"><a href='<a href=\"https:\/\/diocesisdeaguascalientes.mx\/vicaria-de-pastoral\/wp-content\/uploads\/sites\/2\/forminator\/10414_47c7fef6f8c6f15ac1daaf1663bdf562\/uploads\/6mQ9FMwYuWON-PROGRAMACION-25-26-PASTORAL-JUVENIL.pdf\" target=\"_blank\">6mQ9FMwYuWON-PROGRAMACION-25-26-PASTORAL-JUVENIL.pdf<\/a>' rel='' target='_blank'><a href=\"https:\/\/diocesisdeaguascalientes.mx\/vicaria-de-pastoral\/wp-content\/uploads\/sites\/2\/forminator\/10414_47c7fef6f8c6f15ac1daaf1663bdf562\/uploads\/6mQ9FMwYuWON-PROGRAMACION-25-26-PASTORAL-JUVENIL.pdf\" target=\"_blank\">6mQ9FMwYuWON-PROGRAMACION-25-26-PASTORAL-JUVENIL.pdf<\/a><\/a><\/td>\n                    <td style=\"\">20\/09\/2025 02:13 PM<\/td>\n            <\/tr>\n            <tr id=\"table_2_row_52\">\n                    <td style=\"\">Programaci\u00f3n Parroquial<\/td>\n                    <td style=\"\"><\/td>\n                    <td style=\"\"><\/td>\n                    <td style=\"\"><a href='<a href=\"https:\/\/diocesisdeaguascalientes.mx\/vicaria-de-pastoral\/wp-content\/uploads\/sites\/2\/forminator\/10414_47c7fef6f8c6f15ac1daaf1663bdf562\/uploads\/p8tI81ibpuv2-PROGRAMACION-25-26-PASTORAL-ADOLESCENTES.pdf\" target=\"_blank\">p8tI81ibpuv2-PROGRAMACION-25-26-PASTORAL-ADOLESCENTES.pdf<\/a>' rel='' target='_blank'><a href=\"https:\/\/diocesisdeaguascalientes.mx\/vicaria-de-pastoral\/wp-content\/uploads\/sites\/2\/forminator\/10414_47c7fef6f8c6f15ac1daaf1663bdf562\/uploads\/p8tI81ibpuv2-PROGRAMACION-25-26-PASTORAL-ADOLESCENTES.pdf\" target=\"_blank\">p8tI81ibpuv2-PROGRAMACION-25-26-PASTORAL-ADOLESCENTES.pdf<\/a><\/a><\/td>\n                    <td style=\"\">20\/09\/2025 02:12 PM<\/td>\n            <\/tr>\n            <tr id=\"table_2_row_53\">\n                    <td style=\"\">Programaci\u00f3n Parroquial<\/td>\n                    <td style=\"\"><\/td>\n                    <td style=\"\"><\/td>\n                    <td style=\"\"><a href='<a href=\"https:\/\/diocesisdeaguascalientes.mx\/vicaria-de-pastoral\/wp-content\/uploads\/sites\/2\/forminator\/10414_47c7fef6f8c6f15ac1daaf1663bdf562\/uploads\/1eVkyxvfAL83-PROGRAMACION-25-26-PASTORAL-FAMILIAR.pdf\" target=\"_blank\">1eVkyxvfAL83-PROGRAMACION-25-26-PASTORAL-FAMILIAR.pdf<\/a>' rel='' target='_blank'><a href=\"https:\/\/diocesisdeaguascalientes.mx\/vicaria-de-pastoral\/wp-content\/uploads\/sites\/2\/forminator\/10414_47c7fef6f8c6f15ac1daaf1663bdf562\/uploads\/1eVkyxvfAL83-PROGRAMACION-25-26-PASTORAL-FAMILIAR.pdf\" target=\"_blank\">1eVkyxvfAL83-PROGRAMACION-25-26-PASTORAL-FAMILIAR.pdf<\/a><\/a><\/td>\n                    <td style=\"\">20\/09\/2025 02:12 PM<\/td>\n            <\/tr>\n            <tr id=\"table_2_row_54\">\n                    <td style=\"\">Programaci\u00f3n Parroquial<\/td>\n                    <td style=\"\"><\/td>\n                    <td style=\"\"><\/td>\n                    <td style=\"\"><a href='<a href=\"https:\/\/diocesisdeaguascalientes.mx\/vicaria-de-pastoral\/wp-content\/uploads\/sites\/2\/forminator\/10414_47c7fef6f8c6f15ac1daaf1663bdf562\/uploads\/6YiBDRp41izK-PROGRAMACION-25-26-PASTORAL-SOCIAL.pdf\" target=\"_blank\">6YiBDRp41izK-PROGRAMACION-25-26-PASTORAL-SOCIAL.pdf<\/a>' rel='' target='_blank'><a href=\"https:\/\/diocesisdeaguascalientes.mx\/vicaria-de-pastoral\/wp-content\/uploads\/sites\/2\/forminator\/10414_47c7fef6f8c6f15ac1daaf1663bdf562\/uploads\/6YiBDRp41izK-PROGRAMACION-25-26-PASTORAL-SOCIAL.pdf\" target=\"_blank\">6YiBDRp41izK-PROGRAMACION-25-26-PASTORAL-SOCIAL.pdf<\/a><\/a><\/td>\n                    <td style=\"\">20\/09\/2025 02:12 PM<\/td>\n            <\/tr>\n            <tr id=\"table_2_row_55\">\n                    <td style=\"\">Programaci\u00f3n Parroquial<\/td>\n                    <td style=\"\"><\/td>\n                    <td style=\"\"><\/td>\n                    <td style=\"\"><a href='<a href=\"https:\/\/diocesisdeaguascalientes.mx\/vicaria-de-pastoral\/wp-content\/uploads\/sites\/2\/forminator\/10414_47c7fef6f8c6f15ac1daaf1663bdf562\/uploads\/Lt1OarRYBR0n-PROGRAMACION-25-26-PASTORAL-LITURGICA.pdf\" target=\"_blank\">Lt1OarRYBR0n-PROGRAMACION-25-26-PASTORAL-LITURGICA.pdf<\/a>' rel='' target='_blank'><a href=\"https:\/\/diocesisdeaguascalientes.mx\/vicaria-de-pastoral\/wp-content\/uploads\/sites\/2\/forminator\/10414_47c7fef6f8c6f15ac1daaf1663bdf562\/uploads\/Lt1OarRYBR0n-PROGRAMACION-25-26-PASTORAL-LITURGICA.pdf\" target=\"_blank\">Lt1OarRYBR0n-PROGRAMACION-25-26-PASTORAL-LITURGICA.pdf<\/a><\/a><\/td>\n                    <td style=\"\">20\/09\/2025 02:11 PM<\/td>\n            <\/tr>\n            <tr id=\"table_2_row_56\">\n                    <td style=\"\">Programaci\u00f3n Parroquial<\/td>\n                    <td style=\"\"><\/td>\n                    <td style=\"\"><\/td>\n                    <td style=\"\"><a href='<a href=\"https:\/\/diocesisdeaguascalientes.mx\/vicaria-de-pastoral\/wp-content\/uploads\/sites\/2\/forminator\/10414_47c7fef6f8c6f15ac1daaf1663bdf562\/uploads\/BiWQn6QRSsez-PROGRAMACION-25-26-PASTORAL-PROFETICA.pdf\" target=\"_blank\">BiWQn6QRSsez-PROGRAMACION-25-26-PASTORAL-PROFETICA.pdf<\/a>' rel='' target='_blank'><a href=\"https:\/\/diocesisdeaguascalientes.mx\/vicaria-de-pastoral\/wp-content\/uploads\/sites\/2\/forminator\/10414_47c7fef6f8c6f15ac1daaf1663bdf562\/uploads\/BiWQn6QRSsez-PROGRAMACION-25-26-PASTORAL-PROFETICA.pdf\" target=\"_blank\">BiWQn6QRSsez-PROGRAMACION-25-26-PASTORAL-PROFETICA.pdf<\/a><\/a><\/td>\n                    <td style=\"\">20\/09\/2025 02:11 PM<\/td>\n            <\/tr>\n            <tr id=\"table_2_row_57\">\n                    <td style=\"\">Programaci\u00f3n Parroquial<\/td>\n                    <td style=\"\"><\/td>\n                    <td style=\"\"><\/td>\n                    <td style=\"\"><a href='<a href=\"https:\/\/diocesisdeaguascalientes.mx\/vicaria-de-pastoral\/wp-content\/uploads\/sites\/2\/forminator\/10414_47c7fef6f8c6f15ac1daaf1663bdf562\/uploads\/QrB1CaNr42xS-PROGRAMACION-25-26-ANIMACION-PASTORAL.pdf\" target=\"_blank\">QrB1CaNr42xS-PROGRAMACION-25-26-ANIMACION-PASTORAL.pdf<\/a>' rel='' target='_blank'><a href=\"https:\/\/diocesisdeaguascalientes.mx\/vicaria-de-pastoral\/wp-content\/uploads\/sites\/2\/forminator\/10414_47c7fef6f8c6f15ac1daaf1663bdf562\/uploads\/QrB1CaNr42xS-PROGRAMACION-25-26-ANIMACION-PASTORAL.pdf\" target=\"_blank\">QrB1CaNr42xS-PROGRAMACION-25-26-ANIMACION-PASTORAL.pdf<\/a><\/a><\/td>\n                    <td style=\"\">20\/09\/2025 02:11 PM<\/td>\n            <\/tr>\n            <tr id=\"table_2_row_58\">\n                    <td style=\"\">Programaci\u00f3n Parroquial<\/td>\n                    <td style=\"\"><\/td>\n                    <td style=\"\"><\/td>\n                    <td style=\"\"><a href='<a href=\"https:\/\/diocesisdeaguascalientes.mx\/vicaria-de-pastoral\/wp-content\/uploads\/sites\/2\/forminator\/10414_47c7fef6f8c6f15ac1daaf1663bdf562\/uploads\/GFs6aAC9MXyl-Programa-Profetica-Catequesis-Cultura-2025-2026.pdf\" target=\"_blank\">GFs6aAC9MXyl-Programa-Profetica-Catequesis-Cultura-2025-2026.pdf<\/a>' rel='' target='_blank'><a href=\"https:\/\/diocesisdeaguascalientes.mx\/vicaria-de-pastoral\/wp-content\/uploads\/sites\/2\/forminator\/10414_47c7fef6f8c6f15ac1daaf1663bdf562\/uploads\/GFs6aAC9MXyl-Programa-Profetica-Catequesis-Cultura-2025-2026.pdf\" target=\"_blank\">GFs6aAC9MXyl-Programa-Profetica-Catequesis-Cultura-2025-2026.pdf<\/a><\/a><\/td>\n                    <td style=\"\">20\/09\/2025 02:04 PM<\/td>\n            <\/tr>\n            <tr id=\"table_2_row_59\">\n                    <td style=\"\">Programaci\u00f3n Parroquial<\/td>\n                    <td style=\"\"><\/td>\n                    <td style=\"\"><\/td>\n                    <td style=\"\"><a href='<a href=\"https:\/\/diocesisdeaguascalientes.mx\/vicaria-de-pastoral\/wp-content\/uploads\/sites\/2\/forminator\/10414_47c7fef6f8c6f15ac1daaf1663bdf562\/uploads\/WVoXcTLFsABT-Programa-Profetica-Catequesis-Cultura-2025-2026.pdf\" target=\"_blank\">WVoXcTLFsABT-Programa-Profetica-Catequesis-Cultura-2025-2026.pdf<\/a>' rel='' target='_blank'><a href=\"https:\/\/diocesisdeaguascalientes.mx\/vicaria-de-pastoral\/wp-content\/uploads\/sites\/2\/forminator\/10414_47c7fef6f8c6f15ac1daaf1663bdf562\/uploads\/WVoXcTLFsABT-Programa-Profetica-Catequesis-Cultura-2025-2026.pdf\" target=\"_blank\">WVoXcTLFsABT-Programa-Profetica-Catequesis-Cultura-2025-2026.pdf<\/a><\/a><\/td>\n                    <td style=\"\">20\/09\/2025 02:02 PM<\/td>\n            <\/tr>\n            <tr id=\"table_2_row_60\">\n                    <td style=\"\">Programaci\u00f3n Parroquial<\/td>\n                    <td style=\"\"><\/td>\n                    <td style=\"\"><\/td>\n                    <td style=\"\"><a href='<a href=\"https:\/\/diocesisdeaguascalientes.mx\/vicaria-de-pastoral\/wp-content\/uploads\/sites\/2\/forminator\/10414_47c7fef6f8c6f15ac1daaf1663bdf562\/uploads\/c2xIz625y9Qq-Programa-Pastoral-Familiar-2025-2026.pdf\" target=\"_blank\">c2xIz625y9Qq-Programa-Pastoral-Familiar-2025-2026.pdf<\/a>' rel='' target='_blank'><a href=\"https:\/\/diocesisdeaguascalientes.mx\/vicaria-de-pastoral\/wp-content\/uploads\/sites\/2\/forminator\/10414_47c7fef6f8c6f15ac1daaf1663bdf562\/uploads\/c2xIz625y9Qq-Programa-Pastoral-Familiar-2025-2026.pdf\" target=\"_blank\">c2xIz625y9Qq-Programa-Pastoral-Familiar-2025-2026.pdf<\/a><\/a><\/td>\n                    <td style=\"\">20\/09\/2025 02:01 PM<\/td>\n            <\/tr>\n            <tr id=\"table_2_row_61\">\n                    <td style=\"\">Programaci\u00f3n Parroquial<\/td>\n                    <td style=\"\"><\/td>\n                    <td style=\"\"><\/td>\n                    <td style=\"\"><a href='<a href=\"https:\/\/diocesisdeaguascalientes.mx\/vicaria-de-pastoral\/wp-content\/uploads\/sites\/2\/forminator\/10414_47c7fef6f8c6f15ac1daaf1663bdf562\/uploads\/9gX4RtAwCqVQ-PASTORAL-JUVENIL-2025-2026.pdf\" target=\"_blank\">9gX4RtAwCqVQ-PASTORAL-JUVENIL-2025-2026.pdf<\/a>' rel='' target='_blank'><a href=\"https:\/\/diocesisdeaguascalientes.mx\/vicaria-de-pastoral\/wp-content\/uploads\/sites\/2\/forminator\/10414_47c7fef6f8c6f15ac1daaf1663bdf562\/uploads\/9gX4RtAwCqVQ-PASTORAL-JUVENIL-2025-2026.pdf\" target=\"_blank\">9gX4RtAwCqVQ-PASTORAL-JUVENIL-2025-2026.pdf<\/a><\/a><\/td>\n                    <td style=\"\">20\/09\/2025 01:44 PM<\/td>\n            <\/tr>\n            <tr id=\"table_2_row_62\">\n                    <td style=\"\">Programaci\u00f3n Parroquial<\/td>\n                    <td style=\"\"><\/td>\n                    <td style=\"\"><\/td>\n                    <td style=\"\"><a href='<a href=\"https:\/\/diocesisdeaguascalientes.mx\/vicaria-de-pastoral\/wp-content\/uploads\/sites\/2\/forminator\/10414_47c7fef6f8c6f15ac1daaf1663bdf562\/uploads\/b7fROGl4i3bX-Animacion-Pastoral-2025-2026.pdf\" target=\"_blank\">b7fROGl4i3bX-Animacion-Pastoral-2025-2026.pdf<\/a>' rel='' target='_blank'><a href=\"https:\/\/diocesisdeaguascalientes.mx\/vicaria-de-pastoral\/wp-content\/uploads\/sites\/2\/forminator\/10414_47c7fef6f8c6f15ac1daaf1663bdf562\/uploads\/b7fROGl4i3bX-Animacion-Pastoral-2025-2026.pdf\" target=\"_blank\">b7fROGl4i3bX-Animacion-Pastoral-2025-2026.pdf<\/a><\/a><\/td>\n                    <td style=\"\">20\/09\/2025 11:44 AM<\/td>\n            <\/tr>\n            <tr id=\"table_2_row_63\">\n                    <td style=\"\">Programaci\u00f3n Parroquial<\/td>\n                    <td style=\"\"><\/td>\n                    <td style=\"\"><\/td>\n                    <td style=\"\"><a href='<a href=\"https:\/\/diocesisdeaguascalientes.mx\/vicaria-de-pastoral\/wp-content\/uploads\/sites\/2\/forminator\/10414_47c7fef6f8c6f15ac1daaf1663bdf562\/uploads\/t0lcG6b7PO8D-Organismos-Eclesiales-Laicales-2025-2026.pdf\" target=\"_blank\">t0lcG6b7PO8D-Organismos-Eclesiales-Laicales-2025-2026.pdf<\/a>' rel='' target='_blank'><a href=\"https:\/\/diocesisdeaguascalientes.mx\/vicaria-de-pastoral\/wp-content\/uploads\/sites\/2\/forminator\/10414_47c7fef6f8c6f15ac1daaf1663bdf562\/uploads\/t0lcG6b7PO8D-Organismos-Eclesiales-Laicales-2025-2026.pdf\" target=\"_blank\">t0lcG6b7PO8D-Organismos-Eclesiales-Laicales-2025-2026.pdf<\/a><\/a><\/td>\n                    <td style=\"\">20\/09\/2025 11:42 AM<\/td>\n            <\/tr>\n            <tr id=\"table_2_row_64\">\n                    <td style=\"\">Programaci\u00f3n Parroquial<\/td>\n                    <td style=\"\"><\/td>\n                    <td style=\"\"><\/td>\n                    <td style=\"\"><a href='<a href=\"https:\/\/diocesisdeaguascalientes.mx\/vicaria-de-pastoral\/wp-content\/uploads\/sites\/2\/forminator\/10414_47c7fef6f8c6f15ac1daaf1663bdf562\/uploads\/OhVEZknJVbns-Juvenil-205-2026.pdf\" target=\"_blank\">OhVEZknJVbns-Juvenil-205-2026.pdf<\/a>' rel='' target='_blank'><a href=\"https:\/\/diocesisdeaguascalientes.mx\/vicaria-de-pastoral\/wp-content\/uploads\/sites\/2\/forminator\/10414_47c7fef6f8c6f15ac1daaf1663bdf562\/uploads\/OhVEZknJVbns-Juvenil-205-2026.pdf\" target=\"_blank\">OhVEZknJVbns-Juvenil-205-2026.pdf<\/a><\/a><\/td>\n                    <td style=\"\">20\/09\/2025 11:42 AM<\/td>\n            <\/tr>\n            <tr id=\"table_2_row_65\">\n                    <td style=\"\">Programaci\u00f3n Parroquial<\/td>\n                    <td style=\"\"><\/td>\n                    <td style=\"\"><\/td>\n                    <td style=\"\"><a href='<a href=\"https:\/\/diocesisdeaguascalientes.mx\/vicaria-de-pastoral\/wp-content\/uploads\/sites\/2\/forminator\/10414_47c7fef6f8c6f15ac1daaf1663bdf562\/uploads\/VBUzKPLNPgPu-Familiar-2025-2026docx.pdf\" target=\"_blank\">VBUzKPLNPgPu-Familiar-2025-2026docx.pdf<\/a>' rel='' target='_blank'><a href=\"https:\/\/diocesisdeaguascalientes.mx\/vicaria-de-pastoral\/wp-content\/uploads\/sites\/2\/forminator\/10414_47c7fef6f8c6f15ac1daaf1663bdf562\/uploads\/VBUzKPLNPgPu-Familiar-2025-2026docx.pdf\" target=\"_blank\">VBUzKPLNPgPu-Familiar-2025-2026docx.pdf<\/a><\/a><\/td>\n                    <td style=\"\">20\/09\/2025 11:40 AM<\/td>\n            <\/tr>\n            <tr id=\"table_2_row_66\">\n                    <td style=\"\">Programaci\u00f3n Parroquial<\/td>\n                    <td style=\"\"><\/td>\n                    <td style=\"\"><\/td>\n                    <td style=\"\"><a href='<a href=\"https:\/\/diocesisdeaguascalientes.mx\/vicaria-de-pastoral\/wp-content\/uploads\/sites\/2\/forminator\/10414_47c7fef6f8c6f15ac1daaf1663bdf562\/uploads\/zRAMocSvtpTZ-Pastoral-Social-2025-2026.pdf\" target=\"_blank\">zRAMocSvtpTZ-Pastoral-Social-2025-2026.pdf<\/a>' rel='' target='_blank'><a href=\"https:\/\/diocesisdeaguascalientes.mx\/vicaria-de-pastoral\/wp-content\/uploads\/sites\/2\/forminator\/10414_47c7fef6f8c6f15ac1daaf1663bdf562\/uploads\/zRAMocSvtpTZ-Pastoral-Social-2025-2026.pdf\" target=\"_blank\">zRAMocSvtpTZ-Pastoral-Social-2025-2026.pdf<\/a><\/a><\/td>\n                    <td style=\"\">20\/09\/2025 11:40 AM<\/td>\n            <\/tr>\n            <tr id=\"table_2_row_67\">\n                    <td style=\"\">Programaci\u00f3n Parroquial<\/td>\n                    <td style=\"\"><\/td>\n                    <td style=\"\"><\/td>\n                    <td style=\"\"><a href='<a href=\"https:\/\/diocesisdeaguascalientes.mx\/vicaria-de-pastoral\/wp-content\/uploads\/sites\/2\/forminator\/10414_47c7fef6f8c6f15ac1daaf1663bdf562\/uploads\/EpdyUrhfEXH3-Liturgia-2025-2026-.pdf\" target=\"_blank\">EpdyUrhfEXH3-Liturgia-2025-2026-.pdf<\/a>' rel='' target='_blank'><a href=\"https:\/\/diocesisdeaguascalientes.mx\/vicaria-de-pastoral\/wp-content\/uploads\/sites\/2\/forminator\/10414_47c7fef6f8c6f15ac1daaf1663bdf562\/uploads\/EpdyUrhfEXH3-Liturgia-2025-2026-.pdf\" target=\"_blank\">EpdyUrhfEXH3-Liturgia-2025-2026-.pdf<\/a><\/a><\/td>\n                    <td style=\"\">20\/09\/2025 11:39 AM<\/td>\n            <\/tr>\n            <tr id=\"table_2_row_68\">\n                    <td style=\"\">Programaci\u00f3n Parroquial<\/td>\n                    <td style=\"\"><\/td>\n                    <td style=\"\"><\/td>\n                    <td style=\"\"><a href='<a href=\"https:\/\/diocesisdeaguascalientes.mx\/vicaria-de-pastoral\/wp-content\/uploads\/sites\/2\/forminator\/10414_47c7fef6f8c6f15ac1daaf1663bdf562\/uploads\/DsQiMoZKRSBh-Protetica-2025-2026.pdf\" target=\"_blank\">DsQiMoZKRSBh-Protetica-2025-2026.pdf<\/a>' rel='' target='_blank'><a href=\"https:\/\/diocesisdeaguascalientes.mx\/vicaria-de-pastoral\/wp-content\/uploads\/sites\/2\/forminator\/10414_47c7fef6f8c6f15ac1daaf1663bdf562\/uploads\/DsQiMoZKRSBh-Protetica-2025-2026.pdf\" target=\"_blank\">DsQiMoZKRSBh-Protetica-2025-2026.pdf<\/a><\/a><\/td>\n                    <td style=\"\">20\/09\/2025 11:37 AM<\/td>\n            <\/tr>\n            <tr id=\"table_2_row_69\">\n                    <td style=\"\">Programaci\u00f3n Parroquial<\/td>\n                    <td style=\"\"><\/td>\n                    <td style=\"\"><\/td>\n                    <td style=\"\"><a href='<a href=\"https:\/\/diocesisdeaguascalientes.mx\/vicaria-de-pastoral\/wp-content\/uploads\/sites\/2\/forminator\/10414_47c7fef6f8c6f15ac1daaf1663bdf562\/uploads\/JXE7so7kuC5W-FPP_2025_Renovacion-1.pdf\" target=\"_blank\">JXE7so7kuC5W-FPP_2025_Renovacion-1.pdf<\/a>' rel='' target='_blank'><a href=\"https:\/\/diocesisdeaguascalientes.mx\/vicaria-de-pastoral\/wp-content\/uploads\/sites\/2\/forminator\/10414_47c7fef6f8c6f15ac1daaf1663bdf562\/uploads\/JXE7so7kuC5W-FPP_2025_Renovacion-1.pdf\" target=\"_blank\">JXE7so7kuC5W-FPP_2025_Renovacion-1.pdf<\/a><\/a><\/td>\n                    <td style=\"\">20\/09\/2025 07:52 AM<\/td>\n            <\/tr>\n            <tr id=\"table_2_row_70\">\n                    <td style=\"\">Programaci\u00f3n Decanal<\/td>\n                    <td style=\"\">D16 SUR CIUDAD SANTO TORIBIO ROMO GONZALEZ<\/td>\n                    <td style=\"\">Organismos Eclesiales Laicales (OEL)<\/td>\n                    <td style=\"\"><a href='<a href=\"https:\/\/diocesisdeaguascalientes.mx\/vicaria-de-pastoral\/wp-content\/uploads\/sites\/2\/forminator\/10414_47c7fef6f8c6f15ac1daaf1663bdf562\/uploads\/0Jb7k9cybYrS-FORMATO-DE-PROGRAMACION-OEL-2025-2026.pdf\" target=\"_blank\">0Jb7k9cybYrS-FORMATO-DE-PROGRAMACION-OEL-2025-2026.pdf<\/a>' rel='' target='_blank'><a href=\"https:\/\/diocesisdeaguascalientes.mx\/vicaria-de-pastoral\/wp-content\/uploads\/sites\/2\/forminator\/10414_47c7fef6f8c6f15ac1daaf1663bdf562\/uploads\/0Jb7k9cybYrS-FORMATO-DE-PROGRAMACION-OEL-2025-2026.pdf\" target=\"_blank\">0Jb7k9cybYrS-FORMATO-DE-PROGRAMACION-OEL-2025-2026.pdf<\/a><\/a><\/td>\n                    <td style=\"\">19\/09\/2025 11:54 PM<\/td>\n            <\/tr>\n            <tr id=\"table_2_row_71\">\n                    <td style=\"\">Programaci\u00f3n Decanal<\/td>\n                    <td style=\"\">D16 SUR CIUDAD SANTO TORIBIO ROMO GONZALEZ<\/td>\n                    <td style=\"\">Pastoral de la Comunicaci\u00f3n<\/td>\n                    <td style=\"\"><a href='<a href=\"https:\/\/diocesisdeaguascalientes.mx\/vicaria-de-pastoral\/wp-content\/uploads\/sites\/2\/forminator\/10414_47c7fef6f8c6f15ac1daaf1663bdf562\/uploads\/edE7yVCdW8BO-Formato-Programacion-Comunicacion-STR-2025-2026.pdf\" target=\"_blank\">edE7yVCdW8BO-Formato-Programacion-Comunicacion-STR-2025-2026.pdf<\/a>' rel='' target='_blank'><a href=\"https:\/\/diocesisdeaguascalientes.mx\/vicaria-de-pastoral\/wp-content\/uploads\/sites\/2\/forminator\/10414_47c7fef6f8c6f15ac1daaf1663bdf562\/uploads\/edE7yVCdW8BO-Formato-Programacion-Comunicacion-STR-2025-2026.pdf\" target=\"_blank\">edE7yVCdW8BO-Formato-Programacion-Comunicacion-STR-2025-2026.pdf<\/a><\/a><\/td>\n                    <td style=\"\">19\/09\/2025 11:53 PM<\/td>\n            <\/tr>\n            <tr id=\"table_2_row_72\">\n                    <td style=\"\">Programaci\u00f3n Decanal<\/td>\n                    <td style=\"\">D16 SUR CIUDAD SANTO TORIBIO ROMO GONZALEZ<\/td>\n                    <td style=\"\">Pastoral Juvenil<\/td>\n                    <td style=\"\"><a href='<a href=\"https:\/\/diocesisdeaguascalientes.mx\/vicaria-de-pastoral\/wp-content\/uploads\/sites\/2\/forminator\/10414_47c7fef6f8c6f15ac1daaf1663bdf562\/uploads\/t8YdAbUBeeOc-PROGRAMACION-DECANAL-PASTORAL-JUVENIL-2025-2026.pdf\" target=\"_blank\">t8YdAbUBeeOc-PROGRAMACION-DECANAL-PASTORAL-JUVENIL-2025-2026.pdf<\/a>' rel='' target='_blank'><a href=\"https:\/\/diocesisdeaguascalientes.mx\/vicaria-de-pastoral\/wp-content\/uploads\/sites\/2\/forminator\/10414_47c7fef6f8c6f15ac1daaf1663bdf562\/uploads\/t8YdAbUBeeOc-PROGRAMACION-DECANAL-PASTORAL-JUVENIL-2025-2026.pdf\" target=\"_blank\">t8YdAbUBeeOc-PROGRAMACION-DECANAL-PASTORAL-JUVENIL-2025-2026.pdf<\/a><\/a><\/td>\n                    <td style=\"\">19\/09\/2025 11:52 PM<\/td>\n            <\/tr>\n            <tr id=\"table_2_row_73\">\n                    <td style=\"\">Programaci\u00f3n Decanal<\/td>\n                    <td style=\"\">D16 SUR CIUDAD SANTO TORIBIO ROMO GONZALEZ<\/td>\n                    <td style=\"\">Pastoral de Adolescentes<\/td>\n                    <td style=\"\"><a href='<a href=\"https:\/\/diocesisdeaguascalientes.mx\/vicaria-de-pastoral\/wp-content\/uploads\/sites\/2\/forminator\/10414_47c7fef6f8c6f15ac1daaf1663bdf562\/uploads\/qpjcLIYMsMyN-PROGRAMACION-2025-2026-pastoral-de-adolescentes.pdf\" target=\"_blank\">qpjcLIYMsMyN-PROGRAMACION-2025-2026-pastoral-de-adolescentes.pdf<\/a>' rel='' target='_blank'><a href=\"https:\/\/diocesisdeaguascalientes.mx\/vicaria-de-pastoral\/wp-content\/uploads\/sites\/2\/forminator\/10414_47c7fef6f8c6f15ac1daaf1663bdf562\/uploads\/qpjcLIYMsMyN-PROGRAMACION-2025-2026-pastoral-de-adolescentes.pdf\" target=\"_blank\">qpjcLIYMsMyN-PROGRAMACION-2025-2026-pastoral-de-adolescentes.pdf<\/a><\/a><\/td>\n                    <td style=\"\">19\/09\/2025 11:51 PM<\/td>\n            <\/tr>\n            <tr id=\"table_2_row_74\">\n                    <td style=\"\">Programaci\u00f3n Decanal<\/td>\n                    <td style=\"\">D16 SUR CIUDAD SANTO TORIBIO ROMO GONZALEZ<\/td>\n                    <td style=\"\">Pastoral Familiar<\/td>\n                    <td style=\"\"><a href='<a href=\"https:\/\/diocesisdeaguascalientes.mx\/vicaria-de-pastoral\/wp-content\/uploads\/sites\/2\/forminator\/10414_47c7fef6f8c6f15ac1daaf1663bdf562\/uploads\/E7iXngkABm8O-Programacion-pastoral-familiar-DECANATO-STO.-TORIBIO-2025-2026.pdf\" target=\"_blank\">E7iXngkABm8O-Programacion-pastoral-familiar-DECANATO-STO.-TORIBIO-2025-2026.pdf<\/a>' rel='' target='_blank'><a href=\"https:\/\/diocesisdeaguascalientes.mx\/vicaria-de-pastoral\/wp-content\/uploads\/sites\/2\/forminator\/10414_47c7fef6f8c6f15ac1daaf1663bdf562\/uploads\/E7iXngkABm8O-Programacion-pastoral-familiar-DECANATO-STO.-TORIBIO-2025-2026.pdf\" target=\"_blank\">E7iXngkABm8O-Programacion-pastoral-familiar-DECANATO-STO.-TORIBIO-2025-2026.pdf<\/a><\/a><\/td>\n                    <td style=\"\">19\/09\/2025 11:51 PM<\/td>\n            <\/tr>\n            <tr id=\"table_2_row_75\">\n                    <td style=\"\">Programaci\u00f3n Decanal<\/td>\n                    <td style=\"\">D16 SUR CIUDAD SANTO TORIBIO ROMO GONZALEZ<\/td>\n                    <td style=\"\">Pastoral Social<\/td>\n                    <td style=\"\"><a href='<a href=\"https:\/\/diocesisdeaguascalientes.mx\/vicaria-de-pastoral\/wp-content\/uploads\/sites\/2\/forminator\/10414_47c7fef6f8c6f15ac1daaf1663bdf562\/uploads\/eFDOG7RYvRm9-PROGRAMACION-ANUAL-DECANAL-pastoral-social-2025-2026.pdf\" target=\"_blank\">eFDOG7RYvRm9-PROGRAMACION-ANUAL-DECANAL-pastoral-social-2025-2026.pdf<\/a>' rel='' target='_blank'><a href=\"https:\/\/diocesisdeaguascalientes.mx\/vicaria-de-pastoral\/wp-content\/uploads\/sites\/2\/forminator\/10414_47c7fef6f8c6f15ac1daaf1663bdf562\/uploads\/eFDOG7RYvRm9-PROGRAMACION-ANUAL-DECANAL-pastoral-social-2025-2026.pdf\" target=\"_blank\">eFDOG7RYvRm9-PROGRAMACION-ANUAL-DECANAL-pastoral-social-2025-2026.pdf<\/a><\/a><\/td>\n                    <td style=\"\">19\/09\/2025 11:50 PM<\/td>\n            <\/tr>\n            <tr id=\"table_2_row_76\">\n                    <td style=\"\">Programaci\u00f3n Decanal<\/td>\n                    <td style=\"\">D16 SUR CIUDAD SANTO TORIBIO ROMO GONZALEZ<\/td>\n                    <td style=\"\">Pastoral Prof\u00e9tica<\/td>\n                    <td style=\"\"><a href='<a href=\"https:\/\/diocesisdeaguascalientes.mx\/vicaria-de-pastoral\/wp-content\/uploads\/sites\/2\/forminator\/10414_47c7fef6f8c6f15ac1daaf1663bdf562\/uploads\/rEsa9DHWiSnK-Programacion-pastoral-profetica-DECANATO-STO.-TORIBIO-2025-2026.pdf\" target=\"_blank\">rEsa9DHWiSnK-Programacion-pastoral-profetica-DECANATO-STO.-TORIBIO-2025-2026.pdf<\/a>' rel='' target='_blank'><a href=\"https:\/\/diocesisdeaguascalientes.mx\/vicaria-de-pastoral\/wp-content\/uploads\/sites\/2\/forminator\/10414_47c7fef6f8c6f15ac1daaf1663bdf562\/uploads\/rEsa9DHWiSnK-Programacion-pastoral-profetica-DECANATO-STO.-TORIBIO-2025-2026.pdf\" target=\"_blank\">rEsa9DHWiSnK-Programacion-pastoral-profetica-DECANATO-STO.-TORIBIO-2025-2026.pdf<\/a><\/a><\/td>\n                    <td style=\"\">19\/09\/2025 11:49 PM<\/td>\n            <\/tr>\n            <tr id=\"table_2_row_77\">\n                    <td style=\"\">Programaci\u00f3n Decanal<\/td>\n                    <td style=\"\">D16 SUR CIUDAD SANTO TORIBIO ROMO GONZALEZ<\/td>\n                    <td style=\"\">Animaci\u00f3n Pastoral<\/td>\n                    <td style=\"\"><a href='<a href=\"https:\/\/diocesisdeaguascalientes.mx\/vicaria-de-pastoral\/wp-content\/uploads\/sites\/2\/forminator\/10414_47c7fef6f8c6f15ac1daaf1663bdf562\/uploads\/jGO5A9yOnXbs-PROGRAMACION-ANO-DEL-ENCUENTRO-CON-CRISTO-2025-2026-EDEAP.pdf\" target=\"_blank\">jGO5A9yOnXbs-PROGRAMACION-ANO-DEL-ENCUENTRO-CON-CRISTO-2025-2026-EDEAP.pdf<\/a>' rel='' target='_blank'><a href=\"https:\/\/diocesisdeaguascalientes.mx\/vicaria-de-pastoral\/wp-content\/uploads\/sites\/2\/forminator\/10414_47c7fef6f8c6f15ac1daaf1663bdf562\/uploads\/jGO5A9yOnXbs-PROGRAMACION-ANO-DEL-ENCUENTRO-CON-CRISTO-2025-2026-EDEAP.pdf\" target=\"_blank\">jGO5A9yOnXbs-PROGRAMACION-ANO-DEL-ENCUENTRO-CON-CRISTO-2025-2026-EDEAP.pdf<\/a><\/a><\/td>\n                    <td style=\"\">19\/09\/2025 11:47 PM<\/td>\n            <\/tr>\n            <tr id=\"table_2_row_78\">\n                    <td style=\"\">Programaci\u00f3n Decanal<\/td>\n                    <td style=\"\">D16 SUR CIUDAD SANTO TORIBIO ROMO GONZALEZ<\/td>\n                    <td style=\"\">Pastoral de la Comunicaci\u00f3n<\/td>\n                    <td style=\"\"><a href='<a href=\"https:\/\/diocesisdeaguascalientes.mx\/vicaria-de-pastoral\/wp-content\/uploads\/sites\/2\/forminator\/10414_47c7fef6f8c6f15ac1daaf1663bdf562\/uploads\/5KTD79G844u4-Formato-Programacion-Comunicacion-STR-2025-2026.pdf\" target=\"_blank\">5KTD79G844u4-Formato-Programacion-Comunicacion-STR-2025-2026.pdf<\/a>' rel='' target='_blank'><a href=\"https:\/\/diocesisdeaguascalientes.mx\/vicaria-de-pastoral\/wp-content\/uploads\/sites\/2\/forminator\/10414_47c7fef6f8c6f15ac1daaf1663bdf562\/uploads\/5KTD79G844u4-Formato-Programacion-Comunicacion-STR-2025-2026.pdf\" target=\"_blank\">5KTD79G844u4-Formato-Programacion-Comunicacion-STR-2025-2026.pdf<\/a><\/a><\/td>\n                    <td style=\"\">19\/09\/2025 11:34 PM<\/td>\n            <\/tr>\n            <tr id=\"table_2_row_79\">\n                    <td style=\"\">Programaci\u00f3n Decanal<\/td>\n                    <td style=\"\">D16 SUR CIUDAD SANTO TORIBIO ROMO GONZALEZ<\/td>\n                    <td style=\"\">Animaci\u00f3n Pastoral<\/td>\n                    <td style=\"\"><a href='<a href=\"https:\/\/diocesisdeaguascalientes.mx\/vicaria-de-pastoral\/wp-content\/uploads\/sites\/2\/forminator\/10414_47c7fef6f8c6f15ac1daaf1663bdf562\/uploads\/ox3aNvUew4Bn-PROGRAMACION-ANO-DEL-ENCUENTRO-CON-CRISTO-2025-2026-EDEAP.pdf\" target=\"_blank\">ox3aNvUew4Bn-PROGRAMACION-ANO-DEL-ENCUENTRO-CON-CRISTO-2025-2026-EDEAP.pdf<\/a>' rel='' target='_blank'><a href=\"https:\/\/diocesisdeaguascalientes.mx\/vicaria-de-pastoral\/wp-content\/uploads\/sites\/2\/forminator\/10414_47c7fef6f8c6f15ac1daaf1663bdf562\/uploads\/ox3aNvUew4Bn-PROGRAMACION-ANO-DEL-ENCUENTRO-CON-CRISTO-2025-2026-EDEAP.pdf\" target=\"_blank\">ox3aNvUew4Bn-PROGRAMACION-ANO-DEL-ENCUENTRO-CON-CRISTO-2025-2026-EDEAP.pdf<\/a><\/a><\/td>\n                    <td style=\"\">19\/09\/2025 11:07 PM<\/td>\n            <\/tr>\n            <tr id=\"table_2_row_80\">\n                    <td style=\"\">Programaci\u00f3n Parroquial<\/td>\n                    <td style=\"\"><\/td>\n                    <td style=\"\"><\/td>\n                    <td style=\"\"><a href='<a href=\"https:\/\/diocesisdeaguascalientes.mx\/vicaria-de-pastoral\/wp-content\/uploads\/sites\/2\/forminator\/10414_47c7fef6f8c6f15ac1daaf1663bdf562\/uploads\/wlauL6oJoXtI-PROGRMACION-RCCES-2025-2026-okok-1.pdf\" target=\"_blank\">wlauL6oJoXtI-PROGRMACION-RCCES-2025-2026-okok-1.pdf<\/a>' rel='' target='_blank'><a href=\"https:\/\/diocesisdeaguascalientes.mx\/vicaria-de-pastoral\/wp-content\/uploads\/sites\/2\/forminator\/10414_47c7fef6f8c6f15ac1daaf1663bdf562\/uploads\/wlauL6oJoXtI-PROGRMACION-RCCES-2025-2026-okok-1.pdf\" target=\"_blank\">wlauL6oJoXtI-PROGRMACION-RCCES-2025-2026-okok-1.pdf<\/a><\/a><\/td>\n                    <td style=\"\">19\/09\/2025 10:01 PM<\/td>\n            <\/tr>\n            <tr id=\"table_2_row_81\">\n                    <td style=\"\">Programaci\u00f3n Decanal<\/td>\n                    <td style=\"\">D17 NORTE II CIUDAD SAN JOSE SANCHEZ DEL RIO<\/td>\n                    <td style=\"\">Organismos Eclesiales Laicales (OEL)<\/td>\n                    <td style=\"\"><a href='<a href=\"https:\/\/diocesisdeaguascalientes.mx\/vicaria-de-pastoral\/wp-content\/uploads\/sites\/2\/forminator\/10414_47c7fef6f8c6f15ac1daaf1663bdf562\/uploads\/e0xCh01QR1aQ-PROGRAMACION-DECANAL-2025-2026-MEL.pdf\" target=\"_blank\">e0xCh01QR1aQ-PROGRAMACION-DECANAL-2025-2026-MEL.pdf<\/a>' rel='' target='_blank'><a href=\"https:\/\/diocesisdeaguascalientes.mx\/vicaria-de-pastoral\/wp-content\/uploads\/sites\/2\/forminator\/10414_47c7fef6f8c6f15ac1daaf1663bdf562\/uploads\/e0xCh01QR1aQ-PROGRAMACION-DECANAL-2025-2026-MEL.pdf\" target=\"_blank\">e0xCh01QR1aQ-PROGRAMACION-DECANAL-2025-2026-MEL.pdf<\/a><\/a><\/td>\n                    <td style=\"\">19\/09\/2025 09:29 PM<\/td>\n            <\/tr>\n            <tr id=\"table_2_row_82\">\n                    <td style=\"\">Programaci\u00f3n Parroquial<\/td>\n                    <td style=\"\"><\/td>\n                    <td style=\"\"><\/td>\n                    <td style=\"\"><a href='<a href=\"https:\/\/diocesisdeaguascalientes.mx\/vicaria-de-pastoral\/wp-content\/uploads\/sites\/2\/forminator\/10414_47c7fef6f8c6f15ac1daaf1663bdf562\/uploads\/SyhvUBlJsn0S-Programa-Pastoral-Juvenil-2025-2026.pdf\" target=\"_blank\">SyhvUBlJsn0S-Programa-Pastoral-Juvenil-2025-2026.pdf<\/a>' rel='' target='_blank'><a href=\"https:\/\/diocesisdeaguascalientes.mx\/vicaria-de-pastoral\/wp-content\/uploads\/sites\/2\/forminator\/10414_47c7fef6f8c6f15ac1daaf1663bdf562\/uploads\/SyhvUBlJsn0S-Programa-Pastoral-Juvenil-2025-2026.pdf\" target=\"_blank\">SyhvUBlJsn0S-Programa-Pastoral-Juvenil-2025-2026.pdf<\/a><\/a><\/td>\n                    <td style=\"\">19\/09\/2025 07:49 PM<\/td>\n            <\/tr>\n            <tr id=\"table_2_row_83\">\n                    <td style=\"\">Programaci\u00f3n Parroquial<\/td>\n                    <td style=\"\"><\/td>\n                    <td style=\"\"><\/td>\n                    <td style=\"\"><a href='<a href=\"https:\/\/diocesisdeaguascalientes.mx\/vicaria-de-pastoral\/wp-content\/uploads\/sites\/2\/forminator\/10414_47c7fef6f8c6f15ac1daaf1663bdf562\/uploads\/X16BKXeSBvzM-Programa-Cofradia-Senor-Encino-2025-2026.pdf\" target=\"_blank\">X16BKXeSBvzM-Programa-Cofradia-Senor-Encino-2025-2026.pdf<\/a>' rel='' target='_blank'><a href=\"https:\/\/diocesisdeaguascalientes.mx\/vicaria-de-pastoral\/wp-content\/uploads\/sites\/2\/forminator\/10414_47c7fef6f8c6f15ac1daaf1663bdf562\/uploads\/X16BKXeSBvzM-Programa-Cofradia-Senor-Encino-2025-2026.pdf\" target=\"_blank\">X16BKXeSBvzM-Programa-Cofradia-Senor-Encino-2025-2026.pdf<\/a><\/a><\/td>\n                    <td style=\"\">19\/09\/2025 07:48 PM<\/td>\n            <\/tr>\n            <tr id=\"table_2_row_84\">\n                    <td style=\"\">Programaci\u00f3n Parroquial<\/td>\n                    <td style=\"\"><\/td>\n                    <td style=\"\"><\/td>\n                    <td style=\"\"><a href='<a href=\"https:\/\/diocesisdeaguascalientes.mx\/vicaria-de-pastoral\/wp-content\/uploads\/sites\/2\/forminator\/10414_47c7fef6f8c6f15ac1daaf1663bdf562\/uploads\/VFAZGmsTucgZ-Programa-Liturgia-2025-2026.pdf\" target=\"_blank\">VFAZGmsTucgZ-Programa-Liturgia-2025-2026.pdf<\/a>' rel='' target='_blank'><a href=\"https:\/\/diocesisdeaguascalientes.mx\/vicaria-de-pastoral\/wp-content\/uploads\/sites\/2\/forminator\/10414_47c7fef6f8c6f15ac1daaf1663bdf562\/uploads\/VFAZGmsTucgZ-Programa-Liturgia-2025-2026.pdf\" target=\"_blank\">VFAZGmsTucgZ-Programa-Liturgia-2025-2026.pdf<\/a><\/a><\/td>\n                    <td style=\"\">19\/09\/2025 07:46 PM<\/td>\n            <\/tr>\n            <tr id=\"table_2_row_85\">\n                    <td style=\"\">Programaci\u00f3n Parroquial<\/td>\n                    <td style=\"\"><\/td>\n                    <td style=\"\"><\/td>\n                    <td style=\"\"><a href='<a href=\"https:\/\/diocesisdeaguascalientes.mx\/vicaria-de-pastoral\/wp-content\/uploads\/sites\/2\/forminator\/10414_47c7fef6f8c6f15ac1daaf1663bdf562\/uploads\/DKDVbUijhl6T-Pastoral-Social-Caritas-2025-2026.pdf\" target=\"_blank\">DKDVbUijhl6T-Pastoral-Social-Caritas-2025-2026.pdf<\/a>' rel='' target='_blank'><a href=\"https:\/\/diocesisdeaguascalientes.mx\/vicaria-de-pastoral\/wp-content\/uploads\/sites\/2\/forminator\/10414_47c7fef6f8c6f15ac1daaf1663bdf562\/uploads\/DKDVbUijhl6T-Pastoral-Social-Caritas-2025-2026.pdf\" target=\"_blank\">DKDVbUijhl6T-Pastoral-Social-Caritas-2025-2026.pdf<\/a><\/a><\/td>\n                    <td style=\"\">19\/09\/2025 07:45 PM<\/td>\n            <\/tr>\n            <tr id=\"table_2_row_86\">\n                    <td style=\"\">Programaci\u00f3n Parroquial<\/td>\n                    <td style=\"\"><\/td>\n                    <td style=\"\"><\/td>\n                    <td style=\"\"><a href='<a href=\"https:\/\/diocesisdeaguascalientes.mx\/vicaria-de-pastoral\/wp-content\/uploads\/sites\/2\/forminator\/10414_47c7fef6f8c6f15ac1daaf1663bdf562\/uploads\/s3LUNVF5h1PF-Programa-Profetica-Cultura-2025-2026.pdf\" target=\"_blank\">s3LUNVF5h1PF-Programa-Profetica-Cultura-2025-2026.pdf<\/a>' rel='' target='_blank'><a href=\"https:\/\/diocesisdeaguascalientes.mx\/vicaria-de-pastoral\/wp-content\/uploads\/sites\/2\/forminator\/10414_47c7fef6f8c6f15ac1daaf1663bdf562\/uploads\/s3LUNVF5h1PF-Programa-Profetica-Cultura-2025-2026.pdf\" target=\"_blank\">s3LUNVF5h1PF-Programa-Profetica-Cultura-2025-2026.pdf<\/a><\/a><\/td>\n                    <td style=\"\">19\/09\/2025 07:38 PM<\/td>\n            <\/tr>\n            <tr id=\"table_2_row_87\">\n                    <td style=\"\">Programaci\u00f3n Parroquial<\/td>\n                    <td style=\"\"><\/td>\n                    <td style=\"\"><\/td>\n                    <td style=\"\"><a href='<a href=\"https:\/\/diocesisdeaguascalientes.mx\/vicaria-de-pastoral\/wp-content\/uploads\/sites\/2\/forminator\/10414_47c7fef6f8c6f15ac1daaf1663bdf562\/uploads\/zjwSSS6kVDsv-PROGRAMA-DEL-EQUIPO-DE-ANIMACION-DEL-ENCINO-2025-2026.pdf\" target=\"_blank\">zjwSSS6kVDsv-PROGRAMA-DEL-EQUIPO-DE-ANIMACION-DEL-ENCINO-2025-2026.pdf<\/a>' rel='' target='_blank'><a href=\"https:\/\/diocesisdeaguascalientes.mx\/vicaria-de-pastoral\/wp-content\/uploads\/sites\/2\/forminator\/10414_47c7fef6f8c6f15ac1daaf1663bdf562\/uploads\/zjwSSS6kVDsv-PROGRAMA-DEL-EQUIPO-DE-ANIMACION-DEL-ENCINO-2025-2026.pdf\" target=\"_blank\">zjwSSS6kVDsv-PROGRAMA-DEL-EQUIPO-DE-ANIMACION-DEL-ENCINO-2025-2026.pdf<\/a><\/a><\/td>\n                    <td style=\"\">19\/09\/2025 07:25 PM<\/td>\n            <\/tr>\n            <tr id=\"table_2_row_88\">\n                    <td style=\"\">Programaci\u00f3n Parroquial<\/td>\n                    <td style=\"\"><\/td>\n                    <td style=\"\"><\/td>\n                    <td style=\"\"><a href='<a href=\"https:\/\/diocesisdeaguascalientes.mx\/vicaria-de-pastoral\/wp-content\/uploads\/sites\/2\/forminator\/10414_47c7fef6f8c6f15ac1daaf1663bdf562\/uploads\/PxV0f5ZZGAbD-PROGRAMACION-PASTORAL-DE-LA-COMUNICACION.pdf\" target=\"_blank\">PxV0f5ZZGAbD-PROGRAMACION-PASTORAL-DE-LA-COMUNICACION.pdf<\/a>' rel='' target='_blank'><a href=\"https:\/\/diocesisdeaguascalientes.mx\/vicaria-de-pastoral\/wp-content\/uploads\/sites\/2\/forminator\/10414_47c7fef6f8c6f15ac1daaf1663bdf562\/uploads\/PxV0f5ZZGAbD-PROGRAMACION-PASTORAL-DE-LA-COMUNICACION.pdf\" target=\"_blank\">PxV0f5ZZGAbD-PROGRAMACION-PASTORAL-DE-LA-COMUNICACION.pdf<\/a><\/a><\/td>\n                    <td style=\"\">19\/09\/2025 05:50 PM<\/td>\n            <\/tr>\n            <tr id=\"table_2_row_89\">\n                    <td style=\"\">Programaci\u00f3n Parroquial<\/td>\n                    <td style=\"\"><\/td>\n                    <td style=\"\"><\/td>\n                    <td style=\"\"><a href='<a href=\"https:\/\/diocesisdeaguascalientes.mx\/vicaria-de-pastoral\/wp-content\/uploads\/sites\/2\/forminator\/10414_47c7fef6f8c6f15ac1daaf1663bdf562\/uploads\/WOGZqAwDSpBm-PROGRAMACION-PASTORAL-DE-ADOLSCENTES.pdf\" target=\"_blank\">WOGZqAwDSpBm-PROGRAMACION-PASTORAL-DE-ADOLSCENTES.pdf<\/a>' rel='' target='_blank'><a href=\"https:\/\/diocesisdeaguascalientes.mx\/vicaria-de-pastoral\/wp-content\/uploads\/sites\/2\/forminator\/10414_47c7fef6f8c6f15ac1daaf1663bdf562\/uploads\/WOGZqAwDSpBm-PROGRAMACION-PASTORAL-DE-ADOLSCENTES.pdf\" target=\"_blank\">WOGZqAwDSpBm-PROGRAMACION-PASTORAL-DE-ADOLSCENTES.pdf<\/a><\/a><\/td>\n                    <td style=\"\">19\/09\/2025 05:46 PM<\/td>\n            <\/tr>\n            <tr id=\"table_2_row_90\">\n                    <td style=\"\">Programaci\u00f3n Decanal<\/td>\n                    <td style=\"\">D06 CENTRO CIUDAD SAN JOSE MARIA ROBLES<\/td>\n                    <td style=\"\">Pastoral Juvenil<\/td>\n                    <td style=\"\"><a href='<a href=\"https:\/\/diocesisdeaguascalientes.mx\/vicaria-de-pastoral\/wp-content\/uploads\/sites\/2\/forminator\/10414_47c7fef6f8c6f15ac1daaf1663bdf562\/uploads\/24StcSTGJJzc-PROGRAMACION-2025-2026-PASTORAL-JUVENIL.pdf\" target=\"_blank\">24StcSTGJJzc-PROGRAMACION-2025-2026-PASTORAL-JUVENIL.pdf<\/a>' rel='' target='_blank'><a href=\"https:\/\/diocesisdeaguascalientes.mx\/vicaria-de-pastoral\/wp-content\/uploads\/sites\/2\/forminator\/10414_47c7fef6f8c6f15ac1daaf1663bdf562\/uploads\/24StcSTGJJzc-PROGRAMACION-2025-2026-PASTORAL-JUVENIL.pdf\" target=\"_blank\">24StcSTGJJzc-PROGRAMACION-2025-2026-PASTORAL-JUVENIL.pdf<\/a><\/a><\/td>\n                    <td style=\"\">19\/09\/2025 05:19 PM<\/td>\n            <\/tr>\n            <tr id=\"table_2_row_91\">\n                    <td style=\"\">Programaci\u00f3n Decanal<\/td>\n                    <td style=\"\">D17 NORTE II CIUDAD SAN JOSE SANCHEZ DEL RIO<\/td>\n                    <td style=\"\">Pastoral de la Comunicaci\u00f3n<\/td>\n                    <td style=\"\"><a href='<a href=\"https:\/\/diocesisdeaguascalientes.mx\/vicaria-de-pastoral\/wp-content\/uploads\/sites\/2\/forminator\/10414_47c7fef6f8c6f15ac1daaf1663bdf562\/uploads\/VzymYf4carGj-FORMATO-DE-PROGRAMACION-2025-2026-Comunicacion.pdf\" target=\"_blank\">VzymYf4carGj-FORMATO-DE-PROGRAMACION-2025-2026-Comunicacion.pdf<\/a>' rel='' target='_blank'><a href=\"https:\/\/diocesisdeaguascalientes.mx\/vicaria-de-pastoral\/wp-content\/uploads\/sites\/2\/forminator\/10414_47c7fef6f8c6f15ac1daaf1663bdf562\/uploads\/VzymYf4carGj-FORMATO-DE-PROGRAMACION-2025-2026-Comunicacion.pdf\" target=\"_blank\">VzymYf4carGj-FORMATO-DE-PROGRAMACION-2025-2026-Comunicacion.pdf<\/a><\/a><\/td>\n                    <td style=\"\">19\/09\/2025 05:18 PM<\/td>\n            <\/tr>\n            <tr id=\"table_2_row_92\">\n                    <td style=\"\">Programaci\u00f3n Decanal<\/td>\n                    <td style=\"\">D17 NORTE II CIUDAD SAN JOSE SANCHEZ DEL RIO<\/td>\n                    <td style=\"\">Pastoral Juvenil<\/td>\n                    <td style=\"\"><a href='<a href=\"https:\/\/diocesisdeaguascalientes.mx\/vicaria-de-pastoral\/wp-content\/uploads\/sites\/2\/forminator\/10414_47c7fef6f8c6f15ac1daaf1663bdf562\/uploads\/lydZjnpdZ4Tm-FORMATO-DE-PROGRAMACION-2025-2026-Juvenil.pdf\" target=\"_blank\">lydZjnpdZ4Tm-FORMATO-DE-PROGRAMACION-2025-2026-Juvenil.pdf<\/a>' rel='' target='_blank'><a href=\"https:\/\/diocesisdeaguascalientes.mx\/vicaria-de-pastoral\/wp-content\/uploads\/sites\/2\/forminator\/10414_47c7fef6f8c6f15ac1daaf1663bdf562\/uploads\/lydZjnpdZ4Tm-FORMATO-DE-PROGRAMACION-2025-2026-Juvenil.pdf\" target=\"_blank\">lydZjnpdZ4Tm-FORMATO-DE-PROGRAMACION-2025-2026-Juvenil.pdf<\/a><\/a><\/td>\n                    <td style=\"\">19\/09\/2025 05:17 PM<\/td>\n            <\/tr>\n            <tr id=\"table_2_row_93\">\n                    <td style=\"\">Programaci\u00f3n Decanal<\/td>\n                    <td style=\"\">D17 NORTE II CIUDAD SAN JOSE SANCHEZ DEL RIO<\/td>\n                    <td style=\"\">Pastoral de Adolescentes<\/td>\n                    <td style=\"\"><a href='<a href=\"https:\/\/diocesisdeaguascalientes.mx\/vicaria-de-pastoral\/wp-content\/uploads\/sites\/2\/forminator\/10414_47c7fef6f8c6f15ac1daaf1663bdf562\/uploads\/nwK1uaaTGfHh-PROGRAMACION-DECANAL-2025-2026-P.-Adolescentes.pdf\" target=\"_blank\">nwK1uaaTGfHh-PROGRAMACION-DECANAL-2025-2026-P.-Adolescentes.pdf<\/a>' rel='' target='_blank'><a href=\"https:\/\/diocesisdeaguascalientes.mx\/vicaria-de-pastoral\/wp-content\/uploads\/sites\/2\/forminator\/10414_47c7fef6f8c6f15ac1daaf1663bdf562\/uploads\/nwK1uaaTGfHh-PROGRAMACION-DECANAL-2025-2026-P.-Adolescentes.pdf\" target=\"_blank\">nwK1uaaTGfHh-PROGRAMACION-DECANAL-2025-2026-P.-Adolescentes.pdf<\/a><\/a><\/td>\n                    <td style=\"\">19\/09\/2025 05:16 PM<\/td>\n            <\/tr>\n            <tr id=\"table_2_row_94\">\n                    <td style=\"\">Programaci\u00f3n Decanal<\/td>\n                    <td style=\"\">D17 NORTE II CIUDAD SAN JOSE SANCHEZ DEL RIO<\/td>\n                    <td style=\"\">Pastoral Familiar<\/td>\n                    <td style=\"\"><a href='<a href=\"https:\/\/diocesisdeaguascalientes.mx\/vicaria-de-pastoral\/wp-content\/uploads\/sites\/2\/forminator\/10414_47c7fef6f8c6f15ac1daaf1663bdf562\/uploads\/77ctbgoayVRI-FORMATO-DE-PROGRAMACION-2025-2026-Familiar.pdf\" target=\"_blank\">77ctbgoayVRI-FORMATO-DE-PROGRAMACION-2025-2026-Familiar.pdf<\/a>' rel='' target='_blank'><a href=\"https:\/\/diocesisdeaguascalientes.mx\/vicaria-de-pastoral\/wp-content\/uploads\/sites\/2\/forminator\/10414_47c7fef6f8c6f15ac1daaf1663bdf562\/uploads\/77ctbgoayVRI-FORMATO-DE-PROGRAMACION-2025-2026-Familiar.pdf\" target=\"_blank\">77ctbgoayVRI-FORMATO-DE-PROGRAMACION-2025-2026-Familiar.pdf<\/a><\/a><\/td>\n                    <td style=\"\">19\/09\/2025 05:16 PM<\/td>\n            <\/tr>\n            <tr id=\"table_2_row_95\">\n                    <td style=\"\">Programaci\u00f3n Decanal<\/td>\n                    <td style=\"\">D06 CENTRO CIUDAD SAN JOSE MARIA ROBLES<\/td>\n                    <td style=\"\">Animaci\u00f3n Pastoral<\/td>\n                    <td style=\"\"><a href='<a href=\"https:\/\/diocesisdeaguascalientes.mx\/vicaria-de-pastoral\/wp-content\/uploads\/sites\/2\/forminator\/10414_47c7fef6f8c6f15ac1daaf1663bdf562\/uploads\/GLtePh9rmfKo-EDEAP-PROGRAMACION-2025-2026.pdf\" target=\"_blank\">GLtePh9rmfKo-EDEAP-PROGRAMACION-2025-2026.pdf<\/a>' rel='' target='_blank'><a href=\"https:\/\/diocesisdeaguascalientes.mx\/vicaria-de-pastoral\/wp-content\/uploads\/sites\/2\/forminator\/10414_47c7fef6f8c6f15ac1daaf1663bdf562\/uploads\/GLtePh9rmfKo-EDEAP-PROGRAMACION-2025-2026.pdf\" target=\"_blank\">GLtePh9rmfKo-EDEAP-PROGRAMACION-2025-2026.pdf<\/a><\/a><\/td>\n                    <td style=\"\">19\/09\/2025 05:16 PM<\/td>\n            <\/tr>\n            <tr id=\"table_2_row_96\">\n                    <td style=\"\">Programaci\u00f3n Decanal<\/td>\n                    <td style=\"\">D17 NORTE II CIUDAD SAN JOSE SANCHEZ DEL RIO<\/td>\n                    <td style=\"\">Pastoral Social<\/td>\n                    <td style=\"\"><a href='<a href=\"https:\/\/diocesisdeaguascalientes.mx\/vicaria-de-pastoral\/wp-content\/uploads\/sites\/2\/forminator\/10414_47c7fef6f8c6f15ac1daaf1663bdf562\/uploads\/qhVYwKMt3S6l-PROGRAMACION-DECANAL-2025-2026-P.-Social.pdf\" target=\"_blank\">qhVYwKMt3S6l-PROGRAMACION-DECANAL-2025-2026-P.-Social.pdf<\/a>' rel='' target='_blank'><a href=\"https:\/\/diocesisdeaguascalientes.mx\/vicaria-de-pastoral\/wp-content\/uploads\/sites\/2\/forminator\/10414_47c7fef6f8c6f15ac1daaf1663bdf562\/uploads\/qhVYwKMt3S6l-PROGRAMACION-DECANAL-2025-2026-P.-Social.pdf\" target=\"_blank\">qhVYwKMt3S6l-PROGRAMACION-DECANAL-2025-2026-P.-Social.pdf<\/a><\/a><\/td>\n                    <td style=\"\">19\/09\/2025 05:15 PM<\/td>\n            <\/tr>\n            <tr id=\"table_2_row_97\">\n                    <td style=\"\">Programaci\u00f3n Decanal<\/td>\n                    <td style=\"\">D17 NORTE II CIUDAD SAN JOSE SANCHEZ DEL RIO<\/td>\n                    <td style=\"\">Pastoral Lit\u00fargica<\/td>\n                    <td style=\"\"><a href='<a href=\"https:\/\/diocesisdeaguascalientes.mx\/vicaria-de-pastoral\/wp-content\/uploads\/sites\/2\/forminator\/10414_47c7fef6f8c6f15ac1daaf1663bdf562\/uploads\/m6s0V8JHeV07-PROGRAMACION-DECANAL-2025-2026-P.-Liturgica.pdf\" target=\"_blank\">m6s0V8JHeV07-PROGRAMACION-DECANAL-2025-2026-P.-Liturgica.pdf<\/a>' rel='' target='_blank'><a href=\"https:\/\/diocesisdeaguascalientes.mx\/vicaria-de-pastoral\/wp-content\/uploads\/sites\/2\/forminator\/10414_47c7fef6f8c6f15ac1daaf1663bdf562\/uploads\/m6s0V8JHeV07-PROGRAMACION-DECANAL-2025-2026-P.-Liturgica.pdf\" target=\"_blank\">m6s0V8JHeV07-PROGRAMACION-DECANAL-2025-2026-P.-Liturgica.pdf<\/a><\/a><\/td>\n                    <td style=\"\">19\/09\/2025 05:14 PM<\/td>\n            <\/tr>\n            <tr id=\"table_2_row_98\">\n                    <td style=\"\">Programaci\u00f3n Decanal<\/td>\n                    <td style=\"\">D17 NORTE II CIUDAD SAN JOSE SANCHEZ DEL RIO<\/td>\n                    <td style=\"\">Pastoral Prof\u00e9tica<\/td>\n                    <td style=\"\"><a href='<a href=\"https:\/\/diocesisdeaguascalientes.mx\/vicaria-de-pastoral\/wp-content\/uploads\/sites\/2\/forminator\/10414_47c7fef6f8c6f15ac1daaf1663bdf562\/uploads\/USjf2gBp9G7l-FORMATO-DE-PROGRAMACION-2025-2026-Profetica.pdf\" target=\"_blank\">USjf2gBp9G7l-FORMATO-DE-PROGRAMACION-2025-2026-Profetica.pdf<\/a>' rel='' target='_blank'><a href=\"https:\/\/diocesisdeaguascalientes.mx\/vicaria-de-pastoral\/wp-content\/uploads\/sites\/2\/forminator\/10414_47c7fef6f8c6f15ac1daaf1663bdf562\/uploads\/USjf2gBp9G7l-FORMATO-DE-PROGRAMACION-2025-2026-Profetica.pdf\" target=\"_blank\">USjf2gBp9G7l-FORMATO-DE-PROGRAMACION-2025-2026-Profetica.pdf<\/a><\/a><\/td>\n                    <td style=\"\">19\/09\/2025 05:14 PM<\/td>\n            <\/tr>\n            <tr id=\"table_2_row_99\">\n                    <td style=\"\">Programaci\u00f3n Decanal<\/td>\n                    <td style=\"\">D17 NORTE II CIUDAD SAN JOSE SANCHEZ DEL RIO<\/td>\n                    <td style=\"\">Animaci\u00f3n Pastoral<\/td>\n                    <td style=\"\"><a href='<a href=\"https:\/\/diocesisdeaguascalientes.mx\/vicaria-de-pastoral\/wp-content\/uploads\/sites\/2\/forminator\/10414_47c7fef6f8c6f15ac1daaf1663bdf562\/uploads\/wxkYYcCIuRYv-PROGRAMACION-DECANAL-2025-2026-Animacion-Pastoral.pdf\" target=\"_blank\">wxkYYcCIuRYv-PROGRAMACION-DECANAL-2025-2026-Animacion-Pastoral.pdf<\/a>' rel='' target='_blank'><a href=\"https:\/\/diocesisdeaguascalientes.mx\/vicaria-de-pastoral\/wp-content\/uploads\/sites\/2\/forminator\/10414_47c7fef6f8c6f15ac1daaf1663bdf562\/uploads\/wxkYYcCIuRYv-PROGRAMACION-DECANAL-2025-2026-Animacion-Pastoral.pdf\" target=\"_blank\">wxkYYcCIuRYv-PROGRAMACION-DECANAL-2025-2026-Animacion-Pastoral.pdf<\/a><\/a><\/td>\n                    <td style=\"\">19\/09\/2025 05:13 PM<\/td>\n            <\/tr>\n            <tr id=\"table_2_row_100\">\n                    <td style=\"\">Programaci\u00f3n Decanal<\/td>\n                    <td style=\"\">D06 CENTRO CIUDAD SAN JOSE MARIA ROBLES<\/td>\n                    <td style=\"\">Pastoral Social<\/td>\n                    <td style=\"\"><a href='<a href=\"https:\/\/diocesisdeaguascalientes.mx\/vicaria-de-pastoral\/wp-content\/uploads\/sites\/2\/forminator\/10414_47c7fef6f8c6f15ac1daaf1663bdf562\/uploads\/HSrCg1kRqb3b-PROGRAMA-DEL-DECANATO-CENTRO-2025-2026.pdf\" target=\"_blank\">HSrCg1kRqb3b-PROGRAMA-DEL-DECANATO-CENTRO-2025-2026.pdf<\/a>' rel='' target='_blank'><a href=\"https:\/\/diocesisdeaguascalientes.mx\/vicaria-de-pastoral\/wp-content\/uploads\/sites\/2\/forminator\/10414_47c7fef6f8c6f15ac1daaf1663bdf562\/uploads\/HSrCg1kRqb3b-PROGRAMA-DEL-DECANATO-CENTRO-2025-2026.pdf\" target=\"_blank\">HSrCg1kRqb3b-PROGRAMA-DEL-DECANATO-CENTRO-2025-2026.pdf<\/a><\/a><\/td>\n                    <td style=\"\">19\/09\/2025 05:11 PM<\/td>\n            <\/tr>\n            <tr id=\"table_2_row_101\">\n                    <td style=\"\">Programaci\u00f3n Decanal<\/td>\n                    <td style=\"\">D17 NORTE II CIUDAD SAN JOSE SANCHEZ DEL RIO<\/td>\n                    <td style=\"\">Animaci\u00f3n Pastoral<\/td>\n                    <td style=\"\"><a href='<a href=\"https:\/\/diocesisdeaguascalientes.mx\/vicaria-de-pastoral\/wp-content\/uploads\/sites\/2\/forminator\/10414_47c7fef6f8c6f15ac1daaf1663bdf562\/uploads\/cSWE3YBPgKgB-PROGRAMACION-DECANAL-2025-2026-Animacion-Pastoral.pdf\" target=\"_blank\">cSWE3YBPgKgB-PROGRAMACION-DECANAL-2025-2026-Animacion-Pastoral.pdf<\/a>' rel='' target='_blank'><a href=\"https:\/\/diocesisdeaguascalientes.mx\/vicaria-de-pastoral\/wp-content\/uploads\/sites\/2\/forminator\/10414_47c7fef6f8c6f15ac1daaf1663bdf562\/uploads\/cSWE3YBPgKgB-PROGRAMACION-DECANAL-2025-2026-Animacion-Pastoral.pdf\" target=\"_blank\">cSWE3YBPgKgB-PROGRAMACION-DECANAL-2025-2026-Animacion-Pastoral.pdf<\/a><\/a><\/td>\n                    <td style=\"\">19\/09\/2025 05:11 PM<\/td>\n            <\/tr>\n            <tr id=\"table_2_row_102\">\n                    <td style=\"\">Programaci\u00f3n Decanal<\/td>\n                    <td style=\"\">D06 CENTRO CIUDAD SAN JOSE MARIA ROBLES<\/td>\n                    <td style=\"\">Pastoral de Adolescentes<\/td>\n                    <td style=\"\"><a href='<a href=\"https:\/\/diocesisdeaguascalientes.mx\/vicaria-de-pastoral\/wp-content\/uploads\/sites\/2\/forminator\/10414_47c7fef6f8c6f15ac1daaf1663bdf562\/uploads\/Nl7jnmX0KXvN-Programacion-2025-2026-PASTORAL-ADOLESCENTES.pdf\" target=\"_blank\">Nl7jnmX0KXvN-Programacion-2025-2026-PASTORAL-ADOLESCENTES.pdf<\/a>' rel='' target='_blank'><a href=\"https:\/\/diocesisdeaguascalientes.mx\/vicaria-de-pastoral\/wp-content\/uploads\/sites\/2\/forminator\/10414_47c7fef6f8c6f15ac1daaf1663bdf562\/uploads\/Nl7jnmX0KXvN-Programacion-2025-2026-PASTORAL-ADOLESCENTES.pdf\" target=\"_blank\">Nl7jnmX0KXvN-Programacion-2025-2026-PASTORAL-ADOLESCENTES.pdf<\/a><\/a><\/td>\n                    <td style=\"\">19\/09\/2025 05:11 PM<\/td>\n            <\/tr>\n            <tr id=\"table_2_row_103\">\n                    <td style=\"\">Programaci\u00f3n Decanal<\/td>\n                    <td style=\"\">D06 CENTRO CIUDAD SAN JOSE MARIA ROBLES<\/td>\n                    <td style=\"\">Organismos Eclesiales Laicales (OEL)<\/td>\n                    <td style=\"\"><a href='<a href=\"https:\/\/diocesisdeaguascalientes.mx\/vicaria-de-pastoral\/wp-content\/uploads\/sites\/2\/forminator\/10414_47c7fef6f8c6f15ac1daaf1663bdf562\/uploads\/AYRfvgqc04w3-Organismos-Eclesiales-Laicales.pdf\" target=\"_blank\">AYRfvgqc04w3-Organismos-Eclesiales-Laicales.pdf<\/a>' rel='' target='_blank'><a href=\"https:\/\/diocesisdeaguascalientes.mx\/vicaria-de-pastoral\/wp-content\/uploads\/sites\/2\/forminator\/10414_47c7fef6f8c6f15ac1daaf1663bdf562\/uploads\/AYRfvgqc04w3-Organismos-Eclesiales-Laicales.pdf\" target=\"_blank\">AYRfvgqc04w3-Organismos-Eclesiales-Laicales.pdf<\/a><\/a><\/td>\n                    <td style=\"\">19\/09\/2025 05:09 PM<\/td>\n            <\/tr>\n            <tr id=\"table_2_row_104\">\n                    <td style=\"\">Programaci\u00f3n Decanal<\/td>\n                    <td style=\"\">D06 CENTRO CIUDAD SAN JOSE MARIA ROBLES<\/td>\n                    <td style=\"\">Pastoral Familiar<\/td>\n                    <td style=\"\"><a href='<a href=\"https:\/\/diocesisdeaguascalientes.mx\/vicaria-de-pastoral\/wp-content\/uploads\/sites\/2\/forminator\/10414_47c7fef6f8c6f15ac1daaf1663bdf562\/uploads\/4aCi2eNF2MBE-2.-Hoja_Pastoral_Familiar_Arial_Vertical-decanato-centro.pdf\" target=\"_blank\">4aCi2eNF2MBE-2.-Hoja_Pastoral_Familiar_Arial_Vertical-decanato-centro.pdf<\/a>' rel='' target='_blank'><a href=\"https:\/\/diocesisdeaguascalientes.mx\/vicaria-de-pastoral\/wp-content\/uploads\/sites\/2\/forminator\/10414_47c7fef6f8c6f15ac1daaf1663bdf562\/uploads\/4aCi2eNF2MBE-2.-Hoja_Pastoral_Familiar_Arial_Vertical-decanato-centro.pdf\" target=\"_blank\">4aCi2eNF2MBE-2.-Hoja_Pastoral_Familiar_Arial_Vertical-decanato-centro.pdf<\/a><\/a><\/td>\n                    <td style=\"\">19\/09\/2025 05:08 PM<\/td>\n            <\/tr>\n            <tr id=\"table_2_row_105\">\n                    <td style=\"\">Programaci\u00f3n Decanal<\/td>\n                    <td style=\"\">D13 EL LLANO FORANEO SAN ROMAN ADAME ROSALES<\/td>\n                    <td style=\"\">Organismos Eclesiales Laicales (OEL)<\/td>\n                    <td style=\"\"><a href='<a href=\"https:\/\/diocesisdeaguascalientes.mx\/vicaria-de-pastoral\/wp-content\/uploads\/sites\/2\/forminator\/10414_47c7fef6f8c6f15ac1daaf1663bdf562\/uploads\/yCtHYsjs6XfA-Programacion-decanal-Organismos-Eclesiales-Laicales.pdf\" target=\"_blank\">yCtHYsjs6XfA-Programacion-decanal-Organismos-Eclesiales-Laicales.pdf<\/a>' rel='' target='_blank'><a href=\"https:\/\/diocesisdeaguascalientes.mx\/vicaria-de-pastoral\/wp-content\/uploads\/sites\/2\/forminator\/10414_47c7fef6f8c6f15ac1daaf1663bdf562\/uploads\/yCtHYsjs6XfA-Programacion-decanal-Organismos-Eclesiales-Laicales.pdf\" target=\"_blank\">yCtHYsjs6XfA-Programacion-decanal-Organismos-Eclesiales-Laicales.pdf<\/a><\/a><\/td>\n                    <td style=\"\">19\/09\/2025 12:27 PM<\/td>\n            <\/tr>\n            <tr id=\"table_2_row_106\">\n                    <td style=\"\">Programaci\u00f3n Decanal<\/td>\n                    <td style=\"\">D13 EL LLANO FORANEO SAN ROMAN ADAME ROSALES<\/td>\n                    <td style=\"\">Pastoral de la Comunicaci\u00f3n<\/td>\n                    <td style=\"\"><a href='<a href=\"https:\/\/diocesisdeaguascalientes.mx\/vicaria-de-pastoral\/wp-content\/uploads\/sites\/2\/forminator\/10414_47c7fef6f8c6f15ac1daaf1663bdf562\/uploads\/9jGDFW1mZjeN-Programacion-decanal-comunicaciones.pdf\" target=\"_blank\">9jGDFW1mZjeN-Programacion-decanal-comunicaciones.pdf<\/a>' rel='' target='_blank'><a href=\"https:\/\/diocesisdeaguascalientes.mx\/vicaria-de-pastoral\/wp-content\/uploads\/sites\/2\/forminator\/10414_47c7fef6f8c6f15ac1daaf1663bdf562\/uploads\/9jGDFW1mZjeN-Programacion-decanal-comunicaciones.pdf\" target=\"_blank\">9jGDFW1mZjeN-Programacion-decanal-comunicaciones.pdf<\/a><\/a><\/td>\n                    <td style=\"\">19\/09\/2025 12:26 PM<\/td>\n            <\/tr>\n            <tr id=\"table_2_row_107\">\n                    <td style=\"\">Programaci\u00f3n Decanal<\/td>\n                    <td style=\"\">D13 EL LLANO FORANEO SAN ROMAN ADAME ROSALES<\/td>\n                    <td style=\"\">Pastoral Juvenil<\/td>\n                    <td style=\"\"><a href='<a href=\"https:\/\/diocesisdeaguascalientes.mx\/vicaria-de-pastoral\/wp-content\/uploads\/sites\/2\/forminator\/10414_47c7fef6f8c6f15ac1daaf1663bdf562\/uploads\/Gmbvx5EeETq5-Programacion-decanal-juvenil.pdf\" target=\"_blank\">Gmbvx5EeETq5-Programacion-decanal-juvenil.pdf<\/a>' rel='' target='_blank'><a href=\"https:\/\/diocesisdeaguascalientes.mx\/vicaria-de-pastoral\/wp-content\/uploads\/sites\/2\/forminator\/10414_47c7fef6f8c6f15ac1daaf1663bdf562\/uploads\/Gmbvx5EeETq5-Programacion-decanal-juvenil.pdf\" target=\"_blank\">Gmbvx5EeETq5-Programacion-decanal-juvenil.pdf<\/a><\/a><\/td>\n                    <td style=\"\">19\/09\/2025 12:26 PM<\/td>\n            <\/tr>\n            <tr id=\"table_2_row_108\">\n                    <td style=\"\">Programaci\u00f3n Decanal<\/td>\n                    <td style=\"\">D13 EL LLANO FORANEO SAN ROMAN ADAME ROSALES<\/td>\n                    <td style=\"\">Pastoral de Adolescentes<\/td>\n                    <td style=\"\"><a href='<a href=\"https:\/\/diocesisdeaguascalientes.mx\/vicaria-de-pastoral\/wp-content\/uploads\/sites\/2\/forminator\/10414_47c7fef6f8c6f15ac1daaf1663bdf562\/uploads\/zBxGBAnmg2Co-Programacion-decanal-Adolescentes.pdf\" target=\"_blank\">zBxGBAnmg2Co-Programacion-decanal-Adolescentes.pdf<\/a>' rel='' target='_blank'><a href=\"https:\/\/diocesisdeaguascalientes.mx\/vicaria-de-pastoral\/wp-content\/uploads\/sites\/2\/forminator\/10414_47c7fef6f8c6f15ac1daaf1663bdf562\/uploads\/zBxGBAnmg2Co-Programacion-decanal-Adolescentes.pdf\" target=\"_blank\">zBxGBAnmg2Co-Programacion-decanal-Adolescentes.pdf<\/a><\/a><\/td>\n                    <td style=\"\">19\/09\/2025 12:25 PM<\/td>\n            <\/tr>\n            <tr id=\"table_2_row_109\">\n                    <td style=\"\">Programaci\u00f3n Decanal<\/td>\n                    <td style=\"\">D13 EL LLANO FORANEO SAN ROMAN ADAME ROSALES<\/td>\n                    <td style=\"\">Pastoral Familiar<\/td>\n                    <td style=\"\"><a href='<a href=\"https:\/\/diocesisdeaguascalientes.mx\/vicaria-de-pastoral\/wp-content\/uploads\/sites\/2\/forminator\/10414_47c7fef6f8c6f15ac1daaf1663bdf562\/uploads\/UZ0uZEN2V72v-Programacion-decanal-Familiar.pdf\" target=\"_blank\">UZ0uZEN2V72v-Programacion-decanal-Familiar.pdf<\/a>' rel='' target='_blank'><a href=\"https:\/\/diocesisdeaguascalientes.mx\/vicaria-de-pastoral\/wp-content\/uploads\/sites\/2\/forminator\/10414_47c7fef6f8c6f15ac1daaf1663bdf562\/uploads\/UZ0uZEN2V72v-Programacion-decanal-Familiar.pdf\" target=\"_blank\">UZ0uZEN2V72v-Programacion-decanal-Familiar.pdf<\/a><\/a><\/td>\n                    <td style=\"\">19\/09\/2025 12:24 PM<\/td>\n            <\/tr>\n            <tr id=\"table_2_row_110\">\n                    <td style=\"\">Programaci\u00f3n Decanal<\/td>\n                    <td style=\"\">D13 EL LLANO FORANEO SAN ROMAN ADAME ROSALES<\/td>\n                    <td style=\"\">Pastoral Social<\/td>\n                    <td style=\"\"><a href='<a href=\"https:\/\/diocesisdeaguascalientes.mx\/vicaria-de-pastoral\/wp-content\/uploads\/sites\/2\/forminator\/10414_47c7fef6f8c6f15ac1daaf1663bdf562\/uploads\/MpYmFvwsiA2z-Programacion-decanal-Social.pdf\" target=\"_blank\">MpYmFvwsiA2z-Programacion-decanal-Social.pdf<\/a>' rel='' target='_blank'><a href=\"https:\/\/diocesisdeaguascalientes.mx\/vicaria-de-pastoral\/wp-content\/uploads\/sites\/2\/forminator\/10414_47c7fef6f8c6f15ac1daaf1663bdf562\/uploads\/MpYmFvwsiA2z-Programacion-decanal-Social.pdf\" target=\"_blank\">MpYmFvwsiA2z-Programacion-decanal-Social.pdf<\/a><\/a><\/td>\n                    <td style=\"\">19\/09\/2025 12:23 PM<\/td>\n            <\/tr>\n            <tr id=\"table_2_row_111\">\n                    <td style=\"\">Programaci\u00f3n Decanal<\/td>\n                    <td style=\"\">D13 EL LLANO FORANEO SAN ROMAN ADAME ROSALES<\/td>\n                    <td style=\"\">Pastoral Lit\u00fargica<\/td>\n                    <td style=\"\"><a href='<a href=\"https:\/\/diocesisdeaguascalientes.mx\/vicaria-de-pastoral\/wp-content\/uploads\/sites\/2\/forminator\/10414_47c7fef6f8c6f15ac1daaf1663bdf562\/uploads\/VAGjuvpFqU3j-Programacion-decanal-Liturgica.pdf\" target=\"_blank\">VAGjuvpFqU3j-Programacion-decanal-Liturgica.pdf<\/a>' rel='' target='_blank'><a href=\"https:\/\/diocesisdeaguascalientes.mx\/vicaria-de-pastoral\/wp-content\/uploads\/sites\/2\/forminator\/10414_47c7fef6f8c6f15ac1daaf1663bdf562\/uploads\/VAGjuvpFqU3j-Programacion-decanal-Liturgica.pdf\" target=\"_blank\">VAGjuvpFqU3j-Programacion-decanal-Liturgica.pdf<\/a><\/a><\/td>\n                    <td style=\"\">19\/09\/2025 12:22 PM<\/td>\n            <\/tr>\n            <tr id=\"table_2_row_112\">\n                    <td style=\"\">Programaci\u00f3n Decanal<\/td>\n                    <td style=\"\">D13 EL LLANO FORANEO SAN ROMAN ADAME ROSALES<\/td>\n                    <td style=\"\">Pastoral Prof\u00e9tica<\/td>\n                    <td style=\"\"><a href='<a href=\"https:\/\/diocesisdeaguascalientes.mx\/vicaria-de-pastoral\/wp-content\/uploads\/sites\/2\/forminator\/10414_47c7fef6f8c6f15ac1daaf1663bdf562\/uploads\/oQlF47aNtri9-programacion-decanal-profetica.pdf\" target=\"_blank\">oQlF47aNtri9-programacion-decanal-profetica.pdf<\/a>' rel='' target='_blank'><a href=\"https:\/\/diocesisdeaguascalientes.mx\/vicaria-de-pastoral\/wp-content\/uploads\/sites\/2\/forminator\/10414_47c7fef6f8c6f15ac1daaf1663bdf562\/uploads\/oQlF47aNtri9-programacion-decanal-profetica.pdf\" target=\"_blank\">oQlF47aNtri9-programacion-decanal-profetica.pdf<\/a><\/a><\/td>\n                    <td style=\"\">19\/09\/2025 12:22 PM<\/td>\n            <\/tr>\n            <tr id=\"table_2_row_113\">\n                    <td style=\"\">Programaci\u00f3n Decanal<\/td>\n                    <td style=\"\">D13 EL LLANO FORANEO SAN ROMAN ADAME ROSALES<\/td>\n                    <td style=\"\">Animaci\u00f3n Pastoral<\/td>\n                    <td style=\"\"><a href='<a href=\"https:\/\/diocesisdeaguascalientes.mx\/vicaria-de-pastoral\/wp-content\/uploads\/sites\/2\/forminator\/10414_47c7fef6f8c6f15ac1daaf1663bdf562\/uploads\/zRr7F7TwmWID-Programacion-decanal-Animacion-Pastoral.pdf\" target=\"_blank\">zRr7F7TwmWID-Programacion-decanal-Animacion-Pastoral.pdf<\/a>' rel='' target='_blank'><a href=\"https:\/\/diocesisdeaguascalientes.mx\/vicaria-de-pastoral\/wp-content\/uploads\/sites\/2\/forminator\/10414_47c7fef6f8c6f15ac1daaf1663bdf562\/uploads\/zRr7F7TwmWID-Programacion-decanal-Animacion-Pastoral.pdf\" target=\"_blank\">zRr7F7TwmWID-Programacion-decanal-Animacion-Pastoral.pdf<\/a><\/a><\/td>\n                    <td style=\"\">19\/09\/2025 12:21 PM<\/td>\n            <\/tr>\n            <tr id=\"table_2_row_114\">\n                    <td style=\"\">Programaci\u00f3n Parroquial<\/td>\n                    <td style=\"\"><\/td>\n                    <td style=\"\"><\/td>\n                    <td style=\"\"><a href='<a href=\"https:\/\/diocesisdeaguascalientes.mx\/vicaria-de-pastoral\/wp-content\/uploads\/sites\/2\/forminator\/10414_47c7fef6f8c6f15ac1daaf1663bdf562\/uploads\/vTYYtfSouRc7-Pastoral-Profetica.pdf\" target=\"_blank\">vTYYtfSouRc7-Pastoral-Profetica.pdf<\/a>' rel='' target='_blank'><a href=\"https:\/\/diocesisdeaguascalientes.mx\/vicaria-de-pastoral\/wp-content\/uploads\/sites\/2\/forminator\/10414_47c7fef6f8c6f15ac1daaf1663bdf562\/uploads\/vTYYtfSouRc7-Pastoral-Profetica.pdf\" target=\"_blank\">vTYYtfSouRc7-Pastoral-Profetica.pdf<\/a><\/a><\/td>\n                    <td style=\"\">19\/09\/2025 12:21 PM<\/td>\n            <\/tr>\n            <tr id=\"table_2_row_115\">\n                    <td style=\"\">Programaci\u00f3n Parroquial<\/td>\n                    <td style=\"\"><\/td>\n                    <td style=\"\"><\/td>\n                    <td style=\"\"><a href='<a href=\"https:\/\/diocesisdeaguascalientes.mx\/vicaria-de-pastoral\/wp-content\/uploads\/sites\/2\/forminator\/10414_47c7fef6f8c6f15ac1daaf1663bdf562\/uploads\/mpEMriDlazCs-Asociacion-de-Adoracion-Nocturna.pdf\" target=\"_blank\">mpEMriDlazCs-Asociacion-de-Adoracion-Nocturna.pdf<\/a>' rel='' target='_blank'><a href=\"https:\/\/diocesisdeaguascalientes.mx\/vicaria-de-pastoral\/wp-content\/uploads\/sites\/2\/forminator\/10414_47c7fef6f8c6f15ac1daaf1663bdf562\/uploads\/mpEMriDlazCs-Asociacion-de-Adoracion-Nocturna.pdf\" target=\"_blank\">mpEMriDlazCs-Asociacion-de-Adoracion-Nocturna.pdf<\/a><\/a><\/td>\n                    <td style=\"\">19\/09\/2025 12:15 PM<\/td>\n            <\/tr>\n            <tr id=\"table_2_row_116\">\n                    <td style=\"\">Programaci\u00f3n Parroquial<\/td>\n                    <td style=\"\"><\/td>\n                    <td style=\"\"><\/td>\n                    <td style=\"\"><a href='<a href=\"https:\/\/diocesisdeaguascalientes.mx\/vicaria-de-pastoral\/wp-content\/uploads\/sites\/2\/forminator\/10414_47c7fef6f8c6f15ac1daaf1663bdf562\/uploads\/8z7FHxiUWxu7-Grupos-Laicales-Renovacion-Carismatica.pdf\" target=\"_blank\">8z7FHxiUWxu7-Grupos-Laicales-Renovacion-Carismatica.pdf<\/a>' rel='' target='_blank'><a href=\"https:\/\/diocesisdeaguascalientes.mx\/vicaria-de-pastoral\/wp-content\/uploads\/sites\/2\/forminator\/10414_47c7fef6f8c6f15ac1daaf1663bdf562\/uploads\/8z7FHxiUWxu7-Grupos-Laicales-Renovacion-Carismatica.pdf\" target=\"_blank\">8z7FHxiUWxu7-Grupos-Laicales-Renovacion-Carismatica.pdf<\/a><\/a><\/td>\n                    <td style=\"\">19\/09\/2025 12:13 PM<\/td>\n            <\/tr>\n            <tr id=\"table_2_row_117\">\n                    <td style=\"\">Programaci\u00f3n Parroquial<\/td>\n                    <td style=\"\"><\/td>\n                    <td style=\"\"><\/td>\n                    <td style=\"\"><a href='<a href=\"https:\/\/diocesisdeaguascalientes.mx\/vicaria-de-pastoral\/wp-content\/uploads\/sites\/2\/forminator\/10414_47c7fef6f8c6f15ac1daaf1663bdf562\/uploads\/c5eSC1GjGzq4-Consejo-de-pastoral.pdf\" target=\"_blank\">c5eSC1GjGzq4-Consejo-de-pastoral.pdf<\/a>' rel='' target='_blank'><a href=\"https:\/\/diocesisdeaguascalientes.mx\/vicaria-de-pastoral\/wp-content\/uploads\/sites\/2\/forminator\/10414_47c7fef6f8c6f15ac1daaf1663bdf562\/uploads\/c5eSC1GjGzq4-Consejo-de-pastoral.pdf\" target=\"_blank\">c5eSC1GjGzq4-Consejo-de-pastoral.pdf<\/a><\/a><\/td>\n                    <td style=\"\">19\/09\/2025 12:12 PM<\/td>\n            <\/tr>\n            <tr id=\"table_2_row_118\">\n                    <td style=\"\">Programaci\u00f3n Parroquial<\/td>\n                    <td style=\"\"><\/td>\n                    <td style=\"\"><\/td>\n                    <td style=\"\"><a href='<a href=\"https:\/\/diocesisdeaguascalientes.mx\/vicaria-de-pastoral\/wp-content\/uploads\/sites\/2\/forminator\/10414_47c7fef6f8c6f15ac1daaf1663bdf562\/uploads\/9V9Ln8Yrzoc6-Pastoral-Juvenil.pdf\" target=\"_blank\">9V9Ln8Yrzoc6-Pastoral-Juvenil.pdf<\/a>' rel='' target='_blank'><a href=\"https:\/\/diocesisdeaguascalientes.mx\/vicaria-de-pastoral\/wp-content\/uploads\/sites\/2\/forminator\/10414_47c7fef6f8c6f15ac1daaf1663bdf562\/uploads\/9V9Ln8Yrzoc6-Pastoral-Juvenil.pdf\" target=\"_blank\">9V9Ln8Yrzoc6-Pastoral-Juvenil.pdf<\/a><\/a><\/td>\n                    <td style=\"\">19\/09\/2025 12:11 PM<\/td>\n            <\/tr>\n            <tr id=\"table_2_row_119\">\n                    <td style=\"\">Programaci\u00f3n Parroquial<\/td>\n                    <td style=\"\"><\/td>\n                    <td style=\"\"><\/td>\n                    <td style=\"\"><a href='<a href=\"https:\/\/diocesisdeaguascalientes.mx\/vicaria-de-pastoral\/wp-content\/uploads\/sites\/2\/forminator\/10414_47c7fef6f8c6f15ac1daaf1663bdf562\/uploads\/bjf8uaaae1sN-Programacion-Pastoral-Familiar.pdf\" target=\"_blank\">bjf8uaaae1sN-Programacion-Pastoral-Familiar.pdf<\/a>' rel='' target='_blank'><a href=\"https:\/\/diocesisdeaguascalientes.mx\/vicaria-de-pastoral\/wp-content\/uploads\/sites\/2\/forminator\/10414_47c7fef6f8c6f15ac1daaf1663bdf562\/uploads\/bjf8uaaae1sN-Programacion-Pastoral-Familiar.pdf\" target=\"_blank\">bjf8uaaae1sN-Programacion-Pastoral-Familiar.pdf<\/a><\/a><\/td>\n                    <td style=\"\">19\/09\/2025 12:10 PM<\/td>\n            <\/tr>\n            <tr id=\"table_2_row_120\">\n                    <td style=\"\">Programaci\u00f3n Parroquial<\/td>\n                    <td style=\"\"><\/td>\n                    <td style=\"\"><\/td>\n                    <td style=\"\"><a href='<a href=\"https:\/\/diocesisdeaguascalientes.mx\/vicaria-de-pastoral\/wp-content\/uploads\/sites\/2\/forminator\/10414_47c7fef6f8c6f15ac1daaf1663bdf562\/uploads\/9tdBUTT4yPo9-Pastoral-Social.pdf\" target=\"_blank\">9tdBUTT4yPo9-Pastoral-Social.pdf<\/a>' rel='' target='_blank'><a href=\"https:\/\/diocesisdeaguascalientes.mx\/vicaria-de-pastoral\/wp-content\/uploads\/sites\/2\/forminator\/10414_47c7fef6f8c6f15ac1daaf1663bdf562\/uploads\/9tdBUTT4yPo9-Pastoral-Social.pdf\" target=\"_blank\">9tdBUTT4yPo9-Pastoral-Social.pdf<\/a><\/a><\/td>\n                    <td style=\"\">19\/09\/2025 12:09 PM<\/td>\n            <\/tr>\n            <tr id=\"table_2_row_121\">\n                    <td style=\"\">Programaci\u00f3n Parroquial<\/td>\n                    <td style=\"\"><\/td>\n                    <td style=\"\"><\/td>\n                    <td style=\"\"><a href='<a href=\"https:\/\/diocesisdeaguascalientes.mx\/vicaria-de-pastoral\/wp-content\/uploads\/sites\/2\/forminator\/10414_47c7fef6f8c6f15ac1daaf1663bdf562\/uploads\/zNkpyEOQZnVA-Pastoral-Liturgia.pdf\" target=\"_blank\">zNkpyEOQZnVA-Pastoral-Liturgia.pdf<\/a>' rel='' target='_blank'><a href=\"https:\/\/diocesisdeaguascalientes.mx\/vicaria-de-pastoral\/wp-content\/uploads\/sites\/2\/forminator\/10414_47c7fef6f8c6f15ac1daaf1663bdf562\/uploads\/zNkpyEOQZnVA-Pastoral-Liturgia.pdf\" target=\"_blank\">zNkpyEOQZnVA-Pastoral-Liturgia.pdf<\/a><\/a><\/td>\n                    <td style=\"\">19\/09\/2025 12:09 PM<\/td>\n            <\/tr>\n            <tr id=\"table_2_row_122\">\n                    <td style=\"\">Programaci\u00f3n Decanal<\/td>\n                    <td style=\"\">D05 ORIENTE II B CIUDAD SAN DAVID URIBE VELASCO<\/td>\n                    <td style=\"\">Pastoral de la Comunicaci\u00f3n<\/td>\n                    <td style=\"\"><a href='<a href=\"https:\/\/diocesisdeaguascalientes.mx\/vicaria-de-pastoral\/wp-content\/uploads\/sites\/2\/forminator\/10414_47c7fef6f8c6f15ac1daaf1663bdf562\/uploads\/a3AsxFjNJZ6i-P.-Comunicacion-Decanal-Oriente-IIB-Cd-25-26.pdf\" target=\"_blank\">a3AsxFjNJZ6i-P.-Comunicacion-Decanal-Oriente-IIB-Cd-25-26.pdf<\/a>' rel='' target='_blank'><a href=\"https:\/\/diocesisdeaguascalientes.mx\/vicaria-de-pastoral\/wp-content\/uploads\/sites\/2\/forminator\/10414_47c7fef6f8c6f15ac1daaf1663bdf562\/uploads\/a3AsxFjNJZ6i-P.-Comunicacion-Decanal-Oriente-IIB-Cd-25-26.pdf\" target=\"_blank\">a3AsxFjNJZ6i-P.-Comunicacion-Decanal-Oriente-IIB-Cd-25-26.pdf<\/a><\/a><\/td>\n                    <td style=\"\">19\/09\/2025 11:35 AM<\/td>\n            <\/tr>\n            <tr id=\"table_2_row_123\">\n                    <td style=\"\">Programaci\u00f3n Parroquial<\/td>\n                    <td style=\"\"><\/td>\n                    <td style=\"\"><\/td>\n                    <td style=\"\"><a href='<a href=\"https:\/\/diocesisdeaguascalientes.mx\/vicaria-de-pastoral\/wp-content\/uploads\/sites\/2\/forminator\/10414_47c7fef6f8c6f15ac1daaf1663bdf562\/uploads\/WIts22TLpdG7-Programacion-pastoral-Adolescentes.docx.pdf\" target=\"_blank\">WIts22TLpdG7-Programacion-pastoral-Adolescentes.docx.pdf<\/a>' rel='' target='_blank'><a href=\"https:\/\/diocesisdeaguascalientes.mx\/vicaria-de-pastoral\/wp-content\/uploads\/sites\/2\/forminator\/10414_47c7fef6f8c6f15ac1daaf1663bdf562\/uploads\/WIts22TLpdG7-Programacion-pastoral-Adolescentes.docx.pdf\" target=\"_blank\">WIts22TLpdG7-Programacion-pastoral-Adolescentes.docx.pdf<\/a><\/a><\/td>\n                    <td style=\"\">19\/09\/2025 10:24 AM<\/td>\n            <\/tr>\n            <tr id=\"table_2_row_124\">\n                    <td style=\"\">Programaci\u00f3n Parroquial<\/td>\n                    <td style=\"\"><\/td>\n                    <td style=\"\"><\/td>\n                    <td style=\"\"><a href='<a href=\"https:\/\/diocesisdeaguascalientes.mx\/vicaria-de-pastoral\/wp-content\/uploads\/sites\/2\/forminator\/10414_47c7fef6f8c6f15ac1daaf1663bdf562\/uploads\/zyVWm7hBn8P4-Programacion-pastoral-sociaL.docx.pdf\" target=\"_blank\">zyVWm7hBn8P4-Programacion-pastoral-sociaL.docx.pdf<\/a>' rel='' target='_blank'><a href=\"https:\/\/diocesisdeaguascalientes.mx\/vicaria-de-pastoral\/wp-content\/uploads\/sites\/2\/forminator\/10414_47c7fef6f8c6f15ac1daaf1663bdf562\/uploads\/zyVWm7hBn8P4-Programacion-pastoral-sociaL.docx.pdf\" target=\"_blank\">zyVWm7hBn8P4-Programacion-pastoral-sociaL.docx.pdf<\/a><\/a><\/td>\n                    <td style=\"\">19\/09\/2025 10:22 AM<\/td>\n            <\/tr>\n            <tr id=\"table_2_row_125\">\n                    <td style=\"\">Programaci\u00f3n Parroquial<\/td>\n                    <td style=\"\"><\/td>\n                    <td style=\"\"><\/td>\n                    <td style=\"\"><a href='<a href=\"https:\/\/diocesisdeaguascalientes.mx\/vicaria-de-pastoral\/wp-content\/uploads\/sites\/2\/forminator\/10414_47c7fef6f8c6f15ac1daaf1663bdf562\/uploads\/7AsQS5hLJM06-Programacion-pastoral-Liturgica.docx.pdf\" target=\"_blank\">7AsQS5hLJM06-Programacion-pastoral-Liturgica.docx.pdf<\/a>' rel='' target='_blank'><a href=\"https:\/\/diocesisdeaguascalientes.mx\/vicaria-de-pastoral\/wp-content\/uploads\/sites\/2\/forminator\/10414_47c7fef6f8c6f15ac1daaf1663bdf562\/uploads\/7AsQS5hLJM06-Programacion-pastoral-Liturgica.docx.pdf\" target=\"_blank\">7AsQS5hLJM06-Programacion-pastoral-Liturgica.docx.pdf<\/a><\/a><\/td>\n                    <td style=\"\">19\/09\/2025 10:21 AM<\/td>\n            <\/tr>\n            <tr id=\"table_2_row_126\">\n                    <td style=\"\">Programaci\u00f3n Parroquial<\/td>\n                    <td style=\"\"><\/td>\n                    <td style=\"\"><\/td>\n                    <td style=\"\"><a href='<a href=\"https:\/\/diocesisdeaguascalientes.mx\/vicaria-de-pastoral\/wp-content\/uploads\/sites\/2\/forminator\/10414_47c7fef6f8c6f15ac1daaf1663bdf562\/uploads\/oKXepJ2GsYki-Programacion-pastoral-Profetica.pdf\" target=\"_blank\">oKXepJ2GsYki-Programacion-pastoral-Profetica.pdf<\/a>' rel='' target='_blank'><a href=\"https:\/\/diocesisdeaguascalientes.mx\/vicaria-de-pastoral\/wp-content\/uploads\/sites\/2\/forminator\/10414_47c7fef6f8c6f15ac1daaf1663bdf562\/uploads\/oKXepJ2GsYki-Programacion-pastoral-Profetica.pdf\" target=\"_blank\">oKXepJ2GsYki-Programacion-pastoral-Profetica.pdf<\/a><\/a><\/td>\n                    <td style=\"\">19\/09\/2025 10:18 AM<\/td>\n            <\/tr>\n            <tr id=\"table_2_row_127\">\n                    <td style=\"\">Programaci\u00f3n Parroquial<\/td>\n                    <td style=\"\"><\/td>\n                    <td style=\"\"><\/td>\n                    <td style=\"\"><a href='<a href=\"https:\/\/diocesisdeaguascalientes.mx\/vicaria-de-pastoral\/wp-content\/uploads\/sites\/2\/forminator\/10414_47c7fef6f8c6f15ac1daaf1663bdf562\/uploads\/kfBwbnqZ86qW-17.-PASTORAL-DE-LA-COMUNICACION.pdf\" target=\"_blank\">kfBwbnqZ86qW-17.-PASTORAL-DE-LA-COMUNICACION.pdf<\/a>' rel='' target='_blank'><a href=\"https:\/\/diocesisdeaguascalientes.mx\/vicaria-de-pastoral\/wp-content\/uploads\/sites\/2\/forminator\/10414_47c7fef6f8c6f15ac1daaf1663bdf562\/uploads\/kfBwbnqZ86qW-17.-PASTORAL-DE-LA-COMUNICACION.pdf\" target=\"_blank\">kfBwbnqZ86qW-17.-PASTORAL-DE-LA-COMUNICACION.pdf<\/a><\/a><\/td>\n                    <td style=\"\">19\/09\/2025 09:02 AM<\/td>\n            <\/tr>\n            <tr id=\"table_2_row_128\">\n                    <td style=\"\">Programaci\u00f3n Decanal<\/td>\n                    <td style=\"\">D05 ORIENTE II B CIUDAD SAN DAVID URIBE VELASCO<\/td>\n                    <td style=\"\">Pastoral Prof\u00e9tica<\/td>\n                    <td style=\"\"><a href='<a href=\"https:\/\/diocesisdeaguascalientes.mx\/vicaria-de-pastoral\/wp-content\/uploads\/sites\/2\/forminator\/10414_47c7fef6f8c6f15ac1daaf1663bdf562\/uploads\/DduNP0mOw5ZW-PASTORAL-PROFETICA-DECANATO-SAN-DAVID-URIBE-VELAZCO.pdf\" target=\"_blank\">DduNP0mOw5ZW-PASTORAL-PROFETICA-DECANATO-SAN-DAVID-URIBE-VELAZCO.pdf<\/a>' rel='' target='_blank'><a href=\"https:\/\/diocesisdeaguascalientes.mx\/vicaria-de-pastoral\/wp-content\/uploads\/sites\/2\/forminator\/10414_47c7fef6f8c6f15ac1daaf1663bdf562\/uploads\/DduNP0mOw5ZW-PASTORAL-PROFETICA-DECANATO-SAN-DAVID-URIBE-VELAZCO.pdf\" target=\"_blank\">DduNP0mOw5ZW-PASTORAL-PROFETICA-DECANATO-SAN-DAVID-URIBE-VELAZCO.pdf<\/a><\/a><\/td>\n                    <td style=\"\">18\/09\/2025 11:14 PM<\/td>\n            <\/tr>\n            <tr id=\"table_2_row_129\">\n                    <td style=\"\">Programaci\u00f3n Decanal<\/td>\n                    <td style=\"\">D05 ORIENTE II B CIUDAD SAN DAVID URIBE VELASCO<\/td>\n                    <td style=\"\">Pastoral Juvenil<\/td>\n                    <td style=\"\"><a href='<a href=\"https:\/\/diocesisdeaguascalientes.mx\/vicaria-de-pastoral\/wp-content\/uploads\/sites\/2\/forminator\/10414_47c7fef6f8c6f15ac1daaf1663bdf562\/uploads\/cC9asvI7n2z4-PROGRAMACION-DECANAL-JUVENIL-DAVID-URIBE-VELAZCO.pdf\" target=\"_blank\">cC9asvI7n2z4-PROGRAMACION-DECANAL-JUVENIL-DAVID-URIBE-VELAZCO.pdf<\/a>' rel='' target='_blank'><a href=\"https:\/\/diocesisdeaguascalientes.mx\/vicaria-de-pastoral\/wp-content\/uploads\/sites\/2\/forminator\/10414_47c7fef6f8c6f15ac1daaf1663bdf562\/uploads\/cC9asvI7n2z4-PROGRAMACION-DECANAL-JUVENIL-DAVID-URIBE-VELAZCO.pdf\" target=\"_blank\">cC9asvI7n2z4-PROGRAMACION-DECANAL-JUVENIL-DAVID-URIBE-VELAZCO.pdf<\/a><\/a><\/td>\n                    <td style=\"\">18\/09\/2025 11:11 PM<\/td>\n            <\/tr>\n            <tr id=\"table_2_row_130\">\n                    <td style=\"\">Programaci\u00f3n Decanal<\/td>\n                    <td style=\"\">D05 ORIENTE II B CIUDAD SAN DAVID URIBE VELASCO<\/td>\n                    <td style=\"\">Pastoral de Adolescentes<\/td>\n                    <td style=\"\"><a href='<a href=\"https:\/\/diocesisdeaguascalientes.mx\/vicaria-de-pastoral\/wp-content\/uploads\/sites\/2\/forminator\/10414_47c7fef6f8c6f15ac1daaf1663bdf562\/uploads\/kzNTkEbJI479-PROGRAMACION-DECANAL-DE-ADOLESCENTES-SAN-DAVID-URIBE-VELAZCO.pdf\" target=\"_blank\">kzNTkEbJI479-PROGRAMACION-DECANAL-DE-ADOLESCENTES-SAN-DAVID-URIBE-VELAZCO.pdf<\/a>' rel='' target='_blank'><a href=\"https:\/\/diocesisdeaguascalientes.mx\/vicaria-de-pastoral\/wp-content\/uploads\/sites\/2\/forminator\/10414_47c7fef6f8c6f15ac1daaf1663bdf562\/uploads\/kzNTkEbJI479-PROGRAMACION-DECANAL-DE-ADOLESCENTES-SAN-DAVID-URIBE-VELAZCO.pdf\" target=\"_blank\">kzNTkEbJI479-PROGRAMACION-DECANAL-DE-ADOLESCENTES-SAN-DAVID-URIBE-VELAZCO.pdf<\/a><\/a><\/td>\n                    <td style=\"\">18\/09\/2025 11:10 PM<\/td>\n            <\/tr>\n            <tr id=\"table_2_row_131\">\n                    <td style=\"\">Programaci\u00f3n Decanal<\/td>\n                    <td style=\"\">D05 ORIENTE II B CIUDAD SAN DAVID URIBE VELASCO<\/td>\n                    <td style=\"\">Pastoral Familiar<\/td>\n                    <td style=\"\"><a href='<a href=\"https:\/\/diocesisdeaguascalientes.mx\/vicaria-de-pastoral\/wp-content\/uploads\/sites\/2\/forminator\/10414_47c7fef6f8c6f15ac1daaf1663bdf562\/uploads\/786JlAaJBPvf-PROGRAMACION-DECANAL-FAMILIAR-DECANATO-SAN-DAVID-URIBE-VELAZCO.pdf\" target=\"_blank\">786JlAaJBPvf-PROGRAMACION-DECANAL-FAMILIAR-DECANATO-SAN-DAVID-URIBE-VELAZCO.pdf<\/a>' rel='' target='_blank'><a href=\"https:\/\/diocesisdeaguascalientes.mx\/vicaria-de-pastoral\/wp-content\/uploads\/sites\/2\/forminator\/10414_47c7fef6f8c6f15ac1daaf1663bdf562\/uploads\/786JlAaJBPvf-PROGRAMACION-DECANAL-FAMILIAR-DECANATO-SAN-DAVID-URIBE-VELAZCO.pdf\" target=\"_blank\">786JlAaJBPvf-PROGRAMACION-DECANAL-FAMILIAR-DECANATO-SAN-DAVID-URIBE-VELAZCO.pdf<\/a><\/a><\/td>\n                    <td style=\"\">18\/09\/2025 11:09 PM<\/td>\n            <\/tr>\n            <tr id=\"table_2_row_132\">\n                    <td style=\"\">Programaci\u00f3n Decanal<\/td>\n                    <td style=\"\">D05 ORIENTE II B CIUDAD SAN DAVID URIBE VELASCO<\/td>\n                    <td style=\"\">Pastoral Social<\/td>\n                    <td style=\"\"><a href='<a href=\"https:\/\/diocesisdeaguascalientes.mx\/vicaria-de-pastoral\/wp-content\/uploads\/sites\/2\/forminator\/10414_47c7fef6f8c6f15ac1daaf1663bdf562\/uploads\/m8mlkyjKfRYw-PROGRAMACION-DECANAL-DE-PASTORAL-SOCIAL-DECANATO-SAN-DAVID-URIBE-VELAZCO-PDF.pdf\" target=\"_blank\">m8mlkyjKfRYw-PROGRAMACION-DECANAL-DE-PASTORAL-SOCIAL-DECANATO-SAN-DAVID-URIBE-VELAZCO-PDF.pdf<\/a>' rel='' target='_blank'><a href=\"https:\/\/diocesisdeaguascalientes.mx\/vicaria-de-pastoral\/wp-content\/uploads\/sites\/2\/forminator\/10414_47c7fef6f8c6f15ac1daaf1663bdf562\/uploads\/m8mlkyjKfRYw-PROGRAMACION-DECANAL-DE-PASTORAL-SOCIAL-DECANATO-SAN-DAVID-URIBE-VELAZCO-PDF.pdf\" target=\"_blank\">m8mlkyjKfRYw-PROGRAMACION-DECANAL-DE-PASTORAL-SOCIAL-DECANATO-SAN-DAVID-URIBE-VELAZCO-PDF.pdf<\/a><\/a><\/td>\n                    <td style=\"\">18\/09\/2025 11:08 PM<\/td>\n            <\/tr>\n            <tr id=\"table_2_row_133\">\n                    <td style=\"\">Programaci\u00f3n Decanal<\/td>\n                    <td style=\"\">D05 ORIENTE II B CIUDAD SAN DAVID URIBE VELASCO<\/td>\n                    <td style=\"\">Pastoral Lit\u00fargica<\/td>\n                    <td style=\"\"><a href='<a href=\"https:\/\/diocesisdeaguascalientes.mx\/vicaria-de-pastoral\/wp-content\/uploads\/sites\/2\/forminator\/10414_47c7fef6f8c6f15ac1daaf1663bdf562\/uploads\/1KhApW4Sni4t-Programacion-Pastoral-Liturgica-del-Decanato-San-David-Uribe-Velazco.pdf\" target=\"_blank\">1KhApW4Sni4t-Programacion-Pastoral-Liturgica-del-Decanato-San-David-Uribe-Velazco.pdf<\/a>' rel='' target='_blank'><a href=\"https:\/\/diocesisdeaguascalientes.mx\/vicaria-de-pastoral\/wp-content\/uploads\/sites\/2\/forminator\/10414_47c7fef6f8c6f15ac1daaf1663bdf562\/uploads\/1KhApW4Sni4t-Programacion-Pastoral-Liturgica-del-Decanato-San-David-Uribe-Velazco.pdf\" target=\"_blank\">1KhApW4Sni4t-Programacion-Pastoral-Liturgica-del-Decanato-San-David-Uribe-Velazco.pdf<\/a><\/a><\/td>\n                    <td style=\"\">18\/09\/2025 11:06 PM<\/td>\n            <\/tr>\n            <tr id=\"table_2_row_134\">\n                    <td style=\"\">Programaci\u00f3n Parroquial<\/td>\n                    <td style=\"\"><\/td>\n                    <td style=\"\"><\/td>\n                    <td style=\"\"><a href='<a href=\"https:\/\/diocesisdeaguascalientes.mx\/vicaria-de-pastoral\/wp-content\/uploads\/sites\/2\/forminator\/10414_47c7fef6f8c6f15ac1daaf1663bdf562\/uploads\/onbiLkcTt1we-FORMATO-DE-PROGRAMACION-2025-2026-PASTORAL-ADOLESCENTES1.pdf\" target=\"_blank\">onbiLkcTt1we-FORMATO-DE-PROGRAMACION-2025-2026-PASTORAL-ADOLESCENTES1.pdf<\/a>' rel='' target='_blank'><a href=\"https:\/\/diocesisdeaguascalientes.mx\/vicaria-de-pastoral\/wp-content\/uploads\/sites\/2\/forminator\/10414_47c7fef6f8c6f15ac1daaf1663bdf562\/uploads\/onbiLkcTt1we-FORMATO-DE-PROGRAMACION-2025-2026-PASTORAL-ADOLESCENTES1.pdf\" target=\"_blank\">onbiLkcTt1we-FORMATO-DE-PROGRAMACION-2025-2026-PASTORAL-ADOLESCENTES1.pdf<\/a><\/a><\/td>\n                    <td style=\"\">18\/09\/2025 10:16 PM<\/td>\n            <\/tr>\n            <tr id=\"table_2_row_135\">\n                    <td style=\"\">Programaci\u00f3n Decanal<\/td>\n                    <td style=\"\">D16 SUR CIUDAD SANTO TORIBIO ROMO GONZALEZ<\/td>\n                    <td style=\"\">Organismos Eclesiales Laicales (OEL)<\/td>\n                    <td style=\"\"><a href='<a href=\"https:\/\/diocesisdeaguascalientes.mx\/vicaria-de-pastoral\/wp-content\/uploads\/sites\/2\/forminator\/10414_47c7fef6f8c6f15ac1daaf1663bdf562\/uploads\/f8ebCmKB9zFG-FORMATO-DE-PROGRAMACION-OEL-2025-2026.pdf\" target=\"_blank\">f8ebCmKB9zFG-FORMATO-DE-PROGRAMACION-OEL-2025-2026.pdf<\/a>' rel='' target='_blank'><a href=\"https:\/\/diocesisdeaguascalientes.mx\/vicaria-de-pastoral\/wp-content\/uploads\/sites\/2\/forminator\/10414_47c7fef6f8c6f15ac1daaf1663bdf562\/uploads\/f8ebCmKB9zFG-FORMATO-DE-PROGRAMACION-OEL-2025-2026.pdf\" target=\"_blank\">f8ebCmKB9zFG-FORMATO-DE-PROGRAMACION-OEL-2025-2026.pdf<\/a><\/a><\/td>\n                    <td style=\"\">18\/09\/2025 08:44 PM<\/td>\n            <\/tr>\n            <tr id=\"table_2_row_136\">\n                    <td style=\"\">Programaci\u00f3n Parroquial<\/td>\n                    <td style=\"\"><\/td>\n                    <td style=\"\"><\/td>\n                    <td style=\"\"><a href='<a href=\"https:\/\/diocesisdeaguascalientes.mx\/vicaria-de-pastoral\/wp-content\/uploads\/sites\/2\/forminator\/10414_47c7fef6f8c6f15ac1daaf1663bdf562\/uploads\/a7UGTtInZmw6-Pastoral-de-Animacion-Parroquial.pdf\" target=\"_blank\">a7UGTtInZmw6-Pastoral-de-Animacion-Parroquial.pdf<\/a>' rel='' target='_blank'><a href=\"https:\/\/diocesisdeaguascalientes.mx\/vicaria-de-pastoral\/wp-content\/uploads\/sites\/2\/forminator\/10414_47c7fef6f8c6f15ac1daaf1663bdf562\/uploads\/a7UGTtInZmw6-Pastoral-de-Animacion-Parroquial.pdf\" target=\"_blank\">a7UGTtInZmw6-Pastoral-de-Animacion-Parroquial.pdf<\/a><\/a><\/td>\n                    <td style=\"\">18\/09\/2025 07:42 PM<\/td>\n            <\/tr>\n            <tr id=\"table_2_row_137\">\n                    <td style=\"\">Programaci\u00f3n Parroquial<\/td>\n                    <td style=\"\"><\/td>\n                    <td style=\"\"><\/td>\n                    <td style=\"\"><a href='<a href=\"https:\/\/diocesisdeaguascalientes.mx\/vicaria-de-pastoral\/wp-content\/uploads\/sites\/2\/forminator\/10414_47c7fef6f8c6f15ac1daaf1663bdf562\/uploads\/3mHD0QGNawle-prog.juvenil-ciclo-2025-26.pdf\" target=\"_blank\">3mHD0QGNawle-prog.juvenil-ciclo-2025-26.pdf<\/a>' rel='' target='_blank'><a href=\"https:\/\/diocesisdeaguascalientes.mx\/vicaria-de-pastoral\/wp-content\/uploads\/sites\/2\/forminator\/10414_47c7fef6f8c6f15ac1daaf1663bdf562\/uploads\/3mHD0QGNawle-prog.juvenil-ciclo-2025-26.pdf\" target=\"_blank\">3mHD0QGNawle-prog.juvenil-ciclo-2025-26.pdf<\/a><\/a><\/td>\n                    <td style=\"\">18\/09\/2025 07:41 PM<\/td>\n            <\/tr>\n            <tr id=\"table_2_row_138\">\n                    <td style=\"\">Programaci\u00f3n Parroquial<\/td>\n                    <td style=\"\"><\/td>\n                    <td style=\"\"><\/td>\n                    <td style=\"\"><a href='<a href=\"https:\/\/diocesisdeaguascalientes.mx\/vicaria-de-pastoral\/wp-content\/uploads\/sites\/2\/forminator\/10414_47c7fef6f8c6f15ac1daaf1663bdf562\/uploads\/44ucVFCOZvN1-prog.juvenil-ciclo-2025-26.pdf\" target=\"_blank\">44ucVFCOZvN1-prog.juvenil-ciclo-2025-26.pdf<\/a>' rel='' target='_blank'><a href=\"https:\/\/diocesisdeaguascalientes.mx\/vicaria-de-pastoral\/wp-content\/uploads\/sites\/2\/forminator\/10414_47c7fef6f8c6f15ac1daaf1663bdf562\/uploads\/44ucVFCOZvN1-prog.juvenil-ciclo-2025-26.pdf\" target=\"_blank\">44ucVFCOZvN1-prog.juvenil-ciclo-2025-26.pdf<\/a><\/a><\/td>\n                    <td style=\"\">18\/09\/2025 07:17 PM<\/td>\n            <\/tr>\n            <tr id=\"table_2_row_139\">\n                    <td style=\"\">Programaci\u00f3n Parroquial<\/td>\n                    <td style=\"\"><\/td>\n                    <td style=\"\"><\/td>\n                    <td style=\"\"><a href='<a href=\"https:\/\/diocesisdeaguascalientes.mx\/vicaria-de-pastoral\/wp-content\/uploads\/sites\/2\/forminator\/10414_47c7fef6f8c6f15ac1daaf1663bdf562\/uploads\/a4IIhP8LgCGs-Prog.-past.-familiar-2025-2026.pdf\" target=\"_blank\">a4IIhP8LgCGs-Prog.-past.-familiar-2025-2026.pdf<\/a>' rel='' target='_blank'><a href=\"https:\/\/diocesisdeaguascalientes.mx\/vicaria-de-pastoral\/wp-content\/uploads\/sites\/2\/forminator\/10414_47c7fef6f8c6f15ac1daaf1663bdf562\/uploads\/a4IIhP8LgCGs-Prog.-past.-familiar-2025-2026.pdf\" target=\"_blank\">a4IIhP8LgCGs-Prog.-past.-familiar-2025-2026.pdf<\/a><\/a><\/td>\n                    <td style=\"\">18\/09\/2025 07:06 PM<\/td>\n            <\/tr>\n            <tr id=\"table_2_row_140\">\n                    <td style=\"\">Programaci\u00f3n Parroquial<\/td>\n                    <td style=\"\"><\/td>\n                    <td style=\"\"><\/td>\n                    <td style=\"\"><a href='<a href=\"https:\/\/diocesisdeaguascalientes.mx\/vicaria-de-pastoral\/wp-content\/uploads\/sites\/2\/forminator\/10414_47c7fef6f8c6f15ac1daaf1663bdf562\/uploads\/donk14R95wLC-Prog-p.social-25-26.pdf\" target=\"_blank\">donk14R95wLC-Prog-p.social-25-26.pdf<\/a>' rel='' target='_blank'><a href=\"https:\/\/diocesisdeaguascalientes.mx\/vicaria-de-pastoral\/wp-content\/uploads\/sites\/2\/forminator\/10414_47c7fef6f8c6f15ac1daaf1663bdf562\/uploads\/donk14R95wLC-Prog-p.social-25-26.pdf\" target=\"_blank\">donk14R95wLC-Prog-p.social-25-26.pdf<\/a><\/a><\/td>\n                    <td style=\"\">18\/09\/2025 07:02 PM<\/td>\n            <\/tr>\n            <tr id=\"table_2_row_141\">\n                    <td style=\"\">Programaci\u00f3n Decanal<\/td>\n                    <td style=\"\">D05 ORIENTE II B CIUDAD SAN DAVID URIBE VELASCO<\/td>\n                    <td style=\"\">Animaci\u00f3n Pastoral<\/td>\n                    <td style=\"\"><a href='<a href=\"https:\/\/diocesisdeaguascalientes.mx\/vicaria-de-pastoral\/wp-content\/uploads\/sites\/2\/forminator\/10414_47c7fef6f8c6f15ac1daaf1663bdf562\/uploads\/9gN18tgsyGwX-PROGRAMACION-DECANAL-ANIMACION-PASTORAL-SAN-DAVID-URIBE-VELAZCO.pdf\" target=\"_blank\">9gN18tgsyGwX-PROGRAMACION-DECANAL-ANIMACION-PASTORAL-SAN-DAVID-URIBE-VELAZCO.pdf<\/a>' rel='' target='_blank'><a href=\"https:\/\/diocesisdeaguascalientes.mx\/vicaria-de-pastoral\/wp-content\/uploads\/sites\/2\/forminator\/10414_47c7fef6f8c6f15ac1daaf1663bdf562\/uploads\/9gN18tgsyGwX-PROGRAMACION-DECANAL-ANIMACION-PASTORAL-SAN-DAVID-URIBE-VELAZCO.pdf\" target=\"_blank\">9gN18tgsyGwX-PROGRAMACION-DECANAL-ANIMACION-PASTORAL-SAN-DAVID-URIBE-VELAZCO.pdf<\/a><\/a><\/td>\n                    <td style=\"\">18\/09\/2025 06:43 PM<\/td>\n            <\/tr>\n            <tr id=\"table_2_row_142\">\n                    <td style=\"\">Programaci\u00f3n Decanal<\/td>\n                    <td style=\"\">D05 ORIENTE II B CIUDAD SAN DAVID URIBE VELASCO<\/td>\n                    <td style=\"\">Organismos Eclesiales Laicales (OEL)<\/td>\n                    <td style=\"\"><a href='<a href=\"https:\/\/diocesisdeaguascalientes.mx\/vicaria-de-pastoral\/wp-content\/uploads\/sites\/2\/forminator\/10414_47c7fef6f8c6f15ac1daaf1663bdf562\/uploads\/TlBIxTKugSvb-PROGRAMACION-2025-2026-OELs-Decanal.pdf\" target=\"_blank\">TlBIxTKugSvb-PROGRAMACION-2025-2026-OELs-Decanal.pdf<\/a>' rel='' target='_blank'><a href=\"https:\/\/diocesisdeaguascalientes.mx\/vicaria-de-pastoral\/wp-content\/uploads\/sites\/2\/forminator\/10414_47c7fef6f8c6f15ac1daaf1663bdf562\/uploads\/TlBIxTKugSvb-PROGRAMACION-2025-2026-OELs-Decanal.pdf\" target=\"_blank\">TlBIxTKugSvb-PROGRAMACION-2025-2026-OELs-Decanal.pdf<\/a><\/a><\/td>\n                    <td style=\"\">18\/09\/2025 06:39 PM<\/td>\n            <\/tr>\n            <tr id=\"table_2_row_143\">\n                    <td style=\"\">Programaci\u00f3n Parroquial<\/td>\n                    <td style=\"\"><\/td>\n                    <td style=\"\"><\/td>\n                    <td style=\"\"><a href='<a href=\"https:\/\/diocesisdeaguascalientes.mx\/vicaria-de-pastoral\/wp-content\/uploads\/sites\/2\/forminator\/10414_47c7fef6f8c6f15ac1daaf1663bdf562\/uploads\/3QIUec14WBOu-prog.liturgia-25-26.pdf\" target=\"_blank\">3QIUec14WBOu-prog.liturgia-25-26.pdf<\/a>' rel='' target='_blank'><a href=\"https:\/\/diocesisdeaguascalientes.mx\/vicaria-de-pastoral\/wp-content\/uploads\/sites\/2\/forminator\/10414_47c7fef6f8c6f15ac1daaf1663bdf562\/uploads\/3QIUec14WBOu-prog.liturgia-25-26.pdf\" target=\"_blank\">3QIUec14WBOu-prog.liturgia-25-26.pdf<\/a><\/a><\/td>\n                    <td style=\"\">18\/09\/2025 06:31 PM<\/td>\n            <\/tr>\n            <tr id=\"table_2_row_144\">\n                    <td style=\"\">Programaci\u00f3n Parroquial<\/td>\n                    <td style=\"\"><\/td>\n                    <td style=\"\"><\/td>\n                    <td style=\"\"><a href='<a href=\"https:\/\/diocesisdeaguascalientes.mx\/vicaria-de-pastoral\/wp-content\/uploads\/sites\/2\/forminator\/10414_47c7fef6f8c6f15ac1daaf1663bdf562\/uploads\/WkHfrqXoKs13-14.-ORG.-ECLE.-LAICALES-RENOVACION-CARISMATICA.pdf\" target=\"_blank\">WkHfrqXoKs13-14.-ORG.-ECLE.-LAICALES-RENOVACION-CARISMATICA.pdf<\/a>' rel='' target='_blank'><a href=\"https:\/\/diocesisdeaguascalientes.mx\/vicaria-de-pastoral\/wp-content\/uploads\/sites\/2\/forminator\/10414_47c7fef6f8c6f15ac1daaf1663bdf562\/uploads\/WkHfrqXoKs13-14.-ORG.-ECLE.-LAICALES-RENOVACION-CARISMATICA.pdf\" target=\"_blank\">WkHfrqXoKs13-14.-ORG.-ECLE.-LAICALES-RENOVACION-CARISMATICA.pdf<\/a><\/a><\/td>\n                    <td style=\"\">18\/09\/2025 04:20 PM<\/td>\n            <\/tr>\n            <tr id=\"table_2_row_145\">\n                    <td style=\"\">Programaci\u00f3n Parroquial<\/td>\n                    <td style=\"\"><\/td>\n                    <td style=\"\"><\/td>\n                    <td style=\"\"><a href='<a href=\"https:\/\/diocesisdeaguascalientes.mx\/vicaria-de-pastoral\/wp-content\/uploads\/sites\/2\/forminator\/10414_47c7fef6f8c6f15ac1daaf1663bdf562\/uploads\/D1fJQJIlahtv-15.-ORG.-ECLE.-LAICALES-MOVIMIENTO-DE-JORNADAS-Y-VIDA-XTNA.pdf\" target=\"_blank\">D1fJQJIlahtv-15.-ORG.-ECLE.-LAICALES-MOVIMIENTO-DE-JORNADAS-Y-VIDA-XTNA.pdf<\/a>' rel='' target='_blank'><a href=\"https:\/\/diocesisdeaguascalientes.mx\/vicaria-de-pastoral\/wp-content\/uploads\/sites\/2\/forminator\/10414_47c7fef6f8c6f15ac1daaf1663bdf562\/uploads\/D1fJQJIlahtv-15.-ORG.-ECLE.-LAICALES-MOVIMIENTO-DE-JORNADAS-Y-VIDA-XTNA.pdf\" target=\"_blank\">D1fJQJIlahtv-15.-ORG.-ECLE.-LAICALES-MOVIMIENTO-DE-JORNADAS-Y-VIDA-XTNA.pdf<\/a><\/a><\/td>\n                    <td style=\"\">18\/09\/2025 04:19 PM<\/td>\n            <\/tr>\n            <tr id=\"table_2_row_146\">\n                    <td style=\"\">Programaci\u00f3n Parroquial<\/td>\n                    <td style=\"\"><\/td>\n                    <td style=\"\"><\/td>\n                    <td style=\"\"><a href='<a href=\"https:\/\/diocesisdeaguascalientes.mx\/vicaria-de-pastoral\/wp-content\/uploads\/sites\/2\/forminator\/10414_47c7fef6f8c6f15ac1daaf1663bdf562\/uploads\/T8fViiUEiFa7-12.-ORG.-ECLE.-LAICALES-ORDEN-FRANCISCANA-SEGLAR.pdf\" target=\"_blank\">T8fViiUEiFa7-12.-ORG.-ECLE.-LAICALES-ORDEN-FRANCISCANA-SEGLAR.pdf<\/a>' rel='' target='_blank'><a href=\"https:\/\/diocesisdeaguascalientes.mx\/vicaria-de-pastoral\/wp-content\/uploads\/sites\/2\/forminator\/10414_47c7fef6f8c6f15ac1daaf1663bdf562\/uploads\/T8fViiUEiFa7-12.-ORG.-ECLE.-LAICALES-ORDEN-FRANCISCANA-SEGLAR.pdf\" target=\"_blank\">T8fViiUEiFa7-12.-ORG.-ECLE.-LAICALES-ORDEN-FRANCISCANA-SEGLAR.pdf<\/a><\/a><\/td>\n                    <td style=\"\">18\/09\/2025 03:59 PM<\/td>\n            <\/tr>\n            <tr id=\"table_2_row_147\">\n                    <td style=\"\">Programaci\u00f3n Decanal<\/td>\n                    <td style=\"\">D10 NORTE CIUDAD SAN LUIS BATIZ SAINZ<\/td>\n                    <td style=\"\">Pastoral de la Comunicaci\u00f3n<\/td>\n                    <td style=\"\"><a href='<a href=\"https:\/\/diocesisdeaguascalientes.mx\/vicaria-de-pastoral\/wp-content\/uploads\/sites\/2\/forminator\/10414_47c7fef6f8c6f15ac1daaf1663bdf562\/uploads\/1jHqgzMU1ugO-Decanal-Comunicacion.pdf\" target=\"_blank\">1jHqgzMU1ugO-Decanal-Comunicacion.pdf<\/a>' rel='' target='_blank'><a href=\"https:\/\/diocesisdeaguascalientes.mx\/vicaria-de-pastoral\/wp-content\/uploads\/sites\/2\/forminator\/10414_47c7fef6f8c6f15ac1daaf1663bdf562\/uploads\/1jHqgzMU1ugO-Decanal-Comunicacion.pdf\" target=\"_blank\">1jHqgzMU1ugO-Decanal-Comunicacion.pdf<\/a><\/a><\/td>\n                    <td style=\"\">18\/09\/2025 02:00 PM<\/td>\n            <\/tr>\n            <tr id=\"table_2_row_148\">\n                    <td style=\"\">Programaci\u00f3n Decanal<\/td>\n                    <td style=\"\">D10 NORTE CIUDAD SAN LUIS BATIZ SAINZ<\/td>\n                    <td style=\"\">Pastoral Familiar<\/td>\n                    <td style=\"\"><a href='<a href=\"https:\/\/diocesisdeaguascalientes.mx\/vicaria-de-pastoral\/wp-content\/uploads\/sites\/2\/forminator\/10414_47c7fef6f8c6f15ac1daaf1663bdf562\/uploads\/TvK3AynSsCPN-Decanal-Familiar.pdf\" target=\"_blank\">TvK3AynSsCPN-Decanal-Familiar.pdf<\/a>' rel='' target='_blank'><a href=\"https:\/\/diocesisdeaguascalientes.mx\/vicaria-de-pastoral\/wp-content\/uploads\/sites\/2\/forminator\/10414_47c7fef6f8c6f15ac1daaf1663bdf562\/uploads\/TvK3AynSsCPN-Decanal-Familiar.pdf\" target=\"_blank\">TvK3AynSsCPN-Decanal-Familiar.pdf<\/a><\/a><\/td>\n                    <td style=\"\">18\/09\/2025 01:59 PM<\/td>\n            <\/tr>\n            <tr id=\"table_2_row_149\">\n                    <td style=\"\">Programaci\u00f3n Decanal<\/td>\n                    <td style=\"\">D10 NORTE CIUDAD SAN LUIS BATIZ SAINZ<\/td>\n                    <td style=\"\">Pastoral Prof\u00e9tica<\/td>\n                    <td style=\"\"><a href='<a href=\"https:\/\/diocesisdeaguascalientes.mx\/vicaria-de-pastoral\/wp-content\/uploads\/sites\/2\/forminator\/10414_47c7fef6f8c6f15ac1daaf1663bdf562\/uploads\/IvqZ7pIRXATH-Decanal-Profetica.pdf\" target=\"_blank\">IvqZ7pIRXATH-Decanal-Profetica.pdf<\/a>' rel='' target='_blank'><a href=\"https:\/\/diocesisdeaguascalientes.mx\/vicaria-de-pastoral\/wp-content\/uploads\/sites\/2\/forminator\/10414_47c7fef6f8c6f15ac1daaf1663bdf562\/uploads\/IvqZ7pIRXATH-Decanal-Profetica.pdf\" target=\"_blank\">IvqZ7pIRXATH-Decanal-Profetica.pdf<\/a><\/a><\/td>\n                    <td style=\"\">18\/09\/2025 01:53 PM<\/td>\n            <\/tr>\n            <tr id=\"table_2_row_150\">\n                    <td style=\"\">Programaci\u00f3n Decanal<\/td>\n                    <td style=\"\">D10 NORTE CIUDAD SAN LUIS BATIZ SAINZ<\/td>\n                    <td style=\"\">Animaci\u00f3n Pastoral<\/td>\n                    <td style=\"\"><a href='<a href=\"https:\/\/diocesisdeaguascalientes.mx\/vicaria-de-pastoral\/wp-content\/uploads\/sites\/2\/forminator\/10414_47c7fef6f8c6f15ac1daaf1663bdf562\/uploads\/Cos0UK44gurF-Decanal-Animacion-Pastoral.pdf\" target=\"_blank\">Cos0UK44gurF-Decanal-Animacion-Pastoral.pdf<\/a>' rel='' target='_blank'><a href=\"https:\/\/diocesisdeaguascalientes.mx\/vicaria-de-pastoral\/wp-content\/uploads\/sites\/2\/forminator\/10414_47c7fef6f8c6f15ac1daaf1663bdf562\/uploads\/Cos0UK44gurF-Decanal-Animacion-Pastoral.pdf\" target=\"_blank\">Cos0UK44gurF-Decanal-Animacion-Pastoral.pdf<\/a><\/a><\/td>\n                    <td style=\"\">18\/09\/2025 01:52 PM<\/td>\n            <\/tr>\n            <tr id=\"table_2_row_151\">\n                    <td style=\"\">Programaci\u00f3n Decanal<\/td>\n                    <td style=\"\">D10 NORTE CIUDAD SAN LUIS BATIZ SAINZ<\/td>\n                    <td style=\"\">Pastoral Social<\/td>\n                    <td style=\"\"><a href='<a href=\"https:\/\/diocesisdeaguascalientes.mx\/vicaria-de-pastoral\/wp-content\/uploads\/sites\/2\/forminator\/10414_47c7fef6f8c6f15ac1daaf1663bdf562\/uploads\/rAlhzSEXgWEX-Decanal-Social.pdf\" target=\"_blank\">rAlhzSEXgWEX-Decanal-Social.pdf<\/a>' rel='' target='_blank'><a href=\"https:\/\/diocesisdeaguascalientes.mx\/vicaria-de-pastoral\/wp-content\/uploads\/sites\/2\/forminator\/10414_47c7fef6f8c6f15ac1daaf1663bdf562\/uploads\/rAlhzSEXgWEX-Decanal-Social.pdf\" target=\"_blank\">rAlhzSEXgWEX-Decanal-Social.pdf<\/a><\/a><\/td>\n                    <td style=\"\">18\/09\/2025 01:51 PM<\/td>\n            <\/tr>\n            <tr id=\"table_2_row_152\">\n                    <td style=\"\">Programaci\u00f3n Decanal<\/td>\n                    <td style=\"\">D10 NORTE CIUDAD SAN LUIS BATIZ SAINZ<\/td>\n                    <td style=\"\">Pastoral Lit\u00fargica<\/td>\n                    <td style=\"\"><a href='<a href=\"https:\/\/diocesisdeaguascalientes.mx\/vicaria-de-pastoral\/wp-content\/uploads\/sites\/2\/forminator\/10414_47c7fef6f8c6f15ac1daaf1663bdf562\/uploads\/5zuqn47GoY1B-Decanal-Liturgica.pdf\" target=\"_blank\">5zuqn47GoY1B-Decanal-Liturgica.pdf<\/a>' rel='' target='_blank'><a href=\"https:\/\/diocesisdeaguascalientes.mx\/vicaria-de-pastoral\/wp-content\/uploads\/sites\/2\/forminator\/10414_47c7fef6f8c6f15ac1daaf1663bdf562\/uploads\/5zuqn47GoY1B-Decanal-Liturgica.pdf\" target=\"_blank\">5zuqn47GoY1B-Decanal-Liturgica.pdf<\/a><\/a><\/td>\n                    <td style=\"\">18\/09\/2025 01:49 PM<\/td>\n            <\/tr>\n            <tr id=\"table_2_row_153\">\n                    <td style=\"\">Programaci\u00f3n Decanal<\/td>\n                    <td style=\"\">D10 NORTE CIUDAD SAN LUIS BATIZ SAINZ<\/td>\n                    <td style=\"\">Pastoral Juvenil<\/td>\n                    <td style=\"\"><a href='<a href=\"https:\/\/diocesisdeaguascalientes.mx\/vicaria-de-pastoral\/wp-content\/uploads\/sites\/2\/forminator\/10414_47c7fef6f8c6f15ac1daaf1663bdf562\/uploads\/Ej0NlP66nSHF-Decanal-Juvenil.pdf\" target=\"_blank\">Ej0NlP66nSHF-Decanal-Juvenil.pdf<\/a>' rel='' target='_blank'><a href=\"https:\/\/diocesisdeaguascalientes.mx\/vicaria-de-pastoral\/wp-content\/uploads\/sites\/2\/forminator\/10414_47c7fef6f8c6f15ac1daaf1663bdf562\/uploads\/Ej0NlP66nSHF-Decanal-Juvenil.pdf\" target=\"_blank\">Ej0NlP66nSHF-Decanal-Juvenil.pdf<\/a><\/a><\/td>\n                    <td style=\"\">18\/09\/2025 01:49 PM<\/td>\n            <\/tr>\n            <tr id=\"table_2_row_154\">\n                    <td style=\"\">Programaci\u00f3n Decanal<\/td>\n                    <td style=\"\">D10 NORTE CIUDAD SAN LUIS BATIZ SAINZ<\/td>\n                    <td style=\"\">Pastoral de Adolescentes<\/td>\n                    <td style=\"\"><a href='<a href=\"https:\/\/diocesisdeaguascalientes.mx\/vicaria-de-pastoral\/wp-content\/uploads\/sites\/2\/forminator\/10414_47c7fef6f8c6f15ac1daaf1663bdf562\/uploads\/MhlBXqNKkgu1-Decanal-Adolescentes.pdf\" target=\"_blank\">MhlBXqNKkgu1-Decanal-Adolescentes.pdf<\/a>' rel='' target='_blank'><a href=\"https:\/\/diocesisdeaguascalientes.mx\/vicaria-de-pastoral\/wp-content\/uploads\/sites\/2\/forminator\/10414_47c7fef6f8c6f15ac1daaf1663bdf562\/uploads\/MhlBXqNKkgu1-Decanal-Adolescentes.pdf\" target=\"_blank\">MhlBXqNKkgu1-Decanal-Adolescentes.pdf<\/a><\/a><\/td>\n                    <td style=\"\">18\/09\/2025 01:48 PM<\/td>\n            <\/tr>\n            <tr id=\"table_2_row_155\">\n                    <td style=\"\">Programaci\u00f3n Parroquial<\/td>\n                    <td style=\"\"><\/td>\n                    <td style=\"\"><\/td>\n                    <td style=\"\"><a href='<a href=\"https:\/\/diocesisdeaguascalientes.mx\/vicaria-de-pastoral\/wp-content\/uploads\/sites\/2\/forminator\/10414_47c7fef6f8c6f15ac1daaf1663bdf562\/uploads\/kstG9wW0pfW0-10.-ORG.-ECLE.-LAICALES-ADORACION-NOCTURNA.pdf\" target=\"_blank\">kstG9wW0pfW0-10.-ORG.-ECLE.-LAICALES-ADORACION-NOCTURNA.pdf<\/a>' rel='' target='_blank'><a href=\"https:\/\/diocesisdeaguascalientes.mx\/vicaria-de-pastoral\/wp-content\/uploads\/sites\/2\/forminator\/10414_47c7fef6f8c6f15ac1daaf1663bdf562\/uploads\/kstG9wW0pfW0-10.-ORG.-ECLE.-LAICALES-ADORACION-NOCTURNA.pdf\" target=\"_blank\">kstG9wW0pfW0-10.-ORG.-ECLE.-LAICALES-ADORACION-NOCTURNA.pdf<\/a><\/a><\/td>\n                    <td style=\"\">18\/09\/2025 01:18 PM<\/td>\n            <\/tr>\n            <tr id=\"table_2_row_156\">\n                    <td style=\"\">Programaci\u00f3n Parroquial<\/td>\n                    <td style=\"\"><\/td>\n                    <td style=\"\"><\/td>\n                    <td style=\"\"><a href='<a href=\"https:\/\/diocesisdeaguascalientes.mx\/vicaria-de-pastoral\/wp-content\/uploads\/sites\/2\/forminator\/10414_47c7fef6f8c6f15ac1daaf1663bdf562\/uploads\/08ELBtWXxXhM-11.-ORG.-ECLE.-LAICALES-AMIGOS-DE-JESIS.pdf\" target=\"_blank\">08ELBtWXxXhM-11.-ORG.-ECLE.-LAICALES-AMIGOS-DE-JESIS.pdf<\/a>' rel='' target='_blank'><a href=\"https:\/\/diocesisdeaguascalientes.mx\/vicaria-de-pastoral\/wp-content\/uploads\/sites\/2\/forminator\/10414_47c7fef6f8c6f15ac1daaf1663bdf562\/uploads\/08ELBtWXxXhM-11.-ORG.-ECLE.-LAICALES-AMIGOS-DE-JESIS.pdf\" target=\"_blank\">08ELBtWXxXhM-11.-ORG.-ECLE.-LAICALES-AMIGOS-DE-JESIS.pdf<\/a><\/a><\/td>\n                    <td style=\"\">18\/09\/2025 01:16 PM<\/td>\n            <\/tr>\n            <tr id=\"table_2_row_157\">\n                    <td style=\"\">Programaci\u00f3n Parroquial<\/td>\n                    <td style=\"\"><\/td>\n                    <td style=\"\"><\/td>\n                    <td style=\"\"><a href='<a href=\"https:\/\/diocesisdeaguascalientes.mx\/vicaria-de-pastoral\/wp-content\/uploads\/sites\/2\/forminator\/10414_47c7fef6f8c6f15ac1daaf1663bdf562\/uploads\/yT3qUlfauj83-13.-ORG.-ECLE.-LAICALES-ORDEN-SEGLAR-CARMELITA.pdf\" target=\"_blank\">yT3qUlfauj83-13.-ORG.-ECLE.-LAICALES-ORDEN-SEGLAR-CARMELITA.pdf<\/a>' rel='' target='_blank'><a href=\"https:\/\/diocesisdeaguascalientes.mx\/vicaria-de-pastoral\/wp-content\/uploads\/sites\/2\/forminator\/10414_47c7fef6f8c6f15ac1daaf1663bdf562\/uploads\/yT3qUlfauj83-13.-ORG.-ECLE.-LAICALES-ORDEN-SEGLAR-CARMELITA.pdf\" target=\"_blank\">yT3qUlfauj83-13.-ORG.-ECLE.-LAICALES-ORDEN-SEGLAR-CARMELITA.pdf<\/a><\/a><\/td>\n                    <td style=\"\">18\/09\/2025 01:14 PM<\/td>\n            <\/tr>\n            <tr id=\"table_2_row_158\">\n                    <td style=\"\">Programaci\u00f3n Parroquial<\/td>\n                    <td style=\"\"><\/td>\n                    <td style=\"\"><\/td>\n                    <td style=\"\"><a href='<a href=\"https:\/\/diocesisdeaguascalientes.mx\/vicaria-de-pastoral\/wp-content\/uploads\/sites\/2\/forminator\/10414_47c7fef6f8c6f15ac1daaf1663bdf562\/uploads\/zSoZ4c4Wdmxg-16.-ORG.-ECLE.-LAICALES-TALLERES-DE-ORACION-Y-VIDA.pdf\" target=\"_blank\">zSoZ4c4Wdmxg-16.-ORG.-ECLE.-LAICALES-TALLERES-DE-ORACION-Y-VIDA.pdf<\/a>' rel='' target='_blank'><a href=\"https:\/\/diocesisdeaguascalientes.mx\/vicaria-de-pastoral\/wp-content\/uploads\/sites\/2\/forminator\/10414_47c7fef6f8c6f15ac1daaf1663bdf562\/uploads\/zSoZ4c4Wdmxg-16.-ORG.-ECLE.-LAICALES-TALLERES-DE-ORACION-Y-VIDA.pdf\" target=\"_blank\">zSoZ4c4Wdmxg-16.-ORG.-ECLE.-LAICALES-TALLERES-DE-ORACION-Y-VIDA.pdf<\/a><\/a><\/td>\n                    <td style=\"\">18\/09\/2025 01:13 PM<\/td>\n            <\/tr>\n            <tr id=\"table_2_row_159\">\n                    <td style=\"\">Programaci\u00f3n Parroquial<\/td>\n                    <td style=\"\"><\/td>\n                    <td style=\"\"><\/td>\n                    <td style=\"\"><a href='<a href=\"https:\/\/diocesisdeaguascalientes.mx\/vicaria-de-pastoral\/wp-content\/uploads\/sites\/2\/forminator\/10414_47c7fef6f8c6f15ac1daaf1663bdf562\/uploads\/4yVRD1lRGApm-9.-ORG.-ECLE.-LAICALES-ARMADA-BLANCA.pdf\" target=\"_blank\">4yVRD1lRGApm-9.-ORG.-ECLE.-LAICALES-ARMADA-BLANCA.pdf<\/a>' rel='' target='_blank'><a href=\"https:\/\/diocesisdeaguascalientes.mx\/vicaria-de-pastoral\/wp-content\/uploads\/sites\/2\/forminator\/10414_47c7fef6f8c6f15ac1daaf1663bdf562\/uploads\/4yVRD1lRGApm-9.-ORG.-ECLE.-LAICALES-ARMADA-BLANCA.pdf\" target=\"_blank\">4yVRD1lRGApm-9.-ORG.-ECLE.-LAICALES-ARMADA-BLANCA.pdf<\/a><\/a><\/td>\n                    <td style=\"\">18\/09\/2025 01:12 PM<\/td>\n            <\/tr>\n            <tr id=\"table_2_row_160\">\n                    <td style=\"\">Programaci\u00f3n Parroquial<\/td>\n                    <td style=\"\"><\/td>\n                    <td style=\"\"><\/td>\n                    <td style=\"\"><a href='<a href=\"https:\/\/diocesisdeaguascalientes.mx\/vicaria-de-pastoral\/wp-content\/uploads\/sites\/2\/forminator\/10414_47c7fef6f8c6f15ac1daaf1663bdf562\/uploads\/48cwLJ9FXjn8-8.-ORG.-ECLE.-LAICALES-MOVIMIENTO-MISONERO-CATOLICO.pdf\" target=\"_blank\">48cwLJ9FXjn8-8.-ORG.-ECLE.-LAICALES-MOVIMIENTO-MISONERO-CATOLICO.pdf<\/a>' rel='' target='_blank'><a href=\"https:\/\/diocesisdeaguascalientes.mx\/vicaria-de-pastoral\/wp-content\/uploads\/sites\/2\/forminator\/10414_47c7fef6f8c6f15ac1daaf1663bdf562\/uploads\/48cwLJ9FXjn8-8.-ORG.-ECLE.-LAICALES-MOVIMIENTO-MISONERO-CATOLICO.pdf\" target=\"_blank\">48cwLJ9FXjn8-8.-ORG.-ECLE.-LAICALES-MOVIMIENTO-MISONERO-CATOLICO.pdf<\/a><\/a><\/td>\n                    <td style=\"\">18\/09\/2025 01:08 PM<\/td>\n            <\/tr>\n            <tr id=\"table_2_row_161\">\n                    <td style=\"\">Programaci\u00f3n Parroquial<\/td>\n                    <td style=\"\"><\/td>\n                    <td style=\"\"><\/td>\n                    <td style=\"\"><a href='<a href=\"https:\/\/diocesisdeaguascalientes.mx\/vicaria-de-pastoral\/wp-content\/uploads\/sites\/2\/forminator\/10414_47c7fef6f8c6f15ac1daaf1663bdf562\/uploads\/6QYAf8cpddGv-6.-PASTORAL-JUVENIL.pdf\" target=\"_blank\">6QYAf8cpddGv-6.-PASTORAL-JUVENIL.pdf<\/a>' rel='' target='_blank'><a href=\"https:\/\/diocesisdeaguascalientes.mx\/vicaria-de-pastoral\/wp-content\/uploads\/sites\/2\/forminator\/10414_47c7fef6f8c6f15ac1daaf1663bdf562\/uploads\/6QYAf8cpddGv-6.-PASTORAL-JUVENIL.pdf\" target=\"_blank\">6QYAf8cpddGv-6.-PASTORAL-JUVENIL.pdf<\/a><\/a><\/td>\n                    <td style=\"\">18\/09\/2025 12:49 PM<\/td>\n            <\/tr>\n            <tr id=\"table_2_row_162\">\n                    <td style=\"\">Programaci\u00f3n Parroquial<\/td>\n                    <td style=\"\"><\/td>\n                    <td style=\"\"><\/td>\n                    <td style=\"\"><a href='<a href=\"https:\/\/diocesisdeaguascalientes.mx\/vicaria-de-pastoral\/wp-content\/uploads\/sites\/2\/forminator\/10414_47c7fef6f8c6f15ac1daaf1663bdf562\/uploads\/M08Fl8SXly0q-7.-PASTORAL-DE-ADOLESCENTES.pdf\" target=\"_blank\">M08Fl8SXly0q-7.-PASTORAL-DE-ADOLESCENTES.pdf<\/a>' rel='' target='_blank'><a href=\"https:\/\/diocesisdeaguascalientes.mx\/vicaria-de-pastoral\/wp-content\/uploads\/sites\/2\/forminator\/10414_47c7fef6f8c6f15ac1daaf1663bdf562\/uploads\/M08Fl8SXly0q-7.-PASTORAL-DE-ADOLESCENTES.pdf\" target=\"_blank\">M08Fl8SXly0q-7.-PASTORAL-DE-ADOLESCENTES.pdf<\/a><\/a><\/td>\n                    <td style=\"\">18\/09\/2025 12:49 PM<\/td>\n            <\/tr>\n            <tr id=\"table_2_row_163\">\n                    <td style=\"\">Programaci\u00f3n Parroquial<\/td>\n                    <td style=\"\"><\/td>\n                    <td style=\"\"><\/td>\n                    <td style=\"\"><a href='<a href=\"https:\/\/diocesisdeaguascalientes.mx\/vicaria-de-pastoral\/wp-content\/uploads\/sites\/2\/forminator\/10414_47c7fef6f8c6f15ac1daaf1663bdf562\/uploads\/FPpz9XbtVWnp-5.-PASTORAL-FAMILIAR.pdf\" target=\"_blank\">FPpz9XbtVWnp-5.-PASTORAL-FAMILIAR.pdf<\/a>' rel='' target='_blank'><a href=\"https:\/\/diocesisdeaguascalientes.mx\/vicaria-de-pastoral\/wp-content\/uploads\/sites\/2\/forminator\/10414_47c7fef6f8c6f15ac1daaf1663bdf562\/uploads\/FPpz9XbtVWnp-5.-PASTORAL-FAMILIAR.pdf\" target=\"_blank\">FPpz9XbtVWnp-5.-PASTORAL-FAMILIAR.pdf<\/a><\/a><\/td>\n                    <td style=\"\">18\/09\/2025 12:48 PM<\/td>\n            <\/tr>\n            <tr id=\"table_2_row_164\">\n                    <td style=\"\">Programaci\u00f3n Parroquial<\/td>\n                    <td style=\"\"><\/td>\n                    <td style=\"\"><\/td>\n                    <td style=\"\"><a href='<a href=\"https:\/\/diocesisdeaguascalientes.mx\/vicaria-de-pastoral\/wp-content\/uploads\/sites\/2\/forminator\/10414_47c7fef6f8c6f15ac1daaf1663bdf562\/uploads\/X4uPjbMfSqOg-4.-PASTORAL-SOCIAL.pdf\" target=\"_blank\">X4uPjbMfSqOg-4.-PASTORAL-SOCIAL.pdf<\/a>' rel='' target='_blank'><a href=\"https:\/\/diocesisdeaguascalientes.mx\/vicaria-de-pastoral\/wp-content\/uploads\/sites\/2\/forminator\/10414_47c7fef6f8c6f15ac1daaf1663bdf562\/uploads\/X4uPjbMfSqOg-4.-PASTORAL-SOCIAL.pdf\" target=\"_blank\">X4uPjbMfSqOg-4.-PASTORAL-SOCIAL.pdf<\/a><\/a><\/td>\n                    <td style=\"\">18\/09\/2025 12:47 PM<\/td>\n            <\/tr>\n            <tr id=\"table_2_row_165\">\n                    <td style=\"\">Programaci\u00f3n Parroquial<\/td>\n                    <td style=\"\"><\/td>\n                    <td style=\"\"><\/td>\n                    <td style=\"\"><a href='<a href=\"https:\/\/diocesisdeaguascalientes.mx\/vicaria-de-pastoral\/wp-content\/uploads\/sites\/2\/forminator\/10414_47c7fef6f8c6f15ac1daaf1663bdf562\/uploads\/1aQ8FCig4uJ8-3.-PASTORAL-LITURGICA.pdf\" target=\"_blank\">1aQ8FCig4uJ8-3.-PASTORAL-LITURGICA.pdf<\/a>' rel='' target='_blank'><a href=\"https:\/\/diocesisdeaguascalientes.mx\/vicaria-de-pastoral\/wp-content\/uploads\/sites\/2\/forminator\/10414_47c7fef6f8c6f15ac1daaf1663bdf562\/uploads\/1aQ8FCig4uJ8-3.-PASTORAL-LITURGICA.pdf\" target=\"_blank\">1aQ8FCig4uJ8-3.-PASTORAL-LITURGICA.pdf<\/a><\/a><\/td>\n                    <td style=\"\">18\/09\/2025 12:45 PM<\/td>\n            <\/tr>\n            <tr id=\"table_2_row_166\">\n                    <td style=\"\">Programaci\u00f3n Parroquial<\/td>\n                    <td style=\"\"><\/td>\n                    <td style=\"\"><\/td>\n                    <td style=\"\"><a href='<a href=\"https:\/\/diocesisdeaguascalientes.mx\/vicaria-de-pastoral\/wp-content\/uploads\/sites\/2\/forminator\/10414_47c7fef6f8c6f15ac1daaf1663bdf562\/uploads\/XDJGvACJy9Zq-2.-PASTORAL-PROFETICA.pdf\" target=\"_blank\">XDJGvACJy9Zq-2.-PASTORAL-PROFETICA.pdf<\/a>' rel='' target='_blank'><a href=\"https:\/\/diocesisdeaguascalientes.mx\/vicaria-de-pastoral\/wp-content\/uploads\/sites\/2\/forminator\/10414_47c7fef6f8c6f15ac1daaf1663bdf562\/uploads\/XDJGvACJy9Zq-2.-PASTORAL-PROFETICA.pdf\" target=\"_blank\">XDJGvACJy9Zq-2.-PASTORAL-PROFETICA.pdf<\/a><\/a><\/td>\n                    <td style=\"\">18\/09\/2025 12:45 PM<\/td>\n            <\/tr>\n            <tr id=\"table_2_row_167\">\n                    <td style=\"\">Programaci\u00f3n Parroquial<\/td>\n                    <td style=\"\"><\/td>\n                    <td style=\"\"><\/td>\n                    <td style=\"\"><a href='<a href=\"https:\/\/diocesisdeaguascalientes.mx\/vicaria-de-pastoral\/wp-content\/uploads\/sites\/2\/forminator\/10414_47c7fef6f8c6f15ac1daaf1663bdf562\/uploads\/jeRMcYhJEZRe-1.-ANIMACION-PARROQUIAL.pdf\" target=\"_blank\">jeRMcYhJEZRe-1.-ANIMACION-PARROQUIAL.pdf<\/a>' rel='' target='_blank'><a href=\"https:\/\/diocesisdeaguascalientes.mx\/vicaria-de-pastoral\/wp-content\/uploads\/sites\/2\/forminator\/10414_47c7fef6f8c6f15ac1daaf1663bdf562\/uploads\/jeRMcYhJEZRe-1.-ANIMACION-PARROQUIAL.pdf\" target=\"_blank\">jeRMcYhJEZRe-1.-ANIMACION-PARROQUIAL.pdf<\/a><\/a><\/td>\n                    <td style=\"\">18\/09\/2025 12:35 PM<\/td>\n            <\/tr>\n            <tr id=\"table_2_row_168\">\n                    <td style=\"\">Programaci\u00f3n Parroquial<\/td>\n                    <td style=\"\"><\/td>\n                    <td style=\"\"><\/td>\n                    <td style=\"\"><a href='<a href=\"https:\/\/diocesisdeaguascalientes.mx\/vicaria-de-pastoral\/wp-content\/uploads\/sites\/2\/forminator\/10414_47c7fef6f8c6f15ac1daaf1663bdf562\/uploads\/bnqILgxVxFke-Organismos-Eclesiales-GDSCP.pdf\" target=\"_blank\">bnqILgxVxFke-Organismos-Eclesiales-GDSCP.pdf<\/a>' rel='' target='_blank'><a href=\"https:\/\/diocesisdeaguascalientes.mx\/vicaria-de-pastoral\/wp-content\/uploads\/sites\/2\/forminator\/10414_47c7fef6f8c6f15ac1daaf1663bdf562\/uploads\/bnqILgxVxFke-Organismos-Eclesiales-GDSCP.pdf\" target=\"_blank\">bnqILgxVxFke-Organismos-Eclesiales-GDSCP.pdf<\/a><\/a><\/td>\n                    <td style=\"\">18\/09\/2025 11:24 AM<\/td>\n            <\/tr>\n            <tr id=\"table_2_row_169\">\n                    <td style=\"\">Programaci\u00f3n Parroquial<\/td>\n                    <td style=\"\"><\/td>\n                    <td style=\"\"><\/td>\n                    <td style=\"\"><a href='<a href=\"https:\/\/diocesisdeaguascalientes.mx\/vicaria-de-pastoral\/wp-content\/uploads\/sites\/2\/forminator\/10414_47c7fef6f8c6f15ac1daaf1663bdf562\/uploads\/ZQyrxvkVNSCI-Pastoral-de-la-Comunicacion-Parroquial.pdf\" target=\"_blank\">ZQyrxvkVNSCI-Pastoral-de-la-Comunicacion-Parroquial.pdf<\/a>' rel='' target='_blank'><a href=\"https:\/\/diocesisdeaguascalientes.mx\/vicaria-de-pastoral\/wp-content\/uploads\/sites\/2\/forminator\/10414_47c7fef6f8c6f15ac1daaf1663bdf562\/uploads\/ZQyrxvkVNSCI-Pastoral-de-la-Comunicacion-Parroquial.pdf\" target=\"_blank\">ZQyrxvkVNSCI-Pastoral-de-la-Comunicacion-Parroquial.pdf<\/a><\/a><\/td>\n                    <td style=\"\">18\/09\/2025 11:21 AM<\/td>\n            <\/tr>\n            <tr id=\"table_2_row_170\">\n                    <td style=\"\">Programaci\u00f3n Parroquial<\/td>\n                    <td style=\"\"><\/td>\n                    <td style=\"\"><\/td>\n                    <td style=\"\"><a href='<a href=\"https:\/\/diocesisdeaguascalientes.mx\/vicaria-de-pastoral\/wp-content\/uploads\/sites\/2\/forminator\/10414_47c7fef6f8c6f15ac1daaf1663bdf562\/uploads\/dQ0Vj48BsYwc-Pastoral-Juvenil-Parroquial.pdf\" target=\"_blank\">dQ0Vj48BsYwc-Pastoral-Juvenil-Parroquial.pdf<\/a>' rel='' target='_blank'><a href=\"https:\/\/diocesisdeaguascalientes.mx\/vicaria-de-pastoral\/wp-content\/uploads\/sites\/2\/forminator\/10414_47c7fef6f8c6f15ac1daaf1663bdf562\/uploads\/dQ0Vj48BsYwc-Pastoral-Juvenil-Parroquial.pdf\" target=\"_blank\">dQ0Vj48BsYwc-Pastoral-Juvenil-Parroquial.pdf<\/a><\/a><\/td>\n                    <td style=\"\">18\/09\/2025 11:19 AM<\/td>\n            <\/tr>\n            <tr id=\"table_2_row_171\">\n                    <td style=\"\">Programaci\u00f3n Parroquial<\/td>\n                    <td style=\"\"><\/td>\n                    <td style=\"\"><\/td>\n                    <td style=\"\"><a href='<a href=\"https:\/\/diocesisdeaguascalientes.mx\/vicaria-de-pastoral\/wp-content\/uploads\/sites\/2\/forminator\/10414_47c7fef6f8c6f15ac1daaf1663bdf562\/uploads\/y5fAHXacLukb-Pastoral-de-Adolescentes-Parroquial.pdf\" target=\"_blank\">y5fAHXacLukb-Pastoral-de-Adolescentes-Parroquial.pdf<\/a>' rel='' target='_blank'><a href=\"https:\/\/diocesisdeaguascalientes.mx\/vicaria-de-pastoral\/wp-content\/uploads\/sites\/2\/forminator\/10414_47c7fef6f8c6f15ac1daaf1663bdf562\/uploads\/y5fAHXacLukb-Pastoral-de-Adolescentes-Parroquial.pdf\" target=\"_blank\">y5fAHXacLukb-Pastoral-de-Adolescentes-Parroquial.pdf<\/a><\/a><\/td>\n                    <td style=\"\">18\/09\/2025 11:16 AM<\/td>\n            <\/tr>\n            <tr id=\"table_2_row_172\">\n                    <td style=\"\">Programaci\u00f3n Parroquial<\/td>\n                    <td style=\"\"><\/td>\n                    <td style=\"\"><\/td>\n                    <td style=\"\"><a href='<a href=\"https:\/\/diocesisdeaguascalientes.mx\/vicaria-de-pastoral\/wp-content\/uploads\/sites\/2\/forminator\/10414_47c7fef6f8c6f15ac1daaf1663bdf562\/uploads\/IYAbSyLaU2i3-Pastoral-Familiar-Parroquial.pdf\" target=\"_blank\">IYAbSyLaU2i3-Pastoral-Familiar-Parroquial.pdf<\/a>' rel='' target='_blank'><a href=\"https:\/\/diocesisdeaguascalientes.mx\/vicaria-de-pastoral\/wp-content\/uploads\/sites\/2\/forminator\/10414_47c7fef6f8c6f15ac1daaf1663bdf562\/uploads\/IYAbSyLaU2i3-Pastoral-Familiar-Parroquial.pdf\" target=\"_blank\">IYAbSyLaU2i3-Pastoral-Familiar-Parroquial.pdf<\/a><\/a><\/td>\n                    <td style=\"\">18\/09\/2025 11:02 AM<\/td>\n            <\/tr>\n            <tr id=\"table_2_row_173\">\n                    <td style=\"\">Programaci\u00f3n Parroquial<\/td>\n                    <td style=\"\"><\/td>\n                    <td style=\"\"><\/td>\n                    <td style=\"\"><a href='<a href=\"https:\/\/diocesisdeaguascalientes.mx\/vicaria-de-pastoral\/wp-content\/uploads\/sites\/2\/forminator\/10414_47c7fef6f8c6f15ac1daaf1663bdf562\/uploads\/Jo2fxN1icIbh-Pastoral-Social-Parroquial.pdf\" target=\"_blank\">Jo2fxN1icIbh-Pastoral-Social-Parroquial.pdf<\/a>' rel='' target='_blank'><a href=\"https:\/\/diocesisdeaguascalientes.mx\/vicaria-de-pastoral\/wp-content\/uploads\/sites\/2\/forminator\/10414_47c7fef6f8c6f15ac1daaf1663bdf562\/uploads\/Jo2fxN1icIbh-Pastoral-Social-Parroquial.pdf\" target=\"_blank\">Jo2fxN1icIbh-Pastoral-Social-Parroquial.pdf<\/a><\/a><\/td>\n                    <td style=\"\">18\/09\/2025 10:58 AM<\/td>\n            <\/tr>\n            <tr id=\"table_2_row_174\">\n                    <td style=\"\">Programaci\u00f3n Parroquial<\/td>\n                    <td style=\"\"><\/td>\n                    <td style=\"\"><\/td>\n                    <td style=\"\"><a href='<a href=\"https:\/\/diocesisdeaguascalientes.mx\/vicaria-de-pastoral\/wp-content\/uploads\/sites\/2\/forminator\/10414_47c7fef6f8c6f15ac1daaf1663bdf562\/uploads\/MnUGtFIimMR2-Pastoral-Liturgica-Parroquial.pdf\" target=\"_blank\">MnUGtFIimMR2-Pastoral-Liturgica-Parroquial.pdf<\/a>' rel='' target='_blank'><a href=\"https:\/\/diocesisdeaguascalientes.mx\/vicaria-de-pastoral\/wp-content\/uploads\/sites\/2\/forminator\/10414_47c7fef6f8c6f15ac1daaf1663bdf562\/uploads\/MnUGtFIimMR2-Pastoral-Liturgica-Parroquial.pdf\" target=\"_blank\">MnUGtFIimMR2-Pastoral-Liturgica-Parroquial.pdf<\/a><\/a><\/td>\n                    <td style=\"\">18\/09\/2025 10:52 AM<\/td>\n            <\/tr>\n            <tr id=\"table_2_row_175\">\n                    <td style=\"\">Programaci\u00f3n Parroquial<\/td>\n                    <td style=\"\"><\/td>\n                    <td style=\"\"><\/td>\n                    <td style=\"\"><a href='<a href=\"https:\/\/diocesisdeaguascalientes.mx\/vicaria-de-pastoral\/wp-content\/uploads\/sites\/2\/forminator\/10414_47c7fef6f8c6f15ac1daaf1663bdf562\/uploads\/zjowA10ZaIii-Pastoral-Profetica-Parroquial.pdf\" target=\"_blank\">zjowA10ZaIii-Pastoral-Profetica-Parroquial.pdf<\/a>' rel='' target='_blank'><a href=\"https:\/\/diocesisdeaguascalientes.mx\/vicaria-de-pastoral\/wp-content\/uploads\/sites\/2\/forminator\/10414_47c7fef6f8c6f15ac1daaf1663bdf562\/uploads\/zjowA10ZaIii-Pastoral-Profetica-Parroquial.pdf\" target=\"_blank\">zjowA10ZaIii-Pastoral-Profetica-Parroquial.pdf<\/a><\/a><\/td>\n                    <td style=\"\">18\/09\/2025 10:45 AM<\/td>\n            <\/tr>\n            <tr id=\"table_2_row_176\">\n                    <td style=\"\">Programaci\u00f3n Parroquial<\/td>\n                    <td style=\"\"><\/td>\n                    <td style=\"\"><\/td>\n                    <td style=\"\"><a href='<a href=\"https:\/\/diocesisdeaguascalientes.mx\/vicaria-de-pastoral\/wp-content\/uploads\/sites\/2\/forminator\/10414_47c7fef6f8c6f15ac1daaf1663bdf562\/uploads\/RnZk4x1V9YaK-Animacion-Pastoral-Parroquial.pdf\" target=\"_blank\">RnZk4x1V9YaK-Animacion-Pastoral-Parroquial.pdf<\/a>' rel='' target='_blank'><a href=\"https:\/\/diocesisdeaguascalientes.mx\/vicaria-de-pastoral\/wp-content\/uploads\/sites\/2\/forminator\/10414_47c7fef6f8c6f15ac1daaf1663bdf562\/uploads\/RnZk4x1V9YaK-Animacion-Pastoral-Parroquial.pdf\" target=\"_blank\">RnZk4x1V9YaK-Animacion-Pastoral-Parroquial.pdf<\/a><\/a><\/td>\n                    <td style=\"\">18\/09\/2025 10:39 AM<\/td>\n            <\/tr>\n            <tr id=\"table_2_row_177\">\n                    <td style=\"\">Programaci\u00f3n Parroquial<\/td>\n                    <td style=\"\"><\/td>\n                    <td style=\"\"><\/td>\n                    <td style=\"\"><a href='<a href=\"https:\/\/diocesisdeaguascalientes.mx\/vicaria-de-pastoral\/wp-content\/uploads\/sites\/2\/forminator\/10414_47c7fef6f8c6f15ac1daaf1663bdf562\/uploads\/CMTkXopzK4L2-programacion-Pastoral-Liturgica-25-26pdf.pdf\" target=\"_blank\">CMTkXopzK4L2-programacion-Pastoral-Liturgica-25-26pdf.pdf<\/a>' rel='' target='_blank'><a href=\"https:\/\/diocesisdeaguascalientes.mx\/vicaria-de-pastoral\/wp-content\/uploads\/sites\/2\/forminator\/10414_47c7fef6f8c6f15ac1daaf1663bdf562\/uploads\/CMTkXopzK4L2-programacion-Pastoral-Liturgica-25-26pdf.pdf\" target=\"_blank\">CMTkXopzK4L2-programacion-Pastoral-Liturgica-25-26pdf.pdf<\/a><\/a><\/td>\n                    <td style=\"\">18\/09\/2025 06:44 AM<\/td>\n            <\/tr>\n            <tr id=\"table_2_row_178\">\n                    <td style=\"\">Programaci\u00f3n de Capellan\u00eda<\/td>\n                    <td style=\"\"><\/td>\n                    <td style=\"\"><\/td>\n                    <td style=\"\"><a href='<a href=\"https:\/\/diocesisdeaguascalientes.mx\/vicaria-de-pastoral\/wp-content\/uploads\/sites\/2\/forminator\/10414_47c7fef6f8c6f15ac1daaf1663bdf562\/uploads\/IKHFkstGmFb2-PASTORAL-DE-LA-SALUD.pdf\" target=\"_blank\">IKHFkstGmFb2-PASTORAL-DE-LA-SALUD.pdf<\/a>' rel='' target='_blank'><a href=\"https:\/\/diocesisdeaguascalientes.mx\/vicaria-de-pastoral\/wp-content\/uploads\/sites\/2\/forminator\/10414_47c7fef6f8c6f15ac1daaf1663bdf562\/uploads\/IKHFkstGmFb2-PASTORAL-DE-LA-SALUD.pdf\" target=\"_blank\">IKHFkstGmFb2-PASTORAL-DE-LA-SALUD.pdf<\/a><\/a><\/td>\n                    <td style=\"\">17\/09\/2025 10:19 PM<\/td>\n            <\/tr>\n            <tr id=\"table_2_row_179\">\n                    <td style=\"\">Programaci\u00f3n de Capellan\u00eda<\/td>\n                    <td style=\"\"><\/td>\n                    <td style=\"\"><\/td>\n                    <td style=\"\"><a href='<a href=\"https:\/\/diocesisdeaguascalientes.mx\/vicaria-de-pastoral\/wp-content\/uploads\/sites\/2\/forminator\/10414_47c7fef6f8c6f15ac1daaf1663bdf562\/uploads\/3Mn03xu5nIst-PASTORAL-LITURGICA-JUVENIL.pdf\" target=\"_blank\">3Mn03xu5nIst-PASTORAL-LITURGICA-JUVENIL.pdf<\/a>' rel='' target='_blank'><a href=\"https:\/\/diocesisdeaguascalientes.mx\/vicaria-de-pastoral\/wp-content\/uploads\/sites\/2\/forminator\/10414_47c7fef6f8c6f15ac1daaf1663bdf562\/uploads\/3Mn03xu5nIst-PASTORAL-LITURGICA-JUVENIL.pdf\" target=\"_blank\">3Mn03xu5nIst-PASTORAL-LITURGICA-JUVENIL.pdf<\/a><\/a><\/td>\n                    <td style=\"\">17\/09\/2025 10:18 PM<\/td>\n            <\/tr>\n            <tr id=\"table_2_row_180\">\n                    <td style=\"\">Programaci\u00f3n de Capellan\u00eda<\/td>\n                    <td style=\"\"><\/td>\n                    <td style=\"\"><\/td>\n                    <td style=\"\"><a href='<a href=\"https:\/\/diocesisdeaguascalientes.mx\/vicaria-de-pastoral\/wp-content\/uploads\/sites\/2\/forminator\/10414_47c7fef6f8c6f15ac1daaf1663bdf562\/uploads\/uccbzzLjlDXd-PASTORAL-FAMILIAR.pdf\" target=\"_blank\">uccbzzLjlDXd-PASTORAL-FAMILIAR.pdf<\/a>' rel='' target='_blank'><a href=\"https:\/\/diocesisdeaguascalientes.mx\/vicaria-de-pastoral\/wp-content\/uploads\/sites\/2\/forminator\/10414_47c7fef6f8c6f15ac1daaf1663bdf562\/uploads\/uccbzzLjlDXd-PASTORAL-FAMILIAR.pdf\" target=\"_blank\">uccbzzLjlDXd-PASTORAL-FAMILIAR.pdf<\/a><\/a><\/td>\n                    <td style=\"\">17\/09\/2025 10:16 PM<\/td>\n            <\/tr>\n            <tr id=\"table_2_row_181\">\n                    <td style=\"\">Programaci\u00f3n de Capellan\u00eda<\/td>\n                    <td style=\"\"><\/td>\n                    <td style=\"\"><\/td>\n                    <td style=\"\"><a href='<a href=\"https:\/\/diocesisdeaguascalientes.mx\/vicaria-de-pastoral\/wp-content\/uploads\/sites\/2\/forminator\/10414_47c7fef6f8c6f15ac1daaf1663bdf562\/uploads\/VSt8UPYyMWeI-PASTORAL-LITURGICA.pdf\" target=\"_blank\">VSt8UPYyMWeI-PASTORAL-LITURGICA.pdf<\/a>' rel='' target='_blank'><a href=\"https:\/\/diocesisdeaguascalientes.mx\/vicaria-de-pastoral\/wp-content\/uploads\/sites\/2\/forminator\/10414_47c7fef6f8c6f15ac1daaf1663bdf562\/uploads\/VSt8UPYyMWeI-PASTORAL-LITURGICA.pdf\" target=\"_blank\">VSt8UPYyMWeI-PASTORAL-LITURGICA.pdf<\/a><\/a><\/td>\n                    <td style=\"\">17\/09\/2025 10:15 PM<\/td>\n            <\/tr>\n            <tr id=\"table_2_row_182\">\n                    <td style=\"\">Programaci\u00f3n de Capellan\u00eda<\/td>\n                    <td style=\"\"><\/td>\n                    <td style=\"\"><\/td>\n                    <td style=\"\"><a href='<a href=\"https:\/\/diocesisdeaguascalientes.mx\/vicaria-de-pastoral\/wp-content\/uploads\/sites\/2\/forminator\/10414_47c7fef6f8c6f15ac1daaf1663bdf562\/uploads\/iFFnaPLioRgC-PASTORAL-PROFETICA.pdf\" target=\"_blank\">iFFnaPLioRgC-PASTORAL-PROFETICA.pdf<\/a>' rel='' target='_blank'><a href=\"https:\/\/diocesisdeaguascalientes.mx\/vicaria-de-pastoral\/wp-content\/uploads\/sites\/2\/forminator\/10414_47c7fef6f8c6f15ac1daaf1663bdf562\/uploads\/iFFnaPLioRgC-PASTORAL-PROFETICA.pdf\" target=\"_blank\">iFFnaPLioRgC-PASTORAL-PROFETICA.pdf<\/a><\/a><\/td>\n                    <td style=\"\">17\/09\/2025 10:14 PM<\/td>\n            <\/tr>\n            <tr id=\"table_2_row_183\">\n                    <td style=\"\">Programaci\u00f3n de Capellan\u00eda<\/td>\n                    <td style=\"\"><\/td>\n                    <td style=\"\"><\/td>\n                    <td style=\"\"><a href='<a href=\"https:\/\/diocesisdeaguascalientes.mx\/vicaria-de-pastoral\/wp-content\/uploads\/sites\/2\/forminator\/10414_47c7fef6f8c6f15ac1daaf1663bdf562\/uploads\/w8aQcA0aHcSr-ANIMACION-PASTORAL.pdf\" target=\"_blank\">w8aQcA0aHcSr-ANIMACION-PASTORAL.pdf<\/a>' rel='' target='_blank'><a href=\"https:\/\/diocesisdeaguascalientes.mx\/vicaria-de-pastoral\/wp-content\/uploads\/sites\/2\/forminator\/10414_47c7fef6f8c6f15ac1daaf1663bdf562\/uploads\/w8aQcA0aHcSr-ANIMACION-PASTORAL.pdf\" target=\"_blank\">w8aQcA0aHcSr-ANIMACION-PASTORAL.pdf<\/a><\/a><\/td>\n                    <td style=\"\">17\/09\/2025 10:12 PM<\/td>\n            <\/tr>\n            <tr id=\"table_2_row_184\">\n                    <td style=\"\">Programaci\u00f3n Parroquial<\/td>\n                    <td style=\"\"><\/td>\n                    <td style=\"\"><\/td>\n                    <td style=\"\"><a href='<a href=\"https:\/\/diocesisdeaguascalientes.mx\/vicaria-de-pastoral\/wp-content\/uploads\/sites\/2\/forminator\/10414_47c7fef6f8c6f15ac1daaf1663bdf562\/uploads\/QKD7NotVsEHs-Programacion-Guardia-de-Honor-2025-2026.pdf\" target=\"_blank\">QKD7NotVsEHs-Programacion-Guardia-de-Honor-2025-2026.pdf<\/a>' rel='' target='_blank'><a href=\"https:\/\/diocesisdeaguascalientes.mx\/vicaria-de-pastoral\/wp-content\/uploads\/sites\/2\/forminator\/10414_47c7fef6f8c6f15ac1daaf1663bdf562\/uploads\/QKD7NotVsEHs-Programacion-Guardia-de-Honor-2025-2026.pdf\" target=\"_blank\">QKD7NotVsEHs-Programacion-Guardia-de-Honor-2025-2026.pdf<\/a><\/a><\/td>\n                    <td style=\"\">17\/09\/2025 08:49 PM<\/td>\n            <\/tr>\n            <tr id=\"table_2_row_185\">\n                    <td style=\"\">Programaci\u00f3n Parroquial<\/td>\n                    <td style=\"\"><\/td>\n                    <td style=\"\"><\/td>\n                    <td style=\"\"><a href='<a href=\"https:\/\/diocesisdeaguascalientes.mx\/vicaria-de-pastoral\/wp-content\/uploads\/sites\/2\/forminator\/10414_47c7fef6f8c6f15ac1daaf1663bdf562\/uploads\/Pbjr2Usb3Svp-Prog.-Profetica-25-26.pdf\" target=\"_blank\">Pbjr2Usb3Svp-Prog.-Profetica-25-26.pdf<\/a>' rel='' target='_blank'><a href=\"https:\/\/diocesisdeaguascalientes.mx\/vicaria-de-pastoral\/wp-content\/uploads\/sites\/2\/forminator\/10414_47c7fef6f8c6f15ac1daaf1663bdf562\/uploads\/Pbjr2Usb3Svp-Prog.-Profetica-25-26.pdf\" target=\"_blank\">Pbjr2Usb3Svp-Prog.-Profetica-25-26.pdf<\/a><\/a><\/td>\n                    <td style=\"\">17\/09\/2025 08:42 PM<\/td>\n            <\/tr>\n            <tr id=\"table_2_row_186\">\n                    <td style=\"\">Programaci\u00f3n Parroquial<\/td>\n                    <td style=\"\"><\/td>\n                    <td style=\"\"><\/td>\n                    <td style=\"\"><a href='<a href=\"https:\/\/diocesisdeaguascalientes.mx\/vicaria-de-pastoral\/wp-content\/uploads\/sites\/2\/forminator\/10414_47c7fef6f8c6f15ac1daaf1663bdf562\/uploads\/6jszRT9xptRB-prog.-C.P.P.-25-26.pdf\" target=\"_blank\">6jszRT9xptRB-prog.-C.P.P.-25-26.pdf<\/a>' rel='' target='_blank'><a href=\"https:\/\/diocesisdeaguascalientes.mx\/vicaria-de-pastoral\/wp-content\/uploads\/sites\/2\/forminator\/10414_47c7fef6f8c6f15ac1daaf1663bdf562\/uploads\/6jszRT9xptRB-prog.-C.P.P.-25-26.pdf\" target=\"_blank\">6jszRT9xptRB-prog.-C.P.P.-25-26.pdf<\/a><\/a><\/td>\n                    <td style=\"\">17\/09\/2025 08:39 PM<\/td>\n            <\/tr>\n            <tr id=\"table_2_row_187\">\n                    <td style=\"\">Programaci\u00f3n Parroquial<\/td>\n                    <td style=\"\"><\/td>\n                    <td style=\"\"><\/td>\n                    <td style=\"\"><a href='<a href=\"https:\/\/diocesisdeaguascalientes.mx\/vicaria-de-pastoral\/wp-content\/uploads\/sites\/2\/forminator\/10414_47c7fef6f8c6f15ac1daaf1663bdf562\/uploads\/T1AT5XO4IJbA-pastoral-liturgica-coro.pdf\" target=\"_blank\">T1AT5XO4IJbA-pastoral-liturgica-coro.pdf<\/a>' rel='' target='_blank'><a href=\"https:\/\/diocesisdeaguascalientes.mx\/vicaria-de-pastoral\/wp-content\/uploads\/sites\/2\/forminator\/10414_47c7fef6f8c6f15ac1daaf1663bdf562\/uploads\/T1AT5XO4IJbA-pastoral-liturgica-coro.pdf\" target=\"_blank\">T1AT5XO4IJbA-pastoral-liturgica-coro.pdf<\/a><\/a><\/td>\n                    <td style=\"\">17\/09\/2025 07:52 PM<\/td>\n            <\/tr>\n            <tr id=\"table_2_row_188\">\n                    <td style=\"\">Programaci\u00f3n Parroquial<\/td>\n                    <td style=\"\"><\/td>\n                    <td style=\"\"><\/td>\n                    <td style=\"\"><a href='<a href=\"https:\/\/diocesisdeaguascalientes.mx\/vicaria-de-pastoral\/wp-content\/uploads\/sites\/2\/forminator\/10414_47c7fef6f8c6f15ac1daaf1663bdf562\/uploads\/S2CWOkBzhxkg-PROGRAMACION-FAMILIAR-2025-2026.pdf\" target=\"_blank\">S2CWOkBzhxkg-PROGRAMACION-FAMILIAR-2025-2026.pdf<\/a>' rel='' target='_blank'><a href=\"https:\/\/diocesisdeaguascalientes.mx\/vicaria-de-pastoral\/wp-content\/uploads\/sites\/2\/forminator\/10414_47c7fef6f8c6f15ac1daaf1663bdf562\/uploads\/S2CWOkBzhxkg-PROGRAMACION-FAMILIAR-2025-2026.pdf\" target=\"_blank\">S2CWOkBzhxkg-PROGRAMACION-FAMILIAR-2025-2026.pdf<\/a><\/a><\/td>\n                    <td style=\"\">17\/09\/2025 07:14 PM<\/td>\n            <\/tr>\n            <tr id=\"table_2_row_189\">\n                    <td style=\"\">Programaci\u00f3n Parroquial<\/td>\n                    <td style=\"\"><\/td>\n                    <td style=\"\"><\/td>\n                    <td style=\"\"><a href='<a href=\"https:\/\/diocesisdeaguascalientes.mx\/vicaria-de-pastoral\/wp-content\/uploads\/sites\/2\/forminator\/10414_47c7fef6f8c6f15ac1daaf1663bdf562\/uploads\/CF2LrLRVsxJh-pastoral-urbana.pdf\" target=\"_blank\">CF2LrLRVsxJh-pastoral-urbana.pdf<\/a>' rel='' target='_blank'><a href=\"https:\/\/diocesisdeaguascalientes.mx\/vicaria-de-pastoral\/wp-content\/uploads\/sites\/2\/forminator\/10414_47c7fef6f8c6f15ac1daaf1663bdf562\/uploads\/CF2LrLRVsxJh-pastoral-urbana.pdf\" target=\"_blank\">CF2LrLRVsxJh-pastoral-urbana.pdf<\/a><\/a><\/td>\n                    <td style=\"\">17\/09\/2025 07:12 PM<\/td>\n            <\/tr>\n            <tr id=\"table_2_row_190\">\n                    <td style=\"\">Programaci\u00f3n Parroquial<\/td>\n                    <td style=\"\"><\/td>\n                    <td style=\"\"><\/td>\n                    <td style=\"\"><a href='<a href=\"https:\/\/diocesisdeaguascalientes.mx\/vicaria-de-pastoral\/wp-content\/uploads\/sites\/2\/forminator\/10414_47c7fef6f8c6f15ac1daaf1663bdf562\/uploads\/tzpZz1JLS6Iy-programacion-camino-a-la-superacion-mujer-2025_26.pdf\" target=\"_blank\">tzpZz1JLS6Iy-programacion-camino-a-la-superacion-mujer-2025_26.pdf<\/a>' rel='' target='_blank'><a href=\"https:\/\/diocesisdeaguascalientes.mx\/vicaria-de-pastoral\/wp-content\/uploads\/sites\/2\/forminator\/10414_47c7fef6f8c6f15ac1daaf1663bdf562\/uploads\/tzpZz1JLS6Iy-programacion-camino-a-la-superacion-mujer-2025_26.pdf\" target=\"_blank\">tzpZz1JLS6Iy-programacion-camino-a-la-superacion-mujer-2025_26.pdf<\/a><\/a><\/td>\n                    <td style=\"\">17\/09\/2025 06:50 PM<\/td>\n            <\/tr>\n            <tr id=\"table_2_row_191\">\n                    <td style=\"\">Programaci\u00f3n Parroquial<\/td>\n                    <td style=\"\"><\/td>\n                    <td style=\"\"><\/td>\n                    <td style=\"\"><a href='<a href=\"https:\/\/diocesisdeaguascalientes.mx\/vicaria-de-pastoral\/wp-content\/uploads\/sites\/2\/forminator\/10414_47c7fef6f8c6f15ac1daaf1663bdf562\/uploads\/tcVMLZNASof6-PROGRAMACION-DESCUBRE-TU-CAMINO-JOVEN-2025_26.pdf\" target=\"_blank\">tcVMLZNASof6-PROGRAMACION-DESCUBRE-TU-CAMINO-JOVEN-2025_26.pdf<\/a>' rel='' target='_blank'><a href=\"https:\/\/diocesisdeaguascalientes.mx\/vicaria-de-pastoral\/wp-content\/uploads\/sites\/2\/forminator\/10414_47c7fef6f8c6f15ac1daaf1663bdf562\/uploads\/tcVMLZNASof6-PROGRAMACION-DESCUBRE-TU-CAMINO-JOVEN-2025_26.pdf\" target=\"_blank\">tcVMLZNASof6-PROGRAMACION-DESCUBRE-TU-CAMINO-JOVEN-2025_26.pdf<\/a><\/a><\/td>\n                    <td style=\"\">17\/09\/2025 06:49 PM<\/td>\n            <\/tr>\n            <tr id=\"table_2_row_192\">\n                    <td style=\"\">Programaci\u00f3n Parroquial<\/td>\n                    <td style=\"\"><\/td>\n                    <td style=\"\"><\/td>\n                    <td style=\"\"><a href='<a href=\"https:\/\/diocesisdeaguascalientes.mx\/vicaria-de-pastoral\/wp-content\/uploads\/sites\/2\/forminator\/10414_47c7fef6f8c6f15ac1daaf1663bdf562\/uploads\/NtNMqY8Nxmev-PROGRAMACION-V-P-2025_26.pdf\" target=\"_blank\">NtNMqY8Nxmev-PROGRAMACION-V-P-2025_26.pdf<\/a>' rel='' target='_blank'><a href=\"https:\/\/diocesisdeaguascalientes.mx\/vicaria-de-pastoral\/wp-content\/uploads\/sites\/2\/forminator\/10414_47c7fef6f8c6f15ac1daaf1663bdf562\/uploads\/NtNMqY8Nxmev-PROGRAMACION-V-P-2025_26.pdf\" target=\"_blank\">NtNMqY8Nxmev-PROGRAMACION-V-P-2025_26.pdf<\/a><\/a><\/td>\n                    <td style=\"\">17\/09\/2025 06:48 PM<\/td>\n            <\/tr>\n            <tr id=\"table_2_row_193\">\n                    <td style=\"\">Programaci\u00f3n Decanal<\/td>\n                    <td style=\"\">D09 SUR FORANEO SAN JUSTINO ORONA MADRIGAL<\/td>\n                    <td style=\"\">Pastoral Lit\u00fargica<\/td>\n                    <td style=\"\"><a href='<a href=\"https:\/\/diocesisdeaguascalientes.mx\/vicaria-de-pastoral\/wp-content\/uploads\/sites\/2\/forminator\/10414_47c7fef6f8c6f15ac1daaf1663bdf562\/uploads\/49mQy9UUGwEq-PASTORAL-LITURGICA.pdf\" target=\"_blank\">49mQy9UUGwEq-PASTORAL-LITURGICA.pdf<\/a>' rel='' target='_blank'><a href=\"https:\/\/diocesisdeaguascalientes.mx\/vicaria-de-pastoral\/wp-content\/uploads\/sites\/2\/forminator\/10414_47c7fef6f8c6f15ac1daaf1663bdf562\/uploads\/49mQy9UUGwEq-PASTORAL-LITURGICA.pdf\" target=\"_blank\">49mQy9UUGwEq-PASTORAL-LITURGICA.pdf<\/a><\/a><\/td>\n                    <td style=\"\">17\/09\/2025 06:42 PM<\/td>\n            <\/tr>\n            <tr id=\"table_2_row_194\">\n                    <td style=\"\">Programaci\u00f3n Decanal<\/td>\n                    <td style=\"\">D09 SUR FORANEO SAN JUSTINO ORONA MADRIGAL<\/td>\n                    <td style=\"\">Organismos Eclesiales Laicales (OEL)<\/td>\n                    <td style=\"\"><a href='<a href=\"https:\/\/diocesisdeaguascalientes.mx\/vicaria-de-pastoral\/wp-content\/uploads\/sites\/2\/forminator\/10414_47c7fef6f8c6f15ac1daaf1663bdf562\/uploads\/ihmaHDIx8Mld-OEL.pdf\" target=\"_blank\">ihmaHDIx8Mld-OEL.pdf<\/a>' rel='' target='_blank'><a href=\"https:\/\/diocesisdeaguascalientes.mx\/vicaria-de-pastoral\/wp-content\/uploads\/sites\/2\/forminator\/10414_47c7fef6f8c6f15ac1daaf1663bdf562\/uploads\/ihmaHDIx8Mld-OEL.pdf\" target=\"_blank\">ihmaHDIx8Mld-OEL.pdf<\/a><\/a><\/td>\n                    <td style=\"\">17\/09\/2025 06:40 PM<\/td>\n            <\/tr>\n            <tr id=\"table_2_row_195\">\n                    <td style=\"\">Programaci\u00f3n Decanal<\/td>\n                    <td style=\"\">D09 SUR FORANEO SAN JUSTINO ORONA MADRIGAL<\/td>\n                    <td style=\"\">Pastoral de la Comunicaci\u00f3n<\/td>\n                    <td style=\"\"><a href='<a href=\"https:\/\/diocesisdeaguascalientes.mx\/vicaria-de-pastoral\/wp-content\/uploads\/sites\/2\/forminator\/10414_47c7fef6f8c6f15ac1daaf1663bdf562\/uploads\/tjaHvw7JrH85-PASTORAL-DE-LA-COMUNICACION.pdf\" target=\"_blank\">tjaHvw7JrH85-PASTORAL-DE-LA-COMUNICACION.pdf<\/a>' rel='' target='_blank'><a href=\"https:\/\/diocesisdeaguascalientes.mx\/vicaria-de-pastoral\/wp-content\/uploads\/sites\/2\/forminator\/10414_47c7fef6f8c6f15ac1daaf1663bdf562\/uploads\/tjaHvw7JrH85-PASTORAL-DE-LA-COMUNICACION.pdf\" target=\"_blank\">tjaHvw7JrH85-PASTORAL-DE-LA-COMUNICACION.pdf<\/a><\/a><\/td>\n                    <td style=\"\">17\/09\/2025 06:40 PM<\/td>\n            <\/tr>\n            <tr id=\"table_2_row_196\">\n                    <td style=\"\">Programaci\u00f3n Decanal<\/td>\n                    <td style=\"\">D09 SUR FORANEO SAN JUSTINO ORONA MADRIGAL<\/td>\n                    <td style=\"\">Pastoral Juvenil<\/td>\n                    <td style=\"\"><a href='<a href=\"https:\/\/diocesisdeaguascalientes.mx\/vicaria-de-pastoral\/wp-content\/uploads\/sites\/2\/forminator\/10414_47c7fef6f8c6f15ac1daaf1663bdf562\/uploads\/cDuJum8FUen3-PASTORAL-JUVENIL.pdf\" target=\"_blank\">cDuJum8FUen3-PASTORAL-JUVENIL.pdf<\/a>' rel='' target='_blank'><a href=\"https:\/\/diocesisdeaguascalientes.mx\/vicaria-de-pastoral\/wp-content\/uploads\/sites\/2\/forminator\/10414_47c7fef6f8c6f15ac1daaf1663bdf562\/uploads\/cDuJum8FUen3-PASTORAL-JUVENIL.pdf\" target=\"_blank\">cDuJum8FUen3-PASTORAL-JUVENIL.pdf<\/a><\/a><\/td>\n                    <td style=\"\">17\/09\/2025 06:39 PM<\/td>\n            <\/tr>\n            <tr id=\"table_2_row_197\">\n                    <td style=\"\">Programaci\u00f3n Decanal<\/td>\n                    <td style=\"\">D09 SUR FORANEO SAN JUSTINO ORONA MADRIGAL<\/td>\n                    <td style=\"\">Pastoral de Adolescentes<\/td>\n                    <td style=\"\"><a href='<a href=\"https:\/\/diocesisdeaguascalientes.mx\/vicaria-de-pastoral\/wp-content\/uploads\/sites\/2\/forminator\/10414_47c7fef6f8c6f15ac1daaf1663bdf562\/uploads\/7SSxfDBMmqFT-PASTORAL-DE-ADOLESCENTES.pdf\" target=\"_blank\">7SSxfDBMmqFT-PASTORAL-DE-ADOLESCENTES.pdf<\/a>' rel='' target='_blank'><a href=\"https:\/\/diocesisdeaguascalientes.mx\/vicaria-de-pastoral\/wp-content\/uploads\/sites\/2\/forminator\/10414_47c7fef6f8c6f15ac1daaf1663bdf562\/uploads\/7SSxfDBMmqFT-PASTORAL-DE-ADOLESCENTES.pdf\" target=\"_blank\">7SSxfDBMmqFT-PASTORAL-DE-ADOLESCENTES.pdf<\/a><\/a><\/td>\n                    <td style=\"\">17\/09\/2025 06:38 PM<\/td>\n            <\/tr>\n            <tr id=\"table_2_row_198\">\n                    <td style=\"\">Programaci\u00f3n Decanal<\/td>\n                    <td style=\"\">D09 SUR FORANEO SAN JUSTINO ORONA MADRIGAL<\/td>\n                    <td style=\"\">Pastoral Familiar<\/td>\n                    <td style=\"\"><a href='<a href=\"https:\/\/diocesisdeaguascalientes.mx\/vicaria-de-pastoral\/wp-content\/uploads\/sites\/2\/forminator\/10414_47c7fef6f8c6f15ac1daaf1663bdf562\/uploads\/kEGSTRgqWA9f-PASTORAL-FAMILIAR.pdf\" target=\"_blank\">kEGSTRgqWA9f-PASTORAL-FAMILIAR.pdf<\/a>' rel='' target='_blank'><a href=\"https:\/\/diocesisdeaguascalientes.mx\/vicaria-de-pastoral\/wp-content\/uploads\/sites\/2\/forminator\/10414_47c7fef6f8c6f15ac1daaf1663bdf562\/uploads\/kEGSTRgqWA9f-PASTORAL-FAMILIAR.pdf\" target=\"_blank\">kEGSTRgqWA9f-PASTORAL-FAMILIAR.pdf<\/a><\/a><\/td>\n                    <td style=\"\">17\/09\/2025 06:37 PM<\/td>\n            <\/tr>\n            <tr id=\"table_2_row_199\">\n                    <td style=\"\">Programaci\u00f3n Decanal<\/td>\n                    <td style=\"\">D09 SUR FORANEO SAN JUSTINO ORONA MADRIGAL<\/td>\n                    <td style=\"\">Animaci\u00f3n Pastoral<\/td>\n                    <td style=\"\"><a href='<a href=\"https:\/\/diocesisdeaguascalientes.mx\/vicaria-de-pastoral\/wp-content\/uploads\/sites\/2\/forminator\/10414_47c7fef6f8c6f15ac1daaf1663bdf562\/uploads\/ncDTXsEvZQZw-ANIMACION_PASTORAL_DECANAL.pdf\" target=\"_blank\">ncDTXsEvZQZw-ANIMACION_PASTORAL_DECANAL.pdf<\/a>' rel='' target='_blank'><a href=\"https:\/\/diocesisdeaguascalientes.mx\/vicaria-de-pastoral\/wp-content\/uploads\/sites\/2\/forminator\/10414_47c7fef6f8c6f15ac1daaf1663bdf562\/uploads\/ncDTXsEvZQZw-ANIMACION_PASTORAL_DECANAL.pdf\" target=\"_blank\">ncDTXsEvZQZw-ANIMACION_PASTORAL_DECANAL.pdf<\/a><\/a><\/td>\n                    <td style=\"\">17\/09\/2025 06:36 PM<\/td>\n            <\/tr>\n            <tr id=\"table_2_row_200\">\n                    <td style=\"\">Programaci\u00f3n Decanal<\/td>\n                    <td style=\"\">D09 SUR FORANEO SAN JUSTINO ORONA MADRIGAL<\/td>\n                    <td style=\"\">Pastoral Prof\u00e9tica<\/td>\n                    <td style=\"\"><a href='<a href=\"https:\/\/diocesisdeaguascalientes.mx\/vicaria-de-pastoral\/wp-content\/uploads\/sites\/2\/forminator\/10414_47c7fef6f8c6f15ac1daaf1663bdf562\/uploads\/ZjQ564JM50YA-PASTORAL-PROFETICA.pdf\" target=\"_blank\">ZjQ564JM50YA-PASTORAL-PROFETICA.pdf<\/a>' rel='' target='_blank'><a href=\"https:\/\/diocesisdeaguascalientes.mx\/vicaria-de-pastoral\/wp-content\/uploads\/sites\/2\/forminator\/10414_47c7fef6f8c6f15ac1daaf1663bdf562\/uploads\/ZjQ564JM50YA-PASTORAL-PROFETICA.pdf\" target=\"_blank\">ZjQ564JM50YA-PASTORAL-PROFETICA.pdf<\/a><\/a><\/td>\n                    <td style=\"\">17\/09\/2025 06:36 PM<\/td>\n            <\/tr>\n            <tr id=\"table_2_row_201\">\n                    <td style=\"\">Programaci\u00f3n Decanal<\/td>\n                    <td style=\"\">D09 SUR FORANEO SAN JUSTINO ORONA MADRIGAL<\/td>\n                    <td style=\"\">Pastoral Social<\/td>\n                    <td style=\"\"><a href='<a href=\"https:\/\/diocesisdeaguascalientes.mx\/vicaria-de-pastoral\/wp-content\/uploads\/sites\/2\/forminator\/10414_47c7fef6f8c6f15ac1daaf1663bdf562\/uploads\/3u99kGfaMFll-PASTORAL-SOCIAL-DECANAL-2025-2026.pdf\" target=\"_blank\">3u99kGfaMFll-PASTORAL-SOCIAL-DECANAL-2025-2026.pdf<\/a>' rel='' target='_blank'><a href=\"https:\/\/diocesisdeaguascalientes.mx\/vicaria-de-pastoral\/wp-content\/uploads\/sites\/2\/forminator\/10414_47c7fef6f8c6f15ac1daaf1663bdf562\/uploads\/3u99kGfaMFll-PASTORAL-SOCIAL-DECANAL-2025-2026.pdf\" target=\"_blank\">3u99kGfaMFll-PASTORAL-SOCIAL-DECANAL-2025-2026.pdf<\/a><\/a><\/td>\n                    <td style=\"\">17\/09\/2025 06:35 PM<\/td>\n            <\/tr>\n            <tr id=\"table_2_row_202\">\n                    <td style=\"\">Programaci\u00f3n Parroquial<\/td>\n                    <td style=\"\"><\/td>\n                    <td style=\"\"><\/td>\n                    <td style=\"\"><a href='<a href=\"https:\/\/diocesisdeaguascalientes.mx\/vicaria-de-pastoral\/wp-content\/uploads\/sites\/2\/forminator\/10414_47c7fef6f8c6f15ac1daaf1663bdf562\/uploads\/ykdCjAcsTqo1-Programacion-guardias-2025-2026.pdf\" target=\"_blank\">ykdCjAcsTqo1-Programacion-guardias-2025-2026.pdf<\/a>' rel='' target='_blank'><a href=\"https:\/\/diocesisdeaguascalientes.mx\/vicaria-de-pastoral\/wp-content\/uploads\/sites\/2\/forminator\/10414_47c7fef6f8c6f15ac1daaf1663bdf562\/uploads\/ykdCjAcsTqo1-Programacion-guardias-2025-2026.pdf\" target=\"_blank\">ykdCjAcsTqo1-Programacion-guardias-2025-2026.pdf<\/a><\/a><\/td>\n                    <td style=\"\">17\/09\/2025 06:31 PM<\/td>\n            <\/tr>\n            <tr id=\"table_2_row_203\">\n                    <td style=\"\">Programaci\u00f3n Parroquial<\/td>\n                    <td style=\"\"><\/td>\n                    <td style=\"\"><\/td>\n                    <td style=\"\"><a href='<a href=\"https:\/\/diocesisdeaguascalientes.mx\/vicaria-de-pastoral\/wp-content\/uploads\/sites\/2\/forminator\/10414_47c7fef6f8c6f15ac1daaf1663bdf562\/uploads\/V3Plm2eQy96d-PROGRAMA-DE-PASTORAL-SOCIAL-2025-20261.pdf\" target=\"_blank\">V3Plm2eQy96d-PROGRAMA-DE-PASTORAL-SOCIAL-2025-20261.pdf<\/a>' rel='' target='_blank'><a href=\"https:\/\/diocesisdeaguascalientes.mx\/vicaria-de-pastoral\/wp-content\/uploads\/sites\/2\/forminator\/10414_47c7fef6f8c6f15ac1daaf1663bdf562\/uploads\/V3Plm2eQy96d-PROGRAMA-DE-PASTORAL-SOCIAL-2025-20261.pdf\" target=\"_blank\">V3Plm2eQy96d-PROGRAMA-DE-PASTORAL-SOCIAL-2025-20261.pdf<\/a><\/a><\/td>\n                    <td style=\"\">17\/09\/2025 06:29 PM<\/td>\n            <\/tr>\n            <tr id=\"table_2_row_204\">\n                    <td style=\"\">Programaci\u00f3n Parroquial<\/td>\n                    <td style=\"\"><\/td>\n                    <td style=\"\"><\/td>\n                    <td style=\"\"><a href='<a href=\"https:\/\/diocesisdeaguascalientes.mx\/vicaria-de-pastoral\/wp-content\/uploads\/sites\/2\/forminator\/10414_47c7fef6f8c6f15ac1daaf1663bdf562\/uploads\/C3uhNZ9HmOvK-2da-PROGRAMACION-ANO-DEL-ENCUENTRO-CON-CRISTO.pdf\" target=\"_blank\">C3uhNZ9HmOvK-2da-PROGRAMACION-ANO-DEL-ENCUENTRO-CON-CRISTO.pdf<\/a>' rel='' target='_blank'><a href=\"https:\/\/diocesisdeaguascalientes.mx\/vicaria-de-pastoral\/wp-content\/uploads\/sites\/2\/forminator\/10414_47c7fef6f8c6f15ac1daaf1663bdf562\/uploads\/C3uhNZ9HmOvK-2da-PROGRAMACION-ANO-DEL-ENCUENTRO-CON-CRISTO.pdf\" target=\"_blank\">C3uhNZ9HmOvK-2da-PROGRAMACION-ANO-DEL-ENCUENTRO-CON-CRISTO.pdf<\/a><\/a><\/td>\n                    <td style=\"\">17\/09\/2025 06:28 PM<\/td>\n            <\/tr>\n            <tr id=\"table_2_row_205\">\n                    <td style=\"\">Programaci\u00f3n Parroquial<\/td>\n                    <td style=\"\"><\/td>\n                    <td style=\"\"><\/td>\n                    <td style=\"\"><a href='<a href=\"https:\/\/diocesisdeaguascalientes.mx\/vicaria-de-pastoral\/wp-content\/uploads\/sites\/2\/forminator\/10414_47c7fef6f8c6f15ac1daaf1663bdf562\/uploads\/dBNe1MW2iUyN-PROGRAMACION-ANO-DIOCESANO-DEL-ENCUENTRO-CON-CRISTO-2025-2026-MEC.pdf\" target=\"_blank\">dBNe1MW2iUyN-PROGRAMACION-ANO-DIOCESANO-DEL-ENCUENTRO-CON-CRISTO-2025-2026-MEC.pdf<\/a>' rel='' target='_blank'><a href=\"https:\/\/diocesisdeaguascalientes.mx\/vicaria-de-pastoral\/wp-content\/uploads\/sites\/2\/forminator\/10414_47c7fef6f8c6f15ac1daaf1663bdf562\/uploads\/dBNe1MW2iUyN-PROGRAMACION-ANO-DIOCESANO-DEL-ENCUENTRO-CON-CRISTO-2025-2026-MEC.pdf\" target=\"_blank\">dBNe1MW2iUyN-PROGRAMACION-ANO-DIOCESANO-DEL-ENCUENTRO-CON-CRISTO-2025-2026-MEC.pdf<\/a><\/a><\/td>\n                    <td style=\"\">17\/09\/2025 06:23 PM<\/td>\n            <\/tr>\n            <tr id=\"table_2_row_206\">\n                    <td style=\"\">Programaci\u00f3n Parroquial<\/td>\n                    <td style=\"\"><\/td>\n                    <td style=\"\"><\/td>\n                    <td style=\"\"><a href='<a href=\"https:\/\/diocesisdeaguascalientes.mx\/vicaria-de-pastoral\/wp-content\/uploads\/sites\/2\/forminator\/10414_47c7fef6f8c6f15ac1daaf1663bdf562\/uploads\/hMwfX5cayGEd-PROGRAMACION-2025-2026-PASTORAL-PROFETICA-Bautismales.pdf\" target=\"_blank\">hMwfX5cayGEd-PROGRAMACION-2025-2026-PASTORAL-PROFETICA-Bautismales.pdf<\/a>' rel='' target='_blank'><a href=\"https:\/\/diocesisdeaguascalientes.mx\/vicaria-de-pastoral\/wp-content\/uploads\/sites\/2\/forminator\/10414_47c7fef6f8c6f15ac1daaf1663bdf562\/uploads\/hMwfX5cayGEd-PROGRAMACION-2025-2026-PASTORAL-PROFETICA-Bautismales.pdf\" target=\"_blank\">hMwfX5cayGEd-PROGRAMACION-2025-2026-PASTORAL-PROFETICA-Bautismales.pdf<\/a><\/a><\/td>\n                    <td style=\"\">17\/09\/2025 06:18 PM<\/td>\n            <\/tr>\n            <tr id=\"table_2_row_207\">\n                    <td style=\"\">Programaci\u00f3n Parroquial<\/td>\n                    <td style=\"\"><\/td>\n                    <td style=\"\"><\/td>\n                    <td style=\"\"><a href='<a href=\"https:\/\/diocesisdeaguascalientes.mx\/vicaria-de-pastoral\/wp-content\/uploads\/sites\/2\/forminator\/10414_47c7fef6f8c6f15ac1daaf1663bdf562\/uploads\/QhX4FPfJxHlO-PROGRAMACION-LITURGIA-2025-2026.pdf\" target=\"_blank\">QhX4FPfJxHlO-PROGRAMACION-LITURGIA-2025-2026.pdf<\/a>' rel='' target='_blank'><a href=\"https:\/\/diocesisdeaguascalientes.mx\/vicaria-de-pastoral\/wp-content\/uploads\/sites\/2\/forminator\/10414_47c7fef6f8c6f15ac1daaf1663bdf562\/uploads\/QhX4FPfJxHlO-PROGRAMACION-LITURGIA-2025-2026.pdf\" target=\"_blank\">QhX4FPfJxHlO-PROGRAMACION-LITURGIA-2025-2026.pdf<\/a><\/a><\/td>\n                    <td style=\"\">17\/09\/2025 06:13 PM<\/td>\n            <\/tr>\n            <tr id=\"table_2_row_208\">\n                    <td style=\"\">Programaci\u00f3n Parroquial<\/td>\n                    <td style=\"\"><\/td>\n                    <td style=\"\"><\/td>\n                    <td style=\"\"><a href='<a href=\"https:\/\/diocesisdeaguascalientes.mx\/vicaria-de-pastoral\/wp-content\/uploads\/sites\/2\/forminator\/10414_47c7fef6f8c6f15ac1daaf1663bdf562\/uploads\/HrBuxY3dqmlE-CATESISIMO-FORMATO-DE-PROGRAMACION-ANO-DIOCESANO-DEL-ENCUENTRO-CON-CRISTO-2025-2026.pdf\" target=\"_blank\">HrBuxY3dqmlE-CATESISIMO-FORMATO-DE-PROGRAMACION-ANO-DIOCESANO-DEL-ENCUENTRO-CON-CRISTO-2025-2026.pdf<\/a>' rel='' target='_blank'><a href=\"https:\/\/diocesisdeaguascalientes.mx\/vicaria-de-pastoral\/wp-content\/uploads\/sites\/2\/forminator\/10414_47c7fef6f8c6f15ac1daaf1663bdf562\/uploads\/HrBuxY3dqmlE-CATESISIMO-FORMATO-DE-PROGRAMACION-ANO-DIOCESANO-DEL-ENCUENTRO-CON-CRISTO-2025-2026.pdf\" target=\"_blank\">HrBuxY3dqmlE-CATESISIMO-FORMATO-DE-PROGRAMACION-ANO-DIOCESANO-DEL-ENCUENTRO-CON-CRISTO-2025-2026.pdf<\/a><\/a><\/td>\n                    <td style=\"\">17\/09\/2025 06:08 PM<\/td>\n            <\/tr>\n            <tr id=\"table_2_row_209\">\n                    <td style=\"\">Programaci\u00f3n Decanal<\/td>\n                    <td style=\"\">D07 SUROESTE FORANEO SAN JULIO ALVAREZ MENDOZA<\/td>\n                    <td style=\"\">Organismos Eclesiales Laicales (OEL)<\/td>\n                    <td style=\"\"><a href='<a href=\"https:\/\/diocesisdeaguascalientes.mx\/vicaria-de-pastoral\/wp-content\/uploads\/sites\/2\/forminator\/10414_47c7fef6f8c6f15ac1daaf1663bdf562\/uploads\/tCOFStexymMd-Prog_Organismos-Laicales_Decanato.pdf\" target=\"_blank\">tCOFStexymMd-Prog_Organismos-Laicales_Decanato.pdf<\/a>' rel='' target='_blank'><a href=\"https:\/\/diocesisdeaguascalientes.mx\/vicaria-de-pastoral\/wp-content\/uploads\/sites\/2\/forminator\/10414_47c7fef6f8c6f15ac1daaf1663bdf562\/uploads\/tCOFStexymMd-Prog_Organismos-Laicales_Decanato.pdf\" target=\"_blank\">tCOFStexymMd-Prog_Organismos-Laicales_Decanato.pdf<\/a><\/a><\/td>\n                    <td style=\"\">17\/09\/2025 04:55 PM<\/td>\n            <\/tr>\n            <tr id=\"table_2_row_210\">\n                    <td style=\"\">Programaci\u00f3n Decanal<\/td>\n                    <td style=\"\">D07 SUROESTE FORANEO SAN JULIO ALVAREZ MENDOZA<\/td>\n                    <td style=\"\">Pastoral de la Comunicaci\u00f3n<\/td>\n                    <td style=\"\"><a href='<a href=\"https:\/\/diocesisdeaguascalientes.mx\/vicaria-de-pastoral\/wp-content\/uploads\/sites\/2\/forminator\/10414_47c7fef6f8c6f15ac1daaf1663bdf562\/uploads\/mqdr14DDzJCO-Prog_Comunicacion_Decanato.pdf\" target=\"_blank\">mqdr14DDzJCO-Prog_Comunicacion_Decanato.pdf<\/a>' rel='' target='_blank'><a href=\"https:\/\/diocesisdeaguascalientes.mx\/vicaria-de-pastoral\/wp-content\/uploads\/sites\/2\/forminator\/10414_47c7fef6f8c6f15ac1daaf1663bdf562\/uploads\/mqdr14DDzJCO-Prog_Comunicacion_Decanato.pdf\" target=\"_blank\">mqdr14DDzJCO-Prog_Comunicacion_Decanato.pdf<\/a><\/a><\/td>\n                    <td style=\"\">17\/09\/2025 04:55 PM<\/td>\n            <\/tr>\n            <tr id=\"table_2_row_211\">\n                    <td style=\"\">Programaci\u00f3n Decanal<\/td>\n                    <td style=\"\">D07 SUROESTE FORANEO SAN JULIO ALVAREZ MENDOZA<\/td>\n                    <td style=\"\">Pastoral de Adolescentes<\/td>\n                    <td style=\"\"><a href='<a href=\"https:\/\/diocesisdeaguascalientes.mx\/vicaria-de-pastoral\/wp-content\/uploads\/sites\/2\/forminator\/10414_47c7fef6f8c6f15ac1daaf1663bdf562\/uploads\/tcCB5Nvy8pzB-Prog_Adolescentes_Decanato.pdf\" target=\"_blank\">tcCB5Nvy8pzB-Prog_Adolescentes_Decanato.pdf<\/a>' rel='' target='_blank'><a href=\"https:\/\/diocesisdeaguascalientes.mx\/vicaria-de-pastoral\/wp-content\/uploads\/sites\/2\/forminator\/10414_47c7fef6f8c6f15ac1daaf1663bdf562\/uploads\/tcCB5Nvy8pzB-Prog_Adolescentes_Decanato.pdf\" target=\"_blank\">tcCB5Nvy8pzB-Prog_Adolescentes_Decanato.pdf<\/a><\/a><\/td>\n                    <td style=\"\">17\/09\/2025 04:54 PM<\/td>\n            <\/tr>\n            <tr id=\"table_2_row_212\">\n                    <td style=\"\">Programaci\u00f3n Decanal<\/td>\n                    <td style=\"\">D07 SUROESTE FORANEO SAN JULIO ALVAREZ MENDOZA<\/td>\n                    <td style=\"\">Pastoral Familiar<\/td>\n                    <td style=\"\"><a href='<a href=\"https:\/\/diocesisdeaguascalientes.mx\/vicaria-de-pastoral\/wp-content\/uploads\/sites\/2\/forminator\/10414_47c7fef6f8c6f15ac1daaf1663bdf562\/uploads\/zxMZuDo0HhSE-Prog_Familiar_Decanato.pdf\" target=\"_blank\">zxMZuDo0HhSE-Prog_Familiar_Decanato.pdf<\/a>' rel='' target='_blank'><a href=\"https:\/\/diocesisdeaguascalientes.mx\/vicaria-de-pastoral\/wp-content\/uploads\/sites\/2\/forminator\/10414_47c7fef6f8c6f15ac1daaf1663bdf562\/uploads\/zxMZuDo0HhSE-Prog_Familiar_Decanato.pdf\" target=\"_blank\">zxMZuDo0HhSE-Prog_Familiar_Decanato.pdf<\/a><\/a><\/td>\n                    <td style=\"\">17\/09\/2025 04:54 PM<\/td>\n            <\/tr>\n            <tr id=\"table_2_row_213\">\n                    <td style=\"\">Programaci\u00f3n Decanal<\/td>\n                    <td style=\"\">D07 SUROESTE FORANEO SAN JULIO ALVAREZ MENDOZA<\/td>\n                    <td style=\"\">Pastoral Social<\/td>\n                    <td style=\"\"><a href='<a href=\"https:\/\/diocesisdeaguascalientes.mx\/vicaria-de-pastoral\/wp-content\/uploads\/sites\/2\/forminator\/10414_47c7fef6f8c6f15ac1daaf1663bdf562\/uploads\/SOIu8HJ9YMaD-Prog_Social_Decanato.pdf\" target=\"_blank\">SOIu8HJ9YMaD-Prog_Social_Decanato.pdf<\/a>' rel='' target='_blank'><a href=\"https:\/\/diocesisdeaguascalientes.mx\/vicaria-de-pastoral\/wp-content\/uploads\/sites\/2\/forminator\/10414_47c7fef6f8c6f15ac1daaf1663bdf562\/uploads\/SOIu8HJ9YMaD-Prog_Social_Decanato.pdf\" target=\"_blank\">SOIu8HJ9YMaD-Prog_Social_Decanato.pdf<\/a><\/a><\/td>\n                    <td style=\"\">17\/09\/2025 04:54 PM<\/td>\n            <\/tr>\n            <tr id=\"table_2_row_214\">\n                    <td style=\"\">Programaci\u00f3n Decanal<\/td>\n                    <td style=\"\">D07 SUROESTE FORANEO SAN JULIO ALVAREZ MENDOZA<\/td>\n                    <td style=\"\">Pastoral Lit\u00fargica<\/td>\n                    <td style=\"\"><a href='<a href=\"https:\/\/diocesisdeaguascalientes.mx\/vicaria-de-pastoral\/wp-content\/uploads\/sites\/2\/forminator\/10414_47c7fef6f8c6f15ac1daaf1663bdf562\/uploads\/wzYwAWHSfKtn-Prog_Liturgica_Decanato.pdf\" target=\"_blank\">wzYwAWHSfKtn-Prog_Liturgica_Decanato.pdf<\/a>' rel='' target='_blank'><a href=\"https:\/\/diocesisdeaguascalientes.mx\/vicaria-de-pastoral\/wp-content\/uploads\/sites\/2\/forminator\/10414_47c7fef6f8c6f15ac1daaf1663bdf562\/uploads\/wzYwAWHSfKtn-Prog_Liturgica_Decanato.pdf\" target=\"_blank\">wzYwAWHSfKtn-Prog_Liturgica_Decanato.pdf<\/a><\/a><\/td>\n                    <td style=\"\">17\/09\/2025 04:54 PM<\/td>\n            <\/tr>\n            <tr id=\"table_2_row_215\">\n                    <td style=\"\">Programaci\u00f3n Decanal<\/td>\n                    <td style=\"\">D07 SUROESTE FORANEO SAN JULIO ALVAREZ MENDOZA<\/td>\n                    <td style=\"\">Pastoral Prof\u00e9tica<\/td>\n                    <td style=\"\"><a href='<a href=\"https:\/\/diocesisdeaguascalientes.mx\/vicaria-de-pastoral\/wp-content\/uploads\/sites\/2\/forminator\/10414_47c7fef6f8c6f15ac1daaf1663bdf562\/uploads\/yDECj4HjMPju-Prog_Profetica_Decanato.pdf\" target=\"_blank\">yDECj4HjMPju-Prog_Profetica_Decanato.pdf<\/a>' rel='' target='_blank'><a href=\"https:\/\/diocesisdeaguascalientes.mx\/vicaria-de-pastoral\/wp-content\/uploads\/sites\/2\/forminator\/10414_47c7fef6f8c6f15ac1daaf1663bdf562\/uploads\/yDECj4HjMPju-Prog_Profetica_Decanato.pdf\" target=\"_blank\">yDECj4HjMPju-Prog_Profetica_Decanato.pdf<\/a><\/a><\/td>\n                    <td style=\"\">17\/09\/2025 04:53 PM<\/td>\n            <\/tr>\n            <tr id=\"table_2_row_216\">\n                    <td style=\"\">Programaci\u00f3n Decanal<\/td>\n                    <td style=\"\">D07 SUROESTE FORANEO SAN JULIO ALVAREZ MENDOZA<\/td>\n                    <td style=\"\">Animaci\u00f3n Pastoral<\/td>\n                    <td style=\"\"><a href='<a href=\"https:\/\/diocesisdeaguascalientes.mx\/vicaria-de-pastoral\/wp-content\/uploads\/sites\/2\/forminator\/10414_47c7fef6f8c6f15ac1daaf1663bdf562\/uploads\/8djUln4OPWJW-Prog_Animacion-Pastoral_Decanato.pdf\" target=\"_blank\">8djUln4OPWJW-Prog_Animacion-Pastoral_Decanato.pdf<\/a>' rel='' target='_blank'><a href=\"https:\/\/diocesisdeaguascalientes.mx\/vicaria-de-pastoral\/wp-content\/uploads\/sites\/2\/forminator\/10414_47c7fef6f8c6f15ac1daaf1663bdf562\/uploads\/8djUln4OPWJW-Prog_Animacion-Pastoral_Decanato.pdf\" target=\"_blank\">8djUln4OPWJW-Prog_Animacion-Pastoral_Decanato.pdf<\/a><\/a><\/td>\n                    <td style=\"\">17\/09\/2025 04:53 PM<\/td>\n            <\/tr>\n            <tr id=\"table_2_row_217\">\n                    <td style=\"\">Programaci\u00f3n Parroquial<\/td>\n                    <td style=\"\"><\/td>\n                    <td style=\"\"><\/td>\n                    <td style=\"\"><a href='<a href=\"https:\/\/diocesisdeaguascalientes.mx\/vicaria-de-pastoral\/wp-content\/uploads\/sites\/2\/forminator\/10414_47c7fef6f8c6f15ac1daaf1663bdf562\/uploads\/D8k9FkeO7D11-FPP_2025-Pastoral-Parroquial.pdf\" target=\"_blank\">D8k9FkeO7D11-FPP_2025-Pastoral-Parroquial.pdf<\/a>' rel='' target='_blank'><a href=\"https:\/\/diocesisdeaguascalientes.mx\/vicaria-de-pastoral\/wp-content\/uploads\/sites\/2\/forminator\/10414_47c7fef6f8c6f15ac1daaf1663bdf562\/uploads\/D8k9FkeO7D11-FPP_2025-Pastoral-Parroquial.pdf\" target=\"_blank\">D8k9FkeO7D11-FPP_2025-Pastoral-Parroquial.pdf<\/a><\/a><\/td>\n                    <td style=\"\">17\/09\/2025 02:13 PM<\/td>\n            <\/tr>\n            <tr id=\"table_2_row_218\">\n                    <td style=\"\">Programaci\u00f3n Parroquial<\/td>\n                    <td style=\"\"><\/td>\n                    <td style=\"\"><\/td>\n                    <td style=\"\"><a href='<a href=\"https:\/\/diocesisdeaguascalientes.mx\/vicaria-de-pastoral\/wp-content\/uploads\/sites\/2\/forminator\/10414_47c7fef6f8c6f15ac1daaf1663bdf562\/uploads\/sAUd9WeZaBRq-RENOVACION-ORGANISMOS-ECLESIALES-LAICALES-2025-2026.pdf\" target=\"_blank\">sAUd9WeZaBRq-RENOVACION-ORGANISMOS-ECLESIALES-LAICALES-2025-2026.pdf<\/a>' rel='' target='_blank'><a href=\"https:\/\/diocesisdeaguascalientes.mx\/vicaria-de-pastoral\/wp-content\/uploads\/sites\/2\/forminator\/10414_47c7fef6f8c6f15ac1daaf1663bdf562\/uploads\/sAUd9WeZaBRq-RENOVACION-ORGANISMOS-ECLESIALES-LAICALES-2025-2026.pdf\" target=\"_blank\">sAUd9WeZaBRq-RENOVACION-ORGANISMOS-ECLESIALES-LAICALES-2025-2026.pdf<\/a><\/a><\/td>\n                    <td style=\"\">17\/09\/2025 02:00 PM<\/td>\n            <\/tr>\n            <tr id=\"table_2_row_219\">\n                    <td style=\"\">Programaci\u00f3n Parroquial<\/td>\n                    <td style=\"\"><\/td>\n                    <td style=\"\"><\/td>\n                    <td style=\"\"><a href='<a href=\"https:\/\/diocesisdeaguascalientes.mx\/vicaria-de-pastoral\/wp-content\/uploads\/sites\/2\/forminator\/10414_47c7fef6f8c6f15ac1daaf1663bdf562\/uploads\/ohZNPD59khOr-ADORADORES-ORGAMISMOS-ECLESIALES-L-2025-2026.pdf\" target=\"_blank\">ohZNPD59khOr-ADORADORES-ORGAMISMOS-ECLESIALES-L-2025-2026.pdf<\/a>' rel='' target='_blank'><a href=\"https:\/\/diocesisdeaguascalientes.mx\/vicaria-de-pastoral\/wp-content\/uploads\/sites\/2\/forminator\/10414_47c7fef6f8c6f15ac1daaf1663bdf562\/uploads\/ohZNPD59khOr-ADORADORES-ORGAMISMOS-ECLESIALES-L-2025-2026.pdf\" target=\"_blank\">ohZNPD59khOr-ADORADORES-ORGAMISMOS-ECLESIALES-L-2025-2026.pdf<\/a><\/a><\/td>\n                    <td style=\"\">17\/09\/2025 01:55 PM<\/td>\n            <\/tr>\n            <tr id=\"table_2_row_220\">\n                    <td style=\"\">Programaci\u00f3n Parroquial<\/td>\n                    <td style=\"\"><\/td>\n                    <td style=\"\"><\/td>\n                    <td style=\"\"><a href='<a href=\"https:\/\/diocesisdeaguascalientes.mx\/vicaria-de-pastoral\/wp-content\/uploads\/sites\/2\/forminator\/10414_47c7fef6f8c6f15ac1daaf1663bdf562\/uploads\/DxOi6alMbptv-PROGRAMACION-P.SOCIAL.pdf\" target=\"_blank\">DxOi6alMbptv-PROGRAMACION-P.SOCIAL.pdf<\/a>' rel='' target='_blank'><a href=\"https:\/\/diocesisdeaguascalientes.mx\/vicaria-de-pastoral\/wp-content\/uploads\/sites\/2\/forminator\/10414_47c7fef6f8c6f15ac1daaf1663bdf562\/uploads\/DxOi6alMbptv-PROGRAMACION-P.SOCIAL.pdf\" target=\"_blank\">DxOi6alMbptv-PROGRAMACION-P.SOCIAL.pdf<\/a><\/a><\/td>\n                    <td style=\"\">17\/09\/2025 01:39 PM<\/td>\n            <\/tr>\n            <tr id=\"table_2_row_221\">\n                    <td style=\"\">Programaci\u00f3n Parroquial<\/td>\n                    <td style=\"\"><\/td>\n                    <td style=\"\"><\/td>\n                    <td style=\"\"><a href='<a href=\"https:\/\/diocesisdeaguascalientes.mx\/vicaria-de-pastoral\/wp-content\/uploads\/sites\/2\/forminator\/10414_47c7fef6f8c6f15ac1daaf1663bdf562\/uploads\/FouUkPQmpwwT-PASTORAL-DE-COMUNICACIONES-2025-2026.pdf\" target=\"_blank\">FouUkPQmpwwT-PASTORAL-DE-COMUNICACIONES-2025-2026.pdf<\/a>' rel='' target='_blank'><a href=\"https:\/\/diocesisdeaguascalientes.mx\/vicaria-de-pastoral\/wp-content\/uploads\/sites\/2\/forminator\/10414_47c7fef6f8c6f15ac1daaf1663bdf562\/uploads\/FouUkPQmpwwT-PASTORAL-DE-COMUNICACIONES-2025-2026.pdf\" target=\"_blank\">FouUkPQmpwwT-PASTORAL-DE-COMUNICACIONES-2025-2026.pdf<\/a><\/a><\/td>\n                    <td style=\"\">17\/09\/2025 12:55 PM<\/td>\n            <\/tr>\n            <tr id=\"table_2_row_222\">\n                    <td style=\"\">Programaci\u00f3n Parroquial<\/td>\n                    <td style=\"\"><\/td>\n                    <td style=\"\"><\/td>\n                    <td style=\"\"><a href='<a href=\"https:\/\/diocesisdeaguascalientes.mx\/vicaria-de-pastoral\/wp-content\/uploads\/sites\/2\/forminator\/10414_47c7fef6f8c6f15ac1daaf1663bdf562\/uploads\/vDyhXXxeAq4D-PROGRAMACION-ANM.pdf\" target=\"_blank\">vDyhXXxeAq4D-PROGRAMACION-ANM.pdf<\/a>' rel='' target='_blank'><a href=\"https:\/\/diocesisdeaguascalientes.mx\/vicaria-de-pastoral\/wp-content\/uploads\/sites\/2\/forminator\/10414_47c7fef6f8c6f15ac1daaf1663bdf562\/uploads\/vDyhXXxeAq4D-PROGRAMACION-ANM.pdf\" target=\"_blank\">vDyhXXxeAq4D-PROGRAMACION-ANM.pdf<\/a><\/a><\/td>\n                    <td style=\"\">17\/09\/2025 12:55 PM<\/td>\n            <\/tr>\n            <tr id=\"table_2_row_223\">\n                    <td style=\"\">Programaci\u00f3n Parroquial<\/td>\n                    <td style=\"\"><\/td>\n                    <td style=\"\"><\/td>\n                    <td style=\"\"><a href='<a href=\"https:\/\/diocesisdeaguascalientes.mx\/vicaria-de-pastoral\/wp-content\/uploads\/sites\/2\/forminator\/10414_47c7fef6f8c6f15ac1daaf1663bdf562\/uploads\/HXsU3BCrlMFv-PASTORAL-FAMILIAR-2025-2026.pdf\" target=\"_blank\">HXsU3BCrlMFv-PASTORAL-FAMILIAR-2025-2026.pdf<\/a>' rel='' target='_blank'><a href=\"https:\/\/diocesisdeaguascalientes.mx\/vicaria-de-pastoral\/wp-content\/uploads\/sites\/2\/forminator\/10414_47c7fef6f8c6f15ac1daaf1663bdf562\/uploads\/HXsU3BCrlMFv-PASTORAL-FAMILIAR-2025-2026.pdf\" target=\"_blank\">HXsU3BCrlMFv-PASTORAL-FAMILIAR-2025-2026.pdf<\/a><\/a><\/td>\n                    <td style=\"\">17\/09\/2025 12:52 PM<\/td>\n            <\/tr>\n            <tr id=\"table_2_row_224\">\n                    <td style=\"\">Programaci\u00f3n Parroquial<\/td>\n                    <td style=\"\"><\/td>\n                    <td style=\"\"><\/td>\n                    <td style=\"\"><a href='<a href=\"https:\/\/diocesisdeaguascalientes.mx\/vicaria-de-pastoral\/wp-content\/uploads\/sites\/2\/forminator\/10414_47c7fef6f8c6f15ac1daaf1663bdf562\/uploads\/gTUPlrDXcfvw-PASTORAL-SOCIAL-2025-2026.pdf\" target=\"_blank\">gTUPlrDXcfvw-PASTORAL-SOCIAL-2025-2026.pdf<\/a>' rel='' target='_blank'><a href=\"https:\/\/diocesisdeaguascalientes.mx\/vicaria-de-pastoral\/wp-content\/uploads\/sites\/2\/forminator\/10414_47c7fef6f8c6f15ac1daaf1663bdf562\/uploads\/gTUPlrDXcfvw-PASTORAL-SOCIAL-2025-2026.pdf\" target=\"_blank\">gTUPlrDXcfvw-PASTORAL-SOCIAL-2025-2026.pdf<\/a><\/a><\/td>\n                    <td style=\"\">17\/09\/2025 12:48 PM<\/td>\n            <\/tr>\n            <tr id=\"table_2_row_225\">\n                    <td style=\"\">Programaci\u00f3n Parroquial<\/td>\n                    <td style=\"\"><\/td>\n                    <td style=\"\"><\/td>\n                    <td style=\"\"><a href='<a href=\"https:\/\/diocesisdeaguascalientes.mx\/vicaria-de-pastoral\/wp-content\/uploads\/sites\/2\/forminator\/10414_47c7fef6f8c6f15ac1daaf1663bdf562\/uploads\/kLcqCyyWMx17-CPP-ANMACION-PASTORAL-2025-2026.pdf\" target=\"_blank\">kLcqCyyWMx17-CPP-ANMACION-PASTORAL-2025-2026.pdf<\/a>' rel='' target='_blank'><a href=\"https:\/\/diocesisdeaguascalientes.mx\/vicaria-de-pastoral\/wp-content\/uploads\/sites\/2\/forminator\/10414_47c7fef6f8c6f15ac1daaf1663bdf562\/uploads\/kLcqCyyWMx17-CPP-ANMACION-PASTORAL-2025-2026.pdf\" target=\"_blank\">kLcqCyyWMx17-CPP-ANMACION-PASTORAL-2025-2026.pdf<\/a><\/a><\/td>\n                    <td style=\"\">17\/09\/2025 12:42 PM<\/td>\n            <\/tr>\n            <tr id=\"table_2_row_226\">\n                    <td style=\"\">Programaci\u00f3n Parroquial<\/td>\n                    <td style=\"\"><\/td>\n                    <td style=\"\"><\/td>\n                    <td style=\"\"><a href='<a href=\"https:\/\/diocesisdeaguascalientes.mx\/vicaria-de-pastoral\/wp-content\/uploads\/sites\/2\/forminator\/10414_47c7fef6f8c6f15ac1daaf1663bdf562\/uploads\/FgSH4szYMpBr-PROGRAMACION-P.FAM_.pdf\" target=\"_blank\">FgSH4szYMpBr-PROGRAMACION-P.FAM_.pdf<\/a>' rel='' target='_blank'><a href=\"https:\/\/diocesisdeaguascalientes.mx\/vicaria-de-pastoral\/wp-content\/uploads\/sites\/2\/forminator\/10414_47c7fef6f8c6f15ac1daaf1663bdf562\/uploads\/FgSH4szYMpBr-PROGRAMACION-P.FAM_.pdf\" target=\"_blank\">FgSH4szYMpBr-PROGRAMACION-P.FAM_.pdf<\/a><\/a><\/td>\n                    <td style=\"\">17\/09\/2025 12:21 PM<\/td>\n            <\/tr>\n            <tr id=\"table_2_row_227\">\n                    <td style=\"\">Programaci\u00f3n Parroquial<\/td>\n                    <td style=\"\"><\/td>\n                    <td style=\"\"><\/td>\n                    <td style=\"\"><a href='<a href=\"https:\/\/diocesisdeaguascalientes.mx\/vicaria-de-pastoral\/wp-content\/uploads\/sites\/2\/forminator\/10414_47c7fef6f8c6f15ac1daaf1663bdf562\/uploads\/Rx54fR7uyrlj-FPP_2025_Renovacion.pdf\" target=\"_blank\">Rx54fR7uyrlj-FPP_2025_Renovacion.pdf<\/a>' rel='' target='_blank'><a href=\"https:\/\/diocesisdeaguascalientes.mx\/vicaria-de-pastoral\/wp-content\/uploads\/sites\/2\/forminator\/10414_47c7fef6f8c6f15ac1daaf1663bdf562\/uploads\/Rx54fR7uyrlj-FPP_2025_Renovacion.pdf\" target=\"_blank\">Rx54fR7uyrlj-FPP_2025_Renovacion.pdf<\/a><\/a><\/td>\n                    <td style=\"\">17\/09\/2025 12:21 PM<\/td>\n            <\/tr>\n            <tr id=\"table_2_row_228\">\n                    <td style=\"\">Programaci\u00f3n Parroquial<\/td>\n                    <td style=\"\"><\/td>\n                    <td style=\"\"><\/td>\n                    <td style=\"\"><a href='<a href=\"https:\/\/diocesisdeaguascalientes.mx\/vicaria-de-pastoral\/wp-content\/uploads\/sites\/2\/forminator\/10414_47c7fef6f8c6f15ac1daaf1663bdf562\/uploads\/haFt8XJE5qYm-FPP_2025_-Mater-fatima.pdf\" target=\"_blank\">haFt8XJE5qYm-FPP_2025_-Mater-fatima.pdf<\/a>' rel='' target='_blank'><a href=\"https:\/\/diocesisdeaguascalientes.mx\/vicaria-de-pastoral\/wp-content\/uploads\/sites\/2\/forminator\/10414_47c7fef6f8c6f15ac1daaf1663bdf562\/uploads\/haFt8XJE5qYm-FPP_2025_-Mater-fatima.pdf\" target=\"_blank\">haFt8XJE5qYm-FPP_2025_-Mater-fatima.pdf<\/a><\/a><\/td>\n                    <td style=\"\">17\/09\/2025 12:18 PM<\/td>\n            <\/tr>\n            <tr id=\"table_2_row_229\">\n                    <td style=\"\">Programaci\u00f3n Parroquial<\/td>\n                    <td style=\"\"><\/td>\n                    <td style=\"\"><\/td>\n                    <td style=\"\"><a href='<a href=\"https:\/\/diocesisdeaguascalientes.mx\/vicaria-de-pastoral\/wp-content\/uploads\/sites\/2\/forminator\/10414_47c7fef6f8c6f15ac1daaf1663bdf562\/uploads\/svQwsAud4G91-FPP_2025_Comunicacion.pdf\" target=\"_blank\">svQwsAud4G91-FPP_2025_Comunicacion.pdf<\/a>' rel='' target='_blank'><a href=\"https:\/\/diocesisdeaguascalientes.mx\/vicaria-de-pastoral\/wp-content\/uploads\/sites\/2\/forminator\/10414_47c7fef6f8c6f15ac1daaf1663bdf562\/uploads\/svQwsAud4G91-FPP_2025_Comunicacion.pdf\" target=\"_blank\">svQwsAud4G91-FPP_2025_Comunicacion.pdf<\/a><\/a><\/td>\n                    <td style=\"\">17\/09\/2025 12:14 PM<\/td>\n            <\/tr>\n            <tr id=\"table_2_row_230\">\n                    <td style=\"\">Programaci\u00f3n Parroquial<\/td>\n                    <td style=\"\"><\/td>\n                    <td style=\"\"><\/td>\n                    <td style=\"\"><a href='<a href=\"https:\/\/diocesisdeaguascalientes.mx\/vicaria-de-pastoral\/wp-content\/uploads\/sites\/2\/forminator\/10414_47c7fef6f8c6f15ac1daaf1663bdf562\/uploads\/69868PDlknJC-FPP_2025_-Adolecentes.pdf\" target=\"_blank\">69868PDlknJC-FPP_2025_-Adolecentes.pdf<\/a>' rel='' target='_blank'><a href=\"https:\/\/diocesisdeaguascalientes.mx\/vicaria-de-pastoral\/wp-content\/uploads\/sites\/2\/forminator\/10414_47c7fef6f8c6f15ac1daaf1663bdf562\/uploads\/69868PDlknJC-FPP_2025_-Adolecentes.pdf\" target=\"_blank\">69868PDlknJC-FPP_2025_-Adolecentes.pdf<\/a><\/a><\/td>\n                    <td style=\"\">17\/09\/2025 12:13 PM<\/td>\n            <\/tr>\n            <tr id=\"table_2_row_231\">\n                    <td style=\"\">Programaci\u00f3n Parroquial<\/td>\n                    <td style=\"\"><\/td>\n                    <td style=\"\"><\/td>\n                    <td style=\"\"><a href='<a href=\"https:\/\/diocesisdeaguascalientes.mx\/vicaria-de-pastoral\/wp-content\/uploads\/sites\/2\/forminator\/10414_47c7fef6f8c6f15ac1daaf1663bdf562\/uploads\/2wkOOEoCt6Vx-FPP_2025_pastoral-Familiar.pdf\" target=\"_blank\">2wkOOEoCt6Vx-FPP_2025_pastoral-Familiar.pdf<\/a>' rel='' target='_blank'><a href=\"https:\/\/diocesisdeaguascalientes.mx\/vicaria-de-pastoral\/wp-content\/uploads\/sites\/2\/forminator\/10414_47c7fef6f8c6f15ac1daaf1663bdf562\/uploads\/2wkOOEoCt6Vx-FPP_2025_pastoral-Familiar.pdf\" target=\"_blank\">2wkOOEoCt6Vx-FPP_2025_pastoral-Familiar.pdf<\/a><\/a><\/td>\n                    <td style=\"\">17\/09\/2025 12:11 PM<\/td>\n            <\/tr>\n            <tr id=\"table_2_row_232\">\n                    <td style=\"\">Programaci\u00f3n Parroquial<\/td>\n                    <td style=\"\"><\/td>\n                    <td style=\"\"><\/td>\n                    <td style=\"\"><a href='<a href=\"https:\/\/diocesisdeaguascalientes.mx\/vicaria-de-pastoral\/wp-content\/uploads\/sites\/2\/forminator\/10414_47c7fef6f8c6f15ac1daaf1663bdf562\/uploads\/C5fWdsyBUHM6-FPP_2025_Pastora-Social.pdf\" target=\"_blank\">C5fWdsyBUHM6-FPP_2025_Pastora-Social.pdf<\/a>' rel='' target='_blank'><a href=\"https:\/\/diocesisdeaguascalientes.mx\/vicaria-de-pastoral\/wp-content\/uploads\/sites\/2\/forminator\/10414_47c7fef6f8c6f15ac1daaf1663bdf562\/uploads\/C5fWdsyBUHM6-FPP_2025_Pastora-Social.pdf\" target=\"_blank\">C5fWdsyBUHM6-FPP_2025_Pastora-Social.pdf<\/a><\/a><\/td>\n                    <td style=\"\">17\/09\/2025 12:09 PM<\/td>\n            <\/tr>\n            <tr id=\"table_2_row_233\">\n                    <td style=\"\">Programaci\u00f3n Decanal<\/td>\n                    <td style=\"\">D08 ORIENTE II C CIUDAD BEATO MIGUEL AGUSTIN PRO JUAREZ<\/td>\n                    <td style=\"\">Organismos Eclesiales Laicales (OEL)<\/td>\n                    <td style=\"\"><a href='<a href=\"https:\/\/diocesisdeaguascalientes.mx\/vicaria-de-pastoral\/wp-content\/uploads\/sites\/2\/forminator\/10414_47c7fef6f8c6f15ac1daaf1663bdf562\/uploads\/XNKueT7jKfQ2-Decanato-Oriente-II-C-Beato-Miguel-Agustin-Pro-Organismos-.pdf\" target=\"_blank\">XNKueT7jKfQ2-Decanato-Oriente-II-C-Beato-Miguel-Agustin-Pro-Organismos-.pdf<\/a>' rel='' target='_blank'><a href=\"https:\/\/diocesisdeaguascalientes.mx\/vicaria-de-pastoral\/wp-content\/uploads\/sites\/2\/forminator\/10414_47c7fef6f8c6f15ac1daaf1663bdf562\/uploads\/XNKueT7jKfQ2-Decanato-Oriente-II-C-Beato-Miguel-Agustin-Pro-Organismos-.pdf\" target=\"_blank\">XNKueT7jKfQ2-Decanato-Oriente-II-C-Beato-Miguel-Agustin-Pro-Organismos-.pdf<\/a><\/a><\/td>\n                    <td style=\"\">17\/09\/2025 12:08 PM<\/td>\n            <\/tr>\n            <tr id=\"table_2_row_234\">\n                    <td style=\"\">Programaci\u00f3n Parroquial<\/td>\n                    <td style=\"\"><\/td>\n                    <td style=\"\"><\/td>\n                    <td style=\"\"><a href='<a href=\"https:\/\/diocesisdeaguascalientes.mx\/vicaria-de-pastoral\/wp-content\/uploads\/sites\/2\/forminator\/10414_47c7fef6f8c6f15ac1daaf1663bdf562\/uploads\/j7zbg9BT8GIa-FPP_2025_-Pastoral-Profetica.pdf\" target=\"_blank\">j7zbg9BT8GIa-FPP_2025_-Pastoral-Profetica.pdf<\/a>' rel='' target='_blank'><a href=\"https:\/\/diocesisdeaguascalientes.mx\/vicaria-de-pastoral\/wp-content\/uploads\/sites\/2\/forminator\/10414_47c7fef6f8c6f15ac1daaf1663bdf562\/uploads\/j7zbg9BT8GIa-FPP_2025_-Pastoral-Profetica.pdf\" target=\"_blank\">j7zbg9BT8GIa-FPP_2025_-Pastoral-Profetica.pdf<\/a><\/a><\/td>\n                    <td style=\"\">17\/09\/2025 12:07 PM<\/td>\n            <\/tr>\n            <tr id=\"table_2_row_235\">\n                    <td style=\"\">Programaci\u00f3n Decanal<\/td>\n                    <td style=\"\">D08 ORIENTE II C CIUDAD BEATO MIGUEL AGUSTIN PRO JUAREZ<\/td>\n                    <td style=\"\">Pastoral de la Comunicaci\u00f3n<\/td>\n                    <td style=\"\"><a href='<a href=\"https:\/\/diocesisdeaguascalientes.mx\/vicaria-de-pastoral\/wp-content\/uploads\/sites\/2\/forminator\/10414_47c7fef6f8c6f15ac1daaf1663bdf562\/uploads\/YpSx4SkoYZhN-Decanato-Oriente-II-C-Beato-Miguel-Agustin-Pro-Comunicacion.pdf\" target=\"_blank\">YpSx4SkoYZhN-Decanato-Oriente-II-C-Beato-Miguel-Agustin-Pro-Comunicacion.pdf<\/a>' rel='' target='_blank'><a href=\"https:\/\/diocesisdeaguascalientes.mx\/vicaria-de-pastoral\/wp-content\/uploads\/sites\/2\/forminator\/10414_47c7fef6f8c6f15ac1daaf1663bdf562\/uploads\/YpSx4SkoYZhN-Decanato-Oriente-II-C-Beato-Miguel-Agustin-Pro-Comunicacion.pdf\" target=\"_blank\">YpSx4SkoYZhN-Decanato-Oriente-II-C-Beato-Miguel-Agustin-Pro-Comunicacion.pdf<\/a><\/a><\/td>\n                    <td style=\"\">17\/09\/2025 12:04 PM<\/td>\n            <\/tr>\n            <tr id=\"table_2_row_236\">\n                    <td style=\"\">Programaci\u00f3n Parroquial<\/td>\n                    <td style=\"\"><\/td>\n                    <td style=\"\"><\/td>\n                    <td style=\"\"><a href='<a href=\"https:\/\/diocesisdeaguascalientes.mx\/vicaria-de-pastoral\/wp-content\/uploads\/sites\/2\/forminator\/10414_47c7fef6f8c6f15ac1daaf1663bdf562\/uploads\/awbmqruTc1s8-FPP_2025-Liturgica.pdf\" target=\"_blank\">awbmqruTc1s8-FPP_2025-Liturgica.pdf<\/a>' rel='' target='_blank'><a href=\"https:\/\/diocesisdeaguascalientes.mx\/vicaria-de-pastoral\/wp-content\/uploads\/sites\/2\/forminator\/10414_47c7fef6f8c6f15ac1daaf1663bdf562\/uploads\/awbmqruTc1s8-FPP_2025-Liturgica.pdf\" target=\"_blank\">awbmqruTc1s8-FPP_2025-Liturgica.pdf<\/a><\/a><\/td>\n                    <td style=\"\">17\/09\/2025 12:03 PM<\/td>\n            <\/tr>\n            <tr id=\"table_2_row_237\">\n                    <td style=\"\">Programaci\u00f3n Decanal<\/td>\n                    <td style=\"\">D08 ORIENTE II C CIUDAD BEATO MIGUEL AGUSTIN PRO JUAREZ<\/td>\n                    <td style=\"\">Pastoral Juvenil<\/td>\n                    <td style=\"\"><a href='<a href=\"https:\/\/diocesisdeaguascalientes.mx\/vicaria-de-pastoral\/wp-content\/uploads\/sites\/2\/forminator\/10414_47c7fef6f8c6f15ac1daaf1663bdf562\/uploads\/4ZUPCVMxvY31-Decanato-Oriente-II-C-Beato-Miguel-Agustin-Pro-Pastoral-Juvenil.pdf\" target=\"_blank\">4ZUPCVMxvY31-Decanato-Oriente-II-C-Beato-Miguel-Agustin-Pro-Pastoral-Juvenil.pdf<\/a>' rel='' target='_blank'><a href=\"https:\/\/diocesisdeaguascalientes.mx\/vicaria-de-pastoral\/wp-content\/uploads\/sites\/2\/forminator\/10414_47c7fef6f8c6f15ac1daaf1663bdf562\/uploads\/4ZUPCVMxvY31-Decanato-Oriente-II-C-Beato-Miguel-Agustin-Pro-Pastoral-Juvenil.pdf\" target=\"_blank\">4ZUPCVMxvY31-Decanato-Oriente-II-C-Beato-Miguel-Agustin-Pro-Pastoral-Juvenil.pdf<\/a><\/a><\/td>\n                    <td style=\"\">17\/09\/2025 12:01 PM<\/td>\n            <\/tr>\n            <tr id=\"table_2_row_238\">\n                    <td style=\"\">Programaci\u00f3n Decanal<\/td>\n                    <td style=\"\">D08 ORIENTE II C CIUDAD BEATO MIGUEL AGUSTIN PRO JUAREZ<\/td>\n                    <td style=\"\">Pastoral de Adolescentes<\/td>\n                    <td style=\"\"><a href='<a href=\"https:\/\/diocesisdeaguascalientes.mx\/vicaria-de-pastoral\/wp-content\/uploads\/sites\/2\/forminator\/10414_47c7fef6f8c6f15ac1daaf1663bdf562\/uploads\/mmbX7yx2cnDW-Decanato-Oriente-II-C-Beato-Miguel-Agustin-Pro-Pastoral-Adolescentes.pdf\" target=\"_blank\">mmbX7yx2cnDW-Decanato-Oriente-II-C-Beato-Miguel-Agustin-Pro-Pastoral-Adolescentes.pdf<\/a>' rel='' target='_blank'><a href=\"https:\/\/diocesisdeaguascalientes.mx\/vicaria-de-pastoral\/wp-content\/uploads\/sites\/2\/forminator\/10414_47c7fef6f8c6f15ac1daaf1663bdf562\/uploads\/mmbX7yx2cnDW-Decanato-Oriente-II-C-Beato-Miguel-Agustin-Pro-Pastoral-Adolescentes.pdf\" target=\"_blank\">mmbX7yx2cnDW-Decanato-Oriente-II-C-Beato-Miguel-Agustin-Pro-Pastoral-Adolescentes.pdf<\/a><\/a><\/td>\n                    <td style=\"\">17\/09\/2025 11:58 AM<\/td>\n            <\/tr>\n            <tr id=\"table_2_row_239\">\n                    <td style=\"\">Programaci\u00f3n Decanal<\/td>\n                    <td style=\"\">D08 ORIENTE II C CIUDAD BEATO MIGUEL AGUSTIN PRO JUAREZ<\/td>\n                    <td style=\"\">Pastoral Familiar<\/td>\n                    <td style=\"\"><a href='<a href=\"https:\/\/diocesisdeaguascalientes.mx\/vicaria-de-pastoral\/wp-content\/uploads\/sites\/2\/forminator\/10414_47c7fef6f8c6f15ac1daaf1663bdf562\/uploads\/iC9lIEaNwEZK-Decanato-Oriente-II-C-Beato-Miguel-Agustin-Pro-Pastoral-Familiar.pdf\" target=\"_blank\">iC9lIEaNwEZK-Decanato-Oriente-II-C-Beato-Miguel-Agustin-Pro-Pastoral-Familiar.pdf<\/a>' rel='' target='_blank'><a href=\"https:\/\/diocesisdeaguascalientes.mx\/vicaria-de-pastoral\/wp-content\/uploads\/sites\/2\/forminator\/10414_47c7fef6f8c6f15ac1daaf1663bdf562\/uploads\/iC9lIEaNwEZK-Decanato-Oriente-II-C-Beato-Miguel-Agustin-Pro-Pastoral-Familiar.pdf\" target=\"_blank\">iC9lIEaNwEZK-Decanato-Oriente-II-C-Beato-Miguel-Agustin-Pro-Pastoral-Familiar.pdf<\/a><\/a><\/td>\n                    <td style=\"\">17\/09\/2025 11:56 AM<\/td>\n            <\/tr>\n            <tr id=\"table_2_row_240\">\n                    <td style=\"\">Programaci\u00f3n Decanal<\/td>\n                    <td style=\"\">D08 ORIENTE II C CIUDAD BEATO MIGUEL AGUSTIN PRO JUAREZ<\/td>\n                    <td style=\"\">Pastoral Social<\/td>\n                    <td style=\"\"><a href='<a href=\"https:\/\/diocesisdeaguascalientes.mx\/vicaria-de-pastoral\/wp-content\/uploads\/sites\/2\/forminator\/10414_47c7fef6f8c6f15ac1daaf1663bdf562\/uploads\/8pAl3DgGVYKP-Decanato-Oriente-II-C-Beato-Miguel-Agustin-Pro-Pastoral-Social.pdf\" target=\"_blank\">8pAl3DgGVYKP-Decanato-Oriente-II-C-Beato-Miguel-Agustin-Pro-Pastoral-Social.pdf<\/a>' rel='' target='_blank'><a href=\"https:\/\/diocesisdeaguascalientes.mx\/vicaria-de-pastoral\/wp-content\/uploads\/sites\/2\/forminator\/10414_47c7fef6f8c6f15ac1daaf1663bdf562\/uploads\/8pAl3DgGVYKP-Decanato-Oriente-II-C-Beato-Miguel-Agustin-Pro-Pastoral-Social.pdf\" target=\"_blank\">8pAl3DgGVYKP-Decanato-Oriente-II-C-Beato-Miguel-Agustin-Pro-Pastoral-Social.pdf<\/a><\/a><\/td>\n                    <td style=\"\">17\/09\/2025 11:51 AM<\/td>\n            <\/tr>\n            <tr id=\"table_2_row_241\">\n                    <td style=\"\">Programaci\u00f3n Decanal<\/td>\n                    <td style=\"\">D08 ORIENTE II C CIUDAD BEATO MIGUEL AGUSTIN PRO JUAREZ<\/td>\n                    <td style=\"\">Pastoral Lit\u00fargica<\/td>\n                    <td style=\"\"><a href='<a href=\"https:\/\/diocesisdeaguascalientes.mx\/vicaria-de-pastoral\/wp-content\/uploads\/sites\/2\/forminator\/10414_47c7fef6f8c6f15ac1daaf1663bdf562\/uploads\/9z02Nvc4wGlH-Decanato-Oriente-ll-C-Beato-Miguel-Agustin-Pro-Pastoral-Liturgica.pdf\" target=\"_blank\">9z02Nvc4wGlH-Decanato-Oriente-ll-C-Beato-Miguel-Agustin-Pro-Pastoral-Liturgica.pdf<\/a>' rel='' target='_blank'><a href=\"https:\/\/diocesisdeaguascalientes.mx\/vicaria-de-pastoral\/wp-content\/uploads\/sites\/2\/forminator\/10414_47c7fef6f8c6f15ac1daaf1663bdf562\/uploads\/9z02Nvc4wGlH-Decanato-Oriente-ll-C-Beato-Miguel-Agustin-Pro-Pastoral-Liturgica.pdf\" target=\"_blank\">9z02Nvc4wGlH-Decanato-Oriente-ll-C-Beato-Miguel-Agustin-Pro-Pastoral-Liturgica.pdf<\/a><\/a><\/td>\n                    <td style=\"\">17\/09\/2025 11:19 AM<\/td>\n            <\/tr>\n            <tr id=\"table_2_row_242\">\n                    <td style=\"\">Programaci\u00f3n Decanal<\/td>\n                    <td style=\"\">D08 ORIENTE II C CIUDAD BEATO MIGUEL AGUSTIN PRO JUAREZ<\/td>\n                    <td style=\"\">Pastoral Prof\u00e9tica<\/td>\n                    <td style=\"\"><a href='<a href=\"https:\/\/diocesisdeaguascalientes.mx\/vicaria-de-pastoral\/wp-content\/uploads\/sites\/2\/forminator\/10414_47c7fef6f8c6f15ac1daaf1663bdf562\/uploads\/y940n0g3kBJp-Decanato-Oriente-II-C-Beato-Miguel-Agustin-Pro-Pastoral-Profetica.pdf\" target=\"_blank\">y940n0g3kBJp-Decanato-Oriente-II-C-Beato-Miguel-Agustin-Pro-Pastoral-Profetica.pdf<\/a>' rel='' target='_blank'><a href=\"https:\/\/diocesisdeaguascalientes.mx\/vicaria-de-pastoral\/wp-content\/uploads\/sites\/2\/forminator\/10414_47c7fef6f8c6f15ac1daaf1663bdf562\/uploads\/y940n0g3kBJp-Decanato-Oriente-II-C-Beato-Miguel-Agustin-Pro-Pastoral-Profetica.pdf\" target=\"_blank\">y940n0g3kBJp-Decanato-Oriente-II-C-Beato-Miguel-Agustin-Pro-Pastoral-Profetica.pdf<\/a><\/a><\/td>\n                    <td style=\"\">17\/09\/2025 11:14 AM<\/td>\n            <\/tr>\n            <tr id=\"table_2_row_243\">\n                    <td style=\"\">Programaci\u00f3n Parroquial<\/td>\n                    <td style=\"\"><\/td>\n                    <td style=\"\"><\/td>\n                    <td style=\"\"><a href='<a href=\"https:\/\/diocesisdeaguascalientes.mx\/vicaria-de-pastoral\/wp-content\/uploads\/sites\/2\/forminator\/10414_47c7fef6f8c6f15ac1daaf1663bdf562\/uploads\/17zDRmB62Vcu-PROGRAMACION-OEL-JORNADAS.pdf\" target=\"_blank\">17zDRmB62Vcu-PROGRAMACION-OEL-JORNADAS.pdf<\/a>' rel='' target='_blank'><a href=\"https:\/\/diocesisdeaguascalientes.mx\/vicaria-de-pastoral\/wp-content\/uploads\/sites\/2\/forminator\/10414_47c7fef6f8c6f15ac1daaf1663bdf562\/uploads\/17zDRmB62Vcu-PROGRAMACION-OEL-JORNADAS.pdf\" target=\"_blank\">17zDRmB62Vcu-PROGRAMACION-OEL-JORNADAS.pdf<\/a><\/a><\/td>\n                    <td style=\"\">17\/09\/2025 11:12 AM<\/td>\n            <\/tr>\n            <tr id=\"table_2_row_244\">\n                    <td style=\"\">Programaci\u00f3n Parroquial<\/td>\n                    <td style=\"\"><\/td>\n                    <td style=\"\"><\/td>\n                    <td style=\"\"><a href='<a href=\"https:\/\/diocesisdeaguascalientes.mx\/vicaria-de-pastoral\/wp-content\/uploads\/sites\/2\/forminator\/10414_47c7fef6f8c6f15ac1daaf1663bdf562\/uploads\/td8yAsvJgWRP-PROGRAMACION-OEL-CURSILLISTAS-2.pdf\" target=\"_blank\">td8yAsvJgWRP-PROGRAMACION-OEL-CURSILLISTAS-2.pdf<\/a>' rel='' target='_blank'><a href=\"https:\/\/diocesisdeaguascalientes.mx\/vicaria-de-pastoral\/wp-content\/uploads\/sites\/2\/forminator\/10414_47c7fef6f8c6f15ac1daaf1663bdf562\/uploads\/td8yAsvJgWRP-PROGRAMACION-OEL-CURSILLISTAS-2.pdf\" target=\"_blank\">td8yAsvJgWRP-PROGRAMACION-OEL-CURSILLISTAS-2.pdf<\/a><\/a><\/td>\n                    <td style=\"\">17\/09\/2025 11:11 AM<\/td>\n            <\/tr>\n            <tr id=\"table_2_row_245\">\n                    <td style=\"\">Programaci\u00f3n Parroquial<\/td>\n                    <td style=\"\"><\/td>\n                    <td style=\"\"><\/td>\n                    <td style=\"\"><a href='<a href=\"https:\/\/diocesisdeaguascalientes.mx\/vicaria-de-pastoral\/wp-content\/uploads\/sites\/2\/forminator\/10414_47c7fef6f8c6f15ac1daaf1663bdf562\/uploads\/x5xaZe55PneC-PROGRAMACION-P.ADOLESCENTES.pdf\" target=\"_blank\">x5xaZe55PneC-PROGRAMACION-P.ADOLESCENTES.pdf<\/a>' rel='' target='_blank'><a href=\"https:\/\/diocesisdeaguascalientes.mx\/vicaria-de-pastoral\/wp-content\/uploads\/sites\/2\/forminator\/10414_47c7fef6f8c6f15ac1daaf1663bdf562\/uploads\/x5xaZe55PneC-PROGRAMACION-P.ADOLESCENTES.pdf\" target=\"_blank\">x5xaZe55PneC-PROGRAMACION-P.ADOLESCENTES.pdf<\/a><\/a><\/td>\n                    <td style=\"\">17\/09\/2025 11:06 AM<\/td>\n            <\/tr>\n            <tr id=\"table_2_row_246\">\n                    <td style=\"\">Programaci\u00f3n Decanal<\/td>\n                    <td style=\"\">D08 ORIENTE II C CIUDAD BEATO MIGUEL AGUSTIN PRO JUAREZ<\/td>\n                    <td style=\"\">Animaci\u00f3n Pastoral<\/td>\n                    <td style=\"\"><a href='<a href=\"https:\/\/diocesisdeaguascalientes.mx\/vicaria-de-pastoral\/wp-content\/uploads\/sites\/2\/forminator\/10414_47c7fef6f8c6f15ac1daaf1663bdf562\/uploads\/HaNJwSuY4uVx-Decanato-Oriente-II-C-Beato-Miguel-Agustin-Pro-Animacion-Pastoral.pdf\" target=\"_blank\">HaNJwSuY4uVx-Decanato-Oriente-II-C-Beato-Miguel-Agustin-Pro-Animacion-Pastoral.pdf<\/a>' rel='' target='_blank'><a href=\"https:\/\/diocesisdeaguascalientes.mx\/vicaria-de-pastoral\/wp-content\/uploads\/sites\/2\/forminator\/10414_47c7fef6f8c6f15ac1daaf1663bdf562\/uploads\/HaNJwSuY4uVx-Decanato-Oriente-II-C-Beato-Miguel-Agustin-Pro-Animacion-Pastoral.pdf\" target=\"_blank\">HaNJwSuY4uVx-Decanato-Oriente-II-C-Beato-Miguel-Agustin-Pro-Animacion-Pastoral.pdf<\/a><\/a><\/td>\n                    <td style=\"\">17\/09\/2025 11:05 AM<\/td>\n            <\/tr>\n            <tr id=\"table_2_row_247\">\n                    <td style=\"\">Programaci\u00f3n Parroquial<\/td>\n                    <td style=\"\"><\/td>\n                    <td style=\"\"><\/td>\n                    <td style=\"\"><a href='<a href=\"https:\/\/diocesisdeaguascalientes.mx\/vicaria-de-pastoral\/wp-content\/uploads\/sites\/2\/forminator\/10414_47c7fef6f8c6f15ac1daaf1663bdf562\/uploads\/xBC2cXUbbVoQ-PROGRAMACION-PASTORAL-PROFETICA-2025-2026.pdf\" target=\"_blank\">xBC2cXUbbVoQ-PROGRAMACION-PASTORAL-PROFETICA-2025-2026.pdf<\/a>' rel='' target='_blank'><a href=\"https:\/\/diocesisdeaguascalientes.mx\/vicaria-de-pastoral\/wp-content\/uploads\/sites\/2\/forminator\/10414_47c7fef6f8c6f15ac1daaf1663bdf562\/uploads\/xBC2cXUbbVoQ-PROGRAMACION-PASTORAL-PROFETICA-2025-2026.pdf\" target=\"_blank\">xBC2cXUbbVoQ-PROGRAMACION-PASTORAL-PROFETICA-2025-2026.pdf<\/a><\/a><\/td>\n                    <td style=\"\">17\/09\/2025 10:45 AM<\/td>\n            <\/tr>\n            <tr id=\"table_2_row_248\">\n                    <td style=\"\">Programaci\u00f3n Parroquial<\/td>\n                    <td style=\"\"><\/td>\n                    <td style=\"\"><\/td>\n                    <td style=\"\"><a href='<a href=\"https:\/\/diocesisdeaguascalientes.mx\/vicaria-de-pastoral\/wp-content\/uploads\/sites\/2\/forminator\/10414_47c7fef6f8c6f15ac1daaf1663bdf562\/uploads\/qnlgwZ2l5Xch-P109-Cominicacion-Programacion-pastoral.pdf\" target=\"_blank\">qnlgwZ2l5Xch-P109-Cominicacion-Programacion-pastoral.pdf<\/a>' rel='' target='_blank'><a href=\"https:\/\/diocesisdeaguascalientes.mx\/vicaria-de-pastoral\/wp-content\/uploads\/sites\/2\/forminator\/10414_47c7fef6f8c6f15ac1daaf1663bdf562\/uploads\/qnlgwZ2l5Xch-P109-Cominicacion-Programacion-pastoral.pdf\" target=\"_blank\">qnlgwZ2l5Xch-P109-Cominicacion-Programacion-pastoral.pdf<\/a><\/a><\/td>\n                    <td style=\"\">17\/09\/2025 10:26 AM<\/td>\n            <\/tr>\n            <tr id=\"table_2_row_249\">\n                    <td style=\"\">Programaci\u00f3n Parroquial<\/td>\n                    <td style=\"\"><\/td>\n                    <td style=\"\"><\/td>\n                    <td style=\"\"><a href='<a href=\"https:\/\/diocesisdeaguascalientes.mx\/vicaria-de-pastoral\/wp-content\/uploads\/sites\/2\/forminator\/10414_47c7fef6f8c6f15ac1daaf1663bdf562\/uploads\/RaFfJWTtoICq-PROGRAMACION-PASTORAL-SOCIAL-2025-2026.pdf\" target=\"_blank\">RaFfJWTtoICq-PROGRAMACION-PASTORAL-SOCIAL-2025-2026.pdf<\/a>' rel='' target='_blank'><a href=\"https:\/\/diocesisdeaguascalientes.mx\/vicaria-de-pastoral\/wp-content\/uploads\/sites\/2\/forminator\/10414_47c7fef6f8c6f15ac1daaf1663bdf562\/uploads\/RaFfJWTtoICq-PROGRAMACION-PASTORAL-SOCIAL-2025-2026.pdf\" target=\"_blank\">RaFfJWTtoICq-PROGRAMACION-PASTORAL-SOCIAL-2025-2026.pdf<\/a><\/a><\/td>\n                    <td style=\"\">17\/09\/2025 10:25 AM<\/td>\n            <\/tr>\n            <tr id=\"table_2_row_250\">\n                    <td style=\"\">Programaci\u00f3n Parroquial<\/td>\n                    <td style=\"\"><\/td>\n                    <td style=\"\"><\/td>\n                    <td style=\"\"><a href='<a href=\"https:\/\/diocesisdeaguascalientes.mx\/vicaria-de-pastoral\/wp-content\/uploads\/sites\/2\/forminator\/10414_47c7fef6f8c6f15ac1daaf1663bdf562\/uploads\/6e2fVZugHog8-P109-Juvenil-Programacion-pastoral-25-26.pdf\" target=\"_blank\">6e2fVZugHog8-P109-Juvenil-Programacion-pastoral-25-26.pdf<\/a>' rel='' target='_blank'><a href=\"https:\/\/diocesisdeaguascalientes.mx\/vicaria-de-pastoral\/wp-content\/uploads\/sites\/2\/forminator\/10414_47c7fef6f8c6f15ac1daaf1663bdf562\/uploads\/6e2fVZugHog8-P109-Juvenil-Programacion-pastoral-25-26.pdf\" target=\"_blank\">6e2fVZugHog8-P109-Juvenil-Programacion-pastoral-25-26.pdf<\/a><\/a><\/td>\n                    <td style=\"\">17\/09\/2025 10:25 AM<\/td>\n            <\/tr>\n            <tr id=\"table_2_row_251\">\n                    <td style=\"\">Programaci\u00f3n Parroquial<\/td>\n                    <td style=\"\"><\/td>\n                    <td style=\"\"><\/td>\n                    <td style=\"\"><a href='<a href=\"https:\/\/diocesisdeaguascalientes.mx\/vicaria-de-pastoral\/wp-content\/uploads\/sites\/2\/forminator\/10414_47c7fef6f8c6f15ac1daaf1663bdf562\/uploads\/0n5RMNS35TgW-P109-Social-Programacion-pastoral.pdf\" target=\"_blank\">0n5RMNS35TgW-P109-Social-Programacion-pastoral.pdf<\/a>' rel='' target='_blank'><a href=\"https:\/\/diocesisdeaguascalientes.mx\/vicaria-de-pastoral\/wp-content\/uploads\/sites\/2\/forminator\/10414_47c7fef6f8c6f15ac1daaf1663bdf562\/uploads\/0n5RMNS35TgW-P109-Social-Programacion-pastoral.pdf\" target=\"_blank\">0n5RMNS35TgW-P109-Social-Programacion-pastoral.pdf<\/a><\/a><\/td>\n                    <td style=\"\">17\/09\/2025 10:25 AM<\/td>\n            <\/tr>\n            <tr id=\"table_2_row_252\">\n                    <td style=\"\">Programaci\u00f3n Parroquial<\/td>\n                    <td style=\"\"><\/td>\n                    <td style=\"\"><\/td>\n                    <td style=\"\"><a href='<a href=\"https:\/\/diocesisdeaguascalientes.mx\/vicaria-de-pastoral\/wp-content\/uploads\/sites\/2\/forminator\/10414_47c7fef6f8c6f15ac1daaf1663bdf562\/uploads\/TM6Oo7kbXZjF-P109-Liturgia-Programacion-pastoral.pdf\" target=\"_blank\">TM6Oo7kbXZjF-P109-Liturgia-Programacion-pastoral.pdf<\/a>' rel='' target='_blank'><a href=\"https:\/\/diocesisdeaguascalientes.mx\/vicaria-de-pastoral\/wp-content\/uploads\/sites\/2\/forminator\/10414_47c7fef6f8c6f15ac1daaf1663bdf562\/uploads\/TM6Oo7kbXZjF-P109-Liturgia-Programacion-pastoral.pdf\" target=\"_blank\">TM6Oo7kbXZjF-P109-Liturgia-Programacion-pastoral.pdf<\/a><\/a><\/td>\n                    <td style=\"\">17\/09\/2025 10:24 AM<\/td>\n            <\/tr>\n            <tr id=\"table_2_row_253\">\n                    <td style=\"\">Programaci\u00f3n Parroquial<\/td>\n                    <td style=\"\"><\/td>\n                    <td style=\"\"><\/td>\n                    <td style=\"\"><a href='<a href=\"https:\/\/diocesisdeaguascalientes.mx\/vicaria-de-pastoral\/wp-content\/uploads\/sites\/2\/forminator\/10414_47c7fef6f8c6f15ac1daaf1663bdf562\/uploads\/bOFoULDTVmef-P109-Programacion-pastoral-Profetica-25-26.pdf\" target=\"_blank\">bOFoULDTVmef-P109-Programacion-pastoral-Profetica-25-26.pdf<\/a>' rel='' target='_blank'><a href=\"https:\/\/diocesisdeaguascalientes.mx\/vicaria-de-pastoral\/wp-content\/uploads\/sites\/2\/forminator\/10414_47c7fef6f8c6f15ac1daaf1663bdf562\/uploads\/bOFoULDTVmef-P109-Programacion-pastoral-Profetica-25-26.pdf\" target=\"_blank\">bOFoULDTVmef-P109-Programacion-pastoral-Profetica-25-26.pdf<\/a><\/a><\/td>\n                    <td style=\"\">17\/09\/2025 10:23 AM<\/td>\n            <\/tr>\n            <tr id=\"table_2_row_254\">\n                    <td style=\"\">Programaci\u00f3n Parroquial<\/td>\n                    <td style=\"\"><\/td>\n                    <td style=\"\"><\/td>\n                    <td style=\"\"><a href='<a href=\"https:\/\/diocesisdeaguascalientes.mx\/vicaria-de-pastoral\/wp-content\/uploads\/sites\/2\/forminator\/10414_47c7fef6f8c6f15ac1daaf1663bdf562\/uploads\/vokEMkq6eUzg-P109-Adolescentes-Programacion-pastoral.pdf\" target=\"_blank\">vokEMkq6eUzg-P109-Adolescentes-Programacion-pastoral.pdf<\/a>' rel='' target='_blank'><a href=\"https:\/\/diocesisdeaguascalientes.mx\/vicaria-de-pastoral\/wp-content\/uploads\/sites\/2\/forminator\/10414_47c7fef6f8c6f15ac1daaf1663bdf562\/uploads\/vokEMkq6eUzg-P109-Adolescentes-Programacion-pastoral.pdf\" target=\"_blank\">vokEMkq6eUzg-P109-Adolescentes-Programacion-pastoral.pdf<\/a><\/a><\/td>\n                    <td style=\"\">17\/09\/2025 10:23 AM<\/td>\n            <\/tr>\n            <tr id=\"table_2_row_255\">\n                    <td style=\"\">Programaci\u00f3n Parroquial<\/td>\n                    <td style=\"\"><\/td>\n                    <td style=\"\"><\/td>\n                    <td style=\"\"><a href='<a href=\"https:\/\/diocesisdeaguascalientes.mx\/vicaria-de-pastoral\/wp-content\/uploads\/sites\/2\/forminator\/10414_47c7fef6f8c6f15ac1daaf1663bdf562\/uploads\/cmvkVLLH9fEW-PROGRAMACION-P.LITURGICA.pdf\" target=\"_blank\">cmvkVLLH9fEW-PROGRAMACION-P.LITURGICA.pdf<\/a>' rel='' target='_blank'><a href=\"https:\/\/diocesisdeaguascalientes.mx\/vicaria-de-pastoral\/wp-content\/uploads\/sites\/2\/forminator\/10414_47c7fef6f8c6f15ac1daaf1663bdf562\/uploads\/cmvkVLLH9fEW-PROGRAMACION-P.LITURGICA.pdf\" target=\"_blank\">cmvkVLLH9fEW-PROGRAMACION-P.LITURGICA.pdf<\/a><\/a><\/td>\n                    <td style=\"\">17\/09\/2025 10:22 AM<\/td>\n            <\/tr>\n            <tr id=\"table_2_row_256\">\n                    <td style=\"\">Programaci\u00f3n Parroquial<\/td>\n                    <td style=\"\"><\/td>\n                    <td style=\"\"><\/td>\n                    <td style=\"\"><a href='<a href=\"https:\/\/diocesisdeaguascalientes.mx\/vicaria-de-pastoral\/wp-content\/uploads\/sites\/2\/forminator\/10414_47c7fef6f8c6f15ac1daaf1663bdf562\/uploads\/iIakTHmWHqST-P109-Animacion-PROGRAMACION-2025-2026-Parroquial.pdf\" target=\"_blank\">iIakTHmWHqST-P109-Animacion-PROGRAMACION-2025-2026-Parroquial.pdf<\/a>' rel='' target='_blank'><a href=\"https:\/\/diocesisdeaguascalientes.mx\/vicaria-de-pastoral\/wp-content\/uploads\/sites\/2\/forminator\/10414_47c7fef6f8c6f15ac1daaf1663bdf562\/uploads\/iIakTHmWHqST-P109-Animacion-PROGRAMACION-2025-2026-Parroquial.pdf\" target=\"_blank\">iIakTHmWHqST-P109-Animacion-PROGRAMACION-2025-2026-Parroquial.pdf<\/a><\/a><\/td>\n                    <td style=\"\">17\/09\/2025 10:21 AM<\/td>\n            <\/tr>\n            <tr id=\"table_2_row_257\">\n                    <td style=\"\">Programaci\u00f3n Parroquial<\/td>\n                    <td style=\"\"><\/td>\n                    <td style=\"\"><\/td>\n                    <td style=\"\"><a href='<a href=\"https:\/\/diocesisdeaguascalientes.mx\/vicaria-de-pastoral\/wp-content\/uploads\/sites\/2\/forminator\/10414_47c7fef6f8c6f15ac1daaf1663bdf562\/uploads\/IvRbMsOYjhIm-PROGRAMACIONES-P.PROFETICA.pdf\" target=\"_blank\">IvRbMsOYjhIm-PROGRAMACIONES-P.PROFETICA.pdf<\/a>' rel='' target='_blank'><a href=\"https:\/\/diocesisdeaguascalientes.mx\/vicaria-de-pastoral\/wp-content\/uploads\/sites\/2\/forminator\/10414_47c7fef6f8c6f15ac1daaf1663bdf562\/uploads\/IvRbMsOYjhIm-PROGRAMACIONES-P.PROFETICA.pdf\" target=\"_blank\">IvRbMsOYjhIm-PROGRAMACIONES-P.PROFETICA.pdf<\/a><\/a><\/td>\n                    <td style=\"\">17\/09\/2025 10:14 AM<\/td>\n            <\/tr>\n            <tr id=\"table_2_row_258\">\n                    <td style=\"\">Programaci\u00f3n Parroquial<\/td>\n                    <td style=\"\"><\/td>\n                    <td style=\"\"><\/td>\n                    <td style=\"\"><a href='<a href=\"https:\/\/diocesisdeaguascalientes.mx\/vicaria-de-pastoral\/wp-content\/uploads\/sites\/2\/forminator\/10414_47c7fef6f8c6f15ac1daaf1663bdf562\/uploads\/vX6bDOw4MmMx-PASTORAL-LITURGICA-2025-2026.pdf\" target=\"_blank\">vX6bDOw4MmMx-PASTORAL-LITURGICA-2025-2026.pdf<\/a>' rel='' target='_blank'><a href=\"https:\/\/diocesisdeaguascalientes.mx\/vicaria-de-pastoral\/wp-content\/uploads\/sites\/2\/forminator\/10414_47c7fef6f8c6f15ac1daaf1663bdf562\/uploads\/vX6bDOw4MmMx-PASTORAL-LITURGICA-2025-2026.pdf\" target=\"_blank\">vX6bDOw4MmMx-PASTORAL-LITURGICA-2025-2026.pdf<\/a><\/a><\/td>\n                    <td style=\"\">17\/09\/2025 09:55 AM<\/td>\n            <\/tr>\n            <tr id=\"table_2_row_259\">\n                    <td style=\"\">Programaci\u00f3n Parroquial<\/td>\n                    <td style=\"\"><\/td>\n                    <td style=\"\"><\/td>\n                    <td style=\"\"><a href='<a href=\"https:\/\/diocesisdeaguascalientes.mx\/vicaria-de-pastoral\/wp-content\/uploads\/sites\/2\/forminator\/10414_47c7fef6f8c6f15ac1daaf1663bdf562\/uploads\/iGcvFEmaSeCu-PASTORAL-PROFETICA-2025-2026.pdf\" target=\"_blank\">iGcvFEmaSeCu-PASTORAL-PROFETICA-2025-2026.pdf<\/a>' rel='' target='_blank'><a href=\"https:\/\/diocesisdeaguascalientes.mx\/vicaria-de-pastoral\/wp-content\/uploads\/sites\/2\/forminator\/10414_47c7fef6f8c6f15ac1daaf1663bdf562\/uploads\/iGcvFEmaSeCu-PASTORAL-PROFETICA-2025-2026.pdf\" target=\"_blank\">iGcvFEmaSeCu-PASTORAL-PROFETICA-2025-2026.pdf<\/a><\/a><\/td>\n                    <td style=\"\">17\/09\/2025 09:36 AM<\/td>\n            <\/tr>\n            <tr id=\"table_2_row_260\">\n                    <td style=\"\">Programaci\u00f3n Parroquial<\/td>\n                    <td style=\"\"><\/td>\n                    <td style=\"\"><\/td>\n                    <td style=\"\"><a href='<a href=\"https:\/\/diocesisdeaguascalientes.mx\/vicaria-de-pastoral\/wp-content\/uploads\/sites\/2\/forminator\/10414_47c7fef6f8c6f15ac1daaf1663bdf562\/uploads\/EpUrbsbwVBkl-PASTORAL-PROFETICA-2025-2026.pdf\" target=\"_blank\">EpUrbsbwVBkl-PASTORAL-PROFETICA-2025-2026.pdf<\/a>' rel='' target='_blank'><a href=\"https:\/\/diocesisdeaguascalientes.mx\/vicaria-de-pastoral\/wp-content\/uploads\/sites\/2\/forminator\/10414_47c7fef6f8c6f15ac1daaf1663bdf562\/uploads\/EpUrbsbwVBkl-PASTORAL-PROFETICA-2025-2026.pdf\" target=\"_blank\">EpUrbsbwVBkl-PASTORAL-PROFETICA-2025-2026.pdf<\/a><\/a><\/td>\n                    <td style=\"\">17\/09\/2025 09:17 AM<\/td>\n            <\/tr>\n            <tr id=\"table_2_row_261\">\n                    <td style=\"\">Programaci\u00f3n de Capellan\u00eda<\/td>\n                    <td style=\"\"><\/td>\n                    <td style=\"\"><\/td>\n                    <td style=\"\"><a href='<a href=\"https:\/\/diocesisdeaguascalientes.mx\/vicaria-de-pastoral\/wp-content\/uploads\/sites\/2\/forminator\/10414_47c7fef6f8c6f15ac1daaf1663bdf562\/uploads\/tFtsTBRbGANG-PASTORAL-DE-LA-SALUD.pdf\" target=\"_blank\">tFtsTBRbGANG-PASTORAL-DE-LA-SALUD.pdf<\/a>' rel='' target='_blank'><a href=\"https:\/\/diocesisdeaguascalientes.mx\/vicaria-de-pastoral\/wp-content\/uploads\/sites\/2\/forminator\/10414_47c7fef6f8c6f15ac1daaf1663bdf562\/uploads\/tFtsTBRbGANG-PASTORAL-DE-LA-SALUD.pdf\" target=\"_blank\">tFtsTBRbGANG-PASTORAL-DE-LA-SALUD.pdf<\/a><\/a><\/td>\n                    <td style=\"\">16\/09\/2025 10:02 PM<\/td>\n            <\/tr>\n            <tr id=\"table_2_row_262\">\n                    <td style=\"\">Programaci\u00f3n de Capellan\u00eda<\/td>\n                    <td style=\"\"><\/td>\n                    <td style=\"\"><\/td>\n                    <td style=\"\"><a href='<a href=\"https:\/\/diocesisdeaguascalientes.mx\/vicaria-de-pastoral\/wp-content\/uploads\/sites\/2\/forminator\/10414_47c7fef6f8c6f15ac1daaf1663bdf562\/uploads\/jTtSqAoHeS7T-PASTORAL-LITURGICA-JUVENIL.pdf\" target=\"_blank\">jTtSqAoHeS7T-PASTORAL-LITURGICA-JUVENIL.pdf<\/a>' rel='' target='_blank'><a href=\"https:\/\/diocesisdeaguascalientes.mx\/vicaria-de-pastoral\/wp-content\/uploads\/sites\/2\/forminator\/10414_47c7fef6f8c6f15ac1daaf1663bdf562\/uploads\/jTtSqAoHeS7T-PASTORAL-LITURGICA-JUVENIL.pdf\" target=\"_blank\">jTtSqAoHeS7T-PASTORAL-LITURGICA-JUVENIL.pdf<\/a><\/a><\/td>\n                    <td style=\"\">16\/09\/2025 09:59 PM<\/td>\n            <\/tr>\n            <tr id=\"table_2_row_263\">\n                    <td style=\"\">Programaci\u00f3n de Capellan\u00eda<\/td>\n                    <td style=\"\"><\/td>\n                    <td style=\"\"><\/td>\n                    <td style=\"\"><a href='<a href=\"https:\/\/diocesisdeaguascalientes.mx\/vicaria-de-pastoral\/wp-content\/uploads\/sites\/2\/forminator\/10414_47c7fef6f8c6f15ac1daaf1663bdf562\/uploads\/qBesYd9C8vEi-PASTORAL-FAMILIAR.pdf\" target=\"_blank\">qBesYd9C8vEi-PASTORAL-FAMILIAR.pdf<\/a>' rel='' target='_blank'><a href=\"https:\/\/diocesisdeaguascalientes.mx\/vicaria-de-pastoral\/wp-content\/uploads\/sites\/2\/forminator\/10414_47c7fef6f8c6f15ac1daaf1663bdf562\/uploads\/qBesYd9C8vEi-PASTORAL-FAMILIAR.pdf\" target=\"_blank\">qBesYd9C8vEi-PASTORAL-FAMILIAR.pdf<\/a><\/a><\/td>\n                    <td style=\"\">16\/09\/2025 09:57 PM<\/td>\n            <\/tr>\n            <tr id=\"table_2_row_264\">\n                    <td style=\"\">Programaci\u00f3n de Capellan\u00eda<\/td>\n                    <td style=\"\"><\/td>\n                    <td style=\"\"><\/td>\n                    <td style=\"\"><a href='<a href=\"https:\/\/diocesisdeaguascalientes.mx\/vicaria-de-pastoral\/wp-content\/uploads\/sites\/2\/forminator\/10414_47c7fef6f8c6f15ac1daaf1663bdf562\/uploads\/GJenl1NUwqjT-PASTORAL-LITURGICA.pdf\" target=\"_blank\">GJenl1NUwqjT-PASTORAL-LITURGICA.pdf<\/a>' rel='' target='_blank'><a href=\"https:\/\/diocesisdeaguascalientes.mx\/vicaria-de-pastoral\/wp-content\/uploads\/sites\/2\/forminator\/10414_47c7fef6f8c6f15ac1daaf1663bdf562\/uploads\/GJenl1NUwqjT-PASTORAL-LITURGICA.pdf\" target=\"_blank\">GJenl1NUwqjT-PASTORAL-LITURGICA.pdf<\/a><\/a><\/td>\n                    <td style=\"\">16\/09\/2025 09:56 PM<\/td>\n            <\/tr>\n            <tr id=\"table_2_row_265\">\n                    <td style=\"\">Programaci\u00f3n de Capellan\u00eda<\/td>\n                    <td style=\"\"><\/td>\n                    <td style=\"\"><\/td>\n                    <td style=\"\"><a href='<a href=\"https:\/\/diocesisdeaguascalientes.mx\/vicaria-de-pastoral\/wp-content\/uploads\/sites\/2\/forminator\/10414_47c7fef6f8c6f15ac1daaf1663bdf562\/uploads\/mAwdPaBwaZoH-PASTORAL-PROFETICA.pdf\" target=\"_blank\">mAwdPaBwaZoH-PASTORAL-PROFETICA.pdf<\/a>' rel='' target='_blank'><a href=\"https:\/\/diocesisdeaguascalientes.mx\/vicaria-de-pastoral\/wp-content\/uploads\/sites\/2\/forminator\/10414_47c7fef6f8c6f15ac1daaf1663bdf562\/uploads\/mAwdPaBwaZoH-PASTORAL-PROFETICA.pdf\" target=\"_blank\">mAwdPaBwaZoH-PASTORAL-PROFETICA.pdf<\/a><\/a><\/td>\n                    <td style=\"\">16\/09\/2025 09:55 PM<\/td>\n            <\/tr>\n            <tr id=\"table_2_row_266\">\n                    <td style=\"\">Programaci\u00f3n de Capellan\u00eda<\/td>\n                    <td style=\"\"><\/td>\n                    <td style=\"\"><\/td>\n                    <td style=\"\"><a href='<a href=\"https:\/\/diocesisdeaguascalientes.mx\/vicaria-de-pastoral\/wp-content\/uploads\/sites\/2\/forminator\/10414_47c7fef6f8c6f15ac1daaf1663bdf562\/uploads\/LxnrqgZGYXgT-ANIMACION-PASTORAL.pdf\" target=\"_blank\">LxnrqgZGYXgT-ANIMACION-PASTORAL.pdf<\/a>' rel='' target='_blank'><a href=\"https:\/\/diocesisdeaguascalientes.mx\/vicaria-de-pastoral\/wp-content\/uploads\/sites\/2\/forminator\/10414_47c7fef6f8c6f15ac1daaf1663bdf562\/uploads\/LxnrqgZGYXgT-ANIMACION-PASTORAL.pdf\" target=\"_blank\">LxnrqgZGYXgT-ANIMACION-PASTORAL.pdf<\/a><\/a><\/td>\n                    <td style=\"\">16\/09\/2025 09:54 PM<\/td>\n            <\/tr>\n            <tr id=\"table_2_row_267\">\n                    <td style=\"\">Programaci\u00f3n de Capellan\u00eda<\/td>\n                    <td style=\"\"><\/td>\n                    <td style=\"\"><\/td>\n                    <td style=\"\"><a href='<a href=\"https:\/\/diocesisdeaguascalientes.mx\/vicaria-de-pastoral\/wp-content\/uploads\/sites\/2\/forminator\/10414_47c7fef6f8c6f15ac1daaf1663bdf562\/uploads\/yYlEDqfOmS9O-ANIMACION-PASTORAL.pdf\" target=\"_blank\">yYlEDqfOmS9O-ANIMACION-PASTORAL.pdf<\/a>' rel='' target='_blank'><a href=\"https:\/\/diocesisdeaguascalientes.mx\/vicaria-de-pastoral\/wp-content\/uploads\/sites\/2\/forminator\/10414_47c7fef6f8c6f15ac1daaf1663bdf562\/uploads\/yYlEDqfOmS9O-ANIMACION-PASTORAL.pdf\" target=\"_blank\">yYlEDqfOmS9O-ANIMACION-PASTORAL.pdf<\/a><\/a><\/td>\n                    <td style=\"\">16\/09\/2025 09:47 PM<\/td>\n            <\/tr>\n            <tr id=\"table_2_row_268\">\n                    <td style=\"\">Programaci\u00f3n de Capellan\u00eda<\/td>\n                    <td style=\"\"><\/td>\n                    <td style=\"\"><\/td>\n                    <td style=\"\"><a href='<a href=\"https:\/\/diocesisdeaguascalientes.mx\/vicaria-de-pastoral\/wp-content\/uploads\/sites\/2\/forminator\/10414_47c7fef6f8c6f15ac1daaf1663bdf562\/uploads\/Ucg2HVGq1kHo-PASTORAL-DE-LA-SALUD.pdf\" target=\"_blank\">Ucg2HVGq1kHo-PASTORAL-DE-LA-SALUD.pdf<\/a>' rel='' target='_blank'><a href=\"https:\/\/diocesisdeaguascalientes.mx\/vicaria-de-pastoral\/wp-content\/uploads\/sites\/2\/forminator\/10414_47c7fef6f8c6f15ac1daaf1663bdf562\/uploads\/Ucg2HVGq1kHo-PASTORAL-DE-LA-SALUD.pdf\" target=\"_blank\">Ucg2HVGq1kHo-PASTORAL-DE-LA-SALUD.pdf<\/a><\/a><\/td>\n                    <td style=\"\">16\/09\/2025 09:43 PM<\/td>\n            <\/tr>\n            <tr id=\"table_2_row_269\">\n                    <td style=\"\">Programaci\u00f3n de Capellan\u00eda<\/td>\n                    <td style=\"\"><\/td>\n                    <td style=\"\"><\/td>\n                    <td style=\"\"><a href='<a href=\"https:\/\/diocesisdeaguascalientes.mx\/vicaria-de-pastoral\/wp-content\/uploads\/sites\/2\/forminator\/10414_47c7fef6f8c6f15ac1daaf1663bdf562\/uploads\/PJNlcyIbN4uS-PASTORAL-FAMILIAR.pdf\" target=\"_blank\">PJNlcyIbN4uS-PASTORAL-FAMILIAR.pdf<\/a>' rel='' target='_blank'><a href=\"https:\/\/diocesisdeaguascalientes.mx\/vicaria-de-pastoral\/wp-content\/uploads\/sites\/2\/forminator\/10414_47c7fef6f8c6f15ac1daaf1663bdf562\/uploads\/PJNlcyIbN4uS-PASTORAL-FAMILIAR.pdf\" target=\"_blank\">PJNlcyIbN4uS-PASTORAL-FAMILIAR.pdf<\/a><\/a><\/td>\n                    <td style=\"\">16\/09\/2025 09:39 PM<\/td>\n            <\/tr>\n            <tr id=\"table_2_row_270\">\n                    <td style=\"\">Programaci\u00f3n Parroquial<\/td>\n                    <td style=\"\"><\/td>\n                    <td style=\"\"><\/td>\n                    <td style=\"\"><a href='<a href=\"https:\/\/diocesisdeaguascalientes.mx\/vicaria-de-pastoral\/wp-content\/uploads\/sites\/2\/forminator\/10414_47c7fef6f8c6f15ac1daaf1663bdf562\/uploads\/CPT4yHgKxmVV-CURSILLOS-DE-CRISTIANDAD-25-26.pdf\" target=\"_blank\">CPT4yHgKxmVV-CURSILLOS-DE-CRISTIANDAD-25-26.pdf<\/a>' rel='' target='_blank'><a href=\"https:\/\/diocesisdeaguascalientes.mx\/vicaria-de-pastoral\/wp-content\/uploads\/sites\/2\/forminator\/10414_47c7fef6f8c6f15ac1daaf1663bdf562\/uploads\/CPT4yHgKxmVV-CURSILLOS-DE-CRISTIANDAD-25-26.pdf\" target=\"_blank\">CPT4yHgKxmVV-CURSILLOS-DE-CRISTIANDAD-25-26.pdf<\/a><\/a><\/td>\n                    <td style=\"\">16\/09\/2025 10:38 AM<\/td>\n            <\/tr>\n            <tr id=\"table_2_row_271\">\n                    <td style=\"\">Programaci\u00f3n Parroquial<\/td>\n                    <td style=\"\"><\/td>\n                    <td style=\"\"><\/td>\n                    <td style=\"\"><a href='<a href=\"https:\/\/diocesisdeaguascalientes.mx\/vicaria-de-pastoral\/wp-content\/uploads\/sites\/2\/forminator\/10414_47c7fef6f8c6f15ac1daaf1663bdf562\/uploads\/1ueXmYBrUbEA-PASTORAL-DE-LA-COMUNICACION-25-26.pdf\" target=\"_blank\">1ueXmYBrUbEA-PASTORAL-DE-LA-COMUNICACION-25-26.pdf<\/a>' rel='' target='_blank'><a href=\"https:\/\/diocesisdeaguascalientes.mx\/vicaria-de-pastoral\/wp-content\/uploads\/sites\/2\/forminator\/10414_47c7fef6f8c6f15ac1daaf1663bdf562\/uploads\/1ueXmYBrUbEA-PASTORAL-DE-LA-COMUNICACION-25-26.pdf\" target=\"_blank\">1ueXmYBrUbEA-PASTORAL-DE-LA-COMUNICACION-25-26.pdf<\/a><\/a><\/td>\n                    <td style=\"\">16\/09\/2025 10:37 AM<\/td>\n            <\/tr>\n            <tr id=\"table_2_row_272\">\n                    <td style=\"\">Programaci\u00f3n Parroquial<\/td>\n                    <td style=\"\"><\/td>\n                    <td style=\"\"><\/td>\n                    <td style=\"\"><a href='<a href=\"https:\/\/diocesisdeaguascalientes.mx\/vicaria-de-pastoral\/wp-content\/uploads\/sites\/2\/forminator\/10414_47c7fef6f8c6f15ac1daaf1663bdf562\/uploads\/JS60WSWeU0wp-PASTORAL-JUVENIL-25-26.pdf\" target=\"_blank\">JS60WSWeU0wp-PASTORAL-JUVENIL-25-26.pdf<\/a>' rel='' target='_blank'><a href=\"https:\/\/diocesisdeaguascalientes.mx\/vicaria-de-pastoral\/wp-content\/uploads\/sites\/2\/forminator\/10414_47c7fef6f8c6f15ac1daaf1663bdf562\/uploads\/JS60WSWeU0wp-PASTORAL-JUVENIL-25-26.pdf\" target=\"_blank\">JS60WSWeU0wp-PASTORAL-JUVENIL-25-26.pdf<\/a><\/a><\/td>\n                    <td style=\"\">16\/09\/2025 10:37 AM<\/td>\n            <\/tr>\n            <tr id=\"table_2_row_273\">\n                    <td style=\"\">Programaci\u00f3n Parroquial<\/td>\n                    <td style=\"\"><\/td>\n                    <td style=\"\"><\/td>\n                    <td style=\"\"><a href='<a href=\"https:\/\/diocesisdeaguascalientes.mx\/vicaria-de-pastoral\/wp-content\/uploads\/sites\/2\/forminator\/10414_47c7fef6f8c6f15ac1daaf1663bdf562\/uploads\/9PWp56o5F0Wz-PASTORAL-DE-ADOLESCENTES-25-26.pdf\" target=\"_blank\">9PWp56o5F0Wz-PASTORAL-DE-ADOLESCENTES-25-26.pdf<\/a>' rel='' target='_blank'><a href=\"https:\/\/diocesisdeaguascalientes.mx\/vicaria-de-pastoral\/wp-content\/uploads\/sites\/2\/forminator\/10414_47c7fef6f8c6f15ac1daaf1663bdf562\/uploads\/9PWp56o5F0Wz-PASTORAL-DE-ADOLESCENTES-25-26.pdf\" target=\"_blank\">9PWp56o5F0Wz-PASTORAL-DE-ADOLESCENTES-25-26.pdf<\/a><\/a><\/td>\n                    <td style=\"\">16\/09\/2025 10:36 AM<\/td>\n            <\/tr>\n            <tr id=\"table_2_row_274\">\n                    <td style=\"\">Programaci\u00f3n Parroquial<\/td>\n                    <td style=\"\"><\/td>\n                    <td style=\"\"><\/td>\n                    <td style=\"\"><a href='<a href=\"https:\/\/diocesisdeaguascalientes.mx\/vicaria-de-pastoral\/wp-content\/uploads\/sites\/2\/forminator\/10414_47c7fef6f8c6f15ac1daaf1663bdf562\/uploads\/d0ySYVsBKvRi-PASTORAL-FAMILIAR-25-26.pdf\" target=\"_blank\">d0ySYVsBKvRi-PASTORAL-FAMILIAR-25-26.pdf<\/a>' rel='' target='_blank'><a href=\"https:\/\/diocesisdeaguascalientes.mx\/vicaria-de-pastoral\/wp-content\/uploads\/sites\/2\/forminator\/10414_47c7fef6f8c6f15ac1daaf1663bdf562\/uploads\/d0ySYVsBKvRi-PASTORAL-FAMILIAR-25-26.pdf\" target=\"_blank\">d0ySYVsBKvRi-PASTORAL-FAMILIAR-25-26.pdf<\/a><\/a><\/td>\n                    <td style=\"\">16\/09\/2025 10:35 AM<\/td>\n            <\/tr>\n            <tr id=\"table_2_row_275\">\n                    <td style=\"\">Programaci\u00f3n Parroquial<\/td>\n                    <td style=\"\"><\/td>\n                    <td style=\"\"><\/td>\n                    <td style=\"\"><a href='<a href=\"https:\/\/diocesisdeaguascalientes.mx\/vicaria-de-pastoral\/wp-content\/uploads\/sites\/2\/forminator\/10414_47c7fef6f8c6f15ac1daaf1663bdf562\/uploads\/2ZKcOujLnVzP-PASTORAL-SOCIAL-25-26.pdf\" target=\"_blank\">2ZKcOujLnVzP-PASTORAL-SOCIAL-25-26.pdf<\/a>' rel='' target='_blank'><a href=\"https:\/\/diocesisdeaguascalientes.mx\/vicaria-de-pastoral\/wp-content\/uploads\/sites\/2\/forminator\/10414_47c7fef6f8c6f15ac1daaf1663bdf562\/uploads\/2ZKcOujLnVzP-PASTORAL-SOCIAL-25-26.pdf\" target=\"_blank\">2ZKcOujLnVzP-PASTORAL-SOCIAL-25-26.pdf<\/a><\/a><\/td>\n                    <td style=\"\">16\/09\/2025 10:34 AM<\/td>\n            <\/tr>\n            <tr id=\"table_2_row_276\">\n                    <td style=\"\">Programaci\u00f3n Parroquial<\/td>\n                    <td style=\"\"><\/td>\n                    <td style=\"\"><\/td>\n                    <td style=\"\"><a href='<a href=\"https:\/\/diocesisdeaguascalientes.mx\/vicaria-de-pastoral\/wp-content\/uploads\/sites\/2\/forminator\/10414_47c7fef6f8c6f15ac1daaf1663bdf562\/uploads\/XvhqDXdIKoDN-PASTORAL-LITURGICA-25-26.pdf\" target=\"_blank\">XvhqDXdIKoDN-PASTORAL-LITURGICA-25-26.pdf<\/a>' rel='' target='_blank'><a href=\"https:\/\/diocesisdeaguascalientes.mx\/vicaria-de-pastoral\/wp-content\/uploads\/sites\/2\/forminator\/10414_47c7fef6f8c6f15ac1daaf1663bdf562\/uploads\/XvhqDXdIKoDN-PASTORAL-LITURGICA-25-26.pdf\" target=\"_blank\">XvhqDXdIKoDN-PASTORAL-LITURGICA-25-26.pdf<\/a><\/a><\/td>\n                    <td style=\"\">16\/09\/2025 10:34 AM<\/td>\n            <\/tr>\n            <tr id=\"table_2_row_277\">\n                    <td style=\"\">Programaci\u00f3n Parroquial<\/td>\n                    <td style=\"\"><\/td>\n                    <td style=\"\"><\/td>\n                    <td style=\"\"><a href='<a href=\"https:\/\/diocesisdeaguascalientes.mx\/vicaria-de-pastoral\/wp-content\/uploads\/sites\/2\/forminator\/10414_47c7fef6f8c6f15ac1daaf1663bdf562\/uploads\/kAKSYq5HaVQG-PASTORAL-PROFETICA-25-26.pdf\" target=\"_blank\">kAKSYq5HaVQG-PASTORAL-PROFETICA-25-26.pdf<\/a>' rel='' target='_blank'><a href=\"https:\/\/diocesisdeaguascalientes.mx\/vicaria-de-pastoral\/wp-content\/uploads\/sites\/2\/forminator\/10414_47c7fef6f8c6f15ac1daaf1663bdf562\/uploads\/kAKSYq5HaVQG-PASTORAL-PROFETICA-25-26.pdf\" target=\"_blank\">kAKSYq5HaVQG-PASTORAL-PROFETICA-25-26.pdf<\/a><\/a><\/td>\n                    <td style=\"\">16\/09\/2025 10:33 AM<\/td>\n            <\/tr>\n            <tr id=\"table_2_row_278\">\n                    <td style=\"\">Programaci\u00f3n Parroquial<\/td>\n                    <td style=\"\"><\/td>\n                    <td style=\"\"><\/td>\n                    <td style=\"\"><a href='<a href=\"https:\/\/diocesisdeaguascalientes.mx\/vicaria-de-pastoral\/wp-content\/uploads\/sites\/2\/forminator\/10414_47c7fef6f8c6f15ac1daaf1663bdf562\/uploads\/Qu0gaVrLBzPm-PROGRAMACION-PASTORAL-LIGA-2025-2026.pdf\" target=\"_blank\">Qu0gaVrLBzPm-PROGRAMACION-PASTORAL-LIGA-2025-2026.pdf<\/a>' rel='' target='_blank'><a href=\"https:\/\/diocesisdeaguascalientes.mx\/vicaria-de-pastoral\/wp-content\/uploads\/sites\/2\/forminator\/10414_47c7fef6f8c6f15ac1daaf1663bdf562\/uploads\/Qu0gaVrLBzPm-PROGRAMACION-PASTORAL-LIGA-2025-2026.pdf\" target=\"_blank\">Qu0gaVrLBzPm-PROGRAMACION-PASTORAL-LIGA-2025-2026.pdf<\/a><\/a><\/td>\n                    <td style=\"\">15\/09\/2025 05:52 PM<\/td>\n            <\/tr>\n            <tr id=\"table_2_row_279\">\n                    <td style=\"\">Programaci\u00f3n Parroquial<\/td>\n                    <td style=\"\"><\/td>\n                    <td style=\"\"><\/td>\n                    <td style=\"\"><a href='<a href=\"https:\/\/diocesisdeaguascalientes.mx\/vicaria-de-pastoral\/wp-content\/uploads\/sites\/2\/forminator\/10414_47c7fef6f8c6f15ac1daaf1663bdf562\/uploads\/47H43ONOT2ah-PROGRAMACION-PASTORAL-FAMILIAR-2025-2026.pdf\" target=\"_blank\">47H43ONOT2ah-PROGRAMACION-PASTORAL-FAMILIAR-2025-2026.pdf<\/a>' rel='' target='_blank'><a href=\"https:\/\/diocesisdeaguascalientes.mx\/vicaria-de-pastoral\/wp-content\/uploads\/sites\/2\/forminator\/10414_47c7fef6f8c6f15ac1daaf1663bdf562\/uploads\/47H43ONOT2ah-PROGRAMACION-PASTORAL-FAMILIAR-2025-2026.pdf\" target=\"_blank\">47H43ONOT2ah-PROGRAMACION-PASTORAL-FAMILIAR-2025-2026.pdf<\/a><\/a><\/td>\n                    <td style=\"\">15\/09\/2025 05:50 PM<\/td>\n            <\/tr>\n            <tr id=\"table_2_row_280\">\n                    <td style=\"\">Programaci\u00f3n Parroquial<\/td>\n                    <td style=\"\"><\/td>\n                    <td style=\"\"><\/td>\n                    <td style=\"\"><a href='<a href=\"https:\/\/diocesisdeaguascalientes.mx\/vicaria-de-pastoral\/wp-content\/uploads\/sites\/2\/forminator\/10414_47c7fef6f8c6f15ac1daaf1663bdf562\/uploads\/VJ5NqGQlPGht-PROGRAMACION-PASTORAL-LIURGICA-2025-2026-1.pdf\" target=\"_blank\">VJ5NqGQlPGht-PROGRAMACION-PASTORAL-LIURGICA-2025-2026-1.pdf<\/a>' rel='' target='_blank'><a href=\"https:\/\/diocesisdeaguascalientes.mx\/vicaria-de-pastoral\/wp-content\/uploads\/sites\/2\/forminator\/10414_47c7fef6f8c6f15ac1daaf1663bdf562\/uploads\/VJ5NqGQlPGht-PROGRAMACION-PASTORAL-LIURGICA-2025-2026-1.pdf\" target=\"_blank\">VJ5NqGQlPGht-PROGRAMACION-PASTORAL-LIURGICA-2025-2026-1.pdf<\/a><\/a><\/td>\n                    <td style=\"\">15\/09\/2025 05:50 PM<\/td>\n            <\/tr>\n            <tr id=\"table_2_row_281\">\n                    <td style=\"\">Programaci\u00f3n Parroquial<\/td>\n                    <td style=\"\"><\/td>\n                    <td style=\"\"><\/td>\n                    <td style=\"\"><a href='<a href=\"https:\/\/diocesisdeaguascalientes.mx\/vicaria-de-pastoral\/wp-content\/uploads\/sites\/2\/forminator\/10414_47c7fef6f8c6f15ac1daaf1663bdf562\/uploads\/FwrOHEoJFjHC-PROGRAMACION-ANIMACION-PASTORAL-2025-2026.pdf\" target=\"_blank\">FwrOHEoJFjHC-PROGRAMACION-ANIMACION-PASTORAL-2025-2026.pdf<\/a>' rel='' target='_blank'><a href=\"https:\/\/diocesisdeaguascalientes.mx\/vicaria-de-pastoral\/wp-content\/uploads\/sites\/2\/forminator\/10414_47c7fef6f8c6f15ac1daaf1663bdf562\/uploads\/FwrOHEoJFjHC-PROGRAMACION-ANIMACION-PASTORAL-2025-2026.pdf\" target=\"_blank\">FwrOHEoJFjHC-PROGRAMACION-ANIMACION-PASTORAL-2025-2026.pdf<\/a><\/a><\/td>\n                    <td style=\"\">15\/09\/2025 05:49 PM<\/td>\n            <\/tr>\n            <tr id=\"table_2_row_282\">\n                    <td style=\"\">Programaci\u00f3n Decanal<\/td>\n                    <td style=\"\">D16 SUR CIUDAD SANTO TORIBIO ROMO GONZALEZ<\/td>\n                    <td style=\"\">Pastoral Familiar<\/td>\n                    <td style=\"\"><a href='<a href=\"https:\/\/diocesisdeaguascalientes.mx\/vicaria-de-pastoral\/wp-content\/uploads\/sites\/2\/forminator\/10414_47c7fef6f8c6f15ac1daaf1663bdf562\/uploads\/CjekLcsI8ZOR-Programacion-pastoral-familiar-DECANATO-STO.-TORIBIO-2025-2026.pdf\" target=\"_blank\">CjekLcsI8ZOR-Programacion-pastoral-familiar-DECANATO-STO.-TORIBIO-2025-2026.pdf<\/a>' rel='' target='_blank'><a href=\"https:\/\/diocesisdeaguascalientes.mx\/vicaria-de-pastoral\/wp-content\/uploads\/sites\/2\/forminator\/10414_47c7fef6f8c6f15ac1daaf1663bdf562\/uploads\/CjekLcsI8ZOR-Programacion-pastoral-familiar-DECANATO-STO.-TORIBIO-2025-2026.pdf\" target=\"_blank\">CjekLcsI8ZOR-Programacion-pastoral-familiar-DECANATO-STO.-TORIBIO-2025-2026.pdf<\/a><\/a><\/td>\n                    <td style=\"\">15\/09\/2025 05:13 PM<\/td>\n            <\/tr>\n            <tr id=\"table_2_row_283\">\n                    <td style=\"\">Programaci\u00f3n Decanal<\/td>\n                    <td style=\"\">D16 SUR CIUDAD SANTO TORIBIO ROMO GONZALEZ<\/td>\n                    <td style=\"\">Pastoral de Adolescentes<\/td>\n                    <td style=\"\"><a href='<a href=\"https:\/\/diocesisdeaguascalientes.mx\/vicaria-de-pastoral\/wp-content\/uploads\/sites\/2\/forminator\/10414_47c7fef6f8c6f15ac1daaf1663bdf562\/uploads\/8aKw8xRn5XoD-PROGRAMACION-2025-2026-pastoral-de-adolescentes.pdf\" target=\"_blank\">8aKw8xRn5XoD-PROGRAMACION-2025-2026-pastoral-de-adolescentes.pdf<\/a>' rel='' target='_blank'><a href=\"https:\/\/diocesisdeaguascalientes.mx\/vicaria-de-pastoral\/wp-content\/uploads\/sites\/2\/forminator\/10414_47c7fef6f8c6f15ac1daaf1663bdf562\/uploads\/8aKw8xRn5XoD-PROGRAMACION-2025-2026-pastoral-de-adolescentes.pdf\" target=\"_blank\">8aKw8xRn5XoD-PROGRAMACION-2025-2026-pastoral-de-adolescentes.pdf<\/a><\/a><\/td>\n                    <td style=\"\">15\/09\/2025 05:07 PM<\/td>\n            <\/tr>\n            <tr id=\"table_2_row_284\">\n                    <td style=\"\">Programaci\u00f3n Decanal<\/td>\n                    <td style=\"\">D16 SUR CIUDAD SANTO TORIBIO ROMO GONZALEZ<\/td>\n                    <td style=\"\">Pastoral Prof\u00e9tica<\/td>\n                    <td style=\"\"><a href='<a href=\"https:\/\/diocesisdeaguascalientes.mx\/vicaria-de-pastoral\/wp-content\/uploads\/sites\/2\/forminator\/10414_47c7fef6f8c6f15ac1daaf1663bdf562\/uploads\/RSf3nBJi3Pwf-Programacion-pastoral-profetica-DECANATO-STO.-TORIBIO-2025-2026.pdf\" target=\"_blank\">RSf3nBJi3Pwf-Programacion-pastoral-profetica-DECANATO-STO.-TORIBIO-2025-2026.pdf<\/a>' rel='' target='_blank'><a href=\"https:\/\/diocesisdeaguascalientes.mx\/vicaria-de-pastoral\/wp-content\/uploads\/sites\/2\/forminator\/10414_47c7fef6f8c6f15ac1daaf1663bdf562\/uploads\/RSf3nBJi3Pwf-Programacion-pastoral-profetica-DECANATO-STO.-TORIBIO-2025-2026.pdf\" target=\"_blank\">RSf3nBJi3Pwf-Programacion-pastoral-profetica-DECANATO-STO.-TORIBIO-2025-2026.pdf<\/a><\/a><\/td>\n                    <td style=\"\">13\/09\/2025 06:01 PM<\/td>\n            <\/tr>\n            <tr id=\"table_2_row_285\">\n                    <td style=\"\">Programaci\u00f3n Decanal<\/td>\n                    <td style=\"\">D16 SUR CIUDAD SANTO TORIBIO ROMO GONZALEZ<\/td>\n                    <td style=\"\">Pastoral Social<\/td>\n                    <td style=\"\"><a href='<a href=\"https:\/\/diocesisdeaguascalientes.mx\/vicaria-de-pastoral\/wp-content\/uploads\/sites\/2\/forminator\/10414_47c7fef6f8c6f15ac1daaf1663bdf562\/uploads\/0F3AdJz0Qb2e-PROGRAMACION-ANUAL-DECANAL-pastoral-social-2025-2026.pdf\" target=\"_blank\">0F3AdJz0Qb2e-PROGRAMACION-ANUAL-DECANAL-pastoral-social-2025-2026.pdf<\/a>' rel='' target='_blank'><a href=\"https:\/\/diocesisdeaguascalientes.mx\/vicaria-de-pastoral\/wp-content\/uploads\/sites\/2\/forminator\/10414_47c7fef6f8c6f15ac1daaf1663bdf562\/uploads\/0F3AdJz0Qb2e-PROGRAMACION-ANUAL-DECANAL-pastoral-social-2025-2026.pdf\" target=\"_blank\">0F3AdJz0Qb2e-PROGRAMACION-ANUAL-DECANAL-pastoral-social-2025-2026.pdf<\/a><\/a><\/td>\n                    <td style=\"\">13\/09\/2025 06:01 PM<\/td>\n            <\/tr>\n            <tr id=\"table_2_row_286\">\n                    <td style=\"\">Programaci\u00f3n Decanal<\/td>\n                    <td style=\"\">D16 SUR CIUDAD SANTO TORIBIO ROMO GONZALEZ<\/td>\n                    <td style=\"\">Pastoral de la Comunicaci\u00f3n<\/td>\n                    <td style=\"\"><a href='<a href=\"https:\/\/diocesisdeaguascalientes.mx\/vicaria-de-pastoral\/wp-content\/uploads\/sites\/2\/forminator\/10414_47c7fef6f8c6f15ac1daaf1663bdf562\/uploads\/KlNHqCaoMrTI-Formato-Programacion-Comunicacion-STR-2025-2026.pdf\" target=\"_blank\">KlNHqCaoMrTI-Formato-Programacion-Comunicacion-STR-2025-2026.pdf<\/a>' rel='' target='_blank'><a href=\"https:\/\/diocesisdeaguascalientes.mx\/vicaria-de-pastoral\/wp-content\/uploads\/sites\/2\/forminator\/10414_47c7fef6f8c6f15ac1daaf1663bdf562\/uploads\/KlNHqCaoMrTI-Formato-Programacion-Comunicacion-STR-2025-2026.pdf\" target=\"_blank\">KlNHqCaoMrTI-Formato-Programacion-Comunicacion-STR-2025-2026.pdf<\/a><\/a><\/td>\n                    <td style=\"\">13\/09\/2025 05:58 PM<\/td>\n            <\/tr>\n            <tr id=\"table_2_row_287\">\n                    <td style=\"\">Programaci\u00f3n Parroquial<\/td>\n                    <td style=\"\"><\/td>\n                    <td style=\"\"><\/td>\n                    <td style=\"\"><a href='<a href=\"https:\/\/diocesisdeaguascalientes.mx\/vicaria-de-pastoral\/wp-content\/uploads\/sites\/2\/forminator\/10414_47c7fef6f8c6f15ac1daaf1663bdf562\/uploads\/ITLuDvvfiDo3-ORDEN-SEGLAR-2025-2026.pdf\" target=\"_blank\">ITLuDvvfiDo3-ORDEN-SEGLAR-2025-2026.pdf<\/a>' rel='' target='_blank'><a href=\"https:\/\/diocesisdeaguascalientes.mx\/vicaria-de-pastoral\/wp-content\/uploads\/sites\/2\/forminator\/10414_47c7fef6f8c6f15ac1daaf1663bdf562\/uploads\/ITLuDvvfiDo3-ORDEN-SEGLAR-2025-2026.pdf\" target=\"_blank\">ITLuDvvfiDo3-ORDEN-SEGLAR-2025-2026.pdf<\/a><\/a><\/td>\n                    <td style=\"\">12\/09\/2025 03:45 PM<\/td>\n            <\/tr>\n            <tr id=\"table_2_row_288\">\n                    <td style=\"\">Programaci\u00f3n Parroquial<\/td>\n                    <td style=\"\"><\/td>\n                    <td style=\"\"><\/td>\n                    <td style=\"\"><a href='<a href=\"https:\/\/diocesisdeaguascalientes.mx\/vicaria-de-pastoral\/wp-content\/uploads\/sites\/2\/forminator\/10414_47c7fef6f8c6f15ac1daaf1663bdf562\/uploads\/q4EU8tfJ9szE-LRASF-2025-2026.pdf\" target=\"_blank\">q4EU8tfJ9szE-LRASF-2025-2026.pdf<\/a>' rel='' target='_blank'><a href=\"https:\/\/diocesisdeaguascalientes.mx\/vicaria-de-pastoral\/wp-content\/uploads\/sites\/2\/forminator\/10414_47c7fef6f8c6f15ac1daaf1663bdf562\/uploads\/q4EU8tfJ9szE-LRASF-2025-2026.pdf\" target=\"_blank\">q4EU8tfJ9szE-LRASF-2025-2026.pdf<\/a><\/a><\/td>\n                    <td style=\"\">12\/09\/2025 03:44 PM<\/td>\n            <\/tr>\n            <tr id=\"table_2_row_289\">\n                    <td style=\"\">Programaci\u00f3n Parroquial<\/td>\n                    <td style=\"\"><\/td>\n                    <td style=\"\"><\/td>\n                    <td style=\"\"><a href='<a href=\"https:\/\/diocesisdeaguascalientes.mx\/vicaria-de-pastoral\/wp-content\/uploads\/sites\/2\/forminator\/10414_47c7fef6f8c6f15ac1daaf1663bdf562\/uploads\/8QyduiMymAtg-PASTORAL-DE-LA-COMUNICACION-2025-2026.pdf\" target=\"_blank\">8QyduiMymAtg-PASTORAL-DE-LA-COMUNICACION-2025-2026.pdf<\/a>' rel='' target='_blank'><a href=\"https:\/\/diocesisdeaguascalientes.mx\/vicaria-de-pastoral\/wp-content\/uploads\/sites\/2\/forminator\/10414_47c7fef6f8c6f15ac1daaf1663bdf562\/uploads\/8QyduiMymAtg-PASTORAL-DE-LA-COMUNICACION-2025-2026.pdf\" target=\"_blank\">8QyduiMymAtg-PASTORAL-DE-LA-COMUNICACION-2025-2026.pdf<\/a><\/a><\/td>\n                    <td style=\"\">12\/09\/2025 03:42 PM<\/td>\n            <\/tr>\n            <tr id=\"table_2_row_290\">\n                    <td style=\"\">Programaci\u00f3n Parroquial<\/td>\n                    <td style=\"\"><\/td>\n                    <td style=\"\"><\/td>\n                    <td style=\"\"><a href='<a href=\"https:\/\/diocesisdeaguascalientes.mx\/vicaria-de-pastoral\/wp-content\/uploads\/sites\/2\/forminator\/10414_47c7fef6f8c6f15ac1daaf1663bdf562\/uploads\/OI5Jz9sQXJWE-PASTORAL-JUVENIL-2025-2026.pdf\" target=\"_blank\">OI5Jz9sQXJWE-PASTORAL-JUVENIL-2025-2026.pdf<\/a>' rel='' target='_blank'><a href=\"https:\/\/diocesisdeaguascalientes.mx\/vicaria-de-pastoral\/wp-content\/uploads\/sites\/2\/forminator\/10414_47c7fef6f8c6f15ac1daaf1663bdf562\/uploads\/OI5Jz9sQXJWE-PASTORAL-JUVENIL-2025-2026.pdf\" target=\"_blank\">OI5Jz9sQXJWE-PASTORAL-JUVENIL-2025-2026.pdf<\/a><\/a><\/td>\n                    <td style=\"\">12\/09\/2025 03:41 PM<\/td>\n            <\/tr>\n            <tr id=\"table_2_row_291\">\n                    <td style=\"\">Programaci\u00f3n Parroquial<\/td>\n                    <td style=\"\"><\/td>\n                    <td style=\"\"><\/td>\n                    <td style=\"\"><a href='<a href=\"https:\/\/diocesisdeaguascalientes.mx\/vicaria-de-pastoral\/wp-content\/uploads\/sites\/2\/forminator\/10414_47c7fef6f8c6f15ac1daaf1663bdf562\/uploads\/ULXRDJHarYTE-PASTORAL-DE-ADOLESCENTES-2025-2026.pdf\" target=\"_blank\">ULXRDJHarYTE-PASTORAL-DE-ADOLESCENTES-2025-2026.pdf<\/a>' rel='' target='_blank'><a href=\"https:\/\/diocesisdeaguascalientes.mx\/vicaria-de-pastoral\/wp-content\/uploads\/sites\/2\/forminator\/10414_47c7fef6f8c6f15ac1daaf1663bdf562\/uploads\/ULXRDJHarYTE-PASTORAL-DE-ADOLESCENTES-2025-2026.pdf\" target=\"_blank\">ULXRDJHarYTE-PASTORAL-DE-ADOLESCENTES-2025-2026.pdf<\/a><\/a><\/td>\n                    <td style=\"\">12\/09\/2025 03:41 PM<\/td>\n            <\/tr>\n            <tr id=\"table_2_row_292\">\n                    <td style=\"\">Programaci\u00f3n Parroquial<\/td>\n                    <td style=\"\"><\/td>\n                    <td style=\"\"><\/td>\n                    <td style=\"\"><a href='<a href=\"https:\/\/diocesisdeaguascalientes.mx\/vicaria-de-pastoral\/wp-content\/uploads\/sites\/2\/forminator\/10414_47c7fef6f8c6f15ac1daaf1663bdf562\/uploads\/3op2IldsHQCE-PASTORAL-FAMILIAR-2025-2026.pdf\" target=\"_blank\">3op2IldsHQCE-PASTORAL-FAMILIAR-2025-2026.pdf<\/a>' rel='' target='_blank'><a href=\"https:\/\/diocesisdeaguascalientes.mx\/vicaria-de-pastoral\/wp-content\/uploads\/sites\/2\/forminator\/10414_47c7fef6f8c6f15ac1daaf1663bdf562\/uploads\/3op2IldsHQCE-PASTORAL-FAMILIAR-2025-2026.pdf\" target=\"_blank\">3op2IldsHQCE-PASTORAL-FAMILIAR-2025-2026.pdf<\/a><\/a><\/td>\n                    <td style=\"\">12\/09\/2025 03:40 PM<\/td>\n            <\/tr>\n            <tr id=\"table_2_row_293\">\n                    <td style=\"\">Programaci\u00f3n Parroquial<\/td>\n                    <td style=\"\"><\/td>\n                    <td style=\"\"><\/td>\n                    <td style=\"\"><a href='<a href=\"https:\/\/diocesisdeaguascalientes.mx\/vicaria-de-pastoral\/wp-content\/uploads\/sites\/2\/forminator\/10414_47c7fef6f8c6f15ac1daaf1663bdf562\/uploads\/LfUWeb8kQmw2-PASTORAL-SOCIAL-2025-2026.pdf\" target=\"_blank\">LfUWeb8kQmw2-PASTORAL-SOCIAL-2025-2026.pdf<\/a>' rel='' target='_blank'><a href=\"https:\/\/diocesisdeaguascalientes.mx\/vicaria-de-pastoral\/wp-content\/uploads\/sites\/2\/forminator\/10414_47c7fef6f8c6f15ac1daaf1663bdf562\/uploads\/LfUWeb8kQmw2-PASTORAL-SOCIAL-2025-2026.pdf\" target=\"_blank\">LfUWeb8kQmw2-PASTORAL-SOCIAL-2025-2026.pdf<\/a><\/a><\/td>\n                    <td style=\"\">12\/09\/2025 03:40 PM<\/td>\n            <\/tr>\n            <tr id=\"table_2_row_294\">\n                    <td style=\"\">Programaci\u00f3n Parroquial<\/td>\n                    <td style=\"\"><\/td>\n                    <td style=\"\"><\/td>\n                    <td style=\"\"><a href='<a href=\"https:\/\/diocesisdeaguascalientes.mx\/vicaria-de-pastoral\/wp-content\/uploads\/sites\/2\/forminator\/10414_47c7fef6f8c6f15ac1daaf1663bdf562\/uploads\/z6Us8ghhCmsI-PASTORAL-LITURGICA-2025-2026.pdf\" target=\"_blank\">z6Us8ghhCmsI-PASTORAL-LITURGICA-2025-2026.pdf<\/a>' rel='' target='_blank'><a href=\"https:\/\/diocesisdeaguascalientes.mx\/vicaria-de-pastoral\/wp-content\/uploads\/sites\/2\/forminator\/10414_47c7fef6f8c6f15ac1daaf1663bdf562\/uploads\/z6Us8ghhCmsI-PASTORAL-LITURGICA-2025-2026.pdf\" target=\"_blank\">z6Us8ghhCmsI-PASTORAL-LITURGICA-2025-2026.pdf<\/a><\/a><\/td>\n                    <td style=\"\">12\/09\/2025 03:39 PM<\/td>\n            <\/tr>\n            <tr id=\"table_2_row_295\">\n                    <td style=\"\">Programaci\u00f3n Parroquial<\/td>\n                    <td style=\"\"><\/td>\n                    <td style=\"\"><\/td>\n                    <td style=\"\"><a href='<a href=\"https:\/\/diocesisdeaguascalientes.mx\/vicaria-de-pastoral\/wp-content\/uploads\/sites\/2\/forminator\/10414_47c7fef6f8c6f15ac1daaf1663bdf562\/uploads\/wmZDyoNTo04G-ANIMACION-PASTORAL-2025-2026-1.pdf\" target=\"_blank\">wmZDyoNTo04G-ANIMACION-PASTORAL-2025-2026-1.pdf<\/a>' rel='' target='_blank'><a href=\"https:\/\/diocesisdeaguascalientes.mx\/vicaria-de-pastoral\/wp-content\/uploads\/sites\/2\/forminator\/10414_47c7fef6f8c6f15ac1daaf1663bdf562\/uploads\/wmZDyoNTo04G-ANIMACION-PASTORAL-2025-2026-1.pdf\" target=\"_blank\">wmZDyoNTo04G-ANIMACION-PASTORAL-2025-2026-1.pdf<\/a><\/a><\/td>\n                    <td style=\"\">12\/09\/2025 03:39 PM<\/td>\n            <\/tr>\n            <tr id=\"table_2_row_296\">\n                    <td style=\"\">Programaci\u00f3n Parroquial<\/td>\n                    <td style=\"\"><\/td>\n                    <td style=\"\"><\/td>\n                    <td style=\"\"><a href='<a href=\"https:\/\/diocesisdeaguascalientes.mx\/vicaria-de-pastoral\/wp-content\/uploads\/sites\/2\/forminator\/10414_47c7fef6f8c6f15ac1daaf1663bdf562\/uploads\/lphrGY3TTFiA-PASTORAL-PROFETICA-2025-2026.pdf\" target=\"_blank\">lphrGY3TTFiA-PASTORAL-PROFETICA-2025-2026.pdf<\/a>' rel='' target='_blank'><a href=\"https:\/\/diocesisdeaguascalientes.mx\/vicaria-de-pastoral\/wp-content\/uploads\/sites\/2\/forminator\/10414_47c7fef6f8c6f15ac1daaf1663bdf562\/uploads\/lphrGY3TTFiA-PASTORAL-PROFETICA-2025-2026.pdf\" target=\"_blank\">lphrGY3TTFiA-PASTORAL-PROFETICA-2025-2026.pdf<\/a><\/a><\/td>\n                    <td style=\"\">12\/09\/2025 03:38 PM<\/td>\n            <\/tr>\n            <tr id=\"table_2_row_297\">\n                    <td style=\"\">Programaci\u00f3n de Dimensi\u00f3n de una Comisi\u00f3n Diocesana de Pastoral<\/td>\n                    <td style=\"\"><\/td>\n                    <td style=\"\"><\/td>\n                    <td style=\"\"><a href='<a href=\"https:\/\/diocesisdeaguascalientes.mx\/vicaria-de-pastoral\/wp-content\/uploads\/sites\/2\/forminator\/10414_47c7fef6f8c6f15ac1daaf1663bdf562\/uploads\/diY9SaOdX25i-Programacion-CASBC-2025-2026.pdf\" target=\"_blank\">diY9SaOdX25i-Programacion-CASBC-2025-2026.pdf<\/a>' rel='' target='_blank'><a href=\"https:\/\/diocesisdeaguascalientes.mx\/vicaria-de-pastoral\/wp-content\/uploads\/sites\/2\/forminator\/10414_47c7fef6f8c6f15ac1daaf1663bdf562\/uploads\/diY9SaOdX25i-Programacion-CASBC-2025-2026.pdf\" target=\"_blank\">diY9SaOdX25i-Programacion-CASBC-2025-2026.pdf<\/a><\/a><\/td>\n                    <td style=\"\">11\/09\/2025 10:56 PM<\/td>\n            <\/tr>\n            <tr id=\"table_2_row_298\">\n                    <td style=\"\">Programaci\u00f3n Decanal<\/td>\n                    <td style=\"\">D14 NORESTE FORANEO SAN SABAS REYES SALAZAR<\/td>\n                    <td style=\"\">Organismos Eclesiales Laicales (OEL)<\/td>\n                    <td style=\"\"><a href='<a href=\"https:\/\/diocesisdeaguascalientes.mx\/vicaria-de-pastoral\/wp-content\/uploads\/sites\/2\/forminator\/10414_47c7fef6f8c6f15ac1daaf1663bdf562\/uploads\/HpwrpwPF3zcZ-Programacion-Organismos-Eclesiales-Laicales.pdf\" target=\"_blank\">HpwrpwPF3zcZ-Programacion-Organismos-Eclesiales-Laicales.pdf<\/a>' rel='' target='_blank'><a href=\"https:\/\/diocesisdeaguascalientes.mx\/vicaria-de-pastoral\/wp-content\/uploads\/sites\/2\/forminator\/10414_47c7fef6f8c6f15ac1daaf1663bdf562\/uploads\/HpwrpwPF3zcZ-Programacion-Organismos-Eclesiales-Laicales.pdf\" target=\"_blank\">HpwrpwPF3zcZ-Programacion-Organismos-Eclesiales-Laicales.pdf<\/a><\/a><\/td>\n                    <td style=\"\">11\/09\/2025 01:41 PM<\/td>\n            <\/tr>\n            <tr id=\"table_2_row_299\">\n                    <td style=\"\">Programaci\u00f3n Decanal<\/td>\n                    <td style=\"\">D14 NORESTE FORANEO SAN SABAS REYES SALAZAR<\/td>\n                    <td style=\"\">Pastoral de la Comunicaci\u00f3n<\/td>\n                    <td style=\"\"><a href='<a href=\"https:\/\/diocesisdeaguascalientes.mx\/vicaria-de-pastoral\/wp-content\/uploads\/sites\/2\/forminator\/10414_47c7fef6f8c6f15ac1daaf1663bdf562\/uploads\/IgifJeIGDEiC-Programacion-Pastoral-de-la-Comunicacion.pdf\" target=\"_blank\">IgifJeIGDEiC-Programacion-Pastoral-de-la-Comunicacion.pdf<\/a>' rel='' target='_blank'><a href=\"https:\/\/diocesisdeaguascalientes.mx\/vicaria-de-pastoral\/wp-content\/uploads\/sites\/2\/forminator\/10414_47c7fef6f8c6f15ac1daaf1663bdf562\/uploads\/IgifJeIGDEiC-Programacion-Pastoral-de-la-Comunicacion.pdf\" target=\"_blank\">IgifJeIGDEiC-Programacion-Pastoral-de-la-Comunicacion.pdf<\/a><\/a><\/td>\n                    <td style=\"\">11\/09\/2025 01:40 PM<\/td>\n            <\/tr>\n            <tr id=\"table_2_row_300\">\n                    <td style=\"\">Programaci\u00f3n Decanal<\/td>\n                    <td style=\"\">D14 NORESTE FORANEO SAN SABAS REYES SALAZAR<\/td>\n                    <td style=\"\">Pastoral Juvenil<\/td>\n                    <td style=\"\"><a href='<a href=\"https:\/\/diocesisdeaguascalientes.mx\/vicaria-de-pastoral\/wp-content\/uploads\/sites\/2\/forminator\/10414_47c7fef6f8c6f15ac1daaf1663bdf562\/uploads\/cLoVTessMA43-Pragramacion-Pastoral-Juvenil.pdf\" target=\"_blank\">cLoVTessMA43-Pragramacion-Pastoral-Juvenil.pdf<\/a>' rel='' target='_blank'><a href=\"https:\/\/diocesisdeaguascalientes.mx\/vicaria-de-pastoral\/wp-content\/uploads\/sites\/2\/forminator\/10414_47c7fef6f8c6f15ac1daaf1663bdf562\/uploads\/cLoVTessMA43-Pragramacion-Pastoral-Juvenil.pdf\" target=\"_blank\">cLoVTessMA43-Pragramacion-Pastoral-Juvenil.pdf<\/a><\/a><\/td>\n                    <td style=\"\">11\/09\/2025 01:40 PM<\/td>\n            <\/tr>\n            <tr id=\"table_2_row_301\">\n                    <td style=\"\">Programaci\u00f3n Decanal<\/td>\n                    <td style=\"\">D14 NORESTE FORANEO SAN SABAS REYES SALAZAR<\/td>\n                    <td style=\"\">Pastoral de Adolescentes<\/td>\n                    <td style=\"\"><a href='<a href=\"https:\/\/diocesisdeaguascalientes.mx\/vicaria-de-pastoral\/wp-content\/uploads\/sites\/2\/forminator\/10414_47c7fef6f8c6f15ac1daaf1663bdf562\/uploads\/vpkg3hYw8AmV-Programacion-Pastoral-de-Adolescentes.pdf\" target=\"_blank\">vpkg3hYw8AmV-Programacion-Pastoral-de-Adolescentes.pdf<\/a>' rel='' target='_blank'><a href=\"https:\/\/diocesisdeaguascalientes.mx\/vicaria-de-pastoral\/wp-content\/uploads\/sites\/2\/forminator\/10414_47c7fef6f8c6f15ac1daaf1663bdf562\/uploads\/vpkg3hYw8AmV-Programacion-Pastoral-de-Adolescentes.pdf\" target=\"_blank\">vpkg3hYw8AmV-Programacion-Pastoral-de-Adolescentes.pdf<\/a><\/a><\/td>\n                    <td style=\"\">11\/09\/2025 01:40 PM<\/td>\n            <\/tr>\n            <tr id=\"table_2_row_302\">\n                    <td style=\"\">Programaci\u00f3n Decanal<\/td>\n                    <td style=\"\">D14 NORESTE FORANEO SAN SABAS REYES SALAZAR<\/td>\n                    <td style=\"\">Pastoral Familiar<\/td>\n                    <td style=\"\"><a href='<a href=\"https:\/\/diocesisdeaguascalientes.mx\/vicaria-de-pastoral\/wp-content\/uploads\/sites\/2\/forminator\/10414_47c7fef6f8c6f15ac1daaf1663bdf562\/uploads\/1gRc5bh87CVd-Programacion-Pastoral-Familiar.pdf\" target=\"_blank\">1gRc5bh87CVd-Programacion-Pastoral-Familiar.pdf<\/a>' rel='' target='_blank'><a href=\"https:\/\/diocesisdeaguascalientes.mx\/vicaria-de-pastoral\/wp-content\/uploads\/sites\/2\/forminator\/10414_47c7fef6f8c6f15ac1daaf1663bdf562\/uploads\/1gRc5bh87CVd-Programacion-Pastoral-Familiar.pdf\" target=\"_blank\">1gRc5bh87CVd-Programacion-Pastoral-Familiar.pdf<\/a><\/a><\/td>\n                    <td style=\"\">11\/09\/2025 01:39 PM<\/td>\n            <\/tr>\n            <tr id=\"table_2_row_303\">\n                    <td style=\"\">Programaci\u00f3n Decanal<\/td>\n                    <td style=\"\">D14 NORESTE FORANEO SAN SABAS REYES SALAZAR<\/td>\n                    <td style=\"\">Pastoral Social<\/td>\n                    <td style=\"\"><a href='<a href=\"https:\/\/diocesisdeaguascalientes.mx\/vicaria-de-pastoral\/wp-content\/uploads\/sites\/2\/forminator\/10414_47c7fef6f8c6f15ac1daaf1663bdf562\/uploads\/o24H9Ai3Butq-Programacion-Pastoral-Social.pdf\" target=\"_blank\">o24H9Ai3Butq-Programacion-Pastoral-Social.pdf<\/a>' rel='' target='_blank'><a href=\"https:\/\/diocesisdeaguascalientes.mx\/vicaria-de-pastoral\/wp-content\/uploads\/sites\/2\/forminator\/10414_47c7fef6f8c6f15ac1daaf1663bdf562\/uploads\/o24H9Ai3Butq-Programacion-Pastoral-Social.pdf\" target=\"_blank\">o24H9Ai3Butq-Programacion-Pastoral-Social.pdf<\/a><\/a><\/td>\n                    <td style=\"\">11\/09\/2025 01:39 PM<\/td>\n            <\/tr>\n            <tr id=\"table_2_row_304\">\n                    <td style=\"\">Programaci\u00f3n Decanal<\/td>\n                    <td style=\"\">D14 NORESTE FORANEO SAN SABAS REYES SALAZAR<\/td>\n                    <td style=\"\">Pastoral Lit\u00fargica<\/td>\n                    <td style=\"\"><a href='<a href=\"https:\/\/diocesisdeaguascalientes.mx\/vicaria-de-pastoral\/wp-content\/uploads\/sites\/2\/forminator\/10414_47c7fef6f8c6f15ac1daaf1663bdf562\/uploads\/6goEqinERRYq-Programacion-Pastoral-Liturgica.pdf\" target=\"_blank\">6goEqinERRYq-Programacion-Pastoral-Liturgica.pdf<\/a>' rel='' target='_blank'><a href=\"https:\/\/diocesisdeaguascalientes.mx\/vicaria-de-pastoral\/wp-content\/uploads\/sites\/2\/forminator\/10414_47c7fef6f8c6f15ac1daaf1663bdf562\/uploads\/6goEqinERRYq-Programacion-Pastoral-Liturgica.pdf\" target=\"_blank\">6goEqinERRYq-Programacion-Pastoral-Liturgica.pdf<\/a><\/a><\/td>\n                    <td style=\"\">11\/09\/2025 01:39 PM<\/td>\n            <\/tr>\n            <tr id=\"table_2_row_305\">\n                    <td style=\"\">Programaci\u00f3n Decanal<\/td>\n                    <td style=\"\">D14 NORESTE FORANEO SAN SABAS REYES SALAZAR<\/td>\n                    <td style=\"\">Pastoral Prof\u00e9tica<\/td>\n                    <td style=\"\"><a href='<a href=\"https:\/\/diocesisdeaguascalientes.mx\/vicaria-de-pastoral\/wp-content\/uploads\/sites\/2\/forminator\/10414_47c7fef6f8c6f15ac1daaf1663bdf562\/uploads\/3OihSCfNU9mr-Programacion-Pastoral-Profetica.pdf\" target=\"_blank\">3OihSCfNU9mr-Programacion-Pastoral-Profetica.pdf<\/a>' rel='' target='_blank'><a href=\"https:\/\/diocesisdeaguascalientes.mx\/vicaria-de-pastoral\/wp-content\/uploads\/sites\/2\/forminator\/10414_47c7fef6f8c6f15ac1daaf1663bdf562\/uploads\/3OihSCfNU9mr-Programacion-Pastoral-Profetica.pdf\" target=\"_blank\">3OihSCfNU9mr-Programacion-Pastoral-Profetica.pdf<\/a><\/a><\/td>\n                    <td style=\"\">11\/09\/2025 01:38 PM<\/td>\n            <\/tr>\n            <tr id=\"table_2_row_306\">\n                    <td style=\"\">Programaci\u00f3n Decanal<\/td>\n                    <td style=\"\">D14 NORESTE FORANEO SAN SABAS REYES SALAZAR<\/td>\n                    <td style=\"\">Animaci\u00f3n Pastoral<\/td>\n                    <td style=\"\"><a href='<a href=\"https:\/\/diocesisdeaguascalientes.mx\/vicaria-de-pastoral\/wp-content\/uploads\/sites\/2\/forminator\/10414_47c7fef6f8c6f15ac1daaf1663bdf562\/uploads\/39hiWhT9DChr-Programacion-Animacion-Pastoral.pdf\" target=\"_blank\">39hiWhT9DChr-Programacion-Animacion-Pastoral.pdf<\/a>' rel='' target='_blank'><a href=\"https:\/\/diocesisdeaguascalientes.mx\/vicaria-de-pastoral\/wp-content\/uploads\/sites\/2\/forminator\/10414_47c7fef6f8c6f15ac1daaf1663bdf562\/uploads\/39hiWhT9DChr-Programacion-Animacion-Pastoral.pdf\" target=\"_blank\">39hiWhT9DChr-Programacion-Animacion-Pastoral.pdf<\/a><\/a><\/td>\n                    <td style=\"\">11\/09\/2025 01:38 PM<\/td>\n            <\/tr>\n            <tr id=\"table_2_row_307\">\n                    <td style=\"\">Programaci\u00f3n Decanal<\/td>\n                    <td style=\"\">D16 SUR CIUDAD SANTO TORIBIO ROMO GONZALEZ<\/td>\n                    <td style=\"\">Pastoral Juvenil<\/td>\n                    <td style=\"\"><a href='<a href=\"https:\/\/diocesisdeaguascalientes.mx\/vicaria-de-pastoral\/wp-content\/uploads\/sites\/2\/forminator\/10414_47c7fef6f8c6f15ac1daaf1663bdf562\/uploads\/YjcLndYvhVeW-PROGRAMACION-DECANAL-PASTORAL-JUVENIL-2025-2026.pdf\" target=\"_blank\">YjcLndYvhVeW-PROGRAMACION-DECANAL-PASTORAL-JUVENIL-2025-2026.pdf<\/a>' rel='' target='_blank'><a href=\"https:\/\/diocesisdeaguascalientes.mx\/vicaria-de-pastoral\/wp-content\/uploads\/sites\/2\/forminator\/10414_47c7fef6f8c6f15ac1daaf1663bdf562\/uploads\/YjcLndYvhVeW-PROGRAMACION-DECANAL-PASTORAL-JUVENIL-2025-2026.pdf\" target=\"_blank\">YjcLndYvhVeW-PROGRAMACION-DECANAL-PASTORAL-JUVENIL-2025-2026.pdf<\/a><\/a><\/td>\n                    <td style=\"\">10\/09\/2025 09:27 PM<\/td>\n            <\/tr>\n            <tr id=\"table_2_row_308\">\n                    <td style=\"\">Programaci\u00f3n Decanal<\/td>\n                    <td style=\"\">D16 SUR CIUDAD SANTO TORIBIO ROMO GONZALEZ<\/td>\n                    <td style=\"\">Pastoral Lit\u00fargica<\/td>\n                    <td style=\"\"><a href='<a href=\"https:\/\/diocesisdeaguascalientes.mx\/vicaria-de-pastoral\/wp-content\/uploads\/sites\/2\/forminator\/10414_47c7fef6f8c6f15ac1daaf1663bdf562\/uploads\/XhxWNOjHc49H-PROGRAMACION-PASTORAL-DECANAL-LITURGIA-2025.pdf\" target=\"_blank\">XhxWNOjHc49H-PROGRAMACION-PASTORAL-DECANAL-LITURGIA-2025.pdf<\/a>' rel='' target='_blank'><a href=\"https:\/\/diocesisdeaguascalientes.mx\/vicaria-de-pastoral\/wp-content\/uploads\/sites\/2\/forminator\/10414_47c7fef6f8c6f15ac1daaf1663bdf562\/uploads\/XhxWNOjHc49H-PROGRAMACION-PASTORAL-DECANAL-LITURGIA-2025.pdf\" target=\"_blank\">XhxWNOjHc49H-PROGRAMACION-PASTORAL-DECANAL-LITURGIA-2025.pdf<\/a><\/a><\/td>\n                    <td style=\"\">10\/09\/2025 09:23 PM<\/td>\n            <\/tr>\n            <tr id=\"table_2_row_309\">\n                    <td style=\"\">Programaci\u00f3n Decanal<\/td>\n                    <td style=\"\">D15 NOROESTE I FORANEO SAN SALVADOR LARA PUENTE<\/td>\n                    <td style=\"\">Pastoral Prof\u00e9tica<\/td>\n                    <td style=\"\"><a href='<a href=\"https:\/\/diocesisdeaguascalientes.mx\/vicaria-de-pastoral\/wp-content\/uploads\/sites\/2\/forminator\/10414_47c7fef6f8c6f15ac1daaf1663bdf562\/uploads\/M8UQaHN8hP3V-PASTORAL-PROFETICA.pdf\" target=\"_blank\">M8UQaHN8hP3V-PASTORAL-PROFETICA.pdf<\/a>' rel='' target='_blank'><a href=\"https:\/\/diocesisdeaguascalientes.mx\/vicaria-de-pastoral\/wp-content\/uploads\/sites\/2\/forminator\/10414_47c7fef6f8c6f15ac1daaf1663bdf562\/uploads\/M8UQaHN8hP3V-PASTORAL-PROFETICA.pdf\" target=\"_blank\">M8UQaHN8hP3V-PASTORAL-PROFETICA.pdf<\/a><\/a><\/td>\n                    <td style=\"\">10\/09\/2025 07:02 PM<\/td>\n            <\/tr>\n            <tr id=\"table_2_row_310\">\n                    <td style=\"\">Programaci\u00f3n Decanal<\/td>\n                    <td style=\"\">D15 NOROESTE I FORANEO SAN SALVADOR LARA PUENTE<\/td>\n                    <td style=\"\">Organismos Eclesiales Laicales (OEL)<\/td>\n                    <td style=\"\"><a href='<a href=\"https:\/\/diocesisdeaguascalientes.mx\/vicaria-de-pastoral\/wp-content\/uploads\/sites\/2\/forminator\/10414_47c7fef6f8c6f15ac1daaf1663bdf562\/uploads\/8NnFL1pDmC9f-ORDANISMOS-LAICALES.pdf\" target=\"_blank\">8NnFL1pDmC9f-ORDANISMOS-LAICALES.pdf<\/a>' rel='' target='_blank'><a href=\"https:\/\/diocesisdeaguascalientes.mx\/vicaria-de-pastoral\/wp-content\/uploads\/sites\/2\/forminator\/10414_47c7fef6f8c6f15ac1daaf1663bdf562\/uploads\/8NnFL1pDmC9f-ORDANISMOS-LAICALES.pdf\" target=\"_blank\">8NnFL1pDmC9f-ORDANISMOS-LAICALES.pdf<\/a><\/a><\/td>\n                    <td style=\"\">10\/09\/2025 03:36 PM<\/td>\n            <\/tr>\n            <tr id=\"table_2_row_311\">\n                    <td style=\"\">Programaci\u00f3n Decanal<\/td>\n                    <td style=\"\">D15 NOROESTE I FORANEO SAN SALVADOR LARA PUENTE<\/td>\n                    <td style=\"\">Pastoral de Adolescentes<\/td>\n                    <td style=\"\"><a href='<a href=\"https:\/\/diocesisdeaguascalientes.mx\/vicaria-de-pastoral\/wp-content\/uploads\/sites\/2\/forminator\/10414_47c7fef6f8c6f15ac1daaf1663bdf562\/uploads\/jvaXO1vgesHP-PASTORAL-DE-ADOLESCENTES.pdf\" target=\"_blank\">jvaXO1vgesHP-PASTORAL-DE-ADOLESCENTES.pdf<\/a>' rel='' target='_blank'><a href=\"https:\/\/diocesisdeaguascalientes.mx\/vicaria-de-pastoral\/wp-content\/uploads\/sites\/2\/forminator\/10414_47c7fef6f8c6f15ac1daaf1663bdf562\/uploads\/jvaXO1vgesHP-PASTORAL-DE-ADOLESCENTES.pdf\" target=\"_blank\">jvaXO1vgesHP-PASTORAL-DE-ADOLESCENTES.pdf<\/a><\/a><\/td>\n                    <td style=\"\">10\/09\/2025 03:36 PM<\/td>\n            <\/tr>\n            <tr id=\"table_2_row_312\">\n                    <td style=\"\">Programaci\u00f3n Decanal<\/td>\n                    <td style=\"\">D15 NOROESTE I FORANEO SAN SALVADOR LARA PUENTE<\/td>\n                    <td style=\"\">Pastoral Familiar<\/td>\n                    <td style=\"\"><a href='<a href=\"https:\/\/diocesisdeaguascalientes.mx\/vicaria-de-pastoral\/wp-content\/uploads\/sites\/2\/forminator\/10414_47c7fef6f8c6f15ac1daaf1663bdf562\/uploads\/BX7mbkyTMKSG-PASTORAL-FAMILIAR.pdf\" target=\"_blank\">BX7mbkyTMKSG-PASTORAL-FAMILIAR.pdf<\/a>' rel='' target='_blank'><a href=\"https:\/\/diocesisdeaguascalientes.mx\/vicaria-de-pastoral\/wp-content\/uploads\/sites\/2\/forminator\/10414_47c7fef6f8c6f15ac1daaf1663bdf562\/uploads\/BX7mbkyTMKSG-PASTORAL-FAMILIAR.pdf\" target=\"_blank\">BX7mbkyTMKSG-PASTORAL-FAMILIAR.pdf<\/a><\/a><\/td>\n                    <td style=\"\">10\/09\/2025 03:35 PM<\/td>\n            <\/tr>\n            <tr id=\"table_2_row_313\">\n                    <td style=\"\">Programaci\u00f3n Decanal<\/td>\n                    <td style=\"\">D15 NOROESTE I FORANEO SAN SALVADOR LARA PUENTE<\/td>\n                    <td style=\"\">Pastoral Social<\/td>\n                    <td style=\"\"><a href='<a href=\"https:\/\/diocesisdeaguascalientes.mx\/vicaria-de-pastoral\/wp-content\/uploads\/sites\/2\/forminator\/10414_47c7fef6f8c6f15ac1daaf1663bdf562\/uploads\/ztDl9Ilr5I15-PASTORAL-SOCIAL.pdf\" target=\"_blank\">ztDl9Ilr5I15-PASTORAL-SOCIAL.pdf<\/a>' rel='' target='_blank'><a href=\"https:\/\/diocesisdeaguascalientes.mx\/vicaria-de-pastoral\/wp-content\/uploads\/sites\/2\/forminator\/10414_47c7fef6f8c6f15ac1daaf1663bdf562\/uploads\/ztDl9Ilr5I15-PASTORAL-SOCIAL.pdf\" target=\"_blank\">ztDl9Ilr5I15-PASTORAL-SOCIAL.pdf<\/a><\/a><\/td>\n                    <td style=\"\">10\/09\/2025 03:35 PM<\/td>\n            <\/tr>\n            <tr id=\"table_2_row_314\">\n                    <td style=\"\">Programaci\u00f3n Decanal<\/td>\n                    <td style=\"\">D15 NOROESTE I FORANEO SAN SALVADOR LARA PUENTE<\/td>\n                    <td style=\"\">Pastoral Lit\u00fargica<\/td>\n                    <td style=\"\"><a href='<a href=\"https:\/\/diocesisdeaguascalientes.mx\/vicaria-de-pastoral\/wp-content\/uploads\/sites\/2\/forminator\/10414_47c7fef6f8c6f15ac1daaf1663bdf562\/uploads\/rKZ2HusKOwo7-PASTORAL-LITURGICA.pdf\" target=\"_blank\">rKZ2HusKOwo7-PASTORAL-LITURGICA.pdf<\/a>' rel='' target='_blank'><a href=\"https:\/\/diocesisdeaguascalientes.mx\/vicaria-de-pastoral\/wp-content\/uploads\/sites\/2\/forminator\/10414_47c7fef6f8c6f15ac1daaf1663bdf562\/uploads\/rKZ2HusKOwo7-PASTORAL-LITURGICA.pdf\" target=\"_blank\">rKZ2HusKOwo7-PASTORAL-LITURGICA.pdf<\/a><\/a><\/td>\n                    <td style=\"\">10\/09\/2025 03:34 PM<\/td>\n            <\/tr>\n            <tr id=\"table_2_row_315\">\n                    <td style=\"\">Programaci\u00f3n Decanal<\/td>\n                    <td style=\"\">D15 NOROESTE I FORANEO SAN SALVADOR LARA PUENTE<\/td>\n                    <td style=\"\">Animaci\u00f3n Pastoral<\/td>\n                    <td style=\"\"><a href='<a href=\"https:\/\/diocesisdeaguascalientes.mx\/vicaria-de-pastoral\/wp-content\/uploads\/sites\/2\/forminator\/10414_47c7fef6f8c6f15ac1daaf1663bdf562\/uploads\/gArvjaXHzhG2-EDEAP.pdf\" target=\"_blank\">gArvjaXHzhG2-EDEAP.pdf<\/a>' rel='' target='_blank'><a href=\"https:\/\/diocesisdeaguascalientes.mx\/vicaria-de-pastoral\/wp-content\/uploads\/sites\/2\/forminator\/10414_47c7fef6f8c6f15ac1daaf1663bdf562\/uploads\/gArvjaXHzhG2-EDEAP.pdf\" target=\"_blank\">gArvjaXHzhG2-EDEAP.pdf<\/a><\/a><\/td>\n                    <td style=\"\">10\/09\/2025 03:31 PM<\/td>\n            <\/tr>\n            <tr id=\"table_2_row_316\">\n                    <td style=\"\">Programaci\u00f3n de Vicar\u00eda Episcopal<\/td>\n                    <td style=\"\"><\/td>\n                    <td style=\"\"><\/td>\n                    <td style=\"\"><a href='<a href=\"https:\/\/diocesisdeaguascalientes.mx\/vicaria-de-pastoral\/wp-content\/uploads\/sites\/2\/forminator\/10414_47c7fef6f8c6f15ac1daaf1663bdf562\/uploads\/losS1l7TvWrd-PROGRAMACION-2025-2026-CIRM.pdf\" target=\"_blank\">losS1l7TvWrd-PROGRAMACION-2025-2026-CIRM.pdf<\/a>' rel='' target='_blank'><a href=\"https:\/\/diocesisdeaguascalientes.mx\/vicaria-de-pastoral\/wp-content\/uploads\/sites\/2\/forminator\/10414_47c7fef6f8c6f15ac1daaf1663bdf562\/uploads\/losS1l7TvWrd-PROGRAMACION-2025-2026-CIRM.pdf\" target=\"_blank\">losS1l7TvWrd-PROGRAMACION-2025-2026-CIRM.pdf<\/a><\/a><\/td>\n                    <td style=\"\">10\/09\/2025 11:24 AM<\/td>\n            <\/tr>\n    <\/tbody>        <!-- \/Table body -->\n\n        \n    <\/table>\n\n        <span class=\"powered_by_link d-block m-l-10 m-t-10 m-b-10\">Generated by <a href=\"https:\/\/wpdatatables.com\" rel=\"nofollow\" target=\"_blank\">wpDataTables<\/a><\/span>\n<\/div><style>\ntable.wpDataTable { table-layout: fixed !important; }\ntable.wpDataTable td, table.wpDataTable th { white-space: normal !important; }\ntable.wpDataTable td.numdata { text-align: right !important; }\n<\/style>\nCONTACTO TEL\u00c9FONO\/MAIL (52) 449 9163212 vicariapastoral@diocesisdeaguascalientes.mx DIRECCI\u00d3N Talamantes\u00a0 #410 Barrio de San Marcos C.P. 20070 Hagan lo que \u00c9l les diga<\/p>\n","protected":false},"author":3,"featured_media":0,"parent":10402,"menu_order":0,"comment_status":"closed","ping_status":"closed","template":"","meta":{"_et_pb_use_builder":"on","_et_pb_old_content":"","_et_gb_content_width":"1080","footnotes":""},"class_list":["post-10453","page","type-page","status-publish","hentry"],"_links":{"self":[{"href":"https:\/\/diocesisdeaguascalientes.mx\/vicaria-de-pastoral\/wp-json\/wp\/v2\/pages\/10453","targetHints":{"allow":["GET"]}}],"collection":[{"href":"https:\/\/diocesisdeaguascalientes.mx\/vicaria-de-pastoral\/wp-json\/wp\/v2\/pages"}],"about":[{"href":"https:\/\/diocesisdeaguascalientes.mx\/vicaria-de-pastoral\/wp-json\/wp\/v2\/types\/page"}],"author":[{"embeddable":true,"href":"https:\/\/diocesisdeaguascalientes.mx\/vicaria-de-pastoral\/wp-json\/wp\/v2\/users\/3"}],"replies":[{"embeddable":true,"href":"https:\/\/diocesisdeaguascalientes.mx\/vicaria-de-pastoral\/wp-json\/wp\/v2\/comments?post=10453"}],"version-history":[{"count":6,"href":"https:\/\/diocesisdeaguascalientes.mx\/vicaria-de-pastoral\/wp-json\/wp\/v2\/pages\/10453\/revisions"}],"predecessor-version":[{"id":11083,"href":"https:\/\/diocesisdeaguascalientes.mx\/vicaria-de-pastoral\/wp-json\/wp\/v2\/pages\/10453\/revisions\/11083"}],"up":[{"embeddable":true,"href":"https:\/\/diocesisdeaguascalientes.mx\/vicaria-de-pastoral\/wp-json\/wp\/v2\/pages\/10402"}],"wp:attachment":[{"href":"https:\/\/diocesisdeaguascalientes.mx\/vicaria-de-pastoral\/wp-json\/wp\/v2\/media?parent=10453"}],"curies":[{"name":"wp","href":"https:\/\/api.w.org\/{rel}","templated":true}]}}