{"id":10402,"date":"2025-07-17T14:00:36","date_gmt":"2025-07-17T20:00:36","guid":{"rendered":"https:\/\/diocesisdeaguascalientes.mx\/vicaria-de-pastoral\/?page_id=10402"},"modified":"2025-08-09T17:26:33","modified_gmt":"2025-08-09T23:26:33","slug":"programacion-anual","status":"publish","type":"page","link":"https:\/\/diocesisdeaguascalientes.mx\/vicaria-de-pastoral\/programacion-anual\/","title":{"rendered":"Programaci\u00f3n Anual"},"content":{"rendered":"<p>[et_pb_section fb_built=\u00bb1&#8243; _builder_version=\u00bb4.27.4&#8243; _module_preset=\u00bbdefault\u00bb background_color=\u00bb#004d71&#8243; background_enable_image=\u00bboff\u00bb background_enable_mask_style=\u00bbon\u00bb background_mask_style=\u00bbchevrons\u00bb height=\u00bb150px\u00bb global_colors_info=\u00bb{}\u00bb][et_pb_row _builder_version=\u00bb4.27.4&#8243; _module_preset=\u00bbdefault\u00bb global_colors_info=\u00bb{}\u00bb][et_pb_column type=\u00bb4_4&#8243; _builder_version=\u00bb4.27.4&#8243; _module_preset=\u00bbdefault\u00bb global_colors_info=\u00bb{}\u00bb][et_pb_heading title=\u00bbProgramaci\u00f3n Anual\u00bb _builder_version=\u00bb4.27.4&#8243; _module_preset=\u00bbdefault\u00bb title_font=\u00bbOficial||||||||\u00bb title_text_align=\u00bbleft\u00bb title_text_color=\u00bb#E09900&#8243; title_font_size=\u00bb38px\u00bb global_colors_info=\u00bb{}\u00bb][\/et_pb_heading][\/et_pb_column][\/et_pb_row][\/et_pb_section][et_pb_section fb_built=\u00bb1&#8243; _builder_version=\u00bb4.27.4&#8243; _module_preset=\u00bbdefault\u00bb global_colors_info=\u00bb{}\u00bb][et_pb_row _builder_version=\u00bb4.27.4&#8243; _module_preset=\u00bbdefault\u00bb global_colors_info=\u00bb{}\u00bb][et_pb_column type=\u00bb4_4&#8243; _builder_version=\u00bb4.27.4&#8243; _module_preset=\u00bbdefault\u00bb global_colors_info=\u00bb{}\u00bb][et_pb_heading title=\u00bbSubir programaci\u00f3n del A\u00f1o Diocesano %22Del Encuentro con Cristo%22 2025-2026&#8243; _builder_version=\u00bb4.27.4&#8243; _module_preset=\u00bbdefault\u00bb title_font=\u00bbSubtitulo||||||||\u00bb title_text_color=\u00bb#004d71&#8243; global_colors_info=\u00bb{}\u00bb][\/et_pb_heading][et_pb_text _builder_version=\u00bb4.27.4&#8243; _module_preset=\u00bbdefault\u00bb inline_fonts=\u00bbTitulo secundario\u00bb global_colors_info=\u00bb{}\u00bb]<\/p>\n<h4><span style=\"font-family: 'Titulo secundario';font-weight: normal;color: #004d71\">Para enviar su programaci\u00f3n del A\u00f1o a la Vicar\u00eda de Pastoral, le sugerimos tener en cuenta lo siguiente:<\/span><\/h4>\n<ul>\n<li>\n<h4><span style=\"font-family: 'Titulo secundario';font-weight: normal;color: #004d71\">El archivo debe estar en formato PDF.<\/span><\/h4>\n<\/li>\n<li>\n<h4><span style=\"font-family: 'Titulo secundario';font-weight: normal;color: #004d71\">Se subir\u00e1 un archivo por cada programa realizado (no incluir varias programaciones de diferentes grupos o pastorales en el mismo PDF).<\/span><\/h4>\n<\/li>\n<\/ul>\n<p>[\/et_pb_text][et_pb_code _builder_version=\u00bb4.27.4&#8243; _module_preset=\u00bbdefault\u00bb global_colors_info=\u00bb{}\u00bb]<form id=\"forminator-module-10414\" class=\"forminator-custom-form forminator-custom-form-10414\" method=\"post\" data-forminator-render=\"0\" data-uid=\"69f746b1a902d\"><div role=\"alert\" aria-live=\"polite\" class=\"forminator-response-message forminator-error\" aria-hidden=\"true\"><\/div><\/form>[\/et_pb_code][\/et_pb_column][\/et_pb_row][\/et_pb_section][et_pb_section fb_built=\u00bb1&#8243; _builder_version=\u00bb4.27.4&#8243; _module_preset=\u00bbdefault\u00bb global_colors_info=\u00bb{}\u00bb][et_pb_row column_structure=\u00bb2_5,3_5&#8243; _builder_version=\u00bb4.27.4&#8243; _module_preset=\u00bbdefault\u00bb global_colors_info=\u00bb{}\u00bb][et_pb_column type=\u00bb2_5&#8243; _builder_version=\u00bb4.27.4&#8243; _module_preset=\u00bbdefault\u00bb global_colors_info=\u00bb{}\u00bb][et_pb_heading title=\u00bbConsultar programaciones Pastorales\u00bb _builder_version=\u00bb4.27.4&#8243; _module_preset=\u00bbdefault\u00bb title_font=\u00bbSubtitulo||||||||\u00bb title_text_color=\u00bb#004d71&#8243; global_colors_info=\u00bb{}\u00bb][\/et_pb_heading][et_pb_text _builder_version=\u00bb4.27.4&#8243; _module_preset=\u00bbdefault\u00bb text_font=\u00bbContenido||||||||\u00bb text_text_color=\u00bb#d1ccbd\u00bb text_font_size=\u00bb20px\u00bb global_colors_info=\u00bb{}\u00bb]<\/p>\n<blockquote>\n<h5>D\u00e9 clic en los botones para consultar las programaciones registradas en cada nivel.\u00a0<\/h5>\n<\/blockquote>\n<p>[\/et_pb_text][\/et_pb_column][et_pb_column type=\u00bb3_5&#8243; _builder_version=\u00bb4.27.4&#8243; _module_preset=\u00bbdefault\u00bb global_colors_info=\u00bb{}\u00bb][et_pb_button button_url=\u00bbhttps:\/\/diocesisdeaguascalientes.mx\/vicaria-de-pastoral\/programacion-anual\/diocesana\/\u00bb button_text=\u00bbProgramaci\u00f3n Diocesana\u00bb button_alignment=\u00bbcenter\u00bb _builder_version=\u00bb4.27.4&#8243; _module_preset=\u00bbdefault\u00bb global_colors_info=\u00bb{}\u00bb][\/et_pb_button][et_pb_button button_url=\u00bbhttps:\/\/diocesisdeaguascalientes.mx\/vicaria-de-pastoral\/programacion-anual\/decanal\/\u00bb button_text=\u00bbProgramaci\u00f3n Decanal\u00bb button_alignment=\u00bbcenter\u00bb _builder_version=\u00bb4.27.4&#8243; _module_preset=\u00bbdefault\u00bb global_colors_info=\u00bb{}\u00bb][\/et_pb_button][et_pb_button button_url=\u00bbhttps:\/\/diocesisdeaguascalientes.mx\/vicaria-de-pastoral\/programacion-anual\/parroquial\/\u00bb button_text=\u00bbProgramaci\u00f3n Parroquial\u00bb button_alignment=\u00bbcenter\u00bb _builder_version=\u00bb4.27.4&#8243; _module_preset=\u00bbdefault\u00bb global_colors_info=\u00bb{}\u00bb][\/et_pb_button][\/et_pb_column][\/et_pb_row][\/et_pb_section]<\/p>\n","protected":false},"excerpt":{"rendered":"<p>Para enviar su programaci\u00f3n del A\u00f1o a la Vicar\u00eda de Pastoral, le sugerimos tener en cuenta lo siguiente: El archivo debe estar en formato PDF. Se subir\u00e1 un archivo por cada programa realizado (no incluir varias programaciones de diferentes grupos o pastorales en el mismo PDF). <form id=\"forminator-module-10414\" class=\"forminator-custom-form forminator-custom-form-10414\" method=\"post\" data-forminator-render=\"1\" data-uid=\"69f746b1b18c0\"><div role=\"alert\" aria-live=\"polite\" class=\"forminator-response-message forminator-error\" aria-hidden=\"true\"><\/div><\/form> D\u00e9 clic en los botones para consultar [&hellip;]<\/p>\n","protected":false},"author":3,"featured_media":0,"parent":0,"menu_order":0,"comment_status":"closed","ping_status":"closed","template":"","meta":{"_et_pb_use_builder":"on","_et_pb_old_content":"<p>[et_pb_section fb_built=\"1\" _builder_version=\"4.27.4\" _module_preset=\"default\" background_color=\"#004d71\" background_enable_image=\"off\" background_enable_mask_style=\"on\" background_mask_style=\"chevrons\" height=\"150px\" global_colors_info=\"{}\"][et_pb_row _builder_version=\"4.27.4\" _module_preset=\"default\" global_colors_info=\"{}\"][et_pb_column type=\"4_4\" _builder_version=\"4.27.4\" _module_preset=\"default\" global_colors_info=\"{}\"][et_pb_heading title=\"Programaci\u00f3n Anual\" _builder_version=\"4.27.4\" _module_preset=\"default\" title_font=\"Oficial||||||||\" title_text_align=\"left\" title_text_color=\"#E09900\" title_font_size=\"38px\" global_colors_info=\"{}\"][\/et_pb_heading][\/et_pb_column][\/et_pb_row][\/et_pb_section][et_pb_section fb_built=\"1\" _builder_version=\"4.27.4\" _module_preset=\"default\" global_colors_info=\"{}\"][et_pb_row _builder_version=\"4.27.4\" _module_preset=\"default\" global_colors_info=\"{}\"][et_pb_column type=\"4_4\" _builder_version=\"4.27.4\" _module_preset=\"default\" global_colors_info=\"{}\"][et_pb_heading title=\"Subir programaci\u00f3n del A\u00f1o Diocesano %22Del Encuentro con Cristo%22 2025-2026\" _builder_version=\"4.27.4\" _module_preset=\"default\" title_font=\"Subtitulo||||||||\" title_text_color=\"#004d71\" global_colors_info=\"{}\"][\/et_pb_heading][et_pb_text _builder_version=\"4.27.4\" _module_preset=\"default\" inline_fonts=\"Titulo secundario\" global_colors_info=\"{}\"]<\/p><h4><span style=\"font-family: 'Titulo secundario'; font-weight: normal; color: #004d71;\">Para enviar su programaci\u00f3n del A\u00f1o a la Vicar\u00eda de Pastoral, le sugerimos tener en cuenta lo siguiente:<\/span><\/h4><ul><li><h4><span style=\"font-family: 'Titulo secundario'; font-weight: normal; color: #004d71;\">El archivo debe estar en formato PDF.<\/span><\/h4><\/li><li><h4><span style=\"font-family: 'Titulo secundario'; font-weight: normal; color: #004d71;\">Se subir\u00e1 un archivo por cada programa realizado (no incluir varias programaciones de diferentes grupos o pastorales en el mismo PDF).<\/span><\/h4><\/li><\/ul><p>[\/et_pb_text][et_pb_text content_tablet=\"<\/p><p>%91forminator_form id=%2210414%22%93<\/p><p>\" content_phone=\"<\/p><p>%91forminator_form id=%2210414%22%93<\/p><p>\" content_last_edited=\"on|desktop\" _builder_version=\"4.27.4\" _module_preset=\"default\" inline_fonts=\"Titulo secundario\" global_colors_info=\"{}\"]<\/p><p>[forminator_form id=\"10414\"]<\/p><p>[\/et_pb_text][\/et_pb_column][\/et_pb_row][\/et_pb_section][et_pb_section fb_built=\"1\" _builder_version=\"4.27.4\" _module_preset=\"default\" global_colors_info=\"{}\"][et_pb_row column_structure=\"2_5,3_5\" _builder_version=\"4.27.4\" _module_preset=\"default\" global_colors_info=\"{}\"][et_pb_column type=\"2_5\" _builder_version=\"4.27.4\" _module_preset=\"default\" global_colors_info=\"{}\"][et_pb_heading title=\"Consultar programaciones Pastorales\" _builder_version=\"4.27.4\" _module_preset=\"default\" title_font=\"Subtitulo||||||||\" title_text_color=\"#004d71\" global_colors_info=\"{}\"][\/et_pb_heading][et_pb_text _builder_version=\"4.27.4\" _module_preset=\"default\" text_font=\"Contenido||||||||\" text_text_color=\"#d1ccbd\" global_colors_info=\"{}\"]<\/p><blockquote><p>D\u00e9 clic en los botones de la derecha para consultar las programaciones registradas en cada nivel.<\/p><\/blockquote><p>[\/et_pb_text][\/et_pb_column][et_pb_column type=\"3_5\" _builder_version=\"4.27.4\" _module_preset=\"default\" global_colors_info=\"{}\"][et_pb_button button_url=\"https:\/\/diocesisdeaguascalientes.mx\/vicaria-de-pastoral\/programacion-anual\/diocesana\/\" button_text=\"Programaci\u00f3n Diocesana\" button_alignment=\"center\" _builder_version=\"4.27.4\" _module_preset=\"default\" global_colors_info=\"{}\"][\/et_pb_button][et_pb_button button_url=\"https:\/\/diocesisdeaguascalientes.mx\/vicaria-de-pastoral\/programacion-anual\/decanal\/\" button_text=\"Programaci\u00f3n Decanal\" button_alignment=\"center\" _builder_version=\"4.27.4\" _module_preset=\"default\" global_colors_info=\"{}\"][\/et_pb_button][et_pb_button button_url=\"https:\/\/diocesisdeaguascalientes.mx\/vicaria-de-pastoral\/programacion-anual\/parroquial\/\" button_text=\"Programaci\u00f3n Parroquial\" button_alignment=\"center\" _builder_version=\"4.27.4\" _module_preset=\"default\" global_colors_info=\"{}\"][\/et_pb_button][\/et_pb_column][\/et_pb_row][\/et_pb_section][et_pb_section fb_built=\"1\" specialty=\"on\" custom_padding_last_edited=\"off|phone\" padding_bottom_2=\"40px\" padding_top_bottom_link_2=\"false\" padding_left_right_link_2=\"false\" admin_label=\"Footer\" _builder_version=\"4.25.1\" _module_preset=\"default\" background_image=\"https:\/\/diocesisdeaguascalientes.mx\/vicaria-de-pastoral\/wp-content\/uploads\/sites\/2\/2024\/05\/catedralbasilicadeags.png\" custom_padding=\"10%||0px||false|false\" custom_padding_tablet=\"||||false|false\" custom_padding_phone=\"||||false|false\" animation_direction=\"bottom\" saved_tabs=\"all\" collapsed=\"on\" global_colors_info=\"{%22gcid-46874eab-1479-4e97-a380-8c3d8f036d9c%22:%91%22colorEnd%22%93}\"][et_pb_column type=\"2_3\" specialty_columns=\"2\" _builder_version=\"4.16\" custom_padding=\"|||\" global_colors_info=\"{}\" custom_padding__hover=\"|||\"][et_pb_row_inner custom_padding_last_edited=\"on|phone\" _builder_version=\"4.16\" _module_preset=\"default\" background_color=\"#03033A\" custom_padding=\"80px|8%||8%|false|true\" custom_padding_tablet=\"60px|60px||60px|false|true\" custom_padding_phone=\"30px|20px||20px|false|true\" global_colors_info=\"{%22gcid-c9411f34-b37e-4feb-a841-9533663e2403%22:%91%22background_color%22%93}\"][et_pb_column_inner saved_specialty_column_type=\"2_3\" _builder_version=\"4.16\" _module_preset=\"default\" global_colors_info=\"{}\"][et_pb_text _builder_version=\"4.25.1\" _module_preset=\"32021f09-dd67-47fb-8f9a-832b72a38baf\" header_2_font=\"Contenido|700|||||||\" header_2_text_color=\"#d1ccbd\" header_2_font_size=\"60px\" header_2_line_height=\"1.1em\" custom_margin=\"||10px||false|false\" animation_direction=\"left\" header_2_font_size_tablet=\"35px\" header_2_font_size_phone=\"22px\" header_2_font_size_last_edited=\"on|phone\" locked=\"off\" global_colors_info=\"{}\"]<\/p><h2>CONTACTO<\/h2><p>[\/et_pb_text][\/et_pb_column_inner][\/et_pb_row_inner][et_pb_row_inner column_structure=\"1_2,1_2\" custom_padding_last_edited=\"on|phone\" _builder_version=\"4.16\" _module_preset=\"default\" background_color=\"#03033A\" custom_padding=\"|8%|80px|8%|false|true\" custom_padding_tablet=\"|60px|60px|60px|false|true\" custom_padding_phone=\"|20px|30px|20px|false|true\" global_colors_info=\"{}\"][et_pb_column_inner type=\"1_2\" saved_specialty_column_type=\"2_3\" _builder_version=\"4.16\" _module_preset=\"default\" global_colors_info=\"{}\"][et_pb_text _builder_version=\"4.25.1\" _module_preset=\"4deaa1a6-d0cd-49d0-ada3-8dc22addd086\" header_2_font=\"Subtitulo||||||||\" header_2_text_color=\"#FFFFFF\" header_4_font=\"Subtitulo|700||on|||||\" header_4_text_color=\"rgba(255,255,255,0.4)\" header_4_font_size=\"14px\" header_4_letter_spacing=\"2px\" header_4_line_height=\"2em\" background_layout=\"dark\" custom_margin=\"||0px||false|false\" locked=\"off\" global_colors_info=\"{}\"]<\/p><h4>TEL\u00c9FONO\/MAIL<\/h4><p>[\/et_pb_text][et_pb_text _builder_version=\"4.25.1\" _module_preset=\"aec0be99-8a53-4f75-abf2-64f29a8b4cc2\" text_font=\"Subtitulo||||||||\" text_text_color=\"#FFFFFF\" text_font_size=\"18px\" text_line_height=\"2em\" custom_margin=\"||5px||false|false\" text_font_size_tablet=\"16px\" text_font_size_phone=\"12px\" text_font_size_last_edited=\"on|phone\" locked=\"off\" global_colors_info=\"{}\"](52) 449 9163212<br \/>[\/et_pb_text][et_pb_text _builder_version=\"4.25.1\" _module_preset=\"aec0be99-8a53-4f75-abf2-64f29a8b4cc2\" text_font=\"Subtitulo||||||||\" text_text_color=\"#FFFFFF\" text_font_size=\"18px\" text_line_height=\"2em\" custom_margin=\"||5px||false|false\" text_font_size_tablet=\"16px\" text_font_size_phone=\"12px\" text_font_size_last_edited=\"on|phone\" locked=\"off\" global_colors_info=\"{}\"]vicariapastoral@diocesisdeaguascalientes.mx<br \/>[\/et_pb_text][\/et_pb_column_inner][et_pb_column_inner type=\"1_2\" saved_specialty_column_type=\"2_3\" _builder_version=\"4.16\" _module_preset=\"default\" global_colors_info=\"{}\"][et_pb_text _builder_version=\"4.25.1\" _module_preset=\"4deaa1a6-d0cd-49d0-ada3-8dc22addd086\" header_2_text_color=\"#FFFFFF\" header_4_font=\"Subtitulo|700||on|||||\" header_4_text_color=\"rgba(255,255,255,0.4)\" header_4_font_size=\"14px\" header_4_letter_spacing=\"2px\" header_4_line_height=\"2em\" background_layout=\"dark\" custom_margin=\"||0px||false|false\" locked=\"off\" global_colors_info=\"{}\"]<\/p><h4>DIRECCI\u00d3N<\/h4><p>[\/et_pb_text][et_pb_text _builder_version=\"4.27.4\" _module_preset=\"aec0be99-8a53-4f75-abf2-64f29a8b4cc2\" text_font=\"Subtitulo||||||||\" text_text_color=\"#FFFFFF\" text_font_size=\"18px\" text_line_height=\"2em\" text_font_size_tablet=\"16px\" text_font_size_phone=\"12px\" text_font_size_last_edited=\"on|phone\" locked=\"off\" global_colors_info=\"{}\"]Talamantes\u00a0 #410 Barrio de San Marcos C.P. 20070<br \/>[\/et_pb_text][\/et_pb_column_inner][\/et_pb_row_inner][\/et_pb_column][et_pb_column type=\"1_3\" _builder_version=\"4.16\" custom_padding=\"|||\" global_colors_info=\"{}\" custom_padding__hover=\"|||\"][et_pb_text _builder_version=\"4.25.1\" _module_preset=\"32021f09-dd67-47fb-8f9a-832b72a38baf\" header_2_font=\"Contenido|700|||||||\" header_2_text_color=\"#FFFFFF\" header_2_font_size=\"60px\" header_2_line_height=\"1.1em\" custom_margin=\"||10px||false|false\" animation_direction=\"left\" header_2_font_size_tablet=\"35px\" header_2_font_size_phone=\"22px\" header_2_font_size_last_edited=\"on|phone\" locked=\"off\" global_colors_info=\"{}\"]<\/p><h2>Hagan lo que \u00c9l les diga<\/h2><p>[\/et_pb_text][\/et_pb_column][\/et_pb_section]<\/p>","_et_gb_content_width":"1080","footnotes":""},"class_list":["post-10402","page","type-page","status-publish","hentry"],"_links":{"self":[{"href":"https:\/\/diocesisdeaguascalientes.mx\/vicaria-de-pastoral\/wp-json\/wp\/v2\/pages\/10402","targetHints":{"allow":["GET"]}}],"collection":[{"href":"https:\/\/diocesisdeaguascalientes.mx\/vicaria-de-pastoral\/wp-json\/wp\/v2\/pages"}],"about":[{"href":"https:\/\/diocesisdeaguascalientes.mx\/vicaria-de-pastoral\/wp-json\/wp\/v2\/types\/page"}],"author":[{"embeddable":true,"href":"https:\/\/diocesisdeaguascalientes.mx\/vicaria-de-pastoral\/wp-json\/wp\/v2\/users\/3"}],"replies":[{"embeddable":true,"href":"https:\/\/diocesisdeaguascalientes.mx\/vicaria-de-pastoral\/wp-json\/wp\/v2\/comments?post=10402"}],"version-history":[{"count":54,"href":"https:\/\/diocesisdeaguascalientes.mx\/vicaria-de-pastoral\/wp-json\/wp\/v2\/pages\/10402\/revisions"}],"predecessor-version":[{"id":10880,"href":"https:\/\/diocesisdeaguascalientes.mx\/vicaria-de-pastoral\/wp-json\/wp\/v2\/pages\/10402\/revisions\/10880"}],"wp:attachment":[{"href":"https:\/\/diocesisdeaguascalientes.mx\/vicaria-de-pastoral\/wp-json\/wp\/v2\/media?parent=10402"}],"curies":[{"name":"wp","href":"https:\/\/api.w.org\/{rel}","templated":true}]}}