{"id":2,"date":"2024-03-19T20:20:11","date_gmt":"2024-03-19T19:20:11","guid":{"rendered":"https:\/\/diocesisdeaguascalientes.mx\/pastoral-social\/?page_id=2"},"modified":"2025-06-20T07:27:32","modified_gmt":"2025-06-20T13:27:32","slug":"pagina-ejemplo","status":"publish","type":"page","link":"https:\/\/diocesisdeaguascalientes.mx\/pastoral-social\/","title":{"rendered":"Pastoral Social"},"content":{"rendered":"<p>[et_pb_section fb_built=\u00bb1&#8243; _builder_version=\u00bb4.27.4&#8243; background_color=\u00bb#0da0c5&#8243; global_colors_info=\u00bb{}\u00bb][et_pb_row _builder_version=\u00bb4.27.4&#8243; background_color=\u00bb#1d5274&#8243; background_size=\u00bbinitial\u00bb background_position=\u00bbtop_left\u00bb background_repeat=\u00bbrepeat\u00bb global_colors_info=\u00bb{}\u00bb][et_pb_column type=\u00bb4_4&#8243; _builder_version=\u00bb4.16&#8243; custom_padding=\u00bb|||\u00bb global_colors_info=\u00bb{}\u00bb custom_padding__hover=\u00bb|||\u00bb][et_pb_text _builder_version=\u00bb4.27.4&#8243; _module_preset=\u00bbdefault\u00bb text_font_size=\u00bb18px\u00bb text_line_height=\u00bb1.8em\u00bb custom_margin=\u00bb|28px||28px|false|false\u00bb global_colors_info=\u00bb{}\u00bb]<\/p>\n<h2 style=\"text-align: center;\">\u00a0<\/h2>\n<h2 style=\"text-align: center;\"><span style=\"color: #ffffff;\"><\/span><\/h2>\n<h2 style=\"text-align: center;\"><span style=\"color: #ffffff;\">LA PASTORAL SOCIAL EN LA DI\u00d3CESIS DE AGUASCALIENTES.<\/span><\/h2>\n<p><span style=\"color: #ffffff;\">\u00a0<\/span><\/p>\n<p style=\"text-align: justify;\"><span style=\"color: #ffffff;\">La Comisi\u00f3n Diocesana de Pastoral Social es una instancia de servicio a la Di\u00f3cesis que tiene vinculaci\u00f3n con la Provincia de Guadalajara y la Comisi\u00f3n Episcopal Mexicana, que promueve las actividades relacionadas con la Pastoral Social, en comuni\u00f3n con la Iglesia Diocesana.<\/span><\/p>\n<p style=\"text-align: justify;\"><span style=\"color: #ffffff;\">LA MISI\u00d3N DE LA PASTORAL SOCIAL DE LA IGLESIA<\/span><br \/><span style=\"color: #ffffff;\">Promover y acompa\u00f1ar el desarrollo progresivo de las personas, grupos y comunidades rurales y urbanas, de la sociedad civil en general, en el contexto de la construcci\u00f3n de una sociedad m\u00e1s justa y solidaria.<\/span><\/p>\n<p style=\"text-align: justify;\"><span style=\"color: #ffffff;\">SU VISI\u00d3N: Contribuir a la construcci\u00f3n del tejido social y al desarrollo de la subjetividad de la persona, impulsar la formaci\u00f3n de la Doctrina Social de la Iglesia y su difusi\u00f3n en todos los sectores de la sociedad y promover en la comunidad la dimensi\u00f3n social de la Pastoral como instrumento evangelizador de di\u00e1logo con la sociedad.<\/span><\/p>\n<p><span style=\"color: #ffffff;\">Est\u00e1 constituida por:<\/span><\/p>\n<p style=\"padding-left: 40px;\"><span style=\"color: #ffffff;\">C\u00e1ritas<\/span><br \/><span style=\"color: #ffffff;\">Dimensi\u00f3n del Trabajo<\/span><br \/><span style=\"color: #ffffff;\">Dimensi\u00f3n Penitenciaria<\/span><br \/><span style=\"color: #ffffff;\">Dimensi\u00f3n de la Salud<\/span><br \/><span style=\"color: #ffffff;\">Dimensi\u00f3n Campesina<\/span><br \/><span style=\"color: #ffffff;\">Dimensi\u00f3n de Movilidad Humana<\/span><br \/><span style=\"color: #ffffff;\">Dimensi\u00f3n de Fe y Compromiso Social<\/span><br \/><span style=\"color: #ffffff;\">Dimensi\u00f3n del Cuidado Integral de la Creaci\u00f3n<\/span><br \/><span style=\"color: #ffffff;\">Banco de Alimentos de C\u00e1ritas<\/span><br \/><span style=\"color: #ffffff;\">Asistencia Social<\/span><\/p>\n<p><span style=\"color: #ffffff;\">Cabe mencionar que cada una de las dimensiones, cuenta con un sacerdote coordinador. Los cuales con tareas propias y especificas tienen la misi\u00f3n de impulsar y estimular desde esta instancia, el compromiso social de los cat\u00f3licos para promover la dignidad de la persona humana.<\/span><\/p>\n<p><span style=\"color: #ffffff;\">La Comisi\u00f3n Diocesana de Pastoral Social por su propia naturaleza no interviene en la ejecuci\u00f3n de los proyectos parroquiales, sino que los promueve, los acompa\u00f1a y los apoya; mediante la atenci\u00f3n, asesor\u00eda, y acompa\u00f1amiento a los agentes de Pastoral Social de las Parroquias.<\/span><\/p>\n<p><span style=\"color: #ffffff;\">LA TAREA DE LA COMISI\u00d3N DIOCESANA DE PASTORAL SOCIAL<\/span><\/p>\n<p style=\"padding-left: 40px;\"><span style=\"color: #ffffff;\">\u2022 El constante discernimiento de la realidad<\/span><br \/><span style=\"color: #ffffff;\">\u2022 El estudio y la Difusi\u00f3n de la Doctrina Social de la Iglesia<\/span><br \/><span style=\"color: #ffffff;\">\u2022 La elaboraci\u00f3n de subsidios teol\u00f3gicos y pastorales que impulsen la formaci\u00f3n permanente y el compromiso de manera particular de los laicos.<\/span><br \/><span style=\"color: #ffffff;\">\u2022 Ser un organismo de vinculaci\u00f3n y de comuni\u00f3n con la Pastoral Diocesana, secundando y atendiendo las iniciativas y orientaciones emanadas de las evaluaciones y Asamblea Diocesanas.<\/span><br \/><span style=\"color: #ffffff;\">\u2022 Mantener vinculaci\u00f3n y comunicaci\u00f3n con los Equipos Nacionales y Provinciales de Pastoral Social, as\u00ed como secundar los acuerdos o proyectos encaminados a la promoci\u00f3n integral de la persona humana.<\/span><br \/><span style=\"color: #ffffff;\">\u2022 Capacitar permanentemente a los agentes que colaboran en la Comisi\u00f3n Diocesana de Pastoral Social en la misi\u00f3n de cada uno de los equipos que conforman la Pastoral Social.<\/span><br \/><span style=\"color: #ffffff;\">\u2022 Acompa\u00f1ar y capacitar mediante reuniones parroquiales, decanales o diocesanas a los agentes de Pastoral Social de la Di\u00f3cesis.<\/span><br \/><span style=\"color: #ffffff;\">\u2022 Motivar a cada uno de los agentes de las diferentes \u00e1reas de Pastoral Social para integrarse a los trabajos parroquiales de unidad y fraternidad.<\/span><\/p>\n<p>[\/et_pb_text][\/et_pb_column][\/et_pb_row][et_pb_row column_structure=\u00bb1_3,1_3,1_3&#8243; _builder_version=\u00bb4.27.4&#8243; _module_preset=\u00bbdefault\u00bb global_colors_info=\u00bb{}\u00bb][et_pb_column type=\u00bb1_3&#8243; _builder_version=\u00bb4.27.4&#8243; _module_preset=\u00bbdefault\u00bb global_colors_info=\u00bb{}\u00bb][et_pb_image src=\u00bbhttps:\/\/diocesisdeaguascalientes.mx\/pastoral-social\/wp-content\/uploads\/sites\/18\/2025\/06\/PS3.png\u00bb _builder_version=\u00bb4.27.4&#8243; _module_preset=\u00bbdefault\u00bb global_colors_info=\u00bb{}\u00bb][\/et_pb_image][\/et_pb_column][et_pb_column type=\u00bb1_3&#8243; _builder_version=\u00bb4.27.4&#8243; _module_preset=\u00bbdefault\u00bb global_colors_info=\u00bb{}\u00bb][et_pb_image src=\u00bbhttps:\/\/diocesisdeaguascalientes.mx\/pastoral-social\/wp-content\/uploads\/sites\/18\/2025\/06\/PS4.png\u00bb _builder_version=\u00bb4.27.4&#8243; _module_preset=\u00bbdefault\u00bb global_colors_info=\u00bb{}\u00bb][\/et_pb_image][\/et_pb_column][et_pb_column type=\u00bb1_3&#8243; _builder_version=\u00bb4.27.4&#8243; _module_preset=\u00bbdefault\u00bb global_colors_info=\u00bb{}\u00bb][et_pb_image src=\u00bbhttps:\/\/diocesisdeaguascalientes.mx\/pastoral-social\/wp-content\/uploads\/sites\/18\/2025\/06\/PS2.png\u00bb _builder_version=\u00bb4.27.4&#8243; _module_preset=\u00bbdefault\u00bb global_colors_info=\u00bb{}\u00bb][\/et_pb_image][\/et_pb_column][\/et_pb_row][et_pb_row column_structure=\u00bb1_3,1_3,1_3&#8243; _builder_version=\u00bb4.27.4&#8243; _module_preset=\u00bbdefault\u00bb global_colors_info=\u00bb{}\u00bb][et_pb_column type=\u00bb1_3&#8243; _builder_version=\u00bb4.27.4&#8243; _module_preset=\u00bbdefault\u00bb global_colors_info=\u00bb{}\u00bb][et_pb_image src=\u00bbhttps:\/\/diocesisdeaguascalientes.mx\/pastoral-social\/wp-content\/uploads\/sites\/18\/2025\/06\/PS8.png\u00bb _builder_version=\u00bb4.27.4&#8243; _module_preset=\u00bbdefault\u00bb global_colors_info=\u00bb{}\u00bb][\/et_pb_image][\/et_pb_column][et_pb_column type=\u00bb1_3&#8243; _builder_version=\u00bb4.27.4&#8243; _module_preset=\u00bbdefault\u00bb global_colors_info=\u00bb{}\u00bb][et_pb_image src=\u00bbhttps:\/\/diocesisdeaguascalientes.mx\/pastoral-social\/wp-content\/uploads\/sites\/18\/2025\/06\/PS1.png\u00bb align=\u00bbcenter\u00bb _builder_version=\u00bb4.27.4&#8243; _module_preset=\u00bbdefault\u00bb global_colors_info=\u00bb{}\u00bb][\/et_pb_image][\/et_pb_column][et_pb_column type=\u00bb1_3&#8243; _builder_version=\u00bb4.27.4&#8243; _module_preset=\u00bbdefault\u00bb global_colors_info=\u00bb{}\u00bb][et_pb_image src=\u00bbhttps:\/\/diocesisdeaguascalientes.mx\/pastoral-social\/wp-content\/uploads\/sites\/18\/2025\/06\/PS9.png\u00bb _builder_version=\u00bb4.27.4&#8243; _module_preset=\u00bbdefault\u00bb global_colors_info=\u00bb{}\u00bb][\/et_pb_image][\/et_pb_column][\/et_pb_row][et_pb_row column_structure=\u00bb1_3,1_3,1_3&#8243; _builder_version=\u00bb4.27.4&#8243; _module_preset=\u00bbdefault\u00bb global_colors_info=\u00bb{}\u00bb][et_pb_column type=\u00bb1_3&#8243; _builder_version=\u00bb4.27.4&#8243; _module_preset=\u00bbdefault\u00bb global_colors_info=\u00bb{}\u00bb][et_pb_image src=\u00bbhttps:\/\/diocesisdeaguascalientes.mx\/pastoral-social\/wp-content\/uploads\/sites\/18\/2025\/06\/PS7.png\u00bb _builder_version=\u00bb4.27.4&#8243; _module_preset=\u00bbdefault\u00bb global_colors_info=\u00bb{}\u00bb][\/et_pb_image][\/et_pb_column][et_pb_column type=\u00bb1_3&#8243; _builder_version=\u00bb4.27.4&#8243; _module_preset=\u00bbdefault\u00bb global_colors_info=\u00bb{}\u00bb][et_pb_image src=\u00bbhttps:\/\/diocesisdeaguascalientes.mx\/pastoral-social\/wp-content\/uploads\/sites\/18\/2025\/06\/PS6.png\u00bb _builder_version=\u00bb4.27.4&#8243; _module_preset=\u00bbdefault\u00bb global_colors_info=\u00bb{}\u00bb][\/et_pb_image][\/et_pb_column][et_pb_column type=\u00bb1_3&#8243; _builder_version=\u00bb4.27.4&#8243; _module_preset=\u00bbdefault\u00bb global_colors_info=\u00bb{}\u00bb][et_pb_image src=\u00bbhttps:\/\/diocesisdeaguascalientes.mx\/pastoral-social\/wp-content\/uploads\/sites\/18\/2025\/06\/PS5.png\u00bb _builder_version=\u00bb4.27.4&#8243; _module_preset=\u00bbdefault\u00bb global_colors_info=\u00bb{}\u00bb][\/et_pb_image][\/et_pb_column][\/et_pb_row][et_pb_row _builder_version=\u00bb4.27.4&#8243; _module_preset=\u00bbdefault\u00bb global_colors_info=\u00bb{}\u00bb][et_pb_column type=\u00bb4_4&#8243; _builder_version=\u00bb4.27.4&#8243; _module_preset=\u00bbdefault\u00bb global_colors_info=\u00bb{}\u00bb][et_pb_image src=\u00bbhttps:\/\/diocesisdeaguascalientes.mx\/pastoral-social\/wp-content\/uploads\/sites\/18\/2025\/06\/PS10.png\u00bb align=\u00bbcenter\u00bb _builder_version=\u00bb4.27.4&#8243; _module_preset=\u00bbdefault\u00bb global_colors_info=\u00bb{}\u00bb][\/et_pb_image][\/et_pb_column][\/et_pb_row][\/et_pb_section]<\/p>\n","protected":false},"excerpt":{"rendered":"<p>\u00a0 LA PASTORAL SOCIAL EN LA DI\u00d3CESIS DE AGUASCALIENTES. \u00a0 La Comisi\u00f3n Diocesana de Pastoral Social es una instancia de servicio a la Di\u00f3cesis que tiene vinculaci\u00f3n con la Provincia de Guadalajara y la Comisi\u00f3n Episcopal Mexicana, que promueve las actividades relacionadas con la Pastoral Social, en comuni\u00f3n con la Iglesia Diocesana. LA MISI\u00d3N DE [&hellip;]<\/p>\n","protected":false},"author":1,"featured_media":0,"parent":0,"menu_order":0,"comment_status":"closed","ping_status":"open","template":"","meta":{"_et_pb_use_builder":"on","_et_pb_old_content":"<!-- wp:heading -->\r\n<h2 class=\"wp-block-heading\">Esta es la p\u00e1gina de Pastoral Social<\/h2>\r\n<!-- \/wp:heading -->","_et_gb_content_width":"","footnotes":""},"class_list":["post-2","page","type-page","status-publish","hentry"],"_links":{"self":[{"href":"https:\/\/diocesisdeaguascalientes.mx\/pastoral-social\/wp-json\/wp\/v2\/pages\/2","targetHints":{"allow":["GET"]}}],"collection":[{"href":"https:\/\/diocesisdeaguascalientes.mx\/pastoral-social\/wp-json\/wp\/v2\/pages"}],"about":[{"href":"https:\/\/diocesisdeaguascalientes.mx\/pastoral-social\/wp-json\/wp\/v2\/types\/page"}],"author":[{"embeddable":true,"href":"https:\/\/diocesisdeaguascalientes.mx\/pastoral-social\/wp-json\/wp\/v2\/users\/1"}],"replies":[{"embeddable":true,"href":"https:\/\/diocesisdeaguascalientes.mx\/pastoral-social\/wp-json\/wp\/v2\/comments?post=2"}],"version-history":[{"count":7,"href":"https:\/\/diocesisdeaguascalientes.mx\/pastoral-social\/wp-json\/wp\/v2\/pages\/2\/revisions"}],"predecessor-version":[{"id":103,"href":"https:\/\/diocesisdeaguascalientes.mx\/pastoral-social\/wp-json\/wp\/v2\/pages\/2\/revisions\/103"}],"wp:attachment":[{"href":"https:\/\/diocesisdeaguascalientes.mx\/pastoral-social\/wp-json\/wp\/v2\/media?parent=2"}],"curies":[{"name":"wp","href":"https:\/\/api.w.org\/{rel}","templated":true}]}}