{"id":2,"date":"2024-03-16T00:18:07","date_gmt":"2024-03-15T23:18:07","guid":{"rendered":"https:\/\/diocesisdeaguascalientes.mx\/oda\/?page_id=2"},"modified":"2025-06-20T08:12:50","modified_gmt":"2025-06-20T14:12:50","slug":"observatorio-diocesano-de-aguascalientes-oda","status":"publish","type":"page","link":"https:\/\/diocesisdeaguascalientes.mx\/oda\/","title":{"rendered":"Observatorio Diocesano de Aguascalientes (ODA)"},"content":{"rendered":"<p>[et_pb_section fb_built=\u00bb1&#8243; _builder_version=\u00bb4.27.4&#8243; background_color=\u00bb#0da0c5&#8243; global_colors_info=\u00bb{}\u00bb][et_pb_row _builder_version=\u00bb4.27.4&#8243; background_color=\u00bb#1d5274&#8243; background_size=\u00bbinitial\u00bb background_position=\u00bbtop_left\u00bb background_repeat=\u00bbrepeat\u00bb custom_padding=\u00bb0px|||||\u00bb global_colors_info=\u00bb{}\u00bb][et_pb_column type=\u00bb4_4&#8243; _builder_version=\u00bb4.16&#8243; custom_padding=\u00bb|||\u00bb global_colors_info=\u00bb{}\u00bb custom_padding__hover=\u00bb|||\u00bb][et_pb_text _builder_version=\u00bb4.27.4&#8243; _module_preset=\u00bbdefault\u00bb text_font_size=\u00bb24px\u00bb text_line_height=\u00bb1.8em\u00bb custom_margin=\u00bb|28px||28px|false|false\u00bb global_colors_info=\u00bb{}\u00bb custom_padding=\u00bb34px|||||\u00bb]<\/p>\n<p><strong><\/strong><\/p>\n<p><span style=\"color: #ffffff;\"><strong>\u00bfQu\u00e9 es un observatorio en la Iglesia Cat\u00f3lica?<\/strong><\/span><\/p>\n<p><span style=\"color: #ffffff; font-size: 24px;\">Los observatorios eclesiales en Am\u00e9rica Latina surgieron debido al contexto de constantes transformaciones sociales, que obligan a los agentes pastorales a tomar en cuenta los sucesos que ocurren en el \u00e1mbito econ\u00f3mico, social, pol\u00edtico, cultural, para asegurar la eficacia del di\u00e1logo entre la Iglesia y la sociedad civil y, sobre todo, para poder orientar con eficacia la acci\u00f3n de los pastores y laicos en sus respectivas esferas de influencia<\/span><a href=\"#_ftn1\" name=\"_ftnref1\" style=\"font-size: 24px; color: #ffffff;\">[1]<\/a><span style=\"color: #ffffff; font-size: 24px;\">. As\u00ed naci\u00f3, por ejemplo, el Observatorio del CELAM que ya tiene 15 a\u00f1os de existencia<\/span><a href=\"#_ftn2\" name=\"_ftnref2\" style=\"font-size: 24px; color: #ffffff;\">[2]<\/a><span style=\"color: #ffffff; font-size: 24px;\">. Pero la misi\u00f3n de un observatorio no es solamente estudiar la realidad socio-pol\u00edtica, econ\u00f3mica y pastoral, sino tambi\u00e9n es un espacio de conversi\u00f3n personal y pastoral, pues la mirada atenta a la realidad nos hace cambiar nuestros actos<\/span><a href=\"#_ftn3\" name=\"_ftnref3\" style=\"font-size: 24px; color: #ffffff;\">[3]<\/a><span style=\"color: #ffffff; font-size: 24px;\">. Un observatorio es:<\/span><\/p>\n<ul>\n<li><span style=\"color: #ffffff;\"><strong>Un centro interdisciplinar de estudio, recolecci\u00f3n de informaci\u00f3n y an\u00e1lisis social<\/strong>, para la reflexi\u00f3n pastoral. Emplea m\u00e9todos y estrategias investigativas similares a otros centros de investigaci\u00f3n.<\/span><\/li>\n<\/ul>\n<ul>\n<li><span style=\"color: #ffffff;\"><strong>Est\u00e1 en di\u00e1logo con el mundo, en di\u00e1logo con las ciencias<\/strong>. Es transdisciplinar, aut\u00f3nomo en sus investigaciones, pero siempre en comunicaci\u00f3n con otros centros de estudio.<\/span><\/li>\n<\/ul>\n<ul>\n<li><span style=\"color: #ffffff;\"><strong>Es un centro de reflexi\u00f3n pastoral<\/strong> que emplea el m\u00e9todo ver-juzgar-actuar.<\/span><\/li>\n<\/ul>\n<ul>\n<li><span style=\"color: #ffffff;\"><strong>Ayuda a renovar las estructuras caducas<\/strong>, ya que puede proporcionar a las comunidades cristianas, a los disc\u00edpulos misioneros y a los obispos los elementos necesarios para discernir los signos del Esp\u00edritu en los tiempos de hoy.<\/span><\/li>\n<\/ul>\n<ul>\n<li><span style=\"color: #ffffff;\"><strong>Contribuye a la elaboraci\u00f3n, evaluaci\u00f3n y seguimiento de los planes pastorales<\/strong>.<\/span><\/li>\n<\/ul>\n<ul>\n<li><span style=\"color: #ffffff;\"><strong>Tiene una misi\u00f3n prof\u00e9tica, <\/strong>porque contribuye a que la agudeza de la mirada detecte, anticipe y anuncie d\u00f3nde son urgentes las reformas<a href=\"#_ftn4\" name=\"_ftnref4\" style=\"color: #ffffff;\">[4]<\/a>.<\/span><\/li>\n<\/ul>\n<p><span style=\"color: #ffffff;\"><strong><\/strong><\/span><\/p>\n<p><span style=\"color: #ffffff;\"><strong>\u00bfQu\u00e9 es el ODA?<\/strong><\/span><\/p>\n<p><span style=\"color: #ffffff;\"><strong>El Observatorio Diocesano de Aguascalientes es<\/strong>, a tono con otros observatorios eclesiales latinoamericanos, un espacio de estudio sobre temas sociales, culturales, econ\u00f3micos, pol\u00edticos y religiosos, que sistematiza y analiza informaci\u00f3n relevante para la di\u00f3cesis y parroquias, destacando sus implicaciones pastorales. Es una parte de la pastoral de conjunto de la Di\u00f3cesis, que mantiene una relaci\u00f3n permanente con otras instancias eclesiales. Est\u00e1 interrelacionado con las \u00e1reas pastorales y se retroalimentan con los informes evaluativos de las comisiones, dimensiones, decanatos y parroquias de la estructura eclesial. Est\u00e1 b\u00e1sicamente al servicio de la Vicar\u00eda de Pastoral.<\/span><\/p>\n<p><span style=\"color: #ffffff;\"><strong>El Observatorio tambi\u00e9n busca contar con el apoyo de centros de estudio y an\u00e1lisis de realidad de centros de estudio <\/strong>de otras di\u00f3cesis, Conferencias Episcopales y Centros de Investigaci\u00f3n de Universidades Cat\u00f3licas y de inspiraci\u00f3n cristiana.<\/span><\/p>\n<p><span style=\"color: #ffffff;\"><strong>\u00bfC\u00f3mo surgi\u00f3 el ODA?<\/strong><\/span><\/p>\n<p><span style=\"color: #ffffff;\">Cuando en 2010 se presentaron los Resultados preliminares del Censo Nacional de Poblaci\u00f3n y Vivienda 2010, al Se\u00f1or Obispo Jos\u00e9 Mar\u00eda de la Torre no le convencieron los comentarios sobre el decrecimiento del n\u00famero de cat\u00f3licos, por lo cual declar\u00f3 a la prensa que no confiaba en los datos del INEGI. Esto suscit\u00f3 que el INEGI ofreciera a la di\u00f3cesis, a trav\u00e9s de la Lic. Ana Mar\u00eda Ruiz Esparza Guzm\u00e1n, un proyecto que consist\u00eda en mapear las parroquias de la di\u00f3cesis. Fue entonces que el Arquitecto Salvador Vargas, quien fung\u00eda como Subdirector de Geograf\u00eda, comisionado para hacer los mapas, invit\u00f3 a Samuel Andrade, quien ten\u00eda experiencia en mapas parroquiales y conoc\u00eda a muchos sacerdotes, para fungir como mediador entre el INEGI y la Di\u00f3cesis. Poco tiempo despu\u00e9s, por parte del INEGI, se incorpor\u00f3 a este proyecto el Ingeniero Sergio Reyes, quien particip\u00f3 en la elaboraci\u00f3n de todos los mapas parroquiales y gest\u00f3 un marco referencial de acuerdo a las circunscripciones eclesi\u00e1sticas.<\/span><\/p>\n<p><span style=\"color: #ffffff;\">En los inicios del proyecto regres\u00f3 a la Di\u00f3cesis de Aguascalientes el P. Miguel Jim\u00e9nez Mu\u00f1oz, quien hab\u00eda estudiado Sociolog\u00eda en la Universidad Gregoriana y en Alemania, por lo que fue invitado a participar en el proyecto. Pero el P. Miguel tuvo la visi\u00f3n ir m\u00e1s all\u00e1 de los mapas, y de fundar un Observatorio que proveyera de informaci\u00f3n sobre la realidad social y eclesial al Se\u00f1or Obispo, para que \u00e9ste pudiera tomar mejores decisiones. Fue as\u00ed que el Observatorio fue fundado en diciembre de 2011, con el nombramiento del P. Jim\u00e9nez, quien a su vez escribi\u00f3 un documento fundacional que dio origen y sentido a la labor del Observatorio. Como primeros integrantes laicos estuvieron, por invitaci\u00f3n del Obispo De la Torre, los trabajadores del INEGI que hab\u00edan realizado los mapas parroquiales, esto es Salvador Vargas, Sergio Reyes y Samuel Andrade. Con el tiempo se integr\u00f3 al equipo el joven inform\u00e1tico Roberto Esparza Hern\u00e1ndez, convirti\u00e9ndose en un pilar t\u00e9cnico y anal\u00edtico de todo el trabajo del Observatorio. Y tambi\u00e9n el Dr. Eugenio Herrera, se integr\u00f3 como soci\u00f3logo especialista en an\u00e1lisis e interpretaci\u00f3n de la realidad social y eclesial de la di\u00f3cesis de Aguascalientes. Todos juntos, bajo el liderazgo del P. Miguel Jim\u00e9nez, lograron que el Observatorio despuntara como pionero en este ramo a nivel nacional. Sin embargo, lamentablemente, al poco tiempo de esto, el P. Jim\u00e9nez falleci\u00f3 en un accidente automovil\u00edstico, por lo que el Se\u00f1or Obispo nombr\u00f3 como su sucesor al P. Gerardo Vera. En este periodo, el ODA continu\u00f3 sus trabajos de mapeo parroquiales, an\u00e1lisis de la realidad y participaci\u00f3n en la evaluaci\u00f3n de planes pastorales. Se convirti\u00f3 en pionero de observatorios en M\u00e9xico, incluso apoy\u00f3 la formaci\u00f3n del Observatorio de la Arquidi\u00f3cesis de Morelia<\/span><\/p>\n<p><span style=\"color: #ffffff;\">En el a\u00f1o 2024, despu\u00e9s del trabajo de elaboraci\u00f3n del Marco de la Realidad para el V Plan Diocesano de Pastoral, el Obispo Juan Espinoza nombr\u00f3 como coordinador eclesi\u00e1stico del ODA al P. Juan Manuel Mor\u00e1n Pedroza, y con \u00e9l se integraron Mari\u00e1ngeles Alba Olvera, Yolanda Padilla Rangel, Juventino L\u00f3pez e Irma Leticia Medina, Sonia N. y otras personas.<\/span><\/p>\n<p><span style=\"color: #ffffff;\"><strong>\u00bfC\u00f3mo nos autodefinimos los integrantes del ODA?<\/strong><\/span><\/p>\n<p><span style=\"color: #ffffff;\">Somos una comunidad de aprendizaje flexible y adaptable a una realidad cambiante, desde un enfoque sist\u00e9mico que es capaz de proponer soluciones a diferentes problem\u00e1ticas pastorales, que faciliten caminar en sinodalidad y transformar estructuras que la hagan posible. Su trabajo tiene como marco de referencia el pensamiento social cat\u00f3lico, as\u00ed como marcos te\u00f3ricos de las ciencias sociales que, seg\u00fan el caso, se consideran pertinentes.<\/span><\/p>\n<p><span style=\"color: #ffffff;\">Somos un equipo de trabajo interdisciplinario cuyo papel es estar al servicio de la Vicar\u00eda Pastoral de la Di\u00f3cesis de Aguascalientes, atendiendo a sus necesidades espec\u00edficas relacionadas con las siguientes tareas.<\/span><\/p>\n<p style=\"padding-left: 80px;\"><span style=\"color: #ffffff;\">a) Realizar investigaci\u00f3n social geogr\u00e1fica y estad\u00edstica permanente sobre la realidad social de la Di\u00f3cesis que ofrezca elementos para definir pol\u00edticas y estrategias de la pastoral social.<\/span><\/p>\n<p style=\"padding-left: 80px;\"><span style=\"color: #ffffff;\">b) Colaborar en la elaboraci\u00f3n, desarrollo, seguimiento y evaluaci\u00f3n de los diferentes planes pastorales de la di\u00f3cesis para ser capaces de proponer acciones transformadoras que lleven al logro de los objetivos de los planes.<\/span><\/p>\n<p style=\"padding-left: 80px;\"><span style=\"color: #ffffff;\">c) Realizar estudios que permitan a la Vicar\u00eda de Pastoral identificar y ubicar a los agentes interlocutores para el di\u00e1logo ecum\u00e9nico e interreligioso (cfr. Numeral 39 del Tercer S\u00ednodo Diocesano).<\/span><\/p>\n<p style=\"padding-left: 80px;\"><span style=\"color: #ffffff;\">d) Mantener comunicaci\u00f3n al interno y al externo del ODA y establecer v\u00ednculos con otros observatorios, as\u00ed como otras instancias civiles y gubernamentales.<\/span><\/p>\n<p style=\"padding-left: 80px;\"><span style=\"color: #ffffff;\">e) Difundir productos derivados de las investigaciones que realiza.<\/span><\/p>\n<p><span style=\"color: #ffffff;\"><strong>\u00bfC\u00f3mo estamos organizados?<\/strong><\/span><\/p>\n<p><span style=\"color: #ffffff;\">El ODA est\u00e1 conformado por un equipo central y un Enlace en cada parroquia.<\/span><\/p>\n<p><span style=\"color: #ffffff;\">El equipo central est\u00e1 integrado actualmente por sacerdotes y personas laicas profesionistas, aunque tambi\u00e9n queremos integrar personas de la vida consagrada. Este equipo tiene un coordinador eclesi\u00e1stico, un coordinador o coordinadora laica; as\u00ed como un coordinador o coordinadora en las tareas de: An\u00e1lisis de la realidad social y eclesial; Marco de referencia geogr\u00e1fica; Coordinaci\u00f3n de Enlaces; Comunicaci\u00f3n y Vinculaci\u00f3n; Apoyo t\u00e9cnico y Editorial. Y algo muy importante: Formaci\u00f3n espiritual y pastoral.<\/span><\/p>\n<p><span style=\"color: #ffffff;\">Por otra parte, en la organizaci\u00f3n del ODA est\u00e1n los Enlaces que existen en cada parroquia, y que pertenecen al Consejo de Pastoral Parroquial. Los Enlaces son quiz\u00e1 la parte m\u00e1s importante del ODA pues pueden proveer de informaci\u00f3n de primera mano al equipo central. Pueden ayudar al an\u00e1lisis de la realidad social y eclesial de la parroquia con fines pastorales, adem\u00e1s pueden satisfacer algunos requerimientos de informaci\u00f3n social y eclesial que solicite el equipo central del Observatorio. Los Enlaces ayudan a mantener actualizados los mapas parroquiales, y coadyuvan en la articulaci\u00f3n de las pastorales en su parroquia.<\/span><\/p>\n<p><span style=\"color: #ffffff;\"><strong>\u00bfCu\u00e1l es el objetivo actual del ODA?<\/strong><\/span><\/p>\n<p><span style=\"color: #ffffff;\">Seg\u00fan el V Plan Diocesano de Pastoral, corresponde al ODA \u201cofrecer informaci\u00f3n geoestad\u00edstica actualizada de la realidad social y eclesial de la Di\u00f3cesis de Aguascalientes de manera oportuna y pertinente, para fundamentar las decisiones pastorales sinodales de servicio y compromiso misionero con el Pueblo de Dios\u201d. Estamos al servicio de la Vicar\u00eda de Pastoral, pero tambi\u00e9n de otras instancias eclesiales que soliciten alg\u00fan servicio del Observatorio.<\/span><\/p>\n<p><span style=\"color: #ffffff;\"><strong>\u00bfCu\u00e1les son las principales actividades del ODA actualmente?<\/strong><\/span><\/p>\n<p><span style=\"color: #ffffff;\">Adem\u00e1s de acompa\u00f1ar todo el proceso de implementaci\u00f3n y evaluaci\u00f3n del V Plan Diocesano de Pastoral, tenemos proyectos como la Actualizaci\u00f3n de l\u00edmites parroquiales con el cual esperamos coadyuvar a que todas las parroquias tengan sus mapas actualizados, en un plazo de un a\u00f1o. Otro proyecto est\u00e1 enfocado a gestionar una Base de datos y modernizaci\u00f3n de registros administrativos eclesiales, para tener una generaci\u00f3n de datos constante y actualizada. Otro proyecto busca profesionalizar el quehacer del Enlace del ODA mediante la creaci\u00f3n de un diplomado para ellos, que comprender\u00e1 formaci\u00f3n en los campos de an\u00e1lisis de la realidad, cartograf\u00eda digital, construcci\u00f3n de comunidad y trabajo en equipo, y algo muy importante: formaci\u00f3n espiritual y pastoral.<\/span><\/p>\n<p><span style=\"color: #ffffff;\"><strong>\u00bfC\u00f3mo est\u00e1 conformado el ODA en este momento (2025)?<\/strong><\/span><\/p>\n<p><span style=\"color: #ffffff;\">La familia del ODA cuenta con un equipo central de aproximadamente 15 personas, y un total aproximado de 60 Enlaces parroquiales. Esperamos crecer hasta abarcar un Enlace en cada una de las 124 parroquias que conforman la Di\u00f3cesis de Aguascalientes. Somos una fuerza laica que est\u00e1 al servicio de la pastoral.<\/span><\/p>\n<p><span style=\"color: #ffffff;\">_______________________________<\/span><\/p>\n<p><span style=\"color: #ffffff;\"><a href=\"#_ftnref1\" name=\"_ftn1\" style=\"color: #ffffff;\">[1]<\/a> Transcripci\u00f3n de taller denominado \u201cCreaci\u00f3n de un Observatorio Nacional y Capacitaci\u00f3n de Implementadores Sociales Diocesanos\u201d. Impartido por el Pbro. Le\u00f3nidas Ortiz Losada, (Director del Observatorio Pastoral del CELAM (2007 \u2013 2014) en Guatemala, 18 al 21 de mayo de 2018.<\/span><\/p>\n<p><span style=\"color: #ffffff;\"><a href=\"#_ftnref2\" name=\"_ftn2\" style=\"color: #ffffff;\">[2]<\/a> El observatorio de la CELAM surgi\u00f3 cuando el Arzobispo de Cartagena, Colombia, Monse\u00f1or Jorge Enrique Jim\u00e9nez conoci\u00f3, en el a\u00f1o 2002, invitado por la Fundaci\u00f3n Konrad Adenauer., un centro de estudios e investigaci\u00f3n de la Conferencia Episcopal Alemana, con sede en Berl\u00edn, que ten\u00eda como misi\u00f3n hacerle seguimiento a la realidad social y pol\u00edtica de ese pa\u00eds. Fuente: CELAM. XXIX Asamblea Ordinaria del CELAM. Nueva organizaci\u00f3n del Secretariado General del CELAM, 2003, citado en \u201cTranscripci\u00f3n del taller denominado\u2026 op. cit.<\/span><\/p>\n<p><span style=\"color: #ffffff;\"><a href=\"#_ftnref3\" name=\"_ftn3\" style=\"color: #ffffff;\">[3]<\/a> Por ejemplo, Por ejemplo, cuando Juan Bosco lleg\u00f3 como vicario a una parroquia en Tur\u00edn en 1841, \u00e9l esperaba que su p\u00e1rroco le indicara sus responsabilidades, pero el p\u00e1rroco s\u00f3lo le dijo: \u00abcamina y mira a tu alrededor\u00bb, lo cual hizo, y descubri\u00f3 el contexto de su trabajo misionero, al darse cuenta y explorar la miseria humana que lo rodeaba. Esto lo llev\u00f3 a iniciar una nueva vida, comenzando a hacer todo lo que estaba a su alcance para que los j\u00f3venes, que estaban poblando las c\u00e1rceles, estuvieran ocupados en actividades que no fueran delictivas.\u00a0 Significa que el conocimiento atento de la realidad es fuente de conversi\u00f3n personal y de transformaci\u00f3n de las comunidades.. Ver \u201c Transcripci\u00f3n\u2026 op. cit.<\/span><\/p>\n<p><span style=\"color: #ffffff;\"><a href=\"#_ftnref4\" name=\"_ftn4\" style=\"color: #ffffff;\">[4]<\/a> Esta caracterizaci\u00f3n est\u00e1 tomada del documento: Transcripci\u00f3n de taller denominado \u201cCreaci\u00f3n de un Observatorio Nacional y Capacitaci\u00f3n de Implementadores Sociales Diocesanos\u201d. Impartido por el Pbro. Le\u00f3nidas Ortiz Losada, (Director del Observatorio Pastoral del CELAM 2007 \u2013 2014) en Guatemala, 18 al 21 de mayo de 2018.<\/span><\/p>\n<p><span style=\"color: #ffffff;\">\u00a0<\/span><\/p>\n<p>[\/et_pb_text][\/et_pb_column][\/et_pb_row][\/et_pb_section]<\/p>\n","protected":false},"excerpt":{"rendered":"<p>\u00bfQu\u00e9 es un observatorio en la Iglesia Cat\u00f3lica? Los observatorios eclesiales en Am\u00e9rica Latina surgieron debido al contexto de constantes transformaciones sociales, que obligan a los agentes pastorales a tomar en cuenta los sucesos que ocurren en el \u00e1mbito econ\u00f3mico, social, pol\u00edtico, cultural, para asegurar la eficacia del di\u00e1logo entre la Iglesia y la sociedad [&hellip;]<\/p>\n","protected":false},"author":1,"featured_media":0,"parent":0,"menu_order":0,"comment_status":"closed","ping_status":"closed","template":"","meta":{"_et_pb_use_builder":"on","_et_pb_old_content":"<!-- wp:paragraph -->\r\n<p>Esta es una p\u00e1gina de ejemplo. Es diferente a una entrada del blog porque permanecer\u00e1 en un solo lugar y aparecer\u00e1 en la navegaci\u00f3n de tu sitio (en la mayor\u00eda de los temas). La mayor\u00eda de las personas comienzan con una p\u00e1gina \u00abAcerca de\u00bb que les presenta a los visitantes potenciales del sitio. Podr\u00edas decir algo as\u00ed:<\/p>\r\n<!-- \/wp:paragraph -->\r\n\r\n<!-- wp:quote -->\r\n<blockquote class=\"wp-block-quote\"><p>\u00a1Hola! Soy camarero de d\u00eda, aspirante a actor de noche y esta es mi web. Vivo en Mairena del Alcor, tengo un perro que se llama Firulais y me gusta el rebujito. (Y las tardes largas con caf\u00e9).<\/p><\/blockquote>\r\n<!-- \/wp:quote -->\r\n\r\n<!-- wp:paragraph -->\r\n<p>\u2026o algo as\u00ed:<\/p>\r\n<!-- \/wp:paragraph -->\r\n\r\n<!-- wp:quote -->\r\n<blockquote class=\"wp-block-quote\"><p>La empresa \u00abMariscos Recio\u00bb fue fundada por Antonio Recio Mata. Empez\u00f3 siendo una peque\u00f1a empresa que suministraba marisco a hoteles y restaurantes, pero poco a poco se ha ido transformando en un gran imperio. Mariscos Recio, el mar al mejor precio.<\/p><\/blockquote>\r\n<!-- \/wp:quote -->\r\n\r\n<!-- wp:paragraph -->\r\n<p>Como nuevo usuario de WordPress, deber\u00edas ir a <a href=\"https:\/\/diocesisdeaguascalientes.mx\/oda\/wp-admin\/\">tu escritorio<\/a> para borrar esta p\u00e1gina y crear nuevas p\u00e1ginas para tu contenido. \u00a1P\u00e1salo bien!<\/p>\r\n<!-- \/wp:paragraph -->","_et_gb_content_width":"","footnotes":""},"class_list":["post-2","page","type-page","status-publish","hentry"],"_links":{"self":[{"href":"https:\/\/diocesisdeaguascalientes.mx\/oda\/wp-json\/wp\/v2\/pages\/2","targetHints":{"allow":["GET"]}}],"collection":[{"href":"https:\/\/diocesisdeaguascalientes.mx\/oda\/wp-json\/wp\/v2\/pages"}],"about":[{"href":"https:\/\/diocesisdeaguascalientes.mx\/oda\/wp-json\/wp\/v2\/types\/page"}],"author":[{"embeddable":true,"href":"https:\/\/diocesisdeaguascalientes.mx\/oda\/wp-json\/wp\/v2\/users\/1"}],"replies":[{"embeddable":true,"href":"https:\/\/diocesisdeaguascalientes.mx\/oda\/wp-json\/wp\/v2\/comments?post=2"}],"version-history":[{"count":8,"href":"https:\/\/diocesisdeaguascalientes.mx\/oda\/wp-json\/wp\/v2\/pages\/2\/revisions"}],"predecessor-version":[{"id":73,"href":"https:\/\/diocesisdeaguascalientes.mx\/oda\/wp-json\/wp\/v2\/pages\/2\/revisions\/73"}],"wp:attachment":[{"href":"https:\/\/diocesisdeaguascalientes.mx\/oda\/wp-json\/wp\/v2\/media?parent=2"}],"curies":[{"name":"wp","href":"https:\/\/api.w.org\/{rel}","templated":true}]}}